{"id":1162,"date":"2019-06-13T10:30:14","date_gmt":"2019-06-13T10:30:14","guid":{"rendered":"https:\/\/democontent.codex-themes.com\/sites-elementor\/news-magazine\/?page_id=2"},"modified":"2026-04-14T20:21:33","modified_gmt":"2026-04-15T00:21:33","slug":"sample-page","status":"publish","type":"page","link":"https:\/\/elfuerte.cl\/web\/","title":{"rendered":"Home (Demo)"},"content":{"rendered":"\t\t<div data-elementor-type=\"wp-page\" data-elementor-id=\"1162\" class=\"elementor elementor-1162\">\n\t\t\t\t\t\t<section class=\"elementor-section elementor-top-section elementor-element elementor-element-d4714d5 elementor-section-height-min-height elementor-section-content-middle elementor-section-boxed elementor-section-height-default elementor-section-items-middle\" data-id=\"d4714d5\" data-element_type=\"section\">\r\n\t\t\t\t\t\t<div class=\"elementor-container elementor-column-gap-no\"><div class=\"elementor-row\">\r\n\t\t\t\t\t<div class=\"elementor-column elementor-col-100 elementor-top-column elementor-element elementor-element-17a5ac3\" data-id=\"17a5ac3\" data-element_type=\"column\">\n\t\t\t<div class=\"elementor-widget-wrap elementor-element-populated\">\n\t\t\t\t\t\t<div class=\"elementor-element elementor-element-66d6f38 elementor-hidden-tablet elementor-hidden-mobile flex-horizontal-align-default flex-horizontal-align-tablet-default flex-horizontal-align-mobile-default flex-vertical-align-default flex-vertical-align-tablet-default flex-vertical-align-mobile-default elementor-widget elementor-widget-thegem-featured-posts-slider\" data-id=\"66d6f38\" data-element_type=\"widget\" data-settings=\"{&quot;thegem_elementor_preset&quot;:&quot;new&quot;,&quot;select_blog_cat&quot;:[&quot;destacados&quot;],&quot;blog_description_preset&quot;:&quot;text-body&quot;,&quot;blog_title_preset&quot;:&quot;title-h3&quot;,&quot;title_tag&quot;:&quot;h3&quot;,&quot;title_weight&quot;:&quot;light&quot;,&quot;query_type&quot;:&quot;post&quot;,&quot;exclude_blog_posts_type&quot;:&quot;manual&quot;,&quot;order_by&quot;:&quot;default&quot;,&quot;order&quot;:&quot;default&quot;,&quot;slider_show_featured&quot;:&quot;yes&quot;,&quot;slider_show_title&quot;:&quot;yes&quot;,&quot;slider_show_excerpt&quot;:&quot;yes&quot;,&quot;slider_show_categories&quot;:&quot;yes&quot;,&quot;additional_meta_type&quot;:&quot;taxonomies&quot;,&quot;additional_meta_taxonomies&quot;:&quot;category&quot;,&quot;slider_show_button&quot;:&quot;yes&quot;,&quot;more_button_link&quot;:&quot;default&quot;,&quot;slider_show_navigation&quot;:&quot;yes&quot;}\" data-widget_type=\"thegem-featured-posts-slider.default\">\n\t\t\t\t<div class=\"elementor-widget-container\">\n\t\t\t\t\t\t\t\t<div class=\"preloader featured-posts-slider-preloader default-background \"\n\t\t\t\t style=\"\">\n\t\t\t\t<div class=\"preloader-spin-new\"><\/div>\n\t\t\t<\/div>\n\n\t\t\t<div class=\"gem-featured-posts-slider style-new content-alignment-center \" data-paginator=\"{&quot;type&quot;:&quot;arrows&quot;,&quot;icon&quot;:&quot;1&quot;,&quot;dots_size&quot;:null,&quot;dots_style&quot;:null,&quot;size&quot;:&quot;regular&quot;,&quot;style&quot;:&quot;light&quot;,&quot;position&quot;:&quot;left_right&quot;}\" data-sliding-effect=\"slide\" data-auto-scroll=\"10000\">\n\t\t\t\t\n<article id=\"post-6265\" class=\"slide-item portfolio-item\" style=\"background-image: url(https:\/\/elfuerte.cl\/web\/wp-content\/uploads\/2026\/04\/portada-2026-04-27T102238.493.jpg);background-image: url(https:\/\/elfuerte.cl\/web\/wp-content\/uploads\/2026\/04\/portada-2026-04-27T102238.493.jpg)\" data-background=\"url(https:\/\/elfuerte.cl\/web\/wp-content\/uploads\/2026\/04\/portada-2026-04-27T102238.493.jpg)\">\n\n\t<div class=\"gem-featured-posts-slide-overlay\"><\/div>\n\n\t<div class=\"gem-featured-posts-slide-item\">\n\t\t\t\t\t\t\t<div>\n\t\t\t\t\t\t\t\t\t<span class=\"set\">\n\t\t\t\t<a href=\"https:\/\/elfuerte.cl\/web\/category\/actualidad\/\">Actualidad<\/a>, <a href=\"https:\/\/elfuerte.cl\/web\/category\/destacados\/\">Destacados<\/a>\t\t\t\t\t<\/span>\n\t\t\t\t\t\t\t<\/div>\n\t\t\n\t\t\t\t\t<h3 class=\"gem-featured-post-title title-h3 light\"><div>Intercambio de semillas y experiencias conecta comunidades del pa\u00eds en torno a la restauraci\u00f3n del bosque nativo en Los R\u00edos<\/div><\/h3>\n\t\t\n\t\t\t\t\t<div class=\"gem-featured-post-excerpt styled-subtitle text-body\">\n\t\t\t\t<div>\n\t\t\t\t\t\t\t\t\t\t\t<p>Actividad reuni\u00f3 a organizaciones desde la zona central al sur en jornadas realizadas en La Uni\u00f3n y Valdivia, con foco en educaci\u00f3n ambiental y trabajo comunitario.<\/p>\n\t\t\t\t\t\t\t\t\t<\/div>\n\t\t\t<\/div>\n\t\t\t\t\t\t\n\t\t\t\t\t<div class=\"gem-featured-post-btn-box\">\n\t\t\t\t<a id=\"\" href=\"https:\/\/elfuerte.cl\/web\/2026\/04\/27\/intercambio-de-semillas-y-experiencias-conecta-comunidades-del-pais-en-torno-a-la-restauracion-del-bosque-nativo-en-los-rios\/\" class=\"load-more-button gem-button gem-button-size-small gem-button-style-flat gem-button-icon-position-left gem-button-text-weight-normal\">\n\t\t\t\t<span class=\"gem-inner-wrapper-btn\">\n\t\t\t\t\t                \t<span class=\"gem-text-button\">\n\t\t\t\t\t\t<span>Ver M\u00e1s<\/span>\t\t\t\t\t<\/span>\n\t\t\t\t<\/span>\n\t\t\t\t<\/a>\n\t\t\t<\/div>\n\t\t\t<\/div>\n<\/article>\n\n\n\n<article id=\"post-6250\" class=\"slide-item portfolio-item\" style=\"background-image: url(https:\/\/elfuerte.cl\/web\/wp-content\/uploads\/2026\/04\/portada-2026-04-26T120829.199.jpg)\" data-background=\"url(https:\/\/elfuerte.cl\/web\/wp-content\/uploads\/2026\/04\/portada-2026-04-26T120829.199.jpg)\">\n\n\t<div class=\"gem-featured-posts-slide-overlay\"><\/div>\n\n\t<div class=\"gem-featured-posts-slide-item\">\n\t\t\t\t\t\t\t<div>\n\t\t\t\t\t\t\t\t\t<span class=\"set\">\n\t\t\t\t<a href=\"https:\/\/elfuerte.cl\/web\/category\/actualidad\/\">Actualidad<\/a>, <a href=\"https:\/\/elfuerte.cl\/web\/category\/destacados\/\">Destacados<\/a>\t\t\t\t\t<\/span>\n\t\t\t\t\t\t\t<\/div>\n\t\t\n\t\t\t\t\t<h3 class=\"gem-featured-post-title title-h3 light\"><div>Biob\u00edo inicia talleres para definir prioridades de conservaci\u00f3n  en medio de debate sobre continuidad de pol\u00edticas ambientales<\/div><\/h3>\n\t\t\n\t\t\t\t\t<div class=\"gem-featured-post-excerpt styled-subtitle text-body\">\n\t\t\t\t<div>\n\t\t\t\t\t\t\t\t\t\t\t<p>Proceso participativo busca recoger visiones locales para orientar la protecci\u00f3n de la biodiversidad, en un escenario marcado por incertidumbre presupuestaria.<\/p>\n\t\t\t\t\t\t\t\t\t<\/div>\n\t\t\t<\/div>\n\t\t\t\t\t\t\n\t\t\t\t\t<div class=\"gem-featured-post-btn-box\">\n\t\t\t\t<a id=\"\" href=\"https:\/\/elfuerte.cl\/web\/2026\/04\/26\/biobio-inicia-talleres-para-definir-prioridades-de-conservacion-en-medio-de-debate-sobre-continuidad-de-politicas-ambientales\/\" class=\"load-more-button gem-button gem-button-size-small gem-button-style-flat gem-button-icon-position-left gem-button-text-weight-normal\">\n\t\t\t\t<span class=\"gem-inner-wrapper-btn\">\n\t\t\t\t\t                \t<span class=\"gem-text-button\">\n\t\t\t\t\t\t<span>Ver M\u00e1s<\/span>\t\t\t\t\t<\/span>\n\t\t\t\t<\/span>\n\t\t\t\t<\/a>\n\t\t\t<\/div>\n\t\t\t<\/div>\n<\/article>\n\n\n\n<article id=\"post-6244\" class=\"slide-item portfolio-item\" style=\"background-image: url(https:\/\/elfuerte.cl\/web\/wp-content\/uploads\/2026\/04\/portada-2026-04-26T114813.522.jpg)\" data-background=\"url(https:\/\/elfuerte.cl\/web\/wp-content\/uploads\/2026\/04\/portada-2026-04-26T114813.522.jpg)\">\n\n\t<div class=\"gem-featured-posts-slide-overlay\"><\/div>\n\n\t<div class=\"gem-featured-posts-slide-item\">\n\t\t\t\t\t\t\t<div>\n\t\t\t\t\t\t\t\t\t<span class=\"set\">\n\t\t\t\t<a href=\"https:\/\/elfuerte.cl\/web\/category\/actualidad\/\">Actualidad<\/a>, <a href=\"https:\/\/elfuerte.cl\/web\/category\/destacados\/\">Destacados<\/a>\t\t\t\t\t<\/span>\n\t\t\t\t\t\t\t<\/div>\n\t\t\n\t\t\t\t\t<h3 class=\"gem-featured-post-title title-h3 light\"><div>Frutillar re\u00fane a ciudades creativas de la m\u00fasica para avanzar en gesti\u00f3n cultural y econom\u00eda nocturna<\/div><\/h3>\n\t\t\n\t\t\t\t\t<div class=\"gem-featured-post-excerpt styled-subtitle text-body\">\n\t\t\t\t<div>\n\t\t\t\t\t\t\t\t\t\t\t<p>Encuentro intermunicipal convoc\u00f3 a representantes de Valpara\u00edso y Concepci\u00f3n en una instancia que busca fortalecer el desarrollo cultural y productivo desde los territorios.<\/p>\n\t\t\t\t\t\t\t\t\t<\/div>\n\t\t\t<\/div>\n\t\t\t\t\t\t\n\t\t\t\t\t<div class=\"gem-featured-post-btn-box\">\n\t\t\t\t<a id=\"\" href=\"https:\/\/elfuerte.cl\/web\/2026\/04\/26\/frutillar-reune-a-ciudades-creativas-de-la-musica-para-avanzar-en-gestion-cultural-y-economia-nocturna\/\" class=\"load-more-button gem-button gem-button-size-small gem-button-style-flat gem-button-icon-position-left gem-button-text-weight-normal\">\n\t\t\t\t<span class=\"gem-inner-wrapper-btn\">\n\t\t\t\t\t                \t<span class=\"gem-text-button\">\n\t\t\t\t\t\t<span>Ver M\u00e1s<\/span>\t\t\t\t\t<\/span>\n\t\t\t\t<\/span>\n\t\t\t\t<\/a>\n\t\t\t<\/div>\n\t\t\t<\/div>\n<\/article>\n\n\n\n<article id=\"post-6237\" class=\"slide-item portfolio-item\" style=\"background-image: url(https:\/\/elfuerte.cl\/web\/wp-content\/uploads\/2026\/04\/biomed.webp)\" data-background=\"url(https:\/\/elfuerte.cl\/web\/wp-content\/uploads\/2026\/04\/biomed.webp)\">\n\n\t<div class=\"gem-featured-posts-slide-overlay\"><\/div>\n\n\t<div class=\"gem-featured-posts-slide-item\">\n\t\t\t\t\t\t\t<div>\n\t\t\t\t\t\t\t\t\t<span class=\"set\">\n\t\t\t\t<a href=\"https:\/\/elfuerte.cl\/web\/category\/actualidad\/\">Actualidad<\/a>, <a href=\"https:\/\/elfuerte.cl\/web\/category\/destacados\/\">Destacados<\/a>\t\t\t\t\t<\/span>\n\t\t\t\t\t\t\t<\/div>\n\t\t\n\t\t\t\t\t<h3 class=\"gem-featured-post-title title-h3 light\"><div>C\u00f3mo la computaci\u00f3n cu\u00e1ntica empieza a acelerar el desarrollo de medicamentos<\/div><\/h3>\n\t\t\n\t\t\t\t\t<div class=\"gem-featured-post-excerpt styled-subtitle text-body\">\n\t\t\t\t<div>\n\t\t\t\t\t\t\t\t\t\t\t<p>Aunque a\u00fan en fase experimental, la tecnolog\u00eda basada en qubits comienza a aplicarse en simulaci\u00f3n molecular, con el potencial de reducir tiempos y costos en una industria marcada por procesos largos y complejos.<\/p>\n\t\t\t\t\t\t\t\t\t<\/div>\n\t\t\t<\/div>\n\t\t\t\t\t\t\n\t\t\t\t\t<div class=\"gem-featured-post-btn-box\">\n\t\t\t\t<a id=\"\" href=\"https:\/\/elfuerte.cl\/web\/2026\/04\/25\/como-la-computacion-cuantica-empieza-a-acelerar-el-desarrollo-de-medicamentos\/\" class=\"load-more-button gem-button gem-button-size-small gem-button-style-flat gem-button-icon-position-left gem-button-text-weight-normal\">\n\t\t\t\t<span class=\"gem-inner-wrapper-btn\">\n\t\t\t\t\t                \t<span class=\"gem-text-button\">\n\t\t\t\t\t\t<span>Ver M\u00e1s<\/span>\t\t\t\t\t<\/span>\n\t\t\t\t<\/span>\n\t\t\t\t<\/a>\n\t\t\t<\/div>\n\t\t\t<\/div>\n<\/article>\n\n\n\n<article id=\"post-6227\" class=\"slide-item portfolio-item\" style=\"background-image: url(https:\/\/elfuerte.cl\/web\/wp-content\/uploads\/2026\/04\/portada-2026-04-25T101949.275.jpg)\" data-background=\"url(https:\/\/elfuerte.cl\/web\/wp-content\/uploads\/2026\/04\/portada-2026-04-25T101949.275.jpg)\">\n\n\t<div class=\"gem-featured-posts-slide-overlay\"><\/div>\n\n\t<div class=\"gem-featured-posts-slide-item\">\n\t\t\t\t\t\t\t<div>\n\t\t\t\t\t\t\t\t\t<span class=\"set\">\n\t\t\t\t<a href=\"https:\/\/elfuerte.cl\/web\/category\/actualidad\/\">Actualidad<\/a>, <a href=\"https:\/\/elfuerte.cl\/web\/category\/destacados\/\">Destacados<\/a>\t\t\t\t\t<\/span>\n\t\t\t\t\t\t\t<\/div>\n\t\t\n\t\t\t\t\t<h3 class=\"gem-featured-post-title title-h3 light\"><div>C\u00e1mara de Comercio Detallista inaugura nuevas instalaciones  y avanza en la recuperaci\u00f3n de hist\u00f3rico edificio gremial<\/div><\/h3>\n\t\t\n\t\t\t\t\t<div class=\"gem-featured-post-excerpt styled-subtitle text-body\">\n\t\t\t\t<div>\n\t\t\t\t\t\t\t\t\t\t\t<p>La inversi\u00f3n cercana a los $35 millones permiti\u00f3 habilitar un nuevo espacio en pleno Paseo Libertad, en un proceso que combina fortalecimiento institucional, rescate patrimonial y proyecci\u00f3n del comercio local.<\/p>\n\t\t\t\t\t\t\t\t\t<\/div>\n\t\t\t<\/div>\n\t\t\t\t\t\t\n\t\t\t\t\t<div class=\"gem-featured-post-btn-box\">\n\t\t\t\t<a id=\"\" href=\"https:\/\/elfuerte.cl\/web\/2026\/04\/25\/camara-de-comercio-detallista-inaugura-nuevas-instalaciones-y-avanza-en-la-recuperacion-de-historico-edificio-gremial\/\" class=\"load-more-button gem-button gem-button-size-small gem-button-style-flat gem-button-icon-position-left gem-button-text-weight-normal\">\n\t\t\t\t<span class=\"gem-inner-wrapper-btn\">\n\t\t\t\t\t                \t<span class=\"gem-text-button\">\n\t\t\t\t\t\t<span>Ver M\u00e1s<\/span>\t\t\t\t\t<\/span>\n\t\t\t\t<\/span>\n\t\t\t\t<\/a>\n\t\t\t<\/div>\n\t\t\t<\/div>\n<\/article>\n\n\n\n<article id=\"post-6218\" class=\"slide-item portfolio-item\" style=\"background-image: url(https:\/\/elfuerte.cl\/web\/wp-content\/uploads\/2026\/04\/bannerlibro.jpg)\" data-background=\"url(https:\/\/elfuerte.cl\/web\/wp-content\/uploads\/2026\/04\/bannerlibro.jpg)\">\n\n\t<div class=\"gem-featured-posts-slide-overlay\"><\/div>\n\n\t<div class=\"gem-featured-posts-slide-item\">\n\t\t\t\t\t\t\t<div>\n\t\t\t\t\t\t\t\t\t<span class=\"set\">\n\t\t\t\t<a href=\"https:\/\/elfuerte.cl\/web\/category\/actualidad\/\">Actualidad<\/a>, <a href=\"https:\/\/elfuerte.cl\/web\/category\/destacados\/\">Destacados<\/a>\t\t\t\t\t<\/span>\n\t\t\t\t\t\t\t<\/div>\n\t\t\n\t\t\t\t\t<h3 class=\"gem-featured-post-title title-h3 light\"><div>En el mes del Libro Telet\u00f3n Concepci\u00f3n abri\u00f3 su biblioteca con actividades para toda la comunidad<\/div><\/h3>\n\t\t\n\t\t\t\t\t<div class=\"gem-featured-post-excerpt styled-subtitle text-body\">\n\t\t\t\t<div>\n\t\t\t\t\t\t\t\t\t\t\t<p>Intercambio de libros, taller de escritura y jornada de disfraces son parte de las iniciativas que el instituto ha impulsado para celebrar el Mes del Libro.<\/p>\n\t\t\t\t\t\t\t\t\t<\/div>\n\t\t\t<\/div>\n\t\t\t\t\t\t\n\t\t\t\t\t<div class=\"gem-featured-post-btn-box\">\n\t\t\t\t<a id=\"\" href=\"https:\/\/elfuerte.cl\/web\/2026\/04\/24\/en-el-mes-del-libro-teleton-concepcion-abrio-su-biblioteca-con-actividades-para-toda-la-comunidad\/\" class=\"load-more-button gem-button gem-button-size-small gem-button-style-flat gem-button-icon-position-left gem-button-text-weight-normal\">\n\t\t\t\t<span class=\"gem-inner-wrapper-btn\">\n\t\t\t\t\t                \t<span class=\"gem-text-button\">\n\t\t\t\t\t\t<span>Ver M\u00e1s<\/span>\t\t\t\t\t<\/span>\n\t\t\t\t<\/span>\n\t\t\t\t<\/a>\n\t\t\t<\/div>\n\t\t\t<\/div>\n<\/article>\n\n\n\n<article id=\"post-6208\" class=\"slide-item portfolio-item\" style=\"background-image: url(https:\/\/elfuerte.cl\/web\/wp-content\/uploads\/2026\/04\/SLEP-11-thegem-featured-post-slide.jpg)\" data-background=\"url(https:\/\/elfuerte.cl\/web\/wp-content\/uploads\/2026\/04\/SLEP-11-thegem-featured-post-slide.jpg)\">\n\n\t<div class=\"gem-featured-posts-slide-overlay\"><\/div>\n\n\t<div class=\"gem-featured-posts-slide-item\">\n\t\t\t\t\t\t\t<div>\n\t\t\t\t\t\t\t\t\t<span class=\"set\">\n\t\t\t\t<a href=\"https:\/\/elfuerte.cl\/web\/category\/actualidad\/\">Actualidad<\/a>, <a href=\"https:\/\/elfuerte.cl\/web\/category\/destacados\/\">Destacados<\/a>\t\t\t\t\t<\/span>\n\t\t\t\t\t\t\t<\/div>\n\t\t\n\t\t\t\t\t<h3 class=\"gem-featured-post-title title-h3 light\"><div>Parque Jorge Alessandri se convierte en aula abierta para estudiantes del Biob\u00edo en jornada deportiva y de aprendizaje<\/div><\/h3>\n\t\t\n\t\t\t\t\t<div class=\"gem-featured-post-excerpt styled-subtitle text-body\">\n\t\t\t\t<div>\n\t\t\t\t\t\t\t\t\t\t\t<p>Cerca de mil alumnos participaron en actividad al aire libre que busc\u00f3 promover h\u00e1bitos saludables y fortalecer la convivencia fuera del entorno escolar tradicional.<\/p>\n\t\t\t\t\t\t\t\t\t<\/div>\n\t\t\t<\/div>\n\t\t\t\t\t\t\n\t\t\t\t\t<div class=\"gem-featured-post-btn-box\">\n\t\t\t\t<a id=\"\" href=\"https:\/\/elfuerte.cl\/web\/2026\/04\/24\/parque-jorge-alessandri-se-convierte-en-aula-abierta-para-estudiantes-del-biobio-en-jornada-deportiva-y-de-aprendizaje\/\" class=\"load-more-button gem-button gem-button-size-small gem-button-style-flat gem-button-icon-position-left gem-button-text-weight-normal\">\n\t\t\t\t<span class=\"gem-inner-wrapper-btn\">\n\t\t\t\t\t                \t<span class=\"gem-text-button\">\n\t\t\t\t\t\t<span>Ver M\u00e1s<\/span>\t\t\t\t\t<\/span>\n\t\t\t\t<\/span>\n\t\t\t\t<\/a>\n\t\t\t<\/div>\n\t\t\t<\/div>\n<\/article>\n\n\n\n\t\t\t<\/div>\n\t\t\t\t\t\t\t\t\n\t\t\t\t\t\t<\/div>\n\t\t\t\t<\/div>\n\t\t\t\t<div class=\"elementor-element elementor-element-1e1d2b7 elementor-hidden-desktop flex-horizontal-align-default flex-horizontal-align-tablet-default flex-horizontal-align-mobile-default flex-vertical-align-default flex-vertical-align-tablet-default flex-vertical-align-mobile-default elementor-widget elementor-widget-thegem-featured-posts-slider\" data-id=\"1e1d2b7\" data-element_type=\"widget\" data-settings=\"{&quot;thegem_elementor_preset&quot;:&quot;new&quot;,&quot;select_blog_cat&quot;:[&quot;destacados&quot;],&quot;blog_description_preset&quot;:&quot;text-body-tiny&quot;,&quot;blog_title_preset&quot;:&quot;title-h6&quot;,&quot;title_tag&quot;:&quot;h3&quot;,&quot;title_weight&quot;:&quot;light&quot;,&quot;query_type&quot;:&quot;post&quot;,&quot;exclude_blog_posts_type&quot;:&quot;manual&quot;,&quot;order_by&quot;:&quot;default&quot;,&quot;order&quot;:&quot;default&quot;,&quot;slider_show_featured&quot;:&quot;yes&quot;,&quot;slider_show_title&quot;:&quot;yes&quot;,&quot;slider_show_excerpt&quot;:&quot;yes&quot;,&quot;slider_show_categories&quot;:&quot;yes&quot;,&quot;additional_meta_type&quot;:&quot;taxonomies&quot;,&quot;additional_meta_taxonomies&quot;:&quot;category&quot;,&quot;slider_show_button&quot;:&quot;yes&quot;,&quot;more_button_link&quot;:&quot;default&quot;,&quot;slider_show_navigation&quot;:&quot;yes&quot;}\" data-widget_type=\"thegem-featured-posts-slider.default\">\n\t\t\t\t<div class=\"elementor-widget-container\">\n\t\t\t\t\t\t\t\t<div class=\"preloader featured-posts-slider-preloader default-background \"\n\t\t\t\t style=\"\">\n\t\t\t\t<div class=\"preloader-spin-new\"><\/div>\n\t\t\t<\/div>\n\n\t\t\t<div class=\"gem-featured-posts-slider style-new content-alignment-center \" data-paginator=\"{&quot;type&quot;:&quot;arrows&quot;,&quot;icon&quot;:&quot;1&quot;,&quot;dots_size&quot;:null,&quot;dots_style&quot;:null,&quot;size&quot;:&quot;regular&quot;,&quot;style&quot;:&quot;light&quot;,&quot;position&quot;:&quot;left_right&quot;}\" data-sliding-effect=\"slide\" data-auto-scroll=\"10000\">\n\t\t\t\t\n<article id=\"post-6265\" class=\"slide-item portfolio-item\" style=\"background-image: url(https:\/\/elfuerte.cl\/web\/wp-content\/uploads\/2026\/04\/portada-2026-04-27T102238.493.jpg);background-image: url(https:\/\/elfuerte.cl\/web\/wp-content\/uploads\/2026\/04\/portada-2026-04-27T102238.493.jpg)\" data-background=\"url(https:\/\/elfuerte.cl\/web\/wp-content\/uploads\/2026\/04\/portada-2026-04-27T102238.493.jpg)\">\n\n\t<div class=\"gem-featured-posts-slide-overlay\"><\/div>\n\n\t<div class=\"gem-featured-posts-slide-item\">\n\t\t\t\t\t\t\t<div>\n\t\t\t\t\t\t\t\t\t<span class=\"set\">\n\t\t\t\t<a href=\"https:\/\/elfuerte.cl\/web\/category\/actualidad\/\">Actualidad<\/a>, <a href=\"https:\/\/elfuerte.cl\/web\/category\/destacados\/\">Destacados<\/a>\t\t\t\t\t<\/span>\n\t\t\t\t\t\t\t<\/div>\n\t\t\n\t\t\t\t\t<h3 class=\"gem-featured-post-title title-h6 light\"><div>Intercambio de semillas y experiencias conecta comunidades del pa\u00eds en torno a la restauraci\u00f3n del bosque nativo en Los R\u00edos<\/div><\/h3>\n\t\t\n\t\t\t\t\t<div class=\"gem-featured-post-excerpt styled-subtitle text-body-tiny\">\n\t\t\t\t<div>\n\t\t\t\t\t\t\t\t\t\t\t<p>Actividad reuni\u00f3 a organizaciones desde la zona central al sur en jornadas realizadas en La Uni\u00f3n y Valdivia, con foco en educaci\u00f3n ambiental y trabajo comunitario.<\/p>\n\t\t\t\t\t\t\t\t\t<\/div>\n\t\t\t<\/div>\n\t\t\t\t\t\t\n\t\t\t\t\t<div class=\"gem-featured-post-btn-box\">\n\t\t\t\t<a id=\"\" href=\"https:\/\/elfuerte.cl\/web\/2026\/04\/27\/intercambio-de-semillas-y-experiencias-conecta-comunidades-del-pais-en-torno-a-la-restauracion-del-bosque-nativo-en-los-rios\/\" class=\"load-more-button gem-button gem-button-size-small gem-button-style-flat gem-button-icon-position-left gem-button-text-weight-normal\">\n\t\t\t\t<span class=\"gem-inner-wrapper-btn\">\n\t\t\t\t\t                \t<span class=\"gem-text-button\">\n\t\t\t\t\t\t<span>Ver M\u00e1s<\/span>\t\t\t\t\t<\/span>\n\t\t\t\t<\/span>\n\t\t\t\t<\/a>\n\t\t\t<\/div>\n\t\t\t<\/div>\n<\/article>\n\n\n\n<article id=\"post-6250\" class=\"slide-item portfolio-item\" style=\"background-image: url(https:\/\/elfuerte.cl\/web\/wp-content\/uploads\/2026\/04\/portada-2026-04-26T120829.199.jpg)\" data-background=\"url(https:\/\/elfuerte.cl\/web\/wp-content\/uploads\/2026\/04\/portada-2026-04-26T120829.199.jpg)\">\n\n\t<div class=\"gem-featured-posts-slide-overlay\"><\/div>\n\n\t<div class=\"gem-featured-posts-slide-item\">\n\t\t\t\t\t\t\t<div>\n\t\t\t\t\t\t\t\t\t<span class=\"set\">\n\t\t\t\t<a href=\"https:\/\/elfuerte.cl\/web\/category\/actualidad\/\">Actualidad<\/a>, <a href=\"https:\/\/elfuerte.cl\/web\/category\/destacados\/\">Destacados<\/a>\t\t\t\t\t<\/span>\n\t\t\t\t\t\t\t<\/div>\n\t\t\n\t\t\t\t\t<h3 class=\"gem-featured-post-title title-h6 light\"><div>Biob\u00edo inicia talleres para definir prioridades de conservaci\u00f3n  en medio de debate sobre continuidad de pol\u00edticas ambientales<\/div><\/h3>\n\t\t\n\t\t\t\t\t<div class=\"gem-featured-post-excerpt styled-subtitle text-body-tiny\">\n\t\t\t\t<div>\n\t\t\t\t\t\t\t\t\t\t\t<p>Proceso participativo busca recoger visiones locales para orientar la protecci\u00f3n de la biodiversidad, en un escenario marcado por incertidumbre presupuestaria.<\/p>\n\t\t\t\t\t\t\t\t\t<\/div>\n\t\t\t<\/div>\n\t\t\t\t\t\t\n\t\t\t\t\t<div class=\"gem-featured-post-btn-box\">\n\t\t\t\t<a id=\"\" href=\"https:\/\/elfuerte.cl\/web\/2026\/04\/26\/biobio-inicia-talleres-para-definir-prioridades-de-conservacion-en-medio-de-debate-sobre-continuidad-de-politicas-ambientales\/\" class=\"load-more-button gem-button gem-button-size-small gem-button-style-flat gem-button-icon-position-left gem-button-text-weight-normal\">\n\t\t\t\t<span class=\"gem-inner-wrapper-btn\">\n\t\t\t\t\t                \t<span class=\"gem-text-button\">\n\t\t\t\t\t\t<span>Ver M\u00e1s<\/span>\t\t\t\t\t<\/span>\n\t\t\t\t<\/span>\n\t\t\t\t<\/a>\n\t\t\t<\/div>\n\t\t\t<\/div>\n<\/article>\n\n\n\n<article id=\"post-6244\" class=\"slide-item portfolio-item\" style=\"background-image: url(https:\/\/elfuerte.cl\/web\/wp-content\/uploads\/2026\/04\/portada-2026-04-26T114813.522.jpg)\" data-background=\"url(https:\/\/elfuerte.cl\/web\/wp-content\/uploads\/2026\/04\/portada-2026-04-26T114813.522.jpg)\">\n\n\t<div class=\"gem-featured-posts-slide-overlay\"><\/div>\n\n\t<div class=\"gem-featured-posts-slide-item\">\n\t\t\t\t\t\t\t<div>\n\t\t\t\t\t\t\t\t\t<span class=\"set\">\n\t\t\t\t<a href=\"https:\/\/elfuerte.cl\/web\/category\/actualidad\/\">Actualidad<\/a>, <a href=\"https:\/\/elfuerte.cl\/web\/category\/destacados\/\">Destacados<\/a>\t\t\t\t\t<\/span>\n\t\t\t\t\t\t\t<\/div>\n\t\t\n\t\t\t\t\t<h3 class=\"gem-featured-post-title title-h6 light\"><div>Frutillar re\u00fane a ciudades creativas de la m\u00fasica para avanzar en gesti\u00f3n cultural y econom\u00eda nocturna<\/div><\/h3>\n\t\t\n\t\t\t\t\t<div class=\"gem-featured-post-excerpt styled-subtitle text-body-tiny\">\n\t\t\t\t<div>\n\t\t\t\t\t\t\t\t\t\t\t<p>Encuentro intermunicipal convoc\u00f3 a representantes de Valpara\u00edso y Concepci\u00f3n en una instancia que busca fortalecer el desarrollo cultural y productivo desde los territorios.<\/p>\n\t\t\t\t\t\t\t\t\t<\/div>\n\t\t\t<\/div>\n\t\t\t\t\t\t\n\t\t\t\t\t<div class=\"gem-featured-post-btn-box\">\n\t\t\t\t<a id=\"\" href=\"https:\/\/elfuerte.cl\/web\/2026\/04\/26\/frutillar-reune-a-ciudades-creativas-de-la-musica-para-avanzar-en-gestion-cultural-y-economia-nocturna\/\" class=\"load-more-button gem-button gem-button-size-small gem-button-style-flat gem-button-icon-position-left gem-button-text-weight-normal\">\n\t\t\t\t<span class=\"gem-inner-wrapper-btn\">\n\t\t\t\t\t                \t<span class=\"gem-text-button\">\n\t\t\t\t\t\t<span>Ver M\u00e1s<\/span>\t\t\t\t\t<\/span>\n\t\t\t\t<\/span>\n\t\t\t\t<\/a>\n\t\t\t<\/div>\n\t\t\t<\/div>\n<\/article>\n\n\n\n<article id=\"post-6237\" class=\"slide-item portfolio-item\" style=\"background-image: url(https:\/\/elfuerte.cl\/web\/wp-content\/uploads\/2026\/04\/biomed.webp)\" data-background=\"url(https:\/\/elfuerte.cl\/web\/wp-content\/uploads\/2026\/04\/biomed.webp)\">\n\n\t<div class=\"gem-featured-posts-slide-overlay\"><\/div>\n\n\t<div class=\"gem-featured-posts-slide-item\">\n\t\t\t\t\t\t\t<div>\n\t\t\t\t\t\t\t\t\t<span class=\"set\">\n\t\t\t\t<a href=\"https:\/\/elfuerte.cl\/web\/category\/actualidad\/\">Actualidad<\/a>, <a href=\"https:\/\/elfuerte.cl\/web\/category\/destacados\/\">Destacados<\/a>\t\t\t\t\t<\/span>\n\t\t\t\t\t\t\t<\/div>\n\t\t\n\t\t\t\t\t<h3 class=\"gem-featured-post-title title-h6 light\"><div>C\u00f3mo la computaci\u00f3n cu\u00e1ntica empieza a acelerar el desarrollo de medicamentos<\/div><\/h3>\n\t\t\n\t\t\t\t\t<div class=\"gem-featured-post-excerpt styled-subtitle text-body-tiny\">\n\t\t\t\t<div>\n\t\t\t\t\t\t\t\t\t\t\t<p>Aunque a\u00fan en fase experimental, la tecnolog\u00eda basada en qubits comienza a aplicarse en simulaci\u00f3n molecular, con el potencial de reducir tiempos y costos en una industria marcada por procesos largos y complejos.<\/p>\n\t\t\t\t\t\t\t\t\t<\/div>\n\t\t\t<\/div>\n\t\t\t\t\t\t\n\t\t\t\t\t<div class=\"gem-featured-post-btn-box\">\n\t\t\t\t<a id=\"\" href=\"https:\/\/elfuerte.cl\/web\/2026\/04\/25\/como-la-computacion-cuantica-empieza-a-acelerar-el-desarrollo-de-medicamentos\/\" class=\"load-more-button gem-button gem-button-size-small gem-button-style-flat gem-button-icon-position-left gem-button-text-weight-normal\">\n\t\t\t\t<span class=\"gem-inner-wrapper-btn\">\n\t\t\t\t\t                \t<span class=\"gem-text-button\">\n\t\t\t\t\t\t<span>Ver M\u00e1s<\/span>\t\t\t\t\t<\/span>\n\t\t\t\t<\/span>\n\t\t\t\t<\/a>\n\t\t\t<\/div>\n\t\t\t<\/div>\n<\/article>\n\n\n\n<article id=\"post-6227\" class=\"slide-item portfolio-item\" style=\"background-image: url(https:\/\/elfuerte.cl\/web\/wp-content\/uploads\/2026\/04\/portada-2026-04-25T101949.275.jpg)\" data-background=\"url(https:\/\/elfuerte.cl\/web\/wp-content\/uploads\/2026\/04\/portada-2026-04-25T101949.275.jpg)\">\n\n\t<div class=\"gem-featured-posts-slide-overlay\"><\/div>\n\n\t<div class=\"gem-featured-posts-slide-item\">\n\t\t\t\t\t\t\t<div>\n\t\t\t\t\t\t\t\t\t<span class=\"set\">\n\t\t\t\t<a href=\"https:\/\/elfuerte.cl\/web\/category\/actualidad\/\">Actualidad<\/a>, <a href=\"https:\/\/elfuerte.cl\/web\/category\/destacados\/\">Destacados<\/a>\t\t\t\t\t<\/span>\n\t\t\t\t\t\t\t<\/div>\n\t\t\n\t\t\t\t\t<h3 class=\"gem-featured-post-title title-h6 light\"><div>C\u00e1mara de Comercio Detallista inaugura nuevas instalaciones  y avanza en la recuperaci\u00f3n de hist\u00f3rico edificio gremial<\/div><\/h3>\n\t\t\n\t\t\t\t\t<div class=\"gem-featured-post-excerpt styled-subtitle text-body-tiny\">\n\t\t\t\t<div>\n\t\t\t\t\t\t\t\t\t\t\t<p>La inversi\u00f3n cercana a los $35 millones permiti\u00f3 habilitar un nuevo espacio en pleno Paseo Libertad, en un proceso que combina fortalecimiento institucional, rescate patrimonial y proyecci\u00f3n del comercio local.<\/p>\n\t\t\t\t\t\t\t\t\t<\/div>\n\t\t\t<\/div>\n\t\t\t\t\t\t\n\t\t\t\t\t<div class=\"gem-featured-post-btn-box\">\n\t\t\t\t<a id=\"\" href=\"https:\/\/elfuerte.cl\/web\/2026\/04\/25\/camara-de-comercio-detallista-inaugura-nuevas-instalaciones-y-avanza-en-la-recuperacion-de-historico-edificio-gremial\/\" class=\"load-more-button gem-button gem-button-size-small gem-button-style-flat gem-button-icon-position-left gem-button-text-weight-normal\">\n\t\t\t\t<span class=\"gem-inner-wrapper-btn\">\n\t\t\t\t\t                \t<span class=\"gem-text-button\">\n\t\t\t\t\t\t<span>Ver M\u00e1s<\/span>\t\t\t\t\t<\/span>\n\t\t\t\t<\/span>\n\t\t\t\t<\/a>\n\t\t\t<\/div>\n\t\t\t<\/div>\n<\/article>\n\n\n\n<article id=\"post-6218\" class=\"slide-item portfolio-item\" style=\"background-image: url(https:\/\/elfuerte.cl\/web\/wp-content\/uploads\/2026\/04\/bannerlibro.jpg)\" data-background=\"url(https:\/\/elfuerte.cl\/web\/wp-content\/uploads\/2026\/04\/bannerlibro.jpg)\">\n\n\t<div class=\"gem-featured-posts-slide-overlay\"><\/div>\n\n\t<div class=\"gem-featured-posts-slide-item\">\n\t\t\t\t\t\t\t<div>\n\t\t\t\t\t\t\t\t\t<span class=\"set\">\n\t\t\t\t<a href=\"https:\/\/elfuerte.cl\/web\/category\/actualidad\/\">Actualidad<\/a>, <a href=\"https:\/\/elfuerte.cl\/web\/category\/destacados\/\">Destacados<\/a>\t\t\t\t\t<\/span>\n\t\t\t\t\t\t\t<\/div>\n\t\t\n\t\t\t\t\t<h3 class=\"gem-featured-post-title title-h6 light\"><div>En el mes del Libro Telet\u00f3n Concepci\u00f3n abri\u00f3 su biblioteca con actividades para toda la comunidad<\/div><\/h3>\n\t\t\n\t\t\t\t\t<div class=\"gem-featured-post-excerpt styled-subtitle text-body-tiny\">\n\t\t\t\t<div>\n\t\t\t\t\t\t\t\t\t\t\t<p>Intercambio de libros, taller de escritura y jornada de disfraces son parte de las iniciativas que el instituto ha impulsado para celebrar el Mes del Libro.<\/p>\n\t\t\t\t\t\t\t\t\t<\/div>\n\t\t\t<\/div>\n\t\t\t\t\t\t\n\t\t\t\t\t<div class=\"gem-featured-post-btn-box\">\n\t\t\t\t<a id=\"\" href=\"https:\/\/elfuerte.cl\/web\/2026\/04\/24\/en-el-mes-del-libro-teleton-concepcion-abrio-su-biblioteca-con-actividades-para-toda-la-comunidad\/\" class=\"load-more-button gem-button gem-button-size-small gem-button-style-flat gem-button-icon-position-left gem-button-text-weight-normal\">\n\t\t\t\t<span class=\"gem-inner-wrapper-btn\">\n\t\t\t\t\t                \t<span class=\"gem-text-button\">\n\t\t\t\t\t\t<span>Ver M\u00e1s<\/span>\t\t\t\t\t<\/span>\n\t\t\t\t<\/span>\n\t\t\t\t<\/a>\n\t\t\t<\/div>\n\t\t\t<\/div>\n<\/article>\n\n\n\n<article id=\"post-6208\" class=\"slide-item portfolio-item\" style=\"background-image: url(https:\/\/elfuerte.cl\/web\/wp-content\/uploads\/2026\/04\/SLEP-11-thegem-featured-post-slide.jpg)\" data-background=\"url(https:\/\/elfuerte.cl\/web\/wp-content\/uploads\/2026\/04\/SLEP-11-thegem-featured-post-slide.jpg)\">\n\n\t<div class=\"gem-featured-posts-slide-overlay\"><\/div>\n\n\t<div class=\"gem-featured-posts-slide-item\">\n\t\t\t\t\t\t\t<div>\n\t\t\t\t\t\t\t\t\t<span class=\"set\">\n\t\t\t\t<a href=\"https:\/\/elfuerte.cl\/web\/category\/actualidad\/\">Actualidad<\/a>, <a href=\"https:\/\/elfuerte.cl\/web\/category\/destacados\/\">Destacados<\/a>\t\t\t\t\t<\/span>\n\t\t\t\t\t\t\t<\/div>\n\t\t\n\t\t\t\t\t<h3 class=\"gem-featured-post-title title-h6 light\"><div>Parque Jorge Alessandri se convierte en aula abierta para estudiantes del Biob\u00edo en jornada deportiva y de aprendizaje<\/div><\/h3>\n\t\t\n\t\t\t\t\t<div class=\"gem-featured-post-excerpt styled-subtitle text-body-tiny\">\n\t\t\t\t<div>\n\t\t\t\t\t\t\t\t\t\t\t<p>Cerca de mil alumnos participaron en actividad al aire libre que busc\u00f3 promover h\u00e1bitos saludables y fortalecer la convivencia fuera del entorno escolar tradicional.<\/p>\n\t\t\t\t\t\t\t\t\t<\/div>\n\t\t\t<\/div>\n\t\t\t\t\t\t\n\t\t\t\t\t<div class=\"gem-featured-post-btn-box\">\n\t\t\t\t<a id=\"\" href=\"https:\/\/elfuerte.cl\/web\/2026\/04\/24\/parque-jorge-alessandri-se-convierte-en-aula-abierta-para-estudiantes-del-biobio-en-jornada-deportiva-y-de-aprendizaje\/\" class=\"load-more-button gem-button gem-button-size-small gem-button-style-flat gem-button-icon-position-left gem-button-text-weight-normal\">\n\t\t\t\t<span class=\"gem-inner-wrapper-btn\">\n\t\t\t\t\t                \t<span class=\"gem-text-button\">\n\t\t\t\t\t\t<span>Ver M\u00e1s<\/span>\t\t\t\t\t<\/span>\n\t\t\t\t<\/span>\n\t\t\t\t<\/a>\n\t\t\t<\/div>\n\t\t\t<\/div>\n<\/article>\n\n\n\n\t\t\t<\/div>\n\t\t\t\t\t\t\t\t\n\t\t\t\t\t\t<\/div>\n\t\t\t\t<\/div>\n\t\t<div class=\"elementor-element elementor-element-334259a elementor-hidden-tablet elementor-hidden-mobile thegem-e-con-layout-thegem e-flex e-con-boxed e-con e-parent\" data-id=\"334259a\" data-element_type=\"container\" data-settings=\"{&quot;thegem_container_layout&quot;:&quot;thegem&quot;}\">\r\n\t\t\t\t\t<div class=\"e-con-inner\">\r\n\t\t\t\t<div class=\"elementor-element elementor-element-85506a9 flex-horizontal-align-default flex-horizontal-align-tablet-default flex-horizontal-align-mobile-default flex-vertical-align-default flex-vertical-align-tablet-default flex-vertical-align-mobile-default elementor-widget elementor-widget-layerslider\" data-id=\"85506a9\" data-element_type=\"widget\" data-widget_type=\"layerslider.default\">\n\t\t\t\t<div class=\"elementor-widget-container\">\n\t\t\t\t\t<div id=\"layerslider_3_euyw60b2tx6x\"  class=\"ls-wp-container fitvidsignore\" style=\"width:1280px;height:720px;margin:0 auto;\"><div class=\"ls-slide\" data-ls=\"bgcolor:#d4d2d2;duration:6000;transition2d:5;transitionduration:800;\"><a style=\"\" class=\"ls-l\" href=\"https:\/\/www.instagram.com\/zoomascotas.cl\/\" target=\"_blank\" data-ls=\"autoplay:instant;controls:disabled;muted:enabled;loopmedia:enabled;\"><ls-layer style=\"width:1284px;height:723px;top:-3px;left:0px;\" class=\"ls-media-layer\"><video width=\"640\" height=\"360\" preload=\"metadata\" controls playsinline muted><source src=\"https:\/\/elfuerte.cl\/web\/wp-content\/uploads\/2026\/01\/zoobig.mp4\" type=\"video\/mp4\" \/><\/video><\/ls-layer><\/a><\/div><div class=\"ls-slide\" data-ls=\"bgcolor:#d4d2d2;duration:7000;transition2d:5;transitionduration:300;\"><a style=\"\" class=\"ls-l\" href=\"https:\/\/martelrayo.cl\" target=\"_blank\" data-ls=\"autoplay:instant;controls:disabled;muted:enabled;loopmedia:enabled;\"><ls-layer style=\"width:1289px;height:725px;top:-2px;left:0px;\" class=\"ls-media-layer\"><video width=\"640\" height=\"360\" preload=\"metadata\" controls playsinline muted><source src=\"https:\/\/elfuerte.cl\/web\/wp-content\/uploads\/2026\/01\/pmontt-2.mp4\" type=\"video\/mp4\" \/><\/video><\/ls-layer><\/a><\/div><div class=\"ls-slide\" data-ls=\"bgcolor:#d4d2d2;duration:7000;transition2d:5;transitionduration:300;\"><a style=\"\" class=\"ls-l\" href=\"https:\/\/www.salmoboats.cl\/\" target=\"_blank\" data-ls=\"autoplay:instant;controls:disabled;muted:enabled;loopmedia:enabled;\"><ls-layer style=\"width:1307px;height:735px;top:-8px;left:-27px;\" class=\"ls-media-layer\"><video width=\"640\" height=\"360\" preload=\"metadata\" controls playsinline muted><source src=\"https:\/\/elfuerte.cl\/web\/wp-content\/uploads\/2026\/01\/salmonbingok.mp4\" type=\"video\/mp4\" \/><\/video><\/ls-layer><\/a><\/div><div class=\"ls-slide\" data-ls=\"bgcolor:#d4d2d2;duration:7000;transition2d:5;transitionduration:300;\"><a style=\"\" class=\"ls-l\" href=\"https:\/\/ilmiononno.cl\/\" target=\"_blank\" data-ls=\"autoplay:instant;controls:disabled;muted:enabled;loopmedia:enabled;\"><ls-layer style=\"width:1289px;height:725px;top:0px;left:0px;\" class=\"ls-media-layer\"><video width=\"640\" height=\"360\" preload=\"metadata\" controls playsinline muted><source src=\"https:\/\/elfuerte.cl\/web\/wp-content\/uploads\/2026\/01\/nono.mp4\" type=\"video\/mp4\" \/><\/video><\/ls-layer><\/a><\/div><\/div>\t\t\t\t<\/div>\n\t\t\t\t<\/div>\n\t\t\t\t\t<\/div>\n\t\t\t\t<\/div>\n\t\t<div class=\"elementor-element elementor-element-3fb7532 elementor-hidden-desktop thegem-e-con-layout-thegem e-flex e-con-boxed e-con e-parent\" data-id=\"3fb7532\" data-element_type=\"container\" data-settings=\"{&quot;thegem_container_layout&quot;:&quot;thegem&quot;}\">\r\n\t\t\t\t\t<div class=\"e-con-inner\">\r\n\t\t\t\t<div class=\"elementor-element elementor-element-2fa8ab8 flex-horizontal-align-default flex-horizontal-align-tablet-default flex-horizontal-align-mobile-default flex-vertical-align-default flex-vertical-align-tablet-default flex-vertical-align-mobile-default elementor-widget elementor-widget-layerslider\" data-id=\"2fa8ab8\" data-element_type=\"widget\" data-widget_type=\"layerslider.default\">\n\t\t\t\t<div class=\"elementor-widget-container\">\n\t\t\t\t\t<div id=\"layerslider_4_lfz6012qi9px\"  class=\"ls-wp-container fitvidsignore\" style=\"width:578px;height:450px;margin:0 auto;\"><div class=\"ls-slide\" data-ls=\"bgcolor:#d4d2d2;duration:6000;transition2d:2;transitionduration:300;\"><a style=\"\" class=\"ls-l\" href=\"https:\/\/www.instagram.com\/zoomascotas.cl\/\" target=\"_blank\" data-ls=\"autoplay:instant;showinfo:disabled;controls:disabled;muted:enabled;loopmedia:enabled;\"><ls-layer style=\"width:578px;height:450px;\" class=\"ls-media-layer\"><video width=\"640\" height=\"360\" preload=\"metadata\" controls playsinline muted><source src=\"https:\/\/elfuerte.cl\/web\/wp-content\/uploads\/2026\/01\/bannersmallzoo.mp4\" type=\"video\/mp4\" \/><\/video><\/ls-layer><\/a><\/div><div class=\"ls-slide\" data-ls=\"bgcolor:#d4d2d2;duration:7000;transition2d:2;transitionduration:300;\"><a style=\"\" class=\"ls-l\" href=\"https:\/\/martelrayo.cl\/\" target=\"_blank\" data-ls=\"autoplay:instant;showinfo:disabled;controls:disabled;muted:enabled;loopmedia:enabled;\"><ls-layer style=\"width:578px;height:450px;\" class=\"ls-media-layer\"><video width=\"640\" height=\"360\" preload=\"metadata\" controls playsinline muted><source src=\"https:\/\/elfuerte.cl\/web\/wp-content\/uploads\/2026\/01\/pmontt-small.mp4\" type=\"video\/mp4\" \/><\/video><\/ls-layer><\/a><\/div><div class=\"ls-slide\" data-ls=\"bgcolor:#d4d2d2;duration:7000;transition2d:2;transitionduration:300;\"><a style=\"\" class=\"ls-l\" href=\"https:\/\/www.salmoboats.cl\/\" target=\"_blank\" data-ls=\"autoplay:instant;showinfo:disabled;controls:disabled;muted:enabled;loopmedia:enabled;\"><ls-layer style=\"width:578px;height:450px;\" class=\"ls-media-layer\"><video width=\"640\" height=\"360\" preload=\"metadata\" controls playsinline muted><source src=\"https:\/\/elfuerte.cl\/web\/wp-content\/uploads\/2026\/01\/salmonsmall.mp4\" type=\"video\/mp4\" \/><\/video><\/ls-layer><\/a><\/div><div class=\"ls-slide\" data-ls=\"bgcolor:#d4d2d2;duration:7000;transition2d:2;transitionduration:300;\"><a style=\"\" class=\"ls-l\" href=\"https:\/\/ilmiononno.cl\/\" target=\"_blank\" data-ls=\"autoplay:instant;showinfo:disabled;controls:disabled;muted:enabled;loopmedia:enabled;\"><ls-layer style=\"width:578px;height:450px;\" class=\"ls-media-layer\"><video width=\"640\" height=\"360\" preload=\"metadata\" controls playsinline muted><source src=\"https:\/\/elfuerte.cl\/web\/wp-content\/uploads\/2026\/01\/nonosmall.mp4\" type=\"video\/mp4\" \/><\/video><\/ls-layer><\/a><\/div><\/div>\t\t\t\t<\/div>\n\t\t\t\t<\/div>\n\t\t\t\t\t<\/div>\n\t\t\t\t<\/div>\n\t\t\t\t\t<\/div>\n\t\t<\/div>\n\t\t\t\t\t<\/div><\/div>\r\n\t\t<\/section>\r\n\t\t\t\t<section class=\"elementor-section elementor-top-section elementor-element elementor-element-681db88 elementor-section-boxed elementor-section-height-default elementor-section-height-default\" data-id=\"681db88\" data-element_type=\"section\">\r\n\t\t\t\t\t\t<div class=\"elementor-container elementor-column-gap-thegem\"><div class=\"elementor-row\">\r\n\t\t\t\t\t<div class=\"elementor-column elementor-col-66 elementor-top-column elementor-element elementor-element-34da785\" data-id=\"34da785\" data-element_type=\"column\">\n\t\t\t<div class=\"elementor-widget-wrap elementor-element-populated\">\n\t\t\t\t\t\t<div class=\"elementor-element elementor-element-e284a23 flex-horizontal-align-default flex-horizontal-align-tablet-default flex-horizontal-align-mobile-default flex-vertical-align-default flex-vertical-align-tablet-default flex-vertical-align-mobile-default elementor-widget elementor-widget-thegem-styledimage\" data-id=\"e284a23\" data-element_type=\"widget\" data-settings=\"{&quot;thegem_elementor_preset&quot;:&quot;style-2&quot;,&quot;image&quot;:{&quot;url&quot;:&quot;https:\\\/\\\/elfuerte.cl\\\/web\\\/wp-content\\\/uploads\\\/2026\\\/01\\\/banner1.jpg&quot;,&quot;id&quot;:3214,&quot;size&quot;:&quot;&quot;,&quot;alt&quot;:&quot;&quot;,&quot;source&quot;:&quot;library&quot;},&quot;image_position&quot;:&quot;left&quot;}\" data-widget_type=\"thegem-styledimage.default\">\n\t\t\t\t<div class=\"elementor-widget-container\">\n\t\t\t\t\t\n<div class=\"styled-image-wrapper\">\n\t\t\t<div class=\"gem-image gem-wrapbox gem-wrapbox-style-2 gem-wrapbox-position-left lazy-loading \">\n\t\t\t<div class=\"gem-wrapbox-inner  lazy-loading-item\"  data-ll-effect=\"move-up\">\n\t\t\t\t\t\t\t\t\t<img class=\"gem-wrapbox-element img-responsive \"\n\t\t\t\t\t\t src=\"https:\/\/elfuerte.cl\/web\/wp-content\/uploads\/2026\/01\/banner1.jpg\"\n\t\t\t\t\t\t alt=\"banner1\">\n\t\t\t\t\t\t\t\t<\/div>\n\t\t<\/div>\n\t\t<\/div>\n\n\n\t\n\t\t\t\t\t\t<\/div>\n\t\t\t\t<\/div>\n\t\t\t\t<section class=\"elementor-section elementor-inner-section elementor-element elementor-element-3a1ff83 elementor-section-full_width elementor-section-height-min-height elementor-section-content-bottom elementor-section-height-default\" data-id=\"3a1ff83\" data-element_type=\"section\">\r\n\t\t\t\t\t\t<div class=\"elementor-container elementor-column-gap-no\"><div class=\"elementor-row\">\r\n\t\t\t\t\t<div class=\"elementor-column elementor-col-100 elementor-inner-column elementor-element elementor-element-831cb05\" data-id=\"831cb05\" data-element_type=\"column\">\n\t\t\t<div class=\"elementor-widget-wrap elementor-element-populated\">\n\t\t\t\t\t\t<div class=\"elementor-element elementor-element-95ec9e4 elementor-widget__width-auto elementor-absolute flex-horizontal-align-default flex-horizontal-align-tablet-default flex-horizontal-align-mobile-default flex-vertical-align-default flex-vertical-align-tablet-default flex-vertical-align-mobile-default elementor-widget elementor-widget-heading\" data-id=\"95ec9e4\" data-element_type=\"widget\" data-settings=\"{&quot;_position&quot;:&quot;absolute&quot;}\" data-widget_type=\"heading.default\">\n\t\t\t\t\t<div class=\"title-h2 elementor-heading-title elementor-size-default\">Actualidad<\/div>\t\t\t\t<\/div>\n\t\t\t\t<div class=\"elementor-element elementor-element-aa20d0c elementor-hidden-phone flex-horizontal-align-default flex-horizontal-align-tablet-default flex-horizontal-align-mobile-default flex-vertical-align-default flex-vertical-align-tablet-default flex-vertical-align-mobile-default elementor-widget elementor-widget-heading\" data-id=\"aa20d0c\" data-element_type=\"widget\" data-widget_type=\"heading.default\">\n\t\t\t\t\t<div class=\"title-xlarge elementor-heading-title elementor-size-default\">Actualidad<\/div>\t\t\t\t<\/div>\n\t\t\t\t\t<\/div>\n\t\t<\/div>\n\t\t\t\t\t<\/div><\/div>\r\n\t\t<\/section>\r\n\t\t\t\t<div class=\"elementor-element elementor-element-08f94ee flex-horizontal-align-default flex-horizontal-align-tablet-default flex-horizontal-align-mobile-default flex-vertical-align-default flex-vertical-align-tablet-default flex-vertical-align-mobile-default elementor-widget elementor-widget-thegem-extended-blog-grid\" data-id=\"08f94ee\" data-element_type=\"widget\" data-settings=\"{&quot;thegem_elementor_preset&quot;:&quot;new&quot;,&quot;columns&quot;:&quot;2x&quot;,&quot;categories&quot;:[&quot;destacados&quot;],&quot;caption_position&quot;:&quot;hover&quot;,&quot;items_per_page&quot;:6,&quot;loading_animation&quot;:&quot;yes&quot;,&quot;animation_effect&quot;:&quot;move-up&quot;,&quot;image_hover_effect&quot;:&quot;horizontal-sliding&quot;,&quot;thegem_custom_css&quot;:&quot;.portfolio-item .image .overlay .links a.share i.default:before {\\r\\n    position: relative;\\r\\n    top: -2px;\\r\\n}&quot;,&quot;portfolio_uid&quot;:&quot;08f94ee&quot;,&quot;filters_text_labels_clear_text&quot;:&quot;Clear Filters&quot;,&quot;not_found_text&quot;:&quot;No items were found matching your selection&quot;,&quot;sorting_extended_text&quot;:&quot;Default sorting&quot;,&quot;sorting_extended_dropdown_title_text&quot;:&quot;Sort by title (A-Z)&quot;,&quot;sorting_extended_dropdown_title_desc_text&quot;:&quot;Sort by title (Z-A)&quot;,&quot;sorting_extended_dropdown_latest_text&quot;:&quot;Sort by latest&quot;,&quot;sorting_extended_dropdown_oldest_text&quot;:&quot;Sort by oldest&quot;,&quot;exclude_blog_posts_type&quot;:&quot;term&quot;,&quot;exclude_blog_posts_terms&quot;:[&quot;category|101&quot;,&quot;category|157&quot;],&quot;additional_meta_click_behavior&quot;:&quot;filtering&quot;,&quot;skin_source&quot;:&quot;default&quot;,&quot;layout&quot;:&quot;justified&quot;,&quot;columns_tablet&quot;:&quot;2x&quot;,&quot;columns_mobile&quot;:&quot;1x&quot;,&quot;image_size&quot;:&quot;default&quot;,&quot;image_ratio_default&quot;:{&quot;unit&quot;:&quot;px&quot;,&quot;size&quot;:&quot;&quot;,&quot;sizes&quot;:[]},&quot;query_type&quot;:&quot;post&quot;,&quot;source&quot;:[&quot;categories&quot;],&quot;order_by&quot;:&quot;default&quot;,&quot;order&quot;:&quot;default&quot;,&quot;blog_show_title&quot;:&quot;yes&quot;,&quot;blog_show_description&quot;:&quot;yes&quot;,&quot;blog_show_date&quot;:&quot;yes&quot;,&quot;blog_show_categories&quot;:&quot;yes&quot;,&quot;additional_meta_type&quot;:&quot;taxonomies&quot;,&quot;additional_meta_taxonomies&quot;:&quot;category&quot;,&quot;blog_show_likes&quot;:&quot;yes&quot;,&quot;filter_type&quot;:&quot;default&quot;,&quot;filter_style&quot;:&quot;buttons&quot;,&quot;search_by&quot;:&quot;content&quot;,&quot;social_sharing&quot;:&quot;yes&quot;,&quot;sharing_icon&quot;:{&quot;value&quot;:&quot;&quot;,&quot;library&quot;:&quot;&quot;},&quot;shares_show_facebook&quot;:&quot;yes&quot;,&quot;shares_show_twitter&quot;:&quot;yes&quot;,&quot;shares_show_pinterest&quot;:&quot;yes&quot;,&quot;shares_show_tumblr&quot;:&quot;yes&quot;,&quot;shares_show_linkedin&quot;:&quot;yes&quot;,&quot;shares_show_reddit&quot;:&quot;yes&quot;,&quot;ignore_sticky_posts&quot;:&quot;yes&quot;,&quot;ajax_preloader_type&quot;:&quot;default&quot;,&quot;image_gaps&quot;:{&quot;unit&quot;:&quot;px&quot;,&quot;size&quot;:42,&quot;sizes&quot;:[]},&quot;image_gaps_tablet&quot;:{&quot;unit&quot;:&quot;px&quot;,&quot;size&quot;:&quot;&quot;,&quot;sizes&quot;:[]},&quot;image_gaps_mobile&quot;:{&quot;unit&quot;:&quot;px&quot;,&quot;size&quot;:&quot;&quot;,&quot;sizes&quot;:[]},&quot;blog_title_preset&quot;:&quot;default&quot;,&quot;title_tag&quot;:&quot;div&quot;,&quot;blog_description_preset&quot;:&quot;default&quot;,&quot;likes_icon&quot;:{&quot;value&quot;:&quot;&quot;,&quot;library&quot;:&quot;&quot;},&quot;caption_container_preset&quot;:&quot;transparent&quot;,&quot;pagination_arrows_left_icon&quot;:{&quot;value&quot;:&quot;&quot;,&quot;library&quot;:&quot;&quot;},&quot;pagination_arrows_right_icon&quot;:{&quot;value&quot;:&quot;&quot;,&quot;library&quot;:&quot;&quot;},&quot;readmore_button_type&quot;:&quot;outline&quot;,&quot;readmore_button_size&quot;:&quot;default&quot;}\" data-widget_type=\"thegem-extended-blog-grid.default\">\n\t\t\t\t<div class=\"elementor-widget-container\">\n\t\t\t\t\t<div class=\"preloader save-space\"><div class=\"preloader-spin\"><\/div><\/div>\t\t\t<div class=\"portfolio-preloader-wrapper\">\n\n\t\t\t\t\n\t\t\t\t<div class=\"portfolio portfolio-grid extended-portfolio-grid news-grid no-padding portfolio-pagination-disabled portfolio-style-justified background-style-transparent hover-new-horizontal-sliding title-on-hover caption-position-hover version-new  loading-animation item-animation-move-up      columns-tablet-2 columns-mobile-1 hover-new-horizontal-sliding hover-title  columns-2             \" id=\"style-08f94ee\" data-style-uid=\"08f94ee\" data-portfolio-uid=\"08f94ee\" data-current-page=\"1\" data-per-page=\"6\" data-next-page=\"2\" data-pages-count=\"52\" data-hover=\"new-horizontal-sliding\" data-portfolio-filter=\"[]\" data-portfolio-filter-attributes=\"null\" data-portfolio-filter-status=\"null\" data-portfolio-filter-price=\"null\" data-portfolio-filter-search=\"\">\n\t\t\t\t\t\n\t\t\t\t\t<div class=\"portfolio-row-outer \">\n\n\t\t\t\t\t\t\t\t\t\t\t\t\t\t\t\t\t\t\t\t\t\t\t<div class=\"portfolio-top-panel filter-type-default selected-only\">\n\t\t\t\t\t\t\t\t\t\t\t\t\t\t\t\t\t\t\t\t<div class=\"portfolio-top-panel-row filter-style-buttons\">\n\t\t\t\t\t\t\t\t\t\t\t\t\t\t\t\t\t\t\t\t\t\t\t<div class=\"portfolio-top-panel-left\"><div class=\"portfolio-filter-item portfolio-selected-filters  \">\n\t<div class=\"portfolio-selected-filter-item clear-filters\">\n\t\tClear Filters\t<\/div>\n\t<\/div>\t\t\t\t\t\t\t\t\t\t\t\t<\/div>\n\t\t\t\t\t\t\t\t\t\t\t\t\t\t\t\t\t\t\t\t\t\t\t\t\t\t\t\t\t\t\t\t\t\t<div class=\"portfolio-top-panel-right\">\n\t\t\t\t\t\t\t\t\t\t\t\t\t\n\t\t\t\t\t\t\t\t\t\t\t\t\t\t\t\t\t\t\t\t\t\t\t\t\t<\/div>\n\t\t\t\t\t\t\t\t\t\t\t\t\t\t\t\t\t\t\t\t\t<\/div>\n\t\t\t\t\t\t\t\t\t\t\t\t\t\t\t\t\t\t\t<\/div>\n\t\t\t\t\t\t\t\t\n\t\t\t\t\t\t\t\t<div class=\"row portfolio-row\">\n\t\t\t\t\t\t\t\t\t<div class=\"portfolio-set clearfix\"\n\t\t\t\t\t\t\t\t\t\t data-max-row-height=\"\">\n\t\t\t\t\t\t\t\t\t\t\t<div class=\"portfolio-item actualidad destacados col-xs-12 col-sm-6 col-md-6 bigger item-animations-not-inited before-start post-has-author appearance-type- post-6265 post type-post status-publish format-standard has-post-thumbnail category-actualidad category-destacados tag-biodiversidad tag-intercambio tag-region-de-los-rios tag-talleres\" style=\"padding: calc(42px\/2)\" data-default-sort=\"1\" data-sort-date=\"1777285586\">\r\n\t\t\t\t\t\r\n\t\t\t<div class=\"wrap clearfix\">\r\n\t\t\t\t\t\t\t\t\t\t\t\t\t<div class=\"image post-6265 post type-post status-publish format-standard has-post-thumbnail category-actualidad category-destacados tag-biodiversidad tag-intercambio tag-region-de-los-rios tag-talleres\">\r\n\t\t\t\t\t\t<div class=\"image-inner \">\r\n\r\n\t\t\t\t\t\t\t\t\t<picture>\n\t\t\t\t\t\t<img src=\"https:\/\/elfuerte.cl\/web\/wp-content\/uploads\/2026\/04\/transparent-thegem-product-justified-square-xl.png\" width=\"700\" height=\"700\"  class=\"attachment-thegem-product-justified-square-xl\" alt=\"Intercambio de semillas y experiencias conecta comunidades del pa\u00eds en torno a la restauraci\u00f3n del bosque nativo en Los R\u00edos\" style=\"max-width: 110%\" \/>\n\t\t<\/picture>\n\t\t<div class=\"post-featured-content\"><a href=\"https:\/\/elfuerte.cl\/web\/2026\/04\/27\/intercambio-de-semillas-y-experiencias-conecta-comunidades-del-pais-en-torno-a-la-restauracion-del-bosque-nativo-en-los-rios\/\">\t\t<picture>\n\t\t\t\t\t\t\t\t\t\t\t\t\t\t\t\t\t<source srcset=\"https:\/\/elfuerte.cl\/web\/wp-content\/uploads\/2026\/04\/portada-2026-04-27T102238.493-thegem-product-justified-square-xl.jpg 1x\"   sizes=\"100vw\">\n\t\t\t\t\t\t\t<img src=\"https:\/\/elfuerte.cl\/web\/wp-content\/uploads\/2026\/04\/portada-2026-04-27T102238.493-thegem-product-justified-square-xl.jpg\" width=\"700\" height=\"674\"  class=\"img-responsive\" alt=\"portada - 2026-04-27T102238.493\" \/>\n\t\t<\/picture>\n\t\t<\/a><\/div>\t\t\t\t\t\t<\/div>\r\n\r\n\t\t\t\t\t\t\t\t\t\t\t\t\t<div class=\"overlay\">\r\n\t\t\t\t\t\t\t\t<div class=\"overlay-circle\"><\/div>\r\n\r\n\t\t\t\t\t\t\t\t<div class=\"links-wrapper\">\r\n\t\t\t\t\t\t\t\t\t<div class=\"links\">\r\n\t\t\t\t\t\t\t\t\t\t<div class=\"caption\">\r\n\t\t\t\t\t\t\t\t\t\t\t<a href=\"https:\/\/elfuerte.cl\/web\/2026\/04\/27\/intercambio-de-semillas-y-experiencias-conecta-comunidades-del-pais-en-torno-a-la-restauracion-del-bosque-nativo-en-los-rios\/\" class=\"portfolio-item-link\">\r\n\t\t\t\t\t\t\t\t\t\t\t\t<span class=\"screen-reader-text\">Intercambio de semillas y experiencias conecta comunidades del pa\u00eds en torno a la restauraci\u00f3n del bosque nativo en Los R\u00edos<\/span>\r\n\t\t\t\t\t\t\t\t\t\t\t<\/a>\r\n\r\n\t\t\t\t\t\t\t\t\t\t\t\t\t\t\t\t\t\t\t\t\t\t\t\r\n\t\t\t\t\t\t\t\t\t\t\t\t\t\t\t\t\t\t\t\t\t\t\t\r\n\t\t\t\t\t\t\t\t\t\t\t\r\n\t\t\t\t\t\t\t\t\t\t\t\t\t\t\t\t\t\t\t\t\t\t\t<div class=\"slide-content\">\r\n\t\t\t\t\t\t\t\t\t\t\t\t\t<div class=\"slide-content-visible\">\r\n\t\t\t\t\t\t\t\t\t\t\t\t\t\t\r\n\t\t\t\t\t\t\t\t\t\t\t\t\t\t\r\n\t\t\t\t\t\t\t\t\t\t\t\t\t\t\t\t\t\t\t\t\t\t\t\t\t\t\t\t\t\t\t\t\t\t\t\t\t\t\t\t\t\t\t\r\n\t\t\t\t\t\t\t\t\t\t\t\t\t\t\t\t\t\t\t\t\t\t\t\t\t\t\t\t\t<div class=\"title\">\r\n\t\t\t\t\t\t\t\t\t\t\t\t\t\t\t\t<span class=\"title-h5 \">Intercambio de semillas y experiencias conecta comunidades del pa\u00eds en torno a la restauraci\u00f3n del bosque nativo en Los R\u00edos<\/span>\t\t\t\t\t\t\t\t\t\t\t\t\t\t\t<\/div>\r\n\t\t\t\t\t\t\t\t\t\t\t\t\t\t\r\n\t\t\t\t\t\t\t\t\t\t\t\t\t\t\r\n\t\t\t\t\t\t\t\t\t\t\t\t\t\t\t\t\t\t\t\t\t\t\t\t\t\t\t<\/div>\r\n\r\n\t\t\t\t\t\t\t\t\t\t\t\t\t<div class=\"slide-content-hidden\">\r\n\t\t\t\t\t\t\t\t\t\t\t\t\t\t\r\n\t\t\t\t\t\t\t\t\t\t\t\t\t\t\r\n\t\t\t\t\t\t\t\t\t\t\t\t\t\t\t\t\t\t\t\t\t\t\t\t\t\t\t\t\t\t\t\t\t\t\t\t\t\t\t\t\t\t\t\r\n\t\t\t\t\t\t\t\t\t\t\t\t\t\t\t\t\t\t\t<div class=\"info\">\n\t\t\t\t<a class=\"additional-meta\" data-filter-type=\"taxonomies\" data-attr=\"category\" data-filter=\"actualidad\">Actualidad<\/a><span class=\"sep\"><\/span> <a class=\"additional-meta\" data-filter-type=\"taxonomies\" data-attr=\"category\" data-filter=\"destacados\">Destacados<\/a>\t\t\t\t\t<\/div>\n\t\t\t\t\r\n\t\t\t\t\t\t\t\t\t\t\t\t\t\t\t\t\t\t\t\t\t\t\t\t\t\t\t\t\t<div class=\"description\">\r\n\t\t\t\t\t\t\t\t\t\t\t\t\t\t\t\t<div class=\"subtitle\">\r\n\t\t\t\t\t\t\t\t\t\t\t\t\t\t\t\t\t<span class=\"text-body\"><p>Actividad reuni\u00f3 a organizaciones desde la zona central al sur en jornadas realizadas en La Uni\u00f3n y Valdivia, con foco en educaci\u00f3n ambiental y trabajo comunitario.<\/p>\n<\/span>\r\n\t\t\t\t\t\t\t\t\t\t\t\t\t\t\t\t<\/div>\r\n\t\t\t\t\t\t\t\t\t\t\t\t\t\t\t<\/div>\r\n\t\t\t\t\t\t\t\t\t\t\t\t\t\t\r\n\t\t\t\t\t\t\t\t\t\t\t\t\t\t\r\n\t\t\t\t\t\t\t\t\t\t\t\t\t\t\r\n\t\t\t\t\t\t\t\t\t\t\t\t\t\t\t\t\t\t\t\t\t\t\t\t\t\t\t\t\t\n\t\t<div class=\"grid-post-meta clearfix \">\n\t\t\t<div class=\"grid-post-meta-inner\">\n\t\t\t\t\t\t\t\t\t<div class=\"grid-post-share\">\n\t\t\t\t\t\t<a href=\"javascript: void(0);\" class=\"icon share\">\n\t\t\t\t\t\t\t\t\t\t\t\t\t\t\t<i class=\"default\"><\/i>\n\t\t\t\t\t\t\t\t\t\t\t\t\t<\/a>\n\t\t\t\t\t<\/div>\n\t\t\t\t\n\t\t\t\t<div class=\"grid-post-meta-comments-likes\">\n\t\t\t\t\t\n\t\t\t\t\t<span class=\"post-meta-likes\">\t\t\t\t\t\t\t<i class=\"default\"><\/i>\n\t\t\t\t\t\t<a href=\"#\" class=\"zilla-likes\" id=\"zilla-likes-6265\" title=\"Like this\"><span class=\"zilla-likes-count\">0<\/span> <span class=\"zilla-likes-postfix\"><\/span><\/a><\/span>\t\t\t\t<\/div>\n\n\t\t\t\t\t\t\t\t\t<div class=\"portfolio-sharing-pane\">\r\n<div class=\"socials-sharing socials socials-colored-hover \">\r\n\t        <a class=\"socials-item\" target=\"_blank\"\r\n           href=\"https:\/\/www.facebook.com\/sharer\/sharer.php?u=https%3A%2F%2Felfuerte.cl%2Fweb%2F2026%2F04%2F27%2Fintercambio-de-semillas-y-experiencias-conecta-comunidades-del-pais-en-torno-a-la-restauracion-del-bosque-nativo-en-los-rios%2F\"\r\n           title=\"Facebook\"><i class=\"socials-item-icon facebook\"><\/i><\/a>\r\n\t\t        <a class=\"socials-item\" target=\"_blank\"\r\n           href=\"https:\/\/twitter.com\/intent\/tweet?text=Intercambio+de+semillas+y+experiencias+conecta+comunidades+del+pa%C3%ADs+en+torno+a+la+restauraci%C3%B3n+del+bosque+nativo+en+Los+R%C3%ADos&#038;url=https%3A%2F%2Felfuerte.cl%2Fweb%2F2026%2F04%2F27%2Fintercambio-de-semillas-y-experiencias-conecta-comunidades-del-pais-en-torno-a-la-restauracion-del-bosque-nativo-en-los-rios%2F\"\r\n           title=\"Twitter\"><i class=\"socials-item-icon twitter\"><\/i><\/a>\r\n\t\t        <a class=\"socials-item\" target=\"_blank\"\r\n           href=\"https:\/\/pinterest.com\/pin\/create\/button\/?url=https%3A%2F%2Felfuerte.cl%2Fweb%2F2026%2F04%2F27%2Fintercambio-de-semillas-y-experiencias-conecta-comunidades-del-pais-en-torno-a-la-restauracion-del-bosque-nativo-en-los-rios%2F&#038;description=Intercambio+de+semillas+y+experiencias+conecta+comunidades+del+pa%C3%ADs+en+torno+a+la+restauraci%C3%B3n+del+bosque+nativo+en+Los+R%C3%ADos&#038;media=https%3A%2F%2Felfuerte.cl%2Fweb%2Fwp-content%2Fuploads%2F2026%2F04%2Fportada-2026-04-27T102238.493-thegem-blog-timeline-large.jpg\"\r\n           title=\"Pinterest\"><i class=\"socials-item-icon pinterest\"><\/i><\/a>\r\n\t\t        <a class=\"socials-item\" target=\"_blank\"\r\n           href=\"http:\/\/tumblr.com\/widgets\/share\/tool?canonicalUrl=https%3A%2F%2Felfuerte.cl%2Fweb%2F2026%2F04%2F27%2Fintercambio-de-semillas-y-experiencias-conecta-comunidades-del-pais-en-torno-a-la-restauracion-del-bosque-nativo-en-los-rios%2F\"\r\n           title=\"Tumblr\"><i class=\"socials-item-icon tumblr\"><\/i><\/a>\r\n\t\t        <a class=\"socials-item\" target=\"_blank\"\r\n           href=\"https:\/\/www.linkedin.com\/shareArticle?mini=true&#038;url=https%3A%2F%2Felfuerte.cl%2Fweb%2F2026%2F04%2F27%2Fintercambio-de-semillas-y-experiencias-conecta-comunidades-del-pais-en-torno-a-la-restauracion-del-bosque-nativo-en-los-rios%2F&#038;title=Intercambio+de+semillas+y+experiencias+conecta+comunidades+del+pa%C3%ADs+en+torno+a+la+restauraci%C3%B3n+del+bosque+nativo+en+Los+R%C3%ADos&amp;summary=Actividad+reuni%C3%B3+a+organizaciones+desde+la+zona+central+al+sur+en+jornadas+realizadas+en+La+Uni%C3%B3n+y+Valdivia%2C+con+foco+en+educaci%C3%B3n+ambiental+y+trabajo+comunitario.\"\r\n           title=\"LinkedIn\"><i class=\"socials-item-icon linkedin\"><\/i><\/a>\r\n\t\t        <a class=\"socials-item\" target=\"_blank\"\r\n           href=\"https:\/\/www.reddit.com\/submit?url=https%3A%2F%2Felfuerte.cl%2Fweb%2F2026%2F04%2F27%2Fintercambio-de-semillas-y-experiencias-conecta-comunidades-del-pais-en-torno-a-la-restauracion-del-bosque-nativo-en-los-rios%2F&#038;title=Intercambio+de+semillas+y+experiencias+conecta+comunidades+del+pa%C3%ADs+en+torno+a+la+restauraci%C3%B3n+del+bosque+nativo+en+Los+R%C3%ADos\"\r\n           title=\"Reddit\"><i class=\"socials-item-icon reddit\"><\/i><\/a>\r\n\t<\/div>\r\n<\/div>\n\t\t\t\t\t\t\t<\/div>\n\t\t<\/div>\n\n\t\t\t\t\t\t\t\t\t\t\t\t\t\t\t\t\t\t\t\t\t\t\t\t\t\t\t\t\t<\/div>\r\n\t\t\t\t\t\t\t\t\t\t\t\t<\/div>\r\n\r\n\t\t\t\t\t\t\t\t\t\t\t\t\r\n\t\t\t\t\t\t\t\t\t\t\t\t\r\n\t\t\t\t\t\t\t\t\t\t\t\t\t\t\t\t\t\t\t\t\t\t\t\t\t<div class=\"post-date\">27\/04\/2026<\/div>\r\n\t\t\t\t\t\t\t\t\t\t\t\t\r\n\t\t\t\t\t\t\t\t\t\t\t\t\t\t\t\t\t\t\t\t\t<\/div>\r\n\t\t\t\t\t\t\t\t\t<\/div>\r\n\t\t\t\t\t\t\t\t<\/div>\r\n\t\t\t\t\t\t\t<\/div>\r\n\t\t\t\t\t\t\t\t\t\t\t<\/div>\r\n\t\t\t\t\r\n\t\t\t\t\t\t\t<\/div>\r\n\t\t\t\t<\/div>\r\n\t<div class=\"portfolio-item actualidad destacados col-xs-12 col-sm-6 col-md-6 bigger item-animations-not-inited before-start post-has-author appearance-type- post-6250 post type-post status-publish format-standard has-post-thumbnail category-actualidad category-destacados tag-biobio tag-biodiversidad tag-participacion-ciudadana tag-talleres\" style=\"padding: calc(42px\/2)\" data-default-sort=\"1\" data-sort-date=\"1777205464\">\r\n\t\t\t\t\t\r\n\t\t\t<div class=\"wrap clearfix\">\r\n\t\t\t\t\t\t\t\t\t\t\t\t\t<div class=\"image post-6250 post type-post status-publish format-standard has-post-thumbnail category-actualidad category-destacados tag-biobio tag-biodiversidad tag-participacion-ciudadana tag-talleres\">\r\n\t\t\t\t\t\t<div class=\"image-inner \">\r\n\r\n\t\t\t\t\t\t\t\t\t<picture>\n\t\t\t\t\t\t<img src=\"https:\/\/elfuerte.cl\/web\/wp-content\/uploads\/2026\/04\/transparent-thegem-product-justified-square-xl.png\" width=\"700\" height=\"700\"  class=\"attachment-thegem-product-justified-square-xl\" alt=\"Biob\u00edo inicia talleres para definir prioridades de conservaci\u00f3n  en medio de debate sobre continuidad de pol\u00edticas ambientales\" style=\"max-width: 110%\" \/>\n\t\t<\/picture>\n\t\t<div class=\"post-featured-content\"><a href=\"https:\/\/elfuerte.cl\/web\/2026\/04\/26\/biobio-inicia-talleres-para-definir-prioridades-de-conservacion-en-medio-de-debate-sobre-continuidad-de-politicas-ambientales\/\">\t\t<picture>\n\t\t\t\t\t\t\t\t\t\t\t\t\t\t\t\t\t<source srcset=\"https:\/\/elfuerte.cl\/web\/wp-content\/uploads\/2026\/04\/portada-2026-04-26T120829.199-thegem-product-justified-square-xl.jpg 1x\"   sizes=\"100vw\">\n\t\t\t\t\t\t\t<img src=\"https:\/\/elfuerte.cl\/web\/wp-content\/uploads\/2026\/04\/portada-2026-04-26T120829.199-thegem-product-justified-square-xl.jpg\" width=\"700\" height=\"674\"  class=\"img-responsive\" alt=\"portada - 2026-04-26T120829.199\" \/>\n\t\t<\/picture>\n\t\t<\/a><\/div>\t\t\t\t\t\t<\/div>\r\n\r\n\t\t\t\t\t\t\t\t\t\t\t\t\t<div class=\"overlay\">\r\n\t\t\t\t\t\t\t\t<div class=\"overlay-circle\"><\/div>\r\n\r\n\t\t\t\t\t\t\t\t<div class=\"links-wrapper\">\r\n\t\t\t\t\t\t\t\t\t<div class=\"links\">\r\n\t\t\t\t\t\t\t\t\t\t<div class=\"caption\">\r\n\t\t\t\t\t\t\t\t\t\t\t<a href=\"https:\/\/elfuerte.cl\/web\/2026\/04\/26\/biobio-inicia-talleres-para-definir-prioridades-de-conservacion-en-medio-de-debate-sobre-continuidad-de-politicas-ambientales\/\" class=\"portfolio-item-link\">\r\n\t\t\t\t\t\t\t\t\t\t\t\t<span class=\"screen-reader-text\">Biob\u00edo inicia talleres para definir prioridades de conservaci\u00f3n  en medio de debate sobre continuidad de pol\u00edticas ambientales<\/span>\r\n\t\t\t\t\t\t\t\t\t\t\t<\/a>\r\n\r\n\t\t\t\t\t\t\t\t\t\t\t\t\t\t\t\t\t\t\t\t\t\t\t\r\n\t\t\t\t\t\t\t\t\t\t\t\t\t\t\t\t\t\t\t\t\t\t\t\r\n\t\t\t\t\t\t\t\t\t\t\t\r\n\t\t\t\t\t\t\t\t\t\t\t\t\t\t\t\t\t\t\t\t\t\t\t<div class=\"slide-content\">\r\n\t\t\t\t\t\t\t\t\t\t\t\t\t<div class=\"slide-content-visible\">\r\n\t\t\t\t\t\t\t\t\t\t\t\t\t\t\r\n\t\t\t\t\t\t\t\t\t\t\t\t\t\t\r\n\t\t\t\t\t\t\t\t\t\t\t\t\t\t\t\t\t\t\t\t\t\t\t\t\t\t\t\t\t\t\t\t\t\t\t\t\t\t\t\t\t\t\t\r\n\t\t\t\t\t\t\t\t\t\t\t\t\t\t\t\t\t\t\t\t\t\t\t\t\t\t\t\t\t<div class=\"title\">\r\n\t\t\t\t\t\t\t\t\t\t\t\t\t\t\t\t<span class=\"title-h5 \">Biob\u00edo inicia talleres para definir prioridades de conservaci\u00f3n  en medio de debate sobre continuidad de pol\u00edticas ambientales<\/span>\t\t\t\t\t\t\t\t\t\t\t\t\t\t\t<\/div>\r\n\t\t\t\t\t\t\t\t\t\t\t\t\t\t\r\n\t\t\t\t\t\t\t\t\t\t\t\t\t\t\r\n\t\t\t\t\t\t\t\t\t\t\t\t\t\t\t\t\t\t\t\t\t\t\t\t\t\t\t<\/div>\r\n\r\n\t\t\t\t\t\t\t\t\t\t\t\t\t<div class=\"slide-content-hidden\">\r\n\t\t\t\t\t\t\t\t\t\t\t\t\t\t\r\n\t\t\t\t\t\t\t\t\t\t\t\t\t\t\r\n\t\t\t\t\t\t\t\t\t\t\t\t\t\t\t\t\t\t\t\t\t\t\t\t\t\t\t\t\t\t\t\t\t\t\t\t\t\t\t\t\t\t\t\r\n\t\t\t\t\t\t\t\t\t\t\t\t\t\t\t\t\t\t\t<div class=\"info\">\n\t\t\t\t<a class=\"additional-meta\" data-filter-type=\"taxonomies\" data-attr=\"category\" data-filter=\"actualidad\">Actualidad<\/a><span class=\"sep\"><\/span> <a class=\"additional-meta\" data-filter-type=\"taxonomies\" data-attr=\"category\" data-filter=\"destacados\">Destacados<\/a>\t\t\t\t\t<\/div>\n\t\t\t\t\r\n\t\t\t\t\t\t\t\t\t\t\t\t\t\t\t\t\t\t\t\t\t\t\t\t\t\t\t\t\t<div class=\"description\">\r\n\t\t\t\t\t\t\t\t\t\t\t\t\t\t\t\t<div class=\"subtitle\">\r\n\t\t\t\t\t\t\t\t\t\t\t\t\t\t\t\t\t<span class=\"text-body\"><p>Proceso participativo busca recoger visiones locales para orientar la protecci\u00f3n de la biodiversidad, en un escenario marcado por incertidumbre presupuestaria.<\/p>\n<\/span>\r\n\t\t\t\t\t\t\t\t\t\t\t\t\t\t\t\t<\/div>\r\n\t\t\t\t\t\t\t\t\t\t\t\t\t\t\t<\/div>\r\n\t\t\t\t\t\t\t\t\t\t\t\t\t\t\r\n\t\t\t\t\t\t\t\t\t\t\t\t\t\t\r\n\t\t\t\t\t\t\t\t\t\t\t\t\t\t\r\n\t\t\t\t\t\t\t\t\t\t\t\t\t\t\t\t\t\t\t\t\t\t\t\t\t\t\t\t\t\n\t\t<div class=\"grid-post-meta clearfix \">\n\t\t\t<div class=\"grid-post-meta-inner\">\n\t\t\t\t\t\t\t\t\t<div class=\"grid-post-share\">\n\t\t\t\t\t\t<a href=\"javascript: void(0);\" class=\"icon share\">\n\t\t\t\t\t\t\t\t\t\t\t\t\t\t\t<i class=\"default\"><\/i>\n\t\t\t\t\t\t\t\t\t\t\t\t\t<\/a>\n\t\t\t\t\t<\/div>\n\t\t\t\t\n\t\t\t\t<div class=\"grid-post-meta-comments-likes\">\n\t\t\t\t\t\n\t\t\t\t\t<span class=\"post-meta-likes\">\t\t\t\t\t\t\t<i class=\"default\"><\/i>\n\t\t\t\t\t\t<a href=\"#\" class=\"zilla-likes\" id=\"zilla-likes-6250\" title=\"Like this\"><span class=\"zilla-likes-count\">0<\/span> <span class=\"zilla-likes-postfix\"><\/span><\/a><\/span>\t\t\t\t<\/div>\n\n\t\t\t\t\t\t\t\t\t<div class=\"portfolio-sharing-pane\">\r\n<div class=\"socials-sharing socials socials-colored-hover \">\r\n\t        <a class=\"socials-item\" target=\"_blank\"\r\n           href=\"https:\/\/www.facebook.com\/sharer\/sharer.php?u=https%3A%2F%2Felfuerte.cl%2Fweb%2F2026%2F04%2F26%2Fbiobio-inicia-talleres-para-definir-prioridades-de-conservacion-en-medio-de-debate-sobre-continuidad-de-politicas-ambientales%2F\"\r\n           title=\"Facebook\"><i class=\"socials-item-icon facebook\"><\/i><\/a>\r\n\t\t        <a class=\"socials-item\" target=\"_blank\"\r\n           href=\"https:\/\/twitter.com\/intent\/tweet?text=Biob%C3%ADo+inicia+talleres+para+definir+prioridades+de+conservaci%C3%B3n++en+medio+de+debate+sobre+continuidad+de+pol%C3%ADticas+ambientales&#038;url=https%3A%2F%2Felfuerte.cl%2Fweb%2F2026%2F04%2F26%2Fbiobio-inicia-talleres-para-definir-prioridades-de-conservacion-en-medio-de-debate-sobre-continuidad-de-politicas-ambientales%2F\"\r\n           title=\"Twitter\"><i class=\"socials-item-icon twitter\"><\/i><\/a>\r\n\t\t        <a class=\"socials-item\" target=\"_blank\"\r\n           href=\"https:\/\/pinterest.com\/pin\/create\/button\/?url=https%3A%2F%2Felfuerte.cl%2Fweb%2F2026%2F04%2F26%2Fbiobio-inicia-talleres-para-definir-prioridades-de-conservacion-en-medio-de-debate-sobre-continuidad-de-politicas-ambientales%2F&#038;description=Biob%C3%ADo+inicia+talleres+para+definir+prioridades+de+conservaci%C3%B3n++en+medio+de+debate+sobre+continuidad+de+pol%C3%ADticas+ambientales&#038;media=https%3A%2F%2Felfuerte.cl%2Fweb%2Fwp-content%2Fuploads%2F2026%2F04%2Fportada-2026-04-26T120829.199-thegem-blog-timeline-large.jpg\"\r\n           title=\"Pinterest\"><i class=\"socials-item-icon pinterest\"><\/i><\/a>\r\n\t\t        <a class=\"socials-item\" target=\"_blank\"\r\n           href=\"http:\/\/tumblr.com\/widgets\/share\/tool?canonicalUrl=https%3A%2F%2Felfuerte.cl%2Fweb%2F2026%2F04%2F26%2Fbiobio-inicia-talleres-para-definir-prioridades-de-conservacion-en-medio-de-debate-sobre-continuidad-de-politicas-ambientales%2F\"\r\n           title=\"Tumblr\"><i class=\"socials-item-icon tumblr\"><\/i><\/a>\r\n\t\t        <a class=\"socials-item\" target=\"_blank\"\r\n           href=\"https:\/\/www.linkedin.com\/shareArticle?mini=true&#038;url=https%3A%2F%2Felfuerte.cl%2Fweb%2F2026%2F04%2F26%2Fbiobio-inicia-talleres-para-definir-prioridades-de-conservacion-en-medio-de-debate-sobre-continuidad-de-politicas-ambientales%2F&#038;title=Biob%C3%ADo+inicia+talleres+para+definir+prioridades+de+conservaci%C3%B3n++en+medio+de+debate+sobre+continuidad+de+pol%C3%ADticas+ambientales&amp;summary=Proceso+participativo+busca+recoger+visiones+locales+para+orientar+la+protecci%C3%B3n+de+la+biodiversidad%2C+en+un+escenario+marcado+por+incertidumbre+presupuestaria.\"\r\n           title=\"LinkedIn\"><i class=\"socials-item-icon linkedin\"><\/i><\/a>\r\n\t\t        <a class=\"socials-item\" target=\"_blank\"\r\n           href=\"https:\/\/www.reddit.com\/submit?url=https%3A%2F%2Felfuerte.cl%2Fweb%2F2026%2F04%2F26%2Fbiobio-inicia-talleres-para-definir-prioridades-de-conservacion-en-medio-de-debate-sobre-continuidad-de-politicas-ambientales%2F&#038;title=Biob%C3%ADo+inicia+talleres+para+definir+prioridades+de+conservaci%C3%B3n++en+medio+de+debate+sobre+continuidad+de+pol%C3%ADticas+ambientales\"\r\n           title=\"Reddit\"><i class=\"socials-item-icon reddit\"><\/i><\/a>\r\n\t<\/div>\r\n<\/div>\n\t\t\t\t\t\t\t<\/div>\n\t\t<\/div>\n\n\t\t\t\t\t\t\t\t\t\t\t\t\t\t\t\t\t\t\t\t\t\t\t\t\t\t\t\t\t<\/div>\r\n\t\t\t\t\t\t\t\t\t\t\t\t<\/div>\r\n\r\n\t\t\t\t\t\t\t\t\t\t\t\t\r\n\t\t\t\t\t\t\t\t\t\t\t\t\r\n\t\t\t\t\t\t\t\t\t\t\t\t\t\t\t\t\t\t\t\t\t\t\t\t\t<div class=\"post-date\">26\/04\/2026<\/div>\r\n\t\t\t\t\t\t\t\t\t\t\t\t\r\n\t\t\t\t\t\t\t\t\t\t\t\t\t\t\t\t\t\t\t\t\t<\/div>\r\n\t\t\t\t\t\t\t\t\t<\/div>\r\n\t\t\t\t\t\t\t\t<\/div>\r\n\t\t\t\t\t\t\t<\/div>\r\n\t\t\t\t\t\t\t\t\t\t\t<\/div>\r\n\t\t\t\t\r\n\t\t\t\t\t\t\t<\/div>\r\n\t\t\t\t<\/div>\r\n\t<div class=\"portfolio-item actualidad destacados col-xs-12 col-sm-6 col-md-6 bigger item-animations-not-inited before-start post-has-author appearance-type- post-6244 post type-post status-publish format-standard has-post-thumbnail category-actualidad category-destacados tag-encuentro tag-frutillar tag-musica tag-unesco\" style=\"padding: calc(42px\/2)\" data-default-sort=\"1\" data-sort-date=\"1777204289\">\r\n\t\t\t\t\t\r\n\t\t\t<div class=\"wrap clearfix\">\r\n\t\t\t\t\t\t\t\t\t\t\t\t\t<div class=\"image post-6244 post type-post status-publish format-standard has-post-thumbnail category-actualidad category-destacados tag-encuentro tag-frutillar tag-musica tag-unesco\">\r\n\t\t\t\t\t\t<div class=\"image-inner \">\r\n\r\n\t\t\t\t\t\t\t\t\t<picture>\n\t\t\t\t\t\t<img src=\"https:\/\/elfuerte.cl\/web\/wp-content\/uploads\/2026\/04\/transparent-thegem-product-justified-square-xl.png\" width=\"700\" height=\"700\"  class=\"attachment-thegem-product-justified-square-xl\" alt=\"Frutillar re\u00fane a ciudades creativas de la m\u00fasica para avanzar en gesti\u00f3n cultural y econom\u00eda nocturna\" style=\"max-width: 110%\" \/>\n\t\t<\/picture>\n\t\t<div class=\"post-featured-content\"><a href=\"https:\/\/elfuerte.cl\/web\/2026\/04\/26\/frutillar-reune-a-ciudades-creativas-de-la-musica-para-avanzar-en-gestion-cultural-y-economia-nocturna\/\">\t\t<picture>\n\t\t\t\t\t\t\t\t\t\t\t\t\t\t\t\t\t<source srcset=\"https:\/\/elfuerte.cl\/web\/wp-content\/uploads\/2026\/04\/portada-2026-04-26T114813.522-thegem-product-justified-square-xl.jpg 1x\"   sizes=\"100vw\">\n\t\t\t\t\t\t\t<img src=\"https:\/\/elfuerte.cl\/web\/wp-content\/uploads\/2026\/04\/portada-2026-04-26T114813.522-thegem-product-justified-square-xl.jpg\" width=\"700\" height=\"674\"  class=\"img-responsive\" alt=\"portada - 2026-04-26T114813.522\" \/>\n\t\t<\/picture>\n\t\t<\/a><\/div>\t\t\t\t\t\t<\/div>\r\n\r\n\t\t\t\t\t\t\t\t\t\t\t\t\t<div class=\"overlay\">\r\n\t\t\t\t\t\t\t\t<div class=\"overlay-circle\"><\/div>\r\n\r\n\t\t\t\t\t\t\t\t<div class=\"links-wrapper\">\r\n\t\t\t\t\t\t\t\t\t<div class=\"links\">\r\n\t\t\t\t\t\t\t\t\t\t<div class=\"caption\">\r\n\t\t\t\t\t\t\t\t\t\t\t<a href=\"https:\/\/elfuerte.cl\/web\/2026\/04\/26\/frutillar-reune-a-ciudades-creativas-de-la-musica-para-avanzar-en-gestion-cultural-y-economia-nocturna\/\" class=\"portfolio-item-link\">\r\n\t\t\t\t\t\t\t\t\t\t\t\t<span class=\"screen-reader-text\">Frutillar re\u00fane a ciudades creativas de la m\u00fasica para avanzar en gesti\u00f3n cultural y econom\u00eda nocturna<\/span>\r\n\t\t\t\t\t\t\t\t\t\t\t<\/a>\r\n\r\n\t\t\t\t\t\t\t\t\t\t\t\t\t\t\t\t\t\t\t\t\t\t\t\r\n\t\t\t\t\t\t\t\t\t\t\t\t\t\t\t\t\t\t\t\t\t\t\t\r\n\t\t\t\t\t\t\t\t\t\t\t\r\n\t\t\t\t\t\t\t\t\t\t\t\t\t\t\t\t\t\t\t\t\t\t\t<div class=\"slide-content\">\r\n\t\t\t\t\t\t\t\t\t\t\t\t\t<div class=\"slide-content-visible\">\r\n\t\t\t\t\t\t\t\t\t\t\t\t\t\t\r\n\t\t\t\t\t\t\t\t\t\t\t\t\t\t\r\n\t\t\t\t\t\t\t\t\t\t\t\t\t\t\t\t\t\t\t\t\t\t\t\t\t\t\t\t\t\t\t\t\t\t\t\t\t\t\t\t\t\t\t\r\n\t\t\t\t\t\t\t\t\t\t\t\t\t\t\t\t\t\t\t\t\t\t\t\t\t\t\t\t\t<div class=\"title\">\r\n\t\t\t\t\t\t\t\t\t\t\t\t\t\t\t\t<span class=\"title-h5 \">Frutillar re\u00fane a ciudades creativas de la m\u00fasica para avanzar en gesti\u00f3n cultural y econom\u00eda nocturna<\/span>\t\t\t\t\t\t\t\t\t\t\t\t\t\t\t<\/div>\r\n\t\t\t\t\t\t\t\t\t\t\t\t\t\t\r\n\t\t\t\t\t\t\t\t\t\t\t\t\t\t\r\n\t\t\t\t\t\t\t\t\t\t\t\t\t\t\t\t\t\t\t\t\t\t\t\t\t\t\t<\/div>\r\n\r\n\t\t\t\t\t\t\t\t\t\t\t\t\t<div class=\"slide-content-hidden\">\r\n\t\t\t\t\t\t\t\t\t\t\t\t\t\t\r\n\t\t\t\t\t\t\t\t\t\t\t\t\t\t\r\n\t\t\t\t\t\t\t\t\t\t\t\t\t\t\t\t\t\t\t\t\t\t\t\t\t\t\t\t\t\t\t\t\t\t\t\t\t\t\t\t\t\t\t\r\n\t\t\t\t\t\t\t\t\t\t\t\t\t\t\t\t\t\t\t<div class=\"info\">\n\t\t\t\t<a class=\"additional-meta\" data-filter-type=\"taxonomies\" data-attr=\"category\" data-filter=\"actualidad\">Actualidad<\/a><span class=\"sep\"><\/span> <a class=\"additional-meta\" data-filter-type=\"taxonomies\" data-attr=\"category\" data-filter=\"destacados\">Destacados<\/a>\t\t\t\t\t<\/div>\n\t\t\t\t\r\n\t\t\t\t\t\t\t\t\t\t\t\t\t\t\t\t\t\t\t\t\t\t\t\t\t\t\t\t\t<div class=\"description\">\r\n\t\t\t\t\t\t\t\t\t\t\t\t\t\t\t\t<div class=\"subtitle\">\r\n\t\t\t\t\t\t\t\t\t\t\t\t\t\t\t\t\t<span class=\"text-body\"><p>Encuentro intermunicipal convoc\u00f3 a representantes de Valpara\u00edso y Concepci\u00f3n en una instancia que busca fortalecer el desarrollo cultural y productivo desde los territorios.<\/p>\n<\/span>\r\n\t\t\t\t\t\t\t\t\t\t\t\t\t\t\t\t<\/div>\r\n\t\t\t\t\t\t\t\t\t\t\t\t\t\t\t<\/div>\r\n\t\t\t\t\t\t\t\t\t\t\t\t\t\t\r\n\t\t\t\t\t\t\t\t\t\t\t\t\t\t\r\n\t\t\t\t\t\t\t\t\t\t\t\t\t\t\r\n\t\t\t\t\t\t\t\t\t\t\t\t\t\t\t\t\t\t\t\t\t\t\t\t\t\t\t\t\t\n\t\t<div class=\"grid-post-meta clearfix \">\n\t\t\t<div class=\"grid-post-meta-inner\">\n\t\t\t\t\t\t\t\t\t<div class=\"grid-post-share\">\n\t\t\t\t\t\t<a href=\"javascript: void(0);\" class=\"icon share\">\n\t\t\t\t\t\t\t\t\t\t\t\t\t\t\t<i class=\"default\"><\/i>\n\t\t\t\t\t\t\t\t\t\t\t\t\t<\/a>\n\t\t\t\t\t<\/div>\n\t\t\t\t\n\t\t\t\t<div class=\"grid-post-meta-comments-likes\">\n\t\t\t\t\t\n\t\t\t\t\t<span class=\"post-meta-likes\">\t\t\t\t\t\t\t<i class=\"default\"><\/i>\n\t\t\t\t\t\t<a href=\"#\" class=\"zilla-likes\" id=\"zilla-likes-6244\" title=\"Like this\"><span class=\"zilla-likes-count\">0<\/span> <span class=\"zilla-likes-postfix\"><\/span><\/a><\/span>\t\t\t\t<\/div>\n\n\t\t\t\t\t\t\t\t\t<div class=\"portfolio-sharing-pane\">\r\n<div class=\"socials-sharing socials socials-colored-hover \">\r\n\t        <a class=\"socials-item\" target=\"_blank\"\r\n           href=\"https:\/\/www.facebook.com\/sharer\/sharer.php?u=https%3A%2F%2Felfuerte.cl%2Fweb%2F2026%2F04%2F26%2Ffrutillar-reune-a-ciudades-creativas-de-la-musica-para-avanzar-en-gestion-cultural-y-economia-nocturna%2F\"\r\n           title=\"Facebook\"><i class=\"socials-item-icon facebook\"><\/i><\/a>\r\n\t\t        <a class=\"socials-item\" target=\"_blank\"\r\n           href=\"https:\/\/twitter.com\/intent\/tweet?text=Frutillar+re%C3%BAne+a+ciudades+creativas+de+la+m%C3%BAsica+para+avanzar+en+gesti%C3%B3n+cultural+y+econom%C3%ADa+nocturna&#038;url=https%3A%2F%2Felfuerte.cl%2Fweb%2F2026%2F04%2F26%2Ffrutillar-reune-a-ciudades-creativas-de-la-musica-para-avanzar-en-gestion-cultural-y-economia-nocturna%2F\"\r\n           title=\"Twitter\"><i class=\"socials-item-icon twitter\"><\/i><\/a>\r\n\t\t        <a class=\"socials-item\" target=\"_blank\"\r\n           href=\"https:\/\/pinterest.com\/pin\/create\/button\/?url=https%3A%2F%2Felfuerte.cl%2Fweb%2F2026%2F04%2F26%2Ffrutillar-reune-a-ciudades-creativas-de-la-musica-para-avanzar-en-gestion-cultural-y-economia-nocturna%2F&#038;description=Frutillar+re%C3%BAne+a+ciudades+creativas+de+la+m%C3%BAsica+para+avanzar+en+gesti%C3%B3n+cultural+y+econom%C3%ADa+nocturna&#038;media=https%3A%2F%2Felfuerte.cl%2Fweb%2Fwp-content%2Fuploads%2F2026%2F04%2Fportada-2026-04-26T114813.522-thegem-blog-timeline-large.jpg\"\r\n           title=\"Pinterest\"><i class=\"socials-item-icon pinterest\"><\/i><\/a>\r\n\t\t        <a class=\"socials-item\" target=\"_blank\"\r\n           href=\"http:\/\/tumblr.com\/widgets\/share\/tool?canonicalUrl=https%3A%2F%2Felfuerte.cl%2Fweb%2F2026%2F04%2F26%2Ffrutillar-reune-a-ciudades-creativas-de-la-musica-para-avanzar-en-gestion-cultural-y-economia-nocturna%2F\"\r\n           title=\"Tumblr\"><i class=\"socials-item-icon tumblr\"><\/i><\/a>\r\n\t\t        <a class=\"socials-item\" target=\"_blank\"\r\n           href=\"https:\/\/www.linkedin.com\/shareArticle?mini=true&#038;url=https%3A%2F%2Felfuerte.cl%2Fweb%2F2026%2F04%2F26%2Ffrutillar-reune-a-ciudades-creativas-de-la-musica-para-avanzar-en-gestion-cultural-y-economia-nocturna%2F&#038;title=Frutillar+re%C3%BAne+a+ciudades+creativas+de+la+m%C3%BAsica+para+avanzar+en+gesti%C3%B3n+cultural+y+econom%C3%ADa+nocturna&amp;summary=Encuentro+intermunicipal+convoc%C3%B3+a+representantes+de+Valpara%C3%ADso+y+Concepci%C3%B3n+en+una+instancia+que+busca+fortalecer+el+desarrollo+cultural+y+productivo+desde+los+territorios.\"\r\n           title=\"LinkedIn\"><i class=\"socials-item-icon linkedin\"><\/i><\/a>\r\n\t\t        <a class=\"socials-item\" target=\"_blank\"\r\n           href=\"https:\/\/www.reddit.com\/submit?url=https%3A%2F%2Felfuerte.cl%2Fweb%2F2026%2F04%2F26%2Ffrutillar-reune-a-ciudades-creativas-de-la-musica-para-avanzar-en-gestion-cultural-y-economia-nocturna%2F&#038;title=Frutillar+re%C3%BAne+a+ciudades+creativas+de+la+m%C3%BAsica+para+avanzar+en+gesti%C3%B3n+cultural+y+econom%C3%ADa+nocturna\"\r\n           title=\"Reddit\"><i class=\"socials-item-icon reddit\"><\/i><\/a>\r\n\t<\/div>\r\n<\/div>\n\t\t\t\t\t\t\t<\/div>\n\t\t<\/div>\n\n\t\t\t\t\t\t\t\t\t\t\t\t\t\t\t\t\t\t\t\t\t\t\t\t\t\t\t\t\t<\/div>\r\n\t\t\t\t\t\t\t\t\t\t\t\t<\/div>\r\n\r\n\t\t\t\t\t\t\t\t\t\t\t\t\r\n\t\t\t\t\t\t\t\t\t\t\t\t\r\n\t\t\t\t\t\t\t\t\t\t\t\t\t\t\t\t\t\t\t\t\t\t\t\t\t<div class=\"post-date\">26\/04\/2026<\/div>\r\n\t\t\t\t\t\t\t\t\t\t\t\t\r\n\t\t\t\t\t\t\t\t\t\t\t\t\t\t\t\t\t\t\t\t\t<\/div>\r\n\t\t\t\t\t\t\t\t\t<\/div>\r\n\t\t\t\t\t\t\t\t<\/div>\r\n\t\t\t\t\t\t\t<\/div>\r\n\t\t\t\t\t\t\t\t\t\t\t<\/div>\r\n\t\t\t\t\r\n\t\t\t\t\t\t\t<\/div>\r\n\t\t\t\t<\/div>\r\n\t<div class=\"portfolio-item actualidad destacados col-xs-12 col-sm-6 col-md-6 bigger item-animations-not-inited before-start post-has-author appearance-type- post-6237 post type-post status-publish format-standard has-post-thumbnail category-actualidad category-destacados tag-biomedicina tag-computacion tag-tecnologia\" style=\"padding: calc(42px\/2)\" data-default-sort=\"1\" data-sort-date=\"1777129318\">\r\n\t\t\t\t\t\r\n\t\t\t<div class=\"wrap clearfix\">\r\n\t\t\t\t\t\t\t\t\t\t\t\t\t<div class=\"image post-6237 post type-post status-publish format-standard has-post-thumbnail category-actualidad category-destacados tag-biomedicina tag-computacion tag-tecnologia\">\r\n\t\t\t\t\t\t<div class=\"image-inner \">\r\n\r\n\t\t\t\t\t\t\t\t\t<picture>\n\t\t\t\t\t\t<img src=\"https:\/\/elfuerte.cl\/web\/wp-content\/uploads\/2026\/04\/transparent-thegem-product-justified-square-xl.png\" width=\"700\" height=\"700\"  class=\"attachment-thegem-product-justified-square-xl\" alt=\"C\u00f3mo la computaci\u00f3n cu\u00e1ntica empieza a acelerar el desarrollo de medicamentos\" style=\"max-width: 110%\" \/>\n\t\t<\/picture>\n\t\t<div class=\"post-featured-content\"><a href=\"https:\/\/elfuerte.cl\/web\/2026\/04\/25\/como-la-computacion-cuantica-empieza-a-acelerar-el-desarrollo-de-medicamentos\/\">\t\t<picture>\n\t\t\t\t\t\t\t\t\t\t\t\t\t\t\t\t\t<source srcset=\"https:\/\/elfuerte.cl\/web\/wp-content\/uploads\/2026\/04\/biomed-thegem-product-justified-square-xl.webp 1x\"   sizes=\"100vw\">\n\t\t\t\t\t\t\t<img src=\"https:\/\/elfuerte.cl\/web\/wp-content\/uploads\/2026\/04\/biomed-thegem-product-justified-square-xl.webp\" width=\"700\" height=\"674\"  class=\"img-responsive\" alt=\"biomed\" \/>\n\t\t<\/picture>\n\t\t<\/a><\/div>\t\t\t\t\t\t<\/div>\r\n\r\n\t\t\t\t\t\t\t\t\t\t\t\t\t<div class=\"overlay\">\r\n\t\t\t\t\t\t\t\t<div class=\"overlay-circle\"><\/div>\r\n\r\n\t\t\t\t\t\t\t\t<div class=\"links-wrapper\">\r\n\t\t\t\t\t\t\t\t\t<div class=\"links\">\r\n\t\t\t\t\t\t\t\t\t\t<div class=\"caption\">\r\n\t\t\t\t\t\t\t\t\t\t\t<a href=\"https:\/\/elfuerte.cl\/web\/2026\/04\/25\/como-la-computacion-cuantica-empieza-a-acelerar-el-desarrollo-de-medicamentos\/\" class=\"portfolio-item-link\">\r\n\t\t\t\t\t\t\t\t\t\t\t\t<span class=\"screen-reader-text\">C\u00f3mo la computaci\u00f3n cu\u00e1ntica empieza a acelerar el desarrollo de medicamentos<\/span>\r\n\t\t\t\t\t\t\t\t\t\t\t<\/a>\r\n\r\n\t\t\t\t\t\t\t\t\t\t\t\t\t\t\t\t\t\t\t\t\t\t\t\r\n\t\t\t\t\t\t\t\t\t\t\t\t\t\t\t\t\t\t\t\t\t\t\t\r\n\t\t\t\t\t\t\t\t\t\t\t\r\n\t\t\t\t\t\t\t\t\t\t\t\t\t\t\t\t\t\t\t\t\t\t\t<div class=\"slide-content\">\r\n\t\t\t\t\t\t\t\t\t\t\t\t\t<div class=\"slide-content-visible\">\r\n\t\t\t\t\t\t\t\t\t\t\t\t\t\t\r\n\t\t\t\t\t\t\t\t\t\t\t\t\t\t\r\n\t\t\t\t\t\t\t\t\t\t\t\t\t\t\t\t\t\t\t\t\t\t\t\t\t\t\t\t\t\t\t\t\t\t\t\t\t\t\t\t\t\t\t\r\n\t\t\t\t\t\t\t\t\t\t\t\t\t\t\t\t\t\t\t\t\t\t\t\t\t\t\t\t\t<div class=\"title\">\r\n\t\t\t\t\t\t\t\t\t\t\t\t\t\t\t\t<span class=\"title-h5 \">C\u00f3mo la computaci\u00f3n cu\u00e1ntica empieza a acelerar el desarrollo de medicamentos<\/span>\t\t\t\t\t\t\t\t\t\t\t\t\t\t\t<\/div>\r\n\t\t\t\t\t\t\t\t\t\t\t\t\t\t\r\n\t\t\t\t\t\t\t\t\t\t\t\t\t\t\r\n\t\t\t\t\t\t\t\t\t\t\t\t\t\t\t\t\t\t\t\t\t\t\t\t\t\t\t<\/div>\r\n\r\n\t\t\t\t\t\t\t\t\t\t\t\t\t<div class=\"slide-content-hidden\">\r\n\t\t\t\t\t\t\t\t\t\t\t\t\t\t\r\n\t\t\t\t\t\t\t\t\t\t\t\t\t\t\r\n\t\t\t\t\t\t\t\t\t\t\t\t\t\t\t\t\t\t\t\t\t\t\t\t\t\t\t\t\t\t\t\t\t\t\t\t\t\t\t\t\t\t\t\r\n\t\t\t\t\t\t\t\t\t\t\t\t\t\t\t\t\t\t\t<div class=\"info\">\n\t\t\t\t<a class=\"additional-meta\" data-filter-type=\"taxonomies\" data-attr=\"category\" data-filter=\"actualidad\">Actualidad<\/a><span class=\"sep\"><\/span> <a class=\"additional-meta\" data-filter-type=\"taxonomies\" data-attr=\"category\" data-filter=\"destacados\">Destacados<\/a>\t\t\t\t\t<\/div>\n\t\t\t\t\r\n\t\t\t\t\t\t\t\t\t\t\t\t\t\t\t\t\t\t\t\t\t\t\t\t\t\t\t\t\t<div class=\"description\">\r\n\t\t\t\t\t\t\t\t\t\t\t\t\t\t\t\t<div class=\"subtitle\">\r\n\t\t\t\t\t\t\t\t\t\t\t\t\t\t\t\t\t<span class=\"text-body\"><p>Aunque a\u00fan en fase experimental, la tecnolog\u00eda basada en qubits comienza a aplicarse en simulaci\u00f3n molecular, con el potencial de reducir tiempos y costos en una industria marcada por procesos largos y complejos.<\/p>\n<\/span>\r\n\t\t\t\t\t\t\t\t\t\t\t\t\t\t\t\t<\/div>\r\n\t\t\t\t\t\t\t\t\t\t\t\t\t\t\t<\/div>\r\n\t\t\t\t\t\t\t\t\t\t\t\t\t\t\r\n\t\t\t\t\t\t\t\t\t\t\t\t\t\t\r\n\t\t\t\t\t\t\t\t\t\t\t\t\t\t\r\n\t\t\t\t\t\t\t\t\t\t\t\t\t\t\t\t\t\t\t\t\t\t\t\t\t\t\t\t\t\n\t\t<div class=\"grid-post-meta clearfix \">\n\t\t\t<div class=\"grid-post-meta-inner\">\n\t\t\t\t\t\t\t\t\t<div class=\"grid-post-share\">\n\t\t\t\t\t\t<a href=\"javascript: void(0);\" class=\"icon share\">\n\t\t\t\t\t\t\t\t\t\t\t\t\t\t\t<i class=\"default\"><\/i>\n\t\t\t\t\t\t\t\t\t\t\t\t\t<\/a>\n\t\t\t\t\t<\/div>\n\t\t\t\t\n\t\t\t\t<div class=\"grid-post-meta-comments-likes\">\n\t\t\t\t\t\n\t\t\t\t\t<span class=\"post-meta-likes\">\t\t\t\t\t\t\t<i class=\"default\"><\/i>\n\t\t\t\t\t\t<a href=\"#\" class=\"zilla-likes\" id=\"zilla-likes-6237\" title=\"Like this\"><span class=\"zilla-likes-count\">0<\/span> <span class=\"zilla-likes-postfix\"><\/span><\/a><\/span>\t\t\t\t<\/div>\n\n\t\t\t\t\t\t\t\t\t<div class=\"portfolio-sharing-pane\">\r\n<div class=\"socials-sharing socials socials-colored-hover \">\r\n\t        <a class=\"socials-item\" target=\"_blank\"\r\n           href=\"https:\/\/www.facebook.com\/sharer\/sharer.php?u=https%3A%2F%2Felfuerte.cl%2Fweb%2F2026%2F04%2F25%2Fcomo-la-computacion-cuantica-empieza-a-acelerar-el-desarrollo-de-medicamentos%2F\"\r\n           title=\"Facebook\"><i class=\"socials-item-icon facebook\"><\/i><\/a>\r\n\t\t        <a class=\"socials-item\" target=\"_blank\"\r\n           href=\"https:\/\/twitter.com\/intent\/tweet?text=C%C3%B3mo+la+computaci%C3%B3n+cu%C3%A1ntica+empieza+a+acelerar+el+desarrollo+de+medicamentos&#038;url=https%3A%2F%2Felfuerte.cl%2Fweb%2F2026%2F04%2F25%2Fcomo-la-computacion-cuantica-empieza-a-acelerar-el-desarrollo-de-medicamentos%2F\"\r\n           title=\"Twitter\"><i class=\"socials-item-icon twitter\"><\/i><\/a>\r\n\t\t        <a class=\"socials-item\" target=\"_blank\"\r\n           href=\"https:\/\/pinterest.com\/pin\/create\/button\/?url=https%3A%2F%2Felfuerte.cl%2Fweb%2F2026%2F04%2F25%2Fcomo-la-computacion-cuantica-empieza-a-acelerar-el-desarrollo-de-medicamentos%2F&#038;description=C%C3%B3mo+la+computaci%C3%B3n+cu%C3%A1ntica+empieza+a+acelerar+el+desarrollo+de+medicamentos&#038;media=https%3A%2F%2Felfuerte.cl%2Fweb%2Fwp-content%2Fuploads%2F2026%2F04%2Fbiomed-thegem-blog-timeline-large.webp\"\r\n           title=\"Pinterest\"><i class=\"socials-item-icon pinterest\"><\/i><\/a>\r\n\t\t        <a class=\"socials-item\" target=\"_blank\"\r\n           href=\"http:\/\/tumblr.com\/widgets\/share\/tool?canonicalUrl=https%3A%2F%2Felfuerte.cl%2Fweb%2F2026%2F04%2F25%2Fcomo-la-computacion-cuantica-empieza-a-acelerar-el-desarrollo-de-medicamentos%2F\"\r\n           title=\"Tumblr\"><i class=\"socials-item-icon tumblr\"><\/i><\/a>\r\n\t\t        <a class=\"socials-item\" target=\"_blank\"\r\n           href=\"https:\/\/www.linkedin.com\/shareArticle?mini=true&#038;url=https%3A%2F%2Felfuerte.cl%2Fweb%2F2026%2F04%2F25%2Fcomo-la-computacion-cuantica-empieza-a-acelerar-el-desarrollo-de-medicamentos%2F&#038;title=C%C3%B3mo+la+computaci%C3%B3n+cu%C3%A1ntica+empieza+a+acelerar+el+desarrollo+de+medicamentos&amp;summary=Aunque+a%C3%BAn+en+fase+experimental%2C+la+tecnolog%C3%ADa+basada+en+qubits+comienza+a+aplicarse+en+simulaci%C3%B3n+molecular%2C+con+el+potencial+de+reducir+tiempos+y+costos+en+una+industria+marcada+por+procesos+largos+y+complejos.\"\r\n           title=\"LinkedIn\"><i class=\"socials-item-icon linkedin\"><\/i><\/a>\r\n\t\t        <a class=\"socials-item\" target=\"_blank\"\r\n           href=\"https:\/\/www.reddit.com\/submit?url=https%3A%2F%2Felfuerte.cl%2Fweb%2F2026%2F04%2F25%2Fcomo-la-computacion-cuantica-empieza-a-acelerar-el-desarrollo-de-medicamentos%2F&#038;title=C%C3%B3mo+la+computaci%C3%B3n+cu%C3%A1ntica+empieza+a+acelerar+el+desarrollo+de+medicamentos\"\r\n           title=\"Reddit\"><i class=\"socials-item-icon reddit\"><\/i><\/a>\r\n\t<\/div>\r\n<\/div>\n\t\t\t\t\t\t\t<\/div>\n\t\t<\/div>\n\n\t\t\t\t\t\t\t\t\t\t\t\t\t\t\t\t\t\t\t\t\t\t\t\t\t\t\t\t\t<\/div>\r\n\t\t\t\t\t\t\t\t\t\t\t\t<\/div>\r\n\r\n\t\t\t\t\t\t\t\t\t\t\t\t\r\n\t\t\t\t\t\t\t\t\t\t\t\t\r\n\t\t\t\t\t\t\t\t\t\t\t\t\t\t\t\t\t\t\t\t\t\t\t\t\t<div class=\"post-date\">25\/04\/2026<\/div>\r\n\t\t\t\t\t\t\t\t\t\t\t\t\r\n\t\t\t\t\t\t\t\t\t\t\t\t\t\t\t\t\t\t\t\t\t<\/div>\r\n\t\t\t\t\t\t\t\t\t<\/div>\r\n\t\t\t\t\t\t\t\t<\/div>\r\n\t\t\t\t\t\t\t<\/div>\r\n\t\t\t\t\t\t\t\t\t\t\t<\/div>\r\n\t\t\t\t\r\n\t\t\t\t\t\t\t<\/div>\r\n\t\t\t\t<\/div>\r\n\t<div class=\"portfolio-item actualidad destacados col-xs-12 col-sm-6 col-md-6 bigger item-animations-not-inited before-start post-has-author appearance-type- post-6227 post type-post status-publish format-standard has-post-thumbnail category-actualidad category-destacados tag-camara-comercio-detallista tag-fortalecimiento tag-inauguracion tag-valdivia\" style=\"padding: calc(42px\/2)\" data-default-sort=\"1\" data-sort-date=\"1777112727\">\r\n\t\t\t\t\t\r\n\t\t\t<div class=\"wrap clearfix\">\r\n\t\t\t\t\t\t\t\t\t\t\t\t\t<div class=\"image post-6227 post type-post status-publish format-standard has-post-thumbnail category-actualidad category-destacados tag-camara-comercio-detallista tag-fortalecimiento tag-inauguracion tag-valdivia\">\r\n\t\t\t\t\t\t<div class=\"image-inner \">\r\n\r\n\t\t\t\t\t\t\t\t\t<picture>\n\t\t\t\t\t\t<img src=\"https:\/\/elfuerte.cl\/web\/wp-content\/uploads\/2026\/04\/transparent-thegem-product-justified-square-xl.png\" width=\"700\" height=\"700\"  class=\"attachment-thegem-product-justified-square-xl\" alt=\"C\u00e1mara de Comercio Detallista inaugura nuevas instalaciones  y avanza en la recuperaci\u00f3n de hist\u00f3rico edificio gremial\" style=\"max-width: 110%\" \/>\n\t\t<\/picture>\n\t\t<div class=\"post-featured-content\"><a href=\"https:\/\/elfuerte.cl\/web\/2026\/04\/25\/camara-de-comercio-detallista-inaugura-nuevas-instalaciones-y-avanza-en-la-recuperacion-de-historico-edificio-gremial\/\">\t\t<picture>\n\t\t\t\t\t\t\t\t\t\t\t\t\t\t\t\t\t<source srcset=\"https:\/\/elfuerte.cl\/web\/wp-content\/uploads\/2026\/04\/portada-2026-04-25T101949.275-thegem-product-justified-square-xl.jpg 1x\"   sizes=\"100vw\">\n\t\t\t\t\t\t\t<img src=\"https:\/\/elfuerte.cl\/web\/wp-content\/uploads\/2026\/04\/portada-2026-04-25T101949.275-thegem-product-justified-square-xl.jpg\" width=\"700\" height=\"674\"  class=\"img-responsive\" alt=\"portada - 2026-04-25T101949.275\" \/>\n\t\t<\/picture>\n\t\t<\/a><\/div>\t\t\t\t\t\t<\/div>\r\n\r\n\t\t\t\t\t\t\t\t\t\t\t\t\t<div class=\"overlay\">\r\n\t\t\t\t\t\t\t\t<div class=\"overlay-circle\"><\/div>\r\n\r\n\t\t\t\t\t\t\t\t<div class=\"links-wrapper\">\r\n\t\t\t\t\t\t\t\t\t<div class=\"links\">\r\n\t\t\t\t\t\t\t\t\t\t<div class=\"caption\">\r\n\t\t\t\t\t\t\t\t\t\t\t<a href=\"https:\/\/elfuerte.cl\/web\/2026\/04\/25\/camara-de-comercio-detallista-inaugura-nuevas-instalaciones-y-avanza-en-la-recuperacion-de-historico-edificio-gremial\/\" class=\"portfolio-item-link\">\r\n\t\t\t\t\t\t\t\t\t\t\t\t<span class=\"screen-reader-text\">C\u00e1mara de Comercio Detallista inaugura nuevas instalaciones  y avanza en la recuperaci\u00f3n de hist\u00f3rico edificio gremial<\/span>\r\n\t\t\t\t\t\t\t\t\t\t\t<\/a>\r\n\r\n\t\t\t\t\t\t\t\t\t\t\t\t\t\t\t\t\t\t\t\t\t\t\t\r\n\t\t\t\t\t\t\t\t\t\t\t\t\t\t\t\t\t\t\t\t\t\t\t\r\n\t\t\t\t\t\t\t\t\t\t\t\r\n\t\t\t\t\t\t\t\t\t\t\t\t\t\t\t\t\t\t\t\t\t\t\t<div class=\"slide-content\">\r\n\t\t\t\t\t\t\t\t\t\t\t\t\t<div class=\"slide-content-visible\">\r\n\t\t\t\t\t\t\t\t\t\t\t\t\t\t\r\n\t\t\t\t\t\t\t\t\t\t\t\t\t\t\r\n\t\t\t\t\t\t\t\t\t\t\t\t\t\t\t\t\t\t\t\t\t\t\t\t\t\t\t\t\t\t\t\t\t\t\t\t\t\t\t\t\t\t\t\r\n\t\t\t\t\t\t\t\t\t\t\t\t\t\t\t\t\t\t\t\t\t\t\t\t\t\t\t\t\t<div class=\"title\">\r\n\t\t\t\t\t\t\t\t\t\t\t\t\t\t\t\t<span class=\"title-h5 \">C\u00e1mara de Comercio Detallista inaugura nuevas instalaciones  y avanza en la recuperaci\u00f3n de hist\u00f3rico edificio gremial<\/span>\t\t\t\t\t\t\t\t\t\t\t\t\t\t\t<\/div>\r\n\t\t\t\t\t\t\t\t\t\t\t\t\t\t\r\n\t\t\t\t\t\t\t\t\t\t\t\t\t\t\r\n\t\t\t\t\t\t\t\t\t\t\t\t\t\t\t\t\t\t\t\t\t\t\t\t\t\t\t<\/div>\r\n\r\n\t\t\t\t\t\t\t\t\t\t\t\t\t<div class=\"slide-content-hidden\">\r\n\t\t\t\t\t\t\t\t\t\t\t\t\t\t\r\n\t\t\t\t\t\t\t\t\t\t\t\t\t\t\r\n\t\t\t\t\t\t\t\t\t\t\t\t\t\t\t\t\t\t\t\t\t\t\t\t\t\t\t\t\t\t\t\t\t\t\t\t\t\t\t\t\t\t\t\r\n\t\t\t\t\t\t\t\t\t\t\t\t\t\t\t\t\t\t\t<div class=\"info\">\n\t\t\t\t<a class=\"additional-meta\" data-filter-type=\"taxonomies\" data-attr=\"category\" data-filter=\"actualidad\">Actualidad<\/a><span class=\"sep\"><\/span> <a class=\"additional-meta\" data-filter-type=\"taxonomies\" data-attr=\"category\" data-filter=\"destacados\">Destacados<\/a>\t\t\t\t\t<\/div>\n\t\t\t\t\r\n\t\t\t\t\t\t\t\t\t\t\t\t\t\t\t\t\t\t\t\t\t\t\t\t\t\t\t\t\t<div class=\"description\">\r\n\t\t\t\t\t\t\t\t\t\t\t\t\t\t\t\t<div class=\"subtitle\">\r\n\t\t\t\t\t\t\t\t\t\t\t\t\t\t\t\t\t<span class=\"text-body\"><p>La inversi\u00f3n cercana a los $35 millones permiti\u00f3 habilitar un nuevo espacio en pleno Paseo Libertad, en un proceso que combina fortalecimiento institucional, rescate patrimonial y proyecci\u00f3n del comercio local.<\/p>\n<\/span>\r\n\t\t\t\t\t\t\t\t\t\t\t\t\t\t\t\t<\/div>\r\n\t\t\t\t\t\t\t\t\t\t\t\t\t\t\t<\/div>\r\n\t\t\t\t\t\t\t\t\t\t\t\t\t\t\r\n\t\t\t\t\t\t\t\t\t\t\t\t\t\t\r\n\t\t\t\t\t\t\t\t\t\t\t\t\t\t\r\n\t\t\t\t\t\t\t\t\t\t\t\t\t\t\t\t\t\t\t\t\t\t\t\t\t\t\t\t\t\n\t\t<div class=\"grid-post-meta clearfix \">\n\t\t\t<div class=\"grid-post-meta-inner\">\n\t\t\t\t\t\t\t\t\t<div class=\"grid-post-share\">\n\t\t\t\t\t\t<a href=\"javascript: void(0);\" class=\"icon share\">\n\t\t\t\t\t\t\t\t\t\t\t\t\t\t\t<i class=\"default\"><\/i>\n\t\t\t\t\t\t\t\t\t\t\t\t\t<\/a>\n\t\t\t\t\t<\/div>\n\t\t\t\t\n\t\t\t\t<div class=\"grid-post-meta-comments-likes\">\n\t\t\t\t\t\n\t\t\t\t\t<span class=\"post-meta-likes\">\t\t\t\t\t\t\t<i class=\"default\"><\/i>\n\t\t\t\t\t\t<a href=\"#\" class=\"zilla-likes\" id=\"zilla-likes-6227\" title=\"Like this\"><span class=\"zilla-likes-count\">0<\/span> <span class=\"zilla-likes-postfix\"><\/span><\/a><\/span>\t\t\t\t<\/div>\n\n\t\t\t\t\t\t\t\t\t<div class=\"portfolio-sharing-pane\">\r\n<div class=\"socials-sharing socials socials-colored-hover \">\r\n\t        <a class=\"socials-item\" target=\"_blank\"\r\n           href=\"https:\/\/www.facebook.com\/sharer\/sharer.php?u=https%3A%2F%2Felfuerte.cl%2Fweb%2F2026%2F04%2F25%2Fcamara-de-comercio-detallista-inaugura-nuevas-instalaciones-y-avanza-en-la-recuperacion-de-historico-edificio-gremial%2F\"\r\n           title=\"Facebook\"><i class=\"socials-item-icon facebook\"><\/i><\/a>\r\n\t\t        <a class=\"socials-item\" target=\"_blank\"\r\n           href=\"https:\/\/twitter.com\/intent\/tweet?text=C%C3%A1mara+de+Comercio+Detallista+inaugura+nuevas+instalaciones++y+avanza+en+la+recuperaci%C3%B3n+de+hist%C3%B3rico+edificio+gremial&#038;url=https%3A%2F%2Felfuerte.cl%2Fweb%2F2026%2F04%2F25%2Fcamara-de-comercio-detallista-inaugura-nuevas-instalaciones-y-avanza-en-la-recuperacion-de-historico-edificio-gremial%2F\"\r\n           title=\"Twitter\"><i class=\"socials-item-icon twitter\"><\/i><\/a>\r\n\t\t        <a class=\"socials-item\" target=\"_blank\"\r\n           href=\"https:\/\/pinterest.com\/pin\/create\/button\/?url=https%3A%2F%2Felfuerte.cl%2Fweb%2F2026%2F04%2F25%2Fcamara-de-comercio-detallista-inaugura-nuevas-instalaciones-y-avanza-en-la-recuperacion-de-historico-edificio-gremial%2F&#038;description=C%C3%A1mara+de+Comercio+Detallista+inaugura+nuevas+instalaciones++y+avanza+en+la+recuperaci%C3%B3n+de+hist%C3%B3rico+edificio+gremial&#038;media=https%3A%2F%2Felfuerte.cl%2Fweb%2Fwp-content%2Fuploads%2F2026%2F04%2Fportada-2026-04-25T101949.275-thegem-blog-timeline-large.jpg\"\r\n           title=\"Pinterest\"><i class=\"socials-item-icon pinterest\"><\/i><\/a>\r\n\t\t        <a class=\"socials-item\" target=\"_blank\"\r\n           href=\"http:\/\/tumblr.com\/widgets\/share\/tool?canonicalUrl=https%3A%2F%2Felfuerte.cl%2Fweb%2F2026%2F04%2F25%2Fcamara-de-comercio-detallista-inaugura-nuevas-instalaciones-y-avanza-en-la-recuperacion-de-historico-edificio-gremial%2F\"\r\n           title=\"Tumblr\"><i class=\"socials-item-icon tumblr\"><\/i><\/a>\r\n\t\t        <a class=\"socials-item\" target=\"_blank\"\r\n           href=\"https:\/\/www.linkedin.com\/shareArticle?mini=true&#038;url=https%3A%2F%2Felfuerte.cl%2Fweb%2F2026%2F04%2F25%2Fcamara-de-comercio-detallista-inaugura-nuevas-instalaciones-y-avanza-en-la-recuperacion-de-historico-edificio-gremial%2F&#038;title=C%C3%A1mara+de+Comercio+Detallista+inaugura+nuevas+instalaciones++y+avanza+en+la+recuperaci%C3%B3n+de+hist%C3%B3rico+edificio+gremial&amp;summary=La+inversi%C3%B3n+cercana+a+los+%2435+millones+permiti%C3%B3+habilitar+un+nuevo+espacio+en+pleno+Paseo+Libertad%2C+en+un+proceso+que+combina+fortalecimiento+institucional%2C+rescate+patrimonial+y+proyecci%C3%B3n+del+comercio+local.\"\r\n           title=\"LinkedIn\"><i class=\"socials-item-icon linkedin\"><\/i><\/a>\r\n\t\t        <a class=\"socials-item\" target=\"_blank\"\r\n           href=\"https:\/\/www.reddit.com\/submit?url=https%3A%2F%2Felfuerte.cl%2Fweb%2F2026%2F04%2F25%2Fcamara-de-comercio-detallista-inaugura-nuevas-instalaciones-y-avanza-en-la-recuperacion-de-historico-edificio-gremial%2F&#038;title=C%C3%A1mara+de+Comercio+Detallista+inaugura+nuevas+instalaciones++y+avanza+en+la+recuperaci%C3%B3n+de+hist%C3%B3rico+edificio+gremial\"\r\n           title=\"Reddit\"><i class=\"socials-item-icon reddit\"><\/i><\/a>\r\n\t<\/div>\r\n<\/div>\n\t\t\t\t\t\t\t<\/div>\n\t\t<\/div>\n\n\t\t\t\t\t\t\t\t\t\t\t\t\t\t\t\t\t\t\t\t\t\t\t\t\t\t\t\t\t<\/div>\r\n\t\t\t\t\t\t\t\t\t\t\t\t<\/div>\r\n\r\n\t\t\t\t\t\t\t\t\t\t\t\t\r\n\t\t\t\t\t\t\t\t\t\t\t\t\r\n\t\t\t\t\t\t\t\t\t\t\t\t\t\t\t\t\t\t\t\t\t\t\t\t\t<div class=\"post-date\">25\/04\/2026<\/div>\r\n\t\t\t\t\t\t\t\t\t\t\t\t\r\n\t\t\t\t\t\t\t\t\t\t\t\t\t\t\t\t\t\t\t\t\t<\/div>\r\n\t\t\t\t\t\t\t\t\t<\/div>\r\n\t\t\t\t\t\t\t\t<\/div>\r\n\t\t\t\t\t\t\t<\/div>\r\n\t\t\t\t\t\t\t\t\t\t\t<\/div>\r\n\t\t\t\t\r\n\t\t\t\t\t\t\t<\/div>\r\n\t\t\t\t<\/div>\r\n\t<div class=\"portfolio-item actualidad destacados col-xs-12 col-sm-6 col-md-6 bigger item-animations-not-inited before-start post-has-author appearance-type- post-6208 post type-post status-publish format-standard has-post-thumbnail category-actualidad category-destacados tag-aprendizaje tag-deportes tag-estudiantes tag-slep\" style=\"padding: calc(42px\/2)\" data-default-sort=\"1\" data-sort-date=\"1777039025\">\r\n\t\t\t\t\t\r\n\t\t\t<div class=\"wrap clearfix\">\r\n\t\t\t\t\t\t\t\t\t\t\t\t\t<div class=\"image post-6208 post type-post status-publish format-standard has-post-thumbnail category-actualidad category-destacados tag-aprendizaje tag-deportes tag-estudiantes tag-slep\">\r\n\t\t\t\t\t\t<div class=\"image-inner \">\r\n\r\n\t\t\t\t\t\t\t\t\t<picture>\n\t\t\t\t\t\t<img src=\"https:\/\/elfuerte.cl\/web\/wp-content\/uploads\/2026\/04\/transparent-thegem-product-justified-square-xl.png\" width=\"700\" height=\"700\"  class=\"attachment-thegem-product-justified-square-xl\" alt=\"Parque Jorge Alessandri se convierte en aula abierta para estudiantes del Biob\u00edo en jornada deportiva y de aprendizaje\" style=\"max-width: 110%\" \/>\n\t\t<\/picture>\n\t\t<div class=\"post-featured-content\"><a href=\"https:\/\/elfuerte.cl\/web\/2026\/04\/24\/parque-jorge-alessandri-se-convierte-en-aula-abierta-para-estudiantes-del-biobio-en-jornada-deportiva-y-de-aprendizaje\/\">\t\t<picture>\n\t\t\t\t\t\t\t\t\t\t\t\t\t\t\t\t\t<source srcset=\"https:\/\/elfuerte.cl\/web\/wp-content\/uploads\/2026\/04\/SLEP-11-thegem-product-justified-square-xl.jpg 1x\"   sizes=\"100vw\">\n\t\t\t\t\t\t\t<img src=\"https:\/\/elfuerte.cl\/web\/wp-content\/uploads\/2026\/04\/SLEP-11-thegem-product-justified-square-xl.jpg\" width=\"700\" height=\"700\"  class=\"img-responsive\" alt=\"SLEP 1(1)\" \/>\n\t\t<\/picture>\n\t\t<\/a><\/div>\t\t\t\t\t\t<\/div>\r\n\r\n\t\t\t\t\t\t\t\t\t\t\t\t\t<div class=\"overlay\">\r\n\t\t\t\t\t\t\t\t<div class=\"overlay-circle\"><\/div>\r\n\r\n\t\t\t\t\t\t\t\t<div class=\"links-wrapper\">\r\n\t\t\t\t\t\t\t\t\t<div class=\"links\">\r\n\t\t\t\t\t\t\t\t\t\t<div class=\"caption\">\r\n\t\t\t\t\t\t\t\t\t\t\t<a href=\"https:\/\/elfuerte.cl\/web\/2026\/04\/24\/parque-jorge-alessandri-se-convierte-en-aula-abierta-para-estudiantes-del-biobio-en-jornada-deportiva-y-de-aprendizaje\/\" class=\"portfolio-item-link\">\r\n\t\t\t\t\t\t\t\t\t\t\t\t<span class=\"screen-reader-text\">Parque Jorge Alessandri se convierte en aula abierta para estudiantes del Biob\u00edo en jornada deportiva y de aprendizaje<\/span>\r\n\t\t\t\t\t\t\t\t\t\t\t<\/a>\r\n\r\n\t\t\t\t\t\t\t\t\t\t\t\t\t\t\t\t\t\t\t\t\t\t\t\r\n\t\t\t\t\t\t\t\t\t\t\t\t\t\t\t\t\t\t\t\t\t\t\t\r\n\t\t\t\t\t\t\t\t\t\t\t\r\n\t\t\t\t\t\t\t\t\t\t\t\t\t\t\t\t\t\t\t\t\t\t\t<div class=\"slide-content\">\r\n\t\t\t\t\t\t\t\t\t\t\t\t\t<div class=\"slide-content-visible\">\r\n\t\t\t\t\t\t\t\t\t\t\t\t\t\t\r\n\t\t\t\t\t\t\t\t\t\t\t\t\t\t\r\n\t\t\t\t\t\t\t\t\t\t\t\t\t\t\t\t\t\t\t\t\t\t\t\t\t\t\t\t\t\t\t\t\t\t\t\t\t\t\t\t\t\t\t\r\n\t\t\t\t\t\t\t\t\t\t\t\t\t\t\t\t\t\t\t\t\t\t\t\t\t\t\t\t\t<div class=\"title\">\r\n\t\t\t\t\t\t\t\t\t\t\t\t\t\t\t\t<span class=\"title-h5 \">Parque Jorge Alessandri se convierte en aula abierta para estudiantes del Biob\u00edo en jornada deportiva y de aprendizaje<\/span>\t\t\t\t\t\t\t\t\t\t\t\t\t\t\t<\/div>\r\n\t\t\t\t\t\t\t\t\t\t\t\t\t\t\r\n\t\t\t\t\t\t\t\t\t\t\t\t\t\t\r\n\t\t\t\t\t\t\t\t\t\t\t\t\t\t\t\t\t\t\t\t\t\t\t\t\t\t\t<\/div>\r\n\r\n\t\t\t\t\t\t\t\t\t\t\t\t\t<div class=\"slide-content-hidden\">\r\n\t\t\t\t\t\t\t\t\t\t\t\t\t\t\r\n\t\t\t\t\t\t\t\t\t\t\t\t\t\t\r\n\t\t\t\t\t\t\t\t\t\t\t\t\t\t\t\t\t\t\t\t\t\t\t\t\t\t\t\t\t\t\t\t\t\t\t\t\t\t\t\t\t\t\t\r\n\t\t\t\t\t\t\t\t\t\t\t\t\t\t\t\t\t\t\t<div class=\"info\">\n\t\t\t\t<a class=\"additional-meta\" data-filter-type=\"taxonomies\" data-attr=\"category\" data-filter=\"actualidad\">Actualidad<\/a><span class=\"sep\"><\/span> <a class=\"additional-meta\" data-filter-type=\"taxonomies\" data-attr=\"category\" data-filter=\"destacados\">Destacados<\/a>\t\t\t\t\t<\/div>\n\t\t\t\t\r\n\t\t\t\t\t\t\t\t\t\t\t\t\t\t\t\t\t\t\t\t\t\t\t\t\t\t\t\t\t<div class=\"description\">\r\n\t\t\t\t\t\t\t\t\t\t\t\t\t\t\t\t<div class=\"subtitle\">\r\n\t\t\t\t\t\t\t\t\t\t\t\t\t\t\t\t\t<span class=\"text-body\"><p>Cerca de mil alumnos participaron en actividad al aire libre que busc\u00f3 promover h\u00e1bitos saludables y fortalecer la convivencia fuera del entorno escolar tradicional.<\/p>\n<\/span>\r\n\t\t\t\t\t\t\t\t\t\t\t\t\t\t\t\t<\/div>\r\n\t\t\t\t\t\t\t\t\t\t\t\t\t\t\t<\/div>\r\n\t\t\t\t\t\t\t\t\t\t\t\t\t\t\r\n\t\t\t\t\t\t\t\t\t\t\t\t\t\t\r\n\t\t\t\t\t\t\t\t\t\t\t\t\t\t\r\n\t\t\t\t\t\t\t\t\t\t\t\t\t\t\t\t\t\t\t\t\t\t\t\t\t\t\t\t\t\n\t\t<div class=\"grid-post-meta clearfix \">\n\t\t\t<div class=\"grid-post-meta-inner\">\n\t\t\t\t\t\t\t\t\t<div class=\"grid-post-share\">\n\t\t\t\t\t\t<a href=\"javascript: void(0);\" class=\"icon share\">\n\t\t\t\t\t\t\t\t\t\t\t\t\t\t\t<i class=\"default\"><\/i>\n\t\t\t\t\t\t\t\t\t\t\t\t\t<\/a>\n\t\t\t\t\t<\/div>\n\t\t\t\t\n\t\t\t\t<div class=\"grid-post-meta-comments-likes\">\n\t\t\t\t\t\n\t\t\t\t\t<span class=\"post-meta-likes\">\t\t\t\t\t\t\t<i class=\"default\"><\/i>\n\t\t\t\t\t\t<a href=\"#\" class=\"zilla-likes\" id=\"zilla-likes-6208\" title=\"Like this\"><span class=\"zilla-likes-count\">0<\/span> <span class=\"zilla-likes-postfix\"><\/span><\/a><\/span>\t\t\t\t<\/div>\n\n\t\t\t\t\t\t\t\t\t<div class=\"portfolio-sharing-pane\">\r\n<div class=\"socials-sharing socials socials-colored-hover \">\r\n\t        <a class=\"socials-item\" target=\"_blank\"\r\n           href=\"https:\/\/www.facebook.com\/sharer\/sharer.php?u=https%3A%2F%2Felfuerte.cl%2Fweb%2F2026%2F04%2F24%2Fparque-jorge-alessandri-se-convierte-en-aula-abierta-para-estudiantes-del-biobio-en-jornada-deportiva-y-de-aprendizaje%2F\"\r\n           title=\"Facebook\"><i class=\"socials-item-icon facebook\"><\/i><\/a>\r\n\t\t        <a class=\"socials-item\" target=\"_blank\"\r\n           href=\"https:\/\/twitter.com\/intent\/tweet?text=Parque+Jorge+Alessandri+se+convierte+en+aula+abierta+para+estudiantes+del+Biob%C3%ADo+en+jornada+deportiva+y+de+aprendizaje&#038;url=https%3A%2F%2Felfuerte.cl%2Fweb%2F2026%2F04%2F24%2Fparque-jorge-alessandri-se-convierte-en-aula-abierta-para-estudiantes-del-biobio-en-jornada-deportiva-y-de-aprendizaje%2F\"\r\n           title=\"Twitter\"><i class=\"socials-item-icon twitter\"><\/i><\/a>\r\n\t\t        <a class=\"socials-item\" target=\"_blank\"\r\n           href=\"https:\/\/pinterest.com\/pin\/create\/button\/?url=https%3A%2F%2Felfuerte.cl%2Fweb%2F2026%2F04%2F24%2Fparque-jorge-alessandri-se-convierte-en-aula-abierta-para-estudiantes-del-biobio-en-jornada-deportiva-y-de-aprendizaje%2F&#038;description=Parque+Jorge+Alessandri+se+convierte+en+aula+abierta+para+estudiantes+del+Biob%C3%ADo+en+jornada+deportiva+y+de+aprendizaje&#038;media=https%3A%2F%2Felfuerte.cl%2Fweb%2Fwp-content%2Fuploads%2F2026%2F04%2FSLEP-11-thegem-blog-timeline-large.jpg\"\r\n           title=\"Pinterest\"><i class=\"socials-item-icon pinterest\"><\/i><\/a>\r\n\t\t        <a class=\"socials-item\" target=\"_blank\"\r\n           href=\"http:\/\/tumblr.com\/widgets\/share\/tool?canonicalUrl=https%3A%2F%2Felfuerte.cl%2Fweb%2F2026%2F04%2F24%2Fparque-jorge-alessandri-se-convierte-en-aula-abierta-para-estudiantes-del-biobio-en-jornada-deportiva-y-de-aprendizaje%2F\"\r\n           title=\"Tumblr\"><i class=\"socials-item-icon tumblr\"><\/i><\/a>\r\n\t\t        <a class=\"socials-item\" target=\"_blank\"\r\n           href=\"https:\/\/www.linkedin.com\/shareArticle?mini=true&#038;url=https%3A%2F%2Felfuerte.cl%2Fweb%2F2026%2F04%2F24%2Fparque-jorge-alessandri-se-convierte-en-aula-abierta-para-estudiantes-del-biobio-en-jornada-deportiva-y-de-aprendizaje%2F&#038;title=Parque+Jorge+Alessandri+se+convierte+en+aula+abierta+para+estudiantes+del+Biob%C3%ADo+en+jornada+deportiva+y+de+aprendizaje&amp;summary=Cerca+de+mil+alumnos+participaron+en+actividad+al+aire+libre+que+busc%C3%B3+promover+h%C3%A1bitos+saludables+y+fortalecer+la+convivencia+fuera+del+entorno+escolar+tradicional.\"\r\n           title=\"LinkedIn\"><i class=\"socials-item-icon linkedin\"><\/i><\/a>\r\n\t\t        <a class=\"socials-item\" target=\"_blank\"\r\n           href=\"https:\/\/www.reddit.com\/submit?url=https%3A%2F%2Felfuerte.cl%2Fweb%2F2026%2F04%2F24%2Fparque-jorge-alessandri-se-convierte-en-aula-abierta-para-estudiantes-del-biobio-en-jornada-deportiva-y-de-aprendizaje%2F&#038;title=Parque+Jorge+Alessandri+se+convierte+en+aula+abierta+para+estudiantes+del+Biob%C3%ADo+en+jornada+deportiva+y+de+aprendizaje\"\r\n           title=\"Reddit\"><i class=\"socials-item-icon reddit\"><\/i><\/a>\r\n\t<\/div>\r\n<\/div>\n\t\t\t\t\t\t\t<\/div>\n\t\t<\/div>\n\n\t\t\t\t\t\t\t\t\t\t\t\t\t\t\t\t\t\t\t\t\t\t\t\t\t\t\t\t\t<\/div>\r\n\t\t\t\t\t\t\t\t\t\t\t\t<\/div>\r\n\r\n\t\t\t\t\t\t\t\t\t\t\t\t\r\n\t\t\t\t\t\t\t\t\t\t\t\t\r\n\t\t\t\t\t\t\t\t\t\t\t\t\t\t\t\t\t\t\t\t\t\t\t\t\t<div class=\"post-date\">24\/04\/2026<\/div>\r\n\t\t\t\t\t\t\t\t\t\t\t\t\r\n\t\t\t\t\t\t\t\t\t\t\t\t\t\t\t\t\t\t\t\t\t<\/div>\r\n\t\t\t\t\t\t\t\t\t<\/div>\r\n\t\t\t\t\t\t\t\t<\/div>\r\n\t\t\t\t\t\t\t<\/div>\r\n\t\t\t\t\t\t\t\t\t\t\t<\/div>\r\n\t\t\t\t\r\n\t\t\t\t\t\t\t<\/div>\r\n\t\t\t\t<\/div>\r\n\t\t\t\t\t\t\t\t\t<\/div><!-- .portflio-set -->\n\t\t\t\t\t\t\t\t\t\t\t\t\t\t\t\t\t\t\t<div class=\"portfolio-item-size-container\">\n\t\t\t\t\t\t\t\t\t\t\t\t<div class=\"portfolio-item col-xs-12 col-sm-6 col-md-6 bigger item-animations-not-inited before-start post-has-author post-6208 post type-post status-publish format-standard has-post-thumbnail category-actualidad category-destacados tag-aprendizaje tag-deportes tag-estudiantes tag-slep\">\r\n\t\t\t<\/div>\r\n\t\t\t\t\t\t\t\t\t\t<\/div>\n\t\t\t\t\t\t\t\t\t\t\t\t\t\t\t\t\t<\/div><!-- .row-->\n\n\t\t\t\t\t\t\t\t\n\t\t\t\t\t\t\t\t\n\t\t\t\t\t<\/div><!-- .full-width -->\n\t\t\t\t<\/div><!-- .portfolio-->\n\t\t\t<\/div><!-- .portfolio-preloader-wrapper-->\n\t\t\t\t\t\t<\/div>\n\t\t\t\t<\/div>\n\t\t\t\t<div class=\"elementor-element elementor-element-e9a6365 flex-horizontal-align-default flex-horizontal-align-tablet-default flex-horizontal-align-mobile-default flex-vertical-align-default flex-vertical-align-tablet-default flex-vertical-align-mobile-default elementor-widget elementor-widget-thegem-bloglist\" data-id=\"e9a6365\" data-element_type=\"widget\" data-settings=\"{&quot;thegem_elementor_preset&quot;:&quot;compact&quot;,&quot;items_per_page&quot;:5,&quot;categories&quot;:[&quot;actualidad&quot;],&quot;exclude_blog_posts_type&quot;:&quot;term&quot;,&quot;exclude_blog_posts_terms&quot;:[&quot;category|100&quot;],&quot;query_type&quot;:&quot;post&quot;,&quot;source&quot;:[&quot;categories&quot;],&quot;order_by&quot;:&quot;default&quot;,&quot;order&quot;:&quot;default&quot;,&quot;image_icon_show&quot;:&quot;yes&quot;}\" data-widget_type=\"thegem-bloglist.default\">\n\t\t\t\t<div class=\"elementor-widget-container\">\n\t\t\t\t\t\t\t\t\t<div class=\"preloader\"><div class=\"preloader-spin\"><\/div><\/div>\n\t\t\t\t\t\t<div class=\"bloglist blog clearfix  blog-style-compact  item-animation-move-up  \" data-page=\"1\" data-paged=\"1\" data-next-page=\"2\" data-pages-count=\"7\" data-load-more-action=\"thegem_bloglist_load_more\">\n\t\t\t\n<article id=\"post-5138\" class=\"post-item no-image clearfix  full-meta item-animations-not-inited post-5138 post type-post status-publish format-standard has-post-thumbnail category-actualidad category-sala-de-redaccion tag-educacion tag-limpieza tag-medio-ambiente tag-reciclaje\">\n\t<div class=\"item-post-container\">\n\t\t\n\t\t\t\t\t<div class=\"gem-compact-item-left\">\n\t\t\t\t<div class=\"gem-compact-item-image post-img\">\n\t\t\t\t\t<a class=\"default\" href=\"https:\/\/elfuerte.cl\/web\/2026\/03\/18\/la-alfombra-de-la-indiferencia-la-poca-empatia-en-la-noche-valdiviana-2\/\"><img width=\"366\" height=\"296\" src=\"https:\/\/elfuerte.cl\/web\/wp-content\/uploads\/2026\/03\/portada-98-1-thegem-blog-compact.jpg\" class=\"img-responsive wp-post-image\" alt=\"portada (98)\" \/><\/a>\n\t\t\t\t<\/div>\n\t\t\t<\/div>\n\t\t\n\t\t<div class=\"gem-compact-item-right caption-container\">\n\t\t\t<div class=\"gem-compact-item-content\">\n\n\t\t\t\t<div class=\"post-title\">\n\t\t\t\t\t\t\t\t\t\t\t<h5 class=\"entry-title reverse-link-color\"><a href=\"https:\/\/elfuerte.cl\/web\/2026\/03\/18\/la-alfombra-de-la-indiferencia-la-poca-empatia-en-la-noche-valdiviana-2\/\" rel=\"bookmark\"><span class=\"entry-title-date\"><\/span><span class=\"light\">La alfombra de la indiferencia: la poca empat\u00eda en la Noche Valdiviana<\/span><\/a><\/h5>\t\t\t\t\t\t\t\t\t<\/div>\n\n\t\t\t\t\t\t\t\t\t<div class=\"post-text\">\n\t\t\t\t\t\t<div class=\"summary\">\n\t\t\t\t\t\t\t<p>Son las 3 AM. El eco de los fuegos artificiales se ha extinguido y la postal es post-apocal\u00edptica: toneladas de basura forman una alfombra infinita que cubre toda la Costanera e, incluso, los juncos del r\u00edo, Miles de personas se fueron a dormir sin recoger su basura mostrando con esto cero conciencia por la ciudad que est\u00e1n visitando.<\/p>\n\t\t\t\t\t\t<\/div>\n\t\t\t\t\t<\/div>\n\t\t\t\t\n\t\t\t<\/div>\n\n\t\t\t<div class=\"post-meta\">\n\t\t\t\t<div class=\"entry-meta clearfix gem-post-date\">\n\t\t\t\t\t<div class=\"post-meta-right\">\n\t\t\t\t\t\t\t\t\t\t\t\t\t\t\t\t\t\t\t\t\t\t\t<\/div>\n\t\t\t\t\t<div class=\"post-meta-left\">\n\t\t\t\t\t\t<span class=\"post-meta-author\">Por <a href=\"https:\/\/elfuerte.cl\/web\" title=\"Visitar el sitio de Prensa El Fuerte\" rel=\"author external\">Prensa El Fuerte<\/a><\/span>\t\t\t\t\t<\/div>\n\t\t\t\t<\/div><!-- .entry-meta -->\n\t\t\t<\/div>\n\t\t<\/div>\n\t<\/div>\t\n<\/article><!-- #post-5138 -->\n\n<article id=\"post-3019\" class=\"post-item no-image clearfix  full-meta item-animations-not-inited post-3019 post type-post status-publish format-standard has-post-thumbnail category-actualidad tag-actualidad tag-osorno tag-volcan\">\n\t<div class=\"item-post-container\">\n\t\t\n\t\t\t\t\t<div class=\"gem-compact-item-left\">\n\t\t\t\t<div class=\"gem-compact-item-image post-img\">\n\t\t\t\t\t<a class=\"default\" href=\"https:\/\/elfuerte.cl\/web\/2026\/01\/02\/volcan-osorno-un-destino-imperdible-en-el-sur-durante-toda-epoca-del-ano\/\"><img width=\"366\" height=\"296\" src=\"https:\/\/elfuerte.cl\/web\/wp-content\/uploads\/2026\/01\/volcanbanner-thegem-blog-compact.jpg\" class=\"img-responsive wp-post-image\" alt=\"volcanbanner\" \/><\/a>\n\t\t\t\t<\/div>\n\t\t\t<\/div>\n\t\t\n\t\t<div class=\"gem-compact-item-right caption-container\">\n\t\t\t<div class=\"gem-compact-item-content\">\n\n\t\t\t\t<div class=\"post-title\">\n\t\t\t\t\t\t\t\t\t\t\t<h5 class=\"entry-title reverse-link-color\"><a href=\"https:\/\/elfuerte.cl\/web\/2026\/01\/02\/volcan-osorno-un-destino-imperdible-en-el-sur-durante-toda-epoca-del-ano\/\" rel=\"bookmark\"><span class=\"entry-title-date\"><\/span><span class=\"light\">Volc\u00e1n Osorno: un destino imperdible  en el sur durante toda \u00e9poca del a\u00f1o<\/span><\/a><\/h5>\t\t\t\t\t\t\t\t\t<\/div>\n\n\t\t\t\t\t\t\t\t\t<div class=\"post-text\">\n\t\t\t\t\t\t<div class=\"summary\">\n\t\t\t\t\t\t\t<p>Caminar por los senderos en altura es una invitaci\u00f3n a la contemplaci\u00f3n. Cada mirador ofrece una postal distinta, donde la naturaleza se muestra en su estado m\u00e1s puro<\/p>\n\t\t\t\t\t\t<\/div>\n\t\t\t\t\t<\/div>\n\t\t\t\t\n\t\t\t<\/div>\n\n\t\t\t<div class=\"post-meta\">\n\t\t\t\t<div class=\"entry-meta clearfix gem-post-date\">\n\t\t\t\t\t<div class=\"post-meta-right\">\n\t\t\t\t\t\t\t\t\t\t\t\t\t\t\t\t\t\t\t\t\t\t\t<\/div>\n\t\t\t\t\t<div class=\"post-meta-left\">\n\t\t\t\t\t\t<span class=\"post-meta-author\">Por <a href=\"https:\/\/elfuerte.cl\/web\" title=\"Visitar el sitio de Prensa El Fuerte\" rel=\"author external\">Prensa El Fuerte<\/a><\/span>\t\t\t\t\t<\/div>\n\t\t\t\t<\/div><!-- .entry-meta -->\n\t\t\t<\/div>\n\t\t<\/div>\n\t<\/div>\t\n<\/article><!-- #post-3019 -->\n\n<article id=\"post-3008\" class=\"post-item no-image clearfix  full-meta item-animations-not-inited post-3008 post type-post status-publish format-standard has-post-thumbnail category-actualidad tag-actualidad tag-ola-de-calor tag-verano\">\n\t<div class=\"item-post-container\">\n\t\t\n\t\t\t\t\t<div class=\"gem-compact-item-left\">\n\t\t\t\t<div class=\"gem-compact-item-image post-img\">\n\t\t\t\t\t<a class=\"default\" href=\"https:\/\/elfuerte.cl\/web\/2026\/01\/02\/autoridades-llaman-a-extremar-precauciones-ante-ola-de-calor-extremo-que-afectara-zona-centro-sur-del-pais\/\"><img width=\"366\" height=\"296\" src=\"https:\/\/elfuerte.cl\/web\/wp-content\/uploads\/2026\/01\/olabanner-thegem-blog-compact.jpg\" class=\"img-responsive wp-post-image\" alt=\"olabanner\" \/><\/a>\n\t\t\t\t<\/div>\n\t\t\t<\/div>\n\t\t\n\t\t<div class=\"gem-compact-item-right caption-container\">\n\t\t\t<div class=\"gem-compact-item-content\">\n\n\t\t\t\t<div class=\"post-title\">\n\t\t\t\t\t\t\t\t\t\t\t<h5 class=\"entry-title reverse-link-color\"><a href=\"https:\/\/elfuerte.cl\/web\/2026\/01\/02\/autoridades-llaman-a-extremar-precauciones-ante-ola-de-calor-extremo-que-afectara-zona-centro-sur-del-pais\/\" rel=\"bookmark\"><span class=\"entry-title-date\"><\/span><span class=\"light\">Autoridades llaman a extremar precauciones ante ola  de calor extremo que afectar\u00e1 zona centro sur del pa\u00eds<\/span><\/a><\/h5>\t\t\t\t\t\t\t\t\t<\/div>\n\n\t\t\t\t\t\t\t\t\t<div class=\"post-text\">\n\t\t\t\t\t\t<div class=\"summary\">\n\t\t\t\t\t\t\t<p>Altas temperaturas superiores a los 33 grados, alerta amarilla por calor intenso y una alerta temprana preventiva por incendios forestales mantienen en vigilancia a las autoridades regionales y municipales, que llamaron a la ciudadan\u00eda a extremar el autocuidado.<\/p>\n\t\t\t\t\t\t<\/div>\n\t\t\t\t\t<\/div>\n\t\t\t\t\n\t\t\t<\/div>\n\n\t\t\t<div class=\"post-meta\">\n\t\t\t\t<div class=\"entry-meta clearfix gem-post-date\">\n\t\t\t\t\t<div class=\"post-meta-right\">\n\t\t\t\t\t\t\t\t\t\t\t\t\t\t\t\t\t\t\t\t\t\t\t<\/div>\n\t\t\t\t\t<div class=\"post-meta-left\">\n\t\t\t\t\t\t<span class=\"post-meta-author\">Por <a href=\"https:\/\/elfuerte.cl\/web\" title=\"Visitar el sitio de Prensa El Fuerte\" rel=\"author external\">Prensa El Fuerte<\/a><\/span>\t\t\t\t\t<\/div>\n\t\t\t\t<\/div><!-- .entry-meta -->\n\t\t\t<\/div>\n\t\t<\/div>\n\t<\/div>\t\n<\/article><!-- #post-3008 -->\n\n<article id=\"post-3002\" class=\"post-item no-image clearfix  full-meta item-animations-not-inited post-3002 post type-post status-publish format-standard has-post-thumbnail category-actualidad tag-actualidad tag-ecologia tag-puerto-varas\">\n\t<div class=\"item-post-container\">\n\t\t\n\t\t\t\t\t<div class=\"gem-compact-item-left\">\n\t\t\t\t<div class=\"gem-compact-item-image post-img\">\n\t\t\t\t\t<a class=\"default\" href=\"https:\/\/elfuerte.cl\/web\/2026\/01\/02\/preocupacion-por-indicadores-de-coliformes-fecales-en-lagos-del-sur-reactiva-alertas-sanitarias-en-temporada-estival\/\"><img width=\"366\" height=\"296\" src=\"https:\/\/elfuerte.cl\/web\/wp-content\/uploads\/2026\/01\/puertobanner-thegem-blog-compact.jpg\" class=\"img-responsive wp-post-image\" alt=\"puertobanner\" \/><\/a>\n\t\t\t\t<\/div>\n\t\t\t<\/div>\n\t\t\n\t\t<div class=\"gem-compact-item-right caption-container\">\n\t\t\t<div class=\"gem-compact-item-content\">\n\n\t\t\t\t<div class=\"post-title\">\n\t\t\t\t\t\t\t\t\t\t\t<h5 class=\"entry-title reverse-link-color\"><a href=\"https:\/\/elfuerte.cl\/web\/2026\/01\/02\/preocupacion-por-indicadores-de-coliformes-fecales-en-lagos-del-sur-reactiva-alertas-sanitarias-en-temporada-estival\/\" rel=\"bookmark\"><span class=\"entry-title-date\"><\/span><span class=\"light\">Preocupaci\u00f3n por indicadores de coliformes fecales en  lagos del sur reactiva alertas sanitarias en temporada estival<\/span><\/a><\/h5>\t\t\t\t\t\t\t\t\t<\/div>\n\n\t\t\t\t\t\t\t\t\t<div class=\"post-text\">\n\t\t\t\t\t\t<div class=\"summary\">\n\t\t\t\t\t\t\t<p>La situaci\u00f3n detectada en el Lago Llanquihue, en Puerto Varas, ha generado inquietud en autoridades y comunidades del sur del pa\u00eds, reforzando el llamado a un monitoreo permanente de la calidad de las aguas durante el periodo de mayor afluencia tur\u00edstica.<\/p>\n\t\t\t\t\t\t<\/div>\n\t\t\t\t\t<\/div>\n\t\t\t\t\n\t\t\t<\/div>\n\n\t\t\t<div class=\"post-meta\">\n\t\t\t\t<div class=\"entry-meta clearfix gem-post-date\">\n\t\t\t\t\t<div class=\"post-meta-right\">\n\t\t\t\t\t\t\t\t\t\t\t\t\t\t\t\t\t\t\t\t\t\t\t<\/div>\n\t\t\t\t\t<div class=\"post-meta-left\">\n\t\t\t\t\t\t<span class=\"post-meta-author\">Por <a href=\"https:\/\/elfuerte.cl\/web\" title=\"Visitar el sitio de Prensa El Fuerte\" rel=\"author external\">Prensa El Fuerte<\/a><\/span>\t\t\t\t\t<\/div>\n\t\t\t\t<\/div><!-- .entry-meta -->\n\t\t\t<\/div>\n\t\t<\/div>\n\t<\/div>\t\n<\/article><!-- #post-3002 -->\n\n<article id=\"post-2971\" class=\"post-item no-image clearfix  full-meta item-animations-not-inited post-2971 post type-post status-publish format-standard has-post-thumbnail category-actualidad tag-actualidad tag-pesca-artesanal tag-pescadores\">\n\t<div class=\"item-post-container\">\n\t\t\n\t\t\t\t\t<div class=\"gem-compact-item-left\">\n\t\t\t\t<div class=\"gem-compact-item-image post-img\">\n\t\t\t\t\t<a class=\"default\" href=\"https:\/\/elfuerte.cl\/web\/2025\/12\/31\/armadores-y-reparadores-de-redes-la-vital-tarea-que-da-soporte-a-la-pesca-artesanal\/\"><img width=\"366\" height=\"296\" src=\"https:\/\/elfuerte.cl\/web\/wp-content\/uploads\/2025\/12\/bannerpesca-thegem-blog-compact.jpg\" class=\"img-responsive wp-post-image\" alt=\"bannerpesca\" \/><\/a>\n\t\t\t\t<\/div>\n\t\t\t<\/div>\n\t\t\n\t\t<div class=\"gem-compact-item-right caption-container\">\n\t\t\t<div class=\"gem-compact-item-content\">\n\n\t\t\t\t<div class=\"post-title\">\n\t\t\t\t\t\t\t\t\t\t\t<h5 class=\"entry-title reverse-link-color\"><a href=\"https:\/\/elfuerte.cl\/web\/2025\/12\/31\/armadores-y-reparadores-de-redes-la-vital-tarea-que-da-soporte-a-la-pesca-artesanal\/\" rel=\"bookmark\"><span class=\"entry-title-date\"><\/span><span class=\"light\">Armadores y reparadores de redes: la vital tarea que da soporte a la pesca artesanal<\/span><\/a><\/h5>\t\t\t\t\t\t\t\t\t<\/div>\n\n\t\t\t\t\t\t\t\t\t<div class=\"post-text\">\n\t\t\t\t\t\t<div class=\"summary\">\n\t\t\t\t\t\t\t<p>En Chile, son m\u00e1s de ciento veinte mil los pescadores artesanales que se desempe\u00f1an en las diversas caletas, de los cuales m\u00e1s de cinco mil laboran en la regi\u00f3n del Biob\u00edo. Para la operatividad de esta fundamental actividad productiva, son varios los esfuerzos que colaboran, en particular quienes arman o reparan las redes que se usan en las faenas pesqueras.<\/p>\n\t\t\t\t\t\t<\/div>\n\t\t\t\t\t<\/div>\n\t\t\t\t\n\t\t\t<\/div>\n\n\t\t\t<div class=\"post-meta\">\n\t\t\t\t<div class=\"entry-meta clearfix gem-post-date\">\n\t\t\t\t\t<div class=\"post-meta-right\">\n\t\t\t\t\t\t\t\t\t\t\t\t\t\t\t\t\t\t\t\t\t\t\t<\/div>\n\t\t\t\t\t<div class=\"post-meta-left\">\n\t\t\t\t\t\t<span class=\"post-meta-author\">Por <a href=\"https:\/\/elfuerte.cl\/web\" title=\"Visitar el sitio de Prensa El Fuerte\" rel=\"author external\">Prensa El Fuerte<\/a><\/span>\t\t\t\t\t<\/div>\n\t\t\t\t<\/div><!-- .entry-meta -->\n\t\t\t<\/div>\n\t\t<\/div>\n\t<\/div>\t\n<\/article><!-- #post-2971 -->\n\t\t\t<\/div>\n\t\t\t\t\t\t<\/div>\n\t\t\t\t<\/div>\n\t\t\t\t<div class=\"elementor-element elementor-element-23a449e flex-horizontal-align-default flex-horizontal-align-tablet-default flex-horizontal-align-mobile-default flex-vertical-align-default flex-vertical-align-tablet-default flex-vertical-align-mobile-default elementor-widget elementor-widget-button\" data-id=\"23a449e\" data-element_type=\"widget\" data-widget_type=\"button.default\">\n\t\t\t\t\t\t\t\t\t\t<a class=\"elementor-button elementor-button-link elementor-size-sm\" href=\"https:\/\/elfuerte.cl\/web\/actualidad\/\">\n\t\t\t\t\t\t<span class=\"elementor-button-content-wrapper\">\n\t\t\t\t\t\t\t\t\t<span class=\"elementor-button-text\">Ver M\u00e1s Actualidad<\/span>\n\t\t\t\t\t<\/span>\n\t\t\t\t\t<\/a>\n\t\t\t\t\t\t\t\t<\/div>\n\t\t\t\t<div class=\"elementor-element elementor-element-6725b14 flex-horizontal-align-default flex-horizontal-align-tablet-default flex-horizontal-align-mobile-default flex-vertical-align-default flex-vertical-align-tablet-default flex-vertical-align-mobile-default elementor-widget elementor-widget-thegem-styledimage\" data-id=\"6725b14\" data-element_type=\"widget\" data-settings=\"{&quot;thegem_elementor_preset&quot;:&quot;style-2&quot;,&quot;image&quot;:{&quot;url&quot;:&quot;https:\\\/\\\/elfuerte.cl\\\/web\\\/wp-content\\\/uploads\\\/2026\\\/01\\\/banner2.jpg&quot;,&quot;id&quot;:3218,&quot;size&quot;:&quot;&quot;,&quot;alt&quot;:&quot;&quot;,&quot;source&quot;:&quot;library&quot;},&quot;image_position&quot;:&quot;left&quot;}\" data-widget_type=\"thegem-styledimage.default\">\n\t\t\t\t<div class=\"elementor-widget-container\">\n\t\t\t\t\t\n<div class=\"styled-image-wrapper\">\n\t\t\t<div class=\"gem-image gem-wrapbox gem-wrapbox-style-2 gem-wrapbox-position-left lazy-loading \">\n\t\t\t<div class=\"gem-wrapbox-inner  lazy-loading-item\"  data-ll-effect=\"move-up\">\n\t\t\t\t\t\t\t\t\t<img class=\"gem-wrapbox-element img-responsive \"\n\t\t\t\t\t\t src=\"https:\/\/elfuerte.cl\/web\/wp-content\/uploads\/2026\/01\/banner2.jpg\"\n\t\t\t\t\t\t alt=\"banner2\">\n\t\t\t\t\t\t\t\t<\/div>\n\t\t<\/div>\n\t\t<\/div>\n\n\n\t\n\t\t\t\t\t\t<\/div>\n\t\t\t\t<\/div>\n\t\t\t\t<div class=\"elementor-element elementor-element-3089d57 flex-horizontal-align-default flex-horizontal-align-tablet-default flex-horizontal-align-mobile-default flex-vertical-align-default flex-vertical-align-tablet-default flex-vertical-align-mobile-default elementor-widget elementor-widget-text-editor\" data-id=\"3089d57\" data-element_type=\"widget\" data-widget_type=\"text-editor.default\">\n\t\t\t\t\t\t\t\t\t\t\t\t<div class=\"elementor-text-editor elementor-clearfix\">\r\n\t\t\t\t\t\t<div class=\"title-h1\" style=\"text-align: center;\"><span style=\"color: #ec2d2f;\">El Fuerte:<\/span> Por eso somos noticia<\/div>\t\t\t\t\t\t\t<\/div>\r\n\t\t\t\t\t\t\t\t\t\t<\/div>\n\t\t\t\t<section class=\"elementor-section elementor-inner-section elementor-element elementor-element-b7a37fa elementor-section-full_width elementor-section-height-min-height elementor-section-content-bottom elementor-section-height-default\" data-id=\"b7a37fa\" data-element_type=\"section\">\r\n\t\t\t\t\t\t<div class=\"elementor-container elementor-column-gap-no\"><div class=\"elementor-row\">\r\n\t\t\t\t\t<div class=\"elementor-column elementor-col-100 elementor-inner-column elementor-element elementor-element-eac4f0a\" data-id=\"eac4f0a\" data-element_type=\"column\">\n\t\t\t<div class=\"elementor-widget-wrap elementor-element-populated\">\n\t\t\t\t\t\t<div class=\"elementor-element elementor-element-c6b8d33 elementor-widget__width-auto elementor-absolute flex-horizontal-align-default flex-horizontal-align-tablet-default flex-horizontal-align-mobile-default flex-vertical-align-default flex-vertical-align-tablet-default flex-vertical-align-mobile-default elementor-widget elementor-widget-heading\" data-id=\"c6b8d33\" data-element_type=\"widget\" data-settings=\"{&quot;_position&quot;:&quot;absolute&quot;}\" data-widget_type=\"heading.default\">\n\t\t\t\t\t<div class=\"title-h2 elementor-heading-title elementor-size-default\">Regi\u00f3n L\u00fadica<\/div>\t\t\t\t<\/div>\n\t\t\t\t<div class=\"elementor-element elementor-element-78b65aa elementor-hidden-phone flex-horizontal-align-default flex-horizontal-align-tablet-default flex-horizontal-align-mobile-default flex-vertical-align-default flex-vertical-align-tablet-default flex-vertical-align-mobile-default elementor-widget elementor-widget-heading\" data-id=\"78b65aa\" data-element_type=\"widget\" data-widget_type=\"heading.default\">\n\t\t\t\t\t<div class=\"title-xlarge elementor-heading-title elementor-size-default\">Regi\u00f3n L\u00fadica<\/div>\t\t\t\t<\/div>\n\t\t\t\t\t<\/div>\n\t\t<\/div>\n\t\t\t\t\t<\/div><\/div>\r\n\t\t<\/section>\r\n\t\t\t\t<div class=\"elementor-element elementor-element-a6eae88 flex-horizontal-align-default flex-horizontal-align-tablet-default flex-horizontal-align-mobile-default flex-vertical-align-default flex-vertical-align-tablet-default flex-vertical-align-mobile-default elementor-widget elementor-widget-thegem-extended-blog-grid\" data-id=\"a6eae88\" data-element_type=\"widget\" data-settings=\"{&quot;thegem_elementor_preset&quot;:&quot;new&quot;,&quot;columns&quot;:&quot;2x&quot;,&quot;categories&quot;:[&quot;destacados&quot;],&quot;caption_position&quot;:&quot;hover&quot;,&quot;items_per_page&quot;:2,&quot;loading_animation&quot;:&quot;yes&quot;,&quot;animation_effect&quot;:&quot;move-up&quot;,&quot;image_hover_effect&quot;:&quot;horizontal-sliding&quot;,&quot;thegem_custom_css&quot;:&quot;.portfolio-item .image .overlay .links a.share i.default:before {\\r\\n    position: relative;\\r\\n    top: -2px;\\r\\n}&quot;,&quot;portfolio_uid&quot;:&quot;08f94ee&quot;,&quot;filters_text_labels_clear_text&quot;:&quot;Clear Filters&quot;,&quot;not_found_text&quot;:&quot;No items were found matching your selection&quot;,&quot;sorting_extended_text&quot;:&quot;Default sorting&quot;,&quot;sorting_extended_dropdown_title_text&quot;:&quot;Sort by title (A-Z)&quot;,&quot;sorting_extended_dropdown_title_desc_text&quot;:&quot;Sort by title (Z-A)&quot;,&quot;sorting_extended_dropdown_latest_text&quot;:&quot;Sort by latest&quot;,&quot;sorting_extended_dropdown_oldest_text&quot;:&quot;Sort by oldest&quot;,&quot;exclude_blog_posts_type&quot;:&quot;term&quot;,&quot;exclude_blog_posts_terms&quot;:[&quot;category|21&quot;,&quot;category|157&quot;],&quot;additional_meta_click_behavior&quot;:&quot;filtering&quot;,&quot;skin_source&quot;:&quot;default&quot;,&quot;layout&quot;:&quot;justified&quot;,&quot;columns_tablet&quot;:&quot;2x&quot;,&quot;columns_mobile&quot;:&quot;1x&quot;,&quot;image_size&quot;:&quot;default&quot;,&quot;image_ratio_default&quot;:{&quot;unit&quot;:&quot;px&quot;,&quot;size&quot;:&quot;&quot;,&quot;sizes&quot;:[]},&quot;query_type&quot;:&quot;post&quot;,&quot;source&quot;:[&quot;categories&quot;],&quot;order_by&quot;:&quot;default&quot;,&quot;order&quot;:&quot;default&quot;,&quot;blog_show_title&quot;:&quot;yes&quot;,&quot;blog_show_description&quot;:&quot;yes&quot;,&quot;blog_show_date&quot;:&quot;yes&quot;,&quot;blog_show_categories&quot;:&quot;yes&quot;,&quot;additional_meta_type&quot;:&quot;taxonomies&quot;,&quot;additional_meta_taxonomies&quot;:&quot;category&quot;,&quot;blog_show_likes&quot;:&quot;yes&quot;,&quot;filter_type&quot;:&quot;default&quot;,&quot;filter_style&quot;:&quot;buttons&quot;,&quot;search_by&quot;:&quot;content&quot;,&quot;social_sharing&quot;:&quot;yes&quot;,&quot;sharing_icon&quot;:{&quot;value&quot;:&quot;&quot;,&quot;library&quot;:&quot;&quot;},&quot;shares_show_facebook&quot;:&quot;yes&quot;,&quot;shares_show_twitter&quot;:&quot;yes&quot;,&quot;shares_show_pinterest&quot;:&quot;yes&quot;,&quot;shares_show_tumblr&quot;:&quot;yes&quot;,&quot;shares_show_linkedin&quot;:&quot;yes&quot;,&quot;shares_show_reddit&quot;:&quot;yes&quot;,&quot;ignore_sticky_posts&quot;:&quot;yes&quot;,&quot;ajax_preloader_type&quot;:&quot;default&quot;,&quot;image_gaps&quot;:{&quot;unit&quot;:&quot;px&quot;,&quot;size&quot;:42,&quot;sizes&quot;:[]},&quot;image_gaps_tablet&quot;:{&quot;unit&quot;:&quot;px&quot;,&quot;size&quot;:&quot;&quot;,&quot;sizes&quot;:[]},&quot;image_gaps_mobile&quot;:{&quot;unit&quot;:&quot;px&quot;,&quot;size&quot;:&quot;&quot;,&quot;sizes&quot;:[]},&quot;blog_title_preset&quot;:&quot;default&quot;,&quot;title_tag&quot;:&quot;div&quot;,&quot;blog_description_preset&quot;:&quot;default&quot;,&quot;likes_icon&quot;:{&quot;value&quot;:&quot;&quot;,&quot;library&quot;:&quot;&quot;},&quot;caption_container_preset&quot;:&quot;transparent&quot;,&quot;pagination_arrows_left_icon&quot;:{&quot;value&quot;:&quot;&quot;,&quot;library&quot;:&quot;&quot;},&quot;pagination_arrows_right_icon&quot;:{&quot;value&quot;:&quot;&quot;,&quot;library&quot;:&quot;&quot;},&quot;readmore_button_type&quot;:&quot;outline&quot;,&quot;readmore_button_size&quot;:&quot;default&quot;}\" data-widget_type=\"thegem-extended-blog-grid.default\">\n\t\t\t\t<div class=\"elementor-widget-container\">\n\t\t\t\t\t<div class=\"preloader save-space\"><div class=\"preloader-spin\"><\/div><\/div>\t\t\t<div class=\"portfolio-preloader-wrapper\">\n\n\t\t\t\t\n\t\t\t\t<div class=\"portfolio portfolio-grid extended-portfolio-grid news-grid no-padding portfolio-pagination-disabled portfolio-style-justified background-style-transparent hover-new-horizontal-sliding title-on-hover caption-position-hover version-new  loading-animation item-animation-move-up      columns-tablet-2 columns-mobile-1 hover-new-horizontal-sliding hover-title  columns-2             \" id=\"style-a6eae88\" data-style-uid=\"a6eae88\" data-portfolio-uid=\"08f94ee\" data-current-page=\"1\" data-per-page=\"2\" data-next-page=\"2\" data-pages-count=\"2\" data-hover=\"new-horizontal-sliding\" data-portfolio-filter=\"[]\" data-portfolio-filter-attributes=\"null\" data-portfolio-filter-status=\"null\" data-portfolio-filter-price=\"null\" data-portfolio-filter-search=\"\">\n\t\t\t\t\t\n\t\t\t\t\t<div class=\"portfolio-row-outer \">\n\n\t\t\t\t\t\t\t\t\t\t\t\t\t\t\t\t\t\t\t\t\t\t\t<div class=\"portfolio-top-panel filter-type-default selected-only\">\n\t\t\t\t\t\t\t\t\t\t\t\t\t\t\t\t\t\t\t\t<div class=\"portfolio-top-panel-row filter-style-buttons\">\n\t\t\t\t\t\t\t\t\t\t\t\t\t\t\t\t\t\t\t\t\t\t\t<div class=\"portfolio-top-panel-left\"><div class=\"portfolio-filter-item portfolio-selected-filters  \">\n\t<div class=\"portfolio-selected-filter-item clear-filters\">\n\t\tClear Filters\t<\/div>\n\t<\/div>\t\t\t\t\t\t\t\t\t\t\t\t<\/div>\n\t\t\t\t\t\t\t\t\t\t\t\t\t\t\t\t\t\t\t\t\t\t\t\t\t\t\t\t\t\t\t\t\t\t<div class=\"portfolio-top-panel-right\">\n\t\t\t\t\t\t\t\t\t\t\t\t\t\n\t\t\t\t\t\t\t\t\t\t\t\t\t\t\t\t\t\t\t\t\t\t\t\t\t<\/div>\n\t\t\t\t\t\t\t\t\t\t\t\t\t\t\t\t\t\t\t\t\t<\/div>\n\t\t\t\t\t\t\t\t\t\t\t\t\t\t\t\t\t\t\t<\/div>\n\t\t\t\t\t\t\t\t\n\t\t\t\t\t\t\t\t<div class=\"row portfolio-row\">\n\t\t\t\t\t\t\t\t\t<div class=\"portfolio-set clearfix\"\n\t\t\t\t\t\t\t\t\t\t data-max-row-height=\"\">\n\t\t\t\t\t\t\t\t\t\t\t<div class=\"portfolio-item destacados region-ludica col-xs-12 col-sm-6 col-md-6 bigger item-animations-not-inited before-start post-has-author appearance-type- post-2297 post type-post status-publish format-standard has-post-thumbnail category-destacados category-region-ludica tag-cultura tag-editoriales tag-eventos-culturales tag-feria-del-libro-de-valdivia tag-gabriela-mistral tag-lectura tag-literatura-chilena tag-parque-saval tag-premio-nobel-de-literatura tag-region-ludica\" style=\"padding: calc(42px\/2)\" data-default-sort=\"0\" data-sort-date=\"1763414802\">\r\n\t\t\t\t\t\r\n\t\t\t<div class=\"wrap clearfix\">\r\n\t\t\t\t\t\t\t\t\t\t\t\t\t<div class=\"image post-2297 post type-post status-publish format-standard has-post-thumbnail category-destacados category-region-ludica tag-cultura tag-editoriales tag-eventos-culturales tag-feria-del-libro-de-valdivia tag-gabriela-mistral tag-lectura tag-literatura-chilena tag-parque-saval tag-premio-nobel-de-literatura tag-region-ludica\">\r\n\t\t\t\t\t\t<div class=\"image-inner \">\r\n\r\n\t\t\t\t\t\t\t\t\t<picture>\n\t\t\t\t\t\t<img src=\"https:\/\/elfuerte.cl\/web\/wp-content\/uploads\/2026\/04\/transparent-thegem-product-justified-square-xl.png\" width=\"700\" height=\"700\"  class=\"attachment-thegem-product-justified-square-xl\" alt=\"Anuncian lluvia de letras que caer\u00e1 sobre el recinto de ferias del Parque Saval\" style=\"max-width: 110%\" \/>\n\t\t<\/picture>\n\t\t<div class=\"post-featured-content\"><a href=\"https:\/\/elfuerte.cl\/web\/2025\/11\/17\/anuncian-lluvia-de-letras-que-caera-sobre-el-recinto-de-ferias-del-parque-saval\/\">\t\t<picture>\n\t\t\t\t\t\t\t\t\t\t\t\t\t\t\t\t\t<source srcset=\"https:\/\/elfuerte.cl\/web\/wp-content\/uploads\/2025\/11\/feriabanner-thegem-product-justified-square-xl.jpg 1x\"   sizes=\"100vw\">\n\t\t\t\t\t\t\t<img src=\"https:\/\/elfuerte.cl\/web\/wp-content\/uploads\/2025\/11\/feriabanner-thegem-product-justified-square-xl.jpg\" width=\"700\" height=\"674\"  class=\"img-responsive\" alt=\"feriabanner\" \/>\n\t\t<\/picture>\n\t\t<\/a><\/div>\t\t\t\t\t\t<\/div>\r\n\r\n\t\t\t\t\t\t\t\t\t\t\t\t\t<div class=\"overlay\">\r\n\t\t\t\t\t\t\t\t<div class=\"overlay-circle\"><\/div>\r\n\r\n\t\t\t\t\t\t\t\t<div class=\"links-wrapper\">\r\n\t\t\t\t\t\t\t\t\t<div class=\"links\">\r\n\t\t\t\t\t\t\t\t\t\t<div class=\"caption\">\r\n\t\t\t\t\t\t\t\t\t\t\t<a href=\"https:\/\/elfuerte.cl\/web\/2025\/11\/17\/anuncian-lluvia-de-letras-que-caera-sobre-el-recinto-de-ferias-del-parque-saval\/\" class=\"portfolio-item-link\">\r\n\t\t\t\t\t\t\t\t\t\t\t\t<span class=\"screen-reader-text\">Anuncian lluvia de letras que caer\u00e1 sobre el recinto de ferias del Parque Saval<\/span>\r\n\t\t\t\t\t\t\t\t\t\t\t<\/a>\r\n\r\n\t\t\t\t\t\t\t\t\t\t\t\t\t\t\t\t\t\t\t\t\t\t\t\r\n\t\t\t\t\t\t\t\t\t\t\t\t\t\t\t\t\t\t\t\t\t\t\t\r\n\t\t\t\t\t\t\t\t\t\t\t\r\n\t\t\t\t\t\t\t\t\t\t\t\t\t\t\t\t\t\t\t\t\t\t\t<div class=\"slide-content\">\r\n\t\t\t\t\t\t\t\t\t\t\t\t\t<div class=\"slide-content-visible\">\r\n\t\t\t\t\t\t\t\t\t\t\t\t\t\t\r\n\t\t\t\t\t\t\t\t\t\t\t\t\t\t\r\n\t\t\t\t\t\t\t\t\t\t\t\t\t\t\t\t\t\t\t\t\t\t\t\t\t\t\t\t\t\t\t\t\t\t\t\t\t\t\t\t\t\t\t\r\n\t\t\t\t\t\t\t\t\t\t\t\t\t\t\t\t\t\t\t\t\t\t\t\t\t\t\t\t\t<div class=\"title\">\r\n\t\t\t\t\t\t\t\t\t\t\t\t\t\t\t\t<span class=\"title-h5 \">Anuncian lluvia de letras que caer\u00e1 sobre el recinto de ferias del Parque Saval<\/span>\t\t\t\t\t\t\t\t\t\t\t\t\t\t\t<\/div>\r\n\t\t\t\t\t\t\t\t\t\t\t\t\t\t\r\n\t\t\t\t\t\t\t\t\t\t\t\t\t\t\r\n\t\t\t\t\t\t\t\t\t\t\t\t\t\t\t\t\t\t\t\t\t\t\t\t\t\t\t<\/div>\r\n\r\n\t\t\t\t\t\t\t\t\t\t\t\t\t<div class=\"slide-content-hidden\">\r\n\t\t\t\t\t\t\t\t\t\t\t\t\t\t\r\n\t\t\t\t\t\t\t\t\t\t\t\t\t\t\r\n\t\t\t\t\t\t\t\t\t\t\t\t\t\t\t\t\t\t\t\t\t\t\t\t\t\t\t\t\t\t\t\t\t\t\t\t\t\t\t\t\t\t\t\r\n\t\t\t\t\t\t\t\t\t\t\t\t\t\t\t\t\t\t\t<div class=\"info\">\n\t\t\t\t<a class=\"additional-meta\" data-filter-type=\"taxonomies\" data-attr=\"category\" data-filter=\"destacados\">Destacados<\/a><span class=\"sep\"><\/span> <a class=\"additional-meta\" data-filter-type=\"taxonomies\" data-attr=\"category\" data-filter=\"region-ludica\">Regi\u00f3n L\u00fadica<\/a>\t\t\t\t\t<\/div>\n\t\t\t\t\r\n\t\t\t\t\t\t\t\t\t\t\t\t\t\t\t\t\t\t\t\t\t\t\t\t\t\t\t\t\t<div class=\"description\">\r\n\t\t\t\t\t\t\t\t\t\t\t\t\t\t\t\t<div class=\"subtitle\">\r\n\t\t\t\t\t\t\t\t\t\t\t\t\t\t\t\t\t<span class=\"text-body\"><p>Este fin de semana se realizar\u00e1 la nueva versi\u00f3n de la \u201cFeria del Libro de Valdivia\u201d, cuyo tema central ser\u00e1 la conmemoraci\u00f3n de los 80 a\u00f1os del Premio Nobel de Literatura otorgado a la poetisa chilena Gabriela Mistral.<\/p>\n<\/span>\r\n\t\t\t\t\t\t\t\t\t\t\t\t\t\t\t\t<\/div>\r\n\t\t\t\t\t\t\t\t\t\t\t\t\t\t\t<\/div>\r\n\t\t\t\t\t\t\t\t\t\t\t\t\t\t\r\n\t\t\t\t\t\t\t\t\t\t\t\t\t\t\r\n\t\t\t\t\t\t\t\t\t\t\t\t\t\t\r\n\t\t\t\t\t\t\t\t\t\t\t\t\t\t\t\t\t\t\t\t\t\t\t\t\t\t\t\t\t\n\t\t<div class=\"grid-post-meta clearfix \">\n\t\t\t<div class=\"grid-post-meta-inner\">\n\t\t\t\t\t\t\t\t\t<div class=\"grid-post-share\">\n\t\t\t\t\t\t<a href=\"javascript: void(0);\" class=\"icon share\">\n\t\t\t\t\t\t\t\t\t\t\t\t\t\t\t<i class=\"default\"><\/i>\n\t\t\t\t\t\t\t\t\t\t\t\t\t<\/a>\n\t\t\t\t\t<\/div>\n\t\t\t\t\n\t\t\t\t<div class=\"grid-post-meta-comments-likes\">\n\t\t\t\t\t\n\t\t\t\t\t<span class=\"post-meta-likes\">\t\t\t\t\t\t\t<i class=\"default\"><\/i>\n\t\t\t\t\t\t<a href=\"#\" class=\"zilla-likes\" id=\"zilla-likes-2297\" title=\"Like this\"><span class=\"zilla-likes-count\">0<\/span> <span class=\"zilla-likes-postfix\"><\/span><\/a><\/span>\t\t\t\t<\/div>\n\n\t\t\t\t\t\t\t\t\t<div class=\"portfolio-sharing-pane\">\r\n<div class=\"socials-sharing socials socials-colored-hover \">\r\n\t        <a class=\"socials-item\" target=\"_blank\"\r\n           href=\"https:\/\/www.facebook.com\/sharer\/sharer.php?u=https%3A%2F%2Felfuerte.cl%2Fweb%2F2025%2F11%2F17%2Fanuncian-lluvia-de-letras-que-caera-sobre-el-recinto-de-ferias-del-parque-saval%2F\"\r\n           title=\"Facebook\"><i class=\"socials-item-icon facebook\"><\/i><\/a>\r\n\t\t        <a class=\"socials-item\" target=\"_blank\"\r\n           href=\"https:\/\/twitter.com\/intent\/tweet?text=Anuncian+lluvia+de+letras+que+caer%C3%A1+sobre+el+recinto+de+ferias+del+Parque+Saval&#038;url=https%3A%2F%2Felfuerte.cl%2Fweb%2F2025%2F11%2F17%2Fanuncian-lluvia-de-letras-que-caera-sobre-el-recinto-de-ferias-del-parque-saval%2F\"\r\n           title=\"Twitter\"><i class=\"socials-item-icon twitter\"><\/i><\/a>\r\n\t\t        <a class=\"socials-item\" target=\"_blank\"\r\n           href=\"https:\/\/pinterest.com\/pin\/create\/button\/?url=https%3A%2F%2Felfuerte.cl%2Fweb%2F2025%2F11%2F17%2Fanuncian-lluvia-de-letras-que-caera-sobre-el-recinto-de-ferias-del-parque-saval%2F&#038;description=Anuncian+lluvia+de+letras+que+caer%C3%A1+sobre+el+recinto+de+ferias+del+Parque+Saval&#038;media=https%3A%2F%2Felfuerte.cl%2Fweb%2Fwp-content%2Fuploads%2F2025%2F11%2Fferiabanner-thegem-blog-timeline-large.jpg\"\r\n           title=\"Pinterest\"><i class=\"socials-item-icon pinterest\"><\/i><\/a>\r\n\t\t        <a class=\"socials-item\" target=\"_blank\"\r\n           href=\"http:\/\/tumblr.com\/widgets\/share\/tool?canonicalUrl=https%3A%2F%2Felfuerte.cl%2Fweb%2F2025%2F11%2F17%2Fanuncian-lluvia-de-letras-que-caera-sobre-el-recinto-de-ferias-del-parque-saval%2F\"\r\n           title=\"Tumblr\"><i class=\"socials-item-icon tumblr\"><\/i><\/a>\r\n\t\t        <a class=\"socials-item\" target=\"_blank\"\r\n           href=\"https:\/\/www.linkedin.com\/shareArticle?mini=true&#038;url=https%3A%2F%2Felfuerte.cl%2Fweb%2F2025%2F11%2F17%2Fanuncian-lluvia-de-letras-que-caera-sobre-el-recinto-de-ferias-del-parque-saval%2F&#038;title=Anuncian+lluvia+de+letras+que+caer%C3%A1+sobre+el+recinto+de+ferias+del+Parque+Saval&amp;summary=Este+fin+de+semana+se+realizar%C3%A1+la+nueva+versi%C3%B3n+de+la+%E2%80%9CFeria+del+Libro+de+Valdivia%E2%80%9D%2C+cuyo+tema+central+ser%C3%A1+la+conmemoraci%C3%B3n+de+los+80+a%C3%B1os+del+Premio+Nobel+de+Literatura+otorgado+a+la+poetisa+chilena+Gabriela+Mistral.\"\r\n           title=\"LinkedIn\"><i class=\"socials-item-icon linkedin\"><\/i><\/a>\r\n\t\t        <a class=\"socials-item\" target=\"_blank\"\r\n           href=\"https:\/\/www.reddit.com\/submit?url=https%3A%2F%2Felfuerte.cl%2Fweb%2F2025%2F11%2F17%2Fanuncian-lluvia-de-letras-que-caera-sobre-el-recinto-de-ferias-del-parque-saval%2F&#038;title=Anuncian+lluvia+de+letras+que+caer%C3%A1+sobre+el+recinto+de+ferias+del+Parque+Saval\"\r\n           title=\"Reddit\"><i class=\"socials-item-icon reddit\"><\/i><\/a>\r\n\t<\/div>\r\n<\/div>\n\t\t\t\t\t\t\t<\/div>\n\t\t<\/div>\n\n\t\t\t\t\t\t\t\t\t\t\t\t\t\t\t\t\t\t\t\t\t\t\t\t\t\t\t\t\t<\/div>\r\n\t\t\t\t\t\t\t\t\t\t\t\t<\/div>\r\n\r\n\t\t\t\t\t\t\t\t\t\t\t\t\r\n\t\t\t\t\t\t\t\t\t\t\t\t\r\n\t\t\t\t\t\t\t\t\t\t\t\t\t\t\t\t\t\t\t\t\t\t\t\t\t<div class=\"post-date\">17\/11\/2025<\/div>\r\n\t\t\t\t\t\t\t\t\t\t\t\t\r\n\t\t\t\t\t\t\t\t\t\t\t\t\t\t\t\t\t\t\t\t\t<\/div>\r\n\t\t\t\t\t\t\t\t\t<\/div>\r\n\t\t\t\t\t\t\t\t<\/div>\r\n\t\t\t\t\t\t\t<\/div>\r\n\t\t\t\t\t\t\t\t\t\t\t<\/div>\r\n\t\t\t\t\r\n\t\t\t\t\t\t\t<\/div>\r\n\t\t\t\t<\/div>\r\n\t<div class=\"portfolio-item destacados region-ludica col-xs-12 col-sm-6 col-md-6 bigger item-animations-not-inited before-start post-has-author appearance-type- post-2210 post type-post status-publish format-standard has-post-thumbnail category-destacados category-region-ludica tag-creaciones tag-identidad-territorial tag-musica tag-vida-rural\" style=\"padding: calc(42px\/2)\" data-default-sort=\"0\" data-sort-date=\"1763138392\">\r\n\t\t\t\t\t\r\n\t\t\t<div class=\"wrap clearfix\">\r\n\t\t\t\t\t\t\t\t\t\t\t\t\t<div class=\"image post-2210 post type-post status-publish format-standard has-post-thumbnail category-destacados category-region-ludica tag-creaciones tag-identidad-territorial tag-musica tag-vida-rural\">\r\n\t\t\t\t\t\t<div class=\"image-inner \">\r\n\r\n\t\t\t\t\t\t\t\t\t<picture>\n\t\t\t\t\t\t<img src=\"https:\/\/elfuerte.cl\/web\/wp-content\/uploads\/2026\/04\/transparent-thegem-product-justified-square-xl.png\" width=\"700\" height=\"700\"  class=\"attachment-thegem-product-justified-square-xl\" alt=\"Extienden plazo para postular al Primer Festival del Cantar Campesino\" style=\"max-width: 110%\" \/>\n\t\t<\/picture>\n\t\t<div class=\"post-featured-content\"><a href=\"https:\/\/elfuerte.cl\/web\/2025\/11\/14\/extienden-plazo-para-postular-al-primer-festival-del-cantar-campesino\/\">\t\t<picture>\n\t\t\t\t\t\t\t\t\t\t\t\t\t\t\t\t\t<source srcset=\"https:\/\/elfuerte.cl\/web\/wp-content\/uploads\/2025\/11\/bodermar-banner-thegem-product-justified-square-xl.jpg 1x\"   sizes=\"100vw\">\n\t\t\t\t\t\t\t<img src=\"https:\/\/elfuerte.cl\/web\/wp-content\/uploads\/2025\/11\/bodermar-banner-thegem-product-justified-square-xl.jpg\" width=\"700\" height=\"674\"  class=\"img-responsive\" alt=\"bodermar-banner\" \/>\n\t\t<\/picture>\n\t\t<\/a><\/div>\t\t\t\t\t\t<\/div>\r\n\r\n\t\t\t\t\t\t\t\t\t\t\t\t\t<div class=\"overlay\">\r\n\t\t\t\t\t\t\t\t<div class=\"overlay-circle\"><\/div>\r\n\r\n\t\t\t\t\t\t\t\t<div class=\"links-wrapper\">\r\n\t\t\t\t\t\t\t\t\t<div class=\"links\">\r\n\t\t\t\t\t\t\t\t\t\t<div class=\"caption\">\r\n\t\t\t\t\t\t\t\t\t\t\t<a href=\"https:\/\/elfuerte.cl\/web\/2025\/11\/14\/extienden-plazo-para-postular-al-primer-festival-del-cantar-campesino\/\" class=\"portfolio-item-link\">\r\n\t\t\t\t\t\t\t\t\t\t\t\t<span class=\"screen-reader-text\">Extienden plazo para postular al Primer Festival del Cantar Campesino<\/span>\r\n\t\t\t\t\t\t\t\t\t\t\t<\/a>\r\n\r\n\t\t\t\t\t\t\t\t\t\t\t\t\t\t\t\t\t\t\t\t\t\t\t\r\n\t\t\t\t\t\t\t\t\t\t\t\t\t\t\t\t\t\t\t\t\t\t\t\r\n\t\t\t\t\t\t\t\t\t\t\t\r\n\t\t\t\t\t\t\t\t\t\t\t\t\t\t\t\t\t\t\t\t\t\t\t<div class=\"slide-content\">\r\n\t\t\t\t\t\t\t\t\t\t\t\t\t<div class=\"slide-content-visible\">\r\n\t\t\t\t\t\t\t\t\t\t\t\t\t\t\r\n\t\t\t\t\t\t\t\t\t\t\t\t\t\t\r\n\t\t\t\t\t\t\t\t\t\t\t\t\t\t\t\t\t\t\t\t\t\t\t\t\t\t\t\t\t\t\t\t\t\t\t\t\t\t\t\t\t\t\t\r\n\t\t\t\t\t\t\t\t\t\t\t\t\t\t\t\t\t\t\t\t\t\t\t\t\t\t\t\t\t<div class=\"title\">\r\n\t\t\t\t\t\t\t\t\t\t\t\t\t\t\t\t<span class=\"title-h5 \">Extienden plazo para postular al Primer Festival del Cantar Campesino<\/span>\t\t\t\t\t\t\t\t\t\t\t\t\t\t\t<\/div>\r\n\t\t\t\t\t\t\t\t\t\t\t\t\t\t\r\n\t\t\t\t\t\t\t\t\t\t\t\t\t\t\r\n\t\t\t\t\t\t\t\t\t\t\t\t\t\t\t\t\t\t\t\t\t\t\t\t\t\t\t<\/div>\r\n\r\n\t\t\t\t\t\t\t\t\t\t\t\t\t<div class=\"slide-content-hidden\">\r\n\t\t\t\t\t\t\t\t\t\t\t\t\t\t\r\n\t\t\t\t\t\t\t\t\t\t\t\t\t\t\r\n\t\t\t\t\t\t\t\t\t\t\t\t\t\t\t\t\t\t\t\t\t\t\t\t\t\t\t\t\t\t\t\t\t\t\t\t\t\t\t\t\t\t\t\r\n\t\t\t\t\t\t\t\t\t\t\t\t\t\t\t\t\t\t\t<div class=\"info\">\n\t\t\t\t<a class=\"additional-meta\" data-filter-type=\"taxonomies\" data-attr=\"category\" data-filter=\"destacados\">Destacados<\/a><span class=\"sep\"><\/span> <a class=\"additional-meta\" data-filter-type=\"taxonomies\" data-attr=\"category\" data-filter=\"region-ludica\">Regi\u00f3n L\u00fadica<\/a>\t\t\t\t\t<\/div>\n\t\t\t\t\r\n\t\t\t\t\t\t\t\t\t\t\t\t\t\t\t\t\t\t\t\t\t\t\t\t\t\t\t\t\t<div class=\"description\">\r\n\t\t\t\t\t\t\t\t\t\t\t\t\t\t\t\t<div class=\"subtitle\">\r\n\t\t\t\t\t\t\t\t\t\t\t\t\t\t\t\t\t<span class=\"text-body\"><p>Hasta el s\u00e1bado 22 de noviembre tienen plazo los artistas locales que deseen participar con una de sus creaciones musicales en el Primer Festival del Cantar Campesino \u201cVoces del Territorio\u201d, organizado por la comunidad ind\u00edgena Manuel Carim\u00e1n y que tendr\u00e1 lugar en la localidad de Folilco, distante 12 kil\u00f3metros de M\u00e1fil, los d\u00edas s\u00e1bado 29 y domingo 30 de noviembre.<\/p>\n<\/span>\r\n\t\t\t\t\t\t\t\t\t\t\t\t\t\t\t\t<\/div>\r\n\t\t\t\t\t\t\t\t\t\t\t\t\t\t\t<\/div>\r\n\t\t\t\t\t\t\t\t\t\t\t\t\t\t\r\n\t\t\t\t\t\t\t\t\t\t\t\t\t\t\r\n\t\t\t\t\t\t\t\t\t\t\t\t\t\t\r\n\t\t\t\t\t\t\t\t\t\t\t\t\t\t\t\t\t\t\t\t\t\t\t\t\t\t\t\t\t\n\t\t<div class=\"grid-post-meta clearfix \">\n\t\t\t<div class=\"grid-post-meta-inner\">\n\t\t\t\t\t\t\t\t\t<div class=\"grid-post-share\">\n\t\t\t\t\t\t<a href=\"javascript: void(0);\" class=\"icon share\">\n\t\t\t\t\t\t\t\t\t\t\t\t\t\t\t<i class=\"default\"><\/i>\n\t\t\t\t\t\t\t\t\t\t\t\t\t<\/a>\n\t\t\t\t\t<\/div>\n\t\t\t\t\n\t\t\t\t<div class=\"grid-post-meta-comments-likes\">\n\t\t\t\t\t\n\t\t\t\t\t<span class=\"post-meta-likes\">\t\t\t\t\t\t\t<i class=\"default\"><\/i>\n\t\t\t\t\t\t<a href=\"#\" class=\"zilla-likes\" id=\"zilla-likes-2210\" title=\"Like this\"><span class=\"zilla-likes-count\">0<\/span> <span class=\"zilla-likes-postfix\"><\/span><\/a><\/span>\t\t\t\t<\/div>\n\n\t\t\t\t\t\t\t\t\t<div class=\"portfolio-sharing-pane\">\r\n<div class=\"socials-sharing socials socials-colored-hover \">\r\n\t        <a class=\"socials-item\" target=\"_blank\"\r\n           href=\"https:\/\/www.facebook.com\/sharer\/sharer.php?u=https%3A%2F%2Felfuerte.cl%2Fweb%2F2025%2F11%2F14%2Fextienden-plazo-para-postular-al-primer-festival-del-cantar-campesino%2F\"\r\n           title=\"Facebook\"><i class=\"socials-item-icon facebook\"><\/i><\/a>\r\n\t\t        <a class=\"socials-item\" target=\"_blank\"\r\n           href=\"https:\/\/twitter.com\/intent\/tweet?text=Extienden+plazo+para+postular+al+Primer+Festival+del+Cantar+Campesino&#038;url=https%3A%2F%2Felfuerte.cl%2Fweb%2F2025%2F11%2F14%2Fextienden-plazo-para-postular-al-primer-festival-del-cantar-campesino%2F\"\r\n           title=\"Twitter\"><i class=\"socials-item-icon twitter\"><\/i><\/a>\r\n\t\t        <a class=\"socials-item\" target=\"_blank\"\r\n           href=\"https:\/\/pinterest.com\/pin\/create\/button\/?url=https%3A%2F%2Felfuerte.cl%2Fweb%2F2025%2F11%2F14%2Fextienden-plazo-para-postular-al-primer-festival-del-cantar-campesino%2F&#038;description=Extienden+plazo+para+postular+al+Primer+Festival+del+Cantar+Campesino&#038;media=https%3A%2F%2Felfuerte.cl%2Fweb%2Fwp-content%2Fuploads%2F2025%2F11%2Fbodermar-banner-thegem-blog-timeline-large.jpg\"\r\n           title=\"Pinterest\"><i class=\"socials-item-icon pinterest\"><\/i><\/a>\r\n\t\t        <a class=\"socials-item\" target=\"_blank\"\r\n           href=\"http:\/\/tumblr.com\/widgets\/share\/tool?canonicalUrl=https%3A%2F%2Felfuerte.cl%2Fweb%2F2025%2F11%2F14%2Fextienden-plazo-para-postular-al-primer-festival-del-cantar-campesino%2F\"\r\n           title=\"Tumblr\"><i class=\"socials-item-icon tumblr\"><\/i><\/a>\r\n\t\t        <a class=\"socials-item\" target=\"_blank\"\r\n           href=\"https:\/\/www.linkedin.com\/shareArticle?mini=true&#038;url=https%3A%2F%2Felfuerte.cl%2Fweb%2F2025%2F11%2F14%2Fextienden-plazo-para-postular-al-primer-festival-del-cantar-campesino%2F&#038;title=Extienden+plazo+para+postular+al+Primer+Festival+del+Cantar+Campesino&amp;summary=Hasta+el+s%C3%A1bado+22+de+noviembre+tienen+plazo+los+artistas+locales+que+deseen+participar+con+una+de+sus+creaciones+musicales+en+el+Primer+Festival+del+Cantar+Campesino+%E2%80%9CVoces+del+Territorio%E2%80%9D%2C+organizado+por+la+comunidad+ind%C3%ADgena+Manuel+Carim%C3%A1n+y+que+tendr%C3%A1+lugar+en+la+localidad+de+Folilco%2C+distante+12+kil%C3%B3metros+de+M%C3%A1fil%2C+los+d%C3%ADas+s%C3%A1bado+29+y+domingo+30+de+noviembre.\"\r\n           title=\"LinkedIn\"><i class=\"socials-item-icon linkedin\"><\/i><\/a>\r\n\t\t        <a class=\"socials-item\" target=\"_blank\"\r\n           href=\"https:\/\/www.reddit.com\/submit?url=https%3A%2F%2Felfuerte.cl%2Fweb%2F2025%2F11%2F14%2Fextienden-plazo-para-postular-al-primer-festival-del-cantar-campesino%2F&#038;title=Extienden+plazo+para+postular+al+Primer+Festival+del+Cantar+Campesino\"\r\n           title=\"Reddit\"><i class=\"socials-item-icon reddit\"><\/i><\/a>\r\n\t<\/div>\r\n<\/div>\n\t\t\t\t\t\t\t<\/div>\n\t\t<\/div>\n\n\t\t\t\t\t\t\t\t\t\t\t\t\t\t\t\t\t\t\t\t\t\t\t\t\t\t\t\t\t<\/div>\r\n\t\t\t\t\t\t\t\t\t\t\t\t<\/div>\r\n\r\n\t\t\t\t\t\t\t\t\t\t\t\t\r\n\t\t\t\t\t\t\t\t\t\t\t\t\r\n\t\t\t\t\t\t\t\t\t\t\t\t\t\t\t\t\t\t\t\t\t\t\t\t\t<div class=\"post-date\">14\/11\/2025<\/div>\r\n\t\t\t\t\t\t\t\t\t\t\t\t\r\n\t\t\t\t\t\t\t\t\t\t\t\t\t\t\t\t\t\t\t\t\t<\/div>\r\n\t\t\t\t\t\t\t\t\t<\/div>\r\n\t\t\t\t\t\t\t\t<\/div>\r\n\t\t\t\t\t\t\t<\/div>\r\n\t\t\t\t\t\t\t\t\t\t\t<\/div>\r\n\t\t\t\t\r\n\t\t\t\t\t\t\t<\/div>\r\n\t\t\t\t<\/div>\r\n\t\t\t\t\t\t\t\t\t<\/div><!-- .portflio-set -->\n\t\t\t\t\t\t\t\t\t\t\t\t\t\t\t\t\t\t\t<div class=\"portfolio-item-size-container\">\n\t\t\t\t\t\t\t\t\t\t\t\t<div class=\"portfolio-item col-xs-12 col-sm-6 col-md-6 bigger item-animations-not-inited before-start post-has-author post-2210 post type-post status-publish format-standard has-post-thumbnail category-destacados category-region-ludica tag-creaciones tag-identidad-territorial tag-musica tag-vida-rural\">\r\n\t\t\t<\/div>\r\n\t\t\t\t\t\t\t\t\t\t<\/div>\n\t\t\t\t\t\t\t\t\t\t\t\t\t\t\t\t\t<\/div><!-- .row-->\n\n\t\t\t\t\t\t\t\t\n\t\t\t\t\t\t\t\t\n\t\t\t\t\t<\/div><!-- .full-width -->\n\t\t\t\t<\/div><!-- .portfolio-->\n\t\t\t<\/div><!-- .portfolio-preloader-wrapper-->\n\t\t\t\t\t\t<\/div>\n\t\t\t\t<\/div>\n\t\t\t\t<div class=\"elementor-element elementor-element-1c517c5 flex-horizontal-align-default flex-horizontal-align-tablet-default flex-horizontal-align-mobile-default flex-vertical-align-default flex-vertical-align-tablet-default flex-vertical-align-mobile-default elementor-widget elementor-widget-thegem-extended-blog-grid\" data-id=\"1c517c5\" data-element_type=\"widget\" data-settings=\"{&quot;thegem_elementor_preset&quot;:&quot;new&quot;,&quot;columns&quot;:&quot;2x&quot;,&quot;categories&quot;:[&quot;region-ludica&quot;],&quot;items_per_page&quot;:4,&quot;loading_animation&quot;:&quot;yes&quot;,&quot;animation_effect&quot;:&quot;move-up&quot;,&quot;image_hover_effect&quot;:&quot;vertical-sliding&quot;,&quot;by_text&quot;:&quot;By&quot;,&quot;layout&quot;:&quot;masonry&quot;,&quot;pagination_type&quot;:&quot;scroll&quot;,&quot;ignore_highlights&quot;:&quot;yes&quot;,&quot;portfolio_uid&quot;:&quot;08f94ee&quot;,&quot;filters_text_labels_clear_text&quot;:&quot;Clear Filters&quot;,&quot;not_found_text&quot;:&quot;No items were found matching your selection&quot;,&quot;sorting_extended_text&quot;:&quot;Default sorting&quot;,&quot;sorting_extended_dropdown_title_text&quot;:&quot;Sort by title (A-Z)&quot;,&quot;sorting_extended_dropdown_title_desc_text&quot;:&quot;Sort by title (Z-A)&quot;,&quot;sorting_extended_dropdown_latest_text&quot;:&quot;Sort by latest&quot;,&quot;sorting_extended_dropdown_oldest_text&quot;:&quot;Sort by oldest&quot;,&quot;exclude_blog_posts_type&quot;:&quot;term&quot;,&quot;exclude_blog_posts_terms&quot;:[&quot;category|100&quot;],&quot;additional_meta_click_behavior&quot;:&quot;filtering&quot;,&quot;skin_source&quot;:&quot;default&quot;,&quot;columns_tablet&quot;:&quot;2x&quot;,&quot;columns_mobile&quot;:&quot;1x&quot;,&quot;query_type&quot;:&quot;post&quot;,&quot;source&quot;:[&quot;categories&quot;],&quot;order_by&quot;:&quot;default&quot;,&quot;order&quot;:&quot;default&quot;,&quot;caption_position&quot;:&quot;page&quot;,&quot;blog_show_featured_image&quot;:&quot;yes&quot;,&quot;blog_show_title&quot;:&quot;yes&quot;,&quot;blog_show_description&quot;:&quot;yes&quot;,&quot;blog_show_date&quot;:&quot;yes&quot;,&quot;blog_show_categories&quot;:&quot;yes&quot;,&quot;additional_meta_type&quot;:&quot;taxonomies&quot;,&quot;additional_meta_taxonomies&quot;:&quot;category&quot;,&quot;blog_show_author&quot;:&quot;yes&quot;,&quot;blog_show_author_avatar&quot;:&quot;yes&quot;,&quot;blog_show_likes&quot;:&quot;yes&quot;,&quot;filter_type&quot;:&quot;default&quot;,&quot;filter_style&quot;:&quot;buttons&quot;,&quot;search_by&quot;:&quot;content&quot;,&quot;show_pagination&quot;:&quot;yes&quot;,&quot;next_page_preloading&quot;:&quot;yes&quot;,&quot;social_sharing&quot;:&quot;yes&quot;,&quot;sharing_icon&quot;:{&quot;value&quot;:&quot;&quot;,&quot;library&quot;:&quot;&quot;},&quot;shares_show_facebook&quot;:&quot;yes&quot;,&quot;shares_show_twitter&quot;:&quot;yes&quot;,&quot;shares_show_pinterest&quot;:&quot;yes&quot;,&quot;shares_show_tumblr&quot;:&quot;yes&quot;,&quot;shares_show_linkedin&quot;:&quot;yes&quot;,&quot;shares_show_reddit&quot;:&quot;yes&quot;,&quot;ignore_sticky_posts&quot;:&quot;yes&quot;,&quot;ajax_preloader_type&quot;:&quot;default&quot;,&quot;image_gaps&quot;:{&quot;unit&quot;:&quot;px&quot;,&quot;size&quot;:42,&quot;sizes&quot;:[]},&quot;image_gaps_tablet&quot;:{&quot;unit&quot;:&quot;px&quot;,&quot;size&quot;:&quot;&quot;,&quot;sizes&quot;:[]},&quot;image_gaps_mobile&quot;:{&quot;unit&quot;:&quot;px&quot;,&quot;size&quot;:&quot;&quot;,&quot;sizes&quot;:[]},&quot;icon_hover_show&quot;:&quot;yes&quot;,&quot;icon_hover_icon&quot;:{&quot;value&quot;:&quot;&quot;,&quot;library&quot;:&quot;&quot;},&quot;blog_title_preset&quot;:&quot;default&quot;,&quot;title_tag&quot;:&quot;div&quot;,&quot;blog_description_preset&quot;:&quot;default&quot;,&quot;likes_icon&quot;:{&quot;value&quot;:&quot;&quot;,&quot;library&quot;:&quot;&quot;},&quot;caption_container_preset&quot;:&quot;transparent&quot;,&quot;readmore_button_type&quot;:&quot;outline&quot;,&quot;readmore_button_size&quot;:&quot;default&quot;}\" data-widget_type=\"thegem-extended-blog-grid.default\">\n\t\t\t\t<div class=\"elementor-widget-container\">\n\t\t\t\t\t<div class=\"preloader save-space\"><div class=\"preloader-spin\"><\/div><\/div>\t\t\t<div class=\"portfolio-preloader-wrapper\">\n\n\t\t\t\t\n\t\t\t\t<div class=\"portfolio portfolio-grid extended-portfolio-grid news-grid no-padding portfolio-pagination-scroll portfolio-style-masonry background-style-transparent hover-new-vertical-sliding title-on-page caption-position-page version-new  loading-animation item-animation-move-up      columns-tablet-2 columns-mobile-1 hover-new-vertical-sliding  portfolio-items-masonry columns-2  next-page-preloading        full-image   \" id=\"style-1c517c5\" data-style-uid=\"1c517c5\" data-portfolio-uid=\"08f94ee\" data-current-page=\"1\" data-per-page=\"4\" data-next-page=\"2\" data-pages-count=\"2\" data-hover=\"new-vertical-sliding\" data-portfolio-filter=\"[]\" data-portfolio-filter-attributes=\"null\" data-portfolio-filter-status=\"null\" data-portfolio-filter-price=\"null\" data-portfolio-filter-search=\"\">\n\t\t\t\t\t\n\t\t\t\t\t<div class=\"portfolio-row-outer \">\n\n\t\t\t\t\t\t\t\t\t\t\t\t\t\t\t\t\t\t\t\t\t\t\t<div class=\"portfolio-top-panel filter-type-default selected-only\">\n\t\t\t\t\t\t\t\t\t\t\t\t\t\t\t\t\t\t\t\t<div class=\"portfolio-top-panel-row filter-style-buttons\">\n\t\t\t\t\t\t\t\t\t\t\t\t\t\t\t\t\t\t\t\t\t\t\t<div class=\"portfolio-top-panel-left\"><div class=\"portfolio-filter-item portfolio-selected-filters  \">\n\t<div class=\"portfolio-selected-filter-item clear-filters\">\n\t\tClear Filters\t<\/div>\n\t<\/div>\t\t\t\t\t\t\t\t\t\t\t\t<\/div>\n\t\t\t\t\t\t\t\t\t\t\t\t\t\t\t\t\t\t\t\t\t\t\t\t\t\t\t\t\t\t\t\t\t\t<div class=\"portfolio-top-panel-right\">\n\t\t\t\t\t\t\t\t\t\t\t\t\t\n\t\t\t\t\t\t\t\t\t\t\t\t\t\t\t\t\t\t\t\t\t\t\t\t\t<\/div>\n\t\t\t\t\t\t\t\t\t\t\t\t\t\t\t\t\t\t\t\t\t<\/div>\n\t\t\t\t\t\t\t\t\t\t\t\t\t\t\t\t\t\t\t<\/div>\n\t\t\t\t\t\t\t\t\n\t\t\t\t\t\t\t\t<div class=\"row portfolio-row\">\n\t\t\t\t\t\t\t\t\t<div class=\"portfolio-set clearfix\"\n\t\t\t\t\t\t\t\t\t\t data-max-row-height=\"\">\n\t\t\t\t\t\t\t\t\t\t\t<div class=\"portfolio-item region-ludica col-xs-12 col-sm-6 col-md-6 item-animations-not-inited before-start show-caption-border appearance-type- post-1827 post type-post status-publish format-standard has-post-thumbnail category-region-ludica tag-agua tag-ciencia tag-innovacion tag-region-ludica tag-tecnologia\" style=\"padding: calc(42px\/2)\" data-default-sort=\"0\" data-sort-date=\"1761249911\">\r\n\t\t\t\t\t\r\n\t\t\t<div class=\"wrap clearfix\">\r\n\t\t\t\t\t\t\t\t\t\t\t\t\t<div class=\"image post-1827 post type-post status-publish format-standard has-post-thumbnail category-region-ludica tag-agua tag-ciencia tag-innovacion tag-region-ludica tag-tecnologia\">\r\n\t\t\t\t\t\t<div class=\"image-inner \">\r\n\r\n\t\t\t\t\t\t\t<div class=\"post-featured-content\"><a href=\"https:\/\/elfuerte.cl\/web\/2025\/10\/23\/ciencia-e-innovacion-atrapanieblas-sostenibilidad-hecha-en-chile-1954\/\">\t\t<picture>\n\t\t\t\t\t\t\t\t\t\t\t\t\t\t\t\t\t\t\t<img src=\"https:\/\/elfuerte.cl\/web\/wp-content\/uploads\/2025\/10\/atrapaniebla-thegem-portfolio-masonry.jpg\" width=\"754\" height=\"434\"  class=\"img-responsive\" alt=\"atrapaniebla\" \/>\n\t\t<\/picture>\n\t\t<\/a><\/div>\t\t\t\t\t\t<\/div>\r\n\r\n\t\t\t\t\t\t\t\t\t\t\t\t\t<div class=\"overlay\">\r\n\t\t\t\t\t\t\t\t<div class=\"overlay-circle\"><\/div>\r\n\r\n\t\t\t\t\t\t\t\t<div class=\"links-wrapper\">\r\n\t\t\t\t\t\t\t\t\t<div class=\"links\">\r\n\t\t\t\t\t\t\t\t\t\t<div class=\"caption\">\r\n\t\t\t\t\t\t\t\t\t\t\t<a href=\"https:\/\/elfuerte.cl\/web\/2025\/10\/23\/ciencia-e-innovacion-atrapanieblas-sostenibilidad-hecha-en-chile-1954\/\" class=\"portfolio-item-link\">\r\n\t\t\t\t\t\t\t\t\t\t\t\t<span class=\"screen-reader-text\">Ciencia e innovaci\u00f3n. Atrapanieblas: sostenibilidad hecha en Chile (1954)<\/span>\r\n\t\t\t\t\t\t\t\t\t\t\t<\/a>\r\n\r\n\t\t\t\t\t\t\t\t\t\t\t\t\t\t\t\t\t\t\t\t\t\t\t\t\t\t\t\t\t\t\t\t\t\t\t\t\t<div class=\"portfolio-icons\">\r\n\t\t\t\t\t\t\t\t\t\t\t\t\t\t\t<a href=\"javascript: void(0);\" class=\"icon self-link\">\r\n\t\t\t\t\t\t\t\t\t\t\t\t\t\t\t\t\t\t\t\t\t\t\t\t\t\t\t\t\t\t\t\t\t<i class=\"default\"><\/i>\r\n\t\t\t\t\t\t\t\t\t\t\t\t\t\t\t\t\t\t\t\t\t\t\t\t\t\t\t\t\t\t\t<\/a>\r\n\t\t\t\t\t\t\t\t\t\t\t\t\t\t<\/div>\r\n\t\t\t\t\t\t\t\t\t\t\t\t\t\t\t\t\t\t<div class=\"info\">\n\t\t\t\t<a class=\"additional-meta\" data-filter-type=\"taxonomies\" data-attr=\"category\" data-filter=\"region-ludica\">Regi\u00f3n L\u00fadica<\/a>\t\t\t\t\t<\/div>\n\t\t\t\t\t\t\t\t\t\t\t\t\t\t\t\t\r\n\t\t\t\t\t\t\t\t\t\t\t\t\r\n\t\t\t\t\t\t\t\t\t\t\t\t\t\t\t\t\t\t\t\t\t\t\t\r\n\t\t\t\t\t\t\t\t\t\t\t\r\n\t\t\t\t\t\t\t\t\t\t\t\t\t\t\t\t\t\t\t\t\t<\/div>\r\n\t\t\t\t\t\t\t\t\t<\/div>\r\n\t\t\t\t\t\t\t\t<\/div>\r\n\t\t\t\t\t\t\t<\/div>\r\n\t\t\t\t\t\t\t\t\t\t\t<\/div>\r\n\t\t\t\t\r\n\t\t\t\t\t\t\t\t\t<div class=\"caption post-1827 post type-post status-publish format-standard has-post-thumbnail category-region-ludica tag-agua tag-ciencia tag-innovacion tag-region-ludica tag-tecnologia\">\r\n\r\n\t\t\t\t\t\t\t\t\t\t\t\t\t<div class=\"post-author-date\">\r\n\t\t\t\t\t\t\t\t\n\t\t<div class=\"author\">\n\t\t\t\t\t\t\t<span class=\"author-avatar\"><img alt='' src='https:\/\/secure.gravatar.com\/avatar\/2806c301d7bb12fe5dc95a6fdd4a90e1634db8f1c858bdeff46ab307693cc01a?s=50&#038;d=mm&#038;r=g' srcset='https:\/\/secure.gravatar.com\/avatar\/2806c301d7bb12fe5dc95a6fdd4a90e1634db8f1c858bdeff46ab307693cc01a?s=100&#038;d=mm&#038;r=g 2x' class='avatar avatar-50 photo' height='50' width='50' \/><\/span>\n\t\t\t\t\t\t<span class=\"author-name\">Por <a href=\"https:\/\/elfuerte.cl\/web\" title=\"Visitar el sitio de Prensa El Fuerte\" rel=\"author external\">Prensa El Fuerte<\/a><\/span>\n\t\t<\/div>\n\t\t\t\t\t\t\t\t\t\t\r\n\t\t\t\t\t\t\t\t\t\t\t\t\t\t\t\t\t\t\t\t\t\t\t\t\t\t\t<div class=\"post-author-date-separator\">&nbsp;-&nbsp;<\/div>\r\n\t\t\t\t\t\t\t\t\t\t\t\t\t\t\t\t\t\t<div class=\"post-date\">23\/10\/2025<\/div>\r\n\t\t\t\t\t\t\t\t\r\n\t\t\t\t\t\t\t\t\t\t\t\t\t\t\t<\/div>\r\n\t\t\t\t\t\t\t\t\t\t\t\t\t<div class=\"title\">\r\n\t\t\t\t\t\t\t\t<span class=\"title-h4 \"><a href=\"https:\/\/elfuerte.cl\/web\/2025\/10\/23\/ciencia-e-innovacion-atrapanieblas-sostenibilidad-hecha-en-chile-1954\/\" rel=\"bookmark\">Ciencia e innovaci\u00f3n. Atrapanieblas: sostenibilidad hecha en Chile (1954)<\/a><\/span>\t\t\t\t\t\t\t<\/div>\r\n\t\t\t\t\t\t\r\n\t\t\t\t\t\t\r\n\t\t\t\t\t\t\t\t\t\t\t\t\t\t\t\t\t\t\t\t\t<div class=\"description text-body\">\r\n\t\t\t\t\t\t\t\t\t<p>Al googlear la frase \u201cinnovaci\u00f3n m\u00e1s importante en Chile\u201d, nos arroja tres categor\u00edas como: innovaci\u00f3n cient\u00edfica aplicada; innovaci\u00f3n tecnol\u00f3gica y digital<\/p>\n\t\t\t\t\t\t\t\t<\/div>\r\n\t\t\t\t\t\t\t\t\t\t\t\t\t\t\t<div class=\"grid-post-meta clearfix \">\r\n\t\t\t\t\t\t\t\t\t<div class=\"grid-post-meta-inner\">\r\n\t\t\t\t\t\t\t\t\t\t\t\t\t\t\t\t\t\t\t\t\t<div class=\"grid-post-share\">\r\n\t\t\t\t\t\t\t\t\t\t\t\t<a href=\"javascript: void(0);\" class=\"icon share\">\r\n\t\t\t\t\t\t\t\t\t\t\t\t\t\t\t\t\t\t\t\t\t\t\t\t\t\t\t<i class=\"default\"><\/i>\r\n\t\t\t\t\t\t\t\t\t\t\t\t\t\t\t\t\t\t\t\t\t\t\t\t\t<\/a>\r\n\t\t\t\t\t\t\t\t\t\t\t<\/div>\r\n\t\t\t\t\t\t\t\t\t\t\t<div class=\"portfolio-sharing-pane\">\r\n<div class=\"socials-sharing socials socials-colored-hover \">\r\n\t        <a class=\"socials-item\" target=\"_blank\"\r\n           href=\"https:\/\/www.facebook.com\/sharer\/sharer.php?u=https%3A%2F%2Felfuerte.cl%2Fweb%2F2025%2F10%2F23%2Fciencia-e-innovacion-atrapanieblas-sostenibilidad-hecha-en-chile-1954%2F\"\r\n           title=\"Facebook\"><i class=\"socials-item-icon facebook\"><\/i><\/a>\r\n\t\t        <a class=\"socials-item\" target=\"_blank\"\r\n           href=\"https:\/\/twitter.com\/intent\/tweet?text=Ciencia+e+innovaci%C3%B3n.+Atrapanieblas%3A+sostenibilidad+hecha+en+Chile+%281954%29&#038;url=https%3A%2F%2Felfuerte.cl%2Fweb%2F2025%2F10%2F23%2Fciencia-e-innovacion-atrapanieblas-sostenibilidad-hecha-en-chile-1954%2F\"\r\n           title=\"Twitter\"><i class=\"socials-item-icon twitter\"><\/i><\/a>\r\n\t\t        <a class=\"socials-item\" target=\"_blank\"\r\n           href=\"https:\/\/pinterest.com\/pin\/create\/button\/?url=https%3A%2F%2Felfuerte.cl%2Fweb%2F2025%2F10%2F23%2Fciencia-e-innovacion-atrapanieblas-sostenibilidad-hecha-en-chile-1954%2F&#038;description=Ciencia+e+innovaci%C3%B3n.+Atrapanieblas%3A+sostenibilidad+hecha+en+Chile+%281954%29&#038;media=https%3A%2F%2Felfuerte.cl%2Fweb%2Fwp-content%2Fuploads%2F2025%2F10%2Fatrapaniebla-thegem-blog-timeline-large.jpg\"\r\n           title=\"Pinterest\"><i class=\"socials-item-icon pinterest\"><\/i><\/a>\r\n\t\t        <a class=\"socials-item\" target=\"_blank\"\r\n           href=\"http:\/\/tumblr.com\/widgets\/share\/tool?canonicalUrl=https%3A%2F%2Felfuerte.cl%2Fweb%2F2025%2F10%2F23%2Fciencia-e-innovacion-atrapanieblas-sostenibilidad-hecha-en-chile-1954%2F\"\r\n           title=\"Tumblr\"><i class=\"socials-item-icon tumblr\"><\/i><\/a>\r\n\t\t        <a class=\"socials-item\" target=\"_blank\"\r\n           href=\"https:\/\/www.linkedin.com\/shareArticle?mini=true&#038;url=https%3A%2F%2Felfuerte.cl%2Fweb%2F2025%2F10%2F23%2Fciencia-e-innovacion-atrapanieblas-sostenibilidad-hecha-en-chile-1954%2F&#038;title=Ciencia+e+innovaci%C3%B3n.+Atrapanieblas%3A+sostenibilidad+hecha+en+Chile+%281954%29&amp;summary=Al+googlear+la+frase+%E2%80%9Cinnovaci%C3%B3n+m%C3%A1s+importante+en+Chile%E2%80%9D%2C+nos+arroja+tres+categor%C3%ADas+como%3A+innovaci%C3%B3n+cient%C3%ADfica+aplicada%3B+innovaci%C3%B3n+tecnol%C3%B3gica+y+digital\"\r\n           title=\"LinkedIn\"><i class=\"socials-item-icon linkedin\"><\/i><\/a>\r\n\t\t        <a class=\"socials-item\" target=\"_blank\"\r\n           href=\"https:\/\/www.reddit.com\/submit?url=https%3A%2F%2Felfuerte.cl%2Fweb%2F2025%2F10%2F23%2Fciencia-e-innovacion-atrapanieblas-sostenibilidad-hecha-en-chile-1954%2F&#038;title=Ciencia+e+innovaci%C3%B3n.+Atrapanieblas%3A+sostenibilidad+hecha+en+Chile+%281954%29\"\r\n           title=\"Reddit\"><i class=\"socials-item-icon reddit\"><\/i><\/a>\r\n\t<\/div>\r\n<\/div>\r\n\t\t\t\t\t\t\t\t\t\t\r\n\t\t\t\t\t\t\t\t\t\t<div class=\"grid-post-meta-comments-likes\">\r\n\t\t\t\t\t\t\t\t\t\t\t\r\n\t\t\t\t\t\t\t\t\t\t\t<span class=\"post-meta-likes\">\t\t\t\t\t\t\t\t\t\t\t\t\t<i class=\"default\"><\/i>\r\n\t\t\t\t\t\t\t\t\t\t\t\t<a href=\"#\" class=\"zilla-likes\" id=\"zilla-likes-1827\" title=\"Like this\"><span class=\"zilla-likes-count\">0<\/span> <span class=\"zilla-likes-postfix\"><\/span><\/a><\/span>\t\t\t\t\t\t\t\t\t\t<\/div>\r\n\t\t\t\t\t\t\t\t\t<\/div>\r\n\t\t\t\t\t\t\t\t<\/div>\r\n\t\t\t\t\t\t\t\t\t\t\t\t\t\t\t\t\t\t<\/div>\r\n\t\t\t\t\t\t\t<\/div>\r\n\t\t\t\t<\/div>\r\n\t<div class=\"portfolio-item region-ludica col-xs-12 col-sm-6 col-md-6 item-animations-not-inited before-start show-caption-border appearance-type- post-1809 post type-post status-publish format-standard has-post-thumbnail category-region-ludica tag-filosofia tag-imaginacion tag-literatura tag-reflexion tag-region-ludica\" style=\"padding: calc(42px\/2)\" data-default-sort=\"0\" data-sort-date=\"1758570418\">\r\n\t\t\t\t\t\r\n\t\t\t<div class=\"wrap clearfix\">\r\n\t\t\t\t\t\t\t\t\t\t\t\t\t<div class=\"image post-1809 post type-post status-publish format-standard has-post-thumbnail category-region-ludica tag-filosofia tag-imaginacion tag-literatura tag-reflexion tag-region-ludica\">\r\n\t\t\t\t\t\t<div class=\"image-inner \">\r\n\r\n\t\t\t\t\t\t\t<div class=\"post-featured-content\"><a href=\"https:\/\/elfuerte.cl\/web\/2025\/09\/22\/la-filosofia\/\">\t\t<picture>\n\t\t\t\t\t\t\t\t\t\t\t\t\t\t\t\t\t\t\t<img src=\"https:\/\/elfuerte.cl\/web\/wp-content\/uploads\/2025\/09\/filodofia-thegem-portfolio-masonry.jpg\" width=\"754\" height=\"434\"  class=\"img-responsive\" alt=\"filodofia\" \/>\n\t\t<\/picture>\n\t\t<\/a><\/div>\t\t\t\t\t\t<\/div>\r\n\r\n\t\t\t\t\t\t\t\t\t\t\t\t\t<div class=\"overlay\">\r\n\t\t\t\t\t\t\t\t<div class=\"overlay-circle\"><\/div>\r\n\r\n\t\t\t\t\t\t\t\t<div class=\"links-wrapper\">\r\n\t\t\t\t\t\t\t\t\t<div class=\"links\">\r\n\t\t\t\t\t\t\t\t\t\t<div class=\"caption\">\r\n\t\t\t\t\t\t\t\t\t\t\t<a href=\"https:\/\/elfuerte.cl\/web\/2025\/09\/22\/la-filosofia\/\" class=\"portfolio-item-link\">\r\n\t\t\t\t\t\t\t\t\t\t\t\t<span class=\"screen-reader-text\">La filosof\u00eda<\/span>\r\n\t\t\t\t\t\t\t\t\t\t\t<\/a>\r\n\r\n\t\t\t\t\t\t\t\t\t\t\t\t\t\t\t\t\t\t\t\t\t\t\t\t\t\t\t\t\t\t\t\t\t\t\t\t\t<div class=\"portfolio-icons\">\r\n\t\t\t\t\t\t\t\t\t\t\t\t\t\t\t<a href=\"javascript: void(0);\" class=\"icon self-link\">\r\n\t\t\t\t\t\t\t\t\t\t\t\t\t\t\t\t\t\t\t\t\t\t\t\t\t\t\t\t\t\t\t\t\t<i class=\"default\"><\/i>\r\n\t\t\t\t\t\t\t\t\t\t\t\t\t\t\t\t\t\t\t\t\t\t\t\t\t\t\t\t\t\t\t<\/a>\r\n\t\t\t\t\t\t\t\t\t\t\t\t\t\t<\/div>\r\n\t\t\t\t\t\t\t\t\t\t\t\t\t\t\t\t\t\t<div class=\"info\">\n\t\t\t\t<a class=\"additional-meta\" data-filter-type=\"taxonomies\" data-attr=\"category\" data-filter=\"region-ludica\">Regi\u00f3n L\u00fadica<\/a>\t\t\t\t\t<\/div>\n\t\t\t\t\t\t\t\t\t\t\t\t\t\t\t\t\r\n\t\t\t\t\t\t\t\t\t\t\t\t\r\n\t\t\t\t\t\t\t\t\t\t\t\t\t\t\t\t\t\t\t\t\t\t\t\r\n\t\t\t\t\t\t\t\t\t\t\t\r\n\t\t\t\t\t\t\t\t\t\t\t\t\t\t\t\t\t\t\t\t\t<\/div>\r\n\t\t\t\t\t\t\t\t\t<\/div>\r\n\t\t\t\t\t\t\t\t<\/div>\r\n\t\t\t\t\t\t\t<\/div>\r\n\t\t\t\t\t\t\t\t\t\t\t<\/div>\r\n\t\t\t\t\r\n\t\t\t\t\t\t\t\t\t<div class=\"caption post-1809 post type-post status-publish format-standard has-post-thumbnail category-region-ludica tag-filosofia tag-imaginacion tag-literatura tag-reflexion tag-region-ludica\">\r\n\r\n\t\t\t\t\t\t\t\t\t\t\t\t\t<div class=\"post-author-date\">\r\n\t\t\t\t\t\t\t\t\n\t\t<div class=\"author\">\n\t\t\t\t\t\t\t<span class=\"author-avatar\"><img alt='' src='https:\/\/secure.gravatar.com\/avatar\/2806c301d7bb12fe5dc95a6fdd4a90e1634db8f1c858bdeff46ab307693cc01a?s=50&#038;d=mm&#038;r=g' srcset='https:\/\/secure.gravatar.com\/avatar\/2806c301d7bb12fe5dc95a6fdd4a90e1634db8f1c858bdeff46ab307693cc01a?s=100&#038;d=mm&#038;r=g 2x' class='avatar avatar-50 photo' height='50' width='50' \/><\/span>\n\t\t\t\t\t\t<span class=\"author-name\">Por <a href=\"https:\/\/elfuerte.cl\/web\" title=\"Visitar el sitio de Prensa El Fuerte\" rel=\"author external\">Prensa El Fuerte<\/a><\/span>\n\t\t<\/div>\n\t\t\t\t\t\t\t\t\t\t\r\n\t\t\t\t\t\t\t\t\t\t\t\t\t\t\t\t\t\t\t\t\t\t\t\t\t\t\t<div class=\"post-author-date-separator\">&nbsp;-&nbsp;<\/div>\r\n\t\t\t\t\t\t\t\t\t\t\t\t\t\t\t\t\t\t<div class=\"post-date\">22\/09\/2025<\/div>\r\n\t\t\t\t\t\t\t\t\r\n\t\t\t\t\t\t\t\t\t\t\t\t\t\t\t<\/div>\r\n\t\t\t\t\t\t\t\t\t\t\t\t\t<div class=\"title\">\r\n\t\t\t\t\t\t\t\t<span class=\"title-h4 \"><a href=\"https:\/\/elfuerte.cl\/web\/2025\/09\/22\/la-filosofia\/\" rel=\"bookmark\">La filosof\u00eda<\/a><\/span>\t\t\t\t\t\t\t<\/div>\r\n\t\t\t\t\t\t\r\n\t\t\t\t\t\t\r\n\t\t\t\t\t\t\t\t\t\t\t\t\t\t\t\t\t\t\t\t\t<div class=\"description text-body\">\r\n\t\t\t\t\t\t\t\t\t<p>Plat\u00f3n una vez, en el imaginario de las historias no contadas, le pregunt\u00f3 a Mafalda<\/p>\n\t\t\t\t\t\t\t\t<\/div>\r\n\t\t\t\t\t\t\t\t\t\t\t\t\t\t\t<div class=\"grid-post-meta clearfix \">\r\n\t\t\t\t\t\t\t\t\t<div class=\"grid-post-meta-inner\">\r\n\t\t\t\t\t\t\t\t\t\t\t\t\t\t\t\t\t\t\t\t\t<div class=\"grid-post-share\">\r\n\t\t\t\t\t\t\t\t\t\t\t\t<a href=\"javascript: void(0);\" class=\"icon share\">\r\n\t\t\t\t\t\t\t\t\t\t\t\t\t\t\t\t\t\t\t\t\t\t\t\t\t\t\t<i class=\"default\"><\/i>\r\n\t\t\t\t\t\t\t\t\t\t\t\t\t\t\t\t\t\t\t\t\t\t\t\t\t<\/a>\r\n\t\t\t\t\t\t\t\t\t\t\t<\/div>\r\n\t\t\t\t\t\t\t\t\t\t\t<div class=\"portfolio-sharing-pane\">\r\n<div class=\"socials-sharing socials socials-colored-hover \">\r\n\t        <a class=\"socials-item\" target=\"_blank\"\r\n           href=\"https:\/\/www.facebook.com\/sharer\/sharer.php?u=https%3A%2F%2Felfuerte.cl%2Fweb%2F2025%2F09%2F22%2Fla-filosofia%2F\"\r\n           title=\"Facebook\"><i class=\"socials-item-icon facebook\"><\/i><\/a>\r\n\t\t        <a class=\"socials-item\" target=\"_blank\"\r\n           href=\"https:\/\/twitter.com\/intent\/tweet?text=La+filosof%C3%ADa&#038;url=https%3A%2F%2Felfuerte.cl%2Fweb%2F2025%2F09%2F22%2Fla-filosofia%2F\"\r\n           title=\"Twitter\"><i class=\"socials-item-icon twitter\"><\/i><\/a>\r\n\t\t        <a class=\"socials-item\" target=\"_blank\"\r\n           href=\"https:\/\/pinterest.com\/pin\/create\/button\/?url=https%3A%2F%2Felfuerte.cl%2Fweb%2F2025%2F09%2F22%2Fla-filosofia%2F&#038;description=La+filosof%C3%ADa&#038;media=https%3A%2F%2Felfuerte.cl%2Fweb%2Fwp-content%2Fuploads%2F2025%2F09%2Ffilodofia-thegem-blog-timeline-large.jpg\"\r\n           title=\"Pinterest\"><i class=\"socials-item-icon pinterest\"><\/i><\/a>\r\n\t\t        <a class=\"socials-item\" target=\"_blank\"\r\n           href=\"http:\/\/tumblr.com\/widgets\/share\/tool?canonicalUrl=https%3A%2F%2Felfuerte.cl%2Fweb%2F2025%2F09%2F22%2Fla-filosofia%2F\"\r\n           title=\"Tumblr\"><i class=\"socials-item-icon tumblr\"><\/i><\/a>\r\n\t\t        <a class=\"socials-item\" target=\"_blank\"\r\n           href=\"https:\/\/www.linkedin.com\/shareArticle?mini=true&#038;url=https%3A%2F%2Felfuerte.cl%2Fweb%2F2025%2F09%2F22%2Fla-filosofia%2F&#038;title=La+filosof%C3%ADa&amp;summary=Plat%C3%B3n+una+vez%2C+en+el+imaginario+de+las+historias+no+contadas%2C+le+pregunt%C3%B3+a+Mafalda\"\r\n           title=\"LinkedIn\"><i class=\"socials-item-icon linkedin\"><\/i><\/a>\r\n\t\t        <a class=\"socials-item\" target=\"_blank\"\r\n           href=\"https:\/\/www.reddit.com\/submit?url=https%3A%2F%2Felfuerte.cl%2Fweb%2F2025%2F09%2F22%2Fla-filosofia%2F&#038;title=La+filosof%C3%ADa\"\r\n           title=\"Reddit\"><i class=\"socials-item-icon reddit\"><\/i><\/a>\r\n\t<\/div>\r\n<\/div>\r\n\t\t\t\t\t\t\t\t\t\t\r\n\t\t\t\t\t\t\t\t\t\t<div class=\"grid-post-meta-comments-likes\">\r\n\t\t\t\t\t\t\t\t\t\t\t\r\n\t\t\t\t\t\t\t\t\t\t\t<span class=\"post-meta-likes\">\t\t\t\t\t\t\t\t\t\t\t\t\t<i class=\"default\"><\/i>\r\n\t\t\t\t\t\t\t\t\t\t\t\t<a href=\"#\" class=\"zilla-likes\" id=\"zilla-likes-1809\" title=\"Like this\"><span class=\"zilla-likes-count\">0<\/span> <span class=\"zilla-likes-postfix\"><\/span><\/a><\/span>\t\t\t\t\t\t\t\t\t\t<\/div>\r\n\t\t\t\t\t\t\t\t\t<\/div>\r\n\t\t\t\t\t\t\t\t<\/div>\r\n\t\t\t\t\t\t\t\t\t\t\t\t\t\t\t\t\t\t<\/div>\r\n\t\t\t\t\t\t\t<\/div>\r\n\t\t\t\t<\/div>\r\n\t<div class=\"portfolio-item region-ludica col-xs-12 col-sm-6 col-md-6 item-animations-not-inited before-start show-caption-border appearance-type- post-1818 post type-post status-publish format-standard has-post-thumbnail category-region-ludica tag-biobio tag-dichato tag-region-ludica tag-turismo tag-viajes\" style=\"padding: calc(42px\/2)\" data-default-sort=\"0\" data-sort-date=\"1758484603\">\r\n\t\t\t\t\t\r\n\t\t\t<div class=\"wrap clearfix\">\r\n\t\t\t\t\t\t\t\t\t\t\t\t\t<div class=\"image post-1818 post type-post status-publish format-standard has-post-thumbnail category-region-ludica tag-biobio tag-dichato tag-region-ludica tag-turismo tag-viajes\">\r\n\t\t\t\t\t\t<div class=\"image-inner \">\r\n\r\n\t\t\t\t\t\t\t<div class=\"post-featured-content\"><a href=\"https:\/\/elfuerte.cl\/web\/2025\/09\/21\/cronicas-de-viaje-al-sur-destino-dichato\/\">\t\t<picture>\n\t\t\t\t\t\t\t\t\t\t\t\t\t\t\t\t\t\t\t<img src=\"https:\/\/elfuerte.cl\/web\/wp-content\/uploads\/2025\/09\/dichato-thegem-portfolio-masonry.jpg\" width=\"754\" height=\"434\"  class=\"img-responsive\" alt=\"dichato\" \/>\n\t\t<\/picture>\n\t\t<\/a><\/div>\t\t\t\t\t\t<\/div>\r\n\r\n\t\t\t\t\t\t\t\t\t\t\t\t\t<div class=\"overlay\">\r\n\t\t\t\t\t\t\t\t<div class=\"overlay-circle\"><\/div>\r\n\r\n\t\t\t\t\t\t\t\t<div class=\"links-wrapper\">\r\n\t\t\t\t\t\t\t\t\t<div class=\"links\">\r\n\t\t\t\t\t\t\t\t\t\t<div class=\"caption\">\r\n\t\t\t\t\t\t\t\t\t\t\t<a href=\"https:\/\/elfuerte.cl\/web\/2025\/09\/21\/cronicas-de-viaje-al-sur-destino-dichato\/\" class=\"portfolio-item-link\">\r\n\t\t\t\t\t\t\t\t\t\t\t\t<span class=\"screen-reader-text\">Cr\u00f3nicas de viaje al sur. Destino Dichato<\/span>\r\n\t\t\t\t\t\t\t\t\t\t\t<\/a>\r\n\r\n\t\t\t\t\t\t\t\t\t\t\t\t\t\t\t\t\t\t\t\t\t\t\t\t\t\t\t\t\t\t\t\t\t\t\t\t\t<div class=\"portfolio-icons\">\r\n\t\t\t\t\t\t\t\t\t\t\t\t\t\t\t<a href=\"javascript: void(0);\" class=\"icon self-link\">\r\n\t\t\t\t\t\t\t\t\t\t\t\t\t\t\t\t\t\t\t\t\t\t\t\t\t\t\t\t\t\t\t\t\t<i class=\"default\"><\/i>\r\n\t\t\t\t\t\t\t\t\t\t\t\t\t\t\t\t\t\t\t\t\t\t\t\t\t\t\t\t\t\t\t<\/a>\r\n\t\t\t\t\t\t\t\t\t\t\t\t\t\t<\/div>\r\n\t\t\t\t\t\t\t\t\t\t\t\t\t\t\t\t\t\t<div class=\"info\">\n\t\t\t\t<a class=\"additional-meta\" data-filter-type=\"taxonomies\" data-attr=\"category\" data-filter=\"region-ludica\">Regi\u00f3n L\u00fadica<\/a>\t\t\t\t\t<\/div>\n\t\t\t\t\t\t\t\t\t\t\t\t\t\t\t\t\r\n\t\t\t\t\t\t\t\t\t\t\t\t\r\n\t\t\t\t\t\t\t\t\t\t\t\t\t\t\t\t\t\t\t\t\t\t\t\r\n\t\t\t\t\t\t\t\t\t\t\t\r\n\t\t\t\t\t\t\t\t\t\t\t\t\t\t\t\t\t\t\t\t\t<\/div>\r\n\t\t\t\t\t\t\t\t\t<\/div>\r\n\t\t\t\t\t\t\t\t<\/div>\r\n\t\t\t\t\t\t\t<\/div>\r\n\t\t\t\t\t\t\t\t\t\t\t<\/div>\r\n\t\t\t\t\r\n\t\t\t\t\t\t\t\t\t<div class=\"caption post-1818 post type-post status-publish format-standard has-post-thumbnail category-region-ludica tag-biobio tag-dichato tag-region-ludica tag-turismo tag-viajes\">\r\n\r\n\t\t\t\t\t\t\t\t\t\t\t\t\t<div class=\"post-author-date\">\r\n\t\t\t\t\t\t\t\t\n\t\t<div class=\"author\">\n\t\t\t\t\t\t\t<span class=\"author-avatar\"><img alt='' src='https:\/\/secure.gravatar.com\/avatar\/2806c301d7bb12fe5dc95a6fdd4a90e1634db8f1c858bdeff46ab307693cc01a?s=50&#038;d=mm&#038;r=g' srcset='https:\/\/secure.gravatar.com\/avatar\/2806c301d7bb12fe5dc95a6fdd4a90e1634db8f1c858bdeff46ab307693cc01a?s=100&#038;d=mm&#038;r=g 2x' class='avatar avatar-50 photo' height='50' width='50' \/><\/span>\n\t\t\t\t\t\t<span class=\"author-name\">Por <a href=\"https:\/\/elfuerte.cl\/web\" title=\"Visitar el sitio de Prensa El Fuerte\" rel=\"author external\">Prensa El Fuerte<\/a><\/span>\n\t\t<\/div>\n\t\t\t\t\t\t\t\t\t\t\r\n\t\t\t\t\t\t\t\t\t\t\t\t\t\t\t\t\t\t\t\t\t\t\t\t\t\t\t<div class=\"post-author-date-separator\">&nbsp;-&nbsp;<\/div>\r\n\t\t\t\t\t\t\t\t\t\t\t\t\t\t\t\t\t\t<div class=\"post-date\">21\/09\/2025<\/div>\r\n\t\t\t\t\t\t\t\t\r\n\t\t\t\t\t\t\t\t\t\t\t\t\t\t\t<\/div>\r\n\t\t\t\t\t\t\t\t\t\t\t\t\t<div class=\"title\">\r\n\t\t\t\t\t\t\t\t<span class=\"title-h4 \"><a href=\"https:\/\/elfuerte.cl\/web\/2025\/09\/21\/cronicas-de-viaje-al-sur-destino-dichato\/\" rel=\"bookmark\">Cr\u00f3nicas de viaje al sur. Destino Dichato<\/a><\/span>\t\t\t\t\t\t\t<\/div>\r\n\t\t\t\t\t\t\r\n\t\t\t\t\t\t\r\n\t\t\t\t\t\t\t\t\t\t\t\t\t\t\t\t\t\t\t\t\t<div class=\"description text-body\">\r\n\t\t\t\t\t\t\t\t\t<p>Uno de los balnearios m\u00e1s reconocidos de Biob\u00edo, es la localidad de Dichato<\/p>\n\t\t\t\t\t\t\t\t<\/div>\r\n\t\t\t\t\t\t\t\t\t\t\t\t\t\t\t<div class=\"grid-post-meta clearfix \">\r\n\t\t\t\t\t\t\t\t\t<div class=\"grid-post-meta-inner\">\r\n\t\t\t\t\t\t\t\t\t\t\t\t\t\t\t\t\t\t\t\t\t<div class=\"grid-post-share\">\r\n\t\t\t\t\t\t\t\t\t\t\t\t<a href=\"javascript: void(0);\" class=\"icon share\">\r\n\t\t\t\t\t\t\t\t\t\t\t\t\t\t\t\t\t\t\t\t\t\t\t\t\t\t\t<i class=\"default\"><\/i>\r\n\t\t\t\t\t\t\t\t\t\t\t\t\t\t\t\t\t\t\t\t\t\t\t\t\t<\/a>\r\n\t\t\t\t\t\t\t\t\t\t\t<\/div>\r\n\t\t\t\t\t\t\t\t\t\t\t<div class=\"portfolio-sharing-pane\">\r\n<div class=\"socials-sharing socials socials-colored-hover \">\r\n\t        <a class=\"socials-item\" target=\"_blank\"\r\n           href=\"https:\/\/www.facebook.com\/sharer\/sharer.php?u=https%3A%2F%2Felfuerte.cl%2Fweb%2F2025%2F09%2F21%2Fcronicas-de-viaje-al-sur-destino-dichato%2F\"\r\n           title=\"Facebook\"><i class=\"socials-item-icon facebook\"><\/i><\/a>\r\n\t\t        <a class=\"socials-item\" target=\"_blank\"\r\n           href=\"https:\/\/twitter.com\/intent\/tweet?text=Cr%C3%B3nicas+de+viaje+al+sur.+Destino+Dichato&#038;url=https%3A%2F%2Felfuerte.cl%2Fweb%2F2025%2F09%2F21%2Fcronicas-de-viaje-al-sur-destino-dichato%2F\"\r\n           title=\"Twitter\"><i class=\"socials-item-icon twitter\"><\/i><\/a>\r\n\t\t        <a class=\"socials-item\" target=\"_blank\"\r\n           href=\"https:\/\/pinterest.com\/pin\/create\/button\/?url=https%3A%2F%2Felfuerte.cl%2Fweb%2F2025%2F09%2F21%2Fcronicas-de-viaje-al-sur-destino-dichato%2F&#038;description=Cr%C3%B3nicas+de+viaje+al+sur.+Destino+Dichato&#038;media=https%3A%2F%2Felfuerte.cl%2Fweb%2Fwp-content%2Fuploads%2F2025%2F09%2Fdichato-thegem-blog-timeline-large.jpg\"\r\n           title=\"Pinterest\"><i class=\"socials-item-icon pinterest\"><\/i><\/a>\r\n\t\t        <a class=\"socials-item\" target=\"_blank\"\r\n           href=\"http:\/\/tumblr.com\/widgets\/share\/tool?canonicalUrl=https%3A%2F%2Felfuerte.cl%2Fweb%2F2025%2F09%2F21%2Fcronicas-de-viaje-al-sur-destino-dichato%2F\"\r\n           title=\"Tumblr\"><i class=\"socials-item-icon tumblr\"><\/i><\/a>\r\n\t\t        <a class=\"socials-item\" target=\"_blank\"\r\n           href=\"https:\/\/www.linkedin.com\/shareArticle?mini=true&#038;url=https%3A%2F%2Felfuerte.cl%2Fweb%2F2025%2F09%2F21%2Fcronicas-de-viaje-al-sur-destino-dichato%2F&#038;title=Cr%C3%B3nicas+de+viaje+al+sur.+Destino+Dichato&amp;summary=Uno+de+los+balnearios+m%C3%A1s+reconocidos+de+Biob%C3%ADo%2C+es+la+localidad+de+Dichato\"\r\n           title=\"LinkedIn\"><i class=\"socials-item-icon linkedin\"><\/i><\/a>\r\n\t\t        <a class=\"socials-item\" target=\"_blank\"\r\n           href=\"https:\/\/www.reddit.com\/submit?url=https%3A%2F%2Felfuerte.cl%2Fweb%2F2025%2F09%2F21%2Fcronicas-de-viaje-al-sur-destino-dichato%2F&#038;title=Cr%C3%B3nicas+de+viaje+al+sur.+Destino+Dichato\"\r\n           title=\"Reddit\"><i class=\"socials-item-icon reddit\"><\/i><\/a>\r\n\t<\/div>\r\n<\/div>\r\n\t\t\t\t\t\t\t\t\t\t\r\n\t\t\t\t\t\t\t\t\t\t<div class=\"grid-post-meta-comments-likes\">\r\n\t\t\t\t\t\t\t\t\t\t\t\r\n\t\t\t\t\t\t\t\t\t\t\t<span class=\"post-meta-likes\">\t\t\t\t\t\t\t\t\t\t\t\t\t<i class=\"default\"><\/i>\r\n\t\t\t\t\t\t\t\t\t\t\t\t<a href=\"#\" class=\"zilla-likes\" id=\"zilla-likes-1818\" title=\"Like this\"><span class=\"zilla-likes-count\">0<\/span> <span class=\"zilla-likes-postfix\"><\/span><\/a><\/span>\t\t\t\t\t\t\t\t\t\t<\/div>\r\n\t\t\t\t\t\t\t\t\t<\/div>\r\n\t\t\t\t\t\t\t\t<\/div>\r\n\t\t\t\t\t\t\t\t\t\t\t\t\t\t\t\t\t\t<\/div>\r\n\t\t\t\t\t\t\t<\/div>\r\n\t\t\t\t<\/div>\r\n\t<div class=\"portfolio-item region-ludica col-xs-12 col-sm-6 col-md-6 item-animations-not-inited before-start show-caption-border appearance-type- post-1615 post type-post status-publish format-standard has-post-thumbnail category-region-ludica tag-arte tag-arte-contemporaneo tag-casa-prochelle tag-comunidad-valdiviana tag-corporacion-cultural-de-valdivia tag-cosmovision-andina tag-cultura tag-danza-andina tag-exposicion tag-exposiciones-2025 tag-identidad-local tag-patrimonio tag-pintura tag-region-ludica tag-sofrenia tag-tradiciones tag-valdivia\" style=\"padding: calc(42px\/2)\" data-default-sort=\"0\" data-sort-date=\"1757672063\">\r\n\t\t\t\t\t\r\n\t\t\t<div class=\"wrap clearfix\">\r\n\t\t\t\t\t\t\t\t\t\t\t\t\t<div class=\"image post-1615 post type-post status-publish format-standard has-post-thumbnail category-region-ludica tag-arte tag-arte-contemporaneo tag-casa-prochelle tag-comunidad-valdiviana tag-corporacion-cultural-de-valdivia tag-cosmovision-andina tag-cultura tag-danza-andina tag-exposicion tag-exposiciones-2025 tag-identidad-local tag-patrimonio tag-pintura tag-region-ludica tag-sofrenia tag-tradiciones tag-valdivia\">\r\n\t\t\t\t\t\t<div class=\"image-inner \">\r\n\r\n\t\t\t\t\t\t\t<div class=\"post-featured-content\"><a href=\"https:\/\/elfuerte.cl\/web\/2025\/09\/12\/bajo-la-mirada-de-los-andes-inauguro-temporada-de-exposiciones-2025\/\">\t\t<picture>\n\t\t\t\t\t\t\t\t\t\t\t\t\t\t\t\t\t\t\t<img src=\"https:\/\/elfuerte.cl\/web\/wp-content\/uploads\/2025\/09\/rl0004-thegem-portfolio-masonry.jpg\" width=\"754\" height=\"434\"  class=\"img-responsive\" alt=\"rl0004\" \/>\n\t\t<\/picture>\n\t\t<\/a><\/div>\t\t\t\t\t\t<\/div>\r\n\r\n\t\t\t\t\t\t\t\t\t\t\t\t\t<div class=\"overlay\">\r\n\t\t\t\t\t\t\t\t<div class=\"overlay-circle\"><\/div>\r\n\r\n\t\t\t\t\t\t\t\t<div class=\"links-wrapper\">\r\n\t\t\t\t\t\t\t\t\t<div class=\"links\">\r\n\t\t\t\t\t\t\t\t\t\t<div class=\"caption\">\r\n\t\t\t\t\t\t\t\t\t\t\t<a href=\"https:\/\/elfuerte.cl\/web\/2025\/09\/12\/bajo-la-mirada-de-los-andes-inauguro-temporada-de-exposiciones-2025\/\" class=\"portfolio-item-link\">\r\n\t\t\t\t\t\t\t\t\t\t\t\t<span class=\"screen-reader-text\">\u00abBajo la mirada de los Andes\u00bb inaugur\u00f3 Temporada de Exposiciones 2025<\/span>\r\n\t\t\t\t\t\t\t\t\t\t\t<\/a>\r\n\r\n\t\t\t\t\t\t\t\t\t\t\t\t\t\t\t\t\t\t\t\t\t\t\t\t\t\t\t\t\t\t\t\t\t\t\t\t\t<div class=\"portfolio-icons\">\r\n\t\t\t\t\t\t\t\t\t\t\t\t\t\t\t<a href=\"javascript: void(0);\" class=\"icon self-link\">\r\n\t\t\t\t\t\t\t\t\t\t\t\t\t\t\t\t\t\t\t\t\t\t\t\t\t\t\t\t\t\t\t\t\t<i class=\"default\"><\/i>\r\n\t\t\t\t\t\t\t\t\t\t\t\t\t\t\t\t\t\t\t\t\t\t\t\t\t\t\t\t\t\t\t<\/a>\r\n\t\t\t\t\t\t\t\t\t\t\t\t\t\t<\/div>\r\n\t\t\t\t\t\t\t\t\t\t\t\t\t\t\t\t\t\t<div class=\"info\">\n\t\t\t\t<a class=\"additional-meta\" data-filter-type=\"taxonomies\" data-attr=\"category\" data-filter=\"region-ludica\">Regi\u00f3n L\u00fadica<\/a>\t\t\t\t\t<\/div>\n\t\t\t\t\t\t\t\t\t\t\t\t\t\t\t\t\r\n\t\t\t\t\t\t\t\t\t\t\t\t\r\n\t\t\t\t\t\t\t\t\t\t\t\t\t\t\t\t\t\t\t\t\t\t\t\r\n\t\t\t\t\t\t\t\t\t\t\t\r\n\t\t\t\t\t\t\t\t\t\t\t\t\t\t\t\t\t\t\t\t\t<\/div>\r\n\t\t\t\t\t\t\t\t\t<\/div>\r\n\t\t\t\t\t\t\t\t<\/div>\r\n\t\t\t\t\t\t\t<\/div>\r\n\t\t\t\t\t\t\t\t\t\t\t<\/div>\r\n\t\t\t\t\r\n\t\t\t\t\t\t\t\t\t<div class=\"caption post-1615 post type-post status-publish format-standard has-post-thumbnail category-region-ludica tag-arte tag-arte-contemporaneo tag-casa-prochelle tag-comunidad-valdiviana tag-corporacion-cultural-de-valdivia tag-cosmovision-andina tag-cultura tag-danza-andina tag-exposicion tag-exposiciones-2025 tag-identidad-local tag-patrimonio tag-pintura tag-region-ludica tag-sofrenia tag-tradiciones tag-valdivia\">\r\n\r\n\t\t\t\t\t\t\t\t\t\t\t\t\t<div class=\"post-author-date\">\r\n\t\t\t\t\t\t\t\t\n\t\t<div class=\"author\">\n\t\t\t\t\t\t\t<span class=\"author-avatar\"><img alt='' src='https:\/\/secure.gravatar.com\/avatar\/2806c301d7bb12fe5dc95a6fdd4a90e1634db8f1c858bdeff46ab307693cc01a?s=50&#038;d=mm&#038;r=g' srcset='https:\/\/secure.gravatar.com\/avatar\/2806c301d7bb12fe5dc95a6fdd4a90e1634db8f1c858bdeff46ab307693cc01a?s=100&#038;d=mm&#038;r=g 2x' class='avatar avatar-50 photo' height='50' width='50' \/><\/span>\n\t\t\t\t\t\t<span class=\"author-name\">Por <a href=\"https:\/\/elfuerte.cl\/web\" title=\"Visitar el sitio de Prensa El Fuerte\" rel=\"author external\">Prensa El Fuerte<\/a><\/span>\n\t\t<\/div>\n\t\t\t\t\t\t\t\t\t\t\r\n\t\t\t\t\t\t\t\t\t\t\t\t\t\t\t\t\t\t\t\t\t\t\t\t\t\t\t<div class=\"post-author-date-separator\">&nbsp;-&nbsp;<\/div>\r\n\t\t\t\t\t\t\t\t\t\t\t\t\t\t\t\t\t\t<div class=\"post-date\">12\/09\/2025<\/div>\r\n\t\t\t\t\t\t\t\t\r\n\t\t\t\t\t\t\t\t\t\t\t\t\t\t\t<\/div>\r\n\t\t\t\t\t\t\t\t\t\t\t\t\t<div class=\"title\">\r\n\t\t\t\t\t\t\t\t<span class=\"title-h4 \"><a href=\"https:\/\/elfuerte.cl\/web\/2025\/09\/12\/bajo-la-mirada-de-los-andes-inauguro-temporada-de-exposiciones-2025\/\" rel=\"bookmark\">\u00abBajo la mirada de los Andes\u00bb inaugur\u00f3 Temporada de Exposiciones 2025<\/a><\/span>\t\t\t\t\t\t\t<\/div>\r\n\t\t\t\t\t\t\r\n\t\t\t\t\t\t\r\n\t\t\t\t\t\t\t\t\t\t\t\t\t\t\t\t\t\t\t\t\t<div class=\"description text-body\">\r\n\t\t\t\t\t\t\t\t\t<p>Todo un \u00e9xito de p\u00fablico result\u00f3 la exposici\u00f3n \u201cBajo la mirada de los Andes\u201d, del ilustrador y muralista Sofrenia, que estuvo en exhibici\u00f3n en los salones de la Casa Prochelle, de la Corporaci\u00f3n Cultural de Valdivia, desde el 5 al 30 de septiembre<\/p>\n\t\t\t\t\t\t\t\t<\/div>\r\n\t\t\t\t\t\t\t\t\t\t\t\t\t\t\t<div class=\"grid-post-meta clearfix \">\r\n\t\t\t\t\t\t\t\t\t<div class=\"grid-post-meta-inner\">\r\n\t\t\t\t\t\t\t\t\t\t\t\t\t\t\t\t\t\t\t\t\t<div class=\"grid-post-share\">\r\n\t\t\t\t\t\t\t\t\t\t\t\t<a href=\"javascript: void(0);\" class=\"icon share\">\r\n\t\t\t\t\t\t\t\t\t\t\t\t\t\t\t\t\t\t\t\t\t\t\t\t\t\t\t<i class=\"default\"><\/i>\r\n\t\t\t\t\t\t\t\t\t\t\t\t\t\t\t\t\t\t\t\t\t\t\t\t\t<\/a>\r\n\t\t\t\t\t\t\t\t\t\t\t<\/div>\r\n\t\t\t\t\t\t\t\t\t\t\t<div class=\"portfolio-sharing-pane\">\r\n<div class=\"socials-sharing socials socials-colored-hover \">\r\n\t        <a class=\"socials-item\" target=\"_blank\"\r\n           href=\"https:\/\/www.facebook.com\/sharer\/sharer.php?u=https%3A%2F%2Felfuerte.cl%2Fweb%2F2025%2F09%2F12%2Fbajo-la-mirada-de-los-andes-inauguro-temporada-de-exposiciones-2025%2F\"\r\n           title=\"Facebook\"><i class=\"socials-item-icon facebook\"><\/i><\/a>\r\n\t\t        <a class=\"socials-item\" target=\"_blank\"\r\n           href=\"https:\/\/twitter.com\/intent\/tweet?text=%C2%ABBajo+la+mirada+de+los+Andes%C2%BB+inaugur%C3%B3+Temporada+de+Exposiciones+2025&#038;url=https%3A%2F%2Felfuerte.cl%2Fweb%2F2025%2F09%2F12%2Fbajo-la-mirada-de-los-andes-inauguro-temporada-de-exposiciones-2025%2F\"\r\n           title=\"Twitter\"><i class=\"socials-item-icon twitter\"><\/i><\/a>\r\n\t\t        <a class=\"socials-item\" target=\"_blank\"\r\n           href=\"https:\/\/pinterest.com\/pin\/create\/button\/?url=https%3A%2F%2Felfuerte.cl%2Fweb%2F2025%2F09%2F12%2Fbajo-la-mirada-de-los-andes-inauguro-temporada-de-exposiciones-2025%2F&#038;description=%C2%ABBajo+la+mirada+de+los+Andes%C2%BB+inaugur%C3%B3+Temporada+de+Exposiciones+2025&#038;media=https%3A%2F%2Felfuerte.cl%2Fweb%2Fwp-content%2Fuploads%2F2025%2F09%2Frl0004-thegem-blog-timeline-large.jpg\"\r\n           title=\"Pinterest\"><i class=\"socials-item-icon pinterest\"><\/i><\/a>\r\n\t\t        <a class=\"socials-item\" target=\"_blank\"\r\n           href=\"http:\/\/tumblr.com\/widgets\/share\/tool?canonicalUrl=https%3A%2F%2Felfuerte.cl%2Fweb%2F2025%2F09%2F12%2Fbajo-la-mirada-de-los-andes-inauguro-temporada-de-exposiciones-2025%2F\"\r\n           title=\"Tumblr\"><i class=\"socials-item-icon tumblr\"><\/i><\/a>\r\n\t\t        <a class=\"socials-item\" target=\"_blank\"\r\n           href=\"https:\/\/www.linkedin.com\/shareArticle?mini=true&#038;url=https%3A%2F%2Felfuerte.cl%2Fweb%2F2025%2F09%2F12%2Fbajo-la-mirada-de-los-andes-inauguro-temporada-de-exposiciones-2025%2F&#038;title=%C2%ABBajo+la+mirada+de+los+Andes%C2%BB+inaugur%C3%B3+Temporada+de+Exposiciones+2025&amp;summary=Todo+un+%C3%A9xito+de+p%C3%BAblico+result%C3%B3+la+exposici%C3%B3n+%E2%80%9CBajo+la+mirada+de+los+Andes%E2%80%9D%2C+del+ilustrador+y+muralista+Sofrenia%2C+que+estuvo+en+exhibici%C3%B3n+en+los+salones+de+la+Casa+Prochelle%2C+de+la+Corporaci%C3%B3n+Cultural+de+Valdivia%2C+desde+el+5+al+30+de+septiembre\"\r\n           title=\"LinkedIn\"><i class=\"socials-item-icon linkedin\"><\/i><\/a>\r\n\t\t        <a class=\"socials-item\" target=\"_blank\"\r\n           href=\"https:\/\/www.reddit.com\/submit?url=https%3A%2F%2Felfuerte.cl%2Fweb%2F2025%2F09%2F12%2Fbajo-la-mirada-de-los-andes-inauguro-temporada-de-exposiciones-2025%2F&#038;title=%C2%ABBajo+la+mirada+de+los+Andes%C2%BB+inaugur%C3%B3+Temporada+de+Exposiciones+2025\"\r\n           title=\"Reddit\"><i class=\"socials-item-icon reddit\"><\/i><\/a>\r\n\t<\/div>\r\n<\/div>\r\n\t\t\t\t\t\t\t\t\t\t\r\n\t\t\t\t\t\t\t\t\t\t<div class=\"grid-post-meta-comments-likes\">\r\n\t\t\t\t\t\t\t\t\t\t\t\r\n\t\t\t\t\t\t\t\t\t\t\t<span class=\"post-meta-likes\">\t\t\t\t\t\t\t\t\t\t\t\t\t<i class=\"default\"><\/i>\r\n\t\t\t\t\t\t\t\t\t\t\t\t<a href=\"#\" class=\"zilla-likes\" id=\"zilla-likes-1615\" title=\"Like this\"><span class=\"zilla-likes-count\">2<\/span> <span class=\"zilla-likes-postfix\"><\/span><\/a><\/span>\t\t\t\t\t\t\t\t\t\t<\/div>\r\n\t\t\t\t\t\t\t\t\t<\/div>\r\n\t\t\t\t\t\t\t\t<\/div>\r\n\t\t\t\t\t\t\t\t\t\t\t\t\t\t\t\t\t\t<\/div>\r\n\t\t\t\t\t\t\t<\/div>\r\n\t\t\t\t<\/div>\r\n\t\t\t\t\t\t\t\t\t<\/div><!-- .portflio-set -->\n\t\t\t\t\t\t\t\t\t\t\t\t\t\t\t\t\t\t\t<div class=\"portfolio-item-size-container\">\n\t\t\t\t\t\t\t\t\t\t\t\t<div class=\"portfolio-item col-xs-12 col-sm-6 col-md-6 item-animations-not-inited before-start show-caption-border post-1615 post type-post status-publish format-standard has-post-thumbnail category-region-ludica tag-arte tag-arte-contemporaneo tag-casa-prochelle tag-comunidad-valdiviana tag-corporacion-cultural-de-valdivia tag-cosmovision-andina tag-cultura tag-danza-andina tag-exposicion tag-exposiciones-2025 tag-identidad-local tag-patrimonio tag-pintura tag-region-ludica tag-sofrenia tag-tradiciones tag-valdivia\">\r\n\t\t\t<\/div>\r\n\t\t\t\t\t\t\t\t\t\t<\/div>\n\t\t\t\t\t\t\t\t\t\t\t\t\t\t\t\t\t<\/div><!-- .row-->\n\n\t\t\t\t\t\t\t\t\t\t\t\t\t\t\t\t\t\t<div class=\"portfolio-scroll-pagination\"><\/div>\n\t\t\t\t\t\t\t\t\t\n\t\t\t\t\t\t\t\t\n\t\t\t\t\t<\/div><!-- .full-width -->\n\t\t\t\t<\/div><!-- .portfolio-->\n\t\t\t<\/div><!-- .portfolio-preloader-wrapper-->\n\t\t\t\t\t\t<\/div>\n\t\t\t\t<\/div>\n\t\t\t\t\t<\/div>\n\t\t<\/div>\n\t\t\t\t<div class=\"elementor-column elementor-col-33 elementor-top-column elementor-element elementor-element-385d1ec\" data-id=\"385d1ec\" data-element_type=\"column\">\n\t\t\t<div class=\"elementor-widget-wrap elementor-element-populated\">\n\t\t\t\t\t\t<section class=\"elementor-section elementor-inner-section elementor-element elementor-element-403ab5c elementor-section-full_width elementor-section-height-min-height elementor-section-content-bottom elementor-section-height-default\" data-id=\"403ab5c\" data-element_type=\"section\">\r\n\t\t\t\t\t\t<div class=\"elementor-container elementor-column-gap-no\"><div class=\"elementor-row\">\r\n\t\t\t\t\t<div class=\"elementor-column elementor-col-100 elementor-inner-column elementor-element elementor-element-9d10fda\" data-id=\"9d10fda\" data-element_type=\"column\">\n\t\t\t<div class=\"elementor-widget-wrap elementor-element-populated\">\n\t\t\t\t\t\t<div class=\"elementor-element elementor-element-d139161 elementor-widget__width-auto elementor-absolute flex-horizontal-align-default flex-horizontal-align-tablet-default flex-horizontal-align-mobile-default flex-vertical-align-default flex-vertical-align-tablet-default flex-vertical-align-mobile-default elementor-widget elementor-widget-heading\" data-id=\"d139161\" data-element_type=\"widget\" data-settings=\"{&quot;_position&quot;:&quot;absolute&quot;}\" data-widget_type=\"heading.default\">\n\t\t\t\t\t<div class=\"title-h4 elementor-heading-title elementor-size-default\">Destacado Instagram<\/div>\t\t\t\t<\/div>\n\t\t\t\t\t<\/div>\n\t\t<\/div>\n\t\t\t\t\t<\/div><\/div>\r\n\t\t<\/section>\r\n\t\t\t\t<div class=\"elementor-element elementor-element-1cf4410 flex-horizontal-align-default flex-horizontal-align-tablet-default flex-horizontal-align-mobile-default flex-vertical-align-default flex-vertical-align-tablet-default flex-vertical-align-mobile-default elementor-widget elementor-widget-image\" data-id=\"1cf4410\" data-element_type=\"widget\" data-widget_type=\"image.default\">\n\t\t\t\t\t\t\t\t\t\t\t\t\t\t\t\t<a href=\"https:\/\/www.instagram.com\/p\/DTTexz2gbbv\/\" target=\"_blank\">\n\t\t\t\t\t\t\t<img width=\"819\" height=\"1024\" src=\"https:\/\/elfuerte.cl\/web\/wp-content\/uploads\/2026\/01\/8-1-26-2-cami-819x1024.png\" class=\"attachment-large size-large wp-image-3517\" alt=\"\" srcset=\"https:\/\/elfuerte.cl\/web\/wp-content\/uploads\/2026\/01\/8-1-26-2-cami-819x1024.png 819w, https:\/\/elfuerte.cl\/web\/wp-content\/uploads\/2026\/01\/8-1-26-2-cami-240x300.png 240w, https:\/\/elfuerte.cl\/web\/wp-content\/uploads\/2026\/01\/8-1-26-2-cami-768x960.png 768w, https:\/\/elfuerte.cl\/web\/wp-content\/uploads\/2026\/01\/8-1-26-2-cami.png 1080w\" sizes=\"(max-width: 819px) 100vw, 819px\" \/>\t\t\t\t\t\t\t\t<\/a>\n\t\t\t\t\t\t\t\t\t\t\t\t\t\t\t<\/div>\n\t\t\t\t<div class=\"elementor-element elementor-element-6ca3a1e flex-horizontal-align-default flex-horizontal-align-tablet-default flex-horizontal-align-mobile-default flex-vertical-align-default flex-vertical-align-tablet-default flex-vertical-align-mobile-default elementor-widget elementor-widget-video\" data-id=\"6ca3a1e\" data-element_type=\"widget\" data-settings=\"{&quot;video_type&quot;:&quot;hosted&quot;,&quot;autoplay&quot;:&quot;yes&quot;,&quot;play_on_mobile&quot;:&quot;yes&quot;,&quot;mute&quot;:&quot;yes&quot;,&quot;loop&quot;:&quot;yes&quot;}\" data-widget_type=\"video.default\">\n\t\t\t\t\t\t\t<div class=\"e-hosted-video elementor-wrapper elementor-open-inline\">\n\t\t\t\t\t<video class=\"elementor-video\" src=\"https:\/\/elfuerte.cl\/web\/wp-content\/uploads\/2026\/01\/corp1.mp4\" autoplay=\"\" loop=\"\" muted=\"muted\" playsinline=\"\" controlsList=\"nodownload\"><\/video>\n\t\t\t\t<\/div>\n\t\t\t\t\t\t<\/div>\n\t\t\t\t<section class=\"elementor-section elementor-inner-section elementor-element elementor-element-b38a008 elementor-section-full_width elementor-section-height-min-height elementor-section-content-bottom elementor-section-height-default\" data-id=\"b38a008\" data-element_type=\"section\">\r\n\t\t\t\t\t\t<div class=\"elementor-container elementor-column-gap-no\"><div class=\"elementor-row\">\r\n\t\t\t\t\t<div class=\"elementor-column elementor-col-100 elementor-inner-column elementor-element elementor-element-18520dc\" data-id=\"18520dc\" data-element_type=\"column\">\n\t\t\t<div class=\"elementor-widget-wrap elementor-element-populated\">\n\t\t\t\t\t\t<div class=\"elementor-element elementor-element-6938178 elementor-widget__width-auto elementor-absolute flex-horizontal-align-default flex-horizontal-align-tablet-default flex-horizontal-align-mobile-default flex-vertical-align-default flex-vertical-align-tablet-default flex-vertical-align-mobile-default elementor-widget elementor-widget-heading\" data-id=\"6938178\" data-element_type=\"widget\" data-settings=\"{&quot;_position&quot;:&quot;absolute&quot;}\" data-widget_type=\"heading.default\">\n\t\t\t\t\t<div class=\"title-h4 elementor-heading-title elementor-size-default\">Art\u00edculos Recientes\n<\/div>\t\t\t\t<\/div>\n\t\t\t\t\t<\/div>\n\t\t<\/div>\n\t\t\t\t\t<\/div><\/div>\r\n\t\t<\/section>\r\n\t\t\t\t<div class=\"elementor-element elementor-element-c7e97dd flex-horizontal-align-default flex-horizontal-align-tablet-default flex-horizontal-align-mobile-default flex-vertical-align-default flex-vertical-align-tablet-default flex-vertical-align-mobile-default elementor-widget elementor-widget-thegem-bloglist\" data-id=\"c7e97dd\" data-element_type=\"widget\" data-settings=\"{&quot;categories&quot;:[&quot;actualidad&quot;,&quot;region-ludica&quot;,&quot;sala-de-redaccion&quot;],&quot;thegem_elementor_preset&quot;:&quot;compact-tiny-2&quot;,&quot;order_by&quot;:&quot;date&quot;,&quot;order&quot;:&quot;desc&quot;,&quot;query_type&quot;:&quot;post&quot;,&quot;source&quot;:[&quot;categories&quot;],&quot;exclude_blog_posts_type&quot;:&quot;manual&quot;,&quot;items_per_page&quot;:8}\" data-widget_type=\"thegem-bloglist.default\">\n\t\t\t\t<div class=\"elementor-widget-container\">\n\t\t\t\t\t\t\t\t<div class=\"bloglist blog clearfix  blog-style-compact-tiny-2   \" data-page=\"1\" data-paged=\"1\" data-next-page=\"2\" data-pages-count=\"46\" data-load-more-action=\"thegem_bloglist_load_more\">\n\t\t\t\r\n<article id=\"post-6265\" class=\"post-item with-separator clearfix post-6265 post type-post status-publish format-standard has-post-thumbnail category-actualidad category-destacados tag-biodiversidad tag-intercambio tag-region-de-los-rios tag-talleres\">\r\n\t\t\t<div class=\"gem-compact-tiny-left\">\r\n\t\t\t<div class=\"gem-news-item-image\">\r\n\t\t\t\t<a href=\"https:\/\/elfuerte.cl\/web\/2026\/04\/27\/intercambio-de-semillas-y-experiencias-conecta-comunidades-del-pais-en-torno-a-la-restauracion-del-bosque-nativo-en-los-rios\/\"><img width=\"144\" height=\"144\" src=\"https:\/\/elfuerte.cl\/web\/wp-content\/uploads\/2026\/04\/portada-2026-04-27T102238.493-thegem-news-carousel.jpg\" class=\"img-responsive wp-post-image\" alt=\"portada - 2026-04-27T102238.493\" \/><\/a>\r\n\t\t\t<\/div>\r\n\t\t<\/div>\r\n\t\r\n\t<div class=\"gem-compact-tiny-right\">\r\n\t\t<div class=\"gem-compact-item-content\">\r\n\t\t\t<div class=\"tiny-post-title gem-news-item-title text-body-tiny\"><a class=\"reverse-link-color \" href=\"https:\/\/elfuerte.cl\/web\/2026\/04\/27\/intercambio-de-semillas-y-experiencias-conecta-comunidades-del-pais-en-torno-a-la-restauracion-del-bosque-nativo-en-los-rios\/\" rel=\"bookmark\">Intercambio de semillas y experiencias conecta comunidades del pa\u00eds en torno a la restauraci\u00f3n del bosque nativo en Los R\u00edos<\/a><\/div>\t\t<\/div>\r\n\t\t<div class=\"post-meta\">\r\n\t\t\t<div class=\"entry-meta clearfix text-body-tiny\">\r\n\t\t\t\t<div class=\"post-meta-left gem-news-item-date\">\r\n\t\t\t\t\t\t\t\t\t\t<span\r\n\t\t\t\t\t\t\tclass=\"post-meta-date tiny-post-date\">27\/04\/2026<\/span>\t\t\t\t<\/div>\r\n\t\t\t\t<div class=\"post-meta-right\">\r\n\t\t\t\t\t\t\t\t\t<\/div>\r\n\t\t\t<\/div><!-- .entry-meta -->\r\n\t\t<\/div>\r\n\r\n\t<\/div>\r\n<\/article><!-- #post-6265 -->\r\n\r\n<article id=\"post-6250\" class=\"post-item with-separator clearfix post-6250 post type-post status-publish format-standard has-post-thumbnail category-actualidad category-destacados tag-biobio tag-biodiversidad tag-participacion-ciudadana tag-talleres\">\r\n\t\t\t<div class=\"gem-compact-tiny-left\">\r\n\t\t\t<div class=\"gem-news-item-image\">\r\n\t\t\t\t<a href=\"https:\/\/elfuerte.cl\/web\/2026\/04\/26\/biobio-inicia-talleres-para-definir-prioridades-de-conservacion-en-medio-de-debate-sobre-continuidad-de-politicas-ambientales\/\"><img width=\"144\" height=\"144\" src=\"https:\/\/elfuerte.cl\/web\/wp-content\/uploads\/2026\/04\/portada-2026-04-26T120829.199-thegem-news-carousel.jpg\" class=\"img-responsive wp-post-image\" alt=\"portada - 2026-04-26T120829.199\" \/><\/a>\r\n\t\t\t<\/div>\r\n\t\t<\/div>\r\n\t\r\n\t<div class=\"gem-compact-tiny-right\">\r\n\t\t<div class=\"gem-compact-item-content\">\r\n\t\t\t<div class=\"tiny-post-title gem-news-item-title text-body-tiny\"><a class=\"reverse-link-color \" href=\"https:\/\/elfuerte.cl\/web\/2026\/04\/26\/biobio-inicia-talleres-para-definir-prioridades-de-conservacion-en-medio-de-debate-sobre-continuidad-de-politicas-ambientales\/\" rel=\"bookmark\">Biob\u00edo inicia talleres para definir prioridades de conservaci\u00f3n  en medio de debate sobre continuidad de pol\u00edticas ambientales<\/a><\/div>\t\t<\/div>\r\n\t\t<div class=\"post-meta\">\r\n\t\t\t<div class=\"entry-meta clearfix text-body-tiny\">\r\n\t\t\t\t<div class=\"post-meta-left gem-news-item-date\">\r\n\t\t\t\t\t\t\t\t\t\t<span\r\n\t\t\t\t\t\t\tclass=\"post-meta-date tiny-post-date\">26\/04\/2026<\/span>\t\t\t\t<\/div>\r\n\t\t\t\t<div class=\"post-meta-right\">\r\n\t\t\t\t\t\t\t\t\t<\/div>\r\n\t\t\t<\/div><!-- .entry-meta -->\r\n\t\t<\/div>\r\n\r\n\t<\/div>\r\n<\/article><!-- #post-6250 -->\r\n\r\n<article id=\"post-6244\" class=\"post-item with-separator clearfix post-6244 post type-post status-publish format-standard has-post-thumbnail category-actualidad category-destacados tag-encuentro tag-frutillar tag-musica tag-unesco\">\r\n\t\t\t<div class=\"gem-compact-tiny-left\">\r\n\t\t\t<div class=\"gem-news-item-image\">\r\n\t\t\t\t<a href=\"https:\/\/elfuerte.cl\/web\/2026\/04\/26\/frutillar-reune-a-ciudades-creativas-de-la-musica-para-avanzar-en-gestion-cultural-y-economia-nocturna\/\"><img width=\"144\" height=\"144\" src=\"https:\/\/elfuerte.cl\/web\/wp-content\/uploads\/2026\/04\/portada-2026-04-26T114813.522-thegem-news-carousel.jpg\" class=\"img-responsive wp-post-image\" alt=\"portada - 2026-04-26T114813.522\" \/><\/a>\r\n\t\t\t<\/div>\r\n\t\t<\/div>\r\n\t\r\n\t<div class=\"gem-compact-tiny-right\">\r\n\t\t<div class=\"gem-compact-item-content\">\r\n\t\t\t<div class=\"tiny-post-title gem-news-item-title text-body-tiny\"><a class=\"reverse-link-color \" href=\"https:\/\/elfuerte.cl\/web\/2026\/04\/26\/frutillar-reune-a-ciudades-creativas-de-la-musica-para-avanzar-en-gestion-cultural-y-economia-nocturna\/\" rel=\"bookmark\">Frutillar re\u00fane a ciudades creativas de la m\u00fasica para avanzar en gesti\u00f3n cultural y econom\u00eda nocturna<\/a><\/div>\t\t<\/div>\r\n\t\t<div class=\"post-meta\">\r\n\t\t\t<div class=\"entry-meta clearfix text-body-tiny\">\r\n\t\t\t\t<div class=\"post-meta-left gem-news-item-date\">\r\n\t\t\t\t\t\t\t\t\t\t<span\r\n\t\t\t\t\t\t\tclass=\"post-meta-date tiny-post-date\">26\/04\/2026<\/span>\t\t\t\t<\/div>\r\n\t\t\t\t<div class=\"post-meta-right\">\r\n\t\t\t\t\t\t\t\t\t<\/div>\r\n\t\t\t<\/div><!-- .entry-meta -->\r\n\t\t<\/div>\r\n\r\n\t<\/div>\r\n<\/article><!-- #post-6244 -->\r\n\r\n<article id=\"post-6237\" class=\"post-item with-separator clearfix post-6237 post type-post status-publish format-standard has-post-thumbnail category-actualidad category-destacados tag-biomedicina tag-computacion tag-tecnologia\">\r\n\t\t\t<div class=\"gem-compact-tiny-left\">\r\n\t\t\t<div class=\"gem-news-item-image\">\r\n\t\t\t\t<a href=\"https:\/\/elfuerte.cl\/web\/2026\/04\/25\/como-la-computacion-cuantica-empieza-a-acelerar-el-desarrollo-de-medicamentos\/\"><img width=\"144\" height=\"144\" src=\"https:\/\/elfuerte.cl\/web\/wp-content\/uploads\/2026\/04\/biomed-thegem-news-carousel.webp\" class=\"img-responsive wp-post-image\" alt=\"biomed\" \/><\/a>\r\n\t\t\t<\/div>\r\n\t\t<\/div>\r\n\t\r\n\t<div class=\"gem-compact-tiny-right\">\r\n\t\t<div class=\"gem-compact-item-content\">\r\n\t\t\t<div class=\"tiny-post-title gem-news-item-title text-body-tiny\"><a class=\"reverse-link-color \" href=\"https:\/\/elfuerte.cl\/web\/2026\/04\/25\/como-la-computacion-cuantica-empieza-a-acelerar-el-desarrollo-de-medicamentos\/\" rel=\"bookmark\">C\u00f3mo la computaci\u00f3n cu\u00e1ntica empieza a acelerar el desarrollo de medicamentos<\/a><\/div>\t\t<\/div>\r\n\t\t<div class=\"post-meta\">\r\n\t\t\t<div class=\"entry-meta clearfix text-body-tiny\">\r\n\t\t\t\t<div class=\"post-meta-left gem-news-item-date\">\r\n\t\t\t\t\t\t\t\t\t\t<span\r\n\t\t\t\t\t\t\tclass=\"post-meta-date tiny-post-date\">25\/04\/2026<\/span>\t\t\t\t<\/div>\r\n\t\t\t\t<div class=\"post-meta-right\">\r\n\t\t\t\t\t\t\t\t\t<\/div>\r\n\t\t\t<\/div><!-- .entry-meta -->\r\n\t\t<\/div>\r\n\r\n\t<\/div>\r\n<\/article><!-- #post-6237 -->\r\n\r\n<article id=\"post-6227\" class=\"post-item with-separator clearfix post-6227 post type-post status-publish format-standard has-post-thumbnail category-actualidad category-destacados tag-camara-comercio-detallista tag-fortalecimiento tag-inauguracion tag-valdivia\">\r\n\t\t\t<div class=\"gem-compact-tiny-left\">\r\n\t\t\t<div class=\"gem-news-item-image\">\r\n\t\t\t\t<a href=\"https:\/\/elfuerte.cl\/web\/2026\/04\/25\/camara-de-comercio-detallista-inaugura-nuevas-instalaciones-y-avanza-en-la-recuperacion-de-historico-edificio-gremial\/\"><img width=\"144\" height=\"144\" src=\"https:\/\/elfuerte.cl\/web\/wp-content\/uploads\/2026\/04\/portada-2026-04-25T101949.275-thegem-news-carousel.jpg\" class=\"img-responsive wp-post-image\" alt=\"portada - 2026-04-25T101949.275\" \/><\/a>\r\n\t\t\t<\/div>\r\n\t\t<\/div>\r\n\t\r\n\t<div class=\"gem-compact-tiny-right\">\r\n\t\t<div class=\"gem-compact-item-content\">\r\n\t\t\t<div class=\"tiny-post-title gem-news-item-title text-body-tiny\"><a class=\"reverse-link-color \" href=\"https:\/\/elfuerte.cl\/web\/2026\/04\/25\/camara-de-comercio-detallista-inaugura-nuevas-instalaciones-y-avanza-en-la-recuperacion-de-historico-edificio-gremial\/\" rel=\"bookmark\">C\u00e1mara de Comercio Detallista inaugura nuevas instalaciones  y avanza en la recuperaci\u00f3n de hist\u00f3rico edificio gremial<\/a><\/div>\t\t<\/div>\r\n\t\t<div class=\"post-meta\">\r\n\t\t\t<div class=\"entry-meta clearfix text-body-tiny\">\r\n\t\t\t\t<div class=\"post-meta-left gem-news-item-date\">\r\n\t\t\t\t\t\t\t\t\t\t<span\r\n\t\t\t\t\t\t\tclass=\"post-meta-date tiny-post-date\">25\/04\/2026<\/span>\t\t\t\t<\/div>\r\n\t\t\t\t<div class=\"post-meta-right\">\r\n\t\t\t\t\t\t\t\t\t<\/div>\r\n\t\t\t<\/div><!-- .entry-meta -->\r\n\t\t<\/div>\r\n\r\n\t<\/div>\r\n<\/article><!-- #post-6227 -->\r\n\r\n<article id=\"post-6218\" class=\"post-item with-separator clearfix post-6218 post type-post status-publish format-standard has-post-thumbnail category-actualidad category-destacados tag-biobio tag-dia-del-libro tag-teleton\">\r\n\t\t\t<div class=\"gem-compact-tiny-left\">\r\n\t\t\t<div class=\"gem-news-item-image\">\r\n\t\t\t\t<a href=\"https:\/\/elfuerte.cl\/web\/2026\/04\/24\/en-el-mes-del-libro-teleton-concepcion-abrio-su-biblioteca-con-actividades-para-toda-la-comunidad\/\"><img width=\"144\" height=\"144\" src=\"https:\/\/elfuerte.cl\/web\/wp-content\/uploads\/2026\/04\/bannerlibro-thegem-news-carousel.jpg\" class=\"img-responsive wp-post-image\" alt=\"bannerlibro\" \/><\/a>\r\n\t\t\t<\/div>\r\n\t\t<\/div>\r\n\t\r\n\t<div class=\"gem-compact-tiny-right\">\r\n\t\t<div class=\"gem-compact-item-content\">\r\n\t\t\t<div class=\"tiny-post-title gem-news-item-title text-body-tiny\"><a class=\"reverse-link-color \" href=\"https:\/\/elfuerte.cl\/web\/2026\/04\/24\/en-el-mes-del-libro-teleton-concepcion-abrio-su-biblioteca-con-actividades-para-toda-la-comunidad\/\" rel=\"bookmark\">En el mes del Libro Telet\u00f3n Concepci\u00f3n abri\u00f3 su biblioteca con actividades para toda la comunidad<\/a><\/div>\t\t<\/div>\r\n\t\t<div class=\"post-meta\">\r\n\t\t\t<div class=\"entry-meta clearfix text-body-tiny\">\r\n\t\t\t\t<div class=\"post-meta-left gem-news-item-date\">\r\n\t\t\t\t\t\t\t\t\t\t<span\r\n\t\t\t\t\t\t\tclass=\"post-meta-date tiny-post-date\">24\/04\/2026<\/span>\t\t\t\t<\/div>\r\n\t\t\t\t<div class=\"post-meta-right\">\r\n\t\t\t\t\t\t\t\t\t<\/div>\r\n\t\t\t<\/div><!-- .entry-meta -->\r\n\t\t<\/div>\r\n\r\n\t<\/div>\r\n<\/article><!-- #post-6218 -->\r\n\r\n<article id=\"post-6208\" class=\"post-item with-separator clearfix post-6208 post type-post status-publish format-standard has-post-thumbnail category-actualidad category-destacados tag-aprendizaje tag-deportes tag-estudiantes tag-slep\">\r\n\t\t\t<div class=\"gem-compact-tiny-left\">\r\n\t\t\t<div class=\"gem-news-item-image\">\r\n\t\t\t\t<a href=\"https:\/\/elfuerte.cl\/web\/2026\/04\/24\/parque-jorge-alessandri-se-convierte-en-aula-abierta-para-estudiantes-del-biobio-en-jornada-deportiva-y-de-aprendizaje\/\"><img width=\"144\" height=\"144\" src=\"https:\/\/elfuerte.cl\/web\/wp-content\/uploads\/2026\/04\/SLEP-11-thegem-news-carousel.jpg\" class=\"img-responsive wp-post-image\" alt=\"SLEP 1(1)\" \/><\/a>\r\n\t\t\t<\/div>\r\n\t\t<\/div>\r\n\t\r\n\t<div class=\"gem-compact-tiny-right\">\r\n\t\t<div class=\"gem-compact-item-content\">\r\n\t\t\t<div class=\"tiny-post-title gem-news-item-title text-body-tiny\"><a class=\"reverse-link-color \" href=\"https:\/\/elfuerte.cl\/web\/2026\/04\/24\/parque-jorge-alessandri-se-convierte-en-aula-abierta-para-estudiantes-del-biobio-en-jornada-deportiva-y-de-aprendizaje\/\" rel=\"bookmark\">Parque Jorge Alessandri se convierte en aula abierta para estudiantes del Biob\u00edo en jornada deportiva y de aprendizaje<\/a><\/div>\t\t<\/div>\r\n\t\t<div class=\"post-meta\">\r\n\t\t\t<div class=\"entry-meta clearfix text-body-tiny\">\r\n\t\t\t\t<div class=\"post-meta-left gem-news-item-date\">\r\n\t\t\t\t\t\t\t\t\t\t<span\r\n\t\t\t\t\t\t\tclass=\"post-meta-date tiny-post-date\">24\/04\/2026<\/span>\t\t\t\t<\/div>\r\n\t\t\t\t<div class=\"post-meta-right\">\r\n\t\t\t\t\t\t\t\t\t<\/div>\r\n\t\t\t<\/div><!-- .entry-meta -->\r\n\t\t<\/div>\r\n\r\n\t<\/div>\r\n<\/article><!-- #post-6208 -->\r\n\r\n<article id=\"post-6191\" class=\"post-item with-separator clearfix post-6191 post type-post status-publish format-standard has-post-thumbnail category-actualidad category-destacados tag-conmemoracion tag-conversatorio tag-terapeuta-ocupacional tag-ust\">\r\n\t\t\t<div class=\"gem-compact-tiny-left\">\r\n\t\t\t<div class=\"gem-news-item-image\">\r\n\t\t\t\t<a href=\"https:\/\/elfuerte.cl\/web\/2026\/04\/24\/ust-valdivia-abre-espacio-de-reflexion-sobre-terapia-ocupacional-con-foco-en-inclusion-y-realidad-local\/\"><img width=\"144\" height=\"144\" src=\"https:\/\/elfuerte.cl\/web\/wp-content\/uploads\/2026\/04\/Terapia-11-scaled-thegem-news-carousel.jpg\" class=\"img-responsive wp-post-image\" alt=\"Terapia 1(1)\" \/><\/a>\r\n\t\t\t<\/div>\r\n\t\t<\/div>\r\n\t\r\n\t<div class=\"gem-compact-tiny-right\">\r\n\t\t<div class=\"gem-compact-item-content\">\r\n\t\t\t<div class=\"tiny-post-title gem-news-item-title text-body-tiny\"><a class=\"reverse-link-color \" href=\"https:\/\/elfuerte.cl\/web\/2026\/04\/24\/ust-valdivia-abre-espacio-de-reflexion-sobre-terapia-ocupacional-con-foco-en-inclusion-y-realidad-local\/\" rel=\"bookmark\">UST Valdivia abre espacio de reflexi\u00f3n sobre terapia ocupacional con foco en inclusi\u00f3n y realidad local<\/a><\/div>\t\t<\/div>\r\n\t\t<div class=\"post-meta\">\r\n\t\t\t<div class=\"entry-meta clearfix text-body-tiny\">\r\n\t\t\t\t<div class=\"post-meta-left gem-news-item-date\">\r\n\t\t\t\t\t\t\t\t\t\t<span\r\n\t\t\t\t\t\t\tclass=\"post-meta-date tiny-post-date\">24\/04\/2026<\/span>\t\t\t\t<\/div>\r\n\t\t\t\t<div class=\"post-meta-right\">\r\n\t\t\t\t\t\t\t\t\t<\/div>\r\n\t\t\t<\/div><!-- .entry-meta -->\r\n\t\t<\/div>\r\n\r\n\t<\/div>\r\n<\/article><!-- #post-6191 -->\r\n\t\t\t<\/div>\n\t\t\t\t\t\t<\/div>\n\t\t\t\t<\/div>\n\t\t\t\t<section class=\"elementor-section elementor-inner-section elementor-element elementor-element-3ef22b4 elementor-section-full_width elementor-section-height-min-height elementor-section-content-bottom elementor-section-height-default\" data-id=\"3ef22b4\" data-element_type=\"section\">\r\n\t\t\t\t\t\t<div class=\"elementor-container elementor-column-gap-no\"><div class=\"elementor-row\">\r\n\t\t\t\t\t<div class=\"elementor-column elementor-col-100 elementor-inner-column elementor-element elementor-element-45bc335\" data-id=\"45bc335\" data-element_type=\"column\">\n\t\t\t<div class=\"elementor-widget-wrap elementor-element-populated\">\n\t\t\t\t\t\t<div class=\"elementor-element elementor-element-92da33d elementor-widget__width-auto elementor-absolute flex-horizontal-align-default flex-horizontal-align-tablet-default flex-horizontal-align-mobile-default flex-vertical-align-default flex-vertical-align-tablet-default flex-vertical-align-mobile-default elementor-widget elementor-widget-heading\" data-id=\"92da33d\" data-element_type=\"widget\" data-settings=\"{&quot;_position&quot;:&quot;absolute&quot;}\" data-widget_type=\"heading.default\">\n\t\t\t\t\t<div class=\"title-h4 elementor-heading-title elementor-size-default\">Destacadas<\/div>\t\t\t\t<\/div>\n\t\t\t\t\t<\/div>\n\t\t<\/div>\n\t\t\t\t\t<\/div><\/div>\r\n\t\t<\/section>\r\n\t\t\t\t<div class=\"elementor-element elementor-element-c832f8f flex-horizontal-align-default flex-horizontal-align-tablet-default flex-horizontal-align-mobile-default flex-vertical-align-default flex-vertical-align-tablet-default flex-vertical-align-mobile-default elementor-widget elementor-widget-thegem-bloglist\" data-id=\"c832f8f\" data-element_type=\"widget\" data-settings=\"{&quot;thegem_elementor_preset&quot;:&quot;compact-2&quot;,&quot;items_per_page&quot;:6,&quot;categories&quot;:[&quot;destacados&quot;],&quot;query_type&quot;:&quot;post&quot;,&quot;source&quot;:[&quot;categories&quot;],&quot;exclude_blog_posts_type&quot;:&quot;manual&quot;,&quot;order_by&quot;:&quot;default&quot;,&quot;order&quot;:&quot;default&quot;,&quot;image_icon_show&quot;:&quot;yes&quot;}\" data-widget_type=\"thegem-bloglist.default\">\n\t\t\t\t<div class=\"elementor-widget-container\">\n\t\t\t\t\t\t\t\t\t<div class=\"preloader\"><div class=\"preloader-spin\"><\/div><\/div>\n\t\t\t\t\t\t<div class=\"bloglist blog clearfix  blog-style-compact-2  item-animation-move-up  \" data-page=\"1\" data-paged=\"1\" data-next-page=\"2\" data-pages-count=\"55\" data-load-more-action=\"thegem_bloglist_load_more\">\n\t\t\t\n<article id=\"post-6265\" class=\"post-item no-image clearfix item-animations-not-inited post-6265 post type-post status-publish format-standard has-post-thumbnail category-actualidad category-destacados tag-biodiversidad tag-intercambio tag-region-de-los-rios tag-talleres\">\n\t<div class=\"item-post-container\">\n\t\t\t\t\t<div class=\"gem-news-item-left\">\n\t\t\t\t<div class=\"gem-news-item-image post-img\">\n\t\t\t\t\t<a class=\"default\" href=\"https:\/\/elfuerte.cl\/web\/2026\/04\/27\/intercambio-de-semillas-y-experiencias-conecta-comunidades-del-pais-en-torno-a-la-restauracion-del-bosque-nativo-en-los-rios\/\"><img width=\"144\" height=\"144\" src=\"https:\/\/elfuerte.cl\/web\/wp-content\/uploads\/2026\/04\/portada-2026-04-27T102238.493-thegem-news-carousel.jpg\" class=\"img-responsive img-circle wp-post-image\" alt=\"portada - 2026-04-27T102238.493\" \/><\/a>\n\t\t\t\t<\/div>\n\t\t\t<\/div>\n\t\t\t\n\n\n\t\t<div class=\"gem-news-item-right caption-container \">\n\t\t\t<div class=\"gem-news-item-right-conteiner\">\n\n\t\t\t\t\t\t\t\t\t<div class=\"gem-news-item-title post-title entry-title\"><span class=\"light\"><a href=\"https:\/\/elfuerte.cl\/web\/2026\/04\/27\/intercambio-de-semillas-y-experiencias-conecta-comunidades-del-pais-en-torno-a-la-restauracion-del-bosque-nativo-en-los-rios\/\">Intercambio de semillas y experiencias conecta comunidades del pa\u00eds en torno a la restauraci\u00f3n del bosque nativo en Los R\u00edos<\/span><\/a><\/div>\t\t\t\t\n\t\t\t\t\t\n\n\t\t\t<\/div>\n\n\t\t\t<div  class=\"gem-news-item-meta\">\n\t\t\t\n\t\t\t\t\t\t\t\t\t<div class=\"gem-news-item-date small-body\">27\/04\/2026<\/div>\n\t\t\t\t\n\t\t\t\t<div class=\"gem-news-zilla-likes\">\n\t\t\t\t\t\t\t\t\t\t\t\t\t\t<\/div>\n\t\t\t<\/div>\n\n\t\t<\/div>\n\t<\/div>\n<\/article><!-- #post-6265 -->\n<article id=\"post-6250\" class=\"post-item no-image clearfix item-animations-not-inited post-6250 post type-post status-publish format-standard has-post-thumbnail category-actualidad category-destacados tag-biobio tag-biodiversidad tag-participacion-ciudadana tag-talleres\">\n\t<div class=\"item-post-container\">\n\t\t\t\t\t<div class=\"gem-news-item-left\">\n\t\t\t\t<div class=\"gem-news-item-image post-img\">\n\t\t\t\t\t<a class=\"default\" href=\"https:\/\/elfuerte.cl\/web\/2026\/04\/26\/biobio-inicia-talleres-para-definir-prioridades-de-conservacion-en-medio-de-debate-sobre-continuidad-de-politicas-ambientales\/\"><img width=\"144\" height=\"144\" src=\"https:\/\/elfuerte.cl\/web\/wp-content\/uploads\/2026\/04\/portada-2026-04-26T120829.199-thegem-news-carousel.jpg\" class=\"img-responsive img-circle wp-post-image\" alt=\"portada - 2026-04-26T120829.199\" \/><\/a>\n\t\t\t\t<\/div>\n\t\t\t<\/div>\n\t\t\t\n\n\n\t\t<div class=\"gem-news-item-right caption-container \">\n\t\t\t<div class=\"gem-news-item-right-conteiner\">\n\n\t\t\t\t\t\t\t\t\t<div class=\"gem-news-item-title post-title entry-title\"><span class=\"light\"><a href=\"https:\/\/elfuerte.cl\/web\/2026\/04\/26\/biobio-inicia-talleres-para-definir-prioridades-de-conservacion-en-medio-de-debate-sobre-continuidad-de-politicas-ambientales\/\">Biob\u00edo inicia talleres para definir prioridades de conservaci\u00f3n  en medio de debate sobre continuidad de pol\u00edticas ambientales<\/span><\/a><\/div>\t\t\t\t\n\t\t\t\t\t\n\n\t\t\t<\/div>\n\n\t\t\t<div  class=\"gem-news-item-meta\">\n\t\t\t\n\t\t\t\t\t\t\t\t\t<div class=\"gem-news-item-date small-body\">26\/04\/2026<\/div>\n\t\t\t\t\n\t\t\t\t<div class=\"gem-news-zilla-likes\">\n\t\t\t\t\t\t\t\t\t\t\t\t\t\t<\/div>\n\t\t\t<\/div>\n\n\t\t<\/div>\n\t<\/div>\n<\/article><!-- #post-6250 -->\n<article id=\"post-6244\" class=\"post-item no-image clearfix item-animations-not-inited post-6244 post type-post status-publish format-standard has-post-thumbnail category-actualidad category-destacados tag-encuentro tag-frutillar tag-musica tag-unesco\">\n\t<div class=\"item-post-container\">\n\t\t\t\t\t<div class=\"gem-news-item-left\">\n\t\t\t\t<div class=\"gem-news-item-image post-img\">\n\t\t\t\t\t<a class=\"default\" href=\"https:\/\/elfuerte.cl\/web\/2026\/04\/26\/frutillar-reune-a-ciudades-creativas-de-la-musica-para-avanzar-en-gestion-cultural-y-economia-nocturna\/\"><img width=\"144\" height=\"144\" src=\"https:\/\/elfuerte.cl\/web\/wp-content\/uploads\/2026\/04\/portada-2026-04-26T114813.522-thegem-news-carousel.jpg\" class=\"img-responsive img-circle wp-post-image\" alt=\"portada - 2026-04-26T114813.522\" \/><\/a>\n\t\t\t\t<\/div>\n\t\t\t<\/div>\n\t\t\t\n\n\n\t\t<div class=\"gem-news-item-right caption-container \">\n\t\t\t<div class=\"gem-news-item-right-conteiner\">\n\n\t\t\t\t\t\t\t\t\t<div class=\"gem-news-item-title post-title entry-title\"><span class=\"light\"><a href=\"https:\/\/elfuerte.cl\/web\/2026\/04\/26\/frutillar-reune-a-ciudades-creativas-de-la-musica-para-avanzar-en-gestion-cultural-y-economia-nocturna\/\">Frutillar re\u00fane a ciudades creativas de la m\u00fasica para avanzar en gesti\u00f3n cultural y econom\u00eda nocturna<\/span><\/a><\/div>\t\t\t\t\n\t\t\t\t\t\n\n\t\t\t<\/div>\n\n\t\t\t<div  class=\"gem-news-item-meta\">\n\t\t\t\n\t\t\t\t\t\t\t\t\t<div class=\"gem-news-item-date small-body\">26\/04\/2026<\/div>\n\t\t\t\t\n\t\t\t\t<div class=\"gem-news-zilla-likes\">\n\t\t\t\t\t\t\t\t\t\t\t\t\t\t<\/div>\n\t\t\t<\/div>\n\n\t\t<\/div>\n\t<\/div>\n<\/article><!-- #post-6244 -->\n<article id=\"post-6237\" class=\"post-item no-image clearfix item-animations-not-inited post-6237 post type-post status-publish format-standard has-post-thumbnail category-actualidad category-destacados tag-biomedicina tag-computacion tag-tecnologia\">\n\t<div class=\"item-post-container\">\n\t\t\t\t\t<div class=\"gem-news-item-left\">\n\t\t\t\t<div class=\"gem-news-item-image post-img\">\n\t\t\t\t\t<a class=\"default\" href=\"https:\/\/elfuerte.cl\/web\/2026\/04\/25\/como-la-computacion-cuantica-empieza-a-acelerar-el-desarrollo-de-medicamentos\/\"><img width=\"144\" height=\"144\" src=\"https:\/\/elfuerte.cl\/web\/wp-content\/uploads\/2026\/04\/biomed-thegem-news-carousel.webp\" class=\"img-responsive img-circle wp-post-image\" alt=\"biomed\" \/><\/a>\n\t\t\t\t<\/div>\n\t\t\t<\/div>\n\t\t\t\n\n\n\t\t<div class=\"gem-news-item-right caption-container \">\n\t\t\t<div class=\"gem-news-item-right-conteiner\">\n\n\t\t\t\t\t\t\t\t\t<div class=\"gem-news-item-title post-title entry-title\"><span class=\"light\"><a href=\"https:\/\/elfuerte.cl\/web\/2026\/04\/25\/como-la-computacion-cuantica-empieza-a-acelerar-el-desarrollo-de-medicamentos\/\">C\u00f3mo la computaci\u00f3n cu\u00e1ntica empieza a acelerar el desarrollo de medicamentos<\/span><\/a><\/div>\t\t\t\t\n\t\t\t\t\t\n\n\t\t\t<\/div>\n\n\t\t\t<div  class=\"gem-news-item-meta\">\n\t\t\t\n\t\t\t\t\t\t\t\t\t<div class=\"gem-news-item-date small-body\">25\/04\/2026<\/div>\n\t\t\t\t\n\t\t\t\t<div class=\"gem-news-zilla-likes\">\n\t\t\t\t\t\t\t\t\t\t\t\t\t\t<\/div>\n\t\t\t<\/div>\n\n\t\t<\/div>\n\t<\/div>\n<\/article><!-- #post-6237 -->\n<article id=\"post-6227\" class=\"post-item no-image clearfix item-animations-not-inited post-6227 post type-post status-publish format-standard has-post-thumbnail category-actualidad category-destacados tag-camara-comercio-detallista tag-fortalecimiento tag-inauguracion tag-valdivia\">\n\t<div class=\"item-post-container\">\n\t\t\t\t\t<div class=\"gem-news-item-left\">\n\t\t\t\t<div class=\"gem-news-item-image post-img\">\n\t\t\t\t\t<a class=\"default\" href=\"https:\/\/elfuerte.cl\/web\/2026\/04\/25\/camara-de-comercio-detallista-inaugura-nuevas-instalaciones-y-avanza-en-la-recuperacion-de-historico-edificio-gremial\/\"><img width=\"144\" height=\"144\" src=\"https:\/\/elfuerte.cl\/web\/wp-content\/uploads\/2026\/04\/portada-2026-04-25T101949.275-thegem-news-carousel.jpg\" class=\"img-responsive img-circle wp-post-image\" alt=\"portada - 2026-04-25T101949.275\" \/><\/a>\n\t\t\t\t<\/div>\n\t\t\t<\/div>\n\t\t\t\n\n\n\t\t<div class=\"gem-news-item-right caption-container \">\n\t\t\t<div class=\"gem-news-item-right-conteiner\">\n\n\t\t\t\t\t\t\t\t\t<div class=\"gem-news-item-title post-title entry-title\"><span class=\"light\"><a href=\"https:\/\/elfuerte.cl\/web\/2026\/04\/25\/camara-de-comercio-detallista-inaugura-nuevas-instalaciones-y-avanza-en-la-recuperacion-de-historico-edificio-gremial\/\">C\u00e1mara de Comercio Detallista inaugura nuevas instalaciones  y avanza en la recuperaci\u00f3n de hist\u00f3rico edificio gremial<\/span><\/a><\/div>\t\t\t\t\n\t\t\t\t\t\n\n\t\t\t<\/div>\n\n\t\t\t<div  class=\"gem-news-item-meta\">\n\t\t\t\n\t\t\t\t\t\t\t\t\t<div class=\"gem-news-item-date small-body\">25\/04\/2026<\/div>\n\t\t\t\t\n\t\t\t\t<div class=\"gem-news-zilla-likes\">\n\t\t\t\t\t\t\t\t\t\t\t\t\t\t<\/div>\n\t\t\t<\/div>\n\n\t\t<\/div>\n\t<\/div>\n<\/article><!-- #post-6227 -->\n<article id=\"post-6218\" class=\"post-item no-image clearfix item-animations-not-inited post-6218 post type-post status-publish format-standard has-post-thumbnail category-actualidad category-destacados tag-biobio tag-dia-del-libro tag-teleton\">\n\t<div class=\"item-post-container\">\n\t\t\t\t\t<div class=\"gem-news-item-left\">\n\t\t\t\t<div class=\"gem-news-item-image post-img\">\n\t\t\t\t\t<a class=\"default\" href=\"https:\/\/elfuerte.cl\/web\/2026\/04\/24\/en-el-mes-del-libro-teleton-concepcion-abrio-su-biblioteca-con-actividades-para-toda-la-comunidad\/\"><img width=\"144\" height=\"144\" src=\"https:\/\/elfuerte.cl\/web\/wp-content\/uploads\/2026\/04\/bannerlibro-thegem-news-carousel.jpg\" class=\"img-responsive img-circle wp-post-image\" alt=\"bannerlibro\" \/><\/a>\n\t\t\t\t<\/div>\n\t\t\t<\/div>\n\t\t\t\n\n\n\t\t<div class=\"gem-news-item-right caption-container \">\n\t\t\t<div class=\"gem-news-item-right-conteiner\">\n\n\t\t\t\t\t\t\t\t\t<div class=\"gem-news-item-title post-title entry-title\"><span class=\"light\"><a href=\"https:\/\/elfuerte.cl\/web\/2026\/04\/24\/en-el-mes-del-libro-teleton-concepcion-abrio-su-biblioteca-con-actividades-para-toda-la-comunidad\/\">En el mes del Libro Telet\u00f3n Concepci\u00f3n abri\u00f3 su biblioteca con actividades para toda la comunidad<\/span><\/a><\/div>\t\t\t\t\n\t\t\t\t\t\n\n\t\t\t<\/div>\n\n\t\t\t<div  class=\"gem-news-item-meta\">\n\t\t\t\n\t\t\t\t\t\t\t\t\t<div class=\"gem-news-item-date small-body\">24\/04\/2026<\/div>\n\t\t\t\t\n\t\t\t\t<div class=\"gem-news-zilla-likes\">\n\t\t\t\t\t\t\t\t\t\t\t\t\t\t<\/div>\n\t\t\t<\/div>\n\n\t\t<\/div>\n\t<\/div>\n<\/article><!-- #post-6218 -->\t\t\t<\/div>\n\t\t\t\t\t\t<\/div>\n\t\t\t\t<\/div>\n\t\t\t\t\t<\/div>\n\t\t<\/div>\n\t\t\t\t\t<\/div><\/div>\r\n\t\t<\/section>\r\n\t\t\t\t<section class=\"elementor-section elementor-top-section elementor-element elementor-element-1f7acf7 elementor-section-boxed elementor-section-height-default elementor-section-height-default\" data-id=\"1f7acf7\" data-element_type=\"section\">\r\n\t\t\t\t\t\t<div class=\"elementor-container elementor-column-gap-thegem\"><div class=\"elementor-row\">\r\n\t\t\t\t\t<div class=\"elementor-column elementor-col-100 elementor-top-column elementor-element elementor-element-bc2da22\" data-id=\"bc2da22\" data-element_type=\"column\">\n\t\t\t<div class=\"elementor-widget-wrap elementor-element-populated\">\n\t\t\t\t\t\t<section class=\"elementor-section elementor-inner-section elementor-element elementor-element-4292b44 elementor-section-full_width elementor-section-height-min-height elementor-section-content-bottom elementor-section-height-default\" data-id=\"4292b44\" data-element_type=\"section\">\r\n\t\t\t\t\t\t<div class=\"elementor-container elementor-column-gap-no\"><div class=\"elementor-row\">\r\n\t\t\t\t\t<div class=\"elementor-column elementor-col-100 elementor-inner-column elementor-element elementor-element-47a017b\" data-id=\"47a017b\" data-element_type=\"column\">\n\t\t\t<div class=\"elementor-widget-wrap elementor-element-populated\">\n\t\t\t\t\t\t<div class=\"elementor-element elementor-element-4578b68 elementor-widget__width-auto elementor-absolute flex-horizontal-align-default flex-horizontal-align-tablet-default flex-horizontal-align-mobile-default flex-vertical-align-default flex-vertical-align-tablet-default flex-vertical-align-mobile-default elementor-widget elementor-widget-heading\" data-id=\"4578b68\" data-element_type=\"widget\" data-settings=\"{&quot;_position&quot;:&quot;absolute&quot;}\" data-widget_type=\"heading.default\">\n\t\t\t\t\t<div class=\"title-h2 elementor-heading-title elementor-size-default\">Sala de Redacci\u00f3n<\/div>\t\t\t\t<\/div>\n\t\t\t\t<div class=\"elementor-element elementor-element-657c2cc flex-horizontal-align-default flex-horizontal-align-tablet-default flex-horizontal-align-mobile-default flex-vertical-align-default flex-vertical-align-tablet-default flex-vertical-align-mobile-default elementor-widget elementor-widget-heading\" data-id=\"657c2cc\" data-element_type=\"widget\" data-widget_type=\"heading.default\">\n\t\t\t\t\t<div class=\"title-xlarge elementor-heading-title elementor-size-default\">Sala de Redacci\u00f3n<\/div>\t\t\t\t<\/div>\n\t\t\t\t\t<\/div>\n\t\t<\/div>\n\t\t\t\t\t<\/div><\/div>\r\n\t\t<\/section>\r\n\t\t\t\t<div class=\"elementor-element elementor-element-3f78869 flex-horizontal-align-default flex-horizontal-align-tablet-default flex-horizontal-align-mobile-default flex-vertical-align-default flex-vertical-align-tablet-default flex-vertical-align-mobile-default elementor-widget elementor-widget-thegem-extended-blog-grid\" data-id=\"3f78869\" data-element_type=\"widget\" data-settings=\"{&quot;thegem_elementor_preset&quot;:&quot;new&quot;,&quot;columns&quot;:&quot;4x&quot;,&quot;categories&quot;:[&quot;destacados&quot;,&quot;sala-de-redaccion&quot;],&quot;caption_position&quot;:&quot;hover&quot;,&quot;items_per_page&quot;:5,&quot;loading_animation&quot;:&quot;yes&quot;,&quot;animation_effect&quot;:&quot;move-up&quot;,&quot;image_hover_effect&quot;:&quot;vertical-sliding&quot;,&quot;by_text&quot;:&quot;By&quot;,&quot;portfolio_uid&quot;:&quot;08f94ee&quot;,&quot;filters_text_labels_clear_text&quot;:&quot;Clear Filters&quot;,&quot;not_found_text&quot;:&quot;No items were found matching your selection&quot;,&quot;sorting_extended_text&quot;:&quot;Default sorting&quot;,&quot;sorting_extended_dropdown_title_text&quot;:&quot;Sort by title (A-Z)&quot;,&quot;sorting_extended_dropdown_title_desc_text&quot;:&quot;Sort by title (Z-A)&quot;,&quot;sorting_extended_dropdown_latest_text&quot;:&quot;Sort by latest&quot;,&quot;sorting_extended_dropdown_oldest_text&quot;:&quot;Sort by oldest&quot;,&quot;exclude_blog_posts_type&quot;:&quot;term&quot;,&quot;exclude_blog_posts_terms&quot;:[&quot;category|21&quot;,&quot;category|101&quot;],&quot;additional_meta_click_behavior&quot;:&quot;filtering&quot;,&quot;skin_source&quot;:&quot;default&quot;,&quot;layout&quot;:&quot;justified&quot;,&quot;columns_tablet&quot;:&quot;2x&quot;,&quot;columns_mobile&quot;:&quot;1x&quot;,&quot;image_size&quot;:&quot;default&quot;,&quot;image_ratio_default&quot;:{&quot;unit&quot;:&quot;px&quot;,&quot;size&quot;:&quot;&quot;,&quot;sizes&quot;:[]},&quot;query_type&quot;:&quot;post&quot;,&quot;source&quot;:[&quot;categories&quot;],&quot;order_by&quot;:&quot;default&quot;,&quot;order&quot;:&quot;default&quot;,&quot;blog_show_title&quot;:&quot;yes&quot;,&quot;blog_show_date&quot;:&quot;yes&quot;,&quot;blog_show_categories&quot;:&quot;yes&quot;,&quot;additional_meta_type&quot;:&quot;taxonomies&quot;,&quot;additional_meta_taxonomies&quot;:&quot;category&quot;,&quot;blog_show_author&quot;:&quot;yes&quot;,&quot;blog_show_author_avatar&quot;:&quot;yes&quot;,&quot;filter_type&quot;:&quot;default&quot;,&quot;filter_style&quot;:&quot;buttons&quot;,&quot;search_by&quot;:&quot;content&quot;,&quot;show_pagination&quot;:&quot;yes&quot;,&quot;pagination_type&quot;:&quot;normal&quot;,&quot;next_page_preloading&quot;:&quot;yes&quot;,&quot;social_sharing&quot;:&quot;yes&quot;,&quot;sharing_icon&quot;:{&quot;value&quot;:&quot;&quot;,&quot;library&quot;:&quot;&quot;},&quot;shares_show_facebook&quot;:&quot;yes&quot;,&quot;shares_show_twitter&quot;:&quot;yes&quot;,&quot;shares_show_pinterest&quot;:&quot;yes&quot;,&quot;shares_show_tumblr&quot;:&quot;yes&quot;,&quot;shares_show_linkedin&quot;:&quot;yes&quot;,&quot;shares_show_reddit&quot;:&quot;yes&quot;,&quot;ignore_sticky_posts&quot;:&quot;yes&quot;,&quot;ajax_preloader_type&quot;:&quot;default&quot;,&quot;image_gaps&quot;:{&quot;unit&quot;:&quot;px&quot;,&quot;size&quot;:42,&quot;sizes&quot;:[]},&quot;image_gaps_tablet&quot;:{&quot;unit&quot;:&quot;px&quot;,&quot;size&quot;:&quot;&quot;,&quot;sizes&quot;:[]},&quot;image_gaps_mobile&quot;:{&quot;unit&quot;:&quot;px&quot;,&quot;size&quot;:&quot;&quot;,&quot;sizes&quot;:[]},&quot;blog_title_preset&quot;:&quot;default&quot;,&quot;title_tag&quot;:&quot;div&quot;,&quot;caption_container_preset&quot;:&quot;transparent&quot;,&quot;pagination_arrows_left_icon&quot;:{&quot;value&quot;:&quot;&quot;,&quot;library&quot;:&quot;&quot;},&quot;pagination_arrows_right_icon&quot;:{&quot;value&quot;:&quot;&quot;,&quot;library&quot;:&quot;&quot;},&quot;readmore_button_type&quot;:&quot;outline&quot;,&quot;readmore_button_size&quot;:&quot;default&quot;}\" data-widget_type=\"thegem-extended-blog-grid.default\">\n\t\t\t\t<div class=\"elementor-widget-container\">\n\t\t\t\t\t<div class=\"preloader save-space\"><div class=\"preloader-spin\"><\/div><\/div>\t\t\t<div class=\"portfolio-preloader-wrapper\">\n\n\t\t\t\t\n\t\t\t\t<div class=\"portfolio portfolio-grid extended-portfolio-grid news-grid no-padding portfolio-pagination-normal portfolio-style-justified background-style-transparent hover-new-vertical-sliding title-on-hover caption-position-hover version-new  loading-animation item-animation-move-up      columns-tablet-2 columns-mobile-1 hover-new-vertical-sliding hover-title  columns-4  next-page-preloading           \" id=\"style-3f78869\" data-style-uid=\"3f78869\" data-portfolio-uid=\"08f94ee\" data-current-page=\"1\" data-per-page=\"5\" data-next-page=\"2\" data-pages-count=\"3\" data-hover=\"new-vertical-sliding\" data-portfolio-filter=\"[]\" data-portfolio-filter-attributes=\"null\" data-portfolio-filter-status=\"null\" data-portfolio-filter-price=\"null\" data-portfolio-filter-search=\"\">\n\t\t\t\t\t\n\t\t\t\t\t<div class=\"portfolio-row-outer \">\n\n\t\t\t\t\t\t\t\t\t\t\t\t\t\t\t\t\t\t\t\t\t\t\t<div class=\"portfolio-top-panel filter-type-default selected-only\">\n\t\t\t\t\t\t\t\t\t\t\t\t\t\t\t\t\t\t\t\t<div class=\"portfolio-top-panel-row filter-style-buttons\">\n\t\t\t\t\t\t\t\t\t\t\t\t\t\t\t\t\t\t\t\t\t\t\t<div class=\"portfolio-top-panel-left\"><div class=\"portfolio-filter-item portfolio-selected-filters  \">\n\t<div class=\"portfolio-selected-filter-item clear-filters\">\n\t\tClear Filters\t<\/div>\n\t<\/div>\t\t\t\t\t\t\t\t\t\t\t\t<\/div>\n\t\t\t\t\t\t\t\t\t\t\t\t\t\t\t\t\t\t\t\t\t\t\t\t\t\t\t\t\t\t\t\t\t\t<div class=\"portfolio-top-panel-right\">\n\t\t\t\t\t\t\t\t\t\t\t\t\t\n\t\t\t\t\t\t\t\t\t\t\t\t\t\t\t\t\t\t\t\t\t\t\t\t\t<\/div>\n\t\t\t\t\t\t\t\t\t\t\t\t\t\t\t\t\t\t\t\t\t<\/div>\n\t\t\t\t\t\t\t\t\t\t\t\t\t\t\t\t\t\t\t<\/div>\n\t\t\t\t\t\t\t\t\n\t\t\t\t\t\t\t\t<div class=\"row portfolio-row\">\n\t\t\t\t\t\t\t\t\t<div class=\"portfolio-set clearfix\"\n\t\t\t\t\t\t\t\t\t\t data-max-row-height=\"\">\n\t\t\t\t\t\t\t\t\t\t\t<div class=\"portfolio-item destacados sala-de-redaccion col-xs-12 col-sm-6 col-md-3 item-animations-not-inited before-start appearance-type- post-4714 post type-post status-publish format-standard has-post-thumbnail category-destacados category-sala-de-redaccion tag-convivencia tag-educacion tag-opinion\" style=\"padding: calc(42px\/2)\" data-default-sort=\"0\" data-sort-date=\"1771770332\">\r\n\t\t\t\t\t\r\n\t\t\t<div class=\"wrap clearfix\">\r\n\t\t\t\t\t\t\t\t\t\t\t\t\t<div class=\"image post-4714 post type-post status-publish format-standard has-post-thumbnail category-destacados category-sala-de-redaccion tag-convivencia tag-educacion tag-opinion\">\r\n\t\t\t\t\t\t<div class=\"image-inner \">\r\n\r\n\t\t\t\t\t\t\t\t\t<picture>\n\t\t\t\t\t\t<img src=\"https:\/\/elfuerte.cl\/web\/wp-content\/uploads\/2026\/04\/transparent-thegem-product-justified-square-s.png\" width=\"300\" height=\"300\"  class=\"attachment-thegem-product-justified-square-s\" alt=\"Ley de Convivencia Escolar: responsabilidades compartidas ante un desaf\u00edo pa\u00eds\" style=\"max-width: 110%\" \/>\n\t\t<\/picture>\n\t\t<div class=\"post-featured-content\"><a href=\"https:\/\/elfuerte.cl\/web\/2026\/02\/22\/ley-de-convivencia-escolar-responsabilidades-compartidas-ante-un-desafio-pais\/\">\t\t<picture>\n\t\t\t\t\t\t\t\t\t\t\t\t\t\t\t\t\t<source srcset=\"https:\/\/elfuerte.cl\/web\/wp-content\/uploads\/2026\/02\/bannereducuacion-thegem-product-justified-square-s.jpg 1x\"   sizes=\"100vw\">\n\t\t\t\t\t\t\t<img src=\"https:\/\/elfuerte.cl\/web\/wp-content\/uploads\/2026\/02\/bannereducuacion-thegem-product-justified-square-s.jpg\" width=\"300\" height=\"300\"  class=\"img-responsive\" alt=\"bannereducuacion\" \/>\n\t\t<\/picture>\n\t\t<\/a><\/div>\t\t\t\t\t\t<\/div>\r\n\r\n\t\t\t\t\t\t\t\t\t\t\t\t\t<div class=\"overlay\">\r\n\t\t\t\t\t\t\t\t<div class=\"overlay-circle\"><\/div>\r\n\r\n\t\t\t\t\t\t\t\t<div class=\"links-wrapper\">\r\n\t\t\t\t\t\t\t\t\t<div class=\"links\">\r\n\t\t\t\t\t\t\t\t\t\t<div class=\"caption\">\r\n\t\t\t\t\t\t\t\t\t\t\t<a href=\"https:\/\/elfuerte.cl\/web\/2026\/02\/22\/ley-de-convivencia-escolar-responsabilidades-compartidas-ante-un-desafio-pais\/\" class=\"portfolio-item-link\">\r\n\t\t\t\t\t\t\t\t\t\t\t\t<span class=\"screen-reader-text\">Ley de Convivencia Escolar: responsabilidades compartidas ante un desaf\u00edo pa\u00eds<\/span>\r\n\t\t\t\t\t\t\t\t\t\t\t<\/a>\r\n\r\n\t\t\t\t\t\t\t\t\t\t\t\t\t\t\t\t\t\t\t\t\t\t\t\r\n\t\t\t\t\t\t\t\t\t\t\t\t\t\t\t\t\t\t\t\t\t\t\t\r\n\t\t\t\t\t\t\t\t\t\t\t\r\n\t\t\t\t\t\t\t\t\t\t\t\t\t\t\t\t\t\t\t\t\t\t\t<div class=\"slide-content\">\r\n\t\t\t\t\t\t\t\t\t\t\t\t\t<div class=\"slide-content-visible\">\r\n\t\t\t\t\t\t\t\t\t\t\t\t\t\t\r\n\t\t\t\t\t\t\t\t\t\t\t\t\t\t\r\n\t\t\t\t\t\t\t\t\t\t\t\t\t\t\t\t\t\t\t\t\t\t\t\t\t\t\t\t\t\n\t\t<div class=\"author\">\n\t\t\t\t\t\t\t<span class=\"author-avatar\"><img alt='' src='https:\/\/secure.gravatar.com\/avatar\/2806c301d7bb12fe5dc95a6fdd4a90e1634db8f1c858bdeff46ab307693cc01a?s=50&#038;d=mm&#038;r=g' srcset='https:\/\/secure.gravatar.com\/avatar\/2806c301d7bb12fe5dc95a6fdd4a90e1634db8f1c858bdeff46ab307693cc01a?s=100&#038;d=mm&#038;r=g 2x' class='avatar avatar-50 photo' height='50' width='50' \/><\/span>\n\t\t\t\t\t\t<span class=\"author-name\">Por <a href=\"https:\/\/elfuerte.cl\/web\" title=\"Visitar el sitio de Prensa El Fuerte\" rel=\"author external\">Prensa El Fuerte<\/a><\/span>\n\t\t<\/div>\n\t\t\t\t\t\t\t\t\t\t\t\t\t\t\t\t\r\n\t\t\t\t\t\t\t\t\t\t\t\t\t\t\t\t\t\t\t\t\t\t\t\t\t\t\t\t\t<div class=\"title\">\r\n\t\t\t\t\t\t\t\t\t\t\t\t\t\t\t\t<span class=\"title-h5 \">Ley de Convivencia Escolar: responsabilidades compartidas ante un desaf\u00edo pa\u00eds<\/span>\t\t\t\t\t\t\t\t\t\t\t\t\t\t\t<\/div>\r\n\t\t\t\t\t\t\t\t\t\t\t\t\t\t\r\n\t\t\t\t\t\t\t\t\t\t\t\t\t\t\r\n\t\t\t\t\t\t\t\t\t\t\t\t\t\t\t\t\t\t\t\t\t\t\t\t\t\t\t<\/div>\r\n\r\n\t\t\t\t\t\t\t\t\t\t\t\t\t<div class=\"slide-content-hidden\">\r\n\t\t\t\t\t\t\t\t\t\t\t\t\t\t\r\n\t\t\t\t\t\t\t\t\t\t\t\t\t\t\t\t\t\t\t\t\t\t\t\t\t\t\t\t\t\n\t\t<div class=\"author\">\n\t\t\t\t\t\t\t<span class=\"author-avatar\"><img alt='' src='https:\/\/secure.gravatar.com\/avatar\/2806c301d7bb12fe5dc95a6fdd4a90e1634db8f1c858bdeff46ab307693cc01a?s=50&#038;d=mm&#038;r=g' srcset='https:\/\/secure.gravatar.com\/avatar\/2806c301d7bb12fe5dc95a6fdd4a90e1634db8f1c858bdeff46ab307693cc01a?s=100&#038;d=mm&#038;r=g 2x' class='avatar avatar-50 photo' height='50' width='50' \/><\/span>\n\t\t\t\t\t\t<span class=\"author-name\">Por <a href=\"https:\/\/elfuerte.cl\/web\" title=\"Visitar el sitio de Prensa El Fuerte\" rel=\"author external\">Prensa El Fuerte<\/a><\/span>\n\t\t<\/div>\n\t\t\r\n\t\t\t\t\t\t\t\t\t\t\t\t\t\t\t\t\t\t\t\t\t\t\t\t\t\t\t\t\t\t\t<div class=\"overlay-line\"><\/div>\r\n\t\t\t\t\t\t\t\t\t\t\t\t\t\t\t\r\n\t\t\t\t\t\t\t\t\t\t\t\t\t\t\t\n\t\t<div class=\"grid-post-meta clearfix without-likes\">\n\t\t\t<div class=\"grid-post-meta-inner\">\n\t\t\t\t\t\t\t\t\t<div class=\"grid-post-share\">\n\t\t\t\t\t\t<a href=\"javascript: void(0);\" class=\"icon share\">\n\t\t\t\t\t\t\t\t\t\t\t\t\t\t\t<i class=\"default\"><\/i>\n\t\t\t\t\t\t\t\t\t\t\t\t\t<\/a>\n\t\t\t\t\t<\/div>\n\t\t\t\t\n\t\t\t\t<div class=\"grid-post-meta-comments-likes\">\n\t\t\t\t\t\n\t\t\t\t\t\t\t\t\t<\/div>\n\n\t\t\t\t\t\t\t\t\t<div class=\"portfolio-sharing-pane\">\r\n<div class=\"socials-sharing socials socials-colored-hover \">\r\n\t        <a class=\"socials-item\" target=\"_blank\"\r\n           href=\"https:\/\/www.facebook.com\/sharer\/sharer.php?u=https%3A%2F%2Felfuerte.cl%2Fweb%2F2026%2F02%2F22%2Fley-de-convivencia-escolar-responsabilidades-compartidas-ante-un-desafio-pais%2F\"\r\n           title=\"Facebook\"><i class=\"socials-item-icon facebook\"><\/i><\/a>\r\n\t\t        <a class=\"socials-item\" target=\"_blank\"\r\n           href=\"https:\/\/twitter.com\/intent\/tweet?text=Ley+de+Convivencia+Escolar%3A+responsabilidades+compartidas+ante+un+desaf%C3%ADo+pa%C3%ADs&#038;url=https%3A%2F%2Felfuerte.cl%2Fweb%2F2026%2F02%2F22%2Fley-de-convivencia-escolar-responsabilidades-compartidas-ante-un-desafio-pais%2F\"\r\n           title=\"Twitter\"><i class=\"socials-item-icon twitter\"><\/i><\/a>\r\n\t\t        <a class=\"socials-item\" target=\"_blank\"\r\n           href=\"https:\/\/pinterest.com\/pin\/create\/button\/?url=https%3A%2F%2Felfuerte.cl%2Fweb%2F2026%2F02%2F22%2Fley-de-convivencia-escolar-responsabilidades-compartidas-ante-un-desafio-pais%2F&#038;description=Ley+de+Convivencia+Escolar%3A+responsabilidades+compartidas+ante+un+desaf%C3%ADo+pa%C3%ADs&#038;media=https%3A%2F%2Felfuerte.cl%2Fweb%2Fwp-content%2Fuploads%2F2026%2F02%2Fbannereducuacion-thegem-blog-timeline-large.jpg\"\r\n           title=\"Pinterest\"><i class=\"socials-item-icon pinterest\"><\/i><\/a>\r\n\t\t        <a class=\"socials-item\" target=\"_blank\"\r\n           href=\"http:\/\/tumblr.com\/widgets\/share\/tool?canonicalUrl=https%3A%2F%2Felfuerte.cl%2Fweb%2F2026%2F02%2F22%2Fley-de-convivencia-escolar-responsabilidades-compartidas-ante-un-desafio-pais%2F\"\r\n           title=\"Tumblr\"><i class=\"socials-item-icon tumblr\"><\/i><\/a>\r\n\t\t        <a class=\"socials-item\" target=\"_blank\"\r\n           href=\"https:\/\/www.linkedin.com\/shareArticle?mini=true&#038;url=https%3A%2F%2Felfuerte.cl%2Fweb%2F2026%2F02%2F22%2Fley-de-convivencia-escolar-responsabilidades-compartidas-ante-un-desafio-pais%2F&#038;title=Ley+de+Convivencia+Escolar%3A+responsabilidades+compartidas+ante+un+desaf%C3%ADo+pa%C3%ADs&amp;summary=El+retorno+a+la+presencialidad+tras+la+pandemia+instal%C3%B3+con+fuerza+un+tema+que+hoy+atraviesa+a+todo+el+sistema+educativo%3A+la+convivencia+escolar.\"\r\n           title=\"LinkedIn\"><i class=\"socials-item-icon linkedin\"><\/i><\/a>\r\n\t\t        <a class=\"socials-item\" target=\"_blank\"\r\n           href=\"https:\/\/www.reddit.com\/submit?url=https%3A%2F%2Felfuerte.cl%2Fweb%2F2026%2F02%2F22%2Fley-de-convivencia-escolar-responsabilidades-compartidas-ante-un-desafio-pais%2F&#038;title=Ley+de+Convivencia+Escolar%3A+responsabilidades+compartidas+ante+un+desaf%C3%ADo+pa%C3%ADs\"\r\n           title=\"Reddit\"><i class=\"socials-item-icon reddit\"><\/i><\/a>\r\n\t<\/div>\r\n<\/div>\n\t\t\t\t\t\t\t<\/div>\n\t\t<\/div>\n\n\t\t\t\t\t\t\t\t\t\t\t\t\t\t\t\t\r\n\t\t\t\t\t\t\t\t\t\t\t\t\t\t\r\n\t\t\t\t\t\t\t\t\t\t\t\t\t\t\r\n\t\t\t\t\t\t\t\t\t\t\t\t\t\t\r\n\t\t\t\t\t\t\t\t\t\t\t\t\t\t\r\n\t\t\t\t\t\t\t\t\t\t\t\t\t\t\t\t\t\t\t\t\t\t\t\t\t\t\t\t\t<div class=\"post-date\">22\/02\/2026<\/div>\r\n\t\t\t\t\t\t\t\t\t\t\t\t\t\t\r\n\t\t\t\t\t\t\t\t\t\t\t\t\t\t\t\t\t\t\t\t\t\t\t\t\t\t\t<\/div>\r\n\t\t\t\t\t\t\t\t\t\t\t\t<\/div>\r\n\r\n\t\t\t\t\t\t\t\t\t\t\t\t\t\t\t\t\t<div class=\"info\">\n\t\t\t\t<a class=\"additional-meta\" data-filter-type=\"taxonomies\" data-attr=\"category\" data-filter=\"destacados\">Destacados<\/a><span class=\"sep\"><\/span> <a class=\"additional-meta\" data-filter-type=\"taxonomies\" data-attr=\"category\" data-filter=\"sala-de-redaccion\">Sala de Redacci\u00f3n<\/a>\t\t\t\t\t<\/div>\n\t\t\t\t\r\n\t\t\t\t\t\t\t\t\t\t\t\t\r\n\t\t\t\t\t\t\t\t\t\t\t\t\r\n\t\t\t\t\t\t\t\t\t\t\t\t\t\t\t\t\t\t\t\t\t<\/div>\r\n\t\t\t\t\t\t\t\t\t<\/div>\r\n\t\t\t\t\t\t\t\t<\/div>\r\n\t\t\t\t\t\t\t<\/div>\r\n\t\t\t\t\t\t\t\t\t\t\t<\/div>\r\n\t\t\t\t\r\n\t\t\t\t\t\t\t<\/div>\r\n\t\t\t\t<\/div>\r\n\t<div class=\"portfolio-item destacados sala-de-redaccion col-xs-12 col-sm-6 col-md-3 item-animations-not-inited before-start appearance-type- post-4490 post type-post status-publish format-standard has-post-thumbnail category-destacados category-sala-de-redaccion tag-comercio tag-desarrollo tag-los-rios tag-trabajo tag-turismo\" style=\"padding: calc(42px\/2)\" data-default-sort=\"0\" data-sort-date=\"1771090194\">\r\n\t\t\t\t\t\r\n\t\t\t<div class=\"wrap clearfix\">\r\n\t\t\t\t\t\t\t\t\t\t\t\t\t<div class=\"image post-4490 post type-post status-publish format-standard has-post-thumbnail category-destacados category-sala-de-redaccion tag-comercio tag-desarrollo tag-los-rios tag-trabajo tag-turismo\">\r\n\t\t\t\t\t\t<div class=\"image-inner \">\r\n\r\n\t\t\t\t\t\t\t\t\t<picture>\n\t\t\t\t\t\t<img src=\"https:\/\/elfuerte.cl\/web\/wp-content\/uploads\/2026\/04\/transparent-thegem-product-justified-square-s.png\" width=\"300\" height=\"300\"  class=\"attachment-thegem-product-justified-square-s\" alt=\"Comercio detallista es el principal  generador de empleo en la regi\u00f3n\" style=\"max-width: 110%\" \/>\n\t\t<\/picture>\n\t\t<div class=\"post-featured-content\"><a href=\"https:\/\/elfuerte.cl\/web\/2026\/02\/14\/comercio-detallista-es-el-principal-generador-de-empleo-en-la-region\/\">\t\t<picture>\n\t\t\t\t\t\t\t\t\t\t\t\t\t\t\t\t\t<source srcset=\"https:\/\/elfuerte.cl\/web\/wp-content\/uploads\/2026\/02\/bannerreinaldo-thegem-product-justified-square-s.jpg 1x\"   sizes=\"100vw\">\n\t\t\t\t\t\t\t<img src=\"https:\/\/elfuerte.cl\/web\/wp-content\/uploads\/2026\/02\/bannerreinaldo-thegem-product-justified-square-s.jpg\" width=\"300\" height=\"300\"  class=\"img-responsive\" alt=\"bannerreinaldo\" \/>\n\t\t<\/picture>\n\t\t<\/a><\/div>\t\t\t\t\t\t<\/div>\r\n\r\n\t\t\t\t\t\t\t\t\t\t\t\t\t<div class=\"overlay\">\r\n\t\t\t\t\t\t\t\t<div class=\"overlay-circle\"><\/div>\r\n\r\n\t\t\t\t\t\t\t\t<div class=\"links-wrapper\">\r\n\t\t\t\t\t\t\t\t\t<div class=\"links\">\r\n\t\t\t\t\t\t\t\t\t\t<div class=\"caption\">\r\n\t\t\t\t\t\t\t\t\t\t\t<a href=\"https:\/\/elfuerte.cl\/web\/2026\/02\/14\/comercio-detallista-es-el-principal-generador-de-empleo-en-la-region\/\" class=\"portfolio-item-link\">\r\n\t\t\t\t\t\t\t\t\t\t\t\t<span class=\"screen-reader-text\">Comercio detallista es el principal  generador de empleo en la regi\u00f3n<\/span>\r\n\t\t\t\t\t\t\t\t\t\t\t<\/a>\r\n\r\n\t\t\t\t\t\t\t\t\t\t\t\t\t\t\t\t\t\t\t\t\t\t\t\r\n\t\t\t\t\t\t\t\t\t\t\t\t\t\t\t\t\t\t\t\t\t\t\t\r\n\t\t\t\t\t\t\t\t\t\t\t\r\n\t\t\t\t\t\t\t\t\t\t\t\t\t\t\t\t\t\t\t\t\t\t\t<div class=\"slide-content\">\r\n\t\t\t\t\t\t\t\t\t\t\t\t\t<div class=\"slide-content-visible\">\r\n\t\t\t\t\t\t\t\t\t\t\t\t\t\t\r\n\t\t\t\t\t\t\t\t\t\t\t\t\t\t\r\n\t\t\t\t\t\t\t\t\t\t\t\t\t\t\t\t\t\t\t\t\t\t\t\t\t\t\t\t\t\n\t\t<div class=\"author\">\n\t\t\t\t\t\t\t<span class=\"author-avatar\"><img alt='' src='https:\/\/secure.gravatar.com\/avatar\/2806c301d7bb12fe5dc95a6fdd4a90e1634db8f1c858bdeff46ab307693cc01a?s=50&#038;d=mm&#038;r=g' srcset='https:\/\/secure.gravatar.com\/avatar\/2806c301d7bb12fe5dc95a6fdd4a90e1634db8f1c858bdeff46ab307693cc01a?s=100&#038;d=mm&#038;r=g 2x' class='avatar avatar-50 photo' height='50' width='50' \/><\/span>\n\t\t\t\t\t\t<span class=\"author-name\">Por <a href=\"https:\/\/elfuerte.cl\/web\" title=\"Visitar el sitio de Prensa El Fuerte\" rel=\"author external\">Prensa El Fuerte<\/a><\/span>\n\t\t<\/div>\n\t\t\t\t\t\t\t\t\t\t\t\t\t\t\t\t\r\n\t\t\t\t\t\t\t\t\t\t\t\t\t\t\t\t\t\t\t\t\t\t\t\t\t\t\t\t\t<div class=\"title\">\r\n\t\t\t\t\t\t\t\t\t\t\t\t\t\t\t\t<span class=\"title-h5 \">Comercio detallista es el principal  generador de empleo en la regi\u00f3n<\/span>\t\t\t\t\t\t\t\t\t\t\t\t\t\t\t<\/div>\r\n\t\t\t\t\t\t\t\t\t\t\t\t\t\t\r\n\t\t\t\t\t\t\t\t\t\t\t\t\t\t\r\n\t\t\t\t\t\t\t\t\t\t\t\t\t\t\t\t\t\t\t\t\t\t\t\t\t\t\t<\/div>\r\n\r\n\t\t\t\t\t\t\t\t\t\t\t\t\t<div class=\"slide-content-hidden\">\r\n\t\t\t\t\t\t\t\t\t\t\t\t\t\t\r\n\t\t\t\t\t\t\t\t\t\t\t\t\t\t\t\t\t\t\t\t\t\t\t\t\t\t\t\t\t\n\t\t<div class=\"author\">\n\t\t\t\t\t\t\t<span class=\"author-avatar\"><img alt='' src='https:\/\/secure.gravatar.com\/avatar\/2806c301d7bb12fe5dc95a6fdd4a90e1634db8f1c858bdeff46ab307693cc01a?s=50&#038;d=mm&#038;r=g' srcset='https:\/\/secure.gravatar.com\/avatar\/2806c301d7bb12fe5dc95a6fdd4a90e1634db8f1c858bdeff46ab307693cc01a?s=100&#038;d=mm&#038;r=g 2x' class='avatar avatar-50 photo' height='50' width='50' \/><\/span>\n\t\t\t\t\t\t<span class=\"author-name\">Por <a href=\"https:\/\/elfuerte.cl\/web\" title=\"Visitar el sitio de Prensa El Fuerte\" rel=\"author external\">Prensa El Fuerte<\/a><\/span>\n\t\t<\/div>\n\t\t\r\n\t\t\t\t\t\t\t\t\t\t\t\t\t\t\t\t\t\t\t\t\t\t\t\t\t\t\t\t\t\t\t<div class=\"overlay-line\"><\/div>\r\n\t\t\t\t\t\t\t\t\t\t\t\t\t\t\t\r\n\t\t\t\t\t\t\t\t\t\t\t\t\t\t\t\n\t\t<div class=\"grid-post-meta clearfix without-likes\">\n\t\t\t<div class=\"grid-post-meta-inner\">\n\t\t\t\t\t\t\t\t\t<div class=\"grid-post-share\">\n\t\t\t\t\t\t<a href=\"javascript: void(0);\" class=\"icon share\">\n\t\t\t\t\t\t\t\t\t\t\t\t\t\t\t<i class=\"default\"><\/i>\n\t\t\t\t\t\t\t\t\t\t\t\t\t<\/a>\n\t\t\t\t\t<\/div>\n\t\t\t\t\n\t\t\t\t<div class=\"grid-post-meta-comments-likes\">\n\t\t\t\t\t\n\t\t\t\t\t\t\t\t\t<\/div>\n\n\t\t\t\t\t\t\t\t\t<div class=\"portfolio-sharing-pane\">\r\n<div class=\"socials-sharing socials socials-colored-hover \">\r\n\t        <a class=\"socials-item\" target=\"_blank\"\r\n           href=\"https:\/\/www.facebook.com\/sharer\/sharer.php?u=https%3A%2F%2Felfuerte.cl%2Fweb%2F2026%2F02%2F14%2Fcomercio-detallista-es-el-principal-generador-de-empleo-en-la-region%2F\"\r\n           title=\"Facebook\"><i class=\"socials-item-icon facebook\"><\/i><\/a>\r\n\t\t        <a class=\"socials-item\" target=\"_blank\"\r\n           href=\"https:\/\/twitter.com\/intent\/tweet?text=Comercio+detallista+es+el+principal++generador+de+empleo+en+la+regi%C3%B3n&#038;url=https%3A%2F%2Felfuerte.cl%2Fweb%2F2026%2F02%2F14%2Fcomercio-detallista-es-el-principal-generador-de-empleo-en-la-region%2F\"\r\n           title=\"Twitter\"><i class=\"socials-item-icon twitter\"><\/i><\/a>\r\n\t\t        <a class=\"socials-item\" target=\"_blank\"\r\n           href=\"https:\/\/pinterest.com\/pin\/create\/button\/?url=https%3A%2F%2Felfuerte.cl%2Fweb%2F2026%2F02%2F14%2Fcomercio-detallista-es-el-principal-generador-de-empleo-en-la-region%2F&#038;description=Comercio+detallista+es+el+principal++generador+de+empleo+en+la+regi%C3%B3n&#038;media=https%3A%2F%2Felfuerte.cl%2Fweb%2Fwp-content%2Fuploads%2F2026%2F02%2Fbannerreinaldo-thegem-blog-timeline-large.jpg\"\r\n           title=\"Pinterest\"><i class=\"socials-item-icon pinterest\"><\/i><\/a>\r\n\t\t        <a class=\"socials-item\" target=\"_blank\"\r\n           href=\"http:\/\/tumblr.com\/widgets\/share\/tool?canonicalUrl=https%3A%2F%2Felfuerte.cl%2Fweb%2F2026%2F02%2F14%2Fcomercio-detallista-es-el-principal-generador-de-empleo-en-la-region%2F\"\r\n           title=\"Tumblr\"><i class=\"socials-item-icon tumblr\"><\/i><\/a>\r\n\t\t        <a class=\"socials-item\" target=\"_blank\"\r\n           href=\"https:\/\/www.linkedin.com\/shareArticle?mini=true&#038;url=https%3A%2F%2Felfuerte.cl%2Fweb%2F2026%2F02%2F14%2Fcomercio-detallista-es-el-principal-generador-de-empleo-en-la-region%2F&#038;title=Comercio+detallista+es+el+principal++generador+de+empleo+en+la+regi%C3%B3n&amp;summary=De+acuerdo+a+informes+econ%C3%B3micos+oficiales%2C+la+regi%C3%B3n+Los+R%C3%ADos+contin%C3%BAa+siendo+un+territorio+peque%C3%B1o+en+su+base+productiva+y+una+de+las+que+menos+aporta+al+Producto+Interno+Bruto%2C+1%2C4%25+del+total+nacional%2C+y+lo+m%C3%A1s+preocupante+es+que+ese+indicador%2C+pr%C3%A1cticamente%2C+no+ha+variado+en+la+%C3%BAltima+d%C3%A9cada.\"\r\n           title=\"LinkedIn\"><i class=\"socials-item-icon linkedin\"><\/i><\/a>\r\n\t\t        <a class=\"socials-item\" target=\"_blank\"\r\n           href=\"https:\/\/www.reddit.com\/submit?url=https%3A%2F%2Felfuerte.cl%2Fweb%2F2026%2F02%2F14%2Fcomercio-detallista-es-el-principal-generador-de-empleo-en-la-region%2F&#038;title=Comercio+detallista+es+el+principal++generador+de+empleo+en+la+regi%C3%B3n\"\r\n           title=\"Reddit\"><i class=\"socials-item-icon reddit\"><\/i><\/a>\r\n\t<\/div>\r\n<\/div>\n\t\t\t\t\t\t\t<\/div>\n\t\t<\/div>\n\n\t\t\t\t\t\t\t\t\t\t\t\t\t\t\t\t\r\n\t\t\t\t\t\t\t\t\t\t\t\t\t\t\r\n\t\t\t\t\t\t\t\t\t\t\t\t\t\t\r\n\t\t\t\t\t\t\t\t\t\t\t\t\t\t\r\n\t\t\t\t\t\t\t\t\t\t\t\t\t\t\r\n\t\t\t\t\t\t\t\t\t\t\t\t\t\t\t\t\t\t\t\t\t\t\t\t\t\t\t\t\t<div class=\"post-date\">14\/02\/2026<\/div>\r\n\t\t\t\t\t\t\t\t\t\t\t\t\t\t\r\n\t\t\t\t\t\t\t\t\t\t\t\t\t\t\t\t\t\t\t\t\t\t\t\t\t\t\t<\/div>\r\n\t\t\t\t\t\t\t\t\t\t\t\t<\/div>\r\n\r\n\t\t\t\t\t\t\t\t\t\t\t\t\t\t\t\t\t<div class=\"info\">\n\t\t\t\t<a class=\"additional-meta\" data-filter-type=\"taxonomies\" data-attr=\"category\" data-filter=\"destacados\">Destacados<\/a><span class=\"sep\"><\/span> <a class=\"additional-meta\" data-filter-type=\"taxonomies\" data-attr=\"category\" data-filter=\"sala-de-redaccion\">Sala de Redacci\u00f3n<\/a>\t\t\t\t\t<\/div>\n\t\t\t\t\r\n\t\t\t\t\t\t\t\t\t\t\t\t\r\n\t\t\t\t\t\t\t\t\t\t\t\t\r\n\t\t\t\t\t\t\t\t\t\t\t\t\t\t\t\t\t\t\t\t\t<\/div>\r\n\t\t\t\t\t\t\t\t\t<\/div>\r\n\t\t\t\t\t\t\t\t<\/div>\r\n\t\t\t\t\t\t\t<\/div>\r\n\t\t\t\t\t\t\t\t\t\t\t<\/div>\r\n\t\t\t\t\r\n\t\t\t\t\t\t\t<\/div>\r\n\t\t\t\t<\/div>\r\n\t<div class=\"portfolio-item destacados sala-de-redaccion col-xs-12 col-sm-6 col-md-3 item-animations-not-inited before-start appearance-type- post-4438 post type-post status-publish format-standard has-post-thumbnail category-destacados category-sala-de-redaccion tag-seguridad tag-trabajo\" style=\"padding: calc(42px\/2)\" data-default-sort=\"0\" data-sort-date=\"1770984984\">\r\n\t\t\t\t\t\r\n\t\t\t<div class=\"wrap clearfix\">\r\n\t\t\t\t\t\t\t\t\t\t\t\t\t<div class=\"image post-4438 post type-post status-publish format-standard has-post-thumbnail category-destacados category-sala-de-redaccion tag-seguridad tag-trabajo\">\r\n\t\t\t\t\t\t<div class=\"image-inner \">\r\n\r\n\t\t\t\t\t\t\t\t\t<picture>\n\t\t\t\t\t\t<img src=\"https:\/\/elfuerte.cl\/web\/wp-content\/uploads\/2026\/04\/transparent-thegem-product-justified-square-s.png\" width=\"300\" height=\"300\"  class=\"attachment-thegem-product-justified-square-s\" alt=\"Que el trabajo no cueste la vida: una oportunidad  para fortalecer prevenci\u00f3n y seguridad laboral\" style=\"max-width: 110%\" \/>\n\t\t<\/picture>\n\t\t<div class=\"post-featured-content\"><a href=\"https:\/\/elfuerte.cl\/web\/2026\/02\/13\/que-el-trabajo-no-cueste-la-vida-una-oportunidad-para-fortalecer-prevencion-y-seguridad-laboral\/\">\t\t<picture>\n\t\t\t\t\t\t\t\t\t\t\t\t\t\t\t\t\t<source srcset=\"https:\/\/elfuerte.cl\/web\/wp-content\/uploads\/2026\/02\/bannertrabajo-thegem-product-justified-square-s.jpg 1x\"   sizes=\"100vw\">\n\t\t\t\t\t\t\t<img src=\"https:\/\/elfuerte.cl\/web\/wp-content\/uploads\/2026\/02\/bannertrabajo-thegem-product-justified-square-s.jpg\" width=\"300\" height=\"300\"  class=\"img-responsive\" alt=\"bannertrabajo\" \/>\n\t\t<\/picture>\n\t\t<\/a><\/div>\t\t\t\t\t\t<\/div>\r\n\r\n\t\t\t\t\t\t\t\t\t\t\t\t\t<div class=\"overlay\">\r\n\t\t\t\t\t\t\t\t<div class=\"overlay-circle\"><\/div>\r\n\r\n\t\t\t\t\t\t\t\t<div class=\"links-wrapper\">\r\n\t\t\t\t\t\t\t\t\t<div class=\"links\">\r\n\t\t\t\t\t\t\t\t\t\t<div class=\"caption\">\r\n\t\t\t\t\t\t\t\t\t\t\t<a href=\"https:\/\/elfuerte.cl\/web\/2026\/02\/13\/que-el-trabajo-no-cueste-la-vida-una-oportunidad-para-fortalecer-prevencion-y-seguridad-laboral\/\" class=\"portfolio-item-link\">\r\n\t\t\t\t\t\t\t\t\t\t\t\t<span class=\"screen-reader-text\">Que el trabajo no cueste la vida: una oportunidad  para fortalecer prevenci\u00f3n y seguridad laboral<\/span>\r\n\t\t\t\t\t\t\t\t\t\t\t<\/a>\r\n\r\n\t\t\t\t\t\t\t\t\t\t\t\t\t\t\t\t\t\t\t\t\t\t\t\r\n\t\t\t\t\t\t\t\t\t\t\t\t\t\t\t\t\t\t\t\t\t\t\t\r\n\t\t\t\t\t\t\t\t\t\t\t\r\n\t\t\t\t\t\t\t\t\t\t\t\t\t\t\t\t\t\t\t\t\t\t\t<div class=\"slide-content\">\r\n\t\t\t\t\t\t\t\t\t\t\t\t\t<div class=\"slide-content-visible\">\r\n\t\t\t\t\t\t\t\t\t\t\t\t\t\t\r\n\t\t\t\t\t\t\t\t\t\t\t\t\t\t\r\n\t\t\t\t\t\t\t\t\t\t\t\t\t\t\t\t\t\t\t\t\t\t\t\t\t\t\t\t\t\n\t\t<div class=\"author\">\n\t\t\t\t\t\t\t<span class=\"author-avatar\"><img alt='' src='https:\/\/secure.gravatar.com\/avatar\/2806c301d7bb12fe5dc95a6fdd4a90e1634db8f1c858bdeff46ab307693cc01a?s=50&#038;d=mm&#038;r=g' srcset='https:\/\/secure.gravatar.com\/avatar\/2806c301d7bb12fe5dc95a6fdd4a90e1634db8f1c858bdeff46ab307693cc01a?s=100&#038;d=mm&#038;r=g 2x' class='avatar avatar-50 photo' height='50' width='50' \/><\/span>\n\t\t\t\t\t\t<span class=\"author-name\">Por <a href=\"https:\/\/elfuerte.cl\/web\" title=\"Visitar el sitio de Prensa El Fuerte\" rel=\"author external\">Prensa El Fuerte<\/a><\/span>\n\t\t<\/div>\n\t\t\t\t\t\t\t\t\t\t\t\t\t\t\t\t\r\n\t\t\t\t\t\t\t\t\t\t\t\t\t\t\t\t\t\t\t\t\t\t\t\t\t\t\t\t\t<div class=\"title\">\r\n\t\t\t\t\t\t\t\t\t\t\t\t\t\t\t\t<span class=\"title-h5 \">Que el trabajo no cueste la vida: una oportunidad  para fortalecer prevenci\u00f3n y seguridad laboral<\/span>\t\t\t\t\t\t\t\t\t\t\t\t\t\t\t<\/div>\r\n\t\t\t\t\t\t\t\t\t\t\t\t\t\t\r\n\t\t\t\t\t\t\t\t\t\t\t\t\t\t\r\n\t\t\t\t\t\t\t\t\t\t\t\t\t\t\t\t\t\t\t\t\t\t\t\t\t\t\t<\/div>\r\n\r\n\t\t\t\t\t\t\t\t\t\t\t\t\t<div class=\"slide-content-hidden\">\r\n\t\t\t\t\t\t\t\t\t\t\t\t\t\t\r\n\t\t\t\t\t\t\t\t\t\t\t\t\t\t\t\t\t\t\t\t\t\t\t\t\t\t\t\t\t\n\t\t<div class=\"author\">\n\t\t\t\t\t\t\t<span class=\"author-avatar\"><img alt='' src='https:\/\/secure.gravatar.com\/avatar\/2806c301d7bb12fe5dc95a6fdd4a90e1634db8f1c858bdeff46ab307693cc01a?s=50&#038;d=mm&#038;r=g' srcset='https:\/\/secure.gravatar.com\/avatar\/2806c301d7bb12fe5dc95a6fdd4a90e1634db8f1c858bdeff46ab307693cc01a?s=100&#038;d=mm&#038;r=g 2x' class='avatar avatar-50 photo' height='50' width='50' \/><\/span>\n\t\t\t\t\t\t<span class=\"author-name\">Por <a href=\"https:\/\/elfuerte.cl\/web\" title=\"Visitar el sitio de Prensa El Fuerte\" rel=\"author external\">Prensa El Fuerte<\/a><\/span>\n\t\t<\/div>\n\t\t\r\n\t\t\t\t\t\t\t\t\t\t\t\t\t\t\t\t\t\t\t\t\t\t\t\t\t\t\t\t\t\t\t<div class=\"overlay-line\"><\/div>\r\n\t\t\t\t\t\t\t\t\t\t\t\t\t\t\t\r\n\t\t\t\t\t\t\t\t\t\t\t\t\t\t\t\n\t\t<div class=\"grid-post-meta clearfix without-likes\">\n\t\t\t<div class=\"grid-post-meta-inner\">\n\t\t\t\t\t\t\t\t\t<div class=\"grid-post-share\">\n\t\t\t\t\t\t<a href=\"javascript: void(0);\" class=\"icon share\">\n\t\t\t\t\t\t\t\t\t\t\t\t\t\t\t<i class=\"default\"><\/i>\n\t\t\t\t\t\t\t\t\t\t\t\t\t<\/a>\n\t\t\t\t\t<\/div>\n\t\t\t\t\n\t\t\t\t<div class=\"grid-post-meta-comments-likes\">\n\t\t\t\t\t\n\t\t\t\t\t\t\t\t\t<\/div>\n\n\t\t\t\t\t\t\t\t\t<div class=\"portfolio-sharing-pane\">\r\n<div class=\"socials-sharing socials socials-colored-hover \">\r\n\t        <a class=\"socials-item\" target=\"_blank\"\r\n           href=\"https:\/\/www.facebook.com\/sharer\/sharer.php?u=https%3A%2F%2Felfuerte.cl%2Fweb%2F2026%2F02%2F13%2Fque-el-trabajo-no-cueste-la-vida-una-oportunidad-para-fortalecer-prevencion-y-seguridad-laboral%2F\"\r\n           title=\"Facebook\"><i class=\"socials-item-icon facebook\"><\/i><\/a>\r\n\t\t        <a class=\"socials-item\" target=\"_blank\"\r\n           href=\"https:\/\/twitter.com\/intent\/tweet?text=Que+el+trabajo+no+cueste+la+vida%3A+una+oportunidad++para+fortalecer+prevenci%C3%B3n+y+seguridad+laboral&#038;url=https%3A%2F%2Felfuerte.cl%2Fweb%2F2026%2F02%2F13%2Fque-el-trabajo-no-cueste-la-vida-una-oportunidad-para-fortalecer-prevencion-y-seguridad-laboral%2F\"\r\n           title=\"Twitter\"><i class=\"socials-item-icon twitter\"><\/i><\/a>\r\n\t\t        <a class=\"socials-item\" target=\"_blank\"\r\n           href=\"https:\/\/pinterest.com\/pin\/create\/button\/?url=https%3A%2F%2Felfuerte.cl%2Fweb%2F2026%2F02%2F13%2Fque-el-trabajo-no-cueste-la-vida-una-oportunidad-para-fortalecer-prevencion-y-seguridad-laboral%2F&#038;description=Que+el+trabajo+no+cueste+la+vida%3A+una+oportunidad++para+fortalecer+prevenci%C3%B3n+y+seguridad+laboral&#038;media=https%3A%2F%2Felfuerte.cl%2Fweb%2Fwp-content%2Fuploads%2F2026%2F02%2Fbannertrabajo-thegem-blog-timeline-large.jpg\"\r\n           title=\"Pinterest\"><i class=\"socials-item-icon pinterest\"><\/i><\/a>\r\n\t\t        <a class=\"socials-item\" target=\"_blank\"\r\n           href=\"http:\/\/tumblr.com\/widgets\/share\/tool?canonicalUrl=https%3A%2F%2Felfuerte.cl%2Fweb%2F2026%2F02%2F13%2Fque-el-trabajo-no-cueste-la-vida-una-oportunidad-para-fortalecer-prevencion-y-seguridad-laboral%2F\"\r\n           title=\"Tumblr\"><i class=\"socials-item-icon tumblr\"><\/i><\/a>\r\n\t\t        <a class=\"socials-item\" target=\"_blank\"\r\n           href=\"https:\/\/www.linkedin.com\/shareArticle?mini=true&#038;url=https%3A%2F%2Felfuerte.cl%2Fweb%2F2026%2F02%2F13%2Fque-el-trabajo-no-cueste-la-vida-una-oportunidad-para-fortalecer-prevencion-y-seguridad-laboral%2F&#038;title=Que+el+trabajo+no+cueste+la+vida%3A+una+oportunidad++para+fortalecer+prevenci%C3%B3n+y+seguridad+laboral&amp;summary=En+Chile%2C+cerca+de+2%2C1+trabajadores+por+cada+100+mil+protegidos+fallecieron+en+2024+a+causa+de+accidentes+laborales.+Detr%C3%A1s+de+este+dato+hay+decenas+de+muertes%2C+familias+afectadas+y+comunidades+impactadas.+\"\r\n           title=\"LinkedIn\"><i class=\"socials-item-icon linkedin\"><\/i><\/a>\r\n\t\t        <a class=\"socials-item\" target=\"_blank\"\r\n           href=\"https:\/\/www.reddit.com\/submit?url=https%3A%2F%2Felfuerte.cl%2Fweb%2F2026%2F02%2F13%2Fque-el-trabajo-no-cueste-la-vida-una-oportunidad-para-fortalecer-prevencion-y-seguridad-laboral%2F&#038;title=Que+el+trabajo+no+cueste+la+vida%3A+una+oportunidad++para+fortalecer+prevenci%C3%B3n+y+seguridad+laboral\"\r\n           title=\"Reddit\"><i class=\"socials-item-icon reddit\"><\/i><\/a>\r\n\t<\/div>\r\n<\/div>\n\t\t\t\t\t\t\t<\/div>\n\t\t<\/div>\n\n\t\t\t\t\t\t\t\t\t\t\t\t\t\t\t\t\r\n\t\t\t\t\t\t\t\t\t\t\t\t\t\t\r\n\t\t\t\t\t\t\t\t\t\t\t\t\t\t\r\n\t\t\t\t\t\t\t\t\t\t\t\t\t\t\r\n\t\t\t\t\t\t\t\t\t\t\t\t\t\t\r\n\t\t\t\t\t\t\t\t\t\t\t\t\t\t\t\t\t\t\t\t\t\t\t\t\t\t\t\t\t<div class=\"post-date\">13\/02\/2026<\/div>\r\n\t\t\t\t\t\t\t\t\t\t\t\t\t\t\r\n\t\t\t\t\t\t\t\t\t\t\t\t\t\t\t\t\t\t\t\t\t\t\t\t\t\t\t<\/div>\r\n\t\t\t\t\t\t\t\t\t\t\t\t<\/div>\r\n\r\n\t\t\t\t\t\t\t\t\t\t\t\t\t\t\t\t\t<div class=\"info\">\n\t\t\t\t<a class=\"additional-meta\" data-filter-type=\"taxonomies\" data-attr=\"category\" data-filter=\"destacados\">Destacados<\/a><span class=\"sep\"><\/span> <a class=\"additional-meta\" data-filter-type=\"taxonomies\" data-attr=\"category\" data-filter=\"sala-de-redaccion\">Sala de Redacci\u00f3n<\/a>\t\t\t\t\t<\/div>\n\t\t\t\t\r\n\t\t\t\t\t\t\t\t\t\t\t\t\r\n\t\t\t\t\t\t\t\t\t\t\t\t\r\n\t\t\t\t\t\t\t\t\t\t\t\t\t\t\t\t\t\t\t\t\t<\/div>\r\n\t\t\t\t\t\t\t\t\t<\/div>\r\n\t\t\t\t\t\t\t\t<\/div>\r\n\t\t\t\t\t\t\t<\/div>\r\n\t\t\t\t\t\t\t\t\t\t\t<\/div>\r\n\t\t\t\t\r\n\t\t\t\t\t\t\t<\/div>\r\n\t\t\t\t<\/div>\r\n\t<div class=\"portfolio-item destacados sala-de-redaccion col-xs-12 col-sm-6 col-md-3 item-animations-not-inited before-start appearance-type- post-4141 post type-post status-publish format-standard has-post-thumbnail category-destacados category-sala-de-redaccion tag-academia tag-catastrofes tag-opinion\" style=\"padding: calc(42px\/2)\" data-default-sort=\"0\" data-sort-date=\"1769947232\">\r\n\t\t\t\t\t\r\n\t\t\t<div class=\"wrap clearfix\">\r\n\t\t\t\t\t\t\t\t\t\t\t\t\t<div class=\"image post-4141 post type-post status-publish format-standard has-post-thumbnail category-destacados category-sala-de-redaccion tag-academia tag-catastrofes tag-opinion\">\r\n\t\t\t\t\t\t<div class=\"image-inner \">\r\n\r\n\t\t\t\t\t\t\t\t\t<picture>\n\t\t\t\t\t\t<img src=\"https:\/\/elfuerte.cl\/web\/wp-content\/uploads\/2026\/04\/transparent-thegem-product-justified-square-s.png\" width=\"300\" height=\"300\"  class=\"attachment-thegem-product-justified-square-s\" alt=\"Cat\u00e1strofes e Institucionalidad P\u00fablica, Academia y Comunidad: La Urgencia de una Articulaci\u00f3n Efectiva\" style=\"max-width: 110%\" \/>\n\t\t<\/picture>\n\t\t<div class=\"post-featured-content\"><a href=\"https:\/\/elfuerte.cl\/web\/2026\/02\/01\/catastrofes-e-institucionalidad-publica-academia-y-comunidad-la-urgencia-de-una-articulacion-efectiva\/\">\t\t<picture>\n\t\t\t\t\t\t\t\t\t\t\t\t\t\t\t\t\t<source srcset=\"https:\/\/elfuerte.cl\/web\/wp-content\/uploads\/2026\/02\/bannerk-thegem-product-justified-square-s.jpg 1x\"   sizes=\"100vw\">\n\t\t\t\t\t\t\t<img src=\"https:\/\/elfuerte.cl\/web\/wp-content\/uploads\/2026\/02\/bannerk-thegem-product-justified-square-s.jpg\" width=\"300\" height=\"300\"  class=\"img-responsive\" alt=\"bannerk\" \/>\n\t\t<\/picture>\n\t\t<\/a><\/div>\t\t\t\t\t\t<\/div>\r\n\r\n\t\t\t\t\t\t\t\t\t\t\t\t\t<div class=\"overlay\">\r\n\t\t\t\t\t\t\t\t<div class=\"overlay-circle\"><\/div>\r\n\r\n\t\t\t\t\t\t\t\t<div class=\"links-wrapper\">\r\n\t\t\t\t\t\t\t\t\t<div class=\"links\">\r\n\t\t\t\t\t\t\t\t\t\t<div class=\"caption\">\r\n\t\t\t\t\t\t\t\t\t\t\t<a href=\"https:\/\/elfuerte.cl\/web\/2026\/02\/01\/catastrofes-e-institucionalidad-publica-academia-y-comunidad-la-urgencia-de-una-articulacion-efectiva\/\" class=\"portfolio-item-link\">\r\n\t\t\t\t\t\t\t\t\t\t\t\t<span class=\"screen-reader-text\">Cat\u00e1strofes e Institucionalidad P\u00fablica, Academia y Comunidad: La Urgencia de una Articulaci\u00f3n Efectiva<\/span>\r\n\t\t\t\t\t\t\t\t\t\t\t<\/a>\r\n\r\n\t\t\t\t\t\t\t\t\t\t\t\t\t\t\t\t\t\t\t\t\t\t\t\r\n\t\t\t\t\t\t\t\t\t\t\t\t\t\t\t\t\t\t\t\t\t\t\t\r\n\t\t\t\t\t\t\t\t\t\t\t\r\n\t\t\t\t\t\t\t\t\t\t\t\t\t\t\t\t\t\t\t\t\t\t\t<div class=\"slide-content\">\r\n\t\t\t\t\t\t\t\t\t\t\t\t\t<div class=\"slide-content-visible\">\r\n\t\t\t\t\t\t\t\t\t\t\t\t\t\t\r\n\t\t\t\t\t\t\t\t\t\t\t\t\t\t\r\n\t\t\t\t\t\t\t\t\t\t\t\t\t\t\t\t\t\t\t\t\t\t\t\t\t\t\t\t\t\n\t\t<div class=\"author\">\n\t\t\t\t\t\t\t<span class=\"author-avatar\"><img alt='' src='https:\/\/secure.gravatar.com\/avatar\/2806c301d7bb12fe5dc95a6fdd4a90e1634db8f1c858bdeff46ab307693cc01a?s=50&#038;d=mm&#038;r=g' srcset='https:\/\/secure.gravatar.com\/avatar\/2806c301d7bb12fe5dc95a6fdd4a90e1634db8f1c858bdeff46ab307693cc01a?s=100&#038;d=mm&#038;r=g 2x' class='avatar avatar-50 photo' height='50' width='50' \/><\/span>\n\t\t\t\t\t\t<span class=\"author-name\">Por <a href=\"https:\/\/elfuerte.cl\/web\" title=\"Visitar el sitio de Prensa El Fuerte\" rel=\"author external\">Prensa El Fuerte<\/a><\/span>\n\t\t<\/div>\n\t\t\t\t\t\t\t\t\t\t\t\t\t\t\t\t\r\n\t\t\t\t\t\t\t\t\t\t\t\t\t\t\t\t\t\t\t\t\t\t\t\t\t\t\t\t\t<div class=\"title\">\r\n\t\t\t\t\t\t\t\t\t\t\t\t\t\t\t\t<span class=\"title-h5 \">Cat\u00e1strofes e Institucionalidad P\u00fablica, Academia y Comunidad: La Urgencia de una Articulaci\u00f3n Efectiva<\/span>\t\t\t\t\t\t\t\t\t\t\t\t\t\t\t<\/div>\r\n\t\t\t\t\t\t\t\t\t\t\t\t\t\t\r\n\t\t\t\t\t\t\t\t\t\t\t\t\t\t\r\n\t\t\t\t\t\t\t\t\t\t\t\t\t\t\t\t\t\t\t\t\t\t\t\t\t\t\t<\/div>\r\n\r\n\t\t\t\t\t\t\t\t\t\t\t\t\t<div class=\"slide-content-hidden\">\r\n\t\t\t\t\t\t\t\t\t\t\t\t\t\t\r\n\t\t\t\t\t\t\t\t\t\t\t\t\t\t\t\t\t\t\t\t\t\t\t\t\t\t\t\t\t\n\t\t<div class=\"author\">\n\t\t\t\t\t\t\t<span class=\"author-avatar\"><img alt='' src='https:\/\/secure.gravatar.com\/avatar\/2806c301d7bb12fe5dc95a6fdd4a90e1634db8f1c858bdeff46ab307693cc01a?s=50&#038;d=mm&#038;r=g' srcset='https:\/\/secure.gravatar.com\/avatar\/2806c301d7bb12fe5dc95a6fdd4a90e1634db8f1c858bdeff46ab307693cc01a?s=100&#038;d=mm&#038;r=g 2x' class='avatar avatar-50 photo' height='50' width='50' \/><\/span>\n\t\t\t\t\t\t<span class=\"author-name\">Por <a href=\"https:\/\/elfuerte.cl\/web\" title=\"Visitar el sitio de Prensa El Fuerte\" rel=\"author external\">Prensa El Fuerte<\/a><\/span>\n\t\t<\/div>\n\t\t\r\n\t\t\t\t\t\t\t\t\t\t\t\t\t\t\t\t\t\t\t\t\t\t\t\t\t\t\t\t\t\t\t<div class=\"overlay-line\"><\/div>\r\n\t\t\t\t\t\t\t\t\t\t\t\t\t\t\t\r\n\t\t\t\t\t\t\t\t\t\t\t\t\t\t\t\n\t\t<div class=\"grid-post-meta clearfix without-likes\">\n\t\t\t<div class=\"grid-post-meta-inner\">\n\t\t\t\t\t\t\t\t\t<div class=\"grid-post-share\">\n\t\t\t\t\t\t<a href=\"javascript: void(0);\" class=\"icon share\">\n\t\t\t\t\t\t\t\t\t\t\t\t\t\t\t<i class=\"default\"><\/i>\n\t\t\t\t\t\t\t\t\t\t\t\t\t<\/a>\n\t\t\t\t\t<\/div>\n\t\t\t\t\n\t\t\t\t<div class=\"grid-post-meta-comments-likes\">\n\t\t\t\t\t\n\t\t\t\t\t\t\t\t\t<\/div>\n\n\t\t\t\t\t\t\t\t\t<div class=\"portfolio-sharing-pane\">\r\n<div class=\"socials-sharing socials socials-colored-hover \">\r\n\t        <a class=\"socials-item\" target=\"_blank\"\r\n           href=\"https:\/\/www.facebook.com\/sharer\/sharer.php?u=https%3A%2F%2Felfuerte.cl%2Fweb%2F2026%2F02%2F01%2Fcatastrofes-e-institucionalidad-publica-academia-y-comunidad-la-urgencia-de-una-articulacion-efectiva%2F\"\r\n           title=\"Facebook\"><i class=\"socials-item-icon facebook\"><\/i><\/a>\r\n\t\t        <a class=\"socials-item\" target=\"_blank\"\r\n           href=\"https:\/\/twitter.com\/intent\/tweet?text=Cat%C3%A1strofes+e+Institucionalidad+P%C3%BAblica%2C+Academia+y+Comunidad%3A+La+Urgencia+de+una+Articulaci%C3%B3n+Efectiva&#038;url=https%3A%2F%2Felfuerte.cl%2Fweb%2F2026%2F02%2F01%2Fcatastrofes-e-institucionalidad-publica-academia-y-comunidad-la-urgencia-de-una-articulacion-efectiva%2F\"\r\n           title=\"Twitter\"><i class=\"socials-item-icon twitter\"><\/i><\/a>\r\n\t\t        <a class=\"socials-item\" target=\"_blank\"\r\n           href=\"https:\/\/pinterest.com\/pin\/create\/button\/?url=https%3A%2F%2Felfuerte.cl%2Fweb%2F2026%2F02%2F01%2Fcatastrofes-e-institucionalidad-publica-academia-y-comunidad-la-urgencia-de-una-articulacion-efectiva%2F&#038;description=Cat%C3%A1strofes+e+Institucionalidad+P%C3%BAblica%2C+Academia+y+Comunidad%3A+La+Urgencia+de+una+Articulaci%C3%B3n+Efectiva&#038;media=https%3A%2F%2Felfuerte.cl%2Fweb%2Fwp-content%2Fuploads%2F2026%2F02%2Fbannerk-thegem-blog-timeline-large.jpg\"\r\n           title=\"Pinterest\"><i class=\"socials-item-icon pinterest\"><\/i><\/a>\r\n\t\t        <a class=\"socials-item\" target=\"_blank\"\r\n           href=\"http:\/\/tumblr.com\/widgets\/share\/tool?canonicalUrl=https%3A%2F%2Felfuerte.cl%2Fweb%2F2026%2F02%2F01%2Fcatastrofes-e-institucionalidad-publica-academia-y-comunidad-la-urgencia-de-una-articulacion-efectiva%2F\"\r\n           title=\"Tumblr\"><i class=\"socials-item-icon tumblr\"><\/i><\/a>\r\n\t\t        <a class=\"socials-item\" target=\"_blank\"\r\n           href=\"https:\/\/www.linkedin.com\/shareArticle?mini=true&#038;url=https%3A%2F%2Felfuerte.cl%2Fweb%2F2026%2F02%2F01%2Fcatastrofes-e-institucionalidad-publica-academia-y-comunidad-la-urgencia-de-una-articulacion-efectiva%2F&#038;title=Cat%C3%A1strofes+e+Institucionalidad+P%C3%BAblica%2C+Academia+y+Comunidad%3A+La+Urgencia+de+una+Articulaci%C3%B3n+Efectiva&amp;summary=Chile%2C+una+loca+geograf%C3%ADa%2C+como+la+describi%C3%B3+Benjam%C3%ADn+Subercaseaux%2C+es+uno+de+los+pa%C3%ADses+m%C3%A1s+hermosos+del+planeta.+Con+cuatro+estaciones+muy+marcadas%2C+cordilleras%2C+volcanes+y+termas%2C+desiertos%2C+lagos%2C+r%C3%ADos%2C+bosque%2C+fauna+nativa+y+una+extensa+costa+que+nos+provee+de+abundantes+delicias+marinas.\"\r\n           title=\"LinkedIn\"><i class=\"socials-item-icon linkedin\"><\/i><\/a>\r\n\t\t        <a class=\"socials-item\" target=\"_blank\"\r\n           href=\"https:\/\/www.reddit.com\/submit?url=https%3A%2F%2Felfuerte.cl%2Fweb%2F2026%2F02%2F01%2Fcatastrofes-e-institucionalidad-publica-academia-y-comunidad-la-urgencia-de-una-articulacion-efectiva%2F&#038;title=Cat%C3%A1strofes+e+Institucionalidad+P%C3%BAblica%2C+Academia+y+Comunidad%3A+La+Urgencia+de+una+Articulaci%C3%B3n+Efectiva\"\r\n           title=\"Reddit\"><i class=\"socials-item-icon reddit\"><\/i><\/a>\r\n\t<\/div>\r\n<\/div>\n\t\t\t\t\t\t\t<\/div>\n\t\t<\/div>\n\n\t\t\t\t\t\t\t\t\t\t\t\t\t\t\t\t\r\n\t\t\t\t\t\t\t\t\t\t\t\t\t\t\r\n\t\t\t\t\t\t\t\t\t\t\t\t\t\t\r\n\t\t\t\t\t\t\t\t\t\t\t\t\t\t\r\n\t\t\t\t\t\t\t\t\t\t\t\t\t\t\r\n\t\t\t\t\t\t\t\t\t\t\t\t\t\t\t\t\t\t\t\t\t\t\t\t\t\t\t\t\t<div class=\"post-date\">01\/02\/2026<\/div>\r\n\t\t\t\t\t\t\t\t\t\t\t\t\t\t\r\n\t\t\t\t\t\t\t\t\t\t\t\t\t\t\t\t\t\t\t\t\t\t\t\t\t\t\t<\/div>\r\n\t\t\t\t\t\t\t\t\t\t\t\t<\/div>\r\n\r\n\t\t\t\t\t\t\t\t\t\t\t\t\t\t\t\t\t<div class=\"info\">\n\t\t\t\t<a class=\"additional-meta\" data-filter-type=\"taxonomies\" data-attr=\"category\" data-filter=\"destacados\">Destacados<\/a><span class=\"sep\"><\/span> <a class=\"additional-meta\" data-filter-type=\"taxonomies\" data-attr=\"category\" data-filter=\"sala-de-redaccion\">Sala de Redacci\u00f3n<\/a>\t\t\t\t\t<\/div>\n\t\t\t\t\r\n\t\t\t\t\t\t\t\t\t\t\t\t\r\n\t\t\t\t\t\t\t\t\t\t\t\t\r\n\t\t\t\t\t\t\t\t\t\t\t\t\t\t\t\t\t\t\t\t\t<\/div>\r\n\t\t\t\t\t\t\t\t\t<\/div>\r\n\t\t\t\t\t\t\t\t<\/div>\r\n\t\t\t\t\t\t\t<\/div>\r\n\t\t\t\t\t\t\t\t\t\t\t<\/div>\r\n\t\t\t\t\r\n\t\t\t\t\t\t\t<\/div>\r\n\t\t\t\t<\/div>\r\n\t<div class=\"portfolio-item destacados sala-de-redaccion col-xs-12 col-sm-6 col-md-3 item-animations-not-inited before-start appearance-type- post-4132 post type-post status-publish format-standard has-post-thumbnail category-destacados category-sala-de-redaccion tag-ia tag-opinion\" style=\"padding: calc(42px\/2)\" data-default-sort=\"0\" data-sort-date=\"1769940875\">\r\n\t\t\t\t\t\r\n\t\t\t<div class=\"wrap clearfix\">\r\n\t\t\t\t\t\t\t\t\t\t\t\t\t<div class=\"image post-4132 post type-post status-publish format-standard has-post-thumbnail category-destacados category-sala-de-redaccion tag-ia tag-opinion\">\r\n\t\t\t\t\t\t<div class=\"image-inner \">\r\n\r\n\t\t\t\t\t\t\t\t\t<picture>\n\t\t\t\t\t\t<img src=\"https:\/\/elfuerte.cl\/web\/wp-content\/uploads\/2026\/04\/transparent-thegem-product-justified-square-s.png\" width=\"300\" height=\"300\"  class=\"attachment-thegem-product-justified-square-s\" alt=\"Sistemas ERP : IA m\u00e1s que una funci\u00f3n\" style=\"max-width: 110%\" \/>\n\t\t<\/picture>\n\t\t<div class=\"post-featured-content\"><a href=\"https:\/\/elfuerte.cl\/web\/2026\/02\/01\/sistemas-erp-ia-mas-que-una-funcion\/\">\t\t<picture>\n\t\t\t\t\t\t\t\t\t\t\t\t\t\t\t\t\t<source srcset=\"https:\/\/elfuerte.cl\/web\/wp-content\/uploads\/2026\/02\/banneryordi-thegem-product-justified-square-s.jpg 1x\"   sizes=\"100vw\">\n\t\t\t\t\t\t\t<img src=\"https:\/\/elfuerte.cl\/web\/wp-content\/uploads\/2026\/02\/banneryordi-thegem-product-justified-square-s.jpg\" width=\"300\" height=\"300\"  class=\"img-responsive\" alt=\"banneryordi\" \/>\n\t\t<\/picture>\n\t\t<\/a><\/div>\t\t\t\t\t\t<\/div>\r\n\r\n\t\t\t\t\t\t\t\t\t\t\t\t\t<div class=\"overlay\">\r\n\t\t\t\t\t\t\t\t<div class=\"overlay-circle\"><\/div>\r\n\r\n\t\t\t\t\t\t\t\t<div class=\"links-wrapper\">\r\n\t\t\t\t\t\t\t\t\t<div class=\"links\">\r\n\t\t\t\t\t\t\t\t\t\t<div class=\"caption\">\r\n\t\t\t\t\t\t\t\t\t\t\t<a href=\"https:\/\/elfuerte.cl\/web\/2026\/02\/01\/sistemas-erp-ia-mas-que-una-funcion\/\" class=\"portfolio-item-link\">\r\n\t\t\t\t\t\t\t\t\t\t\t\t<span class=\"screen-reader-text\">Sistemas ERP : IA m\u00e1s que una funci\u00f3n<\/span>\r\n\t\t\t\t\t\t\t\t\t\t\t<\/a>\r\n\r\n\t\t\t\t\t\t\t\t\t\t\t\t\t\t\t\t\t\t\t\t\t\t\t\r\n\t\t\t\t\t\t\t\t\t\t\t\t\t\t\t\t\t\t\t\t\t\t\t\r\n\t\t\t\t\t\t\t\t\t\t\t\r\n\t\t\t\t\t\t\t\t\t\t\t\t\t\t\t\t\t\t\t\t\t\t\t<div class=\"slide-content\">\r\n\t\t\t\t\t\t\t\t\t\t\t\t\t<div class=\"slide-content-visible\">\r\n\t\t\t\t\t\t\t\t\t\t\t\t\t\t\r\n\t\t\t\t\t\t\t\t\t\t\t\t\t\t\r\n\t\t\t\t\t\t\t\t\t\t\t\t\t\t\t\t\t\t\t\t\t\t\t\t\t\t\t\t\t\n\t\t<div class=\"author\">\n\t\t\t\t\t\t\t<span class=\"author-avatar\"><img alt='' src='https:\/\/secure.gravatar.com\/avatar\/2806c301d7bb12fe5dc95a6fdd4a90e1634db8f1c858bdeff46ab307693cc01a?s=50&#038;d=mm&#038;r=g' srcset='https:\/\/secure.gravatar.com\/avatar\/2806c301d7bb12fe5dc95a6fdd4a90e1634db8f1c858bdeff46ab307693cc01a?s=100&#038;d=mm&#038;r=g 2x' class='avatar avatar-50 photo' height='50' width='50' \/><\/span>\n\t\t\t\t\t\t<span class=\"author-name\">Por <a href=\"https:\/\/elfuerte.cl\/web\" title=\"Visitar el sitio de Prensa El Fuerte\" rel=\"author external\">Prensa El Fuerte<\/a><\/span>\n\t\t<\/div>\n\t\t\t\t\t\t\t\t\t\t\t\t\t\t\t\t\r\n\t\t\t\t\t\t\t\t\t\t\t\t\t\t\t\t\t\t\t\t\t\t\t\t\t\t\t\t\t<div class=\"title\">\r\n\t\t\t\t\t\t\t\t\t\t\t\t\t\t\t\t<span class=\"title-h5 \">Sistemas ERP : IA m\u00e1s que una funci\u00f3n<\/span>\t\t\t\t\t\t\t\t\t\t\t\t\t\t\t<\/div>\r\n\t\t\t\t\t\t\t\t\t\t\t\t\t\t\r\n\t\t\t\t\t\t\t\t\t\t\t\t\t\t\r\n\t\t\t\t\t\t\t\t\t\t\t\t\t\t\t\t\t\t\t\t\t\t\t\t\t\t\t<\/div>\r\n\r\n\t\t\t\t\t\t\t\t\t\t\t\t\t<div class=\"slide-content-hidden\">\r\n\t\t\t\t\t\t\t\t\t\t\t\t\t\t\r\n\t\t\t\t\t\t\t\t\t\t\t\t\t\t\t\t\t\t\t\t\t\t\t\t\t\t\t\t\t\n\t\t<div class=\"author\">\n\t\t\t\t\t\t\t<span class=\"author-avatar\"><img alt='' src='https:\/\/secure.gravatar.com\/avatar\/2806c301d7bb12fe5dc95a6fdd4a90e1634db8f1c858bdeff46ab307693cc01a?s=50&#038;d=mm&#038;r=g' srcset='https:\/\/secure.gravatar.com\/avatar\/2806c301d7bb12fe5dc95a6fdd4a90e1634db8f1c858bdeff46ab307693cc01a?s=100&#038;d=mm&#038;r=g 2x' class='avatar avatar-50 photo' height='50' width='50' \/><\/span>\n\t\t\t\t\t\t<span class=\"author-name\">Por <a href=\"https:\/\/elfuerte.cl\/web\" title=\"Visitar el sitio de Prensa El Fuerte\" rel=\"author external\">Prensa El Fuerte<\/a><\/span>\n\t\t<\/div>\n\t\t\r\n\t\t\t\t\t\t\t\t\t\t\t\t\t\t\t\t\t\t\t\t\t\t\t\t\t\t\t\t\t\t\t<div class=\"overlay-line\"><\/div>\r\n\t\t\t\t\t\t\t\t\t\t\t\t\t\t\t\r\n\t\t\t\t\t\t\t\t\t\t\t\t\t\t\t\n\t\t<div class=\"grid-post-meta clearfix without-likes\">\n\t\t\t<div class=\"grid-post-meta-inner\">\n\t\t\t\t\t\t\t\t\t<div class=\"grid-post-share\">\n\t\t\t\t\t\t<a href=\"javascript: void(0);\" class=\"icon share\">\n\t\t\t\t\t\t\t\t\t\t\t\t\t\t\t<i class=\"default\"><\/i>\n\t\t\t\t\t\t\t\t\t\t\t\t\t<\/a>\n\t\t\t\t\t<\/div>\n\t\t\t\t\n\t\t\t\t<div class=\"grid-post-meta-comments-likes\">\n\t\t\t\t\t\n\t\t\t\t\t\t\t\t\t<\/div>\n\n\t\t\t\t\t\t\t\t\t<div class=\"portfolio-sharing-pane\">\r\n<div class=\"socials-sharing socials socials-colored-hover \">\r\n\t        <a class=\"socials-item\" target=\"_blank\"\r\n           href=\"https:\/\/www.facebook.com\/sharer\/sharer.php?u=https%3A%2F%2Felfuerte.cl%2Fweb%2F2026%2F02%2F01%2Fsistemas-erp-ia-mas-que-una-funcion%2F\"\r\n           title=\"Facebook\"><i class=\"socials-item-icon facebook\"><\/i><\/a>\r\n\t\t        <a class=\"socials-item\" target=\"_blank\"\r\n           href=\"https:\/\/twitter.com\/intent\/tweet?text=Sistemas+ERP+%3A+IA+m%C3%A1s+que+una+funci%C3%B3n&#038;url=https%3A%2F%2Felfuerte.cl%2Fweb%2F2026%2F02%2F01%2Fsistemas-erp-ia-mas-que-una-funcion%2F\"\r\n           title=\"Twitter\"><i class=\"socials-item-icon twitter\"><\/i><\/a>\r\n\t\t        <a class=\"socials-item\" target=\"_blank\"\r\n           href=\"https:\/\/pinterest.com\/pin\/create\/button\/?url=https%3A%2F%2Felfuerte.cl%2Fweb%2F2026%2F02%2F01%2Fsistemas-erp-ia-mas-que-una-funcion%2F&#038;description=Sistemas+ERP+%3A+IA+m%C3%A1s+que+una+funci%C3%B3n&#038;media=https%3A%2F%2Felfuerte.cl%2Fweb%2Fwp-content%2Fuploads%2F2026%2F02%2Fbanneryordi-thegem-blog-timeline-large.jpg\"\r\n           title=\"Pinterest\"><i class=\"socials-item-icon pinterest\"><\/i><\/a>\r\n\t\t        <a class=\"socials-item\" target=\"_blank\"\r\n           href=\"http:\/\/tumblr.com\/widgets\/share\/tool?canonicalUrl=https%3A%2F%2Felfuerte.cl%2Fweb%2F2026%2F02%2F01%2Fsistemas-erp-ia-mas-que-una-funcion%2F\"\r\n           title=\"Tumblr\"><i class=\"socials-item-icon tumblr\"><\/i><\/a>\r\n\t\t        <a class=\"socials-item\" target=\"_blank\"\r\n           href=\"https:\/\/www.linkedin.com\/shareArticle?mini=true&#038;url=https%3A%2F%2Felfuerte.cl%2Fweb%2F2026%2F02%2F01%2Fsistemas-erp-ia-mas-que-una-funcion%2F&#038;title=Sistemas+ERP+%3A+IA+m%C3%A1s+que+una+funci%C3%B3n&amp;summary=Las+organizaciones+actuales+ya+no+solo+se+preguntan+por+las+caracter%C3%ADsticas+de+los+sistemas+ERP%2C+sino+que+se+plantean+preguntas+existenciales+sobre+la+adaptabilidad+en+un+panorama+empresarial+en+un+constante+cambio%2C+todos+conversamos+actualmente+sobre+la+IA+%2C+por+que+realmente+es+inevitable.\"\r\n           title=\"LinkedIn\"><i class=\"socials-item-icon linkedin\"><\/i><\/a>\r\n\t\t        <a class=\"socials-item\" target=\"_blank\"\r\n           href=\"https:\/\/www.reddit.com\/submit?url=https%3A%2F%2Felfuerte.cl%2Fweb%2F2026%2F02%2F01%2Fsistemas-erp-ia-mas-que-una-funcion%2F&#038;title=Sistemas+ERP+%3A+IA+m%C3%A1s+que+una+funci%C3%B3n\"\r\n           title=\"Reddit\"><i class=\"socials-item-icon reddit\"><\/i><\/a>\r\n\t<\/div>\r\n<\/div>\n\t\t\t\t\t\t\t<\/div>\n\t\t<\/div>\n\n\t\t\t\t\t\t\t\t\t\t\t\t\t\t\t\t\r\n\t\t\t\t\t\t\t\t\t\t\t\t\t\t\r\n\t\t\t\t\t\t\t\t\t\t\t\t\t\t\r\n\t\t\t\t\t\t\t\t\t\t\t\t\t\t\r\n\t\t\t\t\t\t\t\t\t\t\t\t\t\t\r\n\t\t\t\t\t\t\t\t\t\t\t\t\t\t\t\t\t\t\t\t\t\t\t\t\t\t\t\t\t<div class=\"post-date\">01\/02\/2026<\/div>\r\n\t\t\t\t\t\t\t\t\t\t\t\t\t\t\r\n\t\t\t\t\t\t\t\t\t\t\t\t\t\t\t\t\t\t\t\t\t\t\t\t\t\t\t<\/div>\r\n\t\t\t\t\t\t\t\t\t\t\t\t<\/div>\r\n\r\n\t\t\t\t\t\t\t\t\t\t\t\t\t\t\t\t\t<div class=\"info\">\n\t\t\t\t<a class=\"additional-meta\" data-filter-type=\"taxonomies\" data-attr=\"category\" data-filter=\"destacados\">Destacados<\/a><span class=\"sep\"><\/span> <a class=\"additional-meta\" data-filter-type=\"taxonomies\" data-attr=\"category\" data-filter=\"sala-de-redaccion\">Sala de Redacci\u00f3n<\/a>\t\t\t\t\t<\/div>\n\t\t\t\t\r\n\t\t\t\t\t\t\t\t\t\t\t\t\r\n\t\t\t\t\t\t\t\t\t\t\t\t\r\n\t\t\t\t\t\t\t\t\t\t\t\t\t\t\t\t\t\t\t\t\t<\/div>\r\n\t\t\t\t\t\t\t\t\t<\/div>\r\n\t\t\t\t\t\t\t\t<\/div>\r\n\t\t\t\t\t\t\t<\/div>\r\n\t\t\t\t\t\t\t\t\t\t\t<\/div>\r\n\t\t\t\t\r\n\t\t\t\t\t\t\t<\/div>\r\n\t\t\t\t<\/div>\r\n\t\t\t\t\t\t\t\t\t<\/div><!-- .portflio-set -->\n\t\t\t\t\t\t\t\t\t\t\t\t\t\t\t\t\t\t\t<div class=\"portfolio-item-size-container\">\n\t\t\t\t\t\t\t\t\t\t\t\t<div class=\"portfolio-item col-xs-12 col-sm-6 col-md-3 item-animations-not-inited before-start post-4132 post type-post status-publish format-standard has-post-thumbnail category-destacados category-sala-de-redaccion tag-ia tag-opinion\">\r\n\t\t\t<\/div>\r\n\t\t\t\t\t\t\t\t\t\t<\/div>\n\t\t\t\t\t\t\t\t\t\t\t\t\t\t\t\t\t<\/div><!-- .row-->\n\n\t\t\t\t\t\t\t\t\t\t\t\t\t\t\t\t\t\t<div class=\"portfolio-navigator gem-pagination\">\n\t\t\t\t\t\t\t\t\t\t\t<a href=\"#\" class=\"prev\">\n\t\t\t\t\t\t\t\t\t\t\t\t\t\t\t\t\t\t\t\t\t\t\t\t\t<i class=\"default\"><\/i>\n\t\t\t\t\t\t\t\t\t\t\t\t\t\t\t\t\t\t\t\t\t\t\t<\/a>\n\t\t\t\t\t\t\t\t\t\t\t<div class=\"pages\"><\/div>\n\t\t\t\t\t\t\t\t\t\t\t<a href=\"#\" class=\"next\">\n\t\t\t\t\t\t\t\t\t\t\t\t\t\t\t\t\t\t\t\t\t\t\t\t\t<i class=\"default\"><\/i>\n\t\t\t\t\t\t\t\t\t\t\t\t\t\t\t\t\t\t\t\t\t\t\t<\/a>\n\t\t\t\t\t\t\t\t\t\t<\/div>\n\t\t\t\t\t\t\t\t\t\n\t\t\t\t\t\t\t\t\n\t\t\t\t\t<\/div><!-- .full-width -->\n\t\t\t\t<\/div><!-- .portfolio-->\n\t\t\t<\/div><!-- .portfolio-preloader-wrapper-->\n\t\t\t\t\t\t<\/div>\n\t\t\t\t<\/div>\n\t\t\t\t<div class=\"elementor-element elementor-element-0d08355 flex-horizontal-align-default flex-horizontal-align-tablet-default flex-horizontal-align-mobile-default flex-vertical-align-default flex-vertical-align-tablet-default flex-vertical-align-mobile-default elementor-widget elementor-widget-image\" data-id=\"0d08355\" data-element_type=\"widget\" data-widget_type=\"image.default\">\n\t\t\t\t\t\t\t\t\t\t\t\t\t\t\t<img width=\"1024\" height=\"193\" src=\"https:\/\/elfuerte.cl\/web\/wp-content\/uploads\/2026\/01\/banner3-1024x193.jpg\" class=\"attachment-large size-large wp-image-3219\" alt=\"\" srcset=\"https:\/\/elfuerte.cl\/web\/wp-content\/uploads\/2026\/01\/banner3-1024x193.jpg 1024w, https:\/\/elfuerte.cl\/web\/wp-content\/uploads\/2026\/01\/banner3-300x56.jpg 300w, https:\/\/elfuerte.cl\/web\/wp-content\/uploads\/2026\/01\/banner3-768x145.jpg 768w, https:\/\/elfuerte.cl\/web\/wp-content\/uploads\/2026\/01\/banner3.jpg 1169w\" sizes=\"(max-width: 1024px) 100vw, 1024px\" \/>\t\t\t\t\t\t\t\t\t\t\t\t\t\t\t<\/div>\n\t\t\t\t\t<\/div>\n\t\t<\/div>\n\t\t\t\t\t<\/div><\/div>\r\n\t\t<\/section>\r\n\t\t\t\t<\/div>\n\t\t","protected":false},"excerpt":{"rendered":"<p>Actualidad, Destacados Pobreza extrema podr\u00eda seguir disminuyendo, seg\u00fan estimaciones de organismos internacionales Algunos indicadores recientes apuntan a una posible reducci\u00f3n&#8230;<\/p>\n","protected":false},"author":1,"featured_media":0,"parent":0,"menu_order":0,"comment_status":"closed","ping_status":"open","template":"page-fullwidth.php","meta":{"footnotes":""},"class_list":["post-1162","page","type-page","status-publish"],"_links":{"self":[{"href":"https:\/\/elfuerte.cl\/web\/wp-json\/wp\/v2\/pages\/1162","targetHints":{"allow":["GET"]}}],"collection":[{"href":"https:\/\/elfuerte.cl\/web\/wp-json\/wp\/v2\/pages"}],"about":[{"href":"https:\/\/elfuerte.cl\/web\/wp-json\/wp\/v2\/types\/page"}],"author":[{"embeddable":true,"href":"https:\/\/elfuerte.cl\/web\/wp-json\/wp\/v2\/users\/1"}],"replies":[{"embeddable":true,"href":"https:\/\/elfuerte.cl\/web\/wp-json\/wp\/v2\/comments?post=1162"}],"version-history":[{"count":376,"href":"https:\/\/elfuerte.cl\/web\/wp-json\/wp\/v2\/pages\/1162\/revisions"}],"predecessor-version":[{"id":5941,"href":"https:\/\/elfuerte.cl\/web\/wp-json\/wp\/v2\/pages\/1162\/revisions\/5941"}],"wp:attachment":[{"href":"https:\/\/elfuerte.cl\/web\/wp-json\/wp\/v2\/media?parent=1162"}],"curies":[{"name":"wp","href":"https:\/\/api.w.org\/{rel}","templated":true}]}}