{"id":1556,"date":"2025-10-27T19:44:18","date_gmt":"2025-10-27T18:44:18","guid":{"rendered":"https:\/\/elfuerte.cl\/web\/?page_id=1556"},"modified":"2026-01-12T04:17:00","modified_gmt":"2026-01-12T07:17:00","slug":"region-ludica","status":"publish","type":"page","link":"https:\/\/elfuerte.cl\/web\/region-ludica\/","title":{"rendered":"Regi\u00f3n L\u00fadica"},"content":{"rendered":"\t\t<div data-elementor-type=\"wp-page\" data-elementor-id=\"1556\" class=\"elementor elementor-1556\">\n\t\t\t\t\t\t<section class=\"elementor-section elementor-top-section elementor-element elementor-element-81a3a78 elementor-section-boxed elementor-section-height-default elementor-section-height-default\" data-id=\"81a3a78\" data-element_type=\"section\">\r\n\t\t\t\t\t\t<div class=\"elementor-container elementor-column-gap-thegem\"><div class=\"elementor-row\">\r\n\t\t\t\t\t<div class=\"elementor-column elementor-col-100 elementor-top-column elementor-element elementor-element-6160202\" data-id=\"6160202\" data-element_type=\"column\">\n\t\t\t<div class=\"elementor-widget-wrap elementor-element-populated\">\n\t\t\t\t\t\t<div class=\"elementor-element elementor-element-1aef045 flex-horizontal-align-default flex-horizontal-align-tablet-default flex-horizontal-align-mobile-default flex-vertical-align-default flex-vertical-align-tablet-default flex-vertical-align-mobile-default elementor-widget elementor-widget-thegem-blogslider\" data-id=\"1aef045\" data-element_type=\"widget\" data-settings=\"{&quot;categories&quot;:[&quot;region-ludica&quot;],&quot;order_by&quot;:&quot;date&quot;,&quot;order&quot;:&quot;desc&quot;,&quot;query_type&quot;:&quot;post&quot;,&quot;source&quot;:[&quot;categories&quot;],&quot;exclude_blog_posts_type&quot;:&quot;manual&quot;}\" data-widget_type=\"thegem-blogslider.default\">\n\t\t\t\t<div class=\"elementor-widget-container\">\n\t\t\t\t\t\t\t\t<div class=\"preloader\"><div class=\"preloader-spin\"><\/div><\/div>\n\t\t\t<div class=\"gem-blog-slider gem-blog-slider-style-fullwidth clearfix  \" data-autoscroll=\"10000\">\n\t\t\t\n<article id=\"post-2297\" class=\"clearfix\">\n\n\t<a href=\"https:\/\/elfuerte.cl\/web\/2025\/11\/17\/anuncian-lluvia-de-letras-que-caera-sobre-el-recinto-de-ferias-del-parque-saval\/\" class=\"gem-slider-blog-link\"><\/a>\n\n\t<div class=\"gem-slider-item-image\" style=\"background: url('https:\/\/elfuerte.cl\/web\/wp-content\/uploads\/2025\/11\/feriabanner.jpg') no-repeat 50% 50% \/ cover;\">\n\t\t<img src=\"https:\/\/elfuerte.cl\/web\/wp-content\/uploads\/2025\/11\/feriabanner.jpg\"  style=\"visibility: hidden;\">\n\t<\/div>\n\n\t<div class=\"gem-slider-item-overlay\">\n\t\t<div class=\"gem-compact-item-content\">\n\t\t\t\t\t\t\t<div class=\"post-title\">\n\t\t\t\t\t<h5 class=\"entry-title reverse-link-color\"><span class=\"entry-title-date\"><\/span><span class=\"light\">Anuncian lluvia de letras que caer\u00e1 sobre el recinto de ferias del Parque Saval<\/span><\/h5>\t\t\t\t<\/div>\n\t\t\t\n\t\t\t\t\t\t\t<div class=\"post-text date-color\">\n\t\t\t\t\t<div class=\"summary\">\n\t\t\t\t\t\t\t\t\t\t\t\t\t<p>Este fin de semana se realizar\u00e1 la nueva versi\u00f3n de la \u201cFeria del Libro de Valdivia\u201d, cuyo tema central ser\u00e1 la conmemoraci\u00f3n de los 80 a\u00f1os del Premio Nobel de Literatura otorgado a la poetisa chilena Gabriela Mistral.<\/p>\n\t\t\t\t\t\t\t\t\t\t\t<\/div>\n\t\t\t\t<\/div>\n\t\t\t\n\t\t<\/div>\n\t\t<div class=\"post-meta date-color\">\n\t\t\t<div class=\"entry-meta clearfix gem-post-date\">\n\t\t\t\t<div class=\"post-meta-right\">\n\t\t\t\t\t\t\t\t\t\t\n\t\t\t\t\t\n\t\t\t\t<\/div>\n\t\t\t\t<div class=\"post-meta-left\">\n\t\t\t\t\t\t\t\t\t\t\t<span class=\"post-meta-author\">\n\t\t\t\t\t\t\t\t\t\tPor <a href=\"https:\/\/elfuerte.cl\/web\" title=\"Visitar el sitio de Prensa El Fuerte\" rel=\"author external\">Prensa El Fuerte<\/a>\t\t\t\t\t\t\t\t\t<\/span>\n\t\t\t\t\t\t\t\t\t<\/div>\n\t\t\t<\/div><!-- .entry-meta -->\n\t\t<\/div>\n\n\t\t\t\t\t<div class=\"gem-blog-slider-navigation\">\n\t\t\t\t<a href=\"#\" class=\"gem-blog-slider-prev gem-button gem-button-size-tiny\">\n\t\t\t\t\t<i aria-hidden=\"true\" class=\"gem-print-icon gem-icon-prev gem-elegant arrow-carrot-left\"><\/i>\t\t\t\t<\/a>\n\t\t\t\t<a href=\"#\" class=\"gem-blog-slider-next gem-button gem-button-size-tiny\">\n\t\t\t\t\t<i aria-hidden=\"true\" class=\"gem-print-icon gem-icon-prev gem-elegant arrow-carrot-right\"><\/i>\t\t\t\t<\/a>\n\t\t\t<\/div>\n\t\t\t<\/div>\n<\/article><!-- #post-2297 -->\n\n<article id=\"post-2210\" class=\"clearfix\">\n\n\t<a href=\"https:\/\/elfuerte.cl\/web\/2025\/11\/14\/extienden-plazo-para-postular-al-primer-festival-del-cantar-campesino\/\" class=\"gem-slider-blog-link\"><\/a>\n\n\t<div class=\"gem-slider-item-image\" style=\"background: url('https:\/\/elfuerte.cl\/web\/wp-content\/uploads\/2025\/11\/bodermar-banner.jpg') no-repeat 50% 50% \/ cover;\">\n\t\t<img src=\"https:\/\/elfuerte.cl\/web\/wp-content\/uploads\/2025\/11\/bodermar-banner.jpg\"  style=\"visibility: hidden;\">\n\t<\/div>\n\n\t<div class=\"gem-slider-item-overlay\">\n\t\t<div class=\"gem-compact-item-content\">\n\t\t\t\t\t\t\t<div class=\"post-title\">\n\t\t\t\t\t<h5 class=\"entry-title reverse-link-color\"><span class=\"entry-title-date\"><\/span><span class=\"light\">Extienden plazo para postular al Primer Festival del Cantar Campesino<\/span><\/h5>\t\t\t\t<\/div>\n\t\t\t\n\t\t\t\t\t\t\t<div class=\"post-text date-color\">\n\t\t\t\t\t<div class=\"summary\">\n\t\t\t\t\t\t\t\t\t\t\t\t\t<p>Hasta el s\u00e1bado 22 de noviembre tienen plazo los artistas locales que deseen participar con una de sus creaciones musicales en el Primer Festival del Cantar Campesino \u201cVoces del Territorio\u201d, organizado por la comunidad ind\u00edgena Manuel Carim\u00e1n y que tendr\u00e1 lugar en la localidad de Folilco, distante 12 kil\u00f3metros de M\u00e1fil, los d\u00edas s\u00e1bado 29 y domingo 30 de noviembre.<\/p>\n\t\t\t\t\t\t\t\t\t\t\t<\/div>\n\t\t\t\t<\/div>\n\t\t\t\n\t\t<\/div>\n\t\t<div class=\"post-meta date-color\">\n\t\t\t<div class=\"entry-meta clearfix gem-post-date\">\n\t\t\t\t<div class=\"post-meta-right\">\n\t\t\t\t\t\t\t\t\t\t\n\t\t\t\t\t\n\t\t\t\t<\/div>\n\t\t\t\t<div class=\"post-meta-left\">\n\t\t\t\t\t\t\t\t\t\t\t<span class=\"post-meta-author\">\n\t\t\t\t\t\t\t\t\t\tPor <a href=\"https:\/\/elfuerte.cl\/web\" title=\"Visitar el sitio de Prensa El Fuerte\" rel=\"author external\">Prensa El Fuerte<\/a>\t\t\t\t\t\t\t\t\t<\/span>\n\t\t\t\t\t\t\t\t\t<\/div>\n\t\t\t<\/div><!-- .entry-meta -->\n\t\t<\/div>\n\n\t\t\t\t\t<div class=\"gem-blog-slider-navigation\">\n\t\t\t\t<a href=\"#\" class=\"gem-blog-slider-prev gem-button gem-button-size-tiny\">\n\t\t\t\t\t<i aria-hidden=\"true\" class=\"gem-print-icon gem-icon-prev gem-elegant arrow-carrot-left\"><\/i>\t\t\t\t<\/a>\n\t\t\t\t<a href=\"#\" class=\"gem-blog-slider-next gem-button gem-button-size-tiny\">\n\t\t\t\t\t<i aria-hidden=\"true\" class=\"gem-print-icon gem-icon-prev gem-elegant arrow-carrot-right\"><\/i>\t\t\t\t<\/a>\n\t\t\t<\/div>\n\t\t\t<\/div>\n<\/article><!-- #post-2210 -->\n\n<article id=\"post-1827\" class=\"clearfix\">\n\n\t<a href=\"https:\/\/elfuerte.cl\/web\/2025\/10\/23\/ciencia-e-innovacion-atrapanieblas-sostenibilidad-hecha-en-chile-1954\/\" class=\"gem-slider-blog-link\"><\/a>\n\n\t<div class=\"gem-slider-item-image\" style=\"background: url('https:\/\/elfuerte.cl\/web\/wp-content\/uploads\/2025\/10\/atrapaniebla.jpg') no-repeat 50% 50% \/ cover;\">\n\t\t<img src=\"https:\/\/elfuerte.cl\/web\/wp-content\/uploads\/2025\/10\/atrapaniebla.jpg\"  style=\"visibility: hidden;\">\n\t<\/div>\n\n\t<div class=\"gem-slider-item-overlay\">\n\t\t<div class=\"gem-compact-item-content\">\n\t\t\t\t\t\t\t<div class=\"post-title\">\n\t\t\t\t\t<h5 class=\"entry-title reverse-link-color\"><span class=\"entry-title-date\"><\/span><span class=\"light\">Ciencia e innovaci\u00f3n. Atrapanieblas: sostenibilidad hecha en Chile (1954)<\/span><\/h5>\t\t\t\t<\/div>\n\t\t\t\n\t\t\t\t\t\t\t<div class=\"post-text date-color\">\n\t\t\t\t\t<div class=\"summary\">\n\t\t\t\t\t\t\t\t\t\t\t\t\t<p>Al googlear la frase \u201cinnovaci\u00f3n m\u00e1s importante en Chile\u201d, nos arroja tres categor\u00edas como: innovaci\u00f3n cient\u00edfica aplicada; innovaci\u00f3n tecnol\u00f3gica y digital<\/p>\n\t\t\t\t\t\t\t\t\t\t\t<\/div>\n\t\t\t\t<\/div>\n\t\t\t\n\t\t<\/div>\n\t\t<div class=\"post-meta date-color\">\n\t\t\t<div class=\"entry-meta clearfix gem-post-date\">\n\t\t\t\t<div class=\"post-meta-right\">\n\t\t\t\t\t\t\t\t\t\t\n\t\t\t\t\t\n\t\t\t\t<\/div>\n\t\t\t\t<div class=\"post-meta-left\">\n\t\t\t\t\t\t\t\t\t\t\t<span class=\"post-meta-author\">\n\t\t\t\t\t\t\t\t\t\tPor <a href=\"https:\/\/elfuerte.cl\/web\" title=\"Visitar el sitio de Prensa El Fuerte\" rel=\"author external\">Prensa El Fuerte<\/a>\t\t\t\t\t\t\t\t\t<\/span>\n\t\t\t\t\t\t\t\t\t<\/div>\n\t\t\t<\/div><!-- .entry-meta -->\n\t\t<\/div>\n\n\t\t\t\t\t<div class=\"gem-blog-slider-navigation\">\n\t\t\t\t<a href=\"#\" class=\"gem-blog-slider-prev gem-button gem-button-size-tiny\">\n\t\t\t\t\t<i aria-hidden=\"true\" class=\"gem-print-icon gem-icon-prev gem-elegant arrow-carrot-left\"><\/i>\t\t\t\t<\/a>\n\t\t\t\t<a href=\"#\" class=\"gem-blog-slider-next gem-button gem-button-size-tiny\">\n\t\t\t\t\t<i aria-hidden=\"true\" class=\"gem-print-icon gem-icon-prev gem-elegant arrow-carrot-right\"><\/i>\t\t\t\t<\/a>\n\t\t\t<\/div>\n\t\t\t<\/div>\n<\/article><!-- #post-1827 -->\n\n<article id=\"post-1809\" class=\"clearfix\">\n\n\t<a href=\"https:\/\/elfuerte.cl\/web\/2025\/09\/22\/la-filosofia\/\" class=\"gem-slider-blog-link\"><\/a>\n\n\t<div class=\"gem-slider-item-image\" style=\"background: url('https:\/\/elfuerte.cl\/web\/wp-content\/uploads\/2025\/09\/filodofia.jpg') no-repeat 50% 50% \/ cover;\">\n\t\t<img src=\"https:\/\/elfuerte.cl\/web\/wp-content\/uploads\/2025\/09\/filodofia.jpg\"  style=\"visibility: hidden;\">\n\t<\/div>\n\n\t<div class=\"gem-slider-item-overlay\">\n\t\t<div class=\"gem-compact-item-content\">\n\t\t\t\t\t\t\t<div class=\"post-title\">\n\t\t\t\t\t<h5 class=\"entry-title reverse-link-color\"><span class=\"entry-title-date\"><\/span><span class=\"light\">La filosof\u00eda<\/span><\/h5>\t\t\t\t<\/div>\n\t\t\t\n\t\t\t\t\t\t\t<div class=\"post-text date-color\">\n\t\t\t\t\t<div class=\"summary\">\n\t\t\t\t\t\t\t\t\t\t\t\t\t<p>Plat\u00f3n una vez, en el imaginario de las historias no contadas, le pregunt\u00f3 a Mafalda<\/p>\n\t\t\t\t\t\t\t\t\t\t\t<\/div>\n\t\t\t\t<\/div>\n\t\t\t\n\t\t<\/div>\n\t\t<div class=\"post-meta date-color\">\n\t\t\t<div class=\"entry-meta clearfix gem-post-date\">\n\t\t\t\t<div class=\"post-meta-right\">\n\t\t\t\t\t\t\t\t\t\t\n\t\t\t\t\t\n\t\t\t\t<\/div>\n\t\t\t\t<div class=\"post-meta-left\">\n\t\t\t\t\t\t\t\t\t\t\t<span class=\"post-meta-author\">\n\t\t\t\t\t\t\t\t\t\tPor <a href=\"https:\/\/elfuerte.cl\/web\" title=\"Visitar el sitio de Prensa El Fuerte\" rel=\"author external\">Prensa El Fuerte<\/a>\t\t\t\t\t\t\t\t\t<\/span>\n\t\t\t\t\t\t\t\t\t<\/div>\n\t\t\t<\/div><!-- .entry-meta -->\n\t\t<\/div>\n\n\t\t\t\t\t<div class=\"gem-blog-slider-navigation\">\n\t\t\t\t<a href=\"#\" class=\"gem-blog-slider-prev gem-button gem-button-size-tiny\">\n\t\t\t\t\t<i aria-hidden=\"true\" class=\"gem-print-icon gem-icon-prev gem-elegant arrow-carrot-left\"><\/i>\t\t\t\t<\/a>\n\t\t\t\t<a href=\"#\" class=\"gem-blog-slider-next gem-button gem-button-size-tiny\">\n\t\t\t\t\t<i aria-hidden=\"true\" class=\"gem-print-icon gem-icon-prev gem-elegant arrow-carrot-right\"><\/i>\t\t\t\t<\/a>\n\t\t\t<\/div>\n\t\t\t<\/div>\n<\/article><!-- #post-1809 -->\n\n<article id=\"post-1818\" class=\"clearfix\">\n\n\t<a href=\"https:\/\/elfuerte.cl\/web\/2025\/09\/21\/cronicas-de-viaje-al-sur-destino-dichato\/\" class=\"gem-slider-blog-link\"><\/a>\n\n\t<div class=\"gem-slider-item-image\" style=\"background: url('https:\/\/elfuerte.cl\/web\/wp-content\/uploads\/2025\/09\/dichato.jpg') no-repeat 50% 50% \/ cover;\">\n\t\t<img src=\"https:\/\/elfuerte.cl\/web\/wp-content\/uploads\/2025\/09\/dichato.jpg\"  style=\"visibility: hidden;\">\n\t<\/div>\n\n\t<div class=\"gem-slider-item-overlay\">\n\t\t<div class=\"gem-compact-item-content\">\n\t\t\t\t\t\t\t<div class=\"post-title\">\n\t\t\t\t\t<h5 class=\"entry-title reverse-link-color\"><span class=\"entry-title-date\"><\/span><span class=\"light\">Cr\u00f3nicas de viaje al sur. Destino Dichato<\/span><\/h5>\t\t\t\t<\/div>\n\t\t\t\n\t\t\t\t\t\t\t<div class=\"post-text date-color\">\n\t\t\t\t\t<div class=\"summary\">\n\t\t\t\t\t\t\t\t\t\t\t\t\t<p>Uno de los balnearios m\u00e1s reconocidos de Biob\u00edo, es la localidad de Dichato<\/p>\n\t\t\t\t\t\t\t\t\t\t\t<\/div>\n\t\t\t\t<\/div>\n\t\t\t\n\t\t<\/div>\n\t\t<div class=\"post-meta date-color\">\n\t\t\t<div class=\"entry-meta clearfix gem-post-date\">\n\t\t\t\t<div class=\"post-meta-right\">\n\t\t\t\t\t\t\t\t\t\t\n\t\t\t\t\t\n\t\t\t\t<\/div>\n\t\t\t\t<div class=\"post-meta-left\">\n\t\t\t\t\t\t\t\t\t\t\t<span class=\"post-meta-author\">\n\t\t\t\t\t\t\t\t\t\tPor <a href=\"https:\/\/elfuerte.cl\/web\" title=\"Visitar el sitio de Prensa El Fuerte\" rel=\"author external\">Prensa El Fuerte<\/a>\t\t\t\t\t\t\t\t\t<\/span>\n\t\t\t\t\t\t\t\t\t<\/div>\n\t\t\t<\/div><!-- .entry-meta -->\n\t\t<\/div>\n\n\t\t\t\t\t<div class=\"gem-blog-slider-navigation\">\n\t\t\t\t<a href=\"#\" class=\"gem-blog-slider-prev gem-button gem-button-size-tiny\">\n\t\t\t\t\t<i aria-hidden=\"true\" class=\"gem-print-icon gem-icon-prev gem-elegant arrow-carrot-left\"><\/i>\t\t\t\t<\/a>\n\t\t\t\t<a href=\"#\" class=\"gem-blog-slider-next gem-button gem-button-size-tiny\">\n\t\t\t\t\t<i aria-hidden=\"true\" class=\"gem-print-icon gem-icon-prev gem-elegant arrow-carrot-right\"><\/i>\t\t\t\t<\/a>\n\t\t\t<\/div>\n\t\t\t<\/div>\n<\/article><!-- #post-1818 -->\n\n<article id=\"post-1562\" class=\"clearfix\">\n\n\t<a href=\"https:\/\/elfuerte.cl\/web\/2025\/09\/16\/chiloe-se-prepara-para-celebrar-su-bicentenario\/\" class=\"gem-slider-blog-link\"><\/a>\n\n\t<div class=\"gem-slider-item-image\" style=\"background: url('https:\/\/elfuerte.cl\/web\/wp-content\/uploads\/2025\/10\/rl0002.jpg') no-repeat 50% 50% \/ cover;\">\n\t\t<img src=\"https:\/\/elfuerte.cl\/web\/wp-content\/uploads\/2025\/10\/rl0002.jpg\"  style=\"visibility: hidden;\">\n\t<\/div>\n\n\t<div class=\"gem-slider-item-overlay\">\n\t\t<div class=\"gem-compact-item-content\">\n\t\t\t\t\t\t\t<div class=\"post-title\">\n\t\t\t\t\t<h5 class=\"entry-title reverse-link-color\"><span class=\"entry-title-date\"><\/span><span class=\"light\">Chilo\u00e9 se prepara para  celebrar su Bicentenario<\/span><\/h5>\t\t\t\t<\/div>\n\t\t\t\n\t\t\t\t\t\t\t<div class=\"post-text date-color\">\n\t\t\t\t\t<div class=\"summary\">\n\t\t\t\t\t\t\t\t\t\t\t\t\t<p>Para la ocasi\u00f3n, se anuncia un ambicioso plan cultural que implica una inversi\u00f3n superior a los 5 mil millones de pesos.<\/p>\n\t\t\t\t\t\t\t\t\t\t\t<\/div>\n\t\t\t\t<\/div>\n\t\t\t\n\t\t<\/div>\n\t\t<div class=\"post-meta date-color\">\n\t\t\t<div class=\"entry-meta clearfix gem-post-date\">\n\t\t\t\t<div class=\"post-meta-right\">\n\t\t\t\t\t\t\t\t\t\t\n\t\t\t\t\t\n\t\t\t\t<\/div>\n\t\t\t\t<div class=\"post-meta-left\">\n\t\t\t\t\t\t\t\t\t\t\t<span class=\"post-meta-author\">\n\t\t\t\t\t\t\t\t\t\tPor <a href=\"https:\/\/elfuerte.cl\/web\" title=\"Visitar el sitio de Prensa El Fuerte\" rel=\"author external\">Prensa El Fuerte<\/a>\t\t\t\t\t\t\t\t\t<\/span>\n\t\t\t\t\t\t\t\t\t<\/div>\n\t\t\t<\/div><!-- .entry-meta -->\n\t\t<\/div>\n\n\t\t\t\t\t<div class=\"gem-blog-slider-navigation\">\n\t\t\t\t<a href=\"#\" class=\"gem-blog-slider-prev gem-button gem-button-size-tiny\">\n\t\t\t\t\t<i aria-hidden=\"true\" class=\"gem-print-icon gem-icon-prev gem-elegant arrow-carrot-left\"><\/i>\t\t\t\t<\/a>\n\t\t\t\t<a href=\"#\" class=\"gem-blog-slider-next gem-button gem-button-size-tiny\">\n\t\t\t\t\t<i aria-hidden=\"true\" class=\"gem-print-icon gem-icon-prev gem-elegant arrow-carrot-right\"><\/i>\t\t\t\t<\/a>\n\t\t\t<\/div>\n\t\t\t<\/div>\n<\/article><!-- #post-1562 -->\n\n<article id=\"post-1523\" class=\"clearfix\">\n\n\t<a href=\"https:\/\/elfuerte.cl\/web\/2025\/09\/16\/editoriales-ya-pueden-postular-a-la-xxxiii-version-de-la-feria-del-libro\/\" class=\"gem-slider-blog-link\"><\/a>\n\n\t<div class=\"gem-slider-item-image\" style=\"background: url('https:\/\/elfuerte.cl\/web\/wp-content\/uploads\/2025\/10\/rl0001.jpg') no-repeat 50% 50% \/ cover;\">\n\t\t<img src=\"https:\/\/elfuerte.cl\/web\/wp-content\/uploads\/2025\/10\/rl0001.jpg\"  style=\"visibility: hidden;\">\n\t<\/div>\n\n\t<div class=\"gem-slider-item-overlay\">\n\t\t<div class=\"gem-compact-item-content\">\n\t\t\t\t\t\t\t<div class=\"post-title\">\n\t\t\t\t\t<h5 class=\"entry-title reverse-link-color\"><span class=\"entry-title-date\"><\/span><span class=\"light\">Editoriales ya pueden postular a la  XXXIII versi\u00f3n de la Feria del Libro<\/span><\/h5>\t\t\t\t<\/div>\n\t\t\t\n\t\t\t\t\t\t\t<div class=\"post-text date-color\">\n\t\t\t\t\t<div class=\"summary\">\n\t\t\t\t\t\t\t\t\t\t\t\t\t<p>Tradicional certamen literario se realizar\u00e1 en noviembre pr\u00f3ximo, en el recinto de ferias del Parque Saval de Valdivia<\/p>\n\t\t\t\t\t\t\t\t\t\t\t<\/div>\n\t\t\t\t<\/div>\n\t\t\t\n\t\t<\/div>\n\t\t<div class=\"post-meta date-color\">\n\t\t\t<div class=\"entry-meta clearfix gem-post-date\">\n\t\t\t\t<div class=\"post-meta-right\">\n\t\t\t\t\t\t\t\t\t\t\n\t\t\t\t\t\n\t\t\t\t<\/div>\n\t\t\t\t<div class=\"post-meta-left\">\n\t\t\t\t\t\t\t\t\t\t\t<span class=\"post-meta-author\">\n\t\t\t\t\t\t\t\t\t\tPor <a href=\"https:\/\/elfuerte.cl\/web\" title=\"Visitar el sitio de Prensa El Fuerte\" rel=\"author external\">Prensa El Fuerte<\/a>\t\t\t\t\t\t\t\t\t<\/span>\n\t\t\t\t\t\t\t\t\t<\/div>\n\t\t\t<\/div><!-- .entry-meta -->\n\t\t<\/div>\n\n\t\t\t\t\t<div class=\"gem-blog-slider-navigation\">\n\t\t\t\t<a href=\"#\" class=\"gem-blog-slider-prev gem-button gem-button-size-tiny\">\n\t\t\t\t\t<i aria-hidden=\"true\" class=\"gem-print-icon gem-icon-prev gem-elegant arrow-carrot-left\"><\/i>\t\t\t\t<\/a>\n\t\t\t\t<a href=\"#\" class=\"gem-blog-slider-next gem-button gem-button-size-tiny\">\n\t\t\t\t\t<i aria-hidden=\"true\" class=\"gem-print-icon gem-icon-prev gem-elegant arrow-carrot-right\"><\/i>\t\t\t\t<\/a>\n\t\t\t<\/div>\n\t\t\t<\/div>\n<\/article><!-- #post-1523 -->\n\n<article id=\"post-1615\" class=\"clearfix\">\n\n\t<a href=\"https:\/\/elfuerte.cl\/web\/2025\/09\/12\/bajo-la-mirada-de-los-andes-inauguro-temporada-de-exposiciones-2025\/\" class=\"gem-slider-blog-link\"><\/a>\n\n\t<div class=\"gem-slider-item-image\" style=\"background: url('https:\/\/elfuerte.cl\/web\/wp-content\/uploads\/2025\/09\/rl0004.jpg') no-repeat 50% 50% \/ cover;\">\n\t\t<img src=\"https:\/\/elfuerte.cl\/web\/wp-content\/uploads\/2025\/09\/rl0004.jpg\"  style=\"visibility: hidden;\">\n\t<\/div>\n\n\t<div class=\"gem-slider-item-overlay\">\n\t\t<div class=\"gem-compact-item-content\">\n\t\t\t\t\t\t\t<div class=\"post-title\">\n\t\t\t\t\t<h5 class=\"entry-title reverse-link-color\"><span class=\"entry-title-date\"><\/span><span class=\"light\">\u00abBajo la mirada de los Andes\u00bb inaugur\u00f3 Temporada de Exposiciones 2025<\/span><\/h5>\t\t\t\t<\/div>\n\t\t\t\n\t\t\t\t\t\t\t<div class=\"post-text date-color\">\n\t\t\t\t\t<div class=\"summary\">\n\t\t\t\t\t\t\t\t\t\t\t\t\t<p>Todo un \u00e9xito de p\u00fablico result\u00f3 la exposici\u00f3n \u201cBajo la mirada de los Andes\u201d, del ilustrador y muralista Sofrenia, que estuvo en exhibici\u00f3n en los salones de la Casa Prochelle, de la Corporaci\u00f3n Cultural de Valdivia, desde el 5 al 30 de septiembre<\/p>\n\t\t\t\t\t\t\t\t\t\t\t<\/div>\n\t\t\t\t<\/div>\n\t\t\t\n\t\t<\/div>\n\t\t<div class=\"post-meta date-color\">\n\t\t\t<div class=\"entry-meta clearfix gem-post-date\">\n\t\t\t\t<div class=\"post-meta-right\">\n\t\t\t\t\t\t\t\t\t\t\n\t\t\t\t\t\n\t\t\t\t<\/div>\n\t\t\t\t<div class=\"post-meta-left\">\n\t\t\t\t\t\t\t\t\t\t\t<span class=\"post-meta-author\">\n\t\t\t\t\t\t\t\t\t\tPor <a href=\"https:\/\/elfuerte.cl\/web\" title=\"Visitar el sitio de Prensa El Fuerte\" rel=\"author external\">Prensa El Fuerte<\/a>\t\t\t\t\t\t\t\t\t<\/span>\n\t\t\t\t\t\t\t\t\t<\/div>\n\t\t\t<\/div><!-- .entry-meta -->\n\t\t<\/div>\n\n\t\t\t\t\t<div class=\"gem-blog-slider-navigation\">\n\t\t\t\t<a href=\"#\" class=\"gem-blog-slider-prev gem-button gem-button-size-tiny\">\n\t\t\t\t\t<i aria-hidden=\"true\" class=\"gem-print-icon gem-icon-prev gem-elegant arrow-carrot-left\"><\/i>\t\t\t\t<\/a>\n\t\t\t\t<a href=\"#\" class=\"gem-blog-slider-next gem-button gem-button-size-tiny\">\n\t\t\t\t\t<i aria-hidden=\"true\" class=\"gem-print-icon gem-icon-prev gem-elegant arrow-carrot-right\"><\/i>\t\t\t\t<\/a>\n\t\t\t<\/div>\n\t\t\t<\/div>\n<\/article><!-- #post-1615 -->\n\n<article id=\"post-1571\" class=\"clearfix\">\n\n\t<a href=\"https:\/\/elfuerte.cl\/web\/2025\/09\/05\/conce-pago-su-deuda-con-pepo\/\" class=\"gem-slider-blog-link\"><\/a>\n\n\t<div class=\"gem-slider-item-image\" style=\"background: url('https:\/\/elfuerte.cl\/web\/wp-content\/uploads\/2025\/09\/rl0003.jpg') no-repeat 50% 50% \/ cover;\">\n\t\t<img src=\"https:\/\/elfuerte.cl\/web\/wp-content\/uploads\/2025\/09\/rl0003.jpg\"  style=\"visibility: hidden;\">\n\t<\/div>\n\n\t<div class=\"gem-slider-item-overlay\">\n\t\t<div class=\"gem-compact-item-content\">\n\t\t\t\t\t\t\t<div class=\"post-title\">\n\t\t\t\t\t<h5 class=\"entry-title reverse-link-color\"><span class=\"entry-title-date\"><\/span><span class=\"light\">Conce pag\u00f3 su deuda con \u201cPepo\u201d<\/span><\/h5>\t\t\t\t<\/div>\n\t\t\t\n\t\t\t\t\t\t\t<div class=\"post-text date-color\">\n\t\t\t\t\t<div class=\"summary\">\n\t\t\t\t\t\t\t\t\t\t\t\t\t<p>La campa\u00f1a \u00abPepo es de Conce\u00bb, del periodista penquista, Luis Y\u00e1\u00f1ez, es una muestra de c\u00f3mo una idea que sintoniza con la gente, agarra vuelo propio.<\/p>\n\t\t\t\t\t\t\t\t\t\t\t<\/div>\n\t\t\t\t<\/div>\n\t\t\t\n\t\t<\/div>\n\t\t<div class=\"post-meta date-color\">\n\t\t\t<div class=\"entry-meta clearfix gem-post-date\">\n\t\t\t\t<div class=\"post-meta-right\">\n\t\t\t\t\t\t\t\t\t\t\n\t\t\t\t\t\n\t\t\t\t<\/div>\n\t\t\t\t<div class=\"post-meta-left\">\n\t\t\t\t\t\t\t\t\t\t\t<span class=\"post-meta-author\">\n\t\t\t\t\t\t\t\t\t\tPor <a href=\"https:\/\/elfuerte.cl\/web\" title=\"Visitar el sitio de Prensa El Fuerte\" rel=\"author external\">Prensa El Fuerte<\/a>\t\t\t\t\t\t\t\t\t<\/span>\n\t\t\t\t\t\t\t\t\t<\/div>\n\t\t\t<\/div><!-- .entry-meta -->\n\t\t<\/div>\n\n\t\t\t\t\t<div class=\"gem-blog-slider-navigation\">\n\t\t\t\t<a href=\"#\" class=\"gem-blog-slider-prev gem-button gem-button-size-tiny\">\n\t\t\t\t\t<i aria-hidden=\"true\" class=\"gem-print-icon gem-icon-prev gem-elegant arrow-carrot-left\"><\/i>\t\t\t\t<\/a>\n\t\t\t\t<a href=\"#\" class=\"gem-blog-slider-next gem-button gem-button-size-tiny\">\n\t\t\t\t\t<i aria-hidden=\"true\" class=\"gem-print-icon gem-icon-prev gem-elegant arrow-carrot-right\"><\/i>\t\t\t\t<\/a>\n\t\t\t<\/div>\n\t\t\t<\/div>\n<\/article><!-- #post-1571 -->\n\t\t\t<\/div>\n\t\t\t\t\t\t\t<\/div>\n\t\t\t\t<\/div>\n\t\t\t\t<section class=\"elementor-section elementor-inner-section elementor-element elementor-element-30f5bbe elementor-section-boxed elementor-section-height-default elementor-section-height-default\" data-id=\"30f5bbe\" data-element_type=\"section\">\r\n\t\t\t\t\t\t<div class=\"elementor-container elementor-column-gap-thegem\"><div class=\"elementor-row\">\r\n\t\t\t\t\t<div class=\"elementor-column elementor-col-100 elementor-inner-column elementor-element elementor-element-852c288\" data-id=\"852c288\" data-element_type=\"column\">\n\t\t\t<div class=\"elementor-widget-wrap elementor-element-populated\">\n\t\t\t\t\t\t<div class=\"elementor-element elementor-element-a974080 flex-horizontal-align-default flex-horizontal-align-tablet-default flex-horizontal-align-mobile-default flex-vertical-align-default flex-vertical-align-tablet-default flex-vertical-align-mobile-default elementor-widget elementor-widget-thegem-bloglist\" data-id=\"a974080\" data-element_type=\"widget\" data-settings=\"{&quot;thegem_elementor_preset&quot;:&quot;compact&quot;,&quot;items_per_page&quot;:10,&quot;categories&quot;:[&quot;region-ludica&quot;],&quot;query_type&quot;:&quot;post&quot;,&quot;source&quot;:[&quot;categories&quot;],&quot;exclude_blog_posts_type&quot;:&quot;manual&quot;,&quot;order_by&quot;:&quot;default&quot;,&quot;order&quot;:&quot;default&quot;,&quot;image_icon_show&quot;:&quot;yes&quot;}\" data-widget_type=\"thegem-bloglist.default\">\n\t\t\t\t<div class=\"elementor-widget-container\">\n\t\t\t\t\t\t\t\t\t<div class=\"preloader\"><div class=\"preloader-spin\"><\/div><\/div>\n\t\t\t\t\t\t<div class=\"bloglist blog clearfix  blog-style-compact  item-animation-move-up  \" data-page=\"1\" data-paged=\"1\" data-next-page=\"0\" data-pages-count=\"1\" data-load-more-action=\"thegem_bloglist_load_more\">\n\t\t\t\n<article id=\"post-2297\" class=\"post-item no-image clearfix  full-meta item-animations-not-inited post-2297 post type-post status-publish format-standard has-post-thumbnail category-destacados category-region-ludica tag-cultura tag-editoriales tag-eventos-culturales tag-feria-del-libro-de-valdivia tag-gabriela-mistral tag-lectura tag-literatura-chilena tag-parque-saval tag-premio-nobel-de-literatura tag-region-ludica\">\n\t<div class=\"item-post-container\">\n\t\t\n\t\t\t\t\t<div class=\"gem-compact-item-left\">\n\t\t\t\t<div class=\"gem-compact-item-image post-img\">\n\t\t\t\t\t<a class=\"default\" href=\"https:\/\/elfuerte.cl\/web\/2025\/11\/17\/anuncian-lluvia-de-letras-que-caera-sobre-el-recinto-de-ferias-del-parque-saval\/\"><img width=\"366\" height=\"296\" src=\"https:\/\/elfuerte.cl\/web\/wp-content\/uploads\/2025\/11\/feriabanner-thegem-blog-compact.jpg\" class=\"img-responsive wp-post-image\" alt=\"feriabanner\" \/><\/a>\n\t\t\t\t<\/div>\n\t\t\t<\/div>\n\t\t\n\t\t<div class=\"gem-compact-item-right caption-container\">\n\t\t\t<div class=\"gem-compact-item-content\">\n\n\t\t\t\t<div class=\"post-title\">\n\t\t\t\t\t\t\t\t\t\t\t<h5 class=\"entry-title reverse-link-color\"><a href=\"https:\/\/elfuerte.cl\/web\/2025\/11\/17\/anuncian-lluvia-de-letras-que-caera-sobre-el-recinto-de-ferias-del-parque-saval\/\" rel=\"bookmark\"><span class=\"entry-title-date\">17 Nov: <\/span><span class=\"light\">Anuncian lluvia de letras que caer\u00e1 sobre el recinto de ferias del Parque Saval<\/span><\/a><\/h5>\t\t\t\t\t\t\t\t\t<\/div>\n\n\t\t\t\t\t\t\t\t\t<div class=\"post-text\">\n\t\t\t\t\t\t<div class=\"summary\">\n\t\t\t\t\t\t\t<p>Este fin de semana se realizar\u00e1 la nueva versi\u00f3n de la \u201cFeria del Libro de Valdivia\u201d, cuyo tema central ser\u00e1 la conmemoraci\u00f3n de los 80 a\u00f1os del Premio Nobel de Literatura otorgado a la poetisa chilena Gabriela Mistral.<\/p>\n\t\t\t\t\t\t<\/div>\n\t\t\t\t\t<\/div>\n\t\t\t\t\n\t\t\t<\/div>\n\n\t\t\t<div class=\"post-meta\">\n\t\t\t\t<div class=\"entry-meta clearfix gem-post-date\">\n\t\t\t\t\t<div class=\"post-meta-right\">\n\t\t\t\t\t\t\t\t\t\t\t\t\t\t\t\t\t\t\t\t\t\t\t<\/div>\n\t\t\t\t\t<div class=\"post-meta-left\">\n\t\t\t\t\t\t<span class=\"post-meta-author\">Por <a href=\"https:\/\/elfuerte.cl\/web\" title=\"Visitar el sitio de Prensa El Fuerte\" rel=\"author external\">Prensa El Fuerte<\/a><\/span>\t\t\t\t\t<\/div>\n\t\t\t\t<\/div><!-- .entry-meta -->\n\t\t\t<\/div>\n\t\t<\/div>\n\t<\/div>\t\n<\/article><!-- #post-2297 -->\n\n<article id=\"post-2210\" class=\"post-item no-image clearfix  full-meta item-animations-not-inited post-2210 post type-post status-publish format-standard has-post-thumbnail category-destacados category-region-ludica tag-creaciones tag-identidad-territorial tag-musica tag-vida-rural\">\n\t<div class=\"item-post-container\">\n\t\t\n\t\t\t\t\t<div class=\"gem-compact-item-left\">\n\t\t\t\t<div class=\"gem-compact-item-image post-img\">\n\t\t\t\t\t<a class=\"default\" href=\"https:\/\/elfuerte.cl\/web\/2025\/11\/14\/extienden-plazo-para-postular-al-primer-festival-del-cantar-campesino\/\"><img width=\"366\" height=\"296\" src=\"https:\/\/elfuerte.cl\/web\/wp-content\/uploads\/2025\/11\/bodermar-banner-thegem-blog-compact.jpg\" class=\"img-responsive wp-post-image\" alt=\"bodermar-banner\" \/><\/a>\n\t\t\t\t<\/div>\n\t\t\t<\/div>\n\t\t\n\t\t<div class=\"gem-compact-item-right caption-container\">\n\t\t\t<div class=\"gem-compact-item-content\">\n\n\t\t\t\t<div class=\"post-title\">\n\t\t\t\t\t\t\t\t\t\t\t<h5 class=\"entry-title reverse-link-color\"><a href=\"https:\/\/elfuerte.cl\/web\/2025\/11\/14\/extienden-plazo-para-postular-al-primer-festival-del-cantar-campesino\/\" rel=\"bookmark\"><span class=\"entry-title-date\">14 Nov: <\/span><span class=\"light\">Extienden plazo para postular al Primer Festival del Cantar Campesino<\/span><\/a><\/h5>\t\t\t\t\t\t\t\t\t<\/div>\n\n\t\t\t\t\t\t\t\t\t<div class=\"post-text\">\n\t\t\t\t\t\t<div class=\"summary\">\n\t\t\t\t\t\t\t<p>Hasta el s\u00e1bado 22 de noviembre tienen plazo los artistas locales que deseen participar con una de sus creaciones musicales en el Primer Festival del Cantar Campesino \u201cVoces del Territorio\u201d, organizado por la comunidad ind\u00edgena Manuel Carim\u00e1n y que tendr\u00e1 lugar en la localidad de Folilco, distante 12 kil\u00f3metros de M\u00e1fil, los d\u00edas s\u00e1bado 29 y domingo 30 de noviembre.<\/p>\n\t\t\t\t\t\t<\/div>\n\t\t\t\t\t<\/div>\n\t\t\t\t\n\t\t\t<\/div>\n\n\t\t\t<div class=\"post-meta\">\n\t\t\t\t<div class=\"entry-meta clearfix gem-post-date\">\n\t\t\t\t\t<div class=\"post-meta-right\">\n\t\t\t\t\t\t\t\t\t\t\t\t\t\t\t\t\t\t\t\t\t\t\t<\/div>\n\t\t\t\t\t<div class=\"post-meta-left\">\n\t\t\t\t\t\t<span class=\"post-meta-author\">Por <a href=\"https:\/\/elfuerte.cl\/web\" title=\"Visitar el sitio de Prensa El Fuerte\" rel=\"author external\">Prensa El Fuerte<\/a><\/span>\t\t\t\t\t<\/div>\n\t\t\t\t<\/div><!-- .entry-meta -->\n\t\t\t<\/div>\n\t\t<\/div>\n\t<\/div>\t\n<\/article><!-- #post-2210 -->\n\n<article id=\"post-1827\" class=\"post-item no-image clearfix  full-meta item-animations-not-inited post-1827 post type-post status-publish format-standard has-post-thumbnail category-region-ludica tag-agua tag-ciencia tag-innovacion tag-region-ludica tag-tecnologia\">\n\t<div class=\"item-post-container\">\n\t\t\n\t\t\t\t\t<div class=\"gem-compact-item-left\">\n\t\t\t\t<div class=\"gem-compact-item-image post-img\">\n\t\t\t\t\t<a class=\"default\" href=\"https:\/\/elfuerte.cl\/web\/2025\/10\/23\/ciencia-e-innovacion-atrapanieblas-sostenibilidad-hecha-en-chile-1954\/\"><img width=\"366\" height=\"296\" src=\"https:\/\/elfuerte.cl\/web\/wp-content\/uploads\/2025\/10\/atrapaniebla-thegem-blog-compact.jpg\" class=\"img-responsive wp-post-image\" alt=\"atrapaniebla\" \/><\/a>\n\t\t\t\t<\/div>\n\t\t\t<\/div>\n\t\t\n\t\t<div class=\"gem-compact-item-right caption-container\">\n\t\t\t<div class=\"gem-compact-item-content\">\n\n\t\t\t\t<div class=\"post-title\">\n\t\t\t\t\t\t\t\t\t\t\t<h5 class=\"entry-title reverse-link-color\"><a href=\"https:\/\/elfuerte.cl\/web\/2025\/10\/23\/ciencia-e-innovacion-atrapanieblas-sostenibilidad-hecha-en-chile-1954\/\" rel=\"bookmark\"><span class=\"entry-title-date\">23 Oct: <\/span><span class=\"light\">Ciencia e innovaci\u00f3n. Atrapanieblas: sostenibilidad hecha en Chile (1954)<\/span><\/a><\/h5>\t\t\t\t\t\t\t\t\t<\/div>\n\n\t\t\t\t\t\t\t\t\t<div class=\"post-text\">\n\t\t\t\t\t\t<div class=\"summary\">\n\t\t\t\t\t\t\t<p>Al googlear la frase \u201cinnovaci\u00f3n m\u00e1s importante en Chile\u201d, nos arroja tres categor\u00edas como: innovaci\u00f3n cient\u00edfica aplicada; innovaci\u00f3n tecnol\u00f3gica y digital<\/p>\n\t\t\t\t\t\t<\/div>\n\t\t\t\t\t<\/div>\n\t\t\t\t\n\t\t\t<\/div>\n\n\t\t\t<div class=\"post-meta\">\n\t\t\t\t<div class=\"entry-meta clearfix gem-post-date\">\n\t\t\t\t\t<div class=\"post-meta-right\">\n\t\t\t\t\t\t\t\t\t\t\t\t\t\t\t\t\t\t\t\t\t\t\t<\/div>\n\t\t\t\t\t<div class=\"post-meta-left\">\n\t\t\t\t\t\t<span class=\"post-meta-author\">Por <a href=\"https:\/\/elfuerte.cl\/web\" title=\"Visitar el sitio de Prensa El Fuerte\" rel=\"author external\">Prensa El Fuerte<\/a><\/span>\t\t\t\t\t<\/div>\n\t\t\t\t<\/div><!-- .entry-meta -->\n\t\t\t<\/div>\n\t\t<\/div>\n\t<\/div>\t\n<\/article><!-- #post-1827 -->\n\n<article id=\"post-1809\" class=\"post-item no-image clearfix  full-meta item-animations-not-inited post-1809 post type-post status-publish format-standard has-post-thumbnail category-region-ludica tag-filosofia tag-imaginacion tag-literatura tag-reflexion tag-region-ludica\">\n\t<div class=\"item-post-container\">\n\t\t\n\t\t\t\t\t<div class=\"gem-compact-item-left\">\n\t\t\t\t<div class=\"gem-compact-item-image post-img\">\n\t\t\t\t\t<a class=\"default\" href=\"https:\/\/elfuerte.cl\/web\/2025\/09\/22\/la-filosofia\/\"><img width=\"366\" height=\"296\" src=\"https:\/\/elfuerte.cl\/web\/wp-content\/uploads\/2025\/09\/filodofia-thegem-blog-compact.jpg\" class=\"img-responsive wp-post-image\" alt=\"filodofia\" \/><\/a>\n\t\t\t\t<\/div>\n\t\t\t<\/div>\n\t\t\n\t\t<div class=\"gem-compact-item-right caption-container\">\n\t\t\t<div class=\"gem-compact-item-content\">\n\n\t\t\t\t<div class=\"post-title\">\n\t\t\t\t\t\t\t\t\t\t\t<h5 class=\"entry-title reverse-link-color\"><a href=\"https:\/\/elfuerte.cl\/web\/2025\/09\/22\/la-filosofia\/\" rel=\"bookmark\"><span class=\"entry-title-date\">22 Sep: <\/span><span class=\"light\">La filosof\u00eda<\/span><\/a><\/h5>\t\t\t\t\t\t\t\t\t<\/div>\n\n\t\t\t\t\t\t\t\t\t<div class=\"post-text\">\n\t\t\t\t\t\t<div class=\"summary\">\n\t\t\t\t\t\t\t<p>Plat\u00f3n una vez, en el imaginario de las historias no contadas, le pregunt\u00f3 a Mafalda<\/p>\n\t\t\t\t\t\t<\/div>\n\t\t\t\t\t<\/div>\n\t\t\t\t\n\t\t\t<\/div>\n\n\t\t\t<div class=\"post-meta\">\n\t\t\t\t<div class=\"entry-meta clearfix gem-post-date\">\n\t\t\t\t\t<div class=\"post-meta-right\">\n\t\t\t\t\t\t\t\t\t\t\t\t\t\t\t\t\t\t\t\t\t\t\t<\/div>\n\t\t\t\t\t<div class=\"post-meta-left\">\n\t\t\t\t\t\t<span class=\"post-meta-author\">Por <a href=\"https:\/\/elfuerte.cl\/web\" title=\"Visitar el sitio de Prensa El Fuerte\" rel=\"author external\">Prensa El Fuerte<\/a><\/span>\t\t\t\t\t<\/div>\n\t\t\t\t<\/div><!-- .entry-meta -->\n\t\t\t<\/div>\n\t\t<\/div>\n\t<\/div>\t\n<\/article><!-- #post-1809 -->\n\n<article id=\"post-1818\" class=\"post-item no-image clearfix  full-meta item-animations-not-inited post-1818 post type-post status-publish format-standard has-post-thumbnail category-region-ludica tag-biobio tag-dichato tag-region-ludica tag-turismo tag-viajes\">\n\t<div class=\"item-post-container\">\n\t\t\n\t\t\t\t\t<div class=\"gem-compact-item-left\">\n\t\t\t\t<div class=\"gem-compact-item-image post-img\">\n\t\t\t\t\t<a class=\"default\" href=\"https:\/\/elfuerte.cl\/web\/2025\/09\/21\/cronicas-de-viaje-al-sur-destino-dichato\/\"><img width=\"366\" height=\"296\" src=\"https:\/\/elfuerte.cl\/web\/wp-content\/uploads\/2025\/09\/dichato-thegem-blog-compact.jpg\" class=\"img-responsive wp-post-image\" alt=\"dichato\" \/><\/a>\n\t\t\t\t<\/div>\n\t\t\t<\/div>\n\t\t\n\t\t<div class=\"gem-compact-item-right caption-container\">\n\t\t\t<div class=\"gem-compact-item-content\">\n\n\t\t\t\t<div class=\"post-title\">\n\t\t\t\t\t\t\t\t\t\t\t<h5 class=\"entry-title reverse-link-color\"><a href=\"https:\/\/elfuerte.cl\/web\/2025\/09\/21\/cronicas-de-viaje-al-sur-destino-dichato\/\" rel=\"bookmark\"><span class=\"entry-title-date\">21 Sep: <\/span><span class=\"light\">Cr\u00f3nicas de viaje al sur. Destino Dichato<\/span><\/a><\/h5>\t\t\t\t\t\t\t\t\t<\/div>\n\n\t\t\t\t\t\t\t\t\t<div class=\"post-text\">\n\t\t\t\t\t\t<div class=\"summary\">\n\t\t\t\t\t\t\t<p>Uno de los balnearios m\u00e1s reconocidos de Biob\u00edo, es la localidad de Dichato<\/p>\n\t\t\t\t\t\t<\/div>\n\t\t\t\t\t<\/div>\n\t\t\t\t\n\t\t\t<\/div>\n\n\t\t\t<div class=\"post-meta\">\n\t\t\t\t<div class=\"entry-meta clearfix gem-post-date\">\n\t\t\t\t\t<div class=\"post-meta-right\">\n\t\t\t\t\t\t\t\t\t\t\t\t\t\t\t\t\t\t\t\t\t\t\t<\/div>\n\t\t\t\t\t<div class=\"post-meta-left\">\n\t\t\t\t\t\t<span class=\"post-meta-author\">Por <a href=\"https:\/\/elfuerte.cl\/web\" title=\"Visitar el sitio de Prensa El Fuerte\" rel=\"author external\">Prensa El Fuerte<\/a><\/span>\t\t\t\t\t<\/div>\n\t\t\t\t<\/div><!-- .entry-meta -->\n\t\t\t<\/div>\n\t\t<\/div>\n\t<\/div>\t\n<\/article><!-- #post-1818 -->\n\n<article id=\"post-1562\" class=\"post-item no-image clearfix  full-meta item-animations-not-inited post-1562 post type-post status-publish format-standard has-post-thumbnail category-destacados category-region-ludica tag-archipielago-de-chiloe tag-arte-y-tradiciones tag-bicentenario tag-celebracion-bicentenario tag-chiloe tag-comunidad-chilota tag-cultura-chilota tag-cultura-regional tag-desarrollo-cultural tag-fondart-regional tag-historia-de-chiloe tag-identidad-cultural tag-iglesias-patrimoniales tag-ministerio-de-las-culturas tag-participacion-ciudadana tag-patrimonio tag-patrimonio-de-la-humanidad tag-puqueldon tag-region-ludica\">\n\t<div class=\"item-post-container\">\n\t\t\n\t\t\t\t\t<div class=\"gem-compact-item-left\">\n\t\t\t\t<div class=\"gem-compact-item-image post-img\">\n\t\t\t\t\t<a class=\"default\" href=\"https:\/\/elfuerte.cl\/web\/2025\/09\/16\/chiloe-se-prepara-para-celebrar-su-bicentenario\/\"><img width=\"366\" height=\"296\" src=\"https:\/\/elfuerte.cl\/web\/wp-content\/uploads\/2025\/10\/rl0002-thegem-blog-compact.jpg\" class=\"img-responsive wp-post-image\" alt=\"rl0002\" \/><\/a>\n\t\t\t\t<\/div>\n\t\t\t<\/div>\n\t\t\n\t\t<div class=\"gem-compact-item-right caption-container\">\n\t\t\t<div class=\"gem-compact-item-content\">\n\n\t\t\t\t<div class=\"post-title\">\n\t\t\t\t\t\t\t\t\t\t\t<h5 class=\"entry-title reverse-link-color\"><a href=\"https:\/\/elfuerte.cl\/web\/2025\/09\/16\/chiloe-se-prepara-para-celebrar-su-bicentenario\/\" rel=\"bookmark\"><span class=\"entry-title-date\">16 Sep: <\/span><span class=\"light\">Chilo\u00e9 se prepara para  celebrar su Bicentenario<\/span><\/a><\/h5>\t\t\t\t\t\t\t\t\t<\/div>\n\n\t\t\t\t\t\t\t\t\t<div class=\"post-text\">\n\t\t\t\t\t\t<div class=\"summary\">\n\t\t\t\t\t\t\t<p>Para la ocasi\u00f3n, se anuncia un ambicioso plan cultural que implica una inversi\u00f3n superior a los 5 mil millones de pesos.<\/p>\n\t\t\t\t\t\t<\/div>\n\t\t\t\t\t<\/div>\n\t\t\t\t\n\t\t\t<\/div>\n\n\t\t\t<div class=\"post-meta\">\n\t\t\t\t<div class=\"entry-meta clearfix gem-post-date\">\n\t\t\t\t\t<div class=\"post-meta-right\">\n\t\t\t\t\t\t\t\t\t\t\t\t\t\t\t\t\t\t\t\t\t\t\t<\/div>\n\t\t\t\t\t<div class=\"post-meta-left\">\n\t\t\t\t\t\t<span class=\"post-meta-author\">Por <a href=\"https:\/\/elfuerte.cl\/web\" title=\"Visitar el sitio de Prensa El Fuerte\" rel=\"author external\">Prensa El Fuerte<\/a><\/span>\t\t\t\t\t<\/div>\n\t\t\t\t<\/div><!-- .entry-meta -->\n\t\t\t<\/div>\n\t\t<\/div>\n\t<\/div>\t\n<\/article><!-- #post-1562 -->\n\n<article id=\"post-1523\" class=\"post-item no-image clearfix  full-meta item-animations-not-inited post-1523 post type-post status-publish format-standard has-post-thumbnail category-destacados category-region-ludica tag-corporacion-cultural-municipal-de-valdivia tag-cultura-y-arte-en-valdivia tag-editoriales-chilenas tag-evento-literario-sur-de-chile tag-feria-del-libro-de-valdivia tag-gabriela-mistral-80-anos-nobel tag-literatura-chilena tag-region-ludica\">\n\t<div class=\"item-post-container\">\n\t\t\n\t\t\t\t\t<div class=\"gem-compact-item-left\">\n\t\t\t\t<div class=\"gem-compact-item-image post-img\">\n\t\t\t\t\t<a class=\"default\" href=\"https:\/\/elfuerte.cl\/web\/2025\/09\/16\/editoriales-ya-pueden-postular-a-la-xxxiii-version-de-la-feria-del-libro\/\"><img width=\"366\" height=\"296\" src=\"https:\/\/elfuerte.cl\/web\/wp-content\/uploads\/2025\/10\/rl0001-thegem-blog-compact.jpg\" class=\"img-responsive wp-post-image\" alt=\"rl0001\" \/><\/a>\n\t\t\t\t<\/div>\n\t\t\t<\/div>\n\t\t\n\t\t<div class=\"gem-compact-item-right caption-container\">\n\t\t\t<div class=\"gem-compact-item-content\">\n\n\t\t\t\t<div class=\"post-title\">\n\t\t\t\t\t\t\t\t\t\t\t<h5 class=\"entry-title reverse-link-color\"><a href=\"https:\/\/elfuerte.cl\/web\/2025\/09\/16\/editoriales-ya-pueden-postular-a-la-xxxiii-version-de-la-feria-del-libro\/\" rel=\"bookmark\"><span class=\"entry-title-date\">16 Sep: <\/span><span class=\"light\">Editoriales ya pueden postular a la  XXXIII versi\u00f3n de la Feria del Libro<\/span><\/a><\/h5>\t\t\t\t\t\t\t\t\t<\/div>\n\n\t\t\t\t\t\t\t\t\t<div class=\"post-text\">\n\t\t\t\t\t\t<div class=\"summary\">\n\t\t\t\t\t\t\t<p>Tradicional certamen literario se realizar\u00e1 en noviembre pr\u00f3ximo, en el recinto de ferias del Parque Saval de Valdivia<\/p>\n\t\t\t\t\t\t<\/div>\n\t\t\t\t\t<\/div>\n\t\t\t\t\n\t\t\t<\/div>\n\n\t\t\t<div class=\"post-meta\">\n\t\t\t\t<div class=\"entry-meta clearfix gem-post-date\">\n\t\t\t\t\t<div class=\"post-meta-right\">\n\t\t\t\t\t\t\t\t\t\t\t\t\t\t\t\t\t\t\t\t\t\t\t<\/div>\n\t\t\t\t\t<div class=\"post-meta-left\">\n\t\t\t\t\t\t<span class=\"post-meta-author\">Por <a href=\"https:\/\/elfuerte.cl\/web\" title=\"Visitar el sitio de Prensa El Fuerte\" rel=\"author external\">Prensa El Fuerte<\/a><\/span>\t\t\t\t\t<\/div>\n\t\t\t\t<\/div><!-- .entry-meta -->\n\t\t\t<\/div>\n\t\t<\/div>\n\t<\/div>\t\n<\/article><!-- #post-1523 -->\n\n<article id=\"post-1615\" class=\"post-item no-image clearfix  full-meta item-animations-not-inited post-1615 post type-post status-publish format-standard has-post-thumbnail category-region-ludica tag-arte tag-arte-contemporaneo tag-casa-prochelle tag-comunidad-valdiviana tag-corporacion-cultural-de-valdivia tag-cosmovision-andina tag-cultura tag-danza-andina tag-exposicion tag-exposiciones-2025 tag-identidad-local tag-patrimonio tag-pintura tag-region-ludica tag-sofrenia tag-tradiciones tag-valdivia\">\n\t<div class=\"item-post-container\">\n\t\t\n\t\t\t\t\t<div class=\"gem-compact-item-left\">\n\t\t\t\t<div class=\"gem-compact-item-image post-img\">\n\t\t\t\t\t<a class=\"default\" href=\"https:\/\/elfuerte.cl\/web\/2025\/09\/12\/bajo-la-mirada-de-los-andes-inauguro-temporada-de-exposiciones-2025\/\"><img width=\"366\" height=\"296\" src=\"https:\/\/elfuerte.cl\/web\/wp-content\/uploads\/2025\/09\/rl0004-thegem-blog-compact.jpg\" class=\"img-responsive wp-post-image\" alt=\"rl0004\" \/><\/a>\n\t\t\t\t<\/div>\n\t\t\t<\/div>\n\t\t\n\t\t<div class=\"gem-compact-item-right caption-container\">\n\t\t\t<div class=\"gem-compact-item-content\">\n\n\t\t\t\t<div class=\"post-title\">\n\t\t\t\t\t\t\t\t\t\t\t<h5 class=\"entry-title reverse-link-color\"><a href=\"https:\/\/elfuerte.cl\/web\/2025\/09\/12\/bajo-la-mirada-de-los-andes-inauguro-temporada-de-exposiciones-2025\/\" rel=\"bookmark\"><span class=\"entry-title-date\">12 Sep: <\/span><span class=\"light\">\u00abBajo la mirada de los Andes\u00bb inaugur\u00f3 Temporada de Exposiciones 2025<\/span><\/a><\/h5>\t\t\t\t\t\t\t\t\t<\/div>\n\n\t\t\t\t\t\t\t\t\t<div class=\"post-text\">\n\t\t\t\t\t\t<div class=\"summary\">\n\t\t\t\t\t\t\t<p>Todo un \u00e9xito de p\u00fablico result\u00f3 la exposici\u00f3n \u201cBajo la mirada de los Andes\u201d, del ilustrador y muralista Sofrenia, que estuvo en exhibici\u00f3n en los salones de la Casa Prochelle, de la Corporaci\u00f3n Cultural de Valdivia, desde el 5 al 30 de septiembre<\/p>\n\t\t\t\t\t\t<\/div>\n\t\t\t\t\t<\/div>\n\t\t\t\t\n\t\t\t<\/div>\n\n\t\t\t<div class=\"post-meta\">\n\t\t\t\t<div class=\"entry-meta clearfix gem-post-date\">\n\t\t\t\t\t<div class=\"post-meta-right\">\n\t\t\t\t\t\t\t\t\t\t\t\t\t\t\t\t\t\t\t\t\t\t\t<\/div>\n\t\t\t\t\t<div class=\"post-meta-left\">\n\t\t\t\t\t\t<span class=\"post-meta-author\">Por <a href=\"https:\/\/elfuerte.cl\/web\" title=\"Visitar el sitio de Prensa El Fuerte\" rel=\"author external\">Prensa El Fuerte<\/a><\/span>\t\t\t\t\t<\/div>\n\t\t\t\t<\/div><!-- .entry-meta -->\n\t\t\t<\/div>\n\t\t<\/div>\n\t<\/div>\t\n<\/article><!-- #post-1615 -->\n\n<article id=\"post-1571\" class=\"post-item no-image clearfix  full-meta item-animations-not-inited post-1571 post type-post status-publish format-standard has-post-thumbnail category-region-ludica tag-arte-urbano tag-concepcion tag-condorito tag-cultura-penquista tag-esculturas-urbanas tag-hijo-ilustre tag-historia-del-comic-chileno tag-humor-grafico-chileno tag-identidad-regional tag-municipalidad-de-concepcion tag-patrimonio-local tag-pepo tag-region-ludica tag-rene-rios-boettiger tag-turismo-en-concepcion\">\n\t<div class=\"item-post-container\">\n\t\t\n\t\t\t\t\t<div class=\"gem-compact-item-left\">\n\t\t\t\t<div class=\"gem-compact-item-image post-img\">\n\t\t\t\t\t<a class=\"default\" href=\"https:\/\/elfuerte.cl\/web\/2025\/09\/05\/conce-pago-su-deuda-con-pepo\/\"><img width=\"366\" height=\"296\" src=\"https:\/\/elfuerte.cl\/web\/wp-content\/uploads\/2025\/09\/rl0003-thegem-blog-compact.jpg\" class=\"img-responsive wp-post-image\" alt=\"rl0003\" \/><\/a>\n\t\t\t\t<\/div>\n\t\t\t<\/div>\n\t\t\n\t\t<div class=\"gem-compact-item-right caption-container\">\n\t\t\t<div class=\"gem-compact-item-content\">\n\n\t\t\t\t<div class=\"post-title\">\n\t\t\t\t\t\t\t\t\t\t\t<h5 class=\"entry-title reverse-link-color\"><a href=\"https:\/\/elfuerte.cl\/web\/2025\/09\/05\/conce-pago-su-deuda-con-pepo\/\" rel=\"bookmark\"><span class=\"entry-title-date\">05 Sep: <\/span><span class=\"light\">Conce pag\u00f3 su deuda con \u201cPepo\u201d<\/span><\/a><\/h5>\t\t\t\t\t\t\t\t\t<\/div>\n\n\t\t\t\t\t\t\t\t\t<div class=\"post-text\">\n\t\t\t\t\t\t<div class=\"summary\">\n\t\t\t\t\t\t\t<p>La campa\u00f1a \u00abPepo es de Conce\u00bb, del periodista penquista, Luis Y\u00e1\u00f1ez, es una muestra de c\u00f3mo una idea que sintoniza con la gente, agarra vuelo propio.<\/p>\n\t\t\t\t\t\t<\/div>\n\t\t\t\t\t<\/div>\n\t\t\t\t\n\t\t\t<\/div>\n\n\t\t\t<div class=\"post-meta\">\n\t\t\t\t<div class=\"entry-meta clearfix gem-post-date\">\n\t\t\t\t\t<div class=\"post-meta-right\">\n\t\t\t\t\t\t\t\t\t\t\t\t\t\t\t\t\t\t\t\t\t\t\t<\/div>\n\t\t\t\t\t<div class=\"post-meta-left\">\n\t\t\t\t\t\t<span class=\"post-meta-author\">Por <a href=\"https:\/\/elfuerte.cl\/web\" title=\"Visitar el sitio de Prensa El Fuerte\" rel=\"author external\">Prensa El Fuerte<\/a><\/span>\t\t\t\t\t<\/div>\n\t\t\t\t<\/div><!-- .entry-meta -->\n\t\t\t<\/div>\n\t\t<\/div>\n\t<\/div>\t\n<\/article><!-- #post-1571 -->\n\t\t\t<\/div>\n\t\t\t\t\t\t<\/div>\n\t\t\t\t<\/div>\n\t\t\t\t\t<\/div>\n\t\t<\/div>\n\t\t\t\t\t<\/div><\/div>\r\n\t\t<\/section>\r\n\t\t\t\t\t<\/div>\n\t\t<\/div>\n\t\t\t\t\t<\/div><\/div>\r\n\t\t<\/section>\r\n\t\t\t\t<\/div>\n\t\t","protected":false},"excerpt":{"rendered":"<p>Anuncian lluvia de letras que caer\u00e1 sobre el recinto de ferias del Parque Saval Este fin de semana se realizar\u00e1&#8230;<\/p>\n","protected":false},"author":1,"featured_media":0,"parent":0,"menu_order":0,"comment_status":"closed","ping_status":"closed","template":"page-fullwidth.php","meta":{"footnotes":""},"class_list":["post-1556","page","type-page","status-publish"],"_links":{"self":[{"href":"https:\/\/elfuerte.cl\/web\/wp-json\/wp\/v2\/pages\/1556","targetHints":{"allow":["GET"]}}],"collection":[{"href":"https:\/\/elfuerte.cl\/web\/wp-json\/wp\/v2\/pages"}],"about":[{"href":"https:\/\/elfuerte.cl\/web\/wp-json\/wp\/v2\/types\/page"}],"author":[{"embeddable":true,"href":"https:\/\/elfuerte.cl\/web\/wp-json\/wp\/v2\/users\/1"}],"replies":[{"embeddable":true,"href":"https:\/\/elfuerte.cl\/web\/wp-json\/wp\/v2\/comments?post=1556"}],"version-history":[{"count":10,"href":"https:\/\/elfuerte.cl\/web\/wp-json\/wp\/v2\/pages\/1556\/revisions"}],"predecessor-version":[{"id":3244,"href":"https:\/\/elfuerte.cl\/web\/wp-json\/wp\/v2\/pages\/1556\/revisions\/3244"}],"wp:attachment":[{"href":"https:\/\/elfuerte.cl\/web\/wp-json\/wp\/v2\/media?parent=1556"}],"curies":[{"name":"wp","href":"https:\/\/api.w.org\/{rel}","templated":true}]}}