{"id":1665,"date":"2025-10-28T15:21:21","date_gmt":"2025-10-28T14:21:21","guid":{"rendered":"https:\/\/elfuerte.cl\/web\/?page_id=1665"},"modified":"2026-01-12T04:17:50","modified_gmt":"2026-01-12T07:17:50","slug":"sala-de-redaccion","status":"publish","type":"page","link":"https:\/\/elfuerte.cl\/web\/sala-de-redaccion\/","title":{"rendered":"Sala de Redacci\u00f3n"},"content":{"rendered":"\t\t<div data-elementor-type=\"wp-page\" data-elementor-id=\"1665\" class=\"elementor elementor-1665\">\n\t\t\t\t\t\t<section class=\"elementor-section elementor-top-section elementor-element elementor-element-81a3a78 elementor-section-boxed elementor-section-height-default elementor-section-height-default\" data-id=\"81a3a78\" data-element_type=\"section\">\r\n\t\t\t\t\t\t<div class=\"elementor-container elementor-column-gap-thegem\"><div class=\"elementor-row\">\r\n\t\t\t\t\t<div class=\"elementor-column elementor-col-100 elementor-top-column elementor-element elementor-element-6160202\" data-id=\"6160202\" data-element_type=\"column\">\n\t\t\t<div class=\"elementor-widget-wrap elementor-element-populated\">\n\t\t\t\t\t\t<div class=\"elementor-element elementor-element-1aef045 flex-horizontal-align-default flex-horizontal-align-tablet-default flex-horizontal-align-mobile-default flex-vertical-align-default flex-vertical-align-tablet-default flex-vertical-align-mobile-default elementor-widget elementor-widget-thegem-blogslider\" data-id=\"1aef045\" data-element_type=\"widget\" data-settings=\"{&quot;categories&quot;:[&quot;sala-de-redaccion&quot;],&quot;order_by&quot;:&quot;date&quot;,&quot;order&quot;:&quot;desc&quot;,&quot;query_type&quot;:&quot;post&quot;,&quot;source&quot;:[&quot;categories&quot;],&quot;exclude_blog_posts_type&quot;:&quot;manual&quot;}\" data-widget_type=\"thegem-blogslider.default\">\n\t\t\t\t<div class=\"elementor-widget-container\">\n\t\t\t\t\t\t\t\t<div class=\"preloader\"><div class=\"preloader-spin\"><\/div><\/div>\n\t\t\t<div class=\"gem-blog-slider gem-blog-slider-style-fullwidth clearfix  \" data-autoscroll=\"10000\">\n\t\t\t\n<article id=\"post-5138\" class=\"clearfix\">\n\n\t<a href=\"https:\/\/elfuerte.cl\/web\/2026\/03\/18\/la-alfombra-de-la-indiferencia-la-poca-empatia-en-la-noche-valdiviana-2\/\" class=\"gem-slider-blog-link\"><\/a>\n\n\t<div class=\"gem-slider-item-image\" style=\"background: url('https:\/\/elfuerte.cl\/web\/wp-content\/uploads\/2026\/03\/portada-98-1.jpg') no-repeat 50% 50% \/ cover;\">\n\t\t<img src=\"https:\/\/elfuerte.cl\/web\/wp-content\/uploads\/2026\/03\/portada-98-1.jpg\"  style=\"visibility: hidden;\">\n\t<\/div>\n\n\t<div class=\"gem-slider-item-overlay\">\n\t\t<div class=\"gem-compact-item-content\">\n\t\t\t\t\t\t\t<div class=\"post-title\">\n\t\t\t\t\t<h5 class=\"entry-title reverse-link-color\"><span class=\"entry-title-date\"><\/span><span class=\"light\">La alfombra de la indiferencia: la poca empat\u00eda en la Noche Valdiviana<\/span><\/h5>\t\t\t\t<\/div>\n\t\t\t\n\t\t\t\t\t\t\t<div class=\"post-text date-color\">\n\t\t\t\t\t<div class=\"summary\">\n\t\t\t\t\t\t\t\t\t\t\t\t\t<p>Son las 3 AM. El eco de los fuegos artificiales se ha extinguido y la postal es post-apocal\u00edptica: toneladas de basura forman una alfombra infinita que cubre toda la Costanera e, incluso, los juncos del r\u00edo, Miles de personas se fueron a dormir sin recoger su basura mostrando con esto cero conciencia por la ciudad que est\u00e1n visitando.<\/p>\n\t\t\t\t\t\t\t\t\t\t\t<\/div>\n\t\t\t\t<\/div>\n\t\t\t\n\t\t<\/div>\n\t\t<div class=\"post-meta date-color\">\n\t\t\t<div class=\"entry-meta clearfix gem-post-date\">\n\t\t\t\t<div class=\"post-meta-right\">\n\t\t\t\t\t\t\t\t\t\t\n\t\t\t\t\t\n\t\t\t\t<\/div>\n\t\t\t\t<div class=\"post-meta-left\">\n\t\t\t\t\t\t\t\t\t\t\t<span class=\"post-meta-author\">\n\t\t\t\t\t\t\t\t\t\tPor <a href=\"https:\/\/elfuerte.cl\/web\" title=\"Visitar el sitio de Prensa El Fuerte\" rel=\"author external\">Prensa El Fuerte<\/a>\t\t\t\t\t\t\t\t\t<\/span>\n\t\t\t\t\t\t\t\t\t<\/div>\n\t\t\t<\/div><!-- .entry-meta -->\n\t\t<\/div>\n\n\t\t\t\t\t<div class=\"gem-blog-slider-navigation\">\n\t\t\t\t<a href=\"#\" class=\"gem-blog-slider-prev gem-button gem-button-size-tiny\">\n\t\t\t\t\t<i aria-hidden=\"true\" class=\"gem-print-icon gem-icon-prev gem-elegant arrow-carrot-left\"><\/i>\t\t\t\t<\/a>\n\t\t\t\t<a href=\"#\" class=\"gem-blog-slider-next gem-button gem-button-size-tiny\">\n\t\t\t\t\t<i aria-hidden=\"true\" class=\"gem-print-icon gem-icon-prev gem-elegant arrow-carrot-right\"><\/i>\t\t\t\t<\/a>\n\t\t\t<\/div>\n\t\t\t<\/div>\n<\/article><!-- #post-5138 -->\n\n<article id=\"post-4714\" class=\"clearfix\">\n\n\t<a href=\"https:\/\/elfuerte.cl\/web\/2026\/02\/22\/ley-de-convivencia-escolar-responsabilidades-compartidas-ante-un-desafio-pais\/\" class=\"gem-slider-blog-link\"><\/a>\n\n\t<div class=\"gem-slider-item-image\" style=\"background: url('https:\/\/elfuerte.cl\/web\/wp-content\/uploads\/2026\/02\/bannereducuacion.jpg') no-repeat 50% 50% \/ cover;\">\n\t\t<img src=\"https:\/\/elfuerte.cl\/web\/wp-content\/uploads\/2026\/02\/bannereducuacion.jpg\"  style=\"visibility: hidden;\">\n\t<\/div>\n\n\t<div class=\"gem-slider-item-overlay\">\n\t\t<div class=\"gem-compact-item-content\">\n\t\t\t\t\t\t\t<div class=\"post-title\">\n\t\t\t\t\t<h5 class=\"entry-title reverse-link-color\"><span class=\"entry-title-date\"><\/span><span class=\"light\">Ley de Convivencia Escolar: responsabilidades compartidas ante un desaf\u00edo pa\u00eds<\/span><\/h5>\t\t\t\t<\/div>\n\t\t\t\n\t\t\t\t\t\t\t<div class=\"post-text date-color\">\n\t\t\t\t\t<div class=\"summary\">\n\t\t\t\t\t\t\t\t\t\t\t\t\t<p>El retorno a la presencialidad tras la pandemia instal\u00f3 con fuerza un tema que hoy atraviesa a todo el sistema educativo: la convivencia escolar.<\/p>\n\t\t\t\t\t\t\t\t\t\t\t<\/div>\n\t\t\t\t<\/div>\n\t\t\t\n\t\t<\/div>\n\t\t<div class=\"post-meta date-color\">\n\t\t\t<div class=\"entry-meta clearfix gem-post-date\">\n\t\t\t\t<div class=\"post-meta-right\">\n\t\t\t\t\t\t\t\t\t\t\n\t\t\t\t\t\n\t\t\t\t<\/div>\n\t\t\t\t<div class=\"post-meta-left\">\n\t\t\t\t\t\t\t\t\t\t\t<span class=\"post-meta-author\">\n\t\t\t\t\t\t\t\t\t\tPor <a href=\"https:\/\/elfuerte.cl\/web\" title=\"Visitar el sitio de Prensa El Fuerte\" rel=\"author external\">Prensa El Fuerte<\/a>\t\t\t\t\t\t\t\t\t<\/span>\n\t\t\t\t\t\t\t\t\t<\/div>\n\t\t\t<\/div><!-- .entry-meta -->\n\t\t<\/div>\n\n\t\t\t\t\t<div class=\"gem-blog-slider-navigation\">\n\t\t\t\t<a href=\"#\" class=\"gem-blog-slider-prev gem-button gem-button-size-tiny\">\n\t\t\t\t\t<i aria-hidden=\"true\" class=\"gem-print-icon gem-icon-prev gem-elegant arrow-carrot-left\"><\/i>\t\t\t\t<\/a>\n\t\t\t\t<a href=\"#\" class=\"gem-blog-slider-next gem-button gem-button-size-tiny\">\n\t\t\t\t\t<i aria-hidden=\"true\" class=\"gem-print-icon gem-icon-prev gem-elegant arrow-carrot-right\"><\/i>\t\t\t\t<\/a>\n\t\t\t<\/div>\n\t\t\t<\/div>\n<\/article><!-- #post-4714 -->\n\n<article id=\"post-4490\" class=\"clearfix\">\n\n\t<a href=\"https:\/\/elfuerte.cl\/web\/2026\/02\/14\/comercio-detallista-es-el-principal-generador-de-empleo-en-la-region\/\" class=\"gem-slider-blog-link\"><\/a>\n\n\t<div class=\"gem-slider-item-image\" style=\"background: url('https:\/\/elfuerte.cl\/web\/wp-content\/uploads\/2026\/02\/bannerreinaldo.jpg') no-repeat 50% 50% \/ cover;\">\n\t\t<img src=\"https:\/\/elfuerte.cl\/web\/wp-content\/uploads\/2026\/02\/bannerreinaldo.jpg\"  style=\"visibility: hidden;\">\n\t<\/div>\n\n\t<div class=\"gem-slider-item-overlay\">\n\t\t<div class=\"gem-compact-item-content\">\n\t\t\t\t\t\t\t<div class=\"post-title\">\n\t\t\t\t\t<h5 class=\"entry-title reverse-link-color\"><span class=\"entry-title-date\"><\/span><span class=\"light\">Comercio detallista es el principal  generador de empleo en la regi\u00f3n<\/span><\/h5>\t\t\t\t<\/div>\n\t\t\t\n\t\t\t\t\t\t\t<div class=\"post-text date-color\">\n\t\t\t\t\t<div class=\"summary\">\n\t\t\t\t\t\t\t\t\t\t\t\t\t<p>De acuerdo a informes econ\u00f3micos oficiales, la regi\u00f3n Los R\u00edos contin\u00faa siendo un territorio peque\u00f1o en su base productiva y una de las que menos aporta al Producto Interno Bruto, 1,4% del total nacional, y lo m\u00e1s preocupante es que ese indicador, pr\u00e1cticamente, no ha variado en la \u00faltima d\u00e9cada.<\/p>\n\t\t\t\t\t\t\t\t\t\t\t<\/div>\n\t\t\t\t<\/div>\n\t\t\t\n\t\t<\/div>\n\t\t<div class=\"post-meta date-color\">\n\t\t\t<div class=\"entry-meta clearfix gem-post-date\">\n\t\t\t\t<div class=\"post-meta-right\">\n\t\t\t\t\t\t\t\t\t\t\n\t\t\t\t\t\n\t\t\t\t<\/div>\n\t\t\t\t<div class=\"post-meta-left\">\n\t\t\t\t\t\t\t\t\t\t\t<span class=\"post-meta-author\">\n\t\t\t\t\t\t\t\t\t\tPor <a href=\"https:\/\/elfuerte.cl\/web\" title=\"Visitar el sitio de Prensa El Fuerte\" rel=\"author external\">Prensa El Fuerte<\/a>\t\t\t\t\t\t\t\t\t<\/span>\n\t\t\t\t\t\t\t\t\t<\/div>\n\t\t\t<\/div><!-- .entry-meta -->\n\t\t<\/div>\n\n\t\t\t\t\t<div class=\"gem-blog-slider-navigation\">\n\t\t\t\t<a href=\"#\" class=\"gem-blog-slider-prev gem-button gem-button-size-tiny\">\n\t\t\t\t\t<i aria-hidden=\"true\" class=\"gem-print-icon gem-icon-prev gem-elegant arrow-carrot-left\"><\/i>\t\t\t\t<\/a>\n\t\t\t\t<a href=\"#\" class=\"gem-blog-slider-next gem-button gem-button-size-tiny\">\n\t\t\t\t\t<i aria-hidden=\"true\" class=\"gem-print-icon gem-icon-prev gem-elegant arrow-carrot-right\"><\/i>\t\t\t\t<\/a>\n\t\t\t<\/div>\n\t\t\t<\/div>\n<\/article><!-- #post-4490 -->\n\n<article id=\"post-4438\" class=\"clearfix\">\n\n\t<a href=\"https:\/\/elfuerte.cl\/web\/2026\/02\/13\/que-el-trabajo-no-cueste-la-vida-una-oportunidad-para-fortalecer-prevencion-y-seguridad-laboral\/\" class=\"gem-slider-blog-link\"><\/a>\n\n\t<div class=\"gem-slider-item-image\" style=\"background: url('https:\/\/elfuerte.cl\/web\/wp-content\/uploads\/2026\/02\/bannertrabajo.jpg') no-repeat 50% 50% \/ cover;\">\n\t\t<img src=\"https:\/\/elfuerte.cl\/web\/wp-content\/uploads\/2026\/02\/bannertrabajo.jpg\"  style=\"visibility: hidden;\">\n\t<\/div>\n\n\t<div class=\"gem-slider-item-overlay\">\n\t\t<div class=\"gem-compact-item-content\">\n\t\t\t\t\t\t\t<div class=\"post-title\">\n\t\t\t\t\t<h5 class=\"entry-title reverse-link-color\"><span class=\"entry-title-date\"><\/span><span class=\"light\">Que el trabajo no cueste la vida: una oportunidad  para fortalecer prevenci\u00f3n y seguridad laboral<\/span><\/h5>\t\t\t\t<\/div>\n\t\t\t\n\t\t\t\t\t\t\t<div class=\"post-text date-color\">\n\t\t\t\t\t<div class=\"summary\">\n\t\t\t\t\t\t\t\t\t\t\t\t\t<p>En Chile, cerca de 2,1 trabajadores por cada 100 mil protegidos fallecieron en 2024 a causa de accidentes laborales. Detr\u00e1s de este dato hay decenas de muertes, familias afectadas y comunidades impactadas. <\/p>\n\t\t\t\t\t\t\t\t\t\t\t<\/div>\n\t\t\t\t<\/div>\n\t\t\t\n\t\t<\/div>\n\t\t<div class=\"post-meta date-color\">\n\t\t\t<div class=\"entry-meta clearfix gem-post-date\">\n\t\t\t\t<div class=\"post-meta-right\">\n\t\t\t\t\t\t\t\t\t\t\n\t\t\t\t\t\n\t\t\t\t<\/div>\n\t\t\t\t<div class=\"post-meta-left\">\n\t\t\t\t\t\t\t\t\t\t\t<span class=\"post-meta-author\">\n\t\t\t\t\t\t\t\t\t\tPor <a href=\"https:\/\/elfuerte.cl\/web\" title=\"Visitar el sitio de Prensa El Fuerte\" rel=\"author external\">Prensa El Fuerte<\/a>\t\t\t\t\t\t\t\t\t<\/span>\n\t\t\t\t\t\t\t\t\t<\/div>\n\t\t\t<\/div><!-- .entry-meta -->\n\t\t<\/div>\n\n\t\t\t\t\t<div class=\"gem-blog-slider-navigation\">\n\t\t\t\t<a href=\"#\" class=\"gem-blog-slider-prev gem-button gem-button-size-tiny\">\n\t\t\t\t\t<i aria-hidden=\"true\" class=\"gem-print-icon gem-icon-prev gem-elegant arrow-carrot-left\"><\/i>\t\t\t\t<\/a>\n\t\t\t\t<a href=\"#\" class=\"gem-blog-slider-next gem-button gem-button-size-tiny\">\n\t\t\t\t\t<i aria-hidden=\"true\" class=\"gem-print-icon gem-icon-prev gem-elegant arrow-carrot-right\"><\/i>\t\t\t\t<\/a>\n\t\t\t<\/div>\n\t\t\t<\/div>\n<\/article><!-- #post-4438 -->\n\n<article id=\"post-4141\" class=\"clearfix\">\n\n\t<a href=\"https:\/\/elfuerte.cl\/web\/2026\/02\/01\/catastrofes-e-institucionalidad-publica-academia-y-comunidad-la-urgencia-de-una-articulacion-efectiva\/\" class=\"gem-slider-blog-link\"><\/a>\n\n\t<div class=\"gem-slider-item-image\" style=\"background: url('https:\/\/elfuerte.cl\/web\/wp-content\/uploads\/2026\/02\/bannerk.jpg') no-repeat 50% 50% \/ cover;\">\n\t\t<img src=\"https:\/\/elfuerte.cl\/web\/wp-content\/uploads\/2026\/02\/bannerk.jpg\"  style=\"visibility: hidden;\">\n\t<\/div>\n\n\t<div class=\"gem-slider-item-overlay\">\n\t\t<div class=\"gem-compact-item-content\">\n\t\t\t\t\t\t\t<div class=\"post-title\">\n\t\t\t\t\t<h5 class=\"entry-title reverse-link-color\"><span class=\"entry-title-date\"><\/span><span class=\"light\">Cat\u00e1strofes e Institucionalidad P\u00fablica, Academia y Comunidad: La Urgencia de una Articulaci\u00f3n Efectiva<\/span><\/h5>\t\t\t\t<\/div>\n\t\t\t\n\t\t\t\t\t\t\t<div class=\"post-text date-color\">\n\t\t\t\t\t<div class=\"summary\">\n\t\t\t\t\t\t\t\t\t\t\t\t\t<p>Chile, una loca geograf\u00eda, como la describi\u00f3 Benjam\u00edn Subercaseaux, es uno de los pa\u00edses m\u00e1s hermosos del planeta. Con cuatro estaciones muy marcadas, cordilleras, volcanes y termas, desiertos, lagos, r\u00edos, bosque, fauna nativa y una extensa costa que nos provee de abundantes delicias marinas.<\/p>\n\t\t\t\t\t\t\t\t\t\t\t<\/div>\n\t\t\t\t<\/div>\n\t\t\t\n\t\t<\/div>\n\t\t<div class=\"post-meta date-color\">\n\t\t\t<div class=\"entry-meta clearfix gem-post-date\">\n\t\t\t\t<div class=\"post-meta-right\">\n\t\t\t\t\t\t\t\t\t\t\n\t\t\t\t\t\n\t\t\t\t<\/div>\n\t\t\t\t<div class=\"post-meta-left\">\n\t\t\t\t\t\t\t\t\t\t\t<span class=\"post-meta-author\">\n\t\t\t\t\t\t\t\t\t\tPor <a href=\"https:\/\/elfuerte.cl\/web\" title=\"Visitar el sitio de Prensa El Fuerte\" rel=\"author external\">Prensa El Fuerte<\/a>\t\t\t\t\t\t\t\t\t<\/span>\n\t\t\t\t\t\t\t\t\t<\/div>\n\t\t\t<\/div><!-- .entry-meta -->\n\t\t<\/div>\n\n\t\t\t\t\t<div class=\"gem-blog-slider-navigation\">\n\t\t\t\t<a href=\"#\" class=\"gem-blog-slider-prev gem-button gem-button-size-tiny\">\n\t\t\t\t\t<i aria-hidden=\"true\" class=\"gem-print-icon gem-icon-prev gem-elegant arrow-carrot-left\"><\/i>\t\t\t\t<\/a>\n\t\t\t\t<a href=\"#\" class=\"gem-blog-slider-next gem-button gem-button-size-tiny\">\n\t\t\t\t\t<i aria-hidden=\"true\" class=\"gem-print-icon gem-icon-prev gem-elegant arrow-carrot-right\"><\/i>\t\t\t\t<\/a>\n\t\t\t<\/div>\n\t\t\t<\/div>\n<\/article><!-- #post-4141 -->\n\n<article id=\"post-4132\" class=\"clearfix\">\n\n\t<a href=\"https:\/\/elfuerte.cl\/web\/2026\/02\/01\/sistemas-erp-ia-mas-que-una-funcion\/\" class=\"gem-slider-blog-link\"><\/a>\n\n\t<div class=\"gem-slider-item-image\" style=\"background: url('https:\/\/elfuerte.cl\/web\/wp-content\/uploads\/2026\/02\/banneryordi.jpg') no-repeat 50% 50% \/ cover;\">\n\t\t<img src=\"https:\/\/elfuerte.cl\/web\/wp-content\/uploads\/2026\/02\/banneryordi.jpg\"  style=\"visibility: hidden;\">\n\t<\/div>\n\n\t<div class=\"gem-slider-item-overlay\">\n\t\t<div class=\"gem-compact-item-content\">\n\t\t\t\t\t\t\t<div class=\"post-title\">\n\t\t\t\t\t<h5 class=\"entry-title reverse-link-color\"><span class=\"entry-title-date\"><\/span><span class=\"light\">Sistemas ERP : IA m\u00e1s que una funci\u00f3n<\/span><\/h5>\t\t\t\t<\/div>\n\t\t\t\n\t\t\t\t\t\t\t<div class=\"post-text date-color\">\n\t\t\t\t\t<div class=\"summary\">\n\t\t\t\t\t\t\t\t\t\t\t\t\t<p>Las organizaciones actuales ya no solo se preguntan por las caracter\u00edsticas de los sistemas ERP, sino que se plantean preguntas existenciales sobre la adaptabilidad en un panorama empresarial en un constante cambio, todos conversamos actualmente sobre la IA , por que realmente es inevitable.<\/p>\n\t\t\t\t\t\t\t\t\t\t\t<\/div>\n\t\t\t\t<\/div>\n\t\t\t\n\t\t<\/div>\n\t\t<div class=\"post-meta date-color\">\n\t\t\t<div class=\"entry-meta clearfix gem-post-date\">\n\t\t\t\t<div class=\"post-meta-right\">\n\t\t\t\t\t\t\t\t\t\t\n\t\t\t\t\t\n\t\t\t\t<\/div>\n\t\t\t\t<div class=\"post-meta-left\">\n\t\t\t\t\t\t\t\t\t\t\t<span class=\"post-meta-author\">\n\t\t\t\t\t\t\t\t\t\tPor <a href=\"https:\/\/elfuerte.cl\/web\" title=\"Visitar el sitio de Prensa El Fuerte\" rel=\"author external\">Prensa El Fuerte<\/a>\t\t\t\t\t\t\t\t\t<\/span>\n\t\t\t\t\t\t\t\t\t<\/div>\n\t\t\t<\/div><!-- .entry-meta -->\n\t\t<\/div>\n\n\t\t\t\t\t<div class=\"gem-blog-slider-navigation\">\n\t\t\t\t<a href=\"#\" class=\"gem-blog-slider-prev gem-button gem-button-size-tiny\">\n\t\t\t\t\t<i aria-hidden=\"true\" class=\"gem-print-icon gem-icon-prev gem-elegant arrow-carrot-left\"><\/i>\t\t\t\t<\/a>\n\t\t\t\t<a href=\"#\" class=\"gem-blog-slider-next gem-button gem-button-size-tiny\">\n\t\t\t\t\t<i aria-hidden=\"true\" class=\"gem-print-icon gem-icon-prev gem-elegant arrow-carrot-right\"><\/i>\t\t\t\t<\/a>\n\t\t\t<\/div>\n\t\t\t<\/div>\n<\/article><!-- #post-4132 -->\n\n<article id=\"post-3045\" class=\"clearfix\">\n\n\t<a href=\"https:\/\/elfuerte.cl\/web\/2026\/01\/07\/inteligencia-artificial-y-etica-el-desafio-de-informar-con-responsabilidad-desde-los-territorios\/\" class=\"gem-slider-blog-link\"><\/a>\n\n\t<div class=\"gem-slider-item-image\" style=\"background: url('https:\/\/elfuerte.cl\/web\/wp-content\/uploads\/2026\/01\/Editorial-IA-portada.jpg') no-repeat 50% 50% \/ cover;\">\n\t\t<img src=\"https:\/\/elfuerte.cl\/web\/wp-content\/uploads\/2026\/01\/Editorial-IA-portada.jpg\"  style=\"visibility: hidden;\">\n\t<\/div>\n\n\t<div class=\"gem-slider-item-overlay\">\n\t\t<div class=\"gem-compact-item-content\">\n\t\t\t\t\t\t\t<div class=\"post-title\">\n\t\t\t\t\t<h5 class=\"entry-title reverse-link-color\"><span class=\"entry-title-date\"><\/span><span class=\"light\">Inteligencia artificial y \u00e9tica: el desaf\u00edo de informar con responsabilidad desde los territorios<\/span><\/h5>\t\t\t\t<\/div>\n\t\t\t\n\t\t\t\t\t\t\t<div class=\"post-text date-color\">\n\t\t\t\t\t<div class=\"summary\">\n\t\t\t\t\t\t\t\t\t\t\t\t\t<p>La innovaci\u00f3n solo tiene sentido cuando se construye con responsabilidad y sentido humano. En ese camino, El Fuerte Noticias reitera su compromiso con un periodismo responsable, propositivo, territorialmente situado y \u00e9ticamente s\u00f3lido.<\/p>\n\t\t\t\t\t\t\t\t\t\t\t<\/div>\n\t\t\t\t<\/div>\n\t\t\t\n\t\t<\/div>\n\t\t<div class=\"post-meta date-color\">\n\t\t\t<div class=\"entry-meta clearfix gem-post-date\">\n\t\t\t\t<div class=\"post-meta-right\">\n\t\t\t\t\t\t\t\t\t\t\n\t\t\t\t\t\n\t\t\t\t<\/div>\n\t\t\t\t<div class=\"post-meta-left\">\n\t\t\t\t\t\t\t\t\t\t\t<span class=\"post-meta-author\">\n\t\t\t\t\t\t\t\t\t\tPor <a href=\"https:\/\/elfuerte.cl\/web\" title=\"Visitar el sitio de Prensa El Fuerte\" rel=\"author external\">Prensa El Fuerte<\/a>\t\t\t\t\t\t\t\t\t<\/span>\n\t\t\t\t\t\t\t\t\t<\/div>\n\t\t\t<\/div><!-- .entry-meta -->\n\t\t<\/div>\n\n\t\t\t\t\t<div class=\"gem-blog-slider-navigation\">\n\t\t\t\t<a href=\"#\" class=\"gem-blog-slider-prev gem-button gem-button-size-tiny\">\n\t\t\t\t\t<i aria-hidden=\"true\" class=\"gem-print-icon gem-icon-prev gem-elegant arrow-carrot-left\"><\/i>\t\t\t\t<\/a>\n\t\t\t\t<a href=\"#\" class=\"gem-blog-slider-next gem-button gem-button-size-tiny\">\n\t\t\t\t\t<i aria-hidden=\"true\" class=\"gem-print-icon gem-icon-prev gem-elegant arrow-carrot-right\"><\/i>\t\t\t\t<\/a>\n\t\t\t<\/div>\n\t\t\t<\/div>\n<\/article><!-- #post-3045 -->\n\n<article id=\"post-2995\" class=\"clearfix\">\n\n\t<a href=\"https:\/\/elfuerte.cl\/web\/2025\/12\/31\/la-seguridad-en-la-region-se-construye-con-un-trabajo-articulado\/\" class=\"gem-slider-blog-link\"><\/a>\n\n\t<div class=\"gem-slider-item-image\" style=\"background: url('https:\/\/elfuerte.cl\/web\/wp-content\/uploads\/2025\/12\/bannerseguridad.jpg') no-repeat 50% 50% \/ cover;\">\n\t\t<img src=\"https:\/\/elfuerte.cl\/web\/wp-content\/uploads\/2025\/12\/bannerseguridad.jpg\"  style=\"visibility: hidden;\">\n\t<\/div>\n\n\t<div class=\"gem-slider-item-overlay\">\n\t\t<div class=\"gem-compact-item-content\">\n\t\t\t\t\t\t\t<div class=\"post-title\">\n\t\t\t\t\t<h5 class=\"entry-title reverse-link-color\"><span class=\"entry-title-date\"><\/span><span class=\"light\">La seguridad en la regi\u00f3n se construye con un trabajo articulado<\/span><\/h5>\t\t\t\t<\/div>\n\t\t\t\n\t\t\t\t\t\t\t<div class=\"post-text date-color\">\n\t\t\t\t\t<div class=\"summary\">\n\t\t\t\t\t\t\t\t\t\t\t\t\t<p>La seguridad es la principal preocupaci\u00f3n de los chilenos y chilenas y ha sido la prioridad central de este Gobierno, que ha impulsado una inversi\u00f3n hist\u00f3rica para fortalecer a las polic\u00edas, la promulgaci\u00f3n de 69 leyes en materia de seguridad y la entrega de recursos a las 30 comunas de la regi\u00f3n de Los Lagos para abordar la prevenci\u00f3n del delito desde el rol coadyuvante que la ley asigna a los municipios.<\/p>\n\t\t\t\t\t\t\t\t\t\t\t<\/div>\n\t\t\t\t<\/div>\n\t\t\t\n\t\t<\/div>\n\t\t<div class=\"post-meta date-color\">\n\t\t\t<div class=\"entry-meta clearfix gem-post-date\">\n\t\t\t\t<div class=\"post-meta-right\">\n\t\t\t\t\t\t\t\t\t\t\n\t\t\t\t\t\n\t\t\t\t<\/div>\n\t\t\t\t<div class=\"post-meta-left\">\n\t\t\t\t\t\t\t\t\t\t\t<span class=\"post-meta-author\">\n\t\t\t\t\t\t\t\t\t\tPor <a href=\"https:\/\/elfuerte.cl\/web\" title=\"Visitar el sitio de Prensa El Fuerte\" rel=\"author external\">Prensa El Fuerte<\/a>\t\t\t\t\t\t\t\t\t<\/span>\n\t\t\t\t\t\t\t\t\t<\/div>\n\t\t\t<\/div><!-- .entry-meta -->\n\t\t<\/div>\n\n\t\t\t\t\t<div class=\"gem-blog-slider-navigation\">\n\t\t\t\t<a href=\"#\" class=\"gem-blog-slider-prev gem-button gem-button-size-tiny\">\n\t\t\t\t\t<i aria-hidden=\"true\" class=\"gem-print-icon gem-icon-prev gem-elegant arrow-carrot-left\"><\/i>\t\t\t\t<\/a>\n\t\t\t\t<a href=\"#\" class=\"gem-blog-slider-next gem-button gem-button-size-tiny\">\n\t\t\t\t\t<i aria-hidden=\"true\" class=\"gem-print-icon gem-icon-prev gem-elegant arrow-carrot-right\"><\/i>\t\t\t\t<\/a>\n\t\t\t<\/div>\n\t\t\t<\/div>\n<\/article><!-- #post-2995 -->\n\n<article id=\"post-2819\" class=\"clearfix\">\n\n\t<a href=\"https:\/\/elfuerte.cl\/web\/2025\/12\/19\/estado-del-ramal-antilhue-valdivia-3\/\" class=\"gem-slider-blog-link\"><\/a>\n\n\t<div class=\"gem-slider-item-image\" style=\"background: url('https:\/\/elfuerte.cl\/web\/wp-content\/uploads\/2025\/12\/destamuni.jpg') no-repeat 50% 50% \/ cover;\">\n\t\t<img src=\"https:\/\/elfuerte.cl\/web\/wp-content\/uploads\/2025\/12\/destamuni.jpg\"  style=\"visibility: hidden;\">\n\t<\/div>\n\n\t<div class=\"gem-slider-item-overlay\">\n\t\t<div class=\"gem-compact-item-content\">\n\t\t\t\t\t\t\t<div class=\"post-title\">\n\t\t\t\t\t<h5 class=\"entry-title reverse-link-color\"><span class=\"entry-title-date\"><\/span><span class=\"light\">\u00a1Las ilustres ciudades!<\/span><\/h5>\t\t\t\t<\/div>\n\t\t\t\n\t\t\t\t\t\t\t<div class=\"post-text date-color\">\n\t\t\t\t\t<div class=\"summary\">\n\t\t\t\t\t\t\t\t\t\t\t\t\t<p>En \u00e9pocas de celebraciones, las ciudades se adornan y generan una serie de actividades para conmemorar un t\u00edtulo de ciudad, una fundaci\u00f3n o alg\u00fan hito fundacional de la comuna en cuesti\u00f3n. Pero, durante estas festividades siempre hay discursos, alegor\u00edas hist\u00f3ricas que marcan el desarrollo del evento antes de alg\u00fan tradicional desfile de las fuerzas vivas de la comunidad.<\/p>\n\t\t\t\t\t\t\t\t\t\t\t<\/div>\n\t\t\t\t<\/div>\n\t\t\t\n\t\t<\/div>\n\t\t<div class=\"post-meta date-color\">\n\t\t\t<div class=\"entry-meta clearfix gem-post-date\">\n\t\t\t\t<div class=\"post-meta-right\">\n\t\t\t\t\t\t\t\t\t\t\n\t\t\t\t\t\n\t\t\t\t<\/div>\n\t\t\t\t<div class=\"post-meta-left\">\n\t\t\t\t\t\t\t\t\t\t\t<span class=\"post-meta-author\">\n\t\t\t\t\t\t\t\t\t\tPor <a href=\"https:\/\/elfuerte.cl\/web\" title=\"Visitar el sitio de Prensa El Fuerte\" rel=\"author external\">Prensa El Fuerte<\/a>\t\t\t\t\t\t\t\t\t<\/span>\n\t\t\t\t\t\t\t\t\t<\/div>\n\t\t\t<\/div><!-- .entry-meta -->\n\t\t<\/div>\n\n\t\t\t\t\t<div class=\"gem-blog-slider-navigation\">\n\t\t\t\t<a href=\"#\" class=\"gem-blog-slider-prev gem-button gem-button-size-tiny\">\n\t\t\t\t\t<i aria-hidden=\"true\" class=\"gem-print-icon gem-icon-prev gem-elegant arrow-carrot-left\"><\/i>\t\t\t\t<\/a>\n\t\t\t\t<a href=\"#\" class=\"gem-blog-slider-next gem-button gem-button-size-tiny\">\n\t\t\t\t\t<i aria-hidden=\"true\" class=\"gem-print-icon gem-icon-prev gem-elegant arrow-carrot-right\"><\/i>\t\t\t\t<\/a>\n\t\t\t<\/div>\n\t\t\t<\/div>\n<\/article><!-- #post-2819 -->\n\n<article id=\"post-2688\" class=\"clearfix\">\n\n\t<a href=\"https:\/\/elfuerte.cl\/web\/2025\/12\/09\/emociones-en-tiempos-de-elecciones\/\" class=\"gem-slider-blog-link\"><\/a>\n\n\t<div class=\"gem-slider-item-image\" style=\"background: url('https:\/\/elfuerte.cl\/web\/wp-content\/uploads\/2025\/12\/copinionbanner11-22.jpg') no-repeat 50% 50% \/ cover;\">\n\t\t<img src=\"https:\/\/elfuerte.cl\/web\/wp-content\/uploads\/2025\/12\/copinionbanner11-22.jpg\"  style=\"visibility: hidden;\">\n\t<\/div>\n\n\t<div class=\"gem-slider-item-overlay\">\n\t\t<div class=\"gem-compact-item-content\">\n\t\t\t\t\t\t\t<div class=\"post-title\">\n\t\t\t\t\t<h5 class=\"entry-title reverse-link-color\"><span class=\"entry-title-date\"><\/span><span class=\"light\">Emociones en tiempos de elecciones<\/span><\/h5>\t\t\t\t<\/div>\n\t\t\t\n\t\t\t\t\t\t\t<div class=\"post-text date-color\">\n\t\t\t\t\t<div class=\"summary\">\n\t\t\t\t\t\t\t\t\t\t\t\t\t<p>Cada proceso electoral despierta algo mas que opiniones pol\u00edticas: moviliza emociones, esperanzas y temores. El actual escenario presidencial en Chile ha generado un clima de alta sensibilidad emocional, donde la incertidumbre y la polarizaci\u00f3n se cuelan en las conversaciones cotidianas. No es casualidad, cuando el futuro de un pa\u00eds se pone en juego, tambi\u00e9n se agita su alma colectiva.<\/p>\n\t\t\t\t\t\t\t\t\t\t\t<\/div>\n\t\t\t\t<\/div>\n\t\t\t\n\t\t<\/div>\n\t\t<div class=\"post-meta date-color\">\n\t\t\t<div class=\"entry-meta clearfix gem-post-date\">\n\t\t\t\t<div class=\"post-meta-right\">\n\t\t\t\t\t\t\t\t\t\t\n\t\t\t\t\t\n\t\t\t\t<\/div>\n\t\t\t\t<div class=\"post-meta-left\">\n\t\t\t\t\t\t\t\t\t\t\t<span class=\"post-meta-author\">\n\t\t\t\t\t\t\t\t\t\tPor <a href=\"https:\/\/elfuerte.cl\/web\" title=\"Visitar el sitio de Prensa El Fuerte\" rel=\"author external\">Prensa El Fuerte<\/a>\t\t\t\t\t\t\t\t\t<\/span>\n\t\t\t\t\t\t\t\t\t<\/div>\n\t\t\t<\/div><!-- .entry-meta -->\n\t\t<\/div>\n\n\t\t\t\t\t<div class=\"gem-blog-slider-navigation\">\n\t\t\t\t<a href=\"#\" class=\"gem-blog-slider-prev gem-button gem-button-size-tiny\">\n\t\t\t\t\t<i aria-hidden=\"true\" class=\"gem-print-icon gem-icon-prev gem-elegant arrow-carrot-left\"><\/i>\t\t\t\t<\/a>\n\t\t\t\t<a href=\"#\" class=\"gem-blog-slider-next gem-button gem-button-size-tiny\">\n\t\t\t\t\t<i aria-hidden=\"true\" class=\"gem-print-icon gem-icon-prev gem-elegant arrow-carrot-right\"><\/i>\t\t\t\t<\/a>\n\t\t\t<\/div>\n\t\t\t<\/div>\n<\/article><!-- #post-2688 -->\n\n<article id=\"post-2610\" class=\"clearfix\">\n\n\t<a href=\"https:\/\/elfuerte.cl\/web\/2025\/12\/08\/estado-del-ramal-antilhue-valdivia\/\" class=\"gem-slider-blog-link\"><\/a>\n\n\t<div class=\"gem-slider-item-image\" style=\"background: url('https:\/\/elfuerte.cl\/web\/wp-content\/uploads\/2025\/12\/trenbanner.jpg') no-repeat 50% 50% \/ cover;\">\n\t\t<img src=\"https:\/\/elfuerte.cl\/web\/wp-content\/uploads\/2025\/12\/trenbanner.jpg\"  style=\"visibility: hidden;\">\n\t<\/div>\n\n\t<div class=\"gem-slider-item-overlay\">\n\t\t<div class=\"gem-compact-item-content\">\n\t\t\t\t\t\t\t<div class=\"post-title\">\n\t\t\t\t\t<h5 class=\"entry-title reverse-link-color\"><span class=\"entry-title-date\"><\/span><span class=\"light\">Estado del Ramal Antilhue \u2013 Valdivia<\/span><\/h5>\t\t\t\t<\/div>\n\t\t\t\n\t\t\t\t\t\t\t<div class=\"post-text date-color\">\n\t\t\t\t\t<div class=\"summary\">\n\t\t\t\t\t\t\t\t\t\t\t\t\t<p>La reciente Mesa T\u00e9cnica de Patrimonio Ferroviario Regional, liderada por la Asociaci\u00f3n Patrimonial Cultural de la Regi\u00f3n de Los R\u00edos, ha puesto nuevamente en discusi\u00f3n la conveniencia de retomar la declaratoria de Monumento Nacional del ramal.<\/p>\n\t\t\t\t\t\t\t\t\t\t\t<\/div>\n\t\t\t\t<\/div>\n\t\t\t\n\t\t<\/div>\n\t\t<div class=\"post-meta date-color\">\n\t\t\t<div class=\"entry-meta clearfix gem-post-date\">\n\t\t\t\t<div class=\"post-meta-right\">\n\t\t\t\t\t\t\t\t\t\t\n\t\t\t\t\t\n\t\t\t\t<\/div>\n\t\t\t\t<div class=\"post-meta-left\">\n\t\t\t\t\t\t\t\t\t\t\t<span class=\"post-meta-author\">\n\t\t\t\t\t\t\t\t\t\tPor <a href=\"https:\/\/elfuerte.cl\/web\" title=\"Visitar el sitio de Prensa El Fuerte\" rel=\"author external\">Prensa El Fuerte<\/a>\t\t\t\t\t\t\t\t\t<\/span>\n\t\t\t\t\t\t\t\t\t<\/div>\n\t\t\t<\/div><!-- .entry-meta -->\n\t\t<\/div>\n\n\t\t\t\t\t<div class=\"gem-blog-slider-navigation\">\n\t\t\t\t<a href=\"#\" class=\"gem-blog-slider-prev gem-button gem-button-size-tiny\">\n\t\t\t\t\t<i aria-hidden=\"true\" class=\"gem-print-icon gem-icon-prev gem-elegant arrow-carrot-left\"><\/i>\t\t\t\t<\/a>\n\t\t\t\t<a href=\"#\" class=\"gem-blog-slider-next gem-button gem-button-size-tiny\">\n\t\t\t\t\t<i aria-hidden=\"true\" class=\"gem-print-icon gem-icon-prev gem-elegant arrow-carrot-right\"><\/i>\t\t\t\t<\/a>\n\t\t\t<\/div>\n\t\t\t<\/div>\n<\/article><!-- #post-2610 -->\n\n<article id=\"post-1629\" class=\"clearfix\">\n\n\t<a href=\"https:\/\/elfuerte.cl\/web\/2025\/10\/01\/bajan-homicidios-a-nivel-nacional-pero-aumentan-en-los-rios\/\" class=\"gem-slider-blog-link\"><\/a>\n\n\t<div class=\"gem-slider-item-image\" style=\"background: url('https:\/\/elfuerte.cl\/web\/wp-content\/uploads\/2025\/10\/sr001.jpg') no-repeat 50% 50% \/ cover;\">\n\t\t<img src=\"https:\/\/elfuerte.cl\/web\/wp-content\/uploads\/2025\/10\/sr001.jpg\"  style=\"visibility: hidden;\">\n\t<\/div>\n\n\t<div class=\"gem-slider-item-overlay\">\n\t\t<div class=\"gem-compact-item-content\">\n\t\t\t\t\t\t\t<div class=\"post-title\">\n\t\t\t\t\t<h5 class=\"entry-title reverse-link-color\"><span class=\"entry-title-date\"><\/span><span class=\"light\">Bajan homicidios a nivel nacional pero aumentan en Los R\u00edos<\/span><\/h5>\t\t\t\t<\/div>\n\t\t\t\n\t\t\t\t\t\t\t<div class=\"post-text date-color\">\n\t\t\t\t\t<div class=\"summary\">\n\t\t\t\t\t\t\t\t\t\t\t\t\t<p>Las cifras muestran leves descensos a nivel pa\u00eds, pero contrastes regionales preocupan. En la macrozona sur, la regi\u00f3n de Los R\u00edos registr\u00f3 un aumento del 33% en comparaci\u00f3n al 2023.<\/p>\n\t\t\t\t\t\t\t\t\t\t\t<\/div>\n\t\t\t\t<\/div>\n\t\t\t\n\t\t<\/div>\n\t\t<div class=\"post-meta date-color\">\n\t\t\t<div class=\"entry-meta clearfix gem-post-date\">\n\t\t\t\t<div class=\"post-meta-right\">\n\t\t\t\t\t\t\t\t\t\t\n\t\t\t\t\t\n\t\t\t\t<\/div>\n\t\t\t\t<div class=\"post-meta-left\">\n\t\t\t\t\t\t\t\t\t\t\t<span class=\"post-meta-author\">\n\t\t\t\t\t\t\t\t\t\tPor <a href=\"https:\/\/elfuerte.cl\/web\" title=\"Visitar el sitio de Prensa El Fuerte\" rel=\"author external\">Prensa El Fuerte<\/a>\t\t\t\t\t\t\t\t\t<\/span>\n\t\t\t\t\t\t\t\t\t<\/div>\n\t\t\t<\/div><!-- .entry-meta -->\n\t\t<\/div>\n\n\t\t\t\t\t<div class=\"gem-blog-slider-navigation\">\n\t\t\t\t<a href=\"#\" class=\"gem-blog-slider-prev gem-button gem-button-size-tiny\">\n\t\t\t\t\t<i aria-hidden=\"true\" class=\"gem-print-icon gem-icon-prev gem-elegant arrow-carrot-left\"><\/i>\t\t\t\t<\/a>\n\t\t\t\t<a href=\"#\" class=\"gem-blog-slider-next gem-button gem-button-size-tiny\">\n\t\t\t\t\t<i aria-hidden=\"true\" class=\"gem-print-icon gem-icon-prev gem-elegant arrow-carrot-right\"><\/i>\t\t\t\t<\/a>\n\t\t\t<\/div>\n\t\t\t<\/div>\n<\/article><!-- #post-1629 -->\n\n<article id=\"post-1672\" class=\"clearfix\">\n\n\t<a href=\"https:\/\/elfuerte.cl\/web\/2025\/09\/10\/educacion-en-chile-desafios-y-oportunidades\/\" class=\"gem-slider-blog-link\"><\/a>\n\n\t<div class=\"gem-slider-item-image\" style=\"background: url('https:\/\/elfuerte.cl\/web\/wp-content\/uploads\/2025\/09\/sr002.jpg') no-repeat 50% 50% \/ cover;\">\n\t\t<img src=\"https:\/\/elfuerte.cl\/web\/wp-content\/uploads\/2025\/09\/sr002.jpg\"  style=\"visibility: hidden;\">\n\t<\/div>\n\n\t<div class=\"gem-slider-item-overlay\">\n\t\t<div class=\"gem-compact-item-content\">\n\t\t\t\t\t\t\t<div class=\"post-title\">\n\t\t\t\t\t<h5 class=\"entry-title reverse-link-color\"><span class=\"entry-title-date\"><\/span><span class=\"light\">Educaci\u00f3n en Chile: desaf\u00edos y oportunidades<\/span><\/h5>\t\t\t\t<\/div>\n\t\t\t\n\t\t\t\t\t\t\t<div class=\"post-text date-color\">\n\t\t\t\t\t<div class=\"summary\">\n\t\t\t\t\t\t\t\t\t\t\t\t\t<p>El \u00faltimo informe de la OCDE vuelve a poner sobre la mesa una paradoja inc\u00f3moda para nuestro pa\u00eds, ya que Chile destina una fracci\u00f3n importante de su PIB a educaci\u00f3n \u2014 m\u00e1s incluso que algunos pa\u00edses europeos \u2014, pero los resultados de aprendizaje siguen estancados<\/p>\n\t\t\t\t\t\t\t\t\t\t\t<\/div>\n\t\t\t\t<\/div>\n\t\t\t\n\t\t<\/div>\n\t\t<div class=\"post-meta date-color\">\n\t\t\t<div class=\"entry-meta clearfix gem-post-date\">\n\t\t\t\t<div class=\"post-meta-right\">\n\t\t\t\t\t\t\t\t\t\t\n\t\t\t\t\t\n\t\t\t\t<\/div>\n\t\t\t\t<div class=\"post-meta-left\">\n\t\t\t\t\t\t\t\t\t\t\t<span class=\"post-meta-author\">\n\t\t\t\t\t\t\t\t\t\tPor <a href=\"https:\/\/elfuerte.cl\/web\" title=\"Visitar el sitio de Prensa El Fuerte\" rel=\"author external\">Prensa El Fuerte<\/a>\t\t\t\t\t\t\t\t\t<\/span>\n\t\t\t\t\t\t\t\t\t<\/div>\n\t\t\t<\/div><!-- .entry-meta -->\n\t\t<\/div>\n\n\t\t\t\t\t<div class=\"gem-blog-slider-navigation\">\n\t\t\t\t<a href=\"#\" class=\"gem-blog-slider-prev gem-button gem-button-size-tiny\">\n\t\t\t\t\t<i aria-hidden=\"true\" class=\"gem-print-icon gem-icon-prev gem-elegant arrow-carrot-left\"><\/i>\t\t\t\t<\/a>\n\t\t\t\t<a href=\"#\" class=\"gem-blog-slider-next gem-button gem-button-size-tiny\">\n\t\t\t\t\t<i aria-hidden=\"true\" class=\"gem-print-icon gem-icon-prev gem-elegant arrow-carrot-right\"><\/i>\t\t\t\t<\/a>\n\t\t\t<\/div>\n\t\t\t<\/div>\n<\/article><!-- #post-1672 -->\n\t\t\t<\/div>\n\t\t\t\t\t\t\t<\/div>\n\t\t\t\t<\/div>\n\t\t\t\t<section class=\"elementor-section elementor-inner-section elementor-element elementor-element-30f5bbe elementor-section-boxed elementor-section-height-default elementor-section-height-default\" data-id=\"30f5bbe\" data-element_type=\"section\">\r\n\t\t\t\t\t\t<div class=\"elementor-container elementor-column-gap-thegem\"><div class=\"elementor-row\">\r\n\t\t\t\t\t<div class=\"elementor-column elementor-col-100 elementor-inner-column elementor-element elementor-element-852c288\" data-id=\"852c288\" data-element_type=\"column\">\n\t\t\t<div class=\"elementor-widget-wrap elementor-element-populated\">\n\t\t\t\t\t\t<div class=\"elementor-element elementor-element-a974080 flex-horizontal-align-default flex-horizontal-align-tablet-default flex-horizontal-align-mobile-default flex-vertical-align-default flex-vertical-align-tablet-default flex-vertical-align-mobile-default elementor-widget elementor-widget-thegem-bloglist\" data-id=\"a974080\" data-element_type=\"widget\" data-settings=\"{&quot;thegem_elementor_preset&quot;:&quot;compact&quot;,&quot;items_per_page&quot;:10,&quot;categories&quot;:[&quot;sala-de-redaccion&quot;],&quot;query_type&quot;:&quot;post&quot;,&quot;source&quot;:[&quot;categories&quot;],&quot;exclude_blog_posts_type&quot;:&quot;manual&quot;,&quot;order_by&quot;:&quot;default&quot;,&quot;order&quot;:&quot;default&quot;,&quot;image_icon_show&quot;:&quot;yes&quot;}\" data-widget_type=\"thegem-bloglist.default\">\n\t\t\t\t<div class=\"elementor-widget-container\">\n\t\t\t\t\t\t\t\t\t<div class=\"preloader\"><div class=\"preloader-spin\"><\/div><\/div>\n\t\t\t\t\t\t<div class=\"bloglist blog clearfix  blog-style-compact  item-animation-move-up  \" data-page=\"1\" data-paged=\"1\" data-next-page=\"2\" data-pages-count=\"2\" data-load-more-action=\"thegem_bloglist_load_more\">\n\t\t\t\n<article id=\"post-5138\" class=\"post-item no-image clearfix  full-meta item-animations-not-inited post-5138 post type-post status-publish format-standard has-post-thumbnail category-actualidad category-sala-de-redaccion tag-educacion tag-limpieza tag-medio-ambiente tag-reciclaje\">\n\t<div class=\"item-post-container\">\n\t\t\n\t\t\t\t\t<div class=\"gem-compact-item-left\">\n\t\t\t\t<div class=\"gem-compact-item-image post-img\">\n\t\t\t\t\t<a class=\"default\" href=\"https:\/\/elfuerte.cl\/web\/2026\/03\/18\/la-alfombra-de-la-indiferencia-la-poca-empatia-en-la-noche-valdiviana-2\/\"><img width=\"366\" height=\"296\" src=\"https:\/\/elfuerte.cl\/web\/wp-content\/uploads\/2026\/03\/portada-98-1-thegem-blog-compact.jpg\" class=\"img-responsive wp-post-image\" alt=\"portada (98)\" \/><\/a>\n\t\t\t\t<\/div>\n\t\t\t<\/div>\n\t\t\n\t\t<div class=\"gem-compact-item-right caption-container\">\n\t\t\t<div class=\"gem-compact-item-content\">\n\n\t\t\t\t<div class=\"post-title\">\n\t\t\t\t\t\t\t\t\t\t\t<h5 class=\"entry-title reverse-link-color\"><a href=\"https:\/\/elfuerte.cl\/web\/2026\/03\/18\/la-alfombra-de-la-indiferencia-la-poca-empatia-en-la-noche-valdiviana-2\/\" rel=\"bookmark\"><span class=\"entry-title-date\">18 Mar: <\/span><span class=\"light\">La alfombra de la indiferencia: la poca empat\u00eda en la Noche Valdiviana<\/span><\/a><\/h5>\t\t\t\t\t\t\t\t\t<\/div>\n\n\t\t\t\t\t\t\t\t\t<div class=\"post-text\">\n\t\t\t\t\t\t<div class=\"summary\">\n\t\t\t\t\t\t\t<p>Son las 3 AM. El eco de los fuegos artificiales se ha extinguido y la postal es post-apocal\u00edptica: toneladas de basura forman una alfombra infinita que cubre toda la Costanera e, incluso, los juncos del r\u00edo, Miles de personas se fueron a dormir sin recoger su basura mostrando con esto cero conciencia por la ciudad que est\u00e1n visitando.<\/p>\n\t\t\t\t\t\t<\/div>\n\t\t\t\t\t<\/div>\n\t\t\t\t\n\t\t\t<\/div>\n\n\t\t\t<div class=\"post-meta\">\n\t\t\t\t<div class=\"entry-meta clearfix gem-post-date\">\n\t\t\t\t\t<div class=\"post-meta-right\">\n\t\t\t\t\t\t\t\t\t\t\t\t\t\t\t\t\t\t\t\t\t\t\t<\/div>\n\t\t\t\t\t<div class=\"post-meta-left\">\n\t\t\t\t\t\t<span class=\"post-meta-author\">Por <a href=\"https:\/\/elfuerte.cl\/web\" title=\"Visitar el sitio de Prensa El Fuerte\" rel=\"author external\">Prensa El Fuerte<\/a><\/span>\t\t\t\t\t<\/div>\n\t\t\t\t<\/div><!-- .entry-meta -->\n\t\t\t<\/div>\n\t\t<\/div>\n\t<\/div>\t\n<\/article><!-- #post-5138 -->\n\n<article id=\"post-4714\" class=\"post-item no-image clearfix  full-meta item-animations-not-inited post-4714 post type-post status-publish format-standard has-post-thumbnail category-destacados category-sala-de-redaccion tag-convivencia tag-educacion tag-opinion\">\n\t<div class=\"item-post-container\">\n\t\t\n\t\t\t\t\t<div class=\"gem-compact-item-left\">\n\t\t\t\t<div class=\"gem-compact-item-image post-img\">\n\t\t\t\t\t<a class=\"default\" href=\"https:\/\/elfuerte.cl\/web\/2026\/02\/22\/ley-de-convivencia-escolar-responsabilidades-compartidas-ante-un-desafio-pais\/\"><img width=\"366\" height=\"296\" src=\"https:\/\/elfuerte.cl\/web\/wp-content\/uploads\/2026\/02\/bannereducuacion-thegem-blog-compact.jpg\" class=\"img-responsive wp-post-image\" alt=\"bannereducuacion\" \/><\/a>\n\t\t\t\t<\/div>\n\t\t\t<\/div>\n\t\t\n\t\t<div class=\"gem-compact-item-right caption-container\">\n\t\t\t<div class=\"gem-compact-item-content\">\n\n\t\t\t\t<div class=\"post-title\">\n\t\t\t\t\t\t\t\t\t\t\t<h5 class=\"entry-title reverse-link-color\"><a href=\"https:\/\/elfuerte.cl\/web\/2026\/02\/22\/ley-de-convivencia-escolar-responsabilidades-compartidas-ante-un-desafio-pais\/\" rel=\"bookmark\"><span class=\"entry-title-date\">22 Feb: <\/span><span class=\"light\">Ley de Convivencia Escolar: responsabilidades compartidas ante un desaf\u00edo pa\u00eds<\/span><\/a><\/h5>\t\t\t\t\t\t\t\t\t<\/div>\n\n\t\t\t\t\t\t\t\t\t<div class=\"post-text\">\n\t\t\t\t\t\t<div class=\"summary\">\n\t\t\t\t\t\t\t<p>El retorno a la presencialidad tras la pandemia instal\u00f3 con fuerza un tema que hoy atraviesa a todo el sistema educativo: la convivencia escolar.<\/p>\n\t\t\t\t\t\t<\/div>\n\t\t\t\t\t<\/div>\n\t\t\t\t\n\t\t\t<\/div>\n\n\t\t\t<div class=\"post-meta\">\n\t\t\t\t<div class=\"entry-meta clearfix gem-post-date\">\n\t\t\t\t\t<div class=\"post-meta-right\">\n\t\t\t\t\t\t\t\t\t\t\t\t\t\t\t\t\t\t\t\t\t\t\t<\/div>\n\t\t\t\t\t<div class=\"post-meta-left\">\n\t\t\t\t\t\t<span class=\"post-meta-author\">Por <a href=\"https:\/\/elfuerte.cl\/web\" title=\"Visitar el sitio de Prensa El Fuerte\" rel=\"author external\">Prensa El Fuerte<\/a><\/span>\t\t\t\t\t<\/div>\n\t\t\t\t<\/div><!-- .entry-meta -->\n\t\t\t<\/div>\n\t\t<\/div>\n\t<\/div>\t\n<\/article><!-- #post-4714 -->\n\n<article id=\"post-4490\" class=\"post-item no-image clearfix  full-meta item-animations-not-inited post-4490 post type-post status-publish format-standard has-post-thumbnail category-destacados category-sala-de-redaccion tag-comercio tag-desarrollo tag-los-rios tag-trabajo tag-turismo\">\n\t<div class=\"item-post-container\">\n\t\t\n\t\t\t\t\t<div class=\"gem-compact-item-left\">\n\t\t\t\t<div class=\"gem-compact-item-image post-img\">\n\t\t\t\t\t<a class=\"default\" href=\"https:\/\/elfuerte.cl\/web\/2026\/02\/14\/comercio-detallista-es-el-principal-generador-de-empleo-en-la-region\/\"><img width=\"366\" height=\"296\" src=\"https:\/\/elfuerte.cl\/web\/wp-content\/uploads\/2026\/02\/bannerreinaldo-thegem-blog-compact.jpg\" class=\"img-responsive wp-post-image\" alt=\"bannerreinaldo\" \/><\/a>\n\t\t\t\t<\/div>\n\t\t\t<\/div>\n\t\t\n\t\t<div class=\"gem-compact-item-right caption-container\">\n\t\t\t<div class=\"gem-compact-item-content\">\n\n\t\t\t\t<div class=\"post-title\">\n\t\t\t\t\t\t\t\t\t\t\t<h5 class=\"entry-title reverse-link-color\"><a href=\"https:\/\/elfuerte.cl\/web\/2026\/02\/14\/comercio-detallista-es-el-principal-generador-de-empleo-en-la-region\/\" rel=\"bookmark\"><span class=\"entry-title-date\">14 Feb: <\/span><span class=\"light\">Comercio detallista es el principal  generador de empleo en la regi\u00f3n<\/span><\/a><\/h5>\t\t\t\t\t\t\t\t\t<\/div>\n\n\t\t\t\t\t\t\t\t\t<div class=\"post-text\">\n\t\t\t\t\t\t<div class=\"summary\">\n\t\t\t\t\t\t\t<p>De acuerdo a informes econ\u00f3micos oficiales, la regi\u00f3n Los R\u00edos contin\u00faa siendo un territorio peque\u00f1o en su base productiva y una de las que menos aporta al Producto Interno Bruto, 1,4% del total nacional, y lo m\u00e1s preocupante es que ese indicador, pr\u00e1cticamente, no ha variado en la \u00faltima d\u00e9cada.<\/p>\n\t\t\t\t\t\t<\/div>\n\t\t\t\t\t<\/div>\n\t\t\t\t\n\t\t\t<\/div>\n\n\t\t\t<div class=\"post-meta\">\n\t\t\t\t<div class=\"entry-meta clearfix gem-post-date\">\n\t\t\t\t\t<div class=\"post-meta-right\">\n\t\t\t\t\t\t\t\t\t\t\t\t\t\t\t\t\t\t\t\t\t\t\t<\/div>\n\t\t\t\t\t<div class=\"post-meta-left\">\n\t\t\t\t\t\t<span class=\"post-meta-author\">Por <a href=\"https:\/\/elfuerte.cl\/web\" title=\"Visitar el sitio de Prensa El Fuerte\" rel=\"author external\">Prensa El Fuerte<\/a><\/span>\t\t\t\t\t<\/div>\n\t\t\t\t<\/div><!-- .entry-meta -->\n\t\t\t<\/div>\n\t\t<\/div>\n\t<\/div>\t\n<\/article><!-- #post-4490 -->\n\n<article id=\"post-4438\" class=\"post-item no-image clearfix  full-meta item-animations-not-inited post-4438 post type-post status-publish format-standard has-post-thumbnail category-destacados category-sala-de-redaccion tag-seguridad tag-trabajo\">\n\t<div class=\"item-post-container\">\n\t\t\n\t\t\t\t\t<div class=\"gem-compact-item-left\">\n\t\t\t\t<div class=\"gem-compact-item-image post-img\">\n\t\t\t\t\t<a class=\"default\" href=\"https:\/\/elfuerte.cl\/web\/2026\/02\/13\/que-el-trabajo-no-cueste-la-vida-una-oportunidad-para-fortalecer-prevencion-y-seguridad-laboral\/\"><img width=\"366\" height=\"296\" src=\"https:\/\/elfuerte.cl\/web\/wp-content\/uploads\/2026\/02\/bannertrabajo-thegem-blog-compact.jpg\" class=\"img-responsive wp-post-image\" alt=\"bannertrabajo\" \/><\/a>\n\t\t\t\t<\/div>\n\t\t\t<\/div>\n\t\t\n\t\t<div class=\"gem-compact-item-right caption-container\">\n\t\t\t<div class=\"gem-compact-item-content\">\n\n\t\t\t\t<div class=\"post-title\">\n\t\t\t\t\t\t\t\t\t\t\t<h5 class=\"entry-title reverse-link-color\"><a href=\"https:\/\/elfuerte.cl\/web\/2026\/02\/13\/que-el-trabajo-no-cueste-la-vida-una-oportunidad-para-fortalecer-prevencion-y-seguridad-laboral\/\" rel=\"bookmark\"><span class=\"entry-title-date\">13 Feb: <\/span><span class=\"light\">Que el trabajo no cueste la vida: una oportunidad  para fortalecer prevenci\u00f3n y seguridad laboral<\/span><\/a><\/h5>\t\t\t\t\t\t\t\t\t<\/div>\n\n\t\t\t\t\t\t\t\t\t<div class=\"post-text\">\n\t\t\t\t\t\t<div class=\"summary\">\n\t\t\t\t\t\t\t<p>En Chile, cerca de 2,1 trabajadores por cada 100 mil protegidos fallecieron en 2024 a causa de accidentes laborales. Detr\u00e1s de este dato hay decenas de muertes, familias afectadas y comunidades impactadas. <\/p>\n\t\t\t\t\t\t<\/div>\n\t\t\t\t\t<\/div>\n\t\t\t\t\n\t\t\t<\/div>\n\n\t\t\t<div class=\"post-meta\">\n\t\t\t\t<div class=\"entry-meta clearfix gem-post-date\">\n\t\t\t\t\t<div class=\"post-meta-right\">\n\t\t\t\t\t\t\t\t\t\t\t\t\t\t\t\t\t\t\t\t\t\t\t<\/div>\n\t\t\t\t\t<div class=\"post-meta-left\">\n\t\t\t\t\t\t<span class=\"post-meta-author\">Por <a href=\"https:\/\/elfuerte.cl\/web\" title=\"Visitar el sitio de Prensa El Fuerte\" rel=\"author external\">Prensa El Fuerte<\/a><\/span>\t\t\t\t\t<\/div>\n\t\t\t\t<\/div><!-- .entry-meta -->\n\t\t\t<\/div>\n\t\t<\/div>\n\t<\/div>\t\n<\/article><!-- #post-4438 -->\n\n<article id=\"post-4141\" class=\"post-item no-image clearfix  full-meta item-animations-not-inited post-4141 post type-post status-publish format-standard has-post-thumbnail category-destacados category-sala-de-redaccion tag-academia tag-catastrofes tag-opinion\">\n\t<div class=\"item-post-container\">\n\t\t\n\t\t\t\t\t<div class=\"gem-compact-item-left\">\n\t\t\t\t<div class=\"gem-compact-item-image post-img\">\n\t\t\t\t\t<a class=\"default\" href=\"https:\/\/elfuerte.cl\/web\/2026\/02\/01\/catastrofes-e-institucionalidad-publica-academia-y-comunidad-la-urgencia-de-una-articulacion-efectiva\/\"><img width=\"366\" height=\"296\" src=\"https:\/\/elfuerte.cl\/web\/wp-content\/uploads\/2026\/02\/bannerk-thegem-blog-compact.jpg\" class=\"img-responsive wp-post-image\" alt=\"bannerk\" \/><\/a>\n\t\t\t\t<\/div>\n\t\t\t<\/div>\n\t\t\n\t\t<div class=\"gem-compact-item-right caption-container\">\n\t\t\t<div class=\"gem-compact-item-content\">\n\n\t\t\t\t<div class=\"post-title\">\n\t\t\t\t\t\t\t\t\t\t\t<h5 class=\"entry-title reverse-link-color\"><a href=\"https:\/\/elfuerte.cl\/web\/2026\/02\/01\/catastrofes-e-institucionalidad-publica-academia-y-comunidad-la-urgencia-de-una-articulacion-efectiva\/\" rel=\"bookmark\"><span class=\"entry-title-date\">01 Feb: <\/span><span class=\"light\">Cat\u00e1strofes e Institucionalidad P\u00fablica, Academia y Comunidad: La Urgencia de una Articulaci\u00f3n Efectiva<\/span><\/a><\/h5>\t\t\t\t\t\t\t\t\t<\/div>\n\n\t\t\t\t\t\t\t\t\t<div class=\"post-text\">\n\t\t\t\t\t\t<div class=\"summary\">\n\t\t\t\t\t\t\t<p>Chile, una loca geograf\u00eda, como la describi\u00f3 Benjam\u00edn Subercaseaux, es uno de los pa\u00edses m\u00e1s hermosos del planeta. Con cuatro estaciones muy marcadas, cordilleras, volcanes y termas, desiertos, lagos, r\u00edos, bosque, fauna nativa y una extensa costa que nos provee de abundantes delicias marinas.<\/p>\n\t\t\t\t\t\t<\/div>\n\t\t\t\t\t<\/div>\n\t\t\t\t\n\t\t\t<\/div>\n\n\t\t\t<div class=\"post-meta\">\n\t\t\t\t<div class=\"entry-meta clearfix gem-post-date\">\n\t\t\t\t\t<div class=\"post-meta-right\">\n\t\t\t\t\t\t\t\t\t\t\t\t\t\t\t\t\t\t\t\t\t\t\t<\/div>\n\t\t\t\t\t<div class=\"post-meta-left\">\n\t\t\t\t\t\t<span class=\"post-meta-author\">Por <a href=\"https:\/\/elfuerte.cl\/web\" title=\"Visitar el sitio de Prensa El Fuerte\" rel=\"author external\">Prensa El Fuerte<\/a><\/span>\t\t\t\t\t<\/div>\n\t\t\t\t<\/div><!-- .entry-meta -->\n\t\t\t<\/div>\n\t\t<\/div>\n\t<\/div>\t\n<\/article><!-- #post-4141 -->\n\n<article id=\"post-4132\" class=\"post-item no-image clearfix  full-meta item-animations-not-inited post-4132 post type-post status-publish format-standard has-post-thumbnail category-destacados category-sala-de-redaccion tag-ia tag-opinion\">\n\t<div class=\"item-post-container\">\n\t\t\n\t\t\t\t\t<div class=\"gem-compact-item-left\">\n\t\t\t\t<div class=\"gem-compact-item-image post-img\">\n\t\t\t\t\t<a class=\"default\" href=\"https:\/\/elfuerte.cl\/web\/2026\/02\/01\/sistemas-erp-ia-mas-que-una-funcion\/\"><img width=\"366\" height=\"296\" src=\"https:\/\/elfuerte.cl\/web\/wp-content\/uploads\/2026\/02\/banneryordi-thegem-blog-compact.jpg\" class=\"img-responsive wp-post-image\" alt=\"banneryordi\" \/><\/a>\n\t\t\t\t<\/div>\n\t\t\t<\/div>\n\t\t\n\t\t<div class=\"gem-compact-item-right caption-container\">\n\t\t\t<div class=\"gem-compact-item-content\">\n\n\t\t\t\t<div class=\"post-title\">\n\t\t\t\t\t\t\t\t\t\t\t<h5 class=\"entry-title reverse-link-color\"><a href=\"https:\/\/elfuerte.cl\/web\/2026\/02\/01\/sistemas-erp-ia-mas-que-una-funcion\/\" rel=\"bookmark\"><span class=\"entry-title-date\">01 Feb: <\/span><span class=\"light\">Sistemas ERP : IA m\u00e1s que una funci\u00f3n<\/span><\/a><\/h5>\t\t\t\t\t\t\t\t\t<\/div>\n\n\t\t\t\t\t\t\t\t\t<div class=\"post-text\">\n\t\t\t\t\t\t<div class=\"summary\">\n\t\t\t\t\t\t\t<p>Las organizaciones actuales ya no solo se preguntan por las caracter\u00edsticas de los sistemas ERP, sino que se plantean preguntas existenciales sobre la adaptabilidad en un panorama empresarial en un constante cambio, todos conversamos actualmente sobre la IA , por que realmente es inevitable.<\/p>\n\t\t\t\t\t\t<\/div>\n\t\t\t\t\t<\/div>\n\t\t\t\t\n\t\t\t<\/div>\n\n\t\t\t<div class=\"post-meta\">\n\t\t\t\t<div class=\"entry-meta clearfix gem-post-date\">\n\t\t\t\t\t<div class=\"post-meta-right\">\n\t\t\t\t\t\t\t\t\t\t\t\t\t\t\t\t\t\t\t\t\t\t\t<\/div>\n\t\t\t\t\t<div class=\"post-meta-left\">\n\t\t\t\t\t\t<span class=\"post-meta-author\">Por <a href=\"https:\/\/elfuerte.cl\/web\" title=\"Visitar el sitio de Prensa El Fuerte\" rel=\"author external\">Prensa El Fuerte<\/a><\/span>\t\t\t\t\t<\/div>\n\t\t\t\t<\/div><!-- .entry-meta -->\n\t\t\t<\/div>\n\t\t<\/div>\n\t<\/div>\t\n<\/article><!-- #post-4132 -->\n\n<article id=\"post-3045\" class=\"post-item no-image clearfix  full-meta item-animations-not-inited post-3045 post type-post status-publish format-standard has-post-thumbnail category-destacados category-sala-de-redaccion tag-actualidad tag-inteligencia-artificial tag-tecnologia tag-valdivia\">\n\t<div class=\"item-post-container\">\n\t\t\n\t\t\t\t\t<div class=\"gem-compact-item-left\">\n\t\t\t\t<div class=\"gem-compact-item-image post-img\">\n\t\t\t\t\t<a class=\"default\" href=\"https:\/\/elfuerte.cl\/web\/2026\/01\/07\/inteligencia-artificial-y-etica-el-desafio-de-informar-con-responsabilidad-desde-los-territorios\/\"><img width=\"366\" height=\"296\" src=\"https:\/\/elfuerte.cl\/web\/wp-content\/uploads\/2026\/01\/Editorial-IA-portada-thegem-blog-compact.jpg\" class=\"img-responsive wp-post-image\" alt=\"Editorial IA portada\" \/><\/a>\n\t\t\t\t<\/div>\n\t\t\t<\/div>\n\t\t\n\t\t<div class=\"gem-compact-item-right caption-container\">\n\t\t\t<div class=\"gem-compact-item-content\">\n\n\t\t\t\t<div class=\"post-title\">\n\t\t\t\t\t\t\t\t\t\t\t<h5 class=\"entry-title reverse-link-color\"><a href=\"https:\/\/elfuerte.cl\/web\/2026\/01\/07\/inteligencia-artificial-y-etica-el-desafio-de-informar-con-responsabilidad-desde-los-territorios\/\" rel=\"bookmark\"><span class=\"entry-title-date\">07 Ene: <\/span><span class=\"light\">Inteligencia artificial y \u00e9tica: el desaf\u00edo de informar con responsabilidad desde los territorios<\/span><\/a><\/h5>\t\t\t\t\t\t\t\t\t<\/div>\n\n\t\t\t\t\t\t\t\t\t<div class=\"post-text\">\n\t\t\t\t\t\t<div class=\"summary\">\n\t\t\t\t\t\t\t<p>La innovaci\u00f3n solo tiene sentido cuando se construye con responsabilidad y sentido humano. En ese camino, El Fuerte Noticias reitera su compromiso con un periodismo responsable, propositivo, territorialmente situado y \u00e9ticamente s\u00f3lido.<\/p>\n\t\t\t\t\t\t<\/div>\n\t\t\t\t\t<\/div>\n\t\t\t\t\n\t\t\t<\/div>\n\n\t\t\t<div class=\"post-meta\">\n\t\t\t\t<div class=\"entry-meta clearfix gem-post-date\">\n\t\t\t\t\t<div class=\"post-meta-right\">\n\t\t\t\t\t\t\t\t\t\t\t\t\t\t\t\t\t\t\t\t\t\t\t<\/div>\n\t\t\t\t\t<div class=\"post-meta-left\">\n\t\t\t\t\t\t<span class=\"post-meta-author\">Por <a href=\"https:\/\/elfuerte.cl\/web\" title=\"Visitar el sitio de Prensa El Fuerte\" rel=\"author external\">Prensa El Fuerte<\/a><\/span>\t\t\t\t\t<\/div>\n\t\t\t\t<\/div><!-- .entry-meta -->\n\t\t\t<\/div>\n\t\t<\/div>\n\t<\/div>\t\n<\/article><!-- #post-3045 -->\n\n<article id=\"post-2995\" class=\"post-item no-image clearfix  full-meta item-animations-not-inited post-2995 post type-post status-publish format-standard has-post-thumbnail category-sala-de-redaccion tag-comunidad tag-opinion tag-seguridad\">\n\t<div class=\"item-post-container\">\n\t\t\n\t\t\t\t\t<div class=\"gem-compact-item-left\">\n\t\t\t\t<div class=\"gem-compact-item-image post-img\">\n\t\t\t\t\t<a class=\"default\" href=\"https:\/\/elfuerte.cl\/web\/2025\/12\/31\/la-seguridad-en-la-region-se-construye-con-un-trabajo-articulado\/\"><img width=\"366\" height=\"296\" src=\"https:\/\/elfuerte.cl\/web\/wp-content\/uploads\/2025\/12\/bannerseguridad-thegem-blog-compact.jpg\" class=\"img-responsive wp-post-image\" alt=\"bannerseguridad\" \/><\/a>\n\t\t\t\t<\/div>\n\t\t\t<\/div>\n\t\t\n\t\t<div class=\"gem-compact-item-right caption-container\">\n\t\t\t<div class=\"gem-compact-item-content\">\n\n\t\t\t\t<div class=\"post-title\">\n\t\t\t\t\t\t\t\t\t\t\t<h5 class=\"entry-title reverse-link-color\"><a href=\"https:\/\/elfuerte.cl\/web\/2025\/12\/31\/la-seguridad-en-la-region-se-construye-con-un-trabajo-articulado\/\" rel=\"bookmark\"><span class=\"entry-title-date\">31 Dic: <\/span><span class=\"light\">La seguridad en la regi\u00f3n se construye con un trabajo articulado<\/span><\/a><\/h5>\t\t\t\t\t\t\t\t\t<\/div>\n\n\t\t\t\t\t\t\t\t\t<div class=\"post-text\">\n\t\t\t\t\t\t<div class=\"summary\">\n\t\t\t\t\t\t\t<p>La seguridad es la principal preocupaci\u00f3n de los chilenos y chilenas y ha sido la prioridad central de este Gobierno, que ha impulsado una inversi\u00f3n hist\u00f3rica para fortalecer a las polic\u00edas, la promulgaci\u00f3n de 69 leyes en materia de seguridad y la entrega de recursos a las 30 comunas de la regi\u00f3n de Los Lagos para abordar la prevenci\u00f3n del delito desde el rol coadyuvante que la ley asigna a los municipios.<\/p>\n\t\t\t\t\t\t<\/div>\n\t\t\t\t\t<\/div>\n\t\t\t\t\n\t\t\t<\/div>\n\n\t\t\t<div class=\"post-meta\">\n\t\t\t\t<div class=\"entry-meta clearfix gem-post-date\">\n\t\t\t\t\t<div class=\"post-meta-right\">\n\t\t\t\t\t\t\t\t\t\t\t\t\t\t\t\t\t\t\t\t\t\t\t<\/div>\n\t\t\t\t\t<div class=\"post-meta-left\">\n\t\t\t\t\t\t<span class=\"post-meta-author\">Por <a href=\"https:\/\/elfuerte.cl\/web\" title=\"Visitar el sitio de Prensa El Fuerte\" rel=\"author external\">Prensa El Fuerte<\/a><\/span>\t\t\t\t\t<\/div>\n\t\t\t\t<\/div><!-- .entry-meta -->\n\t\t\t<\/div>\n\t\t<\/div>\n\t<\/div>\t\n<\/article><!-- #post-2995 -->\n\n<article id=\"post-2819\" class=\"post-item no-image clearfix  full-meta item-animations-not-inited post-2819 post type-post status-publish format-standard has-post-thumbnail category-sala-de-redaccion tag-ciudades tag-historia tag-opinion tag-sala-de-redaccion\">\n\t<div class=\"item-post-container\">\n\t\t\n\t\t\t\t\t<div class=\"gem-compact-item-left\">\n\t\t\t\t<div class=\"gem-compact-item-image post-img\">\n\t\t\t\t\t<a class=\"default\" href=\"https:\/\/elfuerte.cl\/web\/2025\/12\/19\/estado-del-ramal-antilhue-valdivia-3\/\"><img width=\"366\" height=\"296\" src=\"https:\/\/elfuerte.cl\/web\/wp-content\/uploads\/2025\/12\/destamuni-thegem-blog-compact.jpg\" class=\"img-responsive wp-post-image\" alt=\"destamuni\" \/><\/a>\n\t\t\t\t<\/div>\n\t\t\t<\/div>\n\t\t\n\t\t<div class=\"gem-compact-item-right caption-container\">\n\t\t\t<div class=\"gem-compact-item-content\">\n\n\t\t\t\t<div class=\"post-title\">\n\t\t\t\t\t\t\t\t\t\t\t<h5 class=\"entry-title reverse-link-color\"><a href=\"https:\/\/elfuerte.cl\/web\/2025\/12\/19\/estado-del-ramal-antilhue-valdivia-3\/\" rel=\"bookmark\"><span class=\"entry-title-date\">19 Dic: <\/span><span class=\"light\">\u00a1Las ilustres ciudades!<\/span><\/a><\/h5>\t\t\t\t\t\t\t\t\t<\/div>\n\n\t\t\t\t\t\t\t\t\t<div class=\"post-text\">\n\t\t\t\t\t\t<div class=\"summary\">\n\t\t\t\t\t\t\t<p>En \u00e9pocas de celebraciones, las ciudades se adornan y generan una serie de actividades para conmemorar un t\u00edtulo de ciudad, una fundaci\u00f3n o alg\u00fan hito fundacional de la comuna en cuesti\u00f3n. Pero, durante estas festividades siempre hay discursos, alegor\u00edas hist\u00f3ricas que marcan el desarrollo del evento antes de alg\u00fan tradicional desfile de las fuerzas vivas de la comunidad.<\/p>\n\t\t\t\t\t\t<\/div>\n\t\t\t\t\t<\/div>\n\t\t\t\t\n\t\t\t<\/div>\n\n\t\t\t<div class=\"post-meta\">\n\t\t\t\t<div class=\"entry-meta clearfix gem-post-date\">\n\t\t\t\t\t<div class=\"post-meta-right\">\n\t\t\t\t\t\t\t\t\t\t\t\t\t\t\t\t\t\t\t\t\t\t\t<\/div>\n\t\t\t\t\t<div class=\"post-meta-left\">\n\t\t\t\t\t\t<span class=\"post-meta-author\">Por <a href=\"https:\/\/elfuerte.cl\/web\" title=\"Visitar el sitio de Prensa El Fuerte\" rel=\"author external\">Prensa El Fuerte<\/a><\/span>\t\t\t\t\t<\/div>\n\t\t\t\t<\/div><!-- .entry-meta -->\n\t\t\t<\/div>\n\t\t<\/div>\n\t<\/div>\t\n<\/article><!-- #post-2819 -->\n\n<article id=\"post-2688\" class=\"post-item no-image clearfix  full-meta item-animations-not-inited post-2688 post type-post status-publish format-standard has-post-thumbnail category-destacados category-sala-de-redaccion tag-elecciones tag-emociones tag-opinion\">\n\t<div class=\"item-post-container\">\n\t\t\n\t\t\t\t\t<div class=\"gem-compact-item-left\">\n\t\t\t\t<div class=\"gem-compact-item-image post-img\">\n\t\t\t\t\t<a class=\"default\" href=\"https:\/\/elfuerte.cl\/web\/2025\/12\/09\/emociones-en-tiempos-de-elecciones\/\"><img width=\"366\" height=\"296\" src=\"https:\/\/elfuerte.cl\/web\/wp-content\/uploads\/2025\/12\/copinionbanner11-22-thegem-blog-compact.jpg\" class=\"img-responsive wp-post-image\" alt=\"copinionbanner11-22\" \/><\/a>\n\t\t\t\t<\/div>\n\t\t\t<\/div>\n\t\t\n\t\t<div class=\"gem-compact-item-right caption-container\">\n\t\t\t<div class=\"gem-compact-item-content\">\n\n\t\t\t\t<div class=\"post-title\">\n\t\t\t\t\t\t\t\t\t\t\t<h5 class=\"entry-title reverse-link-color\"><a href=\"https:\/\/elfuerte.cl\/web\/2025\/12\/09\/emociones-en-tiempos-de-elecciones\/\" rel=\"bookmark\"><span class=\"entry-title-date\">09 Dic: <\/span><span class=\"light\">Emociones en tiempos de elecciones<\/span><\/a><\/h5>\t\t\t\t\t\t\t\t\t<\/div>\n\n\t\t\t\t\t\t\t\t\t<div class=\"post-text\">\n\t\t\t\t\t\t<div class=\"summary\">\n\t\t\t\t\t\t\t<p>Cada proceso electoral despierta algo mas que opiniones pol\u00edticas: moviliza emociones, esperanzas y temores. El actual escenario presidencial en Chile ha generado un clima de alta sensibilidad emocional, donde la incertidumbre y la polarizaci\u00f3n se cuelan en las conversaciones cotidianas. No es casualidad, cuando el futuro de un pa\u00eds se pone en juego, tambi\u00e9n se agita su alma colectiva.<\/p>\n\t\t\t\t\t\t<\/div>\n\t\t\t\t\t<\/div>\n\t\t\t\t\n\t\t\t<\/div>\n\n\t\t\t<div class=\"post-meta\">\n\t\t\t\t<div class=\"entry-meta clearfix gem-post-date\">\n\t\t\t\t\t<div class=\"post-meta-right\">\n\t\t\t\t\t\t\t\t\t\t\t\t\t\t\t\t\t\t\t\t\t\t\t<\/div>\n\t\t\t\t\t<div class=\"post-meta-left\">\n\t\t\t\t\t\t<span class=\"post-meta-author\">Por <a href=\"https:\/\/elfuerte.cl\/web\" title=\"Visitar el sitio de Prensa El Fuerte\" rel=\"author external\">Prensa El Fuerte<\/a><\/span>\t\t\t\t\t<\/div>\n\t\t\t\t<\/div><!-- .entry-meta -->\n\t\t\t<\/div>\n\t\t<\/div>\n\t<\/div>\t\n<\/article><!-- #post-2688 -->\n\t\t\t<\/div>\n\t\t\t\t\t\t<\/div>\n\t\t\t\t<\/div>\n\t\t\t\t\t<\/div>\n\t\t<\/div>\n\t\t\t\t\t<\/div><\/div>\r\n\t\t<\/section>\r\n\t\t\t\t\t<\/div>\n\t\t<\/div>\n\t\t\t\t\t<\/div><\/div>\r\n\t\t<\/section>\r\n\t\t\t\t<\/div>\n\t\t","protected":false},"excerpt":{"rendered":"<p>Inteligencia artificial y \u00e9tica: el desaf\u00edo de informar con responsabilidad desde los territorios La innovaci\u00f3n solo tiene sentido cuando se&#8230;<\/p>\n","protected":false},"author":1,"featured_media":0,"parent":0,"menu_order":0,"comment_status":"closed","ping_status":"closed","template":"page-fullwidth.php","meta":{"footnotes":""},"class_list":["post-1665","page","type-page","status-publish"],"_links":{"self":[{"href":"https:\/\/elfuerte.cl\/web\/wp-json\/wp\/v2\/pages\/1665","targetHints":{"allow":["GET"]}}],"collection":[{"href":"https:\/\/elfuerte.cl\/web\/wp-json\/wp\/v2\/pages"}],"about":[{"href":"https:\/\/elfuerte.cl\/web\/wp-json\/wp\/v2\/types\/page"}],"author":[{"embeddable":true,"href":"https:\/\/elfuerte.cl\/web\/wp-json\/wp\/v2\/users\/1"}],"replies":[{"embeddable":true,"href":"https:\/\/elfuerte.cl\/web\/wp-json\/wp\/v2\/comments?post=1665"}],"version-history":[{"count":10,"href":"https:\/\/elfuerte.cl\/web\/wp-json\/wp\/v2\/pages\/1665\/revisions"}],"predecessor-version":[{"id":3247,"href":"https:\/\/elfuerte.cl\/web\/wp-json\/wp\/v2\/pages\/1665\/revisions\/3247"}],"wp:attachment":[{"href":"https:\/\/elfuerte.cl\/web\/wp-json\/wp\/v2\/media?parent=1665"}],"curies":[{"name":"wp","href":"https:\/\/api.w.org\/{rel}","templated":true}]}}