{"id":1783,"date":"2025-11-04T18:57:01","date_gmt":"2025-11-04T17:57:01","guid":{"rendered":"https:\/\/elfuerte.cl\/web\/?page_id=1783"},"modified":"2025-11-04T19:03:42","modified_gmt":"2025-11-04T18:03:42","slug":"nosotros","status":"publish","type":"page","link":"https:\/\/elfuerte.cl\/web\/nosotros\/","title":{"rendered":"Nosotros"},"content":{"rendered":"\t\t<div data-elementor-type=\"wp-page\" data-elementor-id=\"1783\" class=\"elementor elementor-1783\">\n\t\t\t\t<div class=\"elementor-element elementor-element-7b910ac thegem-e-con-layout-thegem e-flex e-con-boxed e-con e-parent\" data-id=\"7b910ac\" data-element_type=\"container\" data-settings=\"{&quot;thegem_container_layout&quot;:&quot;thegem&quot;}\">\r\n\t\t\t\t\t<div class=\"e-con-inner\">\r\n\t\t\t\t<div class=\"elementor-element elementor-element-6bb2868 flex-horizontal-align-default flex-horizontal-align-tablet-default flex-horizontal-align-mobile-default flex-vertical-align-default flex-vertical-align-tablet-default flex-vertical-align-mobile-default elementor-widget elementor-widget-text-editor\" data-id=\"6bb2868\" data-element_type=\"widget\" data-widget_type=\"text-editor.default\">\n\t\t\t\t\t\t\t\t\t\t\t\t<div class=\"elementor-text-editor elementor-clearfix\">\r\n\t\t\t\t\t\t<h4 style=\"text-align: center;\"><strong>Nacemos como un medio de comunicaci\u00f3n multiplataforma orientado a cubrir el acontecer informativo y temas de inter\u00e9s, desde lo local, en el sur para Chile y el mundo global.<\/strong><\/h4>\t\t\t\t\t\t\t<\/div>\r\n\t\t\t\t\t\t\t\t\t\t<\/div>\n\t\t\t\t<div class=\"elementor-element elementor-element-1deb25d flex-horizontal-align-default flex-horizontal-align-tablet-default flex-horizontal-align-mobile-default flex-vertical-align-default flex-vertical-align-tablet-default flex-vertical-align-mobile-default elementor-widget elementor-widget-text-editor\" data-id=\"1deb25d\" data-element_type=\"widget\" data-widget_type=\"text-editor.default\">\n\t\t\t\t\t\t\t\t\t\t\t\t<div class=\"elementor-text-editor elementor-clearfix\">\r\n\t\t\t\t\t\t<p style=\"text-align: center;\"><strong>\u201cNuestra pauta se orienta al desarrollo de temas, mediante un adecuado estudio de la coyuntura de la macrozona y problem\u00e1ticas locales, teniendo en cuenta el contexto nacional e internacional\u201d<\/strong><\/p><p style=\"text-align: center;\"><strong>\u201cSabemos que las noticias importantes tambi\u00e9n ocurren en regiones\u201d<\/strong><\/p><p style=\"text-align: center;\"><strong>\u201cCon nuestra labor queremos aportar a la identidad, patrimonio y costumbres locales de cada zona geogr\u00e1fica\u201d<\/strong><\/p><p style=\"text-align: center;\"><strong>\u201cValoramos el rol de las personas, como eje de la comunicaci\u00f3n de cada territorio\u201d<\/strong><\/p><p style=\"text-align: center;\"><strong>\u201cFortalecemos la identidad local mediante el rescate del patrimonio viviente que est\u00e1 en la fuerza de la gente del sur\u201d<\/strong><\/p>\t\t\t\t\t\t\t<\/div>\r\n\t\t\t\t\t\t\t\t\t\t<\/div>\n\t\t\t\t<div class=\"elementor-element elementor-element-5670d72 flex-horizontal-align-default flex-horizontal-align-tablet-default flex-horizontal-align-mobile-default flex-vertical-align-default flex-vertical-align-tablet-default flex-vertical-align-mobile-default elementor-widget elementor-widget-spacer\" data-id=\"5670d72\" data-element_type=\"widget\" data-widget_type=\"spacer.default\">\n\t\t\t\t<div class=\"elementor-widget-container\">\n\t\t\t\t\t\t\t<div class=\"elementor-spacer\">\n\t\t\t<div class=\"elementor-spacer-inner\"><\/div>\n\t\t<\/div>\n\t\t\t\t\t\t<\/div>\n\t\t\t\t<\/div>\n\t\t\t\t\t<\/div>\n\t\t\t\t<\/div>\n\t\t<div class=\"elementor-element elementor-element-27c6bb6 thegem-e-con-layout-thegem e-flex e-con-boxed e-con e-parent\" data-id=\"27c6bb6\" data-element_type=\"container\" data-settings=\"{&quot;thegem_container_layout&quot;:&quot;thegem&quot;}\">\r\n\t\t\t\t\t<div class=\"e-con-inner\">\r\n\t\t<div class=\"elementor-element elementor-element-00df81b e-con-full thegem-e-con-layout-thegem e-flex e-con e-child\" data-id=\"00df81b\" data-element_type=\"container\" data-settings=\"{&quot;thegem_container_layout&quot;:&quot;thegem&quot;}\">\r\n\t\t\t\t<div class=\"elementor-element elementor-element-401d640 flex-horizontal-align-default flex-horizontal-align-tablet-default flex-horizontal-align-mobile-default flex-vertical-align-default flex-vertical-align-tablet-default flex-vertical-align-mobile-default elementor-widget elementor-widget-text-editor\" data-id=\"401d640\" data-element_type=\"widget\" data-widget_type=\"text-editor.default\">\n\t\t\t\t\t\t\t\t\t\t\t\t<div class=\"elementor-text-editor elementor-clearfix\">\r\n\t\t\t\t\t\t<h2 style=\"text-align: center;\">Cobertura:<\/h2><p style=\"text-align: center;\">Regiones de Biob\u00edo, La Araucan\u00eda, Los R\u00edos y Los Lagos<\/p>\t\t\t\t\t\t\t<\/div>\r\n\t\t\t\t\t\t\t\t\t\t<\/div>\n\t\t\t\t<\/div>\n\t\t<div class=\"elementor-element elementor-element-17c60c6 e-con-full thegem-e-con-layout-thegem e-flex e-con e-child\" data-id=\"17c60c6\" data-element_type=\"container\" data-settings=\"{&quot;thegem_container_layout&quot;:&quot;thegem&quot;}\">\r\n\t\t\t\t<div class=\"elementor-element elementor-element-bd2d712 flex-horizontal-align-default flex-horizontal-align-tablet-default flex-horizontal-align-mobile-default flex-vertical-align-default flex-vertical-align-tablet-default flex-vertical-align-mobile-default elementor-widget elementor-widget-text-editor\" data-id=\"bd2d712\" data-element_type=\"widget\" data-widget_type=\"text-editor.default\">\n\t\t\t\t\t\t\t\t\t\t\t\t<div class=\"elementor-text-editor elementor-clearfix\">\r\n\t\t\t\t\t\t<h2 style=\"text-align: center;\">Alcance<\/h2><p style=\"text-align: center;\">3.804.262 de habitantes, pertenecientes a la Macro zona Sur de Chile.<\/p>\t\t\t\t\t\t\t<\/div>\r\n\t\t\t\t\t\t\t\t\t\t<\/div>\n\t\t\t\t<\/div>\n\t\t\t\t\t<\/div>\n\t\t\t\t<\/div>\n\t\t<div class=\"elementor-element elementor-element-da62391 thegem-e-con-layout-thegem e-flex e-con-boxed e-con e-parent\" data-id=\"da62391\" data-element_type=\"container\" data-settings=\"{&quot;thegem_container_layout&quot;:&quot;thegem&quot;}\">\r\n\t\t\t\t\t<div class=\"e-con-inner\">\r\n\t\t\t\t<div class=\"elementor-element elementor-element-4b347ca flex-horizontal-align-default flex-horizontal-align-tablet-default flex-horizontal-align-mobile-default flex-vertical-align-default flex-vertical-align-tablet-default flex-vertical-align-mobile-default elementor-widget elementor-widget-spacer\" data-id=\"4b347ca\" data-element_type=\"widget\" data-widget_type=\"spacer.default\">\n\t\t\t\t<div class=\"elementor-widget-container\">\n\t\t\t\t\t\t\t<div class=\"elementor-spacer\">\n\t\t\t<div class=\"elementor-spacer-inner\"><\/div>\n\t\t<\/div>\n\t\t\t\t\t\t<\/div>\n\t\t\t\t<\/div>\n\t\t\t\t<div class=\"elementor-element elementor-element-aff390d flex-horizontal-align-default flex-horizontal-align-tablet-default flex-horizontal-align-mobile-default flex-vertical-align-default flex-vertical-align-tablet-default flex-vertical-align-mobile-default elementor-widget elementor-widget-image\" data-id=\"aff390d\" data-element_type=\"widget\" data-widget_type=\"image.default\">\n\t\t\t\t\t\t\t\t\t\t\t\t\t\t\t<img width=\"1024\" height=\"127\" src=\"https:\/\/elfuerte.cl\/web\/wp-content\/uploads\/2025\/10\/bannerhome2-1024x127.jpg\" class=\"attachment-large size-large wp-image-1608\" alt=\"\" srcset=\"https:\/\/elfuerte.cl\/web\/wp-content\/uploads\/2025\/10\/bannerhome2-1024x127.jpg 1024w, https:\/\/elfuerte.cl\/web\/wp-content\/uploads\/2025\/10\/bannerhome2-300x37.jpg 300w, https:\/\/elfuerte.cl\/web\/wp-content\/uploads\/2025\/10\/bannerhome2-768x95.jpg 768w, https:\/\/elfuerte.cl\/web\/wp-content\/uploads\/2025\/10\/bannerhome2-1536x190.jpg 1536w, https:\/\/elfuerte.cl\/web\/wp-content\/uploads\/2025\/10\/bannerhome2.jpg 1900w\" sizes=\"(max-width: 1024px) 100vw, 1024px\" \/>\t\t\t\t\t\t\t\t\t\t\t\t\t\t\t<\/div>\n\t\t\t\t\t<\/div>\n\t\t\t\t<\/div>\n\t\t\t\t<\/div>\n\t\t","protected":false},"excerpt":{"rendered":"<p>Nacemos como un medio de comunicaci\u00f3n multiplataforma orientado a cubrir el acontecer informativo y temas de inter\u00e9s, desde lo local,&#8230;<\/p>\n","protected":false},"author":1,"featured_media":0,"parent":0,"menu_order":0,"comment_status":"closed","ping_status":"closed","template":"page-fullwidth.php","meta":{"footnotes":""},"class_list":["post-1783","page","type-page","status-publish"],"_links":{"self":[{"href":"https:\/\/elfuerte.cl\/web\/wp-json\/wp\/v2\/pages\/1783","targetHints":{"allow":["GET"]}}],"collection":[{"href":"https:\/\/elfuerte.cl\/web\/wp-json\/wp\/v2\/pages"}],"about":[{"href":"https:\/\/elfuerte.cl\/web\/wp-json\/wp\/v2\/types\/page"}],"author":[{"embeddable":true,"href":"https:\/\/elfuerte.cl\/web\/wp-json\/wp\/v2\/users\/1"}],"replies":[{"embeddable":true,"href":"https:\/\/elfuerte.cl\/web\/wp-json\/wp\/v2\/comments?post=1783"}],"version-history":[{"count":16,"href":"https:\/\/elfuerte.cl\/web\/wp-json\/wp\/v2\/pages\/1783\/revisions"}],"predecessor-version":[{"id":1800,"href":"https:\/\/elfuerte.cl\/web\/wp-json\/wp\/v2\/pages\/1783\/revisions\/1800"}],"wp:attachment":[{"href":"https:\/\/elfuerte.cl\/web\/wp-json\/wp\/v2\/media?parent=1783"}],"curies":[{"name":"wp","href":"https:\/\/api.w.org\/{rel}","templated":true}]}}