{"id":626,"date":"2019-06-26T08:33:33","date_gmt":"2019-06-26T08:33:33","guid":{"rendered":"https:\/\/democontent.codex-themes.com\/sites-elementor\/news-magazine\/?page_id=626"},"modified":"2026-01-12T04:16:02","modified_gmt":"2026-01-12T07:16:02","slug":"actualidad","status":"publish","type":"page","link":"https:\/\/elfuerte.cl\/web\/actualidad\/","title":{"rendered":"Actualidad"},"content":{"rendered":"\t\t<div data-elementor-type=\"wp-page\" data-elementor-id=\"626\" class=\"elementor elementor-626\">\n\t\t\t\t\t\t<section class=\"elementor-section elementor-top-section elementor-element elementor-element-81a3a78 elementor-section-boxed elementor-section-height-default elementor-section-height-default\" data-id=\"81a3a78\" data-element_type=\"section\">\r\n\t\t\t\t\t\t<div class=\"elementor-container elementor-column-gap-thegem\"><div class=\"elementor-row\">\r\n\t\t\t\t\t<div class=\"elementor-column elementor-col-100 elementor-top-column elementor-element elementor-element-6160202\" data-id=\"6160202\" data-element_type=\"column\">\n\t\t\t<div class=\"elementor-widget-wrap elementor-element-populated\">\n\t\t\t\t\t\t<div class=\"elementor-element elementor-element-1aef045 flex-horizontal-align-default flex-horizontal-align-tablet-default flex-horizontal-align-mobile-default flex-vertical-align-default flex-vertical-align-tablet-default flex-vertical-align-mobile-default elementor-widget elementor-widget-thegem-blogslider\" data-id=\"1aef045\" data-element_type=\"widget\" data-settings=\"{&quot;categories&quot;:[&quot;actualidad&quot;],&quot;order_by&quot;:&quot;date&quot;,&quot;order&quot;:&quot;desc&quot;,&quot;query_type&quot;:&quot;post&quot;,&quot;source&quot;:[&quot;categories&quot;],&quot;exclude_blog_posts_type&quot;:&quot;manual&quot;}\" data-widget_type=\"thegem-blogslider.default\">\n\t\t\t\t<div class=\"elementor-widget-container\">\n\t\t\t\t\t\t\t\t<div class=\"preloader\"><div class=\"preloader-spin\"><\/div><\/div>\n\t\t\t<div class=\"gem-blog-slider gem-blog-slider-style-fullwidth clearfix  \" data-autoscroll=\"10000\">\n\t\t\t\n<article id=\"post-6265\" class=\"clearfix\">\n\n\t<a href=\"https:\/\/elfuerte.cl\/web\/2026\/04\/27\/intercambio-de-semillas-y-experiencias-conecta-comunidades-del-pais-en-torno-a-la-restauracion-del-bosque-nativo-en-los-rios\/\" class=\"gem-slider-blog-link\"><\/a>\n\n\t<div class=\"gem-slider-item-image\" style=\"background: url('https:\/\/elfuerte.cl\/web\/wp-content\/uploads\/2026\/04\/portada-2026-04-27T102238.493.jpg') no-repeat 50% 50% \/ cover;\">\n\t\t<img src=\"https:\/\/elfuerte.cl\/web\/wp-content\/uploads\/2026\/04\/portada-2026-04-27T102238.493.jpg\"  style=\"visibility: hidden;\">\n\t<\/div>\n\n\t<div class=\"gem-slider-item-overlay\">\n\t\t<div class=\"gem-compact-item-content\">\n\t\t\t\t\t\t\t<div class=\"post-title\">\n\t\t\t\t\t<h5 class=\"entry-title reverse-link-color\"><span class=\"entry-title-date\"><\/span><span class=\"light\">Intercambio de semillas y experiencias conecta comunidades del pa\u00eds en torno a la restauraci\u00f3n del bosque nativo en Los R\u00edos<\/span><\/h5>\t\t\t\t<\/div>\n\t\t\t\n\t\t\t\t\t\t\t<div class=\"post-text date-color\">\n\t\t\t\t\t<div class=\"summary\">\n\t\t\t\t\t\t\t\t\t\t\t\t\t<p>Actividad reuni\u00f3 a organizaciones desde la zona central al sur en jornadas realizadas en La Uni\u00f3n y Valdivia, con foco en educaci\u00f3n ambiental y trabajo comunitario.<\/p>\n\t\t\t\t\t\t\t\t\t\t\t<\/div>\n\t\t\t\t<\/div>\n\t\t\t\n\t\t<\/div>\n\t\t<div class=\"post-meta date-color\">\n\t\t\t<div class=\"entry-meta clearfix gem-post-date\">\n\t\t\t\t<div class=\"post-meta-right\">\n\t\t\t\t\t\t\t\t\t\t\n\t\t\t\t\t\n\t\t\t\t<\/div>\n\t\t\t\t<div class=\"post-meta-left\">\n\t\t\t\t\t\t\t\t\t\t\t<span class=\"post-meta-author\">\n\t\t\t\t\t\t\t\t\t\tPor <a href=\"https:\/\/elfuerte.cl\/web\" title=\"Visitar el sitio de Prensa El Fuerte\" rel=\"author external\">Prensa El Fuerte<\/a>\t\t\t\t\t\t\t\t\t<\/span>\n\t\t\t\t\t\t\t\t\t<\/div>\n\t\t\t<\/div><!-- .entry-meta -->\n\t\t<\/div>\n\n\t\t\t\t\t<div class=\"gem-blog-slider-navigation\">\n\t\t\t\t<a href=\"#\" class=\"gem-blog-slider-prev gem-button gem-button-size-tiny\">\n\t\t\t\t\t<i aria-hidden=\"true\" class=\"gem-print-icon gem-icon-prev gem-elegant arrow-carrot-left\"><\/i>\t\t\t\t<\/a>\n\t\t\t\t<a href=\"#\" class=\"gem-blog-slider-next gem-button gem-button-size-tiny\">\n\t\t\t\t\t<i aria-hidden=\"true\" class=\"gem-print-icon gem-icon-prev gem-elegant arrow-carrot-right\"><\/i>\t\t\t\t<\/a>\n\t\t\t<\/div>\n\t\t\t<\/div>\n<\/article><!-- #post-6265 -->\n\n<article id=\"post-6250\" class=\"clearfix\">\n\n\t<a href=\"https:\/\/elfuerte.cl\/web\/2026\/04\/26\/biobio-inicia-talleres-para-definir-prioridades-de-conservacion-en-medio-de-debate-sobre-continuidad-de-politicas-ambientales\/\" class=\"gem-slider-blog-link\"><\/a>\n\n\t<div class=\"gem-slider-item-image\" style=\"background: url('https:\/\/elfuerte.cl\/web\/wp-content\/uploads\/2026\/04\/portada-2026-04-26T120829.199.jpg') no-repeat 50% 50% \/ cover;\">\n\t\t<img src=\"https:\/\/elfuerte.cl\/web\/wp-content\/uploads\/2026\/04\/portada-2026-04-26T120829.199.jpg\"  style=\"visibility: hidden;\">\n\t<\/div>\n\n\t<div class=\"gem-slider-item-overlay\">\n\t\t<div class=\"gem-compact-item-content\">\n\t\t\t\t\t\t\t<div class=\"post-title\">\n\t\t\t\t\t<h5 class=\"entry-title reverse-link-color\"><span class=\"entry-title-date\"><\/span><span class=\"light\">Biob\u00edo inicia talleres para definir prioridades de conservaci\u00f3n  en medio de debate sobre continuidad de pol\u00edticas ambientales<\/span><\/h5>\t\t\t\t<\/div>\n\t\t\t\n\t\t\t\t\t\t\t<div class=\"post-text date-color\">\n\t\t\t\t\t<div class=\"summary\">\n\t\t\t\t\t\t\t\t\t\t\t\t\t<p>Proceso participativo busca recoger visiones locales para orientar la protecci\u00f3n de la biodiversidad, en un escenario marcado por incertidumbre presupuestaria.<\/p>\n\t\t\t\t\t\t\t\t\t\t\t<\/div>\n\t\t\t\t<\/div>\n\t\t\t\n\t\t<\/div>\n\t\t<div class=\"post-meta date-color\">\n\t\t\t<div class=\"entry-meta clearfix gem-post-date\">\n\t\t\t\t<div class=\"post-meta-right\">\n\t\t\t\t\t\t\t\t\t\t\n\t\t\t\t\t\n\t\t\t\t<\/div>\n\t\t\t\t<div class=\"post-meta-left\">\n\t\t\t\t\t\t\t\t\t\t\t<span class=\"post-meta-author\">\n\t\t\t\t\t\t\t\t\t\tPor <a href=\"https:\/\/elfuerte.cl\/web\" title=\"Visitar el sitio de Prensa El Fuerte\" rel=\"author external\">Prensa El Fuerte<\/a>\t\t\t\t\t\t\t\t\t<\/span>\n\t\t\t\t\t\t\t\t\t<\/div>\n\t\t\t<\/div><!-- .entry-meta -->\n\t\t<\/div>\n\n\t\t\t\t\t<div class=\"gem-blog-slider-navigation\">\n\t\t\t\t<a href=\"#\" class=\"gem-blog-slider-prev gem-button gem-button-size-tiny\">\n\t\t\t\t\t<i aria-hidden=\"true\" class=\"gem-print-icon gem-icon-prev gem-elegant arrow-carrot-left\"><\/i>\t\t\t\t<\/a>\n\t\t\t\t<a href=\"#\" class=\"gem-blog-slider-next gem-button gem-button-size-tiny\">\n\t\t\t\t\t<i aria-hidden=\"true\" class=\"gem-print-icon gem-icon-prev gem-elegant arrow-carrot-right\"><\/i>\t\t\t\t<\/a>\n\t\t\t<\/div>\n\t\t\t<\/div>\n<\/article><!-- #post-6250 -->\n\n<article id=\"post-6244\" class=\"clearfix\">\n\n\t<a href=\"https:\/\/elfuerte.cl\/web\/2026\/04\/26\/frutillar-reune-a-ciudades-creativas-de-la-musica-para-avanzar-en-gestion-cultural-y-economia-nocturna\/\" class=\"gem-slider-blog-link\"><\/a>\n\n\t<div class=\"gem-slider-item-image\" style=\"background: url('https:\/\/elfuerte.cl\/web\/wp-content\/uploads\/2026\/04\/portada-2026-04-26T114813.522.jpg') no-repeat 50% 50% \/ cover;\">\n\t\t<img src=\"https:\/\/elfuerte.cl\/web\/wp-content\/uploads\/2026\/04\/portada-2026-04-26T114813.522.jpg\"  style=\"visibility: hidden;\">\n\t<\/div>\n\n\t<div class=\"gem-slider-item-overlay\">\n\t\t<div class=\"gem-compact-item-content\">\n\t\t\t\t\t\t\t<div class=\"post-title\">\n\t\t\t\t\t<h5 class=\"entry-title reverse-link-color\"><span class=\"entry-title-date\"><\/span><span class=\"light\">Frutillar re\u00fane a ciudades creativas de la m\u00fasica para avanzar en gesti\u00f3n cultural y econom\u00eda nocturna<\/span><\/h5>\t\t\t\t<\/div>\n\t\t\t\n\t\t\t\t\t\t\t<div class=\"post-text date-color\">\n\t\t\t\t\t<div class=\"summary\">\n\t\t\t\t\t\t\t\t\t\t\t\t\t<p>Encuentro intermunicipal convoc\u00f3 a representantes de Valpara\u00edso y Concepci\u00f3n en una instancia que busca fortalecer el desarrollo cultural y productivo desde los territorios.<\/p>\n\t\t\t\t\t\t\t\t\t\t\t<\/div>\n\t\t\t\t<\/div>\n\t\t\t\n\t\t<\/div>\n\t\t<div class=\"post-meta date-color\">\n\t\t\t<div class=\"entry-meta clearfix gem-post-date\">\n\t\t\t\t<div class=\"post-meta-right\">\n\t\t\t\t\t\t\t\t\t\t\n\t\t\t\t\t\n\t\t\t\t<\/div>\n\t\t\t\t<div class=\"post-meta-left\">\n\t\t\t\t\t\t\t\t\t\t\t<span class=\"post-meta-author\">\n\t\t\t\t\t\t\t\t\t\tPor <a href=\"https:\/\/elfuerte.cl\/web\" title=\"Visitar el sitio de Prensa El Fuerte\" rel=\"author external\">Prensa El Fuerte<\/a>\t\t\t\t\t\t\t\t\t<\/span>\n\t\t\t\t\t\t\t\t\t<\/div>\n\t\t\t<\/div><!-- .entry-meta -->\n\t\t<\/div>\n\n\t\t\t\t\t<div class=\"gem-blog-slider-navigation\">\n\t\t\t\t<a href=\"#\" class=\"gem-blog-slider-prev gem-button gem-button-size-tiny\">\n\t\t\t\t\t<i aria-hidden=\"true\" class=\"gem-print-icon gem-icon-prev gem-elegant arrow-carrot-left\"><\/i>\t\t\t\t<\/a>\n\t\t\t\t<a href=\"#\" class=\"gem-blog-slider-next gem-button gem-button-size-tiny\">\n\t\t\t\t\t<i aria-hidden=\"true\" class=\"gem-print-icon gem-icon-prev gem-elegant arrow-carrot-right\"><\/i>\t\t\t\t<\/a>\n\t\t\t<\/div>\n\t\t\t<\/div>\n<\/article><!-- #post-6244 -->\n\n<article id=\"post-6237\" class=\"clearfix\">\n\n\t<a href=\"https:\/\/elfuerte.cl\/web\/2026\/04\/25\/como-la-computacion-cuantica-empieza-a-acelerar-el-desarrollo-de-medicamentos\/\" class=\"gem-slider-blog-link\"><\/a>\n\n\t<div class=\"gem-slider-item-image\" style=\"background: url('https:\/\/elfuerte.cl\/web\/wp-content\/uploads\/2026\/04\/biomed.webp') no-repeat 50% 50% \/ cover;\">\n\t\t<img src=\"https:\/\/elfuerte.cl\/web\/wp-content\/uploads\/2026\/04\/biomed.webp\"  style=\"visibility: hidden;\">\n\t<\/div>\n\n\t<div class=\"gem-slider-item-overlay\">\n\t\t<div class=\"gem-compact-item-content\">\n\t\t\t\t\t\t\t<div class=\"post-title\">\n\t\t\t\t\t<h5 class=\"entry-title reverse-link-color\"><span class=\"entry-title-date\"><\/span><span class=\"light\">C\u00f3mo la computaci\u00f3n cu\u00e1ntica empieza a acelerar el desarrollo de medicamentos<\/span><\/h5>\t\t\t\t<\/div>\n\t\t\t\n\t\t\t\t\t\t\t<div class=\"post-text date-color\">\n\t\t\t\t\t<div class=\"summary\">\n\t\t\t\t\t\t\t\t\t\t\t\t\t<p>Aunque a\u00fan en fase experimental, la tecnolog\u00eda basada en qubits comienza a aplicarse en simulaci\u00f3n molecular, con el potencial de reducir tiempos y costos en una industria marcada por procesos largos y complejos.<\/p>\n\t\t\t\t\t\t\t\t\t\t\t<\/div>\n\t\t\t\t<\/div>\n\t\t\t\n\t\t<\/div>\n\t\t<div class=\"post-meta date-color\">\n\t\t\t<div class=\"entry-meta clearfix gem-post-date\">\n\t\t\t\t<div class=\"post-meta-right\">\n\t\t\t\t\t\t\t\t\t\t\n\t\t\t\t\t\n\t\t\t\t<\/div>\n\t\t\t\t<div class=\"post-meta-left\">\n\t\t\t\t\t\t\t\t\t\t\t<span class=\"post-meta-author\">\n\t\t\t\t\t\t\t\t\t\tPor <a href=\"https:\/\/elfuerte.cl\/web\" title=\"Visitar el sitio de Prensa El Fuerte\" rel=\"author external\">Prensa El Fuerte<\/a>\t\t\t\t\t\t\t\t\t<\/span>\n\t\t\t\t\t\t\t\t\t<\/div>\n\t\t\t<\/div><!-- .entry-meta -->\n\t\t<\/div>\n\n\t\t\t\t\t<div class=\"gem-blog-slider-navigation\">\n\t\t\t\t<a href=\"#\" class=\"gem-blog-slider-prev gem-button gem-button-size-tiny\">\n\t\t\t\t\t<i aria-hidden=\"true\" class=\"gem-print-icon gem-icon-prev gem-elegant arrow-carrot-left\"><\/i>\t\t\t\t<\/a>\n\t\t\t\t<a href=\"#\" class=\"gem-blog-slider-next gem-button gem-button-size-tiny\">\n\t\t\t\t\t<i aria-hidden=\"true\" class=\"gem-print-icon gem-icon-prev gem-elegant arrow-carrot-right\"><\/i>\t\t\t\t<\/a>\n\t\t\t<\/div>\n\t\t\t<\/div>\n<\/article><!-- #post-6237 -->\n\n<article id=\"post-6227\" class=\"clearfix\">\n\n\t<a href=\"https:\/\/elfuerte.cl\/web\/2026\/04\/25\/camara-de-comercio-detallista-inaugura-nuevas-instalaciones-y-avanza-en-la-recuperacion-de-historico-edificio-gremial\/\" class=\"gem-slider-blog-link\"><\/a>\n\n\t<div class=\"gem-slider-item-image\" style=\"background: url('https:\/\/elfuerte.cl\/web\/wp-content\/uploads\/2026\/04\/portada-2026-04-25T101949.275.jpg') no-repeat 50% 50% \/ cover;\">\n\t\t<img src=\"https:\/\/elfuerte.cl\/web\/wp-content\/uploads\/2026\/04\/portada-2026-04-25T101949.275.jpg\"  style=\"visibility: hidden;\">\n\t<\/div>\n\n\t<div class=\"gem-slider-item-overlay\">\n\t\t<div class=\"gem-compact-item-content\">\n\t\t\t\t\t\t\t<div class=\"post-title\">\n\t\t\t\t\t<h5 class=\"entry-title reverse-link-color\"><span class=\"entry-title-date\"><\/span><span class=\"light\">C\u00e1mara de Comercio Detallista inaugura nuevas instalaciones  y avanza en la recuperaci\u00f3n de hist\u00f3rico edificio gremial<\/span><\/h5>\t\t\t\t<\/div>\n\t\t\t\n\t\t\t\t\t\t\t<div class=\"post-text date-color\">\n\t\t\t\t\t<div class=\"summary\">\n\t\t\t\t\t\t\t\t\t\t\t\t\t<p>La inversi\u00f3n cercana a los $35 millones permiti\u00f3 habilitar un nuevo espacio en pleno Paseo Libertad, en un proceso que combina fortalecimiento institucional, rescate patrimonial y proyecci\u00f3n del comercio local.<\/p>\n\t\t\t\t\t\t\t\t\t\t\t<\/div>\n\t\t\t\t<\/div>\n\t\t\t\n\t\t<\/div>\n\t\t<div class=\"post-meta date-color\">\n\t\t\t<div class=\"entry-meta clearfix gem-post-date\">\n\t\t\t\t<div class=\"post-meta-right\">\n\t\t\t\t\t\t\t\t\t\t\n\t\t\t\t\t\n\t\t\t\t<\/div>\n\t\t\t\t<div class=\"post-meta-left\">\n\t\t\t\t\t\t\t\t\t\t\t<span class=\"post-meta-author\">\n\t\t\t\t\t\t\t\t\t\tPor <a href=\"https:\/\/elfuerte.cl\/web\" title=\"Visitar el sitio de Prensa El Fuerte\" rel=\"author external\">Prensa El Fuerte<\/a>\t\t\t\t\t\t\t\t\t<\/span>\n\t\t\t\t\t\t\t\t\t<\/div>\n\t\t\t<\/div><!-- .entry-meta -->\n\t\t<\/div>\n\n\t\t\t\t\t<div class=\"gem-blog-slider-navigation\">\n\t\t\t\t<a href=\"#\" class=\"gem-blog-slider-prev gem-button gem-button-size-tiny\">\n\t\t\t\t\t<i aria-hidden=\"true\" class=\"gem-print-icon gem-icon-prev gem-elegant arrow-carrot-left\"><\/i>\t\t\t\t<\/a>\n\t\t\t\t<a href=\"#\" class=\"gem-blog-slider-next gem-button gem-button-size-tiny\">\n\t\t\t\t\t<i aria-hidden=\"true\" class=\"gem-print-icon gem-icon-prev gem-elegant arrow-carrot-right\"><\/i>\t\t\t\t<\/a>\n\t\t\t<\/div>\n\t\t\t<\/div>\n<\/article><!-- #post-6227 -->\n\n<article id=\"post-6218\" class=\"clearfix\">\n\n\t<a href=\"https:\/\/elfuerte.cl\/web\/2026\/04\/24\/en-el-mes-del-libro-teleton-concepcion-abrio-su-biblioteca-con-actividades-para-toda-la-comunidad\/\" class=\"gem-slider-blog-link\"><\/a>\n\n\t<div class=\"gem-slider-item-image\" style=\"background: url('https:\/\/elfuerte.cl\/web\/wp-content\/uploads\/2026\/04\/bannerlibro.jpg') no-repeat 50% 50% \/ cover;\">\n\t\t<img src=\"https:\/\/elfuerte.cl\/web\/wp-content\/uploads\/2026\/04\/bannerlibro.jpg\"  style=\"visibility: hidden;\">\n\t<\/div>\n\n\t<div class=\"gem-slider-item-overlay\">\n\t\t<div class=\"gem-compact-item-content\">\n\t\t\t\t\t\t\t<div class=\"post-title\">\n\t\t\t\t\t<h5 class=\"entry-title reverse-link-color\"><span class=\"entry-title-date\"><\/span><span class=\"light\">En el mes del Libro Telet\u00f3n Concepci\u00f3n abri\u00f3 su biblioteca con actividades para toda la comunidad<\/span><\/h5>\t\t\t\t<\/div>\n\t\t\t\n\t\t\t\t\t\t\t<div class=\"post-text date-color\">\n\t\t\t\t\t<div class=\"summary\">\n\t\t\t\t\t\t\t\t\t\t\t\t\t<p>Intercambio de libros, taller de escritura y jornada de disfraces son parte de las iniciativas que el instituto ha impulsado para celebrar el Mes del Libro.<\/p>\n\t\t\t\t\t\t\t\t\t\t\t<\/div>\n\t\t\t\t<\/div>\n\t\t\t\n\t\t<\/div>\n\t\t<div class=\"post-meta date-color\">\n\t\t\t<div class=\"entry-meta clearfix gem-post-date\">\n\t\t\t\t<div class=\"post-meta-right\">\n\t\t\t\t\t\t\t\t\t\t\n\t\t\t\t\t\n\t\t\t\t<\/div>\n\t\t\t\t<div class=\"post-meta-left\">\n\t\t\t\t\t\t\t\t\t\t\t<span class=\"post-meta-author\">\n\t\t\t\t\t\t\t\t\t\tPor <a href=\"https:\/\/elfuerte.cl\/web\" title=\"Visitar el sitio de Prensa El Fuerte\" rel=\"author external\">Prensa El Fuerte<\/a>\t\t\t\t\t\t\t\t\t<\/span>\n\t\t\t\t\t\t\t\t\t<\/div>\n\t\t\t<\/div><!-- .entry-meta -->\n\t\t<\/div>\n\n\t\t\t\t\t<div class=\"gem-blog-slider-navigation\">\n\t\t\t\t<a href=\"#\" class=\"gem-blog-slider-prev gem-button gem-button-size-tiny\">\n\t\t\t\t\t<i aria-hidden=\"true\" class=\"gem-print-icon gem-icon-prev gem-elegant arrow-carrot-left\"><\/i>\t\t\t\t<\/a>\n\t\t\t\t<a href=\"#\" class=\"gem-blog-slider-next gem-button gem-button-size-tiny\">\n\t\t\t\t\t<i aria-hidden=\"true\" class=\"gem-print-icon gem-icon-prev gem-elegant arrow-carrot-right\"><\/i>\t\t\t\t<\/a>\n\t\t\t<\/div>\n\t\t\t<\/div>\n<\/article><!-- #post-6218 -->\n\n<article id=\"post-6208\" class=\"clearfix\">\n\n\t<a href=\"https:\/\/elfuerte.cl\/web\/2026\/04\/24\/parque-jorge-alessandri-se-convierte-en-aula-abierta-para-estudiantes-del-biobio-en-jornada-deportiva-y-de-aprendizaje\/\" class=\"gem-slider-blog-link\"><\/a>\n\n\t<div class=\"gem-slider-item-image\" style=\"background: url('https:\/\/elfuerte.cl\/web\/wp-content\/uploads\/2026\/04\/SLEP-11.jpg') no-repeat 50% 50% \/ cover;\">\n\t\t<img src=\"https:\/\/elfuerte.cl\/web\/wp-content\/uploads\/2026\/04\/SLEP-11.jpg\"  style=\"visibility: hidden;\">\n\t<\/div>\n\n\t<div class=\"gem-slider-item-overlay\">\n\t\t<div class=\"gem-compact-item-content\">\n\t\t\t\t\t\t\t<div class=\"post-title\">\n\t\t\t\t\t<h5 class=\"entry-title reverse-link-color\"><span class=\"entry-title-date\"><\/span><span class=\"light\">Parque Jorge Alessandri se convierte en aula abierta para estudiantes del Biob\u00edo en jornada deportiva y de aprendizaje<\/span><\/h5>\t\t\t\t<\/div>\n\t\t\t\n\t\t\t\t\t\t\t<div class=\"post-text date-color\">\n\t\t\t\t\t<div class=\"summary\">\n\t\t\t\t\t\t\t\t\t\t\t\t\t<p>Cerca de mil alumnos participaron en actividad al aire libre que busc\u00f3 promover h\u00e1bitos saludables y fortalecer la convivencia fuera del entorno escolar tradicional.<\/p>\n\t\t\t\t\t\t\t\t\t\t\t<\/div>\n\t\t\t\t<\/div>\n\t\t\t\n\t\t<\/div>\n\t\t<div class=\"post-meta date-color\">\n\t\t\t<div class=\"entry-meta clearfix gem-post-date\">\n\t\t\t\t<div class=\"post-meta-right\">\n\t\t\t\t\t\t\t\t\t\t\n\t\t\t\t\t\n\t\t\t\t<\/div>\n\t\t\t\t<div class=\"post-meta-left\">\n\t\t\t\t\t\t\t\t\t\t\t<span class=\"post-meta-author\">\n\t\t\t\t\t\t\t\t\t\tPor <a href=\"https:\/\/elfuerte.cl\/web\" title=\"Visitar el sitio de Prensa El Fuerte\" rel=\"author external\">Prensa El Fuerte<\/a>\t\t\t\t\t\t\t\t\t<\/span>\n\t\t\t\t\t\t\t\t\t<\/div>\n\t\t\t<\/div><!-- .entry-meta -->\n\t\t<\/div>\n\n\t\t\t\t\t<div class=\"gem-blog-slider-navigation\">\n\t\t\t\t<a href=\"#\" class=\"gem-blog-slider-prev gem-button gem-button-size-tiny\">\n\t\t\t\t\t<i aria-hidden=\"true\" class=\"gem-print-icon gem-icon-prev gem-elegant arrow-carrot-left\"><\/i>\t\t\t\t<\/a>\n\t\t\t\t<a href=\"#\" class=\"gem-blog-slider-next gem-button gem-button-size-tiny\">\n\t\t\t\t\t<i aria-hidden=\"true\" class=\"gem-print-icon gem-icon-prev gem-elegant arrow-carrot-right\"><\/i>\t\t\t\t<\/a>\n\t\t\t<\/div>\n\t\t\t<\/div>\n<\/article><!-- #post-6208 -->\n\n<article id=\"post-6191\" class=\"clearfix\">\n\n\t<a href=\"https:\/\/elfuerte.cl\/web\/2026\/04\/24\/ust-valdivia-abre-espacio-de-reflexion-sobre-terapia-ocupacional-con-foco-en-inclusion-y-realidad-local\/\" class=\"gem-slider-blog-link\"><\/a>\n\n\t<div class=\"gem-slider-item-image\" style=\"background: url('https:\/\/elfuerte.cl\/web\/wp-content\/uploads\/2026\/04\/Terapia-11-scaled.jpg') no-repeat 50% 50% \/ cover;\">\n\t\t<img src=\"https:\/\/elfuerte.cl\/web\/wp-content\/uploads\/2026\/04\/Terapia-11-scaled.jpg\"  style=\"visibility: hidden;\">\n\t<\/div>\n\n\t<div class=\"gem-slider-item-overlay\">\n\t\t<div class=\"gem-compact-item-content\">\n\t\t\t\t\t\t\t<div class=\"post-title\">\n\t\t\t\t\t<h5 class=\"entry-title reverse-link-color\"><span class=\"entry-title-date\"><\/span><span class=\"light\">UST Valdivia abre espacio de reflexi\u00f3n sobre terapia ocupacional con foco en inclusi\u00f3n y realidad local<\/span><\/h5>\t\t\t\t<\/div>\n\t\t\t\n\t\t\t\t\t\t\t<div class=\"post-text date-color\">\n\t\t\t\t\t<div class=\"summary\">\n\t\t\t\t\t\t\t\t\t\t\t\t\t<p>Actividad, realizada en el marco de la conmemoraci\u00f3n del Dia del Terapeuta Ocupacional, reuni\u00f3 a estudiantes con profesionales que hoy est\u00e1n desarrollando trabajo en terreno, vinculando formaci\u00f3n acad\u00e9mica con desaf\u00edos concretos del ejercicio profesional.<\/p>\n\t\t\t\t\t\t\t\t\t\t\t<\/div>\n\t\t\t\t<\/div>\n\t\t\t\n\t\t<\/div>\n\t\t<div class=\"post-meta date-color\">\n\t\t\t<div class=\"entry-meta clearfix gem-post-date\">\n\t\t\t\t<div class=\"post-meta-right\">\n\t\t\t\t\t\t\t\t\t\t\n\t\t\t\t\t\n\t\t\t\t<\/div>\n\t\t\t\t<div class=\"post-meta-left\">\n\t\t\t\t\t\t\t\t\t\t\t<span class=\"post-meta-author\">\n\t\t\t\t\t\t\t\t\t\tPor <a href=\"https:\/\/elfuerte.cl\/web\" title=\"Visitar el sitio de Prensa El Fuerte\" rel=\"author external\">Prensa El Fuerte<\/a>\t\t\t\t\t\t\t\t\t<\/span>\n\t\t\t\t\t\t\t\t\t<\/div>\n\t\t\t<\/div><!-- .entry-meta -->\n\t\t<\/div>\n\n\t\t\t\t\t<div class=\"gem-blog-slider-navigation\">\n\t\t\t\t<a href=\"#\" class=\"gem-blog-slider-prev gem-button gem-button-size-tiny\">\n\t\t\t\t\t<i aria-hidden=\"true\" class=\"gem-print-icon gem-icon-prev gem-elegant arrow-carrot-left\"><\/i>\t\t\t\t<\/a>\n\t\t\t\t<a href=\"#\" class=\"gem-blog-slider-next gem-button gem-button-size-tiny\">\n\t\t\t\t\t<i aria-hidden=\"true\" class=\"gem-print-icon gem-icon-prev gem-elegant arrow-carrot-right\"><\/i>\t\t\t\t<\/a>\n\t\t\t<\/div>\n\t\t\t<\/div>\n<\/article><!-- #post-6191 -->\n\n<article id=\"post-6187\" class=\"clearfix\">\n\n\t<a href=\"https:\/\/elfuerte.cl\/web\/2026\/04\/24\/las-animas-contara-con-nuevo-cuartel-de-bomberos-tras-millonaria-inversion-aprobada-por-el-core\/\" class=\"gem-slider-blog-link\"><\/a>\n\n\t<div class=\"gem-slider-item-image\" style=\"background: url('https:\/\/elfuerte.cl\/web\/wp-content\/uploads\/2026\/04\/Las-Animas.jpg') no-repeat 50% 50% \/ cover;\">\n\t\t<img src=\"https:\/\/elfuerte.cl\/web\/wp-content\/uploads\/2026\/04\/Las-Animas.jpg\"  style=\"visibility: hidden;\">\n\t<\/div>\n\n\t<div class=\"gem-slider-item-overlay\">\n\t\t<div class=\"gem-compact-item-content\">\n\t\t\t\t\t\t\t<div class=\"post-title\">\n\t\t\t\t\t<h5 class=\"entry-title reverse-link-color\"><span class=\"entry-title-date\"><\/span><span class=\"light\">Las \u00c1nimas contar\u00e1 con nuevo cuartel de Bomberos tras millonaria inversi\u00f3n aprobada por el Core<\/span><\/h5>\t\t\t\t<\/div>\n\t\t\t\n\t\t\t\t\t\t\t<div class=\"post-text date-color\">\n\t\t\t\t\t<div class=\"summary\">\n\t\t\t\t\t\t\t\t\t\t\t\t\t<p>Proyecto busca mejorar tiempos de respuesta en uno de los sectores m\u00e1s poblados del acceso norte de Valdivia y renovar infraestructura con alto nivel de deterioro.<\/p>\n\t\t\t\t\t\t\t\t\t\t\t<\/div>\n\t\t\t\t<\/div>\n\t\t\t\n\t\t<\/div>\n\t\t<div class=\"post-meta date-color\">\n\t\t\t<div class=\"entry-meta clearfix gem-post-date\">\n\t\t\t\t<div class=\"post-meta-right\">\n\t\t\t\t\t\t\t\t\t\t\n\t\t\t\t\t\n\t\t\t\t<\/div>\n\t\t\t\t<div class=\"post-meta-left\">\n\t\t\t\t\t\t\t\t\t\t\t<span class=\"post-meta-author\">\n\t\t\t\t\t\t\t\t\t\tPor <a href=\"https:\/\/elfuerte.cl\/web\" title=\"Visitar el sitio de Prensa El Fuerte\" rel=\"author external\">Prensa El Fuerte<\/a>\t\t\t\t\t\t\t\t\t<\/span>\n\t\t\t\t\t\t\t\t\t<\/div>\n\t\t\t<\/div><!-- .entry-meta -->\n\t\t<\/div>\n\n\t\t\t\t\t<div class=\"gem-blog-slider-navigation\">\n\t\t\t\t<a href=\"#\" class=\"gem-blog-slider-prev gem-button gem-button-size-tiny\">\n\t\t\t\t\t<i aria-hidden=\"true\" class=\"gem-print-icon gem-icon-prev gem-elegant arrow-carrot-left\"><\/i>\t\t\t\t<\/a>\n\t\t\t\t<a href=\"#\" class=\"gem-blog-slider-next gem-button gem-button-size-tiny\">\n\t\t\t\t\t<i aria-hidden=\"true\" class=\"gem-print-icon gem-icon-prev gem-elegant arrow-carrot-right\"><\/i>\t\t\t\t<\/a>\n\t\t\t<\/div>\n\t\t\t<\/div>\n<\/article><!-- #post-6187 -->\n\n<article id=\"post-6169\" class=\"clearfix\">\n\n\t<a href=\"https:\/\/elfuerte.cl\/web\/2026\/04\/24\/en-santiago-gobernador-alejandro-santana-encabeza-dialogo-con-dipres-y-exige-reglas-claras-para-asegurar-la-inversion-regional\/\" class=\"gem-slider-blog-link\"><\/a>\n\n\t<div class=\"gem-slider-item-image\" style=\"background: url('https:\/\/elfuerte.cl\/web\/wp-content\/uploads\/2026\/04\/santanabanner.jpg') no-repeat 50% 50% \/ cover;\">\n\t\t<img src=\"https:\/\/elfuerte.cl\/web\/wp-content\/uploads\/2026\/04\/santanabanner.jpg\"  style=\"visibility: hidden;\">\n\t<\/div>\n\n\t<div class=\"gem-slider-item-overlay\">\n\t\t<div class=\"gem-compact-item-content\">\n\t\t\t\t\t\t\t<div class=\"post-title\">\n\t\t\t\t\t<h5 class=\"entry-title reverse-link-color\"><span class=\"entry-title-date\"><\/span><span class=\"light\">En Santiago, gobernador Alejandro Santana encabeza di\u00e1logo con DIPRES y exige reglas claras para asegurar la inversi\u00f3n regional<\/span><\/h5>\t\t\t\t<\/div>\n\t\t\t\n\t\t\t\t\t\t\t<div class=\"post-text date-color\">\n\t\t\t\t\t<div class=\"summary\">\n\t\t\t\t\t\t\t\t\t\t\t\t\t<p>En Santiago, el gobernador regional de Los Lagos, Alejandro Santana Tirachini, encabez\u00f3 una reuni\u00f3n con la Direcci\u00f3n de Presupuestos (DIPRES), en el marco del trabajo de la Asociaci\u00f3n de Gobernadores Regionales de Chile (AGORECHI), abordando las principales trabas que hoy afectan la ejecuci\u00f3n de la inversi\u00f3n en las regiones.<\/p>\n\t\t\t\t\t\t\t\t\t\t\t<\/div>\n\t\t\t\t<\/div>\n\t\t\t\n\t\t<\/div>\n\t\t<div class=\"post-meta date-color\">\n\t\t\t<div class=\"entry-meta clearfix gem-post-date\">\n\t\t\t\t<div class=\"post-meta-right\">\n\t\t\t\t\t\t\t\t\t\t\n\t\t\t\t\t\n\t\t\t\t<\/div>\n\t\t\t\t<div class=\"post-meta-left\">\n\t\t\t\t\t\t\t\t\t\t\t<span class=\"post-meta-author\">\n\t\t\t\t\t\t\t\t\t\tPor <a href=\"https:\/\/elfuerte.cl\/web\" title=\"Visitar el sitio de Prensa El Fuerte\" rel=\"author external\">Prensa El Fuerte<\/a>\t\t\t\t\t\t\t\t\t<\/span>\n\t\t\t\t\t\t\t\t\t<\/div>\n\t\t\t<\/div><!-- .entry-meta -->\n\t\t<\/div>\n\n\t\t\t\t\t<div class=\"gem-blog-slider-navigation\">\n\t\t\t\t<a href=\"#\" class=\"gem-blog-slider-prev gem-button gem-button-size-tiny\">\n\t\t\t\t\t<i aria-hidden=\"true\" class=\"gem-print-icon gem-icon-prev gem-elegant arrow-carrot-left\"><\/i>\t\t\t\t<\/a>\n\t\t\t\t<a href=\"#\" class=\"gem-blog-slider-next gem-button gem-button-size-tiny\">\n\t\t\t\t\t<i aria-hidden=\"true\" class=\"gem-print-icon gem-icon-prev gem-elegant arrow-carrot-right\"><\/i>\t\t\t\t<\/a>\n\t\t\t<\/div>\n\t\t\t<\/div>\n<\/article><!-- #post-6169 -->\n\n<article id=\"post-6152\" class=\"clearfix\">\n\n\t<a href=\"https:\/\/elfuerte.cl\/web\/2026\/04\/23\/puerto-montt-inicia-plan-piloto-que-incorpora-la-merluza-austral-en-dietas-escolares\/\" class=\"gem-slider-blog-link\"><\/a>\n\n\t<div class=\"gem-slider-item-image\" style=\"background: url('https:\/\/elfuerte.cl\/web\/wp-content\/uploads\/2026\/04\/merluzabanner.jpg') no-repeat 50% 50% \/ cover;\">\n\t\t<img src=\"https:\/\/elfuerte.cl\/web\/wp-content\/uploads\/2026\/04\/merluzabanner.jpg\"  style=\"visibility: hidden;\">\n\t<\/div>\n\n\t<div class=\"gem-slider-item-overlay\">\n\t\t<div class=\"gem-compact-item-content\">\n\t\t\t\t\t\t\t<div class=\"post-title\">\n\t\t\t\t\t<h5 class=\"entry-title reverse-link-color\"><span class=\"entry-title-date\"><\/span><span class=\"light\">Puerto Montt inicia plan piloto que incorpora la merluza austral en dietas escolares<\/span><\/h5>\t\t\t\t<\/div>\n\t\t\t\n\t\t\t\t\t\t\t<div class=\"post-text date-color\">\n\t\t\t\t\t<div class=\"summary\">\n\t\t\t\t\t\t\t\t\t\t\t\t\t<p>Gracias a un trabajo conjunto con la Junta Nacional de Auxilio Escolar y Becas (Junaeb), el Sindicato de Pescadores Artesanales de la Caleta Anahuac y la Municipalidad, Puerto Montt dio inicio a un proyecto piloto que incorpora la merluza austral en la dieta de estudiantes.<\/p>\n\t\t\t\t\t\t\t\t\t\t\t<\/div>\n\t\t\t\t<\/div>\n\t\t\t\n\t\t<\/div>\n\t\t<div class=\"post-meta date-color\">\n\t\t\t<div class=\"entry-meta clearfix gem-post-date\">\n\t\t\t\t<div class=\"post-meta-right\">\n\t\t\t\t\t\t\t\t\t\t\n\t\t\t\t\t\n\t\t\t\t<\/div>\n\t\t\t\t<div class=\"post-meta-left\">\n\t\t\t\t\t\t\t\t\t\t\t<span class=\"post-meta-author\">\n\t\t\t\t\t\t\t\t\t\tPor <a href=\"https:\/\/elfuerte.cl\/web\" title=\"Visitar el sitio de Prensa El Fuerte\" rel=\"author external\">Prensa El Fuerte<\/a>\t\t\t\t\t\t\t\t\t<\/span>\n\t\t\t\t\t\t\t\t\t<\/div>\n\t\t\t<\/div><!-- .entry-meta -->\n\t\t<\/div>\n\n\t\t\t\t\t<div class=\"gem-blog-slider-navigation\">\n\t\t\t\t<a href=\"#\" class=\"gem-blog-slider-prev gem-button gem-button-size-tiny\">\n\t\t\t\t\t<i aria-hidden=\"true\" class=\"gem-print-icon gem-icon-prev gem-elegant arrow-carrot-left\"><\/i>\t\t\t\t<\/a>\n\t\t\t\t<a href=\"#\" class=\"gem-blog-slider-next gem-button gem-button-size-tiny\">\n\t\t\t\t\t<i aria-hidden=\"true\" class=\"gem-print-icon gem-icon-prev gem-elegant arrow-carrot-right\"><\/i>\t\t\t\t<\/a>\n\t\t\t<\/div>\n\t\t\t<\/div>\n<\/article><!-- #post-6152 -->\n\n<article id=\"post-6145\" class=\"clearfix\">\n\n\t<a href=\"https:\/\/elfuerte.cl\/web\/2026\/04\/20\/frutillar-impulsa-programa-de-reparacion-de-paraderos-con-identidad-local-y-enfoque-comunitario\/\" class=\"gem-slider-blog-link\"><\/a>\n\n\t<div class=\"gem-slider-item-image\" style=\"background: url('https:\/\/elfuerte.cl\/web\/wp-content\/uploads\/2026\/04\/portada-2026-04-20T171200.896.jpg') no-repeat 50% 50% \/ cover;\">\n\t\t<img src=\"https:\/\/elfuerte.cl\/web\/wp-content\/uploads\/2026\/04\/portada-2026-04-20T171200.896.jpg\"  style=\"visibility: hidden;\">\n\t<\/div>\n\n\t<div class=\"gem-slider-item-overlay\">\n\t\t<div class=\"gem-compact-item-content\">\n\t\t\t\t\t\t\t<div class=\"post-title\">\n\t\t\t\t\t<h5 class=\"entry-title reverse-link-color\"><span class=\"entry-title-date\"><\/span><span class=\"light\">Frutillar impulsa programa de reparaci\u00f3n de  paraderos con identidad local y enfoque comunitario<\/span><\/h5>\t\t\t\t<\/div>\n\t\t\t\n\t\t\t\t\t\t\t<div class=\"post-text date-color\">\n\t\t\t\t\t<div class=\"summary\">\n\t\t\t\t\t\t\t\t\t\t\t\t\t<p>Plan municipal considera 17 garitas y busca mejorar condiciones de resguardo frente al clima, incorporando adem\u00e1s elementos propios del territorio.<\/p>\n\t\t\t\t\t\t\t\t\t\t\t<\/div>\n\t\t\t\t<\/div>\n\t\t\t\n\t\t<\/div>\n\t\t<div class=\"post-meta date-color\">\n\t\t\t<div class=\"entry-meta clearfix gem-post-date\">\n\t\t\t\t<div class=\"post-meta-right\">\n\t\t\t\t\t\t\t\t\t\t\n\t\t\t\t\t\n\t\t\t\t<\/div>\n\t\t\t\t<div class=\"post-meta-left\">\n\t\t\t\t\t\t\t\t\t\t\t<span class=\"post-meta-author\">\n\t\t\t\t\t\t\t\t\t\tPor <a href=\"https:\/\/elfuerte.cl\/web\" title=\"Visitar el sitio de Prensa El Fuerte\" rel=\"author external\">Prensa El Fuerte<\/a>\t\t\t\t\t\t\t\t\t<\/span>\n\t\t\t\t\t\t\t\t\t<\/div>\n\t\t\t<\/div><!-- .entry-meta -->\n\t\t<\/div>\n\n\t\t\t\t\t<div class=\"gem-blog-slider-navigation\">\n\t\t\t\t<a href=\"#\" class=\"gem-blog-slider-prev gem-button gem-button-size-tiny\">\n\t\t\t\t\t<i aria-hidden=\"true\" class=\"gem-print-icon gem-icon-prev gem-elegant arrow-carrot-left\"><\/i>\t\t\t\t<\/a>\n\t\t\t\t<a href=\"#\" class=\"gem-blog-slider-next gem-button gem-button-size-tiny\">\n\t\t\t\t\t<i aria-hidden=\"true\" class=\"gem-print-icon gem-icon-prev gem-elegant arrow-carrot-right\"><\/i>\t\t\t\t<\/a>\n\t\t\t<\/div>\n\t\t\t<\/div>\n<\/article><!-- #post-6145 -->\n\n<article id=\"post-6139\" class=\"clearfix\">\n\n\t<a href=\"https:\/\/elfuerte.cl\/web\/2026\/04\/20\/san-pedro-de-la-paz-refuerza-seguridad-vial-con-campana-pare-mire-y-escuche-en-cruces-ferroviarios\/\" class=\"gem-slider-blog-link\"><\/a>\n\n\t<div class=\"gem-slider-item-image\" style=\"background: url('https:\/\/elfuerte.cl\/web\/wp-content\/uploads\/2026\/04\/portada-2026-04-20T134556.877.jpg') no-repeat 50% 50% \/ cover;\">\n\t\t<img src=\"https:\/\/elfuerte.cl\/web\/wp-content\/uploads\/2026\/04\/portada-2026-04-20T134556.877.jpg\"  style=\"visibility: hidden;\">\n\t<\/div>\n\n\t<div class=\"gem-slider-item-overlay\">\n\t\t<div class=\"gem-compact-item-content\">\n\t\t\t\t\t\t\t<div class=\"post-title\">\n\t\t\t\t\t<h5 class=\"entry-title reverse-link-color\"><span class=\"entry-title-date\"><\/span><span class=\"light\">San Pedro de la Paz refuerza seguridad vial con campa\u00f1a \u201cPare, Mire y Escuche\u201d en cruces ferroviarios<\/span><\/h5>\t\t\t\t<\/div>\n\t\t\t\n\t\t\t\t\t\t\t<div class=\"post-text date-color\">\n\t\t\t\t\t<div class=\"summary\">\n\t\t\t\t\t\t\t\t\t\t\t\t\t<p>La iniciativa busca generar mayor conciencia en conductores y peatones en una comuna donde la l\u00ednea f\u00e9rrea atraviesa sectores urbanos con alto flujo diario.<\/p>\n\t\t\t\t\t\t\t\t\t\t\t<\/div>\n\t\t\t\t<\/div>\n\t\t\t\n\t\t<\/div>\n\t\t<div class=\"post-meta date-color\">\n\t\t\t<div class=\"entry-meta clearfix gem-post-date\">\n\t\t\t\t<div class=\"post-meta-right\">\n\t\t\t\t\t\t\t\t\t\t\n\t\t\t\t\t\n\t\t\t\t<\/div>\n\t\t\t\t<div class=\"post-meta-left\">\n\t\t\t\t\t\t\t\t\t\t\t<span class=\"post-meta-author\">\n\t\t\t\t\t\t\t\t\t\tPor <a href=\"https:\/\/elfuerte.cl\/web\" title=\"Visitar el sitio de Prensa El Fuerte\" rel=\"author external\">Prensa El Fuerte<\/a>\t\t\t\t\t\t\t\t\t<\/span>\n\t\t\t\t\t\t\t\t\t<\/div>\n\t\t\t<\/div><!-- .entry-meta -->\n\t\t<\/div>\n\n\t\t\t\t\t<div class=\"gem-blog-slider-navigation\">\n\t\t\t\t<a href=\"#\" class=\"gem-blog-slider-prev gem-button gem-button-size-tiny\">\n\t\t\t\t\t<i aria-hidden=\"true\" class=\"gem-print-icon gem-icon-prev gem-elegant arrow-carrot-left\"><\/i>\t\t\t\t<\/a>\n\t\t\t\t<a href=\"#\" class=\"gem-blog-slider-next gem-button gem-button-size-tiny\">\n\t\t\t\t\t<i aria-hidden=\"true\" class=\"gem-print-icon gem-icon-prev gem-elegant arrow-carrot-right\"><\/i>\t\t\t\t<\/a>\n\t\t\t<\/div>\n\t\t\t<\/div>\n<\/article><!-- #post-6139 -->\n\n<article id=\"post-6133\" class=\"clearfix\">\n\n\t<a href=\"https:\/\/elfuerte.cl\/web\/2026\/04\/20\/ferepa-biobio-plantea-urgencias-del-sector-artesanal-ante-subsecretario-de-pesca\/\" class=\"gem-slider-blog-link\"><\/a>\n\n\t<div class=\"gem-slider-item-image\" style=\"background: url('https:\/\/elfuerte.cl\/web\/wp-content\/uploads\/2026\/04\/portada-2026-04-20T114952.081.jpg') no-repeat 50% 50% \/ cover;\">\n\t\t<img src=\"https:\/\/elfuerte.cl\/web\/wp-content\/uploads\/2026\/04\/portada-2026-04-20T114952.081.jpg\"  style=\"visibility: hidden;\">\n\t<\/div>\n\n\t<div class=\"gem-slider-item-overlay\">\n\t\t<div class=\"gem-compact-item-content\">\n\t\t\t\t\t\t\t<div class=\"post-title\">\n\t\t\t\t\t<h5 class=\"entry-title reverse-link-color\"><span class=\"entry-title-date\"><\/span><span class=\"light\">Ferepa Biob\u00edo plantea urgencias del sector artesanal ante Subsecretario de Pesca<\/span><\/h5>\t\t\t\t<\/div>\n\t\t\t\n\t\t\t\t\t\t\t<div class=\"post-text date-color\">\n\t\t\t\t\t<div class=\"summary\">\n\t\t\t\t\t\t\t\t\t\t\t\t\t<p>En el primer encuentro con Osvaldo Urrutia Silva, la federaci\u00f3n present\u00f3 una agenda centrada en el subsidio a combustibles y la Ley de Caletas, acordando una pr\u00f3xima instancia de trabajo t\u00e9cnico para buscar soluciones.<\/p>\n\t\t\t\t\t\t\t\t\t\t\t<\/div>\n\t\t\t\t<\/div>\n\t\t\t\n\t\t<\/div>\n\t\t<div class=\"post-meta date-color\">\n\t\t\t<div class=\"entry-meta clearfix gem-post-date\">\n\t\t\t\t<div class=\"post-meta-right\">\n\t\t\t\t\t\t\t\t\t\t\n\t\t\t\t\t\n\t\t\t\t<\/div>\n\t\t\t\t<div class=\"post-meta-left\">\n\t\t\t\t\t\t\t\t\t\t\t<span class=\"post-meta-author\">\n\t\t\t\t\t\t\t\t\t\tPor <a href=\"https:\/\/elfuerte.cl\/web\" title=\"Visitar el sitio de Prensa El Fuerte\" rel=\"author external\">Prensa El Fuerte<\/a>\t\t\t\t\t\t\t\t\t<\/span>\n\t\t\t\t\t\t\t\t\t<\/div>\n\t\t\t<\/div><!-- .entry-meta -->\n\t\t<\/div>\n\n\t\t\t\t\t<div class=\"gem-blog-slider-navigation\">\n\t\t\t\t<a href=\"#\" class=\"gem-blog-slider-prev gem-button gem-button-size-tiny\">\n\t\t\t\t\t<i aria-hidden=\"true\" class=\"gem-print-icon gem-icon-prev gem-elegant arrow-carrot-left\"><\/i>\t\t\t\t<\/a>\n\t\t\t\t<a href=\"#\" class=\"gem-blog-slider-next gem-button gem-button-size-tiny\">\n\t\t\t\t\t<i aria-hidden=\"true\" class=\"gem-print-icon gem-icon-prev gem-elegant arrow-carrot-right\"><\/i>\t\t\t\t<\/a>\n\t\t\t<\/div>\n\t\t\t<\/div>\n<\/article><!-- #post-6133 -->\n\n<article id=\"post-6126\" class=\"clearfix\">\n\n\t<a href=\"https:\/\/elfuerte.cl\/web\/2026\/04\/20\/aguas-decima-moderniza-su-modelo-de-atencion-para-fortalecer-el-vinculo-con-la-comunidad-valdiviana\/\" class=\"gem-slider-blog-link\"><\/a>\n\n\t<div class=\"gem-slider-item-image\" style=\"background: url('https:\/\/elfuerte.cl\/web\/wp-content\/uploads\/2026\/04\/portada-2026-04-20T111836.921.jpg') no-repeat 50% 50% \/ cover;\">\n\t\t<img src=\"https:\/\/elfuerte.cl\/web\/wp-content\/uploads\/2026\/04\/portada-2026-04-20T111836.921.jpg\"  style=\"visibility: hidden;\">\n\t<\/div>\n\n\t<div class=\"gem-slider-item-overlay\">\n\t\t<div class=\"gem-compact-item-content\">\n\t\t\t\t\t\t\t<div class=\"post-title\">\n\t\t\t\t\t<h5 class=\"entry-title reverse-link-color\"><span class=\"entry-title-date\"><\/span><span class=\"light\">Aguas D\u00e9cima moderniza su modelo de atenci\u00f3n para fortalecer el v\u00ednculo con la comunidad valdiviana<\/span><\/h5>\t\t\t\t<\/div>\n\t\t\t\n\t\t\t\t\t\t\t<div class=\"post-text date-color\">\n\t\t\t\t\t<div class=\"summary\">\n\t\t\t\t\t\t\t\t\t\t\t\t\t<p>La implementaci\u00f3n del sistema MAC 2.0 busca transformar cada contacto con el usuario en una experiencia \u00e1gil y cercana, priorizando la resoluci\u00f3n de las necesidades de las familias del sur.<\/p>\n\t\t\t\t\t\t\t\t\t\t\t<\/div>\n\t\t\t\t<\/div>\n\t\t\t\n\t\t<\/div>\n\t\t<div class=\"post-meta date-color\">\n\t\t\t<div class=\"entry-meta clearfix gem-post-date\">\n\t\t\t\t<div class=\"post-meta-right\">\n\t\t\t\t\t\t\t\t\t\t\n\t\t\t\t\t\n\t\t\t\t<\/div>\n\t\t\t\t<div class=\"post-meta-left\">\n\t\t\t\t\t\t\t\t\t\t\t<span class=\"post-meta-author\">\n\t\t\t\t\t\t\t\t\t\tPor <a href=\"https:\/\/elfuerte.cl\/web\" title=\"Visitar el sitio de Prensa El Fuerte\" rel=\"author external\">Prensa El Fuerte<\/a>\t\t\t\t\t\t\t\t\t<\/span>\n\t\t\t\t\t\t\t\t\t<\/div>\n\t\t\t<\/div><!-- .entry-meta -->\n\t\t<\/div>\n\n\t\t\t\t\t<div class=\"gem-blog-slider-navigation\">\n\t\t\t\t<a href=\"#\" class=\"gem-blog-slider-prev gem-button gem-button-size-tiny\">\n\t\t\t\t\t<i aria-hidden=\"true\" class=\"gem-print-icon gem-icon-prev gem-elegant arrow-carrot-left\"><\/i>\t\t\t\t<\/a>\n\t\t\t\t<a href=\"#\" class=\"gem-blog-slider-next gem-button gem-button-size-tiny\">\n\t\t\t\t\t<i aria-hidden=\"true\" class=\"gem-print-icon gem-icon-prev gem-elegant arrow-carrot-right\"><\/i>\t\t\t\t<\/a>\n\t\t\t<\/div>\n\t\t\t<\/div>\n<\/article><!-- #post-6126 -->\n\n<article id=\"post-6113\" class=\"clearfix\">\n\n\t<a href=\"https:\/\/elfuerte.cl\/web\/2026\/04\/19\/los-rios-proyecta-su-identidad-productiva-con-ferias-del-cranberry-y-de-la-sidra\/\" class=\"gem-slider-blog-link\"><\/a>\n\n\t<div class=\"gem-slider-item-image\" style=\"background: url('https:\/\/elfuerte.cl\/web\/wp-content\/uploads\/2026\/04\/portada-2026-04-19T134351.035.jpg') no-repeat 50% 50% \/ cover;\">\n\t\t<img src=\"https:\/\/elfuerte.cl\/web\/wp-content\/uploads\/2026\/04\/portada-2026-04-19T134351.035.jpg\"  style=\"visibility: hidden;\">\n\t<\/div>\n\n\t<div class=\"gem-slider-item-overlay\">\n\t\t<div class=\"gem-compact-item-content\">\n\t\t\t\t\t\t\t<div class=\"post-title\">\n\t\t\t\t\t<h5 class=\"entry-title reverse-link-color\"><span class=\"entry-title-date\"><\/span><span class=\"light\">Los R\u00edos proyecta su identidad productiva con ferias del cranberry y de la sidra<\/span><\/h5>\t\t\t\t<\/div>\n\t\t\t\n\t\t\t\t\t\t\t<div class=\"post-text date-color\">\n\t\t\t\t\t<div class=\"summary\">\n\t\t\t\t\t\t\t\t\t\t\t\t\t<p>Ferias y encuentros en Lanco y Valdivia reflejan c\u00f3mo productos con identidad impulsan el desarrollo local y proyectan al territorio hacia nuevos mercados, gracias a la acci\u00f3n coordinada entre comunidades, sector privado, academia y servicios p\u00fablicos<\/p>\n\t\t\t\t\t\t\t\t\t\t\t<\/div>\n\t\t\t\t<\/div>\n\t\t\t\n\t\t<\/div>\n\t\t<div class=\"post-meta date-color\">\n\t\t\t<div class=\"entry-meta clearfix gem-post-date\">\n\t\t\t\t<div class=\"post-meta-right\">\n\t\t\t\t\t\t\t\t\t\t\n\t\t\t\t\t\n\t\t\t\t<\/div>\n\t\t\t\t<div class=\"post-meta-left\">\n\t\t\t\t\t\t\t\t\t\t\t<span class=\"post-meta-author\">\n\t\t\t\t\t\t\t\t\t\tPor <a href=\"https:\/\/elfuerte.cl\/web\" title=\"Visitar el sitio de Prensa El Fuerte\" rel=\"author external\">Prensa El Fuerte<\/a>\t\t\t\t\t\t\t\t\t<\/span>\n\t\t\t\t\t\t\t\t\t<\/div>\n\t\t\t<\/div><!-- .entry-meta -->\n\t\t<\/div>\n\n\t\t\t\t\t<div class=\"gem-blog-slider-navigation\">\n\t\t\t\t<a href=\"#\" class=\"gem-blog-slider-prev gem-button gem-button-size-tiny\">\n\t\t\t\t\t<i aria-hidden=\"true\" class=\"gem-print-icon gem-icon-prev gem-elegant arrow-carrot-left\"><\/i>\t\t\t\t<\/a>\n\t\t\t\t<a href=\"#\" class=\"gem-blog-slider-next gem-button gem-button-size-tiny\">\n\t\t\t\t\t<i aria-hidden=\"true\" class=\"gem-print-icon gem-icon-prev gem-elegant arrow-carrot-right\"><\/i>\t\t\t\t<\/a>\n\t\t\t<\/div>\n\t\t\t<\/div>\n<\/article><!-- #post-6113 -->\n\n<article id=\"post-6105\" class=\"clearfix\">\n\n\t<a href=\"https:\/\/elfuerte.cl\/web\/2026\/04\/19\/alza-de-la-luz-en-julio-impactara-con-menor-fuerza-en-el-sur-pero-se-suma-a-un-escenario-economico-cada-vez-mas-complejo\/\" class=\"gem-slider-blog-link\"><\/a>\n\n\t<div class=\"gem-slider-item-image\" style=\"background: url('https:\/\/elfuerte.cl\/web\/wp-content\/uploads\/2026\/04\/portada-2026-04-19T120952.682.jpg') no-repeat 50% 50% \/ cover;\">\n\t\t<img src=\"https:\/\/elfuerte.cl\/web\/wp-content\/uploads\/2026\/04\/portada-2026-04-19T120952.682.jpg\"  style=\"visibility: hidden;\">\n\t<\/div>\n\n\t<div class=\"gem-slider-item-overlay\">\n\t\t<div class=\"gem-compact-item-content\">\n\t\t\t\t\t\t\t<div class=\"post-title\">\n\t\t\t\t\t<h5 class=\"entry-title reverse-link-color\"><span class=\"entry-title-date\"><\/span><span class=\"light\">Alza de la luz en julio impactar\u00e1 con menor fuerza en el sur,  pero se suma a un escenario econ\u00f3mico cada vez m\u00e1s complejo<\/span><\/h5>\t\t\t\t<\/div>\n\t\t\t\n\t\t\t\t\t\t\t<div class=\"post-text date-color\">\n\t\t\t\t\t<div class=\"summary\">\n\t\t\t\t\t\t\t\t\t\t\t\t\t<p>Aunque el ajuste tarifario ser\u00e1 menor que en el norte, el incremento se produce en un contexto marcado por el encarecimiento sostenido de combustibles, transporte y alimentos<\/p>\n\t\t\t\t\t\t\t\t\t\t\t<\/div>\n\t\t\t\t<\/div>\n\t\t\t\n\t\t<\/div>\n\t\t<div class=\"post-meta date-color\">\n\t\t\t<div class=\"entry-meta clearfix gem-post-date\">\n\t\t\t\t<div class=\"post-meta-right\">\n\t\t\t\t\t\t\t\t\t\t\n\t\t\t\t\t\n\t\t\t\t<\/div>\n\t\t\t\t<div class=\"post-meta-left\">\n\t\t\t\t\t\t\t\t\t\t\t<span class=\"post-meta-author\">\n\t\t\t\t\t\t\t\t\t\tPor <a href=\"https:\/\/elfuerte.cl\/web\" title=\"Visitar el sitio de Prensa El Fuerte\" rel=\"author external\">Prensa El Fuerte<\/a>\t\t\t\t\t\t\t\t\t<\/span>\n\t\t\t\t\t\t\t\t\t<\/div>\n\t\t\t<\/div><!-- .entry-meta -->\n\t\t<\/div>\n\n\t\t\t\t\t<div class=\"gem-blog-slider-navigation\">\n\t\t\t\t<a href=\"#\" class=\"gem-blog-slider-prev gem-button gem-button-size-tiny\">\n\t\t\t\t\t<i aria-hidden=\"true\" class=\"gem-print-icon gem-icon-prev gem-elegant arrow-carrot-left\"><\/i>\t\t\t\t<\/a>\n\t\t\t\t<a href=\"#\" class=\"gem-blog-slider-next gem-button gem-button-size-tiny\">\n\t\t\t\t\t<i aria-hidden=\"true\" class=\"gem-print-icon gem-icon-prev gem-elegant arrow-carrot-right\"><\/i>\t\t\t\t<\/a>\n\t\t\t<\/div>\n\t\t\t<\/div>\n<\/article><!-- #post-6105 -->\n\n<article id=\"post-6082\" class=\"clearfix\">\n\n\t<a href=\"https:\/\/elfuerte.cl\/web\/2026\/04\/17\/gobierno-despliega-agenda-economica-en-regiones-para-difundir-el-proyecto-de-reconstruccion-nacional\/\" class=\"gem-slider-blog-link\"><\/a>\n\n\t<div class=\"gem-slider-item-image\" style=\"background: url('https:\/\/elfuerte.cl\/web\/wp-content\/uploads\/2026\/04\/portada-2026-04-17T153027.929.jpg') no-repeat 50% 50% \/ cover;\">\n\t\t<img src=\"https:\/\/elfuerte.cl\/web\/wp-content\/uploads\/2026\/04\/portada-2026-04-17T153027.929.jpg\"  style=\"visibility: hidden;\">\n\t<\/div>\n\n\t<div class=\"gem-slider-item-overlay\">\n\t\t<div class=\"gem-compact-item-content\">\n\t\t\t\t\t\t\t<div class=\"post-title\">\n\t\t\t\t\t<h5 class=\"entry-title reverse-link-color\"><span class=\"entry-title-date\"><\/span><span class=\"light\">Gobierno despliega agenda econ\u00f3mica en regiones para difundir el proyecto de \u201cReconstrucci\u00f3n Nacional\u201d<\/span><\/h5>\t\t\t\t<\/div>\n\t\t\t\n\t\t\t\t\t\t\t<div class=\"post-text date-color\">\n\t\t\t\t\t<div class=\"summary\">\n\t\t\t\t\t\t\t\t\t\t\t\t\t<p>Ministro del Interior encabez\u00f3 gabinete en Los Lagos en el marco de una estrategia territorial que busca instalar la iniciativa antes de su ingreso al Congreso<\/p>\n\t\t\t\t\t\t\t\t\t\t\t<\/div>\n\t\t\t\t<\/div>\n\t\t\t\n\t\t<\/div>\n\t\t<div class=\"post-meta date-color\">\n\t\t\t<div class=\"entry-meta clearfix gem-post-date\">\n\t\t\t\t<div class=\"post-meta-right\">\n\t\t\t\t\t\t\t\t\t\t\n\t\t\t\t\t\n\t\t\t\t<\/div>\n\t\t\t\t<div class=\"post-meta-left\">\n\t\t\t\t\t\t\t\t\t\t\t<span class=\"post-meta-author\">\n\t\t\t\t\t\t\t\t\t\tPor <a href=\"https:\/\/elfuerte.cl\/web\" title=\"Visitar el sitio de Prensa El Fuerte\" rel=\"author external\">Prensa El Fuerte<\/a>\t\t\t\t\t\t\t\t\t<\/span>\n\t\t\t\t\t\t\t\t\t<\/div>\n\t\t\t<\/div><!-- .entry-meta -->\n\t\t<\/div>\n\n\t\t\t\t\t<div class=\"gem-blog-slider-navigation\">\n\t\t\t\t<a href=\"#\" class=\"gem-blog-slider-prev gem-button gem-button-size-tiny\">\n\t\t\t\t\t<i aria-hidden=\"true\" class=\"gem-print-icon gem-icon-prev gem-elegant arrow-carrot-left\"><\/i>\t\t\t\t<\/a>\n\t\t\t\t<a href=\"#\" class=\"gem-blog-slider-next gem-button gem-button-size-tiny\">\n\t\t\t\t\t<i aria-hidden=\"true\" class=\"gem-print-icon gem-icon-prev gem-elegant arrow-carrot-right\"><\/i>\t\t\t\t<\/a>\n\t\t\t<\/div>\n\t\t\t<\/div>\n<\/article><!-- #post-6082 -->\n\n<article id=\"post-6075\" class=\"clearfix\">\n\n\t<a href=\"https:\/\/elfuerte.cl\/web\/2026\/04\/17\/pedregoso-inversion-en-posta-rural-busca-dignificar-acceso-a-la-salud-en-uno-de-los-sectores-mas-aislados-de-la-araucania\/\" class=\"gem-slider-blog-link\"><\/a>\n\n\t<div class=\"gem-slider-item-image\" style=\"background: url('https:\/\/elfuerte.cl\/web\/wp-content\/uploads\/2026\/04\/portada-2026-04-17T131401.244.jpg') no-repeat 50% 50% \/ cover;\">\n\t\t<img src=\"https:\/\/elfuerte.cl\/web\/wp-content\/uploads\/2026\/04\/portada-2026-04-17T131401.244.jpg\"  style=\"visibility: hidden;\">\n\t<\/div>\n\n\t<div class=\"gem-slider-item-overlay\">\n\t\t<div class=\"gem-compact-item-content\">\n\t\t\t\t\t\t\t<div class=\"post-title\">\n\t\t\t\t\t<h5 class=\"entry-title reverse-link-color\"><span class=\"entry-title-date\"><\/span><span class=\"light\">Pedregoso: inversi\u00f3n en posta rural busca dignificar acceso  a la salud en uno de los sectores m\u00e1s aislados de La Araucan\u00eda<\/span><\/h5>\t\t\t\t<\/div>\n\t\t\t\n\t\t\t\t\t\t\t<div class=\"post-text date-color\">\n\t\t\t\t\t<div class=\"summary\">\n\t\t\t\t\t\t\t\t\t\t\t\t\t<p>A casi tres d\u00e9cadas de una infraestructura deteriorada, la reposici\u00f3n del recinto aparece como un avance clave para una comunidad que enfrenta condiciones de aislamiento extremo en la comuna de Lonquimay.<\/p>\n\t\t\t\t\t\t\t\t\t\t\t<\/div>\n\t\t\t\t<\/div>\n\t\t\t\n\t\t<\/div>\n\t\t<div class=\"post-meta date-color\">\n\t\t\t<div class=\"entry-meta clearfix gem-post-date\">\n\t\t\t\t<div class=\"post-meta-right\">\n\t\t\t\t\t\t\t\t\t\t\n\t\t\t\t\t\n\t\t\t\t<\/div>\n\t\t\t\t<div class=\"post-meta-left\">\n\t\t\t\t\t\t\t\t\t\t\t<span class=\"post-meta-author\">\n\t\t\t\t\t\t\t\t\t\tPor <a href=\"https:\/\/elfuerte.cl\/web\" title=\"Visitar el sitio de Prensa El Fuerte\" rel=\"author external\">Prensa El Fuerte<\/a>\t\t\t\t\t\t\t\t\t<\/span>\n\t\t\t\t\t\t\t\t\t<\/div>\n\t\t\t<\/div><!-- .entry-meta -->\n\t\t<\/div>\n\n\t\t\t\t\t<div class=\"gem-blog-slider-navigation\">\n\t\t\t\t<a href=\"#\" class=\"gem-blog-slider-prev gem-button gem-button-size-tiny\">\n\t\t\t\t\t<i aria-hidden=\"true\" class=\"gem-print-icon gem-icon-prev gem-elegant arrow-carrot-left\"><\/i>\t\t\t\t<\/a>\n\t\t\t\t<a href=\"#\" class=\"gem-blog-slider-next gem-button gem-button-size-tiny\">\n\t\t\t\t\t<i aria-hidden=\"true\" class=\"gem-print-icon gem-icon-prev gem-elegant arrow-carrot-right\"><\/i>\t\t\t\t<\/a>\n\t\t\t<\/div>\n\t\t\t<\/div>\n<\/article><!-- #post-6075 -->\n\n<article id=\"post-6063\" class=\"clearfix\">\n\n\t<a href=\"https:\/\/elfuerte.cl\/web\/2026\/04\/17\/ballena-jorobada-es-liberada-con-vida-tras-enredarse-en-artes-de-pesca-en-la-bahia-de-corral\/\" class=\"gem-slider-blog-link\"><\/a>\n\n\t<div class=\"gem-slider-item-image\" style=\"background: url('https:\/\/elfuerte.cl\/web\/wp-content\/uploads\/2026\/04\/portada-2026-04-17T111245.112.jpg') no-repeat 50% 50% \/ cover;\">\n\t\t<img src=\"https:\/\/elfuerte.cl\/web\/wp-content\/uploads\/2026\/04\/portada-2026-04-17T111245.112.jpg\"  style=\"visibility: hidden;\">\n\t<\/div>\n\n\t<div class=\"gem-slider-item-overlay\">\n\t\t<div class=\"gem-compact-item-content\">\n\t\t\t\t\t\t\t<div class=\"post-title\">\n\t\t\t\t\t<h5 class=\"entry-title reverse-link-color\"><span class=\"entry-title-date\"><\/span><span class=\"light\">Ballena jorobada es liberada con vida tras enredarse en artes de pesca en la bah\u00eda de Corral<\/span><\/h5>\t\t\t\t<\/div>\n\t\t\t\n\t\t\t\t\t\t\t<div class=\"post-text date-color\">\n\t\t\t\t\t<div class=\"summary\">\n\t\t\t\t\t\t\t\t\t\t\t\t\t<p>Lo que comenz\u00f3 como una jornada habitual de pesca termin\u00f3 en un operativo de rescate que moviliz\u00f3 a pescadores, Sernapesca y la Armada, logrando salvar a un cet\u00e1ceo en el borde costero de la Regi\u00f3n de Los R\u00edos.<\/p>\n\t\t\t\t\t\t\t\t\t\t\t<\/div>\n\t\t\t\t<\/div>\n\t\t\t\n\t\t<\/div>\n\t\t<div class=\"post-meta date-color\">\n\t\t\t<div class=\"entry-meta clearfix gem-post-date\">\n\t\t\t\t<div class=\"post-meta-right\">\n\t\t\t\t\t\t\t\t\t\t\n\t\t\t\t\t\n\t\t\t\t<\/div>\n\t\t\t\t<div class=\"post-meta-left\">\n\t\t\t\t\t\t\t\t\t\t\t<span class=\"post-meta-author\">\n\t\t\t\t\t\t\t\t\t\tPor <a href=\"https:\/\/elfuerte.cl\/web\" title=\"Visitar el sitio de Prensa El Fuerte\" rel=\"author external\">Prensa El Fuerte<\/a>\t\t\t\t\t\t\t\t\t<\/span>\n\t\t\t\t\t\t\t\t\t<\/div>\n\t\t\t<\/div><!-- .entry-meta -->\n\t\t<\/div>\n\n\t\t\t\t\t<div class=\"gem-blog-slider-navigation\">\n\t\t\t\t<a href=\"#\" class=\"gem-blog-slider-prev gem-button gem-button-size-tiny\">\n\t\t\t\t\t<i aria-hidden=\"true\" class=\"gem-print-icon gem-icon-prev gem-elegant arrow-carrot-left\"><\/i>\t\t\t\t<\/a>\n\t\t\t\t<a href=\"#\" class=\"gem-blog-slider-next gem-button gem-button-size-tiny\">\n\t\t\t\t\t<i aria-hidden=\"true\" class=\"gem-print-icon gem-icon-prev gem-elegant arrow-carrot-right\"><\/i>\t\t\t\t<\/a>\n\t\t\t<\/div>\n\t\t\t<\/div>\n<\/article><!-- #post-6063 -->\n\n<article id=\"post-6051\" class=\"clearfix\">\n\n\t<a href=\"https:\/\/elfuerte.cl\/web\/2026\/04\/16\/copa-internacional-de-sidra-de-los-rios-inicia-su-primera-edicion-con-presencia-de-expertos-extranjeros\/\" class=\"gem-slider-blog-link\"><\/a>\n\n\t<div class=\"gem-slider-item-image\" style=\"background: url('https:\/\/elfuerte.cl\/web\/wp-content\/uploads\/2026\/04\/portada-def-2.jpg') no-repeat 50% 50% \/ cover;\">\n\t\t<img src=\"https:\/\/elfuerte.cl\/web\/wp-content\/uploads\/2026\/04\/portada-def-2.jpg\"  style=\"visibility: hidden;\">\n\t<\/div>\n\n\t<div class=\"gem-slider-item-overlay\">\n\t\t<div class=\"gem-compact-item-content\">\n\t\t\t\t\t\t\t<div class=\"post-title\">\n\t\t\t\t\t<h5 class=\"entry-title reverse-link-color\"><span class=\"entry-title-date\"><\/span><span class=\"light\">Copa Internacional de Sidra de Los R\u00edos inicia su primera edici\u00f3n con presencia de expertos extranjeros<\/span><\/h5>\t\t\t\t<\/div>\n\t\t\t\n\t\t\t\t\t\t\t<div class=\"post-text date-color\">\n\t\t\t\t\t<div class=\"summary\">\n\t\t\t\t\t\t\t\t\t\t\t\t\t<p>El certamen re\u00fane a jurados nacionales e internacionales en un proceso de cata a ciegas, marcando el inicio de una agenda que contin\u00faa este fin de semana con la tercera versi\u00f3n de la Feria de la Manzana y la Sidra en el Parque Saval.<\/p>\n\t\t\t\t\t\t\t\t\t\t\t<\/div>\n\t\t\t\t<\/div>\n\t\t\t\n\t\t<\/div>\n\t\t<div class=\"post-meta date-color\">\n\t\t\t<div class=\"entry-meta clearfix gem-post-date\">\n\t\t\t\t<div class=\"post-meta-right\">\n\t\t\t\t\t\t\t\t\t\t\n\t\t\t\t\t\n\t\t\t\t<\/div>\n\t\t\t\t<div class=\"post-meta-left\">\n\t\t\t\t\t\t\t\t\t\t\t<span class=\"post-meta-author\">\n\t\t\t\t\t\t\t\t\t\tPor <a href=\"https:\/\/elfuerte.cl\/web\" title=\"Visitar el sitio de Prensa El Fuerte\" rel=\"author external\">Prensa El Fuerte<\/a>\t\t\t\t\t\t\t\t\t<\/span>\n\t\t\t\t\t\t\t\t\t<\/div>\n\t\t\t<\/div><!-- .entry-meta -->\n\t\t<\/div>\n\n\t\t\t\t\t<div class=\"gem-blog-slider-navigation\">\n\t\t\t\t<a href=\"#\" class=\"gem-blog-slider-prev gem-button gem-button-size-tiny\">\n\t\t\t\t\t<i aria-hidden=\"true\" class=\"gem-print-icon gem-icon-prev gem-elegant arrow-carrot-left\"><\/i>\t\t\t\t<\/a>\n\t\t\t\t<a href=\"#\" class=\"gem-blog-slider-next gem-button gem-button-size-tiny\">\n\t\t\t\t\t<i aria-hidden=\"true\" class=\"gem-print-icon gem-icon-prev gem-elegant arrow-carrot-right\"><\/i>\t\t\t\t<\/a>\n\t\t\t<\/div>\n\t\t\t<\/div>\n<\/article><!-- #post-6051 -->\n\n<article id=\"post-6044\" class=\"clearfix\">\n\n\t<a href=\"https:\/\/elfuerte.cl\/web\/2026\/04\/16\/los-lagos-supera-los-us2-093-millones-en-exportaciones-y-consolida-su-peso-en-la-economia-no-minera-del-pais\/\" class=\"gem-slider-blog-link\"><\/a>\n\n\t<div class=\"gem-slider-item-image\" style=\"background: url('https:\/\/elfuerte.cl\/web\/wp-content\/uploads\/2026\/04\/portada-2026-04-16T213230.104.jpg') no-repeat 50% 50% \/ cover;\">\n\t\t<img src=\"https:\/\/elfuerte.cl\/web\/wp-content\/uploads\/2026\/04\/portada-2026-04-16T213230.104.jpg\"  style=\"visibility: hidden;\">\n\t<\/div>\n\n\t<div class=\"gem-slider-item-overlay\">\n\t\t<div class=\"gem-compact-item-content\">\n\t\t\t\t\t\t\t<div class=\"post-title\">\n\t\t\t\t\t<h5 class=\"entry-title reverse-link-color\"><span class=\"entry-title-date\"><\/span><span class=\"light\">Los Lagos supera los US$2.093 millones en exportaciones  y consolida su peso en la econom\u00eda no minera del pa\u00eds<\/span><\/h5>\t\t\t\t<\/div>\n\t\t\t\n\t\t\t\t\t\t\t<div class=\"post-text date-color\">\n\t\t\t\t\t<div class=\"summary\">\n\t\t\t\t\t\t\t\t\t\t\t\t\t<p>La regi\u00f3n destaca en el informe de exportaciones no cobre\u2013no litio de ProChile, con un fuerte liderazgo del sector acu\u00edcola en el primer trimestre de 2026, con un un crecimiento de 5,7% respecto del mismo periodo del a\u00f1o anterior.<\/p>\n\t\t\t\t\t\t\t\t\t\t\t<\/div>\n\t\t\t\t<\/div>\n\t\t\t\n\t\t<\/div>\n\t\t<div class=\"post-meta date-color\">\n\t\t\t<div class=\"entry-meta clearfix gem-post-date\">\n\t\t\t\t<div class=\"post-meta-right\">\n\t\t\t\t\t\t\t\t\t\t\n\t\t\t\t\t\n\t\t\t\t<\/div>\n\t\t\t\t<div class=\"post-meta-left\">\n\t\t\t\t\t\t\t\t\t\t\t<span class=\"post-meta-author\">\n\t\t\t\t\t\t\t\t\t\tPor <a href=\"https:\/\/elfuerte.cl\/web\" title=\"Visitar el sitio de Prensa El Fuerte\" rel=\"author external\">Prensa El Fuerte<\/a>\t\t\t\t\t\t\t\t\t<\/span>\n\t\t\t\t\t\t\t\t\t<\/div>\n\t\t\t<\/div><!-- .entry-meta -->\n\t\t<\/div>\n\n\t\t\t\t\t<div class=\"gem-blog-slider-navigation\">\n\t\t\t\t<a href=\"#\" class=\"gem-blog-slider-prev gem-button gem-button-size-tiny\">\n\t\t\t\t\t<i aria-hidden=\"true\" class=\"gem-print-icon gem-icon-prev gem-elegant arrow-carrot-left\"><\/i>\t\t\t\t<\/a>\n\t\t\t\t<a href=\"#\" class=\"gem-blog-slider-next gem-button gem-button-size-tiny\">\n\t\t\t\t\t<i aria-hidden=\"true\" class=\"gem-print-icon gem-icon-prev gem-elegant arrow-carrot-right\"><\/i>\t\t\t\t<\/a>\n\t\t\t<\/div>\n\t\t\t<\/div>\n<\/article><!-- #post-6044 -->\n\n<article id=\"post-6038\" class=\"clearfix\">\n\n\t<a href=\"https:\/\/elfuerte.cl\/web\/2026\/04\/16\/frutillar-distingue-a-nueve-deportistas-por-sus-destacados-resultados-en-distintas-disciplinas\/\" class=\"gem-slider-blog-link\"><\/a>\n\n\t<div class=\"gem-slider-item-image\" style=\"background: url('https:\/\/elfuerte.cl\/web\/wp-content\/uploads\/2026\/04\/portada-2026-04-16T180041.265-1.jpg') no-repeat 50% 50% \/ cover;\">\n\t\t<img src=\"https:\/\/elfuerte.cl\/web\/wp-content\/uploads\/2026\/04\/portada-2026-04-16T180041.265-1.jpg\"  style=\"visibility: hidden;\">\n\t<\/div>\n\n\t<div class=\"gem-slider-item-overlay\">\n\t\t<div class=\"gem-compact-item-content\">\n\t\t\t\t\t\t\t<div class=\"post-title\">\n\t\t\t\t\t<h5 class=\"entry-title reverse-link-color\"><span class=\"entry-title-date\"><\/span><span class=\"light\">Frutillar distingue a nueve deportistas por sus destacados resultados en distintas disciplinas<\/span><\/h5>\t\t\t\t<\/div>\n\t\t\t\n\t\t\t\t\t\t\t<div class=\"post-text date-color\">\n\t\t\t\t\t<div class=\"summary\">\n\t\t\t\t\t\t\t\t\t\t\t\t\t<p>J\u00f3venes representantes de la comuna fueron reconocidos en el Concejo Municipal, reflejando el trabajo constante y la proyecci\u00f3n que ha ido tomando el deporte local en distintos niveles competitivos.<\/p>\n\t\t\t\t\t\t\t\t\t\t\t<\/div>\n\t\t\t\t<\/div>\n\t\t\t\n\t\t<\/div>\n\t\t<div class=\"post-meta date-color\">\n\t\t\t<div class=\"entry-meta clearfix gem-post-date\">\n\t\t\t\t<div class=\"post-meta-right\">\n\t\t\t\t\t\t\t\t\t\t\n\t\t\t\t\t\n\t\t\t\t<\/div>\n\t\t\t\t<div class=\"post-meta-left\">\n\t\t\t\t\t\t\t\t\t\t\t<span class=\"post-meta-author\">\n\t\t\t\t\t\t\t\t\t\tPor <a href=\"https:\/\/elfuerte.cl\/web\" title=\"Visitar el sitio de Prensa El Fuerte\" rel=\"author external\">Prensa El Fuerte<\/a>\t\t\t\t\t\t\t\t\t<\/span>\n\t\t\t\t\t\t\t\t\t<\/div>\n\t\t\t<\/div><!-- .entry-meta -->\n\t\t<\/div>\n\n\t\t\t\t\t<div class=\"gem-blog-slider-navigation\">\n\t\t\t\t<a href=\"#\" class=\"gem-blog-slider-prev gem-button gem-button-size-tiny\">\n\t\t\t\t\t<i aria-hidden=\"true\" class=\"gem-print-icon gem-icon-prev gem-elegant arrow-carrot-left\"><\/i>\t\t\t\t<\/a>\n\t\t\t\t<a href=\"#\" class=\"gem-blog-slider-next gem-button gem-button-size-tiny\">\n\t\t\t\t\t<i aria-hidden=\"true\" class=\"gem-print-icon gem-icon-prev gem-elegant arrow-carrot-right\"><\/i>\t\t\t\t<\/a>\n\t\t\t<\/div>\n\t\t\t<\/div>\n<\/article><!-- #post-6038 -->\n\n<article id=\"post-6032\" class=\"clearfix\">\n\n\t<a href=\"https:\/\/elfuerte.cl\/web\/2026\/04\/16\/orquesta-filarmonica-de-los-rios-vuelve-al-teatro-cervantes-con-una-apuesta-musical-de-alto-nivel\/\" class=\"gem-slider-blog-link\"><\/a>\n\n\t<div class=\"gem-slider-item-image\" style=\"background: url('https:\/\/elfuerte.cl\/web\/wp-content\/uploads\/2026\/04\/portada-2026-04-16T190221.439.jpg') no-repeat 50% 50% \/ cover;\">\n\t\t<img src=\"https:\/\/elfuerte.cl\/web\/wp-content\/uploads\/2026\/04\/portada-2026-04-16T190221.439.jpg\"  style=\"visibility: hidden;\">\n\t<\/div>\n\n\t<div class=\"gem-slider-item-overlay\">\n\t\t<div class=\"gem-compact-item-content\">\n\t\t\t\t\t\t\t<div class=\"post-title\">\n\t\t\t\t\t<h5 class=\"entry-title reverse-link-color\"><span class=\"entry-title-date\"><\/span><span class=\"light\">Orquesta Filarm\u00f3nica de Los R\u00edos vuelve al Teatro Cervantes con una apuesta musical de alto nivel<\/span><\/h5>\t\t\t\t<\/div>\n\t\t\t\n\t\t\t\t\t\t\t<div class=\"post-text date-color\">\n\t\t\t\t\t<div class=\"summary\">\n\t\t\t\t\t\t\t\t\t\t\t\t\t<p>El regreso del elenco a la agenda cultural regional no solo marca una nueva temporada de conciertos, sino tambi\u00e9n reafirma el lugar de Valdivia como una ciudad donde el acceso a espect\u00e1culos de primer nivel sigue siendo parte de su identidad.<\/p>\n\t\t\t\t\t\t\t\t\t\t\t<\/div>\n\t\t\t\t<\/div>\n\t\t\t\n\t\t<\/div>\n\t\t<div class=\"post-meta date-color\">\n\t\t\t<div class=\"entry-meta clearfix gem-post-date\">\n\t\t\t\t<div class=\"post-meta-right\">\n\t\t\t\t\t\t\t\t\t\t\n\t\t\t\t\t\n\t\t\t\t<\/div>\n\t\t\t\t<div class=\"post-meta-left\">\n\t\t\t\t\t\t\t\t\t\t\t<span class=\"post-meta-author\">\n\t\t\t\t\t\t\t\t\t\tPor <a href=\"https:\/\/elfuerte.cl\/web\" title=\"Visitar el sitio de Prensa El Fuerte\" rel=\"author external\">Prensa El Fuerte<\/a>\t\t\t\t\t\t\t\t\t<\/span>\n\t\t\t\t\t\t\t\t\t<\/div>\n\t\t\t<\/div><!-- .entry-meta -->\n\t\t<\/div>\n\n\t\t\t\t\t<div class=\"gem-blog-slider-navigation\">\n\t\t\t\t<a href=\"#\" class=\"gem-blog-slider-prev gem-button gem-button-size-tiny\">\n\t\t\t\t\t<i aria-hidden=\"true\" class=\"gem-print-icon gem-icon-prev gem-elegant arrow-carrot-left\"><\/i>\t\t\t\t<\/a>\n\t\t\t\t<a href=\"#\" class=\"gem-blog-slider-next gem-button gem-button-size-tiny\">\n\t\t\t\t\t<i aria-hidden=\"true\" class=\"gem-print-icon gem-icon-prev gem-elegant arrow-carrot-right\"><\/i>\t\t\t\t<\/a>\n\t\t\t<\/div>\n\t\t\t<\/div>\n<\/article><!-- #post-6032 -->\n\n<article id=\"post-6018\" class=\"clearfix\">\n\n\t<a href=\"https:\/\/elfuerte.cl\/web\/2026\/04\/16\/jornada-en-la-ust-valdivia-analiza-desafios-de-la-investigacion-con-enfoque-de-genero\/\" class=\"gem-slider-blog-link\"><\/a>\n\n\t<div class=\"gem-slider-item-image\" style=\"background: url('https:\/\/elfuerte.cl\/web\/wp-content\/uploads\/2026\/04\/portada-2026-04-16T183146.062.jpg') no-repeat 50% 50% \/ cover;\">\n\t\t<img src=\"https:\/\/elfuerte.cl\/web\/wp-content\/uploads\/2026\/04\/portada-2026-04-16T183146.062.jpg\"  style=\"visibility: hidden;\">\n\t<\/div>\n\n\t<div class=\"gem-slider-item-overlay\">\n\t\t<div class=\"gem-compact-item-content\">\n\t\t\t\t\t\t\t<div class=\"post-title\">\n\t\t\t\t\t<h5 class=\"entry-title reverse-link-color\"><span class=\"entry-title-date\"><\/span><span class=\"light\">Jornada en la UST Valdivia analiza desaf\u00edos de la investigaci\u00f3n con enfoque de g\u00e9nero<\/span><\/h5>\t\t\t\t<\/div>\n\t\t\t\n\t\t\t\t\t\t\t<div class=\"post-text date-color\">\n\t\t\t\t\t<div class=\"summary\">\n\t\t\t\t\t\t\t\t\t\t\t\t\t<p>Acad\u00e9micos, directivos e investigadores de distintas carreras participaron en un espacio de di\u00e1logo que permiti\u00f3 revisar avances del proyecto InES G\u00e9nero, identificar brechas en el desarrollo cient\u00edfico y recoger visiones desde la realidad local en torno a una investigaci\u00f3n m\u00e1s equitativa.<\/p>\n\t\t\t\t\t\t\t\t\t\t\t<\/div>\n\t\t\t\t<\/div>\n\t\t\t\n\t\t<\/div>\n\t\t<div class=\"post-meta date-color\">\n\t\t\t<div class=\"entry-meta clearfix gem-post-date\">\n\t\t\t\t<div class=\"post-meta-right\">\n\t\t\t\t\t\t\t\t\t\t\n\t\t\t\t\t\n\t\t\t\t<\/div>\n\t\t\t\t<div class=\"post-meta-left\">\n\t\t\t\t\t\t\t\t\t\t\t<span class=\"post-meta-author\">\n\t\t\t\t\t\t\t\t\t\tPor <a href=\"https:\/\/elfuerte.cl\/web\" title=\"Visitar el sitio de Prensa El Fuerte\" rel=\"author external\">Prensa El Fuerte<\/a>\t\t\t\t\t\t\t\t\t<\/span>\n\t\t\t\t\t\t\t\t\t<\/div>\n\t\t\t<\/div><!-- .entry-meta -->\n\t\t<\/div>\n\n\t\t\t\t\t<div class=\"gem-blog-slider-navigation\">\n\t\t\t\t<a href=\"#\" class=\"gem-blog-slider-prev gem-button gem-button-size-tiny\">\n\t\t\t\t\t<i aria-hidden=\"true\" class=\"gem-print-icon gem-icon-prev gem-elegant arrow-carrot-left\"><\/i>\t\t\t\t<\/a>\n\t\t\t\t<a href=\"#\" class=\"gem-blog-slider-next gem-button gem-button-size-tiny\">\n\t\t\t\t\t<i aria-hidden=\"true\" class=\"gem-print-icon gem-icon-prev gem-elegant arrow-carrot-right\"><\/i>\t\t\t\t<\/a>\n\t\t\t<\/div>\n\t\t\t<\/div>\n<\/article><!-- #post-6018 -->\n\n<article id=\"post-5982\" class=\"clearfix\">\n\n\t<a href=\"https:\/\/elfuerte.cl\/web\/2026\/04\/16\/isidora-uribe-ex-embajadora-de-teleton-recibe-importante-reconocimiento-internacional-por-su-aporte-a-la-inclusion-de-personas-con-discapacidad\/\" class=\"gem-slider-blog-link\"><\/a>\n\n\t<div class=\"gem-slider-item-image\" style=\"background: url('https:\/\/elfuerte.cl\/web\/wp-content\/uploads\/2026\/04\/bannerteleton.jpg') no-repeat 50% 50% \/ cover;\">\n\t\t<img src=\"https:\/\/elfuerte.cl\/web\/wp-content\/uploads\/2026\/04\/bannerteleton.jpg\"  style=\"visibility: hidden;\">\n\t<\/div>\n\n\t<div class=\"gem-slider-item-overlay\">\n\t\t<div class=\"gem-compact-item-content\">\n\t\t\t\t\t\t\t<div class=\"post-title\">\n\t\t\t\t\t<h5 class=\"entry-title reverse-link-color\"><span class=\"entry-title-date\"><\/span><span class=\"light\">Isidora Uribe, ex embajadora de Telet\u00f3n, recibe importante reconocimiento internacional por su aporte a la inclusi\u00f3n de personas con discapacidad<\/span><\/h5>\t\t\t\t<\/div>\n\t\t\t\n\t\t\t\t\t\t\t<div class=\"post-text date-color\">\n\t\t\t\t\t<div class=\"summary\">\n\t\t\t\t\t\t\t\t\t\t\t\t\t<p>La estudiante de Derecho y activista por la inclusi\u00f3n fue una de las galardonadas con el premio \u201cLibertad frente a la necesidad\u201d, que entrega la Fundaci\u00f3n Roosevelt. Otras personalidades reconocidas este a\u00f1o fueron Volodimir Zelenski \u2014junto al pueblo ucraniano\u2014 y Gis\u00e8le Pelicot.<\/p>\n\t\t\t\t\t\t\t\t\t\t\t<\/div>\n\t\t\t\t<\/div>\n\t\t\t\n\t\t<\/div>\n\t\t<div class=\"post-meta date-color\">\n\t\t\t<div class=\"entry-meta clearfix gem-post-date\">\n\t\t\t\t<div class=\"post-meta-right\">\n\t\t\t\t\t\t\t\t\t\t\n\t\t\t\t\t\n\t\t\t\t<\/div>\n\t\t\t\t<div class=\"post-meta-left\">\n\t\t\t\t\t\t\t\t\t\t\t<span class=\"post-meta-author\">\n\t\t\t\t\t\t\t\t\t\tPor <a href=\"https:\/\/elfuerte.cl\/web\" title=\"Visitar el sitio de Prensa El Fuerte\" rel=\"author external\">Prensa El Fuerte<\/a>\t\t\t\t\t\t\t\t\t<\/span>\n\t\t\t\t\t\t\t\t\t<\/div>\n\t\t\t<\/div><!-- .entry-meta -->\n\t\t<\/div>\n\n\t\t\t\t\t<div class=\"gem-blog-slider-navigation\">\n\t\t\t\t<a href=\"#\" class=\"gem-blog-slider-prev gem-button gem-button-size-tiny\">\n\t\t\t\t\t<i aria-hidden=\"true\" class=\"gem-print-icon gem-icon-prev gem-elegant arrow-carrot-left\"><\/i>\t\t\t\t<\/a>\n\t\t\t\t<a href=\"#\" class=\"gem-blog-slider-next gem-button gem-button-size-tiny\">\n\t\t\t\t\t<i aria-hidden=\"true\" class=\"gem-print-icon gem-icon-prev gem-elegant arrow-carrot-right\"><\/i>\t\t\t\t<\/a>\n\t\t\t<\/div>\n\t\t\t<\/div>\n<\/article><!-- #post-5982 -->\n\n<article id=\"post-6006\" class=\"clearfix\">\n\n\t<a href=\"https:\/\/elfuerte.cl\/web\/2026\/04\/16\/comercial-ropulli-se-posiciona-como-soporte-clave-para-sectores-productivos-en-valdivia\/\" class=\"gem-slider-blog-link\"><\/a>\n\n\t<div class=\"gem-slider-item-image\" style=\"background: url('https:\/\/elfuerte.cl\/web\/wp-content\/uploads\/2026\/04\/bannercomercio.webp') no-repeat 50% 50% \/ cover;\">\n\t\t<img src=\"https:\/\/elfuerte.cl\/web\/wp-content\/uploads\/2026\/04\/bannercomercio.webp\"  style=\"visibility: hidden;\">\n\t<\/div>\n\n\t<div class=\"gem-slider-item-overlay\">\n\t\t<div class=\"gem-compact-item-content\">\n\t\t\t\t\t\t\t<div class=\"post-title\">\n\t\t\t\t\t<h5 class=\"entry-title reverse-link-color\"><span class=\"entry-title-date\"><\/span><span class=\"light\">Comercial Ropulli se posiciona como soporte clave para sectores productivos en Valdivia<\/span><\/h5>\t\t\t\t<\/div>\n\t\t\t\n\t\t\t\t\t\t\t<div class=\"post-text date-color\">\n\t\t\t\t\t<div class=\"summary\">\n\t\t\t\t\t\t\t\t\t\t\t\t\t<p>Ubicada en Avenida Picarte, esta ferreter\u00eda automotriz e industrial facilita el acceso a equipamiento especializado para rubros como la construcci\u00f3n, el \u00e1mbito forestal y la agricultura, aportando a la continuidad de proyectos en la regi\u00f3n.<\/p>\n\t\t\t\t\t\t\t\t\t\t\t<\/div>\n\t\t\t\t<\/div>\n\t\t\t\n\t\t<\/div>\n\t\t<div class=\"post-meta date-color\">\n\t\t\t<div class=\"entry-meta clearfix gem-post-date\">\n\t\t\t\t<div class=\"post-meta-right\">\n\t\t\t\t\t\t\t\t\t\t\n\t\t\t\t\t\n\t\t\t\t<\/div>\n\t\t\t\t<div class=\"post-meta-left\">\n\t\t\t\t\t\t\t\t\t\t\t<span class=\"post-meta-author\">\n\t\t\t\t\t\t\t\t\t\tPor <a href=\"https:\/\/elfuerte.cl\/web\" title=\"Visitar el sitio de Prensa El Fuerte\" rel=\"author external\">Prensa El Fuerte<\/a>\t\t\t\t\t\t\t\t\t<\/span>\n\t\t\t\t\t\t\t\t\t<\/div>\n\t\t\t<\/div><!-- .entry-meta -->\n\t\t<\/div>\n\n\t\t\t\t\t<div class=\"gem-blog-slider-navigation\">\n\t\t\t\t<a href=\"#\" class=\"gem-blog-slider-prev gem-button gem-button-size-tiny\">\n\t\t\t\t\t<i aria-hidden=\"true\" class=\"gem-print-icon gem-icon-prev gem-elegant arrow-carrot-left\"><\/i>\t\t\t\t<\/a>\n\t\t\t\t<a href=\"#\" class=\"gem-blog-slider-next gem-button gem-button-size-tiny\">\n\t\t\t\t\t<i aria-hidden=\"true\" class=\"gem-print-icon gem-icon-prev gem-elegant arrow-carrot-right\"><\/i>\t\t\t\t<\/a>\n\t\t\t<\/div>\n\t\t\t<\/div>\n<\/article><!-- #post-6006 -->\n\n<article id=\"post-5970\" class=\"clearfix\">\n\n\t<a href=\"https:\/\/elfuerte.cl\/web\/2026\/04\/15\/club-de-judo-de-la-guarda-destaca-en-torneo-interclubes-en-la-region-de-los-rios\/\" class=\"gem-slider-blog-link\"><\/a>\n\n\t<div class=\"gem-slider-item-image\" style=\"background: url('https:\/\/elfuerte.cl\/web\/wp-content\/uploads\/2026\/04\/bannerkarate.jpg') no-repeat 50% 50% \/ cover;\">\n\t\t<img src=\"https:\/\/elfuerte.cl\/web\/wp-content\/uploads\/2026\/04\/bannerkarate.jpg\"  style=\"visibility: hidden;\">\n\t<\/div>\n\n\t<div class=\"gem-slider-item-overlay\">\n\t\t<div class=\"gem-compact-item-content\">\n\t\t\t\t\t\t\t<div class=\"post-title\">\n\t\t\t\t\t<h5 class=\"entry-title reverse-link-color\"><span class=\"entry-title-date\"><\/span><span class=\"light\">Club de Judo de la Guarda destaca en torneo interclubes en la Regi\u00f3n de Los R\u00edos<\/span><\/h5>\t\t\t\t<\/div>\n\t\t\t\n\t\t\t\t\t\t\t<div class=\"post-text date-color\">\n\t\t\t\t\t<div class=\"summary\">\n\t\t\t\t\t\t\t\t\t\t\t\t\t<p>Los judocas de San Pedro de la Paz obtuvieron destacados resultados, sumando experiencia competitiva en exigente jornada deportiva.<\/p>\n\t\t\t\t\t\t\t\t\t\t\t<\/div>\n\t\t\t\t<\/div>\n\t\t\t\n\t\t<\/div>\n\t\t<div class=\"post-meta date-color\">\n\t\t\t<div class=\"entry-meta clearfix gem-post-date\">\n\t\t\t\t<div class=\"post-meta-right\">\n\t\t\t\t\t\t\t\t\t\t\n\t\t\t\t\t\n\t\t\t\t<\/div>\n\t\t\t\t<div class=\"post-meta-left\">\n\t\t\t\t\t\t\t\t\t\t\t<span class=\"post-meta-author\">\n\t\t\t\t\t\t\t\t\t\tPor <a href=\"https:\/\/elfuerte.cl\/web\" title=\"Visitar el sitio de Prensa El Fuerte\" rel=\"author external\">Prensa El Fuerte<\/a>\t\t\t\t\t\t\t\t\t<\/span>\n\t\t\t\t\t\t\t\t\t<\/div>\n\t\t\t<\/div><!-- .entry-meta -->\n\t\t<\/div>\n\n\t\t\t\t\t<div class=\"gem-blog-slider-navigation\">\n\t\t\t\t<a href=\"#\" class=\"gem-blog-slider-prev gem-button gem-button-size-tiny\">\n\t\t\t\t\t<i aria-hidden=\"true\" class=\"gem-print-icon gem-icon-prev gem-elegant arrow-carrot-left\"><\/i>\t\t\t\t<\/a>\n\t\t\t\t<a href=\"#\" class=\"gem-blog-slider-next gem-button gem-button-size-tiny\">\n\t\t\t\t\t<i aria-hidden=\"true\" class=\"gem-print-icon gem-icon-prev gem-elegant arrow-carrot-right\"><\/i>\t\t\t\t<\/a>\n\t\t\t<\/div>\n\t\t\t<\/div>\n<\/article><!-- #post-5970 -->\n\n<article id=\"post-5964\" class=\"clearfix\">\n\n\t<a href=\"https:\/\/elfuerte.cl\/web\/2026\/04\/15\/desde-coronel-a-mexico-joven-del-biobio-representara-a-chile-en-mundial-de-futbol-social\/\" class=\"gem-slider-blog-link\"><\/a>\n\n\t<div class=\"gem-slider-item-image\" style=\"background: url('https:\/\/elfuerte.cl\/web\/wp-content\/uploads\/2026\/04\/portada-2026-04-15T104605.001.jpg') no-repeat 50% 50% \/ cover;\">\n\t\t<img src=\"https:\/\/elfuerte.cl\/web\/wp-content\/uploads\/2026\/04\/portada-2026-04-15T104605.001.jpg\"  style=\"visibility: hidden;\">\n\t<\/div>\n\n\t<div class=\"gem-slider-item-overlay\">\n\t\t<div class=\"gem-compact-item-content\">\n\t\t\t\t\t\t\t<div class=\"post-title\">\n\t\t\t\t\t<h5 class=\"entry-title reverse-link-color\"><span class=\"entry-title-date\"><\/span><span class=\"light\">Desde Coronel a M\u00e9xico: joven del Biob\u00edo representar\u00e1 a Chile en mundial de f\u00fatbol social<\/span><\/h5>\t\t\t\t<\/div>\n\t\t\t\n\t\t\t\t\t\t\t<div class=\"post-text date-color\">\n\t\t\t\t\t<div class=\"summary\">\n\t\t\t\t\t\t\t\t\t\t\t\t\t<p>Con solo 15 a\u00f1os, Javier Barra fue seleccionado para integrar la delegaci\u00f3n nacional que participar\u00e1 en el Street Child World Cup, instancia que re\u00fane a j\u00f3venes de m\u00e1s de 25 pa\u00edses.<\/p>\n\t\t\t\t\t\t\t\t\t\t\t<\/div>\n\t\t\t\t<\/div>\n\t\t\t\n\t\t<\/div>\n\t\t<div class=\"post-meta date-color\">\n\t\t\t<div class=\"entry-meta clearfix gem-post-date\">\n\t\t\t\t<div class=\"post-meta-right\">\n\t\t\t\t\t\t\t\t\t\t\n\t\t\t\t\t\n\t\t\t\t<\/div>\n\t\t\t\t<div class=\"post-meta-left\">\n\t\t\t\t\t\t\t\t\t\t\t<span class=\"post-meta-author\">\n\t\t\t\t\t\t\t\t\t\tPor <a href=\"https:\/\/elfuerte.cl\/web\" title=\"Visitar el sitio de Prensa El Fuerte\" rel=\"author external\">Prensa El Fuerte<\/a>\t\t\t\t\t\t\t\t\t<\/span>\n\t\t\t\t\t\t\t\t\t<\/div>\n\t\t\t<\/div><!-- .entry-meta -->\n\t\t<\/div>\n\n\t\t\t\t\t<div class=\"gem-blog-slider-navigation\">\n\t\t\t\t<a href=\"#\" class=\"gem-blog-slider-prev gem-button gem-button-size-tiny\">\n\t\t\t\t\t<i aria-hidden=\"true\" class=\"gem-print-icon gem-icon-prev gem-elegant arrow-carrot-left\"><\/i>\t\t\t\t<\/a>\n\t\t\t\t<a href=\"#\" class=\"gem-blog-slider-next gem-button gem-button-size-tiny\">\n\t\t\t\t\t<i aria-hidden=\"true\" class=\"gem-print-icon gem-icon-prev gem-elegant arrow-carrot-right\"><\/i>\t\t\t\t<\/a>\n\t\t\t<\/div>\n\t\t\t<\/div>\n<\/article><!-- #post-5964 -->\n\n<article id=\"post-5957\" class=\"clearfix\">\n\n\t<a href=\"https:\/\/elfuerte.cl\/web\/2026\/04\/15\/recuperan-espacio-publico-en-pucon-para-habilitar-juegos-infantiles-y-estimular-la-vida-en-comunidad\/\" class=\"gem-slider-blog-link\"><\/a>\n\n\t<div class=\"gem-slider-item-image\" style=\"background: url('https:\/\/elfuerte.cl\/web\/wp-content\/uploads\/2026\/04\/portada-2026-04-15T102837.693.jpg') no-repeat 50% 50% \/ cover;\">\n\t\t<img src=\"https:\/\/elfuerte.cl\/web\/wp-content\/uploads\/2026\/04\/portada-2026-04-15T102837.693.jpg\"  style=\"visibility: hidden;\">\n\t<\/div>\n\n\t<div class=\"gem-slider-item-overlay\">\n\t\t<div class=\"gem-compact-item-content\">\n\t\t\t\t\t\t\t<div class=\"post-title\">\n\t\t\t\t\t<h5 class=\"entry-title reverse-link-color\"><span class=\"entry-title-date\"><\/span><span class=\"light\">Recuperan espacio p\u00fablico en Puc\u00f3n para habilitar juegos infantiles y estimular la vida en comunidad<\/span><\/h5>\t\t\t\t<\/div>\n\t\t\t\n\t\t\t\t\t\t\t<div class=\"post-text date-color\">\n\t\t\t\t\t<div class=\"summary\">\n\t\t\t\t\t\t\t\t\t\t\t\t\t<p>La intervenci\u00f3n permiti\u00f3 transformar un sector deteriorado en un lugar seguro para ni\u00f1os, ni\u00f1as y familias en villa Los Arrayanes Libertad y consider\u00f3 una inversi\u00f3n de 20 millones de pesos aportados por el programa \u201cCrecer en Comunidad\u201d de la Subsecretar\u00eda de la Ni\u00f1ez.<\/p>\n\t\t\t\t\t\t\t\t\t\t\t<\/div>\n\t\t\t\t<\/div>\n\t\t\t\n\t\t<\/div>\n\t\t<div class=\"post-meta date-color\">\n\t\t\t<div class=\"entry-meta clearfix gem-post-date\">\n\t\t\t\t<div class=\"post-meta-right\">\n\t\t\t\t\t\t\t\t\t\t\n\t\t\t\t\t\n\t\t\t\t<\/div>\n\t\t\t\t<div class=\"post-meta-left\">\n\t\t\t\t\t\t\t\t\t\t\t<span class=\"post-meta-author\">\n\t\t\t\t\t\t\t\t\t\tPor <a href=\"https:\/\/elfuerte.cl\/web\" title=\"Visitar el sitio de Prensa El Fuerte\" rel=\"author external\">Prensa El Fuerte<\/a>\t\t\t\t\t\t\t\t\t<\/span>\n\t\t\t\t\t\t\t\t\t<\/div>\n\t\t\t<\/div><!-- .entry-meta -->\n\t\t<\/div>\n\n\t\t\t\t\t<div class=\"gem-blog-slider-navigation\">\n\t\t\t\t<a href=\"#\" class=\"gem-blog-slider-prev gem-button gem-button-size-tiny\">\n\t\t\t\t\t<i aria-hidden=\"true\" class=\"gem-print-icon gem-icon-prev gem-elegant arrow-carrot-left\"><\/i>\t\t\t\t<\/a>\n\t\t\t\t<a href=\"#\" class=\"gem-blog-slider-next gem-button gem-button-size-tiny\">\n\t\t\t\t\t<i aria-hidden=\"true\" class=\"gem-print-icon gem-icon-prev gem-elegant arrow-carrot-right\"><\/i>\t\t\t\t<\/a>\n\t\t\t<\/div>\n\t\t\t<\/div>\n<\/article><!-- #post-5957 -->\n\n<article id=\"post-5950\" class=\"clearfix\">\n\n\t<a href=\"https:\/\/elfuerte.cl\/web\/2026\/04\/15\/frutillar-avanza-en-proyecto-habitacional-para-480-familias-y-espera-definicion-clave-en-el-corto-plazo\/\" class=\"gem-slider-blog-link\"><\/a>\n\n\t<div class=\"gem-slider-item-image\" style=\"background: url('https:\/\/elfuerte.cl\/web\/wp-content\/uploads\/2026\/04\/portada-2026-04-15T095153.372.jpg') no-repeat 50% 50% \/ cover;\">\n\t\t<img src=\"https:\/\/elfuerte.cl\/web\/wp-content\/uploads\/2026\/04\/portada-2026-04-15T095153.372.jpg\"  style=\"visibility: hidden;\">\n\t<\/div>\n\n\t<div class=\"gem-slider-item-overlay\">\n\t\t<div class=\"gem-compact-item-content\">\n\t\t\t\t\t\t\t<div class=\"post-title\">\n\t\t\t\t\t<h5 class=\"entry-title reverse-link-color\"><span class=\"entry-title-date\"><\/span><span class=\"light\">Frutillar avanza en proyecto habitacional para 480 familias y espera definici\u00f3n clave en el corto plazo<\/span><\/h5>\t\t\t\t<\/div>\n\t\t\t\n\t\t\t\t\t\t\t<div class=\"post-text date-color\">\n\t\t\t\t\t<div class=\"summary\">\n\t\t\t\t\t\t\t\t\t\t\t\t\t<p>La iniciativa, que re\u00fane a tres comit\u00e9s de vivienda, se encuentra en etapa de elegibilidad, paso previo a la compra del terreno.<\/p>\n\t\t\t\t\t\t\t\t\t\t\t<\/div>\n\t\t\t\t<\/div>\n\t\t\t\n\t\t<\/div>\n\t\t<div class=\"post-meta date-color\">\n\t\t\t<div class=\"entry-meta clearfix gem-post-date\">\n\t\t\t\t<div class=\"post-meta-right\">\n\t\t\t\t\t\t\t\t\t\t\n\t\t\t\t\t\n\t\t\t\t<\/div>\n\t\t\t\t<div class=\"post-meta-left\">\n\t\t\t\t\t\t\t\t\t\t\t<span class=\"post-meta-author\">\n\t\t\t\t\t\t\t\t\t\tPor <a href=\"https:\/\/elfuerte.cl\/web\" title=\"Visitar el sitio de Prensa El Fuerte\" rel=\"author external\">Prensa El Fuerte<\/a>\t\t\t\t\t\t\t\t\t<\/span>\n\t\t\t\t\t\t\t\t\t<\/div>\n\t\t\t<\/div><!-- .entry-meta -->\n\t\t<\/div>\n\n\t\t\t\t\t<div class=\"gem-blog-slider-navigation\">\n\t\t\t\t<a href=\"#\" class=\"gem-blog-slider-prev gem-button gem-button-size-tiny\">\n\t\t\t\t\t<i aria-hidden=\"true\" class=\"gem-print-icon gem-icon-prev gem-elegant arrow-carrot-left\"><\/i>\t\t\t\t<\/a>\n\t\t\t\t<a href=\"#\" class=\"gem-blog-slider-next gem-button gem-button-size-tiny\">\n\t\t\t\t\t<i aria-hidden=\"true\" class=\"gem-print-icon gem-icon-prev gem-elegant arrow-carrot-right\"><\/i>\t\t\t\t<\/a>\n\t\t\t<\/div>\n\t\t\t<\/div>\n<\/article><!-- #post-5950 -->\n\n<article id=\"post-5942\" class=\"clearfix\">\n\n\t<a href=\"https:\/\/elfuerte.cl\/web\/2026\/04\/15\/carabineros-de-los-rios-reconoce-al-personal-en-retiro-en-el-marco-de-su-99-aniversario\/\" class=\"gem-slider-blog-link\"><\/a>\n\n\t<div class=\"gem-slider-item-image\" style=\"background: url('https:\/\/elfuerte.cl\/web\/wp-content\/uploads\/2026\/04\/portada-2026-04-15T093444.073.jpg') no-repeat 50% 50% \/ cover;\">\n\t\t<img src=\"https:\/\/elfuerte.cl\/web\/wp-content\/uploads\/2026\/04\/portada-2026-04-15T093444.073.jpg\"  style=\"visibility: hidden;\">\n\t<\/div>\n\n\t<div class=\"gem-slider-item-overlay\">\n\t\t<div class=\"gem-compact-item-content\">\n\t\t\t\t\t\t\t<div class=\"post-title\">\n\t\t\t\t\t<h5 class=\"entry-title reverse-link-color\"><span class=\"entry-title-date\"><\/span><span class=\"light\">Carabineros de Los R\u00edos reconoce al personal en retiro en el marco de su 99\u00b0 aniversario<\/span><\/h5>\t\t\t\t<\/div>\n\t\t\t\n\t\t\t\t\t\t\t<div class=\"post-text date-color\">\n\t\t\t\t\t<div class=\"summary\">\n\t\t\t\t\t\t\t\t\t\t\t\t\t<p>Cerca de veinte ex funcionarios fueron homenajeados en una ceremonia realizada en Valdivia, destacando su aporte al desarrollo de la instituci\u00f3n de las carabinas cruzadas.<\/p>\n\t\t\t\t\t\t\t\t\t\t\t<\/div>\n\t\t\t\t<\/div>\n\t\t\t\n\t\t<\/div>\n\t\t<div class=\"post-meta date-color\">\n\t\t\t<div class=\"entry-meta clearfix gem-post-date\">\n\t\t\t\t<div class=\"post-meta-right\">\n\t\t\t\t\t\t\t\t\t\t\n\t\t\t\t\t\n\t\t\t\t<\/div>\n\t\t\t\t<div class=\"post-meta-left\">\n\t\t\t\t\t\t\t\t\t\t\t<span class=\"post-meta-author\">\n\t\t\t\t\t\t\t\t\t\tPor <a href=\"https:\/\/elfuerte.cl\/web\" title=\"Visitar el sitio de Prensa El Fuerte\" rel=\"author external\">Prensa El Fuerte<\/a>\t\t\t\t\t\t\t\t\t<\/span>\n\t\t\t\t\t\t\t\t\t<\/div>\n\t\t\t<\/div><!-- .entry-meta -->\n\t\t<\/div>\n\n\t\t\t\t\t<div class=\"gem-blog-slider-navigation\">\n\t\t\t\t<a href=\"#\" class=\"gem-blog-slider-prev gem-button gem-button-size-tiny\">\n\t\t\t\t\t<i aria-hidden=\"true\" class=\"gem-print-icon gem-icon-prev gem-elegant arrow-carrot-left\"><\/i>\t\t\t\t<\/a>\n\t\t\t\t<a href=\"#\" class=\"gem-blog-slider-next gem-button gem-button-size-tiny\">\n\t\t\t\t\t<i aria-hidden=\"true\" class=\"gem-print-icon gem-icon-prev gem-elegant arrow-carrot-right\"><\/i>\t\t\t\t<\/a>\n\t\t\t<\/div>\n\t\t\t<\/div>\n<\/article><!-- #post-5942 -->\n\n<article id=\"post-5930\" class=\"clearfix\">\n\n\t<a href=\"https:\/\/elfuerte.cl\/web\/2026\/04\/14\/pobreza-extrema-podria-seguir-disminuyendo-segun-estimaciones-de-organismos-internacionales\/\" class=\"gem-slider-blog-link\"><\/a>\n\n\t<div class=\"gem-slider-item-image\" style=\"background: url('https:\/\/elfuerte.cl\/web\/wp-content\/uploads\/2026\/04\/annerpobreza.jpg') no-repeat 50% 50% \/ cover;\">\n\t\t<img src=\"https:\/\/elfuerte.cl\/web\/wp-content\/uploads\/2026\/04\/annerpobreza.jpg\"  style=\"visibility: hidden;\">\n\t<\/div>\n\n\t<div class=\"gem-slider-item-overlay\">\n\t\t<div class=\"gem-compact-item-content\">\n\t\t\t\t\t\t\t<div class=\"post-title\">\n\t\t\t\t\t<h5 class=\"entry-title reverse-link-color\"><span class=\"entry-title-date\"><\/span><span class=\"light\">Pobreza extrema podr\u00eda seguir disminuyendo, seg\u00fan estimaciones de organismos internacionales<\/span><\/h5>\t\t\t\t<\/div>\n\t\t\t\n\t\t\t\t\t\t\t<div class=\"post-text date-color\">\n\t\t\t\t\t<div class=\"summary\">\n\t\t\t\t\t\t\t\t\t\t\t\t\t<p>Algunos indicadores recientes apuntan a una posible reducci\u00f3n sostenida de la pobreza extrema a nivel global. Se trata de estimaciones basadas en ciertos datos econ\u00f3micos y sociales que, aunque no reflejan toda la complejidad del fen\u00f3meno, muestran se\u00f1ales de avance en distintas regiones del mundo.<\/p>\n\t\t\t\t\t\t\t\t\t\t\t<\/div>\n\t\t\t\t<\/div>\n\t\t\t\n\t\t<\/div>\n\t\t<div class=\"post-meta date-color\">\n\t\t\t<div class=\"entry-meta clearfix gem-post-date\">\n\t\t\t\t<div class=\"post-meta-right\">\n\t\t\t\t\t\t\t\t\t\t\n\t\t\t\t\t\n\t\t\t\t<\/div>\n\t\t\t\t<div class=\"post-meta-left\">\n\t\t\t\t\t\t\t\t\t\t\t<span class=\"post-meta-author\">\n\t\t\t\t\t\t\t\t\t\tPor <a href=\"https:\/\/elfuerte.cl\/web\" title=\"Visitar el sitio de Prensa El Fuerte\" rel=\"author external\">Prensa El Fuerte<\/a>\t\t\t\t\t\t\t\t\t<\/span>\n\t\t\t\t\t\t\t\t\t<\/div>\n\t\t\t<\/div><!-- .entry-meta -->\n\t\t<\/div>\n\n\t\t\t\t\t<div class=\"gem-blog-slider-navigation\">\n\t\t\t\t<a href=\"#\" class=\"gem-blog-slider-prev gem-button gem-button-size-tiny\">\n\t\t\t\t\t<i aria-hidden=\"true\" class=\"gem-print-icon gem-icon-prev gem-elegant arrow-carrot-left\"><\/i>\t\t\t\t<\/a>\n\t\t\t\t<a href=\"#\" class=\"gem-blog-slider-next gem-button gem-button-size-tiny\">\n\t\t\t\t\t<i aria-hidden=\"true\" class=\"gem-print-icon gem-icon-prev gem-elegant arrow-carrot-right\"><\/i>\t\t\t\t<\/a>\n\t\t\t<\/div>\n\t\t\t<\/div>\n<\/article><!-- #post-5930 -->\n\n<article id=\"post-5919\" class=\"clearfix\">\n\n\t<a href=\"https:\/\/elfuerte.cl\/web\/2026\/04\/13\/valdivia-refuerza-su-identidad-productiva-con-tercera-fiesta-de-la-manzana-y-la-sidra\/\" class=\"gem-slider-blog-link\"><\/a>\n\n\t<div class=\"gem-slider-item-image\" style=\"background: url('https:\/\/elfuerte.cl\/web\/wp-content\/uploads\/2026\/04\/portada-2026-04-13T192657.162.jpg') no-repeat 50% 50% \/ cover;\">\n\t\t<img src=\"https:\/\/elfuerte.cl\/web\/wp-content\/uploads\/2026\/04\/portada-2026-04-13T192657.162.jpg\"  style=\"visibility: hidden;\">\n\t<\/div>\n\n\t<div class=\"gem-slider-item-overlay\">\n\t\t<div class=\"gem-compact-item-content\">\n\t\t\t\t\t\t\t<div class=\"post-title\">\n\t\t\t\t\t<h5 class=\"entry-title reverse-link-color\"><span class=\"entry-title-date\"><\/span><span class=\"light\">Valdivia refuerza su identidad productiva con tercera Fiesta de la Manzana y la Sidra<\/span><\/h5>\t\t\t\t<\/div>\n\t\t\t\n\t\t\t\t\t\t\t<div class=\"post-text date-color\">\n\t\t\t\t\t<div class=\"summary\">\n\t\t\t\t\t\t\t\t\t\t\t\t\t<p>El evento, que se realizar\u00e1 este fin de semana en el Parque Saval, incorpora por primera vez una copa internacional y actividades que buscan posicionar a la regi\u00f3n como referente en producci\u00f3n sidr\u00edcola.<\/p>\n\t\t\t\t\t\t\t\t\t\t\t<\/div>\n\t\t\t\t<\/div>\n\t\t\t\n\t\t<\/div>\n\t\t<div class=\"post-meta date-color\">\n\t\t\t<div class=\"entry-meta clearfix gem-post-date\">\n\t\t\t\t<div class=\"post-meta-right\">\n\t\t\t\t\t\t\t\t\t\t\n\t\t\t\t\t\n\t\t\t\t<\/div>\n\t\t\t\t<div class=\"post-meta-left\">\n\t\t\t\t\t\t\t\t\t\t\t<span class=\"post-meta-author\">\n\t\t\t\t\t\t\t\t\t\tPor <a href=\"https:\/\/elfuerte.cl\/web\" title=\"Visitar el sitio de Prensa El Fuerte\" rel=\"author external\">Prensa El Fuerte<\/a>\t\t\t\t\t\t\t\t\t<\/span>\n\t\t\t\t\t\t\t\t\t<\/div>\n\t\t\t<\/div><!-- .entry-meta -->\n\t\t<\/div>\n\n\t\t\t\t\t<div class=\"gem-blog-slider-navigation\">\n\t\t\t\t<a href=\"#\" class=\"gem-blog-slider-prev gem-button gem-button-size-tiny\">\n\t\t\t\t\t<i aria-hidden=\"true\" class=\"gem-print-icon gem-icon-prev gem-elegant arrow-carrot-left\"><\/i>\t\t\t\t<\/a>\n\t\t\t\t<a href=\"#\" class=\"gem-blog-slider-next gem-button gem-button-size-tiny\">\n\t\t\t\t\t<i aria-hidden=\"true\" class=\"gem-print-icon gem-icon-prev gem-elegant arrow-carrot-right\"><\/i>\t\t\t\t<\/a>\n\t\t\t<\/div>\n\t\t\t<\/div>\n<\/article><!-- #post-5919 -->\n\n<article id=\"post-5908\" class=\"clearfix\">\n\n\t<a href=\"https:\/\/elfuerte.cl\/web\/2026\/04\/13\/obras-en-general-lagos-entran-en-su-recta-final-y-buscan-evitar-colapsos-en-el-sistema-sanitario-de-valdivia\/\" class=\"gem-slider-blog-link\"><\/a>\n\n\t<div class=\"gem-slider-item-image\" style=\"background: url('https:\/\/elfuerte.cl\/web\/wp-content\/uploads\/2026\/04\/portada-def-1.jpg') no-repeat 50% 50% \/ cover;\">\n\t\t<img src=\"https:\/\/elfuerte.cl\/web\/wp-content\/uploads\/2026\/04\/portada-def-1.jpg\"  style=\"visibility: hidden;\">\n\t<\/div>\n\n\t<div class=\"gem-slider-item-overlay\">\n\t\t<div class=\"gem-compact-item-content\">\n\t\t\t\t\t\t\t<div class=\"post-title\">\n\t\t\t\t\t<h5 class=\"entry-title reverse-link-color\"><span class=\"entry-title-date\"><\/span><span class=\"light\">Obras en General Lagos entran en su recta final y buscan evitar colapsos en el sistema sanitario de Valdivia<\/span><\/h5>\t\t\t\t<\/div>\n\t\t\t\n\t\t\t\t\t\t\t<div class=\"post-text date-color\">\n\t\t\t\t\t<div class=\"summary\">\n\t\t\t\t\t\t\t\t\t\t\t\t\t<p>El proyecto, ejecutado por Aguas D\u00e9cima, considera una inversi\u00f3n superior a los $1.500 millones y apunta a reforzar la capacidad del alcantarillado en uno de los sectores m\u00e1s sensibles de la ciudad.<\/p>\n\t\t\t\t\t\t\t\t\t\t\t<\/div>\n\t\t\t\t<\/div>\n\t\t\t\n\t\t<\/div>\n\t\t<div class=\"post-meta date-color\">\n\t\t\t<div class=\"entry-meta clearfix gem-post-date\">\n\t\t\t\t<div class=\"post-meta-right\">\n\t\t\t\t\t\t\t\t\t\t\n\t\t\t\t\t\n\t\t\t\t<\/div>\n\t\t\t\t<div class=\"post-meta-left\">\n\t\t\t\t\t\t\t\t\t\t\t<span class=\"post-meta-author\">\n\t\t\t\t\t\t\t\t\t\tPor <a href=\"https:\/\/elfuerte.cl\/web\" title=\"Visitar el sitio de Prensa El Fuerte\" rel=\"author external\">Prensa El Fuerte<\/a>\t\t\t\t\t\t\t\t\t<\/span>\n\t\t\t\t\t\t\t\t\t<\/div>\n\t\t\t<\/div><!-- .entry-meta -->\n\t\t<\/div>\n\n\t\t\t\t\t<div class=\"gem-blog-slider-navigation\">\n\t\t\t\t<a href=\"#\" class=\"gem-blog-slider-prev gem-button gem-button-size-tiny\">\n\t\t\t\t\t<i aria-hidden=\"true\" class=\"gem-print-icon gem-icon-prev gem-elegant arrow-carrot-left\"><\/i>\t\t\t\t<\/a>\n\t\t\t\t<a href=\"#\" class=\"gem-blog-slider-next gem-button gem-button-size-tiny\">\n\t\t\t\t\t<i aria-hidden=\"true\" class=\"gem-print-icon gem-icon-prev gem-elegant arrow-carrot-right\"><\/i>\t\t\t\t<\/a>\n\t\t\t<\/div>\n\t\t\t<\/div>\n<\/article><!-- #post-5908 -->\n\n<article id=\"post-5900\" class=\"clearfix\">\n\n\t<a href=\"https:\/\/elfuerte.cl\/web\/2026\/04\/13\/puerto-varas-sera-sede-del-mayor-evento-de-innovacion-del-sur-desde-este-jueves\/\" class=\"gem-slider-blog-link\"><\/a>\n\n\t<div class=\"gem-slider-item-image\" style=\"background: url('https:\/\/elfuerte.cl\/web\/wp-content\/uploads\/2026\/04\/portada-79.jpg') no-repeat 50% 50% \/ cover;\">\n\t\t<img src=\"https:\/\/elfuerte.cl\/web\/wp-content\/uploads\/2026\/04\/portada-79.jpg\"  style=\"visibility: hidden;\">\n\t<\/div>\n\n\t<div class=\"gem-slider-item-overlay\">\n\t\t<div class=\"gem-compact-item-content\">\n\t\t\t\t\t\t\t<div class=\"post-title\">\n\t\t\t\t\t<h5 class=\"entry-title reverse-link-color\"><span class=\"entry-title-date\"><\/span><span class=\"light\">Puerto Varas ser\u00e1 sede del mayor evento de innovaci\u00f3n del sur desde este jueves<\/span><\/h5>\t\t\t\t<\/div>\n\t\t\t\n\t\t\t\t\t\t\t<div class=\"post-text date-color\">\n\t\t\t\t\t<div class=\"summary\">\n\t\t\t\t\t\t\t\t\t\t\t\t\t<p>El Innovation &#038; Technology Summit 2026 reunir\u00e1 a m\u00e1s de 800 asistentes, con charlas, paneles y una feria tecnol\u00f3gica durante dos jornadas en la ciudad lacustre.<\/p>\n\t\t\t\t\t\t\t\t\t\t\t<\/div>\n\t\t\t\t<\/div>\n\t\t\t\n\t\t<\/div>\n\t\t<div class=\"post-meta date-color\">\n\t\t\t<div class=\"entry-meta clearfix gem-post-date\">\n\t\t\t\t<div class=\"post-meta-right\">\n\t\t\t\t\t\t\t\t\t\t\n\t\t\t\t\t\n\t\t\t\t<\/div>\n\t\t\t\t<div class=\"post-meta-left\">\n\t\t\t\t\t\t\t\t\t\t\t<span class=\"post-meta-author\">\n\t\t\t\t\t\t\t\t\t\tPor <a href=\"https:\/\/elfuerte.cl\/web\" title=\"Visitar el sitio de Prensa El Fuerte\" rel=\"author external\">Prensa El Fuerte<\/a>\t\t\t\t\t\t\t\t\t<\/span>\n\t\t\t\t\t\t\t\t\t<\/div>\n\t\t\t<\/div><!-- .entry-meta -->\n\t\t<\/div>\n\n\t\t\t\t\t<div class=\"gem-blog-slider-navigation\">\n\t\t\t\t<a href=\"#\" class=\"gem-blog-slider-prev gem-button gem-button-size-tiny\">\n\t\t\t\t\t<i aria-hidden=\"true\" class=\"gem-print-icon gem-icon-prev gem-elegant arrow-carrot-left\"><\/i>\t\t\t\t<\/a>\n\t\t\t\t<a href=\"#\" class=\"gem-blog-slider-next gem-button gem-button-size-tiny\">\n\t\t\t\t\t<i aria-hidden=\"true\" class=\"gem-print-icon gem-icon-prev gem-elegant arrow-carrot-right\"><\/i>\t\t\t\t<\/a>\n\t\t\t<\/div>\n\t\t\t<\/div>\n<\/article><!-- #post-5900 -->\n\n<article id=\"post-5880\" class=\"clearfix\">\n\n\t<a href=\"https:\/\/elfuerte.cl\/web\/2026\/04\/13\/el-gigante-y-los-ninos-wara-wara-en-san-pedro-de-la-paz\/\" class=\"gem-slider-blog-link\"><\/a>\n\n\t<div class=\"gem-slider-item-image\" style=\"background: url('https:\/\/elfuerte.cl\/web\/wp-content\/uploads\/2026\/04\/bannerwara2.jpg') no-repeat 50% 50% \/ cover;\">\n\t\t<img src=\"https:\/\/elfuerte.cl\/web\/wp-content\/uploads\/2026\/04\/bannerwara2.jpg\"  style=\"visibility: hidden;\">\n\t<\/div>\n\n\t<div class=\"gem-slider-item-overlay\">\n\t\t<div class=\"gem-compact-item-content\">\n\t\t\t\t\t\t\t<div class=\"post-title\">\n\t\t\t\t\t<h5 class=\"entry-title reverse-link-color\"><span class=\"entry-title-date\"><\/span><span class=\"light\">El Gigante y los Ni\u00f1os Wara Wara en San Pedro de la Paz<\/span><\/h5>\t\t\t\t<\/div>\n\t\t\t\n\t\t\t\t\t\t\t<div class=\"post-text date-color\">\n\t\t\t\t\t<div class=\"summary\">\n\t\t\t\t\t\t\t\t\t\t\t\t\t<p>El s\u00e1bado 11 de abril, la cultura y participaci\u00f3n ciudadana caminaron por las calles de San Pedro de la Paz, con el exitoso pasacalle: \u201cEl Gigante y los Ni\u00f1os Wara Wara\u201d. Actividad que reuni\u00f3 a numerosas familias de la comuna.<\/p>\n\t\t\t\t\t\t\t\t\t\t\t<\/div>\n\t\t\t\t<\/div>\n\t\t\t\n\t\t<\/div>\n\t\t<div class=\"post-meta date-color\">\n\t\t\t<div class=\"entry-meta clearfix gem-post-date\">\n\t\t\t\t<div class=\"post-meta-right\">\n\t\t\t\t\t\t\t\t\t\t\n\t\t\t\t\t\n\t\t\t\t<\/div>\n\t\t\t\t<div class=\"post-meta-left\">\n\t\t\t\t\t\t\t\t\t\t\t<span class=\"post-meta-author\">\n\t\t\t\t\t\t\t\t\t\tPor <a href=\"https:\/\/elfuerte.cl\/web\" title=\"Visitar el sitio de Prensa El Fuerte\" rel=\"author external\">Prensa El Fuerte<\/a>\t\t\t\t\t\t\t\t\t<\/span>\n\t\t\t\t\t\t\t\t\t<\/div>\n\t\t\t<\/div><!-- .entry-meta -->\n\t\t<\/div>\n\n\t\t\t\t\t<div class=\"gem-blog-slider-navigation\">\n\t\t\t\t<a href=\"#\" class=\"gem-blog-slider-prev gem-button gem-button-size-tiny\">\n\t\t\t\t\t<i aria-hidden=\"true\" class=\"gem-print-icon gem-icon-prev gem-elegant arrow-carrot-left\"><\/i>\t\t\t\t<\/a>\n\t\t\t\t<a href=\"#\" class=\"gem-blog-slider-next gem-button gem-button-size-tiny\">\n\t\t\t\t\t<i aria-hidden=\"true\" class=\"gem-print-icon gem-icon-prev gem-elegant arrow-carrot-right\"><\/i>\t\t\t\t<\/a>\n\t\t\t<\/div>\n\t\t\t<\/div>\n<\/article><!-- #post-5880 -->\n\n<article id=\"post-5867\" class=\"clearfix\">\n\n\t<a href=\"https:\/\/elfuerte.cl\/web\/2026\/04\/11\/osorno-se-llena-de-sabores-musica-y-tradicion-con-la-primera-version-de-ruralisima-2026\/\" class=\"gem-slider-blog-link\"><\/a>\n\n\t<div class=\"gem-slider-item-image\" style=\"background: url('https:\/\/elfuerte.cl\/web\/wp-content\/uploads\/2026\/04\/portada-def.jpg') no-repeat 50% 50% \/ cover;\">\n\t\t<img src=\"https:\/\/elfuerte.cl\/web\/wp-content\/uploads\/2026\/04\/portada-def.jpg\"  style=\"visibility: hidden;\">\n\t<\/div>\n\n\t<div class=\"gem-slider-item-overlay\">\n\t\t<div class=\"gem-compact-item-content\">\n\t\t\t\t\t\t\t<div class=\"post-title\">\n\t\t\t\t\t<h5 class=\"entry-title reverse-link-color\"><span class=\"entry-title-date\"><\/span><span class=\"light\">Osorno se llena de sabores, m\u00fasica y tradici\u00f3n con la primera versi\u00f3n de \u201cRural\u00edsima 2026\u201d<\/span><\/h5>\t\t\t\t<\/div>\n\t\t\t\n\t\t\t\t\t\t\t<div class=\"post-text date-color\">\n\t\t\t\t\t<div class=\"summary\">\n\t\t\t\t\t\t\t\t\t\t\t\t\t<p>La comunidad est\u00e1 invitada a disfrutar este s\u00e1bado de una jornada que reunir\u00e1 gastronom\u00eda, artesan\u00eda y cultura campesina en la Plaza de Armas, con actividades durante todo el d\u00eda.<\/p>\n\t\t\t\t\t\t\t\t\t\t\t<\/div>\n\t\t\t\t<\/div>\n\t\t\t\n\t\t<\/div>\n\t\t<div class=\"post-meta date-color\">\n\t\t\t<div class=\"entry-meta clearfix gem-post-date\">\n\t\t\t\t<div class=\"post-meta-right\">\n\t\t\t\t\t\t\t\t\t\t\n\t\t\t\t\t\n\t\t\t\t<\/div>\n\t\t\t\t<div class=\"post-meta-left\">\n\t\t\t\t\t\t\t\t\t\t\t<span class=\"post-meta-author\">\n\t\t\t\t\t\t\t\t\t\tPor <a href=\"https:\/\/elfuerte.cl\/web\" title=\"Visitar el sitio de Prensa El Fuerte\" rel=\"author external\">Prensa El Fuerte<\/a>\t\t\t\t\t\t\t\t\t<\/span>\n\t\t\t\t\t\t\t\t\t<\/div>\n\t\t\t<\/div><!-- .entry-meta -->\n\t\t<\/div>\n\n\t\t\t\t\t<div class=\"gem-blog-slider-navigation\">\n\t\t\t\t<a href=\"#\" class=\"gem-blog-slider-prev gem-button gem-button-size-tiny\">\n\t\t\t\t\t<i aria-hidden=\"true\" class=\"gem-print-icon gem-icon-prev gem-elegant arrow-carrot-left\"><\/i>\t\t\t\t<\/a>\n\t\t\t\t<a href=\"#\" class=\"gem-blog-slider-next gem-button gem-button-size-tiny\">\n\t\t\t\t\t<i aria-hidden=\"true\" class=\"gem-print-icon gem-icon-prev gem-elegant arrow-carrot-right\"><\/i>\t\t\t\t<\/a>\n\t\t\t<\/div>\n\t\t\t<\/div>\n<\/article><!-- #post-5867 -->\n\n<article id=\"post-5859\" class=\"clearfix\">\n\n\t<a href=\"https:\/\/elfuerte.cl\/web\/2026\/04\/11\/tolten-busca-fortalecer-su-desarrollo-productivo-en-medio-de-brechas-en-la-costa-de-la-araucania\/\" class=\"gem-slider-blog-link\"><\/a>\n\n\t<div class=\"gem-slider-item-image\" style=\"background: url('https:\/\/elfuerte.cl\/web\/wp-content\/uploads\/2026\/04\/portada-2026-04-11T103604.227.jpg') no-repeat 50% 50% \/ cover;\">\n\t\t<img src=\"https:\/\/elfuerte.cl\/web\/wp-content\/uploads\/2026\/04\/portada-2026-04-11T103604.227.jpg\"  style=\"visibility: hidden;\">\n\t<\/div>\n\n\t<div class=\"gem-slider-item-overlay\">\n\t\t<div class=\"gem-compact-item-content\">\n\t\t\t\t\t\t\t<div class=\"post-title\">\n\t\t\t\t\t<h5 class=\"entry-title reverse-link-color\"><span class=\"entry-title-date\"><\/span><span class=\"light\">Tolt\u00e9n busca fortalecer su desarrollo productivo en medio de brechas en la costa de La Araucan\u00eda<\/span><\/h5>\t\t\t\t<\/div>\n\t\t\t\n\t\t\t\t\t\t\t<div class=\"post-text date-color\">\n\t\t\t\t\t<div class=\"summary\">\n\t\t\t\t\t\t\t\t\t\t\t\t\t<p>La comuna concentra gran parte de la actividad pesquera regional, pero enfrenta importantes desaf\u00edos en infraestructura y servicios b\u00e1sicos, los que fueron abordados en una jornada de trabajo con autoridades y organizaciones locales.<\/p>\n\t\t\t\t\t\t\t\t\t\t\t<\/div>\n\t\t\t\t<\/div>\n\t\t\t\n\t\t<\/div>\n\t\t<div class=\"post-meta date-color\">\n\t\t\t<div class=\"entry-meta clearfix gem-post-date\">\n\t\t\t\t<div class=\"post-meta-right\">\n\t\t\t\t\t\t\t\t\t\t\n\t\t\t\t\t\n\t\t\t\t<\/div>\n\t\t\t\t<div class=\"post-meta-left\">\n\t\t\t\t\t\t\t\t\t\t\t<span class=\"post-meta-author\">\n\t\t\t\t\t\t\t\t\t\tPor <a href=\"https:\/\/elfuerte.cl\/web\" title=\"Visitar el sitio de Prensa El Fuerte\" rel=\"author external\">Prensa El Fuerte<\/a>\t\t\t\t\t\t\t\t\t<\/span>\n\t\t\t\t\t\t\t\t\t<\/div>\n\t\t\t<\/div><!-- .entry-meta -->\n\t\t<\/div>\n\n\t\t\t\t\t<div class=\"gem-blog-slider-navigation\">\n\t\t\t\t<a href=\"#\" class=\"gem-blog-slider-prev gem-button gem-button-size-tiny\">\n\t\t\t\t\t<i aria-hidden=\"true\" class=\"gem-print-icon gem-icon-prev gem-elegant arrow-carrot-left\"><\/i>\t\t\t\t<\/a>\n\t\t\t\t<a href=\"#\" class=\"gem-blog-slider-next gem-button gem-button-size-tiny\">\n\t\t\t\t\t<i aria-hidden=\"true\" class=\"gem-print-icon gem-icon-prev gem-elegant arrow-carrot-right\"><\/i>\t\t\t\t<\/a>\n\t\t\t<\/div>\n\t\t\t<\/div>\n<\/article><!-- #post-5859 -->\n\n<article id=\"post-5852\" class=\"clearfix\">\n\n\t<a href=\"https:\/\/elfuerte.cl\/web\/2026\/04\/10\/delegado-julio-anativia-destaca-primer-mes-de-gestion-con-visita-presidencial-y-despliegue-ministerial-en-el-biobio\/\" class=\"gem-slider-blog-link\"><\/a>\n\n\t<div class=\"gem-slider-item-image\" style=\"background: url('https:\/\/elfuerte.cl\/web\/wp-content\/uploads\/2026\/04\/portada-2026-04-10T191452.482.jpg') no-repeat 50% 50% \/ cover;\">\n\t\t<img src=\"https:\/\/elfuerte.cl\/web\/wp-content\/uploads\/2026\/04\/portada-2026-04-10T191452.482.jpg\"  style=\"visibility: hidden;\">\n\t<\/div>\n\n\t<div class=\"gem-slider-item-overlay\">\n\t\t<div class=\"gem-compact-item-content\">\n\t\t\t\t\t\t\t<div class=\"post-title\">\n\t\t\t\t\t<h5 class=\"entry-title reverse-link-color\"><span class=\"entry-title-date\"><\/span><span class=\"light\">Delegado Julio Anativia destaca primer mes de gesti\u00f3n con visita presidencial y despliegue ministerial en el Biob\u00edo<\/span><\/h5>\t\t\t\t<\/div>\n\t\t\t\n\t\t\t\t\t\t\t<div class=\"post-text date-color\">\n\t\t\t\t\t<div class=\"summary\">\n\t\t\t\t\t\t\t\t\t\t\t\t\t<p>La autoridad de gobierno en la Regi\u00f3n del Biob\u00edo relev\u00f3 la presencia del Presidente de la Rep\u00fablica y nueve ministros en el territorio junto con el avance de medidas en seguridad, econom\u00eda y reconstrucci\u00f3n.<\/p>\n\t\t\t\t\t\t\t\t\t\t\t<\/div>\n\t\t\t\t<\/div>\n\t\t\t\n\t\t<\/div>\n\t\t<div class=\"post-meta date-color\">\n\t\t\t<div class=\"entry-meta clearfix gem-post-date\">\n\t\t\t\t<div class=\"post-meta-right\">\n\t\t\t\t\t\t\t\t\t\t\n\t\t\t\t\t\n\t\t\t\t<\/div>\n\t\t\t\t<div class=\"post-meta-left\">\n\t\t\t\t\t\t\t\t\t\t\t<span class=\"post-meta-author\">\n\t\t\t\t\t\t\t\t\t\tPor <a href=\"https:\/\/elfuerte.cl\/web\" title=\"Visitar el sitio de Prensa El Fuerte\" rel=\"author external\">Prensa El Fuerte<\/a>\t\t\t\t\t\t\t\t\t<\/span>\n\t\t\t\t\t\t\t\t\t<\/div>\n\t\t\t<\/div><!-- .entry-meta -->\n\t\t<\/div>\n\n\t\t\t\t\t<div class=\"gem-blog-slider-navigation\">\n\t\t\t\t<a href=\"#\" class=\"gem-blog-slider-prev gem-button gem-button-size-tiny\">\n\t\t\t\t\t<i aria-hidden=\"true\" class=\"gem-print-icon gem-icon-prev gem-elegant arrow-carrot-left\"><\/i>\t\t\t\t<\/a>\n\t\t\t\t<a href=\"#\" class=\"gem-blog-slider-next gem-button gem-button-size-tiny\">\n\t\t\t\t\t<i aria-hidden=\"true\" class=\"gem-print-icon gem-icon-prev gem-elegant arrow-carrot-right\"><\/i>\t\t\t\t<\/a>\n\t\t\t<\/div>\n\t\t\t<\/div>\n<\/article><!-- #post-5852 -->\n\n<article id=\"post-5843\" class=\"clearfix\">\n\n\t<a href=\"https:\/\/elfuerte.cl\/web\/2026\/04\/10\/proyecto-para-reconstruir-el-mercado-de-temuco-avanza-al-core-tras-superar-su-principal-traba-tecnica\/\" class=\"gem-slider-blog-link\"><\/a>\n\n\t<div class=\"gem-slider-item-image\" style=\"background: url('https:\/\/elfuerte.cl\/web\/wp-content\/uploads\/2026\/04\/portada-2026-04-10T184949.290-1.jpg') no-repeat 50% 50% \/ cover;\">\n\t\t<img src=\"https:\/\/elfuerte.cl\/web\/wp-content\/uploads\/2026\/04\/portada-2026-04-10T184949.290-1.jpg\"  style=\"visibility: hidden;\">\n\t<\/div>\n\n\t<div class=\"gem-slider-item-overlay\">\n\t\t<div class=\"gem-compact-item-content\">\n\t\t\t\t\t\t\t<div class=\"post-title\">\n\t\t\t\t\t<h5 class=\"entry-title reverse-link-color\"><span class=\"entry-title-date\"><\/span><span class=\"light\">Proyecto para reconstruir el Mercado de Temuco avanza al CORE tras superar su principal traba t\u00e9cnica<\/span><\/h5>\t\t\t\t<\/div>\n\t\t\t\n\t\t\t\t\t\t\t<div class=\"post-text date-color\">\n\t\t\t\t\t<div class=\"summary\">\n\t\t\t\t\t\t\t\t\t\t\t\t\t<p>El Gobierno Regional ingres\u00f3 el financiamiento luego de que el proyecto obtuviera la recomendaci\u00f3n favorable del Ministerio de Desarrollo Social, requisito que durante meses impidi\u00f3 su tramitaci\u00f3n y mantuvo en suspenso una obra emblem\u00e1tica para la ciudad.<\/p>\n\t\t\t\t\t\t\t\t\t\t\t<\/div>\n\t\t\t\t<\/div>\n\t\t\t\n\t\t<\/div>\n\t\t<div class=\"post-meta date-color\">\n\t\t\t<div class=\"entry-meta clearfix gem-post-date\">\n\t\t\t\t<div class=\"post-meta-right\">\n\t\t\t\t\t\t\t\t\t\t\n\t\t\t\t\t\n\t\t\t\t<\/div>\n\t\t\t\t<div class=\"post-meta-left\">\n\t\t\t\t\t\t\t\t\t\t\t<span class=\"post-meta-author\">\n\t\t\t\t\t\t\t\t\t\tPor <a href=\"https:\/\/elfuerte.cl\/web\" title=\"Visitar el sitio de Prensa El Fuerte\" rel=\"author external\">Prensa El Fuerte<\/a>\t\t\t\t\t\t\t\t\t<\/span>\n\t\t\t\t\t\t\t\t\t<\/div>\n\t\t\t<\/div><!-- .entry-meta -->\n\t\t<\/div>\n\n\t\t\t\t\t<div class=\"gem-blog-slider-navigation\">\n\t\t\t\t<a href=\"#\" class=\"gem-blog-slider-prev gem-button gem-button-size-tiny\">\n\t\t\t\t\t<i aria-hidden=\"true\" class=\"gem-print-icon gem-icon-prev gem-elegant arrow-carrot-left\"><\/i>\t\t\t\t<\/a>\n\t\t\t\t<a href=\"#\" class=\"gem-blog-slider-next gem-button gem-button-size-tiny\">\n\t\t\t\t\t<i aria-hidden=\"true\" class=\"gem-print-icon gem-icon-prev gem-elegant arrow-carrot-right\"><\/i>\t\t\t\t<\/a>\n\t\t\t<\/div>\n\t\t\t<\/div>\n<\/article><!-- #post-5843 -->\n\n<article id=\"post-5833\" class=\"clearfix\">\n\n\t<a href=\"https:\/\/elfuerte.cl\/web\/2026\/04\/10\/productora-campesina-de-los-rios-participa-en-nam-santiago-2026-junto-a-delegacion-de-indap\/\" class=\"gem-slider-blog-link\"><\/a>\n\n\t<div class=\"gem-slider-item-image\" style=\"background: url('https:\/\/elfuerte.cl\/web\/wp-content\/uploads\/2026\/04\/Nam-4.png') no-repeat 50% 50% \/ cover;\">\n\t\t<img src=\"https:\/\/elfuerte.cl\/web\/wp-content\/uploads\/2026\/04\/Nam-4.png\"  style=\"visibility: hidden;\">\n\t<\/div>\n\n\t<div class=\"gem-slider-item-overlay\">\n\t\t<div class=\"gem-compact-item-content\">\n\t\t\t\t\t\t\t<div class=\"post-title\">\n\t\t\t\t\t<h5 class=\"entry-title reverse-link-color\"><span class=\"entry-title-date\"><\/span><span class=\"light\">Productora campesina de Los R\u00edos participa en \u00d1am Santiago 2026 junto a delegaci\u00f3n de INDAP<\/span><\/h5>\t\t\t\t<\/div>\n\t\t\t\n\t\t\t\t\t\t\t<div class=\"post-text date-color\">\n\t\t\t\t\t<div class=\"summary\">\n\t\t\t\t\t\t\t\t\t\t\t\t\t<p>El encuentro gastron\u00f3mico, que se desarrolla desde este viernes y se extender\u00e1 hasta el domingo en Santiago, re\u00fane a miles de visitantes y contempla la participaci\u00f3n de una delegaci\u00f3n nacional de la Agricultura Familiar Campesina impulsada por INDAP.<\/p>\n\t\t\t\t\t\t\t\t\t\t\t<\/div>\n\t\t\t\t<\/div>\n\t\t\t\n\t\t<\/div>\n\t\t<div class=\"post-meta date-color\">\n\t\t\t<div class=\"entry-meta clearfix gem-post-date\">\n\t\t\t\t<div class=\"post-meta-right\">\n\t\t\t\t\t\t\t\t\t\t\n\t\t\t\t\t\n\t\t\t\t<\/div>\n\t\t\t\t<div class=\"post-meta-left\">\n\t\t\t\t\t\t\t\t\t\t\t<span class=\"post-meta-author\">\n\t\t\t\t\t\t\t\t\t\tPor <a href=\"https:\/\/elfuerte.cl\/web\" title=\"Visitar el sitio de Prensa El Fuerte\" rel=\"author external\">Prensa El Fuerte<\/a>\t\t\t\t\t\t\t\t\t<\/span>\n\t\t\t\t\t\t\t\t\t<\/div>\n\t\t\t<\/div><!-- .entry-meta -->\n\t\t<\/div>\n\n\t\t\t\t\t<div class=\"gem-blog-slider-navigation\">\n\t\t\t\t<a href=\"#\" class=\"gem-blog-slider-prev gem-button gem-button-size-tiny\">\n\t\t\t\t\t<i aria-hidden=\"true\" class=\"gem-print-icon gem-icon-prev gem-elegant arrow-carrot-left\"><\/i>\t\t\t\t<\/a>\n\t\t\t\t<a href=\"#\" class=\"gem-blog-slider-next gem-button gem-button-size-tiny\">\n\t\t\t\t\t<i aria-hidden=\"true\" class=\"gem-print-icon gem-icon-prev gem-elegant arrow-carrot-right\"><\/i>\t\t\t\t<\/a>\n\t\t\t<\/div>\n\t\t\t<\/div>\n<\/article><!-- #post-5833 -->\n\n<article id=\"post-5819\" class=\"clearfix\">\n\n\t<a href=\"https:\/\/elfuerte.cl\/web\/2026\/04\/10\/las-impresionantes-imagenes-del-lado-oculto-de-la-luna-marcan-el-regreso-de-artemis-ii\/\" class=\"gem-slider-blog-link\"><\/a>\n\n\t<div class=\"gem-slider-item-image\" style=\"background: url('https:\/\/elfuerte.cl\/web\/wp-content\/uploads\/2026\/04\/b1.jpg') no-repeat 50% 50% \/ cover;\">\n\t\t<img src=\"https:\/\/elfuerte.cl\/web\/wp-content\/uploads\/2026\/04\/b1.jpg\"  style=\"visibility: hidden;\">\n\t<\/div>\n\n\t<div class=\"gem-slider-item-overlay\">\n\t\t<div class=\"gem-compact-item-content\">\n\t\t\t\t\t\t\t<div class=\"post-title\">\n\t\t\t\t\t<h5 class=\"entry-title reverse-link-color\"><span class=\"entry-title-date\"><\/span><span class=\"light\">Las impresionantes im\u00e1genes del lado oculto de la Luna marcan el regreso de Artemis II<\/span><\/h5>\t\t\t\t<\/div>\n\t\t\t\n\t\t\t\t\t\t\t<div class=\"post-text date-color\">\n\t\t\t\t\t<div class=\"summary\">\n\t\t\t\t\t\t\t\t\t\t\t\t\t<p>La misi\u00f3n Artemis II de la NASA est\u00e1 de regreso a la Tierra tras completar un hist\u00f3rico viaje alrededor de la Luna, el primero con astronautas en m\u00e1s de 50 a\u00f1os.<\/p>\n\t\t\t\t\t\t\t\t\t\t\t<\/div>\n\t\t\t\t<\/div>\n\t\t\t\n\t\t<\/div>\n\t\t<div class=\"post-meta date-color\">\n\t\t\t<div class=\"entry-meta clearfix gem-post-date\">\n\t\t\t\t<div class=\"post-meta-right\">\n\t\t\t\t\t\t\t\t\t\t\n\t\t\t\t\t\n\t\t\t\t<\/div>\n\t\t\t\t<div class=\"post-meta-left\">\n\t\t\t\t\t\t\t\t\t\t\t<span class=\"post-meta-author\">\n\t\t\t\t\t\t\t\t\t\tPor <a href=\"https:\/\/elfuerte.cl\/web\" title=\"Visitar el sitio de Prensa El Fuerte\" rel=\"author external\">Prensa El Fuerte<\/a>\t\t\t\t\t\t\t\t\t<\/span>\n\t\t\t\t\t\t\t\t\t<\/div>\n\t\t\t<\/div><!-- .entry-meta -->\n\t\t<\/div>\n\n\t\t\t\t\t<div class=\"gem-blog-slider-navigation\">\n\t\t\t\t<a href=\"#\" class=\"gem-blog-slider-prev gem-button gem-button-size-tiny\">\n\t\t\t\t\t<i aria-hidden=\"true\" class=\"gem-print-icon gem-icon-prev gem-elegant arrow-carrot-left\"><\/i>\t\t\t\t<\/a>\n\t\t\t\t<a href=\"#\" class=\"gem-blog-slider-next gem-button gem-button-size-tiny\">\n\t\t\t\t\t<i aria-hidden=\"true\" class=\"gem-print-icon gem-icon-prev gem-elegant arrow-carrot-right\"><\/i>\t\t\t\t<\/a>\n\t\t\t<\/div>\n\t\t\t<\/div>\n<\/article><!-- #post-5819 -->\n\n<article id=\"post-5812\" class=\"clearfix\">\n\n\t<a href=\"https:\/\/elfuerte.cl\/web\/2026\/04\/10\/amenazas-en-colegios-de-los-rios-obligan-a-suspender-clases-en-cuatro-establecimientos-durante-este-viernes\/\" class=\"gem-slider-blog-link\"><\/a>\n\n\t<div class=\"gem-slider-item-image\" style=\"background: url('https:\/\/elfuerte.cl\/web\/wp-content\/uploads\/2026\/04\/portada-2026-04-10T125253.115.jpg') no-repeat 50% 50% \/ cover;\">\n\t\t<img src=\"https:\/\/elfuerte.cl\/web\/wp-content\/uploads\/2026\/04\/portada-2026-04-10T125253.115.jpg\"  style=\"visibility: hidden;\">\n\t<\/div>\n\n\t<div class=\"gem-slider-item-overlay\">\n\t\t<div class=\"gem-compact-item-content\">\n\t\t\t\t\t\t\t<div class=\"post-title\">\n\t\t\t\t\t<h5 class=\"entry-title reverse-link-color\"><span class=\"entry-title-date\"><\/span><span class=\"light\">Amenazas en colegios de Los R\u00edos obligan a suspender clases en cuatro establecimientos durante este viernes<\/span><\/h5>\t\t\t\t<\/div>\n\t\t\t\n\t\t\t\t\t\t\t<div class=\"post-text date-color\">\n\t\t\t\t\t<div class=\"summary\">\n\t\t\t\t\t\t\t\t\t\t\t\t\t<p>Casos en Mariquina, M\u00e1fil y R\u00edo Bueno encendieron alertas en comunidades educativas, en medio de un escenario que ya hab\u00eda sido advertido a nivel nacional.<\/p>\n\t\t\t\t\t\t\t\t\t\t\t<\/div>\n\t\t\t\t<\/div>\n\t\t\t\n\t\t<\/div>\n\t\t<div class=\"post-meta date-color\">\n\t\t\t<div class=\"entry-meta clearfix gem-post-date\">\n\t\t\t\t<div class=\"post-meta-right\">\n\t\t\t\t\t\t\t\t\t\t\n\t\t\t\t\t\n\t\t\t\t<\/div>\n\t\t\t\t<div class=\"post-meta-left\">\n\t\t\t\t\t\t\t\t\t\t\t<span class=\"post-meta-author\">\n\t\t\t\t\t\t\t\t\t\tPor <a href=\"https:\/\/elfuerte.cl\/web\" title=\"Visitar el sitio de Prensa El Fuerte\" rel=\"author external\">Prensa El Fuerte<\/a>\t\t\t\t\t\t\t\t\t<\/span>\n\t\t\t\t\t\t\t\t\t<\/div>\n\t\t\t<\/div><!-- .entry-meta -->\n\t\t<\/div>\n\n\t\t\t\t\t<div class=\"gem-blog-slider-navigation\">\n\t\t\t\t<a href=\"#\" class=\"gem-blog-slider-prev gem-button gem-button-size-tiny\">\n\t\t\t\t\t<i aria-hidden=\"true\" class=\"gem-print-icon gem-icon-prev gem-elegant arrow-carrot-left\"><\/i>\t\t\t\t<\/a>\n\t\t\t\t<a href=\"#\" class=\"gem-blog-slider-next gem-button gem-button-size-tiny\">\n\t\t\t\t\t<i aria-hidden=\"true\" class=\"gem-print-icon gem-icon-prev gem-elegant arrow-carrot-right\"><\/i>\t\t\t\t<\/a>\n\t\t\t<\/div>\n\t\t\t<\/div>\n<\/article><!-- #post-5812 -->\n\n<article id=\"post-5804\" class=\"clearfix\">\n\n\t<a href=\"https:\/\/elfuerte.cl\/web\/2026\/04\/10\/osorno-busca-destrabar-traslado-de-radiofarmacos-y-mejorar-acceso-a-examenes-clave-contra-el-cancer\/\" class=\"gem-slider-blog-link\"><\/a>\n\n\t<div class=\"gem-slider-item-image\" style=\"background: url('https:\/\/elfuerte.cl\/web\/wp-content\/uploads\/2026\/04\/portada-2026-04-10T110704.497.jpg') no-repeat 50% 50% \/ cover;\">\n\t\t<img src=\"https:\/\/elfuerte.cl\/web\/wp-content\/uploads\/2026\/04\/portada-2026-04-10T110704.497.jpg\"  style=\"visibility: hidden;\">\n\t<\/div>\n\n\t<div class=\"gem-slider-item-overlay\">\n\t\t<div class=\"gem-compact-item-content\">\n\t\t\t\t\t\t\t<div class=\"post-title\">\n\t\t\t\t\t<h5 class=\"entry-title reverse-link-color\"><span class=\"entry-title-date\"><\/span><span class=\"light\">Osorno busca destrabar traslado de radiof\u00e1rmacos y mejorar acceso a ex\u00e1menes clave contra el c\u00e1ncer<\/span><\/h5>\t\t\t\t<\/div>\n\t\t\t\n\t\t\t\t\t\t\t<div class=\"post-text date-color\">\n\t\t\t\t\t<div class=\"summary\">\n\t\t\t\t\t\t\t\t\t\t\t\t\t<p>Gesti\u00f3n apunta a evitar traslados de pacientes y ampliar cobertura de medicina nuclear en la provincia. La medida se encuentra en etapa de coordinaci\u00f3n entre autoridades regionales, el sector salud y la Direcci\u00f3n General de Aeron\u00e1utica Civil (DGAC).<\/p>\n\t\t\t\t\t\t\t\t\t\t\t<\/div>\n\t\t\t\t<\/div>\n\t\t\t\n\t\t<\/div>\n\t\t<div class=\"post-meta date-color\">\n\t\t\t<div class=\"entry-meta clearfix gem-post-date\">\n\t\t\t\t<div class=\"post-meta-right\">\n\t\t\t\t\t\t\t\t\t\t\n\t\t\t\t\t\n\t\t\t\t<\/div>\n\t\t\t\t<div class=\"post-meta-left\">\n\t\t\t\t\t\t\t\t\t\t\t<span class=\"post-meta-author\">\n\t\t\t\t\t\t\t\t\t\tPor <a href=\"https:\/\/elfuerte.cl\/web\" title=\"Visitar el sitio de Prensa El Fuerte\" rel=\"author external\">Prensa El Fuerte<\/a>\t\t\t\t\t\t\t\t\t<\/span>\n\t\t\t\t\t\t\t\t\t<\/div>\n\t\t\t<\/div><!-- .entry-meta -->\n\t\t<\/div>\n\n\t\t\t\t\t<div class=\"gem-blog-slider-navigation\">\n\t\t\t\t<a href=\"#\" class=\"gem-blog-slider-prev gem-button gem-button-size-tiny\">\n\t\t\t\t\t<i aria-hidden=\"true\" class=\"gem-print-icon gem-icon-prev gem-elegant arrow-carrot-left\"><\/i>\t\t\t\t<\/a>\n\t\t\t\t<a href=\"#\" class=\"gem-blog-slider-next gem-button gem-button-size-tiny\">\n\t\t\t\t\t<i aria-hidden=\"true\" class=\"gem-print-icon gem-icon-prev gem-elegant arrow-carrot-right\"><\/i>\t\t\t\t<\/a>\n\t\t\t<\/div>\n\t\t\t<\/div>\n<\/article><!-- #post-5804 -->\n\n<article id=\"post-5796\" class=\"clearfix\">\n\n\t<a href=\"https:\/\/elfuerte.cl\/web\/2026\/04\/10\/inyeccion-de-950-millones-busca-reactivar-pesca-y-turismo-en-caleta-el-huilque-de-puerto-saavedra\/\" class=\"gem-slider-blog-link\"><\/a>\n\n\t<div class=\"gem-slider-item-image\" style=\"background: url('https:\/\/elfuerte.cl\/web\/wp-content\/uploads\/2026\/04\/portada-2026-04-10T104451.523.jpg') no-repeat 50% 50% \/ cover;\">\n\t\t<img src=\"https:\/\/elfuerte.cl\/web\/wp-content\/uploads\/2026\/04\/portada-2026-04-10T104451.523.jpg\"  style=\"visibility: hidden;\">\n\t<\/div>\n\n\t<div class=\"gem-slider-item-overlay\">\n\t\t<div class=\"gem-compact-item-content\">\n\t\t\t\t\t\t\t<div class=\"post-title\">\n\t\t\t\t\t<h5 class=\"entry-title reverse-link-color\"><span class=\"entry-title-date\"><\/span><span class=\"light\">Inyecci\u00f3n de $950 millones busca reactivar pesca y  turismo en caleta El Huilque de Puerto Saavedra<\/span><\/h5>\t\t\t\t<\/div>\n\t\t\t\n\t\t\t\t\t\t\t<div class=\"post-text date-color\">\n\t\t\t\t\t<div class=\"summary\">\n\t\t\t\t\t\t\t\t\t\t\t\t\t<p>Programa permitir\u00e1 a organizaciones acceder a financiamiento directo para embarcaciones, equipamiento y desarrollo de negocios en el borde costero.<\/p>\n\t\t\t\t\t\t\t\t\t\t\t<\/div>\n\t\t\t\t<\/div>\n\t\t\t\n\t\t<\/div>\n\t\t<div class=\"post-meta date-color\">\n\t\t\t<div class=\"entry-meta clearfix gem-post-date\">\n\t\t\t\t<div class=\"post-meta-right\">\n\t\t\t\t\t\t\t\t\t\t\n\t\t\t\t\t\n\t\t\t\t<\/div>\n\t\t\t\t<div class=\"post-meta-left\">\n\t\t\t\t\t\t\t\t\t\t\t<span class=\"post-meta-author\">\n\t\t\t\t\t\t\t\t\t\tPor <a href=\"https:\/\/elfuerte.cl\/web\" title=\"Visitar el sitio de Prensa El Fuerte\" rel=\"author external\">Prensa El Fuerte<\/a>\t\t\t\t\t\t\t\t\t<\/span>\n\t\t\t\t\t\t\t\t\t<\/div>\n\t\t\t<\/div><!-- .entry-meta -->\n\t\t<\/div>\n\n\t\t\t\t\t<div class=\"gem-blog-slider-navigation\">\n\t\t\t\t<a href=\"#\" class=\"gem-blog-slider-prev gem-button gem-button-size-tiny\">\n\t\t\t\t\t<i aria-hidden=\"true\" class=\"gem-print-icon gem-icon-prev gem-elegant arrow-carrot-left\"><\/i>\t\t\t\t<\/a>\n\t\t\t\t<a href=\"#\" class=\"gem-blog-slider-next gem-button gem-button-size-tiny\">\n\t\t\t\t\t<i aria-hidden=\"true\" class=\"gem-print-icon gem-icon-prev gem-elegant arrow-carrot-right\"><\/i>\t\t\t\t<\/a>\n\t\t\t<\/div>\n\t\t\t<\/div>\n<\/article><!-- #post-5796 -->\n\n<article id=\"post-5786\" class=\"clearfix\">\n\n\t<a href=\"https:\/\/elfuerte.cl\/web\/2026\/04\/09\/san-pedro-de-la-paz-refuerza-su-red-de-salud-con-nuevos-medicos-y-aumenta-capacidad-de-atencion\/\" class=\"gem-slider-blog-link\"><\/a>\n\n\t<div class=\"gem-slider-item-image\" style=\"background: url('https:\/\/elfuerte.cl\/web\/wp-content\/uploads\/2026\/04\/portada-2026-04-09T133449.438.jpg') no-repeat 50% 50% \/ cover;\">\n\t\t<img src=\"https:\/\/elfuerte.cl\/web\/wp-content\/uploads\/2026\/04\/portada-2026-04-09T133449.438.jpg\"  style=\"visibility: hidden;\">\n\t<\/div>\n\n\t<div class=\"gem-slider-item-overlay\">\n\t\t<div class=\"gem-compact-item-content\">\n\t\t\t\t\t\t\t<div class=\"post-title\">\n\t\t\t\t\t<h5 class=\"entry-title reverse-link-color\"><span class=\"entry-title-date\"><\/span><span class=\"light\">San Pedro de la Paz refuerza su red de salud con  nuevos m\u00e9dicos y aumenta capacidad de atenci\u00f3n<\/span><\/h5>\t\t\t\t<\/div>\n\t\t\t\n\t\t\t\t\t\t\t<div class=\"post-text date-color\">\n\t\t\t\t\t<div class=\"summary\">\n\t\t\t\t\t\t\t\t\t\t\t\t\t<p>Incorporaci\u00f3n permitir\u00e1 sumar m\u00e1s de 370 horas semanales de atenci\u00f3n y reducir listas de espera en los Cesfam de la comuna.<\/p>\n\t\t\t\t\t\t\t\t\t\t\t<\/div>\n\t\t\t\t<\/div>\n\t\t\t\n\t\t<\/div>\n\t\t<div class=\"post-meta date-color\">\n\t\t\t<div class=\"entry-meta clearfix gem-post-date\">\n\t\t\t\t<div class=\"post-meta-right\">\n\t\t\t\t\t\t\t\t\t\t\n\t\t\t\t\t\n\t\t\t\t<\/div>\n\t\t\t\t<div class=\"post-meta-left\">\n\t\t\t\t\t\t\t\t\t\t\t<span class=\"post-meta-author\">\n\t\t\t\t\t\t\t\t\t\tPor <a href=\"https:\/\/elfuerte.cl\/web\" title=\"Visitar el sitio de Prensa El Fuerte\" rel=\"author external\">Prensa El Fuerte<\/a>\t\t\t\t\t\t\t\t\t<\/span>\n\t\t\t\t\t\t\t\t\t<\/div>\n\t\t\t<\/div><!-- .entry-meta -->\n\t\t<\/div>\n\n\t\t\t\t\t<div class=\"gem-blog-slider-navigation\">\n\t\t\t\t<a href=\"#\" class=\"gem-blog-slider-prev gem-button gem-button-size-tiny\">\n\t\t\t\t\t<i aria-hidden=\"true\" class=\"gem-print-icon gem-icon-prev gem-elegant arrow-carrot-left\"><\/i>\t\t\t\t<\/a>\n\t\t\t\t<a href=\"#\" class=\"gem-blog-slider-next gem-button gem-button-size-tiny\">\n\t\t\t\t\t<i aria-hidden=\"true\" class=\"gem-print-icon gem-icon-prev gem-elegant arrow-carrot-right\"><\/i>\t\t\t\t<\/a>\n\t\t\t<\/div>\n\t\t\t<\/div>\n<\/article><!-- #post-5786 -->\n\n<article id=\"post-5771\" class=\"clearfix\">\n\n\t<a href=\"https:\/\/elfuerte.cl\/web\/2026\/04\/09\/parque-junquillar-se-posiciona-como-polo-del-trail-running-tras-concurrida-carrera-en-angol\/\" class=\"gem-slider-blog-link\"><\/a>\n\n\t<div class=\"gem-slider-item-image\" style=\"background: url('https:\/\/elfuerte.cl\/web\/wp-content\/uploads\/2026\/04\/portada-2026-04-09T121557.101.jpg') no-repeat 50% 50% \/ cover;\">\n\t\t<img src=\"https:\/\/elfuerte.cl\/web\/wp-content\/uploads\/2026\/04\/portada-2026-04-09T121557.101.jpg\"  style=\"visibility: hidden;\">\n\t<\/div>\n\n\t<div class=\"gem-slider-item-overlay\">\n\t\t<div class=\"gem-compact-item-content\">\n\t\t\t\t\t\t\t<div class=\"post-title\">\n\t\t\t\t\t<h5 class=\"entry-title reverse-link-color\"><span class=\"entry-title-date\"><\/span><span class=\"light\">Parque Junquillar se posiciona como polo del trail running tras concurrida carrera en Angol<\/span><\/h5>\t\t\t\t<\/div>\n\t\t\t\n\t\t\t\t\t\t\t<div class=\"post-text date-color\">\n\t\t\t\t\t<div class=\"summary\">\n\t\t\t\t\t\t\t\t\t\t\t\t\t<p>Evento reuni\u00f3 a m\u00e1s de un centenar de corredores, en diferentes categor\u00edas, y proyecta al parque como escenario ideal para competencias outdoor en el sur del pa\u00eds.<\/p>\n\t\t\t\t\t\t\t\t\t\t\t<\/div>\n\t\t\t\t<\/div>\n\t\t\t\n\t\t<\/div>\n\t\t<div class=\"post-meta date-color\">\n\t\t\t<div class=\"entry-meta clearfix gem-post-date\">\n\t\t\t\t<div class=\"post-meta-right\">\n\t\t\t\t\t\t\t\t\t\t\n\t\t\t\t\t\n\t\t\t\t<\/div>\n\t\t\t\t<div class=\"post-meta-left\">\n\t\t\t\t\t\t\t\t\t\t\t<span class=\"post-meta-author\">\n\t\t\t\t\t\t\t\t\t\tPor <a href=\"https:\/\/elfuerte.cl\/web\" title=\"Visitar el sitio de Prensa El Fuerte\" rel=\"author external\">Prensa El Fuerte<\/a>\t\t\t\t\t\t\t\t\t<\/span>\n\t\t\t\t\t\t\t\t\t<\/div>\n\t\t\t<\/div><!-- .entry-meta -->\n\t\t<\/div>\n\n\t\t\t\t\t<div class=\"gem-blog-slider-navigation\">\n\t\t\t\t<a href=\"#\" class=\"gem-blog-slider-prev gem-button gem-button-size-tiny\">\n\t\t\t\t\t<i aria-hidden=\"true\" class=\"gem-print-icon gem-icon-prev gem-elegant arrow-carrot-left\"><\/i>\t\t\t\t<\/a>\n\t\t\t\t<a href=\"#\" class=\"gem-blog-slider-next gem-button gem-button-size-tiny\">\n\t\t\t\t\t<i aria-hidden=\"true\" class=\"gem-print-icon gem-icon-prev gem-elegant arrow-carrot-right\"><\/i>\t\t\t\t<\/a>\n\t\t\t<\/div>\n\t\t\t<\/div>\n<\/article><!-- #post-5771 -->\n\n<article id=\"post-5764\" class=\"clearfix\">\n\n\t<a href=\"https:\/\/elfuerte.cl\/web\/2026\/04\/09\/convenio-con-slep-chiloe-y-llanquihue-apunta-a-fortalecer-formacion-de-directores-en-la-educacion-publica\/\" class=\"gem-slider-blog-link\"><\/a>\n\n\t<div class=\"gem-slider-item-image\" style=\"background: url('https:\/\/elfuerte.cl\/web\/wp-content\/uploads\/2026\/04\/portada-2026-04-09T115138.438.jpg') no-repeat 50% 50% \/ cover;\">\n\t\t<img src=\"https:\/\/elfuerte.cl\/web\/wp-content\/uploads\/2026\/04\/portada-2026-04-09T115138.438.jpg\"  style=\"visibility: hidden;\">\n\t<\/div>\n\n\t<div class=\"gem-slider-item-overlay\">\n\t\t<div class=\"gem-compact-item-content\">\n\t\t\t\t\t\t\t<div class=\"post-title\">\n\t\t\t\t\t<h5 class=\"entry-title reverse-link-color\"><span class=\"entry-title-date\"><\/span><span class=\"light\">Convenio con SLEP Chilo\u00e9 y Llanquihue apunta a fortalecer formaci\u00f3n de directores en la educaci\u00f3n p\u00fablica<\/span><\/h5>\t\t\t\t<\/div>\n\t\t\t\n\t\t\t\t\t\t\t<div class=\"post-text date-color\">\n\t\t\t\t\t<div class=\"summary\">\n\t\t\t\t\t\t\t\t\t\t\t\t\t<p>Alianza permitir\u00e1 mejorar la preparaci\u00f3n de l\u00edderes escolares en el sur del pa\u00eds, en un contexto donde la calidad de la gesti\u00f3n directiva es clave para avanzar en aprendizajes y convivencia escolar.<\/p>\n\t\t\t\t\t\t\t\t\t\t\t<\/div>\n\t\t\t\t<\/div>\n\t\t\t\n\t\t<\/div>\n\t\t<div class=\"post-meta date-color\">\n\t\t\t<div class=\"entry-meta clearfix gem-post-date\">\n\t\t\t\t<div class=\"post-meta-right\">\n\t\t\t\t\t\t\t\t\t\t\n\t\t\t\t\t\n\t\t\t\t<\/div>\n\t\t\t\t<div class=\"post-meta-left\">\n\t\t\t\t\t\t\t\t\t\t\t<span class=\"post-meta-author\">\n\t\t\t\t\t\t\t\t\t\tPor <a href=\"https:\/\/elfuerte.cl\/web\" title=\"Visitar el sitio de Prensa El Fuerte\" rel=\"author external\">Prensa El Fuerte<\/a>\t\t\t\t\t\t\t\t\t<\/span>\n\t\t\t\t\t\t\t\t\t<\/div>\n\t\t\t<\/div><!-- .entry-meta -->\n\t\t<\/div>\n\n\t\t\t\t\t<div class=\"gem-blog-slider-navigation\">\n\t\t\t\t<a href=\"#\" class=\"gem-blog-slider-prev gem-button gem-button-size-tiny\">\n\t\t\t\t\t<i aria-hidden=\"true\" class=\"gem-print-icon gem-icon-prev gem-elegant arrow-carrot-left\"><\/i>\t\t\t\t<\/a>\n\t\t\t\t<a href=\"#\" class=\"gem-blog-slider-next gem-button gem-button-size-tiny\">\n\t\t\t\t\t<i aria-hidden=\"true\" class=\"gem-print-icon gem-icon-prev gem-elegant arrow-carrot-right\"><\/i>\t\t\t\t<\/a>\n\t\t\t<\/div>\n\t\t\t<\/div>\n<\/article><!-- #post-5764 -->\n\n<article id=\"post-5757\" class=\"clearfix\">\n\n\t<a href=\"https:\/\/elfuerte.cl\/web\/2026\/04\/09\/rayaron-el-mercado-municipal-y-terminaron-reparandolo-municipio-instala-medida-ejemplificadora-en-valdivia\/\" class=\"gem-slider-blog-link\"><\/a>\n\n\t<div class=\"gem-slider-item-image\" style=\"background: url('https:\/\/elfuerte.cl\/web\/wp-content\/uploads\/2026\/04\/portada-2026-04-09T110044.119.jpg') no-repeat 50% 50% \/ cover;\">\n\t\t<img src=\"https:\/\/elfuerte.cl\/web\/wp-content\/uploads\/2026\/04\/portada-2026-04-09T110044.119.jpg\"  style=\"visibility: hidden;\">\n\t<\/div>\n\n\t<div class=\"gem-slider-item-overlay\">\n\t\t<div class=\"gem-compact-item-content\">\n\t\t\t\t\t\t\t<div class=\"post-title\">\n\t\t\t\t\t<h5 class=\"entry-title reverse-link-color\"><span class=\"entry-title-date\"><\/span><span class=\"light\">Rayaron el Mercado Municipal y terminaron repar\u00e1ndolo:  municipio instala medida ejemplificadora en Valdivia<\/span><\/h5>\t\t\t\t<\/div>\n\t\t\t\n\t\t\t\t\t\t\t<div class=\"post-text date-color\">\n\t\t\t\t\t<div class=\"summary\">\n\t\t\t\t\t\t\t\t\t\t\t\t\t<p>Responsables debieron repintar el frontis del recinto, en una acci\u00f3n que busca inhibir este tipo de conductas y reforzar el cuidado de la ciudad.<\/p>\n\t\t\t\t\t\t\t\t\t\t\t<\/div>\n\t\t\t\t<\/div>\n\t\t\t\n\t\t<\/div>\n\t\t<div class=\"post-meta date-color\">\n\t\t\t<div class=\"entry-meta clearfix gem-post-date\">\n\t\t\t\t<div class=\"post-meta-right\">\n\t\t\t\t\t\t\t\t\t\t\n\t\t\t\t\t\n\t\t\t\t<\/div>\n\t\t\t\t<div class=\"post-meta-left\">\n\t\t\t\t\t\t\t\t\t\t\t<span class=\"post-meta-author\">\n\t\t\t\t\t\t\t\t\t\tPor <a href=\"https:\/\/elfuerte.cl\/web\" title=\"Visitar el sitio de Prensa El Fuerte\" rel=\"author external\">Prensa El Fuerte<\/a>\t\t\t\t\t\t\t\t\t<\/span>\n\t\t\t\t\t\t\t\t\t<\/div>\n\t\t\t<\/div><!-- .entry-meta -->\n\t\t<\/div>\n\n\t\t\t\t\t<div class=\"gem-blog-slider-navigation\">\n\t\t\t\t<a href=\"#\" class=\"gem-blog-slider-prev gem-button gem-button-size-tiny\">\n\t\t\t\t\t<i aria-hidden=\"true\" class=\"gem-print-icon gem-icon-prev gem-elegant arrow-carrot-left\"><\/i>\t\t\t\t<\/a>\n\t\t\t\t<a href=\"#\" class=\"gem-blog-slider-next gem-button gem-button-size-tiny\">\n\t\t\t\t\t<i aria-hidden=\"true\" class=\"gem-print-icon gem-icon-prev gem-elegant arrow-carrot-right\"><\/i>\t\t\t\t<\/a>\n\t\t\t<\/div>\n\t\t\t<\/div>\n<\/article><!-- #post-5757 -->\n\n<article id=\"post-5750\" class=\"clearfix\">\n\n\t<a href=\"https:\/\/elfuerte.cl\/web\/2026\/04\/09\/comunidad-valdiviana-reafirma-su-apoyo-a-bomberos-y-aporta-mas-de-127-millones-en-campana-solidaria\/\" class=\"gem-slider-blog-link\"><\/a>\n\n\t<div class=\"gem-slider-item-image\" style=\"background: url('https:\/\/elfuerte.cl\/web\/wp-content\/uploads\/2026\/04\/portada-2026-04-09T091145.833.jpg') no-repeat 50% 50% \/ cover;\">\n\t\t<img src=\"https:\/\/elfuerte.cl\/web\/wp-content\/uploads\/2026\/04\/portada-2026-04-09T091145.833.jpg\"  style=\"visibility: hidden;\">\n\t<\/div>\n\n\t<div class=\"gem-slider-item-overlay\">\n\t\t<div class=\"gem-compact-item-content\">\n\t\t\t\t\t\t\t<div class=\"post-title\">\n\t\t\t\t\t<h5 class=\"entry-title reverse-link-color\"><span class=\"entry-title-date\"><\/span><span class=\"light\">Comunidad valdiviana reafirma su apoyo a Bomberos  y aporta m\u00e1s de $12,7 millones en campa\u00f1a solidaria<\/span><\/h5>\t\t\t\t<\/div>\n\t\t\t\n\t\t\t\t\t\t\t<div class=\"post-text date-color\">\n\t\t\t\t\t<div class=\"summary\">\n\t\t\t\t\t\t\t\t\t\t\t\t\t<p>A trav\u00e9s de la boleta de Aguas D\u00e9cima, miles de vecinos volvieron a respaldar la labor voluntaria de la instituci\u00f3n durante marzo, en una se\u00f1al clara del aprecio de la comunidad hacia el Cuerpo de Bomberos.<\/p>\n\t\t\t\t\t\t\t\t\t\t\t<\/div>\n\t\t\t\t<\/div>\n\t\t\t\n\t\t<\/div>\n\t\t<div class=\"post-meta date-color\">\n\t\t\t<div class=\"entry-meta clearfix gem-post-date\">\n\t\t\t\t<div class=\"post-meta-right\">\n\t\t\t\t\t\t\t\t\t\t\n\t\t\t\t\t\n\t\t\t\t<\/div>\n\t\t\t\t<div class=\"post-meta-left\">\n\t\t\t\t\t\t\t\t\t\t\t<span class=\"post-meta-author\">\n\t\t\t\t\t\t\t\t\t\tPor <a href=\"https:\/\/elfuerte.cl\/web\" title=\"Visitar el sitio de Prensa El Fuerte\" rel=\"author external\">Prensa El Fuerte<\/a>\t\t\t\t\t\t\t\t\t<\/span>\n\t\t\t\t\t\t\t\t\t<\/div>\n\t\t\t<\/div><!-- .entry-meta -->\n\t\t<\/div>\n\n\t\t\t\t\t<div class=\"gem-blog-slider-navigation\">\n\t\t\t\t<a href=\"#\" class=\"gem-blog-slider-prev gem-button gem-button-size-tiny\">\n\t\t\t\t\t<i aria-hidden=\"true\" class=\"gem-print-icon gem-icon-prev gem-elegant arrow-carrot-left\"><\/i>\t\t\t\t<\/a>\n\t\t\t\t<a href=\"#\" class=\"gem-blog-slider-next gem-button gem-button-size-tiny\">\n\t\t\t\t\t<i aria-hidden=\"true\" class=\"gem-print-icon gem-icon-prev gem-elegant arrow-carrot-right\"><\/i>\t\t\t\t<\/a>\n\t\t\t<\/div>\n\t\t\t<\/div>\n<\/article><!-- #post-5750 -->\n\n<article id=\"post-5737\" class=\"clearfix\">\n\n\t<a href=\"https:\/\/elfuerte.cl\/web\/2026\/04\/09\/rechazo-transversal-a-agresion-contra-ministra-de-ciencia-en-valdivia-y-gobierno-anuncia-querella-contra-responsables\/\" class=\"gem-slider-blog-link\"><\/a>\n\n\t<div class=\"gem-slider-item-image\" style=\"background: url('https:\/\/elfuerte.cl\/web\/wp-content\/uploads\/2026\/04\/Uach-5-1.jpg') no-repeat 50% 50% \/ cover;\">\n\t\t<img src=\"https:\/\/elfuerte.cl\/web\/wp-content\/uploads\/2026\/04\/Uach-5-1.jpg\"  style=\"visibility: hidden;\">\n\t<\/div>\n\n\t<div class=\"gem-slider-item-overlay\">\n\t\t<div class=\"gem-compact-item-content\">\n\t\t\t\t\t\t\t<div class=\"post-title\">\n\t\t\t\t\t<h5 class=\"entry-title reverse-link-color\"><span class=\"entry-title-date\"><\/span><span class=\"light\">Rechazo transversal a agresi\u00f3n contra ministra de Ciencia en Valdivia y Gobierno anuncia querella contra responsables<\/span><\/h5>\t\t\t\t<\/div>\n\t\t\t\n\t\t\t\t\t\t\t<div class=\"post-text date-color\">\n\t\t\t\t\t<div class=\"summary\">\n\t\t\t\t\t\t\t\t\t\t\t\t\t<p>Condena inmediata desde el mundo pol\u00edtico, acad\u00e9mico e institucional marc\u00f3 la jornada tras los incidentes registrados en la Universidad Austral, mientras el Ejecutivo activ\u00f3 acciones legales y la Fiscal\u00eda inici\u00f3 diligencias para identificar a los responsables.<\/p>\n\t\t\t\t\t\t\t\t\t\t\t<\/div>\n\t\t\t\t<\/div>\n\t\t\t\n\t\t<\/div>\n\t\t<div class=\"post-meta date-color\">\n\t\t\t<div class=\"entry-meta clearfix gem-post-date\">\n\t\t\t\t<div class=\"post-meta-right\">\n\t\t\t\t\t\t\t\t\t\t\n\t\t\t\t\t\n\t\t\t\t<\/div>\n\t\t\t\t<div class=\"post-meta-left\">\n\t\t\t\t\t\t\t\t\t\t\t<span class=\"post-meta-author\">\n\t\t\t\t\t\t\t\t\t\tPor <a href=\"https:\/\/elfuerte.cl\/web\" title=\"Visitar el sitio de Prensa El Fuerte\" rel=\"author external\">Prensa El Fuerte<\/a>\t\t\t\t\t\t\t\t\t<\/span>\n\t\t\t\t\t\t\t\t\t<\/div>\n\t\t\t<\/div><!-- .entry-meta -->\n\t\t<\/div>\n\n\t\t\t\t\t<div class=\"gem-blog-slider-navigation\">\n\t\t\t\t<a href=\"#\" class=\"gem-blog-slider-prev gem-button gem-button-size-tiny\">\n\t\t\t\t\t<i aria-hidden=\"true\" class=\"gem-print-icon gem-icon-prev gem-elegant arrow-carrot-left\"><\/i>\t\t\t\t<\/a>\n\t\t\t\t<a href=\"#\" class=\"gem-blog-slider-next gem-button gem-button-size-tiny\">\n\t\t\t\t\t<i aria-hidden=\"true\" class=\"gem-print-icon gem-icon-prev gem-elegant arrow-carrot-right\"><\/i>\t\t\t\t<\/a>\n\t\t\t<\/div>\n\t\t\t<\/div>\n<\/article><!-- #post-5737 -->\n\n<article id=\"post-5727\" class=\"clearfix\">\n\n\t<a href=\"https:\/\/elfuerte.cl\/web\/2026\/04\/08\/protesta-estudiantil-tensiona-inauguracion-del-ano-academico-en-la-uach-y-termina-con-agresiones-hacia-ministra-de-ciencia\/\" class=\"gem-slider-blog-link\"><\/a>\n\n\t<div class=\"gem-slider-item-image\" style=\"background: url('https:\/\/elfuerte.cl\/web\/wp-content\/uploads\/2026\/04\/portada-2026-04-08T182152.757.jpg') no-repeat 50% 50% \/ cover;\">\n\t\t<img src=\"https:\/\/elfuerte.cl\/web\/wp-content\/uploads\/2026\/04\/portada-2026-04-08T182152.757.jpg\"  style=\"visibility: hidden;\">\n\t<\/div>\n\n\t<div class=\"gem-slider-item-overlay\">\n\t\t<div class=\"gem-compact-item-content\">\n\t\t\t\t\t\t\t<div class=\"post-title\">\n\t\t\t\t\t<h5 class=\"entry-title reverse-link-color\"><span class=\"entry-title-date\"><\/span><span class=\"light\">Protesta estudiantil tensiona inauguraci\u00f3n del a\u00f1o acad\u00e9mico en  la UACh y termina con agresiones hacia ministra de Ciencia<\/span><\/h5>\t\t\t\t<\/div>\n\t\t\t\n\t\t\t\t\t\t\t<div class=\"post-text date-color\">\n\t\t\t\t\t<div class=\"summary\">\n\t\t\t\t\t\t\t\t\t\t\t\t\t<p>La presencia de la ministra Ximena Lincolao en la ceremonia de apertura del a\u00f1o acad\u00e9mico 2026 de la Universidad Austral de Chile estuvo marcada por manifestaciones, interrupciones y un ca\u00f3tico cierre de la actividad en el Campus Isla Teja.<\/p>\n\t\t\t\t\t\t\t\t\t\t\t<\/div>\n\t\t\t\t<\/div>\n\t\t\t\n\t\t<\/div>\n\t\t<div class=\"post-meta date-color\">\n\t\t\t<div class=\"entry-meta clearfix gem-post-date\">\n\t\t\t\t<div class=\"post-meta-right\">\n\t\t\t\t\t\t\t\t\t\t\n\t\t\t\t\t\n\t\t\t\t<\/div>\n\t\t\t\t<div class=\"post-meta-left\">\n\t\t\t\t\t\t\t\t\t\t\t<span class=\"post-meta-author\">\n\t\t\t\t\t\t\t\t\t\tPor <a href=\"https:\/\/elfuerte.cl\/web\" title=\"Visitar el sitio de Prensa El Fuerte\" rel=\"author external\">Prensa El Fuerte<\/a>\t\t\t\t\t\t\t\t\t<\/span>\n\t\t\t\t\t\t\t\t\t<\/div>\n\t\t\t<\/div><!-- .entry-meta -->\n\t\t<\/div>\n\n\t\t\t\t\t<div class=\"gem-blog-slider-navigation\">\n\t\t\t\t<a href=\"#\" class=\"gem-blog-slider-prev gem-button gem-button-size-tiny\">\n\t\t\t\t\t<i aria-hidden=\"true\" class=\"gem-print-icon gem-icon-prev gem-elegant arrow-carrot-left\"><\/i>\t\t\t\t<\/a>\n\t\t\t\t<a href=\"#\" class=\"gem-blog-slider-next gem-button gem-button-size-tiny\">\n\t\t\t\t\t<i aria-hidden=\"true\" class=\"gem-print-icon gem-icon-prev gem-elegant arrow-carrot-right\"><\/i>\t\t\t\t<\/a>\n\t\t\t<\/div>\n\t\t\t<\/div>\n<\/article><!-- #post-5727 -->\n\n<article id=\"post-5717\" class=\"clearfix\">\n\n\t<a href=\"https:\/\/elfuerte.cl\/web\/2026\/04\/08\/inversion-publica-con-mirada-regional-gobernador-cuvertino-lidera-coordinacion-clave-con-el-gobierno-central-en-los-rios\/\" class=\"gem-slider-blog-link\"><\/a>\n\n\t<div class=\"gem-slider-item-image\" style=\"background: url('https:\/\/elfuerte.cl\/web\/wp-content\/uploads\/2026\/04\/portada-2026-04-08T105039.092-1.jpg') no-repeat 50% 50% \/ cover;\">\n\t\t<img src=\"https:\/\/elfuerte.cl\/web\/wp-content\/uploads\/2026\/04\/portada-2026-04-08T105039.092-1.jpg\"  style=\"visibility: hidden;\">\n\t<\/div>\n\n\t<div class=\"gem-slider-item-overlay\">\n\t\t<div class=\"gem-compact-item-content\">\n\t\t\t\t\t\t\t<div class=\"post-title\">\n\t\t\t\t\t<h5 class=\"entry-title reverse-link-color\"><span class=\"entry-title-date\"><\/span><span class=\"light\">Inversi\u00f3n p\u00fablica con mirada regional: Gobernador Cuvertino lidera coordinaci\u00f3n clave con el Gobierno central en Los R\u00edos<\/span><\/h5>\t\t\t\t<\/div>\n\t\t\t\n\t\t\t\t\t\t\t<div class=\"post-text date-color\">\n\t\t\t\t\t<div class=\"summary\">\n\t\t\t\t\t\t\t\t\t\t\t\t\t<p>Primera sesi\u00f3n de la CORGAPU busca articular inversi\u00f3n y fortalecer planificaci\u00f3n regional y cont\u00f3 con la participaci\u00f3n de autoridades del gobierno central en la regi\u00f3n y del gobierno regional.<\/p>\n\t\t\t\t\t\t\t\t\t\t\t<\/div>\n\t\t\t\t<\/div>\n\t\t\t\n\t\t<\/div>\n\t\t<div class=\"post-meta date-color\">\n\t\t\t<div class=\"entry-meta clearfix gem-post-date\">\n\t\t\t\t<div class=\"post-meta-right\">\n\t\t\t\t\t\t\t\t\t\t\n\t\t\t\t\t\n\t\t\t\t<\/div>\n\t\t\t\t<div class=\"post-meta-left\">\n\t\t\t\t\t\t\t\t\t\t\t<span class=\"post-meta-author\">\n\t\t\t\t\t\t\t\t\t\tPor <a href=\"https:\/\/elfuerte.cl\/web\" title=\"Visitar el sitio de Prensa El Fuerte\" rel=\"author external\">Prensa El Fuerte<\/a>\t\t\t\t\t\t\t\t\t<\/span>\n\t\t\t\t\t\t\t\t\t<\/div>\n\t\t\t<\/div><!-- .entry-meta -->\n\t\t<\/div>\n\n\t\t\t\t\t<div class=\"gem-blog-slider-navigation\">\n\t\t\t\t<a href=\"#\" class=\"gem-blog-slider-prev gem-button gem-button-size-tiny\">\n\t\t\t\t\t<i aria-hidden=\"true\" class=\"gem-print-icon gem-icon-prev gem-elegant arrow-carrot-left\"><\/i>\t\t\t\t<\/a>\n\t\t\t\t<a href=\"#\" class=\"gem-blog-slider-next gem-button gem-button-size-tiny\">\n\t\t\t\t\t<i aria-hidden=\"true\" class=\"gem-print-icon gem-icon-prev gem-elegant arrow-carrot-right\"><\/i>\t\t\t\t<\/a>\n\t\t\t<\/div>\n\t\t\t<\/div>\n<\/article><!-- #post-5717 -->\n\n<article id=\"post-5709\" class=\"clearfix\">\n\n\t<a href=\"https:\/\/elfuerte.cl\/web\/2026\/04\/08\/municipio-de-osorno-entrega-cerca-de-100-millones-a-organizaciones-sociales-y-refuerza-el-trabajo-comunitario\/\" class=\"gem-slider-blog-link\"><\/a>\n\n\t<div class=\"gem-slider-item-image\" style=\"background: url('https:\/\/elfuerte.cl\/web\/wp-content\/uploads\/2026\/04\/portada-2026-04-08T103022.223.jpg') no-repeat 50% 50% \/ cover;\">\n\t\t<img src=\"https:\/\/elfuerte.cl\/web\/wp-content\/uploads\/2026\/04\/portada-2026-04-08T103022.223.jpg\"  style=\"visibility: hidden;\">\n\t<\/div>\n\n\t<div class=\"gem-slider-item-overlay\">\n\t\t<div class=\"gem-compact-item-content\">\n\t\t\t\t\t\t\t<div class=\"post-title\">\n\t\t\t\t\t<h5 class=\"entry-title reverse-link-color\"><span class=\"entry-title-date\"><\/span><span class=\"light\">Municipio de Osorno entrega cerca de $100 millones a organizaciones sociales y refuerza el trabajo comunitario<\/span><\/h5>\t\t\t\t<\/div>\n\t\t\t\n\t\t\t\t\t\t\t<div class=\"post-text date-color\">\n\t\t\t\t\t<div class=\"summary\">\n\t\t\t\t\t\t\t\t\t\t\t\t\t<p>Un total de 44 entidades de la comuna recibieron subvenciones municipales para ejecutar proyectos y sostener su funcionamiento durante el a\u00f1o. Este tipo de iniciativas releva el rol fundamental que cumplen las organizaciones de base en el desarrollo de los territorios.<\/p>\n\t\t\t\t\t\t\t\t\t\t\t<\/div>\n\t\t\t\t<\/div>\n\t\t\t\n\t\t<\/div>\n\t\t<div class=\"post-meta date-color\">\n\t\t\t<div class=\"entry-meta clearfix gem-post-date\">\n\t\t\t\t<div class=\"post-meta-right\">\n\t\t\t\t\t\t\t\t\t\t\n\t\t\t\t\t\n\t\t\t\t<\/div>\n\t\t\t\t<div class=\"post-meta-left\">\n\t\t\t\t\t\t\t\t\t\t\t<span class=\"post-meta-author\">\n\t\t\t\t\t\t\t\t\t\tPor <a href=\"https:\/\/elfuerte.cl\/web\" title=\"Visitar el sitio de Prensa El Fuerte\" rel=\"author external\">Prensa El Fuerte<\/a>\t\t\t\t\t\t\t\t\t<\/span>\n\t\t\t\t\t\t\t\t\t<\/div>\n\t\t\t<\/div><!-- .entry-meta -->\n\t\t<\/div>\n\n\t\t\t\t\t<div class=\"gem-blog-slider-navigation\">\n\t\t\t\t<a href=\"#\" class=\"gem-blog-slider-prev gem-button gem-button-size-tiny\">\n\t\t\t\t\t<i aria-hidden=\"true\" class=\"gem-print-icon gem-icon-prev gem-elegant arrow-carrot-left\"><\/i>\t\t\t\t<\/a>\n\t\t\t\t<a href=\"#\" class=\"gem-blog-slider-next gem-button gem-button-size-tiny\">\n\t\t\t\t\t<i aria-hidden=\"true\" class=\"gem-print-icon gem-icon-prev gem-elegant arrow-carrot-right\"><\/i>\t\t\t\t<\/a>\n\t\t\t<\/div>\n\t\t\t<\/div>\n<\/article><!-- #post-5709 -->\n\n<article id=\"post-5696\" class=\"clearfix\">\n\n\t<a href=\"https:\/\/elfuerte.cl\/web\/2026\/04\/07\/estudio-en-valdivia-identifica-claves-accesibles-para-mejorar-pronostico-del-cancer-de-mama\/\" class=\"gem-slider-blog-link\"><\/a>\n\n\t<div class=\"gem-slider-item-image\" style=\"background: url('https:\/\/elfuerte.cl\/web\/wp-content\/uploads\/2026\/04\/portada-2026-04-07T181518.404.jpg') no-repeat 50% 50% \/ cover;\">\n\t\t<img src=\"https:\/\/elfuerte.cl\/web\/wp-content\/uploads\/2026\/04\/portada-2026-04-07T181518.404.jpg\"  style=\"visibility: hidden;\">\n\t<\/div>\n\n\t<div class=\"gem-slider-item-overlay\">\n\t\t<div class=\"gem-compact-item-content\">\n\t\t\t\t\t\t\t<div class=\"post-title\">\n\t\t\t\t\t<h5 class=\"entry-title reverse-link-color\"><span class=\"entry-title-date\"><\/span><span class=\"light\">Estudio en Valdivia identifica claves accesibles para mejorar pron\u00f3stico del c\u00e1ncer de mama<\/span><\/h5>\t\t\t\t<\/div>\n\t\t\t\n\t\t\t\t\t\t\t<div class=\"post-text date-color\">\n\t\t\t\t\t<div class=\"summary\">\n\t\t\t\t\t\t\t\t\t\t\t\t\t<p>La investigaci\u00f3n identific\u00f3 biomarcadores de bajo costo que podr\u00edan mejorar la estimaci\u00f3n de sobrevida en pacientes, aportando evidencia local relevante para la toma de decisiones cl\u00ednicas.<\/p>\n\t\t\t\t\t\t\t\t\t\t\t<\/div>\n\t\t\t\t<\/div>\n\t\t\t\n\t\t<\/div>\n\t\t<div class=\"post-meta date-color\">\n\t\t\t<div class=\"entry-meta clearfix gem-post-date\">\n\t\t\t\t<div class=\"post-meta-right\">\n\t\t\t\t\t\t\t\t\t\t\n\t\t\t\t\t\n\t\t\t\t<\/div>\n\t\t\t\t<div class=\"post-meta-left\">\n\t\t\t\t\t\t\t\t\t\t\t<span class=\"post-meta-author\">\n\t\t\t\t\t\t\t\t\t\tPor <a href=\"https:\/\/elfuerte.cl\/web\" title=\"Visitar el sitio de Prensa El Fuerte\" rel=\"author external\">Prensa El Fuerte<\/a>\t\t\t\t\t\t\t\t\t<\/span>\n\t\t\t\t\t\t\t\t\t<\/div>\n\t\t\t<\/div><!-- .entry-meta -->\n\t\t<\/div>\n\n\t\t\t\t\t<div class=\"gem-blog-slider-navigation\">\n\t\t\t\t<a href=\"#\" class=\"gem-blog-slider-prev gem-button gem-button-size-tiny\">\n\t\t\t\t\t<i aria-hidden=\"true\" class=\"gem-print-icon gem-icon-prev gem-elegant arrow-carrot-left\"><\/i>\t\t\t\t<\/a>\n\t\t\t\t<a href=\"#\" class=\"gem-blog-slider-next gem-button gem-button-size-tiny\">\n\t\t\t\t\t<i aria-hidden=\"true\" class=\"gem-print-icon gem-icon-prev gem-elegant arrow-carrot-right\"><\/i>\t\t\t\t<\/a>\n\t\t\t<\/div>\n\t\t\t<\/div>\n<\/article><!-- #post-5696 -->\n\n<article id=\"post-5689\" class=\"clearfix\">\n\n\t<a href=\"https:\/\/elfuerte.cl\/web\/2026\/04\/07\/de-destino-turistico-a-escenario-mundial-puerto-varas-debuta-con-su-primer-ironman-70-3\/\" class=\"gem-slider-blog-link\"><\/a>\n\n\t<div class=\"gem-slider-item-image\" style=\"background: url('https:\/\/elfuerte.cl\/web\/wp-content\/uploads\/2026\/04\/portada-2026-04-07T175753.326.jpg') no-repeat 50% 50% \/ cover;\">\n\t\t<img src=\"https:\/\/elfuerte.cl\/web\/wp-content\/uploads\/2026\/04\/portada-2026-04-07T175753.326.jpg\"  style=\"visibility: hidden;\">\n\t<\/div>\n\n\t<div class=\"gem-slider-item-overlay\">\n\t\t<div class=\"gem-compact-item-content\">\n\t\t\t\t\t\t\t<div class=\"post-title\">\n\t\t\t\t\t<h5 class=\"entry-title reverse-link-color\"><span class=\"entry-title-date\"><\/span><span class=\"light\">De destino tur\u00edstico a escenario mundial: Puerto Varas debuta con su primer Ironman 70.3<\/span><\/h5>\t\t\t\t<\/div>\n\t\t\t\n\t\t\t\t\t\t\t<div class=\"post-text date-color\">\n\t\t\t\t\t<div class=\"summary\">\n\t\t\t\t\t\t\t\t\t\t\t\t\t<p>El evento, que se realizar\u00e1 este domingo 12 de abril, reunir\u00e1 a 1.400 triatletas y proyecta a la comuna como nuevo polo del deporte internacional en el sur de Chile.<\/p>\n\t\t\t\t\t\t\t\t\t\t\t<\/div>\n\t\t\t\t<\/div>\n\t\t\t\n\t\t<\/div>\n\t\t<div class=\"post-meta date-color\">\n\t\t\t<div class=\"entry-meta clearfix gem-post-date\">\n\t\t\t\t<div class=\"post-meta-right\">\n\t\t\t\t\t\t\t\t\t\t\n\t\t\t\t\t\n\t\t\t\t<\/div>\n\t\t\t\t<div class=\"post-meta-left\">\n\t\t\t\t\t\t\t\t\t\t\t<span class=\"post-meta-author\">\n\t\t\t\t\t\t\t\t\t\tPor <a href=\"https:\/\/elfuerte.cl\/web\" title=\"Visitar el sitio de Prensa El Fuerte\" rel=\"author external\">Prensa El Fuerte<\/a>\t\t\t\t\t\t\t\t\t<\/span>\n\t\t\t\t\t\t\t\t\t<\/div>\n\t\t\t<\/div><!-- .entry-meta -->\n\t\t<\/div>\n\n\t\t\t\t\t<div class=\"gem-blog-slider-navigation\">\n\t\t\t\t<a href=\"#\" class=\"gem-blog-slider-prev gem-button gem-button-size-tiny\">\n\t\t\t\t\t<i aria-hidden=\"true\" class=\"gem-print-icon gem-icon-prev gem-elegant arrow-carrot-left\"><\/i>\t\t\t\t<\/a>\n\t\t\t\t<a href=\"#\" class=\"gem-blog-slider-next gem-button gem-button-size-tiny\">\n\t\t\t\t\t<i aria-hidden=\"true\" class=\"gem-print-icon gem-icon-prev gem-elegant arrow-carrot-right\"><\/i>\t\t\t\t<\/a>\n\t\t\t<\/div>\n\t\t\t<\/div>\n<\/article><!-- #post-5689 -->\n\n<article id=\"post-5682\" class=\"clearfix\">\n\n\t<a href=\"https:\/\/elfuerte.cl\/web\/2026\/04\/06\/panguipulli-busca-sostener-su-actividad-turistica-en-temporada-baja-con-mas-de-60-actividades-durante-el-ano\/\" class=\"gem-slider-blog-link\"><\/a>\n\n\t<div class=\"gem-slider-item-image\" style=\"background: url('https:\/\/elfuerte.cl\/web\/wp-content\/uploads\/2026\/04\/portada-2026-04-06T174544.170.jpg') no-repeat 50% 50% \/ cover;\">\n\t\t<img src=\"https:\/\/elfuerte.cl\/web\/wp-content\/uploads\/2026\/04\/portada-2026-04-06T174544.170.jpg\"  style=\"visibility: hidden;\">\n\t<\/div>\n\n\t<div class=\"gem-slider-item-overlay\">\n\t\t<div class=\"gem-compact-item-content\">\n\t\t\t\t\t\t\t<div class=\"post-title\">\n\t\t\t\t\t<h5 class=\"entry-title reverse-link-color\"><span class=\"entry-title-date\"><\/span><span class=\"light\">Panguipulli busca sostener su actividad tur\u00edstica en temporada baja con m\u00e1s de 60 actividades durante el a\u00f1o<\/span><\/h5>\t\t\t\t<\/div>\n\t\t\t\n\t\t\t\t\t\t\t<div class=\"post-text date-color\">\n\t\t\t\t\t<div class=\"summary\">\n\t\t\t\t\t\t\t\t\t\t\t\t\t<p>Tras una exitosa temporada estival, la comuna apuesta por una programaci\u00f3n extendida que busca mantener el flujo de visitantes durante oto\u00f1o e invierno, potenciando escapadas de fin de semana y diversificando su oferta tur\u00edstica.<\/p>\n\t\t\t\t\t\t\t\t\t\t\t<\/div>\n\t\t\t\t<\/div>\n\t\t\t\n\t\t<\/div>\n\t\t<div class=\"post-meta date-color\">\n\t\t\t<div class=\"entry-meta clearfix gem-post-date\">\n\t\t\t\t<div class=\"post-meta-right\">\n\t\t\t\t\t\t\t\t\t\t\n\t\t\t\t\t\n\t\t\t\t<\/div>\n\t\t\t\t<div class=\"post-meta-left\">\n\t\t\t\t\t\t\t\t\t\t\t<span class=\"post-meta-author\">\n\t\t\t\t\t\t\t\t\t\tPor <a href=\"https:\/\/elfuerte.cl\/web\" title=\"Visitar el sitio de Prensa El Fuerte\" rel=\"author external\">Prensa El Fuerte<\/a>\t\t\t\t\t\t\t\t\t<\/span>\n\t\t\t\t\t\t\t\t\t<\/div>\n\t\t\t<\/div><!-- .entry-meta -->\n\t\t<\/div>\n\n\t\t\t\t\t<div class=\"gem-blog-slider-navigation\">\n\t\t\t\t<a href=\"#\" class=\"gem-blog-slider-prev gem-button gem-button-size-tiny\">\n\t\t\t\t\t<i aria-hidden=\"true\" class=\"gem-print-icon gem-icon-prev gem-elegant arrow-carrot-left\"><\/i>\t\t\t\t<\/a>\n\t\t\t\t<a href=\"#\" class=\"gem-blog-slider-next gem-button gem-button-size-tiny\">\n\t\t\t\t\t<i aria-hidden=\"true\" class=\"gem-print-icon gem-icon-prev gem-elegant arrow-carrot-right\"><\/i>\t\t\t\t<\/a>\n\t\t\t<\/div>\n\t\t\t<\/div>\n<\/article><!-- #post-5682 -->\n\n<article id=\"post-5672\" class=\"clearfix\">\n\n\t<a href=\"https:\/\/elfuerte.cl\/web\/2026\/04\/06\/alcalde-de-corral-claudio-gonzalez-el-principal-desafio-de-la-comuna-sigue-siendo-la-conectividad\/\" class=\"gem-slider-blog-link\"><\/a>\n\n\t<div class=\"gem-slider-item-image\" style=\"background: url('https:\/\/elfuerte.cl\/web\/wp-content\/uploads\/2026\/04\/portada-2026-04-06T165504.408.jpg') no-repeat 50% 50% \/ cover;\">\n\t\t<img src=\"https:\/\/elfuerte.cl\/web\/wp-content\/uploads\/2026\/04\/portada-2026-04-06T165504.408.jpg\"  style=\"visibility: hidden;\">\n\t<\/div>\n\n\t<div class=\"gem-slider-item-overlay\">\n\t\t<div class=\"gem-compact-item-content\">\n\t\t\t\t\t\t\t<div class=\"post-title\">\n\t\t\t\t\t<h5 class=\"entry-title reverse-link-color\"><span class=\"entry-title-date\"><\/span><span class=\"light\">Alcalde de Corral, Claudio Gonz\u00e1lez: \u201cEl principal desaf\u00edo de la comuna sigue siendo la conectividad\u201d<\/span><\/h5>\t\t\t\t<\/div>\n\t\t\t\n\t\t\t\t\t\t\t<div class=\"post-text date-color\">\n\t\t\t\t\t<div class=\"summary\">\n\t\t\t\t\t\t\t\t\t\t\t\t\t<p>A un a\u00f1o de asumir el municipio, el jefe comunal aborda la situaci\u00f3n econ\u00f3mica de Corral, el desarrollo del turismo, la actividad portuaria y los desaf\u00edos pendientes en conectividad e inversi\u00f3n para la comuna puerto de la Regi\u00f3n de Los R\u00edos.<\/p>\n\t\t\t\t\t\t\t\t\t\t\t<\/div>\n\t\t\t\t<\/div>\n\t\t\t\n\t\t<\/div>\n\t\t<div class=\"post-meta date-color\">\n\t\t\t<div class=\"entry-meta clearfix gem-post-date\">\n\t\t\t\t<div class=\"post-meta-right\">\n\t\t\t\t\t\t\t\t\t\t\n\t\t\t\t\t\n\t\t\t\t<\/div>\n\t\t\t\t<div class=\"post-meta-left\">\n\t\t\t\t\t\t\t\t\t\t\t<span class=\"post-meta-author\">\n\t\t\t\t\t\t\t\t\t\tPor <a href=\"https:\/\/elfuerte.cl\/web\" title=\"Visitar el sitio de Prensa El Fuerte\" rel=\"author external\">Prensa El Fuerte<\/a>\t\t\t\t\t\t\t\t\t<\/span>\n\t\t\t\t\t\t\t\t\t<\/div>\n\t\t\t<\/div><!-- .entry-meta -->\n\t\t<\/div>\n\n\t\t\t\t\t<div class=\"gem-blog-slider-navigation\">\n\t\t\t\t<a href=\"#\" class=\"gem-blog-slider-prev gem-button gem-button-size-tiny\">\n\t\t\t\t\t<i aria-hidden=\"true\" class=\"gem-print-icon gem-icon-prev gem-elegant arrow-carrot-left\"><\/i>\t\t\t\t<\/a>\n\t\t\t\t<a href=\"#\" class=\"gem-blog-slider-next gem-button gem-button-size-tiny\">\n\t\t\t\t\t<i aria-hidden=\"true\" class=\"gem-print-icon gem-icon-prev gem-elegant arrow-carrot-right\"><\/i>\t\t\t\t<\/a>\n\t\t\t<\/div>\n\t\t\t<\/div>\n<\/article><!-- #post-5672 -->\n\n<article id=\"post-5665\" class=\"clearfix\">\n\n\t<a href=\"https:\/\/elfuerte.cl\/web\/2026\/04\/04\/cambio-de-hora-se-realiza-esta-medianoche-y-reabre-debate-por-horario-unico-en-el-sur-austral\/\" class=\"gem-slider-blog-link\"><\/a>\n\n\t<div class=\"gem-slider-item-image\" style=\"background: url('https:\/\/elfuerte.cl\/web\/wp-content\/uploads\/2026\/04\/portada-2026-04-04T175648.277.jpg') no-repeat 50% 50% \/ cover;\">\n\t\t<img src=\"https:\/\/elfuerte.cl\/web\/wp-content\/uploads\/2026\/04\/portada-2026-04-04T175648.277.jpg\"  style=\"visibility: hidden;\">\n\t<\/div>\n\n\t<div class=\"gem-slider-item-overlay\">\n\t\t<div class=\"gem-compact-item-content\">\n\t\t\t\t\t\t\t<div class=\"post-title\">\n\t\t\t\t\t<h5 class=\"entry-title reverse-link-color\"><span class=\"entry-title-date\"><\/span><span class=\"light\">Cambio de hora se realiza esta medianoche y reabre debate por horario \u00fanico en el sur austral<\/span><\/h5>\t\t\t\t<\/div>\n\t\t\t\n\t\t\t\t\t\t\t<div class=\"post-text date-color\">\n\t\t\t\t\t<div class=\"summary\">\n\t\t\t\t\t\t\t\t\t\t\t\t\t<p>Mientras Chile continental deber\u00e1 atrasar los relojes una hora, las regiones de Magallanes y Ays\u00e9n mantienen horario permanente desde 2017 y 2025 respectivamente. En la Regi\u00f3n de Los Lagos autoridades tambi\u00e9n han solicitado mantener un huso horario \u00fanico durante todo el a\u00f1o.<\/p>\n\t\t\t\t\t\t\t\t\t\t\t<\/div>\n\t\t\t\t<\/div>\n\t\t\t\n\t\t<\/div>\n\t\t<div class=\"post-meta date-color\">\n\t\t\t<div class=\"entry-meta clearfix gem-post-date\">\n\t\t\t\t<div class=\"post-meta-right\">\n\t\t\t\t\t\t\t\t\t\t\n\t\t\t\t\t\n\t\t\t\t<\/div>\n\t\t\t\t<div class=\"post-meta-left\">\n\t\t\t\t\t\t\t\t\t\t\t<span class=\"post-meta-author\">\n\t\t\t\t\t\t\t\t\t\tPor <a href=\"https:\/\/elfuerte.cl\/web\" title=\"Visitar el sitio de Prensa El Fuerte\" rel=\"author external\">Prensa El Fuerte<\/a>\t\t\t\t\t\t\t\t\t<\/span>\n\t\t\t\t\t\t\t\t\t<\/div>\n\t\t\t<\/div><!-- .entry-meta -->\n\t\t<\/div>\n\n\t\t\t\t\t<div class=\"gem-blog-slider-navigation\">\n\t\t\t\t<a href=\"#\" class=\"gem-blog-slider-prev gem-button gem-button-size-tiny\">\n\t\t\t\t\t<i aria-hidden=\"true\" class=\"gem-print-icon gem-icon-prev gem-elegant arrow-carrot-left\"><\/i>\t\t\t\t<\/a>\n\t\t\t\t<a href=\"#\" class=\"gem-blog-slider-next gem-button gem-button-size-tiny\">\n\t\t\t\t\t<i aria-hidden=\"true\" class=\"gem-print-icon gem-icon-prev gem-elegant arrow-carrot-right\"><\/i>\t\t\t\t<\/a>\n\t\t\t<\/div>\n\t\t\t<\/div>\n<\/article><!-- #post-5665 -->\n\n<article id=\"post-5658\" class=\"clearfix\">\n\n\t<a href=\"https:\/\/elfuerte.cl\/web\/2026\/04\/04\/renovacion-de-redes-de-alcantarillado-comienza-en-distintos-sectores-de-valdivia\/\" class=\"gem-slider-blog-link\"><\/a>\n\n\t<div class=\"gem-slider-item-image\" style=\"background: url('https:\/\/elfuerte.cl\/web\/wp-content\/uploads\/2026\/04\/portada-2026-04-04T172146.770.jpg') no-repeat 50% 50% \/ cover;\">\n\t\t<img src=\"https:\/\/elfuerte.cl\/web\/wp-content\/uploads\/2026\/04\/portada-2026-04-04T172146.770.jpg\"  style=\"visibility: hidden;\">\n\t<\/div>\n\n\t<div class=\"gem-slider-item-overlay\">\n\t\t<div class=\"gem-compact-item-content\">\n\t\t\t\t\t\t\t<div class=\"post-title\">\n\t\t\t\t\t<h5 class=\"entry-title reverse-link-color\"><span class=\"entry-title-date\"><\/span><span class=\"light\">Renovaci\u00f3n de redes de alcantarillado comienza en distintos sectores de Valdivia<\/span><\/h5>\t\t\t\t<\/div>\n\t\t\t\n\t\t\t\t\t\t\t<div class=\"post-text date-color\">\n\t\t\t\t\t<div class=\"summary\">\n\t\t\t\t\t\t\t\t\t\t\t\t\t<p>Las obras forman parte del plan de inversiones de Aguas D\u00e9cima para este a\u00f1o e incluyen intervenciones en barrios residenciales y en el centro de la ciudad.<\/p>\n\t\t\t\t\t\t\t\t\t\t\t<\/div>\n\t\t\t\t<\/div>\n\t\t\t\n\t\t<\/div>\n\t\t<div class=\"post-meta date-color\">\n\t\t\t<div class=\"entry-meta clearfix gem-post-date\">\n\t\t\t\t<div class=\"post-meta-right\">\n\t\t\t\t\t\t\t\t\t\t\n\t\t\t\t\t\n\t\t\t\t<\/div>\n\t\t\t\t<div class=\"post-meta-left\">\n\t\t\t\t\t\t\t\t\t\t\t<span class=\"post-meta-author\">\n\t\t\t\t\t\t\t\t\t\tPor <a href=\"https:\/\/elfuerte.cl\/web\" title=\"Visitar el sitio de Prensa El Fuerte\" rel=\"author external\">Prensa El Fuerte<\/a>\t\t\t\t\t\t\t\t\t<\/span>\n\t\t\t\t\t\t\t\t\t<\/div>\n\t\t\t<\/div><!-- .entry-meta -->\n\t\t<\/div>\n\n\t\t\t\t\t<div class=\"gem-blog-slider-navigation\">\n\t\t\t\t<a href=\"#\" class=\"gem-blog-slider-prev gem-button gem-button-size-tiny\">\n\t\t\t\t\t<i aria-hidden=\"true\" class=\"gem-print-icon gem-icon-prev gem-elegant arrow-carrot-left\"><\/i>\t\t\t\t<\/a>\n\t\t\t\t<a href=\"#\" class=\"gem-blog-slider-next gem-button gem-button-size-tiny\">\n\t\t\t\t\t<i aria-hidden=\"true\" class=\"gem-print-icon gem-icon-prev gem-elegant arrow-carrot-right\"><\/i>\t\t\t\t<\/a>\n\t\t\t<\/div>\n\t\t\t<\/div>\n<\/article><!-- #post-5658 -->\n\n<article id=\"post-5653\" class=\"clearfix\">\n\n\t<a href=\"https:\/\/elfuerte.cl\/web\/2026\/04\/04\/la-historia-de-paolo-y-su-fiat-600-que-recorre-la-pequena-italia-en-chile\/\" class=\"gem-slider-blog-link\"><\/a>\n\n\t<div class=\"gem-slider-item-image\" style=\"background: url('https:\/\/elfuerte.cl\/web\/wp-content\/uploads\/2026\/04\/bannerfiat.jpg') no-repeat 50% 50% \/ cover;\">\n\t\t<img src=\"https:\/\/elfuerte.cl\/web\/wp-content\/uploads\/2026\/04\/bannerfiat.jpg\"  style=\"visibility: hidden;\">\n\t<\/div>\n\n\t<div class=\"gem-slider-item-overlay\">\n\t\t<div class=\"gem-compact-item-content\">\n\t\t\t\t\t\t\t<div class=\"post-title\">\n\t\t\t\t\t<h5 class=\"entry-title reverse-link-color\"><span class=\"entry-title-date\"><\/span><span class=\"light\">La historia de Paolo y su Fiat 600 que recorre la \u201cPeque\u00f1a Italia en Chile\u201d<\/span><\/h5>\t\t\t\t<\/div>\n\t\t\t\n\t\t\t\t\t\t\t<div class=\"post-text date-color\">\n\t\t\t\t\t<div class=\"summary\">\n\t\t\t\t\t\t\t\t\t\t\t\t\t<p>El joven emprendedor apost\u00f3 por un auto cl\u00e1sico para innovar en el turismo local y rescatar la identidad italiana del pueblo. A sus 28 a\u00f1os, Paolo Gui\u00f1ez Cantergiani est\u00e1 impulsando un emprendimiento que va mucho m\u00e1s all\u00e1 de un paseo tur\u00edstico: se trata de vivir Capit\u00e1n Pastene desde su historia, su gente y sus ra\u00edces, a bordo de un Fiat 600 de 1974 restaurado con inspiraci\u00f3n italiana.<\/p>\n\t\t\t\t\t\t\t\t\t\t\t<\/div>\n\t\t\t\t<\/div>\n\t\t\t\n\t\t<\/div>\n\t\t<div class=\"post-meta date-color\">\n\t\t\t<div class=\"entry-meta clearfix gem-post-date\">\n\t\t\t\t<div class=\"post-meta-right\">\n\t\t\t\t\t\t\t\t\t\t\n\t\t\t\t\t\n\t\t\t\t<\/div>\n\t\t\t\t<div class=\"post-meta-left\">\n\t\t\t\t\t\t\t\t\t\t\t<span class=\"post-meta-author\">\n\t\t\t\t\t\t\t\t\t\tPor <a href=\"https:\/\/elfuerte.cl\/web\" title=\"Visitar el sitio de Prensa El Fuerte\" rel=\"author external\">Prensa El Fuerte<\/a>\t\t\t\t\t\t\t\t\t<\/span>\n\t\t\t\t\t\t\t\t\t<\/div>\n\t\t\t<\/div><!-- .entry-meta -->\n\t\t<\/div>\n\n\t\t\t\t\t<div class=\"gem-blog-slider-navigation\">\n\t\t\t\t<a href=\"#\" class=\"gem-blog-slider-prev gem-button gem-button-size-tiny\">\n\t\t\t\t\t<i aria-hidden=\"true\" class=\"gem-print-icon gem-icon-prev gem-elegant arrow-carrot-left\"><\/i>\t\t\t\t<\/a>\n\t\t\t\t<a href=\"#\" class=\"gem-blog-slider-next gem-button gem-button-size-tiny\">\n\t\t\t\t\t<i aria-hidden=\"true\" class=\"gem-print-icon gem-icon-prev gem-elegant arrow-carrot-right\"><\/i>\t\t\t\t<\/a>\n\t\t\t<\/div>\n\t\t\t<\/div>\n<\/article><!-- #post-5653 -->\n\n<article id=\"post-5645\" class=\"clearfix\">\n\n\t<a href=\"https:\/\/elfuerte.cl\/web\/2026\/04\/04\/puerto-varas-abre-biblioteca-infantil-en-la-estacion-de-trenes-para-fomentar-la-lectura-en-la-primera-infancia\/\" class=\"gem-slider-blog-link\"><\/a>\n\n\t<div class=\"gem-slider-item-image\" style=\"background: url('https:\/\/elfuerte.cl\/web\/wp-content\/uploads\/2026\/04\/portada-2026-04-04T121623.285.jpg') no-repeat 50% 50% \/ cover;\">\n\t\t<img src=\"https:\/\/elfuerte.cl\/web\/wp-content\/uploads\/2026\/04\/portada-2026-04-04T121623.285.jpg\"  style=\"visibility: hidden;\">\n\t<\/div>\n\n\t<div class=\"gem-slider-item-overlay\">\n\t\t<div class=\"gem-compact-item-content\">\n\t\t\t\t\t\t\t<div class=\"post-title\">\n\t\t\t\t\t<h5 class=\"entry-title reverse-link-color\"><span class=\"entry-title-date\"><\/span><span class=\"light\">Puerto Varas abre biblioteca infantil en la estaci\u00f3n de trenes para fomentar la lectura en la primera infancia<\/span><\/h5>\t\t\t\t<\/div>\n\t\t\t\n\t\t\t\t\t\t\t<div class=\"post-text date-color\">\n\t\t\t\t\t<div class=\"summary\">\n\t\t\t\t\t\t\t\t\t\t\t\t\t<p>El nuevo espacio p\u00fablico busca acercar la lectura a ni\u00f1os y familias de la comuna y se integra a la red de bibliotecas p\u00fablicas, ampliando la infraestructura cultural de la ciudad.<\/p>\n\t\t\t\t\t\t\t\t\t\t\t<\/div>\n\t\t\t\t<\/div>\n\t\t\t\n\t\t<\/div>\n\t\t<div class=\"post-meta date-color\">\n\t\t\t<div class=\"entry-meta clearfix gem-post-date\">\n\t\t\t\t<div class=\"post-meta-right\">\n\t\t\t\t\t\t\t\t\t\t\n\t\t\t\t\t\n\t\t\t\t<\/div>\n\t\t\t\t<div class=\"post-meta-left\">\n\t\t\t\t\t\t\t\t\t\t\t<span class=\"post-meta-author\">\n\t\t\t\t\t\t\t\t\t\tPor <a href=\"https:\/\/elfuerte.cl\/web\" title=\"Visitar el sitio de Prensa El Fuerte\" rel=\"author external\">Prensa El Fuerte<\/a>\t\t\t\t\t\t\t\t\t<\/span>\n\t\t\t\t\t\t\t\t\t<\/div>\n\t\t\t<\/div><!-- .entry-meta -->\n\t\t<\/div>\n\n\t\t\t\t\t<div class=\"gem-blog-slider-navigation\">\n\t\t\t\t<a href=\"#\" class=\"gem-blog-slider-prev gem-button gem-button-size-tiny\">\n\t\t\t\t\t<i aria-hidden=\"true\" class=\"gem-print-icon gem-icon-prev gem-elegant arrow-carrot-left\"><\/i>\t\t\t\t<\/a>\n\t\t\t\t<a href=\"#\" class=\"gem-blog-slider-next gem-button gem-button-size-tiny\">\n\t\t\t\t\t<i aria-hidden=\"true\" class=\"gem-print-icon gem-icon-prev gem-elegant arrow-carrot-right\"><\/i>\t\t\t\t<\/a>\n\t\t\t<\/div>\n\t\t\t<\/div>\n<\/article><!-- #post-5645 -->\n\n<article id=\"post-5625\" class=\"clearfix\">\n\n\t<a href=\"https:\/\/elfuerte.cl\/web\/2026\/04\/03\/orquesta-cifan-llevara-la-musica-a-los-barrios-de-valdivia-con-ciclo-de-conciertos-durante-todo-el-ano\/\" class=\"gem-slider-blog-link\"><\/a>\n\n\t<div class=\"gem-slider-item-image\" style=\"background: url('https:\/\/elfuerte.cl\/web\/wp-content\/uploads\/2026\/04\/portada-2026-04-04T115440.478.jpg') no-repeat 50% 50% \/ cover;\">\n\t\t<img src=\"https:\/\/elfuerte.cl\/web\/wp-content\/uploads\/2026\/04\/portada-2026-04-04T115440.478.jpg\"  style=\"visibility: hidden;\">\n\t<\/div>\n\n\t<div class=\"gem-slider-item-overlay\">\n\t\t<div class=\"gem-compact-item-content\">\n\t\t\t\t\t\t\t<div class=\"post-title\">\n\t\t\t\t\t<h5 class=\"entry-title reverse-link-color\"><span class=\"entry-title-date\"><\/span><span class=\"light\">Orquesta CIFAN llevar\u00e1 la m\u00fasica a los barrios de  Valdivia con ciclo de conciertos durante todo el a\u00f1o<\/span><\/h5>\t\t\t\t<\/div>\n\t\t\t\n\t\t\t\t\t\t\t<div class=\"post-text date-color\">\n\t\t\t\t\t<div class=\"summary\">\n\t\t\t\t\t\t\t\t\t\t\t\t\t<p>La agrupaci\u00f3n iniciar\u00e1 en abril el programa \u201cCIFAN en tu Barrio\u201d, con presentaciones gratuitas en parroquias y espacios comunitarios de la ciudad, con el objetivo de acercar la m\u00fasica a nuevos p\u00fablicos y fortalecer su labor social y educativa.<\/p>\n\t\t\t\t\t\t\t\t\t\t\t<\/div>\n\t\t\t\t<\/div>\n\t\t\t\n\t\t<\/div>\n\t\t<div class=\"post-meta date-color\">\n\t\t\t<div class=\"entry-meta clearfix gem-post-date\">\n\t\t\t\t<div class=\"post-meta-right\">\n\t\t\t\t\t\t\t\t\t\t\n\t\t\t\t\t\n\t\t\t\t<\/div>\n\t\t\t\t<div class=\"post-meta-left\">\n\t\t\t\t\t\t\t\t\t\t\t<span class=\"post-meta-author\">\n\t\t\t\t\t\t\t\t\t\tPor <a href=\"https:\/\/elfuerte.cl\/web\" title=\"Visitar el sitio de Prensa El Fuerte\" rel=\"author external\">Prensa El Fuerte<\/a>\t\t\t\t\t\t\t\t\t<\/span>\n\t\t\t\t\t\t\t\t\t<\/div>\n\t\t\t<\/div><!-- .entry-meta -->\n\t\t<\/div>\n\n\t\t\t\t\t<div class=\"gem-blog-slider-navigation\">\n\t\t\t\t<a href=\"#\" class=\"gem-blog-slider-prev gem-button gem-button-size-tiny\">\n\t\t\t\t\t<i aria-hidden=\"true\" class=\"gem-print-icon gem-icon-prev gem-elegant arrow-carrot-left\"><\/i>\t\t\t\t<\/a>\n\t\t\t\t<a href=\"#\" class=\"gem-blog-slider-next gem-button gem-button-size-tiny\">\n\t\t\t\t\t<i aria-hidden=\"true\" class=\"gem-print-icon gem-icon-prev gem-elegant arrow-carrot-right\"><\/i>\t\t\t\t<\/a>\n\t\t\t<\/div>\n\t\t\t<\/div>\n<\/article><!-- #post-5625 -->\n\n<article id=\"post-5619\" class=\"clearfix\">\n\n\t<a href=\"https:\/\/elfuerte.cl\/web\/2026\/04\/02\/valdivia-reduce-en-un-74-los-episodios-criticos-de-contaminacion-desde-la-entrada-en-vigencia-del-plan-de-descontaminacion-en-2017\/\" class=\"gem-slider-blog-link\"><\/a>\n\n\t<div class=\"gem-slider-item-image\" style=\"background: url('https:\/\/elfuerte.cl\/web\/wp-content\/uploads\/2026\/04\/portada-2026-04-02T203655.143.jpg') no-repeat 50% 50% \/ cover;\">\n\t\t<img src=\"https:\/\/elfuerte.cl\/web\/wp-content\/uploads\/2026\/04\/portada-2026-04-02T203655.143.jpg\"  style=\"visibility: hidden;\">\n\t<\/div>\n\n\t<div class=\"gem-slider-item-overlay\">\n\t\t<div class=\"gem-compact-item-content\">\n\t\t\t\t\t\t\t<div class=\"post-title\">\n\t\t\t\t\t<h5 class=\"entry-title reverse-link-color\"><span class=\"entry-title-date\"><\/span><span class=\"light\">Valdivia reduce en un 74% los episodios cr\u00edticos de contaminaci\u00f3n  desde la entrada en vigencia del plan de descontaminaci\u00f3n en 2017<\/span><\/h5>\t\t\t\t<\/div>\n\t\t\t\n\t\t\t\t\t\t\t<div class=\"post-text date-color\">\n\t\t\t\t\t<div class=\"summary\">\n\t\t\t\t\t\t\t\t\t\t\t\t\t<p>Las cifras fueron dadas a conocer en el marco del lanzamiento del periodo de Gesti\u00f3n de Episodios Cr\u00edticos 2026, instancia encabezada por autoridades regionales, donde se destac\u00f3 la disminuci\u00f3n de la contaminaci\u00f3n atmosf\u00e9rica en la ciudad.<\/p>\n\t\t\t\t\t\t\t\t\t\t\t<\/div>\n\t\t\t\t<\/div>\n\t\t\t\n\t\t<\/div>\n\t\t<div class=\"post-meta date-color\">\n\t\t\t<div class=\"entry-meta clearfix gem-post-date\">\n\t\t\t\t<div class=\"post-meta-right\">\n\t\t\t\t\t\t\t\t\t\t\n\t\t\t\t\t\n\t\t\t\t<\/div>\n\t\t\t\t<div class=\"post-meta-left\">\n\t\t\t\t\t\t\t\t\t\t\t<span class=\"post-meta-author\">\n\t\t\t\t\t\t\t\t\t\tPor <a href=\"https:\/\/elfuerte.cl\/web\" title=\"Visitar el sitio de Prensa El Fuerte\" rel=\"author external\">Prensa El Fuerte<\/a>\t\t\t\t\t\t\t\t\t<\/span>\n\t\t\t\t\t\t\t\t\t<\/div>\n\t\t\t<\/div><!-- .entry-meta -->\n\t\t<\/div>\n\n\t\t\t\t\t<div class=\"gem-blog-slider-navigation\">\n\t\t\t\t<a href=\"#\" class=\"gem-blog-slider-prev gem-button gem-button-size-tiny\">\n\t\t\t\t\t<i aria-hidden=\"true\" class=\"gem-print-icon gem-icon-prev gem-elegant arrow-carrot-left\"><\/i>\t\t\t\t<\/a>\n\t\t\t\t<a href=\"#\" class=\"gem-blog-slider-next gem-button gem-button-size-tiny\">\n\t\t\t\t\t<i aria-hidden=\"true\" class=\"gem-print-icon gem-icon-prev gem-elegant arrow-carrot-right\"><\/i>\t\t\t\t<\/a>\n\t\t\t<\/div>\n\t\t\t<\/div>\n<\/article><!-- #post-5619 -->\n\n<article id=\"post-5611\" class=\"clearfix\">\n\n\t<a href=\"https:\/\/elfuerte.cl\/web\/2026\/04\/02\/acuerdo-entre-gobierno-regional-y-subpesca-asegura-financiamiento-para-zonas-contiguas-y-continuidad-de-la-pesca-artesanal\/\" class=\"gem-slider-blog-link\"><\/a>\n\n\t<div class=\"gem-slider-item-image\" style=\"background: url('https:\/\/elfuerte.cl\/web\/wp-content\/uploads\/2026\/04\/portada-2026-04-02T185455.049.jpg') no-repeat 50% 50% \/ cover;\">\n\t\t<img src=\"https:\/\/elfuerte.cl\/web\/wp-content\/uploads\/2026\/04\/portada-2026-04-02T185455.049.jpg\"  style=\"visibility: hidden;\">\n\t<\/div>\n\n\t<div class=\"gem-slider-item-overlay\">\n\t\t<div class=\"gem-compact-item-content\">\n\t\t\t\t\t\t\t<div class=\"post-title\">\n\t\t\t\t\t<h5 class=\"entry-title reverse-link-color\"><span class=\"entry-title-date\"><\/span><span class=\"light\">Acuerdo entre Gobierno Regional y Subpesca asegura financiamiento para zonas contiguas y continuidad de la pesca artesanal<\/span><\/h5>\t\t\t\t<\/div>\n\t\t\t\n\t\t\t\t\t\t\t<div class=\"post-text date-color\">\n\t\t\t\t\t<div class=\"summary\">\n\t\t\t\t\t\t\t\t\t\t\t\t\t<p>El convenio permitir\u00e1 la operaci\u00f3n de la flota bent\u00f3nica de Los Lagos en aguas de Ays\u00e9n, evitando conflictos entre pescadores de ambas regiones. El financiamiento total alcanza los $1.100 millones.<\/p>\n\t\t\t\t\t\t\t\t\t\t\t<\/div>\n\t\t\t\t<\/div>\n\t\t\t\n\t\t<\/div>\n\t\t<div class=\"post-meta date-color\">\n\t\t\t<div class=\"entry-meta clearfix gem-post-date\">\n\t\t\t\t<div class=\"post-meta-right\">\n\t\t\t\t\t\t\t\t\t\t\n\t\t\t\t\t\n\t\t\t\t<\/div>\n\t\t\t\t<div class=\"post-meta-left\">\n\t\t\t\t\t\t\t\t\t\t\t<span class=\"post-meta-author\">\n\t\t\t\t\t\t\t\t\t\tPor <a href=\"https:\/\/elfuerte.cl\/web\" title=\"Visitar el sitio de Prensa El Fuerte\" rel=\"author external\">Prensa El Fuerte<\/a>\t\t\t\t\t\t\t\t\t<\/span>\n\t\t\t\t\t\t\t\t\t<\/div>\n\t\t\t<\/div><!-- .entry-meta -->\n\t\t<\/div>\n\n\t\t\t\t\t<div class=\"gem-blog-slider-navigation\">\n\t\t\t\t<a href=\"#\" class=\"gem-blog-slider-prev gem-button gem-button-size-tiny\">\n\t\t\t\t\t<i aria-hidden=\"true\" class=\"gem-print-icon gem-icon-prev gem-elegant arrow-carrot-left\"><\/i>\t\t\t\t<\/a>\n\t\t\t\t<a href=\"#\" class=\"gem-blog-slider-next gem-button gem-button-size-tiny\">\n\t\t\t\t\t<i aria-hidden=\"true\" class=\"gem-print-icon gem-icon-prev gem-elegant arrow-carrot-right\"><\/i>\t\t\t\t<\/a>\n\t\t\t<\/div>\n\t\t\t<\/div>\n<\/article><!-- #post-5611 -->\n\n<article id=\"post-5603\" class=\"clearfix\">\n\n\t<a href=\"https:\/\/elfuerte.cl\/web\/2026\/04\/02\/valdivia-y-la-region-despiden-con-profundo-pesar-al-dirigente-social-y-regionalista-jose-pepe-araya\/\" class=\"gem-slider-blog-link\"><\/a>\n\n\t<div class=\"gem-slider-item-image\" style=\"background: url('https:\/\/elfuerte.cl\/web\/wp-content\/uploads\/2026\/04\/portada-2026-04-02T171344.690.jpg') no-repeat 50% 50% \/ cover;\">\n\t\t<img src=\"https:\/\/elfuerte.cl\/web\/wp-content\/uploads\/2026\/04\/portada-2026-04-02T171344.690.jpg\"  style=\"visibility: hidden;\">\n\t<\/div>\n\n\t<div class=\"gem-slider-item-overlay\">\n\t\t<div class=\"gem-compact-item-content\">\n\t\t\t\t\t\t\t<div class=\"post-title\">\n\t\t\t\t\t<h5 class=\"entry-title reverse-link-color\"><span class=\"entry-title-date\"><\/span><span class=\"light\">Valdivia y la regi\u00f3n despiden con profundo pesar al dirigente social y regionalista Jos\u00e9 \u201cPepe\u201d Araya<\/span><\/h5>\t\t\t\t<\/div>\n\t\t\t\n\t\t\t\t\t\t\t<div class=\"post-text date-color\">\n\t\t\t\t\t<div class=\"summary\">\n\t\t\t\t\t\t\t\t\t\t\t\t\t<p>La Municipalidad de Valdivia decret\u00f3 duelo comunal por dos d\u00edas tras el fallecimiento del reconocido valdiviano, noticia que ha causado gran conmoci\u00f3n en los m\u00e1s diversos \u00e1mbitos del quehacer regional, lo que demuestra el respeto y reconocimiento transversal hacia su labor dirigencial.  <\/p>\n\t\t\t\t\t\t\t\t\t\t\t<\/div>\n\t\t\t\t<\/div>\n\t\t\t\n\t\t<\/div>\n\t\t<div class=\"post-meta date-color\">\n\t\t\t<div class=\"entry-meta clearfix gem-post-date\">\n\t\t\t\t<div class=\"post-meta-right\">\n\t\t\t\t\t\t\t\t\t\t\n\t\t\t\t\t\n\t\t\t\t<\/div>\n\t\t\t\t<div class=\"post-meta-left\">\n\t\t\t\t\t\t\t\t\t\t\t<span class=\"post-meta-author\">\n\t\t\t\t\t\t\t\t\t\tPor <a href=\"https:\/\/elfuerte.cl\/web\" title=\"Visitar el sitio de Prensa El Fuerte\" rel=\"author external\">Prensa El Fuerte<\/a>\t\t\t\t\t\t\t\t\t<\/span>\n\t\t\t\t\t\t\t\t\t<\/div>\n\t\t\t<\/div><!-- .entry-meta -->\n\t\t<\/div>\n\n\t\t\t\t\t<div class=\"gem-blog-slider-navigation\">\n\t\t\t\t<a href=\"#\" class=\"gem-blog-slider-prev gem-button gem-button-size-tiny\">\n\t\t\t\t\t<i aria-hidden=\"true\" class=\"gem-print-icon gem-icon-prev gem-elegant arrow-carrot-left\"><\/i>\t\t\t\t<\/a>\n\t\t\t\t<a href=\"#\" class=\"gem-blog-slider-next gem-button gem-button-size-tiny\">\n\t\t\t\t\t<i aria-hidden=\"true\" class=\"gem-print-icon gem-icon-prev gem-elegant arrow-carrot-right\"><\/i>\t\t\t\t<\/a>\n\t\t\t<\/div>\n\t\t\t<\/div>\n<\/article><!-- #post-5603 -->\n\n<article id=\"post-5597\" class=\"clearfix\">\n\n\t<a href=\"https:\/\/elfuerte.cl\/web\/2026\/04\/02\/rock-circo-y-teatro-se-cruzan-en-jesucristo-superstar-que-llega-este-viernes-al-cervantes\/\" class=\"gem-slider-blog-link\"><\/a>\n\n\t<div class=\"gem-slider-item-image\" style=\"background: url('https:\/\/elfuerte.cl\/web\/wp-content\/uploads\/2026\/04\/portada-2026-04-02T105811.530.jpg') no-repeat 50% 50% \/ cover;\">\n\t\t<img src=\"https:\/\/elfuerte.cl\/web\/wp-content\/uploads\/2026\/04\/portada-2026-04-02T105811.530.jpg\"  style=\"visibility: hidden;\">\n\t<\/div>\n\n\t<div class=\"gem-slider-item-overlay\">\n\t\t<div class=\"gem-compact-item-content\">\n\t\t\t\t\t\t\t<div class=\"post-title\">\n\t\t\t\t\t<h5 class=\"entry-title reverse-link-color\"><span class=\"entry-title-date\"><\/span><span class=\"light\">Rock, circo y teatro se cruzan en \u201cJesucristo Superstar\u201d que llega este viernes al Cervantes<\/span><\/h5>\t\t\t\t<\/div>\n\t\t\t\n\t\t\t\t\t\t\t<div class=\"post-text date-color\">\n\t\t\t\t\t<div class=\"summary\">\n\t\t\t\t\t\t\t\t\t\t\t\t\t<p>La reconocida \u00f3pera rock se presentar\u00e1 ma\u00f1ana viernes 3 de abril en el Teatro Regional Cervantes de Valdivia, en una versi\u00f3n regional que apuesta por una puesta en escena interdisciplinaria, con m\u00fasica en vivo, actuaci\u00f3n, danza y artes circenses. <\/p>\n\t\t\t\t\t\t\t\t\t\t\t<\/div>\n\t\t\t\t<\/div>\n\t\t\t\n\t\t<\/div>\n\t\t<div class=\"post-meta date-color\">\n\t\t\t<div class=\"entry-meta clearfix gem-post-date\">\n\t\t\t\t<div class=\"post-meta-right\">\n\t\t\t\t\t\t\t\t\t\t\n\t\t\t\t\t\n\t\t\t\t<\/div>\n\t\t\t\t<div class=\"post-meta-left\">\n\t\t\t\t\t\t\t\t\t\t\t<span class=\"post-meta-author\">\n\t\t\t\t\t\t\t\t\t\tPor <a href=\"https:\/\/elfuerte.cl\/web\" title=\"Visitar el sitio de Prensa El Fuerte\" rel=\"author external\">Prensa El Fuerte<\/a>\t\t\t\t\t\t\t\t\t<\/span>\n\t\t\t\t\t\t\t\t\t<\/div>\n\t\t\t<\/div><!-- .entry-meta -->\n\t\t<\/div>\n\n\t\t\t\t\t<div class=\"gem-blog-slider-navigation\">\n\t\t\t\t<a href=\"#\" class=\"gem-blog-slider-prev gem-button gem-button-size-tiny\">\n\t\t\t\t\t<i aria-hidden=\"true\" class=\"gem-print-icon gem-icon-prev gem-elegant arrow-carrot-left\"><\/i>\t\t\t\t<\/a>\n\t\t\t\t<a href=\"#\" class=\"gem-blog-slider-next gem-button gem-button-size-tiny\">\n\t\t\t\t\t<i aria-hidden=\"true\" class=\"gem-print-icon gem-icon-prev gem-elegant arrow-carrot-right\"><\/i>\t\t\t\t<\/a>\n\t\t\t<\/div>\n\t\t\t<\/div>\n<\/article><!-- #post-5597 -->\n\n<article id=\"post-5588\" class=\"clearfix\">\n\n\t<a href=\"https:\/\/elfuerte.cl\/web\/2026\/04\/01\/gobierno-regional-abre-convocatoria-del-fondo-vida-en-comunidad-2026-con-mas-de-2-300-millones-para-organizaciones-sociales\/\" class=\"gem-slider-blog-link\"><\/a>\n\n\t<div class=\"gem-slider-item-image\" style=\"background: url('https:\/\/elfuerte.cl\/web\/wp-content\/uploads\/2026\/04\/portada-2026-04-01T124240.809.jpg') no-repeat 50% 50% \/ cover;\">\n\t\t<img src=\"https:\/\/elfuerte.cl\/web\/wp-content\/uploads\/2026\/04\/portada-2026-04-01T124240.809.jpg\"  style=\"visibility: hidden;\">\n\t<\/div>\n\n\t<div class=\"gem-slider-item-overlay\">\n\t\t<div class=\"gem-compact-item-content\">\n\t\t\t\t\t\t\t<div class=\"post-title\">\n\t\t\t\t\t<h5 class=\"entry-title reverse-link-color\"><span class=\"entry-title-date\"><\/span><span class=\"light\">Gobierno Regional abre convocatoria del Fondo Vida en Comunidad 2026 con m\u00e1s de $2.300 millones para organizaciones sociales<\/span><\/h5>\t\t\t\t<\/div>\n\t\t\t\n\t\t\t\t\t\t\t<div class=\"post-text date-color\">\n\t\t\t\t\t<div class=\"summary\">\n\t\t\t\t\t\t\t\t\t\t\t\t\t<p>Las postulaciones se realizar\u00e1n en fechas diferenciadas seg\u00fan cada l\u00ednea concursable, considerando recursos para deporte, cultura, desarrollo social y medio ambiente en toda la Regi\u00f3n de Los R\u00edos.<\/p>\n\t\t\t\t\t\t\t\t\t\t\t<\/div>\n\t\t\t\t<\/div>\n\t\t\t\n\t\t<\/div>\n\t\t<div class=\"post-meta date-color\">\n\t\t\t<div class=\"entry-meta clearfix gem-post-date\">\n\t\t\t\t<div class=\"post-meta-right\">\n\t\t\t\t\t\t\t\t\t\t\n\t\t\t\t\t\n\t\t\t\t<\/div>\n\t\t\t\t<div class=\"post-meta-left\">\n\t\t\t\t\t\t\t\t\t\t\t<span class=\"post-meta-author\">\n\t\t\t\t\t\t\t\t\t\tPor <a href=\"https:\/\/elfuerte.cl\/web\" title=\"Visitar el sitio de Prensa El Fuerte\" rel=\"author external\">Prensa El Fuerte<\/a>\t\t\t\t\t\t\t\t\t<\/span>\n\t\t\t\t\t\t\t\t\t<\/div>\n\t\t\t<\/div><!-- .entry-meta -->\n\t\t<\/div>\n\n\t\t\t\t\t<div class=\"gem-blog-slider-navigation\">\n\t\t\t\t<a href=\"#\" class=\"gem-blog-slider-prev gem-button gem-button-size-tiny\">\n\t\t\t\t\t<i aria-hidden=\"true\" class=\"gem-print-icon gem-icon-prev gem-elegant arrow-carrot-left\"><\/i>\t\t\t\t<\/a>\n\t\t\t\t<a href=\"#\" class=\"gem-blog-slider-next gem-button gem-button-size-tiny\">\n\t\t\t\t\t<i aria-hidden=\"true\" class=\"gem-print-icon gem-icon-prev gem-elegant arrow-carrot-right\"><\/i>\t\t\t\t<\/a>\n\t\t\t<\/div>\n\t\t\t<\/div>\n<\/article><!-- #post-5588 -->\n\n<article id=\"post-5582\" class=\"clearfix\">\n\n\t<a href=\"https:\/\/elfuerte.cl\/web\/2026\/04\/01\/con-motivo-de-semana-santa-se-realiza-la-segunda-feria-del-chocolate-en-frutillar\/\" class=\"gem-slider-blog-link\"><\/a>\n\n\t<div class=\"gem-slider-item-image\" style=\"background: url('https:\/\/elfuerte.cl\/web\/wp-content\/uploads\/2026\/04\/portada-2026-04-01T121922.170.jpg') no-repeat 50% 50% \/ cover;\">\n\t\t<img src=\"https:\/\/elfuerte.cl\/web\/wp-content\/uploads\/2026\/04\/portada-2026-04-01T121922.170.jpg\"  style=\"visibility: hidden;\">\n\t<\/div>\n\n\t<div class=\"gem-slider-item-overlay\">\n\t\t<div class=\"gem-compact-item-content\">\n\t\t\t\t\t\t\t<div class=\"post-title\">\n\t\t\t\t\t<h5 class=\"entry-title reverse-link-color\"><span class=\"entry-title-date\"><\/span><span class=\"light\">Con motivo de Semana Santa se realiza la Segunda Feria del Chocolate en Frutillar<\/span><\/h5>\t\t\t\t<\/div>\n\t\t\t\n\t\t\t\t\t\t\t<div class=\"post-text date-color\">\n\t\t\t\t\t<div class=\"summary\">\n\t\t\t\t\t\t\t\t\t\t\t\t\t<p>La actividad re\u00fane a emprendedores locales y contempla actividades familiares y la tradicional b\u00fasqueda de huevos de Pascua, en el marco de las celebraciones de Semana Santa.<\/p>\n\t\t\t\t\t\t\t\t\t\t\t<\/div>\n\t\t\t\t<\/div>\n\t\t\t\n\t\t<\/div>\n\t\t<div class=\"post-meta date-color\">\n\t\t\t<div class=\"entry-meta clearfix gem-post-date\">\n\t\t\t\t<div class=\"post-meta-right\">\n\t\t\t\t\t\t\t\t\t\t\n\t\t\t\t\t\n\t\t\t\t<\/div>\n\t\t\t\t<div class=\"post-meta-left\">\n\t\t\t\t\t\t\t\t\t\t\t<span class=\"post-meta-author\">\n\t\t\t\t\t\t\t\t\t\tPor <a href=\"https:\/\/elfuerte.cl\/web\" title=\"Visitar el sitio de Prensa El Fuerte\" rel=\"author external\">Prensa El Fuerte<\/a>\t\t\t\t\t\t\t\t\t<\/span>\n\t\t\t\t\t\t\t\t\t<\/div>\n\t\t\t<\/div><!-- .entry-meta -->\n\t\t<\/div>\n\n\t\t\t\t\t<div class=\"gem-blog-slider-navigation\">\n\t\t\t\t<a href=\"#\" class=\"gem-blog-slider-prev gem-button gem-button-size-tiny\">\n\t\t\t\t\t<i aria-hidden=\"true\" class=\"gem-print-icon gem-icon-prev gem-elegant arrow-carrot-left\"><\/i>\t\t\t\t<\/a>\n\t\t\t\t<a href=\"#\" class=\"gem-blog-slider-next gem-button gem-button-size-tiny\">\n\t\t\t\t\t<i aria-hidden=\"true\" class=\"gem-print-icon gem-icon-prev gem-elegant arrow-carrot-right\"><\/i>\t\t\t\t<\/a>\n\t\t\t<\/div>\n\t\t\t<\/div>\n<\/article><!-- #post-5582 -->\n\n<article id=\"post-5575\" class=\"clearfix\">\n\n\t<a href=\"https:\/\/elfuerte.cl\/web\/2026\/03\/31\/dia-de-las-regiones-avances-y-frustraciones-marcan-el-proceso-de-descentralizacion-en-chile\/\" class=\"gem-slider-blog-link\"><\/a>\n\n\t<div class=\"gem-slider-item-image\" style=\"background: url('https:\/\/elfuerte.cl\/web\/wp-content\/uploads\/2026\/03\/portada-2026-03-31T190757.907.jpg') no-repeat 50% 50% \/ cover;\">\n\t\t<img src=\"https:\/\/elfuerte.cl\/web\/wp-content\/uploads\/2026\/03\/portada-2026-03-31T190757.907.jpg\"  style=\"visibility: hidden;\">\n\t<\/div>\n\n\t<div class=\"gem-slider-item-overlay\">\n\t\t<div class=\"gem-compact-item-content\">\n\t\t\t\t\t\t\t<div class=\"post-title\">\n\t\t\t\t\t<h5 class=\"entry-title reverse-link-color\"><span class=\"entry-title-date\"><\/span><span class=\"light\">D\u00eda de las Regiones: avances y frustraciones marcan el proceso de descentralizaci\u00f3n en Chile<\/span><\/h5>\t\t\t\t<\/div>\n\t\t\t\n\t\t\t\t\t\t\t<div class=\"post-text date-color\">\n\t\t\t\t\t<div class=\"summary\">\n\t\t\t\t\t\t\t\t\t\t\t\t\t<p>La actividad se desarroll\u00f3 la ma\u00f1ana de este martes en Valdivia con la presencia de autoridades regionales, parlamentarias, autoridades comunales, consejeros regionales, dirigentes sociales y representantes del mundo acad\u00e9mico, en una jornada de reflexi\u00f3n sobre descentralizaci\u00f3n y desarrollo regional.<\/p>\n\t\t\t\t\t\t\t\t\t\t\t<\/div>\n\t\t\t\t<\/div>\n\t\t\t\n\t\t<\/div>\n\t\t<div class=\"post-meta date-color\">\n\t\t\t<div class=\"entry-meta clearfix gem-post-date\">\n\t\t\t\t<div class=\"post-meta-right\">\n\t\t\t\t\t\t\t\t\t\t\n\t\t\t\t\t\n\t\t\t\t<\/div>\n\t\t\t\t<div class=\"post-meta-left\">\n\t\t\t\t\t\t\t\t\t\t\t<span class=\"post-meta-author\">\n\t\t\t\t\t\t\t\t\t\tPor <a href=\"https:\/\/elfuerte.cl\/web\" title=\"Visitar el sitio de Prensa El Fuerte\" rel=\"author external\">Prensa El Fuerte<\/a>\t\t\t\t\t\t\t\t\t<\/span>\n\t\t\t\t\t\t\t\t\t<\/div>\n\t\t\t<\/div><!-- .entry-meta -->\n\t\t<\/div>\n\n\t\t\t\t\t<div class=\"gem-blog-slider-navigation\">\n\t\t\t\t<a href=\"#\" class=\"gem-blog-slider-prev gem-button gem-button-size-tiny\">\n\t\t\t\t\t<i aria-hidden=\"true\" class=\"gem-print-icon gem-icon-prev gem-elegant arrow-carrot-left\"><\/i>\t\t\t\t<\/a>\n\t\t\t\t<a href=\"#\" class=\"gem-blog-slider-next gem-button gem-button-size-tiny\">\n\t\t\t\t\t<i aria-hidden=\"true\" class=\"gem-print-icon gem-icon-prev gem-elegant arrow-carrot-right\"><\/i>\t\t\t\t<\/a>\n\t\t\t<\/div>\n\t\t\t<\/div>\n<\/article><!-- #post-5575 -->\n\n<article id=\"post-5559\" class=\"clearfix\">\n\n\t<a href=\"https:\/\/elfuerte.cl\/web\/2026\/03\/31\/voluntariado-reconstruccion-y-apoyo-emocional-cmpc-continua-trabajo-en-penco-y-lirquen-tras-incendios\/\" class=\"gem-slider-blog-link\"><\/a>\n\n\t<div class=\"gem-slider-item-image\" style=\"background: url('https:\/\/elfuerte.cl\/web\/wp-content\/uploads\/2026\/03\/portada-2026-03-31T161939.566.jpg') no-repeat 50% 50% \/ cover;\">\n\t\t<img src=\"https:\/\/elfuerte.cl\/web\/wp-content\/uploads\/2026\/03\/portada-2026-03-31T161939.566.jpg\"  style=\"visibility: hidden;\">\n\t<\/div>\n\n\t<div class=\"gem-slider-item-overlay\">\n\t\t<div class=\"gem-compact-item-content\">\n\t\t\t\t\t\t\t<div class=\"post-title\">\n\t\t\t\t\t<h5 class=\"entry-title reverse-link-color\"><span class=\"entry-title-date\"><\/span><span class=\"light\">Voluntariado, reconstrucci\u00f3n y apoyo emocional: CMPC contin\u00faa trabajo en Penco y Lirqu\u00e9n tras incendios<\/span><\/h5>\t\t\t\t<\/div>\n\t\t\t\n\t\t\t\t\t\t\t<div class=\"post-text date-color\">\n\t\t\t\t\t<div class=\"summary\">\n\t\t\t\t\t\t\t\t\t\t\t\t\t<p>Autoridades realizaron un llamado a la comunidad a comprar s\u00f3lo en lugares autorizados y a consumir los productos debidamente cocidos, se\u00f1alando que el autocuidado tambi\u00e9n es fundamental para prevenir enfermedades transmitidas por alimentos.<\/p>\n\t\t\t\t\t\t\t\t\t\t\t<\/div>\n\t\t\t\t<\/div>\n\t\t\t\n\t\t<\/div>\n\t\t<div class=\"post-meta date-color\">\n\t\t\t<div class=\"entry-meta clearfix gem-post-date\">\n\t\t\t\t<div class=\"post-meta-right\">\n\t\t\t\t\t\t\t\t\t\t\n\t\t\t\t\t\n\t\t\t\t<\/div>\n\t\t\t\t<div class=\"post-meta-left\">\n\t\t\t\t\t\t\t\t\t\t\t<span class=\"post-meta-author\">\n\t\t\t\t\t\t\t\t\t\tPor <a href=\"https:\/\/elfuerte.cl\/web\" title=\"Visitar el sitio de Prensa El Fuerte\" rel=\"author external\">Prensa El Fuerte<\/a>\t\t\t\t\t\t\t\t\t<\/span>\n\t\t\t\t\t\t\t\t\t<\/div>\n\t\t\t<\/div><!-- .entry-meta -->\n\t\t<\/div>\n\n\t\t\t\t\t<div class=\"gem-blog-slider-navigation\">\n\t\t\t\t<a href=\"#\" class=\"gem-blog-slider-prev gem-button gem-button-size-tiny\">\n\t\t\t\t\t<i aria-hidden=\"true\" class=\"gem-print-icon gem-icon-prev gem-elegant arrow-carrot-left\"><\/i>\t\t\t\t<\/a>\n\t\t\t\t<a href=\"#\" class=\"gem-blog-slider-next gem-button gem-button-size-tiny\">\n\t\t\t\t\t<i aria-hidden=\"true\" class=\"gem-print-icon gem-icon-prev gem-elegant arrow-carrot-right\"><\/i>\t\t\t\t<\/a>\n\t\t\t<\/div>\n\t\t\t<\/div>\n<\/article><!-- #post-5559 -->\n\n<article id=\"post-5539\" class=\"clearfix\">\n\n\t<a href=\"https:\/\/elfuerte.cl\/web\/2026\/03\/31\/san-pedro-de-la-paz-vibro-con-la-musica-de-alanys-lagos-y-maria-jimena-pereyra\/\" class=\"gem-slider-blog-link\"><\/a>\n\n\t<div class=\"gem-slider-item-image\" style=\"background: url('https:\/\/elfuerte.cl\/web\/wp-content\/uploads\/2026\/03\/bannerspdlp.jpg') no-repeat 50% 50% \/ cover;\">\n\t\t<img src=\"https:\/\/elfuerte.cl\/web\/wp-content\/uploads\/2026\/03\/bannerspdlp.jpg\"  style=\"visibility: hidden;\">\n\t<\/div>\n\n\t<div class=\"gem-slider-item-overlay\">\n\t\t<div class=\"gem-compact-item-content\">\n\t\t\t\t\t\t\t<div class=\"post-title\">\n\t\t\t\t\t<h5 class=\"entry-title reverse-link-color\"><span class=\"entry-title-date\"><\/span><span class=\"light\">San Pedro de la Paz vibr\u00f3 con la m\u00fasica de Alanys Lagos y Mar\u00eda Jimena Pereyra<\/span><\/h5>\t\t\t\t<\/div>\n\t\t\t\n\t\t\t\t\t\t\t<div class=\"post-text date-color\">\n\t\t\t\t\t<div class=\"summary\">\n\t\t\t\t\t\t\t\t\t\t\t\t\t<p>Con una destacada convocatoria y un ambiente lleno de m\u00fasica, talento y participaci\u00f3n ciudadana, la Municipalidad de San Pedro de la Paz cerr\u00f3 las actividades conmemorativas del Mes de la Mujer con dos jornadas culturales realizadas en el anfiteatro y en Plaza Lomas.<\/p>\n\t\t\t\t\t\t\t\t\t\t\t<\/div>\n\t\t\t\t<\/div>\n\t\t\t\n\t\t<\/div>\n\t\t<div class=\"post-meta date-color\">\n\t\t\t<div class=\"entry-meta clearfix gem-post-date\">\n\t\t\t\t<div class=\"post-meta-right\">\n\t\t\t\t\t\t\t\t\t\t\n\t\t\t\t\t\n\t\t\t\t<\/div>\n\t\t\t\t<div class=\"post-meta-left\">\n\t\t\t\t\t\t\t\t\t\t\t<span class=\"post-meta-author\">\n\t\t\t\t\t\t\t\t\t\tPor <a href=\"https:\/\/elfuerte.cl\/web\" title=\"Visitar el sitio de Prensa El Fuerte\" rel=\"author external\">Prensa El Fuerte<\/a>\t\t\t\t\t\t\t\t\t<\/span>\n\t\t\t\t\t\t\t\t\t<\/div>\n\t\t\t<\/div><!-- .entry-meta -->\n\t\t<\/div>\n\n\t\t\t\t\t<div class=\"gem-blog-slider-navigation\">\n\t\t\t\t<a href=\"#\" class=\"gem-blog-slider-prev gem-button gem-button-size-tiny\">\n\t\t\t\t\t<i aria-hidden=\"true\" class=\"gem-print-icon gem-icon-prev gem-elegant arrow-carrot-left\"><\/i>\t\t\t\t<\/a>\n\t\t\t\t<a href=\"#\" class=\"gem-blog-slider-next gem-button gem-button-size-tiny\">\n\t\t\t\t\t<i aria-hidden=\"true\" class=\"gem-print-icon gem-icon-prev gem-elegant arrow-carrot-right\"><\/i>\t\t\t\t<\/a>\n\t\t\t<\/div>\n\t\t\t<\/div>\n<\/article><!-- #post-5539 -->\n\n<article id=\"post-5534\" class=\"clearfix\">\n\n\t<a href=\"https:\/\/elfuerte.cl\/web\/2026\/03\/31\/mujeres-de-la-costa-araucania-analizan-conectividad-digital-y-autonomia-economica-en-encuentro-en-caleta-la-barra\/\" class=\"gem-slider-blog-link\"><\/a>\n\n\t<div class=\"gem-slider-item-image\" style=\"background: url('https:\/\/elfuerte.cl\/web\/wp-content\/uploads\/2026\/03\/Caleta-1.jpg') no-repeat 50% 50% \/ cover;\">\n\t\t<img src=\"https:\/\/elfuerte.cl\/web\/wp-content\/uploads\/2026\/03\/Caleta-1.jpg\"  style=\"visibility: hidden;\">\n\t<\/div>\n\n\t<div class=\"gem-slider-item-overlay\">\n\t\t<div class=\"gem-compact-item-content\">\n\t\t\t\t\t\t\t<div class=\"post-title\">\n\t\t\t\t\t<h5 class=\"entry-title reverse-link-color\"><span class=\"entry-title-date\"><\/span><span class=\"light\">Mujeres de la Costa Araucan\u00eda analizan conectividad digital y autonom\u00eda econ\u00f3mica en encuentro en Caleta La Barra<\/span><\/h5>\t\t\t\t<\/div>\n\t\t\t\n\t\t\t\t\t\t\t<div class=\"post-text date-color\">\n\t\t\t\t\t<div class=\"summary\">\n\t\t\t\t\t\t\t\t\t\t\t\t\t<p>El conversatorio reuni\u00f3 a dirigentas sociales, organizaciones de mujeres y autoridades, instancia donde se abordaron las brechas digitales, el desarrollo territorial y el rol de la conectividad para generar nuevas oportunidades en sectores rurales.<\/p>\n\t\t\t\t\t\t\t\t\t\t\t<\/div>\n\t\t\t\t<\/div>\n\t\t\t\n\t\t<\/div>\n\t\t<div class=\"post-meta date-color\">\n\t\t\t<div class=\"entry-meta clearfix gem-post-date\">\n\t\t\t\t<div class=\"post-meta-right\">\n\t\t\t\t\t\t\t\t\t\t\n\t\t\t\t\t\n\t\t\t\t<\/div>\n\t\t\t\t<div class=\"post-meta-left\">\n\t\t\t\t\t\t\t\t\t\t\t<span class=\"post-meta-author\">\n\t\t\t\t\t\t\t\t\t\tPor <a href=\"https:\/\/elfuerte.cl\/web\" title=\"Visitar el sitio de Prensa El Fuerte\" rel=\"author external\">Prensa El Fuerte<\/a>\t\t\t\t\t\t\t\t\t<\/span>\n\t\t\t\t\t\t\t\t\t<\/div>\n\t\t\t<\/div><!-- .entry-meta -->\n\t\t<\/div>\n\n\t\t\t\t\t<div class=\"gem-blog-slider-navigation\">\n\t\t\t\t<a href=\"#\" class=\"gem-blog-slider-prev gem-button gem-button-size-tiny\">\n\t\t\t\t\t<i aria-hidden=\"true\" class=\"gem-print-icon gem-icon-prev gem-elegant arrow-carrot-left\"><\/i>\t\t\t\t<\/a>\n\t\t\t\t<a href=\"#\" class=\"gem-blog-slider-next gem-button gem-button-size-tiny\">\n\t\t\t\t\t<i aria-hidden=\"true\" class=\"gem-print-icon gem-icon-prev gem-elegant arrow-carrot-right\"><\/i>\t\t\t\t<\/a>\n\t\t\t<\/div>\n\t\t\t<\/div>\n<\/article><!-- #post-5534 -->\n\n<article id=\"post-5524\" class=\"clearfix\">\n\n\t<a href=\"https:\/\/elfuerte.cl\/web\/2026\/03\/31\/ambulancias-acercaran-la-atencion-de-urgencia-a-sectores-rurales-y-aislados-de-puerto-varas\/\" class=\"gem-slider-blog-link\"><\/a>\n\n\t<div class=\"gem-slider-item-image\" style=\"background: url('https:\/\/elfuerte.cl\/web\/wp-content\/uploads\/2026\/03\/portada-2026-03-31T123054.471.jpg') no-repeat 50% 50% \/ cover;\">\n\t\t<img src=\"https:\/\/elfuerte.cl\/web\/wp-content\/uploads\/2026\/03\/portada-2026-03-31T123054.471.jpg\"  style=\"visibility: hidden;\">\n\t<\/div>\n\n\t<div class=\"gem-slider-item-overlay\">\n\t\t<div class=\"gem-compact-item-content\">\n\t\t\t\t\t\t\t<div class=\"post-title\">\n\t\t\t\t\t<h5 class=\"entry-title reverse-link-color\"><span class=\"entry-title-date\"><\/span><span class=\"light\">Ambulancias acercar\u00e1n la atenci\u00f3n de urgencia a sectores rurales y aislados de Puerto Varas<\/span><\/h5>\t\t\t\t<\/div>\n\t\t\t\n\t\t\t\t\t\t\t<div class=\"post-text date-color\">\n\t\t\t\t\t<div class=\"summary\">\n\t\t\t\t\t\t\t\t\t\t\t\t\t<p>La inversi\u00f3n municipal permitir\u00e1 mejorar los tiempos de respuesta ante emergencias m\u00e9dicas en localidades como Ensenada, Nueva Braunau, Petrohu\u00e9, Peulla y Ral\u00fan, sectores que hist\u00f3ricamente han enfrentado mayores dificultades de acceso a la atenci\u00f3n de salud.<\/p>\n\t\t\t\t\t\t\t\t\t\t\t<\/div>\n\t\t\t\t<\/div>\n\t\t\t\n\t\t<\/div>\n\t\t<div class=\"post-meta date-color\">\n\t\t\t<div class=\"entry-meta clearfix gem-post-date\">\n\t\t\t\t<div class=\"post-meta-right\">\n\t\t\t\t\t\t\t\t\t\t\n\t\t\t\t\t\n\t\t\t\t<\/div>\n\t\t\t\t<div class=\"post-meta-left\">\n\t\t\t\t\t\t\t\t\t\t\t<span class=\"post-meta-author\">\n\t\t\t\t\t\t\t\t\t\tPor <a href=\"https:\/\/elfuerte.cl\/web\" title=\"Visitar el sitio de Prensa El Fuerte\" rel=\"author external\">Prensa El Fuerte<\/a>\t\t\t\t\t\t\t\t\t<\/span>\n\t\t\t\t\t\t\t\t\t<\/div>\n\t\t\t<\/div><!-- .entry-meta -->\n\t\t<\/div>\n\n\t\t\t\t\t<div class=\"gem-blog-slider-navigation\">\n\t\t\t\t<a href=\"#\" class=\"gem-blog-slider-prev gem-button gem-button-size-tiny\">\n\t\t\t\t\t<i aria-hidden=\"true\" class=\"gem-print-icon gem-icon-prev gem-elegant arrow-carrot-left\"><\/i>\t\t\t\t<\/a>\n\t\t\t\t<a href=\"#\" class=\"gem-blog-slider-next gem-button gem-button-size-tiny\">\n\t\t\t\t\t<i aria-hidden=\"true\" class=\"gem-print-icon gem-icon-prev gem-elegant arrow-carrot-right\"><\/i>\t\t\t\t<\/a>\n\t\t\t<\/div>\n\t\t\t<\/div>\n<\/article><!-- #post-5524 -->\n\n<article id=\"post-5518\" class=\"clearfix\">\n\n\t<a href=\"https:\/\/elfuerte.cl\/web\/2026\/03\/31\/episodios-puntuales-de-turbiedad-en-el-agua-se-registraron-durante-la-madrugada-en-valdivia\/\" class=\"gem-slider-blog-link\"><\/a>\n\n\t<div class=\"gem-slider-item-image\" style=\"background: url('https:\/\/elfuerte.cl\/web\/wp-content\/uploads\/2026\/03\/portada-2026-03-31T120653.069.jpg') no-repeat 50% 50% \/ cover;\">\n\t\t<img src=\"https:\/\/elfuerte.cl\/web\/wp-content\/uploads\/2026\/03\/portada-2026-03-31T120653.069.jpg\"  style=\"visibility: hidden;\">\n\t<\/div>\n\n\t<div class=\"gem-slider-item-overlay\">\n\t\t<div class=\"gem-compact-item-content\">\n\t\t\t\t\t\t\t<div class=\"post-title\">\n\t\t\t\t\t<h5 class=\"entry-title reverse-link-color\"><span class=\"entry-title-date\"><\/span><span class=\"light\">Episodios puntuales de turbiedad en el agua se registraron durante la madrugada en Valdivia<\/span><\/h5>\t\t\t\t<\/div>\n\t\t\t\n\t\t\t\t\t\t\t<div class=\"post-text date-color\">\n\t\t\t\t\t<div class=\"summary\">\n\t\t\t\t\t\t\t\t\t\t\t\t\t<p>De acuerdo a lo se\u00f1alado por la sanitaria, estos eventos se habr\u00edan producido debido a trabajos de modernizaci\u00f3n y mantenci\u00f3n del sistema de producci\u00f3n y distribuci\u00f3n de agua potable<\/p>\n\t\t\t\t\t\t\t\t\t\t\t<\/div>\n\t\t\t\t<\/div>\n\t\t\t\n\t\t<\/div>\n\t\t<div class=\"post-meta date-color\">\n\t\t\t<div class=\"entry-meta clearfix gem-post-date\">\n\t\t\t\t<div class=\"post-meta-right\">\n\t\t\t\t\t\t\t\t\t\t\n\t\t\t\t\t\n\t\t\t\t<\/div>\n\t\t\t\t<div class=\"post-meta-left\">\n\t\t\t\t\t\t\t\t\t\t\t<span class=\"post-meta-author\">\n\t\t\t\t\t\t\t\t\t\tPor <a href=\"https:\/\/elfuerte.cl\/web\" title=\"Visitar el sitio de Prensa El Fuerte\" rel=\"author external\">Prensa El Fuerte<\/a>\t\t\t\t\t\t\t\t\t<\/span>\n\t\t\t\t\t\t\t\t\t<\/div>\n\t\t\t<\/div><!-- .entry-meta -->\n\t\t<\/div>\n\n\t\t\t\t\t<div class=\"gem-blog-slider-navigation\">\n\t\t\t\t<a href=\"#\" class=\"gem-blog-slider-prev gem-button gem-button-size-tiny\">\n\t\t\t\t\t<i aria-hidden=\"true\" class=\"gem-print-icon gem-icon-prev gem-elegant arrow-carrot-left\"><\/i>\t\t\t\t<\/a>\n\t\t\t\t<a href=\"#\" class=\"gem-blog-slider-next gem-button gem-button-size-tiny\">\n\t\t\t\t\t<i aria-hidden=\"true\" class=\"gem-print-icon gem-icon-prev gem-elegant arrow-carrot-right\"><\/i>\t\t\t\t<\/a>\n\t\t\t<\/div>\n\t\t\t<\/div>\n<\/article><!-- #post-5518 -->\n\n<article id=\"post-5511\" class=\"clearfix\">\n\n\t<a href=\"https:\/\/elfuerte.cl\/web\/2026\/03\/30\/semana-santa-intensifican-fiscalizaciones-por-venta-de-pescados-y-mariscos-en-la-araucania\/\" class=\"gem-slider-blog-link\"><\/a>\n\n\t<div class=\"gem-slider-item-image\" style=\"background: url('https:\/\/elfuerte.cl\/web\/wp-content\/uploads\/2026\/03\/portada-2026-03-30T164447.177.jpg') no-repeat 50% 50% \/ cover;\">\n\t\t<img src=\"https:\/\/elfuerte.cl\/web\/wp-content\/uploads\/2026\/03\/portada-2026-03-30T164447.177.jpg\"  style=\"visibility: hidden;\">\n\t<\/div>\n\n\t<div class=\"gem-slider-item-overlay\">\n\t\t<div class=\"gem-compact-item-content\">\n\t\t\t\t\t\t\t<div class=\"post-title\">\n\t\t\t\t\t<h5 class=\"entry-title reverse-link-color\"><span class=\"entry-title-date\"><\/span><span class=\"light\">Semana Santa: intensifican fiscalizaciones por venta de pescados y mariscos en La Araucan\u00eda<\/span><\/h5>\t\t\t\t<\/div>\n\t\t\t\n\t\t\t\t\t\t\t<div class=\"post-text date-color\">\n\t\t\t\t\t<div class=\"summary\">\n\t\t\t\t\t\t\t\t\t\t\t\t\t<p>Autoridades realizaron un llamado a la comunidad a comprar s\u00f3lo en lugares autorizados y a consumir los productos debidamente cocidos, se\u00f1alando que el autocuidado tambi\u00e9n es fundamental para prevenir enfermedades transmitidas por alimentos.<\/p>\n\t\t\t\t\t\t\t\t\t\t\t<\/div>\n\t\t\t\t<\/div>\n\t\t\t\n\t\t<\/div>\n\t\t<div class=\"post-meta date-color\">\n\t\t\t<div class=\"entry-meta clearfix gem-post-date\">\n\t\t\t\t<div class=\"post-meta-right\">\n\t\t\t\t\t\t\t\t\t\t\n\t\t\t\t\t\n\t\t\t\t<\/div>\n\t\t\t\t<div class=\"post-meta-left\">\n\t\t\t\t\t\t\t\t\t\t\t<span class=\"post-meta-author\">\n\t\t\t\t\t\t\t\t\t\tPor <a href=\"https:\/\/elfuerte.cl\/web\" title=\"Visitar el sitio de Prensa El Fuerte\" rel=\"author external\">Prensa El Fuerte<\/a>\t\t\t\t\t\t\t\t\t<\/span>\n\t\t\t\t\t\t\t\t\t<\/div>\n\t\t\t<\/div><!-- .entry-meta -->\n\t\t<\/div>\n\n\t\t\t\t\t<div class=\"gem-blog-slider-navigation\">\n\t\t\t\t<a href=\"#\" class=\"gem-blog-slider-prev gem-button gem-button-size-tiny\">\n\t\t\t\t\t<i aria-hidden=\"true\" class=\"gem-print-icon gem-icon-prev gem-elegant arrow-carrot-left\"><\/i>\t\t\t\t<\/a>\n\t\t\t\t<a href=\"#\" class=\"gem-blog-slider-next gem-button gem-button-size-tiny\">\n\t\t\t\t\t<i aria-hidden=\"true\" class=\"gem-print-icon gem-icon-prev gem-elegant arrow-carrot-right\"><\/i>\t\t\t\t<\/a>\n\t\t\t<\/div>\n\t\t\t<\/div>\n<\/article><!-- #post-5511 -->\n\n<article id=\"post-5504\" class=\"clearfix\">\n\n\t<a href=\"https:\/\/elfuerte.cl\/web\/2026\/03\/30\/delegado-presidencial-encabezo-primer-gabinete-regional-del-biobio\/\" class=\"gem-slider-blog-link\"><\/a>\n\n\t<div class=\"gem-slider-item-image\" style=\"background: url('https:\/\/elfuerte.cl\/web\/wp-content\/uploads\/2026\/03\/portada-2026-03-30T162514.506.jpg') no-repeat 50% 50% \/ cover;\">\n\t\t<img src=\"https:\/\/elfuerte.cl\/web\/wp-content\/uploads\/2026\/03\/portada-2026-03-30T162514.506.jpg\"  style=\"visibility: hidden;\">\n\t<\/div>\n\n\t<div class=\"gem-slider-item-overlay\">\n\t\t<div class=\"gem-compact-item-content\">\n\t\t\t\t\t\t\t<div class=\"post-title\">\n\t\t\t\t\t<h5 class=\"entry-title reverse-link-color\"><span class=\"entry-title-date\"><\/span><span class=\"light\">Delegado presidencial encabez\u00f3 primer gabinete regional del Biob\u00edo<\/span><\/h5>\t\t\t\t<\/div>\n\t\t\t\n\t\t\t\t\t\t\t<div class=\"post-text date-color\">\n\t\t\t\t\t<div class=\"summary\">\n\t\t\t\t\t\t\t\t\t\t\t\t\t<p>Durante esta primera reuni\u00f3n de trabajo, las autoridades coordinaron la instalaci\u00f3n del gobierno en la regi\u00f3n y definieron los principales lineamientos para avanzar en la implementaci\u00f3n de las pol\u00edticas p\u00fablicas del Ejecutivo en el Biob\u00edo.<\/p>\n\t\t\t\t\t\t\t\t\t\t\t<\/div>\n\t\t\t\t<\/div>\n\t\t\t\n\t\t<\/div>\n\t\t<div class=\"post-meta date-color\">\n\t\t\t<div class=\"entry-meta clearfix gem-post-date\">\n\t\t\t\t<div class=\"post-meta-right\">\n\t\t\t\t\t\t\t\t\t\t\n\t\t\t\t\t\n\t\t\t\t<\/div>\n\t\t\t\t<div class=\"post-meta-left\">\n\t\t\t\t\t\t\t\t\t\t\t<span class=\"post-meta-author\">\n\t\t\t\t\t\t\t\t\t\tPor <a href=\"https:\/\/elfuerte.cl\/web\" title=\"Visitar el sitio de Prensa El Fuerte\" rel=\"author external\">Prensa El Fuerte<\/a>\t\t\t\t\t\t\t\t\t<\/span>\n\t\t\t\t\t\t\t\t\t<\/div>\n\t\t\t<\/div><!-- .entry-meta -->\n\t\t<\/div>\n\n\t\t\t\t\t<div class=\"gem-blog-slider-navigation\">\n\t\t\t\t<a href=\"#\" class=\"gem-blog-slider-prev gem-button gem-button-size-tiny\">\n\t\t\t\t\t<i aria-hidden=\"true\" class=\"gem-print-icon gem-icon-prev gem-elegant arrow-carrot-left\"><\/i>\t\t\t\t<\/a>\n\t\t\t\t<a href=\"#\" class=\"gem-blog-slider-next gem-button gem-button-size-tiny\">\n\t\t\t\t\t<i aria-hidden=\"true\" class=\"gem-print-icon gem-icon-prev gem-elegant arrow-carrot-right\"><\/i>\t\t\t\t<\/a>\n\t\t\t<\/div>\n\t\t\t<\/div>\n<\/article><!-- #post-5504 -->\n\n<article id=\"post-5494\" class=\"clearfix\">\n\n\t<a href=\"https:\/\/elfuerte.cl\/web\/2026\/03\/30\/fiesta-de-la-manzana-y-la-sidra-en-valdivia-incorporara-rueda-de-negocios-y-primer-cider-speed-meeting\/\" class=\"gem-slider-blog-link\"><\/a>\n\n\t<div class=\"gem-slider-item-image\" style=\"background: url('https:\/\/elfuerte.cl\/web\/wp-content\/uploads\/2026\/03\/portada-2026-03-30T110411.675.jpg') no-repeat 50% 50% \/ cover;\">\n\t\t<img src=\"https:\/\/elfuerte.cl\/web\/wp-content\/uploads\/2026\/03\/portada-2026-03-30T110411.675.jpg\"  style=\"visibility: hidden;\">\n\t<\/div>\n\n\t<div class=\"gem-slider-item-overlay\">\n\t\t<div class=\"gem-compact-item-content\">\n\t\t\t\t\t\t\t<div class=\"post-title\">\n\t\t\t\t\t<h5 class=\"entry-title reverse-link-color\"><span class=\"entry-title-date\"><\/span><span class=\"light\">Fiesta de la Manzana y la Sidra en Valdivia incorporar\u00e1 rueda de negocios y primer Cider Speed Meeting<\/span><\/h5>\t\t\t\t<\/div>\n\t\t\t\n\t\t\t\t\t\t\t<div class=\"post-text date-color\">\n\t\t\t\t\t<div class=\"summary\">\n\t\t\t\t\t\t\t\t\t\t\t\t\t<p>El evento se realizar\u00e1 entre el 17 y 19 de abril en el Parque Saval y busca fortalecer la cultura sidrera del sur de Chile, la cadena productiva, el turismo gastron\u00f3mico y el desarrollo local asociado a este producto tradicional del territorio.<\/p>\n\t\t\t\t\t\t\t\t\t\t\t<\/div>\n\t\t\t\t<\/div>\n\t\t\t\n\t\t<\/div>\n\t\t<div class=\"post-meta date-color\">\n\t\t\t<div class=\"entry-meta clearfix gem-post-date\">\n\t\t\t\t<div class=\"post-meta-right\">\n\t\t\t\t\t\t\t\t\t\t\n\t\t\t\t\t\n\t\t\t\t<\/div>\n\t\t\t\t<div class=\"post-meta-left\">\n\t\t\t\t\t\t\t\t\t\t\t<span class=\"post-meta-author\">\n\t\t\t\t\t\t\t\t\t\tPor <a href=\"https:\/\/elfuerte.cl\/web\" title=\"Visitar el sitio de Prensa El Fuerte\" rel=\"author external\">Prensa El Fuerte<\/a>\t\t\t\t\t\t\t\t\t<\/span>\n\t\t\t\t\t\t\t\t\t<\/div>\n\t\t\t<\/div><!-- .entry-meta -->\n\t\t<\/div>\n\n\t\t\t\t\t<div class=\"gem-blog-slider-navigation\">\n\t\t\t\t<a href=\"#\" class=\"gem-blog-slider-prev gem-button gem-button-size-tiny\">\n\t\t\t\t\t<i aria-hidden=\"true\" class=\"gem-print-icon gem-icon-prev gem-elegant arrow-carrot-left\"><\/i>\t\t\t\t<\/a>\n\t\t\t\t<a href=\"#\" class=\"gem-blog-slider-next gem-button gem-button-size-tiny\">\n\t\t\t\t\t<i aria-hidden=\"true\" class=\"gem-print-icon gem-icon-prev gem-elegant arrow-carrot-right\"><\/i>\t\t\t\t<\/a>\n\t\t\t<\/div>\n\t\t\t<\/div>\n<\/article><!-- #post-5494 -->\n\n<article id=\"post-5485\" class=\"clearfix\">\n\n\t<a href=\"https:\/\/elfuerte.cl\/web\/2026\/03\/30\/santo-tomas-valdivia-destaca-rol-de-los-tecnicos-en-salud-con-conversatorio-junto-a-titulados-y-estudiantes\/\" class=\"gem-slider-blog-link\"><\/a>\n\n\t<div class=\"gem-slider-item-image\" style=\"background: url('https:\/\/elfuerte.cl\/web\/wp-content\/uploads\/2026\/03\/portada-2026-03-30T104124.937.jpg') no-repeat 50% 50% \/ cover;\">\n\t\t<img src=\"https:\/\/elfuerte.cl\/web\/wp-content\/uploads\/2026\/03\/portada-2026-03-30T104124.937.jpg\"  style=\"visibility: hidden;\">\n\t<\/div>\n\n\t<div class=\"gem-slider-item-overlay\">\n\t\t<div class=\"gem-compact-item-content\">\n\t\t\t\t\t\t\t<div class=\"post-title\">\n\t\t\t\t\t<h5 class=\"entry-title reverse-link-color\"><span class=\"entry-title-date\"><\/span><span class=\"light\">Santo Tom\u00e1s Valdivia destaca rol de los t\u00e9cnicos en salud con conversatorio junto a titulados y estudiantes<\/span><\/h5>\t\t\t\t<\/div>\n\t\t\t\n\t\t\t\t\t\t\t<div class=\"post-text date-color\">\n\t\t\t\t\t<div class=\"summary\">\n\t\t\t\t\t\t\t\t\t\t\t\t\t<p>La actividad se realiz\u00f3 con motivo de la conmemoraci\u00f3n del D\u00eda del T\u00e9cnico en Enfermer\u00eda de Nivel Superior  y permiti\u00f3 reflexionar sobre el campo laboral, la formaci\u00f3n t\u00e9cnica y el aporte de los TENS al sistema de salud en la regi\u00f3n de Los R\u00edos<\/p>\n\t\t\t\t\t\t\t\t\t\t\t<\/div>\n\t\t\t\t<\/div>\n\t\t\t\n\t\t<\/div>\n\t\t<div class=\"post-meta date-color\">\n\t\t\t<div class=\"entry-meta clearfix gem-post-date\">\n\t\t\t\t<div class=\"post-meta-right\">\n\t\t\t\t\t\t\t\t\t\t\n\t\t\t\t\t\n\t\t\t\t<\/div>\n\t\t\t\t<div class=\"post-meta-left\">\n\t\t\t\t\t\t\t\t\t\t\t<span class=\"post-meta-author\">\n\t\t\t\t\t\t\t\t\t\tPor <a href=\"https:\/\/elfuerte.cl\/web\" title=\"Visitar el sitio de Prensa El Fuerte\" rel=\"author external\">Prensa El Fuerte<\/a>\t\t\t\t\t\t\t\t\t<\/span>\n\t\t\t\t\t\t\t\t\t<\/div>\n\t\t\t<\/div><!-- .entry-meta -->\n\t\t<\/div>\n\n\t\t\t\t\t<div class=\"gem-blog-slider-navigation\">\n\t\t\t\t<a href=\"#\" class=\"gem-blog-slider-prev gem-button gem-button-size-tiny\">\n\t\t\t\t\t<i aria-hidden=\"true\" class=\"gem-print-icon gem-icon-prev gem-elegant arrow-carrot-left\"><\/i>\t\t\t\t<\/a>\n\t\t\t\t<a href=\"#\" class=\"gem-blog-slider-next gem-button gem-button-size-tiny\">\n\t\t\t\t\t<i aria-hidden=\"true\" class=\"gem-print-icon gem-icon-prev gem-elegant arrow-carrot-right\"><\/i>\t\t\t\t<\/a>\n\t\t\t<\/div>\n\t\t\t<\/div>\n<\/article><!-- #post-5485 -->\n\n<article id=\"post-5476\" class=\"clearfix\">\n\n\t<a href=\"https:\/\/elfuerte.cl\/web\/2026\/03\/29\/corporacion-ruta-del-vapor-proyecta-trabajo-2026-y-refuerza-impulso-al-tren-el-valdiviano-y-al-ramal-valdivia-antilhue\/\" class=\"gem-slider-blog-link\"><\/a>\n\n\t<div class=\"gem-slider-item-image\" style=\"background: url('https:\/\/elfuerte.cl\/web\/wp-content\/uploads\/2026\/03\/portada-2026-03-29T183714.086.jpg') no-repeat 50% 50% \/ cover;\">\n\t\t<img src=\"https:\/\/elfuerte.cl\/web\/wp-content\/uploads\/2026\/03\/portada-2026-03-29T183714.086.jpg\"  style=\"visibility: hidden;\">\n\t<\/div>\n\n\t<div class=\"gem-slider-item-overlay\">\n\t\t<div class=\"gem-compact-item-content\">\n\t\t\t\t\t\t\t<div class=\"post-title\">\n\t\t\t\t\t<h5 class=\"entry-title reverse-link-color\"><span class=\"entry-title-date\"><\/span><span class=\"light\">Corporaci\u00f3n Ruta del Vapor proyecta trabajo 2026 y refuerza impulso al tren El Valdiviano y al ramal Valdivia\u2013Antilhue<\/span><\/h5>\t\t\t\t<\/div>\n\t\t\t\n\t\t\t\t\t\t\t<div class=\"post-text date-color\">\n\t\t\t\t\t<div class=\"summary\">\n\t\t\t\t\t\t\t\t\t\t\t\t\t<p>La organizaci\u00f3n cumple 10 a\u00f1os impulsando la recuperaci\u00f3n del patrimonio ferroviario regional y el desarrollo del tren tur\u00edstico, que tiene un gran impacto en la actividad comercial de Valdivia y Los Lagos.<\/p>\n\t\t\t\t\t\t\t\t\t\t\t<\/div>\n\t\t\t\t<\/div>\n\t\t\t\n\t\t<\/div>\n\t\t<div class=\"post-meta date-color\">\n\t\t\t<div class=\"entry-meta clearfix gem-post-date\">\n\t\t\t\t<div class=\"post-meta-right\">\n\t\t\t\t\t\t\t\t\t\t\n\t\t\t\t\t\n\t\t\t\t<\/div>\n\t\t\t\t<div class=\"post-meta-left\">\n\t\t\t\t\t\t\t\t\t\t\t<span class=\"post-meta-author\">\n\t\t\t\t\t\t\t\t\t\tPor <a href=\"https:\/\/elfuerte.cl\/web\" title=\"Visitar el sitio de Prensa El Fuerte\" rel=\"author external\">Prensa El Fuerte<\/a>\t\t\t\t\t\t\t\t\t<\/span>\n\t\t\t\t\t\t\t\t\t<\/div>\n\t\t\t<\/div><!-- .entry-meta -->\n\t\t<\/div>\n\n\t\t\t\t\t<div class=\"gem-blog-slider-navigation\">\n\t\t\t\t<a href=\"#\" class=\"gem-blog-slider-prev gem-button gem-button-size-tiny\">\n\t\t\t\t\t<i aria-hidden=\"true\" class=\"gem-print-icon gem-icon-prev gem-elegant arrow-carrot-left\"><\/i>\t\t\t\t<\/a>\n\t\t\t\t<a href=\"#\" class=\"gem-blog-slider-next gem-button gem-button-size-tiny\">\n\t\t\t\t\t<i aria-hidden=\"true\" class=\"gem-print-icon gem-icon-prev gem-elegant arrow-carrot-right\"><\/i>\t\t\t\t<\/a>\n\t\t\t<\/div>\n\t\t\t<\/div>\n<\/article><!-- #post-5476 -->\n\n<article id=\"post-5467\" class=\"clearfix\">\n\n\t<a href=\"https:\/\/elfuerte.cl\/web\/2026\/03\/29\/plan-del-lago-villarrica-vuelve-a-contraloria-tras-polemica-por-retiro-de-decretos-ambientales\/\" class=\"gem-slider-blog-link\"><\/a>\n\n\t<div class=\"gem-slider-item-image\" style=\"background: url('https:\/\/elfuerte.cl\/web\/wp-content\/uploads\/2026\/03\/portada-2026-03-29T181204.725.jpg') no-repeat 50% 50% \/ cover;\">\n\t\t<img src=\"https:\/\/elfuerte.cl\/web\/wp-content\/uploads\/2026\/03\/portada-2026-03-29T181204.725.jpg\"  style=\"visibility: hidden;\">\n\t<\/div>\n\n\t<div class=\"gem-slider-item-overlay\">\n\t\t<div class=\"gem-compact-item-content\">\n\t\t\t\t\t\t\t<div class=\"post-title\">\n\t\t\t\t\t<h5 class=\"entry-title reverse-link-color\"><span class=\"entry-title-date\"><\/span><span class=\"light\">Plan del Lago Villarrica vuelve a Contralor\u00eda tras pol\u00e9mica por retiro de decretos ambientales<\/span><\/h5>\t\t\t\t<\/div>\n\t\t\t\n\t\t\t\t\t\t\t<div class=\"post-text date-color\">\n\t\t\t\t\t<div class=\"summary\">\n\t\t\t\t\t\t\t\t\t\t\t\t\t<p>El instrumento hab\u00eda sido retirado desde Contralor\u00eda junto a otros 43 decretos ambientales, decisi\u00f3n que gener\u00f3 preocupaci\u00f3n en La Araucan\u00eda y en organizaciones ambientalistas.<\/p>\n\t\t\t\t\t\t\t\t\t\t\t<\/div>\n\t\t\t\t<\/div>\n\t\t\t\n\t\t<\/div>\n\t\t<div class=\"post-meta date-color\">\n\t\t\t<div class=\"entry-meta clearfix gem-post-date\">\n\t\t\t\t<div class=\"post-meta-right\">\n\t\t\t\t\t\t\t\t\t\t\n\t\t\t\t\t\n\t\t\t\t<\/div>\n\t\t\t\t<div class=\"post-meta-left\">\n\t\t\t\t\t\t\t\t\t\t\t<span class=\"post-meta-author\">\n\t\t\t\t\t\t\t\t\t\tPor <a href=\"https:\/\/elfuerte.cl\/web\" title=\"Visitar el sitio de Prensa El Fuerte\" rel=\"author external\">Prensa El Fuerte<\/a>\t\t\t\t\t\t\t\t\t<\/span>\n\t\t\t\t\t\t\t\t\t<\/div>\n\t\t\t<\/div><!-- .entry-meta -->\n\t\t<\/div>\n\n\t\t\t\t\t<div class=\"gem-blog-slider-navigation\">\n\t\t\t\t<a href=\"#\" class=\"gem-blog-slider-prev gem-button gem-button-size-tiny\">\n\t\t\t\t\t<i aria-hidden=\"true\" class=\"gem-print-icon gem-icon-prev gem-elegant arrow-carrot-left\"><\/i>\t\t\t\t<\/a>\n\t\t\t\t<a href=\"#\" class=\"gem-blog-slider-next gem-button gem-button-size-tiny\">\n\t\t\t\t\t<i aria-hidden=\"true\" class=\"gem-print-icon gem-icon-prev gem-elegant arrow-carrot-right\"><\/i>\t\t\t\t<\/a>\n\t\t\t<\/div>\n\t\t\t<\/div>\n<\/article><!-- #post-5467 -->\n\n<article id=\"post-5458\" class=\"clearfix\">\n\n\t<a href=\"https:\/\/elfuerte.cl\/web\/2026\/03\/29\/proyectos-urbanos-conectividad-y-desarrollo-comunal-marcan-la-cuenta-publica-del-alcalde-bertin-en-osorno\/\" class=\"gem-slider-blog-link\"><\/a>\n\n\t<div class=\"gem-slider-item-image\" style=\"background: url('https:\/\/elfuerte.cl\/web\/wp-content\/uploads\/2026\/03\/portada-2026-03-29T124211.569.jpg') no-repeat 50% 50% \/ cover;\">\n\t\t<img src=\"https:\/\/elfuerte.cl\/web\/wp-content\/uploads\/2026\/03\/portada-2026-03-29T124211.569.jpg\"  style=\"visibility: hidden;\">\n\t<\/div>\n\n\t<div class=\"gem-slider-item-overlay\">\n\t\t<div class=\"gem-compact-item-content\">\n\t\t\t\t\t\t\t<div class=\"post-title\">\n\t\t\t\t\t<h5 class=\"entry-title reverse-link-color\"><span class=\"entry-title-date\"><\/span><span class=\"light\">Proyectos urbanos, conectividad y desarrollo comunal marcan la Cuenta P\u00fablica del alcalde Bert\u00edn en Osorno<\/span><\/h5>\t\t\t\t<\/div>\n\t\t\t\n\t\t\t\t\t\t\t<div class=\"post-text date-color\">\n\t\t\t\t\t<div class=\"summary\">\n\t\t\t\t\t\t\t\t\t\t\t\t\t<p>El mejoramiento del Terminal de Buses, la conservaci\u00f3n de la Feria Pedro Aguirre Cerda, obras viales y proyectos de infraestructura comunitaria fueron parte de los anuncios realizados por el alcalde de Osorno durante su Cuenta P\u00fablica.<\/p>\n\t\t\t\t\t\t\t\t\t\t\t<\/div>\n\t\t\t\t<\/div>\n\t\t\t\n\t\t<\/div>\n\t\t<div class=\"post-meta date-color\">\n\t\t\t<div class=\"entry-meta clearfix gem-post-date\">\n\t\t\t\t<div class=\"post-meta-right\">\n\t\t\t\t\t\t\t\t\t\t\n\t\t\t\t\t\n\t\t\t\t<\/div>\n\t\t\t\t<div class=\"post-meta-left\">\n\t\t\t\t\t\t\t\t\t\t\t<span class=\"post-meta-author\">\n\t\t\t\t\t\t\t\t\t\tPor <a href=\"https:\/\/elfuerte.cl\/web\" title=\"Visitar el sitio de Prensa El Fuerte\" rel=\"author external\">Prensa El Fuerte<\/a>\t\t\t\t\t\t\t\t\t<\/span>\n\t\t\t\t\t\t\t\t\t<\/div>\n\t\t\t<\/div><!-- .entry-meta -->\n\t\t<\/div>\n\n\t\t\t\t\t<div class=\"gem-blog-slider-navigation\">\n\t\t\t\t<a href=\"#\" class=\"gem-blog-slider-prev gem-button gem-button-size-tiny\">\n\t\t\t\t\t<i aria-hidden=\"true\" class=\"gem-print-icon gem-icon-prev gem-elegant arrow-carrot-left\"><\/i>\t\t\t\t<\/a>\n\t\t\t\t<a href=\"#\" class=\"gem-blog-slider-next gem-button gem-button-size-tiny\">\n\t\t\t\t\t<i aria-hidden=\"true\" class=\"gem-print-icon gem-icon-prev gem-elegant arrow-carrot-right\"><\/i>\t\t\t\t<\/a>\n\t\t\t<\/div>\n\t\t\t<\/div>\n<\/article><!-- #post-5458 -->\n\n<article id=\"post-5450\" class=\"clearfix\">\n\n\t<a href=\"https:\/\/elfuerte.cl\/web\/2026\/03\/27\/funcionarios-del-gore-araucania-denuncian-despidos-y-anuncian-acciones-ante-organismos-fiscalizadores\/\" class=\"gem-slider-blog-link\"><\/a>\n\n\t<div class=\"gem-slider-item-image\" style=\"background: url('https:\/\/elfuerte.cl\/web\/wp-content\/uploads\/2026\/03\/portada-2026-03-27T173731.909.jpg') no-repeat 50% 50% \/ cover;\">\n\t\t<img src=\"https:\/\/elfuerte.cl\/web\/wp-content\/uploads\/2026\/03\/portada-2026-03-27T173731.909.jpg\"  style=\"visibility: hidden;\">\n\t<\/div>\n\n\t<div class=\"gem-slider-item-overlay\">\n\t\t<div class=\"gem-compact-item-content\">\n\t\t\t\t\t\t\t<div class=\"post-title\">\n\t\t\t\t\t<h5 class=\"entry-title reverse-link-color\"><span class=\"entry-title-date\"><\/span><span class=\"light\">Funcionarios del Gore Araucan\u00eda denuncian despidos y anuncian acciones ante organismos fiscalizadores<\/span><\/h5>\t\t\t\t<\/div>\n\t\t\t\n\t\t\t\t\t\t\t<div class=\"post-text date-color\">\n\t\t\t\t\t<div class=\"summary\">\n\t\t\t\t\t\t\t\t\t\t\t\t\t<p>La Federaci\u00f3n Nacional de Trabajadores del Estado anunci\u00f3 presentaciones ante la Direcci\u00f3n del Trabajo, Contralor\u00eda e incluso instancias internacionales por desvinculaciones que, seg\u00fan se\u00f1alan, afectar\u00edan a dirigentes gremiales con fuero.<\/p>\n\t\t\t\t\t\t\t\t\t\t\t<\/div>\n\t\t\t\t<\/div>\n\t\t\t\n\t\t<\/div>\n\t\t<div class=\"post-meta date-color\">\n\t\t\t<div class=\"entry-meta clearfix gem-post-date\">\n\t\t\t\t<div class=\"post-meta-right\">\n\t\t\t\t\t\t\t\t\t\t\n\t\t\t\t\t\n\t\t\t\t<\/div>\n\t\t\t\t<div class=\"post-meta-left\">\n\t\t\t\t\t\t\t\t\t\t\t<span class=\"post-meta-author\">\n\t\t\t\t\t\t\t\t\t\tPor <a href=\"https:\/\/elfuerte.cl\/web\" title=\"Visitar el sitio de Prensa El Fuerte\" rel=\"author external\">Prensa El Fuerte<\/a>\t\t\t\t\t\t\t\t\t<\/span>\n\t\t\t\t\t\t\t\t\t<\/div>\n\t\t\t<\/div><!-- .entry-meta -->\n\t\t<\/div>\n\n\t\t\t\t\t<div class=\"gem-blog-slider-navigation\">\n\t\t\t\t<a href=\"#\" class=\"gem-blog-slider-prev gem-button gem-button-size-tiny\">\n\t\t\t\t\t<i aria-hidden=\"true\" class=\"gem-print-icon gem-icon-prev gem-elegant arrow-carrot-left\"><\/i>\t\t\t\t<\/a>\n\t\t\t\t<a href=\"#\" class=\"gem-blog-slider-next gem-button gem-button-size-tiny\">\n\t\t\t\t\t<i aria-hidden=\"true\" class=\"gem-print-icon gem-icon-prev gem-elegant arrow-carrot-right\"><\/i>\t\t\t\t<\/a>\n\t\t\t<\/div>\n\t\t\t<\/div>\n<\/article><!-- #post-5450 -->\n\n<article id=\"post-5444\" class=\"clearfix\">\n\n\t<a href=\"https:\/\/elfuerte.cl\/web\/2026\/03\/27\/gobierno-regional-de-los-rios-reconoce-a-mujeres-destacadas-por-su-aporte-al-desarrollo-de-la-region\/\" class=\"gem-slider-blog-link\"><\/a>\n\n\t<div class=\"gem-slider-item-image\" style=\"background: url('https:\/\/elfuerte.cl\/web\/wp-content\/uploads\/2026\/03\/portada-2026-03-27T171539.073.jpg') no-repeat 50% 50% \/ cover;\">\n\t\t<img src=\"https:\/\/elfuerte.cl\/web\/wp-content\/uploads\/2026\/03\/portada-2026-03-27T171539.073.jpg\"  style=\"visibility: hidden;\">\n\t<\/div>\n\n\t<div class=\"gem-slider-item-overlay\">\n\t\t<div class=\"gem-compact-item-content\">\n\t\t\t\t\t\t\t<div class=\"post-title\">\n\t\t\t\t\t<h5 class=\"entry-title reverse-link-color\"><span class=\"entry-title-date\"><\/span><span class=\"light\">Gobierno Regional de Los R\u00edos reconoce a mujeres destacadas por su aporte al desarrollo de la regi\u00f3n<\/span><\/h5>\t\t\t\t<\/div>\n\t\t\t\n\t\t\t\t\t\t\t<div class=\"post-text date-color\">\n\t\t\t\t\t<div class=\"summary\">\n\t\t\t\t\t\t\t\t\t\t\t\t\t<p>La ceremonia \u201cMujeres que Construyen Regi\u00f3n\u201d se realiz\u00f3 en el Teatro Regional Cervantes y distingui\u00f3 a lideresas en \u00e1mbitos como emprendimiento, cultura, deporte, academia y trabajo social.<\/p>\n\t\t\t\t\t\t\t\t\t\t\t<\/div>\n\t\t\t\t<\/div>\n\t\t\t\n\t\t<\/div>\n\t\t<div class=\"post-meta date-color\">\n\t\t\t<div class=\"entry-meta clearfix gem-post-date\">\n\t\t\t\t<div class=\"post-meta-right\">\n\t\t\t\t\t\t\t\t\t\t\n\t\t\t\t\t\n\t\t\t\t<\/div>\n\t\t\t\t<div class=\"post-meta-left\">\n\t\t\t\t\t\t\t\t\t\t\t<span class=\"post-meta-author\">\n\t\t\t\t\t\t\t\t\t\tPor <a href=\"https:\/\/elfuerte.cl\/web\" title=\"Visitar el sitio de Prensa El Fuerte\" rel=\"author external\">Prensa El Fuerte<\/a>\t\t\t\t\t\t\t\t\t<\/span>\n\t\t\t\t\t\t\t\t\t<\/div>\n\t\t\t<\/div><!-- .entry-meta -->\n\t\t<\/div>\n\n\t\t\t\t\t<div class=\"gem-blog-slider-navigation\">\n\t\t\t\t<a href=\"#\" class=\"gem-blog-slider-prev gem-button gem-button-size-tiny\">\n\t\t\t\t\t<i aria-hidden=\"true\" class=\"gem-print-icon gem-icon-prev gem-elegant arrow-carrot-left\"><\/i>\t\t\t\t<\/a>\n\t\t\t\t<a href=\"#\" class=\"gem-blog-slider-next gem-button gem-button-size-tiny\">\n\t\t\t\t\t<i aria-hidden=\"true\" class=\"gem-print-icon gem-icon-prev gem-elegant arrow-carrot-right\"><\/i>\t\t\t\t<\/a>\n\t\t\t<\/div>\n\t\t\t<\/div>\n<\/article><!-- #post-5444 -->\n\n<article id=\"post-5435\" class=\"clearfix\">\n\n\t<a href=\"https:\/\/elfuerte.cl\/web\/2026\/03\/27\/polemica-por-nombramientos-de-seremis-de-educacion-en-el-sur-marcan-proceso-de-instalacion-del-gobierno-en-regiones\/\" class=\"gem-slider-blog-link\"><\/a>\n\n\t<div class=\"gem-slider-item-image\" style=\"background: url('https:\/\/elfuerte.cl\/web\/wp-content\/uploads\/2026\/03\/portada-2026-03-27T113412.610.jpg') no-repeat 50% 50% \/ cover;\">\n\t\t<img src=\"https:\/\/elfuerte.cl\/web\/wp-content\/uploads\/2026\/03\/portada-2026-03-27T113412.610.jpg\"  style=\"visibility: hidden;\">\n\t<\/div>\n\n\t<div class=\"gem-slider-item-overlay\">\n\t\t<div class=\"gem-compact-item-content\">\n\t\t\t\t\t\t\t<div class=\"post-title\">\n\t\t\t\t\t<h5 class=\"entry-title reverse-link-color\"><span class=\"entry-title-date\"><\/span><span class=\"light\">Pol\u00e9mica por nombramientos de seremis de Educaci\u00f3n en el sur marcan proceso de instalaci\u00f3n del Gobierno en regiones<\/span><\/h5>\t\t\t\t<\/div>\n\t\t\t\n\t\t\t\t\t\t\t<div class=\"post-text date-color\">\n\t\t\t\t\t<div class=\"summary\">\n\t\t\t\t\t\t\t\t\t\t\t\t\t<p>En Biob\u00edo el nombramiento fue dejado sin efecto tras la aparici\u00f3n de antiguas declaraciones, mientras que en La Araucan\u00eda el nuevo seremi enfrenta cuestionamientos por un video con cr\u00edticas a docentes.<\/p>\n\t\t\t\t\t\t\t\t\t\t\t<\/div>\n\t\t\t\t<\/div>\n\t\t\t\n\t\t<\/div>\n\t\t<div class=\"post-meta date-color\">\n\t\t\t<div class=\"entry-meta clearfix gem-post-date\">\n\t\t\t\t<div class=\"post-meta-right\">\n\t\t\t\t\t\t\t\t\t\t\n\t\t\t\t\t\n\t\t\t\t<\/div>\n\t\t\t\t<div class=\"post-meta-left\">\n\t\t\t\t\t\t\t\t\t\t\t<span class=\"post-meta-author\">\n\t\t\t\t\t\t\t\t\t\tPor <a href=\"https:\/\/elfuerte.cl\/web\" title=\"Visitar el sitio de Prensa El Fuerte\" rel=\"author external\">Prensa El Fuerte<\/a>\t\t\t\t\t\t\t\t\t<\/span>\n\t\t\t\t\t\t\t\t\t<\/div>\n\t\t\t<\/div><!-- .entry-meta -->\n\t\t<\/div>\n\n\t\t\t\t\t<div class=\"gem-blog-slider-navigation\">\n\t\t\t\t<a href=\"#\" class=\"gem-blog-slider-prev gem-button gem-button-size-tiny\">\n\t\t\t\t\t<i aria-hidden=\"true\" class=\"gem-print-icon gem-icon-prev gem-elegant arrow-carrot-left\"><\/i>\t\t\t\t<\/a>\n\t\t\t\t<a href=\"#\" class=\"gem-blog-slider-next gem-button gem-button-size-tiny\">\n\t\t\t\t\t<i aria-hidden=\"true\" class=\"gem-print-icon gem-icon-prev gem-elegant arrow-carrot-right\"><\/i>\t\t\t\t<\/a>\n\t\t\t<\/div>\n\t\t\t<\/div>\n<\/article><!-- #post-5435 -->\n\n<article id=\"post-5425\" class=\"clearfix\">\n\n\t<a href=\"https:\/\/elfuerte.cl\/web\/2026\/03\/27\/frutillar-destaca-inversion-cercana-a-11-mil-millones-y-cartera-de-proyectos-en-cuenta-publica-municipal\/\" class=\"gem-slider-blog-link\"><\/a>\n\n\t<div class=\"gem-slider-item-image\" style=\"background: url('https:\/\/elfuerte.cl\/web\/wp-content\/uploads\/2026\/03\/portada-2026-03-27T105618.888.jpg') no-repeat 50% 50% \/ cover;\">\n\t\t<img src=\"https:\/\/elfuerte.cl\/web\/wp-content\/uploads\/2026\/03\/portada-2026-03-27T105618.888.jpg\"  style=\"visibility: hidden;\">\n\t<\/div>\n\n\t<div class=\"gem-slider-item-overlay\">\n\t\t<div class=\"gem-compact-item-content\">\n\t\t\t\t\t\t\t<div class=\"post-title\">\n\t\t\t\t\t<h5 class=\"entry-title reverse-link-color\"><span class=\"entry-title-date\"><\/span><span class=\"light\">Frutillar destaca inversi\u00f3n cercana a $11 mil millones y cartera de proyectos en Cuenta P\u00fablica municipal<\/span><\/h5>\t\t\t\t<\/div>\n\t\t\t\n\t\t\t\t\t\t\t<div class=\"post-text date-color\">\n\t\t\t\t\t<div class=\"summary\">\n\t\t\t\t\t\t\t\t\t\t\t\t\t<p>La ceremonia se realiz\u00f3 en la Escuela Vicente P\u00e9rez Rosales y reuni\u00f3 a cerca de 500 personas, donde el alcalde Javier Arismendi entreg\u00f3 el balance de la gesti\u00f3n 2025 y los principales avances en infraestructura, seguridad y desarrollo social.<\/p>\n\t\t\t\t\t\t\t\t\t\t\t<\/div>\n\t\t\t\t<\/div>\n\t\t\t\n\t\t<\/div>\n\t\t<div class=\"post-meta date-color\">\n\t\t\t<div class=\"entry-meta clearfix gem-post-date\">\n\t\t\t\t<div class=\"post-meta-right\">\n\t\t\t\t\t\t\t\t\t\t\n\t\t\t\t\t\n\t\t\t\t<\/div>\n\t\t\t\t<div class=\"post-meta-left\">\n\t\t\t\t\t\t\t\t\t\t\t<span class=\"post-meta-author\">\n\t\t\t\t\t\t\t\t\t\tPor <a href=\"https:\/\/elfuerte.cl\/web\" title=\"Visitar el sitio de Prensa El Fuerte\" rel=\"author external\">Prensa El Fuerte<\/a>\t\t\t\t\t\t\t\t\t<\/span>\n\t\t\t\t\t\t\t\t\t<\/div>\n\t\t\t<\/div><!-- .entry-meta -->\n\t\t<\/div>\n\n\t\t\t\t\t<div class=\"gem-blog-slider-navigation\">\n\t\t\t\t<a href=\"#\" class=\"gem-blog-slider-prev gem-button gem-button-size-tiny\">\n\t\t\t\t\t<i aria-hidden=\"true\" class=\"gem-print-icon gem-icon-prev gem-elegant arrow-carrot-left\"><\/i>\t\t\t\t<\/a>\n\t\t\t\t<a href=\"#\" class=\"gem-blog-slider-next gem-button gem-button-size-tiny\">\n\t\t\t\t\t<i aria-hidden=\"true\" class=\"gem-print-icon gem-icon-prev gem-elegant arrow-carrot-right\"><\/i>\t\t\t\t<\/a>\n\t\t\t<\/div>\n\t\t\t<\/div>\n<\/article><!-- #post-5425 -->\n\n<article id=\"post-5415\" class=\"clearfix\">\n\n\t<a href=\"https:\/\/elfuerte.cl\/web\/2026\/03\/27\/santo-tomas-valdivia-fortalece-acompanamiento-estudiantil-con-investidura-de-colaboradores-de-la-experiencia-tomasina\/\" class=\"gem-slider-blog-link\"><\/a>\n\n\t<div class=\"gem-slider-item-image\" style=\"background: url('https:\/\/elfuerte.cl\/web\/wp-content\/uploads\/2026\/03\/portada-2026-03-27T102522.653-1.jpg') no-repeat 50% 50% \/ cover;\">\n\t\t<img src=\"https:\/\/elfuerte.cl\/web\/wp-content\/uploads\/2026\/03\/portada-2026-03-27T102522.653-1.jpg\"  style=\"visibility: hidden;\">\n\t<\/div>\n\n\t<div class=\"gem-slider-item-overlay\">\n\t\t<div class=\"gem-compact-item-content\">\n\t\t\t\t\t\t\t<div class=\"post-title\">\n\t\t\t\t\t<h5 class=\"entry-title reverse-link-color\"><span class=\"entry-title-date\"><\/span><span class=\"light\">Santo Tom\u00e1s Valdivia fortalece acompa\u00f1amiento estudiantil con investidura de colaboradores de la Experiencia Tomasina<\/span><\/h5>\t\t\t\t<\/div>\n\t\t\t\n\t\t\t\t\t\t\t<div class=\"post-text date-color\">\n\t\t\t\t\t<div class=\"summary\">\n\t\t\t\t\t\t\t\t\t\t\t\t\t<p>La iniciativa forma parte de la denominada Experiencia Tomasina, un sistema que integra m\u00e1s de 100 servicios de apoyo acad\u00e9mico, personal y de inserci\u00f3n laboral para los estudiantes.<\/p>\n\t\t\t\t\t\t\t\t\t\t\t<\/div>\n\t\t\t\t<\/div>\n\t\t\t\n\t\t<\/div>\n\t\t<div class=\"post-meta date-color\">\n\t\t\t<div class=\"entry-meta clearfix gem-post-date\">\n\t\t\t\t<div class=\"post-meta-right\">\n\t\t\t\t\t\t\t\t\t\t\n\t\t\t\t\t\n\t\t\t\t<\/div>\n\t\t\t\t<div class=\"post-meta-left\">\n\t\t\t\t\t\t\t\t\t\t\t<span class=\"post-meta-author\">\n\t\t\t\t\t\t\t\t\t\tPor <a href=\"https:\/\/elfuerte.cl\/web\" title=\"Visitar el sitio de Prensa El Fuerte\" rel=\"author external\">Prensa El Fuerte<\/a>\t\t\t\t\t\t\t\t\t<\/span>\n\t\t\t\t\t\t\t\t\t<\/div>\n\t\t\t<\/div><!-- .entry-meta -->\n\t\t<\/div>\n\n\t\t\t\t\t<div class=\"gem-blog-slider-navigation\">\n\t\t\t\t<a href=\"#\" class=\"gem-blog-slider-prev gem-button gem-button-size-tiny\">\n\t\t\t\t\t<i aria-hidden=\"true\" class=\"gem-print-icon gem-icon-prev gem-elegant arrow-carrot-left\"><\/i>\t\t\t\t<\/a>\n\t\t\t\t<a href=\"#\" class=\"gem-blog-slider-next gem-button gem-button-size-tiny\">\n\t\t\t\t\t<i aria-hidden=\"true\" class=\"gem-print-icon gem-icon-prev gem-elegant arrow-carrot-right\"><\/i>\t\t\t\t<\/a>\n\t\t\t<\/div>\n\t\t\t<\/div>\n<\/article><!-- #post-5415 -->\n\n<article id=\"post-5409\" class=\"clearfix\">\n\n\t<a href=\"https:\/\/elfuerte.cl\/web\/2026\/03\/26\/aprueban-inversion-de-mas-de-410-millones-para-mejorar-la-tradicoinal-feria-pedro-aguirre-cerda-de-osorno\/\" class=\"gem-slider-blog-link\"><\/a>\n\n\t<div class=\"gem-slider-item-image\" style=\"background: url('https:\/\/elfuerte.cl\/web\/wp-content\/uploads\/2026\/03\/Feria-1-scaled.jpg') no-repeat 50% 50% \/ cover;\">\n\t\t<img src=\"https:\/\/elfuerte.cl\/web\/wp-content\/uploads\/2026\/03\/Feria-1-scaled.jpg\"  style=\"visibility: hidden;\">\n\t<\/div>\n\n\t<div class=\"gem-slider-item-overlay\">\n\t\t<div class=\"gem-compact-item-content\">\n\t\t\t\t\t\t\t<div class=\"post-title\">\n\t\t\t\t\t<h5 class=\"entry-title reverse-link-color\"><span class=\"entry-title-date\"><\/span><span class=\"light\">Aprueban inversi\u00f3n de m\u00e1s de $410 millones para mejorar la tradicoinal Feria Pedro Aguirre Cerda de Osorno<\/span><\/h5>\t\t\t\t<\/div>\n\t\t\t\n\t\t\t\t\t\t\t<div class=\"post-text date-color\">\n\t\t\t\t\t<div class=\"summary\">\n\t\t\t\t\t\t\t\t\t\t\t\t\t<p>El proyecto permitir\u00e1 remozar y mejorar la infraestructura de este tradicional recinto comercial de la ciudad, en momentos en que Osorno se prepara para conmemorar sus 468 a\u00f1os de historia.<\/p>\n\t\t\t\t\t\t\t\t\t\t\t<\/div>\n\t\t\t\t<\/div>\n\t\t\t\n\t\t<\/div>\n\t\t<div class=\"post-meta date-color\">\n\t\t\t<div class=\"entry-meta clearfix gem-post-date\">\n\t\t\t\t<div class=\"post-meta-right\">\n\t\t\t\t\t\t\t\t\t\t\n\t\t\t\t\t\n\t\t\t\t<\/div>\n\t\t\t\t<div class=\"post-meta-left\">\n\t\t\t\t\t\t\t\t\t\t\t<span class=\"post-meta-author\">\n\t\t\t\t\t\t\t\t\t\tPor <a href=\"https:\/\/elfuerte.cl\/web\" title=\"Visitar el sitio de Prensa El Fuerte\" rel=\"author external\">Prensa El Fuerte<\/a>\t\t\t\t\t\t\t\t\t<\/span>\n\t\t\t\t\t\t\t\t\t<\/div>\n\t\t\t<\/div><!-- .entry-meta -->\n\t\t<\/div>\n\n\t\t\t\t\t<div class=\"gem-blog-slider-navigation\">\n\t\t\t\t<a href=\"#\" class=\"gem-blog-slider-prev gem-button gem-button-size-tiny\">\n\t\t\t\t\t<i aria-hidden=\"true\" class=\"gem-print-icon gem-icon-prev gem-elegant arrow-carrot-left\"><\/i>\t\t\t\t<\/a>\n\t\t\t\t<a href=\"#\" class=\"gem-blog-slider-next gem-button gem-button-size-tiny\">\n\t\t\t\t\t<i aria-hidden=\"true\" class=\"gem-print-icon gem-icon-prev gem-elegant arrow-carrot-right\"><\/i>\t\t\t\t<\/a>\n\t\t\t<\/div>\n\t\t\t<\/div>\n<\/article><!-- #post-5409 -->\n\n<article id=\"post-5400\" class=\"clearfix\">\n\n\t<a href=\"https:\/\/elfuerte.cl\/web\/2026\/03\/26\/mariquina-impulsa-reciclaje-de-plasticos-junto-a-empresa-regional-que-los-transforma-en-muebles-sustentables\/\" class=\"gem-slider-blog-link\"><\/a>\n\n\t<div class=\"gem-slider-item-image\" style=\"background: url('https:\/\/elfuerte.cl\/web\/wp-content\/uploads\/2026\/03\/portada-2026-03-26T165317.047.jpg') no-repeat 50% 50% \/ cover;\">\n\t\t<img src=\"https:\/\/elfuerte.cl\/web\/wp-content\/uploads\/2026\/03\/portada-2026-03-26T165317.047.jpg\"  style=\"visibility: hidden;\">\n\t<\/div>\n\n\t<div class=\"gem-slider-item-overlay\">\n\t\t<div class=\"gem-compact-item-content\">\n\t\t\t\t\t\t\t<div class=\"post-title\">\n\t\t\t\t\t<h5 class=\"entry-title reverse-link-color\"><span class=\"entry-title-date\"><\/span><span class=\"light\">Mariquina impulsa reciclaje de pl\u00e1sticos junto a empresa regional que los transforma en muebles sustentables<\/span><\/h5>\t\t\t\t<\/div>\n\t\t\t\n\t\t\t\t\t\t\t<div class=\"post-text date-color\">\n\t\t\t\t\t<div class=\"summary\">\n\t\t\t\t\t\t\t\t\t\t\t\t\t<p>La alianza permitir\u00e1 que pl\u00e1sticos recolectados en la comuna sean reutilizados y convertidos en bancas, sillas y mesas, evitando que estos residuos terminen en vertederos.<\/p>\n\t\t\t\t\t\t\t\t\t\t\t<\/div>\n\t\t\t\t<\/div>\n\t\t\t\n\t\t<\/div>\n\t\t<div class=\"post-meta date-color\">\n\t\t\t<div class=\"entry-meta clearfix gem-post-date\">\n\t\t\t\t<div class=\"post-meta-right\">\n\t\t\t\t\t\t\t\t\t\t\n\t\t\t\t\t\n\t\t\t\t<\/div>\n\t\t\t\t<div class=\"post-meta-left\">\n\t\t\t\t\t\t\t\t\t\t\t<span class=\"post-meta-author\">\n\t\t\t\t\t\t\t\t\t\tPor <a href=\"https:\/\/elfuerte.cl\/web\" title=\"Visitar el sitio de Prensa El Fuerte\" rel=\"author external\">Prensa El Fuerte<\/a>\t\t\t\t\t\t\t\t\t<\/span>\n\t\t\t\t\t\t\t\t\t<\/div>\n\t\t\t<\/div><!-- .entry-meta -->\n\t\t<\/div>\n\n\t\t\t\t\t<div class=\"gem-blog-slider-navigation\">\n\t\t\t\t<a href=\"#\" class=\"gem-blog-slider-prev gem-button gem-button-size-tiny\">\n\t\t\t\t\t<i aria-hidden=\"true\" class=\"gem-print-icon gem-icon-prev gem-elegant arrow-carrot-left\"><\/i>\t\t\t\t<\/a>\n\t\t\t\t<a href=\"#\" class=\"gem-blog-slider-next gem-button gem-button-size-tiny\">\n\t\t\t\t\t<i aria-hidden=\"true\" class=\"gem-print-icon gem-icon-prev gem-elegant arrow-carrot-right\"><\/i>\t\t\t\t<\/a>\n\t\t\t<\/div>\n\t\t\t<\/div>\n<\/article><!-- #post-5400 -->\n\n<article id=\"post-5393\" class=\"clearfix\">\n\n\t<a href=\"https:\/\/elfuerte.cl\/web\/2026\/03\/26\/programa-mujeres-jefas-de-hogar-inicia-nueva-version-en-puerto-varas-y-certifica-a-participantes-del-2025\/\" class=\"gem-slider-blog-link\"><\/a>\n\n\t<div class=\"gem-slider-item-image\" style=\"background: url('https:\/\/elfuerte.cl\/web\/wp-content\/uploads\/2026\/03\/portada-2026-03-26T132320.994.jpg') no-repeat 50% 50% \/ cover;\">\n\t\t<img src=\"https:\/\/elfuerte.cl\/web\/wp-content\/uploads\/2026\/03\/portada-2026-03-26T132320.994.jpg\"  style=\"visibility: hidden;\">\n\t<\/div>\n\n\t<div class=\"gem-slider-item-overlay\">\n\t\t<div class=\"gem-compact-item-content\">\n\t\t\t\t\t\t\t<div class=\"post-title\">\n\t\t\t\t\t<h5 class=\"entry-title reverse-link-color\"><span class=\"entry-title-date\"><\/span><span class=\"light\">Programa Mujeres Jefas de Hogar inicia nueva versi\u00f3n en Puerto Varas y certifica a participantes del 2025<\/span><\/h5>\t\t\t\t<\/div>\n\t\t\t\n\t\t\t\t\t\t\t<div class=\"post-text date-color\">\n\t\t\t\t\t<div class=\"summary\">\n\t\t\t\t\t\t\t\t\t\t\t\t\t<p>La iniciativa busca fortalecer la autonom\u00eda econ\u00f3mica, la empleabilidad y el desarrollo personal de mujeres de la comuna, a trav\u00e9s de capacitaci\u00f3n, apoyo laboral y redes de trabajo.<\/p>\n\t\t\t\t\t\t\t\t\t\t\t<\/div>\n\t\t\t\t<\/div>\n\t\t\t\n\t\t<\/div>\n\t\t<div class=\"post-meta date-color\">\n\t\t\t<div class=\"entry-meta clearfix gem-post-date\">\n\t\t\t\t<div class=\"post-meta-right\">\n\t\t\t\t\t\t\t\t\t\t\n\t\t\t\t\t\n\t\t\t\t<\/div>\n\t\t\t\t<div class=\"post-meta-left\">\n\t\t\t\t\t\t\t\t\t\t\t<span class=\"post-meta-author\">\n\t\t\t\t\t\t\t\t\t\tPor <a href=\"https:\/\/elfuerte.cl\/web\" title=\"Visitar el sitio de Prensa El Fuerte\" rel=\"author external\">Prensa El Fuerte<\/a>\t\t\t\t\t\t\t\t\t<\/span>\n\t\t\t\t\t\t\t\t\t<\/div>\n\t\t\t<\/div><!-- .entry-meta -->\n\t\t<\/div>\n\n\t\t\t\t\t<div class=\"gem-blog-slider-navigation\">\n\t\t\t\t<a href=\"#\" class=\"gem-blog-slider-prev gem-button gem-button-size-tiny\">\n\t\t\t\t\t<i aria-hidden=\"true\" class=\"gem-print-icon gem-icon-prev gem-elegant arrow-carrot-left\"><\/i>\t\t\t\t<\/a>\n\t\t\t\t<a href=\"#\" class=\"gem-blog-slider-next gem-button gem-button-size-tiny\">\n\t\t\t\t\t<i aria-hidden=\"true\" class=\"gem-print-icon gem-icon-prev gem-elegant arrow-carrot-right\"><\/i>\t\t\t\t<\/a>\n\t\t\t<\/div>\n\t\t\t<\/div>\n<\/article><!-- #post-5393 -->\n\n<article id=\"post-5384\" class=\"clearfix\">\n\n\t<a href=\"https:\/\/elfuerte.cl\/web\/2026\/03\/26\/programa-educativo-busca-reducir-brechas-de-aprendizaje-en-escuelas-rurales-de-la-provincia-de-biobio\/\" class=\"gem-slider-blog-link\"><\/a>\n\n\t<div class=\"gem-slider-item-image\" style=\"background: url('https:\/\/elfuerte.cl\/web\/wp-content\/uploads\/2026\/03\/portada-2026-03-26T130322.125.jpg') no-repeat 50% 50% \/ cover;\">\n\t\t<img src=\"https:\/\/elfuerte.cl\/web\/wp-content\/uploads\/2026\/03\/portada-2026-03-26T130322.125.jpg\"  style=\"visibility: hidden;\">\n\t<\/div>\n\n\t<div class=\"gem-slider-item-overlay\">\n\t\t<div class=\"gem-compact-item-content\">\n\t\t\t\t\t\t\t<div class=\"post-title\">\n\t\t\t\t\t<h5 class=\"entry-title reverse-link-color\"><span class=\"entry-title-date\"><\/span><span class=\"light\">Programa educativo busca reducir brechas de aprendizaje en escuelas rurales de la provincia de Biob\u00edo<\/span><\/h5>\t\t\t\t<\/div>\n\t\t\t\n\t\t\t\t\t\t\t<div class=\"post-text date-color\">\n\t\t\t\t\t<div class=\"summary\">\n\t\t\t\t\t\t\t\t\t\t\t\t\t<p>La iniciativa beneficiar\u00e1 a cerca de 500 estudiantes de sectores cordilleranos de comunas como Mulch\u00e9n, Quilaco, Quilleco, Tucapel y Antuco, quienes recibir\u00e1n tutor\u00edas en lenguaje y matem\u00e1tica, adem\u00e1s de apoyo a docentes y familias.<\/p>\n\t\t\t\t\t\t\t\t\t\t\t<\/div>\n\t\t\t\t<\/div>\n\t\t\t\n\t\t<\/div>\n\t\t<div class=\"post-meta date-color\">\n\t\t\t<div class=\"entry-meta clearfix gem-post-date\">\n\t\t\t\t<div class=\"post-meta-right\">\n\t\t\t\t\t\t\t\t\t\t\n\t\t\t\t\t\n\t\t\t\t<\/div>\n\t\t\t\t<div class=\"post-meta-left\">\n\t\t\t\t\t\t\t\t\t\t\t<span class=\"post-meta-author\">\n\t\t\t\t\t\t\t\t\t\tPor <a href=\"https:\/\/elfuerte.cl\/web\" title=\"Visitar el sitio de Prensa El Fuerte\" rel=\"author external\">Prensa El Fuerte<\/a>\t\t\t\t\t\t\t\t\t<\/span>\n\t\t\t\t\t\t\t\t\t<\/div>\n\t\t\t<\/div><!-- .entry-meta -->\n\t\t<\/div>\n\n\t\t\t\t\t<div class=\"gem-blog-slider-navigation\">\n\t\t\t\t<a href=\"#\" class=\"gem-blog-slider-prev gem-button gem-button-size-tiny\">\n\t\t\t\t\t<i aria-hidden=\"true\" class=\"gem-print-icon gem-icon-prev gem-elegant arrow-carrot-left\"><\/i>\t\t\t\t<\/a>\n\t\t\t\t<a href=\"#\" class=\"gem-blog-slider-next gem-button gem-button-size-tiny\">\n\t\t\t\t\t<i aria-hidden=\"true\" class=\"gem-print-icon gem-icon-prev gem-elegant arrow-carrot-right\"><\/i>\t\t\t\t<\/a>\n\t\t\t<\/div>\n\t\t\t<\/div>\n<\/article><!-- #post-5384 -->\n\n<article id=\"post-5376\" class=\"clearfix\">\n\n\t<a href=\"https:\/\/elfuerte.cl\/web\/2026\/03\/26\/fondo-concursable-permitio-mejorar-sedes-equipamiento-y-espacios-comunitarios-en-diferentes-barrios-de-valdivia\/\" class=\"gem-slider-blog-link\"><\/a>\n\n\t<div class=\"gem-slider-item-image\" style=\"background: url('https:\/\/elfuerte.cl\/web\/wp-content\/uploads\/2026\/03\/portada-2026-03-26T122607.136.jpg') no-repeat 50% 50% \/ cover;\">\n\t\t<img src=\"https:\/\/elfuerte.cl\/web\/wp-content\/uploads\/2026\/03\/portada-2026-03-26T122607.136.jpg\"  style=\"visibility: hidden;\">\n\t<\/div>\n\n\t<div class=\"gem-slider-item-overlay\">\n\t\t<div class=\"gem-compact-item-content\">\n\t\t\t\t\t\t\t<div class=\"post-title\">\n\t\t\t\t\t<h5 class=\"entry-title reverse-link-color\"><span class=\"entry-title-date\"><\/span><span class=\"light\">Fondo concursable permiti\u00f3 mejorar sedes, equipamiento y espacios comunitarios en diferentes barrios de Valdivia<\/span><\/h5>\t\t\t\t<\/div>\n\t\t\t\n\t\t\t\t\t\t\t<div class=\"post-text date-color\">\n\t\t\t\t\t<div class=\"summary\">\n\t\t\t\t\t\t\t\t\t\t\t\t\t<p>La iniciativa impulsada por Aguas D\u00e9cima benefici\u00f3 a 21 juntas de vecinos durante 2025 y permiti\u00f3 ejecutar proyectos de infraestructura vecinal, equipamiento comunitario y acciones medioambientales vinculadas al cuidado del agua.<\/p>\n\t\t\t\t\t\t\t\t\t\t\t<\/div>\n\t\t\t\t<\/div>\n\t\t\t\n\t\t<\/div>\n\t\t<div class=\"post-meta date-color\">\n\t\t\t<div class=\"entry-meta clearfix gem-post-date\">\n\t\t\t\t<div class=\"post-meta-right\">\n\t\t\t\t\t\t\t\t\t\t\n\t\t\t\t\t\n\t\t\t\t<\/div>\n\t\t\t\t<div class=\"post-meta-left\">\n\t\t\t\t\t\t\t\t\t\t\t<span class=\"post-meta-author\">\n\t\t\t\t\t\t\t\t\t\tPor <a href=\"https:\/\/elfuerte.cl\/web\" title=\"Visitar el sitio de Prensa El Fuerte\" rel=\"author external\">Prensa El Fuerte<\/a>\t\t\t\t\t\t\t\t\t<\/span>\n\t\t\t\t\t\t\t\t\t<\/div>\n\t\t\t<\/div><!-- .entry-meta -->\n\t\t<\/div>\n\n\t\t\t\t\t<div class=\"gem-blog-slider-navigation\">\n\t\t\t\t<a href=\"#\" class=\"gem-blog-slider-prev gem-button gem-button-size-tiny\">\n\t\t\t\t\t<i aria-hidden=\"true\" class=\"gem-print-icon gem-icon-prev gem-elegant arrow-carrot-left\"><\/i>\t\t\t\t<\/a>\n\t\t\t\t<a href=\"#\" class=\"gem-blog-slider-next gem-button gem-button-size-tiny\">\n\t\t\t\t\t<i aria-hidden=\"true\" class=\"gem-print-icon gem-icon-prev gem-elegant arrow-carrot-right\"><\/i>\t\t\t\t<\/a>\n\t\t\t<\/div>\n\t\t\t<\/div>\n<\/article><!-- #post-5376 -->\n\n<article id=\"post-5369\" class=\"clearfix\">\n\n\t<a href=\"https:\/\/elfuerte.cl\/web\/2026\/03\/25\/alza-de-combustibles-tensiona-el-escenario-politico-y-gobernadores-regionales-manifiestan-su-preocupacion-por-impacto-en-regiones\/\" class=\"gem-slider-blog-link\"><\/a>\n\n\t<div class=\"gem-slider-item-image\" style=\"background: url('https:\/\/elfuerte.cl\/web\/wp-content\/uploads\/2026\/03\/portada-2026-03-25T212824.503.jpg') no-repeat 50% 50% \/ cover;\">\n\t\t<img src=\"https:\/\/elfuerte.cl\/web\/wp-content\/uploads\/2026\/03\/portada-2026-03-25T212824.503.jpg\"  style=\"visibility: hidden;\">\n\t<\/div>\n\n\t<div class=\"gem-slider-item-overlay\">\n\t\t<div class=\"gem-compact-item-content\">\n\t\t\t\t\t\t\t<div class=\"post-title\">\n\t\t\t\t\t<h5 class=\"entry-title reverse-link-color\"><span class=\"entry-title-date\"><\/span><span class=\"light\">Alza de combustibles tensiona el escenario pol\u00edtico y gobernadores  regionales manifiestan su preocupaci\u00f3n por impacto en regiones<\/span><\/h5>\t\t\t\t<\/div>\n\t\t\t\n\t\t\t\t\t\t\t<div class=\"post-text date-color\">\n\t\t\t\t\t<div class=\"summary\">\n\t\t\t\t\t\t\t\t\t\t\t\t\t<p>La medida comenzar\u00e1 a regir este jueves y ha generado preocupaci\u00f3n en las regiones, donde los costos del transporte y las distancias hacen que el impacto sea mayor que en la zona central del pa\u00eds.<\/p>\n\t\t\t\t\t\t\t\t\t\t\t<\/div>\n\t\t\t\t<\/div>\n\t\t\t\n\t\t<\/div>\n\t\t<div class=\"post-meta date-color\">\n\t\t\t<div class=\"entry-meta clearfix gem-post-date\">\n\t\t\t\t<div class=\"post-meta-right\">\n\t\t\t\t\t\t\t\t\t\t\n\t\t\t\t\t\n\t\t\t\t<\/div>\n\t\t\t\t<div class=\"post-meta-left\">\n\t\t\t\t\t\t\t\t\t\t\t<span class=\"post-meta-author\">\n\t\t\t\t\t\t\t\t\t\tPor <a href=\"https:\/\/elfuerte.cl\/web\" title=\"Visitar el sitio de Prensa El Fuerte\" rel=\"author external\">Prensa El Fuerte<\/a>\t\t\t\t\t\t\t\t\t<\/span>\n\t\t\t\t\t\t\t\t\t<\/div>\n\t\t\t<\/div><!-- .entry-meta -->\n\t\t<\/div>\n\n\t\t\t\t\t<div class=\"gem-blog-slider-navigation\">\n\t\t\t\t<a href=\"#\" class=\"gem-blog-slider-prev gem-button gem-button-size-tiny\">\n\t\t\t\t\t<i aria-hidden=\"true\" class=\"gem-print-icon gem-icon-prev gem-elegant arrow-carrot-left\"><\/i>\t\t\t\t<\/a>\n\t\t\t\t<a href=\"#\" class=\"gem-blog-slider-next gem-button gem-button-size-tiny\">\n\t\t\t\t\t<i aria-hidden=\"true\" class=\"gem-print-icon gem-icon-prev gem-elegant arrow-carrot-right\"><\/i>\t\t\t\t<\/a>\n\t\t\t<\/div>\n\t\t\t<\/div>\n<\/article><!-- #post-5369 -->\n\n<article id=\"post-5354\" class=\"clearfix\">\n\n\t<a href=\"https:\/\/elfuerte.cl\/web\/2026\/03\/25\/gobierno-comienza-tardia-instalacion-de-seremis-en-regiones-en-medio-de-crisis-por-el-alza-de-combustibles\/\" class=\"gem-slider-blog-link\"><\/a>\n\n\t<div class=\"gem-slider-item-image\" style=\"background: url('https:\/\/elfuerte.cl\/web\/wp-content\/uploads\/2026\/03\/portada-2026-03-25T183823.749.jpg') no-repeat 50% 50% \/ cover;\">\n\t\t<img src=\"https:\/\/elfuerte.cl\/web\/wp-content\/uploads\/2026\/03\/portada-2026-03-25T183823.749.jpg\"  style=\"visibility: hidden;\">\n\t<\/div>\n\n\t<div class=\"gem-slider-item-overlay\">\n\t\t<div class=\"gem-compact-item-content\">\n\t\t\t\t\t\t\t<div class=\"post-title\">\n\t\t\t\t\t<h5 class=\"entry-title reverse-link-color\"><span class=\"entry-title-date\"><\/span><span class=\"light\">Gobierno comienza tard\u00eda instalaci\u00f3n de seremis en regiones en medio de crisis por el alza de combustibles<\/span><\/h5>\t\t\t\t<\/div>\n\t\t\t\n\t\t\t\t\t\t\t<div class=\"post-text date-color\">\n\t\t\t\t\t<div class=\"summary\">\n\t\t\t\t\t\t\t\t\t\t\t\t\t<p>Tras casi dos semanas de incertidumbre, este mi\u00e9rcoles se conocieron los primeros nombres de secretarios regionales ministeriales en Biob\u00edo, La Araucan\u00eda, Los R\u00edos y Los Lagos, mientras el pa\u00eds se prepara para enfrentar el alza de los combustibles que comenzar\u00e1 a regir este jueves y, por lo visto, las regiones no tendr\u00e1n nombradas todas sus autoridades para hacerse cargo de la situaci\u00f3n.<\/p>\n\t\t\t\t\t\t\t\t\t\t\t<\/div>\n\t\t\t\t<\/div>\n\t\t\t\n\t\t<\/div>\n\t\t<div class=\"post-meta date-color\">\n\t\t\t<div class=\"entry-meta clearfix gem-post-date\">\n\t\t\t\t<div class=\"post-meta-right\">\n\t\t\t\t\t\t\t\t\t\t\n\t\t\t\t\t\n\t\t\t\t<\/div>\n\t\t\t\t<div class=\"post-meta-left\">\n\t\t\t\t\t\t\t\t\t\t\t<span class=\"post-meta-author\">\n\t\t\t\t\t\t\t\t\t\tPor <a href=\"https:\/\/elfuerte.cl\/web\" title=\"Visitar el sitio de Prensa El Fuerte\" rel=\"author external\">Prensa El Fuerte<\/a>\t\t\t\t\t\t\t\t\t<\/span>\n\t\t\t\t\t\t\t\t\t<\/div>\n\t\t\t<\/div><!-- .entry-meta -->\n\t\t<\/div>\n\n\t\t\t\t\t<div class=\"gem-blog-slider-navigation\">\n\t\t\t\t<a href=\"#\" class=\"gem-blog-slider-prev gem-button gem-button-size-tiny\">\n\t\t\t\t\t<i aria-hidden=\"true\" class=\"gem-print-icon gem-icon-prev gem-elegant arrow-carrot-left\"><\/i>\t\t\t\t<\/a>\n\t\t\t\t<a href=\"#\" class=\"gem-blog-slider-next gem-button gem-button-size-tiny\">\n\t\t\t\t\t<i aria-hidden=\"true\" class=\"gem-print-icon gem-icon-prev gem-elegant arrow-carrot-right\"><\/i>\t\t\t\t<\/a>\n\t\t\t<\/div>\n\t\t\t<\/div>\n<\/article><!-- #post-5354 -->\n\n<article id=\"post-5344\" class=\"clearfix\">\n\n\t<a href=\"https:\/\/elfuerte.cl\/web\/2026\/03\/24\/aquasur-2026-reune-a-la-industria-del-salmon-y-vuelve-a-poner-al-sur-de-chile-en-el-escenario-mundial\/\" class=\"gem-slider-blog-link\"><\/a>\n\n\t<div class=\"gem-slider-item-image\" style=\"background: url('https:\/\/elfuerte.cl\/web\/wp-content\/uploads\/2026\/03\/portada-2026-03-24T202823.439.jpg') no-repeat 50% 50% \/ cover;\">\n\t\t<img src=\"https:\/\/elfuerte.cl\/web\/wp-content\/uploads\/2026\/03\/portada-2026-03-24T202823.439.jpg\"  style=\"visibility: hidden;\">\n\t<\/div>\n\n\t<div class=\"gem-slider-item-overlay\">\n\t\t<div class=\"gem-compact-item-content\">\n\t\t\t\t\t\t\t<div class=\"post-title\">\n\t\t\t\t\t<h5 class=\"entry-title reverse-link-color\"><span class=\"entry-title-date\"><\/span><span class=\"light\">AquaSur 2026 re\u00fane a la industria del salm\u00f3n y vuelve a poner al sur de Chile en el escenario mundial<\/span><\/h5>\t\t\t\t<\/div>\n\t\t\t\n\t\t\t\t\t\t\t<div class=\"post-text date-color\">\n\t\t\t\t\t<div class=\"summary\">\n\t\t\t\t\t\t\t\t\t\t\t\t\t<p>La feria acu\u00edcola m\u00e1s importante de Am\u00e9rica Latina comenz\u00f3 en la Regi\u00f3n de Los Lagos con la presencia del Presidente de la Rep\u00fablica, autoridades, empresarios, investigadores y representantes de la industria, en un encuentro clave para el futuro del sector salmonero en el sur austral del pa\u00eds.<\/p>\n\t\t\t\t\t\t\t\t\t\t\t<\/div>\n\t\t\t\t<\/div>\n\t\t\t\n\t\t<\/div>\n\t\t<div class=\"post-meta date-color\">\n\t\t\t<div class=\"entry-meta clearfix gem-post-date\">\n\t\t\t\t<div class=\"post-meta-right\">\n\t\t\t\t\t\t\t\t\t\t\n\t\t\t\t\t\n\t\t\t\t<\/div>\n\t\t\t\t<div class=\"post-meta-left\">\n\t\t\t\t\t\t\t\t\t\t\t<span class=\"post-meta-author\">\n\t\t\t\t\t\t\t\t\t\tPor <a href=\"https:\/\/elfuerte.cl\/web\" title=\"Visitar el sitio de Prensa El Fuerte\" rel=\"author external\">Prensa El Fuerte<\/a>\t\t\t\t\t\t\t\t\t<\/span>\n\t\t\t\t\t\t\t\t\t<\/div>\n\t\t\t<\/div><!-- .entry-meta -->\n\t\t<\/div>\n\n\t\t\t\t\t<div class=\"gem-blog-slider-navigation\">\n\t\t\t\t<a href=\"#\" class=\"gem-blog-slider-prev gem-button gem-button-size-tiny\">\n\t\t\t\t\t<i aria-hidden=\"true\" class=\"gem-print-icon gem-icon-prev gem-elegant arrow-carrot-left\"><\/i>\t\t\t\t<\/a>\n\t\t\t\t<a href=\"#\" class=\"gem-blog-slider-next gem-button gem-button-size-tiny\">\n\t\t\t\t\t<i aria-hidden=\"true\" class=\"gem-print-icon gem-icon-prev gem-elegant arrow-carrot-right\"><\/i>\t\t\t\t<\/a>\n\t\t\t<\/div>\n\t\t\t<\/div>\n<\/article><!-- #post-5344 -->\n\n<article id=\"post-5332\" class=\"clearfix\">\n\n\t<a href=\"https:\/\/elfuerte.cl\/web\/2026\/03\/24\/los-suenos-se-construyen-con-trabajo-diario-escuela-de-judo-de-la-guarda\/\" class=\"gem-slider-blog-link\"><\/a>\n\n\t<div class=\"gem-slider-item-image\" style=\"background: url('https:\/\/elfuerte.cl\/web\/wp-content\/uploads\/2026\/03\/bannerjudo.jpg') no-repeat 50% 50% \/ cover;\">\n\t\t<img src=\"https:\/\/elfuerte.cl\/web\/wp-content\/uploads\/2026\/03\/bannerjudo.jpg\"  style=\"visibility: hidden;\">\n\t<\/div>\n\n\t<div class=\"gem-slider-item-overlay\">\n\t\t<div class=\"gem-compact-item-content\">\n\t\t\t\t\t\t\t<div class=\"post-title\">\n\t\t\t\t\t<h5 class=\"entry-title reverse-link-color\"><span class=\"entry-title-date\"><\/span><span class=\"light\">Los sue\u00f1os se construyen con trabajo diario: Escuela de Judo de la Guarda<\/span><\/h5>\t\t\t\t<\/div>\n\t\t\t\n\t\t\t\t\t\t\t<div class=\"post-text date-color\">\n\t\t\t\t\t<div class=\"summary\">\n\t\t\t\t\t\t\t\t\t\t\t\t\t<p>El pasado fin de semana se desarroll\u00f3 en la ciudad de Santiago el Campeonato Nacional de Judo, realizado en el Centro de Deportes de Contacto del Estadio Nacional Julio Mart\u00ednez Pradanos. Los resultados obtenidos reflejan no solo la m\u00edstica del triunfo, sino tambi\u00e9n el esfuerzo, la disciplina y el compromiso de j\u00f3venes judocas penquistas junto a su maestra.<\/p>\n\t\t\t\t\t\t\t\t\t\t\t<\/div>\n\t\t\t\t<\/div>\n\t\t\t\n\t\t<\/div>\n\t\t<div class=\"post-meta date-color\">\n\t\t\t<div class=\"entry-meta clearfix gem-post-date\">\n\t\t\t\t<div class=\"post-meta-right\">\n\t\t\t\t\t\t\t\t\t\t\n\t\t\t\t\t\n\t\t\t\t<\/div>\n\t\t\t\t<div class=\"post-meta-left\">\n\t\t\t\t\t\t\t\t\t\t\t<span class=\"post-meta-author\">\n\t\t\t\t\t\t\t\t\t\tPor <a href=\"https:\/\/elfuerte.cl\/web\" title=\"Visitar el sitio de Prensa El Fuerte\" rel=\"author external\">Prensa El Fuerte<\/a>\t\t\t\t\t\t\t\t\t<\/span>\n\t\t\t\t\t\t\t\t\t<\/div>\n\t\t\t<\/div><!-- .entry-meta -->\n\t\t<\/div>\n\n\t\t\t\t\t<div class=\"gem-blog-slider-navigation\">\n\t\t\t\t<a href=\"#\" class=\"gem-blog-slider-prev gem-button gem-button-size-tiny\">\n\t\t\t\t\t<i aria-hidden=\"true\" class=\"gem-print-icon gem-icon-prev gem-elegant arrow-carrot-left\"><\/i>\t\t\t\t<\/a>\n\t\t\t\t<a href=\"#\" class=\"gem-blog-slider-next gem-button gem-button-size-tiny\">\n\t\t\t\t\t<i aria-hidden=\"true\" class=\"gem-print-icon gem-icon-prev gem-elegant arrow-carrot-right\"><\/i>\t\t\t\t<\/a>\n\t\t\t<\/div>\n\t\t\t<\/div>\n<\/article><!-- #post-5332 -->\n\n<article id=\"post-5321\" class=\"clearfix\">\n\n\t<a href=\"https:\/\/elfuerte.cl\/web\/2026\/03\/24\/emprendimiento-agricultura-y-proyectos-comunitarios-impulsan-desarrollo-local-en-la-provincia-de-malleco\/\" class=\"gem-slider-blog-link\"><\/a>\n\n\t<div class=\"gem-slider-item-image\" style=\"background: url('https:\/\/elfuerte.cl\/web\/wp-content\/uploads\/2026\/03\/portada-2026-03-24T121008.171.jpg') no-repeat 50% 50% \/ cover;\">\n\t\t<img src=\"https:\/\/elfuerte.cl\/web\/wp-content\/uploads\/2026\/03\/portada-2026-03-24T121008.171.jpg\"  style=\"visibility: hidden;\">\n\t<\/div>\n\n\t<div class=\"gem-slider-item-overlay\">\n\t\t<div class=\"gem-compact-item-content\">\n\t\t\t\t\t\t\t<div class=\"post-title\">\n\t\t\t\t\t<h5 class=\"entry-title reverse-link-color\"><span class=\"entry-title-date\"><\/span><span class=\"light\">Emprendimiento, agricultura y proyectos comunitarios impulsan desarrollo local en la Provincia de Malleco<\/span><\/h5>\t\t\t\t<\/div>\n\t\t\t\n\t\t\t\t\t\t\t<div class=\"post-text date-color\">\n\t\t\t\t\t<div class=\"summary\">\n\t\t\t\t\t\t\t\t\t\t\t\t\t<p>Las iniciativas, impulsadas por CMPC junto a Desaf\u00edo Levantemos Chile, se han desarrollado en las comunas de Collipulli y Renaico, incluyendo programas para emprendedores, proyectos agroproductivos e infraestructura comunitaria en sectores rurales.<\/p>\n\t\t\t\t\t\t\t\t\t\t\t<\/div>\n\t\t\t\t<\/div>\n\t\t\t\n\t\t<\/div>\n\t\t<div class=\"post-meta date-color\">\n\t\t\t<div class=\"entry-meta clearfix gem-post-date\">\n\t\t\t\t<div class=\"post-meta-right\">\n\t\t\t\t\t\t\t\t\t\t\n\t\t\t\t\t\n\t\t\t\t<\/div>\n\t\t\t\t<div class=\"post-meta-left\">\n\t\t\t\t\t\t\t\t\t\t\t<span class=\"post-meta-author\">\n\t\t\t\t\t\t\t\t\t\tPor <a href=\"https:\/\/elfuerte.cl\/web\" title=\"Visitar el sitio de Prensa El Fuerte\" rel=\"author external\">Prensa El Fuerte<\/a>\t\t\t\t\t\t\t\t\t<\/span>\n\t\t\t\t\t\t\t\t\t<\/div>\n\t\t\t<\/div><!-- .entry-meta -->\n\t\t<\/div>\n\n\t\t\t\t\t<div class=\"gem-blog-slider-navigation\">\n\t\t\t\t<a href=\"#\" class=\"gem-blog-slider-prev gem-button gem-button-size-tiny\">\n\t\t\t\t\t<i aria-hidden=\"true\" class=\"gem-print-icon gem-icon-prev gem-elegant arrow-carrot-left\"><\/i>\t\t\t\t<\/a>\n\t\t\t\t<a href=\"#\" class=\"gem-blog-slider-next gem-button gem-button-size-tiny\">\n\t\t\t\t\t<i aria-hidden=\"true\" class=\"gem-print-icon gem-icon-prev gem-elegant arrow-carrot-right\"><\/i>\t\t\t\t<\/a>\n\t\t\t<\/div>\n\t\t\t<\/div>\n<\/article><!-- #post-5321 -->\n\n<article id=\"post-5309\" class=\"clearfix\">\n\n\t<a href=\"https:\/\/elfuerte.cl\/web\/2026\/03\/24\/entre-rios-y-humedales-valdivia-vivio-el-dia-mundial-del-agua-con-actividades-ciudadanas\/\" class=\"gem-slider-blog-link\"><\/a>\n\n\t<div class=\"gem-slider-item-image\" style=\"background: url('https:\/\/elfuerte.cl\/web\/wp-content\/uploads\/2026\/03\/portada-2026-03-24T111335.301.jpg') no-repeat 50% 50% \/ cover;\">\n\t\t<img src=\"https:\/\/elfuerte.cl\/web\/wp-content\/uploads\/2026\/03\/portada-2026-03-24T111335.301.jpg\"  style=\"visibility: hidden;\">\n\t<\/div>\n\n\t<div class=\"gem-slider-item-overlay\">\n\t\t<div class=\"gem-compact-item-content\">\n\t\t\t\t\t\t\t<div class=\"post-title\">\n\t\t\t\t\t<h5 class=\"entry-title reverse-link-color\"><span class=\"entry-title-date\"><\/span><span class=\"light\">Entre r\u00edos y humedales, Valdivia vivi\u00f3 el D\u00eda Mundial del Agua con actividades ciudadanas<\/span><\/h5>\t\t\t\t<\/div>\n\t\t\t\n\t\t\t\t\t\t\t<div class=\"post-text date-color\">\n\t\t\t\t\t<div class=\"summary\">\n\t\t\t\t\t\t\t\t\t\t\t\t\t<p>La conmemoraci\u00f3n incluy\u00f3 actividades en el r\u00edo, una feria socioambiental, una cicletada y una jornada cultural en el Teatro Regional Cervantes, en una ciudad donde el agua forma parte de la identidad, la vida cotidiana y el paisaje urbano.<\/p>\n\t\t\t\t\t\t\t\t\t\t\t<\/div>\n\t\t\t\t<\/div>\n\t\t\t\n\t\t<\/div>\n\t\t<div class=\"post-meta date-color\">\n\t\t\t<div class=\"entry-meta clearfix gem-post-date\">\n\t\t\t\t<div class=\"post-meta-right\">\n\t\t\t\t\t\t\t\t\t\t\n\t\t\t\t\t\n\t\t\t\t<\/div>\n\t\t\t\t<div class=\"post-meta-left\">\n\t\t\t\t\t\t\t\t\t\t\t<span class=\"post-meta-author\">\n\t\t\t\t\t\t\t\t\t\tPor <a href=\"https:\/\/elfuerte.cl\/web\" title=\"Visitar el sitio de Prensa El Fuerte\" rel=\"author external\">Prensa El Fuerte<\/a>\t\t\t\t\t\t\t\t\t<\/span>\n\t\t\t\t\t\t\t\t\t<\/div>\n\t\t\t<\/div><!-- .entry-meta -->\n\t\t<\/div>\n\n\t\t\t\t\t<div class=\"gem-blog-slider-navigation\">\n\t\t\t\t<a href=\"#\" class=\"gem-blog-slider-prev gem-button gem-button-size-tiny\">\n\t\t\t\t\t<i aria-hidden=\"true\" class=\"gem-print-icon gem-icon-prev gem-elegant arrow-carrot-left\"><\/i>\t\t\t\t<\/a>\n\t\t\t\t<a href=\"#\" class=\"gem-blog-slider-next gem-button gem-button-size-tiny\">\n\t\t\t\t\t<i aria-hidden=\"true\" class=\"gem-print-icon gem-icon-prev gem-elegant arrow-carrot-right\"><\/i>\t\t\t\t<\/a>\n\t\t\t<\/div>\n\t\t\t<\/div>\n<\/article><!-- #post-5309 -->\n\n<article id=\"post-5299\" class=\"clearfix\">\n\n\t<a href=\"https:\/\/elfuerte.cl\/web\/2026\/03\/24\/cerca-de-700-estudiantes-participaron-en-el-trail-de-bienvenida-2026-de-la-universidad-austral\/\" class=\"gem-slider-blog-link\"><\/a>\n\n\t<div class=\"gem-slider-item-image\" style=\"background: url('https:\/\/elfuerte.cl\/web\/wp-content\/uploads\/2026\/03\/portada-2026-03-24T104447.398.jpg') no-repeat 50% 50% \/ cover;\">\n\t\t<img src=\"https:\/\/elfuerte.cl\/web\/wp-content\/uploads\/2026\/03\/portada-2026-03-24T104447.398.jpg\"  style=\"visibility: hidden;\">\n\t<\/div>\n\n\t<div class=\"gem-slider-item-overlay\">\n\t\t<div class=\"gem-compact-item-content\">\n\t\t\t\t\t\t\t<div class=\"post-title\">\n\t\t\t\t\t<h5 class=\"entry-title reverse-link-color\"><span class=\"entry-title-date\"><\/span><span class=\"light\">Cerca de 700 estudiantes participaron en el Trail de Bienvenida 2026 de la Universidad Austral<\/span><\/h5>\t\t\t\t<\/div>\n\t\t\t\n\t\t\t\t\t\t\t<div class=\"post-text date-color\">\n\t\t\t\t\t<div class=\"summary\">\n\t\t\t\t\t\t\t\t\t\t\t\t\t<p>La actividad se realiz\u00f3 en el Campus Isla Teja y forma parte de las tradicionales jornadas de inicio de a\u00f1o acad\u00e9mico, promoviendo la vida activa, la integraci\u00f3n estudiantil y el v\u00ednculo con el entorno natural de Valdivia.<\/p>\n\t\t\t\t\t\t\t\t\t\t\t<\/div>\n\t\t\t\t<\/div>\n\t\t\t\n\t\t<\/div>\n\t\t<div class=\"post-meta date-color\">\n\t\t\t<div class=\"entry-meta clearfix gem-post-date\">\n\t\t\t\t<div class=\"post-meta-right\">\n\t\t\t\t\t\t\t\t\t\t\n\t\t\t\t\t\n\t\t\t\t<\/div>\n\t\t\t\t<div class=\"post-meta-left\">\n\t\t\t\t\t\t\t\t\t\t\t<span class=\"post-meta-author\">\n\t\t\t\t\t\t\t\t\t\tPor <a href=\"https:\/\/elfuerte.cl\/web\" title=\"Visitar el sitio de Prensa El Fuerte\" rel=\"author external\">Prensa El Fuerte<\/a>\t\t\t\t\t\t\t\t\t<\/span>\n\t\t\t\t\t\t\t\t\t<\/div>\n\t\t\t<\/div><!-- .entry-meta -->\n\t\t<\/div>\n\n\t\t\t\t\t<div class=\"gem-blog-slider-navigation\">\n\t\t\t\t<a href=\"#\" class=\"gem-blog-slider-prev gem-button gem-button-size-tiny\">\n\t\t\t\t\t<i aria-hidden=\"true\" class=\"gem-print-icon gem-icon-prev gem-elegant arrow-carrot-left\"><\/i>\t\t\t\t<\/a>\n\t\t\t\t<a href=\"#\" class=\"gem-blog-slider-next gem-button gem-button-size-tiny\">\n\t\t\t\t\t<i aria-hidden=\"true\" class=\"gem-print-icon gem-icon-prev gem-elegant arrow-carrot-right\"><\/i>\t\t\t\t<\/a>\n\t\t\t<\/div>\n\t\t\t<\/div>\n<\/article><!-- #post-5299 -->\n\n<article id=\"post-5292\" class=\"clearfix\">\n\n\t<a href=\"https:\/\/elfuerte.cl\/web\/2026\/03\/23\/aquasur-2026-parte-en-puerto-montt-y-vuelve-a-poner-a-la-salmonicultura-en-el-centro-del-desarrollo-del-sur-de-chile\/\" class=\"gem-slider-blog-link\"><\/a>\n\n\t<div class=\"gem-slider-item-image\" style=\"background: url('https:\/\/elfuerte.cl\/web\/wp-content\/uploads\/2026\/03\/portada-2026-03-23T195953.648.jpg') no-repeat 50% 50% \/ cover;\">\n\t\t<img src=\"https:\/\/elfuerte.cl\/web\/wp-content\/uploads\/2026\/03\/portada-2026-03-23T195953.648.jpg\"  style=\"visibility: hidden;\">\n\t<\/div>\n\n\t<div class=\"gem-slider-item-overlay\">\n\t\t<div class=\"gem-compact-item-content\">\n\t\t\t\t\t\t\t<div class=\"post-title\">\n\t\t\t\t\t<h5 class=\"entry-title reverse-link-color\"><span class=\"entry-title-date\"><\/span><span class=\"light\">AquaSur 2026 parte en Puerto Montt y vuelve a poner a la salmonicultura en el centro del desarrollo del sur de Chile<\/span><\/h5>\t\t\t\t<\/div>\n\t\t\t\n\t\t\t\t\t\t\t<div class=\"post-text date-color\">\n\t\t\t\t\t<div class=\"summary\">\n\t\t\t\t\t\t\t\t\t\t\t\t\t<p>La feria acu\u00edcola m\u00e1s grande del hemisferio sur comienza este martes en la Regi\u00f3n de Los Lagos en un escenario marcado por el crecimiento econ\u00f3mico del sector, los desaf\u00edos ambientales, la regulaci\u00f3n y la incorporaci\u00f3n de nuevas tecnolog\u00edas para el desarrollo futuro de la industria.<\/p>\n\t\t\t\t\t\t\t\t\t\t\t<\/div>\n\t\t\t\t<\/div>\n\t\t\t\n\t\t<\/div>\n\t\t<div class=\"post-meta date-color\">\n\t\t\t<div class=\"entry-meta clearfix gem-post-date\">\n\t\t\t\t<div class=\"post-meta-right\">\n\t\t\t\t\t\t\t\t\t\t\n\t\t\t\t\t\n\t\t\t\t<\/div>\n\t\t\t\t<div class=\"post-meta-left\">\n\t\t\t\t\t\t\t\t\t\t\t<span class=\"post-meta-author\">\n\t\t\t\t\t\t\t\t\t\tPor <a href=\"https:\/\/elfuerte.cl\/web\" title=\"Visitar el sitio de Prensa El Fuerte\" rel=\"author external\">Prensa El Fuerte<\/a>\t\t\t\t\t\t\t\t\t<\/span>\n\t\t\t\t\t\t\t\t\t<\/div>\n\t\t\t<\/div><!-- .entry-meta -->\n\t\t<\/div>\n\n\t\t\t\t\t<div class=\"gem-blog-slider-navigation\">\n\t\t\t\t<a href=\"#\" class=\"gem-blog-slider-prev gem-button gem-button-size-tiny\">\n\t\t\t\t\t<i aria-hidden=\"true\" class=\"gem-print-icon gem-icon-prev gem-elegant arrow-carrot-left\"><\/i>\t\t\t\t<\/a>\n\t\t\t\t<a href=\"#\" class=\"gem-blog-slider-next gem-button gem-button-size-tiny\">\n\t\t\t\t\t<i aria-hidden=\"true\" class=\"gem-print-icon gem-icon-prev gem-elegant arrow-carrot-right\"><\/i>\t\t\t\t<\/a>\n\t\t\t<\/div>\n\t\t\t<\/div>\n<\/article><!-- #post-5292 -->\n\n<article id=\"post-5286\" class=\"clearfix\">\n\n\t<a href=\"https:\/\/elfuerte.cl\/web\/2026\/03\/23\/llancahue-el-corazon-del-agua-potable-de-valdivia-abrio-sus-puertas-en-el-mes-del-agua\/\" class=\"gem-slider-blog-link\"><\/a>\n\n\t<div class=\"gem-slider-item-image\" style=\"background: url('https:\/\/elfuerte.cl\/web\/wp-content\/uploads\/2026\/03\/portada-2026-03-23T192454.553.jpg') no-repeat 50% 50% \/ cover;\">\n\t\t<img src=\"https:\/\/elfuerte.cl\/web\/wp-content\/uploads\/2026\/03\/portada-2026-03-23T192454.553.jpg\"  style=\"visibility: hidden;\">\n\t<\/div>\n\n\t<div class=\"gem-slider-item-overlay\">\n\t\t<div class=\"gem-compact-item-content\">\n\t\t\t\t\t\t\t<div class=\"post-title\">\n\t\t\t\t\t<h5 class=\"entry-title reverse-link-color\"><span class=\"entry-title-date\"><\/span><span class=\"light\">Llancahue, el coraz\u00f3n del agua potable de Valdivia, abri\u00f3 sus puertas en el Mes del Agua<\/span><\/h5>\t\t\t\t<\/div>\n\t\t\t\n\t\t\t\t\t\t\t<div class=\"post-text date-color\">\n\t\t\t\t\t<div class=\"summary\">\n\t\t\t\t\t\t\t\t\t\t\t\t\t<p>Valdivia es reconocida como una ciudad de agua, rodeada de r\u00edos, humedales y bosques siempre verdes, y esa condici\u00f3n natural tambi\u00e9n se refleja en la calidad de su agua potable.<\/p>\n\t\t\t\t\t\t\t\t\t\t\t<\/div>\n\t\t\t\t<\/div>\n\t\t\t\n\t\t<\/div>\n\t\t<div class=\"post-meta date-color\">\n\t\t\t<div class=\"entry-meta clearfix gem-post-date\">\n\t\t\t\t<div class=\"post-meta-right\">\n\t\t\t\t\t\t\t\t\t\t\n\t\t\t\t\t\n\t\t\t\t<\/div>\n\t\t\t\t<div class=\"post-meta-left\">\n\t\t\t\t\t\t\t\t\t\t\t<span class=\"post-meta-author\">\n\t\t\t\t\t\t\t\t\t\tPor <a href=\"https:\/\/elfuerte.cl\/web\" title=\"Visitar el sitio de Prensa El Fuerte\" rel=\"author external\">Prensa El Fuerte<\/a>\t\t\t\t\t\t\t\t\t<\/span>\n\t\t\t\t\t\t\t\t\t<\/div>\n\t\t\t<\/div><!-- .entry-meta -->\n\t\t<\/div>\n\n\t\t\t\t\t<div class=\"gem-blog-slider-navigation\">\n\t\t\t\t<a href=\"#\" class=\"gem-blog-slider-prev gem-button gem-button-size-tiny\">\n\t\t\t\t\t<i aria-hidden=\"true\" class=\"gem-print-icon gem-icon-prev gem-elegant arrow-carrot-left\"><\/i>\t\t\t\t<\/a>\n\t\t\t\t<a href=\"#\" class=\"gem-blog-slider-next gem-button gem-button-size-tiny\">\n\t\t\t\t\t<i aria-hidden=\"true\" class=\"gem-print-icon gem-icon-prev gem-elegant arrow-carrot-right\"><\/i>\t\t\t\t<\/a>\n\t\t\t<\/div>\n\t\t\t<\/div>\n<\/article><!-- #post-5286 -->\n\n<article id=\"post-5275\" class=\"clearfix\">\n\n\t<a href=\"https:\/\/elfuerte.cl\/web\/2026\/03\/21\/presidente-jose-antonio-kast-asistio-en-puerto-varas-a-exequias-del-suboficial-mayor-javier-figueroa-manquemilla\/\" class=\"gem-slider-blog-link\"><\/a>\n\n\t<div class=\"gem-slider-item-image\" style=\"background: url('https:\/\/elfuerte.cl\/web\/wp-content\/uploads\/2026\/03\/portada-2026-03-21T202945.176.jpg') no-repeat 50% 50% \/ cover;\">\n\t\t<img src=\"https:\/\/elfuerte.cl\/web\/wp-content\/uploads\/2026\/03\/portada-2026-03-21T202945.176.jpg\"  style=\"visibility: hidden;\">\n\t<\/div>\n\n\t<div class=\"gem-slider-item-overlay\">\n\t\t<div class=\"gem-compact-item-content\">\n\t\t\t\t\t\t\t<div class=\"post-title\">\n\t\t\t\t\t<h5 class=\"entry-title reverse-link-color\"><span class=\"entry-title-date\"><\/span><span class=\"light\">Presidente Jos\u00e9 Antonio Kast asisti\u00f3 en Puerto Varas a exequias del suboficial mayor Javier Figueroa Manquemilla<\/span><\/h5>\t\t\t\t<\/div>\n\t\t\t\n\t\t\t\t\t\t\t<div class=\"post-text date-color\">\n\t\t\t\t\t<div class=\"summary\">\n\t\t\t\t\t\t\t\t\t\t\t\t\t<p>El Gobierno decret\u00f3 tres d\u00edas de duelo nacional por la muerte del funcionario de Carabineros, quien permanec\u00eda internado en el Hospital Base de Puerto Montt desde el 11 de marzo, tras resultar gravemente herido en un procedimiento policial.<\/p>\n\t\t\t\t\t\t\t\t\t\t\t<\/div>\n\t\t\t\t<\/div>\n\t\t\t\n\t\t<\/div>\n\t\t<div class=\"post-meta date-color\">\n\t\t\t<div class=\"entry-meta clearfix gem-post-date\">\n\t\t\t\t<div class=\"post-meta-right\">\n\t\t\t\t\t\t\t\t\t\t\n\t\t\t\t\t\n\t\t\t\t<\/div>\n\t\t\t\t<div class=\"post-meta-left\">\n\t\t\t\t\t\t\t\t\t\t\t<span class=\"post-meta-author\">\n\t\t\t\t\t\t\t\t\t\tPor <a href=\"https:\/\/elfuerte.cl\/web\" title=\"Visitar el sitio de Prensa El Fuerte\" rel=\"author external\">Prensa El Fuerte<\/a>\t\t\t\t\t\t\t\t\t<\/span>\n\t\t\t\t\t\t\t\t\t<\/div>\n\t\t\t<\/div><!-- .entry-meta -->\n\t\t<\/div>\n\n\t\t\t\t\t<div class=\"gem-blog-slider-navigation\">\n\t\t\t\t<a href=\"#\" class=\"gem-blog-slider-prev gem-button gem-button-size-tiny\">\n\t\t\t\t\t<i aria-hidden=\"true\" class=\"gem-print-icon gem-icon-prev gem-elegant arrow-carrot-left\"><\/i>\t\t\t\t<\/a>\n\t\t\t\t<a href=\"#\" class=\"gem-blog-slider-next gem-button gem-button-size-tiny\">\n\t\t\t\t\t<i aria-hidden=\"true\" class=\"gem-print-icon gem-icon-prev gem-elegant arrow-carrot-right\"><\/i>\t\t\t\t<\/a>\n\t\t\t<\/div>\n\t\t\t<\/div>\n<\/article><!-- #post-5275 -->\n\n<article id=\"post-5268\" class=\"clearfix\">\n\n\t<a href=\"https:\/\/elfuerte.cl\/web\/2026\/03\/21\/avanza-negociacion-de-tratado-global-para-reducir-la-contaminacion-por-plasticos\/\" class=\"gem-slider-blog-link\"><\/a>\n\n\t<div class=\"gem-slider-item-image\" style=\"background: url('https:\/\/elfuerte.cl\/web\/wp-content\/uploads\/2026\/03\/bannerbotella.jpg') no-repeat 50% 50% \/ cover;\">\n\t\t<img src=\"https:\/\/elfuerte.cl\/web\/wp-content\/uploads\/2026\/03\/bannerbotella.jpg\"  style=\"visibility: hidden;\">\n\t<\/div>\n\n\t<div class=\"gem-slider-item-overlay\">\n\t\t<div class=\"gem-compact-item-content\">\n\t\t\t\t\t\t\t<div class=\"post-title\">\n\t\t\t\t\t<h5 class=\"entry-title reverse-link-color\"><span class=\"entry-title-date\"><\/span><span class=\"light\">Avanza negociaci\u00f3n de tratado global para reducir la contaminaci\u00f3n por pl\u00e1sticos<\/span><\/h5>\t\t\t\t<\/div>\n\t\t\t\n\t\t\t\t\t\t\t<div class=\"post-text date-color\">\n\t\t\t\t\t<div class=\"summary\">\n\t\t\t\t\t\t\t\t\t\t\t\t\t<p>Avanza negociaci\u00f3n de tratado global para reducir la contaminaci\u00f3n por pl\u00e1sticos.<\/p>\n\t\t\t\t\t\t\t\t\t\t\t<\/div>\n\t\t\t\t<\/div>\n\t\t\t\n\t\t<\/div>\n\t\t<div class=\"post-meta date-color\">\n\t\t\t<div class=\"entry-meta clearfix gem-post-date\">\n\t\t\t\t<div class=\"post-meta-right\">\n\t\t\t\t\t\t\t\t\t\t\n\t\t\t\t\t\n\t\t\t\t<\/div>\n\t\t\t\t<div class=\"post-meta-left\">\n\t\t\t\t\t\t\t\t\t\t\t<span class=\"post-meta-author\">\n\t\t\t\t\t\t\t\t\t\tPor <a href=\"https:\/\/elfuerte.cl\/web\" title=\"Visitar el sitio de Prensa El Fuerte\" rel=\"author external\">Prensa El Fuerte<\/a>\t\t\t\t\t\t\t\t\t<\/span>\n\t\t\t\t\t\t\t\t\t<\/div>\n\t\t\t<\/div><!-- .entry-meta -->\n\t\t<\/div>\n\n\t\t\t\t\t<div class=\"gem-blog-slider-navigation\">\n\t\t\t\t<a href=\"#\" class=\"gem-blog-slider-prev gem-button gem-button-size-tiny\">\n\t\t\t\t\t<i aria-hidden=\"true\" class=\"gem-print-icon gem-icon-prev gem-elegant arrow-carrot-left\"><\/i>\t\t\t\t<\/a>\n\t\t\t\t<a href=\"#\" class=\"gem-blog-slider-next gem-button gem-button-size-tiny\">\n\t\t\t\t\t<i aria-hidden=\"true\" class=\"gem-print-icon gem-icon-prev gem-elegant arrow-carrot-right\"><\/i>\t\t\t\t<\/a>\n\t\t\t<\/div>\n\t\t\t<\/div>\n<\/article><!-- #post-5268 -->\n\n<article id=\"post-5255\" class=\"clearfix\">\n\n\t<a href=\"https:\/\/elfuerte.cl\/web\/2026\/03\/21\/oscar-landerretche-la-region-de-los-rios-esta-al-debe-en-desarrollo-economico-pese-a-tener-todo-el-potencial-para-crecer\/\" class=\"gem-slider-blog-link\"><\/a>\n\n\t<div class=\"gem-slider-item-image\" style=\"background: url('https:\/\/elfuerte.cl\/web\/wp-content\/uploads\/2026\/03\/Oscar.jpg') no-repeat 50% 50% \/ cover;\">\n\t\t<img src=\"https:\/\/elfuerte.cl\/web\/wp-content\/uploads\/2026\/03\/Oscar.jpg\"  style=\"visibility: hidden;\">\n\t<\/div>\n\n\t<div class=\"gem-slider-item-overlay\">\n\t\t<div class=\"gem-compact-item-content\">\n\t\t\t\t\t\t\t<div class=\"post-title\">\n\t\t\t\t\t<h5 class=\"entry-title reverse-link-color\"><span class=\"entry-title-date\"><\/span><span class=\"light\">\u00d3scar Landerretche: \u201cLa Regi\u00f3n de Los R\u00edos est\u00e1 al debe en desarrollo econ\u00f3mico pese a tener todo el potencial para crecer\u201d<\/span><\/h5>\t\t\t\t<\/div>\n\t\t\t\n\t\t\t\t\t\t\t<div class=\"post-text date-color\">\n\t\t\t\t\t<div class=\"summary\">\n\t\t\t\t\t\t\t\t\t\t\t\t\t<p>El economista de la Universidad de Chile, y relator principal del encuentro Sur Futuro realizado en Valdivia, analiz\u00f3 la situaci\u00f3n econ\u00f3mica de la regi\u00f3n, se\u00f1alando que existe un exceso de diagn\u00f3sticos y estrategias, pero falta ejecuci\u00f3n de proyectos concretos, coordinaci\u00f3n entre actores y desarrollo productivo sobre la base de los sectores econ\u00f3micos existentes.<\/p>\n\t\t\t\t\t\t\t\t\t\t\t<\/div>\n\t\t\t\t<\/div>\n\t\t\t\n\t\t<\/div>\n\t\t<div class=\"post-meta date-color\">\n\t\t\t<div class=\"entry-meta clearfix gem-post-date\">\n\t\t\t\t<div class=\"post-meta-right\">\n\t\t\t\t\t\t\t\t\t\t\n\t\t\t\t\t\n\t\t\t\t<\/div>\n\t\t\t\t<div class=\"post-meta-left\">\n\t\t\t\t\t\t\t\t\t\t\t<span class=\"post-meta-author\">\n\t\t\t\t\t\t\t\t\t\tPor <a href=\"https:\/\/elfuerte.cl\/web\" title=\"Visitar el sitio de Prensa El Fuerte\" rel=\"author external\">Prensa El Fuerte<\/a>\t\t\t\t\t\t\t\t\t<\/span>\n\t\t\t\t\t\t\t\t\t<\/div>\n\t\t\t<\/div><!-- .entry-meta -->\n\t\t<\/div>\n\n\t\t\t\t\t<div class=\"gem-blog-slider-navigation\">\n\t\t\t\t<a href=\"#\" class=\"gem-blog-slider-prev gem-button gem-button-size-tiny\">\n\t\t\t\t\t<i aria-hidden=\"true\" class=\"gem-print-icon gem-icon-prev gem-elegant arrow-carrot-left\"><\/i>\t\t\t\t<\/a>\n\t\t\t\t<a href=\"#\" class=\"gem-blog-slider-next gem-button gem-button-size-tiny\">\n\t\t\t\t\t<i aria-hidden=\"true\" class=\"gem-print-icon gem-icon-prev gem-elegant arrow-carrot-right\"><\/i>\t\t\t\t<\/a>\n\t\t\t<\/div>\n\t\t\t<\/div>\n<\/article><!-- #post-5255 -->\n\n<article id=\"post-5247\" class=\"clearfix\">\n\n\t<a href=\"https:\/\/elfuerte.cl\/web\/2026\/03\/20\/regiones-partiran-el-ano-con-recorte-presupuestario-y-autoridades-advierten-impacto-en-inversion-publica\/\" class=\"gem-slider-blog-link\"><\/a>\n\n\t<div class=\"gem-slider-item-image\" style=\"background: url('https:\/\/elfuerte.cl\/web\/wp-content\/uploads\/2026\/03\/portada-2026-03-20T203208.160.jpg') no-repeat 50% 50% \/ cover;\">\n\t\t<img src=\"https:\/\/elfuerte.cl\/web\/wp-content\/uploads\/2026\/03\/portada-2026-03-20T203208.160.jpg\"  style=\"visibility: hidden;\">\n\t<\/div>\n\n\t<div class=\"gem-slider-item-overlay\">\n\t\t<div class=\"gem-compact-item-content\">\n\t\t\t\t\t\t\t<div class=\"post-title\">\n\t\t\t\t\t<h5 class=\"entry-title reverse-link-color\"><span class=\"entry-title-date\"><\/span><span class=\"light\">Regiones partir\u00e1n el a\u00f1o con recorte presupuestario y autoridades advierten impacto en inversi\u00f3n p\u00fablica<\/span><\/h5>\t\t\t\t<\/div>\n\t\t\t\n\t\t\t\t\t\t\t<div class=\"post-text date-color\">\n\t\t\t\t\t<div class=\"summary\">\n\t\t\t\t\t\t\t\t\t\t\t\t\t<p>Valdivia es reconocida como una ciudad de agua, rodeada de r\u00edos, humedales y bosques siempre verdes, y esa condici\u00f3n natural tambi\u00e9n se refleja en la calidad de su agua potable.<\/p>\n\t\t\t\t\t\t\t\t\t\t\t<\/div>\n\t\t\t\t<\/div>\n\t\t\t\n\t\t<\/div>\n\t\t<div class=\"post-meta date-color\">\n\t\t\t<div class=\"entry-meta clearfix gem-post-date\">\n\t\t\t\t<div class=\"post-meta-right\">\n\t\t\t\t\t\t\t\t\t\t\n\t\t\t\t\t\n\t\t\t\t<\/div>\n\t\t\t\t<div class=\"post-meta-left\">\n\t\t\t\t\t\t\t\t\t\t\t<span class=\"post-meta-author\">\n\t\t\t\t\t\t\t\t\t\tPor <a href=\"https:\/\/elfuerte.cl\/web\" title=\"Visitar el sitio de Prensa El Fuerte\" rel=\"author external\">Prensa El Fuerte<\/a>\t\t\t\t\t\t\t\t\t<\/span>\n\t\t\t\t\t\t\t\t\t<\/div>\n\t\t\t<\/div><!-- .entry-meta -->\n\t\t<\/div>\n\n\t\t\t\t\t<div class=\"gem-blog-slider-navigation\">\n\t\t\t\t<a href=\"#\" class=\"gem-blog-slider-prev gem-button gem-button-size-tiny\">\n\t\t\t\t\t<i aria-hidden=\"true\" class=\"gem-print-icon gem-icon-prev gem-elegant arrow-carrot-left\"><\/i>\t\t\t\t<\/a>\n\t\t\t\t<a href=\"#\" class=\"gem-blog-slider-next gem-button gem-button-size-tiny\">\n\t\t\t\t\t<i aria-hidden=\"true\" class=\"gem-print-icon gem-icon-prev gem-elegant arrow-carrot-right\"><\/i>\t\t\t\t<\/a>\n\t\t\t<\/div>\n\t\t\t<\/div>\n<\/article><!-- #post-5247 -->\n\n<article id=\"post-5224\" class=\"clearfix\">\n\n\t<a href=\"https:\/\/elfuerte.cl\/web\/2026\/03\/19\/del-valle-piedra-roja-el-restaurante-sabroso-junto-al-mar-y-con-la-identidad-de-colcura\/\" class=\"gem-slider-blog-link\"><\/a>\n\n\t<div class=\"gem-slider-item-image\" style=\"background: url('https:\/\/elfuerte.cl\/web\/wp-content\/uploads\/2026\/03\/bannerpidra.jpg') no-repeat 50% 50% \/ cover;\">\n\t\t<img src=\"https:\/\/elfuerte.cl\/web\/wp-content\/uploads\/2026\/03\/bannerpidra.jpg\"  style=\"visibility: hidden;\">\n\t<\/div>\n\n\t<div class=\"gem-slider-item-overlay\">\n\t\t<div class=\"gem-compact-item-content\">\n\t\t\t\t\t\t\t<div class=\"post-title\">\n\t\t\t\t\t<h5 class=\"entry-title reverse-link-color\"><span class=\"entry-title-date\"><\/span><span class=\"light\">Del Valle Piedra Roja, el restaurante sabroso,  junto al mar, y con la identidad de Colcura<\/span><\/h5>\t\t\t\t<\/div>\n\t\t\t\n\t\t\t\t\t\t\t<div class=\"post-text date-color\">\n\t\t\t\t\t<div class=\"summary\">\n\t\t\t\t\t\t\t\t\t\t\t\t\t<p>Ubicado en la comuna de Lota, se emplaza la localidad balnearia de Colcura, que tambi\u00e9n es paso para adentrarse en la provincia de Arauco.<\/p>\n\t\t\t\t\t\t\t\t\t\t\t<\/div>\n\t\t\t\t<\/div>\n\t\t\t\n\t\t<\/div>\n\t\t<div class=\"post-meta date-color\">\n\t\t\t<div class=\"entry-meta clearfix gem-post-date\">\n\t\t\t\t<div class=\"post-meta-right\">\n\t\t\t\t\t\t\t\t\t\t\n\t\t\t\t\t\n\t\t\t\t<\/div>\n\t\t\t\t<div class=\"post-meta-left\">\n\t\t\t\t\t\t\t\t\t\t\t<span class=\"post-meta-author\">\n\t\t\t\t\t\t\t\t\t\tPor <a href=\"https:\/\/elfuerte.cl\/web\" title=\"Visitar el sitio de Prensa El Fuerte\" rel=\"author external\">Prensa El Fuerte<\/a>\t\t\t\t\t\t\t\t\t<\/span>\n\t\t\t\t\t\t\t\t\t<\/div>\n\t\t\t<\/div><!-- .entry-meta -->\n\t\t<\/div>\n\n\t\t\t\t\t<div class=\"gem-blog-slider-navigation\">\n\t\t\t\t<a href=\"#\" class=\"gem-blog-slider-prev gem-button gem-button-size-tiny\">\n\t\t\t\t\t<i aria-hidden=\"true\" class=\"gem-print-icon gem-icon-prev gem-elegant arrow-carrot-left\"><\/i>\t\t\t\t<\/a>\n\t\t\t\t<a href=\"#\" class=\"gem-blog-slider-next gem-button gem-button-size-tiny\">\n\t\t\t\t\t<i aria-hidden=\"true\" class=\"gem-print-icon gem-icon-prev gem-elegant arrow-carrot-right\"><\/i>\t\t\t\t<\/a>\n\t\t\t<\/div>\n\t\t\t<\/div>\n<\/article><!-- #post-5224 -->\n\n<article id=\"post-5207\" class=\"clearfix\">\n\n\t<a href=\"https:\/\/elfuerte.cl\/web\/2026\/03\/19\/rock-en-conce-recargado-el-rec-2026-ofrece-una-experiencia-total-con-una-parrilla-que-promete-ruido\/\" class=\"gem-slider-blog-link\"><\/a>\n\n\t<div class=\"gem-slider-item-image\" style=\"background: url('https:\/\/elfuerte.cl\/web\/wp-content\/uploads\/2026\/03\/portada-2026-03-19T123452.621.jpg') no-repeat 50% 50% \/ cover;\">\n\t\t<img src=\"https:\/\/elfuerte.cl\/web\/wp-content\/uploads\/2026\/03\/portada-2026-03-19T123452.621.jpg\"  style=\"visibility: hidden;\">\n\t<\/div>\n\n\t<div class=\"gem-slider-item-overlay\">\n\t\t<div class=\"gem-compact-item-content\">\n\t\t\t\t\t\t\t<div class=\"post-title\">\n\t\t\t\t\t<h5 class=\"entry-title reverse-link-color\"><span class=\"entry-title-date\"><\/span><span class=\"light\">Rock en Conce recargado: el REC 2026 ofrece una experiencia total con una parrilla que promete ruido<\/span><\/h5>\t\t\t\t<\/div>\n\t\t\t\n\t\t\t\t\t\t\t<div class=\"post-text date-color\">\n\t\t\t\t\t<div class=\"summary\">\n\t\t\t\t\t\t\t\t\t\t\t\t\t<p>El festival gratuito m\u00e1s masivo del pa\u00eds prepara su nueva edici\u00f3n en Concepci\u00f3n con cambios en su log\u00edstica, mejoras en la experiencia sonora y una programaci\u00f3n que mezcla \u00edconos del rock, pop y escena urbana.<\/p>\n\t\t\t\t\t\t\t\t\t\t\t<\/div>\n\t\t\t\t<\/div>\n\t\t\t\n\t\t<\/div>\n\t\t<div class=\"post-meta date-color\">\n\t\t\t<div class=\"entry-meta clearfix gem-post-date\">\n\t\t\t\t<div class=\"post-meta-right\">\n\t\t\t\t\t\t\t\t\t\t\n\t\t\t\t\t\n\t\t\t\t<\/div>\n\t\t\t\t<div class=\"post-meta-left\">\n\t\t\t\t\t\t\t\t\t\t\t<span class=\"post-meta-author\">\n\t\t\t\t\t\t\t\t\t\tPor <a href=\"https:\/\/elfuerte.cl\/web\" title=\"Visitar el sitio de Prensa El Fuerte\" rel=\"author external\">Prensa El Fuerte<\/a>\t\t\t\t\t\t\t\t\t<\/span>\n\t\t\t\t\t\t\t\t\t<\/div>\n\t\t\t<\/div><!-- .entry-meta -->\n\t\t<\/div>\n\n\t\t\t\t\t<div class=\"gem-blog-slider-navigation\">\n\t\t\t\t<a href=\"#\" class=\"gem-blog-slider-prev gem-button gem-button-size-tiny\">\n\t\t\t\t\t<i aria-hidden=\"true\" class=\"gem-print-icon gem-icon-prev gem-elegant arrow-carrot-left\"><\/i>\t\t\t\t<\/a>\n\t\t\t\t<a href=\"#\" class=\"gem-blog-slider-next gem-button gem-button-size-tiny\">\n\t\t\t\t\t<i aria-hidden=\"true\" class=\"gem-print-icon gem-icon-prev gem-elegant arrow-carrot-right\"><\/i>\t\t\t\t<\/a>\n\t\t\t<\/div>\n\t\t\t<\/div>\n<\/article><!-- #post-5207 -->\n\n<article id=\"post-5200\" class=\"clearfix\">\n\n\t<a href=\"https:\/\/elfuerte.cl\/web\/2026\/03\/19\/mountain-bike-se-toma-el-parque-pumalal-con-nueva-fecha-de-cross-country-olimpico-en-temuco\/\" class=\"gem-slider-blog-link\"><\/a>\n\n\t<div class=\"gem-slider-item-image\" style=\"background: url('https:\/\/elfuerte.cl\/web\/wp-content\/uploads\/2026\/03\/portada-2026-03-19T115748.083.jpg') no-repeat 50% 50% \/ cover;\">\n\t\t<img src=\"https:\/\/elfuerte.cl\/web\/wp-content\/uploads\/2026\/03\/portada-2026-03-19T115748.083.jpg\"  style=\"visibility: hidden;\">\n\t<\/div>\n\n\t<div class=\"gem-slider-item-overlay\">\n\t\t<div class=\"gem-compact-item-content\">\n\t\t\t\t\t\t\t<div class=\"post-title\">\n\t\t\t\t\t<h5 class=\"entry-title reverse-link-color\"><span class=\"entry-title-date\"><\/span><span class=\"light\">Mountain bike se toma el Parque Pumalal con nueva fecha de Cross Country Ol\u00edmpico en Temuco<\/span><\/h5>\t\t\t\t<\/div>\n\t\t\t\n\t\t\t\t\t\t\t<div class=\"post-text date-color\">\n\t\t\t\t\t<div class=\"summary\">\n\t\t\t\t\t\t\t\t\t\t\t\t\t<p>Competencia organizada por PlusSport Team reunir\u00e1 a riders de distintas edades en un circuito t\u00e9cnico en plena naturaleza este 22 de marzo, en la capital de la Regi\u00f3n de La Araucan\u00eda.<\/p>\n\t\t\t\t\t\t\t\t\t\t\t<\/div>\n\t\t\t\t<\/div>\n\t\t\t\n\t\t<\/div>\n\t\t<div class=\"post-meta date-color\">\n\t\t\t<div class=\"entry-meta clearfix gem-post-date\">\n\t\t\t\t<div class=\"post-meta-right\">\n\t\t\t\t\t\t\t\t\t\t\n\t\t\t\t\t\n\t\t\t\t<\/div>\n\t\t\t\t<div class=\"post-meta-left\">\n\t\t\t\t\t\t\t\t\t\t\t<span class=\"post-meta-author\">\n\t\t\t\t\t\t\t\t\t\tPor <a href=\"https:\/\/elfuerte.cl\/web\" title=\"Visitar el sitio de Prensa El Fuerte\" rel=\"author external\">Prensa El Fuerte<\/a>\t\t\t\t\t\t\t\t\t<\/span>\n\t\t\t\t\t\t\t\t\t<\/div>\n\t\t\t<\/div><!-- .entry-meta -->\n\t\t<\/div>\n\n\t\t\t\t\t<div class=\"gem-blog-slider-navigation\">\n\t\t\t\t<a href=\"#\" class=\"gem-blog-slider-prev gem-button gem-button-size-tiny\">\n\t\t\t\t\t<i aria-hidden=\"true\" class=\"gem-print-icon gem-icon-prev gem-elegant arrow-carrot-left\"><\/i>\t\t\t\t<\/a>\n\t\t\t\t<a href=\"#\" class=\"gem-blog-slider-next gem-button gem-button-size-tiny\">\n\t\t\t\t\t<i aria-hidden=\"true\" class=\"gem-print-icon gem-icon-prev gem-elegant arrow-carrot-right\"><\/i>\t\t\t\t<\/a>\n\t\t\t<\/div>\n\t\t\t<\/div>\n<\/article><!-- #post-5200 -->\n\n<article id=\"post-5193\" class=\"clearfix\">\n\n\t<a href=\"https:\/\/elfuerte.cl\/web\/2026\/03\/19\/reciclaje-domiciliario-avanza-en-los-lagos-con-sistema-que-beneficiara-a-mas-de-87-mil-hogares\/\" class=\"gem-slider-blog-link\"><\/a>\n\n\t<div class=\"gem-slider-item-image\" style=\"background: url('https:\/\/elfuerte.cl\/web\/wp-content\/uploads\/2026\/03\/portada-2026-03-19T113427.562.jpg') no-repeat 50% 50% \/ cover;\">\n\t\t<img src=\"https:\/\/elfuerte.cl\/web\/wp-content\/uploads\/2026\/03\/portada-2026-03-19T113427.562.jpg\"  style=\"visibility: hidden;\">\n\t<\/div>\n\n\t<div class=\"gem-slider-item-overlay\">\n\t\t<div class=\"gem-compact-item-content\">\n\t\t\t\t\t\t\t<div class=\"post-title\">\n\t\t\t\t\t<h5 class=\"entry-title reverse-link-color\"><span class=\"entry-title-date\"><\/span><span class=\"light\">Reciclaje domiciliario avanza en Los Lagos con sistema que beneficiar\u00e1 a m\u00e1s de 87 mil hogares<\/span><\/h5>\t\t\t\t<\/div>\n\t\t\t\n\t\t\t\t\t\t\t<div class=\"post-text date-color\">\n\t\t\t\t\t<div class=\"summary\">\n\t\t\t\t\t\t\t\t\t\t\t\t\t<p>Puerto Montt y Puerto Varas implementan modelo de recolecci\u00f3n que busca fortalecer h\u00e1bitos ambientales y avanzar hacia una econom\u00eda circular en la zona sur, marcando la pauta de lo que podr\u00eda ser una buena pr\u00e1ctica replicable en otras regiones.<\/p>\n\t\t\t\t\t\t\t\t\t\t\t<\/div>\n\t\t\t\t<\/div>\n\t\t\t\n\t\t<\/div>\n\t\t<div class=\"post-meta date-color\">\n\t\t\t<div class=\"entry-meta clearfix gem-post-date\">\n\t\t\t\t<div class=\"post-meta-right\">\n\t\t\t\t\t\t\t\t\t\t\n\t\t\t\t\t\n\t\t\t\t<\/div>\n\t\t\t\t<div class=\"post-meta-left\">\n\t\t\t\t\t\t\t\t\t\t\t<span class=\"post-meta-author\">\n\t\t\t\t\t\t\t\t\t\tPor <a href=\"https:\/\/elfuerte.cl\/web\" title=\"Visitar el sitio de Prensa El Fuerte\" rel=\"author external\">Prensa El Fuerte<\/a>\t\t\t\t\t\t\t\t\t<\/span>\n\t\t\t\t\t\t\t\t\t<\/div>\n\t\t\t<\/div><!-- .entry-meta -->\n\t\t<\/div>\n\n\t\t\t\t\t<div class=\"gem-blog-slider-navigation\">\n\t\t\t\t<a href=\"#\" class=\"gem-blog-slider-prev gem-button gem-button-size-tiny\">\n\t\t\t\t\t<i aria-hidden=\"true\" class=\"gem-print-icon gem-icon-prev gem-elegant arrow-carrot-left\"><\/i>\t\t\t\t<\/a>\n\t\t\t\t<a href=\"#\" class=\"gem-blog-slider-next gem-button gem-button-size-tiny\">\n\t\t\t\t\t<i aria-hidden=\"true\" class=\"gem-print-icon gem-icon-prev gem-elegant arrow-carrot-right\"><\/i>\t\t\t\t<\/a>\n\t\t\t<\/div>\n\t\t\t<\/div>\n<\/article><!-- #post-5193 -->\n\n<article id=\"post-5181\" class=\"clearfix\">\n\n\t<a href=\"https:\/\/elfuerte.cl\/web\/2026\/03\/19\/camaras-de-comercio-de-los-rios-fortalecen-su-presencia-digital-con-ocho-nuevas-plataformas-web\/\" class=\"gem-slider-blog-link\"><\/a>\n\n\t<div class=\"gem-slider-item-image\" style=\"background: url('https:\/\/elfuerte.cl\/web\/wp-content\/uploads\/2026\/03\/portada-2026-03-19T105853.866.jpg') no-repeat 50% 50% \/ cover;\">\n\t\t<img src=\"https:\/\/elfuerte.cl\/web\/wp-content\/uploads\/2026\/03\/portada-2026-03-19T105853.866.jpg\"  style=\"visibility: hidden;\">\n\t<\/div>\n\n\t<div class=\"gem-slider-item-overlay\">\n\t\t<div class=\"gem-compact-item-content\">\n\t\t\t\t\t\t\t<div class=\"post-title\">\n\t\t\t\t\t<h5 class=\"entry-title reverse-link-color\"><span class=\"entry-title-date\"><\/span><span class=\"light\">C\u00e1maras de Comercio de Los R\u00edos fortalecen su presencia digital con ocho nuevas plataformas web<\/span><\/h5>\t\t\t\t<\/div>\n\t\t\t\n\t\t\t\t\t\t\t<div class=\"post-text date-color\">\n\t\t\t\t\t<div class=\"summary\">\n\t\t\t\t\t\t\t\t\t\t\t\t\t<p>Proyecto, ejecutado por la Oficina de Marketing de El Fuerte Noticias, permiti\u00f3 implementar un sitio para la federaci\u00f3n y siete para c\u00e1maras territoriales, adem\u00e1s de capacitar a dirigentes en comunicaci\u00f3n estrat\u00e9gica, marketing digital y administraci\u00f3n de contenidos web.<\/p>\n\t\t\t\t\t\t\t\t\t\t\t<\/div>\n\t\t\t\t<\/div>\n\t\t\t\n\t\t<\/div>\n\t\t<div class=\"post-meta date-color\">\n\t\t\t<div class=\"entry-meta clearfix gem-post-date\">\n\t\t\t\t<div class=\"post-meta-right\">\n\t\t\t\t\t\t\t\t\t\t\n\t\t\t\t\t\n\t\t\t\t<\/div>\n\t\t\t\t<div class=\"post-meta-left\">\n\t\t\t\t\t\t\t\t\t\t\t<span class=\"post-meta-author\">\n\t\t\t\t\t\t\t\t\t\tPor <a href=\"https:\/\/elfuerte.cl\/web\" title=\"Visitar el sitio de Prensa El Fuerte\" rel=\"author external\">Prensa El Fuerte<\/a>\t\t\t\t\t\t\t\t\t<\/span>\n\t\t\t\t\t\t\t\t\t<\/div>\n\t\t\t<\/div><!-- .entry-meta -->\n\t\t<\/div>\n\n\t\t\t\t\t<div class=\"gem-blog-slider-navigation\">\n\t\t\t\t<a href=\"#\" class=\"gem-blog-slider-prev gem-button gem-button-size-tiny\">\n\t\t\t\t\t<i aria-hidden=\"true\" class=\"gem-print-icon gem-icon-prev gem-elegant arrow-carrot-left\"><\/i>\t\t\t\t<\/a>\n\t\t\t\t<a href=\"#\" class=\"gem-blog-slider-next gem-button gem-button-size-tiny\">\n\t\t\t\t\t<i aria-hidden=\"true\" class=\"gem-print-icon gem-icon-prev gem-elegant arrow-carrot-right\"><\/i>\t\t\t\t<\/a>\n\t\t\t<\/div>\n\t\t\t<\/div>\n<\/article><!-- #post-5181 -->\n\n<article id=\"post-5173\" class=\"clearfix\">\n\n\t<a href=\"https:\/\/elfuerte.cl\/web\/2026\/03\/19\/academico-italiano-analiza-capitalismo-global-y-logistica-portuaria-en-seminario-de-la-uach\/\" class=\"gem-slider-blog-link\"><\/a>\n\n\t<div class=\"gem-slider-item-image\" style=\"background: url('https:\/\/elfuerte.cl\/web\/wp-content\/uploads\/2026\/03\/portada-2026-03-19T103143.183.jpg') no-repeat 50% 50% \/ cover;\">\n\t\t<img src=\"https:\/\/elfuerte.cl\/web\/wp-content\/uploads\/2026\/03\/portada-2026-03-19T103143.183.jpg\"  style=\"visibility: hidden;\">\n\t<\/div>\n\n\t<div class=\"gem-slider-item-overlay\">\n\t\t<div class=\"gem-compact-item-content\">\n\t\t\t\t\t\t\t<div class=\"post-title\">\n\t\t\t\t\t<h5 class=\"entry-title reverse-link-color\"><span class=\"entry-title-date\"><\/span><span class=\"light\">Acad\u00e9mico italiano analiza capitalismo global y log\u00edstica portuaria en seminario de la UACh<\/span><\/h5>\t\t\t\t<\/div>\n\t\t\t\n\t\t\t\t\t\t\t<div class=\"post-text date-color\">\n\t\t\t\t\t<div class=\"summary\">\n\t\t\t\t\t\t\t\t\t\t\t\t\t<p>Actividad relev\u00f3 el rol del Doctorado en Pol\u00edticas P\u00fablicas y Desarrollo Territorial y posiciona a la Universidad Austral de Chile como un espacio clave de reflexi\u00f3n con impacto regional y global.<\/p>\n\t\t\t\t\t\t\t\t\t\t\t<\/div>\n\t\t\t\t<\/div>\n\t\t\t\n\t\t<\/div>\n\t\t<div class=\"post-meta date-color\">\n\t\t\t<div class=\"entry-meta clearfix gem-post-date\">\n\t\t\t\t<div class=\"post-meta-right\">\n\t\t\t\t\t\t\t\t\t\t\n\t\t\t\t\t\n\t\t\t\t<\/div>\n\t\t\t\t<div class=\"post-meta-left\">\n\t\t\t\t\t\t\t\t\t\t\t<span class=\"post-meta-author\">\n\t\t\t\t\t\t\t\t\t\tPor <a href=\"https:\/\/elfuerte.cl\/web\" title=\"Visitar el sitio de Prensa El Fuerte\" rel=\"author external\">Prensa El Fuerte<\/a>\t\t\t\t\t\t\t\t\t<\/span>\n\t\t\t\t\t\t\t\t\t<\/div>\n\t\t\t<\/div><!-- .entry-meta -->\n\t\t<\/div>\n\n\t\t\t\t\t<div class=\"gem-blog-slider-navigation\">\n\t\t\t\t<a href=\"#\" class=\"gem-blog-slider-prev gem-button gem-button-size-tiny\">\n\t\t\t\t\t<i aria-hidden=\"true\" class=\"gem-print-icon gem-icon-prev gem-elegant arrow-carrot-left\"><\/i>\t\t\t\t<\/a>\n\t\t\t\t<a href=\"#\" class=\"gem-blog-slider-next gem-button gem-button-size-tiny\">\n\t\t\t\t\t<i aria-hidden=\"true\" class=\"gem-print-icon gem-icon-prev gem-elegant arrow-carrot-right\"><\/i>\t\t\t\t<\/a>\n\t\t\t<\/div>\n\t\t\t<\/div>\n<\/article><!-- #post-5173 -->\n\n<article id=\"post-5164\" class=\"clearfix\">\n\n\t<a href=\"https:\/\/elfuerte.cl\/web\/2026\/03\/18\/tercera-fiesta-de-la-sidra-de-valdivia-da-salto-internacional-con-primera-copa-de-cata-a-ciegas\/\" class=\"gem-slider-blog-link\"><\/a>\n\n\t<div class=\"gem-slider-item-image\" style=\"background: url('https:\/\/elfuerte.cl\/web\/wp-content\/uploads\/2026\/03\/portada-.jpg') no-repeat 50% 50% \/ cover;\">\n\t\t<img src=\"https:\/\/elfuerte.cl\/web\/wp-content\/uploads\/2026\/03\/portada-.jpg\"  style=\"visibility: hidden;\">\n\t<\/div>\n\n\t<div class=\"gem-slider-item-overlay\">\n\t\t<div class=\"gem-compact-item-content\">\n\t\t\t\t\t\t\t<div class=\"post-title\">\n\t\t\t\t\t<h5 class=\"entry-title reverse-link-color\"><span class=\"entry-title-date\"><\/span><span class=\"light\">Tercera Fiesta de la Sidra de Valdivia da salto internacional con primera copa de cata a ciegas<\/span><\/h5>\t\t\t\t<\/div>\n\t\t\t\n\t\t\t\t\t\t\t<div class=\"post-text date-color\">\n\t\t\t\t\t<div class=\"summary\">\n\t\t\t\t\t\t\t\t\t\t\t\t\t<p>Evento que se realizar\u00e1 en abril en el Parque Saval consolida el crecimiento de una industria local basada en la manzana limona y el trabajo campesino en la regi\u00f3n de Los R\u00edos<\/p>\n\t\t\t\t\t\t\t\t\t\t\t<\/div>\n\t\t\t\t<\/div>\n\t\t\t\n\t\t<\/div>\n\t\t<div class=\"post-meta date-color\">\n\t\t\t<div class=\"entry-meta clearfix gem-post-date\">\n\t\t\t\t<div class=\"post-meta-right\">\n\t\t\t\t\t\t\t\t\t\t\n\t\t\t\t\t\n\t\t\t\t<\/div>\n\t\t\t\t<div class=\"post-meta-left\">\n\t\t\t\t\t\t\t\t\t\t\t<span class=\"post-meta-author\">\n\t\t\t\t\t\t\t\t\t\tPor <a href=\"https:\/\/elfuerte.cl\/web\" title=\"Visitar el sitio de Prensa El Fuerte\" rel=\"author external\">Prensa El Fuerte<\/a>\t\t\t\t\t\t\t\t\t<\/span>\n\t\t\t\t\t\t\t\t\t<\/div>\n\t\t\t<\/div><!-- .entry-meta -->\n\t\t<\/div>\n\n\t\t\t\t\t<div class=\"gem-blog-slider-navigation\">\n\t\t\t\t<a href=\"#\" class=\"gem-blog-slider-prev gem-button gem-button-size-tiny\">\n\t\t\t\t\t<i aria-hidden=\"true\" class=\"gem-print-icon gem-icon-prev gem-elegant arrow-carrot-left\"><\/i>\t\t\t\t<\/a>\n\t\t\t\t<a href=\"#\" class=\"gem-blog-slider-next gem-button gem-button-size-tiny\">\n\t\t\t\t\t<i aria-hidden=\"true\" class=\"gem-print-icon gem-icon-prev gem-elegant arrow-carrot-right\"><\/i>\t\t\t\t<\/a>\n\t\t\t<\/div>\n\t\t\t<\/div>\n<\/article><!-- #post-5164 -->\n\n<article id=\"post-5149\" class=\"clearfix\">\n\n\t<a href=\"https:\/\/elfuerte.cl\/web\/2026\/03\/18\/engine-park-biobio-2026-reune-a-mas-de-10-mil-personas-y-fortalece-su-proyeccion-internacional\/\" class=\"gem-slider-blog-link\"><\/a>\n\n\t<div class=\"gem-slider-item-image\" style=\"background: url('https:\/\/elfuerte.cl\/web\/wp-content\/uploads\/2026\/03\/6.jpeg') no-repeat 50% 50% \/ cover;\">\n\t\t<img src=\"https:\/\/elfuerte.cl\/web\/wp-content\/uploads\/2026\/03\/6.jpeg\"  style=\"visibility: hidden;\">\n\t<\/div>\n\n\t<div class=\"gem-slider-item-overlay\">\n\t\t<div class=\"gem-compact-item-content\">\n\t\t\t\t\t\t\t<div class=\"post-title\">\n\t\t\t\t\t<h5 class=\"entry-title reverse-link-color\"><span class=\"entry-title-date\"><\/span><span class=\"light\">Engine Park Biob\u00edo 2026 re\u00fane a m\u00e1s de 10 mil personas y fortalece su proyecci\u00f3n internacional<\/span><\/h5>\t\t\t\t<\/div>\n\t\t\t\n\t\t\t\t\t\t\t<div class=\"post-text date-color\">\n\t\t\t\t\t<div class=\"summary\">\n\t\t\t\t\t\t\t\t\t\t\t\t\t<p>Evento realizado en Suractivo combin\u00f3 deporte motor, formaci\u00f3n t\u00e9cnica y vinculaci\u00f3n con mercados como China, consolid\u00e1ndose como uno de los principales encuentros automotrices del sur de Chile.<\/p>\n\t\t\t\t\t\t\t\t\t\t\t<\/div>\n\t\t\t\t<\/div>\n\t\t\t\n\t\t<\/div>\n\t\t<div class=\"post-meta date-color\">\n\t\t\t<div class=\"entry-meta clearfix gem-post-date\">\n\t\t\t\t<div class=\"post-meta-right\">\n\t\t\t\t\t\t\t\t\t\t\n\t\t\t\t\t\n\t\t\t\t<\/div>\n\t\t\t\t<div class=\"post-meta-left\">\n\t\t\t\t\t\t\t\t\t\t\t<span class=\"post-meta-author\">\n\t\t\t\t\t\t\t\t\t\tPor <a href=\"https:\/\/elfuerte.cl\/web\" title=\"Visitar el sitio de Prensa El Fuerte\" rel=\"author external\">Prensa El Fuerte<\/a>\t\t\t\t\t\t\t\t\t<\/span>\n\t\t\t\t\t\t\t\t\t<\/div>\n\t\t\t<\/div><!-- .entry-meta -->\n\t\t<\/div>\n\n\t\t\t\t\t<div class=\"gem-blog-slider-navigation\">\n\t\t\t\t<a href=\"#\" class=\"gem-blog-slider-prev gem-button gem-button-size-tiny\">\n\t\t\t\t\t<i aria-hidden=\"true\" class=\"gem-print-icon gem-icon-prev gem-elegant arrow-carrot-left\"><\/i>\t\t\t\t<\/a>\n\t\t\t\t<a href=\"#\" class=\"gem-blog-slider-next gem-button gem-button-size-tiny\">\n\t\t\t\t\t<i aria-hidden=\"true\" class=\"gem-print-icon gem-icon-prev gem-elegant arrow-carrot-right\"><\/i>\t\t\t\t<\/a>\n\t\t\t<\/div>\n\t\t\t<\/div>\n<\/article><!-- #post-5149 -->\n\n<article id=\"post-5138\" class=\"clearfix\">\n\n\t<a href=\"https:\/\/elfuerte.cl\/web\/2026\/03\/18\/la-alfombra-de-la-indiferencia-la-poca-empatia-en-la-noche-valdiviana-2\/\" class=\"gem-slider-blog-link\"><\/a>\n\n\t<div class=\"gem-slider-item-image\" style=\"background: url('https:\/\/elfuerte.cl\/web\/wp-content\/uploads\/2026\/03\/portada-98-1.jpg') no-repeat 50% 50% \/ cover;\">\n\t\t<img src=\"https:\/\/elfuerte.cl\/web\/wp-content\/uploads\/2026\/03\/portada-98-1.jpg\"  style=\"visibility: hidden;\">\n\t<\/div>\n\n\t<div class=\"gem-slider-item-overlay\">\n\t\t<div class=\"gem-compact-item-content\">\n\t\t\t\t\t\t\t<div class=\"post-title\">\n\t\t\t\t\t<h5 class=\"entry-title reverse-link-color\"><span class=\"entry-title-date\"><\/span><span class=\"light\">La alfombra de la indiferencia: la poca empat\u00eda en la Noche Valdiviana<\/span><\/h5>\t\t\t\t<\/div>\n\t\t\t\n\t\t\t\t\t\t\t<div class=\"post-text date-color\">\n\t\t\t\t\t<div class=\"summary\">\n\t\t\t\t\t\t\t\t\t\t\t\t\t<p>Son las 3 AM. El eco de los fuegos artificiales se ha extinguido y la postal es post-apocal\u00edptica: toneladas de basura forman una alfombra infinita que cubre toda la Costanera e, incluso, los juncos del r\u00edo, Miles de personas se fueron a dormir sin recoger su basura mostrando con esto cero conciencia por la ciudad que est\u00e1n visitando.<\/p>\n\t\t\t\t\t\t\t\t\t\t\t<\/div>\n\t\t\t\t<\/div>\n\t\t\t\n\t\t<\/div>\n\t\t<div class=\"post-meta date-color\">\n\t\t\t<div class=\"entry-meta clearfix gem-post-date\">\n\t\t\t\t<div class=\"post-meta-right\">\n\t\t\t\t\t\t\t\t\t\t\n\t\t\t\t\t\n\t\t\t\t<\/div>\n\t\t\t\t<div class=\"post-meta-left\">\n\t\t\t\t\t\t\t\t\t\t\t<span class=\"post-meta-author\">\n\t\t\t\t\t\t\t\t\t\tPor <a href=\"https:\/\/elfuerte.cl\/web\" title=\"Visitar el sitio de Prensa El Fuerte\" rel=\"author external\">Prensa El Fuerte<\/a>\t\t\t\t\t\t\t\t\t<\/span>\n\t\t\t\t\t\t\t\t\t<\/div>\n\t\t\t<\/div><!-- .entry-meta -->\n\t\t<\/div>\n\n\t\t\t\t\t<div class=\"gem-blog-slider-navigation\">\n\t\t\t\t<a href=\"#\" class=\"gem-blog-slider-prev gem-button gem-button-size-tiny\">\n\t\t\t\t\t<i aria-hidden=\"true\" class=\"gem-print-icon gem-icon-prev gem-elegant arrow-carrot-left\"><\/i>\t\t\t\t<\/a>\n\t\t\t\t<a href=\"#\" class=\"gem-blog-slider-next gem-button gem-button-size-tiny\">\n\t\t\t\t\t<i aria-hidden=\"true\" class=\"gem-print-icon gem-icon-prev gem-elegant arrow-carrot-right\"><\/i>\t\t\t\t<\/a>\n\t\t\t<\/div>\n\t\t\t<\/div>\n<\/article><!-- #post-5138 -->\n\n<article id=\"post-5126\" class=\"clearfix\">\n\n\t<a href=\"https:\/\/elfuerte.cl\/web\/2026\/03\/17\/gore-araucania-aprueba-inversion-de-mas-de-2-mil-millones-para-fortalecer-empresas-lideradas-por-mujeres\/\" class=\"gem-slider-blog-link\"><\/a>\n\n\t<div class=\"gem-slider-item-image\" style=\"background: url('https:\/\/elfuerte.cl\/web\/wp-content\/uploads\/2026\/03\/portada-1.jpg') no-repeat 50% 50% \/ cover;\">\n\t\t<img src=\"https:\/\/elfuerte.cl\/web\/wp-content\/uploads\/2026\/03\/portada-1.jpg\"  style=\"visibility: hidden;\">\n\t<\/div>\n\n\t<div class=\"gem-slider-item-overlay\">\n\t\t<div class=\"gem-compact-item-content\">\n\t\t\t\t\t\t\t<div class=\"post-title\">\n\t\t\t\t\t<h5 class=\"entry-title reverse-link-color\"><span class=\"entry-title-date\"><\/span><span class=\"light\">Gore Araucan\u00eda aprueba inversi\u00f3n de m\u00e1s de $2 mil millones para fortalecer empresas lideradas por mujeres<\/span><\/h5>\t\t\t\t<\/div>\n\t\t\t\n\t\t\t\t\t\t\t<div class=\"post-text date-color\">\n\t\t\t\t\t<div class=\"summary\">\n\t\t\t\t\t\t\t\t\t\t\t\t\t<p>Programa ser\u00e1 ejecutado por Corfo y beneficiar\u00e1 a m\u00e1s de mil emprendedoras en 32 comunas. La iniciativa busca reducir brechas de g\u00e9nero en el acceso a financiamiento, redes y formaci\u00f3n empresarial. El foco estar\u00e1 en fortalecer la competitividad y aumentar la participaci\u00f3n femenina en sectores estrat\u00e9gicos.<\/p>\n\t\t\t\t\t\t\t\t\t\t\t<\/div>\n\t\t\t\t<\/div>\n\t\t\t\n\t\t<\/div>\n\t\t<div class=\"post-meta date-color\">\n\t\t\t<div class=\"entry-meta clearfix gem-post-date\">\n\t\t\t\t<div class=\"post-meta-right\">\n\t\t\t\t\t\t\t\t\t\t\n\t\t\t\t\t\n\t\t\t\t<\/div>\n\t\t\t\t<div class=\"post-meta-left\">\n\t\t\t\t\t\t\t\t\t\t\t<span class=\"post-meta-author\">\n\t\t\t\t\t\t\t\t\t\tPor <a href=\"https:\/\/elfuerte.cl\/web\" title=\"Visitar el sitio de Prensa El Fuerte\" rel=\"author external\">Prensa El Fuerte<\/a>\t\t\t\t\t\t\t\t\t<\/span>\n\t\t\t\t\t\t\t\t\t<\/div>\n\t\t\t<\/div><!-- .entry-meta -->\n\t\t<\/div>\n\n\t\t\t\t\t<div class=\"gem-blog-slider-navigation\">\n\t\t\t\t<a href=\"#\" class=\"gem-blog-slider-prev gem-button gem-button-size-tiny\">\n\t\t\t\t\t<i aria-hidden=\"true\" class=\"gem-print-icon gem-icon-prev gem-elegant arrow-carrot-left\"><\/i>\t\t\t\t<\/a>\n\t\t\t\t<a href=\"#\" class=\"gem-blog-slider-next gem-button gem-button-size-tiny\">\n\t\t\t\t\t<i aria-hidden=\"true\" class=\"gem-print-icon gem-icon-prev gem-elegant arrow-carrot-right\"><\/i>\t\t\t\t<\/a>\n\t\t\t<\/div>\n\t\t\t<\/div>\n<\/article><!-- #post-5126 -->\n\n<article id=\"post-5116\" class=\"clearfix\">\n\n\t<a href=\"https:\/\/elfuerte.cl\/web\/2026\/03\/17\/ministro-de-vivienda-encabezo-agenda-en-biobio-con-foco-en-reconstruccion-tras-incendios\/\" class=\"gem-slider-blog-link\"><\/a>\n\n\t<div class=\"gem-slider-item-image\" style=\"background: url('https:\/\/elfuerte.cl\/web\/wp-content\/uploads\/2026\/03\/Cone-6.jpg') no-repeat 50% 50% \/ cover;\">\n\t\t<img src=\"https:\/\/elfuerte.cl\/web\/wp-content\/uploads\/2026\/03\/Cone-6.jpg\"  style=\"visibility: hidden;\">\n\t<\/div>\n\n\t<div class=\"gem-slider-item-overlay\">\n\t\t<div class=\"gem-compact-item-content\">\n\t\t\t\t\t\t\t<div class=\"post-title\">\n\t\t\t\t\t<h5 class=\"entry-title reverse-link-color\"><span class=\"entry-title-date\"><\/span><span class=\"light\">Ministro de Vivienda encabez\u00f3 agenda en Biob\u00edo con foco en reconstrucci\u00f3n tras incendios<\/span><\/h5>\t\t\t\t<\/div>\n\t\t\t\n\t\t\t\t\t\t\t<div class=\"post-text date-color\">\n\t\t\t\t\t<div class=\"summary\">\n\t\t\t\t\t\t\t\t\t\t\t\t\t<p>Autoridad lider\u00f3 conformaci\u00f3n de consejo asesor regional y sostuvo encuentro con vecinos afectados en Lirqu\u00e9n, en su primer visita a la regi\u00f3n, donde present\u00f3 los lineamientos iniciales del plan habitacional para la localidad.<\/p>\n\t\t\t\t\t\t\t\t\t\t\t<\/div>\n\t\t\t\t<\/div>\n\t\t\t\n\t\t<\/div>\n\t\t<div class=\"post-meta date-color\">\n\t\t\t<div class=\"entry-meta clearfix gem-post-date\">\n\t\t\t\t<div class=\"post-meta-right\">\n\t\t\t\t\t\t\t\t\t\t\n\t\t\t\t\t\n\t\t\t\t<\/div>\n\t\t\t\t<div class=\"post-meta-left\">\n\t\t\t\t\t\t\t\t\t\t\t<span class=\"post-meta-author\">\n\t\t\t\t\t\t\t\t\t\tPor <a href=\"https:\/\/elfuerte.cl\/web\" title=\"Visitar el sitio de Prensa El Fuerte\" rel=\"author external\">Prensa El Fuerte<\/a>\t\t\t\t\t\t\t\t\t<\/span>\n\t\t\t\t\t\t\t\t\t<\/div>\n\t\t\t<\/div><!-- .entry-meta -->\n\t\t<\/div>\n\n\t\t\t\t\t<div class=\"gem-blog-slider-navigation\">\n\t\t\t\t<a href=\"#\" class=\"gem-blog-slider-prev gem-button gem-button-size-tiny\">\n\t\t\t\t\t<i aria-hidden=\"true\" class=\"gem-print-icon gem-icon-prev gem-elegant arrow-carrot-left\"><\/i>\t\t\t\t<\/a>\n\t\t\t\t<a href=\"#\" class=\"gem-blog-slider-next gem-button gem-button-size-tiny\">\n\t\t\t\t\t<i aria-hidden=\"true\" class=\"gem-print-icon gem-icon-prev gem-elegant arrow-carrot-right\"><\/i>\t\t\t\t<\/a>\n\t\t\t<\/div>\n\t\t\t<\/div>\n<\/article><!-- #post-5116 -->\n\n<article id=\"post-5107\" class=\"clearfix\">\n\n\t<a href=\"https:\/\/elfuerte.cl\/web\/2026\/03\/17\/ucsc-participa-en-estudio-internacional-que-detecta-brechas-en-formacion-docente-en-educacion-fisica-2\/\" class=\"gem-slider-blog-link\"><\/a>\n\n\t<div class=\"gem-slider-item-image\" style=\"background: url('https:\/\/elfuerte.cl\/web\/wp-content\/uploads\/2026\/03\/portada-95-1.jpg') no-repeat 50% 50% \/ cover;\">\n\t\t<img src=\"https:\/\/elfuerte.cl\/web\/wp-content\/uploads\/2026\/03\/portada-95-1.jpg\"  style=\"visibility: hidden;\">\n\t<\/div>\n\n\t<div class=\"gem-slider-item-overlay\">\n\t\t<div class=\"gem-compact-item-content\">\n\t\t\t\t\t\t\t<div class=\"post-title\">\n\t\t\t\t\t<h5 class=\"entry-title reverse-link-color\"><span class=\"entry-title-date\"><\/span><span class=\"light\">UCSC participa en estudio internacional que detecta brechas en formaci\u00f3n docente en Educaci\u00f3n F\u00edsica<\/span><\/h5>\t\t\t\t<\/div>\n\t\t\t\n\t\t\t\t\t\t\t<div class=\"post-text date-color\">\n\t\t\t\t\t<div class=\"summary\">\n\t\t\t\t\t\t\t\t\t\t\t\t\t<p>Informe del proyecto europeo PRO-PHY-EDU advierte debilidades en la preparaci\u00f3n pr\u00e1ctica, inclusi\u00f3n y competencias digitales de futuros docentes en Chile y Brasil. Investigador Dr Felipe Poblete expres\u00f3 que la investigaci\u00f3n identific\u00f3 diferencias relevantes entre ambos sistemas formativos.<\/p>\n\t\t\t\t\t\t\t\t\t\t\t<\/div>\n\t\t\t\t<\/div>\n\t\t\t\n\t\t<\/div>\n\t\t<div class=\"post-meta date-color\">\n\t\t\t<div class=\"entry-meta clearfix gem-post-date\">\n\t\t\t\t<div class=\"post-meta-right\">\n\t\t\t\t\t\t\t\t\t\t\n\t\t\t\t\t\n\t\t\t\t<\/div>\n\t\t\t\t<div class=\"post-meta-left\">\n\t\t\t\t\t\t\t\t\t\t\t<span class=\"post-meta-author\">\n\t\t\t\t\t\t\t\t\t\tPor <a href=\"https:\/\/elfuerte.cl\/web\" title=\"Visitar el sitio de Prensa El Fuerte\" rel=\"author external\">Prensa El Fuerte<\/a>\t\t\t\t\t\t\t\t\t<\/span>\n\t\t\t\t\t\t\t\t\t<\/div>\n\t\t\t<\/div><!-- .entry-meta -->\n\t\t<\/div>\n\n\t\t\t\t\t<div class=\"gem-blog-slider-navigation\">\n\t\t\t\t<a href=\"#\" class=\"gem-blog-slider-prev gem-button gem-button-size-tiny\">\n\t\t\t\t\t<i aria-hidden=\"true\" class=\"gem-print-icon gem-icon-prev gem-elegant arrow-carrot-left\"><\/i>\t\t\t\t<\/a>\n\t\t\t\t<a href=\"#\" class=\"gem-blog-slider-next gem-button gem-button-size-tiny\">\n\t\t\t\t\t<i aria-hidden=\"true\" class=\"gem-print-icon gem-icon-prev gem-elegant arrow-carrot-right\"><\/i>\t\t\t\t<\/a>\n\t\t\t<\/div>\n\t\t\t<\/div>\n<\/article><!-- #post-5107 -->\n\n<article id=\"post-5095\" class=\"clearfix\">\n\n\t<a href=\"https:\/\/elfuerte.cl\/web\/2026\/03\/16\/cambio-de-hora-vuelve-al-debate-autoridades-de-los-lagos-impulsan-horario-permanente-en-la-region\/\" class=\"gem-slider-blog-link\"><\/a>\n\n\t<div class=\"gem-slider-item-image\" style=\"background: url('https:\/\/elfuerte.cl\/web\/wp-content\/uploads\/2026\/03\/portada-94.jpg') no-repeat 50% 50% \/ cover;\">\n\t\t<img src=\"https:\/\/elfuerte.cl\/web\/wp-content\/uploads\/2026\/03\/portada-94.jpg\"  style=\"visibility: hidden;\">\n\t<\/div>\n\n\t<div class=\"gem-slider-item-overlay\">\n\t\t<div class=\"gem-compact-item-content\">\n\t\t\t\t\t\t\t<div class=\"post-title\">\n\t\t\t\t\t<h5 class=\"entry-title reverse-link-color\"><span class=\"entry-title-date\"><\/span><span class=\"light\">Cambio de hora vuelve al debate: autoridades de Los Lagos impulsan horario permanente en la regi\u00f3nde hora, pol\u00e9mica, Los Lagos, discusi\u00f3n<\/span><\/h5>\t\t\t\t<\/div>\n\t\t\t\n\t\t\t\t\t\t\t<div class=\"post-text date-color\">\n\t\t\t\t\t<div class=\"summary\">\n\t\t\t\t\t\t\t\t\t\t\t\t\t<p>A menos de un mes del pr\u00f3ximo cambio de hora en Chile, autoridades regionales y parlamentarias plantearon que la Regi\u00f3n de Los Lagos adopte un horario permanente durante todo el a\u00f1o, similar al sistema vigente en Ays\u00e9n y Magallanes.<\/p>\n\t\t\t\t\t\t\t\t\t\t\t<\/div>\n\t\t\t\t<\/div>\n\t\t\t\n\t\t<\/div>\n\t\t<div class=\"post-meta date-color\">\n\t\t\t<div class=\"entry-meta clearfix gem-post-date\">\n\t\t\t\t<div class=\"post-meta-right\">\n\t\t\t\t\t\t\t\t\t\t\n\t\t\t\t\t\n\t\t\t\t<\/div>\n\t\t\t\t<div class=\"post-meta-left\">\n\t\t\t\t\t\t\t\t\t\t\t<span class=\"post-meta-author\">\n\t\t\t\t\t\t\t\t\t\tPor <a href=\"https:\/\/elfuerte.cl\/web\" title=\"Visitar el sitio de Prensa El Fuerte\" rel=\"author external\">Prensa El Fuerte<\/a>\t\t\t\t\t\t\t\t\t<\/span>\n\t\t\t\t\t\t\t\t\t<\/div>\n\t\t\t<\/div><!-- .entry-meta -->\n\t\t<\/div>\n\n\t\t\t\t\t<div class=\"gem-blog-slider-navigation\">\n\t\t\t\t<a href=\"#\" class=\"gem-blog-slider-prev gem-button gem-button-size-tiny\">\n\t\t\t\t\t<i aria-hidden=\"true\" class=\"gem-print-icon gem-icon-prev gem-elegant arrow-carrot-left\"><\/i>\t\t\t\t<\/a>\n\t\t\t\t<a href=\"#\" class=\"gem-blog-slider-next gem-button gem-button-size-tiny\">\n\t\t\t\t\t<i aria-hidden=\"true\" class=\"gem-print-icon gem-icon-prev gem-elegant arrow-carrot-right\"><\/i>\t\t\t\t<\/a>\n\t\t\t<\/div>\n\t\t\t<\/div>\n<\/article><!-- #post-5095 -->\n\n<article id=\"post-5089\" class=\"clearfix\">\n\n\t<a href=\"https:\/\/elfuerte.cl\/web\/2026\/03\/16\/sistema-frontal-deja-anegamientos-en-valdivia-pero-sin-vientos-tornadicos-como-se-habia-advertido\/\" class=\"gem-slider-blog-link\"><\/a>\n\n\t<div class=\"gem-slider-item-image\" style=\"background: url('https:\/\/elfuerte.cl\/web\/wp-content\/uploads\/2026\/03\/portada-93.jpg') no-repeat 50% 50% \/ cover;\">\n\t\t<img src=\"https:\/\/elfuerte.cl\/web\/wp-content\/uploads\/2026\/03\/portada-93.jpg\"  style=\"visibility: hidden;\">\n\t<\/div>\n\n\t<div class=\"gem-slider-item-overlay\">\n\t\t<div class=\"gem-compact-item-content\">\n\t\t\t\t\t\t\t<div class=\"post-title\">\n\t\t\t\t\t<h5 class=\"entry-title reverse-link-color\"><span class=\"entry-title-date\"><\/span><span class=\"light\">Sistema frontal deja anegamientos en Valdivia, pero sin vientos torn\u00e1dicos como se hab\u00eda advertido<\/span><\/h5>\t\t\t\t<\/div>\n\t\t\t\n\t\t\t\t\t\t\t<div class=\"post-text date-color\">\n\t\t\t\t\t<div class=\"summary\">\n\t\t\t\t\t\t\t\t\t\t\t\t\t<p>M\u00e1s de 90 mil\u00edmetros de lluvia han ca\u00eddo en los \u00faltimos d\u00edas en la capital regional de Los R\u00edos, mientras autoridades mantienen monitoreo en la zona sur del pa\u00eds ante el sistema frontal que afecta a regiones entre O\u2019Higgins y Los Lagos.<\/p>\n\t\t\t\t\t\t\t\t\t\t\t<\/div>\n\t\t\t\t<\/div>\n\t\t\t\n\t\t<\/div>\n\t\t<div class=\"post-meta date-color\">\n\t\t\t<div class=\"entry-meta clearfix gem-post-date\">\n\t\t\t\t<div class=\"post-meta-right\">\n\t\t\t\t\t\t\t\t\t\t\n\t\t\t\t\t\n\t\t\t\t<\/div>\n\t\t\t\t<div class=\"post-meta-left\">\n\t\t\t\t\t\t\t\t\t\t\t<span class=\"post-meta-author\">\n\t\t\t\t\t\t\t\t\t\tPor <a href=\"https:\/\/elfuerte.cl\/web\" title=\"Visitar el sitio de Prensa El Fuerte\" rel=\"author external\">Prensa El Fuerte<\/a>\t\t\t\t\t\t\t\t\t<\/span>\n\t\t\t\t\t\t\t\t\t<\/div>\n\t\t\t<\/div><!-- .entry-meta -->\n\t\t<\/div>\n\n\t\t\t\t\t<div class=\"gem-blog-slider-navigation\">\n\t\t\t\t<a href=\"#\" class=\"gem-blog-slider-prev gem-button gem-button-size-tiny\">\n\t\t\t\t\t<i aria-hidden=\"true\" class=\"gem-print-icon gem-icon-prev gem-elegant arrow-carrot-left\"><\/i>\t\t\t\t<\/a>\n\t\t\t\t<a href=\"#\" class=\"gem-blog-slider-next gem-button gem-button-size-tiny\">\n\t\t\t\t\t<i aria-hidden=\"true\" class=\"gem-print-icon gem-icon-prev gem-elegant arrow-carrot-right\"><\/i>\t\t\t\t<\/a>\n\t\t\t<\/div>\n\t\t\t<\/div>\n<\/article><!-- #post-5089 -->\n\n<article id=\"post-5083\" class=\"clearfix\">\n\n\t<a href=\"https:\/\/elfuerte.cl\/web\/2026\/03\/15\/proyecto-de-reposicion-de-la-escuela-chile-entra-a-discusion-del-core-en-sesion-que-se-realizara-en-chaihuin\/\" class=\"gem-slider-blog-link\"><\/a>\n\n\t<div class=\"gem-slider-item-image\" style=\"background: url('https:\/\/elfuerte.cl\/web\/wp-content\/uploads\/2026\/03\/portada.jpg') no-repeat 50% 50% \/ cover;\">\n\t\t<img src=\"https:\/\/elfuerte.cl\/web\/wp-content\/uploads\/2026\/03\/portada.jpg\"  style=\"visibility: hidden;\">\n\t<\/div>\n\n\t<div class=\"gem-slider-item-overlay\">\n\t\t<div class=\"gem-compact-item-content\">\n\t\t\t\t\t\t\t<div class=\"post-title\">\n\t\t\t\t\t<h5 class=\"entry-title reverse-link-color\"><span class=\"entry-title-date\"><\/span><span class=\"light\">Proyecto de reposici\u00f3n de la Escuela Chile entra a discusi\u00f3n del CORE en sesi\u00f3n que se realizar\u00e1 en Chaihu\u00edn<\/span><\/h5>\t\t\t\t<\/div>\n\t\t\t\n\t\t\t\t\t\t\t<div class=\"post-text date-color\">\n\t\t\t\t\t<div class=\"summary\">\n\t\t\t\t\t\t\t\t\t\t\t\t\t<p>Alcaldesa de Valdivia presentar\u00e1 ante la comisi\u00f3n mixta de Hacienda e Infraestructura del Consejo Regional el proyecto de mejoramiento y ampliaci\u00f3n del hist\u00f3rico establecimiento educacional.<\/p>\n\t\t\t\t\t\t\t\t\t\t\t<\/div>\n\t\t\t\t<\/div>\n\t\t\t\n\t\t<\/div>\n\t\t<div class=\"post-meta date-color\">\n\t\t\t<div class=\"entry-meta clearfix gem-post-date\">\n\t\t\t\t<div class=\"post-meta-right\">\n\t\t\t\t\t\t\t\t\t\t\n\t\t\t\t\t\n\t\t\t\t<\/div>\n\t\t\t\t<div class=\"post-meta-left\">\n\t\t\t\t\t\t\t\t\t\t\t<span class=\"post-meta-author\">\n\t\t\t\t\t\t\t\t\t\tPor <a href=\"https:\/\/elfuerte.cl\/web\" title=\"Visitar el sitio de Prensa El Fuerte\" rel=\"author external\">Prensa El Fuerte<\/a>\t\t\t\t\t\t\t\t\t<\/span>\n\t\t\t\t\t\t\t\t\t<\/div>\n\t\t\t<\/div><!-- .entry-meta -->\n\t\t<\/div>\n\n\t\t\t\t\t<div class=\"gem-blog-slider-navigation\">\n\t\t\t\t<a href=\"#\" class=\"gem-blog-slider-prev gem-button gem-button-size-tiny\">\n\t\t\t\t\t<i aria-hidden=\"true\" class=\"gem-print-icon gem-icon-prev gem-elegant arrow-carrot-left\"><\/i>\t\t\t\t<\/a>\n\t\t\t\t<a href=\"#\" class=\"gem-blog-slider-next gem-button gem-button-size-tiny\">\n\t\t\t\t\t<i aria-hidden=\"true\" class=\"gem-print-icon gem-icon-prev gem-elegant arrow-carrot-right\"><\/i>\t\t\t\t<\/a>\n\t\t\t<\/div>\n\t\t\t<\/div>\n<\/article><!-- #post-5083 -->\n\n<article id=\"post-5074\" class=\"clearfix\">\n\n\t<a href=\"https:\/\/elfuerte.cl\/web\/2026\/03\/15\/programa-de-deteccion-del-vph-detecta-casos-positivos-en-puerto-montt-y-refuerza-prevencion-del-cancer-cervicouterino\/\" class=\"gem-slider-blog-link\"><\/a>\n\n\t<div class=\"gem-slider-item-image\" style=\"background: url('https:\/\/elfuerte.cl\/web\/wp-content\/uploads\/2026\/03\/portada-91.jpg') no-repeat 50% 50% \/ cover;\">\n\t\t<img src=\"https:\/\/elfuerte.cl\/web\/wp-content\/uploads\/2026\/03\/portada-91.jpg\"  style=\"visibility: hidden;\">\n\t<\/div>\n\n\t<div class=\"gem-slider-item-overlay\">\n\t\t<div class=\"gem-compact-item-content\">\n\t\t\t\t\t\t\t<div class=\"post-title\">\n\t\t\t\t\t<h5 class=\"entry-title reverse-link-color\"><span class=\"entry-title-date\"><\/span><span class=\"light\">Programa de detecci\u00f3n del VPH detecta casos positivos en Puerto Montt y refuerza prevenci\u00f3n del c\u00e1ncer cervicouterino<\/span><\/h5>\t\t\t\t<\/div>\n\t\t\t\n\t\t\t\t\t\t\t<div class=\"post-text date-color\">\n\t\t\t\t\t<div class=\"summary\">\n\t\t\t\t\t\t\t\t\t\t\t\t\t<p>La iniciativa, financiada por el Gobierno Regional de Los Lagos, permiti\u00f3 aplicar 300 ex\u00e1menes preventivos mediante kits de toma de muestra, facilitando el diagn\u00f3stico temprano del virus en mujeres de la comuna.<\/p>\n\t\t\t\t\t\t\t\t\t\t\t<\/div>\n\t\t\t\t<\/div>\n\t\t\t\n\t\t<\/div>\n\t\t<div class=\"post-meta date-color\">\n\t\t\t<div class=\"entry-meta clearfix gem-post-date\">\n\t\t\t\t<div class=\"post-meta-right\">\n\t\t\t\t\t\t\t\t\t\t\n\t\t\t\t\t\n\t\t\t\t<\/div>\n\t\t\t\t<div class=\"post-meta-left\">\n\t\t\t\t\t\t\t\t\t\t\t<span class=\"post-meta-author\">\n\t\t\t\t\t\t\t\t\t\tPor <a href=\"https:\/\/elfuerte.cl\/web\" title=\"Visitar el sitio de Prensa El Fuerte\" rel=\"author external\">Prensa El Fuerte<\/a>\t\t\t\t\t\t\t\t\t<\/span>\n\t\t\t\t\t\t\t\t\t<\/div>\n\t\t\t<\/div><!-- .entry-meta -->\n\t\t<\/div>\n\n\t\t\t\t\t<div class=\"gem-blog-slider-navigation\">\n\t\t\t\t<a href=\"#\" class=\"gem-blog-slider-prev gem-button gem-button-size-tiny\">\n\t\t\t\t\t<i aria-hidden=\"true\" class=\"gem-print-icon gem-icon-prev gem-elegant arrow-carrot-left\"><\/i>\t\t\t\t<\/a>\n\t\t\t\t<a href=\"#\" class=\"gem-blog-slider-next gem-button gem-button-size-tiny\">\n\t\t\t\t\t<i aria-hidden=\"true\" class=\"gem-print-icon gem-icon-prev gem-elegant arrow-carrot-right\"><\/i>\t\t\t\t<\/a>\n\t\t\t<\/div>\n\t\t\t<\/div>\n<\/article><!-- #post-5074 -->\n\n<article id=\"post-5064\" class=\"clearfix\">\n\n\t<a href=\"https:\/\/elfuerte.cl\/web\/2026\/03\/13\/delegados-presidenciales-del-sur-despliegan-primeras-gestiones-mientras-siguen-pendientes-las-autoridades-regionales\/\" class=\"gem-slider-blog-link\"><\/a>\n\n\t<div class=\"gem-slider-item-image\" style=\"background: url('https:\/\/elfuerte.cl\/web\/wp-content\/uploads\/2026\/03\/portada-90.jpg') no-repeat 50% 50% \/ cover;\">\n\t\t<img src=\"https:\/\/elfuerte.cl\/web\/wp-content\/uploads\/2026\/03\/portada-90.jpg\"  style=\"visibility: hidden;\">\n\t<\/div>\n\n\t<div class=\"gem-slider-item-overlay\">\n\t\t<div class=\"gem-compact-item-content\">\n\t\t\t\t\t\t\t<div class=\"post-title\">\n\t\t\t\t\t<h5 class=\"entry-title reverse-link-color\"><span class=\"entry-title-date\"><\/span><span class=\"light\">Delegados presidenciales del sur despliegan primeras gestiones mientras siguen pendientes las autoridades regionales<\/span><\/h5>\t\t\t\t<\/div>\n\t\t\t\n\t\t\t\t\t\t\t<div class=\"post-text date-color\">\n\t\t\t\t\t<div class=\"summary\">\n\t\t\t\t\t\t\t\t\t\t\t\t\t<p>Representantes del gobierno han sostenido reuniones con servicios p\u00fablicos, coordinaciones en materia de emergencias, seguridad y programas sociales, mientras a\u00fan se encuentran pendientes los nombramientos de secretarios regionales ministeriales en varias regiones del pa\u00eds.<\/p>\n\t\t\t\t\t\t\t\t\t\t\t<\/div>\n\t\t\t\t<\/div>\n\t\t\t\n\t\t<\/div>\n\t\t<div class=\"post-meta date-color\">\n\t\t\t<div class=\"entry-meta clearfix gem-post-date\">\n\t\t\t\t<div class=\"post-meta-right\">\n\t\t\t\t\t\t\t\t\t\t\n\t\t\t\t\t\n\t\t\t\t<\/div>\n\t\t\t\t<div class=\"post-meta-left\">\n\t\t\t\t\t\t\t\t\t\t\t<span class=\"post-meta-author\">\n\t\t\t\t\t\t\t\t\t\tPor <a href=\"https:\/\/elfuerte.cl\/web\" title=\"Visitar el sitio de Prensa El Fuerte\" rel=\"author external\">Prensa El Fuerte<\/a>\t\t\t\t\t\t\t\t\t<\/span>\n\t\t\t\t\t\t\t\t\t<\/div>\n\t\t\t<\/div><!-- .entry-meta -->\n\t\t<\/div>\n\n\t\t\t\t\t<div class=\"gem-blog-slider-navigation\">\n\t\t\t\t<a href=\"#\" class=\"gem-blog-slider-prev gem-button gem-button-size-tiny\">\n\t\t\t\t\t<i aria-hidden=\"true\" class=\"gem-print-icon gem-icon-prev gem-elegant arrow-carrot-left\"><\/i>\t\t\t\t<\/a>\n\t\t\t\t<a href=\"#\" class=\"gem-blog-slider-next gem-button gem-button-size-tiny\">\n\t\t\t\t\t<i aria-hidden=\"true\" class=\"gem-print-icon gem-icon-prev gem-elegant arrow-carrot-right\"><\/i>\t\t\t\t<\/a>\n\t\t\t<\/div>\n\t\t\t<\/div>\n<\/article><!-- #post-5064 -->\n\n<article id=\"post-5057\" class=\"clearfix\">\n\n\t<a href=\"https:\/\/elfuerte.cl\/web\/2026\/03\/13\/cuenca-del-lago-ranco-alcanza-el-segundo-lugar-nacional-en-ocupacion-turistica-y-queda-a-una-decima-del-primer-puesto\/\" class=\"gem-slider-blog-link\"><\/a>\n\n\t<div class=\"gem-slider-item-image\" style=\"background: url('https:\/\/elfuerte.cl\/web\/wp-content\/uploads\/2026\/03\/Ranco-1.webp') no-repeat 50% 50% \/ cover;\">\n\t\t<img src=\"https:\/\/elfuerte.cl\/web\/wp-content\/uploads\/2026\/03\/Ranco-1.webp\"  style=\"visibility: hidden;\">\n\t<\/div>\n\n\t<div class=\"gem-slider-item-overlay\">\n\t\t<div class=\"gem-compact-item-content\">\n\t\t\t\t\t\t\t<div class=\"post-title\">\n\t\t\t\t\t<h5 class=\"entry-title reverse-link-color\"><span class=\"entry-title-date\"><\/span><span class=\"light\">Cuenca del Lago Ranco alcanza el segundo lugar nacional en ocupaci\u00f3n tur\u00edstica y queda a una d\u00e9cima del primer puesto<\/span><\/h5>\t\t\t\t<\/div>\n\t\t\t\n\t\t\t\t\t\t\t<div class=\"post-text date-color\">\n\t\t\t\t\t<div class=\"summary\">\n\t\t\t\t\t\t\t\t\t\t\t\t\t<p>El destino del sur de la Regi\u00f3n de Los R\u00edos registr\u00f3 un 89,8% de ocupaci\u00f3n durante la semana de medici\u00f3n de febrero del informe de Sernatur, quedando apenas por debajo de Coyhaique y Puerto Ays\u00e9n y superando ampliamente el promedio nacional.<\/p>\n\t\t\t\t\t\t\t\t\t\t\t<\/div>\n\t\t\t\t<\/div>\n\t\t\t\n\t\t<\/div>\n\t\t<div class=\"post-meta date-color\">\n\t\t\t<div class=\"entry-meta clearfix gem-post-date\">\n\t\t\t\t<div class=\"post-meta-right\">\n\t\t\t\t\t\t\t\t\t\t\n\t\t\t\t\t\n\t\t\t\t<\/div>\n\t\t\t\t<div class=\"post-meta-left\">\n\t\t\t\t\t\t\t\t\t\t\t<span class=\"post-meta-author\">\n\t\t\t\t\t\t\t\t\t\tPor <a href=\"https:\/\/elfuerte.cl\/web\" title=\"Visitar el sitio de Prensa El Fuerte\" rel=\"author external\">Prensa El Fuerte<\/a>\t\t\t\t\t\t\t\t\t<\/span>\n\t\t\t\t\t\t\t\t\t<\/div>\n\t\t\t<\/div><!-- .entry-meta -->\n\t\t<\/div>\n\n\t\t\t\t\t<div class=\"gem-blog-slider-navigation\">\n\t\t\t\t<a href=\"#\" class=\"gem-blog-slider-prev gem-button gem-button-size-tiny\">\n\t\t\t\t\t<i aria-hidden=\"true\" class=\"gem-print-icon gem-icon-prev gem-elegant arrow-carrot-left\"><\/i>\t\t\t\t<\/a>\n\t\t\t\t<a href=\"#\" class=\"gem-blog-slider-next gem-button gem-button-size-tiny\">\n\t\t\t\t\t<i aria-hidden=\"true\" class=\"gem-print-icon gem-icon-prev gem-elegant arrow-carrot-right\"><\/i>\t\t\t\t<\/a>\n\t\t\t<\/div>\n\t\t\t<\/div>\n<\/article><!-- #post-5057 -->\n\n<article id=\"post-5049\" class=\"clearfix\">\n\n\t<a href=\"https:\/\/elfuerte.cl\/web\/2026\/03\/13\/simposio-internacional-de-inmunologia-reunio-en-la-uach-a-cientificos-nacionales-y-extranjeros\/\" class=\"gem-slider-blog-link\"><\/a>\n\n\t<div class=\"gem-slider-item-image\" style=\"background: url('https:\/\/elfuerte.cl\/web\/wp-content\/uploads\/2026\/03\/portada-88.jpg') no-repeat 50% 50% \/ cover;\">\n\t\t<img src=\"https:\/\/elfuerte.cl\/web\/wp-content\/uploads\/2026\/03\/portada-88.jpg\"  style=\"visibility: hidden;\">\n\t<\/div>\n\n\t<div class=\"gem-slider-item-overlay\">\n\t\t<div class=\"gem-compact-item-content\">\n\t\t\t\t\t\t\t<div class=\"post-title\">\n\t\t\t\t\t<h5 class=\"entry-title reverse-link-color\"><span class=\"entry-title-date\"><\/span><span class=\"light\">Simposio internacional de inmunolog\u00eda reuni\u00f3 en la UACh a cient\u00edficos nacionales y extranjeros<\/span><\/h5>\t\t\t\t<\/div>\n\t\t\t\n\t\t\t\t\t\t\t<div class=\"post-text date-color\">\n\t\t\t\t\t<div class=\"summary\">\n\t\t\t\t\t\t\t\t\t\t\t\t\t<p>Autoridades se instalaron en Biob\u00edo, Araucan\u00eda, Los R\u00edos y Los Lagos tras la asunci\u00f3n del presidente Jos\u00e9 Antonio Kast. Nombramientos de seremis y jefes de servicio se conocer\u00edan durante las pr\u00f3ximas semanas.<\/p>\n\t\t\t\t\t\t\t\t\t\t\t<\/div>\n\t\t\t\t<\/div>\n\t\t\t\n\t\t<\/div>\n\t\t<div class=\"post-meta date-color\">\n\t\t\t<div class=\"entry-meta clearfix gem-post-date\">\n\t\t\t\t<div class=\"post-meta-right\">\n\t\t\t\t\t\t\t\t\t\t\n\t\t\t\t\t\n\t\t\t\t<\/div>\n\t\t\t\t<div class=\"post-meta-left\">\n\t\t\t\t\t\t\t\t\t\t\t<span class=\"post-meta-author\">\n\t\t\t\t\t\t\t\t\t\tPor <a href=\"https:\/\/elfuerte.cl\/web\" title=\"Visitar el sitio de Prensa El Fuerte\" rel=\"author external\">Prensa El Fuerte<\/a>\t\t\t\t\t\t\t\t\t<\/span>\n\t\t\t\t\t\t\t\t\t<\/div>\n\t\t\t<\/div><!-- .entry-meta -->\n\t\t<\/div>\n\n\t\t\t\t\t<div class=\"gem-blog-slider-navigation\">\n\t\t\t\t<a href=\"#\" class=\"gem-blog-slider-prev gem-button gem-button-size-tiny\">\n\t\t\t\t\t<i aria-hidden=\"true\" class=\"gem-print-icon gem-icon-prev gem-elegant arrow-carrot-left\"><\/i>\t\t\t\t<\/a>\n\t\t\t\t<a href=\"#\" class=\"gem-blog-slider-next gem-button gem-button-size-tiny\">\n\t\t\t\t\t<i aria-hidden=\"true\" class=\"gem-print-icon gem-icon-prev gem-elegant arrow-carrot-right\"><\/i>\t\t\t\t<\/a>\n\t\t\t<\/div>\n\t\t\t<\/div>\n<\/article><!-- #post-5049 -->\n\n<article id=\"post-5042\" class=\"clearfix\">\n\n\t<a href=\"https:\/\/elfuerte.cl\/web\/2026\/03\/13\/osorno-celebra-sus-468-anos-de-historia-junto-a-los-tres-tenores-chilenos-y-un-nutrido-programa-de-actividades\/\" class=\"gem-slider-blog-link\"><\/a>\n\n\t<div class=\"gem-slider-item-image\" style=\"background: url('https:\/\/elfuerte.cl\/web\/wp-content\/uploads\/2026\/03\/portada-87.jpg') no-repeat 50% 50% \/ cover;\">\n\t\t<img src=\"https:\/\/elfuerte.cl\/web\/wp-content\/uploads\/2026\/03\/portada-87.jpg\"  style=\"visibility: hidden;\">\n\t<\/div>\n\n\t<div class=\"gem-slider-item-overlay\">\n\t\t<div class=\"gem-compact-item-content\">\n\t\t\t\t\t\t\t<div class=\"post-title\">\n\t\t\t\t\t<h5 class=\"entry-title reverse-link-color\"><span class=\"entry-title-date\"><\/span><span class=\"light\">Osorno celebra sus 468 a\u00f1os de historia junto a los \u201ctres tenores chilenos\u201d y un nutrido programa de actividades<\/span><\/h5>\t\t\t\t<\/div>\n\t\t\t\n\t\t\t\t\t\t\t<div class=\"post-text date-color\">\n\t\t\t\t\t<div class=\"summary\">\n\t\t\t\t\t\t\t\t\t\t\t\t\t<p>Autoridades se instalaron en Biob\u00edo, Araucan\u00eda, Los R\u00edos y Los Lagos tras la asunci\u00f3n del presidente Jos\u00e9 Antonio Kast. Nombramientos de seremis y jefes de servicio se conocer\u00edan durante las pr\u00f3ximas semanas.<\/p>\n\t\t\t\t\t\t\t\t\t\t\t<\/div>\n\t\t\t\t<\/div>\n\t\t\t\n\t\t<\/div>\n\t\t<div class=\"post-meta date-color\">\n\t\t\t<div class=\"entry-meta clearfix gem-post-date\">\n\t\t\t\t<div class=\"post-meta-right\">\n\t\t\t\t\t\t\t\t\t\t\n\t\t\t\t\t\n\t\t\t\t<\/div>\n\t\t\t\t<div class=\"post-meta-left\">\n\t\t\t\t\t\t\t\t\t\t\t<span class=\"post-meta-author\">\n\t\t\t\t\t\t\t\t\t\tPor <a href=\"https:\/\/elfuerte.cl\/web\" title=\"Visitar el sitio de Prensa El Fuerte\" rel=\"author external\">Prensa El Fuerte<\/a>\t\t\t\t\t\t\t\t\t<\/span>\n\t\t\t\t\t\t\t\t\t<\/div>\n\t\t\t<\/div><!-- .entry-meta -->\n\t\t<\/div>\n\n\t\t\t\t\t<div class=\"gem-blog-slider-navigation\">\n\t\t\t\t<a href=\"#\" class=\"gem-blog-slider-prev gem-button gem-button-size-tiny\">\n\t\t\t\t\t<i aria-hidden=\"true\" class=\"gem-print-icon gem-icon-prev gem-elegant arrow-carrot-left\"><\/i>\t\t\t\t<\/a>\n\t\t\t\t<a href=\"#\" class=\"gem-blog-slider-next gem-button gem-button-size-tiny\">\n\t\t\t\t\t<i aria-hidden=\"true\" class=\"gem-print-icon gem-icon-prev gem-elegant arrow-carrot-right\"><\/i>\t\t\t\t<\/a>\n\t\t\t<\/div>\n\t\t\t<\/div>\n<\/article><!-- #post-5042 -->\n\n<article id=\"post-5029\" class=\"clearfix\">\n\n\t<a href=\"https:\/\/elfuerte.cl\/web\/2026\/03\/11\/asumen-nuevos-delegados-presidenciales-en-el-sur-tras-cambio-de-mando-pero-gabinetes-regionales-siguen-pendientes\/\" class=\"gem-slider-blog-link\"><\/a>\n\n\t<div class=\"gem-slider-item-image\" style=\"background: url('https:\/\/elfuerte.cl\/web\/wp-content\/uploads\/2026\/03\/portada-86.jpg') no-repeat 50% 50% \/ cover;\">\n\t\t<img src=\"https:\/\/elfuerte.cl\/web\/wp-content\/uploads\/2026\/03\/portada-86.jpg\"  style=\"visibility: hidden;\">\n\t<\/div>\n\n\t<div class=\"gem-slider-item-overlay\">\n\t\t<div class=\"gem-compact-item-content\">\n\t\t\t\t\t\t\t<div class=\"post-title\">\n\t\t\t\t\t<h5 class=\"entry-title reverse-link-color\"><span class=\"entry-title-date\"><\/span><span class=\"light\">Asumen nuevos delegados presidenciales en el sur tras cambio de mando, pero gabinetes regionales siguen pendientes<\/span><\/h5>\t\t\t\t<\/div>\n\t\t\t\n\t\t\t\t\t\t\t<div class=\"post-text date-color\">\n\t\t\t\t\t<div class=\"summary\">\n\t\t\t\t\t\t\t\t\t\t\t\t\t<p>Autoridades se instalaron en Biob\u00edo, Araucan\u00eda, Los R\u00edos y Los Lagos tras la asunci\u00f3n del presidente Jos\u00e9 Antonio Kast. Nombramientos de seremis y jefes de servicio se conocer\u00edan durante las pr\u00f3ximas semanas.<\/p>\n\t\t\t\t\t\t\t\t\t\t\t<\/div>\n\t\t\t\t<\/div>\n\t\t\t\n\t\t<\/div>\n\t\t<div class=\"post-meta date-color\">\n\t\t\t<div class=\"entry-meta clearfix gem-post-date\">\n\t\t\t\t<div class=\"post-meta-right\">\n\t\t\t\t\t\t\t\t\t\t\n\t\t\t\t\t\n\t\t\t\t<\/div>\n\t\t\t\t<div class=\"post-meta-left\">\n\t\t\t\t\t\t\t\t\t\t\t<span class=\"post-meta-author\">\n\t\t\t\t\t\t\t\t\t\tPor <a href=\"https:\/\/elfuerte.cl\/web\" title=\"Visitar el sitio de Prensa El Fuerte\" rel=\"author external\">Prensa El Fuerte<\/a>\t\t\t\t\t\t\t\t\t<\/span>\n\t\t\t\t\t\t\t\t\t<\/div>\n\t\t\t<\/div><!-- .entry-meta -->\n\t\t<\/div>\n\n\t\t\t\t\t<div class=\"gem-blog-slider-navigation\">\n\t\t\t\t<a href=\"#\" class=\"gem-blog-slider-prev gem-button gem-button-size-tiny\">\n\t\t\t\t\t<i aria-hidden=\"true\" class=\"gem-print-icon gem-icon-prev gem-elegant arrow-carrot-left\"><\/i>\t\t\t\t<\/a>\n\t\t\t\t<a href=\"#\" class=\"gem-blog-slider-next gem-button gem-button-size-tiny\">\n\t\t\t\t\t<i aria-hidden=\"true\" class=\"gem-print-icon gem-icon-prev gem-elegant arrow-carrot-right\"><\/i>\t\t\t\t<\/a>\n\t\t\t<\/div>\n\t\t\t<\/div>\n<\/article><!-- #post-5029 -->\n\n<article id=\"post-5018\" class=\"clearfix\">\n\n\t<a href=\"https:\/\/elfuerte.cl\/web\/2026\/03\/09\/mesa-de-uso-del-rio-propone-modelo-de-gobernanza-fluvial-para-el-rio-valdivia-y-la-bahia-de-corral\/\" class=\"gem-slider-blog-link\"><\/a>\n\n\t<div class=\"gem-slider-item-image\" style=\"background: url('https:\/\/elfuerte.cl\/web\/wp-content\/uploads\/2026\/03\/portada-85.jpg') no-repeat 50% 50% \/ cover;\">\n\t\t<img src=\"https:\/\/elfuerte.cl\/web\/wp-content\/uploads\/2026\/03\/portada-85.jpg\"  style=\"visibility: hidden;\">\n\t<\/div>\n\n\t<div class=\"gem-slider-item-overlay\">\n\t\t<div class=\"gem-compact-item-content\">\n\t\t\t\t\t\t\t<div class=\"post-title\">\n\t\t\t\t\t<h5 class=\"entry-title reverse-link-color\"><span class=\"entry-title-date\"><\/span><span class=\"light\">Mesa de Uso del R\u00edo propone modelo de gobernanza fluvial para el r\u00edo Valdivia y la bah\u00eda de Corral<\/span><\/h5>\t\t\t\t<\/div>\n\t\t\t\n\t\t\t\t\t\t\t<div class=\"post-text date-color\">\n\t\t\t\t\t<div class=\"summary\">\n\t\t\t\t\t\t\t\t\t\t\t\t\t<p>Proyecto financiado por el Gobierno Regional de Los Lagos permitir\u00e1 mejorar m\u00e1s de tres kil\u00f3metros de calzadas y contempla veredas con accesibilidad universal y sistema de aguas lluvias.<\/p>\n\t\t\t\t\t\t\t\t\t\t\t<\/div>\n\t\t\t\t<\/div>\n\t\t\t\n\t\t<\/div>\n\t\t<div class=\"post-meta date-color\">\n\t\t\t<div class=\"entry-meta clearfix gem-post-date\">\n\t\t\t\t<div class=\"post-meta-right\">\n\t\t\t\t\t\t\t\t\t\t\n\t\t\t\t\t\n\t\t\t\t<\/div>\n\t\t\t\t<div class=\"post-meta-left\">\n\t\t\t\t\t\t\t\t\t\t\t<span class=\"post-meta-author\">\n\t\t\t\t\t\t\t\t\t\tPor <a href=\"https:\/\/elfuerte.cl\/web\" title=\"Visitar el sitio de Prensa El Fuerte\" rel=\"author external\">Prensa El Fuerte<\/a>\t\t\t\t\t\t\t\t\t<\/span>\n\t\t\t\t\t\t\t\t\t<\/div>\n\t\t\t<\/div><!-- .entry-meta -->\n\t\t<\/div>\n\n\t\t\t\t\t<div class=\"gem-blog-slider-navigation\">\n\t\t\t\t<a href=\"#\" class=\"gem-blog-slider-prev gem-button gem-button-size-tiny\">\n\t\t\t\t\t<i aria-hidden=\"true\" class=\"gem-print-icon gem-icon-prev gem-elegant arrow-carrot-left\"><\/i>\t\t\t\t<\/a>\n\t\t\t\t<a href=\"#\" class=\"gem-blog-slider-next gem-button gem-button-size-tiny\">\n\t\t\t\t\t<i aria-hidden=\"true\" class=\"gem-print-icon gem-icon-prev gem-elegant arrow-carrot-right\"><\/i>\t\t\t\t<\/a>\n\t\t\t<\/div>\n\t\t\t<\/div>\n<\/article><!-- #post-5018 -->\n\n<article id=\"post-5005\" class=\"clearfix\">\n\n\t<a href=\"https:\/\/elfuerte.cl\/web\/2026\/03\/09\/aprueban-inversion-superior-a-6-mil-millones-para-pavimentar-calles-del-sector-sur-de-chaiten\/\" class=\"gem-slider-blog-link\"><\/a>\n\n\t<div class=\"gem-slider-item-image\" style=\"background: url('https:\/\/elfuerte.cl\/web\/wp-content\/uploads\/2026\/03\/portada-84.jpg') no-repeat 50% 50% \/ cover;\">\n\t\t<img src=\"https:\/\/elfuerte.cl\/web\/wp-content\/uploads\/2026\/03\/portada-84.jpg\"  style=\"visibility: hidden;\">\n\t<\/div>\n\n\t<div class=\"gem-slider-item-overlay\">\n\t\t<div class=\"gem-compact-item-content\">\n\t\t\t\t\t\t\t<div class=\"post-title\">\n\t\t\t\t\t<h5 class=\"entry-title reverse-link-color\"><span class=\"entry-title-date\"><\/span><span class=\"light\">Aprueban inversi\u00f3n superior a $6 mil millones para pavimentar calles del sector sur de Chait\u00e9n<\/span><\/h5>\t\t\t\t<\/div>\n\t\t\t\n\t\t\t\t\t\t\t<div class=\"post-text date-color\">\n\t\t\t\t\t<div class=\"summary\">\n\t\t\t\t\t\t\t\t\t\t\t\t\t<p>Proyecto financiado por el Gobierno Regional de Los Lagos permitir\u00e1 mejorar m\u00e1s de tres kil\u00f3metros de calzadas y contempla veredas con accesibilidad universal y sistema de aguas lluvias.<\/p>\n\t\t\t\t\t\t\t\t\t\t\t<\/div>\n\t\t\t\t<\/div>\n\t\t\t\n\t\t<\/div>\n\t\t<div class=\"post-meta date-color\">\n\t\t\t<div class=\"entry-meta clearfix gem-post-date\">\n\t\t\t\t<div class=\"post-meta-right\">\n\t\t\t\t\t\t\t\t\t\t\n\t\t\t\t\t\n\t\t\t\t<\/div>\n\t\t\t\t<div class=\"post-meta-left\">\n\t\t\t\t\t\t\t\t\t\t\t<span class=\"post-meta-author\">\n\t\t\t\t\t\t\t\t\t\tPor <a href=\"https:\/\/elfuerte.cl\/web\" title=\"Visitar el sitio de Prensa El Fuerte\" rel=\"author external\">Prensa El Fuerte<\/a>\t\t\t\t\t\t\t\t\t<\/span>\n\t\t\t\t\t\t\t\t\t<\/div>\n\t\t\t<\/div><!-- .entry-meta -->\n\t\t<\/div>\n\n\t\t\t\t\t<div class=\"gem-blog-slider-navigation\">\n\t\t\t\t<a href=\"#\" class=\"gem-blog-slider-prev gem-button gem-button-size-tiny\">\n\t\t\t\t\t<i aria-hidden=\"true\" class=\"gem-print-icon gem-icon-prev gem-elegant arrow-carrot-left\"><\/i>\t\t\t\t<\/a>\n\t\t\t\t<a href=\"#\" class=\"gem-blog-slider-next gem-button gem-button-size-tiny\">\n\t\t\t\t\t<i aria-hidden=\"true\" class=\"gem-print-icon gem-icon-prev gem-elegant arrow-carrot-right\"><\/i>\t\t\t\t<\/a>\n\t\t\t<\/div>\n\t\t\t<\/div>\n<\/article><!-- #post-5005 -->\n\n<article id=\"post-4994\" class=\"clearfix\">\n\n\t<a href=\"https:\/\/elfuerte.cl\/web\/2026\/03\/07\/puerto-montt-se-sumo-a-las-actividades-del-8m-con-encuentro-regional-que-reunio-a-mas-de-140-mujeres\/\" class=\"gem-slider-blog-link\"><\/a>\n\n\t<div class=\"gem-slider-item-image\" style=\"background: url('https:\/\/elfuerte.cl\/web\/wp-content\/uploads\/2026\/03\/portada-83.jpg') no-repeat 50% 50% \/ cover;\">\n\t\t<img src=\"https:\/\/elfuerte.cl\/web\/wp-content\/uploads\/2026\/03\/portada-83.jpg\"  style=\"visibility: hidden;\">\n\t<\/div>\n\n\t<div class=\"gem-slider-item-overlay\">\n\t\t<div class=\"gem-compact-item-content\">\n\t\t\t\t\t\t\t<div class=\"post-title\">\n\t\t\t\t\t<h5 class=\"entry-title reverse-link-color\"><span class=\"entry-title-date\"><\/span><span class=\"light\">Puerto Montt se sum\u00f3 a las actividades del 8M con encuentro regional que reuni\u00f3 a m\u00e1s de 140 mujeres<\/span><\/h5>\t\t\t\t<\/div>\n\t\t\t\n\t\t\t\t\t\t\t<div class=\"post-text date-color\">\n\t\t\t\t\t<div class=\"summary\">\n\t\t\t\t\t\t\t\t\t\t\t\t\t<p>La actividad se realiz\u00f3 en el auditorio de la Universidad de Los Lagos y convoc\u00f3 a dirigentas sociales, mujeres del mundo productivo y autoridades regionales, con motivo de la conmemoraci\u00f3n el D\u00eda Internacional de la Mujer.<\/p>\n\t\t\t\t\t\t\t\t\t\t\t<\/div>\n\t\t\t\t<\/div>\n\t\t\t\n\t\t<\/div>\n\t\t<div class=\"post-meta date-color\">\n\t\t\t<div class=\"entry-meta clearfix gem-post-date\">\n\t\t\t\t<div class=\"post-meta-right\">\n\t\t\t\t\t\t\t\t\t\t\n\t\t\t\t\t\n\t\t\t\t<\/div>\n\t\t\t\t<div class=\"post-meta-left\">\n\t\t\t\t\t\t\t\t\t\t\t<span class=\"post-meta-author\">\n\t\t\t\t\t\t\t\t\t\tPor <a href=\"https:\/\/elfuerte.cl\/web\" title=\"Visitar el sitio de Prensa El Fuerte\" rel=\"author external\">Prensa El Fuerte<\/a>\t\t\t\t\t\t\t\t\t<\/span>\n\t\t\t\t\t\t\t\t\t<\/div>\n\t\t\t<\/div><!-- .entry-meta -->\n\t\t<\/div>\n\n\t\t\t\t\t<div class=\"gem-blog-slider-navigation\">\n\t\t\t\t<a href=\"#\" class=\"gem-blog-slider-prev gem-button gem-button-size-tiny\">\n\t\t\t\t\t<i aria-hidden=\"true\" class=\"gem-print-icon gem-icon-prev gem-elegant arrow-carrot-left\"><\/i>\t\t\t\t<\/a>\n\t\t\t\t<a href=\"#\" class=\"gem-blog-slider-next gem-button gem-button-size-tiny\">\n\t\t\t\t\t<i aria-hidden=\"true\" class=\"gem-print-icon gem-icon-prev gem-elegant arrow-carrot-right\"><\/i>\t\t\t\t<\/a>\n\t\t\t<\/div>\n\t\t\t<\/div>\n<\/article><!-- #post-4994 -->\n\n<article id=\"post-4978\" class=\"clearfix\">\n\n\t<a href=\"https:\/\/elfuerte.cl\/web\/2026\/03\/07\/lleno-total-en-el-teatro-lord-cochrane-para-conmemorar-el-dia-internacional-de-la-mujer\/\" class=\"gem-slider-blog-link\"><\/a>\n\n\t<div class=\"gem-slider-item-image\" style=\"background: url('https:\/\/elfuerte.cl\/web\/wp-content\/uploads\/2026\/03\/portada-82.jpg') no-repeat 50% 50% \/ cover;\">\n\t\t<img src=\"https:\/\/elfuerte.cl\/web\/wp-content\/uploads\/2026\/03\/portada-82.jpg\"  style=\"visibility: hidden;\">\n\t<\/div>\n\n\t<div class=\"gem-slider-item-overlay\">\n\t\t<div class=\"gem-compact-item-content\">\n\t\t\t\t\t\t\t<div class=\"post-title\">\n\t\t\t\t\t<h5 class=\"entry-title reverse-link-color\"><span class=\"entry-title-date\"><\/span><span class=\"light\">Lleno total en el Teatro Lord Cochrane para conmemorar el D\u00eda Internacional de la Mujer<\/span><\/h5>\t\t\t\t<\/div>\n\t\t\t\n\t\t\t\t\t\t\t<div class=\"post-text date-color\">\n\t\t\t\t\t<div class=\"summary\">\n\t\t\t\t\t\t\t\t\t\t\t\t\t<p>La actividad fue organizada por la municipalidad e incluy\u00f3 presentaciones art\u00edsticas, una charla cient\u00edfica y el reconocimiento a mujeres de la comuna que se han destacado por su labor en diversos \u00e1mbitos.<\/p>\n\t\t\t\t\t\t\t\t\t\t\t<\/div>\n\t\t\t\t<\/div>\n\t\t\t\n\t\t<\/div>\n\t\t<div class=\"post-meta date-color\">\n\t\t\t<div class=\"entry-meta clearfix gem-post-date\">\n\t\t\t\t<div class=\"post-meta-right\">\n\t\t\t\t\t\t\t\t\t\t\n\t\t\t\t\t\n\t\t\t\t<\/div>\n\t\t\t\t<div class=\"post-meta-left\">\n\t\t\t\t\t\t\t\t\t\t\t<span class=\"post-meta-author\">\n\t\t\t\t\t\t\t\t\t\tPor <a href=\"https:\/\/elfuerte.cl\/web\" title=\"Visitar el sitio de Prensa El Fuerte\" rel=\"author external\">Prensa El Fuerte<\/a>\t\t\t\t\t\t\t\t\t<\/span>\n\t\t\t\t\t\t\t\t\t<\/div>\n\t\t\t<\/div><!-- .entry-meta -->\n\t\t<\/div>\n\n\t\t\t\t\t<div class=\"gem-blog-slider-navigation\">\n\t\t\t\t<a href=\"#\" class=\"gem-blog-slider-prev gem-button gem-button-size-tiny\">\n\t\t\t\t\t<i aria-hidden=\"true\" class=\"gem-print-icon gem-icon-prev gem-elegant arrow-carrot-left\"><\/i>\t\t\t\t<\/a>\n\t\t\t\t<a href=\"#\" class=\"gem-blog-slider-next gem-button gem-button-size-tiny\">\n\t\t\t\t\t<i aria-hidden=\"true\" class=\"gem-print-icon gem-icon-prev gem-elegant arrow-carrot-right\"><\/i>\t\t\t\t<\/a>\n\t\t\t<\/div>\n\t\t\t<\/div>\n<\/article><!-- #post-4978 -->\n\n<article id=\"post-4955\" class=\"clearfix\">\n\n\t<a href=\"https:\/\/elfuerte.cl\/web\/2026\/03\/07\/tecnologia-innovacion-y-seguridad-al-servicio-de-la-industria-salmonera\/\" class=\"gem-slider-blog-link\"><\/a>\n\n\t<div class=\"gem-slider-item-image\" style=\"background: url('https:\/\/elfuerte.cl\/web\/wp-content\/uploads\/2026\/03\/portada-80.jpg') no-repeat 50% 50% \/ cover;\">\n\t\t<img src=\"https:\/\/elfuerte.cl\/web\/wp-content\/uploads\/2026\/03\/portada-80.jpg\"  style=\"visibility: hidden;\">\n\t<\/div>\n\n\t<div class=\"gem-slider-item-overlay\">\n\t\t<div class=\"gem-compact-item-content\">\n\t\t\t\t\t\t\t<div class=\"post-title\">\n\t\t\t\t\t<h5 class=\"entry-title reverse-link-color\"><span class=\"entry-title-date\"><\/span><span class=\"light\">Tecnolog\u00eda, innovaci\u00f3n y seguridad al servicio de la industria salmonera<\/span><\/h5>\t\t\t\t<\/div>\n\t\t\t\n\t\t\t\t\t\t\t<div class=\"post-text date-color\">\n\t\t\t\t\t<div class=\"summary\">\n\t\t\t\t\t\t\t\t\t\t\t\t\t<p>Con base en Puerto Montt, Salmon Boats y Green Aqua se han consolidado como empresas clave en el soporte tecnol\u00f3gico de la acuicultura, con un enfoque centrado en la seguridad operacional, la rob\u00f3tica y la sustentabilidad. Detr\u00e1s de este desarrollo destaca el trabajo del ingeniero naval Esteban Patroni, cuyo talento y liderazgo t\u00e9cnico han sido fundamentales para posicionar a ambas firmas como referentes en ingenier\u00eda aplicada al sector acu\u00edcola.<\/p>\n\t\t\t\t\t\t\t\t\t\t\t<\/div>\n\t\t\t\t<\/div>\n\t\t\t\n\t\t<\/div>\n\t\t<div class=\"post-meta date-color\">\n\t\t\t<div class=\"entry-meta clearfix gem-post-date\">\n\t\t\t\t<div class=\"post-meta-right\">\n\t\t\t\t\t\t\t\t\t\t\n\t\t\t\t\t\n\t\t\t\t<\/div>\n\t\t\t\t<div class=\"post-meta-left\">\n\t\t\t\t\t\t\t\t\t\t\t<span class=\"post-meta-author\">\n\t\t\t\t\t\t\t\t\t\tPor <a href=\"https:\/\/elfuerte.cl\/web\" title=\"Visitar el sitio de Prensa El Fuerte\" rel=\"author external\">Prensa El Fuerte<\/a>\t\t\t\t\t\t\t\t\t<\/span>\n\t\t\t\t\t\t\t\t\t<\/div>\n\t\t\t<\/div><!-- .entry-meta -->\n\t\t<\/div>\n\n\t\t\t\t\t<div class=\"gem-blog-slider-navigation\">\n\t\t\t\t<a href=\"#\" class=\"gem-blog-slider-prev gem-button gem-button-size-tiny\">\n\t\t\t\t\t<i aria-hidden=\"true\" class=\"gem-print-icon gem-icon-prev gem-elegant arrow-carrot-left\"><\/i>\t\t\t\t<\/a>\n\t\t\t\t<a href=\"#\" class=\"gem-blog-slider-next gem-button gem-button-size-tiny\">\n\t\t\t\t\t<i aria-hidden=\"true\" class=\"gem-print-icon gem-icon-prev gem-elegant arrow-carrot-right\"><\/i>\t\t\t\t<\/a>\n\t\t\t<\/div>\n\t\t\t<\/div>\n<\/article><!-- #post-4955 -->\n\n<article id=\"post-4945\" class=\"clearfix\">\n\n\t<a href=\"https:\/\/elfuerte.cl\/web\/2026\/03\/06\/puerto-varas-busca-consolidarse-como-hub-biotecnologico-del-sur-con-cumbre-internacional-de-innovacion\/\" class=\"gem-slider-blog-link\"><\/a>\n\n\t<div class=\"gem-slider-item-image\" style=\"background: url('https:\/\/elfuerte.cl\/web\/wp-content\/uploads\/2026\/03\/portada-79.jpg') no-repeat 50% 50% \/ cover;\">\n\t\t<img src=\"https:\/\/elfuerte.cl\/web\/wp-content\/uploads\/2026\/03\/portada-79.jpg\"  style=\"visibility: hidden;\">\n\t<\/div>\n\n\t<div class=\"gem-slider-item-overlay\">\n\t\t<div class=\"gem-compact-item-content\">\n\t\t\t\t\t\t\t<div class=\"post-title\">\n\t\t\t\t\t<h5 class=\"entry-title reverse-link-color\"><span class=\"entry-title-date\"><\/span><span class=\"light\">Puerto Varas busca consolidarse como hub biotecnol\u00f3gico del sur con cumbre internacional de innovaci\u00f3n<\/span><\/h5>\t\t\t\t<\/div>\n\t\t\t\n\t\t\t\t\t\t\t<div class=\"post-text date-color\">\n\t\t\t\t\t<div class=\"summary\">\n\t\t\t\t\t\t\t\t\t\t\t\t\t<p>La realizaci\u00f3n del Innovation &#038; Technology Summit se enmarca en la estrategia que impulsa la ciudad para posicionarse como un polo tecnol\u00f3gico del sur de Chile, proceso que tom\u00f3 fuerza tras la aprobaci\u00f3n del StartupLab Los Lagos por parte de Corfo con una inversi\u00f3n cercana a los US$4,3 millones.<\/p>\n\t\t\t\t\t\t\t\t\t\t\t<\/div>\n\t\t\t\t<\/div>\n\t\t\t\n\t\t<\/div>\n\t\t<div class=\"post-meta date-color\">\n\t\t\t<div class=\"entry-meta clearfix gem-post-date\">\n\t\t\t\t<div class=\"post-meta-right\">\n\t\t\t\t\t\t\t\t\t\t\n\t\t\t\t\t\n\t\t\t\t<\/div>\n\t\t\t\t<div class=\"post-meta-left\">\n\t\t\t\t\t\t\t\t\t\t\t<span class=\"post-meta-author\">\n\t\t\t\t\t\t\t\t\t\tPor <a href=\"https:\/\/elfuerte.cl\/web\" title=\"Visitar el sitio de Prensa El Fuerte\" rel=\"author external\">Prensa El Fuerte<\/a>\t\t\t\t\t\t\t\t\t<\/span>\n\t\t\t\t\t\t\t\t\t<\/div>\n\t\t\t<\/div><!-- .entry-meta -->\n\t\t<\/div>\n\n\t\t\t\t\t<div class=\"gem-blog-slider-navigation\">\n\t\t\t\t<a href=\"#\" class=\"gem-blog-slider-prev gem-button gem-button-size-tiny\">\n\t\t\t\t\t<i aria-hidden=\"true\" class=\"gem-print-icon gem-icon-prev gem-elegant arrow-carrot-left\"><\/i>\t\t\t\t<\/a>\n\t\t\t\t<a href=\"#\" class=\"gem-blog-slider-next gem-button gem-button-size-tiny\">\n\t\t\t\t\t<i aria-hidden=\"true\" class=\"gem-print-icon gem-icon-prev gem-elegant arrow-carrot-right\"><\/i>\t\t\t\t<\/a>\n\t\t\t<\/div>\n\t\t\t<\/div>\n<\/article><!-- #post-4945 -->\n\n<article id=\"post-4929\" class=\"clearfix\">\n\n\t<a href=\"https:\/\/elfuerte.cl\/web\/2026\/03\/04\/una-escuela-de-verano-para-volver-a-sonreir-ninos-de-lirquen-disfrutaron-jornada-recreativa-tras-semanas-dificiles\/\" class=\"gem-slider-blog-link\"><\/a>\n\n\t<div class=\"gem-slider-item-image\" style=\"background: url('https:\/\/elfuerte.cl\/web\/wp-content\/uploads\/2026\/03\/portada-78.jpg') no-repeat 50% 50% \/ cover;\">\n\t\t<img src=\"https:\/\/elfuerte.cl\/web\/wp-content\/uploads\/2026\/03\/portada-78.jpg\"  style=\"visibility: hidden;\">\n\t<\/div>\n\n\t<div class=\"gem-slider-item-overlay\">\n\t\t<div class=\"gem-compact-item-content\">\n\t\t\t\t\t\t\t<div class=\"post-title\">\n\t\t\t\t\t<h5 class=\"entry-title reverse-link-color\"><span class=\"entry-title-date\"><\/span><span class=\"light\">Una escuela de verano para volver a sonre\u00edr: ni\u00f1os de Lirqu\u00e9n disfrutaron jornada recreativa tras semanas dif\u00edciles<\/span><\/h5>\t\t\t\t<\/div>\n\t\t\t\n\t\t\t\t\t\t\t<div class=\"post-text date-color\">\n\t\t\t\t\t<div class=\"summary\">\n\t\t\t\t\t\t\t\t\t\t\t\t\t<p>Iniciativa impulsada por JUNAEB y JUNJI, con apoyo de ONG Chile Pro, la Municipalidad de Penco y Fundaci\u00f3n CMPC, ofreci\u00f3 contenci\u00f3n, recreaci\u00f3n y acompa\u00f1amiento a una treintena de menores durante el verano.<\/p>\n\t\t\t\t\t\t\t\t\t\t\t<\/div>\n\t\t\t\t<\/div>\n\t\t\t\n\t\t<\/div>\n\t\t<div class=\"post-meta date-color\">\n\t\t\t<div class=\"entry-meta clearfix gem-post-date\">\n\t\t\t\t<div class=\"post-meta-right\">\n\t\t\t\t\t\t\t\t\t\t\n\t\t\t\t\t\n\t\t\t\t<\/div>\n\t\t\t\t<div class=\"post-meta-left\">\n\t\t\t\t\t\t\t\t\t\t\t<span class=\"post-meta-author\">\n\t\t\t\t\t\t\t\t\t\tPor <a href=\"https:\/\/elfuerte.cl\/web\" title=\"Visitar el sitio de Prensa El Fuerte\" rel=\"author external\">Prensa El Fuerte<\/a>\t\t\t\t\t\t\t\t\t<\/span>\n\t\t\t\t\t\t\t\t\t<\/div>\n\t\t\t<\/div><!-- .entry-meta -->\n\t\t<\/div>\n\n\t\t\t\t\t<div class=\"gem-blog-slider-navigation\">\n\t\t\t\t<a href=\"#\" class=\"gem-blog-slider-prev gem-button gem-button-size-tiny\">\n\t\t\t\t\t<i aria-hidden=\"true\" class=\"gem-print-icon gem-icon-prev gem-elegant arrow-carrot-left\"><\/i>\t\t\t\t<\/a>\n\t\t\t\t<a href=\"#\" class=\"gem-blog-slider-next gem-button gem-button-size-tiny\">\n\t\t\t\t\t<i aria-hidden=\"true\" class=\"gem-print-icon gem-icon-prev gem-elegant arrow-carrot-right\"><\/i>\t\t\t\t<\/a>\n\t\t\t<\/div>\n\t\t\t<\/div>\n<\/article><!-- #post-4929 -->\n\n<article id=\"post-4921\" class=\"clearfix\">\n\n\t<a href=\"https:\/\/elfuerte.cl\/web\/2026\/03\/04\/inyeccion-historica-de-recursos-busca-aliviar-la-presion-por-listas-de-espera-en-la-araucania\/\" class=\"gem-slider-blog-link\"><\/a>\n\n\t<div class=\"gem-slider-item-image\" style=\"background: url('https:\/\/elfuerte.cl\/web\/wp-content\/uploads\/2026\/03\/portada-77.jpg') no-repeat 50% 50% \/ cover;\">\n\t\t<img src=\"https:\/\/elfuerte.cl\/web\/wp-content\/uploads\/2026\/03\/portada-77.jpg\"  style=\"visibility: hidden;\">\n\t<\/div>\n\n\t<div class=\"gem-slider-item-overlay\">\n\t\t<div class=\"gem-compact-item-content\">\n\t\t\t\t\t\t\t<div class=\"post-title\">\n\t\t\t\t\t<h5 class=\"entry-title reverse-link-color\"><span class=\"entry-title-date\"><\/span><span class=\"light\">Inyecci\u00f3n hist\u00f3rica de recursos busca aliviar la presi\u00f3n por listas de espera en La Araucan\u00eda<\/span><\/h5>\t\t\t\t<\/div>\n\t\t\t\n\t\t\t\t\t\t\t<div class=\"post-text date-color\">\n\t\t\t\t\t<div class=\"summary\">\n\t\t\t\t\t\t\t\t\t\t\t\t\t<p>Consejo Regional aprob\u00f3 una inversi\u00f3n superior a $5.300 millones que permitir\u00e1 financiar cerca de 25 mil atenciones m\u00e9dicas, m\u00e1s de 500 cirug\u00edas y prestaciones odontol\u00f3gicas en la red Araucan\u00eda Sur.<\/p>\n\t\t\t\t\t\t\t\t\t\t\t<\/div>\n\t\t\t\t<\/div>\n\t\t\t\n\t\t<\/div>\n\t\t<div class=\"post-meta date-color\">\n\t\t\t<div class=\"entry-meta clearfix gem-post-date\">\n\t\t\t\t<div class=\"post-meta-right\">\n\t\t\t\t\t\t\t\t\t\t\n\t\t\t\t\t\n\t\t\t\t<\/div>\n\t\t\t\t<div class=\"post-meta-left\">\n\t\t\t\t\t\t\t\t\t\t\t<span class=\"post-meta-author\">\n\t\t\t\t\t\t\t\t\t\tPor <a href=\"https:\/\/elfuerte.cl\/web\" title=\"Visitar el sitio de Prensa El Fuerte\" rel=\"author external\">Prensa El Fuerte<\/a>\t\t\t\t\t\t\t\t\t<\/span>\n\t\t\t\t\t\t\t\t\t<\/div>\n\t\t\t<\/div><!-- .entry-meta -->\n\t\t<\/div>\n\n\t\t\t\t\t<div class=\"gem-blog-slider-navigation\">\n\t\t\t\t<a href=\"#\" class=\"gem-blog-slider-prev gem-button gem-button-size-tiny\">\n\t\t\t\t\t<i aria-hidden=\"true\" class=\"gem-print-icon gem-icon-prev gem-elegant arrow-carrot-left\"><\/i>\t\t\t\t<\/a>\n\t\t\t\t<a href=\"#\" class=\"gem-blog-slider-next gem-button gem-button-size-tiny\">\n\t\t\t\t\t<i aria-hidden=\"true\" class=\"gem-print-icon gem-icon-prev gem-elegant arrow-carrot-right\"><\/i>\t\t\t\t<\/a>\n\t\t\t<\/div>\n\t\t\t<\/div>\n<\/article><!-- #post-4921 -->\n\n<article id=\"post-4912\" class=\"clearfix\">\n\n\t<a href=\"https:\/\/elfuerte.cl\/web\/2026\/03\/03\/gobernadores-regionales-se-reunen-en-puerto-montt-por-cambio-de-mando-en-agorechi\/\" class=\"gem-slider-blog-link\"><\/a>\n\n\t<div class=\"gem-slider-item-image\" style=\"background: url('https:\/\/elfuerte.cl\/web\/wp-content\/uploads\/2026\/03\/portada-76.jpg') no-repeat 50% 50% \/ cover;\">\n\t\t<img src=\"https:\/\/elfuerte.cl\/web\/wp-content\/uploads\/2026\/03\/portada-76.jpg\"  style=\"visibility: hidden;\">\n\t<\/div>\n\n\t<div class=\"gem-slider-item-overlay\">\n\t\t<div class=\"gem-compact-item-content\">\n\t\t\t\t\t\t\t<div class=\"post-title\">\n\t\t\t\t\t<h5 class=\"entry-title reverse-link-color\"><span class=\"entry-title-date\"><\/span><span class=\"light\">Gobernadores regionales se re\u00fanen en Puerto Montt por cambio de mando en Agorechi<\/span><\/h5>\t\t\t\t<\/div>\n\t\t\t\n\t\t\t\t\t\t\t<div class=\"post-text date-color\">\n\t\t\t\t\t<div class=\"summary\">\n\t\t\t\t\t\t\t\t\t\t\t\t\t<p>El Primer Encuentro Nacional 2026 de la Asociaci\u00f3n de Gobernadores Regionales de Chile se inici\u00f3 hoy en la capital de Los Lagos y culminar\u00e1 ma\u00f1ana mi\u00e9rcoles 4 con la renovaci\u00f3n de su directiva, en medio de una agenda marcada por los desaf\u00edos pendientes en descentralizaci\u00f3n y fortalecimiento del poder regional.<\/p>\n\t\t\t\t\t\t\t\t\t\t\t<\/div>\n\t\t\t\t<\/div>\n\t\t\t\n\t\t<\/div>\n\t\t<div class=\"post-meta date-color\">\n\t\t\t<div class=\"entry-meta clearfix gem-post-date\">\n\t\t\t\t<div class=\"post-meta-right\">\n\t\t\t\t\t\t\t\t\t\t\n\t\t\t\t\t\n\t\t\t\t<\/div>\n\t\t\t\t<div class=\"post-meta-left\">\n\t\t\t\t\t\t\t\t\t\t\t<span class=\"post-meta-author\">\n\t\t\t\t\t\t\t\t\t\tPor <a href=\"https:\/\/elfuerte.cl\/web\" title=\"Visitar el sitio de Prensa El Fuerte\" rel=\"author external\">Prensa El Fuerte<\/a>\t\t\t\t\t\t\t\t\t<\/span>\n\t\t\t\t\t\t\t\t\t<\/div>\n\t\t\t<\/div><!-- .entry-meta -->\n\t\t<\/div>\n\n\t\t\t\t\t<div class=\"gem-blog-slider-navigation\">\n\t\t\t\t<a href=\"#\" class=\"gem-blog-slider-prev gem-button gem-button-size-tiny\">\n\t\t\t\t\t<i aria-hidden=\"true\" class=\"gem-print-icon gem-icon-prev gem-elegant arrow-carrot-left\"><\/i>\t\t\t\t<\/a>\n\t\t\t\t<a href=\"#\" class=\"gem-blog-slider-next gem-button gem-button-size-tiny\">\n\t\t\t\t\t<i aria-hidden=\"true\" class=\"gem-print-icon gem-icon-prev gem-elegant arrow-carrot-right\"><\/i>\t\t\t\t<\/a>\n\t\t\t<\/div>\n\t\t\t<\/div>\n<\/article><!-- #post-4912 -->\n\n<article id=\"post-4902\" class=\"clearfix\">\n\n\t<a href=\"https:\/\/elfuerte.cl\/web\/2026\/03\/03\/en-la-capital-de-los-rios-aguas-decima-conmemora-el-mes-del-agua-con-amplio-programa-de-actividades\/\" class=\"gem-slider-blog-link\"><\/a>\n\n\t<div class=\"gem-slider-item-image\" style=\"background: url('https:\/\/elfuerte.cl\/web\/wp-content\/uploads\/2026\/03\/portada-75.jpg') no-repeat 50% 50% \/ cover;\">\n\t\t<img src=\"https:\/\/elfuerte.cl\/web\/wp-content\/uploads\/2026\/03\/portada-75.jpg\"  style=\"visibility: hidden;\">\n\t<\/div>\n\n\t<div class=\"gem-slider-item-overlay\">\n\t\t<div class=\"gem-compact-item-content\">\n\t\t\t\t\t\t\t<div class=\"post-title\">\n\t\t\t\t\t<h5 class=\"entry-title reverse-link-color\"><span class=\"entry-title-date\"><\/span><span class=\"light\">En la capital de Los R\u00edos Aguas D\u00e9cima conmemora el Mes del Agua con amplio programa de actividades<\/span><\/h5>\t\t\t\t<\/div>\n\t\t\t\n\t\t\t\t\t\t\t<div class=\"post-text date-color\">\n\t\t\t\t\t<div class=\"summary\">\n\t\t\t\t\t\t\t\t\t\t\t\t\t<p>En una ciudad marcada por su vocaci\u00f3n h\u00eddrica, la sanitaria desarrollar\u00e1 durante marzo diversas actividades en el marco del D\u00eda Mundial del Agua, reforzando el llamado al cuidado y uso responsable del recurso.<\/p>\n\t\t\t\t\t\t\t\t\t\t\t<\/div>\n\t\t\t\t<\/div>\n\t\t\t\n\t\t<\/div>\n\t\t<div class=\"post-meta date-color\">\n\t\t\t<div class=\"entry-meta clearfix gem-post-date\">\n\t\t\t\t<div class=\"post-meta-right\">\n\t\t\t\t\t\t\t\t\t\t\n\t\t\t\t\t\n\t\t\t\t<\/div>\n\t\t\t\t<div class=\"post-meta-left\">\n\t\t\t\t\t\t\t\t\t\t\t<span class=\"post-meta-author\">\n\t\t\t\t\t\t\t\t\t\tPor <a href=\"https:\/\/elfuerte.cl\/web\" title=\"Visitar el sitio de Prensa El Fuerte\" rel=\"author external\">Prensa El Fuerte<\/a>\t\t\t\t\t\t\t\t\t<\/span>\n\t\t\t\t\t\t\t\t\t<\/div>\n\t\t\t<\/div><!-- .entry-meta -->\n\t\t<\/div>\n\n\t\t\t\t\t<div class=\"gem-blog-slider-navigation\">\n\t\t\t\t<a href=\"#\" class=\"gem-blog-slider-prev gem-button gem-button-size-tiny\">\n\t\t\t\t\t<i aria-hidden=\"true\" class=\"gem-print-icon gem-icon-prev gem-elegant arrow-carrot-left\"><\/i>\t\t\t\t<\/a>\n\t\t\t\t<a href=\"#\" class=\"gem-blog-slider-next gem-button gem-button-size-tiny\">\n\t\t\t\t\t<i aria-hidden=\"true\" class=\"gem-print-icon gem-icon-prev gem-elegant arrow-carrot-right\"><\/i>\t\t\t\t<\/a>\n\t\t\t<\/div>\n\t\t\t<\/div>\n<\/article><!-- #post-4902 -->\n\n<article id=\"post-4888\" class=\"clearfix\">\n\n\t<a href=\"https:\/\/elfuerte.cl\/web\/2026\/03\/03\/de-la-preocupacion-materna-a-una-marca-nacional-oliver-kids-ya-esta-presente-en-mas-de-150-tiendas\/\" class=\"gem-slider-blog-link\"><\/a>\n\n\t<div class=\"gem-slider-item-image\" style=\"background: url('https:\/\/elfuerte.cl\/web\/wp-content\/uploads\/2026\/03\/portada-74.jpg') no-repeat 50% 50% \/ cover;\">\n\t\t<img src=\"https:\/\/elfuerte.cl\/web\/wp-content\/uploads\/2026\/03\/portada-74.jpg\"  style=\"visibility: hidden;\">\n\t<\/div>\n\n\t<div class=\"gem-slider-item-overlay\">\n\t\t<div class=\"gem-compact-item-content\">\n\t\t\t\t\t\t\t<div class=\"post-title\">\n\t\t\t\t\t<h5 class=\"entry-title reverse-link-color\"><span class=\"entry-title-date\"><\/span><span class=\"light\">De la preocupaci\u00f3n materna a una marca nacional:  Oliver Kids ya est\u00e1 presente en m\u00e1s de 150 tiendas<\/span><\/h5>\t\t\t\t<\/div>\n\t\t\t\n\t\t\t\t\t\t\t<div class=\"post-text date-color\">\n\t\t\t\t\t<div class=\"summary\">\n\t\t\t\t\t\t\t\t\t\t\t\t\t<p>Lo que comenz\u00f3 como la angustia cotidiana de dos madres frente a las restricciones alimentarias de sus hijos termin\u00f3 convirti\u00e9ndose en un emprendimiento que hoy se expande por todo el pa\u00eds, incluyendo el sur austral.<\/p>\n\t\t\t\t\t\t\t\t\t\t\t<\/div>\n\t\t\t\t<\/div>\n\t\t\t\n\t\t<\/div>\n\t\t<div class=\"post-meta date-color\">\n\t\t\t<div class=\"entry-meta clearfix gem-post-date\">\n\t\t\t\t<div class=\"post-meta-right\">\n\t\t\t\t\t\t\t\t\t\t\n\t\t\t\t\t\n\t\t\t\t<\/div>\n\t\t\t\t<div class=\"post-meta-left\">\n\t\t\t\t\t\t\t\t\t\t\t<span class=\"post-meta-author\">\n\t\t\t\t\t\t\t\t\t\tPor <a href=\"https:\/\/elfuerte.cl\/web\" title=\"Visitar el sitio de Prensa El Fuerte\" rel=\"author external\">Prensa El Fuerte<\/a>\t\t\t\t\t\t\t\t\t<\/span>\n\t\t\t\t\t\t\t\t\t<\/div>\n\t\t\t<\/div><!-- .entry-meta -->\n\t\t<\/div>\n\n\t\t\t\t\t<div class=\"gem-blog-slider-navigation\">\n\t\t\t\t<a href=\"#\" class=\"gem-blog-slider-prev gem-button gem-button-size-tiny\">\n\t\t\t\t\t<i aria-hidden=\"true\" class=\"gem-print-icon gem-icon-prev gem-elegant arrow-carrot-left\"><\/i>\t\t\t\t<\/a>\n\t\t\t\t<a href=\"#\" class=\"gem-blog-slider-next gem-button gem-button-size-tiny\">\n\t\t\t\t\t<i aria-hidden=\"true\" class=\"gem-print-icon gem-icon-prev gem-elegant arrow-carrot-right\"><\/i>\t\t\t\t<\/a>\n\t\t\t<\/div>\n\t\t\t<\/div>\n<\/article><!-- #post-4888 -->\n\n<article id=\"post-4881\" class=\"clearfix\">\n\n\t<a href=\"https:\/\/elfuerte.cl\/web\/2026\/03\/03\/puerto-montt-y-puerto-varas-consolidan-paso-clave-hacia-un-modelo-de-desarrollo-metropolitano-integrado\/\" class=\"gem-slider-blog-link\"><\/a>\n\n\t<div class=\"gem-slider-item-image\" style=\"background: url('https:\/\/elfuerte.cl\/web\/wp-content\/uploads\/2026\/03\/portada-73.jpg') no-repeat 50% 50% \/ cover;\">\n\t\t<img src=\"https:\/\/elfuerte.cl\/web\/wp-content\/uploads\/2026\/03\/portada-73.jpg\"  style=\"visibility: hidden;\">\n\t<\/div>\n\n\t<div class=\"gem-slider-item-overlay\">\n\t\t<div class=\"gem-compact-item-content\">\n\t\t\t\t\t\t\t<div class=\"post-title\">\n\t\t\t\t\t<h5 class=\"entry-title reverse-link-color\"><span class=\"entry-title-date\"><\/span><span class=\"light\">Puerto Montt y Puerto Varas consolidan paso clave  hacia un modelo de desarrollo metropolitano integrado<\/span><\/h5>\t\t\t\t<\/div>\n\t\t\t\n\t\t\t\t\t\t\t<div class=\"post-text date-color\">\n\t\t\t\t\t<div class=\"summary\">\n\t\t\t\t\t\t\t\t\t\t\t\t\t<p>La puesta en marcha de la gobernanza del \u00c1rea Metropolitana marca un avance estructural en la planificaci\u00f3n territorial conjunta entre ambas comunas, con respaldo t\u00e9cnico del Gobierno Regional y alineaci\u00f3n con la Estrategia Regional de Desarrollo Los Lagos 2030.<\/p>\n\t\t\t\t\t\t\t\t\t\t\t<\/div>\n\t\t\t\t<\/div>\n\t\t\t\n\t\t<\/div>\n\t\t<div class=\"post-meta date-color\">\n\t\t\t<div class=\"entry-meta clearfix gem-post-date\">\n\t\t\t\t<div class=\"post-meta-right\">\n\t\t\t\t\t\t\t\t\t\t\n\t\t\t\t\t\n\t\t\t\t<\/div>\n\t\t\t\t<div class=\"post-meta-left\">\n\t\t\t\t\t\t\t\t\t\t\t<span class=\"post-meta-author\">\n\t\t\t\t\t\t\t\t\t\tPor <a href=\"https:\/\/elfuerte.cl\/web\" title=\"Visitar el sitio de Prensa El Fuerte\" rel=\"author external\">Prensa El Fuerte<\/a>\t\t\t\t\t\t\t\t\t<\/span>\n\t\t\t\t\t\t\t\t\t<\/div>\n\t\t\t<\/div><!-- .entry-meta -->\n\t\t<\/div>\n\n\t\t\t\t\t<div class=\"gem-blog-slider-navigation\">\n\t\t\t\t<a href=\"#\" class=\"gem-blog-slider-prev gem-button gem-button-size-tiny\">\n\t\t\t\t\t<i aria-hidden=\"true\" class=\"gem-print-icon gem-icon-prev gem-elegant arrow-carrot-left\"><\/i>\t\t\t\t<\/a>\n\t\t\t\t<a href=\"#\" class=\"gem-blog-slider-next gem-button gem-button-size-tiny\">\n\t\t\t\t\t<i aria-hidden=\"true\" class=\"gem-print-icon gem-icon-prev gem-elegant arrow-carrot-right\"><\/i>\t\t\t\t<\/a>\n\t\t\t<\/div>\n\t\t\t<\/div>\n<\/article><!-- #post-4881 -->\n\n<article id=\"post-4869\" class=\"clearfix\">\n\n\t<a href=\"https:\/\/elfuerte.cl\/web\/2026\/03\/03\/la-nueva-frontera-contra-el-cancer-avanzan-las-terapias-personalizadas-basadas-en-arn\/\" class=\"gem-slider-blog-link\"><\/a>\n\n\t<div class=\"gem-slider-item-image\" style=\"background: url('https:\/\/elfuerte.cl\/web\/wp-content\/uploads\/2026\/03\/bannerarn.jpg') no-repeat 50% 50% \/ cover;\">\n\t\t<img src=\"https:\/\/elfuerte.cl\/web\/wp-content\/uploads\/2026\/03\/bannerarn.jpg\"  style=\"visibility: hidden;\">\n\t<\/div>\n\n\t<div class=\"gem-slider-item-overlay\">\n\t\t<div class=\"gem-compact-item-content\">\n\t\t\t\t\t\t\t<div class=\"post-title\">\n\t\t\t\t\t<h5 class=\"entry-title reverse-link-color\"><span class=\"entry-title-date\"><\/span><span class=\"light\">La nueva frontera contra el c\u00e1ncer: avanzan las terapias personalizadas basadas en ARN<\/span><\/h5>\t\t\t\t<\/div>\n\t\t\t\n\t\t\t\t\t\t\t<div class=\"post-text date-color\">\n\t\t\t\t\t<div class=\"summary\">\n\t\t\t\t\t\t\t\t\t\t\t\t\t<p>Ensayos cl\u00ednicos en Estados Unidos y Europa muestran resultados prometedores en vacunas terap\u00e9uticas dise\u00f1adas a partir del perfil gen\u00e9tico de cada tumor, abriendo una nueva etapa en la medicina de precisi\u00f3n.<\/p>\n\t\t\t\t\t\t\t\t\t\t\t<\/div>\n\t\t\t\t<\/div>\n\t\t\t\n\t\t<\/div>\n\t\t<div class=\"post-meta date-color\">\n\t\t\t<div class=\"entry-meta clearfix gem-post-date\">\n\t\t\t\t<div class=\"post-meta-right\">\n\t\t\t\t\t\t\t\t\t\t\n\t\t\t\t\t\n\t\t\t\t<\/div>\n\t\t\t\t<div class=\"post-meta-left\">\n\t\t\t\t\t\t\t\t\t\t\t<span class=\"post-meta-author\">\n\t\t\t\t\t\t\t\t\t\tPor <a href=\"https:\/\/elfuerte.cl\/web\" title=\"Visitar el sitio de Prensa El Fuerte\" rel=\"author external\">Prensa El Fuerte<\/a>\t\t\t\t\t\t\t\t\t<\/span>\n\t\t\t\t\t\t\t\t\t<\/div>\n\t\t\t<\/div><!-- .entry-meta -->\n\t\t<\/div>\n\n\t\t\t\t\t<div class=\"gem-blog-slider-navigation\">\n\t\t\t\t<a href=\"#\" class=\"gem-blog-slider-prev gem-button gem-button-size-tiny\">\n\t\t\t\t\t<i aria-hidden=\"true\" class=\"gem-print-icon gem-icon-prev gem-elegant arrow-carrot-left\"><\/i>\t\t\t\t<\/a>\n\t\t\t\t<a href=\"#\" class=\"gem-blog-slider-next gem-button gem-button-size-tiny\">\n\t\t\t\t\t<i aria-hidden=\"true\" class=\"gem-print-icon gem-icon-prev gem-elegant arrow-carrot-right\"><\/i>\t\t\t\t<\/a>\n\t\t\t<\/div>\n\t\t\t<\/div>\n<\/article><!-- #post-4869 -->\n\n<article id=\"post-4848\" class=\"clearfix\">\n\n\t<a href=\"https:\/\/elfuerte.cl\/web\/2026\/03\/01\/valdivia-celebro-474-anos-bajo-la-lluvia-mas-de-60-mil-personas-repletaron-la-costanera-en-una-noche-valdiviana-epica\/\" class=\"gem-slider-blog-link\"><\/a>\n\n\t<div class=\"gem-slider-item-image\" style=\"background: url('https:\/\/elfuerte.cl\/web\/wp-content\/uploads\/2026\/03\/portada-2.jpg') no-repeat 50% 50% \/ cover;\">\n\t\t<img src=\"https:\/\/elfuerte.cl\/web\/wp-content\/uploads\/2026\/03\/portada-2.jpg\"  style=\"visibility: hidden;\">\n\t<\/div>\n\n\t<div class=\"gem-slider-item-overlay\">\n\t\t<div class=\"gem-compact-item-content\">\n\t\t\t\t\t\t\t<div class=\"post-title\">\n\t\t\t\t\t<h5 class=\"entry-title reverse-link-color\"><span class=\"entry-title-date\"><\/span><span class=\"light\">Valdivia celebr\u00f3 474 a\u00f1os bajo la lluvia: m\u00e1s de 60 mil personas repletaron la Costanera en una Noche Valdiviana \u00e9pica<\/span><\/h5>\t\t\t\t<\/div>\n\t\t\t\n\t\t\t\t\t\t\t<div class=\"post-text date-color\">\n\t\t\t\t\t<div class=\"summary\">\n\t\t\t\t\t\t\t\t\t\t\t\t\t<p>La ciudad del agua conmemor\u00f3 su aniversario en medio de viento y lluvia, condiciones habituales para los valdivianos que esta vez tambi\u00e9n sorprendieron y encantaron a visitantes de distintas regiones del pa\u00eds.<\/p>\n\t\t\t\t\t\t\t\t\t\t\t<\/div>\n\t\t\t\t<\/div>\n\t\t\t\n\t\t<\/div>\n\t\t<div class=\"post-meta date-color\">\n\t\t\t<div class=\"entry-meta clearfix gem-post-date\">\n\t\t\t\t<div class=\"post-meta-right\">\n\t\t\t\t\t\t\t\t\t\t\n\t\t\t\t\t\n\t\t\t\t<\/div>\n\t\t\t\t<div class=\"post-meta-left\">\n\t\t\t\t\t\t\t\t\t\t\t<span class=\"post-meta-author\">\n\t\t\t\t\t\t\t\t\t\tPor <a href=\"https:\/\/elfuerte.cl\/web\" title=\"Visitar el sitio de Prensa El Fuerte\" rel=\"author external\">Prensa El Fuerte<\/a>\t\t\t\t\t\t\t\t\t<\/span>\n\t\t\t\t\t\t\t\t\t<\/div>\n\t\t\t<\/div><!-- .entry-meta -->\n\t\t<\/div>\n\n\t\t\t\t\t<div class=\"gem-blog-slider-navigation\">\n\t\t\t\t<a href=\"#\" class=\"gem-blog-slider-prev gem-button gem-button-size-tiny\">\n\t\t\t\t\t<i aria-hidden=\"true\" class=\"gem-print-icon gem-icon-prev gem-elegant arrow-carrot-left\"><\/i>\t\t\t\t<\/a>\n\t\t\t\t<a href=\"#\" class=\"gem-blog-slider-next gem-button gem-button-size-tiny\">\n\t\t\t\t\t<i aria-hidden=\"true\" class=\"gem-print-icon gem-icon-prev gem-elegant arrow-carrot-right\"><\/i>\t\t\t\t<\/a>\n\t\t\t<\/div>\n\t\t\t<\/div>\n<\/article><!-- #post-4848 -->\n\n<article id=\"post-4837\" class=\"clearfix\">\n\n\t<a href=\"https:\/\/elfuerte.cl\/web\/2026\/02\/27\/ine-desempleo-nacional-llega-a-83-y-biobio-sigue-como-la-region-con-mayor-tasa-en-la-macrozona-sur\/\" class=\"gem-slider-blog-link\"><\/a>\n\n\t<div class=\"gem-slider-item-image\" style=\"background: url('https:\/\/elfuerte.cl\/web\/wp-content\/uploads\/2026\/02\/portada-69.jpg') no-repeat 50% 50% \/ cover;\">\n\t\t<img src=\"https:\/\/elfuerte.cl\/web\/wp-content\/uploads\/2026\/02\/portada-69.jpg\"  style=\"visibility: hidden;\">\n\t<\/div>\n\n\t<div class=\"gem-slider-item-overlay\">\n\t\t<div class=\"gem-compact-item-content\">\n\t\t\t\t\t\t\t<div class=\"post-title\">\n\t\t\t\t\t<h5 class=\"entry-title reverse-link-color\"><span class=\"entry-title-date\"><\/span><span class=\"light\">INE: Desempleo nacional llega a 8,3% y Biob\u00edo sigue como la regi\u00f3n con mayor tasa en la macrozona sur<\/span><\/h5>\t\t\t\t<\/div>\n\t\t\t\n\t\t\t\t\t\t\t<div class=\"post-text date-color\">\n\t\t\t\t\t<div class=\"summary\">\n\t\t\t\t\t\t\t\t\t\t\t\t\t<p>La tasa nacional alcanz\u00f3 8,3% en el trimestre m\u00f3vil noviembre 2025 \u2013 enero 2026, con alzas en Biob\u00edo y Los Lagos, baja significativa en La Araucan\u00eda y estabilidad en Los R\u00edos, seg\u00fan el \u00faltimo informe del INE.<\/p>\n\t\t\t\t\t\t\t\t\t\t\t<\/div>\n\t\t\t\t<\/div>\n\t\t\t\n\t\t<\/div>\n\t\t<div class=\"post-meta date-color\">\n\t\t\t<div class=\"entry-meta clearfix gem-post-date\">\n\t\t\t\t<div class=\"post-meta-right\">\n\t\t\t\t\t\t\t\t\t\t\n\t\t\t\t\t\n\t\t\t\t<\/div>\n\t\t\t\t<div class=\"post-meta-left\">\n\t\t\t\t\t\t\t\t\t\t\t<span class=\"post-meta-author\">\n\t\t\t\t\t\t\t\t\t\tPor <a href=\"https:\/\/elfuerte.cl\/web\" title=\"Visitar el sitio de Prensa El Fuerte\" rel=\"author external\">Prensa El Fuerte<\/a>\t\t\t\t\t\t\t\t\t<\/span>\n\t\t\t\t\t\t\t\t\t<\/div>\n\t\t\t<\/div><!-- .entry-meta -->\n\t\t<\/div>\n\n\t\t\t\t\t<div class=\"gem-blog-slider-navigation\">\n\t\t\t\t<a href=\"#\" class=\"gem-blog-slider-prev gem-button gem-button-size-tiny\">\n\t\t\t\t\t<i aria-hidden=\"true\" class=\"gem-print-icon gem-icon-prev gem-elegant arrow-carrot-left\"><\/i>\t\t\t\t<\/a>\n\t\t\t\t<a href=\"#\" class=\"gem-blog-slider-next gem-button gem-button-size-tiny\">\n\t\t\t\t\t<i aria-hidden=\"true\" class=\"gem-print-icon gem-icon-prev gem-elegant arrow-carrot-right\"><\/i>\t\t\t\t<\/a>\n\t\t\t<\/div>\n\t\t\t<\/div>\n<\/article><!-- #post-4837 -->\n\n<article id=\"post-4829\" class=\"clearfix\">\n\n\t<a href=\"https:\/\/elfuerte.cl\/web\/2026\/02\/27\/barrio-cochrane-relanza-su-guia-patrimonial-con-nueva-edicion-y-anuncia-septima-version-de-su-fiesta-ciudadana\/\" class=\"gem-slider-blog-link\"><\/a>\n\n\t<div class=\"gem-slider-item-image\" style=\"background: url('https:\/\/elfuerte.cl\/web\/wp-content\/uploads\/2026\/02\/portada-68.jpg') no-repeat 50% 50% \/ cover;\">\n\t\t<img src=\"https:\/\/elfuerte.cl\/web\/wp-content\/uploads\/2026\/02\/portada-68.jpg\"  style=\"visibility: hidden;\">\n\t<\/div>\n\n\t<div class=\"gem-slider-item-overlay\">\n\t\t<div class=\"gem-compact-item-content\">\n\t\t\t\t\t\t\t<div class=\"post-title\">\n\t\t\t\t\t<h5 class=\"entry-title reverse-link-color\"><span class=\"entry-title-date\"><\/span><span class=\"light\">Barrio Cochrane relanza su gu\u00eda patrimonial con nueva edici\u00f3n y anuncia s\u00e9ptima versi\u00f3n de su fiesta ciudadana<\/span><\/h5>\t\t\t\t<\/div>\n\t\t\t\n\t\t\t\t\t\t\t<div class=\"post-text date-color\">\n\t\t\t\t\t<div class=\"summary\">\n\t\t\t\t\t\t\t\t\t\t\t\t\t<p>La segunda edici\u00f3n de la Gu\u00eda Barrio Cochrane contempla un tiraje de 500 ejemplares y actualiza contenidos hist\u00f3ricos y comerciales del tradicional sector del centro de Valdivia. La publicaci\u00f3n se distribuir\u00e1 junto a la realizaci\u00f3n del evento Barrio Cochrane Abierto.<\/p>\n\t\t\t\t\t\t\t\t\t\t\t<\/div>\n\t\t\t\t<\/div>\n\t\t\t\n\t\t<\/div>\n\t\t<div class=\"post-meta date-color\">\n\t\t\t<div class=\"entry-meta clearfix gem-post-date\">\n\t\t\t\t<div class=\"post-meta-right\">\n\t\t\t\t\t\t\t\t\t\t\n\t\t\t\t\t\n\t\t\t\t<\/div>\n\t\t\t\t<div class=\"post-meta-left\">\n\t\t\t\t\t\t\t\t\t\t\t<span class=\"post-meta-author\">\n\t\t\t\t\t\t\t\t\t\tPor <a href=\"https:\/\/elfuerte.cl\/web\" title=\"Visitar el sitio de Prensa El Fuerte\" rel=\"author external\">Prensa El Fuerte<\/a>\t\t\t\t\t\t\t\t\t<\/span>\n\t\t\t\t\t\t\t\t\t<\/div>\n\t\t\t<\/div><!-- .entry-meta -->\n\t\t<\/div>\n\n\t\t\t\t\t<div class=\"gem-blog-slider-navigation\">\n\t\t\t\t<a href=\"#\" class=\"gem-blog-slider-prev gem-button gem-button-size-tiny\">\n\t\t\t\t\t<i aria-hidden=\"true\" class=\"gem-print-icon gem-icon-prev gem-elegant arrow-carrot-left\"><\/i>\t\t\t\t<\/a>\n\t\t\t\t<a href=\"#\" class=\"gem-blog-slider-next gem-button gem-button-size-tiny\">\n\t\t\t\t\t<i aria-hidden=\"true\" class=\"gem-print-icon gem-icon-prev gem-elegant arrow-carrot-right\"><\/i>\t\t\t\t<\/a>\n\t\t\t<\/div>\n\t\t\t<\/div>\n<\/article><!-- #post-4829 -->\n\n<article id=\"post-4822\" class=\"clearfix\">\n\n\t<a href=\"https:\/\/elfuerte.cl\/web\/2026\/02\/26\/entra-en-funcionamiento-cosam-alerce-y-refuerza-red-de-salud-mental-en-sector-de-alto-crecimiento-poblacional\/\" class=\"gem-slider-blog-link\"><\/a>\n\n\t<div class=\"gem-slider-item-image\" style=\"background: url('https:\/\/elfuerte.cl\/web\/wp-content\/uploads\/2026\/02\/portada-67.jpg') no-repeat 50% 50% \/ cover;\">\n\t\t<img src=\"https:\/\/elfuerte.cl\/web\/wp-content\/uploads\/2026\/02\/portada-67.jpg\"  style=\"visibility: hidden;\">\n\t<\/div>\n\n\t<div class=\"gem-slider-item-overlay\">\n\t\t<div class=\"gem-compact-item-content\">\n\t\t\t\t\t\t\t<div class=\"post-title\">\n\t\t\t\t\t<h5 class=\"entry-title reverse-link-color\"><span class=\"entry-title-date\"><\/span><span class=\"light\">Entra en funcionamiento COSAM Alerce y refuerza red de salud mental en sector de alto crecimiento poblacional<\/span><\/h5>\t\t\t\t<\/div>\n\t\t\t\n\t\t\t\t\t\t\t<div class=\"post-text date-color\">\n\t\t\t\t\t<div class=\"summary\">\n\t\t\t\t\t\t\t\t\t\t\t\t\t<p>El nuevo Centro Comunitario de Salud Mental comenz\u00f3 a operar esta semana en Alerce, un territorio entre Puerto Montt y Puerto Varas que ha experimentado un sostenido aumento demogr\u00e1fico y creciente demanda por servicios p\u00fablicos.<\/p>\n\t\t\t\t\t\t\t\t\t\t\t<\/div>\n\t\t\t\t<\/div>\n\t\t\t\n\t\t<\/div>\n\t\t<div class=\"post-meta date-color\">\n\t\t\t<div class=\"entry-meta clearfix gem-post-date\">\n\t\t\t\t<div class=\"post-meta-right\">\n\t\t\t\t\t\t\t\t\t\t\n\t\t\t\t\t\n\t\t\t\t<\/div>\n\t\t\t\t<div class=\"post-meta-left\">\n\t\t\t\t\t\t\t\t\t\t\t<span class=\"post-meta-author\">\n\t\t\t\t\t\t\t\t\t\tPor <a href=\"https:\/\/elfuerte.cl\/web\" title=\"Visitar el sitio de Prensa El Fuerte\" rel=\"author external\">Prensa El Fuerte<\/a>\t\t\t\t\t\t\t\t\t<\/span>\n\t\t\t\t\t\t\t\t\t<\/div>\n\t\t\t<\/div><!-- .entry-meta -->\n\t\t<\/div>\n\n\t\t\t\t\t<div class=\"gem-blog-slider-navigation\">\n\t\t\t\t<a href=\"#\" class=\"gem-blog-slider-prev gem-button gem-button-size-tiny\">\n\t\t\t\t\t<i aria-hidden=\"true\" class=\"gem-print-icon gem-icon-prev gem-elegant arrow-carrot-left\"><\/i>\t\t\t\t<\/a>\n\t\t\t\t<a href=\"#\" class=\"gem-blog-slider-next gem-button gem-button-size-tiny\">\n\t\t\t\t\t<i aria-hidden=\"true\" class=\"gem-print-icon gem-icon-prev gem-elegant arrow-carrot-right\"><\/i>\t\t\t\t<\/a>\n\t\t\t<\/div>\n\t\t\t<\/div>\n<\/article><!-- #post-4822 -->\n\n<article id=\"post-4815\" class=\"clearfix\">\n\n\t<a href=\"https:\/\/elfuerte.cl\/web\/2026\/02\/26\/comunidades-mapuche-exigen-formalizar-ensenanza-del-mapudungun-en-establecimientos-educacionales-de-la-araucania\/\" class=\"gem-slider-blog-link\"><\/a>\n\n\t<div class=\"gem-slider-item-image\" style=\"background: url('https:\/\/elfuerte.cl\/web\/wp-content\/uploads\/2026\/02\/portada-66.jpg') no-repeat 50% 50% \/ cover;\">\n\t\t<img src=\"https:\/\/elfuerte.cl\/web\/wp-content\/uploads\/2026\/02\/portada-66.jpg\"  style=\"visibility: hidden;\">\n\t<\/div>\n\n\t<div class=\"gem-slider-item-overlay\">\n\t\t<div class=\"gem-compact-item-content\">\n\t\t\t\t\t\t\t<div class=\"post-title\">\n\t\t\t\t\t<h5 class=\"entry-title reverse-link-color\"><span class=\"entry-title-date\"><\/span><span class=\"light\">Comunidades mapuche exigen formalizar ense\u00f1anza del mapudungun en establecimientos educacionales de La Araucan\u00eda<\/span><\/h5>\t\t\t\t<\/div>\n\t\t\t\n\t\t\t\t\t\t\t<div class=\"post-text date-color\">\n\t\t\t\t\t<div class=\"summary\">\n\t\t\t\t\t\t\t\t\t\t\t\t\t<p>Durante la marcha por el D\u00eda Internacional de la Lengua Materna en Temuco, organizaciones y comunidades reiteraron la necesidad de que el Estado implemente de manera estructural la ense\u00f1anza del mapudungun en escuelas y liceos de la regi\u00f3n.<\/p>\n\t\t\t\t\t\t\t\t\t\t\t<\/div>\n\t\t\t\t<\/div>\n\t\t\t\n\t\t<\/div>\n\t\t<div class=\"post-meta date-color\">\n\t\t\t<div class=\"entry-meta clearfix gem-post-date\">\n\t\t\t\t<div class=\"post-meta-right\">\n\t\t\t\t\t\t\t\t\t\t\n\t\t\t\t\t\n\t\t\t\t<\/div>\n\t\t\t\t<div class=\"post-meta-left\">\n\t\t\t\t\t\t\t\t\t\t\t<span class=\"post-meta-author\">\n\t\t\t\t\t\t\t\t\t\tPor <a href=\"https:\/\/elfuerte.cl\/web\" title=\"Visitar el sitio de Prensa El Fuerte\" rel=\"author external\">Prensa El Fuerte<\/a>\t\t\t\t\t\t\t\t\t<\/span>\n\t\t\t\t\t\t\t\t\t<\/div>\n\t\t\t<\/div><!-- .entry-meta -->\n\t\t<\/div>\n\n\t\t\t\t\t<div class=\"gem-blog-slider-navigation\">\n\t\t\t\t<a href=\"#\" class=\"gem-blog-slider-prev gem-button gem-button-size-tiny\">\n\t\t\t\t\t<i aria-hidden=\"true\" class=\"gem-print-icon gem-icon-prev gem-elegant arrow-carrot-left\"><\/i>\t\t\t\t<\/a>\n\t\t\t\t<a href=\"#\" class=\"gem-blog-slider-next gem-button gem-button-size-tiny\">\n\t\t\t\t\t<i aria-hidden=\"true\" class=\"gem-print-icon gem-icon-prev gem-elegant arrow-carrot-right\"><\/i>\t\t\t\t<\/a>\n\t\t\t<\/div>\n\t\t\t<\/div>\n<\/article><!-- #post-4815 -->\n\n<article id=\"post-4806\" class=\"clearfix\">\n\n\t<a href=\"https:\/\/elfuerte.cl\/web\/2026\/02\/26\/comienzan-sondajes-geotecnicos-del-puente-cochrane-y-proyecto-entra-en-fase-tecnica-clave\/\" class=\"gem-slider-blog-link\"><\/a>\n\n\t<div class=\"gem-slider-item-image\" style=\"background: url('https:\/\/elfuerte.cl\/web\/wp-content\/uploads\/2026\/02\/portada-65.jpg') no-repeat 50% 50% \/ cover;\">\n\t\t<img src=\"https:\/\/elfuerte.cl\/web\/wp-content\/uploads\/2026\/02\/portada-65.jpg\"  style=\"visibility: hidden;\">\n\t<\/div>\n\n\t<div class=\"gem-slider-item-overlay\">\n\t\t<div class=\"gem-compact-item-content\">\n\t\t\t\t\t\t\t<div class=\"post-title\">\n\t\t\t\t\t<h5 class=\"entry-title reverse-link-color\"><span class=\"entry-title-date\"><\/span><span class=\"light\">Comienzan sondajes geot\u00e9cnicos del Puente Cochrane y proyecto entra en fase t\u00e9cnica clave<\/span><\/h5>\t\t\t\t<\/div>\n\t\t\t\n\t\t\t\t\t\t\t<div class=\"post-text date-color\">\n\t\t\t\t\t<div class=\"summary\">\n\t\t\t\t\t\t\t\t\t\t\t\t\t<p>El inicio de las exploraciones en el lecho del r\u00edo Valdivia marca un paso decisivo en la actualizaci\u00f3n de la ingenier\u00eda del segundo puente entre el centro y la Isla Teja, tras m\u00e1s de una d\u00e9cada de postergaciones, redise\u00f1os y desfases presupuestarios.<\/p>\n\t\t\t\t\t\t\t\t\t\t\t<\/div>\n\t\t\t\t<\/div>\n\t\t\t\n\t\t<\/div>\n\t\t<div class=\"post-meta date-color\">\n\t\t\t<div class=\"entry-meta clearfix gem-post-date\">\n\t\t\t\t<div class=\"post-meta-right\">\n\t\t\t\t\t\t\t\t\t\t\n\t\t\t\t\t\n\t\t\t\t<\/div>\n\t\t\t\t<div class=\"post-meta-left\">\n\t\t\t\t\t\t\t\t\t\t\t<span class=\"post-meta-author\">\n\t\t\t\t\t\t\t\t\t\tPor <a href=\"https:\/\/elfuerte.cl\/web\" title=\"Visitar el sitio de Prensa El Fuerte\" rel=\"author external\">Prensa El Fuerte<\/a>\t\t\t\t\t\t\t\t\t<\/span>\n\t\t\t\t\t\t\t\t\t<\/div>\n\t\t\t<\/div><!-- .entry-meta -->\n\t\t<\/div>\n\n\t\t\t\t\t<div class=\"gem-blog-slider-navigation\">\n\t\t\t\t<a href=\"#\" class=\"gem-blog-slider-prev gem-button gem-button-size-tiny\">\n\t\t\t\t\t<i aria-hidden=\"true\" class=\"gem-print-icon gem-icon-prev gem-elegant arrow-carrot-left\"><\/i>\t\t\t\t<\/a>\n\t\t\t\t<a href=\"#\" class=\"gem-blog-slider-next gem-button gem-button-size-tiny\">\n\t\t\t\t\t<i aria-hidden=\"true\" class=\"gem-print-icon gem-icon-prev gem-elegant arrow-carrot-right\"><\/i>\t\t\t\t<\/a>\n\t\t\t<\/div>\n\t\t\t<\/div>\n<\/article><!-- #post-4806 -->\n\n<article id=\"post-4794\" class=\"clearfix\">\n\n\t<a href=\"https:\/\/elfuerte.cl\/web\/2026\/02\/25\/todo-listo-para-la-noche-valdiviana-que-conmemorara-los-474-anos-de-la-ciudad\/\" class=\"gem-slider-blog-link\"><\/a>\n\n\t<div class=\"gem-slider-item-image\" style=\"background: url('https:\/\/elfuerte.cl\/web\/wp-content\/uploads\/2026\/02\/portada-4.jpg') no-repeat 50% 50% \/ cover;\">\n\t\t<img src=\"https:\/\/elfuerte.cl\/web\/wp-content\/uploads\/2026\/02\/portada-4.jpg\"  style=\"visibility: hidden;\">\n\t<\/div>\n\n\t<div class=\"gem-slider-item-overlay\">\n\t\t<div class=\"gem-compact-item-content\">\n\t\t\t\t\t\t\t<div class=\"post-title\">\n\t\t\t\t\t<h5 class=\"entry-title reverse-link-color\"><span class=\"entry-title-date\"><\/span><span class=\"light\">Todo listo para la Noche Valdiviana que conmemorar\u00e1 los 474 a\u00f1os de la ciudad<\/span><\/h5>\t\t\t\t<\/div>\n\t\t\t\n\t\t\t\t\t\t\t<div class=\"post-text date-color\">\n\t\t\t\t\t<div class=\"summary\">\n\t\t\t\t\t\t\t\t\t\t\t\t\t<p>Evento fue confirmado tras disiparse la incertidumbre clim\u00e1tica y contar\u00e1 con un amplio despliegue de seguridad en tierra y r\u00edo, 395 funcionarios municipales, refuerzo de Carabineros y Armada, programaci\u00f3n art\u00edstica desde las 16 horas y medidas preventivas orientadas a garantizar una fiesta ciudadana masiva, ordenada y segura en el cierre de la temporada estival.<\/p>\n\t\t\t\t\t\t\t\t\t\t\t<\/div>\n\t\t\t\t<\/div>\n\t\t\t\n\t\t<\/div>\n\t\t<div class=\"post-meta date-color\">\n\t\t\t<div class=\"entry-meta clearfix gem-post-date\">\n\t\t\t\t<div class=\"post-meta-right\">\n\t\t\t\t\t\t\t\t\t\t\n\t\t\t\t\t\n\t\t\t\t<\/div>\n\t\t\t\t<div class=\"post-meta-left\">\n\t\t\t\t\t\t\t\t\t\t\t<span class=\"post-meta-author\">\n\t\t\t\t\t\t\t\t\t\tPor <a href=\"https:\/\/elfuerte.cl\/web\" title=\"Visitar el sitio de Prensa El Fuerte\" rel=\"author external\">Prensa El Fuerte<\/a>\t\t\t\t\t\t\t\t\t<\/span>\n\t\t\t\t\t\t\t\t\t<\/div>\n\t\t\t<\/div><!-- .entry-meta -->\n\t\t<\/div>\n\n\t\t\t\t\t<div class=\"gem-blog-slider-navigation\">\n\t\t\t\t<a href=\"#\" class=\"gem-blog-slider-prev gem-button gem-button-size-tiny\">\n\t\t\t\t\t<i aria-hidden=\"true\" class=\"gem-print-icon gem-icon-prev gem-elegant arrow-carrot-left\"><\/i>\t\t\t\t<\/a>\n\t\t\t\t<a href=\"#\" class=\"gem-blog-slider-next gem-button gem-button-size-tiny\">\n\t\t\t\t\t<i aria-hidden=\"true\" class=\"gem-print-icon gem-icon-prev gem-elegant arrow-carrot-right\"><\/i>\t\t\t\t<\/a>\n\t\t\t<\/div>\n\t\t\t<\/div>\n<\/article><!-- #post-4794 -->\n\n<article id=\"post-4783\" class=\"clearfix\">\n\n\t<a href=\"https:\/\/elfuerte.cl\/web\/2026\/02\/24\/ministra-del-mop-continua-agenda-en-los-lagos-no-exenta-de-polemicas-con-el-alcalde-de-puerto-montt\/\" class=\"gem-slider-blog-link\"><\/a>\n\n\t<div class=\"gem-slider-item-image\" style=\"background: url('https:\/\/elfuerte.cl\/web\/wp-content\/uploads\/2026\/02\/Pilauco-2.jpeg') no-repeat 50% 50% \/ cover;\">\n\t\t<img src=\"https:\/\/elfuerte.cl\/web\/wp-content\/uploads\/2026\/02\/Pilauco-2.jpeg\"  style=\"visibility: hidden;\">\n\t<\/div>\n\n\t<div class=\"gem-slider-item-overlay\">\n\t\t<div class=\"gem-compact-item-content\">\n\t\t\t\t\t\t\t<div class=\"post-title\">\n\t\t\t\t\t<h5 class=\"entry-title reverse-link-color\"><span class=\"entry-title-date\"><\/span><span class=\"light\">Ministra del MOP contin\u00faa agenda en Los Lagos, no exenta de pol\u00e9micas con el alcalde de Puerto Montt<\/span><\/h5>\t\t\t\t<\/div>\n\t\t\t\n\t\t\t\t\t\t\t<div class=\"post-text date-color\">\n\t\t\t\t\t<div class=\"summary\">\n\t\t\t\t\t\t\t\t\t\t\t\t\t<p>Jessica L\u00f3pez encabez\u00f3 en Osorno el inicio del proyecto Acceso Norte y la inauguraci\u00f3n de un Servicio Sanitario Rural, tras su paso por Puerto Montt donde anunci\u00f3 la doble v\u00eda al aeropuerto El Tepual y particip\u00f3 en el consejo asesor del Puente Chacao. La visita gener\u00f3 cuestionamientos del alcalde Rodrigo Wainraihgt.<\/p>\n\t\t\t\t\t\t\t\t\t\t\t<\/div>\n\t\t\t\t<\/div>\n\t\t\t\n\t\t<\/div>\n\t\t<div class=\"post-meta date-color\">\n\t\t\t<div class=\"entry-meta clearfix gem-post-date\">\n\t\t\t\t<div class=\"post-meta-right\">\n\t\t\t\t\t\t\t\t\t\t\n\t\t\t\t\t\n\t\t\t\t<\/div>\n\t\t\t\t<div class=\"post-meta-left\">\n\t\t\t\t\t\t\t\t\t\t\t<span class=\"post-meta-author\">\n\t\t\t\t\t\t\t\t\t\tPor <a href=\"https:\/\/elfuerte.cl\/web\" title=\"Visitar el sitio de Prensa El Fuerte\" rel=\"author external\">Prensa El Fuerte<\/a>\t\t\t\t\t\t\t\t\t<\/span>\n\t\t\t\t\t\t\t\t\t<\/div>\n\t\t\t<\/div><!-- .entry-meta -->\n\t\t<\/div>\n\n\t\t\t\t\t<div class=\"gem-blog-slider-navigation\">\n\t\t\t\t<a href=\"#\" class=\"gem-blog-slider-prev gem-button gem-button-size-tiny\">\n\t\t\t\t\t<i aria-hidden=\"true\" class=\"gem-print-icon gem-icon-prev gem-elegant arrow-carrot-left\"><\/i>\t\t\t\t<\/a>\n\t\t\t\t<a href=\"#\" class=\"gem-blog-slider-next gem-button gem-button-size-tiny\">\n\t\t\t\t\t<i aria-hidden=\"true\" class=\"gem-print-icon gem-icon-prev gem-elegant arrow-carrot-right\"><\/i>\t\t\t\t<\/a>\n\t\t\t<\/div>\n\t\t\t<\/div>\n<\/article><!-- #post-4783 -->\n\n<article id=\"post-4770\" class=\"clearfix\">\n\n\t<a href=\"https:\/\/elfuerte.cl\/web\/2026\/02\/24\/operativo-preventivo-refuerza-grifos-en-sector-donde-se-desarrollara-la-noche-valdiviana\/\" class=\"gem-slider-blog-link\"><\/a>\n\n\t<div class=\"gem-slider-item-image\" style=\"background: url('https:\/\/elfuerte.cl\/web\/wp-content\/uploads\/2026\/02\/portada-62.jpg') no-repeat 50% 50% \/ cover;\">\n\t\t<img src=\"https:\/\/elfuerte.cl\/web\/wp-content\/uploads\/2026\/02\/portada-62.jpg\"  style=\"visibility: hidden;\">\n\t<\/div>\n\n\t<div class=\"gem-slider-item-overlay\">\n\t\t<div class=\"gem-compact-item-content\">\n\t\t\t\t\t\t\t<div class=\"post-title\">\n\t\t\t\t\t<h5 class=\"entry-title reverse-link-color\"><span class=\"entry-title-date\"><\/span><span class=\"light\">Operativo preventivo refuerza grifos en sector donde se desarrollar\u00e1 la Noche Valdiviana<\/span><\/h5>\t\t\t\t<\/div>\n\t\t\t\n\t\t\t\t\t\t\t<div class=\"post-text date-color\">\n\t\t\t\t\t<div class=\"summary\">\n\t\t\t\t\t\t\t\t\t\t\t\t\t<p>Aguas D\u00e9cima, Bomberos y la Municipalidad de Valdivia inspeccionaron una treintena de dispositivos en el per\u00edmetro del evento, para garantizar su operatividad ante cualquier eventual emergencia, en una jornada que congrega a m\u00e1s de 200 mil personas en la capital regional.<\/p>\n\t\t\t\t\t\t\t\t\t\t\t<\/div>\n\t\t\t\t<\/div>\n\t\t\t\n\t\t<\/div>\n\t\t<div class=\"post-meta date-color\">\n\t\t\t<div class=\"entry-meta clearfix gem-post-date\">\n\t\t\t\t<div class=\"post-meta-right\">\n\t\t\t\t\t\t\t\t\t\t\n\t\t\t\t\t\n\t\t\t\t<\/div>\n\t\t\t\t<div class=\"post-meta-left\">\n\t\t\t\t\t\t\t\t\t\t\t<span class=\"post-meta-author\">\n\t\t\t\t\t\t\t\t\t\tPor <a href=\"https:\/\/elfuerte.cl\/web\" title=\"Visitar el sitio de Prensa El Fuerte\" rel=\"author external\">Prensa El Fuerte<\/a>\t\t\t\t\t\t\t\t\t<\/span>\n\t\t\t\t\t\t\t\t\t<\/div>\n\t\t\t<\/div><!-- .entry-meta -->\n\t\t<\/div>\n\n\t\t\t\t\t<div class=\"gem-blog-slider-navigation\">\n\t\t\t\t<a href=\"#\" class=\"gem-blog-slider-prev gem-button gem-button-size-tiny\">\n\t\t\t\t\t<i aria-hidden=\"true\" class=\"gem-print-icon gem-icon-prev gem-elegant arrow-carrot-left\"><\/i>\t\t\t\t<\/a>\n\t\t\t\t<a href=\"#\" class=\"gem-blog-slider-next gem-button gem-button-size-tiny\">\n\t\t\t\t\t<i aria-hidden=\"true\" class=\"gem-print-icon gem-icon-prev gem-elegant arrow-carrot-right\"><\/i>\t\t\t\t<\/a>\n\t\t\t<\/div>\n\t\t\t<\/div>\n<\/article><!-- #post-4770 -->\n\n<article id=\"post-4762\" class=\"clearfix\">\n\n\t<a href=\"https:\/\/elfuerte.cl\/web\/2026\/02\/23\/salud-municipal-de-valdivia-adelanta-atencion-del-sapu-los-viernes-para-reforzar-acceso-a-urgencias\/\" class=\"gem-slider-blog-link\"><\/a>\n\n\t<div class=\"gem-slider-item-image\" style=\"background: url('https:\/\/elfuerte.cl\/web\/wp-content\/uploads\/2026\/02\/portada-3.jpg') no-repeat 50% 50% \/ cover;\">\n\t\t<img src=\"https:\/\/elfuerte.cl\/web\/wp-content\/uploads\/2026\/02\/portada-3.jpg\"  style=\"visibility: hidden;\">\n\t<\/div>\n\n\t<div class=\"gem-slider-item-overlay\">\n\t\t<div class=\"gem-compact-item-content\">\n\t\t\t\t\t\t\t<div class=\"post-title\">\n\t\t\t\t\t<h5 class=\"entry-title reverse-link-color\"><span class=\"entry-title-date\"><\/span><span class=\"light\">Salud Municipal de Valdivia adelanta atenci\u00f3n del SAPU los viernes para reforzar acceso a urgencias<\/span><\/h5>\t\t\t\t<\/div>\n\t\t\t\n\t\t\t\t\t\t\t<div class=\"post-text date-color\">\n\t\t\t\t\t<div class=\"summary\">\n\t\t\t\t\t\t\t\t\t\t\t\t\t<p>La red de atenci\u00f3n primaria ampliar\u00e1 su horario desde marzo en cuatro centros de salud, respondiendo a una demanda planteada por la propia comunidad de adelantar para las 16:30 hrs la atenci\u00f3n los d\u00edas viernes el servicio de urgencia.<\/p>\n\t\t\t\t\t\t\t\t\t\t\t<\/div>\n\t\t\t\t<\/div>\n\t\t\t\n\t\t<\/div>\n\t\t<div class=\"post-meta date-color\">\n\t\t\t<div class=\"entry-meta clearfix gem-post-date\">\n\t\t\t\t<div class=\"post-meta-right\">\n\t\t\t\t\t\t\t\t\t\t\n\t\t\t\t\t\n\t\t\t\t<\/div>\n\t\t\t\t<div class=\"post-meta-left\">\n\t\t\t\t\t\t\t\t\t\t\t<span class=\"post-meta-author\">\n\t\t\t\t\t\t\t\t\t\tPor <a href=\"https:\/\/elfuerte.cl\/web\" title=\"Visitar el sitio de Prensa El Fuerte\" rel=\"author external\">Prensa El Fuerte<\/a>\t\t\t\t\t\t\t\t\t<\/span>\n\t\t\t\t\t\t\t\t\t<\/div>\n\t\t\t<\/div><!-- .entry-meta -->\n\t\t<\/div>\n\n\t\t\t\t\t<div class=\"gem-blog-slider-navigation\">\n\t\t\t\t<a href=\"#\" class=\"gem-blog-slider-prev gem-button gem-button-size-tiny\">\n\t\t\t\t\t<i aria-hidden=\"true\" class=\"gem-print-icon gem-icon-prev gem-elegant arrow-carrot-left\"><\/i>\t\t\t\t<\/a>\n\t\t\t\t<a href=\"#\" class=\"gem-blog-slider-next gem-button gem-button-size-tiny\">\n\t\t\t\t\t<i aria-hidden=\"true\" class=\"gem-print-icon gem-icon-prev gem-elegant arrow-carrot-right\"><\/i>\t\t\t\t<\/a>\n\t\t\t<\/div>\n\t\t\t<\/div>\n<\/article><!-- #post-4762 -->\n\n<article id=\"post-4752\" class=\"clearfix\">\n\n\t<a href=\"https:\/\/elfuerte.cl\/web\/2026\/02\/23\/a-88-anos-de-su-creacion-sociedad-amigos-del-arbol-mantiene-viva-la-tradicion-cultural-en-el-cerro-nielol\/\" class=\"gem-slider-blog-link\"><\/a>\n\n\t<div class=\"gem-slider-item-image\" style=\"background: url('https:\/\/elfuerte.cl\/web\/wp-content\/uploads\/2026\/02\/portada-60.jpg') no-repeat 50% 50% \/ cover;\">\n\t\t<img src=\"https:\/\/elfuerte.cl\/web\/wp-content\/uploads\/2026\/02\/portada-60.jpg\"  style=\"visibility: hidden;\">\n\t<\/div>\n\n\t<div class=\"gem-slider-item-overlay\">\n\t\t<div class=\"gem-compact-item-content\">\n\t\t\t\t\t\t\t<div class=\"post-title\">\n\t\t\t\t\t<h5 class=\"entry-title reverse-link-color\"><span class=\"entry-title-date\"><\/span><span class=\"light\">A 88 a\u00f1os de su creaci\u00f3n, Sociedad Amigos del \u00c1rbol mantiene viva la tradici\u00f3n cultural en el Cerro \u00d1ielol<\/span><\/h5>\t\t\t\t<\/div>\n\t\t\t\n\t\t\t\t\t\t\t<div class=\"post-text date-color\">\n\t\t\t\t\t<div class=\"summary\">\n\t\t\t\t\t\t\t\t\t\t\t\t\t<p>La hist\u00f3rica organizaci\u00f3n impulsa una nueva versi\u00f3n de los \u201cDomingos Culturales\u201d, reafirmando su compromiso con el patrimonio y la vida art\u00edstica de Temuco, con el apoyo del municipio.<\/p>\n\t\t\t\t\t\t\t\t\t\t\t<\/div>\n\t\t\t\t<\/div>\n\t\t\t\n\t\t<\/div>\n\t\t<div class=\"post-meta date-color\">\n\t\t\t<div class=\"entry-meta clearfix gem-post-date\">\n\t\t\t\t<div class=\"post-meta-right\">\n\t\t\t\t\t\t\t\t\t\t\n\t\t\t\t\t\n\t\t\t\t<\/div>\n\t\t\t\t<div class=\"post-meta-left\">\n\t\t\t\t\t\t\t\t\t\t\t<span class=\"post-meta-author\">\n\t\t\t\t\t\t\t\t\t\tPor <a href=\"https:\/\/elfuerte.cl\/web\" title=\"Visitar el sitio de Prensa El Fuerte\" rel=\"author external\">Prensa El Fuerte<\/a>\t\t\t\t\t\t\t\t\t<\/span>\n\t\t\t\t\t\t\t\t\t<\/div>\n\t\t\t<\/div><!-- .entry-meta -->\n\t\t<\/div>\n\n\t\t\t\t\t<div class=\"gem-blog-slider-navigation\">\n\t\t\t\t<a href=\"#\" class=\"gem-blog-slider-prev gem-button gem-button-size-tiny\">\n\t\t\t\t\t<i aria-hidden=\"true\" class=\"gem-print-icon gem-icon-prev gem-elegant arrow-carrot-left\"><\/i>\t\t\t\t<\/a>\n\t\t\t\t<a href=\"#\" class=\"gem-blog-slider-next gem-button gem-button-size-tiny\">\n\t\t\t\t\t<i aria-hidden=\"true\" class=\"gem-print-icon gem-icon-prev gem-elegant arrow-carrot-right\"><\/i>\t\t\t\t<\/a>\n\t\t\t<\/div>\n\t\t\t<\/div>\n<\/article><!-- #post-4752 -->\n\n<article id=\"post-4742\" class=\"clearfix\">\n\n\t<a href=\"https:\/\/elfuerte.cl\/web\/2026\/02\/23\/a-dos-meses-del-incendio-en-boca-sur-familia-afectada-recibe-vivienda-y-apoyo-municipal\/\" class=\"gem-slider-blog-link\"><\/a>\n\n\t<div class=\"gem-slider-item-image\" style=\"background: url('https:\/\/elfuerte.cl\/web\/wp-content\/uploads\/2026\/02\/portada-1.jpg') no-repeat 50% 50% \/ cover;\">\n\t\t<img src=\"https:\/\/elfuerte.cl\/web\/wp-content\/uploads\/2026\/02\/portada-1.jpg\"  style=\"visibility: hidden;\">\n\t<\/div>\n\n\t<div class=\"gem-slider-item-overlay\">\n\t\t<div class=\"gem-compact-item-content\">\n\t\t\t\t\t\t\t<div class=\"post-title\">\n\t\t\t\t\t<h5 class=\"entry-title reverse-link-color\"><span class=\"entry-title-date\"><\/span><span class=\"light\">Familia afectada por incendio en Boca Sur recibe vivienda de emergencia y apoyo municipal<\/span><\/h5>\t\t\t\t<\/div>\n\t\t\t\n\t\t\t\t\t\t\t<div class=\"post-text date-color\">\n\t\t\t\t\t<div class=\"summary\">\n\t\t\t\t\t\t\t\t\t\t\t\t\t<p>El siniestro estructural ocurrido el 6 de diciembre en San Pedro de la Paz dej\u00f3 a varias viviendas da\u00f1adas. Este fin de semana se concret\u00f3 la entrega de una vivienda de emergencia y materiales a una de las familias damnificadas.<\/p>\n\t\t\t\t\t\t\t\t\t\t\t<\/div>\n\t\t\t\t<\/div>\n\t\t\t\n\t\t<\/div>\n\t\t<div class=\"post-meta date-color\">\n\t\t\t<div class=\"entry-meta clearfix gem-post-date\">\n\t\t\t\t<div class=\"post-meta-right\">\n\t\t\t\t\t\t\t\t\t\t\n\t\t\t\t\t\n\t\t\t\t<\/div>\n\t\t\t\t<div class=\"post-meta-left\">\n\t\t\t\t\t\t\t\t\t\t\t<span class=\"post-meta-author\">\n\t\t\t\t\t\t\t\t\t\tPor <a href=\"https:\/\/elfuerte.cl\/web\" title=\"Visitar el sitio de Prensa El Fuerte\" rel=\"author external\">Prensa El Fuerte<\/a>\t\t\t\t\t\t\t\t\t<\/span>\n\t\t\t\t\t\t\t\t\t<\/div>\n\t\t\t<\/div><!-- .entry-meta -->\n\t\t<\/div>\n\n\t\t\t\t\t<div class=\"gem-blog-slider-navigation\">\n\t\t\t\t<a href=\"#\" class=\"gem-blog-slider-prev gem-button gem-button-size-tiny\">\n\t\t\t\t\t<i aria-hidden=\"true\" class=\"gem-print-icon gem-icon-prev gem-elegant arrow-carrot-left\"><\/i>\t\t\t\t<\/a>\n\t\t\t\t<a href=\"#\" class=\"gem-blog-slider-next gem-button gem-button-size-tiny\">\n\t\t\t\t\t<i aria-hidden=\"true\" class=\"gem-print-icon gem-icon-prev gem-elegant arrow-carrot-right\"><\/i>\t\t\t\t<\/a>\n\t\t\t<\/div>\n\t\t\t<\/div>\n<\/article><!-- #post-4742 -->\n\n<article id=\"post-4730\" class=\"clearfix\">\n\n\t<a href=\"https:\/\/elfuerte.cl\/web\/2026\/02\/23\/salud-municipal-en-terreno-mas-de-240-vecinos-participaron-en-nueva-feria-de-salud-en-frutillar\/\" class=\"gem-slider-blog-link\"><\/a>\n\n\t<div class=\"gem-slider-item-image\" style=\"background: url('https:\/\/elfuerte.cl\/web\/wp-content\/uploads\/2026\/02\/portada-57.jpg') no-repeat 50% 50% \/ cover;\">\n\t\t<img src=\"https:\/\/elfuerte.cl\/web\/wp-content\/uploads\/2026\/02\/portada-57.jpg\"  style=\"visibility: hidden;\">\n\t<\/div>\n\n\t<div class=\"gem-slider-item-overlay\">\n\t\t<div class=\"gem-compact-item-content\">\n\t\t\t\t\t\t\t<div class=\"post-title\">\n\t\t\t\t\t<h5 class=\"entry-title reverse-link-color\"><span class=\"entry-title-date\"><\/span><span class=\"light\">Salud municipal en terreno: m\u00e1s de 240 vecinos participaron en nueva Feria de Salud en Frutillar<\/span><\/h5>\t\t\t\t<\/div>\n\t\t\t\n\t\t\t\t\t\t\t<div class=\"post-text date-color\">\n\t\t\t\t\t<div class=\"summary\">\n\t\t\t\t\t\t\t\t\t\t\t\t\t<p>La ampliaci\u00f3n de la Ruta 226 contempla 11 kil\u00f3metros en tres tramos y una inversi\u00f3n estimada entre 60 y 70 mil millones de pesos. El primer tramo urbano comenzar\u00eda a licitarse en 2027.<\/p>\n\t\t\t\t\t\t\t\t\t\t\t<\/div>\n\t\t\t\t<\/div>\n\t\t\t\n\t\t<\/div>\n\t\t<div class=\"post-meta date-color\">\n\t\t\t<div class=\"entry-meta clearfix gem-post-date\">\n\t\t\t\t<div class=\"post-meta-right\">\n\t\t\t\t\t\t\t\t\t\t\n\t\t\t\t\t\n\t\t\t\t<\/div>\n\t\t\t\t<div class=\"post-meta-left\">\n\t\t\t\t\t\t\t\t\t\t\t<span class=\"post-meta-author\">\n\t\t\t\t\t\t\t\t\t\tPor <a href=\"https:\/\/elfuerte.cl\/web\" title=\"Visitar el sitio de Prensa El Fuerte\" rel=\"author external\">Prensa El Fuerte<\/a>\t\t\t\t\t\t\t\t\t<\/span>\n\t\t\t\t\t\t\t\t\t<\/div>\n\t\t\t<\/div><!-- .entry-meta -->\n\t\t<\/div>\n\n\t\t\t\t\t<div class=\"gem-blog-slider-navigation\">\n\t\t\t\t<a href=\"#\" class=\"gem-blog-slider-prev gem-button gem-button-size-tiny\">\n\t\t\t\t\t<i aria-hidden=\"true\" class=\"gem-print-icon gem-icon-prev gem-elegant arrow-carrot-left\"><\/i>\t\t\t\t<\/a>\n\t\t\t\t<a href=\"#\" class=\"gem-blog-slider-next gem-button gem-button-size-tiny\">\n\t\t\t\t\t<i aria-hidden=\"true\" class=\"gem-print-icon gem-icon-prev gem-elegant arrow-carrot-right\"><\/i>\t\t\t\t<\/a>\n\t\t\t<\/div>\n\t\t\t<\/div>\n<\/article><!-- #post-4730 -->\n\n<article id=\"post-4721\" class=\"clearfix\">\n\n\t<a href=\"https:\/\/elfuerte.cl\/web\/2026\/02\/23\/mop-inicia-expropiaciones-para-dar-viabilidad-a-la-construccion-de-la-doble-via-al-aeropuerto-el-tepual\/\" class=\"gem-slider-blog-link\"><\/a>\n\n\t<div class=\"gem-slider-item-image\" style=\"background: url('https:\/\/elfuerte.cl\/web\/wp-content\/uploads\/2026\/02\/portada-56.jpg') no-repeat 50% 50% \/ cover;\">\n\t\t<img src=\"https:\/\/elfuerte.cl\/web\/wp-content\/uploads\/2026\/02\/portada-56.jpg\"  style=\"visibility: hidden;\">\n\t<\/div>\n\n\t<div class=\"gem-slider-item-overlay\">\n\t\t<div class=\"gem-compact-item-content\">\n\t\t\t\t\t\t\t<div class=\"post-title\">\n\t\t\t\t\t<h5 class=\"entry-title reverse-link-color\"><span class=\"entry-title-date\"><\/span><span class=\"light\">MOP inicia expropiaciones para dar viabilidad a la construcci\u00f3n de la doble v\u00eda al aeropuerto El Tepual<\/span><\/h5>\t\t\t\t<\/div>\n\t\t\t\n\t\t\t\t\t\t\t<div class=\"post-text date-color\">\n\t\t\t\t\t<div class=\"summary\">\n\t\t\t\t\t\t\t\t\t\t\t\t\t<p>La ampliaci\u00f3n de la Ruta 226 contempla 11 kil\u00f3metros en tres tramos y una inversi\u00f3n estimada entre 60 y 70 mil millones de pesos. El primer tramo urbano comenzar\u00eda a licitarse en 2027.<\/p>\n\t\t\t\t\t\t\t\t\t\t\t<\/div>\n\t\t\t\t<\/div>\n\t\t\t\n\t\t<\/div>\n\t\t<div class=\"post-meta date-color\">\n\t\t\t<div class=\"entry-meta clearfix gem-post-date\">\n\t\t\t\t<div class=\"post-meta-right\">\n\t\t\t\t\t\t\t\t\t\t\n\t\t\t\t\t\n\t\t\t\t<\/div>\n\t\t\t\t<div class=\"post-meta-left\">\n\t\t\t\t\t\t\t\t\t\t\t<span class=\"post-meta-author\">\n\t\t\t\t\t\t\t\t\t\tPor <a href=\"https:\/\/elfuerte.cl\/web\" title=\"Visitar el sitio de Prensa El Fuerte\" rel=\"author external\">Prensa El Fuerte<\/a>\t\t\t\t\t\t\t\t\t<\/span>\n\t\t\t\t\t\t\t\t\t<\/div>\n\t\t\t<\/div><!-- .entry-meta -->\n\t\t<\/div>\n\n\t\t\t\t\t<div class=\"gem-blog-slider-navigation\">\n\t\t\t\t<a href=\"#\" class=\"gem-blog-slider-prev gem-button gem-button-size-tiny\">\n\t\t\t\t\t<i aria-hidden=\"true\" class=\"gem-print-icon gem-icon-prev gem-elegant arrow-carrot-left\"><\/i>\t\t\t\t<\/a>\n\t\t\t\t<a href=\"#\" class=\"gem-blog-slider-next gem-button gem-button-size-tiny\">\n\t\t\t\t\t<i aria-hidden=\"true\" class=\"gem-print-icon gem-icon-prev gem-elegant arrow-carrot-right\"><\/i>\t\t\t\t<\/a>\n\t\t\t<\/div>\n\t\t\t<\/div>\n<\/article><!-- #post-4721 -->\n\n<article id=\"post-4698\" class=\"clearfix\">\n\n\t<a href=\"https:\/\/elfuerte.cl\/web\/2026\/02\/21\/comunidad-local-volco-su-respaldo-en-el-valdivia-destaca-2026-en-la-version-con-mayor-participacion-ciudadana\/\" class=\"gem-slider-blog-link\"><\/a>\n\n\t<div class=\"gem-slider-item-image\" style=\"background: url('https:\/\/elfuerte.cl\/web\/wp-content\/uploads\/2026\/02\/portada-55.jpg') no-repeat 50% 50% \/ cover;\">\n\t\t<img src=\"https:\/\/elfuerte.cl\/web\/wp-content\/uploads\/2026\/02\/portada-55.jpg\"  style=\"visibility: hidden;\">\n\t<\/div>\n\n\t<div class=\"gem-slider-item-overlay\">\n\t\t<div class=\"gem-compact-item-content\">\n\t\t\t\t\t\t\t<div class=\"post-title\">\n\t\t\t\t\t<h5 class=\"entry-title reverse-link-color\"><span class=\"entry-title-date\"><\/span><span class=\"light\">Comunidad local volc\u00f3 su respaldo en el \u201cValdivia Destaca\u201d 2026 en la versi\u00f3n con mayor participaci\u00f3n ciudadana<\/span><\/h5>\t\t\t\t<\/div>\n\t\t\t\n\t\t\t\t\t\t\t<div class=\"post-text date-color\">\n\t\t\t\t\t<div class=\"summary\">\n\t\t\t\t\t\t\t\t\t\t\t\t\t<p>En el marco del aniversario 474 de la ciudad, m\u00e1s de seis mil personas participaron activamente en la iniciativa municipal que reconoce el aporte de vecinos e instituciones al desarrollo social, cultural y comunitario de la capital regional.<\/p>\n\t\t\t\t\t\t\t\t\t\t\t<\/div>\n\t\t\t\t<\/div>\n\t\t\t\n\t\t<\/div>\n\t\t<div class=\"post-meta date-color\">\n\t\t\t<div class=\"entry-meta clearfix gem-post-date\">\n\t\t\t\t<div class=\"post-meta-right\">\n\t\t\t\t\t\t\t\t\t\t\n\t\t\t\t\t\n\t\t\t\t<\/div>\n\t\t\t\t<div class=\"post-meta-left\">\n\t\t\t\t\t\t\t\t\t\t\t<span class=\"post-meta-author\">\n\t\t\t\t\t\t\t\t\t\tPor <a href=\"https:\/\/elfuerte.cl\/web\" title=\"Visitar el sitio de Prensa El Fuerte\" rel=\"author external\">Prensa El Fuerte<\/a>\t\t\t\t\t\t\t\t\t<\/span>\n\t\t\t\t\t\t\t\t\t<\/div>\n\t\t\t<\/div><!-- .entry-meta -->\n\t\t<\/div>\n\n\t\t\t\t\t<div class=\"gem-blog-slider-navigation\">\n\t\t\t\t<a href=\"#\" class=\"gem-blog-slider-prev gem-button gem-button-size-tiny\">\n\t\t\t\t\t<i aria-hidden=\"true\" class=\"gem-print-icon gem-icon-prev gem-elegant arrow-carrot-left\"><\/i>\t\t\t\t<\/a>\n\t\t\t\t<a href=\"#\" class=\"gem-blog-slider-next gem-button gem-button-size-tiny\">\n\t\t\t\t\t<i aria-hidden=\"true\" class=\"gem-print-icon gem-icon-prev gem-elegant arrow-carrot-right\"><\/i>\t\t\t\t<\/a>\n\t\t\t<\/div>\n\t\t\t<\/div>\n<\/article><!-- #post-4698 -->\n\n<article id=\"post-4691\" class=\"clearfix\">\n\n\t<a href=\"https:\/\/elfuerte.cl\/web\/2026\/02\/20\/valdivia-inicio-fin-de-semana-deportivo-con-un-trekking-y-alta-expectacion-por-regata-nocturna\/\" class=\"gem-slider-blog-link\"><\/a>\n\n\t<div class=\"gem-slider-item-image\" style=\"background: url('https:\/\/elfuerte.cl\/web\/wp-content\/uploads\/2026\/02\/portada-54.jpg') no-repeat 50% 50% \/ cover;\">\n\t\t<img src=\"https:\/\/elfuerte.cl\/web\/wp-content\/uploads\/2026\/02\/portada-54.jpg\"  style=\"visibility: hidden;\">\n\t<\/div>\n\n\t<div class=\"gem-slider-item-overlay\">\n\t\t<div class=\"gem-compact-item-content\">\n\t\t\t\t\t\t\t<div class=\"post-title\">\n\t\t\t\t\t<h5 class=\"entry-title reverse-link-color\"><span class=\"entry-title-date\"><\/span><span class=\"light\">Valdivia inici\u00f3 fin de semana deportivo con un trekking y alta expectaci\u00f3n por Regata Nocturna<\/span><\/h5>\t\t\t\t<\/div>\n\t\t\t\n\t\t\t\t\t\t\t<div class=\"post-text date-color\">\n\t\t\t\t\t<div class=\"summary\">\n\t\t\t\t\t\t\t\t\t\t\t\t\t<p>La agenda comenz\u00f3 este viernes en el Parque Oncol y continuar\u00e1 este s\u00e1bado desde las 16:00 horas con el trekking inclusivo y, por la noche, con la segunda versi\u00f3n de la Regata Nocturna, actividad que ha despertado gran inter\u00e9s en la comunidad por su car\u00e1cter fluvial y familiar.<\/p>\n\t\t\t\t\t\t\t\t\t\t\t<\/div>\n\t\t\t\t<\/div>\n\t\t\t\n\t\t<\/div>\n\t\t<div class=\"post-meta date-color\">\n\t\t\t<div class=\"entry-meta clearfix gem-post-date\">\n\t\t\t\t<div class=\"post-meta-right\">\n\t\t\t\t\t\t\t\t\t\t\n\t\t\t\t\t\n\t\t\t\t<\/div>\n\t\t\t\t<div class=\"post-meta-left\">\n\t\t\t\t\t\t\t\t\t\t\t<span class=\"post-meta-author\">\n\t\t\t\t\t\t\t\t\t\tPor <a href=\"https:\/\/elfuerte.cl\/web\" title=\"Visitar el sitio de Prensa El Fuerte\" rel=\"author external\">Prensa El Fuerte<\/a>\t\t\t\t\t\t\t\t\t<\/span>\n\t\t\t\t\t\t\t\t\t<\/div>\n\t\t\t<\/div><!-- .entry-meta -->\n\t\t<\/div>\n\n\t\t\t\t\t<div class=\"gem-blog-slider-navigation\">\n\t\t\t\t<a href=\"#\" class=\"gem-blog-slider-prev gem-button gem-button-size-tiny\">\n\t\t\t\t\t<i aria-hidden=\"true\" class=\"gem-print-icon gem-icon-prev gem-elegant arrow-carrot-left\"><\/i>\t\t\t\t<\/a>\n\t\t\t\t<a href=\"#\" class=\"gem-blog-slider-next gem-button gem-button-size-tiny\">\n\t\t\t\t\t<i aria-hidden=\"true\" class=\"gem-print-icon gem-icon-prev gem-elegant arrow-carrot-right\"><\/i>\t\t\t\t<\/a>\n\t\t\t<\/div>\n\t\t\t<\/div>\n<\/article><!-- #post-4691 -->\n\n<article id=\"post-4671\" class=\"clearfix\">\n\n\t<a href=\"https:\/\/elfuerte.cl\/web\/2026\/02\/20\/a-10-anos-del-incendio-reconstruccion-del-mercado-municipal-de-temuco-vuelve-a-entramparse-tras-retiro-de-rs\/\" class=\"gem-slider-blog-link\"><\/a>\n\n\t<div class=\"gem-slider-item-image\" style=\"background: url('https:\/\/elfuerte.cl\/web\/wp-content\/uploads\/2026\/02\/portada-53.jpg') no-repeat 50% 50% \/ cover;\">\n\t\t<img src=\"https:\/\/elfuerte.cl\/web\/wp-content\/uploads\/2026\/02\/portada-53.jpg\"  style=\"visibility: hidden;\">\n\t<\/div>\n\n\t<div class=\"gem-slider-item-overlay\">\n\t\t<div class=\"gem-compact-item-content\">\n\t\t\t\t\t\t\t<div class=\"post-title\">\n\t\t\t\t\t<h5 class=\"entry-title reverse-link-color\"><span class=\"entry-title-date\"><\/span><span class=\"light\">A 10 a\u00f1os del incendio, reconstrucci\u00f3n del Mercado Municipal de Temuco vuelve a entramparse tras retiro de RS<\/span><\/h5>\t\t\t\t<\/div>\n\t\t\t\n\t\t\t\t\t\t\t<div class=\"post-text date-color\">\n\t\t\t\t\t<div class=\"summary\">\n\t\t\t\t\t\t\t\t\t\t\t\t\t<p>Ministerio de Desarrollo Social emiti\u00f3 un Informe de Incumplimiento Normativo y neg\u00f3 la RS al proyecto. El Gobernador Regional condicion\u00f3 el financiamiento a que se subsanen las observaciones y plante\u00f3 que el MOP asuma la unidad t\u00e9cnica. La decisi\u00f3n vuelve a entrampar una obra largamente esperada por la comunidad.<\/p>\n\t\t\t\t\t\t\t\t\t\t\t<\/div>\n\t\t\t\t<\/div>\n\t\t\t\n\t\t<\/div>\n\t\t<div class=\"post-meta date-color\">\n\t\t\t<div class=\"entry-meta clearfix gem-post-date\">\n\t\t\t\t<div class=\"post-meta-right\">\n\t\t\t\t\t\t\t\t\t\t\n\t\t\t\t\t\n\t\t\t\t<\/div>\n\t\t\t\t<div class=\"post-meta-left\">\n\t\t\t\t\t\t\t\t\t\t\t<span class=\"post-meta-author\">\n\t\t\t\t\t\t\t\t\t\tPor <a href=\"https:\/\/elfuerte.cl\/web\" title=\"Visitar el sitio de Prensa El Fuerte\" rel=\"author external\">Prensa El Fuerte<\/a>\t\t\t\t\t\t\t\t\t<\/span>\n\t\t\t\t\t\t\t\t\t<\/div>\n\t\t\t<\/div><!-- .entry-meta -->\n\t\t<\/div>\n\n\t\t\t\t\t<div class=\"gem-blog-slider-navigation\">\n\t\t\t\t<a href=\"#\" class=\"gem-blog-slider-prev gem-button gem-button-size-tiny\">\n\t\t\t\t\t<i aria-hidden=\"true\" class=\"gem-print-icon gem-icon-prev gem-elegant arrow-carrot-left\"><\/i>\t\t\t\t<\/a>\n\t\t\t\t<a href=\"#\" class=\"gem-blog-slider-next gem-button gem-button-size-tiny\">\n\t\t\t\t\t<i aria-hidden=\"true\" class=\"gem-print-icon gem-icon-prev gem-elegant arrow-carrot-right\"><\/i>\t\t\t\t<\/a>\n\t\t\t<\/div>\n\t\t\t<\/div>\n<\/article><!-- #post-4671 -->\n\n<article id=\"post-4653\" class=\"clearfix\">\n\n\t<a href=\"https:\/\/elfuerte.cl\/web\/2026\/02\/20\/cerca-de-5-mil-personas-vibraron-en-el-coliseo-con-una-magica-noche-de-peliculas\/\" class=\"gem-slider-blog-link\"><\/a>\n\n\t<div class=\"gem-slider-item-image\" style=\"background: url('https:\/\/elfuerte.cl\/web\/wp-content\/uploads\/2026\/02\/portada-50.jpg') no-repeat 50% 50% \/ cover;\">\n\t\t<img src=\"https:\/\/elfuerte.cl\/web\/wp-content\/uploads\/2026\/02\/portada-50.jpg\"  style=\"visibility: hidden;\">\n\t<\/div>\n\n\t<div class=\"gem-slider-item-overlay\">\n\t\t<div class=\"gem-compact-item-content\">\n\t\t\t\t\t\t\t<div class=\"post-title\">\n\t\t\t\t\t<h5 class=\"entry-title reverse-link-color\"><span class=\"entry-title-date\"><\/span><span class=\"light\">Cerca de 5 mil personas vibraron en el Coliseo con una m\u00e1gica \u201cNoche de Pel\u00edculas\u201d<\/span><\/h5>\t\t\t\t<\/div>\n\t\t\t\n\t\t\t\t\t\t\t<div class=\"post-text date-color\">\n\t\t\t\t\t<div class=\"summary\">\n\t\t\t\t\t\t\t\t\t\t\t\t\t<p>El Coliseo Municipal Antonio Azurmendy se replet\u00f3 en galer\u00edas, tribunas y cancha para disfrutar de la Orquesta Filarm\u00f3nica de Los R\u00edos en un espect\u00e1culo que fusion\u00f3 cine y m\u00fasica en una experiencia art\u00edstica de alto nivel.<\/p>\n\t\t\t\t\t\t\t\t\t\t\t<\/div>\n\t\t\t\t<\/div>\n\t\t\t\n\t\t<\/div>\n\t\t<div class=\"post-meta date-color\">\n\t\t\t<div class=\"entry-meta clearfix gem-post-date\">\n\t\t\t\t<div class=\"post-meta-right\">\n\t\t\t\t\t\t\t\t\t\t\n\t\t\t\t\t\n\t\t\t\t<\/div>\n\t\t\t\t<div class=\"post-meta-left\">\n\t\t\t\t\t\t\t\t\t\t\t<span class=\"post-meta-author\">\n\t\t\t\t\t\t\t\t\t\tPor <a href=\"https:\/\/elfuerte.cl\/web\" title=\"Visitar el sitio de Prensa El Fuerte\" rel=\"author external\">Prensa El Fuerte<\/a>\t\t\t\t\t\t\t\t\t<\/span>\n\t\t\t\t\t\t\t\t\t<\/div>\n\t\t\t<\/div><!-- .entry-meta -->\n\t\t<\/div>\n\n\t\t\t\t\t<div class=\"gem-blog-slider-navigation\">\n\t\t\t\t<a href=\"#\" class=\"gem-blog-slider-prev gem-button gem-button-size-tiny\">\n\t\t\t\t\t<i aria-hidden=\"true\" class=\"gem-print-icon gem-icon-prev gem-elegant arrow-carrot-left\"><\/i>\t\t\t\t<\/a>\n\t\t\t\t<a href=\"#\" class=\"gem-blog-slider-next gem-button gem-button-size-tiny\">\n\t\t\t\t\t<i aria-hidden=\"true\" class=\"gem-print-icon gem-icon-prev gem-elegant arrow-carrot-right\"><\/i>\t\t\t\t<\/a>\n\t\t\t<\/div>\n\t\t\t<\/div>\n<\/article><!-- #post-4653 -->\n\n<article id=\"post-4643\" class=\"clearfix\">\n\n\t<a href=\"https:\/\/elfuerte.cl\/web\/2026\/02\/19\/campeonato-de-polca-revive-tradiciones-barriales-en-la-comun-de-mariquina\/\" class=\"gem-slider-blog-link\"><\/a>\n\n\t<div class=\"gem-slider-item-image\" style=\"background: url('https:\/\/elfuerte.cl\/web\/wp-content\/uploads\/2026\/02\/portada-49.jpg') no-repeat 50% 50% \/ cover;\">\n\t\t<img src=\"https:\/\/elfuerte.cl\/web\/wp-content\/uploads\/2026\/02\/portada-49.jpg\"  style=\"visibility: hidden;\">\n\t<\/div>\n\n\t<div class=\"gem-slider-item-overlay\">\n\t\t<div class=\"gem-compact-item-content\">\n\t\t\t\t\t\t\t<div class=\"post-title\">\n\t\t\t\t\t<h5 class=\"entry-title reverse-link-color\"><span class=\"entry-title-date\"><\/span><span class=\"light\">Campeonato de polca revive tradiciones  barriales en la comun de Mariquina<\/span><\/h5>\t\t\t\t<\/div>\n\t\t\t\n\t\t\t\t\t\t\t<div class=\"post-text date-color\">\n\t\t\t\t\t<div class=\"summary\">\n\t\t\t\t\t\t\t\t\t\t\t\t\t<p>Jornada intergeneracional permiti\u00f3 a vecinos de la Poblaci\u00f3n Santa Laura reencontrarse en torno a la polca, fortaleciendo la convivencia y el rescate de tradiciones locales.<\/p>\n\t\t\t\t\t\t\t\t\t\t\t<\/div>\n\t\t\t\t<\/div>\n\t\t\t\n\t\t<\/div>\n\t\t<div class=\"post-meta date-color\">\n\t\t\t<div class=\"entry-meta clearfix gem-post-date\">\n\t\t\t\t<div class=\"post-meta-right\">\n\t\t\t\t\t\t\t\t\t\t\n\t\t\t\t\t\n\t\t\t\t<\/div>\n\t\t\t\t<div class=\"post-meta-left\">\n\t\t\t\t\t\t\t\t\t\t\t<span class=\"post-meta-author\">\n\t\t\t\t\t\t\t\t\t\tPor <a href=\"https:\/\/elfuerte.cl\/web\" title=\"Visitar el sitio de Prensa El Fuerte\" rel=\"author external\">Prensa El Fuerte<\/a>\t\t\t\t\t\t\t\t\t<\/span>\n\t\t\t\t\t\t\t\t\t<\/div>\n\t\t\t<\/div><!-- .entry-meta -->\n\t\t<\/div>\n\n\t\t\t\t\t<div class=\"gem-blog-slider-navigation\">\n\t\t\t\t<a href=\"#\" class=\"gem-blog-slider-prev gem-button gem-button-size-tiny\">\n\t\t\t\t\t<i aria-hidden=\"true\" class=\"gem-print-icon gem-icon-prev gem-elegant arrow-carrot-left\"><\/i>\t\t\t\t<\/a>\n\t\t\t\t<a href=\"#\" class=\"gem-blog-slider-next gem-button gem-button-size-tiny\">\n\t\t\t\t\t<i aria-hidden=\"true\" class=\"gem-print-icon gem-icon-prev gem-elegant arrow-carrot-right\"><\/i>\t\t\t\t<\/a>\n\t\t\t<\/div>\n\t\t\t<\/div>\n<\/article><!-- #post-4643 -->\n\n<article id=\"post-4633\" class=\"clearfix\">\n\n\t<a href=\"https:\/\/elfuerte.cl\/web\/2026\/02\/19\/puerto-saavedra-moderniza-su-sistema-de-residuos-con-inversion-regional-superior-a-606-millones\/\" class=\"gem-slider-blog-link\"><\/a>\n\n\t<div class=\"gem-slider-item-image\" style=\"background: url('https:\/\/elfuerte.cl\/web\/wp-content\/uploads\/2026\/02\/portada-48.jpg') no-repeat 50% 50% \/ cover;\">\n\t\t<img src=\"https:\/\/elfuerte.cl\/web\/wp-content\/uploads\/2026\/02\/portada-48.jpg\"  style=\"visibility: hidden;\">\n\t<\/div>\n\n\t<div class=\"gem-slider-item-overlay\">\n\t\t<div class=\"gem-compact-item-content\">\n\t\t\t\t\t\t\t<div class=\"post-title\">\n\t\t\t\t\t<h5 class=\"entry-title reverse-link-color\"><span class=\"entry-title-date\"><\/span><span class=\"light\">Puerto Saavedra moderniza su sistema de residuos con inversi\u00f3n regional superior a $606 millones<\/span><\/h5>\t\t\t\t<\/div>\n\t\t\t\n\t\t\t\t\t\t\t<div class=\"post-text date-color\">\n\t\t\t\t\t<div class=\"summary\">\n\t\t\t\t\t\t\t\t\t\t\t\t\t<p>La iniciativa contempla la adquisici\u00f3n de dos camiones recolectores de 19 metros c\u00fabicos y un cami\u00f3n ampliroll con polibrazo y gr\u00faa, adem\u00e1s de contenedores de gran capacidad, lo que permitir\u00e1 a la comuna hacer mucho m\u00e1s eficiente el retiro de basura domiciliara y comercial.<\/p>\n\t\t\t\t\t\t\t\t\t\t\t<\/div>\n\t\t\t\t<\/div>\n\t\t\t\n\t\t<\/div>\n\t\t<div class=\"post-meta date-color\">\n\t\t\t<div class=\"entry-meta clearfix gem-post-date\">\n\t\t\t\t<div class=\"post-meta-right\">\n\t\t\t\t\t\t\t\t\t\t\n\t\t\t\t\t\n\t\t\t\t<\/div>\n\t\t\t\t<div class=\"post-meta-left\">\n\t\t\t\t\t\t\t\t\t\t\t<span class=\"post-meta-author\">\n\t\t\t\t\t\t\t\t\t\tPor <a href=\"https:\/\/elfuerte.cl\/web\" title=\"Visitar el sitio de Prensa El Fuerte\" rel=\"author external\">Prensa El Fuerte<\/a>\t\t\t\t\t\t\t\t\t<\/span>\n\t\t\t\t\t\t\t\t\t<\/div>\n\t\t\t<\/div><!-- .entry-meta -->\n\t\t<\/div>\n\n\t\t\t\t\t<div class=\"gem-blog-slider-navigation\">\n\t\t\t\t<a href=\"#\" class=\"gem-blog-slider-prev gem-button gem-button-size-tiny\">\n\t\t\t\t\t<i aria-hidden=\"true\" class=\"gem-print-icon gem-icon-prev gem-elegant arrow-carrot-left\"><\/i>\t\t\t\t<\/a>\n\t\t\t\t<a href=\"#\" class=\"gem-blog-slider-next gem-button gem-button-size-tiny\">\n\t\t\t\t\t<i aria-hidden=\"true\" class=\"gem-print-icon gem-icon-prev gem-elegant arrow-carrot-right\"><\/i>\t\t\t\t<\/a>\n\t\t\t<\/div>\n\t\t\t<\/div>\n<\/article><!-- #post-4633 -->\n\n<article id=\"post-4625\" class=\"clearfix\">\n\n\t<a href=\"https:\/\/elfuerte.cl\/web\/2026\/02\/19\/roberto-bravo-y-la-orquesta-filarmonica-animaran-hoy-jueves-la-agenda-cultural-en-valdivia\/\" class=\"gem-slider-blog-link\"><\/a>\n\n\t<div class=\"gem-slider-item-image\" style=\"background: url('https:\/\/elfuerte.cl\/web\/wp-content\/uploads\/2026\/02\/portada-47.jpg') no-repeat 50% 50% \/ cover;\">\n\t\t<img src=\"https:\/\/elfuerte.cl\/web\/wp-content\/uploads\/2026\/02\/portada-47.jpg\"  style=\"visibility: hidden;\">\n\t<\/div>\n\n\t<div class=\"gem-slider-item-overlay\">\n\t\t<div class=\"gem-compact-item-content\">\n\t\t\t\t\t\t\t<div class=\"post-title\">\n\t\t\t\t\t<h5 class=\"entry-title reverse-link-color\"><span class=\"entry-title-date\"><\/span><span class=\"light\">Roberto Bravo y la Orquesta Filarm\u00f3nica animar\u00e1n hoy jueves la agenda cultural en Valdivia<\/span><\/h5>\t\t\t\t<\/div>\n\t\t\t\n\t\t\t\t\t\t\t<div class=\"post-text date-color\">\n\t\t\t\t\t<div class=\"summary\">\n\t\t\t\t\t\t\t\t\t\t\t\t\t<p>El Coliseo Municipal y el Teatro Regional Cervantes ser\u00e1n escenario de una doble jornada musical que incluir\u00e1 la \u201cNoche de Pel\u00edculas\u201d y el concierto \u201cPara mis amigos\u201d del reconocido pianista chileno.<\/p>\n\t\t\t\t\t\t\t\t\t\t\t<\/div>\n\t\t\t\t<\/div>\n\t\t\t\n\t\t<\/div>\n\t\t<div class=\"post-meta date-color\">\n\t\t\t<div class=\"entry-meta clearfix gem-post-date\">\n\t\t\t\t<div class=\"post-meta-right\">\n\t\t\t\t\t\t\t\t\t\t\n\t\t\t\t\t\n\t\t\t\t<\/div>\n\t\t\t\t<div class=\"post-meta-left\">\n\t\t\t\t\t\t\t\t\t\t\t<span class=\"post-meta-author\">\n\t\t\t\t\t\t\t\t\t\tPor <a href=\"https:\/\/elfuerte.cl\/web\" title=\"Visitar el sitio de Prensa El Fuerte\" rel=\"author external\">Prensa El Fuerte<\/a>\t\t\t\t\t\t\t\t\t<\/span>\n\t\t\t\t\t\t\t\t\t<\/div>\n\t\t\t<\/div><!-- .entry-meta -->\n\t\t<\/div>\n\n\t\t\t\t\t<div class=\"gem-blog-slider-navigation\">\n\t\t\t\t<a href=\"#\" class=\"gem-blog-slider-prev gem-button gem-button-size-tiny\">\n\t\t\t\t\t<i aria-hidden=\"true\" class=\"gem-print-icon gem-icon-prev gem-elegant arrow-carrot-left\"><\/i>\t\t\t\t<\/a>\n\t\t\t\t<a href=\"#\" class=\"gem-blog-slider-next gem-button gem-button-size-tiny\">\n\t\t\t\t\t<i aria-hidden=\"true\" class=\"gem-print-icon gem-icon-prev gem-elegant arrow-carrot-right\"><\/i>\t\t\t\t<\/a>\n\t\t\t<\/div>\n\t\t\t<\/div>\n<\/article><!-- #post-4625 -->\n\n<article id=\"post-4616\" class=\"clearfix\">\n\n\t<a href=\"https:\/\/elfuerte.cl\/web\/2026\/02\/17\/valdivia-se-prepara-para-una-nueva-noche-valdiviana-32-embarcaciones-competiran-en-el-corso-fluvial-2026\/\" class=\"gem-slider-blog-link\"><\/a>\n\n\t<div class=\"gem-slider-item-image\" style=\"background: url('https:\/\/elfuerte.cl\/web\/wp-content\/uploads\/2026\/02\/portada-46.jpg') no-repeat 50% 50% \/ cover;\">\n\t\t<img src=\"https:\/\/elfuerte.cl\/web\/wp-content\/uploads\/2026\/02\/portada-46.jpg\"  style=\"visibility: hidden;\">\n\t<\/div>\n\n\t<div class=\"gem-slider-item-overlay\">\n\t\t<div class=\"gem-compact-item-content\">\n\t\t\t\t\t\t\t<div class=\"post-title\">\n\t\t\t\t\t<h5 class=\"entry-title reverse-link-color\"><span class=\"entry-title-date\"><\/span><span class=\"light\">Valdivia se prepara para una nueva Noche Valdiviana: 32 embarcaciones competir\u00e1n en el Corso Fluvial 2026<\/span><\/h5>\t\t\t\t<\/div>\n\t\t\t\n\t\t\t\t\t\t\t<div class=\"post-text date-color\">\n\t\t\t\t\t<div class=\"summary\">\n\t\t\t\t\t\t\t\t\t\t\t\t\t<p>El tradicional espect\u00e1culo sobre los r\u00edos Valdivia y Calle Calle sumar\u00e1 adem\u00e1s 40 embarcaciones tur\u00edsticas que acompa\u00f1ar\u00e1n la celebraci\u00f3n m\u00e1s emblem\u00e1tica del verano en el sur de Chile.<\/p>\n\t\t\t\t\t\t\t\t\t\t\t<\/div>\n\t\t\t\t<\/div>\n\t\t\t\n\t\t<\/div>\n\t\t<div class=\"post-meta date-color\">\n\t\t\t<div class=\"entry-meta clearfix gem-post-date\">\n\t\t\t\t<div class=\"post-meta-right\">\n\t\t\t\t\t\t\t\t\t\t\n\t\t\t\t\t\n\t\t\t\t<\/div>\n\t\t\t\t<div class=\"post-meta-left\">\n\t\t\t\t\t\t\t\t\t\t\t<span class=\"post-meta-author\">\n\t\t\t\t\t\t\t\t\t\tPor <a href=\"https:\/\/elfuerte.cl\/web\" title=\"Visitar el sitio de Prensa El Fuerte\" rel=\"author external\">Prensa El Fuerte<\/a>\t\t\t\t\t\t\t\t\t<\/span>\n\t\t\t\t\t\t\t\t\t<\/div>\n\t\t\t<\/div><!-- .entry-meta -->\n\t\t<\/div>\n\n\t\t\t\t\t<div class=\"gem-blog-slider-navigation\">\n\t\t\t\t<a href=\"#\" class=\"gem-blog-slider-prev gem-button gem-button-size-tiny\">\n\t\t\t\t\t<i aria-hidden=\"true\" class=\"gem-print-icon gem-icon-prev gem-elegant arrow-carrot-left\"><\/i>\t\t\t\t<\/a>\n\t\t\t\t<a href=\"#\" class=\"gem-blog-slider-next gem-button gem-button-size-tiny\">\n\t\t\t\t\t<i aria-hidden=\"true\" class=\"gem-print-icon gem-icon-prev gem-elegant arrow-carrot-right\"><\/i>\t\t\t\t<\/a>\n\t\t\t<\/div>\n\t\t\t<\/div>\n<\/article><!-- #post-4616 -->\n\n<article id=\"post-4597\" class=\"clearfix\">\n\n\t<a href=\"https:\/\/elfuerte.cl\/web\/2026\/02\/16\/san-pedro-de-la-paz-volvera-a-ser-sede-de-la-world-triathlon-cup-en-noviembre-de-2026\/\" class=\"gem-slider-blog-link\"><\/a>\n\n\t<div class=\"gem-slider-item-image\" style=\"background: url('https:\/\/elfuerte.cl\/web\/wp-content\/uploads\/2026\/02\/portada-43.jpg') no-repeat 50% 50% \/ cover;\">\n\t\t<img src=\"https:\/\/elfuerte.cl\/web\/wp-content\/uploads\/2026\/02\/portada-43.jpg\"  style=\"visibility: hidden;\">\n\t<\/div>\n\n\t<div class=\"gem-slider-item-overlay\">\n\t\t<div class=\"gem-compact-item-content\">\n\t\t\t\t\t\t\t<div class=\"post-title\">\n\t\t\t\t\t<h5 class=\"entry-title reverse-link-color\"><span class=\"entry-title-date\"><\/span><span class=\"light\">San Pedro de la Paz volver\u00e1 a ser sede de la  World Triathlon Cup en noviembre de 2026<\/span><\/h5>\t\t\t\t<\/div>\n\t\t\t\n\t\t\t\t\t\t\t<div class=\"post-text date-color\">\n\t\t\t\t\t<div class=\"summary\">\n\t\t\t\t\t\t\t\t\t\t\t\t\t<p>La fecha fue confirmada en el calendario oficial de World Triathlon y proyecta un importante impacto deportivo, tur\u00edstico y econ\u00f3mico para la comuna del Biob\u00edo, debido a la llegada de delegaciones de diversos pa\u00edses, con atletas y equipos t\u00e9cnicos.<\/p>\n\t\t\t\t\t\t\t\t\t\t\t<\/div>\n\t\t\t\t<\/div>\n\t\t\t\n\t\t<\/div>\n\t\t<div class=\"post-meta date-color\">\n\t\t\t<div class=\"entry-meta clearfix gem-post-date\">\n\t\t\t\t<div class=\"post-meta-right\">\n\t\t\t\t\t\t\t\t\t\t\n\t\t\t\t\t\n\t\t\t\t<\/div>\n\t\t\t\t<div class=\"post-meta-left\">\n\t\t\t\t\t\t\t\t\t\t\t<span class=\"post-meta-author\">\n\t\t\t\t\t\t\t\t\t\tPor <a href=\"https:\/\/elfuerte.cl\/web\" title=\"Visitar el sitio de Prensa El Fuerte\" rel=\"author external\">Prensa El Fuerte<\/a>\t\t\t\t\t\t\t\t\t<\/span>\n\t\t\t\t\t\t\t\t\t<\/div>\n\t\t\t<\/div><!-- .entry-meta -->\n\t\t<\/div>\n\n\t\t\t\t\t<div class=\"gem-blog-slider-navigation\">\n\t\t\t\t<a href=\"#\" class=\"gem-blog-slider-prev gem-button gem-button-size-tiny\">\n\t\t\t\t\t<i aria-hidden=\"true\" class=\"gem-print-icon gem-icon-prev gem-elegant arrow-carrot-left\"><\/i>\t\t\t\t<\/a>\n\t\t\t\t<a href=\"#\" class=\"gem-blog-slider-next gem-button gem-button-size-tiny\">\n\t\t\t\t\t<i aria-hidden=\"true\" class=\"gem-print-icon gem-icon-prev gem-elegant arrow-carrot-right\"><\/i>\t\t\t\t<\/a>\n\t\t\t<\/div>\n\t\t\t<\/div>\n<\/article><!-- #post-4597 -->\n\n<article id=\"post-4585\" class=\"clearfix\">\n\n\t<a href=\"https:\/\/elfuerte.cl\/web\/2026\/02\/16\/climb-fest-reunio-a-mas-de-150-escaladores-en-un-torneo-de-elite-en-pleno-verano-valdiviano\/\" class=\"gem-slider-blog-link\"><\/a>\n\n\t<div class=\"gem-slider-item-image\" style=\"background: url('https:\/\/elfuerte.cl\/web\/wp-content\/uploads\/2026\/02\/portada-39-2.jpg') no-repeat 50% 50% \/ cover;\">\n\t\t<img src=\"https:\/\/elfuerte.cl\/web\/wp-content\/uploads\/2026\/02\/portada-39-2.jpg\"  style=\"visibility: hidden;\">\n\t<\/div>\n\n\t<div class=\"gem-slider-item-overlay\">\n\t\t<div class=\"gem-compact-item-content\">\n\t\t\t\t\t\t\t<div class=\"post-title\">\n\t\t\t\t\t<h5 class=\"entry-title reverse-link-color\"><span class=\"entry-title-date\"><\/span><span class=\"light\">Climb Fest reuni\u00f3 a m\u00e1s de 150 escaladores en un torneo de \u00e9lite en pleno verano valdiviano<\/span><\/h5>\t\t\t\t<\/div>\n\t\t\t\n\t\t\t\t\t\t\t<div class=\"post-text date-color\">\n\t\t\t\t\t<div class=\"summary\">\n\t\t\t\t\t\t\t\t\t\t\t\t\t<p>El torneo internacional The North Face Climb Fest convirti\u00f3 el borde r\u00edo en una verdadera arena deportiva, consolidando a Valdivia como escenario clave del deporte outdoor en el sur del pa\u00eds.<\/p>\n\t\t\t\t\t\t\t\t\t\t\t<\/div>\n\t\t\t\t<\/div>\n\t\t\t\n\t\t<\/div>\n\t\t<div class=\"post-meta date-color\">\n\t\t\t<div class=\"entry-meta clearfix gem-post-date\">\n\t\t\t\t<div class=\"post-meta-right\">\n\t\t\t\t\t\t\t\t\t\t\n\t\t\t\t\t\n\t\t\t\t<\/div>\n\t\t\t\t<div class=\"post-meta-left\">\n\t\t\t\t\t\t\t\t\t\t\t<span class=\"post-meta-author\">\n\t\t\t\t\t\t\t\t\t\tPor <a href=\"https:\/\/elfuerte.cl\/web\" title=\"Visitar el sitio de Prensa El Fuerte\" rel=\"author external\">Prensa El Fuerte<\/a>\t\t\t\t\t\t\t\t\t<\/span>\n\t\t\t\t\t\t\t\t\t<\/div>\n\t\t\t<\/div><!-- .entry-meta -->\n\t\t<\/div>\n\n\t\t\t\t\t<div class=\"gem-blog-slider-navigation\">\n\t\t\t\t<a href=\"#\" class=\"gem-blog-slider-prev gem-button gem-button-size-tiny\">\n\t\t\t\t\t<i aria-hidden=\"true\" class=\"gem-print-icon gem-icon-prev gem-elegant arrow-carrot-left\"><\/i>\t\t\t\t<\/a>\n\t\t\t\t<a href=\"#\" class=\"gem-blog-slider-next gem-button gem-button-size-tiny\">\n\t\t\t\t\t<i aria-hidden=\"true\" class=\"gem-print-icon gem-icon-prev gem-elegant arrow-carrot-right\"><\/i>\t\t\t\t<\/a>\n\t\t\t<\/div>\n\t\t\t<\/div>\n<\/article><!-- #post-4585 -->\n\n<article id=\"post-4571\" class=\"clearfix\">\n\n\t<a href=\"https:\/\/elfuerte.cl\/web\/2026\/02\/16\/en-medio-de-sus-vacaciones-presidente-electo-se-reunio-con-alcalde-y-el-concejo-municipal-de-puerto-varas\/\" class=\"gem-slider-blog-link\"><\/a>\n\n\t<div class=\"gem-slider-item-image\" style=\"background: url('https:\/\/elfuerte.cl\/web\/wp-content\/uploads\/2026\/02\/Kast-3.jpeg') no-repeat 50% 50% \/ cover;\">\n\t\t<img src=\"https:\/\/elfuerte.cl\/web\/wp-content\/uploads\/2026\/02\/Kast-3.jpeg\"  style=\"visibility: hidden;\">\n\t<\/div>\n\n\t<div class=\"gem-slider-item-overlay\">\n\t\t<div class=\"gem-compact-item-content\">\n\t\t\t\t\t\t\t<div class=\"post-title\">\n\t\t\t\t\t<h5 class=\"entry-title reverse-link-color\"><span class=\"entry-title-date\"><\/span><span class=\"light\">En medio de sus vacaciones, presidente electo se reuni\u00f3 con alcalde y el concejo municipal de Puerto Varas<\/span><\/h5>\t\t\t\t<\/div>\n\t\t\t\n\t\t\t\t\t\t\t<div class=\"post-text date-color\">\n\t\t\t\t\t<div class=\"summary\">\n\t\t\t\t\t\t\t\t\t\t\t\t\t<p>El encuentro permiti\u00f3 a Jos\u00e9 Antonio Kast revisar en conjunto con el equipo municipal proyectos estrat\u00e9gicos en conectividad, salud, educaci\u00f3n y desarrollo productivo para la comuna lacustre y la Regi\u00f3n de Los Lagos.<\/p>\n\t\t\t\t\t\t\t\t\t\t\t<\/div>\n\t\t\t\t<\/div>\n\t\t\t\n\t\t<\/div>\n\t\t<div class=\"post-meta date-color\">\n\t\t\t<div class=\"entry-meta clearfix gem-post-date\">\n\t\t\t\t<div class=\"post-meta-right\">\n\t\t\t\t\t\t\t\t\t\t\n\t\t\t\t\t\n\t\t\t\t<\/div>\n\t\t\t\t<div class=\"post-meta-left\">\n\t\t\t\t\t\t\t\t\t\t\t<span class=\"post-meta-author\">\n\t\t\t\t\t\t\t\t\t\tPor <a href=\"https:\/\/elfuerte.cl\/web\" title=\"Visitar el sitio de Prensa El Fuerte\" rel=\"author external\">Prensa El Fuerte<\/a>\t\t\t\t\t\t\t\t\t<\/span>\n\t\t\t\t\t\t\t\t\t<\/div>\n\t\t\t<\/div><!-- .entry-meta -->\n\t\t<\/div>\n\n\t\t\t\t\t<div class=\"gem-blog-slider-navigation\">\n\t\t\t\t<a href=\"#\" class=\"gem-blog-slider-prev gem-button gem-button-size-tiny\">\n\t\t\t\t\t<i aria-hidden=\"true\" class=\"gem-print-icon gem-icon-prev gem-elegant arrow-carrot-left\"><\/i>\t\t\t\t<\/a>\n\t\t\t\t<a href=\"#\" class=\"gem-blog-slider-next gem-button gem-button-size-tiny\">\n\t\t\t\t\t<i aria-hidden=\"true\" class=\"gem-print-icon gem-icon-prev gem-elegant arrow-carrot-right\"><\/i>\t\t\t\t<\/a>\n\t\t\t<\/div>\n\t\t\t<\/div>\n<\/article><!-- #post-4571 -->\n\n<article id=\"post-4561\" class=\"clearfix\">\n\n\t<a href=\"https:\/\/elfuerte.cl\/web\/2026\/02\/16\/consejo-regional-aprobo-inversiones-por-mas-de-4-mil-millones-en-sesion-realizada-en-palena\/\" class=\"gem-slider-blog-link\"><\/a>\n\n\t<div class=\"gem-slider-item-image\" style=\"background: url('https:\/\/elfuerte.cl\/web\/wp-content\/uploads\/2026\/02\/portada-41.jpg') no-repeat 50% 50% \/ cover;\">\n\t\t<img src=\"https:\/\/elfuerte.cl\/web\/wp-content\/uploads\/2026\/02\/portada-41.jpg\"  style=\"visibility: hidden;\">\n\t<\/div>\n\n\t<div class=\"gem-slider-item-overlay\">\n\t\t<div class=\"gem-compact-item-content\">\n\t\t\t\t\t\t\t<div class=\"post-title\">\n\t\t\t\t\t<h5 class=\"entry-title reverse-link-color\"><span class=\"entry-title-date\"><\/span><span class=\"light\">Consejo Regional aprob\u00f3 inversiones por m\u00e1s de $4 mil millones en sesi\u00f3n realizada en Palena<\/span><\/h5>\t\t\t\t<\/div>\n\t\t\t\n\t\t\t\t\t\t\t<div class=\"post-text date-color\">\n\t\t\t\t\t<div class=\"summary\">\n\t\t\t\t\t\t\t\t\t\t\t\t\t<p>Desde la aislada provincia austral, el Core dio luz verde a una cartera que prioriza salud, caminos, desarrollo productivo y gesti\u00f3n municipal en distintos puntos de la Regi\u00f3n de Los Lagos.<\/p>\n\t\t\t\t\t\t\t\t\t\t\t<\/div>\n\t\t\t\t<\/div>\n\t\t\t\n\t\t<\/div>\n\t\t<div class=\"post-meta date-color\">\n\t\t\t<div class=\"entry-meta clearfix gem-post-date\">\n\t\t\t\t<div class=\"post-meta-right\">\n\t\t\t\t\t\t\t\t\t\t\n\t\t\t\t\t\n\t\t\t\t<\/div>\n\t\t\t\t<div class=\"post-meta-left\">\n\t\t\t\t\t\t\t\t\t\t\t<span class=\"post-meta-author\">\n\t\t\t\t\t\t\t\t\t\tPor <a href=\"https:\/\/elfuerte.cl\/web\" title=\"Visitar el sitio de Prensa El Fuerte\" rel=\"author external\">Prensa El Fuerte<\/a>\t\t\t\t\t\t\t\t\t<\/span>\n\t\t\t\t\t\t\t\t\t<\/div>\n\t\t\t<\/div><!-- .entry-meta -->\n\t\t<\/div>\n\n\t\t\t\t\t<div class=\"gem-blog-slider-navigation\">\n\t\t\t\t<a href=\"#\" class=\"gem-blog-slider-prev gem-button gem-button-size-tiny\">\n\t\t\t\t\t<i aria-hidden=\"true\" class=\"gem-print-icon gem-icon-prev gem-elegant arrow-carrot-left\"><\/i>\t\t\t\t<\/a>\n\t\t\t\t<a href=\"#\" class=\"gem-blog-slider-next gem-button gem-button-size-tiny\">\n\t\t\t\t\t<i aria-hidden=\"true\" class=\"gem-print-icon gem-icon-prev gem-elegant arrow-carrot-right\"><\/i>\t\t\t\t<\/a>\n\t\t\t<\/div>\n\t\t\t<\/div>\n<\/article><!-- #post-4561 -->\n\n<article id=\"post-4551\" class=\"clearfix\">\n\n\t<a href=\"https:\/\/elfuerte.cl\/web\/2026\/02\/16\/cafe-entrelagos-es-el-primer-local-de-valdivia-en-implementar-ley-de-plasticos-de-un-solo-uso\/\" class=\"gem-slider-blog-link\"><\/a>\n\n\t<div class=\"gem-slider-item-image\" style=\"background: url('https:\/\/elfuerte.cl\/web\/wp-content\/uploads\/2026\/02\/portada-40-1.jpg') no-repeat 50% 50% \/ cover;\">\n\t\t<img src=\"https:\/\/elfuerte.cl\/web\/wp-content\/uploads\/2026\/02\/portada-40-1.jpg\"  style=\"visibility: hidden;\">\n\t<\/div>\n\n\t<div class=\"gem-slider-item-overlay\">\n\t\t<div class=\"gem-compact-item-content\">\n\t\t\t\t\t\t\t<div class=\"post-title\">\n\t\t\t\t\t<h5 class=\"entry-title reverse-link-color\"><span class=\"entry-title-date\"><\/span><span class=\"light\">Caf\u00e9 Entrelagos es el primer local de Valdivia en implementar Ley de Pl\u00e1sticos de un Solo Uso<\/span><\/h5>\t\t\t\t<\/div>\n\t\t\t\n\t\t\t\t\t\t\t<div class=\"post-text date-color\">\n\t\t\t\t\t<div class=\"summary\">\n\t\t\t\t\t\t\t\t\t\t\t\t\t<p>Con motivo de la puesta en rigor de la Ley 21.368, autoridades llegaron hasta el tradicional caf\u00e9 para realizar una conferencia de prensa para entregar el primer certificado de cumplimiento en la comuna.<\/p>\n\t\t\t\t\t\t\t\t\t\t\t<\/div>\n\t\t\t\t<\/div>\n\t\t\t\n\t\t<\/div>\n\t\t<div class=\"post-meta date-color\">\n\t\t\t<div class=\"entry-meta clearfix gem-post-date\">\n\t\t\t\t<div class=\"post-meta-right\">\n\t\t\t\t\t\t\t\t\t\t\n\t\t\t\t\t\n\t\t\t\t<\/div>\n\t\t\t\t<div class=\"post-meta-left\">\n\t\t\t\t\t\t\t\t\t\t\t<span class=\"post-meta-author\">\n\t\t\t\t\t\t\t\t\t\tPor <a href=\"https:\/\/elfuerte.cl\/web\" title=\"Visitar el sitio de Prensa El Fuerte\" rel=\"author external\">Prensa El Fuerte<\/a>\t\t\t\t\t\t\t\t\t<\/span>\n\t\t\t\t\t\t\t\t\t<\/div>\n\t\t\t<\/div><!-- .entry-meta -->\n\t\t<\/div>\n\n\t\t\t\t\t<div class=\"gem-blog-slider-navigation\">\n\t\t\t\t<a href=\"#\" class=\"gem-blog-slider-prev gem-button gem-button-size-tiny\">\n\t\t\t\t\t<i aria-hidden=\"true\" class=\"gem-print-icon gem-icon-prev gem-elegant arrow-carrot-left\"><\/i>\t\t\t\t<\/a>\n\t\t\t\t<a href=\"#\" class=\"gem-blog-slider-next gem-button gem-button-size-tiny\">\n\t\t\t\t\t<i aria-hidden=\"true\" class=\"gem-print-icon gem-icon-prev gem-elegant arrow-carrot-right\"><\/i>\t\t\t\t<\/a>\n\t\t\t<\/div>\n\t\t\t<\/div>\n<\/article><!-- #post-4551 -->\n\n<article id=\"post-4520\" class=\"clearfix\">\n\n\t<a href=\"https:\/\/elfuerte.cl\/web\/2026\/02\/15\/valdivia-consolida-liderazgo-ambiental-tras-exponer-su-modelo-de-humedales-y-biodiversidad-en-encuentros-nacionales\/\" class=\"gem-slider-blog-link\"><\/a>\n\n\t<div class=\"gem-slider-item-image\" style=\"background: url('https:\/\/elfuerte.cl\/web\/wp-content\/uploads\/2026\/02\/portada-37.jpg') no-repeat 50% 50% \/ cover;\">\n\t\t<img src=\"https:\/\/elfuerte.cl\/web\/wp-content\/uploads\/2026\/02\/portada-37.jpg\"  style=\"visibility: hidden;\">\n\t<\/div>\n\n\t<div class=\"gem-slider-item-overlay\">\n\t\t<div class=\"gem-compact-item-content\">\n\t\t\t\t\t\t\t<div class=\"post-title\">\n\t\t\t\t\t<h5 class=\"entry-title reverse-link-color\"><span class=\"entry-title-date\"><\/span><span class=\"light\">Valdivia consolida liderazgo ambiental tras exponer su modelo de humedales y biodiversidad en encuentros nacionales<\/span><\/h5>\t\t\t\t<\/div>\n\t\t\t\n\t\t\t\t\t\t\t<div class=\"post-text date-color\">\n\t\t\t\t\t<div class=\"summary\">\n\t\t\t\t\t\t\t\t\t\t\t\t\t<p>La experiencia comunal en flora nativa y restauraci\u00f3n socioecol\u00f3gica fue presentada en actividades realizadas en Vi\u00f1a del Mar y Pichilemu, reforzando el posicionamiento de la capital regional como referente ambiental.<\/p>\n\t\t\t\t\t\t\t\t\t\t\t<\/div>\n\t\t\t\t<\/div>\n\t\t\t\n\t\t<\/div>\n\t\t<div class=\"post-meta date-color\">\n\t\t\t<div class=\"entry-meta clearfix gem-post-date\">\n\t\t\t\t<div class=\"post-meta-right\">\n\t\t\t\t\t\t\t\t\t\t\n\t\t\t\t\t\n\t\t\t\t<\/div>\n\t\t\t\t<div class=\"post-meta-left\">\n\t\t\t\t\t\t\t\t\t\t\t<span class=\"post-meta-author\">\n\t\t\t\t\t\t\t\t\t\tPor <a href=\"https:\/\/elfuerte.cl\/web\" title=\"Visitar el sitio de Prensa El Fuerte\" rel=\"author external\">Prensa El Fuerte<\/a>\t\t\t\t\t\t\t\t\t<\/span>\n\t\t\t\t\t\t\t\t\t<\/div>\n\t\t\t<\/div><!-- .entry-meta -->\n\t\t<\/div>\n\n\t\t\t\t\t<div class=\"gem-blog-slider-navigation\">\n\t\t\t\t<a href=\"#\" class=\"gem-blog-slider-prev gem-button gem-button-size-tiny\">\n\t\t\t\t\t<i aria-hidden=\"true\" class=\"gem-print-icon gem-icon-prev gem-elegant arrow-carrot-left\"><\/i>\t\t\t\t<\/a>\n\t\t\t\t<a href=\"#\" class=\"gem-blog-slider-next gem-button gem-button-size-tiny\">\n\t\t\t\t\t<i aria-hidden=\"true\" class=\"gem-print-icon gem-icon-prev gem-elegant arrow-carrot-right\"><\/i>\t\t\t\t<\/a>\n\t\t\t<\/div>\n\t\t\t<\/div>\n<\/article><!-- #post-4520 -->\n\n<article id=\"post-4512\" class=\"clearfix\">\n\n\t<a href=\"https:\/\/elfuerte.cl\/web\/2026\/02\/15\/gore-gestiona-mas-recursos-para-pavimentar-camino-centre-collico-y-huincacara-en-villarrica\/\" class=\"gem-slider-blog-link\"><\/a>\n\n\t<div class=\"gem-slider-item-image\" style=\"background: url('https:\/\/elfuerte.cl\/web\/wp-content\/uploads\/2026\/02\/portada-36.jpg') no-repeat 50% 50% \/ cover;\">\n\t\t<img src=\"https:\/\/elfuerte.cl\/web\/wp-content\/uploads\/2026\/02\/portada-36.jpg\"  style=\"visibility: hidden;\">\n\t<\/div>\n\n\t<div class=\"gem-slider-item-overlay\">\n\t\t<div class=\"gem-compact-item-content\">\n\t\t\t\t\t\t\t<div class=\"post-title\">\n\t\t\t\t\t<h5 class=\"entry-title reverse-link-color\"><span class=\"entry-title-date\"><\/span><span class=\"light\">Gore gestiona m\u00e1s recursos para pavimentar camino centre Collico y Huincacara en Villarrica<\/span><\/h5>\t\t\t\t<\/div>\n\t\t\t\n\t\t\t\t\t\t\t<div class=\"post-text date-color\">\n\t\t\t\t\t<div class=\"summary\">\n\t\t\t\t\t\t\t\t\t\t\t\t\t<p>La iniciativa busca reemplazar el actual ripio por pavimento asf\u00e1ltico y mejorar la conectividad en un sector con fuerte vocaci\u00f3n tur\u00edstica y productiva en la regi\u00f3n de La Araucan\u00eda.<\/p>\n\t\t\t\t\t\t\t\t\t\t\t<\/div>\n\t\t\t\t<\/div>\n\t\t\t\n\t\t<\/div>\n\t\t<div class=\"post-meta date-color\">\n\t\t\t<div class=\"entry-meta clearfix gem-post-date\">\n\t\t\t\t<div class=\"post-meta-right\">\n\t\t\t\t\t\t\t\t\t\t\n\t\t\t\t\t\n\t\t\t\t<\/div>\n\t\t\t\t<div class=\"post-meta-left\">\n\t\t\t\t\t\t\t\t\t\t\t<span class=\"post-meta-author\">\n\t\t\t\t\t\t\t\t\t\tPor <a href=\"https:\/\/elfuerte.cl\/web\" title=\"Visitar el sitio de Prensa El Fuerte\" rel=\"author external\">Prensa El Fuerte<\/a>\t\t\t\t\t\t\t\t\t<\/span>\n\t\t\t\t\t\t\t\t\t<\/div>\n\t\t\t<\/div><!-- .entry-meta -->\n\t\t<\/div>\n\n\t\t\t\t\t<div class=\"gem-blog-slider-navigation\">\n\t\t\t\t<a href=\"#\" class=\"gem-blog-slider-prev gem-button gem-button-size-tiny\">\n\t\t\t\t\t<i aria-hidden=\"true\" class=\"gem-print-icon gem-icon-prev gem-elegant arrow-carrot-left\"><\/i>\t\t\t\t<\/a>\n\t\t\t\t<a href=\"#\" class=\"gem-blog-slider-next gem-button gem-button-size-tiny\">\n\t\t\t\t\t<i aria-hidden=\"true\" class=\"gem-print-icon gem-icon-prev gem-elegant arrow-carrot-right\"><\/i>\t\t\t\t<\/a>\n\t\t\t<\/div>\n\t\t\t<\/div>\n<\/article><!-- #post-4512 -->\n\n<article id=\"post-4502\" class=\"clearfix\">\n\n\t<a href=\"https:\/\/elfuerte.cl\/web\/2026\/02\/15\/puerto-montt-vive-intenso-programa-aniversario-que-culmina-hoy-con-desfile-de-carros-alegoricos-2\/\" class=\"gem-slider-blog-link\"><\/a>\n\n\t<div class=\"gem-slider-item-image\" style=\"background: url('https:\/\/elfuerte.cl\/web\/wp-content\/uploads\/2026\/02\/portada-35.jpg') no-repeat 50% 50% \/ cover;\">\n\t\t<img src=\"https:\/\/elfuerte.cl\/web\/wp-content\/uploads\/2026\/02\/portada-35.jpg\"  style=\"visibility: hidden;\">\n\t<\/div>\n\n\t<div class=\"gem-slider-item-overlay\">\n\t\t<div class=\"gem-compact-item-content\">\n\t\t\t\t\t\t\t<div class=\"post-title\">\n\t\t\t\t\t<h5 class=\"entry-title reverse-link-color\"><span class=\"entry-title-date\"><\/span><span class=\"light\">Puerto Montt vive intenso programa aniversario que culmina hoy con desfile de carros aleg\u00f3ricos<\/span><\/h5>\t\t\t\t<\/div>\n\t\t\t\n\t\t\t\t\t\t\t<div class=\"post-text date-color\">\n\t\t\t\t\t<div class=\"summary\">\n\t\t\t\t\t\t\t\t\t\t\t\t\t<p>La capital regional de Los Lagos celebra sus 173 a\u00f1os con una nutrida agenda que incluy\u00f3 desfile institucional, Festival Capital, autos locos y actividades tradicionales que han dinamizado el turismo y el comercio local.<\/p>\n\t\t\t\t\t\t\t\t\t\t\t<\/div>\n\t\t\t\t<\/div>\n\t\t\t\n\t\t<\/div>\n\t\t<div class=\"post-meta date-color\">\n\t\t\t<div class=\"entry-meta clearfix gem-post-date\">\n\t\t\t\t<div class=\"post-meta-right\">\n\t\t\t\t\t\t\t\t\t\t\n\t\t\t\t\t\n\t\t\t\t<\/div>\n\t\t\t\t<div class=\"post-meta-left\">\n\t\t\t\t\t\t\t\t\t\t\t<span class=\"post-meta-author\">\n\t\t\t\t\t\t\t\t\t\tPor <a href=\"https:\/\/elfuerte.cl\/web\" title=\"Visitar el sitio de Prensa El Fuerte\" rel=\"author external\">Prensa El Fuerte<\/a>\t\t\t\t\t\t\t\t\t<\/span>\n\t\t\t\t\t\t\t\t\t<\/div>\n\t\t\t<\/div><!-- .entry-meta -->\n\t\t<\/div>\n\n\t\t\t\t\t<div class=\"gem-blog-slider-navigation\">\n\t\t\t\t<a href=\"#\" class=\"gem-blog-slider-prev gem-button gem-button-size-tiny\">\n\t\t\t\t\t<i aria-hidden=\"true\" class=\"gem-print-icon gem-icon-prev gem-elegant arrow-carrot-left\"><\/i>\t\t\t\t<\/a>\n\t\t\t\t<a href=\"#\" class=\"gem-blog-slider-next gem-button gem-button-size-tiny\">\n\t\t\t\t\t<i aria-hidden=\"true\" class=\"gem-print-icon gem-icon-prev gem-elegant arrow-carrot-right\"><\/i>\t\t\t\t<\/a>\n\t\t\t<\/div>\n\t\t\t<\/div>\n<\/article><!-- #post-4502 -->\n\n<article id=\"post-4478\" class=\"clearfix\">\n\n\t<a href=\"https:\/\/elfuerte.cl\/web\/2026\/02\/14\/mas-de-6-mil-personas-participaron-en-concierto-rock-up-en-concepcion-para-apoyar-a-victimas-de-los-incendios\/\" class=\"gem-slider-blog-link\"><\/a>\n\n\t<div class=\"gem-slider-item-image\" style=\"background: url('https:\/\/elfuerte.cl\/web\/wp-content\/uploads\/2026\/02\/portada-34.jpg') no-repeat 50% 50% \/ cover;\">\n\t\t<img src=\"https:\/\/elfuerte.cl\/web\/wp-content\/uploads\/2026\/02\/portada-34.jpg\"  style=\"visibility: hidden;\">\n\t<\/div>\n\n\t<div class=\"gem-slider-item-overlay\">\n\t\t<div class=\"gem-compact-item-content\">\n\t\t\t\t\t\t\t<div class=\"post-title\">\n\t\t\t\t\t<h5 class=\"entry-title reverse-link-color\"><span class=\"entry-title-date\"><\/span><span class=\"light\">M\u00e1s de 6 mil personas participaron en concierto \u201cRock Up\u201d en Concepci\u00f3n para apoyar a v\u00edctimas de los incendios<\/span><\/h5>\t\t\t\t<\/div>\n\t\t\t\n\t\t\t\t\t\t\t<div class=\"post-text date-color\">\n\t\t\t\t\t<div class=\"summary\">\n\t\t\t\t\t\t\t\t\t\t\t\t\t<p>La jornada realizada este viernes 13 de febrero en el Club H\u00edpico reuni\u00f3 a destacados artistas nacionales y permiti\u00f3 canalizar aportes para la reconstrucci\u00f3n en \u00d1uble y Biob\u00edo, incluyendo una donaci\u00f3n de $600 millones.<\/p>\n\t\t\t\t\t\t\t\t\t\t\t<\/div>\n\t\t\t\t<\/div>\n\t\t\t\n\t\t<\/div>\n\t\t<div class=\"post-meta date-color\">\n\t\t\t<div class=\"entry-meta clearfix gem-post-date\">\n\t\t\t\t<div class=\"post-meta-right\">\n\t\t\t\t\t\t\t\t\t\t\n\t\t\t\t\t\n\t\t\t\t<\/div>\n\t\t\t\t<div class=\"post-meta-left\">\n\t\t\t\t\t\t\t\t\t\t\t<span class=\"post-meta-author\">\n\t\t\t\t\t\t\t\t\t\tPor <a href=\"https:\/\/elfuerte.cl\/web\" title=\"Visitar el sitio de Prensa El Fuerte\" rel=\"author external\">Prensa El Fuerte<\/a>\t\t\t\t\t\t\t\t\t<\/span>\n\t\t\t\t\t\t\t\t\t<\/div>\n\t\t\t<\/div><!-- .entry-meta -->\n\t\t<\/div>\n\n\t\t\t\t\t<div class=\"gem-blog-slider-navigation\">\n\t\t\t\t<a href=\"#\" class=\"gem-blog-slider-prev gem-button gem-button-size-tiny\">\n\t\t\t\t\t<i aria-hidden=\"true\" class=\"gem-print-icon gem-icon-prev gem-elegant arrow-carrot-left\"><\/i>\t\t\t\t<\/a>\n\t\t\t\t<a href=\"#\" class=\"gem-blog-slider-next gem-button gem-button-size-tiny\">\n\t\t\t\t\t<i aria-hidden=\"true\" class=\"gem-print-icon gem-icon-prev gem-elegant arrow-carrot-right\"><\/i>\t\t\t\t<\/a>\n\t\t\t<\/div>\n\t\t\t<\/div>\n<\/article><!-- #post-4478 -->\n\n<article id=\"post-4472\" class=\"clearfix\">\n\n\t<a href=\"https:\/\/elfuerte.cl\/web\/2026\/02\/14\/mop-adjudica-doble-via-chacao-chonchi-por-us594-millones-chiloe-entra-en-nueva-etapa-de-conectividad\/\" class=\"gem-slider-blog-link\"><\/a>\n\n\t<div class=\"gem-slider-item-image\" style=\"background: url('https:\/\/elfuerte.cl\/web\/wp-content\/uploads\/2026\/02\/Chonchi-1.jpg') no-repeat 50% 50% \/ cover;\">\n\t\t<img src=\"https:\/\/elfuerte.cl\/web\/wp-content\/uploads\/2026\/02\/Chonchi-1.jpg\"  style=\"visibility: hidden;\">\n\t<\/div>\n\n\t<div class=\"gem-slider-item-overlay\">\n\t\t<div class=\"gem-compact-item-content\">\n\t\t\t\t\t\t\t<div class=\"post-title\">\n\t\t\t\t\t<h5 class=\"entry-title reverse-link-color\"><span class=\"entry-title-date\"><\/span><span class=\"light\">MOP adjudica doble v\u00eda Chacao\u2013Chonchi por US$594 millones: Chilo\u00e9 entra en nueva etapa de conectividad<\/span><\/h5>\t\t\t\t<\/div>\n\t\t\t\n\t\t\t\t\t\t\t<div class=\"post-text date-color\">\n\t\t\t\t\t<div class=\"summary\">\n\t\t\t\t\t\t\t\t\t\t\t\t\t<p>El proyecto contempla 126 kil\u00f3metros de ruta concesionada de alto est\u00e1ndar y se complementa con el Puente Chacao, marcando un hito hist\u00f3rico para el archipi\u00e9lago.<\/p>\n\t\t\t\t\t\t\t\t\t\t\t<\/div>\n\t\t\t\t<\/div>\n\t\t\t\n\t\t<\/div>\n\t\t<div class=\"post-meta date-color\">\n\t\t\t<div class=\"entry-meta clearfix gem-post-date\">\n\t\t\t\t<div class=\"post-meta-right\">\n\t\t\t\t\t\t\t\t\t\t\n\t\t\t\t\t\n\t\t\t\t<\/div>\n\t\t\t\t<div class=\"post-meta-left\">\n\t\t\t\t\t\t\t\t\t\t\t<span class=\"post-meta-author\">\n\t\t\t\t\t\t\t\t\t\tPor <a href=\"https:\/\/elfuerte.cl\/web\" title=\"Visitar el sitio de Prensa El Fuerte\" rel=\"author external\">Prensa El Fuerte<\/a>\t\t\t\t\t\t\t\t\t<\/span>\n\t\t\t\t\t\t\t\t\t<\/div>\n\t\t\t<\/div><!-- .entry-meta -->\n\t\t<\/div>\n\n\t\t\t\t\t<div class=\"gem-blog-slider-navigation\">\n\t\t\t\t<a href=\"#\" class=\"gem-blog-slider-prev gem-button gem-button-size-tiny\">\n\t\t\t\t\t<i aria-hidden=\"true\" class=\"gem-print-icon gem-icon-prev gem-elegant arrow-carrot-left\"><\/i>\t\t\t\t<\/a>\n\t\t\t\t<a href=\"#\" class=\"gem-blog-slider-next gem-button gem-button-size-tiny\">\n\t\t\t\t\t<i aria-hidden=\"true\" class=\"gem-print-icon gem-icon-prev gem-elegant arrow-carrot-right\"><\/i>\t\t\t\t<\/a>\n\t\t\t<\/div>\n\t\t\t<\/div>\n<\/article><!-- #post-4472 -->\n\n<article id=\"post-4451\" class=\"clearfix\">\n\n\t<a href=\"https:\/\/elfuerte.cl\/web\/2026\/02\/14\/valdivia-conmemoro-el-dia-nacional-de-la-prensa-con-solemne-acto-en-honor-a-camilo-henriquez\/\" class=\"gem-slider-blog-link\"><\/a>\n\n\t<div class=\"gem-slider-item-image\" style=\"background: url('https:\/\/elfuerte.cl\/web\/wp-content\/uploads\/2026\/02\/portada-33.jpg') no-repeat 50% 50% \/ cover;\">\n\t\t<img src=\"https:\/\/elfuerte.cl\/web\/wp-content\/uploads\/2026\/02\/portada-33.jpg\"  style=\"visibility: hidden;\">\n\t<\/div>\n\n\t<div class=\"gem-slider-item-overlay\">\n\t\t<div class=\"gem-compact-item-content\">\n\t\t\t\t\t\t\t<div class=\"post-title\">\n\t\t\t\t\t<h5 class=\"entry-title reverse-link-color\"><span class=\"entry-title-date\"><\/span><span class=\"light\">Valdivia conmemor\u00f3 el D\u00eda Nacional de la Prensa con solemne acto en honor a Camilo Henr\u00edquez<\/span><\/h5>\t\t\t\t<\/div>\n\t\t\t\n\t\t\t\t\t\t\t<div class=\"post-text date-color\">\n\t\t\t\t\t<div class=\"summary\">\n\t\t\t\t\t\t\t\t\t\t\t\t\t<p>La ceremonia reuni\u00f3 a autoridades regionales, representantes civiles y militares, junto a periodistas y comunicadores de la regi\u00f3n, destacando el compromiso con la libertad de expresi\u00f3n y el ejercicio \u00e9tico de la profesi\u00f3n.<\/p>\n\t\t\t\t\t\t\t\t\t\t\t<\/div>\n\t\t\t\t<\/div>\n\t\t\t\n\t\t<\/div>\n\t\t<div class=\"post-meta date-color\">\n\t\t\t<div class=\"entry-meta clearfix gem-post-date\">\n\t\t\t\t<div class=\"post-meta-right\">\n\t\t\t\t\t\t\t\t\t\t\n\t\t\t\t\t\n\t\t\t\t<\/div>\n\t\t\t\t<div class=\"post-meta-left\">\n\t\t\t\t\t\t\t\t\t\t\t<span class=\"post-meta-author\">\n\t\t\t\t\t\t\t\t\t\tPor <a href=\"https:\/\/elfuerte.cl\/web\" title=\"Visitar el sitio de Prensa El Fuerte\" rel=\"author external\">Prensa El Fuerte<\/a>\t\t\t\t\t\t\t\t\t<\/span>\n\t\t\t\t\t\t\t\t\t<\/div>\n\t\t\t<\/div><!-- .entry-meta -->\n\t\t<\/div>\n\n\t\t\t\t\t<div class=\"gem-blog-slider-navigation\">\n\t\t\t\t<a href=\"#\" class=\"gem-blog-slider-prev gem-button gem-button-size-tiny\">\n\t\t\t\t\t<i aria-hidden=\"true\" class=\"gem-print-icon gem-icon-prev gem-elegant arrow-carrot-left\"><\/i>\t\t\t\t<\/a>\n\t\t\t\t<a href=\"#\" class=\"gem-blog-slider-next gem-button gem-button-size-tiny\">\n\t\t\t\t\t<i aria-hidden=\"true\" class=\"gem-print-icon gem-icon-prev gem-elegant arrow-carrot-right\"><\/i>\t\t\t\t<\/a>\n\t\t\t<\/div>\n\t\t\t<\/div>\n<\/article><!-- #post-4451 -->\n\n<article id=\"post-4444\" class=\"clearfix\">\n\n\t<a href=\"https:\/\/elfuerte.cl\/web\/2026\/02\/14\/expo-artesania-y-oficios-2026-abrio-sus-puertas-en-el-parque-saval\/\" class=\"gem-slider-blog-link\"><\/a>\n\n\t<div class=\"gem-slider-item-image\" style=\"background: url('https:\/\/elfuerte.cl\/web\/wp-content\/uploads\/2026\/02\/portada-32.jpg') no-repeat 50% 50% \/ cover;\">\n\t\t<img src=\"https:\/\/elfuerte.cl\/web\/wp-content\/uploads\/2026\/02\/portada-32.jpg\"  style=\"visibility: hidden;\">\n\t<\/div>\n\n\t<div class=\"gem-slider-item-overlay\">\n\t\t<div class=\"gem-compact-item-content\">\n\t\t\t\t\t\t\t<div class=\"post-title\">\n\t\t\t\t\t<h5 class=\"entry-title reverse-link-color\"><span class=\"entry-title-date\"><\/span><span class=\"light\">Expo Artesan\u00eda y Oficios 2026 abri\u00f3 sus puertas en el Parque Saval<\/span><\/h5>\t\t\t\t<\/div>\n\t\t\t\n\t\t\t\t\t\t\t<div class=\"post-text date-color\">\n\t\t\t\t\t<div class=\"summary\">\n\t\t\t\t\t\t\t\t\t\t\t\t\t<p>En Chile, cerca de 2,1 trabajadores por cada 100 mil protegidos fallecieron en 2024 a causa de accidentes laborales. Detr\u00e1s de este dato hay decenas de muertes, familias afectadas y comunidades impactadas. <\/p>\n\t\t\t\t\t\t\t\t\t\t\t<\/div>\n\t\t\t\t<\/div>\n\t\t\t\n\t\t<\/div>\n\t\t<div class=\"post-meta date-color\">\n\t\t\t<div class=\"entry-meta clearfix gem-post-date\">\n\t\t\t\t<div class=\"post-meta-right\">\n\t\t\t\t\t\t\t\t\t\t\n\t\t\t\t\t\n\t\t\t\t<\/div>\n\t\t\t\t<div class=\"post-meta-left\">\n\t\t\t\t\t\t\t\t\t\t\t<span class=\"post-meta-author\">\n\t\t\t\t\t\t\t\t\t\tPor <a href=\"https:\/\/elfuerte.cl\/web\" title=\"Visitar el sitio de Prensa El Fuerte\" rel=\"author external\">Prensa El Fuerte<\/a>\t\t\t\t\t\t\t\t\t<\/span>\n\t\t\t\t\t\t\t\t\t<\/div>\n\t\t\t<\/div><!-- .entry-meta -->\n\t\t<\/div>\n\n\t\t\t\t\t<div class=\"gem-blog-slider-navigation\">\n\t\t\t\t<a href=\"#\" class=\"gem-blog-slider-prev gem-button gem-button-size-tiny\">\n\t\t\t\t\t<i aria-hidden=\"true\" class=\"gem-print-icon gem-icon-prev gem-elegant arrow-carrot-left\"><\/i>\t\t\t\t<\/a>\n\t\t\t\t<a href=\"#\" class=\"gem-blog-slider-next gem-button gem-button-size-tiny\">\n\t\t\t\t\t<i aria-hidden=\"true\" class=\"gem-print-icon gem-icon-prev gem-elegant arrow-carrot-right\"><\/i>\t\t\t\t<\/a>\n\t\t\t<\/div>\n\t\t\t<\/div>\n<\/article><!-- #post-4444 -->\n\n<article id=\"post-4430\" class=\"clearfix\">\n\n\t<a href=\"https:\/\/elfuerte.cl\/web\/2026\/02\/13\/agua-potable-para-la-dignidad-rural-inauguran-sistema-apr-que-beneficia-a-mas-de-2-mil-personas-en-nancul-norte\/\" class=\"gem-slider-blog-link\"><\/a>\n\n\t<div class=\"gem-slider-item-image\" style=\"background: url('https:\/\/elfuerte.cl\/web\/wp-content\/uploads\/2026\/02\/portada-31.jpg') no-repeat 50% 50% \/ cover;\">\n\t\t<img src=\"https:\/\/elfuerte.cl\/web\/wp-content\/uploads\/2026\/02\/portada-31.jpg\"  style=\"visibility: hidden;\">\n\t<\/div>\n\n\t<div class=\"gem-slider-item-overlay\">\n\t\t<div class=\"gem-compact-item-content\">\n\t\t\t\t\t\t\t<div class=\"post-title\">\n\t\t\t\t\t<h5 class=\"entry-title reverse-link-color\"><span class=\"entry-title-date\"><\/span><span class=\"light\">Agua potable para la dignidad rural: inauguran sistema  APR que beneficia a m\u00e1s de 2 mil personas en \u00d1ancul Norte<\/span><\/h5>\t\t\t\t<\/div>\n\t\t\t\n\t\t\t\t\t\t\t<div class=\"post-text date-color\">\n\t\t\t\t\t<div class=\"summary\">\n\t\t\t\t\t\t\t\t\t\t\t\t\t<p>Proyecto, financiado con recursos del Gobierno de La Araucan\u00eda, permiti\u00f3 asegurar el abastecimiento permanente para 574 hogares rurales de la comuna de Villarrica, tras m\u00e1s de una d\u00e9cada de gestiones.<\/p>\n\t\t\t\t\t\t\t\t\t\t\t<\/div>\n\t\t\t\t<\/div>\n\t\t\t\n\t\t<\/div>\n\t\t<div class=\"post-meta date-color\">\n\t\t\t<div class=\"entry-meta clearfix gem-post-date\">\n\t\t\t\t<div class=\"post-meta-right\">\n\t\t\t\t\t\t\t\t\t\t\n\t\t\t\t\t\n\t\t\t\t<\/div>\n\t\t\t\t<div class=\"post-meta-left\">\n\t\t\t\t\t\t\t\t\t\t\t<span class=\"post-meta-author\">\n\t\t\t\t\t\t\t\t\t\tPor <a href=\"https:\/\/elfuerte.cl\/web\" title=\"Visitar el sitio de Prensa El Fuerte\" rel=\"author external\">Prensa El Fuerte<\/a>\t\t\t\t\t\t\t\t\t<\/span>\n\t\t\t\t\t\t\t\t\t<\/div>\n\t\t\t<\/div><!-- .entry-meta -->\n\t\t<\/div>\n\n\t\t\t\t\t<div class=\"gem-blog-slider-navigation\">\n\t\t\t\t<a href=\"#\" class=\"gem-blog-slider-prev gem-button gem-button-size-tiny\">\n\t\t\t\t\t<i aria-hidden=\"true\" class=\"gem-print-icon gem-icon-prev gem-elegant arrow-carrot-left\"><\/i>\t\t\t\t<\/a>\n\t\t\t\t<a href=\"#\" class=\"gem-blog-slider-next gem-button gem-button-size-tiny\">\n\t\t\t\t\t<i aria-hidden=\"true\" class=\"gem-print-icon gem-icon-prev gem-elegant arrow-carrot-right\"><\/i>\t\t\t\t<\/a>\n\t\t\t<\/div>\n\t\t\t<\/div>\n<\/article><!-- #post-4430 -->\n\n<article id=\"post-4423\" class=\"clearfix\">\n\n\t<a href=\"https:\/\/elfuerte.cl\/web\/2026\/02\/13\/desde-concepcion-impulsan-soap-solidario-en-favor-de-ninos-y-familias-vulnerables\/\" class=\"gem-slider-blog-link\"><\/a>\n\n\t<div class=\"gem-slider-item-image\" style=\"background: url('https:\/\/elfuerte.cl\/web\/wp-content\/uploads\/2026\/02\/portada.png') no-repeat 50% 50% \/ cover;\">\n\t\t<img src=\"https:\/\/elfuerte.cl\/web\/wp-content\/uploads\/2026\/02\/portada.png\"  style=\"visibility: hidden;\">\n\t<\/div>\n\n\t<div class=\"gem-slider-item-overlay\">\n\t\t<div class=\"gem-compact-item-content\">\n\t\t\t\t\t\t\t<div class=\"post-title\">\n\t\t\t\t\t<h5 class=\"entry-title reverse-link-color\"><span class=\"entry-title-date\"><\/span><span class=\"light\">Desde Concepci\u00f3n impulsan SOAP solidario en favor de ni\u00f1os y familias vulnerables<\/span><\/h5>\t\t\t\t<\/div>\n\t\t\t\n\t\t\t\t\t\t\t<div class=\"post-text date-color\">\n\t\t\t\t\t<div class=\"summary\">\n\t\t\t\t\t\t\t\t\t\t\t\t\t<p>La Corporaci\u00f3n CATIM impulsa esta campa\u00f1a para transformar la compra del seguro obligatorio en un aporte directo a programas de protecci\u00f3n de derechos. Los fondos permitir\u00e1n apoyar a m\u00e1s de 6.500 ni\u00f1os, ni\u00f1as y adolescentes y a 120 personas en situaci\u00f3n de calle en las regiones del Biob\u00edo y \u00d1uble.<\/p>\n\t\t\t\t\t\t\t\t\t\t\t<\/div>\n\t\t\t\t<\/div>\n\t\t\t\n\t\t<\/div>\n\t\t<div class=\"post-meta date-color\">\n\t\t\t<div class=\"entry-meta clearfix gem-post-date\">\n\t\t\t\t<div class=\"post-meta-right\">\n\t\t\t\t\t\t\t\t\t\t\n\t\t\t\t\t\n\t\t\t\t<\/div>\n\t\t\t\t<div class=\"post-meta-left\">\n\t\t\t\t\t\t\t\t\t\t\t<span class=\"post-meta-author\">\n\t\t\t\t\t\t\t\t\t\tPor <a href=\"https:\/\/elfuerte.cl\/web\" title=\"Visitar el sitio de Prensa El Fuerte\" rel=\"author external\">Prensa El Fuerte<\/a>\t\t\t\t\t\t\t\t\t<\/span>\n\t\t\t\t\t\t\t\t\t<\/div>\n\t\t\t<\/div><!-- .entry-meta -->\n\t\t<\/div>\n\n\t\t\t\t\t<div class=\"gem-blog-slider-navigation\">\n\t\t\t\t<a href=\"#\" class=\"gem-blog-slider-prev gem-button gem-button-size-tiny\">\n\t\t\t\t\t<i aria-hidden=\"true\" class=\"gem-print-icon gem-icon-prev gem-elegant arrow-carrot-left\"><\/i>\t\t\t\t<\/a>\n\t\t\t\t<a href=\"#\" class=\"gem-blog-slider-next gem-button gem-button-size-tiny\">\n\t\t\t\t\t<i aria-hidden=\"true\" class=\"gem-print-icon gem-icon-prev gem-elegant arrow-carrot-right\"><\/i>\t\t\t\t<\/a>\n\t\t\t<\/div>\n\t\t\t<\/div>\n<\/article><!-- #post-4423 -->\n\n<article id=\"post-4411\" class=\"clearfix\">\n\n\t<a href=\"https:\/\/elfuerte.cl\/web\/2026\/02\/12\/dia-de-la-prensa-valdivia-conmemora-legado-de-camilo-henriquez-y-valora-el-aporte-del-periodismo-regional\/\" class=\"gem-slider-blog-link\"><\/a>\n\n\t<div class=\"gem-slider-item-image\" style=\"background: url('https:\/\/elfuerte.cl\/web\/wp-content\/uploads\/2026\/02\/portada-29.jpg') no-repeat 50% 50% \/ cover;\">\n\t\t<img src=\"https:\/\/elfuerte.cl\/web\/wp-content\/uploads\/2026\/02\/portada-29.jpg\"  style=\"visibility: hidden;\">\n\t<\/div>\n\n\t<div class=\"gem-slider-item-overlay\">\n\t\t<div class=\"gem-compact-item-content\">\n\t\t\t\t\t\t\t<div class=\"post-title\">\n\t\t\t\t\t<h5 class=\"entry-title reverse-link-color\"><span class=\"entry-title-date\"><\/span><span class=\"light\">D\u00eda de la Prensa: Valdivia conmemora legado de Camilo Henr\u00edquez y valora el aporte del periodismo regional<\/span><\/h5>\t\t\t\t<\/div>\n\t\t\t\n\t\t\t\t\t\t\t<div class=\"post-text date-color\">\n\t\t\t\t\t<div class=\"summary\">\n\t\t\t\t\t\t\t\t\t\t\t\t\t<p>La tradicional ceremonia se efectuar\u00e1 ma\u00f1ana viernes 13 de febrero, a las 12:00 horas, frente al busto de Fray Camilo Henr\u00edquez Gonz\u00e1lez, fundador del primer peri\u00f3dico nacional \u201cLa Aurora de Chile\u201d, en la Plaza de la Rep\u00fablica.<\/p>\n\t\t\t\t\t\t\t\t\t\t\t<\/div>\n\t\t\t\t<\/div>\n\t\t\t\n\t\t<\/div>\n\t\t<div class=\"post-meta date-color\">\n\t\t\t<div class=\"entry-meta clearfix gem-post-date\">\n\t\t\t\t<div class=\"post-meta-right\">\n\t\t\t\t\t\t\t\t\t\t\n\t\t\t\t\t\n\t\t\t\t<\/div>\n\t\t\t\t<div class=\"post-meta-left\">\n\t\t\t\t\t\t\t\t\t\t\t<span class=\"post-meta-author\">\n\t\t\t\t\t\t\t\t\t\tPor <a href=\"https:\/\/elfuerte.cl\/web\" title=\"Visitar el sitio de Prensa El Fuerte\" rel=\"author external\">Prensa El Fuerte<\/a>\t\t\t\t\t\t\t\t\t<\/span>\n\t\t\t\t\t\t\t\t\t<\/div>\n\t\t\t<\/div><!-- .entry-meta -->\n\t\t<\/div>\n\n\t\t\t\t\t<div class=\"gem-blog-slider-navigation\">\n\t\t\t\t<a href=\"#\" class=\"gem-blog-slider-prev gem-button gem-button-size-tiny\">\n\t\t\t\t\t<i aria-hidden=\"true\" class=\"gem-print-icon gem-icon-prev gem-elegant arrow-carrot-left\"><\/i>\t\t\t\t<\/a>\n\t\t\t\t<a href=\"#\" class=\"gem-blog-slider-next gem-button gem-button-size-tiny\">\n\t\t\t\t\t<i aria-hidden=\"true\" class=\"gem-print-icon gem-icon-prev gem-elegant arrow-carrot-right\"><\/i>\t\t\t\t<\/a>\n\t\t\t<\/div>\n\t\t\t<\/div>\n<\/article><!-- #post-4411 -->\n\n<article id=\"post-4395\" class=\"clearfix\">\n\n\t<a href=\"https:\/\/elfuerte.cl\/web\/2026\/02\/12\/replicas-revive-memoria-del-terremoto-del-60-con-montaje-colectivo-que-se-estrena-manana-en-valdivia\/\" class=\"gem-slider-blog-link\"><\/a>\n\n\t<div class=\"gem-slider-item-image\" style=\"background: url('https:\/\/elfuerte.cl\/web\/wp-content\/uploads\/2026\/02\/portada-27.jpg') no-repeat 50% 50% \/ cover;\">\n\t\t<img src=\"https:\/\/elfuerte.cl\/web\/wp-content\/uploads\/2026\/02\/portada-27.jpg\"  style=\"visibility: hidden;\">\n\t<\/div>\n\n\t<div class=\"gem-slider-item-overlay\">\n\t\t<div class=\"gem-compact-item-content\">\n\t\t\t\t\t\t\t<div class=\"post-title\">\n\t\t\t\t\t<h5 class=\"entry-title reverse-link-color\"><span class=\"entry-title-date\"><\/span><span class=\"light\">\u201cR\u00e9plicas\u201d revive memoria del terremoto del 60 con montaje colectivo que se estrena ma\u00f1ana en Valdivia<\/span><\/h5>\t\t\t\t<\/div>\n\t\t\t\n\t\t\t\t\t\t\t<div class=\"post-text date-color\">\n\t\t\t\t\t<div class=\"summary\">\n\t\t\t\t\t\t\t\t\t\t\t\t\t<p>La obra, construida a partir de relatos reales de sobrevivientes, ha generado gran expectaci\u00f3n en la comunidad, con entradas agotadas en pocos d\u00edas. Se espera un lleno total en el Teatro Regional Cervantes.<\/p>\n\t\t\t\t\t\t\t\t\t\t\t<\/div>\n\t\t\t\t<\/div>\n\t\t\t\n\t\t<\/div>\n\t\t<div class=\"post-meta date-color\">\n\t\t\t<div class=\"entry-meta clearfix gem-post-date\">\n\t\t\t\t<div class=\"post-meta-right\">\n\t\t\t\t\t\t\t\t\t\t\n\t\t\t\t\t\n\t\t\t\t<\/div>\n\t\t\t\t<div class=\"post-meta-left\">\n\t\t\t\t\t\t\t\t\t\t\t<span class=\"post-meta-author\">\n\t\t\t\t\t\t\t\t\t\tPor <a href=\"https:\/\/elfuerte.cl\/web\" title=\"Visitar el sitio de Prensa El Fuerte\" rel=\"author external\">Prensa El Fuerte<\/a>\t\t\t\t\t\t\t\t\t<\/span>\n\t\t\t\t\t\t\t\t\t<\/div>\n\t\t\t<\/div><!-- .entry-meta -->\n\t\t<\/div>\n\n\t\t\t\t\t<div class=\"gem-blog-slider-navigation\">\n\t\t\t\t<a href=\"#\" class=\"gem-blog-slider-prev gem-button gem-button-size-tiny\">\n\t\t\t\t\t<i aria-hidden=\"true\" class=\"gem-print-icon gem-icon-prev gem-elegant arrow-carrot-left\"><\/i>\t\t\t\t<\/a>\n\t\t\t\t<a href=\"#\" class=\"gem-blog-slider-next gem-button gem-button-size-tiny\">\n\t\t\t\t\t<i aria-hidden=\"true\" class=\"gem-print-icon gem-icon-prev gem-elegant arrow-carrot-right\"><\/i>\t\t\t\t<\/a>\n\t\t\t<\/div>\n\t\t\t<\/div>\n<\/article><!-- #post-4395 -->\n\n<article id=\"post-4385\" class=\"clearfix\">\n\n\t<a href=\"https:\/\/elfuerte.cl\/web\/2026\/02\/12\/conectividad-insular-avanza-en-calbuco-con-nueva-embarcacion-para-huapi-abtao\/\" class=\"gem-slider-blog-link\"><\/a>\n\n\t<div class=\"gem-slider-item-image\" style=\"background: url('https:\/\/elfuerte.cl\/web\/wp-content\/uploads\/2026\/02\/portada-26.jpg') no-repeat 50% 50% \/ cover;\">\n\t\t<img src=\"https:\/\/elfuerte.cl\/web\/wp-content\/uploads\/2026\/02\/portada-26.jpg\"  style=\"visibility: hidden;\">\n\t<\/div>\n\n\t<div class=\"gem-slider-item-overlay\">\n\t\t<div class=\"gem-compact-item-content\">\n\t\t\t\t\t\t\t<div class=\"post-title\">\n\t\t\t\t\t<h5 class=\"entry-title reverse-link-color\"><span class=\"entry-title-date\"><\/span><span class=\"light\">Conectividad insular avanza en Calbuco  con nueva embarcaci\u00f3n para Huapi Abtao<\/span><\/h5>\t\t\t\t<\/div>\n\t\t\t\n\t\t\t\t\t\t\t<div class=\"post-text date-color\">\n\t\t\t\t\t<div class=\"summary\">\n\t\t\t\t\t\t\t\t\t\t\t\t\t<p>La nave \u201cConstanza Alfa\u201d inici\u00f3 operaciones con 11 viajes semanales entre la isla y el continente, beneficiando a cerca de 300 habitantes y reforzando el acceso a salud, educaci\u00f3n y abastecimiento en uno de los territorios insulares de la comuna.<\/p>\n\t\t\t\t\t\t\t\t\t\t\t<\/div>\n\t\t\t\t<\/div>\n\t\t\t\n\t\t<\/div>\n\t\t<div class=\"post-meta date-color\">\n\t\t\t<div class=\"entry-meta clearfix gem-post-date\">\n\t\t\t\t<div class=\"post-meta-right\">\n\t\t\t\t\t\t\t\t\t\t\n\t\t\t\t\t\n\t\t\t\t<\/div>\n\t\t\t\t<div class=\"post-meta-left\">\n\t\t\t\t\t\t\t\t\t\t\t<span class=\"post-meta-author\">\n\t\t\t\t\t\t\t\t\t\tPor <a href=\"https:\/\/elfuerte.cl\/web\" title=\"Visitar el sitio de Prensa El Fuerte\" rel=\"author external\">Prensa El Fuerte<\/a>\t\t\t\t\t\t\t\t\t<\/span>\n\t\t\t\t\t\t\t\t\t<\/div>\n\t\t\t<\/div><!-- .entry-meta -->\n\t\t<\/div>\n\n\t\t\t\t\t<div class=\"gem-blog-slider-navigation\">\n\t\t\t\t<a href=\"#\" class=\"gem-blog-slider-prev gem-button gem-button-size-tiny\">\n\t\t\t\t\t<i aria-hidden=\"true\" class=\"gem-print-icon gem-icon-prev gem-elegant arrow-carrot-left\"><\/i>\t\t\t\t<\/a>\n\t\t\t\t<a href=\"#\" class=\"gem-blog-slider-next gem-button gem-button-size-tiny\">\n\t\t\t\t\t<i aria-hidden=\"true\" class=\"gem-print-icon gem-icon-prev gem-elegant arrow-carrot-right\"><\/i>\t\t\t\t<\/a>\n\t\t\t<\/div>\n\t\t\t<\/div>\n<\/article><!-- #post-4385 -->\n\n<article id=\"post-4376\" class=\"clearfix\">\n\n\t<a href=\"https:\/\/elfuerte.cl\/web\/2026\/02\/12\/ruta-del-queso-en-faja-maisan-recibe-impulso-clave-para-consolidar-tradicion-quesera-de-pitrufquen\/\" class=\"gem-slider-blog-link\"><\/a>\n\n\t<div class=\"gem-slider-item-image\" style=\"background: url('https:\/\/elfuerte.cl\/web\/wp-content\/uploads\/2026\/02\/portada-25.jpg') no-repeat 50% 50% \/ cover;\">\n\t\t<img src=\"https:\/\/elfuerte.cl\/web\/wp-content\/uploads\/2026\/02\/portada-25.jpg\"  style=\"visibility: hidden;\">\n\t<\/div>\n\n\t<div class=\"gem-slider-item-overlay\">\n\t\t<div class=\"gem-compact-item-content\">\n\t\t\t\t\t\t\t<div class=\"post-title\">\n\t\t\t\t\t<h5 class=\"entry-title reverse-link-color\"><span class=\"entry-title-date\"><\/span><span class=\"light\">Ruta del Queso en Faja Maisan recibe impulso clave para consolidar tradici\u00f3n quesera de Pitrufqu\u00e9n<\/span><\/h5>\t\t\t\t<\/div>\n\t\t\t\n\t\t\t\t\t\t\t<div class=\"post-text date-color\">\n\t\t\t\t\t<div class=\"summary\">\n\t\t\t\t\t\t\t\t\t\t\t\t\t<p>La iniciativa busca profesionalizar la cadena l\u00e1ctea en el sector rural, fortaleciendo emprendimientos familiares con identidad local que por m\u00e1s de veinte a\u00f1os han sostenido la producci\u00f3n tradicional de quesos. <\/p>\n\t\t\t\t\t\t\t\t\t\t\t<\/div>\n\t\t\t\t<\/div>\n\t\t\t\n\t\t<\/div>\n\t\t<div class=\"post-meta date-color\">\n\t\t\t<div class=\"entry-meta clearfix gem-post-date\">\n\t\t\t\t<div class=\"post-meta-right\">\n\t\t\t\t\t\t\t\t\t\t\n\t\t\t\t\t\n\t\t\t\t<\/div>\n\t\t\t\t<div class=\"post-meta-left\">\n\t\t\t\t\t\t\t\t\t\t\t<span class=\"post-meta-author\">\n\t\t\t\t\t\t\t\t\t\tPor <a href=\"https:\/\/elfuerte.cl\/web\" title=\"Visitar el sitio de Prensa El Fuerte\" rel=\"author external\">Prensa El Fuerte<\/a>\t\t\t\t\t\t\t\t\t<\/span>\n\t\t\t\t\t\t\t\t\t<\/div>\n\t\t\t<\/div><!-- .entry-meta -->\n\t\t<\/div>\n\n\t\t\t\t\t<div class=\"gem-blog-slider-navigation\">\n\t\t\t\t<a href=\"#\" class=\"gem-blog-slider-prev gem-button gem-button-size-tiny\">\n\t\t\t\t\t<i aria-hidden=\"true\" class=\"gem-print-icon gem-icon-prev gem-elegant arrow-carrot-left\"><\/i>\t\t\t\t<\/a>\n\t\t\t\t<a href=\"#\" class=\"gem-blog-slider-next gem-button gem-button-size-tiny\">\n\t\t\t\t\t<i aria-hidden=\"true\" class=\"gem-print-icon gem-icon-prev gem-elegant arrow-carrot-right\"><\/i>\t\t\t\t<\/a>\n\t\t\t<\/div>\n\t\t\t<\/div>\n<\/article><!-- #post-4376 -->\n\n<article id=\"post-4362\" class=\"clearfix\">\n\n\t<a href=\"https:\/\/elfuerte.cl\/web\/2026\/02\/11\/puerto-montt-se-prepara-para-vivir-una-gran-fiesta-de-la-musica-con-el-festival-capital-2026-en-plena-costanera\/\" class=\"gem-slider-blog-link\"><\/a>\n\n\t<div class=\"gem-slider-item-image\" style=\"background: url('https:\/\/elfuerte.cl\/web\/wp-content\/uploads\/2026\/02\/portada-24.jpg') no-repeat 50% 50% \/ cover;\">\n\t\t<img src=\"https:\/\/elfuerte.cl\/web\/wp-content\/uploads\/2026\/02\/portada-24.jpg\"  style=\"visibility: hidden;\">\n\t<\/div>\n\n\t<div class=\"gem-slider-item-overlay\">\n\t\t<div class=\"gem-compact-item-content\">\n\t\t\t\t\t\t\t<div class=\"post-title\">\n\t\t\t\t\t<h5 class=\"entry-title reverse-link-color\"><span class=\"entry-title-date\"><\/span><span class=\"light\">Puerto Montt se prepara para vivir una gran fiesta de la m\u00fasica con el Festival Capital 2026 en plena Costanera<\/span><\/h5>\t\t\t\t<\/div>\n\t\t\t\n\t\t\t\t\t\t\t<div class=\"post-text date-color\">\n\t\t\t\t\t<div class=\"summary\">\n\t\t\t\t\t\t\t\t\t\t\t\t\t<p>Sinaka, Santaferia y Joe Vasconcellos encabezan el Festival Capital 2026, que se realizar\u00e1 entre el 12 y el 14 de febrero, iniciativa forma parte del mes aniversario por los 173 a\u00f1os de la ciudad y busca posicionarla como referente tur\u00edstico y cultural del sur austral.<\/p>\n\t\t\t\t\t\t\t\t\t\t\t<\/div>\n\t\t\t\t<\/div>\n\t\t\t\n\t\t<\/div>\n\t\t<div class=\"post-meta date-color\">\n\t\t\t<div class=\"entry-meta clearfix gem-post-date\">\n\t\t\t\t<div class=\"post-meta-right\">\n\t\t\t\t\t\t\t\t\t\t\n\t\t\t\t\t\n\t\t\t\t<\/div>\n\t\t\t\t<div class=\"post-meta-left\">\n\t\t\t\t\t\t\t\t\t\t\t<span class=\"post-meta-author\">\n\t\t\t\t\t\t\t\t\t\tPor <a href=\"https:\/\/elfuerte.cl\/web\" title=\"Visitar el sitio de Prensa El Fuerte\" rel=\"author external\">Prensa El Fuerte<\/a>\t\t\t\t\t\t\t\t\t<\/span>\n\t\t\t\t\t\t\t\t\t<\/div>\n\t\t\t<\/div><!-- .entry-meta -->\n\t\t<\/div>\n\n\t\t\t\t\t<div class=\"gem-blog-slider-navigation\">\n\t\t\t\t<a href=\"#\" class=\"gem-blog-slider-prev gem-button gem-button-size-tiny\">\n\t\t\t\t\t<i aria-hidden=\"true\" class=\"gem-print-icon gem-icon-prev gem-elegant arrow-carrot-left\"><\/i>\t\t\t\t<\/a>\n\t\t\t\t<a href=\"#\" class=\"gem-blog-slider-next gem-button gem-button-size-tiny\">\n\t\t\t\t\t<i aria-hidden=\"true\" class=\"gem-print-icon gem-icon-prev gem-elegant arrow-carrot-right\"><\/i>\t\t\t\t<\/a>\n\t\t\t<\/div>\n\t\t\t<\/div>\n<\/article><!-- #post-4362 -->\n\n<article id=\"post-4348\" class=\"clearfix\">\n\n\t<a href=\"https:\/\/elfuerte.cl\/web\/2026\/02\/11\/hay-un-esfuerzo-por-destrabar-inversiones-ministro-responde-a-critica-sobre-deuda-historica-con-valdivia\/\" class=\"gem-slider-blog-link\"><\/a>\n\n\t<div class=\"gem-slider-item-image\" style=\"background: url('https:\/\/elfuerte.cl\/web\/wp-content\/uploads\/2026\/02\/portada-23.jpg') no-repeat 50% 50% \/ cover;\">\n\t\t<img src=\"https:\/\/elfuerte.cl\/web\/wp-content\/uploads\/2026\/02\/portada-23.jpg\"  style=\"visibility: hidden;\">\n\t<\/div>\n\n\t<div class=\"gem-slider-item-overlay\">\n\t\t<div class=\"gem-compact-item-content\">\n\t\t\t\t\t\t\t<div class=\"post-title\">\n\t\t\t\t\t<h5 class=\"entry-title reverse-link-color\"><span class=\"entry-title-date\"><\/span><span class=\"light\">\u201cHay un esfuerzo por destrabar inversiones\u201d: ministro responde a cr\u00edtica sobre deuda hist\u00f3rica con Valdivia<\/span><\/h5>\t\t\t\t<\/div>\n\t\t\t\n\t\t\t\t\t\t\t<div class=\"post-text date-color\">\n\t\t\t\t\t<div class=\"summary\">\n\t\t\t\t\t\t\t\t\t\t\t\t\t<p>En el marco de su visita a la regi\u00f3n de Los R\u00edos, el ministro del Interior, \u00c1lvaro Elizalde, abord\u00f3 el planteamiento realizado por la alcaldesa Carla Amtmann durante el aniversario de la ciudad, quien expres\u00f3 que el Estado de Chile tiene una deuda hist\u00f3rica con Valdivia.<\/p>\n\t\t\t\t\t\t\t\t\t\t\t<\/div>\n\t\t\t\t<\/div>\n\t\t\t\n\t\t<\/div>\n\t\t<div class=\"post-meta date-color\">\n\t\t\t<div class=\"entry-meta clearfix gem-post-date\">\n\t\t\t\t<div class=\"post-meta-right\">\n\t\t\t\t\t\t\t\t\t\t\n\t\t\t\t\t\n\t\t\t\t<\/div>\n\t\t\t\t<div class=\"post-meta-left\">\n\t\t\t\t\t\t\t\t\t\t\t<span class=\"post-meta-author\">\n\t\t\t\t\t\t\t\t\t\tPor <a href=\"https:\/\/elfuerte.cl\/web\" title=\"Visitar el sitio de Prensa El Fuerte\" rel=\"author external\">Prensa El Fuerte<\/a>\t\t\t\t\t\t\t\t\t<\/span>\n\t\t\t\t\t\t\t\t\t<\/div>\n\t\t\t<\/div><!-- .entry-meta -->\n\t\t<\/div>\n\n\t\t\t\t\t<div class=\"gem-blog-slider-navigation\">\n\t\t\t\t<a href=\"#\" class=\"gem-blog-slider-prev gem-button gem-button-size-tiny\">\n\t\t\t\t\t<i aria-hidden=\"true\" class=\"gem-print-icon gem-icon-prev gem-elegant arrow-carrot-left\"><\/i>\t\t\t\t<\/a>\n\t\t\t\t<a href=\"#\" class=\"gem-blog-slider-next gem-button gem-button-size-tiny\">\n\t\t\t\t\t<i aria-hidden=\"true\" class=\"gem-print-icon gem-icon-prev gem-elegant arrow-carrot-right\"><\/i>\t\t\t\t<\/a>\n\t\t\t<\/div>\n\t\t\t<\/div>\n<\/article><!-- #post-4348 -->\n\n<article id=\"post-4335\" class=\"clearfix\">\n\n\t<a href=\"https:\/\/elfuerte.cl\/web\/2026\/02\/10\/ministro-del-interior-encabeza-intensa-agenda-en-los-rios-con-foco-en-seguridad-e-infraestructura\/\" class=\"gem-slider-blog-link\"><\/a>\n\n\t<div class=\"gem-slider-item-image\" style=\"background: url('https:\/\/elfuerte.cl\/web\/wp-content\/uploads\/2026\/02\/portada-22.jpg') no-repeat 50% 50% \/ cover;\">\n\t\t<img src=\"https:\/\/elfuerte.cl\/web\/wp-content\/uploads\/2026\/02\/portada-22.jpg\"  style=\"visibility: hidden;\">\n\t<\/div>\n\n\t<div class=\"gem-slider-item-overlay\">\n\t\t<div class=\"gem-compact-item-content\">\n\t\t\t\t\t\t\t<div class=\"post-title\">\n\t\t\t\t\t<h5 class=\"entry-title reverse-link-color\"><span class=\"entry-title-date\"><\/span><span class=\"light\">Ministro del Interior encabeza intensa agenda en  Los R\u00edos con foco en seguridad e infraestructura<\/span><\/h5>\t\t\t\t<\/div>\n\t\t\t\n\t\t\t\t\t\t\t<div class=\"post-text date-color\">\n\t\t\t\t\t<div class=\"summary\">\n\t\t\t\t\t\t\t\t\t\t\t\t\t<p>\u00c1lvaro Elizalde inici\u00f3 en Valdivia una visita institucional marcada por la reactivaci\u00f3n ferroviaria, la revisi\u00f3n de obras de seguridad p\u00fablica y proyectos de conectividad fluvial, agenda que continuar\u00e1 este mi\u00e9rcoles con una visita al Complejo Fronterizo Hua Hum.<\/p>\n\t\t\t\t\t\t\t\t\t\t\t<\/div>\n\t\t\t\t<\/div>\n\t\t\t\n\t\t<\/div>\n\t\t<div class=\"post-meta date-color\">\n\t\t\t<div class=\"entry-meta clearfix gem-post-date\">\n\t\t\t\t<div class=\"post-meta-right\">\n\t\t\t\t\t\t\t\t\t\t\n\t\t\t\t\t\n\t\t\t\t<\/div>\n\t\t\t\t<div class=\"post-meta-left\">\n\t\t\t\t\t\t\t\t\t\t\t<span class=\"post-meta-author\">\n\t\t\t\t\t\t\t\t\t\tPor <a href=\"https:\/\/elfuerte.cl\/web\" title=\"Visitar el sitio de Prensa El Fuerte\" rel=\"author external\">Prensa El Fuerte<\/a>\t\t\t\t\t\t\t\t\t<\/span>\n\t\t\t\t\t\t\t\t\t<\/div>\n\t\t\t<\/div><!-- .entry-meta -->\n\t\t<\/div>\n\n\t\t\t\t\t<div class=\"gem-blog-slider-navigation\">\n\t\t\t\t<a href=\"#\" class=\"gem-blog-slider-prev gem-button gem-button-size-tiny\">\n\t\t\t\t\t<i aria-hidden=\"true\" class=\"gem-print-icon gem-icon-prev gem-elegant arrow-carrot-left\"><\/i>\t\t\t\t<\/a>\n\t\t\t\t<a href=\"#\" class=\"gem-blog-slider-next gem-button gem-button-size-tiny\">\n\t\t\t\t\t<i aria-hidden=\"true\" class=\"gem-print-icon gem-icon-prev gem-elegant arrow-carrot-right\"><\/i>\t\t\t\t<\/a>\n\t\t\t<\/div>\n\t\t\t<\/div>\n<\/article><!-- #post-4335 -->\n\n<article id=\"post-4326\" class=\"clearfix\">\n\n\t<a href=\"https:\/\/elfuerte.cl\/web\/2026\/02\/10\/san-pedro-de-la-paz-impulsa-deporte-inclusivo-y-se-prepara-para-juegos-mundiales-santiago-2027\/\" class=\"gem-slider-blog-link\"><\/a>\n\n\t<div class=\"gem-slider-item-image\" style=\"background: url('https:\/\/elfuerte.cl\/web\/wp-content\/uploads\/2026\/02\/portada-21.jpg') no-repeat 50% 50% \/ cover;\">\n\t\t<img src=\"https:\/\/elfuerte.cl\/web\/wp-content\/uploads\/2026\/02\/portada-21.jpg\"  style=\"visibility: hidden;\">\n\t<\/div>\n\n\t<div class=\"gem-slider-item-overlay\">\n\t\t<div class=\"gem-compact-item-content\">\n\t\t\t\t\t\t\t<div class=\"post-title\">\n\t\t\t\t\t<h5 class=\"entry-title reverse-link-color\"><span class=\"entry-title-date\"><\/span><span class=\"light\">San Pedro de la Paz impulsa deporte inclusivo y  se prepara para Juegos Mundiales Santiago 2027<\/span><\/h5>\t\t\t\t<\/div>\n\t\t\t\n\t\t\t\t\t\t\t<div class=\"post-text date-color\">\n\t\t\t\t\t<div class=\"summary\">\n\t\t\t\t\t\t\t\t\t\t\t\t\t<p>La comuna se convierte en la primera del pa\u00eds en iniciar el proceso preparatorio junto a Olimpiadas Especiales Chile, impulsando talleres de nataci\u00f3n y powerlifting para deportistas con discapacidad intelectual en la Regi\u00f3n del Biob\u00edo.<\/p>\n\t\t\t\t\t\t\t\t\t\t\t<\/div>\n\t\t\t\t<\/div>\n\t\t\t\n\t\t<\/div>\n\t\t<div class=\"post-meta date-color\">\n\t\t\t<div class=\"entry-meta clearfix gem-post-date\">\n\t\t\t\t<div class=\"post-meta-right\">\n\t\t\t\t\t\t\t\t\t\t\n\t\t\t\t\t\n\t\t\t\t<\/div>\n\t\t\t\t<div class=\"post-meta-left\">\n\t\t\t\t\t\t\t\t\t\t\t<span class=\"post-meta-author\">\n\t\t\t\t\t\t\t\t\t\tPor <a href=\"https:\/\/elfuerte.cl\/web\" title=\"Visitar el sitio de Prensa El Fuerte\" rel=\"author external\">Prensa El Fuerte<\/a>\t\t\t\t\t\t\t\t\t<\/span>\n\t\t\t\t\t\t\t\t\t<\/div>\n\t\t\t<\/div><!-- .entry-meta -->\n\t\t<\/div>\n\n\t\t\t\t\t<div class=\"gem-blog-slider-navigation\">\n\t\t\t\t<a href=\"#\" class=\"gem-blog-slider-prev gem-button gem-button-size-tiny\">\n\t\t\t\t\t<i aria-hidden=\"true\" class=\"gem-print-icon gem-icon-prev gem-elegant arrow-carrot-left\"><\/i>\t\t\t\t<\/a>\n\t\t\t\t<a href=\"#\" class=\"gem-blog-slider-next gem-button gem-button-size-tiny\">\n\t\t\t\t\t<i aria-hidden=\"true\" class=\"gem-print-icon gem-icon-prev gem-elegant arrow-carrot-right\"><\/i>\t\t\t\t<\/a>\n\t\t\t<\/div>\n\t\t\t<\/div>\n<\/article><!-- #post-4326 -->\n\n<article id=\"post-4314\" class=\"clearfix\">\n\n\t<a href=\"https:\/\/elfuerte.cl\/web\/2026\/02\/10\/puerto-montt-potencia-su-oferta-turistica-con-buses-panoramicos-que-recorreran-la-ciudad\/\" class=\"gem-slider-blog-link\"><\/a>\n\n\t<div class=\"gem-slider-item-image\" style=\"background: url('https:\/\/elfuerte.cl\/web\/wp-content\/uploads\/2026\/02\/portada-20.jpg') no-repeat 50% 50% \/ cover;\">\n\t\t<img src=\"https:\/\/elfuerte.cl\/web\/wp-content\/uploads\/2026\/02\/portada-20.jpg\"  style=\"visibility: hidden;\">\n\t<\/div>\n\n\t<div class=\"gem-slider-item-overlay\">\n\t\t<div class=\"gem-compact-item-content\">\n\t\t\t\t\t\t\t<div class=\"post-title\">\n\t\t\t\t\t<h5 class=\"entry-title reverse-link-color\"><span class=\"entry-title-date\"><\/span><span class=\"light\">Puerto Montt potencia su oferta tur\u00edstica con  buses panor\u00e1micos que recorrer\u00e1n la ciudad<\/span><\/h5>\t\t\t\t<\/div>\n\t\t\t\n\t\t\t\t\t\t\t<div class=\"post-text date-color\">\n\t\t\t\t\t<div class=\"summary\">\n\t\t\t\t\t\t\t\t\t\t\t\t\t<p>La capital de la Regi\u00f3n de Los Lagos avanza en su estrategia de consolidaci\u00f3n como destino urbano con la puesta en marcha de un sistema de buses tur\u00edsticos panor\u00e1micos gratuitos.<\/p>\n\t\t\t\t\t\t\t\t\t\t\t<\/div>\n\t\t\t\t<\/div>\n\t\t\t\n\t\t<\/div>\n\t\t<div class=\"post-meta date-color\">\n\t\t\t<div class=\"entry-meta clearfix gem-post-date\">\n\t\t\t\t<div class=\"post-meta-right\">\n\t\t\t\t\t\t\t\t\t\t\n\t\t\t\t\t\n\t\t\t\t<\/div>\n\t\t\t\t<div class=\"post-meta-left\">\n\t\t\t\t\t\t\t\t\t\t\t<span class=\"post-meta-author\">\n\t\t\t\t\t\t\t\t\t\tPor <a href=\"https:\/\/elfuerte.cl\/web\" title=\"Visitar el sitio de Prensa El Fuerte\" rel=\"author external\">Prensa El Fuerte<\/a>\t\t\t\t\t\t\t\t\t<\/span>\n\t\t\t\t\t\t\t\t\t<\/div>\n\t\t\t<\/div><!-- .entry-meta -->\n\t\t<\/div>\n\n\t\t\t\t\t<div class=\"gem-blog-slider-navigation\">\n\t\t\t\t<a href=\"#\" class=\"gem-blog-slider-prev gem-button gem-button-size-tiny\">\n\t\t\t\t\t<i aria-hidden=\"true\" class=\"gem-print-icon gem-icon-prev gem-elegant arrow-carrot-left\"><\/i>\t\t\t\t<\/a>\n\t\t\t\t<a href=\"#\" class=\"gem-blog-slider-next gem-button gem-button-size-tiny\">\n\t\t\t\t\t<i aria-hidden=\"true\" class=\"gem-print-icon gem-icon-prev gem-elegant arrow-carrot-right\"><\/i>\t\t\t\t<\/a>\n\t\t\t<\/div>\n\t\t\t<\/div>\n<\/article><!-- #post-4314 -->\n\n<article id=\"post-4301\" class=\"clearfix\">\n\n\t<a href=\"https:\/\/elfuerte.cl\/web\/2026\/02\/09\/aniversario-474-de-valdivia-alcaldesa-proyecta-la-ciudad-hacia-2030-y-reconoce-deuda-historica-del-estado\/\" class=\"gem-slider-blog-link\"><\/a>\n\n\t<div class=\"gem-slider-item-image\" style=\"background: url('https:\/\/elfuerte.cl\/web\/wp-content\/uploads\/2026\/02\/portada-2-7.jpg') no-repeat 50% 50% \/ cover;\">\n\t\t<img src=\"https:\/\/elfuerte.cl\/web\/wp-content\/uploads\/2026\/02\/portada-2-7.jpg\"  style=\"visibility: hidden;\">\n\t<\/div>\n\n\t<div class=\"gem-slider-item-overlay\">\n\t\t<div class=\"gem-compact-item-content\">\n\t\t\t\t\t\t\t<div class=\"post-title\">\n\t\t\t\t\t<h5 class=\"entry-title reverse-link-color\"><span class=\"entry-title-date\"><\/span><span class=\"light\">Aniversario 474 de Valdivia: alcaldesa proyecta la  ciudad hacia 2030 y reconoce deuda hist\u00f3rica del Estado<\/span><\/h5>\t\t\t\t<\/div>\n\t\t\t\n\t\t\t\t\t\t\t<div class=\"post-text date-color\">\n\t\t\t\t\t<div class=\"summary\">\n\t\t\t\t\t\t\t\t\t\t\t\t\t<p>Evento se realiz\u00f3 en el Parque de las Esculturas de la Saval. En declaraciones a la prensa, la jefa comunal manifest\u00f3 que \u201cel Estado de Chile tiene una deuda importante con Valdivia de manera hist\u00f3rica\u201d.<\/p>\n\t\t\t\t\t\t\t\t\t\t\t<\/div>\n\t\t\t\t<\/div>\n\t\t\t\n\t\t<\/div>\n\t\t<div class=\"post-meta date-color\">\n\t\t\t<div class=\"entry-meta clearfix gem-post-date\">\n\t\t\t\t<div class=\"post-meta-right\">\n\t\t\t\t\t\t\t\t\t\t\n\t\t\t\t\t\n\t\t\t\t<\/div>\n\t\t\t\t<div class=\"post-meta-left\">\n\t\t\t\t\t\t\t\t\t\t\t<span class=\"post-meta-author\">\n\t\t\t\t\t\t\t\t\t\tPor <a href=\"https:\/\/elfuerte.cl\/web\" title=\"Visitar el sitio de Prensa El Fuerte\" rel=\"author external\">Prensa El Fuerte<\/a>\t\t\t\t\t\t\t\t\t<\/span>\n\t\t\t\t\t\t\t\t\t<\/div>\n\t\t\t<\/div><!-- .entry-meta -->\n\t\t<\/div>\n\n\t\t\t\t\t<div class=\"gem-blog-slider-navigation\">\n\t\t\t\t<a href=\"#\" class=\"gem-blog-slider-prev gem-button gem-button-size-tiny\">\n\t\t\t\t\t<i aria-hidden=\"true\" class=\"gem-print-icon gem-icon-prev gem-elegant arrow-carrot-left\"><\/i>\t\t\t\t<\/a>\n\t\t\t\t<a href=\"#\" class=\"gem-blog-slider-next gem-button gem-button-size-tiny\">\n\t\t\t\t\t<i aria-hidden=\"true\" class=\"gem-print-icon gem-icon-prev gem-elegant arrow-carrot-right\"><\/i>\t\t\t\t<\/a>\n\t\t\t<\/div>\n\t\t\t<\/div>\n<\/article><!-- #post-4301 -->\n\n<article id=\"post-4292\" class=\"clearfix\">\n\n\t<a href=\"https:\/\/elfuerte.cl\/web\/2026\/02\/09\/inversion-en-seguridad-apunta-a-elevar-estandar-y-mejorar-capacidad-de-respuesta-en-la-araucania\/\" class=\"gem-slider-blog-link\"><\/a>\n\n\t<div class=\"gem-slider-item-image\" style=\"background: url('https:\/\/elfuerte.cl\/web\/wp-content\/uploads\/2026\/02\/portada-2-6.jpg') no-repeat 50% 50% \/ cover;\">\n\t\t<img src=\"https:\/\/elfuerte.cl\/web\/wp-content\/uploads\/2026\/02\/portada-2-6.jpg\"  style=\"visibility: hidden;\">\n\t<\/div>\n\n\t<div class=\"gem-slider-item-overlay\">\n\t\t<div class=\"gem-compact-item-content\">\n\t\t\t\t\t\t\t<div class=\"post-title\">\n\t\t\t\t\t<h5 class=\"entry-title reverse-link-color\"><span class=\"entry-title-date\"><\/span><span class=\"light\">Inversi\u00f3n en seguridad apunta a elevar est\u00e1ndar y mejorar capacidad de respuesta en La Araucan\u00eda<\/span><\/h5>\t\t\t\t<\/div>\n\t\t\t\n\t\t\t\t\t\t\t<div class=\"post-text date-color\">\n\t\t\t\t\t<div class=\"summary\">\n\t\t\t\t\t\t\t\t\t\t\t\t\t<p>El Gobierno concret\u00f3 la entrega de 31 motocicletas a Carabineros de Chile, las que ser\u00e1n destinadas a reforzar el trabajo operativo en 10 comunas de la regi\u00f3n, con foco en patrullajes preventivos, fiscalizaci\u00f3n y despliegue en sectores urbanos y rurales.<\/p>\n\t\t\t\t\t\t\t\t\t\t\t<\/div>\n\t\t\t\t<\/div>\n\t\t\t\n\t\t<\/div>\n\t\t<div class=\"post-meta date-color\">\n\t\t\t<div class=\"entry-meta clearfix gem-post-date\">\n\t\t\t\t<div class=\"post-meta-right\">\n\t\t\t\t\t\t\t\t\t\t\n\t\t\t\t\t\n\t\t\t\t<\/div>\n\t\t\t\t<div class=\"post-meta-left\">\n\t\t\t\t\t\t\t\t\t\t\t<span class=\"post-meta-author\">\n\t\t\t\t\t\t\t\t\t\tPor <a href=\"https:\/\/elfuerte.cl\/web\" title=\"Visitar el sitio de Prensa El Fuerte\" rel=\"author external\">Prensa El Fuerte<\/a>\t\t\t\t\t\t\t\t\t<\/span>\n\t\t\t\t\t\t\t\t\t<\/div>\n\t\t\t<\/div><!-- .entry-meta -->\n\t\t<\/div>\n\n\t\t\t\t\t<div class=\"gem-blog-slider-navigation\">\n\t\t\t\t<a href=\"#\" class=\"gem-blog-slider-prev gem-button gem-button-size-tiny\">\n\t\t\t\t\t<i aria-hidden=\"true\" class=\"gem-print-icon gem-icon-prev gem-elegant arrow-carrot-left\"><\/i>\t\t\t\t<\/a>\n\t\t\t\t<a href=\"#\" class=\"gem-blog-slider-next gem-button gem-button-size-tiny\">\n\t\t\t\t\t<i aria-hidden=\"true\" class=\"gem-print-icon gem-icon-prev gem-elegant arrow-carrot-right\"><\/i>\t\t\t\t<\/a>\n\t\t\t<\/div>\n\t\t\t<\/div>\n<\/article><!-- #post-4292 -->\n\n<article id=\"post-4269\" class=\"clearfix\">\n\n\t<a href=\"https:\/\/elfuerte.cl\/web\/2026\/02\/09\/autoridades-coordinan-inicio-de-obras-en-ruta-160-para-solucionar-congestion-historica-del-gran-concepcion\/\" class=\"gem-slider-blog-link\"><\/a>\n\n\t<div class=\"gem-slider-item-image\" style=\"background: url('https:\/\/elfuerte.cl\/web\/wp-content\/uploads\/2026\/02\/portada-2-5.jpg') no-repeat 50% 50% \/ cover;\">\n\t\t<img src=\"https:\/\/elfuerte.cl\/web\/wp-content\/uploads\/2026\/02\/portada-2-5.jpg\"  style=\"visibility: hidden;\">\n\t<\/div>\n\n\t<div class=\"gem-slider-item-overlay\">\n\t\t<div class=\"gem-compact-item-content\">\n\t\t\t\t\t\t\t<div class=\"post-title\">\n\t\t\t\t\t<h5 class=\"entry-title reverse-link-color\"><span class=\"entry-title-date\"><\/span><span class=\"light\">Autoridades coordinan inicio de obras en Ruta 160 para solucionar congesti\u00f3n hist\u00f3rica del Gran Concepci\u00f3n<\/span><\/h5>\t\t\t\t<\/div>\n\t\t\t\n\t\t\t\t\t\t\t<div class=\"post-text date-color\">\n\t\t\t\t\t<div class=\"summary\">\n\t\t\t\t\t\t\t\t\t\t\t\t\t<p>Ministerio de Obras P\u00fablicas y Municipalidad de San Pedro de la Paz afinan medidas para reducir el impacto en la ciudadan\u00eda durante el inicio de los trabajos, que buscan aliviar uno de los principales cuellos de botella viales del Biob\u00edo.<\/p>\n\t\t\t\t\t\t\t\t\t\t\t<\/div>\n\t\t\t\t<\/div>\n\t\t\t\n\t\t<\/div>\n\t\t<div class=\"post-meta date-color\">\n\t\t\t<div class=\"entry-meta clearfix gem-post-date\">\n\t\t\t\t<div class=\"post-meta-right\">\n\t\t\t\t\t\t\t\t\t\t\n\t\t\t\t\t\n\t\t\t\t<\/div>\n\t\t\t\t<div class=\"post-meta-left\">\n\t\t\t\t\t\t\t\t\t\t\t<span class=\"post-meta-author\">\n\t\t\t\t\t\t\t\t\t\tPor <a href=\"https:\/\/elfuerte.cl\/web\" title=\"Visitar el sitio de Prensa El Fuerte\" rel=\"author external\">Prensa El Fuerte<\/a>\t\t\t\t\t\t\t\t\t<\/span>\n\t\t\t\t\t\t\t\t\t<\/div>\n\t\t\t<\/div><!-- .entry-meta -->\n\t\t<\/div>\n\n\t\t\t\t\t<div class=\"gem-blog-slider-navigation\">\n\t\t\t\t<a href=\"#\" class=\"gem-blog-slider-prev gem-button gem-button-size-tiny\">\n\t\t\t\t\t<i aria-hidden=\"true\" class=\"gem-print-icon gem-icon-prev gem-elegant arrow-carrot-left\"><\/i>\t\t\t\t<\/a>\n\t\t\t\t<a href=\"#\" class=\"gem-blog-slider-next gem-button gem-button-size-tiny\">\n\t\t\t\t\t<i aria-hidden=\"true\" class=\"gem-print-icon gem-icon-prev gem-elegant arrow-carrot-right\"><\/i>\t\t\t\t<\/a>\n\t\t\t<\/div>\n\t\t\t<\/div>\n<\/article><!-- #post-4269 -->\n\n<article id=\"post-4259\" class=\"clearfix\">\n\n\t<a href=\"https:\/\/elfuerte.cl\/web\/2026\/02\/09\/equipos-de-salud-advierten-deterioro-en-calidad-de-vida-de-personas-mayores-tras-incendios-en-nuble-y-biobio\/\" class=\"gem-slider-blog-link\"><\/a>\n\n\t<div class=\"gem-slider-item-image\" style=\"background: url('https:\/\/elfuerte.cl\/web\/wp-content\/uploads\/2026\/02\/portada-2-3.jpg') no-repeat 50% 50% \/ cover;\">\n\t\t<img src=\"https:\/\/elfuerte.cl\/web\/wp-content\/uploads\/2026\/02\/portada-2-3.jpg\"  style=\"visibility: hidden;\">\n\t<\/div>\n\n\t<div class=\"gem-slider-item-overlay\">\n\t\t<div class=\"gem-compact-item-content\">\n\t\t\t\t\t\t\t<div class=\"post-title\">\n\t\t\t\t\t<h5 class=\"entry-title reverse-link-color\"><span class=\"entry-title-date\"><\/span><span class=\"light\">Equipos de salud advierten deterioro en calidad de vida de personas mayores tras incendios en \u00d1uble y Biob\u00edo<\/span><\/h5>\t\t\t\t<\/div>\n\t\t\t\n\t\t\t\t\t\t\t<div class=\"post-text date-color\">\n\t\t\t\t\t<div class=\"summary\">\n\t\t\t\t\t\t\t\t\t\t\t\t\t<p>A tres semanas de la emergencia, especialistas de la Fundaci\u00f3n Las Rosas alertan sobre secuelas respiratorias, f\u00edsicas y emocionales en adultos mayores que contin\u00faan viviendo en condiciones precarias.<\/p>\n\t\t\t\t\t\t\t\t\t\t\t<\/div>\n\t\t\t\t<\/div>\n\t\t\t\n\t\t<\/div>\n\t\t<div class=\"post-meta date-color\">\n\t\t\t<div class=\"entry-meta clearfix gem-post-date\">\n\t\t\t\t<div class=\"post-meta-right\">\n\t\t\t\t\t\t\t\t\t\t\n\t\t\t\t\t\n\t\t\t\t<\/div>\n\t\t\t\t<div class=\"post-meta-left\">\n\t\t\t\t\t\t\t\t\t\t\t<span class=\"post-meta-author\">\n\t\t\t\t\t\t\t\t\t\tPor <a href=\"https:\/\/elfuerte.cl\/web\" title=\"Visitar el sitio de Prensa El Fuerte\" rel=\"author external\">Prensa El Fuerte<\/a>\t\t\t\t\t\t\t\t\t<\/span>\n\t\t\t\t\t\t\t\t\t<\/div>\n\t\t\t<\/div><!-- .entry-meta -->\n\t\t<\/div>\n\n\t\t\t\t\t<div class=\"gem-blog-slider-navigation\">\n\t\t\t\t<a href=\"#\" class=\"gem-blog-slider-prev gem-button gem-button-size-tiny\">\n\t\t\t\t\t<i aria-hidden=\"true\" class=\"gem-print-icon gem-icon-prev gem-elegant arrow-carrot-left\"><\/i>\t\t\t\t<\/a>\n\t\t\t\t<a href=\"#\" class=\"gem-blog-slider-next gem-button gem-button-size-tiny\">\n\t\t\t\t\t<i aria-hidden=\"true\" class=\"gem-print-icon gem-icon-prev gem-elegant arrow-carrot-right\"><\/i>\t\t\t\t<\/a>\n\t\t\t<\/div>\n\t\t\t<\/div>\n<\/article><!-- #post-4259 -->\n\n<article id=\"post-4242\" class=\"clearfix\">\n\n\t<a href=\"https:\/\/elfuerte.cl\/web\/2026\/02\/07\/el-gigante-y-los-ninos-wara-wara-lleno-de-color-musica-y-alegria-la-costanera-de-valdivia\/\" class=\"gem-slider-blog-link\"><\/a>\n\n\t<div class=\"gem-slider-item-image\" style=\"background: url('https:\/\/elfuerte.cl\/web\/wp-content\/uploads\/2026\/02\/portada-2-2.jpg') no-repeat 50% 50% \/ cover;\">\n\t\t<img src=\"https:\/\/elfuerte.cl\/web\/wp-content\/uploads\/2026\/02\/portada-2-2.jpg\"  style=\"visibility: hidden;\">\n\t<\/div>\n\n\t<div class=\"gem-slider-item-overlay\">\n\t\t<div class=\"gem-compact-item-content\">\n\t\t\t\t\t\t\t<div class=\"post-title\">\n\t\t\t\t\t<h5 class=\"entry-title reverse-link-color\"><span class=\"entry-title-date\"><\/span><span class=\"light\">\u201cEl gigante y los ni\u00f1os Wara Wara\u201d llen\u00f3 de  color, m\u00fasica y alegr\u00eda la Costanera de Valdivia<\/span><\/h5>\t\t\t\t<\/div>\n\t\t\t\n\t\t\t\t\t\t\t<div class=\"post-text date-color\">\n\t\t\t\t\t<div class=\"summary\">\n\t\t\t\t\t\t\t\t\t\t\t\t\t<p>Cientos de familias participaron del espect\u00e1culo de gran formato presentado por La Patogallina, que recorri\u00f3 la Costanera desde calle Moctezuma hasta el antiguo helipuerto.<\/p>\n\t\t\t\t\t\t\t\t\t\t\t<\/div>\n\t\t\t\t<\/div>\n\t\t\t\n\t\t<\/div>\n\t\t<div class=\"post-meta date-color\">\n\t\t\t<div class=\"entry-meta clearfix gem-post-date\">\n\t\t\t\t<div class=\"post-meta-right\">\n\t\t\t\t\t\t\t\t\t\t\n\t\t\t\t\t\n\t\t\t\t<\/div>\n\t\t\t\t<div class=\"post-meta-left\">\n\t\t\t\t\t\t\t\t\t\t\t<span class=\"post-meta-author\">\n\t\t\t\t\t\t\t\t\t\tPor <a href=\"https:\/\/elfuerte.cl\/web\" title=\"Visitar el sitio de Prensa El Fuerte\" rel=\"author external\">Prensa El Fuerte<\/a>\t\t\t\t\t\t\t\t\t<\/span>\n\t\t\t\t\t\t\t\t\t<\/div>\n\t\t\t<\/div><!-- .entry-meta -->\n\t\t<\/div>\n\n\t\t\t\t\t<div class=\"gem-blog-slider-navigation\">\n\t\t\t\t<a href=\"#\" class=\"gem-blog-slider-prev gem-button gem-button-size-tiny\">\n\t\t\t\t\t<i aria-hidden=\"true\" class=\"gem-print-icon gem-icon-prev gem-elegant arrow-carrot-left\"><\/i>\t\t\t\t<\/a>\n\t\t\t\t<a href=\"#\" class=\"gem-blog-slider-next gem-button gem-button-size-tiny\">\n\t\t\t\t\t<i aria-hidden=\"true\" class=\"gem-print-icon gem-icon-prev gem-elegant arrow-carrot-right\"><\/i>\t\t\t\t<\/a>\n\t\t\t<\/div>\n\t\t\t<\/div>\n<\/article><!-- #post-4242 -->\n\n<article id=\"post-4229\" class=\"clearfix\">\n\n\t<a href=\"https:\/\/elfuerte.cl\/web\/2026\/02\/06\/el-ciclismo-nacional-juvenil-se-concentra-en-puerto-montt\/\" class=\"gem-slider-blog-link\"><\/a>\n\n\t<div class=\"gem-slider-item-image\" style=\"background: url('https:\/\/elfuerte.cl\/web\/wp-content\/uploads\/2026\/02\/portada-18.jpg') no-repeat 50% 50% \/ cover;\">\n\t\t<img src=\"https:\/\/elfuerte.cl\/web\/wp-content\/uploads\/2026\/02\/portada-18.jpg\"  style=\"visibility: hidden;\">\n\t<\/div>\n\n\t<div class=\"gem-slider-item-overlay\">\n\t\t<div class=\"gem-compact-item-content\">\n\t\t\t\t\t\t\t<div class=\"post-title\">\n\t\t\t\t\t<h5 class=\"entry-title reverse-link-color\"><span class=\"entry-title-date\"><\/span><span class=\"light\">El ciclismo nacional juvenil  se concentra en Puerto Montt<\/span><\/h5>\t\t\t\t<\/div>\n\t\t\t\n\t\t\t\t\t\t\t<div class=\"post-text date-color\">\n\t\t\t\t\t<div class=\"summary\">\n\t\t\t\t\t\t\t\t\t\t\t\t\t<p>M\u00e1s de 250 deportistas de todo el pa\u00eds participan este fin de semana en la Vuelta Ciclista de la Juventud, competencia que por primera vez se desarrolla en la capital regional de Los Lagos.<\/p>\n\t\t\t\t\t\t\t\t\t\t\t<\/div>\n\t\t\t\t<\/div>\n\t\t\t\n\t\t<\/div>\n\t\t<div class=\"post-meta date-color\">\n\t\t\t<div class=\"entry-meta clearfix gem-post-date\">\n\t\t\t\t<div class=\"post-meta-right\">\n\t\t\t\t\t\t\t\t\t\t\n\t\t\t\t\t\n\t\t\t\t<\/div>\n\t\t\t\t<div class=\"post-meta-left\">\n\t\t\t\t\t\t\t\t\t\t\t<span class=\"post-meta-author\">\n\t\t\t\t\t\t\t\t\t\tPor <a href=\"https:\/\/elfuerte.cl\/web\" title=\"Visitar el sitio de Prensa El Fuerte\" rel=\"author external\">Prensa El Fuerte<\/a>\t\t\t\t\t\t\t\t\t<\/span>\n\t\t\t\t\t\t\t\t\t<\/div>\n\t\t\t<\/div><!-- .entry-meta -->\n\t\t<\/div>\n\n\t\t\t\t\t<div class=\"gem-blog-slider-navigation\">\n\t\t\t\t<a href=\"#\" class=\"gem-blog-slider-prev gem-button gem-button-size-tiny\">\n\t\t\t\t\t<i aria-hidden=\"true\" class=\"gem-print-icon gem-icon-prev gem-elegant arrow-carrot-left\"><\/i>\t\t\t\t<\/a>\n\t\t\t\t<a href=\"#\" class=\"gem-blog-slider-next gem-button gem-button-size-tiny\">\n\t\t\t\t\t<i aria-hidden=\"true\" class=\"gem-print-icon gem-icon-prev gem-elegant arrow-carrot-right\"><\/i>\t\t\t\t<\/a>\n\t\t\t<\/div>\n\t\t\t<\/div>\n<\/article><!-- #post-4229 -->\n\n<article id=\"post-4212\" class=\"clearfix\">\n\n\t<a href=\"https:\/\/elfuerte.cl\/web\/2026\/02\/06\/montecorone-verdadera-gastronomia-italiana\/\" class=\"gem-slider-blog-link\"><\/a>\n\n\t<div class=\"gem-slider-item-image\" style=\"background: url('https:\/\/elfuerte.cl\/web\/wp-content\/uploads\/2026\/02\/montebanner.jpg') no-repeat 50% 50% \/ cover;\">\n\t\t<img src=\"https:\/\/elfuerte.cl\/web\/wp-content\/uploads\/2026\/02\/montebanner.jpg\"  style=\"visibility: hidden;\">\n\t<\/div>\n\n\t<div class=\"gem-slider-item-overlay\">\n\t\t<div class=\"gem-compact-item-content\">\n\t\t\t\t\t\t\t<div class=\"post-title\">\n\t\t\t\t\t<h5 class=\"entry-title reverse-link-color\"><span class=\"entry-title-date\"><\/span><span class=\"light\">Montecorone, verdadera gastronom\u00eda italiana<\/span><\/h5>\t\t\t\t<\/div>\n\t\t\t\n\t\t\t\t\t\t\t<div class=\"post-text date-color\">\n\t\t\t\t\t<div class=\"summary\">\n\t\t\t\t\t\t\t\t\t\t\t\t\t<p>Desde 2007, el buen gusto y la exquisitez de sus preparaciones, son una experiencia que suma clientes, turistas y familias, en el sur de Chile. El Restaurante Montecorone, ubicado en Capit\u00e1n Pastene, comuna de Lumaco, regi\u00f3n de La Araucan\u00eda. Es un imperdible para disfrutar, de la verdadera gastronom\u00eda italiana, con preparaciones de origen, elaboradas con las recetas de \u201cLos Nonnos\u201d, que llegaron de Italia en 1904 y 1905, tradici\u00f3n que contin\u00faa presente en cada plato y en los detalles, que hacen del espacio gastron\u00f3mico una experiencia \u00fanica, ideal para compartir y descubrir la \u201cNueva Italia\u201d en Chile.<\/p>\n\t\t\t\t\t\t\t\t\t\t\t<\/div>\n\t\t\t\t<\/div>\n\t\t\t\n\t\t<\/div>\n\t\t<div class=\"post-meta date-color\">\n\t\t\t<div class=\"entry-meta clearfix gem-post-date\">\n\t\t\t\t<div class=\"post-meta-right\">\n\t\t\t\t\t\t\t\t\t\t\n\t\t\t\t\t\n\t\t\t\t<\/div>\n\t\t\t\t<div class=\"post-meta-left\">\n\t\t\t\t\t\t\t\t\t\t\t<span class=\"post-meta-author\">\n\t\t\t\t\t\t\t\t\t\tPor <a href=\"https:\/\/elfuerte.cl\/web\" title=\"Visitar el sitio de Prensa El Fuerte\" rel=\"author external\">Prensa El Fuerte<\/a>\t\t\t\t\t\t\t\t\t<\/span>\n\t\t\t\t\t\t\t\t\t<\/div>\n\t\t\t<\/div><!-- .entry-meta -->\n\t\t<\/div>\n\n\t\t\t\t\t<div class=\"gem-blog-slider-navigation\">\n\t\t\t\t<a href=\"#\" class=\"gem-blog-slider-prev gem-button gem-button-size-tiny\">\n\t\t\t\t\t<i aria-hidden=\"true\" class=\"gem-print-icon gem-icon-prev gem-elegant arrow-carrot-left\"><\/i>\t\t\t\t<\/a>\n\t\t\t\t<a href=\"#\" class=\"gem-blog-slider-next gem-button gem-button-size-tiny\">\n\t\t\t\t\t<i aria-hidden=\"true\" class=\"gem-print-icon gem-icon-prev gem-elegant arrow-carrot-right\"><\/i>\t\t\t\t<\/a>\n\t\t\t<\/div>\n\t\t\t<\/div>\n<\/article><!-- #post-4212 -->\n\n<article id=\"post-4200\" class=\"clearfix\">\n\n\t<a href=\"https:\/\/elfuerte.cl\/web\/2026\/02\/06\/diversificacion-marca-desarrollo-exportador-de-la-macrozona-en-ano-record-de-envios-al-extranjero\/\" class=\"gem-slider-blog-link\"><\/a>\n\n\t<div class=\"gem-slider-item-image\" style=\"background: url('https:\/\/elfuerte.cl\/web\/wp-content\/uploads\/2026\/02\/Exportacioneds-2.png') no-repeat 50% 50% \/ cover;\">\n\t\t<img src=\"https:\/\/elfuerte.cl\/web\/wp-content\/uploads\/2026\/02\/Exportacioneds-2.png\"  style=\"visibility: hidden;\">\n\t<\/div>\n\n\t<div class=\"gem-slider-item-overlay\">\n\t\t<div class=\"gem-compact-item-content\">\n\t\t\t\t\t\t\t<div class=\"post-title\">\n\t\t\t\t\t<h5 class=\"entry-title reverse-link-color\"><span class=\"entry-title-date\"><\/span><span class=\"light\">Diversificaci\u00f3n marca desarrollo exportador de la macrozona en a\u00f1o r\u00e9cord de env\u00edos al extranjero<\/span><\/h5>\t\t\t\t<\/div>\n\t\t\t\n\t\t\t\t\t\t\t<div class=\"post-text date-color\">\n\t\t\t\t\t<div class=\"summary\">\n\t\t\t\t\t\t\t\t\t\t\t\t\t<p>Con un alza cercana al 8% en 2025, el pa\u00eds confirma la fortaleza de su modelo exportador en un contexto global incierto. En la macrozona sur, destacan avances relevantes en alimentos, productos del mar y agroindustria.<\/p>\n\t\t\t\t\t\t\t\t\t\t\t<\/div>\n\t\t\t\t<\/div>\n\t\t\t\n\t\t<\/div>\n\t\t<div class=\"post-meta date-color\">\n\t\t\t<div class=\"entry-meta clearfix gem-post-date\">\n\t\t\t\t<div class=\"post-meta-right\">\n\t\t\t\t\t\t\t\t\t\t\n\t\t\t\t\t\n\t\t\t\t<\/div>\n\t\t\t\t<div class=\"post-meta-left\">\n\t\t\t\t\t\t\t\t\t\t\t<span class=\"post-meta-author\">\n\t\t\t\t\t\t\t\t\t\tPor <a href=\"https:\/\/elfuerte.cl\/web\" title=\"Visitar el sitio de Prensa El Fuerte\" rel=\"author external\">Prensa El Fuerte<\/a>\t\t\t\t\t\t\t\t\t<\/span>\n\t\t\t\t\t\t\t\t\t<\/div>\n\t\t\t<\/div><!-- .entry-meta -->\n\t\t<\/div>\n\n\t\t\t\t\t<div class=\"gem-blog-slider-navigation\">\n\t\t\t\t<a href=\"#\" class=\"gem-blog-slider-prev gem-button gem-button-size-tiny\">\n\t\t\t\t\t<i aria-hidden=\"true\" class=\"gem-print-icon gem-icon-prev gem-elegant arrow-carrot-left\"><\/i>\t\t\t\t<\/a>\n\t\t\t\t<a href=\"#\" class=\"gem-blog-slider-next gem-button gem-button-size-tiny\">\n\t\t\t\t\t<i aria-hidden=\"true\" class=\"gem-print-icon gem-icon-prev gem-elegant arrow-carrot-right\"><\/i>\t\t\t\t<\/a>\n\t\t\t<\/div>\n\t\t\t<\/div>\n<\/article><!-- #post-4200 -->\n\n<article id=\"post-4189\" class=\"clearfix\">\n\n\t<a href=\"https:\/\/elfuerte.cl\/web\/2026\/02\/04\/los-rios-y-los-lagos-lideran-la-temporada-turistica-mientras-que-araucania-y-biobio-van-a-la-baja\/\" class=\"gem-slider-blog-link\"><\/a>\n\n\t<div class=\"gem-slider-item-image\" style=\"background: url('https:\/\/elfuerte.cl\/web\/wp-content\/uploads\/2026\/02\/portada.jpg') no-repeat 50% 50% \/ cover;\">\n\t\t<img src=\"https:\/\/elfuerte.cl\/web\/wp-content\/uploads\/2026\/02\/portada.jpg\"  style=\"visibility: hidden;\">\n\t<\/div>\n\n\t<div class=\"gem-slider-item-overlay\">\n\t\t<div class=\"gem-compact-item-content\">\n\t\t\t\t\t\t\t<div class=\"post-title\">\n\t\t\t\t\t<h5 class=\"entry-title reverse-link-color\"><span class=\"entry-title-date\"><\/span><span class=\"light\">Los R\u00edos y Los Lagos lideran la temporada tur\u00edstica mientras que Araucan\u00eda y Biob\u00edo van a la baja<\/span><\/h5>\t\t\t\t<\/div>\n\t\t\t\n\t\t\t\t\t\t\t<div class=\"post-text date-color\">\n\t\t\t\t\t<div class=\"summary\">\n\t\t\t\t\t\t\t\t\t\t\t\t\t<p>Informe de Sernatur confirma que las regiones de Los R\u00edos y Los Lagos se consolidan como los destinos m\u00e1s atractivos de la macrozona sur, con resultados homog\u00e9neos entre sus principales polos tur\u00edsticos, todos ellos por sobre el promedio nacional.<\/p>\n\t\t\t\t\t\t\t\t\t\t\t<\/div>\n\t\t\t\t<\/div>\n\t\t\t\n\t\t<\/div>\n\t\t<div class=\"post-meta date-color\">\n\t\t\t<div class=\"entry-meta clearfix gem-post-date\">\n\t\t\t\t<div class=\"post-meta-right\">\n\t\t\t\t\t\t\t\t\t\t\n\t\t\t\t\t\n\t\t\t\t<\/div>\n\t\t\t\t<div class=\"post-meta-left\">\n\t\t\t\t\t\t\t\t\t\t\t<span class=\"post-meta-author\">\n\t\t\t\t\t\t\t\t\t\tPor <a href=\"https:\/\/elfuerte.cl\/web\" title=\"Visitar el sitio de Prensa El Fuerte\" rel=\"author external\">Prensa El Fuerte<\/a>\t\t\t\t\t\t\t\t\t<\/span>\n\t\t\t\t\t\t\t\t\t<\/div>\n\t\t\t<\/div><!-- .entry-meta -->\n\t\t<\/div>\n\n\t\t\t\t\t<div class=\"gem-blog-slider-navigation\">\n\t\t\t\t<a href=\"#\" class=\"gem-blog-slider-prev gem-button gem-button-size-tiny\">\n\t\t\t\t\t<i aria-hidden=\"true\" class=\"gem-print-icon gem-icon-prev gem-elegant arrow-carrot-left\"><\/i>\t\t\t\t<\/a>\n\t\t\t\t<a href=\"#\" class=\"gem-blog-slider-next gem-button gem-button-size-tiny\">\n\t\t\t\t\t<i aria-hidden=\"true\" class=\"gem-print-icon gem-icon-prev gem-elegant arrow-carrot-right\"><\/i>\t\t\t\t<\/a>\n\t\t\t<\/div>\n\t\t\t<\/div>\n<\/article><!-- #post-4189 -->\n\n<article id=\"post-4180\" class=\"clearfix\">\n\n\t<a href=\"https:\/\/elfuerte.cl\/web\/2026\/02\/03\/puerto-varas-avanza-en-gestion-ambiental-con-programa-piloto-de-compostaje-y-vermicompostaje\/\" class=\"gem-slider-blog-link\"><\/a>\n\n\t<div class=\"gem-slider-item-image\" style=\"background: url('https:\/\/elfuerte.cl\/web\/wp-content\/uploads\/2026\/02\/portada-16.jpg') no-repeat 50% 50% \/ cover;\">\n\t\t<img src=\"https:\/\/elfuerte.cl\/web\/wp-content\/uploads\/2026\/02\/portada-16.jpg\"  style=\"visibility: hidden;\">\n\t<\/div>\n\n\t<div class=\"gem-slider-item-overlay\">\n\t\t<div class=\"gem-compact-item-content\">\n\t\t\t\t\t\t\t<div class=\"post-title\">\n\t\t\t\t\t<h5 class=\"entry-title reverse-link-color\"><span class=\"entry-title-date\"><\/span><span class=\"light\">Puerto Varas avanza en gesti\u00f3n ambiental con  programa piloto de compostaje y vermicompostaje<\/span><\/h5>\t\t\t\t<\/div>\n\t\t\t\n\t\t\t\t\t\t\t<div class=\"post-text date-color\">\n\t\t\t\t\t<div class=\"summary\">\n\t\t\t\t\t\t\t\t\t\t\t\t\t<p>La iniciativa, aprobada por el Concejo Municipal, busca reducir la cantidad de residuos org\u00e1nicos que llegan al relleno sanitario, en una comuna marcada por su relaci\u00f3n directa con el lago Llanquihue y la protecci\u00f3n de su entorno natural.<\/p>\n\t\t\t\t\t\t\t\t\t\t\t<\/div>\n\t\t\t\t<\/div>\n\t\t\t\n\t\t<\/div>\n\t\t<div class=\"post-meta date-color\">\n\t\t\t<div class=\"entry-meta clearfix gem-post-date\">\n\t\t\t\t<div class=\"post-meta-right\">\n\t\t\t\t\t\t\t\t\t\t\n\t\t\t\t\t\n\t\t\t\t<\/div>\n\t\t\t\t<div class=\"post-meta-left\">\n\t\t\t\t\t\t\t\t\t\t\t<span class=\"post-meta-author\">\n\t\t\t\t\t\t\t\t\t\tPor <a href=\"https:\/\/elfuerte.cl\/web\" title=\"Visitar el sitio de Prensa El Fuerte\" rel=\"author external\">Prensa El Fuerte<\/a>\t\t\t\t\t\t\t\t\t<\/span>\n\t\t\t\t\t\t\t\t\t<\/div>\n\t\t\t<\/div><!-- .entry-meta -->\n\t\t<\/div>\n\n\t\t\t\t\t<div class=\"gem-blog-slider-navigation\">\n\t\t\t\t<a href=\"#\" class=\"gem-blog-slider-prev gem-button gem-button-size-tiny\">\n\t\t\t\t\t<i aria-hidden=\"true\" class=\"gem-print-icon gem-icon-prev gem-elegant arrow-carrot-left\"><\/i>\t\t\t\t<\/a>\n\t\t\t\t<a href=\"#\" class=\"gem-blog-slider-next gem-button gem-button-size-tiny\">\n\t\t\t\t\t<i aria-hidden=\"true\" class=\"gem-print-icon gem-icon-prev gem-elegant arrow-carrot-right\"><\/i>\t\t\t\t<\/a>\n\t\t\t<\/div>\n\t\t\t<\/div>\n<\/article><!-- #post-4180 -->\n\n<article id=\"post-4169\" class=\"clearfix\">\n\n\t<a href=\"https:\/\/elfuerte.cl\/web\/2026\/02\/03\/verano-a-pleno-en-valdivia-musica-y-grandes-eventos-para-todo-publico-en-el-principal-destino-turistico-del-pais\/\" class=\"gem-slider-blog-link\"><\/a>\n\n\t<div class=\"gem-slider-item-image\" style=\"background: url('https:\/\/elfuerte.cl\/web\/wp-content\/uploads\/2026\/02\/portada-15.jpg') no-repeat 50% 50% \/ cover;\">\n\t\t<img src=\"https:\/\/elfuerte.cl\/web\/wp-content\/uploads\/2026\/02\/portada-15.jpg\"  style=\"visibility: hidden;\">\n\t<\/div>\n\n\t<div class=\"gem-slider-item-overlay\">\n\t\t<div class=\"gem-compact-item-content\">\n\t\t\t\t\t\t\t<div class=\"post-title\">\n\t\t\t\t\t<h5 class=\"entry-title reverse-link-color\"><span class=\"entry-title-date\"><\/span><span class=\"light\">Verano a pleno en Valdivia: m\u00fasica y grandes eventos para todo p\u00fablico en el principal destino tur\u00edstico del pa\u00eds<\/span><\/h5>\t\t\t\t<\/div>\n\t\t\t\n\t\t\t\t\t\t\t<div class=\"post-text date-color\">\n\t\t\t\t\t<div class=\"summary\">\n\t\t\t\t\t\t\t\t\t\t\t\t\t<p>Con alta presencia de visitantes nacionales y extranjeros la capital regional de Los R\u00edos vive una de las temporadas estivales m\u00e1s activas de los \u00faltimos a\u00f1os, con una nutrida cartelera cultural gratuita para toda la familia.<\/p>\n\t\t\t\t\t\t\t\t\t\t\t<\/div>\n\t\t\t\t<\/div>\n\t\t\t\n\t\t<\/div>\n\t\t<div class=\"post-meta date-color\">\n\t\t\t<div class=\"entry-meta clearfix gem-post-date\">\n\t\t\t\t<div class=\"post-meta-right\">\n\t\t\t\t\t\t\t\t\t\t\n\t\t\t\t\t\n\t\t\t\t<\/div>\n\t\t\t\t<div class=\"post-meta-left\">\n\t\t\t\t\t\t\t\t\t\t\t<span class=\"post-meta-author\">\n\t\t\t\t\t\t\t\t\t\tPor <a href=\"https:\/\/elfuerte.cl\/web\" title=\"Visitar el sitio de Prensa El Fuerte\" rel=\"author external\">Prensa El Fuerte<\/a>\t\t\t\t\t\t\t\t\t<\/span>\n\t\t\t\t\t\t\t\t\t<\/div>\n\t\t\t<\/div><!-- .entry-meta -->\n\t\t<\/div>\n\n\t\t\t\t\t<div class=\"gem-blog-slider-navigation\">\n\t\t\t\t<a href=\"#\" class=\"gem-blog-slider-prev gem-button gem-button-size-tiny\">\n\t\t\t\t\t<i aria-hidden=\"true\" class=\"gem-print-icon gem-icon-prev gem-elegant arrow-carrot-left\"><\/i>\t\t\t\t<\/a>\n\t\t\t\t<a href=\"#\" class=\"gem-blog-slider-next gem-button gem-button-size-tiny\">\n\t\t\t\t\t<i aria-hidden=\"true\" class=\"gem-print-icon gem-icon-prev gem-elegant arrow-carrot-right\"><\/i>\t\t\t\t<\/a>\n\t\t\t<\/div>\n\t\t\t<\/div>\n<\/article><!-- #post-4169 -->\n\n<article id=\"post-4158\" class=\"clearfix\">\n\n\t<a href=\"https:\/\/elfuerte.cl\/web\/2026\/02\/02\/tras-la-emergencia-la-solidaridad-se-activa-para-reconstruir-sala-cuna-destruida-por-incendios-en-penco\/\" class=\"gem-slider-blog-link\"><\/a>\n\n\t<div class=\"gem-slider-item-image\" style=\"background: url('https:\/\/elfuerte.cl\/web\/wp-content\/uploads\/2026\/02\/portada-14.jpg') no-repeat 50% 50% \/ cover;\">\n\t\t<img src=\"https:\/\/elfuerte.cl\/web\/wp-content\/uploads\/2026\/02\/portada-14.jpg\"  style=\"visibility: hidden;\">\n\t<\/div>\n\n\t<div class=\"gem-slider-item-overlay\">\n\t\t<div class=\"gem-compact-item-content\">\n\t\t\t\t\t\t\t<div class=\"post-title\">\n\t\t\t\t\t<h5 class=\"entry-title reverse-link-color\"><span class=\"entry-title-date\"><\/span><span class=\"light\">Tras la emergencia, la solidaridad se activa para reconstruir sala cuna destruida por incendios en Penco<\/span><\/h5>\t\t\t\t<\/div>\n\t\t\t\n\t\t\t\t\t\t\t<div class=\"post-text date-color\">\n\t\t\t\t\t<div class=\"summary\">\n\t\t\t\t\t\t\t\t\t\t\t\t\t<p>Acciones impulsadas por la comunidad, la sociedad civil y el sector privado buscan apoyar a las familias damnificadas, con especial foco en la recuperaci\u00f3n de espacios esenciales para la infancia en la comuna de Penco.<\/p>\n\t\t\t\t\t\t\t\t\t\t\t<\/div>\n\t\t\t\t<\/div>\n\t\t\t\n\t\t<\/div>\n\t\t<div class=\"post-meta date-color\">\n\t\t\t<div class=\"entry-meta clearfix gem-post-date\">\n\t\t\t\t<div class=\"post-meta-right\">\n\t\t\t\t\t\t\t\t\t\t\n\t\t\t\t\t\n\t\t\t\t<\/div>\n\t\t\t\t<div class=\"post-meta-left\">\n\t\t\t\t\t\t\t\t\t\t\t<span class=\"post-meta-author\">\n\t\t\t\t\t\t\t\t\t\tPor <a href=\"https:\/\/elfuerte.cl\/web\" title=\"Visitar el sitio de Prensa El Fuerte\" rel=\"author external\">Prensa El Fuerte<\/a>\t\t\t\t\t\t\t\t\t<\/span>\n\t\t\t\t\t\t\t\t\t<\/div>\n\t\t\t<\/div><!-- .entry-meta -->\n\t\t<\/div>\n\n\t\t\t\t\t<div class=\"gem-blog-slider-navigation\">\n\t\t\t\t<a href=\"#\" class=\"gem-blog-slider-prev gem-button gem-button-size-tiny\">\n\t\t\t\t\t<i aria-hidden=\"true\" class=\"gem-print-icon gem-icon-prev gem-elegant arrow-carrot-left\"><\/i>\t\t\t\t<\/a>\n\t\t\t\t<a href=\"#\" class=\"gem-blog-slider-next gem-button gem-button-size-tiny\">\n\t\t\t\t\t<i aria-hidden=\"true\" class=\"gem-print-icon gem-icon-prev gem-elegant arrow-carrot-right\"><\/i>\t\t\t\t<\/a>\n\t\t\t<\/div>\n\t\t\t<\/div>\n<\/article><!-- #post-4158 -->\n\n<article id=\"post-4147\" class=\"clearfix\">\n\n\t<a href=\"https:\/\/elfuerte.cl\/web\/2026\/02\/02\/fiscalizan-al-comercio-ilegal-en-pucon-en-medio-de-una-temporada-turistica-mas-moderada\/\" class=\"gem-slider-blog-link\"><\/a>\n\n\t<div class=\"gem-slider-item-image\" style=\"background: url('https:\/\/elfuerte.cl\/web\/wp-content\/uploads\/2026\/02\/portada-13.jpg') no-repeat 50% 50% \/ cover;\">\n\t\t<img src=\"https:\/\/elfuerte.cl\/web\/wp-content\/uploads\/2026\/02\/portada-13.jpg\"  style=\"visibility: hidden;\">\n\t<\/div>\n\n\t<div class=\"gem-slider-item-overlay\">\n\t\t<div class=\"gem-compact-item-content\">\n\t\t\t\t\t\t\t<div class=\"post-title\">\n\t\t\t\t\t<h5 class=\"entry-title reverse-link-color\"><span class=\"entry-title-date\"><\/span><span class=\"light\">Fiscalizan al comercio ilegal en Puc\u00f3n en medio  de una temporada tur\u00edstica m\u00e1s moderada<\/span><\/h5>\t\t\t\t<\/div>\n\t\t\t\n\t\t\t\t\t\t\t<div class=\"post-text date-color\">\n\t\t\t\t\t<div class=\"summary\">\n\t\t\t\t\t\t\t\t\t\t\t\t\t<p>Operativos coordinados en playas de Puc\u00f3n y Caburgua buscan resguardar la seguridad, ordenar el comercio y apoyar a los negocios establecidos, en un escenario econ\u00f3mico de menores expectativas.<\/p>\n\t\t\t\t\t\t\t\t\t\t\t<\/div>\n\t\t\t\t<\/div>\n\t\t\t\n\t\t<\/div>\n\t\t<div class=\"post-meta date-color\">\n\t\t\t<div class=\"entry-meta clearfix gem-post-date\">\n\t\t\t\t<div class=\"post-meta-right\">\n\t\t\t\t\t\t\t\t\t\t\n\t\t\t\t\t\n\t\t\t\t<\/div>\n\t\t\t\t<div class=\"post-meta-left\">\n\t\t\t\t\t\t\t\t\t\t\t<span class=\"post-meta-author\">\n\t\t\t\t\t\t\t\t\t\tPor <a href=\"https:\/\/elfuerte.cl\/web\" title=\"Visitar el sitio de Prensa El Fuerte\" rel=\"author external\">Prensa El Fuerte<\/a>\t\t\t\t\t\t\t\t\t<\/span>\n\t\t\t\t\t\t\t\t\t<\/div>\n\t\t\t<\/div><!-- .entry-meta -->\n\t\t<\/div>\n\n\t\t\t\t\t<div class=\"gem-blog-slider-navigation\">\n\t\t\t\t<a href=\"#\" class=\"gem-blog-slider-prev gem-button gem-button-size-tiny\">\n\t\t\t\t\t<i aria-hidden=\"true\" class=\"gem-print-icon gem-icon-prev gem-elegant arrow-carrot-left\"><\/i>\t\t\t\t<\/a>\n\t\t\t\t<a href=\"#\" class=\"gem-blog-slider-next gem-button gem-button-size-tiny\">\n\t\t\t\t\t<i aria-hidden=\"true\" class=\"gem-print-icon gem-icon-prev gem-elegant arrow-carrot-right\"><\/i>\t\t\t\t<\/a>\n\t\t\t<\/div>\n\t\t\t<\/div>\n<\/article><!-- #post-4147 -->\n\n<article id=\"post-4114\" class=\"clearfix\">\n\n\t<a href=\"https:\/\/elfuerte.cl\/web\/2026\/02\/01\/dia-mundial-de-humedales-valdivia-reafirma-su-rol-como-unica-ciudad-humedal-de-chile\/\" class=\"gem-slider-blog-link\"><\/a>\n\n\t<div class=\"gem-slider-item-image\" style=\"background: url('https:\/\/elfuerte.cl\/web\/wp-content\/uploads\/2026\/02\/portada-1-1.jpg') no-repeat 50% 50% \/ cover;\">\n\t\t<img src=\"https:\/\/elfuerte.cl\/web\/wp-content\/uploads\/2026\/02\/portada-1-1.jpg\"  style=\"visibility: hidden;\">\n\t<\/div>\n\n\t<div class=\"gem-slider-item-overlay\">\n\t\t<div class=\"gem-compact-item-content\">\n\t\t\t\t\t\t\t<div class=\"post-title\">\n\t\t\t\t\t<h5 class=\"entry-title reverse-link-color\"><span class=\"entry-title-date\"><\/span><span class=\"light\">D\u00eda Mundial de Humedales: Valdivia reafirma su rol como \u00fanica Ciudad Humedal de Chile<\/span><\/h5>\t\t\t\t<\/div>\n\t\t\t\n\t\t\t\t\t\t\t<div class=\"post-text date-color\">\n\t\t\t\t\t<div class=\"summary\">\n\t\t\t\t\t\t\t\t\t\t\t\t\t<p>La ciudad desarrolla este domingo y lunes una programaci\u00f3n cultural y medioambiental en distintos puntos de la comuna abiertos a la comunidad.<\/p>\n\t\t\t\t\t\t\t\t\t\t\t<\/div>\n\t\t\t\t<\/div>\n\t\t\t\n\t\t<\/div>\n\t\t<div class=\"post-meta date-color\">\n\t\t\t<div class=\"entry-meta clearfix gem-post-date\">\n\t\t\t\t<div class=\"post-meta-right\">\n\t\t\t\t\t\t\t\t\t\t\n\t\t\t\t\t\n\t\t\t\t<\/div>\n\t\t\t\t<div class=\"post-meta-left\">\n\t\t\t\t\t\t\t\t\t\t\t<span class=\"post-meta-author\">\n\t\t\t\t\t\t\t\t\t\tPor <a href=\"https:\/\/elfuerte.cl\/web\" title=\"Visitar el sitio de Prensa El Fuerte\" rel=\"author external\">Prensa El Fuerte<\/a>\t\t\t\t\t\t\t\t\t<\/span>\n\t\t\t\t\t\t\t\t\t<\/div>\n\t\t\t<\/div><!-- .entry-meta -->\n\t\t<\/div>\n\n\t\t\t\t\t<div class=\"gem-blog-slider-navigation\">\n\t\t\t\t<a href=\"#\" class=\"gem-blog-slider-prev gem-button gem-button-size-tiny\">\n\t\t\t\t\t<i aria-hidden=\"true\" class=\"gem-print-icon gem-icon-prev gem-elegant arrow-carrot-left\"><\/i>\t\t\t\t<\/a>\n\t\t\t\t<a href=\"#\" class=\"gem-blog-slider-next gem-button gem-button-size-tiny\">\n\t\t\t\t\t<i aria-hidden=\"true\" class=\"gem-print-icon gem-icon-prev gem-elegant arrow-carrot-right\"><\/i>\t\t\t\t<\/a>\n\t\t\t<\/div>\n\t\t\t<\/div>\n<\/article><!-- #post-4114 -->\n\n<article id=\"post-4103\" class=\"clearfix\">\n\n\t<a href=\"https:\/\/elfuerte.cl\/web\/2026\/02\/01\/emprendimiento-valdiviano-impulsa-podcast-sobre-ia-con-enfoque-territorial\/\" class=\"gem-slider-blog-link\"><\/a>\n\n\t<div class=\"gem-slider-item-image\" style=\"background: url('https:\/\/elfuerte.cl\/web\/wp-content\/uploads\/2026\/02\/portada-.jpg') no-repeat 50% 50% \/ cover;\">\n\t\t<img src=\"https:\/\/elfuerte.cl\/web\/wp-content\/uploads\/2026\/02\/portada-.jpg\"  style=\"visibility: hidden;\">\n\t<\/div>\n\n\t<div class=\"gem-slider-item-overlay\">\n\t\t<div class=\"gem-compact-item-content\">\n\t\t\t\t\t\t\t<div class=\"post-title\">\n\t\t\t\t\t<h5 class=\"entry-title reverse-link-color\"><span class=\"entry-title-date\"><\/span><span class=\"light\">Emprendimiento valdiviano impulsa  podcast sobre IA con enfoque territorial<\/span><\/h5>\t\t\t\t<\/div>\n\t\t\t\n\t\t\t\t\t\t\t<div class=\"post-text date-color\">\n\t\t\t\t\t<div class=\"summary\">\n\t\t\t\t\t\t\t\t\t\t\t\t\t<p>La iniciativa Mentor.IA Creativa busca descentralizar el conocimiento sobre inteligencia artificial, promoviendo un uso cr\u00edtico y responsable de estas tecnolog\u00edas desde las regiones del sur de Chile<\/p>\n\t\t\t\t\t\t\t\t\t\t\t<\/div>\n\t\t\t\t<\/div>\n\t\t\t\n\t\t<\/div>\n\t\t<div class=\"post-meta date-color\">\n\t\t\t<div class=\"entry-meta clearfix gem-post-date\">\n\t\t\t\t<div class=\"post-meta-right\">\n\t\t\t\t\t\t\t\t\t\t\n\t\t\t\t\t\n\t\t\t\t<\/div>\n\t\t\t\t<div class=\"post-meta-left\">\n\t\t\t\t\t\t\t\t\t\t\t<span class=\"post-meta-author\">\n\t\t\t\t\t\t\t\t\t\tPor <a href=\"https:\/\/elfuerte.cl\/web\" title=\"Visitar el sitio de Prensa El Fuerte\" rel=\"author external\">Prensa El Fuerte<\/a>\t\t\t\t\t\t\t\t\t<\/span>\n\t\t\t\t\t\t\t\t\t<\/div>\n\t\t\t<\/div><!-- .entry-meta -->\n\t\t<\/div>\n\n\t\t\t\t\t<div class=\"gem-blog-slider-navigation\">\n\t\t\t\t<a href=\"#\" class=\"gem-blog-slider-prev gem-button gem-button-size-tiny\">\n\t\t\t\t\t<i aria-hidden=\"true\" class=\"gem-print-icon gem-icon-prev gem-elegant arrow-carrot-left\"><\/i>\t\t\t\t<\/a>\n\t\t\t\t<a href=\"#\" class=\"gem-blog-slider-next gem-button gem-button-size-tiny\">\n\t\t\t\t\t<i aria-hidden=\"true\" class=\"gem-print-icon gem-icon-prev gem-elegant arrow-carrot-right\"><\/i>\t\t\t\t<\/a>\n\t\t\t<\/div>\n\t\t\t<\/div>\n<\/article><!-- #post-4103 -->\n\n<article id=\"post-4083\" class=\"clearfix\">\n\n\t<a href=\"https:\/\/elfuerte.cl\/web\/2026\/01\/31\/hospital-de-talca-aporta-insumos-medicos-para-emergencia-por-incendios-en-el-sur\/\" class=\"gem-slider-blog-link\"><\/a>\n\n\t<div class=\"gem-slider-item-image\" style=\"background: url('https:\/\/elfuerte.cl\/web\/wp-content\/uploads\/2026\/01\/hospital-1.jpg') no-repeat 50% 50% \/ cover;\">\n\t\t<img src=\"https:\/\/elfuerte.cl\/web\/wp-content\/uploads\/2026\/01\/hospital-1.jpg\"  style=\"visibility: hidden;\">\n\t<\/div>\n\n\t<div class=\"gem-slider-item-overlay\">\n\t\t<div class=\"gem-compact-item-content\">\n\t\t\t\t\t\t\t<div class=\"post-title\">\n\t\t\t\t\t<h5 class=\"entry-title reverse-link-color\"><span class=\"entry-title-date\"><\/span><span class=\"light\">Hospital de Talca aporta insumos m\u00e9dicos para emergencia por incendios en el sur<\/span><\/h5>\t\t\t\t<\/div>\n\t\t\t\n\t\t\t\t\t\t\t<div class=\"post-text date-color\">\n\t\t\t\t\t<div class=\"summary\">\n\t\t\t\t\t\t\t\t\t\t\t\t\t<p>Recinto activ\u00f3 un protocolo solidario de apoyo interregional, aportando insumos m\u00e9dicos esenciales destinados a la atenci\u00f3n especializada de personas con lesiones por quemaduras graves<\/p>\n\t\t\t\t\t\t\t\t\t\t\t<\/div>\n\t\t\t\t<\/div>\n\t\t\t\n\t\t<\/div>\n\t\t<div class=\"post-meta date-color\">\n\t\t\t<div class=\"entry-meta clearfix gem-post-date\">\n\t\t\t\t<div class=\"post-meta-right\">\n\t\t\t\t\t\t\t\t\t\t\n\t\t\t\t\t\n\t\t\t\t<\/div>\n\t\t\t\t<div class=\"post-meta-left\">\n\t\t\t\t\t\t\t\t\t\t\t<span class=\"post-meta-author\">\n\t\t\t\t\t\t\t\t\t\tPor <a href=\"https:\/\/elfuerte.cl\/web\" title=\"Visitar el sitio de Prensa El Fuerte\" rel=\"author external\">Prensa El Fuerte<\/a>\t\t\t\t\t\t\t\t\t<\/span>\n\t\t\t\t\t\t\t\t\t<\/div>\n\t\t\t<\/div><!-- .entry-meta -->\n\t\t<\/div>\n\n\t\t\t\t\t<div class=\"gem-blog-slider-navigation\">\n\t\t\t\t<a href=\"#\" class=\"gem-blog-slider-prev gem-button gem-button-size-tiny\">\n\t\t\t\t\t<i aria-hidden=\"true\" class=\"gem-print-icon gem-icon-prev gem-elegant arrow-carrot-left\"><\/i>\t\t\t\t<\/a>\n\t\t\t\t<a href=\"#\" class=\"gem-blog-slider-next gem-button gem-button-size-tiny\">\n\t\t\t\t\t<i aria-hidden=\"true\" class=\"gem-print-icon gem-icon-prev gem-elegant arrow-carrot-right\"><\/i>\t\t\t\t<\/a>\n\t\t\t<\/div>\n\t\t\t<\/div>\n<\/article><!-- #post-4083 -->\n\n<article id=\"post-4070\" class=\"clearfix\">\n\n\t<a href=\"https:\/\/elfuerte.cl\/web\/2026\/01\/30\/frutillar-avanza-en-accesibilidad-universal-con-inauguracion-de-punto-inclusivo-en-su-playa\/\" class=\"gem-slider-blog-link\"><\/a>\n\n\t<div class=\"gem-slider-item-image\" style=\"background: url('https:\/\/elfuerte.cl\/web\/wp-content\/uploads\/2026\/01\/portada-9.jpg') no-repeat 50% 50% \/ cover;\">\n\t\t<img src=\"https:\/\/elfuerte.cl\/web\/wp-content\/uploads\/2026\/01\/portada-9.jpg\"  style=\"visibility: hidden;\">\n\t<\/div>\n\n\t<div class=\"gem-slider-item-overlay\">\n\t\t<div class=\"gem-compact-item-content\">\n\t\t\t\t\t\t\t<div class=\"post-title\">\n\t\t\t\t\t<h5 class=\"entry-title reverse-link-color\"><span class=\"entry-title-date\"><\/span><span class=\"light\">Frutillar avanza en accesibilidad universal con inauguraci\u00f3n de punto inclusivo en su playa<\/span><\/h5>\t\t\t\t<\/div>\n\t\t\t\n\t\t\t\t\t\t\t<div class=\"post-text date-color\">\n\t\t\t\t\t<div class=\"summary\">\n\t\t\t\t\t\t\t\t\t\t\t\t\t<p>La iniciativa, impulsada por el municipio junto a Fundaci\u00f3n Chile Lagos Limpios y el apoyo de empresas privadas, busca garantizar el acceso al borde lacustre a personas con movilidad reducida y promover el uso inclusivo del espacio p\u00fablico.<\/p>\n\t\t\t\t\t\t\t\t\t\t\t<\/div>\n\t\t\t\t<\/div>\n\t\t\t\n\t\t<\/div>\n\t\t<div class=\"post-meta date-color\">\n\t\t\t<div class=\"entry-meta clearfix gem-post-date\">\n\t\t\t\t<div class=\"post-meta-right\">\n\t\t\t\t\t\t\t\t\t\t\n\t\t\t\t\t\n\t\t\t\t<\/div>\n\t\t\t\t<div class=\"post-meta-left\">\n\t\t\t\t\t\t\t\t\t\t\t<span class=\"post-meta-author\">\n\t\t\t\t\t\t\t\t\t\tPor <a href=\"https:\/\/elfuerte.cl\/web\" title=\"Visitar el sitio de Prensa El Fuerte\" rel=\"author external\">Prensa El Fuerte<\/a>\t\t\t\t\t\t\t\t\t<\/span>\n\t\t\t\t\t\t\t\t\t<\/div>\n\t\t\t<\/div><!-- .entry-meta -->\n\t\t<\/div>\n\n\t\t\t\t\t<div class=\"gem-blog-slider-navigation\">\n\t\t\t\t<a href=\"#\" class=\"gem-blog-slider-prev gem-button gem-button-size-tiny\">\n\t\t\t\t\t<i aria-hidden=\"true\" class=\"gem-print-icon gem-icon-prev gem-elegant arrow-carrot-left\"><\/i>\t\t\t\t<\/a>\n\t\t\t\t<a href=\"#\" class=\"gem-blog-slider-next gem-button gem-button-size-tiny\">\n\t\t\t\t\t<i aria-hidden=\"true\" class=\"gem-print-icon gem-icon-prev gem-elegant arrow-carrot-right\"><\/i>\t\t\t\t<\/a>\n\t\t\t<\/div>\n\t\t\t<\/div>\n<\/article><!-- #post-4070 -->\n\n<article id=\"post-4050\" class=\"clearfix\">\n\n\t<a href=\"https:\/\/elfuerte.cl\/web\/2026\/01\/30\/mas-de-170-voluntarios-de-cruz-roja-se-despliegan-en-nuble-y-biobio-por-incendios-forestales\/\" class=\"gem-slider-blog-link\"><\/a>\n\n\t<div class=\"gem-slider-item-image\" style=\"background: url('https:\/\/elfuerte.cl\/web\/wp-content\/uploads\/2026\/01\/portada-1-1.jpg') no-repeat 50% 50% \/ cover;\">\n\t\t<img src=\"https:\/\/elfuerte.cl\/web\/wp-content\/uploads\/2026\/01\/portada-1-1.jpg\"  style=\"visibility: hidden;\">\n\t<\/div>\n\n\t<div class=\"gem-slider-item-overlay\">\n\t\t<div class=\"gem-compact-item-content\">\n\t\t\t\t\t\t\t<div class=\"post-title\">\n\t\t\t\t\t<h5 class=\"entry-title reverse-link-color\"><span class=\"entry-title-date\"><\/span><span class=\"light\">M\u00e1s de 170 voluntarios de Cruz Roja se despliegan en \u00d1uble y Biob\u00edo por incendios forestales<\/span><\/h5>\t\t\t\t<\/div>\n\t\t\t\n\t\t\t\t\t\t\t<div class=\"post-text date-color\">\n\t\t\t\t\t<div class=\"summary\">\n\t\t\t\t\t\t\t\t\t\t\t\t\t<p>La instituci\u00f3n humanitaria mantiene un amplio operativo en apoyo a las comunidades afectadas, con presencia en diversas comunas y atenci\u00f3n directa a las familias damnificadas<\/p>\n\t\t\t\t\t\t\t\t\t\t\t<\/div>\n\t\t\t\t<\/div>\n\t\t\t\n\t\t<\/div>\n\t\t<div class=\"post-meta date-color\">\n\t\t\t<div class=\"entry-meta clearfix gem-post-date\">\n\t\t\t\t<div class=\"post-meta-right\">\n\t\t\t\t\t\t\t\t\t\t\n\t\t\t\t\t\n\t\t\t\t<\/div>\n\t\t\t\t<div class=\"post-meta-left\">\n\t\t\t\t\t\t\t\t\t\t\t<span class=\"post-meta-author\">\n\t\t\t\t\t\t\t\t\t\tPor <a href=\"https:\/\/elfuerte.cl\/web\" title=\"Visitar el sitio de Prensa El Fuerte\" rel=\"author external\">Prensa El Fuerte<\/a>\t\t\t\t\t\t\t\t\t<\/span>\n\t\t\t\t\t\t\t\t\t<\/div>\n\t\t\t<\/div><!-- .entry-meta -->\n\t\t<\/div>\n\n\t\t\t\t\t<div class=\"gem-blog-slider-navigation\">\n\t\t\t\t<a href=\"#\" class=\"gem-blog-slider-prev gem-button gem-button-size-tiny\">\n\t\t\t\t\t<i aria-hidden=\"true\" class=\"gem-print-icon gem-icon-prev gem-elegant arrow-carrot-left\"><\/i>\t\t\t\t<\/a>\n\t\t\t\t<a href=\"#\" class=\"gem-blog-slider-next gem-button gem-button-size-tiny\">\n\t\t\t\t\t<i aria-hidden=\"true\" class=\"gem-print-icon gem-icon-prev gem-elegant arrow-carrot-right\"><\/i>\t\t\t\t<\/a>\n\t\t\t<\/div>\n\t\t\t<\/div>\n<\/article><!-- #post-4050 -->\n\n<article id=\"post-4034\" class=\"clearfix\">\n\n\t<a href=\"https:\/\/elfuerte.cl\/web\/2026\/01\/30\/empleo-en-la-macrozona-sur-los-rios-lidera-la-baja-del-indicador-y-biobio-sigue-en-alerta\/\" class=\"gem-slider-blog-link\"><\/a>\n\n\t<div class=\"gem-slider-item-image\" style=\"background: url('https:\/\/elfuerte.cl\/web\/wp-content\/uploads\/2026\/01\/portada-7.jpg') no-repeat 50% 50% \/ cover;\">\n\t\t<img src=\"https:\/\/elfuerte.cl\/web\/wp-content\/uploads\/2026\/01\/portada-7.jpg\"  style=\"visibility: hidden;\">\n\t<\/div>\n\n\t<div class=\"gem-slider-item-overlay\">\n\t\t<div class=\"gem-compact-item-content\">\n\t\t\t\t\t\t\t<div class=\"post-title\">\n\t\t\t\t\t<h5 class=\"entry-title reverse-link-color\"><span class=\"entry-title-date\"><\/span><span class=\"light\">Empleo en la macrozona sur: Los R\u00edos lidera la baja del indicador y Biob\u00edo sigue en alerta<\/span><\/h5>\t\t\t\t<\/div>\n\t\t\t\n\t\t\t\t\t\t\t<div class=\"post-text date-color\">\n\t\t\t\t\t<div class=\"summary\">\n\t\t\t\t\t\t\t\t\t\t\t\t\t<p>El \u00faltimo trimestre m\u00f3vil muestra desempe\u00f1os dispares en el sur del pa\u00eds. Mientras Los R\u00edos registra la mayor baja del desempleo, Biob\u00edo se mantiene por sobre el promedio nacional, en un escenario que debe llamar a la alerta de las autoridades<\/p>\n\t\t\t\t\t\t\t\t\t\t\t<\/div>\n\t\t\t\t<\/div>\n\t\t\t\n\t\t<\/div>\n\t\t<div class=\"post-meta date-color\">\n\t\t\t<div class=\"entry-meta clearfix gem-post-date\">\n\t\t\t\t<div class=\"post-meta-right\">\n\t\t\t\t\t\t\t\t\t\t\n\t\t\t\t\t\n\t\t\t\t<\/div>\n\t\t\t\t<div class=\"post-meta-left\">\n\t\t\t\t\t\t\t\t\t\t\t<span class=\"post-meta-author\">\n\t\t\t\t\t\t\t\t\t\tPor <a href=\"https:\/\/elfuerte.cl\/web\" title=\"Visitar el sitio de Prensa El Fuerte\" rel=\"author external\">Prensa El Fuerte<\/a>\t\t\t\t\t\t\t\t\t<\/span>\n\t\t\t\t\t\t\t\t\t<\/div>\n\t\t\t<\/div><!-- .entry-meta -->\n\t\t<\/div>\n\n\t\t\t\t\t<div class=\"gem-blog-slider-navigation\">\n\t\t\t\t<a href=\"#\" class=\"gem-blog-slider-prev gem-button gem-button-size-tiny\">\n\t\t\t\t\t<i aria-hidden=\"true\" class=\"gem-print-icon gem-icon-prev gem-elegant arrow-carrot-left\"><\/i>\t\t\t\t<\/a>\n\t\t\t\t<a href=\"#\" class=\"gem-blog-slider-next gem-button gem-button-size-tiny\">\n\t\t\t\t\t<i aria-hidden=\"true\" class=\"gem-print-icon gem-icon-prev gem-elegant arrow-carrot-right\"><\/i>\t\t\t\t<\/a>\n\t\t\t<\/div>\n\t\t\t<\/div>\n<\/article><!-- #post-4034 -->\n\n<article id=\"post-4022\" class=\"clearfix\">\n\n\t<a href=\"https:\/\/elfuerte.cl\/web\/2026\/01\/30\/viejas-de-mierda-va-camino-al-lleno-total-en-valdivia\/\" class=\"gem-slider-blog-link\"><\/a>\n\n\t<div class=\"gem-slider-item-image\" style=\"background: url('https:\/\/elfuerte.cl\/web\/wp-content\/uploads\/2026\/01\/portada-6.jpg') no-repeat 50% 50% \/ cover;\">\n\t\t<img src=\"https:\/\/elfuerte.cl\/web\/wp-content\/uploads\/2026\/01\/portada-6.jpg\"  style=\"visibility: hidden;\">\n\t<\/div>\n\n\t<div class=\"gem-slider-item-overlay\">\n\t\t<div class=\"gem-compact-item-content\">\n\t\t\t\t\t\t\t<div class=\"post-title\">\n\t\t\t\t\t<h5 class=\"entry-title reverse-link-color\"><span class=\"entry-title-date\"><\/span><span class=\"light\">\u201cViejas de Mierda\u201d va camino al lleno total en Valdivia<\/span><\/h5>\t\t\t\t<\/div>\n\t\t\t\n\t\t\t\t\t\t\t<div class=\"post-text date-color\">\n\t\t\t\t\t<div class=\"summary\">\n\t\t\t\t\t\t\t\t\t\t\t\t\t<p>La aclamada obra protagonizada por Gloria M\u00fcnchmeyer, Gabriela Hern\u00e1ndez y Gloria Benavides se presenta este s\u00e1bado 31, a las 20:00 horas, en el Teatro Regional Cervantes. Solo quedan entradas en platea VIP y platea Golden VIP<\/p>\n\t\t\t\t\t\t\t\t\t\t\t<\/div>\n\t\t\t\t<\/div>\n\t\t\t\n\t\t<\/div>\n\t\t<div class=\"post-meta date-color\">\n\t\t\t<div class=\"entry-meta clearfix gem-post-date\">\n\t\t\t\t<div class=\"post-meta-right\">\n\t\t\t\t\t\t\t\t\t\t\n\t\t\t\t\t\n\t\t\t\t<\/div>\n\t\t\t\t<div class=\"post-meta-left\">\n\t\t\t\t\t\t\t\t\t\t\t<span class=\"post-meta-author\">\n\t\t\t\t\t\t\t\t\t\tPor <a href=\"https:\/\/elfuerte.cl\/web\" title=\"Visitar el sitio de Prensa El Fuerte\" rel=\"author external\">Prensa El Fuerte<\/a>\t\t\t\t\t\t\t\t\t<\/span>\n\t\t\t\t\t\t\t\t\t<\/div>\n\t\t\t<\/div><!-- .entry-meta -->\n\t\t<\/div>\n\n\t\t\t\t\t<div class=\"gem-blog-slider-navigation\">\n\t\t\t\t<a href=\"#\" class=\"gem-blog-slider-prev gem-button gem-button-size-tiny\">\n\t\t\t\t\t<i aria-hidden=\"true\" class=\"gem-print-icon gem-icon-prev gem-elegant arrow-carrot-left\"><\/i>\t\t\t\t<\/a>\n\t\t\t\t<a href=\"#\" class=\"gem-blog-slider-next gem-button gem-button-size-tiny\">\n\t\t\t\t\t<i aria-hidden=\"true\" class=\"gem-print-icon gem-icon-prev gem-elegant arrow-carrot-right\"><\/i>\t\t\t\t<\/a>\n\t\t\t<\/div>\n\t\t\t<\/div>\n<\/article><!-- #post-4022 -->\n\n<article id=\"post-4012\" class=\"clearfix\">\n\n\t<a href=\"https:\/\/elfuerte.cl\/web\/2026\/01\/29\/teleton-abre-postulaciones-para-voluntariado-y-refuerza-llamado-en-la-macrozona-sur\/\" class=\"gem-slider-blog-link\"><\/a>\n\n\t<div class=\"gem-slider-item-image\" style=\"background: url('https:\/\/elfuerte.cl\/web\/wp-content\/uploads\/2026\/01\/portada-5.jpg') no-repeat 50% 50% \/ cover;\">\n\t\t<img src=\"https:\/\/elfuerte.cl\/web\/wp-content\/uploads\/2026\/01\/portada-5.jpg\"  style=\"visibility: hidden;\">\n\t<\/div>\n\n\t<div class=\"gem-slider-item-overlay\">\n\t\t<div class=\"gem-compact-item-content\">\n\t\t\t\t\t\t\t<div class=\"post-title\">\n\t\t\t\t\t<h5 class=\"entry-title reverse-link-color\"><span class=\"entry-title-date\"><\/span><span class=\"light\">Telet\u00f3n abre postulaciones para voluntariado y refuerza llamado en la macrozona sur<\/span><\/h5>\t\t\t\t<\/div>\n\t\t\t\n\t\t\t\t\t\t\t<div class=\"post-text date-color\">\n\t\t\t\t\t<div class=\"summary\">\n\t\t\t\t\t\t\t\t\t\t\t\t\t<p>La instituci\u00f3n comenz\u00f3 su proceso de selecci\u00f3n para  Voluntariado Permanente 2026 en sus 15 institutos del pa\u00eds. Entre las regiones del B\u00edo-B\u00edo y Los Lagos, Telet\u00f3n atiende a m\u00e1s de 8 mil ni\u00f1os, ni\u00f1as y j\u00f3venes en situaci\u00f3n de discapacidad<\/p>\n\t\t\t\t\t\t\t\t\t\t\t<\/div>\n\t\t\t\t<\/div>\n\t\t\t\n\t\t<\/div>\n\t\t<div class=\"post-meta date-color\">\n\t\t\t<div class=\"entry-meta clearfix gem-post-date\">\n\t\t\t\t<div class=\"post-meta-right\">\n\t\t\t\t\t\t\t\t\t\t\n\t\t\t\t\t\n\t\t\t\t<\/div>\n\t\t\t\t<div class=\"post-meta-left\">\n\t\t\t\t\t\t\t\t\t\t\t<span class=\"post-meta-author\">\n\t\t\t\t\t\t\t\t\t\tPor <a href=\"https:\/\/elfuerte.cl\/web\" title=\"Visitar el sitio de Prensa El Fuerte\" rel=\"author external\">Prensa El Fuerte<\/a>\t\t\t\t\t\t\t\t\t<\/span>\n\t\t\t\t\t\t\t\t\t<\/div>\n\t\t\t<\/div><!-- .entry-meta -->\n\t\t<\/div>\n\n\t\t\t\t\t<div class=\"gem-blog-slider-navigation\">\n\t\t\t\t<a href=\"#\" class=\"gem-blog-slider-prev gem-button gem-button-size-tiny\">\n\t\t\t\t\t<i aria-hidden=\"true\" class=\"gem-print-icon gem-icon-prev gem-elegant arrow-carrot-left\"><\/i>\t\t\t\t<\/a>\n\t\t\t\t<a href=\"#\" class=\"gem-blog-slider-next gem-button gem-button-size-tiny\">\n\t\t\t\t\t<i aria-hidden=\"true\" class=\"gem-print-icon gem-icon-prev gem-elegant arrow-carrot-right\"><\/i>\t\t\t\t<\/a>\n\t\t\t<\/div>\n\t\t\t<\/div>\n<\/article><!-- #post-4012 -->\n\n<article id=\"post-3999\" class=\"clearfix\">\n\n\t<a href=\"https:\/\/elfuerte.cl\/web\/2026\/01\/29\/coordinacion-como-base-del-desarrollo-los-rios-apuesta-por-alinear-inversion-publica-con-decisiones-del-territorio\/\" class=\"gem-slider-blog-link\"><\/a>\n\n\t<div class=\"gem-slider-item-image\" style=\"background: url('https:\/\/elfuerte.cl\/web\/wp-content\/uploads\/2026\/01\/portada-4.jpg') no-repeat 50% 50% \/ cover;\">\n\t\t<img src=\"https:\/\/elfuerte.cl\/web\/wp-content\/uploads\/2026\/01\/portada-4.jpg\"  style=\"visibility: hidden;\">\n\t<\/div>\n\n\t<div class=\"gem-slider-item-overlay\">\n\t\t<div class=\"gem-compact-item-content\">\n\t\t\t\t\t\t\t<div class=\"post-title\">\n\t\t\t\t\t<h5 class=\"entry-title reverse-link-color\"><span class=\"entry-title-date\"><\/span><span class=\"light\">Coordinaci\u00f3n como base del desarrollo: Los R\u00edos apuesta por alinear inversi\u00f3n p\u00fablica con decisiones del territorio<\/span><\/h5>\t\t\t\t<\/div>\n\t\t\t\n\t\t\t\t\t\t\t<div class=\"post-text date-color\">\n\t\t\t\t\t<div class=\"summary\">\n\t\t\t\t\t\t\t\t\t\t\t\t\t<p>El trabajo conjunto entre el Gobierno Regional y las municipalidades busca ordenar la planificaci\u00f3n territorial, alinear la inversi\u00f3n p\u00fablica con los PLADECO comunales y avanzar en una regionalizaci\u00f3n efectiva desde el territorio<\/p>\n\t\t\t\t\t\t\t\t\t\t\t<\/div>\n\t\t\t\t<\/div>\n\t\t\t\n\t\t<\/div>\n\t\t<div class=\"post-meta date-color\">\n\t\t\t<div class=\"entry-meta clearfix gem-post-date\">\n\t\t\t\t<div class=\"post-meta-right\">\n\t\t\t\t\t\t\t\t\t\t\n\t\t\t\t\t\n\t\t\t\t<\/div>\n\t\t\t\t<div class=\"post-meta-left\">\n\t\t\t\t\t\t\t\t\t\t\t<span class=\"post-meta-author\">\n\t\t\t\t\t\t\t\t\t\tPor <a href=\"https:\/\/elfuerte.cl\/web\" title=\"Visitar el sitio de Prensa El Fuerte\" rel=\"author external\">Prensa El Fuerte<\/a>\t\t\t\t\t\t\t\t\t<\/span>\n\t\t\t\t\t\t\t\t\t<\/div>\n\t\t\t<\/div><!-- .entry-meta -->\n\t\t<\/div>\n\n\t\t\t\t\t<div class=\"gem-blog-slider-navigation\">\n\t\t\t\t<a href=\"#\" class=\"gem-blog-slider-prev gem-button gem-button-size-tiny\">\n\t\t\t\t\t<i aria-hidden=\"true\" class=\"gem-print-icon gem-icon-prev gem-elegant arrow-carrot-left\"><\/i>\t\t\t\t<\/a>\n\t\t\t\t<a href=\"#\" class=\"gem-blog-slider-next gem-button gem-button-size-tiny\">\n\t\t\t\t\t<i aria-hidden=\"true\" class=\"gem-print-icon gem-icon-prev gem-elegant arrow-carrot-right\"><\/i>\t\t\t\t<\/a>\n\t\t\t<\/div>\n\t\t\t<\/div>\n<\/article><!-- #post-3999 -->\n\n<article id=\"post-3980\" class=\"clearfix\">\n\n\t<a href=\"https:\/\/elfuerte.cl\/web\/2026\/01\/29\/araucaria-y-desarrollo-buscan-acuerdos-para-compatibilizar-conectividad-y-respeto-cultural\/\" class=\"gem-slider-blog-link\"><\/a>\n\n\t<div class=\"gem-slider-item-image\" style=\"background: url('https:\/\/elfuerte.cl\/web\/wp-content\/uploads\/2026\/01\/portada-3.jpg') no-repeat 50% 50% \/ cover;\">\n\t\t<img src=\"https:\/\/elfuerte.cl\/web\/wp-content\/uploads\/2026\/01\/portada-3.jpg\"  style=\"visibility: hidden;\">\n\t<\/div>\n\n\t<div class=\"gem-slider-item-overlay\">\n\t\t<div class=\"gem-compact-item-content\">\n\t\t\t\t\t\t\t<div class=\"post-title\">\n\t\t\t\t\t<h5 class=\"entry-title reverse-link-color\"><span class=\"entry-title-date\"><\/span><span class=\"light\">Araucaria y desarrollo: buscan acuerdos  para compatibilizar conectividad y respeto cultural<\/span><\/h5>\t\t\t\t<\/div>\n\t\t\t\n\t\t\t\t\t\t\t<div class=\"post-text date-color\">\n\t\t\t\t\t<div class=\"summary\">\n\t\t\t\t\t\t\t\t\t\t\t\t\t<p>En julio pasado, las comunidades de Lonquimay denunciaron que el proyecto de construcci\u00f3n de un camino, que implicaba la tala de 96 de la especie, avanzaba sin informaci\u00f3n suficiente y desconociendo el car\u00e1cter sagrado de la araucaria<\/p>\n\t\t\t\t\t\t\t\t\t\t\t<\/div>\n\t\t\t\t<\/div>\n\t\t\t\n\t\t<\/div>\n\t\t<div class=\"post-meta date-color\">\n\t\t\t<div class=\"entry-meta clearfix gem-post-date\">\n\t\t\t\t<div class=\"post-meta-right\">\n\t\t\t\t\t\t\t\t\t\t\n\t\t\t\t\t\n\t\t\t\t<\/div>\n\t\t\t\t<div class=\"post-meta-left\">\n\t\t\t\t\t\t\t\t\t\t\t<span class=\"post-meta-author\">\n\t\t\t\t\t\t\t\t\t\tPor <a href=\"https:\/\/elfuerte.cl\/web\" title=\"Visitar el sitio de Prensa El Fuerte\" rel=\"author external\">Prensa El Fuerte<\/a>\t\t\t\t\t\t\t\t\t<\/span>\n\t\t\t\t\t\t\t\t\t<\/div>\n\t\t\t<\/div><!-- .entry-meta -->\n\t\t<\/div>\n\n\t\t\t\t\t<div class=\"gem-blog-slider-navigation\">\n\t\t\t\t<a href=\"#\" class=\"gem-blog-slider-prev gem-button gem-button-size-tiny\">\n\t\t\t\t\t<i aria-hidden=\"true\" class=\"gem-print-icon gem-icon-prev gem-elegant arrow-carrot-left\"><\/i>\t\t\t\t<\/a>\n\t\t\t\t<a href=\"#\" class=\"gem-blog-slider-next gem-button gem-button-size-tiny\">\n\t\t\t\t\t<i aria-hidden=\"true\" class=\"gem-print-icon gem-icon-prev gem-elegant arrow-carrot-right\"><\/i>\t\t\t\t<\/a>\n\t\t\t<\/div>\n\t\t\t<\/div>\n<\/article><!-- #post-3980 -->\n\n<article id=\"post-3964\" class=\"clearfix\">\n\n\t<a href=\"https:\/\/elfuerte.cl\/web\/2026\/01\/28\/puente-chacao-alcanza-un-63-de-avance-y-mantiene-proyeccion-de-termino-para-2028\/\" class=\"gem-slider-blog-link\"><\/a>\n\n\t<div class=\"gem-slider-item-image\" style=\"background: url('https:\/\/elfuerte.cl\/web\/wp-content\/uploads\/2026\/01\/chacaobanner.jpg') no-repeat 50% 50% \/ cover;\">\n\t\t<img src=\"https:\/\/elfuerte.cl\/web\/wp-content\/uploads\/2026\/01\/chacaobanner.jpg\"  style=\"visibility: hidden;\">\n\t<\/div>\n\n\t<div class=\"gem-slider-item-overlay\">\n\t\t<div class=\"gem-compact-item-content\">\n\t\t\t\t\t\t\t<div class=\"post-title\">\n\t\t\t\t\t<h5 class=\"entry-title reverse-link-color\"><span class=\"entry-title-date\"><\/span><span class=\"light\">Puente Chacao alcanza un 63% de avance y mantiene proyecci\u00f3n de t\u00e9rmino para 2028<\/span><\/h5>\t\t\t\t<\/div>\n\t\t\t\n\t\t\t\t\t\t\t<div class=\"post-text date-color\">\n\t\t\t\t\t<div class=\"summary\">\n\t\t\t\t\t\t\t\t\t\t\t\t\t<p>La megaobra de conectividad del sur del pa\u00eds consolida su avance f\u00edsico, mantiene su horizonte de t\u00e9rmino para 2028 y refuerza su impacto estrat\u00e9gico en el desarrollo territorial de la Regi\u00f3n de Los Lagos y el Archipi\u00e9lago de Chilo\u00e9.<\/p>\n\t\t\t\t\t\t\t\t\t\t\t<\/div>\n\t\t\t\t<\/div>\n\t\t\t\n\t\t<\/div>\n\t\t<div class=\"post-meta date-color\">\n\t\t\t<div class=\"entry-meta clearfix gem-post-date\">\n\t\t\t\t<div class=\"post-meta-right\">\n\t\t\t\t\t\t\t\t\t\t\n\t\t\t\t\t\n\t\t\t\t<\/div>\n\t\t\t\t<div class=\"post-meta-left\">\n\t\t\t\t\t\t\t\t\t\t\t<span class=\"post-meta-author\">\n\t\t\t\t\t\t\t\t\t\tPor <a href=\"https:\/\/elfuerte.cl\/web\" title=\"Visitar el sitio de Prensa El Fuerte\" rel=\"author external\">Prensa El Fuerte<\/a>\t\t\t\t\t\t\t\t\t<\/span>\n\t\t\t\t\t\t\t\t\t<\/div>\n\t\t\t<\/div><!-- .entry-meta -->\n\t\t<\/div>\n\n\t\t\t\t\t<div class=\"gem-blog-slider-navigation\">\n\t\t\t\t<a href=\"#\" class=\"gem-blog-slider-prev gem-button gem-button-size-tiny\">\n\t\t\t\t\t<i aria-hidden=\"true\" class=\"gem-print-icon gem-icon-prev gem-elegant arrow-carrot-left\"><\/i>\t\t\t\t<\/a>\n\t\t\t\t<a href=\"#\" class=\"gem-blog-slider-next gem-button gem-button-size-tiny\">\n\t\t\t\t\t<i aria-hidden=\"true\" class=\"gem-print-icon gem-icon-prev gem-elegant arrow-carrot-right\"><\/i>\t\t\t\t<\/a>\n\t\t\t<\/div>\n\t\t\t<\/div>\n<\/article><!-- #post-3964 -->\n\n<article id=\"post-3936\" class=\"clearfix\">\n\n\t<a href=\"https:\/\/elfuerte.cl\/web\/2026\/01\/28\/comercio-detallista-de-la-union-busca-adaptarse-a-nuevo-escenario-economico\/\" class=\"gem-slider-blog-link\"><\/a>\n\n\t<div class=\"gem-slider-item-image\" style=\"background: url('https:\/\/elfuerte.cl\/web\/wp-content\/uploads\/2026\/01\/portada-.jpg') no-repeat 50% 50% \/ cover;\">\n\t\t<img src=\"https:\/\/elfuerte.cl\/web\/wp-content\/uploads\/2026\/01\/portada-.jpg\"  style=\"visibility: hidden;\">\n\t<\/div>\n\n\t<div class=\"gem-slider-item-overlay\">\n\t\t<div class=\"gem-compact-item-content\">\n\t\t\t\t\t\t\t<div class=\"post-title\">\n\t\t\t\t\t<h5 class=\"entry-title reverse-link-color\"><span class=\"entry-title-date\"><\/span><span class=\"light\">Comercio detallista de La Uni\u00f3n busca  adaptarse a nuevo escenario econ\u00f3mico<\/span><\/h5>\t\t\t\t<\/div>\n\t\t\t\n\t\t\t\t\t\t\t<div class=\"post-text date-color\">\n\t\t\t\t\t<div class=\"summary\">\n\t\t\t\t\t\t\t\t\t\t\t\t\t<p>En conversaci\u00f3n con El Fuerte Noticias, su presidente, Braulio Pardo Montesinos, se refiri\u00f3 a la realidad que enfrenta actualmente el comercio local y a las diferencias que se generan entre rubros seg\u00fan la temporada.<\/p>\n\t\t\t\t\t\t\t\t\t\t\t<\/div>\n\t\t\t\t<\/div>\n\t\t\t\n\t\t<\/div>\n\t\t<div class=\"post-meta date-color\">\n\t\t\t<div class=\"entry-meta clearfix gem-post-date\">\n\t\t\t\t<div class=\"post-meta-right\">\n\t\t\t\t\t\t\t\t\t\t\n\t\t\t\t\t\n\t\t\t\t<\/div>\n\t\t\t\t<div class=\"post-meta-left\">\n\t\t\t\t\t\t\t\t\t\t\t<span class=\"post-meta-author\">\n\t\t\t\t\t\t\t\t\t\tPor <a href=\"https:\/\/elfuerte.cl\/web\" title=\"Visitar el sitio de Prensa El Fuerte\" rel=\"author external\">Prensa El Fuerte<\/a>\t\t\t\t\t\t\t\t\t<\/span>\n\t\t\t\t\t\t\t\t\t<\/div>\n\t\t\t<\/div><!-- .entry-meta -->\n\t\t<\/div>\n\n\t\t\t\t\t<div class=\"gem-blog-slider-navigation\">\n\t\t\t\t<a href=\"#\" class=\"gem-blog-slider-prev gem-button gem-button-size-tiny\">\n\t\t\t\t\t<i aria-hidden=\"true\" class=\"gem-print-icon gem-icon-prev gem-elegant arrow-carrot-left\"><\/i>\t\t\t\t<\/a>\n\t\t\t\t<a href=\"#\" class=\"gem-blog-slider-next gem-button gem-button-size-tiny\">\n\t\t\t\t\t<i aria-hidden=\"true\" class=\"gem-print-icon gem-icon-prev gem-elegant arrow-carrot-right\"><\/i>\t\t\t\t<\/a>\n\t\t\t<\/div>\n\t\t\t<\/div>\n<\/article><!-- #post-3936 -->\n\n<article id=\"post-3911\" class=\"clearfix\">\n\n\t<a href=\"https:\/\/elfuerte.cl\/web\/2026\/01\/27\/con-reconocimiento-a-cultores-y-un-sello-postal-conmemorativo-chiloe-celebro-su-bicentenario\/\" class=\"gem-slider-blog-link\"><\/a>\n\n\t<div class=\"gem-slider-item-image\" style=\"background: url('https:\/\/elfuerte.cl\/web\/wp-content\/uploads\/2026\/01\/portada-1.jpg') no-repeat 50% 50% \/ cover;\">\n\t\t<img src=\"https:\/\/elfuerte.cl\/web\/wp-content\/uploads\/2026\/01\/portada-1.jpg\"  style=\"visibility: hidden;\">\n\t<\/div>\n\n\t<div class=\"gem-slider-item-overlay\">\n\t\t<div class=\"gem-compact-item-content\">\n\t\t\t\t\t\t\t<div class=\"post-title\">\n\t\t\t\t\t<h5 class=\"entry-title reverse-link-color\"><span class=\"entry-title-date\"><\/span><span class=\"light\">Con reconocimiento a cultores y un sello postal conmemorativo Chilo\u00e9 celebr\u00f3 su Bicentenario<\/span><\/h5>\t\t\t\t<\/div>\n\t\t\t\n\t\t\t\t\t\t\t<div class=\"post-text date-color\">\n\t\t\t\t\t<div class=\"summary\">\n\t\t\t\t\t\t\t\t\t\t\t\t\t<p>La jornada comenz\u00f3 con una Misa de Acci\u00f3n de Gracias en la Iglesia San Francisco de Castro y continu\u00f3 en la Plaza de Armas, donde se desarroll\u00f3 la Ceremonia de Imposici\u00f3n de Condecoraciones del Bicentenario, uno de los momentos centrales de la conmemoraci\u00f3n<\/p>\n\t\t\t\t\t\t\t\t\t\t\t<\/div>\n\t\t\t\t<\/div>\n\t\t\t\n\t\t<\/div>\n\t\t<div class=\"post-meta date-color\">\n\t\t\t<div class=\"entry-meta clearfix gem-post-date\">\n\t\t\t\t<div class=\"post-meta-right\">\n\t\t\t\t\t\t\t\t\t\t\n\t\t\t\t\t\n\t\t\t\t<\/div>\n\t\t\t\t<div class=\"post-meta-left\">\n\t\t\t\t\t\t\t\t\t\t\t<span class=\"post-meta-author\">\n\t\t\t\t\t\t\t\t\t\tPor <a href=\"https:\/\/elfuerte.cl\/web\" title=\"Visitar el sitio de Prensa El Fuerte\" rel=\"author external\">Prensa El Fuerte<\/a>\t\t\t\t\t\t\t\t\t<\/span>\n\t\t\t\t\t\t\t\t\t<\/div>\n\t\t\t<\/div><!-- .entry-meta -->\n\t\t<\/div>\n\n\t\t\t\t\t<div class=\"gem-blog-slider-navigation\">\n\t\t\t\t<a href=\"#\" class=\"gem-blog-slider-prev gem-button gem-button-size-tiny\">\n\t\t\t\t\t<i aria-hidden=\"true\" class=\"gem-print-icon gem-icon-prev gem-elegant arrow-carrot-left\"><\/i>\t\t\t\t<\/a>\n\t\t\t\t<a href=\"#\" class=\"gem-blog-slider-next gem-button gem-button-size-tiny\">\n\t\t\t\t\t<i aria-hidden=\"true\" class=\"gem-print-icon gem-icon-prev gem-elegant arrow-carrot-right\"><\/i>\t\t\t\t<\/a>\n\t\t\t<\/div>\n\t\t\t<\/div>\n<\/article><!-- #post-3911 -->\n\n<article id=\"post-3866\" class=\"clearfix\">\n\n\t<a href=\"https:\/\/elfuerte.cl\/web\/2026\/01\/26\/tradiciones-del-sur-una-historia-de-chocolate-almendras-y-dedicacion-de-una-emprendedora\/\" class=\"gem-slider-blog-link\"><\/a>\n\n\t<div class=\"gem-slider-item-image\" style=\"background: url('https:\/\/elfuerte.cl\/web\/wp-content\/uploads\/2026\/01\/portada.jpg') no-repeat 50% 50% \/ cover;\">\n\t\t<img src=\"https:\/\/elfuerte.cl\/web\/wp-content\/uploads\/2026\/01\/portada.jpg\"  style=\"visibility: hidden;\">\n\t<\/div>\n\n\t<div class=\"gem-slider-item-overlay\">\n\t\t<div class=\"gem-compact-item-content\">\n\t\t\t\t\t\t\t<div class=\"post-title\">\n\t\t\t\t\t<h5 class=\"entry-title reverse-link-color\"><span class=\"entry-title-date\"><\/span><span class=\"light\">Tradiciones del Sur: una historia de chocolate, almendras y dedicaci\u00f3n de una emprendedora<\/span><\/h5>\t\t\t\t<\/div>\n\t\t\t\n\t\t\t\t\t\t\t<div class=\"post-text date-color\">\n\t\t\t\t\t<div class=\"summary\">\n\t\t\t\t\t\t\t\t\t\t\t\t\t<p>Moraima Morales ha logrado consolidar su chocolater\u00eda con esfuerzo y perseverancia. Hoy cuenta con un nuevo local en el centro y le da trabajo a ocho personas, que colaboran con ella en la elaboraci\u00f3n artesanal de sus productos<\/p>\n\t\t\t\t\t\t\t\t\t\t\t<\/div>\n\t\t\t\t<\/div>\n\t\t\t\n\t\t<\/div>\n\t\t<div class=\"post-meta date-color\">\n\t\t\t<div class=\"entry-meta clearfix gem-post-date\">\n\t\t\t\t<div class=\"post-meta-right\">\n\t\t\t\t\t\t\t\t\t\t\n\t\t\t\t\t\n\t\t\t\t<\/div>\n\t\t\t\t<div class=\"post-meta-left\">\n\t\t\t\t\t\t\t\t\t\t\t<span class=\"post-meta-author\">\n\t\t\t\t\t\t\t\t\t\tPor <a href=\"https:\/\/elfuerte.cl\/web\" title=\"Visitar el sitio de Prensa El Fuerte\" rel=\"author external\">Prensa El Fuerte<\/a>\t\t\t\t\t\t\t\t\t<\/span>\n\t\t\t\t\t\t\t\t\t<\/div>\n\t\t\t<\/div><!-- .entry-meta -->\n\t\t<\/div>\n\n\t\t\t\t\t<div class=\"gem-blog-slider-navigation\">\n\t\t\t\t<a href=\"#\" class=\"gem-blog-slider-prev gem-button gem-button-size-tiny\">\n\t\t\t\t\t<i aria-hidden=\"true\" class=\"gem-print-icon gem-icon-prev gem-elegant arrow-carrot-left\"><\/i>\t\t\t\t<\/a>\n\t\t\t\t<a href=\"#\" class=\"gem-blog-slider-next gem-button gem-button-size-tiny\">\n\t\t\t\t\t<i aria-hidden=\"true\" class=\"gem-print-icon gem-icon-prev gem-elegant arrow-carrot-right\"><\/i>\t\t\t\t<\/a>\n\t\t\t<\/div>\n\t\t\t<\/div>\n<\/article><!-- #post-3866 -->\n\n<article id=\"post-3851\" class=\"clearfix\">\n\n\t<a href=\"https:\/\/elfuerte.cl\/web\/2026\/01\/25\/municipalidad-homenajeo-a-bomberos-de-puerto-montt-que-combatieron-incendios-en-la-araucania\/\" class=\"gem-slider-blog-link\"><\/a>\n\n\t<div class=\"gem-slider-item-image\" style=\"background: url('https:\/\/elfuerte.cl\/web\/wp-content\/uploads\/2026\/01\/Bomberos-portada-2.jpg') no-repeat 50% 50% \/ cover;\">\n\t\t<img src=\"https:\/\/elfuerte.cl\/web\/wp-content\/uploads\/2026\/01\/Bomberos-portada-2.jpg\"  style=\"visibility: hidden;\">\n\t<\/div>\n\n\t<div class=\"gem-slider-item-overlay\">\n\t\t<div class=\"gem-compact-item-content\">\n\t\t\t\t\t\t\t<div class=\"post-title\">\n\t\t\t\t\t<h5 class=\"entry-title reverse-link-color\"><span class=\"entry-title-date\"><\/span><span class=\"light\">Municipalidad homenaje\u00f3 a bomberos de Puerto  Montt que combatieron incendios en La Araucan\u00eda<\/span><\/h5>\t\t\t\t<\/div>\n\t\t\t\n\t\t\t\t\t\t\t<div class=\"post-text date-color\">\n\t\t\t\t\t<div class=\"summary\">\n\t\t\t\t\t\t\t\t\t\t\t\t\t<p>Reconocimiento se efectu\u00f3 en el marco del lanzamiento de la Campa\u00f1a de Prevenci\u00f3n de Incendios Forestales. Alcalde Wainraihgt valor\u00f3 entrega y labor de voluntarios que es fundamental para impedir escenarios similares a los de \u00d1uble y Biob\u00edo.<\/p>\n\t\t\t\t\t\t\t\t\t\t\t<\/div>\n\t\t\t\t<\/div>\n\t\t\t\n\t\t<\/div>\n\t\t<div class=\"post-meta date-color\">\n\t\t\t<div class=\"entry-meta clearfix gem-post-date\">\n\t\t\t\t<div class=\"post-meta-right\">\n\t\t\t\t\t\t\t\t\t\t\n\t\t\t\t\t\n\t\t\t\t<\/div>\n\t\t\t\t<div class=\"post-meta-left\">\n\t\t\t\t\t\t\t\t\t\t\t<span class=\"post-meta-author\">\n\t\t\t\t\t\t\t\t\t\tPor <a href=\"https:\/\/elfuerte.cl\/web\" title=\"Visitar el sitio de Prensa El Fuerte\" rel=\"author external\">Prensa El Fuerte<\/a>\t\t\t\t\t\t\t\t\t<\/span>\n\t\t\t\t\t\t\t\t\t<\/div>\n\t\t\t<\/div><!-- .entry-meta -->\n\t\t<\/div>\n\n\t\t\t\t\t<div class=\"gem-blog-slider-navigation\">\n\t\t\t\t<a href=\"#\" class=\"gem-blog-slider-prev gem-button gem-button-size-tiny\">\n\t\t\t\t\t<i aria-hidden=\"true\" class=\"gem-print-icon gem-icon-prev gem-elegant arrow-carrot-left\"><\/i>\t\t\t\t<\/a>\n\t\t\t\t<a href=\"#\" class=\"gem-blog-slider-next gem-button gem-button-size-tiny\">\n\t\t\t\t\t<i aria-hidden=\"true\" class=\"gem-print-icon gem-icon-prev gem-elegant arrow-carrot-right\"><\/i>\t\t\t\t<\/a>\n\t\t\t<\/div>\n\t\t\t<\/div>\n<\/article><!-- #post-3851 -->\n\n<article id=\"post-3826\" class=\"clearfix\">\n\n\t<a href=\"https:\/\/elfuerte.cl\/web\/2026\/01\/25\/presidente-de-ancore-gobiernos-regionales-requieren-una-mayor-capacidad-de-gestion\/\" class=\"gem-slider-blog-link\"><\/a>\n\n\t<div class=\"gem-slider-item-image\" style=\"background: url('https:\/\/elfuerte.cl\/web\/wp-content\/uploads\/2026\/01\/Pacheco-portada.jpg') no-repeat 50% 50% \/ cover;\">\n\t\t<img src=\"https:\/\/elfuerte.cl\/web\/wp-content\/uploads\/2026\/01\/Pacheco-portada.jpg\"  style=\"visibility: hidden;\">\n\t<\/div>\n\n\t<div class=\"gem-slider-item-overlay\">\n\t\t<div class=\"gem-compact-item-content\">\n\t\t\t\t\t\t\t<div class=\"post-title\">\n\t\t\t\t\t<h5 class=\"entry-title reverse-link-color\"><span class=\"entry-title-date\"><\/span><span class=\"light\">Presidente de ANCORE: \u201cgobiernos regionales  requieren una mayor capacidad de gesti\u00f3n\u201d<\/span><\/h5>\t\t\t\t<\/div>\n\t\t\t\n\t\t\t\t\t\t\t<div class=\"post-text date-color\">\n\t\t\t\t\t<div class=\"summary\">\n\t\t\t\t\t\t\t\t\t\t\t\t\t<p>H\u00e9ctor Pacheco, consejero regional por Los R\u00edos y presidente de la entidad, convers\u00f3 con El Fuerte Noticias en el marco del seminario realizado recientemente en Vadivia, y se refiri\u00f3 a lo calific\u00f3 como incumplimientos del actual gobierno con la descentralizaci\u00f3n y a las dudas que tiene del compromiso del presidente electo.<\/p>\n\t\t\t\t\t\t\t\t\t\t\t<\/div>\n\t\t\t\t<\/div>\n\t\t\t\n\t\t<\/div>\n\t\t<div class=\"post-meta date-color\">\n\t\t\t<div class=\"entry-meta clearfix gem-post-date\">\n\t\t\t\t<div class=\"post-meta-right\">\n\t\t\t\t\t\t\t\t\t\t\n\t\t\t\t\t\n\t\t\t\t<\/div>\n\t\t\t\t<div class=\"post-meta-left\">\n\t\t\t\t\t\t\t\t\t\t\t<span class=\"post-meta-author\">\n\t\t\t\t\t\t\t\t\t\tPor <a href=\"https:\/\/elfuerte.cl\/web\" title=\"Visitar el sitio de Prensa El Fuerte\" rel=\"author external\">Prensa El Fuerte<\/a>\t\t\t\t\t\t\t\t\t<\/span>\n\t\t\t\t\t\t\t\t\t<\/div>\n\t\t\t<\/div><!-- .entry-meta -->\n\t\t<\/div>\n\n\t\t\t\t\t<div class=\"gem-blog-slider-navigation\">\n\t\t\t\t<a href=\"#\" class=\"gem-blog-slider-prev gem-button gem-button-size-tiny\">\n\t\t\t\t\t<i aria-hidden=\"true\" class=\"gem-print-icon gem-icon-prev gem-elegant arrow-carrot-left\"><\/i>\t\t\t\t<\/a>\n\t\t\t\t<a href=\"#\" class=\"gem-blog-slider-next gem-button gem-button-size-tiny\">\n\t\t\t\t\t<i aria-hidden=\"true\" class=\"gem-print-icon gem-icon-prev gem-elegant arrow-carrot-right\"><\/i>\t\t\t\t<\/a>\n\t\t\t<\/div>\n\t\t\t<\/div>\n<\/article><!-- #post-3826 -->\n\n<article id=\"post-3785\" class=\"clearfix\">\n\n\t<a href=\"https:\/\/elfuerte.cl\/web\/2026\/01\/25\/con-alta-convocatoria-y-estrictas-medidas-de-seguridad-se-realizo-autos-locos-en-valdivia-2026\/\" class=\"gem-slider-blog-link\"><\/a>\n\n\t<div class=\"gem-slider-item-image\" style=\"background: url('https:\/\/elfuerte.cl\/web\/wp-content\/uploads\/2026\/01\/Autos-2.jpg') no-repeat 50% 50% \/ cover;\">\n\t\t<img src=\"https:\/\/elfuerte.cl\/web\/wp-content\/uploads\/2026\/01\/Autos-2.jpg\"  style=\"visibility: hidden;\">\n\t<\/div>\n\n\t<div class=\"gem-slider-item-overlay\">\n\t\t<div class=\"gem-compact-item-content\">\n\t\t\t\t\t\t\t<div class=\"post-title\">\n\t\t\t\t\t<h5 class=\"entry-title reverse-link-color\"><span class=\"entry-title-date\"><\/span><span class=\"light\">Con alta convocatoria y estrictas medidas de  seguridad se realiz\u00f3 \u201cAutos Locos en Valdivia 2026\u201d<\/span><\/h5>\t\t\t\t<\/div>\n\t\t\t\n\t\t\t\t\t\t\t<div class=\"post-text date-color\">\n\t\t\t\t\t<div class=\"summary\">\n\t\t\t\t\t\t\t\t\t\t\t\t\t<p>Familias completas llegaron hasta Avenida Pedro Montt para disfrutar de una tarde marcada por el colorido, la creatividad y el entusiasmo de los competidores, en un ambiente recreativo y seguro. En esta edici\u00f3n participaron 16 carros en competencia.<\/p>\n\t\t\t\t\t\t\t\t\t\t\t<\/div>\n\t\t\t\t<\/div>\n\t\t\t\n\t\t<\/div>\n\t\t<div class=\"post-meta date-color\">\n\t\t\t<div class=\"entry-meta clearfix gem-post-date\">\n\t\t\t\t<div class=\"post-meta-right\">\n\t\t\t\t\t\t\t\t\t\t\n\t\t\t\t\t\n\t\t\t\t<\/div>\n\t\t\t\t<div class=\"post-meta-left\">\n\t\t\t\t\t\t\t\t\t\t\t<span class=\"post-meta-author\">\n\t\t\t\t\t\t\t\t\t\tPor <a href=\"https:\/\/elfuerte.cl\/web\" title=\"Visitar el sitio de Prensa El Fuerte\" rel=\"author external\">Prensa El Fuerte<\/a>\t\t\t\t\t\t\t\t\t<\/span>\n\t\t\t\t\t\t\t\t\t<\/div>\n\t\t\t<\/div><!-- .entry-meta -->\n\t\t<\/div>\n\n\t\t\t\t\t<div class=\"gem-blog-slider-navigation\">\n\t\t\t\t<a href=\"#\" class=\"gem-blog-slider-prev gem-button gem-button-size-tiny\">\n\t\t\t\t\t<i aria-hidden=\"true\" class=\"gem-print-icon gem-icon-prev gem-elegant arrow-carrot-left\"><\/i>\t\t\t\t<\/a>\n\t\t\t\t<a href=\"#\" class=\"gem-blog-slider-next gem-button gem-button-size-tiny\">\n\t\t\t\t\t<i aria-hidden=\"true\" class=\"gem-print-icon gem-icon-prev gem-elegant arrow-carrot-right\"><\/i>\t\t\t\t<\/a>\n\t\t\t<\/div>\n\t\t\t<\/div>\n<\/article><!-- #post-3785 -->\n\n<article id=\"post-3764\" class=\"clearfix\">\n\n\t<a href=\"https:\/\/elfuerte.cl\/web\/2026\/01\/24\/continua-proceso-de-instalacion-de-los-servicios-locales-de-educacion-slep\/\" class=\"gem-slider-blog-link\"><\/a>\n\n\t<div class=\"gem-slider-item-image\" style=\"background: url('https:\/\/elfuerte.cl\/web\/wp-content\/uploads\/2026\/01\/Slep-portada.jpg') no-repeat 50% 50% \/ cover;\">\n\t\t<img src=\"https:\/\/elfuerte.cl\/web\/wp-content\/uploads\/2026\/01\/Slep-portada.jpg\"  style=\"visibility: hidden;\">\n\t<\/div>\n\n\t<div class=\"gem-slider-item-overlay\">\n\t\t<div class=\"gem-compact-item-content\">\n\t\t\t\t\t\t\t<div class=\"post-title\">\n\t\t\t\t\t<h5 class=\"entry-title reverse-link-color\"><span class=\"entry-title-date\"><\/span><span class=\"light\">Contin\u00faa proceso de instalaci\u00f3n de los  Servicios Locales de Educaci\u00f3n (SLEP)<\/span><\/h5>\t\t\t\t<\/div>\n\t\t\t\n\t\t\t\t\t\t\t<div class=\"post-text date-color\">\n\t\t\t\t\t<div class=\"summary\">\n\t\t\t\t\t\t\t\t\t\t\t\t\t<p>De los 70 que deben estar instalados al 2030, 36 est\u00e1n en proceso de instalaci\u00f3n, implementaci\u00f3n o ya traspasados sus establecimientos desde los municipios que eran sus sostenedores.<\/p>\n\t\t\t\t\t\t\t\t\t\t\t<\/div>\n\t\t\t\t<\/div>\n\t\t\t\n\t\t<\/div>\n\t\t<div class=\"post-meta date-color\">\n\t\t\t<div class=\"entry-meta clearfix gem-post-date\">\n\t\t\t\t<div class=\"post-meta-right\">\n\t\t\t\t\t\t\t\t\t\t\n\t\t\t\t\t\n\t\t\t\t<\/div>\n\t\t\t\t<div class=\"post-meta-left\">\n\t\t\t\t\t\t\t\t\t\t\t<span class=\"post-meta-author\">\n\t\t\t\t\t\t\t\t\t\tPor <a href=\"https:\/\/elfuerte.cl\/web\" title=\"Visitar el sitio de Prensa El Fuerte\" rel=\"author external\">Prensa El Fuerte<\/a>\t\t\t\t\t\t\t\t\t<\/span>\n\t\t\t\t\t\t\t\t\t<\/div>\n\t\t\t<\/div><!-- .entry-meta -->\n\t\t<\/div>\n\n\t\t\t\t\t<div class=\"gem-blog-slider-navigation\">\n\t\t\t\t<a href=\"#\" class=\"gem-blog-slider-prev gem-button gem-button-size-tiny\">\n\t\t\t\t\t<i aria-hidden=\"true\" class=\"gem-print-icon gem-icon-prev gem-elegant arrow-carrot-left\"><\/i>\t\t\t\t<\/a>\n\t\t\t\t<a href=\"#\" class=\"gem-blog-slider-next gem-button gem-button-size-tiny\">\n\t\t\t\t\t<i aria-hidden=\"true\" class=\"gem-print-icon gem-icon-prev gem-elegant arrow-carrot-right\"><\/i>\t\t\t\t<\/a>\n\t\t\t<\/div>\n\t\t\t<\/div>\n<\/article><!-- #post-3764 -->\n\n<article id=\"post-3748\" class=\"clearfix\">\n\n\t<a href=\"https:\/\/elfuerte.cl\/web\/2026\/01\/23\/61-anos-de-la-feria-internacional-de-arte-popular-de-concepcion-la-mas-grande-y-antigua-de-chile\/\" class=\"gem-slider-blog-link\"><\/a>\n\n\t<div class=\"gem-slider-item-image\" style=\"background: url('https:\/\/elfuerte.cl\/web\/wp-content\/uploads\/2026\/01\/bannerferia.jpg') no-repeat 50% 50% \/ cover;\">\n\t\t<img src=\"https:\/\/elfuerte.cl\/web\/wp-content\/uploads\/2026\/01\/bannerferia.jpg\"  style=\"visibility: hidden;\">\n\t<\/div>\n\n\t<div class=\"gem-slider-item-overlay\">\n\t\t<div class=\"gem-compact-item-content\">\n\t\t\t\t\t\t\t<div class=\"post-title\">\n\t\t\t\t\t<h5 class=\"entry-title reverse-link-color\"><span class=\"entry-title-date\"><\/span><span class=\"light\">61 a\u00f1os de la Feria Internacional de Arte Popular  de Concepci\u00f3n, la m\u00e1s grande y antigua de Chile<\/span><\/h5>\t\t\t\t<\/div>\n\t\t\t\n\t\t\t\t\t\t\t<div class=\"post-text date-color\">\n\t\t\t\t\t<div class=\"summary\">\n\t\t\t\t\t\t\t\t\t\t\t\t\t<p>El tradicional evento cultural se desarrolla cada verano en el Parque Ecuador, consolid\u00e1ndose como un espacio clave para la artesan\u00eda, el arte y la diversidad cultural en el pa\u00eds.<\/p>\n\t\t\t\t\t\t\t\t\t\t\t<\/div>\n\t\t\t\t<\/div>\n\t\t\t\n\t\t<\/div>\n\t\t<div class=\"post-meta date-color\">\n\t\t\t<div class=\"entry-meta clearfix gem-post-date\">\n\t\t\t\t<div class=\"post-meta-right\">\n\t\t\t\t\t\t\t\t\t\t\n\t\t\t\t\t\n\t\t\t\t<\/div>\n\t\t\t\t<div class=\"post-meta-left\">\n\t\t\t\t\t\t\t\t\t\t\t<span class=\"post-meta-author\">\n\t\t\t\t\t\t\t\t\t\tPor <a href=\"https:\/\/elfuerte.cl\/web\" title=\"Visitar el sitio de Prensa El Fuerte\" rel=\"author external\">Prensa El Fuerte<\/a>\t\t\t\t\t\t\t\t\t<\/span>\n\t\t\t\t\t\t\t\t\t<\/div>\n\t\t\t<\/div><!-- .entry-meta -->\n\t\t<\/div>\n\n\t\t\t\t\t<div class=\"gem-blog-slider-navigation\">\n\t\t\t\t<a href=\"#\" class=\"gem-blog-slider-prev gem-button gem-button-size-tiny\">\n\t\t\t\t\t<i aria-hidden=\"true\" class=\"gem-print-icon gem-icon-prev gem-elegant arrow-carrot-left\"><\/i>\t\t\t\t<\/a>\n\t\t\t\t<a href=\"#\" class=\"gem-blog-slider-next gem-button gem-button-size-tiny\">\n\t\t\t\t\t<i aria-hidden=\"true\" class=\"gem-print-icon gem-icon-prev gem-elegant arrow-carrot-right\"><\/i>\t\t\t\t<\/a>\n\t\t\t<\/div>\n\t\t\t<\/div>\n<\/article><!-- #post-3748 -->\n\n<article id=\"post-3735\" class=\"clearfix\">\n\n\t<a href=\"https:\/\/elfuerte.cl\/web\/2026\/01\/22\/valdivia-instala-debate-nacional-sobre-gobernabilidad-y-descentralizacion\/\" class=\"gem-slider-blog-link\"><\/a>\n\n\t<div class=\"gem-slider-item-image\" style=\"background: url('https:\/\/elfuerte.cl\/web\/wp-content\/uploads\/2026\/01\/Chiloe-portada-2.jpg') no-repeat 50% 50% \/ cover;\">\n\t\t<img src=\"https:\/\/elfuerte.cl\/web\/wp-content\/uploads\/2026\/01\/Chiloe-portada-2.jpg\"  style=\"visibility: hidden;\">\n\t<\/div>\n\n\t<div class=\"gem-slider-item-overlay\">\n\t\t<div class=\"gem-compact-item-content\">\n\t\t\t\t\t\t\t<div class=\"post-title\">\n\t\t\t\t\t<h5 class=\"entry-title reverse-link-color\"><span class=\"entry-title-date\"><\/span><span class=\"light\">Valdivia instala debate nacional sobre  gobernabilidad y descentralizaci\u00f3n<\/span><\/h5>\t\t\t\t<\/div>\n\t\t\t\n\t\t\t\t\t\t\t<div class=\"post-text date-color\">\n\t\t\t\t\t<div class=\"summary\">\n\t\t\t\t\t\t\t\t\t\t\t\t\t<p>Cores de todo el pa\u00eds se re\u00fanen en la capital de Los R\u00edos para analizar los desaf\u00edos de la descentralizaci\u00f3n hacia 2030, en un contexto de cambio de ciclo pol\u00edtico y definiciones clave para el desarrollo territorial.<\/p>\n\t\t\t\t\t\t\t\t\t\t\t<\/div>\n\t\t\t\t<\/div>\n\t\t\t\n\t\t<\/div>\n\t\t<div class=\"post-meta date-color\">\n\t\t\t<div class=\"entry-meta clearfix gem-post-date\">\n\t\t\t\t<div class=\"post-meta-right\">\n\t\t\t\t\t\t\t\t\t\t\n\t\t\t\t\t\n\t\t\t\t<\/div>\n\t\t\t\t<div class=\"post-meta-left\">\n\t\t\t\t\t\t\t\t\t\t\t<span class=\"post-meta-author\">\n\t\t\t\t\t\t\t\t\t\tPor <a href=\"https:\/\/elfuerte.cl\/web\" title=\"Visitar el sitio de Prensa El Fuerte\" rel=\"author external\">Prensa El Fuerte<\/a>\t\t\t\t\t\t\t\t\t<\/span>\n\t\t\t\t\t\t\t\t\t<\/div>\n\t\t\t<\/div><!-- .entry-meta -->\n\t\t<\/div>\n\n\t\t\t\t\t<div class=\"gem-blog-slider-navigation\">\n\t\t\t\t<a href=\"#\" class=\"gem-blog-slider-prev gem-button gem-button-size-tiny\">\n\t\t\t\t\t<i aria-hidden=\"true\" class=\"gem-print-icon gem-icon-prev gem-elegant arrow-carrot-left\"><\/i>\t\t\t\t<\/a>\n\t\t\t\t<a href=\"#\" class=\"gem-blog-slider-next gem-button gem-button-size-tiny\">\n\t\t\t\t\t<i aria-hidden=\"true\" class=\"gem-print-icon gem-icon-prev gem-elegant arrow-carrot-right\"><\/i>\t\t\t\t<\/a>\n\t\t\t<\/div>\n\t\t\t<\/div>\n<\/article><!-- #post-3735 -->\n\n<article id=\"post-3701\" class=\"clearfix\">\n\n\t<a href=\"https:\/\/elfuerte.cl\/web\/2026\/01\/22\/creadores-de-contenido-llegan-a-san-pedro-de-la-paz-para-apoyar-campana-solidaria\/\" class=\"gem-slider-blog-link\"><\/a>\n\n\t<div class=\"gem-slider-item-image\" style=\"background: url('https:\/\/elfuerte.cl\/web\/wp-content\/uploads\/2026\/01\/bannercontenido.jpg') no-repeat 50% 50% \/ cover;\">\n\t\t<img src=\"https:\/\/elfuerte.cl\/web\/wp-content\/uploads\/2026\/01\/bannercontenido.jpg\"  style=\"visibility: hidden;\">\n\t<\/div>\n\n\t<div class=\"gem-slider-item-overlay\">\n\t\t<div class=\"gem-compact-item-content\">\n\t\t\t\t\t\t\t<div class=\"post-title\">\n\t\t\t\t\t<h5 class=\"entry-title reverse-link-color\"><span class=\"entry-title-date\"><\/span><span class=\"light\">Creadores de contenido llegan a San Pedro de la Paz para apoyar campa\u00f1a solidaria<\/span><\/h5>\t\t\t\t<\/div>\n\t\t\t\n\t\t\t\t\t\t\t<div class=\"post-text date-color\">\n\t\t\t\t\t<div class=\"summary\">\n\t\t\t\t\t\t\t\t\t\t\t\t\t<p>Creadores de contenido llegan a San Pedro de la Paz para apoyar campa\u00f1a solidaria desde las zonas de emergencia<\/p>\n\t\t\t\t\t\t\t\t\t\t\t<\/div>\n\t\t\t\t<\/div>\n\t\t\t\n\t\t<\/div>\n\t\t<div class=\"post-meta date-color\">\n\t\t\t<div class=\"entry-meta clearfix gem-post-date\">\n\t\t\t\t<div class=\"post-meta-right\">\n\t\t\t\t\t\t\t\t\t\t\n\t\t\t\t\t\n\t\t\t\t<\/div>\n\t\t\t\t<div class=\"post-meta-left\">\n\t\t\t\t\t\t\t\t\t\t\t<span class=\"post-meta-author\">\n\t\t\t\t\t\t\t\t\t\tPor <a href=\"https:\/\/elfuerte.cl\/web\" title=\"Visitar el sitio de Prensa El Fuerte\" rel=\"author external\">Prensa El Fuerte<\/a>\t\t\t\t\t\t\t\t\t<\/span>\n\t\t\t\t\t\t\t\t\t<\/div>\n\t\t\t<\/div><!-- .entry-meta -->\n\t\t<\/div>\n\n\t\t\t\t\t<div class=\"gem-blog-slider-navigation\">\n\t\t\t\t<a href=\"#\" class=\"gem-blog-slider-prev gem-button gem-button-size-tiny\">\n\t\t\t\t\t<i aria-hidden=\"true\" class=\"gem-print-icon gem-icon-prev gem-elegant arrow-carrot-left\"><\/i>\t\t\t\t<\/a>\n\t\t\t\t<a href=\"#\" class=\"gem-blog-slider-next gem-button gem-button-size-tiny\">\n\t\t\t\t\t<i aria-hidden=\"true\" class=\"gem-print-icon gem-icon-prev gem-elegant arrow-carrot-right\"><\/i>\t\t\t\t<\/a>\n\t\t\t<\/div>\n\t\t\t<\/div>\n<\/article><!-- #post-3701 -->\n\n<article id=\"post-3690\" class=\"clearfix\">\n\n\t<a href=\"https:\/\/elfuerte.cl\/web\/2026\/01\/22\/solidaridad-nacional-e-internacional-refuerza-el-combate-de-los-incendios-forestales-en-el-sur\/\" class=\"gem-slider-blog-link\"><\/a>\n\n\t<div class=\"gem-slider-item-image\" style=\"background: url('https:\/\/elfuerte.cl\/web\/wp-content\/uploads\/2026\/01\/bannermexico.jpg') no-repeat 50% 50% \/ cover;\">\n\t\t<img src=\"https:\/\/elfuerte.cl\/web\/wp-content\/uploads\/2026\/01\/bannermexico.jpg\"  style=\"visibility: hidden;\">\n\t<\/div>\n\n\t<div class=\"gem-slider-item-overlay\">\n\t\t<div class=\"gem-compact-item-content\">\n\t\t\t\t\t\t\t<div class=\"post-title\">\n\t\t\t\t\t<h5 class=\"entry-title reverse-link-color\"><span class=\"entry-title-date\"><\/span><span class=\"light\">Solidaridad nacional e internacional refuerza  el combate de los incendios forestales en el sur<\/span><\/h5>\t\t\t\t<\/div>\n\t\t\t\n\t\t\t\t\t\t\t<div class=\"post-text date-color\">\n\t\t\t\t\t<div class=\"summary\">\n\t\t\t\t\t\t\t\t\t\t\t\t\t<p>La emergencia por incendios forestales en las regiones del Biob\u00edo y La Araucan\u00eda contin\u00faa con un amplio despliegue de recursos humanos y t\u00e9cnicos. A las campa\u00f1as solidarias impulsadas en todo el pa\u00eds se suma ahora el apoyo internacional, materializado en la llegada de brigadistas mexicanos especializados.<\/p>\n\t\t\t\t\t\t\t\t\t\t\t<\/div>\n\t\t\t\t<\/div>\n\t\t\t\n\t\t<\/div>\n\t\t<div class=\"post-meta date-color\">\n\t\t\t<div class=\"entry-meta clearfix gem-post-date\">\n\t\t\t\t<div class=\"post-meta-right\">\n\t\t\t\t\t\t\t\t\t\t\n\t\t\t\t\t\n\t\t\t\t<\/div>\n\t\t\t\t<div class=\"post-meta-left\">\n\t\t\t\t\t\t\t\t\t\t\t<span class=\"post-meta-author\">\n\t\t\t\t\t\t\t\t\t\tPor <a href=\"https:\/\/elfuerte.cl\/web\" title=\"Visitar el sitio de Prensa El Fuerte\" rel=\"author external\">Prensa El Fuerte<\/a>\t\t\t\t\t\t\t\t\t<\/span>\n\t\t\t\t\t\t\t\t\t<\/div>\n\t\t\t<\/div><!-- .entry-meta -->\n\t\t<\/div>\n\n\t\t\t\t\t<div class=\"gem-blog-slider-navigation\">\n\t\t\t\t<a href=\"#\" class=\"gem-blog-slider-prev gem-button gem-button-size-tiny\">\n\t\t\t\t\t<i aria-hidden=\"true\" class=\"gem-print-icon gem-icon-prev gem-elegant arrow-carrot-left\"><\/i>\t\t\t\t<\/a>\n\t\t\t\t<a href=\"#\" class=\"gem-blog-slider-next gem-button gem-button-size-tiny\">\n\t\t\t\t\t<i aria-hidden=\"true\" class=\"gem-print-icon gem-icon-prev gem-elegant arrow-carrot-right\"><\/i>\t\t\t\t<\/a>\n\t\t\t<\/div>\n\t\t\t<\/div>\n<\/article><!-- #post-3690 -->\n\n<article id=\"post-3684\" class=\"clearfix\">\n\n\t<a href=\"https:\/\/elfuerte.cl\/web\/2026\/01\/21\/en-biobio-se-estan-combatiendo-siete-incendios-y-dos-en-terminos-de-conflictividad\/\" class=\"gem-slider-blog-link\"><\/a>\n\n\t<div class=\"gem-slider-item-image\" style=\"background: url('https:\/\/elfuerte.cl\/web\/wp-content\/uploads\/2026\/01\/bannerperio.jpg') no-repeat 50% 50% \/ cover;\">\n\t\t<img src=\"https:\/\/elfuerte.cl\/web\/wp-content\/uploads\/2026\/01\/bannerperio.jpg\"  style=\"visibility: hidden;\">\n\t<\/div>\n\n\t<div class=\"gem-slider-item-overlay\">\n\t\t<div class=\"gem-compact-item-content\">\n\t\t\t\t\t\t\t<div class=\"post-title\">\n\t\t\t\t\t<h5 class=\"entry-title reverse-link-color\"><span class=\"entry-title-date\"><\/span><span class=\"light\">En Biob\u00edo se est\u00e1n combatiendo siete incendios y dos, en t\u00e9rminos de conflictividad<\/span><\/h5>\t\t\t\t<\/div>\n\t\t\t\n\t\t\t\t\t\t\t<div class=\"post-text date-color\">\n\t\t\t\t\t<div class=\"summary\">\n\t\t\t\t\t\t\t\t\t\t\t\t\t<p>En este momento dos son los focos de conflictividad, que est\u00e1n siendo combatidos tanto de manera terrestre, con brigadistas, como de forma a\u00e9rea. El incendio de Florida denominado San Lorenzo y el de Los \u00c1ngeles, llamado Santa fe.<\/p>\n\t\t\t\t\t\t\t\t\t\t\t<\/div>\n\t\t\t\t<\/div>\n\t\t\t\n\t\t<\/div>\n\t\t<div class=\"post-meta date-color\">\n\t\t\t<div class=\"entry-meta clearfix gem-post-date\">\n\t\t\t\t<div class=\"post-meta-right\">\n\t\t\t\t\t\t\t\t\t\t\n\t\t\t\t\t\n\t\t\t\t<\/div>\n\t\t\t\t<div class=\"post-meta-left\">\n\t\t\t\t\t\t\t\t\t\t\t<span class=\"post-meta-author\">\n\t\t\t\t\t\t\t\t\t\tPor <a href=\"https:\/\/elfuerte.cl\/web\" title=\"Visitar el sitio de Prensa El Fuerte\" rel=\"author external\">Prensa El Fuerte<\/a>\t\t\t\t\t\t\t\t\t<\/span>\n\t\t\t\t\t\t\t\t\t<\/div>\n\t\t\t<\/div><!-- .entry-meta -->\n\t\t<\/div>\n\n\t\t\t\t\t<div class=\"gem-blog-slider-navigation\">\n\t\t\t\t<a href=\"#\" class=\"gem-blog-slider-prev gem-button gem-button-size-tiny\">\n\t\t\t\t\t<i aria-hidden=\"true\" class=\"gem-print-icon gem-icon-prev gem-elegant arrow-carrot-left\"><\/i>\t\t\t\t<\/a>\n\t\t\t\t<a href=\"#\" class=\"gem-blog-slider-next gem-button gem-button-size-tiny\">\n\t\t\t\t\t<i aria-hidden=\"true\" class=\"gem-print-icon gem-icon-prev gem-elegant arrow-carrot-right\"><\/i>\t\t\t\t<\/a>\n\t\t\t<\/div>\n\t\t\t<\/div>\n<\/article><!-- #post-3684 -->\n\n<article id=\"post-3678\" class=\"clearfix\">\n\n\t<a href=\"https:\/\/elfuerte.cl\/web\/2026\/01\/21\/ministerio-de-obras-publicas-inicia-el-despeje-de-calles-y-remocion-de-escombros-en-zonas-afectadas-por-megaincendio-en-biobio\/\" class=\"gem-slider-blog-link\"><\/a>\n\n\t<div class=\"gem-slider-item-image\" style=\"background: url('https:\/\/elfuerte.cl\/web\/wp-content\/uploads\/2026\/01\/bannermaquinas.jpg') no-repeat 50% 50% \/ cover;\">\n\t\t<img src=\"https:\/\/elfuerte.cl\/web\/wp-content\/uploads\/2026\/01\/bannermaquinas.jpg\"  style=\"visibility: hidden;\">\n\t<\/div>\n\n\t<div class=\"gem-slider-item-overlay\">\n\t\t<div class=\"gem-compact-item-content\">\n\t\t\t\t\t\t\t<div class=\"post-title\">\n\t\t\t\t\t<h5 class=\"entry-title reverse-link-color\"><span class=\"entry-title-date\"><\/span><span class=\"light\">Ministerio de Obras P\u00fablicas inicia el despeje de calles y remoci\u00f3n de escombros en zonas afectadas por megaincendio en Biob\u00edo<\/span><\/h5>\t\t\t\t<\/div>\n\t\t\t\n\t\t\t\t\t\t\t<div class=\"post-text date-color\">\n\t\t\t\t\t<div class=\"summary\">\n\t\t\t\t\t\t\t\t\t\t\t\t\t<p>Hoy se inici\u00f3 el trabajo en terreno, que integra a municipalidades, gobierno regional, Carabineros y Fuerzas Armadas, orientado a la primera etapa de reconstrucci\u00f3n de las comunas afectadas en Biob\u00edo.<\/p>\n\t\t\t\t\t\t\t\t\t\t\t<\/div>\n\t\t\t\t<\/div>\n\t\t\t\n\t\t<\/div>\n\t\t<div class=\"post-meta date-color\">\n\t\t\t<div class=\"entry-meta clearfix gem-post-date\">\n\t\t\t\t<div class=\"post-meta-right\">\n\t\t\t\t\t\t\t\t\t\t\n\t\t\t\t\t\n\t\t\t\t<\/div>\n\t\t\t\t<div class=\"post-meta-left\">\n\t\t\t\t\t\t\t\t\t\t\t<span class=\"post-meta-author\">\n\t\t\t\t\t\t\t\t\t\tPor <a href=\"https:\/\/elfuerte.cl\/web\" title=\"Visitar el sitio de Prensa El Fuerte\" rel=\"author external\">Prensa El Fuerte<\/a>\t\t\t\t\t\t\t\t\t<\/span>\n\t\t\t\t\t\t\t\t\t<\/div>\n\t\t\t<\/div><!-- .entry-meta -->\n\t\t<\/div>\n\n\t\t\t\t\t<div class=\"gem-blog-slider-navigation\">\n\t\t\t\t<a href=\"#\" class=\"gem-blog-slider-prev gem-button gem-button-size-tiny\">\n\t\t\t\t\t<i aria-hidden=\"true\" class=\"gem-print-icon gem-icon-prev gem-elegant arrow-carrot-left\"><\/i>\t\t\t\t<\/a>\n\t\t\t\t<a href=\"#\" class=\"gem-blog-slider-next gem-button gem-button-size-tiny\">\n\t\t\t\t\t<i aria-hidden=\"true\" class=\"gem-print-icon gem-icon-prev gem-elegant arrow-carrot-right\"><\/i>\t\t\t\t<\/a>\n\t\t\t<\/div>\n\t\t\t<\/div>\n<\/article><!-- #post-3678 -->\n\n<article id=\"post-3664\" class=\"clearfix\">\n\n\t<a href=\"https:\/\/elfuerte.cl\/web\/2026\/01\/20\/san-pedro-de-la-paz-base-de-apoyo-para-bomberos\/\" class=\"gem-slider-blog-link\"><\/a>\n\n\t<div class=\"gem-slider-item-image\" style=\"background: url('https:\/\/elfuerte.cl\/web\/wp-content\/uploads\/2026\/01\/bpmberosbanner.jpg') no-repeat 50% 50% \/ cover;\">\n\t\t<img src=\"https:\/\/elfuerte.cl\/web\/wp-content\/uploads\/2026\/01\/bpmberosbanner.jpg\"  style=\"visibility: hidden;\">\n\t<\/div>\n\n\t<div class=\"gem-slider-item-overlay\">\n\t\t<div class=\"gem-compact-item-content\">\n\t\t\t\t\t\t\t<div class=\"post-title\">\n\t\t\t\t\t<h5 class=\"entry-title reverse-link-color\"><span class=\"entry-title-date\"><\/span><span class=\"light\">San Pedro de la Paz, base de apoyo para bomberos<\/span><\/h5>\t\t\t\t<\/div>\n\t\t\t\n\t\t\t\t\t\t\t<div class=\"post-text date-color\">\n\t\t\t\t\t<div class=\"summary\">\n\t\t\t\t\t\t\t\t\t\t\t\t\t<p>San Pedro de la Paz habilita Centro C\u00edvico como punto de descanso para Bomberos de otras regiones.<\/p>\n\t\t\t\t\t\t\t\t\t\t\t<\/div>\n\t\t\t\t<\/div>\n\t\t\t\n\t\t<\/div>\n\t\t<div class=\"post-meta date-color\">\n\t\t\t<div class=\"entry-meta clearfix gem-post-date\">\n\t\t\t\t<div class=\"post-meta-right\">\n\t\t\t\t\t\t\t\t\t\t\n\t\t\t\t\t\n\t\t\t\t<\/div>\n\t\t\t\t<div class=\"post-meta-left\">\n\t\t\t\t\t\t\t\t\t\t\t<span class=\"post-meta-author\">\n\t\t\t\t\t\t\t\t\t\tPor <a href=\"https:\/\/elfuerte.cl\/web\" title=\"Visitar el sitio de Prensa El Fuerte\" rel=\"author external\">Prensa El Fuerte<\/a>\t\t\t\t\t\t\t\t\t<\/span>\n\t\t\t\t\t\t\t\t\t<\/div>\n\t\t\t<\/div><!-- .entry-meta -->\n\t\t<\/div>\n\n\t\t\t\t\t<div class=\"gem-blog-slider-navigation\">\n\t\t\t\t<a href=\"#\" class=\"gem-blog-slider-prev gem-button gem-button-size-tiny\">\n\t\t\t\t\t<i aria-hidden=\"true\" class=\"gem-print-icon gem-icon-prev gem-elegant arrow-carrot-left\"><\/i>\t\t\t\t<\/a>\n\t\t\t\t<a href=\"#\" class=\"gem-blog-slider-next gem-button gem-button-size-tiny\">\n\t\t\t\t\t<i aria-hidden=\"true\" class=\"gem-print-icon gem-icon-prev gem-elegant arrow-carrot-right\"><\/i>\t\t\t\t<\/a>\n\t\t\t<\/div>\n\t\t\t<\/div>\n<\/article><!-- #post-3664 -->\n\n<article id=\"post-3648\" class=\"clearfix\">\n\n\t<a href=\"https:\/\/elfuerte.cl\/web\/2026\/01\/19\/entre-la-memoria-y-la-contingencia-chiloe-conmemora-200-anos-de-su-incorporacion-a-chile\/\" class=\"gem-slider-blog-link\"><\/a>\n\n\t<div class=\"gem-slider-item-image\" style=\"background: url('https:\/\/elfuerte.cl\/web\/wp-content\/uploads\/2026\/01\/Chiloe-portada-1.jpg') no-repeat 50% 50% \/ cover;\">\n\t\t<img src=\"https:\/\/elfuerte.cl\/web\/wp-content\/uploads\/2026\/01\/Chiloe-portada-1.jpg\"  style=\"visibility: hidden;\">\n\t<\/div>\n\n\t<div class=\"gem-slider-item-overlay\">\n\t\t<div class=\"gem-compact-item-content\">\n\t\t\t\t\t\t\t<div class=\"post-title\">\n\t\t\t\t\t<h5 class=\"entry-title reverse-link-color\"><span class=\"entry-title-date\"><\/span><span class=\"light\">Entre la memoria y la contingencia: Chilo\u00e9  conmemora 200 a\u00f1os de su incorporaci\u00f3n a Chile<\/span><\/h5>\t\t\t\t<\/div>\n\t\t\t\n\t\t\t\t\t\t\t<div class=\"post-text date-color\">\n\t\t\t\t\t<div class=\"summary\">\n\t\t\t\t\t\t\t\t\t\t\t\t\t<p>El acto c\u00edvico-militar record\u00f3 la incorporaci\u00f3n definitiva del Archipi\u00e9lago de Chilo\u00e9 a la Rep\u00fablica de Chile, en una conmemoraci\u00f3n atravesada por la contingencia nacional y los desaf\u00edos de desarrollo del territorio.<\/p>\n\t\t\t\t\t\t\t\t\t\t\t<\/div>\n\t\t\t\t<\/div>\n\t\t\t\n\t\t<\/div>\n\t\t<div class=\"post-meta date-color\">\n\t\t\t<div class=\"entry-meta clearfix gem-post-date\">\n\t\t\t\t<div class=\"post-meta-right\">\n\t\t\t\t\t\t\t\t\t\t\n\t\t\t\t\t\n\t\t\t\t<\/div>\n\t\t\t\t<div class=\"post-meta-left\">\n\t\t\t\t\t\t\t\t\t\t\t<span class=\"post-meta-author\">\n\t\t\t\t\t\t\t\t\t\tPor <a href=\"https:\/\/elfuerte.cl\/web\" title=\"Visitar el sitio de Prensa El Fuerte\" rel=\"author external\">Prensa El Fuerte<\/a>\t\t\t\t\t\t\t\t\t<\/span>\n\t\t\t\t\t\t\t\t\t<\/div>\n\t\t\t<\/div><!-- .entry-meta -->\n\t\t<\/div>\n\n\t\t\t\t\t<div class=\"gem-blog-slider-navigation\">\n\t\t\t\t<a href=\"#\" class=\"gem-blog-slider-prev gem-button gem-button-size-tiny\">\n\t\t\t\t\t<i aria-hidden=\"true\" class=\"gem-print-icon gem-icon-prev gem-elegant arrow-carrot-left\"><\/i>\t\t\t\t<\/a>\n\t\t\t\t<a href=\"#\" class=\"gem-blog-slider-next gem-button gem-button-size-tiny\">\n\t\t\t\t\t<i aria-hidden=\"true\" class=\"gem-print-icon gem-icon-prev gem-elegant arrow-carrot-right\"><\/i>\t\t\t\t<\/a>\n\t\t\t<\/div>\n\t\t\t<\/div>\n<\/article><!-- #post-3648 -->\n\n<article id=\"post-3634\" class=\"clearfix\">\n\n\t<a href=\"https:\/\/elfuerte.cl\/web\/2026\/01\/19\/bicentenario-de-chiloe-definen-agenda-conmemorativa-con-foco-en-memoria-identidad-y-desarrollo-territorial\/\" class=\"gem-slider-blog-link\"><\/a>\n\n\t<div class=\"gem-slider-item-image\" style=\"background: url('https:\/\/elfuerte.cl\/web\/wp-content\/uploads\/2026\/01\/Chiloe-portada.jpg') no-repeat 50% 50% \/ cover;\">\n\t\t<img src=\"https:\/\/elfuerte.cl\/web\/wp-content\/uploads\/2026\/01\/Chiloe-portada.jpg\"  style=\"visibility: hidden;\">\n\t<\/div>\n\n\t<div class=\"gem-slider-item-overlay\">\n\t\t<div class=\"gem-compact-item-content\">\n\t\t\t\t\t\t\t<div class=\"post-title\">\n\t\t\t\t\t<h5 class=\"entry-title reverse-link-color\"><span class=\"entry-title-date\"><\/span><span class=\"light\">Bicentenario de Chilo\u00e9: definen agenda conmemorativa  con foco en memoria, identidad y desarrollo territorial<\/span><\/h5>\t\t\t\t<\/div>\n\t\t\t\n\t\t\t\t\t\t\t<div class=\"post-text date-color\">\n\t\t\t\t\t<div class=\"summary\">\n\t\t\t\t\t\t\t\t\t\t\t\t\t<p>A 200 a\u00f1os de la incorporaci\u00f3n del archipi\u00e9lago a la Rep\u00fablica de Chile, autoridades presentaron una nutrida agenda que incluye un sitio web y actividades culturales, patrimoniales y c\u00edvicas, junto a un plan de inversiones p\u00fablicas que busca proyectar a Chilo\u00e9 hacia el futuro.<\/p>\n\t\t\t\t\t\t\t\t\t\t\t<\/div>\n\t\t\t\t<\/div>\n\t\t\t\n\t\t<\/div>\n\t\t<div class=\"post-meta date-color\">\n\t\t\t<div class=\"entry-meta clearfix gem-post-date\">\n\t\t\t\t<div class=\"post-meta-right\">\n\t\t\t\t\t\t\t\t\t\t\n\t\t\t\t\t\n\t\t\t\t<\/div>\n\t\t\t\t<div class=\"post-meta-left\">\n\t\t\t\t\t\t\t\t\t\t\t<span class=\"post-meta-author\">\n\t\t\t\t\t\t\t\t\t\tPor <a href=\"https:\/\/elfuerte.cl\/web\" title=\"Visitar el sitio de Prensa El Fuerte\" rel=\"author external\">Prensa El Fuerte<\/a>\t\t\t\t\t\t\t\t\t<\/span>\n\t\t\t\t\t\t\t\t\t<\/div>\n\t\t\t<\/div><!-- .entry-meta -->\n\t\t<\/div>\n\n\t\t\t\t\t<div class=\"gem-blog-slider-navigation\">\n\t\t\t\t<a href=\"#\" class=\"gem-blog-slider-prev gem-button gem-button-size-tiny\">\n\t\t\t\t\t<i aria-hidden=\"true\" class=\"gem-print-icon gem-icon-prev gem-elegant arrow-carrot-left\"><\/i>\t\t\t\t<\/a>\n\t\t\t\t<a href=\"#\" class=\"gem-blog-slider-next gem-button gem-button-size-tiny\">\n\t\t\t\t\t<i aria-hidden=\"true\" class=\"gem-print-icon gem-icon-prev gem-elegant arrow-carrot-right\"><\/i>\t\t\t\t<\/a>\n\t\t\t<\/div>\n\t\t\t<\/div>\n<\/article><!-- #post-3634 -->\n\n<article id=\"post-3601\" class=\"clearfix\">\n\n\t<a href=\"https:\/\/elfuerte.cl\/web\/2026\/01\/19\/incendios-en-el-biobio-autoridades-reportan-mayor-control-aunque-persisten-focos-activos\/\" class=\"gem-slider-blog-link\"><\/a>\n\n\t<div class=\"gem-slider-item-image\" style=\"background: url('https:\/\/elfuerte.cl\/web\/wp-content\/uploads\/2026\/01\/incendiobanner3.jpg') no-repeat 50% 50% \/ cover;\">\n\t\t<img src=\"https:\/\/elfuerte.cl\/web\/wp-content\/uploads\/2026\/01\/incendiobanner3.jpg\"  style=\"visibility: hidden;\">\n\t<\/div>\n\n\t<div class=\"gem-slider-item-overlay\">\n\t\t<div class=\"gem-compact-item-content\">\n\t\t\t\t\t\t\t<div class=\"post-title\">\n\t\t\t\t\t<h5 class=\"entry-title reverse-link-color\"><span class=\"entry-title-date\"><\/span><span class=\"light\">Incendios en el Biob\u00edo: autoridades reportan  mayor control, aunque persisten focos activos<\/span><\/h5>\t\t\t\t<\/div>\n\t\t\t\n\t\t\t\t\t\t\t<div class=\"post-text date-color\">\n\t\t\t\t\t<div class=\"summary\">\n\t\t\t\t\t\t\t\t\t\t\t\t\t<p>En dependencias de Senapred Biob\u00edo, autoridades regionales y del gobierno central informaron los resultados de los operativos desplegados durante la noche por los incendios forestales, destacando avances en control, seguridad, salud y ayuda social, aunque recalcaron que la emergencia sigue activa.<\/p>\n\t\t\t\t\t\t\t\t\t\t\t<\/div>\n\t\t\t\t<\/div>\n\t\t\t\n\t\t<\/div>\n\t\t<div class=\"post-meta date-color\">\n\t\t\t<div class=\"entry-meta clearfix gem-post-date\">\n\t\t\t\t<div class=\"post-meta-right\">\n\t\t\t\t\t\t\t\t\t\t\n\t\t\t\t\t\n\t\t\t\t<\/div>\n\t\t\t\t<div class=\"post-meta-left\">\n\t\t\t\t\t\t\t\t\t\t\t<span class=\"post-meta-author\">\n\t\t\t\t\t\t\t\t\t\tPor <a href=\"https:\/\/elfuerte.cl\/web\" title=\"Visitar el sitio de Prensa El Fuerte\" rel=\"author external\">Prensa El Fuerte<\/a>\t\t\t\t\t\t\t\t\t<\/span>\n\t\t\t\t\t\t\t\t\t<\/div>\n\t\t\t<\/div><!-- .entry-meta -->\n\t\t<\/div>\n\n\t\t\t\t\t<div class=\"gem-blog-slider-navigation\">\n\t\t\t\t<a href=\"#\" class=\"gem-blog-slider-prev gem-button gem-button-size-tiny\">\n\t\t\t\t\t<i aria-hidden=\"true\" class=\"gem-print-icon gem-icon-prev gem-elegant arrow-carrot-left\"><\/i>\t\t\t\t<\/a>\n\t\t\t\t<a href=\"#\" class=\"gem-blog-slider-next gem-button gem-button-size-tiny\">\n\t\t\t\t\t<i aria-hidden=\"true\" class=\"gem-print-icon gem-icon-prev gem-elegant arrow-carrot-right\"><\/i>\t\t\t\t<\/a>\n\t\t\t<\/div>\n\t\t\t<\/div>\n<\/article><!-- #post-3601 -->\n\n<article id=\"post-3595\" class=\"clearfix\">\n\n\t<a href=\"https:\/\/elfuerte.cl\/web\/2026\/01\/18\/situacion-sigue-siendo-critica-por-incendios-forestales-en-el-biobio-gobierno-refuerza-medidas-y-decreta-toque-de-queda-en-comunas-afectadas\/\" class=\"gem-slider-blog-link\"><\/a>\n\n\t<div class=\"gem-slider-item-image\" style=\"background: url('https:\/\/elfuerte.cl\/web\/wp-content\/uploads\/2026\/01\/incendiobanner2.jpg') no-repeat 50% 50% \/ cover;\">\n\t\t<img src=\"https:\/\/elfuerte.cl\/web\/wp-content\/uploads\/2026\/01\/incendiobanner2.jpg\"  style=\"visibility: hidden;\">\n\t<\/div>\n\n\t<div class=\"gem-slider-item-overlay\">\n\t\t<div class=\"gem-compact-item-content\">\n\t\t\t\t\t\t\t<div class=\"post-title\">\n\t\t\t\t\t<h5 class=\"entry-title reverse-link-color\"><span class=\"entry-title-date\"><\/span><span class=\"light\">Situaci\u00f3n sigue siendo cr\u00edtica por incendios forestales en el Biob\u00edo: Gobierno refuerza medidas y decreta toque de queda en comunas afectadas<\/span><\/h5>\t\t\t\t<\/div>\n\t\t\t\n\t\t\t\t\t\t\t<div class=\"post-text date-color\">\n\t\t\t\t\t<div class=\"summary\">\n\t\t\t\t\t\t\t\t\t\t\t\t\t<p>Emergencia de alta complejidad mantiene un amplio despliegue del Estado, mientras se activan medidas excepcionales de seguridad y una red de apoyo solidario desde las regiones del sur del pa\u00eds.<\/p>\n\t\t\t\t\t\t\t\t\t\t\t<\/div>\n\t\t\t\t<\/div>\n\t\t\t\n\t\t<\/div>\n\t\t<div class=\"post-meta date-color\">\n\t\t\t<div class=\"entry-meta clearfix gem-post-date\">\n\t\t\t\t<div class=\"post-meta-right\">\n\t\t\t\t\t\t\t\t\t\t\n\t\t\t\t\t\n\t\t\t\t<\/div>\n\t\t\t\t<div class=\"post-meta-left\">\n\t\t\t\t\t\t\t\t\t\t\t<span class=\"post-meta-author\">\n\t\t\t\t\t\t\t\t\t\tPor <a href=\"https:\/\/elfuerte.cl\/web\" title=\"Visitar el sitio de Prensa El Fuerte\" rel=\"author external\">Prensa El Fuerte<\/a>\t\t\t\t\t\t\t\t\t<\/span>\n\t\t\t\t\t\t\t\t\t<\/div>\n\t\t\t<\/div><!-- .entry-meta -->\n\t\t<\/div>\n\n\t\t\t\t\t<div class=\"gem-blog-slider-navigation\">\n\t\t\t\t<a href=\"#\" class=\"gem-blog-slider-prev gem-button gem-button-size-tiny\">\n\t\t\t\t\t<i aria-hidden=\"true\" class=\"gem-print-icon gem-icon-prev gem-elegant arrow-carrot-left\"><\/i>\t\t\t\t<\/a>\n\t\t\t\t<a href=\"#\" class=\"gem-blog-slider-next gem-button gem-button-size-tiny\">\n\t\t\t\t\t<i aria-hidden=\"true\" class=\"gem-print-icon gem-icon-prev gem-elegant arrow-carrot-right\"><\/i>\t\t\t\t<\/a>\n\t\t\t<\/div>\n\t\t\t<\/div>\n<\/article><!-- #post-3595 -->\n\n<article id=\"post-3586\" class=\"clearfix\">\n\n\t<a href=\"https:\/\/elfuerte.cl\/web\/2026\/01\/18\/grave-incendio-en-penco-activa-estado-de-catastrofe-y-despliegue-total-del-estado-en-la-zona\/\" class=\"gem-slider-blog-link\"><\/a>\n\n\t<div class=\"gem-slider-item-image\" style=\"background: url('https:\/\/elfuerte.cl\/web\/wp-content\/uploads\/2026\/01\/incendiobanner.jpg') no-repeat 50% 50% \/ cover;\">\n\t\t<img src=\"https:\/\/elfuerte.cl\/web\/wp-content\/uploads\/2026\/01\/incendiobanner.jpg\"  style=\"visibility: hidden;\">\n\t<\/div>\n\n\t<div class=\"gem-slider-item-overlay\">\n\t\t<div class=\"gem-compact-item-content\">\n\t\t\t\t\t\t\t<div class=\"post-title\">\n\t\t\t\t\t<h5 class=\"entry-title reverse-link-color\"><span class=\"entry-title-date\"><\/span><span class=\"light\">Grave incendio en Penco activa estado de cat\u00e1strofe y despliegue total del Estado en la zona<\/span><\/h5>\t\t\t\t<\/div>\n\t\t\t\n\t\t\t\t\t\t\t<div class=\"post-text date-color\">\n\t\t\t\t\t<div class=\"summary\">\n\t\t\t\t\t\t\t\t\t\t\t\t\t<p>Autoridades del gobierno central se encuentran en la Regi\u00f3n del B\u00edo B\u00edo liderando el procedimiento ante la emergencia, mientras el Presidente de la Rep\u00fablica anunci\u00f3 su traslado a la zona debido a la magnitud de la situaci\u00f3n.<\/p>\n\t\t\t\t\t\t\t\t\t\t\t<\/div>\n\t\t\t\t<\/div>\n\t\t\t\n\t\t<\/div>\n\t\t<div class=\"post-meta date-color\">\n\t\t\t<div class=\"entry-meta clearfix gem-post-date\">\n\t\t\t\t<div class=\"post-meta-right\">\n\t\t\t\t\t\t\t\t\t\t\n\t\t\t\t\t\n\t\t\t\t<\/div>\n\t\t\t\t<div class=\"post-meta-left\">\n\t\t\t\t\t\t\t\t\t\t\t<span class=\"post-meta-author\">\n\t\t\t\t\t\t\t\t\t\tPor <a href=\"https:\/\/elfuerte.cl\/web\" title=\"Visitar el sitio de Prensa El Fuerte\" rel=\"author external\">Prensa El Fuerte<\/a>\t\t\t\t\t\t\t\t\t<\/span>\n\t\t\t\t\t\t\t\t\t<\/div>\n\t\t\t<\/div><!-- .entry-meta -->\n\t\t<\/div>\n\n\t\t\t\t\t<div class=\"gem-blog-slider-navigation\">\n\t\t\t\t<a href=\"#\" class=\"gem-blog-slider-prev gem-button gem-button-size-tiny\">\n\t\t\t\t\t<i aria-hidden=\"true\" class=\"gem-print-icon gem-icon-prev gem-elegant arrow-carrot-left\"><\/i>\t\t\t\t<\/a>\n\t\t\t\t<a href=\"#\" class=\"gem-blog-slider-next gem-button gem-button-size-tiny\">\n\t\t\t\t\t<i aria-hidden=\"true\" class=\"gem-print-icon gem-icon-prev gem-elegant arrow-carrot-right\"><\/i>\t\t\t\t<\/a>\n\t\t\t<\/div>\n\t\t\t<\/div>\n<\/article><!-- #post-3586 -->\n\n<article id=\"post-3578\" class=\"clearfix\">\n\n\t<a href=\"https:\/\/elfuerte.cl\/web\/2026\/01\/17\/devin-middlebrock-realmente-hay-mucha-activacion-de-los-recursos-hidricos-en-valdivia\/\" class=\"gem-slider-blog-link\"><\/a>\n\n\t<div class=\"gem-slider-item-image\" style=\"background: url('https:\/\/elfuerte.cl\/web\/wp-content\/uploads\/2026\/01\/expertobanner.jpg') no-repeat 50% 50% \/ cover;\">\n\t\t<img src=\"https:\/\/elfuerte.cl\/web\/wp-content\/uploads\/2026\/01\/expertobanner.jpg\"  style=\"visibility: hidden;\">\n\t<\/div>\n\n\t<div class=\"gem-slider-item-overlay\">\n\t\t<div class=\"gem-compact-item-content\">\n\t\t\t\t\t\t\t<div class=\"post-title\">\n\t\t\t\t\t<h5 class=\"entry-title reverse-link-color\"><span class=\"entry-title-date\"><\/span><span class=\"light\">Devin Middlebrock: \u201cRealmente hay mucha activaci\u00f3n de los recursos h\u00eddricos en Valdivia\u201d<\/span><\/h5>\t\t\t\t<\/div>\n\t\t\t\n\t\t\t\t\t\t\t<div class=\"post-text date-color\">\n\t\t\t\t\t<div class=\"summary\">\n\t\t\t\t\t\t\t\t\t\t\t\t\t<p>El exalcalde de Lake Tahoe, en California, Estados Unidos, y actual miembro de su consejo municipal, visit\u00f3 la capital de la Regi\u00f3n de Los R\u00edos para entregar su visi\u00f3n sobre la planificaci\u00f3n urbana en entornos naturales \u00fanicos, estableciendo v\u00ednculos entre la experiencia estadounidense y la realidad local.<\/p>\n\t\t\t\t\t\t\t\t\t\t\t<\/div>\n\t\t\t\t<\/div>\n\t\t\t\n\t\t<\/div>\n\t\t<div class=\"post-meta date-color\">\n\t\t\t<div class=\"entry-meta clearfix gem-post-date\">\n\t\t\t\t<div class=\"post-meta-right\">\n\t\t\t\t\t\t\t\t\t\t\n\t\t\t\t\t\n\t\t\t\t<\/div>\n\t\t\t\t<div class=\"post-meta-left\">\n\t\t\t\t\t\t\t\t\t\t\t<span class=\"post-meta-author\">\n\t\t\t\t\t\t\t\t\t\tPor <a href=\"https:\/\/elfuerte.cl\/web\" title=\"Visitar el sitio de Prensa El Fuerte\" rel=\"author external\">Prensa El Fuerte<\/a>\t\t\t\t\t\t\t\t\t<\/span>\n\t\t\t\t\t\t\t\t\t<\/div>\n\t\t\t<\/div><!-- .entry-meta -->\n\t\t<\/div>\n\n\t\t\t\t\t<div class=\"gem-blog-slider-navigation\">\n\t\t\t\t<a href=\"#\" class=\"gem-blog-slider-prev gem-button gem-button-size-tiny\">\n\t\t\t\t\t<i aria-hidden=\"true\" class=\"gem-print-icon gem-icon-prev gem-elegant arrow-carrot-left\"><\/i>\t\t\t\t<\/a>\n\t\t\t\t<a href=\"#\" class=\"gem-blog-slider-next gem-button gem-button-size-tiny\">\n\t\t\t\t\t<i aria-hidden=\"true\" class=\"gem-print-icon gem-icon-prev gem-elegant arrow-carrot-right\"><\/i>\t\t\t\t<\/a>\n\t\t\t<\/div>\n\t\t\t<\/div>\n<\/article><!-- #post-3578 -->\n\n<article id=\"post-3628\" class=\"clearfix\">\n\n\t<a href=\"https:\/\/elfuerte.cl\/web\/2026\/01\/17\/municipalidad-de-san-pedro-de-la-paz-aumenta-aforo-del-balneario-municipal-para-facilitar-el-acceso-de-la-comunidad\/\" class=\"gem-slider-blog-link\"><\/a>\n\n\t<div class=\"gem-slider-item-image\" style=\"background: url('https:\/\/elfuerte.cl\/web\/wp-content\/uploads\/2026\/01\/balneariobanner.jpg') no-repeat 50% 50% \/ cover;\">\n\t\t<img src=\"https:\/\/elfuerte.cl\/web\/wp-content\/uploads\/2026\/01\/balneariobanner.jpg\"  style=\"visibility: hidden;\">\n\t<\/div>\n\n\t<div class=\"gem-slider-item-overlay\">\n\t\t<div class=\"gem-compact-item-content\">\n\t\t\t\t\t\t\t<div class=\"post-title\">\n\t\t\t\t\t<h5 class=\"entry-title reverse-link-color\"><span class=\"entry-title-date\"><\/span><span class=\"light\">Municipalidad de San Pedro de la Paz aumenta aforo del balneario municipal para facilitar el acceso de la comunidad<\/span><\/h5>\t\t\t\t<\/div>\n\t\t\t\n\t\t\t\t\t\t\t<div class=\"post-text date-color\">\n\t\t\t\t\t<div class=\"summary\">\n\t\t\t\t\t\t\t\t\t\t\t\t\t<p>La medida se enmarca en el esfuerzo que han realizado distintos municipios del pa\u00eds durante el verano para ofrecer espacios de recreaci\u00f3n gratuitos o de bajo costo, permitiendo a las familias enfrentar las altas temperaturas con alternativas seguras y accesibles.<\/p>\n\t\t\t\t\t\t\t\t\t\t\t<\/div>\n\t\t\t\t<\/div>\n\t\t\t\n\t\t<\/div>\n\t\t<div class=\"post-meta date-color\">\n\t\t\t<div class=\"entry-meta clearfix gem-post-date\">\n\t\t\t\t<div class=\"post-meta-right\">\n\t\t\t\t\t\t\t\t\t\t\n\t\t\t\t\t\n\t\t\t\t<\/div>\n\t\t\t\t<div class=\"post-meta-left\">\n\t\t\t\t\t\t\t\t\t\t\t<span class=\"post-meta-author\">\n\t\t\t\t\t\t\t\t\t\tPor <a href=\"https:\/\/elfuerte.cl\/web\" title=\"Visitar el sitio de Prensa El Fuerte\" rel=\"author external\">Prensa El Fuerte<\/a>\t\t\t\t\t\t\t\t\t<\/span>\n\t\t\t\t\t\t\t\t\t<\/div>\n\t\t\t<\/div><!-- .entry-meta -->\n\t\t<\/div>\n\n\t\t\t\t\t<div class=\"gem-blog-slider-navigation\">\n\t\t\t\t<a href=\"#\" class=\"gem-blog-slider-prev gem-button gem-button-size-tiny\">\n\t\t\t\t\t<i aria-hidden=\"true\" class=\"gem-print-icon gem-icon-prev gem-elegant arrow-carrot-left\"><\/i>\t\t\t\t<\/a>\n\t\t\t\t<a href=\"#\" class=\"gem-blog-slider-next gem-button gem-button-size-tiny\">\n\t\t\t\t\t<i aria-hidden=\"true\" class=\"gem-print-icon gem-icon-prev gem-elegant arrow-carrot-right\"><\/i>\t\t\t\t<\/a>\n\t\t\t<\/div>\n\t\t\t<\/div>\n<\/article><!-- #post-3628 -->\n\n<article id=\"post-3622\" class=\"clearfix\">\n\n\t<a href=\"https:\/\/elfuerte.cl\/web\/2026\/01\/17\/verano-teleton-2026-impulsa-vacaciones-inclusivas-para-ninos-y-ninas-con-discapacidad-en-concepcion\/\" class=\"gem-slider-blog-link\"><\/a>\n\n\t<div class=\"gem-slider-item-image\" style=\"background: url('https:\/\/elfuerte.cl\/web\/wp-content\/uploads\/2026\/01\/Teleton-portada.jpg') no-repeat 50% 50% \/ cover;\">\n\t\t<img src=\"https:\/\/elfuerte.cl\/web\/wp-content\/uploads\/2026\/01\/Teleton-portada.jpg\"  style=\"visibility: hidden;\">\n\t<\/div>\n\n\t<div class=\"gem-slider-item-overlay\">\n\t\t<div class=\"gem-compact-item-content\">\n\t\t\t\t\t\t\t<div class=\"post-title\">\n\t\t\t\t\t<h5 class=\"entry-title reverse-link-color\"><span class=\"entry-title-date\"><\/span><span class=\"light\">Verano Telet\u00f3n 2026 impulsa vacaciones inclusivas  para ni\u00f1os y ni\u00f1as con discapacidad en Concepci\u00f3n<\/span><\/h5>\t\t\t\t<\/div>\n\t\t\t\n\t\t\t\t\t\t\t<div class=\"post-text date-color\">\n\t\t\t\t\t<div class=\"summary\">\n\t\t\t\t\t\t\t\t\t\t\t\t\t<p>Talleres recreativos, actividades art\u00edsticas y salidas comunitarias marcaron una semana de vacaciones inclusivas para ni\u00f1os, ni\u00f1as con discapacidad en la capital del Biob\u00edo. Programaci\u00f3n para j\u00f3venes contin\u00faa hasta el 27 de enero<\/p>\n\t\t\t\t\t\t\t\t\t\t\t<\/div>\n\t\t\t\t<\/div>\n\t\t\t\n\t\t<\/div>\n\t\t<div class=\"post-meta date-color\">\n\t\t\t<div class=\"entry-meta clearfix gem-post-date\">\n\t\t\t\t<div class=\"post-meta-right\">\n\t\t\t\t\t\t\t\t\t\t\n\t\t\t\t\t\n\t\t\t\t<\/div>\n\t\t\t\t<div class=\"post-meta-left\">\n\t\t\t\t\t\t\t\t\t\t\t<span class=\"post-meta-author\">\n\t\t\t\t\t\t\t\t\t\tPor <a href=\"https:\/\/elfuerte.cl\/web\" title=\"Visitar el sitio de Prensa El Fuerte\" rel=\"author external\">Prensa El Fuerte<\/a>\t\t\t\t\t\t\t\t\t<\/span>\n\t\t\t\t\t\t\t\t\t<\/div>\n\t\t\t<\/div><!-- .entry-meta -->\n\t\t<\/div>\n\n\t\t\t\t\t<div class=\"gem-blog-slider-navigation\">\n\t\t\t\t<a href=\"#\" class=\"gem-blog-slider-prev gem-button gem-button-size-tiny\">\n\t\t\t\t\t<i aria-hidden=\"true\" class=\"gem-print-icon gem-icon-prev gem-elegant arrow-carrot-left\"><\/i>\t\t\t\t<\/a>\n\t\t\t\t<a href=\"#\" class=\"gem-blog-slider-next gem-button gem-button-size-tiny\">\n\t\t\t\t\t<i aria-hidden=\"true\" class=\"gem-print-icon gem-icon-prev gem-elegant arrow-carrot-right\"><\/i>\t\t\t\t<\/a>\n\t\t\t<\/div>\n\t\t\t<\/div>\n<\/article><!-- #post-3622 -->\n\n<article id=\"post-3610\" class=\"clearfix\">\n\n\t<a href=\"https:\/\/elfuerte.cl\/web\/2026\/01\/17\/inauguran-mejoras-en-la-cancha-del-complejo-deportivo-de-rahue-alto-en-osorno\/\" class=\"gem-slider-blog-link\"><\/a>\n\n\t<div class=\"gem-slider-item-image\" style=\"background: url('https:\/\/elfuerte.cl\/web\/wp-content\/uploads\/2026\/01\/rahuelbanner.jpg') no-repeat 50% 50% \/ cover;\">\n\t\t<img src=\"https:\/\/elfuerte.cl\/web\/wp-content\/uploads\/2026\/01\/rahuelbanner.jpg\"  style=\"visibility: hidden;\">\n\t<\/div>\n\n\t<div class=\"gem-slider-item-overlay\">\n\t\t<div class=\"gem-compact-item-content\">\n\t\t\t\t\t\t\t<div class=\"post-title\">\n\t\t\t\t\t<h5 class=\"entry-title reverse-link-color\"><span class=\"entry-title-date\"><\/span><span class=\"light\">Inauguran mejoras en la cancha del Complejo  Deportivo de Rahue Alto en Osorno<\/span><\/h5>\t\t\t\t<\/div>\n\t\t\t\n\t\t\t\t\t\t\t<div class=\"post-text date-color\">\n\t\t\t\t\t<div class=\"summary\">\n\t\t\t\t\t\t\t\t\t\t\t\t\t<p>Las obras, financiadas por el Gobierno Regional de Los Lagos, consideraron una inversi\u00f3n cercana a los 480 millones de pesos y buscan fortalecer la infraestructura deportiva del sector, beneficiando a m\u00e1s de mil usuarios.<\/p>\n\t\t\t\t\t\t\t\t\t\t\t<\/div>\n\t\t\t\t<\/div>\n\t\t\t\n\t\t<\/div>\n\t\t<div class=\"post-meta date-color\">\n\t\t\t<div class=\"entry-meta clearfix gem-post-date\">\n\t\t\t\t<div class=\"post-meta-right\">\n\t\t\t\t\t\t\t\t\t\t\n\t\t\t\t\t\n\t\t\t\t<\/div>\n\t\t\t\t<div class=\"post-meta-left\">\n\t\t\t\t\t\t\t\t\t\t\t<span class=\"post-meta-author\">\n\t\t\t\t\t\t\t\t\t\tPor <a href=\"https:\/\/elfuerte.cl\/web\" title=\"Visitar el sitio de Prensa El Fuerte\" rel=\"author external\">Prensa El Fuerte<\/a>\t\t\t\t\t\t\t\t\t<\/span>\n\t\t\t\t\t\t\t\t\t<\/div>\n\t\t\t<\/div><!-- .entry-meta -->\n\t\t<\/div>\n\n\t\t\t\t\t<div class=\"gem-blog-slider-navigation\">\n\t\t\t\t<a href=\"#\" class=\"gem-blog-slider-prev gem-button gem-button-size-tiny\">\n\t\t\t\t\t<i aria-hidden=\"true\" class=\"gem-print-icon gem-icon-prev gem-elegant arrow-carrot-left\"><\/i>\t\t\t\t<\/a>\n\t\t\t\t<a href=\"#\" class=\"gem-blog-slider-next gem-button gem-button-size-tiny\">\n\t\t\t\t\t<i aria-hidden=\"true\" class=\"gem-print-icon gem-icon-prev gem-elegant arrow-carrot-right\"><\/i>\t\t\t\t<\/a>\n\t\t\t<\/div>\n\t\t\t<\/div>\n<\/article><!-- #post-3610 -->\n\n<article id=\"post-3569\" class=\"clearfix\">\n\n\t<a href=\"https:\/\/elfuerte.cl\/web\/2026\/01\/17\/puerto-varas-profundiza-su-estrategia-de-cooperacion-internacional-y-consolida-polo-de-biotecnologia\/\" class=\"gem-slider-blog-link\"><\/a>\n\n\t<div class=\"gem-slider-item-image\" style=\"background: url('https:\/\/elfuerte.cl\/web\/wp-content\/uploads\/2026\/01\/Alianza-portada.jpg') no-repeat 50% 50% \/ cover;\">\n\t\t<img src=\"https:\/\/elfuerte.cl\/web\/wp-content\/uploads\/2026\/01\/Alianza-portada.jpg\"  style=\"visibility: hidden;\">\n\t<\/div>\n\n\t<div class=\"gem-slider-item-overlay\">\n\t\t<div class=\"gem-compact-item-content\">\n\t\t\t\t\t\t\t<div class=\"post-title\">\n\t\t\t\t\t<h5 class=\"entry-title reverse-link-color\"><span class=\"entry-title-date\"><\/span><span class=\"light\">Puerto Varas profundiza su estrategia de cooperaci\u00f3n internacional y consolida polo de biotecnolog\u00eda<\/span><\/h5>\t\t\t\t<\/div>\n\t\t\t\n\t\t\t\t\t\t\t<div class=\"post-text date-color\">\n\t\t\t\t\t<div class=\"summary\">\n\t\t\t\t\t\t\t\t\t\t\t\t\t<p>La firma de un convenio con la Universidad de California, Davis, es parte de una estrategia de cooperaci\u00f3n internacional descentralizada impulsada por el municipio, que se articula con una relevante inversi\u00f3n de Corfo para el desarrollo de un Hub de Biotecnolog\u00eda en la comuna.<\/p>\n\t\t\t\t\t\t\t\t\t\t\t<\/div>\n\t\t\t\t<\/div>\n\t\t\t\n\t\t<\/div>\n\t\t<div class=\"post-meta date-color\">\n\t\t\t<div class=\"entry-meta clearfix gem-post-date\">\n\t\t\t\t<div class=\"post-meta-right\">\n\t\t\t\t\t\t\t\t\t\t\n\t\t\t\t\t\n\t\t\t\t<\/div>\n\t\t\t\t<div class=\"post-meta-left\">\n\t\t\t\t\t\t\t\t\t\t\t<span class=\"post-meta-author\">\n\t\t\t\t\t\t\t\t\t\tPor <a href=\"https:\/\/elfuerte.cl\/web\" title=\"Visitar el sitio de Prensa El Fuerte\" rel=\"author external\">Prensa El Fuerte<\/a>\t\t\t\t\t\t\t\t\t<\/span>\n\t\t\t\t\t\t\t\t\t<\/div>\n\t\t\t<\/div><!-- .entry-meta -->\n\t\t<\/div>\n\n\t\t\t\t\t<div class=\"gem-blog-slider-navigation\">\n\t\t\t\t<a href=\"#\" class=\"gem-blog-slider-prev gem-button gem-button-size-tiny\">\n\t\t\t\t\t<i aria-hidden=\"true\" class=\"gem-print-icon gem-icon-prev gem-elegant arrow-carrot-left\"><\/i>\t\t\t\t<\/a>\n\t\t\t\t<a href=\"#\" class=\"gem-blog-slider-next gem-button gem-button-size-tiny\">\n\t\t\t\t\t<i aria-hidden=\"true\" class=\"gem-print-icon gem-icon-prev gem-elegant arrow-carrot-right\"><\/i>\t\t\t\t<\/a>\n\t\t\t<\/div>\n\t\t\t<\/div>\n<\/article><!-- #post-3569 -->\n\n<article id=\"post-3558\" class=\"clearfix\">\n\n\t<a href=\"https:\/\/elfuerte.cl\/web\/2026\/01\/16\/diez-muestras-costumbristas-y-expo-muniemprende-marcan-el-inicio-de-la-temporada-de-ferias-de-verano\/\" class=\"gem-slider-blog-link\"><\/a>\n\n\t<div class=\"gem-slider-item-image\" style=\"background: url('https:\/\/elfuerte.cl\/web\/wp-content\/uploads\/2026\/01\/Ferias-portada-1.jpg') no-repeat 50% 50% \/ cover;\">\n\t\t<img src=\"https:\/\/elfuerte.cl\/web\/wp-content\/uploads\/2026\/01\/Ferias-portada-1.jpg\"  style=\"visibility: hidden;\">\n\t<\/div>\n\n\t<div class=\"gem-slider-item-overlay\">\n\t\t<div class=\"gem-compact-item-content\">\n\t\t\t\t\t\t\t<div class=\"post-title\">\n\t\t\t\t\t<h5 class=\"entry-title reverse-link-color\"><span class=\"entry-title-date\"><\/span><span class=\"light\">Diez muestras costumbristas y Expo Muniemprende marcan el inicio de la temporada de ferias de verano<\/span><\/h5>\t\t\t\t<\/div>\n\t\t\t\n\t\t\t\t\t\t\t<div class=\"post-text date-color\">\n\t\t\t\t\t<div class=\"summary\">\n\t\t\t\t\t\t\t\t\t\t\t\t\t<p>La Municipalidad de Valdivia anunci\u00f3 un intenso calendario estival muestras distribuidas en distintos sectores, iniciativa a la que se suma la Expo Muniemprende Verano 2026, que dar\u00e1 el puntapi\u00e9 inicial a la temporada de ferias en el Parque Saval.<\/p>\n\t\t\t\t\t\t\t\t\t\t\t<\/div>\n\t\t\t\t<\/div>\n\t\t\t\n\t\t<\/div>\n\t\t<div class=\"post-meta date-color\">\n\t\t\t<div class=\"entry-meta clearfix gem-post-date\">\n\t\t\t\t<div class=\"post-meta-right\">\n\t\t\t\t\t\t\t\t\t\t\n\t\t\t\t\t\n\t\t\t\t<\/div>\n\t\t\t\t<div class=\"post-meta-left\">\n\t\t\t\t\t\t\t\t\t\t\t<span class=\"post-meta-author\">\n\t\t\t\t\t\t\t\t\t\tPor <a href=\"https:\/\/elfuerte.cl\/web\" title=\"Visitar el sitio de Prensa El Fuerte\" rel=\"author external\">Prensa El Fuerte<\/a>\t\t\t\t\t\t\t\t\t<\/span>\n\t\t\t\t\t\t\t\t\t<\/div>\n\t\t\t<\/div><!-- .entry-meta -->\n\t\t<\/div>\n\n\t\t\t\t\t<div class=\"gem-blog-slider-navigation\">\n\t\t\t\t<a href=\"#\" class=\"gem-blog-slider-prev gem-button gem-button-size-tiny\">\n\t\t\t\t\t<i aria-hidden=\"true\" class=\"gem-print-icon gem-icon-prev gem-elegant arrow-carrot-left\"><\/i>\t\t\t\t<\/a>\n\t\t\t\t<a href=\"#\" class=\"gem-blog-slider-next gem-button gem-button-size-tiny\">\n\t\t\t\t\t<i aria-hidden=\"true\" class=\"gem-print-icon gem-icon-prev gem-elegant arrow-carrot-right\"><\/i>\t\t\t\t<\/a>\n\t\t\t<\/div>\n\t\t\t<\/div>\n<\/article><!-- #post-3558 -->\n\n<article id=\"post-3522\" class=\"clearfix\">\n\n\t<a href=\"https:\/\/elfuerte.cl\/web\/2026\/01\/15\/camara-chilena-de-la-construccion-valdivia-inicia-ano-gremial-2026-con-foco-en-el-desarrollo-de-la-ciudad-como-territorio-fluvial\/\" class=\"gem-slider-blog-link\"><\/a>\n\n\t<div class=\"gem-slider-item-image\" style=\"background: url('https:\/\/elfuerte.cl\/web\/wp-content\/uploads\/2026\/01\/Camara-portada-2.jpg') no-repeat 50% 50% \/ cover;\">\n\t\t<img src=\"https:\/\/elfuerte.cl\/web\/wp-content\/uploads\/2026\/01\/Camara-portada-2.jpg\"  style=\"visibility: hidden;\">\n\t<\/div>\n\n\t<div class=\"gem-slider-item-overlay\">\n\t\t<div class=\"gem-compact-item-content\">\n\t\t\t\t\t\t\t<div class=\"post-title\">\n\t\t\t\t\t<h5 class=\"entry-title reverse-link-color\"><span class=\"entry-title-date\"><\/span><span class=\"light\">C\u00e1mara Chilena de la Construcci\u00f3n Valdivia inicia A\u00f1o Gremial 2026 con foco en el desarrollo de la ciudad como territorio fluvial<\/span><\/h5>\t\t\t\t<\/div>\n\t\t\t\n\t\t\t\t\t\t\t<div class=\"post-text date-color\">\n\t\t\t\t\t<div class=\"summary\">\n\t\t\t\t\t\t\t\t\t\t\t\t\t<p>La actividad, realizada en el Hotel Villa del R\u00edo, reuni\u00f3 a autoridades, empresarios y dirigentes gremiales, y puso en el centro del debate la planificaci\u00f3n urbana de Valdivia como ciudad de agua, destacando el rol del r\u00edo como elemento vivo del territorio y las oportunidades que ofrece para un desarrollo integral.<\/p>\n\t\t\t\t\t\t\t\t\t\t\t<\/div>\n\t\t\t\t<\/div>\n\t\t\t\n\t\t<\/div>\n\t\t<div class=\"post-meta date-color\">\n\t\t\t<div class=\"entry-meta clearfix gem-post-date\">\n\t\t\t\t<div class=\"post-meta-right\">\n\t\t\t\t\t\t\t\t\t\t\n\t\t\t\t\t\n\t\t\t\t<\/div>\n\t\t\t\t<div class=\"post-meta-left\">\n\t\t\t\t\t\t\t\t\t\t\t<span class=\"post-meta-author\">\n\t\t\t\t\t\t\t\t\t\tPor <a href=\"https:\/\/elfuerte.cl\/web\" title=\"Visitar el sitio de Prensa El Fuerte\" rel=\"author external\">Prensa El Fuerte<\/a>\t\t\t\t\t\t\t\t\t<\/span>\n\t\t\t\t\t\t\t\t\t<\/div>\n\t\t\t<\/div><!-- .entry-meta -->\n\t\t<\/div>\n\n\t\t\t\t\t<div class=\"gem-blog-slider-navigation\">\n\t\t\t\t<a href=\"#\" class=\"gem-blog-slider-prev gem-button gem-button-size-tiny\">\n\t\t\t\t\t<i aria-hidden=\"true\" class=\"gem-print-icon gem-icon-prev gem-elegant arrow-carrot-left\"><\/i>\t\t\t\t<\/a>\n\t\t\t\t<a href=\"#\" class=\"gem-blog-slider-next gem-button gem-button-size-tiny\">\n\t\t\t\t\t<i aria-hidden=\"true\" class=\"gem-print-icon gem-icon-prev gem-elegant arrow-carrot-right\"><\/i>\t\t\t\t<\/a>\n\t\t\t<\/div>\n\t\t\t<\/div>\n<\/article><!-- #post-3522 -->\n\n<article id=\"post-3420\" class=\"clearfix\">\n\n\t<a href=\"https:\/\/elfuerte.cl\/web\/2026\/01\/15\/autoridades-refuerzan-medidas-de-mitigacion-para-proteger-a-huemules-tras-avistamientos-en-parque-laguna-del-laja\/\" class=\"gem-slider-blog-link\"><\/a>\n\n\t<div class=\"gem-slider-item-image\" style=\"background: url('https:\/\/elfuerte.cl\/web\/wp-content\/uploads\/2026\/01\/Huemules-portada-1.jpg') no-repeat 50% 50% \/ cover;\">\n\t\t<img src=\"https:\/\/elfuerte.cl\/web\/wp-content\/uploads\/2026\/01\/Huemules-portada-1.jpg\"  style=\"visibility: hidden;\">\n\t<\/div>\n\n\t<div class=\"gem-slider-item-overlay\">\n\t\t<div class=\"gem-compact-item-content\">\n\t\t\t\t\t\t\t<div class=\"post-title\">\n\t\t\t\t\t<h5 class=\"entry-title reverse-link-color\"><span class=\"entry-title-date\"><\/span><span class=\"light\">Autoridades refuerzan medidas de mitigaci\u00f3n para proteger  a huemules tras avistamientos en Parque Laguna del Laja<\/span><\/h5>\t\t\t\t<\/div>\n\t\t\t\n\t\t\t\t\t\t\t<div class=\"post-text date-color\">\n\t\t\t\t\t<div class=\"summary\">\n\t\t\t\t\t\t\t\t\t\t\t\t\t<p>Entre las recomendaciones centrales se reiter\u00f3 la importancia de no molestar ni alimentar a la fauna silvestre, permitir el libre desplazamiento de los animales, conducir a baja velocidad, respetar los senderos habilitados y evitar cualquier acci\u00f3n que altere el equilibrio natural del ecosistema.<\/p>\n\t\t\t\t\t\t\t\t\t\t\t<\/div>\n\t\t\t\t<\/div>\n\t\t\t\n\t\t<\/div>\n\t\t<div class=\"post-meta date-color\">\n\t\t\t<div class=\"entry-meta clearfix gem-post-date\">\n\t\t\t\t<div class=\"post-meta-right\">\n\t\t\t\t\t\t\t\t\t\t\n\t\t\t\t\t\n\t\t\t\t<\/div>\n\t\t\t\t<div class=\"post-meta-left\">\n\t\t\t\t\t\t\t\t\t\t\t<span class=\"post-meta-author\">\n\t\t\t\t\t\t\t\t\t\tPor <a href=\"https:\/\/elfuerte.cl\/web\" title=\"Visitar el sitio de Prensa El Fuerte\" rel=\"author external\">Prensa El Fuerte<\/a>\t\t\t\t\t\t\t\t\t<\/span>\n\t\t\t\t\t\t\t\t\t<\/div>\n\t\t\t<\/div><!-- .entry-meta -->\n\t\t<\/div>\n\n\t\t\t\t\t<div class=\"gem-blog-slider-navigation\">\n\t\t\t\t<a href=\"#\" class=\"gem-blog-slider-prev gem-button gem-button-size-tiny\">\n\t\t\t\t\t<i aria-hidden=\"true\" class=\"gem-print-icon gem-icon-prev gem-elegant arrow-carrot-left\"><\/i>\t\t\t\t<\/a>\n\t\t\t\t<a href=\"#\" class=\"gem-blog-slider-next gem-button gem-button-size-tiny\">\n\t\t\t\t\t<i aria-hidden=\"true\" class=\"gem-print-icon gem-icon-prev gem-elegant arrow-carrot-right\"><\/i>\t\t\t\t<\/a>\n\t\t\t<\/div>\n\t\t\t<\/div>\n<\/article><!-- #post-3420 -->\n\n<article id=\"post-3414\" class=\"clearfix\">\n\n\t<a href=\"https:\/\/elfuerte.cl\/web\/2026\/01\/15\/san-pedro-de-la-paz-inaugura-nueva-temporada-de-juegos-de-agua-para-enfrentar-el-calor-del-verano\/\" class=\"gem-slider-blog-link\"><\/a>\n\n\t<div class=\"gem-slider-item-image\" style=\"background: url('https:\/\/elfuerte.cl\/web\/wp-content\/uploads\/2026\/01\/aguabanner.jpg') no-repeat 50% 50% \/ cover;\">\n\t\t<img src=\"https:\/\/elfuerte.cl\/web\/wp-content\/uploads\/2026\/01\/aguabanner.jpg\"  style=\"visibility: hidden;\">\n\t<\/div>\n\n\t<div class=\"gem-slider-item-overlay\">\n\t\t<div class=\"gem-compact-item-content\">\n\t\t\t\t\t\t\t<div class=\"post-title\">\n\t\t\t\t\t<h5 class=\"entry-title reverse-link-color\"><span class=\"entry-title-date\"><\/span><span class=\"light\">San Pedro de la Paz inaugura nueva temporada de Juegos de Agua para enfrentar el calor del verano<\/span><\/h5>\t\t\t\t<\/div>\n\t\t\t\n\t\t\t\t\t\t\t<div class=\"post-text date-color\">\n\t\t\t\t\t<div class=\"summary\">\n\t\t\t\t\t\t\t\t\t\t\t\t\t<p>Desde el municipio se destac\u00f3 que los Juegos de Agua forman parte de una estrategia orientada a promover el uso de los espacios p\u00fablicos, fortalecer la vida comunitaria y ofrecer alternativas recreativas para las familias sampedrinas.<\/p>\n\t\t\t\t\t\t\t\t\t\t\t<\/div>\n\t\t\t\t<\/div>\n\t\t\t\n\t\t<\/div>\n\t\t<div class=\"post-meta date-color\">\n\t\t\t<div class=\"entry-meta clearfix gem-post-date\">\n\t\t\t\t<div class=\"post-meta-right\">\n\t\t\t\t\t\t\t\t\t\t\n\t\t\t\t\t\n\t\t\t\t<\/div>\n\t\t\t\t<div class=\"post-meta-left\">\n\t\t\t\t\t\t\t\t\t\t\t<span class=\"post-meta-author\">\n\t\t\t\t\t\t\t\t\t\tPor <a href=\"https:\/\/elfuerte.cl\/web\" title=\"Visitar el sitio de Prensa El Fuerte\" rel=\"author external\">Prensa El Fuerte<\/a>\t\t\t\t\t\t\t\t\t<\/span>\n\t\t\t\t\t\t\t\t\t<\/div>\n\t\t\t<\/div><!-- .entry-meta -->\n\t\t<\/div>\n\n\t\t\t\t\t<div class=\"gem-blog-slider-navigation\">\n\t\t\t\t<a href=\"#\" class=\"gem-blog-slider-prev gem-button gem-button-size-tiny\">\n\t\t\t\t\t<i aria-hidden=\"true\" class=\"gem-print-icon gem-icon-prev gem-elegant arrow-carrot-left\"><\/i>\t\t\t\t<\/a>\n\t\t\t\t<a href=\"#\" class=\"gem-blog-slider-next gem-button gem-button-size-tiny\">\n\t\t\t\t\t<i aria-hidden=\"true\" class=\"gem-print-icon gem-icon-prev gem-elegant arrow-carrot-right\"><\/i>\t\t\t\t<\/a>\n\t\t\t<\/div>\n\t\t\t<\/div>\n<\/article><!-- #post-3414 -->\n\n<article id=\"post-3401\" class=\"clearfix\">\n\n\t<a href=\"https:\/\/elfuerte.cl\/web\/2026\/01\/15\/scouts-de-santiago-realizan-jornada-de-limpieza-de-playa-en-frutillar-y-refuerzan-compromiso-ambiental\/\" class=\"gem-slider-blog-link\"><\/a>\n\n\t<div class=\"gem-slider-item-image\" style=\"background: url('https:\/\/elfuerte.cl\/web\/wp-content\/uploads\/2026\/01\/scoutsbanner.jpg') no-repeat 50% 50% \/ cover;\">\n\t\t<img src=\"https:\/\/elfuerte.cl\/web\/wp-content\/uploads\/2026\/01\/scoutsbanner.jpg\"  style=\"visibility: hidden;\">\n\t<\/div>\n\n\t<div class=\"gem-slider-item-overlay\">\n\t\t<div class=\"gem-compact-item-content\">\n\t\t\t\t\t\t\t<div class=\"post-title\">\n\t\t\t\t\t<h5 class=\"entry-title reverse-link-color\"><span class=\"entry-title-date\"><\/span><span class=\"light\">Scouts de Santiago realizan jornada de limpieza de playa en Frutillar y refuerzan compromiso ambiental<\/span><\/h5>\t\t\t\t<\/div>\n\t\t\t\n\t\t\t\t\t\t\t<div class=\"post-text date-color\">\n\t\t\t\t\t<div class=\"summary\">\n\t\t\t\t\t\t\t\t\t\t\t\t\t<p>Desde el municipio, la encargada de la Oficina de Medioambiente, Fernanda Piedra, valor\u00f3 el compromiso del grupo scout y agradeci\u00f3 la iniciativa, destacando la importancia de este tipo de acciones para fortalecer la conciencia ambiental<\/p>\n\t\t\t\t\t\t\t\t\t\t\t<\/div>\n\t\t\t\t<\/div>\n\t\t\t\n\t\t<\/div>\n\t\t<div class=\"post-meta date-color\">\n\t\t\t<div class=\"entry-meta clearfix gem-post-date\">\n\t\t\t\t<div class=\"post-meta-right\">\n\t\t\t\t\t\t\t\t\t\t\n\t\t\t\t\t\n\t\t\t\t<\/div>\n\t\t\t\t<div class=\"post-meta-left\">\n\t\t\t\t\t\t\t\t\t\t\t<span class=\"post-meta-author\">\n\t\t\t\t\t\t\t\t\t\tPor <a href=\"https:\/\/elfuerte.cl\/web\" title=\"Visitar el sitio de Prensa El Fuerte\" rel=\"author external\">Prensa El Fuerte<\/a>\t\t\t\t\t\t\t\t\t<\/span>\n\t\t\t\t\t\t\t\t\t<\/div>\n\t\t\t<\/div><!-- .entry-meta -->\n\t\t<\/div>\n\n\t\t\t\t\t<div class=\"gem-blog-slider-navigation\">\n\t\t\t\t<a href=\"#\" class=\"gem-blog-slider-prev gem-button gem-button-size-tiny\">\n\t\t\t\t\t<i aria-hidden=\"true\" class=\"gem-print-icon gem-icon-prev gem-elegant arrow-carrot-left\"><\/i>\t\t\t\t<\/a>\n\t\t\t\t<a href=\"#\" class=\"gem-blog-slider-next gem-button gem-button-size-tiny\">\n\t\t\t\t\t<i aria-hidden=\"true\" class=\"gem-print-icon gem-icon-prev gem-elegant arrow-carrot-right\"><\/i>\t\t\t\t<\/a>\n\t\t\t<\/div>\n\t\t\t<\/div>\n<\/article><!-- #post-3401 -->\n\n<article id=\"post-3392\" class=\"clearfix\">\n\n\t<a href=\"https:\/\/elfuerte.cl\/web\/2026\/01\/15\/congreso-futuro-refuerza-el-rol-de-la-ciencia-como-eje-clave-para-el-desarrollo-del-pais\/\" class=\"gem-slider-blog-link\"><\/a>\n\n\t<div class=\"gem-slider-item-image\" style=\"background: url('https:\/\/elfuerte.cl\/web\/wp-content\/uploads\/2026\/01\/Congreso-portada.jpg') no-repeat 50% 50% \/ cover;\">\n\t\t<img src=\"https:\/\/elfuerte.cl\/web\/wp-content\/uploads\/2026\/01\/Congreso-portada.jpg\"  style=\"visibility: hidden;\">\n\t<\/div>\n\n\t<div class=\"gem-slider-item-overlay\">\n\t\t<div class=\"gem-compact-item-content\">\n\t\t\t\t\t\t\t<div class=\"post-title\">\n\t\t\t\t\t<h5 class=\"entry-title reverse-link-color\"><span class=\"entry-title-date\"><\/span><span class=\"light\">Congreso Futuro refuerza el rol de la ciencia como eje clave para el desarrollo del pa\u00eds<\/span><\/h5>\t\t\t\t<\/div>\n\t\t\t\n\t\t\t\t\t\t\t<div class=\"post-text date-color\">\n\t\t\t\t\t<div class=\"summary\">\n\t\t\t\t\t\t\t\t\t\t\t\t\t<p>Valdivia ser\u00e1 sede del XI Congreso Futuro Regi\u00f3n de Los R\u00edos, instancia que se desarrollar\u00e1 este viernes 16 de enero en el Espacio Cultural La Le\u00f1era, Campus de Los Museos de la Universidad Austral de Chile.<\/p>\n\t\t\t\t\t\t\t\t\t\t\t<\/div>\n\t\t\t\t<\/div>\n\t\t\t\n\t\t<\/div>\n\t\t<div class=\"post-meta date-color\">\n\t\t\t<div class=\"entry-meta clearfix gem-post-date\">\n\t\t\t\t<div class=\"post-meta-right\">\n\t\t\t\t\t\t\t\t\t\t\n\t\t\t\t\t\n\t\t\t\t<\/div>\n\t\t\t\t<div class=\"post-meta-left\">\n\t\t\t\t\t\t\t\t\t\t\t<span class=\"post-meta-author\">\n\t\t\t\t\t\t\t\t\t\tPor <a href=\"https:\/\/elfuerte.cl\/web\" title=\"Visitar el sitio de Prensa El Fuerte\" rel=\"author external\">Prensa El Fuerte<\/a>\t\t\t\t\t\t\t\t\t<\/span>\n\t\t\t\t\t\t\t\t\t<\/div>\n\t\t\t<\/div><!-- .entry-meta -->\n\t\t<\/div>\n\n\t\t\t\t\t<div class=\"gem-blog-slider-navigation\">\n\t\t\t\t<a href=\"#\" class=\"gem-blog-slider-prev gem-button gem-button-size-tiny\">\n\t\t\t\t\t<i aria-hidden=\"true\" class=\"gem-print-icon gem-icon-prev gem-elegant arrow-carrot-left\"><\/i>\t\t\t\t<\/a>\n\t\t\t\t<a href=\"#\" class=\"gem-blog-slider-next gem-button gem-button-size-tiny\">\n\t\t\t\t\t<i aria-hidden=\"true\" class=\"gem-print-icon gem-icon-prev gem-elegant arrow-carrot-right\"><\/i>\t\t\t\t<\/a>\n\t\t\t<\/div>\n\t\t\t<\/div>\n<\/article><!-- #post-3392 -->\n\n<article id=\"post-3380\" class=\"clearfix\">\n\n\t<a href=\"https:\/\/elfuerte.cl\/web\/2026\/01\/14\/camara-chilena-de-la-construccion-valdivia-inicia-ano-gremial-con-charla-internacional-sobre-ciudades-de-aguapara-un-mundo-globalizadodel-pais-2-2\/\" class=\"gem-slider-blog-link\"><\/a>\n\n\t<div class=\"gem-slider-item-image\" style=\"background: url('https:\/\/elfuerte.cl\/web\/wp-content\/uploads\/2026\/01\/bannercch.jpg') no-repeat 50% 50% \/ cover;\">\n\t\t<img src=\"https:\/\/elfuerte.cl\/web\/wp-content\/uploads\/2026\/01\/bannercch.jpg\"  style=\"visibility: hidden;\">\n\t<\/div>\n\n\t<div class=\"gem-slider-item-overlay\">\n\t\t<div class=\"gem-compact-item-content\">\n\t\t\t\t\t\t\t<div class=\"post-title\">\n\t\t\t\t\t<h5 class=\"entry-title reverse-link-color\"><span class=\"entry-title-date\"><\/span><span class=\"light\">C\u00e1mara Chilena de la Construcci\u00f3n Valdivia inicia a\u00f1o  gremial con charla internacional sobre ciudades de agua<\/span><\/h5>\t\t\t\t<\/div>\n\t\t\t\n\t\t\t\t\t\t\t<div class=\"post-text date-color\">\n\t\t\t\t\t<div class=\"summary\">\n\t\t\t\t\t\t\t\t\t\t\t\t\t<p>La actividad es organizada por la CChC Valdivia en alianza con la Fundaci\u00f3n Chile Lagos Limpios, y busca generar un espacio de reflexi\u00f3n y di\u00e1logo en torno a los desaf\u00edos que enfrentan las ciudades con bordes ribere\u00f1os, humedales y cuencas, como es el caso de Valdivia y otras ciudades del sur del pa\u00eds.<\/p>\n\t\t\t\t\t\t\t\t\t\t\t<\/div>\n\t\t\t\t<\/div>\n\t\t\t\n\t\t<\/div>\n\t\t<div class=\"post-meta date-color\">\n\t\t\t<div class=\"entry-meta clearfix gem-post-date\">\n\t\t\t\t<div class=\"post-meta-right\">\n\t\t\t\t\t\t\t\t\t\t\n\t\t\t\t\t\n\t\t\t\t<\/div>\n\t\t\t\t<div class=\"post-meta-left\">\n\t\t\t\t\t\t\t\t\t\t\t<span class=\"post-meta-author\">\n\t\t\t\t\t\t\t\t\t\tPor <a href=\"https:\/\/elfuerte.cl\/web\" title=\"Visitar el sitio de Prensa El Fuerte\" rel=\"author external\">Prensa El Fuerte<\/a>\t\t\t\t\t\t\t\t\t<\/span>\n\t\t\t\t\t\t\t\t\t<\/div>\n\t\t\t<\/div><!-- .entry-meta -->\n\t\t<\/div>\n\n\t\t\t\t\t<div class=\"gem-blog-slider-navigation\">\n\t\t\t\t<a href=\"#\" class=\"gem-blog-slider-prev gem-button gem-button-size-tiny\">\n\t\t\t\t\t<i aria-hidden=\"true\" class=\"gem-print-icon gem-icon-prev gem-elegant arrow-carrot-left\"><\/i>\t\t\t\t<\/a>\n\t\t\t\t<a href=\"#\" class=\"gem-blog-slider-next gem-button gem-button-size-tiny\">\n\t\t\t\t\t<i aria-hidden=\"true\" class=\"gem-print-icon gem-icon-prev gem-elegant arrow-carrot-right\"><\/i>\t\t\t\t<\/a>\n\t\t\t<\/div>\n\t\t\t<\/div>\n<\/article><!-- #post-3380 -->\n\n<article id=\"post-3362\" class=\"clearfix\">\n\n\t<a href=\"https:\/\/elfuerte.cl\/web\/2026\/01\/14\/english-summer-camps-2026-refuerza-el-aprendizaje-del-ingles-como-competencia-clave-para-un-mundo-globalizadodel-pais-2\/\" class=\"gem-slider-blog-link\"><\/a>\n\n\t<div class=\"gem-slider-item-image\" style=\"background: url('https:\/\/elfuerte.cl\/web\/wp-content\/uploads\/2026\/01\/bannerenglish.jpg') no-repeat 50% 50% \/ cover;\">\n\t\t<img src=\"https:\/\/elfuerte.cl\/web\/wp-content\/uploads\/2026\/01\/bannerenglish.jpg\"  style=\"visibility: hidden;\">\n\t<\/div>\n\n\t<div class=\"gem-slider-item-overlay\">\n\t\t<div class=\"gem-compact-item-content\">\n\t\t\t\t\t\t\t<div class=\"post-title\">\n\t\t\t\t\t<h5 class=\"entry-title reverse-link-color\"><span class=\"entry-title-date\"><\/span><span class=\"light\">English Summer Camps 2026 refuerza el aprendizaje del ingl\u00e9s como competencia clave para un mundo globalizado<\/span><\/h5>\t\t\t\t<\/div>\n\t\t\t\n\t\t\t\t\t\t\t<div class=\"post-text date-color\">\n\t\t\t\t\t<div class=\"summary\">\n\t\t\t\t\t\t\t\t\t\t\t\t\t<p>El aprendizaje del ingl\u00e9s sigue siendo uno de los grandes desaf\u00edos del sistema educativo chileno. De acuerdo con el EF English Proficiency Index 2025, Chile se ubica en un nivel medio de dominio del idioma a nivel global, lo que evidencia avances, pero tambi\u00e9n importantes desaf\u00edos, especialmente en habilidades comunicativas.<\/p>\n\t\t\t\t\t\t\t\t\t\t\t<\/div>\n\t\t\t\t<\/div>\n\t\t\t\n\t\t<\/div>\n\t\t<div class=\"post-meta date-color\">\n\t\t\t<div class=\"entry-meta clearfix gem-post-date\">\n\t\t\t\t<div class=\"post-meta-right\">\n\t\t\t\t\t\t\t\t\t\t\n\t\t\t\t\t\n\t\t\t\t<\/div>\n\t\t\t\t<div class=\"post-meta-left\">\n\t\t\t\t\t\t\t\t\t\t\t<span class=\"post-meta-author\">\n\t\t\t\t\t\t\t\t\t\tPor <a href=\"https:\/\/elfuerte.cl\/web\" title=\"Visitar el sitio de Prensa El Fuerte\" rel=\"author external\">Prensa El Fuerte<\/a>\t\t\t\t\t\t\t\t\t<\/span>\n\t\t\t\t\t\t\t\t\t<\/div>\n\t\t\t<\/div><!-- .entry-meta -->\n\t\t<\/div>\n\n\t\t\t\t\t<div class=\"gem-blog-slider-navigation\">\n\t\t\t\t<a href=\"#\" class=\"gem-blog-slider-prev gem-button gem-button-size-tiny\">\n\t\t\t\t\t<i aria-hidden=\"true\" class=\"gem-print-icon gem-icon-prev gem-elegant arrow-carrot-left\"><\/i>\t\t\t\t<\/a>\n\t\t\t\t<a href=\"#\" class=\"gem-blog-slider-next gem-button gem-button-size-tiny\">\n\t\t\t\t\t<i aria-hidden=\"true\" class=\"gem-print-icon gem-icon-prev gem-elegant arrow-carrot-right\"><\/i>\t\t\t\t<\/a>\n\t\t\t<\/div>\n\t\t\t<\/div>\n<\/article><!-- #post-3362 -->\n\n<article id=\"post-3353\" class=\"clearfix\">\n\n\t<a href=\"https:\/\/elfuerte.cl\/web\/2026\/01\/14\/puerto-varas-despliega-intenso-programa-de-verano-ante-recambio-de-turistas-en-el-sur-del-pais\/\" class=\"gem-slider-blog-link\"><\/a>\n\n\t<div class=\"gem-slider-item-image\" style=\"background: url('https:\/\/elfuerte.cl\/web\/wp-content\/uploads\/2026\/01\/varas2banner.jpg') no-repeat 50% 50% \/ cover;\">\n\t\t<img src=\"https:\/\/elfuerte.cl\/web\/wp-content\/uploads\/2026\/01\/varas2banner.jpg\"  style=\"visibility: hidden;\">\n\t<\/div>\n\n\t<div class=\"gem-slider-item-overlay\">\n\t\t<div class=\"gem-compact-item-content\">\n\t\t\t\t\t\t\t<div class=\"post-title\">\n\t\t\t\t\t<h5 class=\"entry-title reverse-link-color\"><span class=\"entry-title-date\"><\/span><span class=\"light\">Puerto Varas despliega intenso programa de verano ante recambio de turistas en el sur del pa\u00eds<\/span><\/h5>\t\t\t\t<\/div>\n\t\t\t\n\t\t\t\t\t\t\t<div class=\"post-text date-color\">\n\t\t\t\t\t<div class=\"summary\">\n\t\t\t\t\t\t\t\t\t\t\t\t\t<p>La Municipalidad de Puerto Varas lanz\u00f3 oficialmente el Plan \u201cVeranea Puerto Varas 2026\u201d, una iniciativa que contempla una nutrida y diversa agenda de actividades pensadas tanto para residentes como para quienes visitan la comuna durante el verano.<\/p>\n\t\t\t\t\t\t\t\t\t\t\t<\/div>\n\t\t\t\t<\/div>\n\t\t\t\n\t\t<\/div>\n\t\t<div class=\"post-meta date-color\">\n\t\t\t<div class=\"entry-meta clearfix gem-post-date\">\n\t\t\t\t<div class=\"post-meta-right\">\n\t\t\t\t\t\t\t\t\t\t\n\t\t\t\t\t\n\t\t\t\t<\/div>\n\t\t\t\t<div class=\"post-meta-left\">\n\t\t\t\t\t\t\t\t\t\t\t<span class=\"post-meta-author\">\n\t\t\t\t\t\t\t\t\t\tPor <a href=\"https:\/\/elfuerte.cl\/web\" title=\"Visitar el sitio de Prensa El Fuerte\" rel=\"author external\">Prensa El Fuerte<\/a>\t\t\t\t\t\t\t\t\t<\/span>\n\t\t\t\t\t\t\t\t\t<\/div>\n\t\t\t<\/div><!-- .entry-meta -->\n\t\t<\/div>\n\n\t\t\t\t\t<div class=\"gem-blog-slider-navigation\">\n\t\t\t\t<a href=\"#\" class=\"gem-blog-slider-prev gem-button gem-button-size-tiny\">\n\t\t\t\t\t<i aria-hidden=\"true\" class=\"gem-print-icon gem-icon-prev gem-elegant arrow-carrot-left\"><\/i>\t\t\t\t<\/a>\n\t\t\t\t<a href=\"#\" class=\"gem-blog-slider-next gem-button gem-button-size-tiny\">\n\t\t\t\t\t<i aria-hidden=\"true\" class=\"gem-print-icon gem-icon-prev gem-elegant arrow-carrot-right\"><\/i>\t\t\t\t<\/a>\n\t\t\t<\/div>\n\t\t\t<\/div>\n<\/article><!-- #post-3353 -->\n\n<article id=\"post-3340\" class=\"clearfix\">\n\n\t<a href=\"https:\/\/elfuerte.cl\/web\/2026\/01\/13\/los-halcones-de-la-fach-deslumbraron-a-valdivia-con-espectaculo-aereo-de-nivel-internacional\/\" class=\"gem-slider-blog-link\"><\/a>\n\n\t<div class=\"gem-slider-item-image\" style=\"background: url('https:\/\/elfuerte.cl\/web\/wp-content\/uploads\/2026\/01\/Halcones-portada.jpg') no-repeat 50% 50% \/ cover;\">\n\t\t<img src=\"https:\/\/elfuerte.cl\/web\/wp-content\/uploads\/2026\/01\/Halcones-portada.jpg\"  style=\"visibility: hidden;\">\n\t<\/div>\n\n\t<div class=\"gem-slider-item-overlay\">\n\t\t<div class=\"gem-compact-item-content\">\n\t\t\t\t\t\t\t<div class=\"post-title\">\n\t\t\t\t\t<h5 class=\"entry-title reverse-link-color\"><span class=\"entry-title-date\"><\/span><span class=\"light\">Los Halcones de la FACh deslumbraron a Valdivia  con espect\u00e1culo a\u00e9reo de nivel internacional<\/span><\/h5>\t\t\t\t<\/div>\n\t\t\t\n\t\t\t\t\t\t\t<div class=\"post-text date-color\">\n\t\t\t\t\t<div class=\"summary\">\n\t\t\t\t\t\t\t\t\t\t\t\t\t<p>Gran cantidad de asistentes lleg\u00f3 hasta el aer\u00f3dromo Las Mar\u00edas para no perderse detalles de las destrezas del Grupo de Presentaci\u00f3n de la Fuerza A\u00e9rea de Chile, que ofreci\u00f3 una impecable demostraci\u00f3n de destreza y disciplina a\u00e9rea.<\/p>\n\t\t\t\t\t\t\t\t\t\t\t<\/div>\n\t\t\t\t<\/div>\n\t\t\t\n\t\t<\/div>\n\t\t<div class=\"post-meta date-color\">\n\t\t\t<div class=\"entry-meta clearfix gem-post-date\">\n\t\t\t\t<div class=\"post-meta-right\">\n\t\t\t\t\t\t\t\t\t\t\n\t\t\t\t\t\n\t\t\t\t<\/div>\n\t\t\t\t<div class=\"post-meta-left\">\n\t\t\t\t\t\t\t\t\t\t\t<span class=\"post-meta-author\">\n\t\t\t\t\t\t\t\t\t\tPor <a href=\"https:\/\/elfuerte.cl\/web\" title=\"Visitar el sitio de Prensa El Fuerte\" rel=\"author external\">Prensa El Fuerte<\/a>\t\t\t\t\t\t\t\t\t<\/span>\n\t\t\t\t\t\t\t\t\t<\/div>\n\t\t\t<\/div><!-- .entry-meta -->\n\t\t<\/div>\n\n\t\t\t\t\t<div class=\"gem-blog-slider-navigation\">\n\t\t\t\t<a href=\"#\" class=\"gem-blog-slider-prev gem-button gem-button-size-tiny\">\n\t\t\t\t\t<i aria-hidden=\"true\" class=\"gem-print-icon gem-icon-prev gem-elegant arrow-carrot-left\"><\/i>\t\t\t\t<\/a>\n\t\t\t\t<a href=\"#\" class=\"gem-blog-slider-next gem-button gem-button-size-tiny\">\n\t\t\t\t\t<i aria-hidden=\"true\" class=\"gem-print-icon gem-icon-prev gem-elegant arrow-carrot-right\"><\/i>\t\t\t\t<\/a>\n\t\t\t<\/div>\n\t\t\t<\/div>\n<\/article><!-- #post-3340 -->\n\n<article id=\"post-3319\" class=\"clearfix\">\n\n\t<a href=\"https:\/\/elfuerte.cl\/web\/2026\/01\/13\/primer-zarpe-del-catamaran-venezia-fortalece-la-oferta-turistica-fluvial-de-valdivia\/\" class=\"gem-slider-blog-link\"><\/a>\n\n\t<div class=\"gem-slider-item-image\" style=\"background: url('https:\/\/elfuerte.cl\/web\/wp-content\/uploads\/2026\/01\/Catamaran-portada.jpg') no-repeat 50% 50% \/ cover;\">\n\t\t<img src=\"https:\/\/elfuerte.cl\/web\/wp-content\/uploads\/2026\/01\/Catamaran-portada.jpg\"  style=\"visibility: hidden;\">\n\t<\/div>\n\n\t<div class=\"gem-slider-item-overlay\">\n\t\t<div class=\"gem-compact-item-content\">\n\t\t\t\t\t\t\t<div class=\"post-title\">\n\t\t\t\t\t<h5 class=\"entry-title reverse-link-color\"><span class=\"entry-title-date\"><\/span><span class=\"light\">Primer zarpe del catamar\u00e1n \u201cVENEZIA\u201d  fortalece la oferta tur\u00edstica fluvial de Valdivia<\/span><\/h5>\t\t\t\t<\/div>\n\t\t\t\n\t\t\t\t\t\t\t<div class=\"post-text date-color\">\n\t\t\t\t\t<div class=\"summary\">\n\t\t\t\t\t\t\t\t\t\t\t\t\t<p>La nueva embarcaci\u00f3n marca un hito para la navegaci\u00f3n tur\u00edstica local, con una inversi\u00f3n cercana a los $400 millones y un est\u00e1ndar de confort que refuerza la identidad de Valdivia como la \u00fanica ciudad con una red fluvial navegable del pa\u00eds.<\/p>\n\t\t\t\t\t\t\t\t\t\t\t<\/div>\n\t\t\t\t<\/div>\n\t\t\t\n\t\t<\/div>\n\t\t<div class=\"post-meta date-color\">\n\t\t\t<div class=\"entry-meta clearfix gem-post-date\">\n\t\t\t\t<div class=\"post-meta-right\">\n\t\t\t\t\t\t\t\t\t\t\n\t\t\t\t\t\n\t\t\t\t<\/div>\n\t\t\t\t<div class=\"post-meta-left\">\n\t\t\t\t\t\t\t\t\t\t\t<span class=\"post-meta-author\">\n\t\t\t\t\t\t\t\t\t\tPor <a href=\"https:\/\/elfuerte.cl\/web\" title=\"Visitar el sitio de Prensa El Fuerte\" rel=\"author external\">Prensa El Fuerte<\/a>\t\t\t\t\t\t\t\t\t<\/span>\n\t\t\t\t\t\t\t\t\t<\/div>\n\t\t\t<\/div><!-- .entry-meta -->\n\t\t<\/div>\n\n\t\t\t\t\t<div class=\"gem-blog-slider-navigation\">\n\t\t\t\t<a href=\"#\" class=\"gem-blog-slider-prev gem-button gem-button-size-tiny\">\n\t\t\t\t\t<i aria-hidden=\"true\" class=\"gem-print-icon gem-icon-prev gem-elegant arrow-carrot-left\"><\/i>\t\t\t\t<\/a>\n\t\t\t\t<a href=\"#\" class=\"gem-blog-slider-next gem-button gem-button-size-tiny\">\n\t\t\t\t\t<i aria-hidden=\"true\" class=\"gem-print-icon gem-icon-prev gem-elegant arrow-carrot-right\"><\/i>\t\t\t\t<\/a>\n\t\t\t<\/div>\n\t\t\t<\/div>\n<\/article><!-- #post-3319 -->\n\n<article id=\"post-3307\" class=\"clearfix\">\n\n\t<a href=\"https:\/\/elfuerte.cl\/web\/2026\/01\/13\/teatro-regional-cervantes-refuerza-su-aporte-cultural-con-cartelera-estival-en-distintas-comunas-de-los-rios\/\" class=\"gem-slider-blog-link\"><\/a>\n\n\t<div class=\"gem-slider-item-image\" style=\"background: url('https:\/\/elfuerte.cl\/web\/wp-content\/uploads\/2026\/01\/Cervantres-portada.jpg') no-repeat 50% 50% \/ cover;\">\n\t\t<img src=\"https:\/\/elfuerte.cl\/web\/wp-content\/uploads\/2026\/01\/Cervantres-portada.jpg\"  style=\"visibility: hidden;\">\n\t<\/div>\n\n\t<div class=\"gem-slider-item-overlay\">\n\t\t<div class=\"gem-compact-item-content\">\n\t\t\t\t\t\t\t<div class=\"post-title\">\n\t\t\t\t\t<h5 class=\"entry-title reverse-link-color\"><span class=\"entry-title-date\"><\/span><span class=\"light\">Teatro Regional Cervantes refuerza su aporte cultural  con cartelera estival en distintas comunas de Los R\u00edos<\/span><\/h5>\t\t\t\t<\/div>\n\t\t\t\n\t\t\t\t\t\t\t<div class=\"post-text date-color\">\n\t\t\t\t\t<div class=\"summary\">\n\t\t\t\t\t\t\t\t\t\t\t\t\t<p>A contar de este martes comienza una nueva versi\u00f3n del programa Cervantes en Comunas, con funciones gratuitas que recorrer\u00e1n distintas localidades de la regi\u00f3n durante el verano.<\/p>\n\t\t\t\t\t\t\t\t\t\t\t<\/div>\n\t\t\t\t<\/div>\n\t\t\t\n\t\t<\/div>\n\t\t<div class=\"post-meta date-color\">\n\t\t\t<div class=\"entry-meta clearfix gem-post-date\">\n\t\t\t\t<div class=\"post-meta-right\">\n\t\t\t\t\t\t\t\t\t\t\n\t\t\t\t\t\n\t\t\t\t<\/div>\n\t\t\t\t<div class=\"post-meta-left\">\n\t\t\t\t\t\t\t\t\t\t\t<span class=\"post-meta-author\">\n\t\t\t\t\t\t\t\t\t\tPor <a href=\"https:\/\/elfuerte.cl\/web\" title=\"Visitar el sitio de Prensa El Fuerte\" rel=\"author external\">Prensa El Fuerte<\/a>\t\t\t\t\t\t\t\t\t<\/span>\n\t\t\t\t\t\t\t\t\t<\/div>\n\t\t\t<\/div><!-- .entry-meta -->\n\t\t<\/div>\n\n\t\t\t\t\t<div class=\"gem-blog-slider-navigation\">\n\t\t\t\t<a href=\"#\" class=\"gem-blog-slider-prev gem-button gem-button-size-tiny\">\n\t\t\t\t\t<i aria-hidden=\"true\" class=\"gem-print-icon gem-icon-prev gem-elegant arrow-carrot-left\"><\/i>\t\t\t\t<\/a>\n\t\t\t\t<a href=\"#\" class=\"gem-blog-slider-next gem-button gem-button-size-tiny\">\n\t\t\t\t\t<i aria-hidden=\"true\" class=\"gem-print-icon gem-icon-prev gem-elegant arrow-carrot-right\"><\/i>\t\t\t\t<\/a>\n\t\t\t<\/div>\n\t\t\t<\/div>\n<\/article><!-- #post-3307 -->\n\n<article id=\"post-3258\" class=\"clearfix\">\n\n\t<a href=\"https:\/\/elfuerte.cl\/web\/2026\/01\/12\/los-halcones-de-la-fach-se-presentan-manana-en-valdivia\/\" class=\"gem-slider-blog-link\"><\/a>\n\n\t<div class=\"gem-slider-item-image\" style=\"background: url('https:\/\/elfuerte.cl\/web\/wp-content\/uploads\/2026\/01\/qaviadorbanner.jpg') no-repeat 50% 50% \/ cover;\">\n\t\t<img src=\"https:\/\/elfuerte.cl\/web\/wp-content\/uploads\/2026\/01\/qaviadorbanner.jpg\"  style=\"visibility: hidden;\">\n\t<\/div>\n\n\t<div class=\"gem-slider-item-overlay\">\n\t\t<div class=\"gem-compact-item-content\">\n\t\t\t\t\t\t\t<div class=\"post-title\">\n\t\t\t\t\t<h5 class=\"entry-title reverse-link-color\"><span class=\"entry-title-date\"><\/span><span class=\"light\">Los \u00abHalcones\u00bb de la FACh se  presentan ma\u00f1ana en Valdivia<\/span><\/h5>\t\t\t\t<\/div>\n\t\t\t\n\t\t\t\t\t\t\t<div class=\"post-text date-color\">\n\t\t\t\t\t<div class=\"summary\">\n\t\t\t\t\t\t\t\t\t\t\t\t\t<p>Las maniobras a\u00e9reas comenzar\u00e1n a las 16:00 horas y podr\u00e1n ser apreciadas desde el aer\u00f3dromo Las Mar\u00edas y la avenida Costanera, en el marco del programa Verano en Valdivia.<\/p>\n\t\t\t\t\t\t\t\t\t\t\t<\/div>\n\t\t\t\t<\/div>\n\t\t\t\n\t\t<\/div>\n\t\t<div class=\"post-meta date-color\">\n\t\t\t<div class=\"entry-meta clearfix gem-post-date\">\n\t\t\t\t<div class=\"post-meta-right\">\n\t\t\t\t\t\t\t\t\t\t\n\t\t\t\t\t\n\t\t\t\t<\/div>\n\t\t\t\t<div class=\"post-meta-left\">\n\t\t\t\t\t\t\t\t\t\t\t<span class=\"post-meta-author\">\n\t\t\t\t\t\t\t\t\t\tPor <a href=\"https:\/\/elfuerte.cl\/web\" title=\"Visitar el sitio de Prensa El Fuerte\" rel=\"author external\">Prensa El Fuerte<\/a>\t\t\t\t\t\t\t\t\t<\/span>\n\t\t\t\t\t\t\t\t\t<\/div>\n\t\t\t<\/div><!-- .entry-meta -->\n\t\t<\/div>\n\n\t\t\t\t\t<div class=\"gem-blog-slider-navigation\">\n\t\t\t\t<a href=\"#\" class=\"gem-blog-slider-prev gem-button gem-button-size-tiny\">\n\t\t\t\t\t<i aria-hidden=\"true\" class=\"gem-print-icon gem-icon-prev gem-elegant arrow-carrot-left\"><\/i>\t\t\t\t<\/a>\n\t\t\t\t<a href=\"#\" class=\"gem-blog-slider-next gem-button gem-button-size-tiny\">\n\t\t\t\t\t<i aria-hidden=\"true\" class=\"gem-print-icon gem-icon-prev gem-elegant arrow-carrot-right\"><\/i>\t\t\t\t<\/a>\n\t\t\t<\/div>\n\t\t\t<\/div>\n<\/article><!-- #post-3258 -->\n\n<article id=\"post-3187\" class=\"clearfix\">\n\n\t<a href=\"https:\/\/elfuerte.cl\/web\/2026\/01\/11\/feria-costumbrista-de-punucapa-celebra-30-anos-de-trabajo-comunitario-e-identidad-local\/\" class=\"gem-slider-blog-link\"><\/a>\n\n\t<div class=\"gem-slider-item-image\" style=\"background: url('https:\/\/elfuerte.cl\/web\/wp-content\/uploads\/2026\/01\/Punucapa-Portada.jpg') no-repeat 50% 50% \/ cover;\">\n\t\t<img src=\"https:\/\/elfuerte.cl\/web\/wp-content\/uploads\/2026\/01\/Punucapa-Portada.jpg\"  style=\"visibility: hidden;\">\n\t<\/div>\n\n\t<div class=\"gem-slider-item-overlay\">\n\t\t<div class=\"gem-compact-item-content\">\n\t\t\t\t\t\t\t<div class=\"post-title\">\n\t\t\t\t\t<h5 class=\"entry-title reverse-link-color\"><span class=\"entry-title-date\"><\/span><span class=\"light\">Feria Costumbrista de Punucapa celebra 30 a\u00f1os de trabajo comunitario e identidad local<\/span><\/h5>\t\t\t\t<\/div>\n\t\t\t\n\t\t\t\t\t\t\t<div class=\"post-text date-color\">\n\t\t\t\t\t<div class=\"summary\">\n\t\t\t\t\t\t\t\t\t\t\t\t\t<p>Con tres d\u00e9cadas de trayectoria, la tradicional feria se consolida como un referente gastron\u00f3mico, cultural y tur\u00edstico del territorio, sostenida \u00edntegramente por familias de la localidad.<\/p>\n\t\t\t\t\t\t\t\t\t\t\t<\/div>\n\t\t\t\t<\/div>\n\t\t\t\n\t\t<\/div>\n\t\t<div class=\"post-meta date-color\">\n\t\t\t<div class=\"entry-meta clearfix gem-post-date\">\n\t\t\t\t<div class=\"post-meta-right\">\n\t\t\t\t\t\t\t\t\t\t\n\t\t\t\t\t\n\t\t\t\t<\/div>\n\t\t\t\t<div class=\"post-meta-left\">\n\t\t\t\t\t\t\t\t\t\t\t<span class=\"post-meta-author\">\n\t\t\t\t\t\t\t\t\t\tPor <a href=\"https:\/\/elfuerte.cl\/web\" title=\"Visitar el sitio de Prensa El Fuerte\" rel=\"author external\">Prensa El Fuerte<\/a>\t\t\t\t\t\t\t\t\t<\/span>\n\t\t\t\t\t\t\t\t\t<\/div>\n\t\t\t<\/div><!-- .entry-meta -->\n\t\t<\/div>\n\n\t\t\t\t\t<div class=\"gem-blog-slider-navigation\">\n\t\t\t\t<a href=\"#\" class=\"gem-blog-slider-prev gem-button gem-button-size-tiny\">\n\t\t\t\t\t<i aria-hidden=\"true\" class=\"gem-print-icon gem-icon-prev gem-elegant arrow-carrot-left\"><\/i>\t\t\t\t<\/a>\n\t\t\t\t<a href=\"#\" class=\"gem-blog-slider-next gem-button gem-button-size-tiny\">\n\t\t\t\t\t<i aria-hidden=\"true\" class=\"gem-print-icon gem-icon-prev gem-elegant arrow-carrot-right\"><\/i>\t\t\t\t<\/a>\n\t\t\t<\/div>\n\t\t\t<\/div>\n<\/article><!-- #post-3187 -->\n\n<article id=\"post-3177\" class=\"clearfix\">\n\n\t<a href=\"https:\/\/elfuerte.cl\/web\/2026\/01\/11\/plan-de-reactivacion-proyecta-inversion-historica-de-160-mil-millones-para-transformar-puerto-montt\/\" class=\"gem-slider-blog-link\"><\/a>\n\n\t<div class=\"gem-slider-item-image\" style=\"background: url('https:\/\/elfuerte.cl\/web\/wp-content\/uploads\/2026\/01\/Plan-portada.jpg') no-repeat 50% 50% \/ cover;\">\n\t\t<img src=\"https:\/\/elfuerte.cl\/web\/wp-content\/uploads\/2026\/01\/Plan-portada.jpg\"  style=\"visibility: hidden;\">\n\t<\/div>\n\n\t<div class=\"gem-slider-item-overlay\">\n\t\t<div class=\"gem-compact-item-content\">\n\t\t\t\t\t\t\t<div class=\"post-title\">\n\t\t\t\t\t<h5 class=\"entry-title reverse-link-color\"><span class=\"entry-title-date\"><\/span><span class=\"light\">Plan de reactivaci\u00f3n proyecta inversi\u00f3n hist\u00f3rica  de $160 mil millones para transformar Puerto Montt<\/span><\/h5>\t\t\t\t<\/div>\n\t\t\t\n\t\t\t\t\t\t\t<div class=\"post-text date-color\">\n\t\t\t\t\t<div class=\"summary\">\n\t\t\t\t\t\t\t\t\t\t\t\t\t<p>Municipio, Gobierno Regional y gremios activan un plan p\u00fablico-privado para destrabar inversiones demoradas, acelerar obras y generar empleo en la capital de Los Lagos.<\/p>\n\t\t\t\t\t\t\t\t\t\t\t<\/div>\n\t\t\t\t<\/div>\n\t\t\t\n\t\t<\/div>\n\t\t<div class=\"post-meta date-color\">\n\t\t\t<div class=\"entry-meta clearfix gem-post-date\">\n\t\t\t\t<div class=\"post-meta-right\">\n\t\t\t\t\t\t\t\t\t\t\n\t\t\t\t\t\n\t\t\t\t<\/div>\n\t\t\t\t<div class=\"post-meta-left\">\n\t\t\t\t\t\t\t\t\t\t\t<span class=\"post-meta-author\">\n\t\t\t\t\t\t\t\t\t\tPor <a href=\"https:\/\/elfuerte.cl\/web\" title=\"Visitar el sitio de Prensa El Fuerte\" rel=\"author external\">Prensa El Fuerte<\/a>\t\t\t\t\t\t\t\t\t<\/span>\n\t\t\t\t\t\t\t\t\t<\/div>\n\t\t\t<\/div><!-- .entry-meta -->\n\t\t<\/div>\n\n\t\t\t\t\t<div class=\"gem-blog-slider-navigation\">\n\t\t\t\t<a href=\"#\" class=\"gem-blog-slider-prev gem-button gem-button-size-tiny\">\n\t\t\t\t\t<i aria-hidden=\"true\" class=\"gem-print-icon gem-icon-prev gem-elegant arrow-carrot-left\"><\/i>\t\t\t\t<\/a>\n\t\t\t\t<a href=\"#\" class=\"gem-blog-slider-next gem-button gem-button-size-tiny\">\n\t\t\t\t\t<i aria-hidden=\"true\" class=\"gem-print-icon gem-icon-prev gem-elegant arrow-carrot-right\"><\/i>\t\t\t\t<\/a>\n\t\t\t<\/div>\n\t\t\t<\/div>\n<\/article><!-- #post-3177 -->\n\n<article id=\"post-3158\" class=\"clearfix\">\n\n\t<a href=\"https:\/\/elfuerte.cl\/web\/2026\/01\/09\/monte-verde-el-sitio-que-cambio-la-historia-de-la-humanidad-comienza-a-ponerse-en-valor\/\" class=\"gem-slider-blog-link\"><\/a>\n\n\t<div class=\"gem-slider-item-image\" style=\"background: url('https:\/\/elfuerte.cl\/web\/wp-content\/uploads\/2026\/01\/Monte-verde-portada.jpg') no-repeat 50% 50% \/ cover;\">\n\t\t<img src=\"https:\/\/elfuerte.cl\/web\/wp-content\/uploads\/2026\/01\/Monte-verde-portada.jpg\"  style=\"visibility: hidden;\">\n\t<\/div>\n\n\t<div class=\"gem-slider-item-overlay\">\n\t\t<div class=\"gem-compact-item-content\">\n\t\t\t\t\t\t\t<div class=\"post-title\">\n\t\t\t\t\t<h5 class=\"entry-title reverse-link-color\"><span class=\"entry-title-date\"><\/span><span class=\"light\">Monte Verde: el sitio que cambi\u00f3 la historia  de la humanidad comienza a ponerse en valor<\/span><\/h5>\t\t\t\t<\/div>\n\t\t\t\n\t\t\t\t\t\t\t<div class=\"post-text date-color\">\n\t\t\t\t\t<div class=\"summary\">\n\t\t\t\t\t\t\t\t\t\t\t\t\t<p>Un nuevo pabell\u00f3n informativo permitir\u00e1 comprender en terreno la relevancia del sitio arqueol\u00f3gico de Monte Verde, donde se comprob\u00f3 la presencia humana m\u00e1s antigua de Am\u00e9rica, cambiando para siempre la teor\u00eda del poblamiento del continente.<\/p>\n\t\t\t\t\t\t\t\t\t\t\t<\/div>\n\t\t\t\t<\/div>\n\t\t\t\n\t\t<\/div>\n\t\t<div class=\"post-meta date-color\">\n\t\t\t<div class=\"entry-meta clearfix gem-post-date\">\n\t\t\t\t<div class=\"post-meta-right\">\n\t\t\t\t\t\t\t\t\t\t\n\t\t\t\t\t\n\t\t\t\t<\/div>\n\t\t\t\t<div class=\"post-meta-left\">\n\t\t\t\t\t\t\t\t\t\t\t<span class=\"post-meta-author\">\n\t\t\t\t\t\t\t\t\t\tPor <a href=\"https:\/\/elfuerte.cl\/web\" title=\"Visitar el sitio de Prensa El Fuerte\" rel=\"author external\">Prensa El Fuerte<\/a>\t\t\t\t\t\t\t\t\t<\/span>\n\t\t\t\t\t\t\t\t\t<\/div>\n\t\t\t<\/div><!-- .entry-meta -->\n\t\t<\/div>\n\n\t\t\t\t\t<div class=\"gem-blog-slider-navigation\">\n\t\t\t\t<a href=\"#\" class=\"gem-blog-slider-prev gem-button gem-button-size-tiny\">\n\t\t\t\t\t<i aria-hidden=\"true\" class=\"gem-print-icon gem-icon-prev gem-elegant arrow-carrot-left\"><\/i>\t\t\t\t<\/a>\n\t\t\t\t<a href=\"#\" class=\"gem-blog-slider-next gem-button gem-button-size-tiny\">\n\t\t\t\t\t<i aria-hidden=\"true\" class=\"gem-print-icon gem-icon-prev gem-elegant arrow-carrot-right\"><\/i>\t\t\t\t<\/a>\n\t\t\t<\/div>\n\t\t\t<\/div>\n<\/article><!-- #post-3158 -->\n\n<article id=\"post-3120\" class=\"clearfix\">\n\n\t<a href=\"https:\/\/elfuerte.cl\/web\/2026\/01\/08\/camila-banares-la-influencer-que-esta-cambiando-la-forma-en-que-miles-de-personas-usan-la-ia-en-chile\/\" class=\"gem-slider-blog-link\"><\/a>\n\n\t<div class=\"gem-slider-item-image\" style=\"background: url('https:\/\/elfuerte.cl\/web\/wp-content\/uploads\/2026\/01\/bannercami.jpg') no-repeat 50% 50% \/ cover;\">\n\t\t<img src=\"https:\/\/elfuerte.cl\/web\/wp-content\/uploads\/2026\/01\/bannercami.jpg\"  style=\"visibility: hidden;\">\n\t<\/div>\n\n\t<div class=\"gem-slider-item-overlay\">\n\t\t<div class=\"gem-compact-item-content\">\n\t\t\t\t\t\t\t<div class=\"post-title\">\n\t\t\t\t\t<h5 class=\"entry-title reverse-link-color\"><span class=\"entry-title-date\"><\/span><span class=\"light\">Camila Ba\u00f1ares: la influencer que est\u00e1 cambiando  la forma en que miles de personas usan la IA en Chile<\/span><\/h5>\t\t\t\t<\/div>\n\t\t\t\n\t\t\t\t\t\t\t<div class=\"post-text date-color\">\n\t\t\t\t\t<div class=\"summary\">\n\t\t\t\t\t\t\t\t\t\t\t\t\t<p>Camidevai, por su cuenta de Instagram en la que tiene m\u00e1s de 230 mil seguidores, convers\u00f3 con El Fuerte Noticias en el marco de la realizaci\u00f3n de RuedaLab, y entreg\u00f3 su impresi\u00f3n respecto del impacto de la inteligencia artificial en las personas y empresas.<\/p>\n\t\t\t\t\t\t\t\t\t\t\t<\/div>\n\t\t\t\t<\/div>\n\t\t\t\n\t\t<\/div>\n\t\t<div class=\"post-meta date-color\">\n\t\t\t<div class=\"entry-meta clearfix gem-post-date\">\n\t\t\t\t<div class=\"post-meta-right\">\n\t\t\t\t\t\t\t\t\t\t\n\t\t\t\t\t\n\t\t\t\t<\/div>\n\t\t\t\t<div class=\"post-meta-left\">\n\t\t\t\t\t\t\t\t\t\t\t<span class=\"post-meta-author\">\n\t\t\t\t\t\t\t\t\t\tPor <a href=\"https:\/\/elfuerte.cl\/web\" title=\"Visitar el sitio de Prensa El Fuerte\" rel=\"author external\">Prensa El Fuerte<\/a>\t\t\t\t\t\t\t\t\t<\/span>\n\t\t\t\t\t\t\t\t\t<\/div>\n\t\t\t<\/div><!-- .entry-meta -->\n\t\t<\/div>\n\n\t\t\t\t\t<div class=\"gem-blog-slider-navigation\">\n\t\t\t\t<a href=\"#\" class=\"gem-blog-slider-prev gem-button gem-button-size-tiny\">\n\t\t\t\t\t<i aria-hidden=\"true\" class=\"gem-print-icon gem-icon-prev gem-elegant arrow-carrot-left\"><\/i>\t\t\t\t<\/a>\n\t\t\t\t<a href=\"#\" class=\"gem-blog-slider-next gem-button gem-button-size-tiny\">\n\t\t\t\t\t<i aria-hidden=\"true\" class=\"gem-print-icon gem-icon-prev gem-elegant arrow-carrot-right\"><\/i>\t\t\t\t<\/a>\n\t\t\t<\/div>\n\t\t\t<\/div>\n<\/article><!-- #post-3120 -->\n\n<article id=\"post-3110\" class=\"clearfix\">\n\n\t<a href=\"https:\/\/elfuerte.cl\/web\/2026\/01\/08\/ruedalab-reunio-en-valdivia-a-referentes-nacionales-para-impulsar-la-inteligencia-artificial-desde-la-region\/\" class=\"gem-slider-blog-link\"><\/a>\n\n\t<div class=\"gem-slider-item-image\" style=\"background: url('https:\/\/elfuerte.cl\/web\/wp-content\/uploads\/2026\/01\/Rueda-Lab-portada.jpg') no-repeat 50% 50% \/ cover;\">\n\t\t<img src=\"https:\/\/elfuerte.cl\/web\/wp-content\/uploads\/2026\/01\/Rueda-Lab-portada.jpg\"  style=\"visibility: hidden;\">\n\t<\/div>\n\n\t<div class=\"gem-slider-item-overlay\">\n\t\t<div class=\"gem-compact-item-content\">\n\t\t\t\t\t\t\t<div class=\"post-title\">\n\t\t\t\t\t<h5 class=\"entry-title reverse-link-color\"><span class=\"entry-title-date\"><\/span><span class=\"light\">RuedaLab reuni\u00f3 en Valdivia a referentes nacionales  para impulsar la inteligencia artificial desde la regi\u00f3n<\/span><\/h5>\t\t\t\t<\/div>\n\t\t\t\n\t\t\t\t\t\t\t<div class=\"post-text date-color\">\n\t\t\t\t\t<div class=\"summary\">\n\t\t\t\t\t\t\t\t\t\t\t\t\t<p>El presidente de ARIA Los R\u00edos, Boris Gonz\u00e1lez, explic\u00f3 que RuedaLab IA surge como una respuesta a la necesidad de comprender y utilizar esta tecnolog\u00eda de manera informada y descentralizada.<\/p>\n\t\t\t\t\t\t\t\t\t\t\t<\/div>\n\t\t\t\t<\/div>\n\t\t\t\n\t\t<\/div>\n\t\t<div class=\"post-meta date-color\">\n\t\t\t<div class=\"entry-meta clearfix gem-post-date\">\n\t\t\t\t<div class=\"post-meta-right\">\n\t\t\t\t\t\t\t\t\t\t\n\t\t\t\t\t\n\t\t\t\t<\/div>\n\t\t\t\t<div class=\"post-meta-left\">\n\t\t\t\t\t\t\t\t\t\t\t<span class=\"post-meta-author\">\n\t\t\t\t\t\t\t\t\t\tPor <a href=\"https:\/\/elfuerte.cl\/web\" title=\"Visitar el sitio de Prensa El Fuerte\" rel=\"author external\">Prensa El Fuerte<\/a>\t\t\t\t\t\t\t\t\t<\/span>\n\t\t\t\t\t\t\t\t\t<\/div>\n\t\t\t<\/div><!-- .entry-meta -->\n\t\t<\/div>\n\n\t\t\t\t\t<div class=\"gem-blog-slider-navigation\">\n\t\t\t\t<a href=\"#\" class=\"gem-blog-slider-prev gem-button gem-button-size-tiny\">\n\t\t\t\t\t<i aria-hidden=\"true\" class=\"gem-print-icon gem-icon-prev gem-elegant arrow-carrot-left\"><\/i>\t\t\t\t<\/a>\n\t\t\t\t<a href=\"#\" class=\"gem-blog-slider-next gem-button gem-button-size-tiny\">\n\t\t\t\t\t<i aria-hidden=\"true\" class=\"gem-print-icon gem-icon-prev gem-elegant arrow-carrot-right\"><\/i>\t\t\t\t<\/a>\n\t\t\t<\/div>\n\t\t\t<\/div>\n<\/article><!-- #post-3110 -->\n\n<article id=\"post-3030\" class=\"clearfix\">\n\n\t<a href=\"https:\/\/elfuerte.cl\/web\/2026\/01\/05\/comenzo-ruedalab-ia-2026-inteligencia-artificial-con-identidad-regional-y-proposito-humano\/\" class=\"gem-slider-blog-link\"><\/a>\n\n\t<div class=\"gem-slider-item-image\" style=\"background: url('https:\/\/elfuerte.cl\/web\/wp-content\/uploads\/2026\/01\/IA-portada.jpg') no-repeat 50% 50% \/ cover;\">\n\t\t<img src=\"https:\/\/elfuerte.cl\/web\/wp-content\/uploads\/2026\/01\/IA-portada.jpg\"  style=\"visibility: hidden;\">\n\t<\/div>\n\n\t<div class=\"gem-slider-item-overlay\">\n\t\t<div class=\"gem-compact-item-content\">\n\t\t\t\t\t\t\t<div class=\"post-title\">\n\t\t\t\t\t<h5 class=\"entry-title reverse-link-color\"><span class=\"entry-title-date\"><\/span><span class=\"light\">Comenz\u00f3 RuedaLab IA 2026: inteligencia artificial  con identidad regional y prop\u00f3sito humano<\/span><\/h5>\t\t\t\t<\/div>\n\t\t\t\n\t\t\t\t\t\t\t<div class=\"post-text date-color\">\n\t\t\t\t\t<div class=\"summary\">\n\t\t\t\t\t\t\t\t\t\t\t\t\t<p>La actividad es impulsada por ARIA Los R\u00edos, la primera Asociaci\u00f3n Regional de Inteligencia Artificial en Chile, cuyo prop\u00f3sito es romper con el centralismo y demostrar que la IA puede desarrollarse en regiones.<\/p>\n\t\t\t\t\t\t\t\t\t\t\t<\/div>\n\t\t\t\t<\/div>\n\t\t\t\n\t\t<\/div>\n\t\t<div class=\"post-meta date-color\">\n\t\t\t<div class=\"entry-meta clearfix gem-post-date\">\n\t\t\t\t<div class=\"post-meta-right\">\n\t\t\t\t\t\t\t\t\t\t\n\t\t\t\t\t\n\t\t\t\t<\/div>\n\t\t\t\t<div class=\"post-meta-left\">\n\t\t\t\t\t\t\t\t\t\t\t<span class=\"post-meta-author\">\n\t\t\t\t\t\t\t\t\t\tPor <a href=\"https:\/\/elfuerte.cl\/web\" title=\"Visitar el sitio de Prensa El Fuerte\" rel=\"author external\">Prensa El Fuerte<\/a>\t\t\t\t\t\t\t\t\t<\/span>\n\t\t\t\t\t\t\t\t\t<\/div>\n\t\t\t<\/div><!-- .entry-meta -->\n\t\t<\/div>\n\n\t\t\t\t\t<div class=\"gem-blog-slider-navigation\">\n\t\t\t\t<a href=\"#\" class=\"gem-blog-slider-prev gem-button gem-button-size-tiny\">\n\t\t\t\t\t<i aria-hidden=\"true\" class=\"gem-print-icon gem-icon-prev gem-elegant arrow-carrot-left\"><\/i>\t\t\t\t<\/a>\n\t\t\t\t<a href=\"#\" class=\"gem-blog-slider-next gem-button gem-button-size-tiny\">\n\t\t\t\t\t<i aria-hidden=\"true\" class=\"gem-print-icon gem-icon-prev gem-elegant arrow-carrot-right\"><\/i>\t\t\t\t<\/a>\n\t\t\t<\/div>\n\t\t\t<\/div>\n<\/article><!-- #post-3030 -->\n\n<article id=\"post-3019\" class=\"clearfix\">\n\n\t<a href=\"https:\/\/elfuerte.cl\/web\/2026\/01\/02\/volcan-osorno-un-destino-imperdible-en-el-sur-durante-toda-epoca-del-ano\/\" class=\"gem-slider-blog-link\"><\/a>\n\n\t<div class=\"gem-slider-item-image\" style=\"background: url('https:\/\/elfuerte.cl\/web\/wp-content\/uploads\/2026\/01\/volcanbanner.jpg') no-repeat 50% 50% \/ cover;\">\n\t\t<img src=\"https:\/\/elfuerte.cl\/web\/wp-content\/uploads\/2026\/01\/volcanbanner.jpg\"  style=\"visibility: hidden;\">\n\t<\/div>\n\n\t<div class=\"gem-slider-item-overlay\">\n\t\t<div class=\"gem-compact-item-content\">\n\t\t\t\t\t\t\t<div class=\"post-title\">\n\t\t\t\t\t<h5 class=\"entry-title reverse-link-color\"><span class=\"entry-title-date\"><\/span><span class=\"light\">Volc\u00e1n Osorno: un destino imperdible  en el sur durante toda \u00e9poca del a\u00f1o<\/span><\/h5>\t\t\t\t<\/div>\n\t\t\t\n\t\t\t\t\t\t\t<div class=\"post-text date-color\">\n\t\t\t\t\t<div class=\"summary\">\n\t\t\t\t\t\t\t\t\t\t\t\t\t<p>Caminar por los senderos en altura es una invitaci\u00f3n a la contemplaci\u00f3n. Cada mirador ofrece una postal distinta, donde la naturaleza se muestra en su estado m\u00e1s puro<\/p>\n\t\t\t\t\t\t\t\t\t\t\t<\/div>\n\t\t\t\t<\/div>\n\t\t\t\n\t\t<\/div>\n\t\t<div class=\"post-meta date-color\">\n\t\t\t<div class=\"entry-meta clearfix gem-post-date\">\n\t\t\t\t<div class=\"post-meta-right\">\n\t\t\t\t\t\t\t\t\t\t\n\t\t\t\t\t\n\t\t\t\t<\/div>\n\t\t\t\t<div class=\"post-meta-left\">\n\t\t\t\t\t\t\t\t\t\t\t<span class=\"post-meta-author\">\n\t\t\t\t\t\t\t\t\t\tPor <a href=\"https:\/\/elfuerte.cl\/web\" title=\"Visitar el sitio de Prensa El Fuerte\" rel=\"author external\">Prensa El Fuerte<\/a>\t\t\t\t\t\t\t\t\t<\/span>\n\t\t\t\t\t\t\t\t\t<\/div>\n\t\t\t<\/div><!-- .entry-meta -->\n\t\t<\/div>\n\n\t\t\t\t\t<div class=\"gem-blog-slider-navigation\">\n\t\t\t\t<a href=\"#\" class=\"gem-blog-slider-prev gem-button gem-button-size-tiny\">\n\t\t\t\t\t<i aria-hidden=\"true\" class=\"gem-print-icon gem-icon-prev gem-elegant arrow-carrot-left\"><\/i>\t\t\t\t<\/a>\n\t\t\t\t<a href=\"#\" class=\"gem-blog-slider-next gem-button gem-button-size-tiny\">\n\t\t\t\t\t<i aria-hidden=\"true\" class=\"gem-print-icon gem-icon-prev gem-elegant arrow-carrot-right\"><\/i>\t\t\t\t<\/a>\n\t\t\t<\/div>\n\t\t\t<\/div>\n<\/article><!-- #post-3019 -->\n\n<article id=\"post-3008\" class=\"clearfix\">\n\n\t<a href=\"https:\/\/elfuerte.cl\/web\/2026\/01\/02\/autoridades-llaman-a-extremar-precauciones-ante-ola-de-calor-extremo-que-afectara-zona-centro-sur-del-pais\/\" class=\"gem-slider-blog-link\"><\/a>\n\n\t<div class=\"gem-slider-item-image\" style=\"background: url('https:\/\/elfuerte.cl\/web\/wp-content\/uploads\/2026\/01\/olabanner.jpg') no-repeat 50% 50% \/ cover;\">\n\t\t<img src=\"https:\/\/elfuerte.cl\/web\/wp-content\/uploads\/2026\/01\/olabanner.jpg\"  style=\"visibility: hidden;\">\n\t<\/div>\n\n\t<div class=\"gem-slider-item-overlay\">\n\t\t<div class=\"gem-compact-item-content\">\n\t\t\t\t\t\t\t<div class=\"post-title\">\n\t\t\t\t\t<h5 class=\"entry-title reverse-link-color\"><span class=\"entry-title-date\"><\/span><span class=\"light\">Autoridades llaman a extremar precauciones ante ola  de calor extremo que afectar\u00e1 zona centro sur del pa\u00eds<\/span><\/h5>\t\t\t\t<\/div>\n\t\t\t\n\t\t\t\t\t\t\t<div class=\"post-text date-color\">\n\t\t\t\t\t<div class=\"summary\">\n\t\t\t\t\t\t\t\t\t\t\t\t\t<p>Altas temperaturas superiores a los 33 grados, alerta amarilla por calor intenso y una alerta temprana preventiva por incendios forestales mantienen en vigilancia a las autoridades regionales y municipales, que llamaron a la ciudadan\u00eda a extremar el autocuidado.<\/p>\n\t\t\t\t\t\t\t\t\t\t\t<\/div>\n\t\t\t\t<\/div>\n\t\t\t\n\t\t<\/div>\n\t\t<div class=\"post-meta date-color\">\n\t\t\t<div class=\"entry-meta clearfix gem-post-date\">\n\t\t\t\t<div class=\"post-meta-right\">\n\t\t\t\t\t\t\t\t\t\t\n\t\t\t\t\t\n\t\t\t\t<\/div>\n\t\t\t\t<div class=\"post-meta-left\">\n\t\t\t\t\t\t\t\t\t\t\t<span class=\"post-meta-author\">\n\t\t\t\t\t\t\t\t\t\tPor <a href=\"https:\/\/elfuerte.cl\/web\" title=\"Visitar el sitio de Prensa El Fuerte\" rel=\"author external\">Prensa El Fuerte<\/a>\t\t\t\t\t\t\t\t\t<\/span>\n\t\t\t\t\t\t\t\t\t<\/div>\n\t\t\t<\/div><!-- .entry-meta -->\n\t\t<\/div>\n\n\t\t\t\t\t<div class=\"gem-blog-slider-navigation\">\n\t\t\t\t<a href=\"#\" class=\"gem-blog-slider-prev gem-button gem-button-size-tiny\">\n\t\t\t\t\t<i aria-hidden=\"true\" class=\"gem-print-icon gem-icon-prev gem-elegant arrow-carrot-left\"><\/i>\t\t\t\t<\/a>\n\t\t\t\t<a href=\"#\" class=\"gem-blog-slider-next gem-button gem-button-size-tiny\">\n\t\t\t\t\t<i aria-hidden=\"true\" class=\"gem-print-icon gem-icon-prev gem-elegant arrow-carrot-right\"><\/i>\t\t\t\t<\/a>\n\t\t\t<\/div>\n\t\t\t<\/div>\n<\/article><!-- #post-3008 -->\n\n<article id=\"post-3002\" class=\"clearfix\">\n\n\t<a href=\"https:\/\/elfuerte.cl\/web\/2026\/01\/02\/preocupacion-por-indicadores-de-coliformes-fecales-en-lagos-del-sur-reactiva-alertas-sanitarias-en-temporada-estival\/\" class=\"gem-slider-blog-link\"><\/a>\n\n\t<div class=\"gem-slider-item-image\" style=\"background: url('https:\/\/elfuerte.cl\/web\/wp-content\/uploads\/2026\/01\/puertobanner.jpg') no-repeat 50% 50% \/ cover;\">\n\t\t<img src=\"https:\/\/elfuerte.cl\/web\/wp-content\/uploads\/2026\/01\/puertobanner.jpg\"  style=\"visibility: hidden;\">\n\t<\/div>\n\n\t<div class=\"gem-slider-item-overlay\">\n\t\t<div class=\"gem-compact-item-content\">\n\t\t\t\t\t\t\t<div class=\"post-title\">\n\t\t\t\t\t<h5 class=\"entry-title reverse-link-color\"><span class=\"entry-title-date\"><\/span><span class=\"light\">Preocupaci\u00f3n por indicadores de coliformes fecales en  lagos del sur reactiva alertas sanitarias en temporada estival<\/span><\/h5>\t\t\t\t<\/div>\n\t\t\t\n\t\t\t\t\t\t\t<div class=\"post-text date-color\">\n\t\t\t\t\t<div class=\"summary\">\n\t\t\t\t\t\t\t\t\t\t\t\t\t<p>La situaci\u00f3n detectada en el Lago Llanquihue, en Puerto Varas, ha generado inquietud en autoridades y comunidades del sur del pa\u00eds, reforzando el llamado a un monitoreo permanente de la calidad de las aguas durante el periodo de mayor afluencia tur\u00edstica.<\/p>\n\t\t\t\t\t\t\t\t\t\t\t<\/div>\n\t\t\t\t<\/div>\n\t\t\t\n\t\t<\/div>\n\t\t<div class=\"post-meta date-color\">\n\t\t\t<div class=\"entry-meta clearfix gem-post-date\">\n\t\t\t\t<div class=\"post-meta-right\">\n\t\t\t\t\t\t\t\t\t\t\n\t\t\t\t\t\n\t\t\t\t<\/div>\n\t\t\t\t<div class=\"post-meta-left\">\n\t\t\t\t\t\t\t\t\t\t\t<span class=\"post-meta-author\">\n\t\t\t\t\t\t\t\t\t\tPor <a href=\"https:\/\/elfuerte.cl\/web\" title=\"Visitar el sitio de Prensa El Fuerte\" rel=\"author external\">Prensa El Fuerte<\/a>\t\t\t\t\t\t\t\t\t<\/span>\n\t\t\t\t\t\t\t\t\t<\/div>\n\t\t\t<\/div><!-- .entry-meta -->\n\t\t<\/div>\n\n\t\t\t\t\t<div class=\"gem-blog-slider-navigation\">\n\t\t\t\t<a href=\"#\" class=\"gem-blog-slider-prev gem-button gem-button-size-tiny\">\n\t\t\t\t\t<i aria-hidden=\"true\" class=\"gem-print-icon gem-icon-prev gem-elegant arrow-carrot-left\"><\/i>\t\t\t\t<\/a>\n\t\t\t\t<a href=\"#\" class=\"gem-blog-slider-next gem-button gem-button-size-tiny\">\n\t\t\t\t\t<i aria-hidden=\"true\" class=\"gem-print-icon gem-icon-prev gem-elegant arrow-carrot-right\"><\/i>\t\t\t\t<\/a>\n\t\t\t<\/div>\n\t\t\t<\/div>\n<\/article><!-- #post-3002 -->\n\n<article id=\"post-2971\" class=\"clearfix\">\n\n\t<a href=\"https:\/\/elfuerte.cl\/web\/2025\/12\/31\/armadores-y-reparadores-de-redes-la-vital-tarea-que-da-soporte-a-la-pesca-artesanal\/\" class=\"gem-slider-blog-link\"><\/a>\n\n\t<div class=\"gem-slider-item-image\" style=\"background: url('https:\/\/elfuerte.cl\/web\/wp-content\/uploads\/2025\/12\/bannerpesca.jpg') no-repeat 50% 50% \/ cover;\">\n\t\t<img src=\"https:\/\/elfuerte.cl\/web\/wp-content\/uploads\/2025\/12\/bannerpesca.jpg\"  style=\"visibility: hidden;\">\n\t<\/div>\n\n\t<div class=\"gem-slider-item-overlay\">\n\t\t<div class=\"gem-compact-item-content\">\n\t\t\t\t\t\t\t<div class=\"post-title\">\n\t\t\t\t\t<h5 class=\"entry-title reverse-link-color\"><span class=\"entry-title-date\"><\/span><span class=\"light\">Armadores y reparadores de redes: la vital tarea que da soporte a la pesca artesanal<\/span><\/h5>\t\t\t\t<\/div>\n\t\t\t\n\t\t\t\t\t\t\t<div class=\"post-text date-color\">\n\t\t\t\t\t<div class=\"summary\">\n\t\t\t\t\t\t\t\t\t\t\t\t\t<p>En Chile, son m\u00e1s de ciento veinte mil los pescadores artesanales que se desempe\u00f1an en las diversas caletas, de los cuales m\u00e1s de cinco mil laboran en la regi\u00f3n del Biob\u00edo. Para la operatividad de esta fundamental actividad productiva, son varios los esfuerzos que colaboran, en particular quienes arman o reparan las redes que se usan en las faenas pesqueras.<\/p>\n\t\t\t\t\t\t\t\t\t\t\t<\/div>\n\t\t\t\t<\/div>\n\t\t\t\n\t\t<\/div>\n\t\t<div class=\"post-meta date-color\">\n\t\t\t<div class=\"entry-meta clearfix gem-post-date\">\n\t\t\t\t<div class=\"post-meta-right\">\n\t\t\t\t\t\t\t\t\t\t\n\t\t\t\t\t\n\t\t\t\t<\/div>\n\t\t\t\t<div class=\"post-meta-left\">\n\t\t\t\t\t\t\t\t\t\t\t<span class=\"post-meta-author\">\n\t\t\t\t\t\t\t\t\t\tPor <a href=\"https:\/\/elfuerte.cl\/web\" title=\"Visitar el sitio de Prensa El Fuerte\" rel=\"author external\">Prensa El Fuerte<\/a>\t\t\t\t\t\t\t\t\t<\/span>\n\t\t\t\t\t\t\t\t\t<\/div>\n\t\t\t<\/div><!-- .entry-meta -->\n\t\t<\/div>\n\n\t\t\t\t\t<div class=\"gem-blog-slider-navigation\">\n\t\t\t\t<a href=\"#\" class=\"gem-blog-slider-prev gem-button gem-button-size-tiny\">\n\t\t\t\t\t<i aria-hidden=\"true\" class=\"gem-print-icon gem-icon-prev gem-elegant arrow-carrot-left\"><\/i>\t\t\t\t<\/a>\n\t\t\t\t<a href=\"#\" class=\"gem-blog-slider-next gem-button gem-button-size-tiny\">\n\t\t\t\t\t<i aria-hidden=\"true\" class=\"gem-print-icon gem-icon-prev gem-elegant arrow-carrot-right\"><\/i>\t\t\t\t<\/a>\n\t\t\t<\/div>\n\t\t\t<\/div>\n<\/article><!-- #post-2971 -->\n\n<article id=\"post-2958\" class=\"clearfix\">\n\n\t<a href=\"https:\/\/elfuerte.cl\/web\/2025\/12\/30\/mesa-regional-de-jovenes-rurales-de-los-rios-consolida-avances-y-proyecta-nuevos-desafios-para-el-desarrollo-del-campo\/\" class=\"gem-slider-blog-link\"><\/a>\n\n\t<div class=\"gem-slider-item-image\" style=\"background: url('https:\/\/elfuerte.cl\/web\/wp-content\/uploads\/2025\/12\/Portada-4.jpg') no-repeat 50% 50% \/ cover;\">\n\t\t<img src=\"https:\/\/elfuerte.cl\/web\/wp-content\/uploads\/2025\/12\/Portada-4.jpg\"  style=\"visibility: hidden;\">\n\t<\/div>\n\n\t<div class=\"gem-slider-item-overlay\">\n\t\t<div class=\"gem-compact-item-content\">\n\t\t\t\t\t\t\t<div class=\"post-title\">\n\t\t\t\t\t<h5 class=\"entry-title reverse-link-color\"><span class=\"entry-title-date\"><\/span><span class=\"light\">Mesa Regional de J\u00f3venes Rurales de Los R\u00edos consolida avances y proyecta nuevos desaf\u00edos para el desarrollo del campo<\/span><\/h5>\t\t\t\t<\/div>\n\t\t\t\n\t\t\t\t\t\t\t<div class=\"post-text date-color\">\n\t\t\t\t\t<div class=\"summary\">\n\t\t\t\t\t\t\t\t\t\t\t\t\t<p>La instancia, realizada en Paillaco, permiti\u00f3 revisar los avances en participaci\u00f3n, asesor\u00eda t\u00e9cnica e inversi\u00f3n para juventudes rurales, as\u00ed como proyectar los desaf\u00edos en acceso a financiamiento, riego y fortalecimiento del recambio generacional en la agricultura familiar campesina de la regi\u00f3n.<\/p>\n\t\t\t\t\t\t\t\t\t\t\t<\/div>\n\t\t\t\t<\/div>\n\t\t\t\n\t\t<\/div>\n\t\t<div class=\"post-meta date-color\">\n\t\t\t<div class=\"entry-meta clearfix gem-post-date\">\n\t\t\t\t<div class=\"post-meta-right\">\n\t\t\t\t\t\t\t\t\t\t\n\t\t\t\t\t\n\t\t\t\t<\/div>\n\t\t\t\t<div class=\"post-meta-left\">\n\t\t\t\t\t\t\t\t\t\t\t<span class=\"post-meta-author\">\n\t\t\t\t\t\t\t\t\t\tPor <a href=\"https:\/\/elfuerte.cl\/web\" title=\"Visitar el sitio de Prensa El Fuerte\" rel=\"author external\">Prensa El Fuerte<\/a>\t\t\t\t\t\t\t\t\t<\/span>\n\t\t\t\t\t\t\t\t\t<\/div>\n\t\t\t<\/div><!-- .entry-meta -->\n\t\t<\/div>\n\n\t\t\t\t\t<div class=\"gem-blog-slider-navigation\">\n\t\t\t\t<a href=\"#\" class=\"gem-blog-slider-prev gem-button gem-button-size-tiny\">\n\t\t\t\t\t<i aria-hidden=\"true\" class=\"gem-print-icon gem-icon-prev gem-elegant arrow-carrot-left\"><\/i>\t\t\t\t<\/a>\n\t\t\t\t<a href=\"#\" class=\"gem-blog-slider-next gem-button gem-button-size-tiny\">\n\t\t\t\t\t<i aria-hidden=\"true\" class=\"gem-print-icon gem-icon-prev gem-elegant arrow-carrot-right\"><\/i>\t\t\t\t<\/a>\n\t\t\t<\/div>\n\t\t\t<\/div>\n<\/article><!-- #post-2958 -->\n\n<article id=\"post-2944\" class=\"clearfix\">\n\n\t<a href=\"https:\/\/elfuerte.cl\/web\/2025\/12\/29\/aguas-decima-cumple-30-anos-de-compromiso-con-el-crecimiento-de-valdivia-y-la-region\/\" class=\"gem-slider-blog-link\"><\/a>\n\n\t<div class=\"gem-slider-item-image\" style=\"background: url('https:\/\/elfuerte.cl\/web\/wp-content\/uploads\/2025\/12\/portada-3.jpg') no-repeat 50% 50% \/ cover;\">\n\t\t<img src=\"https:\/\/elfuerte.cl\/web\/wp-content\/uploads\/2025\/12\/portada-3.jpg\"  style=\"visibility: hidden;\">\n\t<\/div>\n\n\t<div class=\"gem-slider-item-overlay\">\n\t\t<div class=\"gem-compact-item-content\">\n\t\t\t\t\t\t\t<div class=\"post-title\">\n\t\t\t\t\t<h5 class=\"entry-title reverse-link-color\"><span class=\"entry-title-date\"><\/span><span class=\"light\">Aguas D\u00e9cima cumple 30 a\u00f1os de compromiso con el crecimiento de Valdivia y la regi\u00f3n<\/span><\/h5>\t\t\t\t<\/div>\n\t\t\t\n\t\t\t\t\t\t\t<div class=\"post-text date-color\">\n\t\t\t\t\t<div class=\"summary\">\n\t\t\t\t\t\t\t\t\t\t\t\t\t<p>El gerente zonal de la sanitaria, Hern\u00e1n K\u00f6nig, destac\u00f3 los desaf\u00edos que enfrenta la compa\u00f1\u00eda en materia de expansi\u00f3n urbana, saneamiento, aguas lluvias y desarrollo de infraestructura sanitaria de largo plazo.<\/p>\n\t\t\t\t\t\t\t\t\t\t\t<\/div>\n\t\t\t\t<\/div>\n\t\t\t\n\t\t<\/div>\n\t\t<div class=\"post-meta date-color\">\n\t\t\t<div class=\"entry-meta clearfix gem-post-date\">\n\t\t\t\t<div class=\"post-meta-right\">\n\t\t\t\t\t\t\t\t\t\t\n\t\t\t\t\t\n\t\t\t\t<\/div>\n\t\t\t\t<div class=\"post-meta-left\">\n\t\t\t\t\t\t\t\t\t\t\t<span class=\"post-meta-author\">\n\t\t\t\t\t\t\t\t\t\tPor <a href=\"https:\/\/elfuerte.cl\/web\" title=\"Visitar el sitio de Prensa El Fuerte\" rel=\"author external\">Prensa El Fuerte<\/a>\t\t\t\t\t\t\t\t\t<\/span>\n\t\t\t\t\t\t\t\t\t<\/div>\n\t\t\t<\/div><!-- .entry-meta -->\n\t\t<\/div>\n\n\t\t\t\t\t<div class=\"gem-blog-slider-navigation\">\n\t\t\t\t<a href=\"#\" class=\"gem-blog-slider-prev gem-button gem-button-size-tiny\">\n\t\t\t\t\t<i aria-hidden=\"true\" class=\"gem-print-icon gem-icon-prev gem-elegant arrow-carrot-left\"><\/i>\t\t\t\t<\/a>\n\t\t\t\t<a href=\"#\" class=\"gem-blog-slider-next gem-button gem-button-size-tiny\">\n\t\t\t\t\t<i aria-hidden=\"true\" class=\"gem-print-icon gem-icon-prev gem-elegant arrow-carrot-right\"><\/i>\t\t\t\t<\/a>\n\t\t\t<\/div>\n\t\t\t<\/div>\n<\/article><!-- #post-2944 -->\n\n<article id=\"post-2924\" class=\"clearfix\">\n\n\t<a href=\"https:\/\/elfuerte.cl\/web\/2025\/12\/27\/prochile-araucania-entrega-balance-2025-con-enfasis-en-apoyo-al-emprendimiento-femenino\/\" class=\"gem-slider-blog-link\"><\/a>\n\n\t<div class=\"gem-slider-item-image\" style=\"background: url('https:\/\/elfuerte.cl\/web\/wp-content\/uploads\/2025\/12\/Expo-portada.jpg') no-repeat 50% 50% \/ cover;\">\n\t\t<img src=\"https:\/\/elfuerte.cl\/web\/wp-content\/uploads\/2025\/12\/Expo-portada.jpg\"  style=\"visibility: hidden;\">\n\t<\/div>\n\n\t<div class=\"gem-slider-item-overlay\">\n\t\t<div class=\"gem-compact-item-content\">\n\t\t\t\t\t\t\t<div class=\"post-title\">\n\t\t\t\t\t<h5 class=\"entry-title reverse-link-color\"><span class=\"entry-title-date\"><\/span><span class=\"light\">ProChile Araucan\u00eda entrega balance 2025 con \u00e9nfasis en apoyo al emprendimiento femenino<\/span><\/h5>\t\t\t\t<\/div>\n\t\t\t\n\t\t\t\t\t\t\t<div class=\"post-text date-color\">\n\t\t\t\t\t<div class=\"summary\">\n\t\t\t\t\t\t\t\t\t\t\t\t\t<p>La propuesta presupuestaria considera un total de 285 iniciativas, que incluyen estudios, investigaciones, programas, actividades, subsidios y proyectos de inversi\u00f3n. La mayor parte de estos recursos se concentra en infraestructura p\u00fablica.<\/p>\n\t\t\t\t\t\t\t\t\t\t\t<\/div>\n\t\t\t\t<\/div>\n\t\t\t\n\t\t<\/div>\n\t\t<div class=\"post-meta date-color\">\n\t\t\t<div class=\"entry-meta clearfix gem-post-date\">\n\t\t\t\t<div class=\"post-meta-right\">\n\t\t\t\t\t\t\t\t\t\t\n\t\t\t\t\t\n\t\t\t\t<\/div>\n\t\t\t\t<div class=\"post-meta-left\">\n\t\t\t\t\t\t\t\t\t\t\t<span class=\"post-meta-author\">\n\t\t\t\t\t\t\t\t\t\tPor <a href=\"https:\/\/elfuerte.cl\/web\" title=\"Visitar el sitio de Prensa El Fuerte\" rel=\"author external\">Prensa El Fuerte<\/a>\t\t\t\t\t\t\t\t\t<\/span>\n\t\t\t\t\t\t\t\t\t<\/div>\n\t\t\t<\/div><!-- .entry-meta -->\n\t\t<\/div>\n\n\t\t\t\t\t<div class=\"gem-blog-slider-navigation\">\n\t\t\t\t<a href=\"#\" class=\"gem-blog-slider-prev gem-button gem-button-size-tiny\">\n\t\t\t\t\t<i aria-hidden=\"true\" class=\"gem-print-icon gem-icon-prev gem-elegant arrow-carrot-left\"><\/i>\t\t\t\t<\/a>\n\t\t\t\t<a href=\"#\" class=\"gem-blog-slider-next gem-button gem-button-size-tiny\">\n\t\t\t\t\t<i aria-hidden=\"true\" class=\"gem-print-icon gem-icon-prev gem-elegant arrow-carrot-right\"><\/i>\t\t\t\t<\/a>\n\t\t\t<\/div>\n\t\t\t<\/div>\n<\/article><!-- #post-2924 -->\n\n<article id=\"post-2904\" class=\"clearfix\">\n\n\t<a href=\"https:\/\/elfuerte.cl\/web\/2025\/12\/26\/gore-de-los-rios-aprueba-presupuesto-2026-por-77-898-millones-con-foco-en-equidad-territorial\/\" class=\"gem-slider-blog-link\"><\/a>\n\n\t<div class=\"gem-slider-item-image\" style=\"background: url('https:\/\/elfuerte.cl\/web\/wp-content\/uploads\/2025\/12\/Portada.jpg') no-repeat 50% 50% \/ cover;\">\n\t\t<img src=\"https:\/\/elfuerte.cl\/web\/wp-content\/uploads\/2025\/12\/Portada.jpg\"  style=\"visibility: hidden;\">\n\t<\/div>\n\n\t<div class=\"gem-slider-item-overlay\">\n\t\t<div class=\"gem-compact-item-content\">\n\t\t\t\t\t\t\t<div class=\"post-title\">\n\t\t\t\t\t<h5 class=\"entry-title reverse-link-color\"><span class=\"entry-title-date\"><\/span><span class=\"light\">GORE de Los R\u00edos aprueba presupuesto 2026  por $77.898 millones con foco en equidad territorial<\/span><\/h5>\t\t\t\t<\/div>\n\t\t\t\n\t\t\t\t\t\t\t<div class=\"post-text date-color\">\n\t\t\t\t\t<div class=\"summary\">\n\t\t\t\t\t\t\t\t\t\t\t\t\t<p>La propuesta presupuestaria considera un total de 285 iniciativas, que incluyen estudios, investigaciones, programas, actividades, subsidios y proyectos de inversi\u00f3n. La mayor parte de estos recursos se concentra en infraestructura p\u00fablica.<\/p>\n\t\t\t\t\t\t\t\t\t\t\t<\/div>\n\t\t\t\t<\/div>\n\t\t\t\n\t\t<\/div>\n\t\t<div class=\"post-meta date-color\">\n\t\t\t<div class=\"entry-meta clearfix gem-post-date\">\n\t\t\t\t<div class=\"post-meta-right\">\n\t\t\t\t\t\t\t\t\t\t\n\t\t\t\t\t\n\t\t\t\t<\/div>\n\t\t\t\t<div class=\"post-meta-left\">\n\t\t\t\t\t\t\t\t\t\t\t<span class=\"post-meta-author\">\n\t\t\t\t\t\t\t\t\t\tPor <a href=\"https:\/\/elfuerte.cl\/web\" title=\"Visitar el sitio de Prensa El Fuerte\" rel=\"author external\">Prensa El Fuerte<\/a>\t\t\t\t\t\t\t\t\t<\/span>\n\t\t\t\t\t\t\t\t\t<\/div>\n\t\t\t<\/div><!-- .entry-meta -->\n\t\t<\/div>\n\n\t\t\t\t\t<div class=\"gem-blog-slider-navigation\">\n\t\t\t\t<a href=\"#\" class=\"gem-blog-slider-prev gem-button gem-button-size-tiny\">\n\t\t\t\t\t<i aria-hidden=\"true\" class=\"gem-print-icon gem-icon-prev gem-elegant arrow-carrot-left\"><\/i>\t\t\t\t<\/a>\n\t\t\t\t<a href=\"#\" class=\"gem-blog-slider-next gem-button gem-button-size-tiny\">\n\t\t\t\t\t<i aria-hidden=\"true\" class=\"gem-print-icon gem-icon-prev gem-elegant arrow-carrot-right\"><\/i>\t\t\t\t<\/a>\n\t\t\t<\/div>\n\t\t\t<\/div>\n<\/article><!-- #post-2904 -->\n\n<article id=\"post-2892\" class=\"clearfix\">\n\n\t<a href=\"https:\/\/elfuerte.cl\/web\/2025\/12\/26\/polemica-en-la-region-de-los-lagos-por-supuesta-deuda-de-16-000-millones\/\" class=\"gem-slider-blog-link\"><\/a>\n\n\t<div class=\"gem-slider-item-image\" style=\"background: url('https:\/\/elfuerte.cl\/web\/wp-content\/uploads\/2025\/12\/Portda.jpg') no-repeat 50% 50% \/ cover;\">\n\t\t<img src=\"https:\/\/elfuerte.cl\/web\/wp-content\/uploads\/2025\/12\/Portda.jpg\"  style=\"visibility: hidden;\">\n\t<\/div>\n\n\t<div class=\"gem-slider-item-overlay\">\n\t\t<div class=\"gem-compact-item-content\">\n\t\t\t\t\t\t\t<div class=\"post-title\">\n\t\t\t\t\t<h5 class=\"entry-title reverse-link-color\"><span class=\"entry-title-date\"><\/span><span class=\"light\">Pol\u00e9mica en la Regi\u00f3n de Los Lagos por  supuesta deuda de $16.000 millones<\/span><\/h5>\t\t\t\t<\/div>\n\t\t\t\n\t\t\t\t\t\t\t<div class=\"post-text date-color\">\n\t\t\t\t\t<div class=\"summary\">\n\t\t\t\t\t\t\t\t\t\t\t\t\t<p>Gobernador Regional, Alejandro Sansana, denunci\u00f3 que la Direcci\u00f3n de Presupuesto no transfiri\u00f3 la totalidad de los dineros correspondientes al 2025, situaci\u00f3n que fue desmentida por el delegado presidencial subrogante, Marcelo Malague\u00f1o.<\/p>\n\t\t\t\t\t\t\t\t\t\t\t<\/div>\n\t\t\t\t<\/div>\n\t\t\t\n\t\t<\/div>\n\t\t<div class=\"post-meta date-color\">\n\t\t\t<div class=\"entry-meta clearfix gem-post-date\">\n\t\t\t\t<div class=\"post-meta-right\">\n\t\t\t\t\t\t\t\t\t\t\n\t\t\t\t\t\n\t\t\t\t<\/div>\n\t\t\t\t<div class=\"post-meta-left\">\n\t\t\t\t\t\t\t\t\t\t\t<span class=\"post-meta-author\">\n\t\t\t\t\t\t\t\t\t\tPor <a href=\"https:\/\/elfuerte.cl\/web\" title=\"Visitar el sitio de Prensa El Fuerte\" rel=\"author external\">Prensa El Fuerte<\/a>\t\t\t\t\t\t\t\t\t<\/span>\n\t\t\t\t\t\t\t\t\t<\/div>\n\t\t\t<\/div><!-- .entry-meta -->\n\t\t<\/div>\n\n\t\t\t\t\t<div class=\"gem-blog-slider-navigation\">\n\t\t\t\t<a href=\"#\" class=\"gem-blog-slider-prev gem-button gem-button-size-tiny\">\n\t\t\t\t\t<i aria-hidden=\"true\" class=\"gem-print-icon gem-icon-prev gem-elegant arrow-carrot-left\"><\/i>\t\t\t\t<\/a>\n\t\t\t\t<a href=\"#\" class=\"gem-blog-slider-next gem-button gem-button-size-tiny\">\n\t\t\t\t\t<i aria-hidden=\"true\" class=\"gem-print-icon gem-icon-prev gem-elegant arrow-carrot-right\"><\/i>\t\t\t\t<\/a>\n\t\t\t<\/div>\n\t\t\t<\/div>\n<\/article><!-- #post-2892 -->\n\n<article id=\"post-2856\" class=\"clearfix\">\n\n\t<a href=\"https:\/\/elfuerte.cl\/web\/2025\/12\/22\/club-de-rugby-toros-bio-bio-desde-1980-aportando-al-deporte-regional\/\" class=\"gem-slider-blog-link\"><\/a>\n\n\t<div class=\"gem-slider-item-image\" style=\"background: url('https:\/\/elfuerte.cl\/web\/wp-content\/uploads\/2025\/12\/rugbybanner.jpg') no-repeat 50% 50% \/ cover;\">\n\t\t<img src=\"https:\/\/elfuerte.cl\/web\/wp-content\/uploads\/2025\/12\/rugbybanner.jpg\"  style=\"visibility: hidden;\">\n\t<\/div>\n\n\t<div class=\"gem-slider-item-overlay\">\n\t\t<div class=\"gem-compact-item-content\">\n\t\t\t\t\t\t\t<div class=\"post-title\">\n\t\t\t\t\t<h5 class=\"entry-title reverse-link-color\"><span class=\"entry-title-date\"><\/span><span class=\"light\">Club de Rugby Toros B\u00edo B\u00edo,  desde 1980 aportando al deporte regional<\/span><\/h5>\t\t\t\t<\/div>\n\t\t\t\n\t\t\t\t\t\t\t<div class=\"post-text date-color\">\n\t\t\t\t\t<div class=\"summary\">\n\t\t\t\t\t\t\t\t\t\t\t\t\t<p>La identidad local, es tambi\u00e9n un atributo impulsado por la gesti\u00f3n deportiva. Distintas disciplinas y especialidades dan vida a la actividad f\u00edsica y recreativa, pero tambi\u00e9n son un aporte al patrimonio<\/p>\n\t\t\t\t\t\t\t\t\t\t\t<\/div>\n\t\t\t\t<\/div>\n\t\t\t\n\t\t<\/div>\n\t\t<div class=\"post-meta date-color\">\n\t\t\t<div class=\"entry-meta clearfix gem-post-date\">\n\t\t\t\t<div class=\"post-meta-right\">\n\t\t\t\t\t\t\t\t\t\t\n\t\t\t\t\t\n\t\t\t\t<\/div>\n\t\t\t\t<div class=\"post-meta-left\">\n\t\t\t\t\t\t\t\t\t\t\t<span class=\"post-meta-author\">\n\t\t\t\t\t\t\t\t\t\tPor <a href=\"https:\/\/elfuerte.cl\/web\" title=\"Visitar el sitio de Prensa El Fuerte\" rel=\"author external\">Prensa El Fuerte<\/a>\t\t\t\t\t\t\t\t\t<\/span>\n\t\t\t\t\t\t\t\t\t<\/div>\n\t\t\t<\/div><!-- .entry-meta -->\n\t\t<\/div>\n\n\t\t\t\t\t<div class=\"gem-blog-slider-navigation\">\n\t\t\t\t<a href=\"#\" class=\"gem-blog-slider-prev gem-button gem-button-size-tiny\">\n\t\t\t\t\t<i aria-hidden=\"true\" class=\"gem-print-icon gem-icon-prev gem-elegant arrow-carrot-left\"><\/i>\t\t\t\t<\/a>\n\t\t\t\t<a href=\"#\" class=\"gem-blog-slider-next gem-button gem-button-size-tiny\">\n\t\t\t\t\t<i aria-hidden=\"true\" class=\"gem-print-icon gem-icon-prev gem-elegant arrow-carrot-right\"><\/i>\t\t\t\t<\/a>\n\t\t\t<\/div>\n\t\t\t<\/div>\n<\/article><!-- #post-2856 -->\n\n<article id=\"post-2882\" class=\"clearfix\">\n\n\t<a href=\"https:\/\/elfuerte.cl\/web\/2025\/12\/22\/avanza-implementacion-de-la-politica-de-desarrollo-de-la-construccion-naval-en-el-sur-del-pais\/\" class=\"gem-slider-blog-link\"><\/a>\n\n\t<div class=\"gem-slider-item-image\" style=\"background: url('https:\/\/elfuerte.cl\/web\/wp-content\/uploads\/2025\/12\/Naval-portada.jpg') no-repeat 50% 50% \/ cover;\">\n\t\t<img src=\"https:\/\/elfuerte.cl\/web\/wp-content\/uploads\/2025\/12\/Naval-portada.jpg\"  style=\"visibility: hidden;\">\n\t<\/div>\n\n\t<div class=\"gem-slider-item-overlay\">\n\t\t<div class=\"gem-compact-item-content\">\n\t\t\t\t\t\t\t<div class=\"post-title\">\n\t\t\t\t\t<h5 class=\"entry-title reverse-link-color\"><span class=\"entry-title-date\"><\/span><span class=\"light\">Avanza implementaci\u00f3n de la Pol\u00edtica de Desarrollo de la Construcci\u00f3n Naval en el sur del pa\u00eds<\/span><\/h5>\t\t\t\t<\/div>\n\t\t\t\n\t\t\t\t\t\t\t<div class=\"post-text date-color\">\n\t\t\t\t\t<div class=\"summary\">\n\t\t\t\t\t\t\t\t\t\t\t\t\t<p>La iniciativa busca que todas las futuras unidades de la Armada de Chile se construyan en el pa\u00eds, fortaleciendo la industria mar\u00edtima y generando un impacto productivo en toda la macrozona sur<\/p>\n\t\t\t\t\t\t\t\t\t\t\t<\/div>\n\t\t\t\t<\/div>\n\t\t\t\n\t\t<\/div>\n\t\t<div class=\"post-meta date-color\">\n\t\t\t<div class=\"entry-meta clearfix gem-post-date\">\n\t\t\t\t<div class=\"post-meta-right\">\n\t\t\t\t\t\t\t\t\t\t\n\t\t\t\t\t\n\t\t\t\t<\/div>\n\t\t\t\t<div class=\"post-meta-left\">\n\t\t\t\t\t\t\t\t\t\t\t<span class=\"post-meta-author\">\n\t\t\t\t\t\t\t\t\t\tPor <a href=\"https:\/\/elfuerte.cl\/web\" title=\"Visitar el sitio de Prensa El Fuerte\" rel=\"author external\">Prensa El Fuerte<\/a>\t\t\t\t\t\t\t\t\t<\/span>\n\t\t\t\t\t\t\t\t\t<\/div>\n\t\t\t<\/div><!-- .entry-meta -->\n\t\t<\/div>\n\n\t\t\t\t\t<div class=\"gem-blog-slider-navigation\">\n\t\t\t\t<a href=\"#\" class=\"gem-blog-slider-prev gem-button gem-button-size-tiny\">\n\t\t\t\t\t<i aria-hidden=\"true\" class=\"gem-print-icon gem-icon-prev gem-elegant arrow-carrot-left\"><\/i>\t\t\t\t<\/a>\n\t\t\t\t<a href=\"#\" class=\"gem-blog-slider-next gem-button gem-button-size-tiny\">\n\t\t\t\t\t<i aria-hidden=\"true\" class=\"gem-print-icon gem-icon-prev gem-elegant arrow-carrot-right\"><\/i>\t\t\t\t<\/a>\n\t\t\t<\/div>\n\t\t\t<\/div>\n<\/article><!-- #post-2882 -->\n\n<article id=\"post-2870\" class=\"clearfix\">\n\n\t<a href=\"https:\/\/elfuerte.cl\/web\/2025\/12\/22\/con-un-concierto-ciudadano-valdivia-celebro-la-apertura-de-las-plazas-chile-y-pedro-de-valdivia\/\" class=\"gem-slider-blog-link\"><\/a>\n\n\t<div class=\"gem-slider-item-image\" style=\"background: url('https:\/\/elfuerte.cl\/web\/wp-content\/uploads\/2025\/12\/Plazas-portada.jpg') no-repeat 50% 50% \/ cover;\">\n\t\t<img src=\"https:\/\/elfuerte.cl\/web\/wp-content\/uploads\/2025\/12\/Plazas-portada.jpg\"  style=\"visibility: hidden;\">\n\t<\/div>\n\n\t<div class=\"gem-slider-item-overlay\">\n\t\t<div class=\"gem-compact-item-content\">\n\t\t\t\t\t\t\t<div class=\"post-title\">\n\t\t\t\t\t<h5 class=\"entry-title reverse-link-color\"><span class=\"entry-title-date\"><\/span><span class=\"light\">Con un concierto ciudadano, Valdivia celebr\u00f3 la  apertura de las plazas Chile y Pedro de Valdivia<\/span><\/h5>\t\t\t\t<\/div>\n\t\t\t\n\t\t\t\t\t\t\t<div class=\"post-text date-color\">\n\t\t\t\t\t<div class=\"summary\">\n\t\t\t\t\t\t\t\t\t\t\t\t\t<p>Las obras de recuperaci\u00f3n de las plazas Chile y Pedro de Valdivia consideraron una intervenci\u00f3n integral de ambos espacios, financiada principalmente con recursos del Gobierno Regional de Los R\u00edos.<\/p>\n\t\t\t\t\t\t\t\t\t\t\t<\/div>\n\t\t\t\t<\/div>\n\t\t\t\n\t\t<\/div>\n\t\t<div class=\"post-meta date-color\">\n\t\t\t<div class=\"entry-meta clearfix gem-post-date\">\n\t\t\t\t<div class=\"post-meta-right\">\n\t\t\t\t\t\t\t\t\t\t\n\t\t\t\t\t\n\t\t\t\t<\/div>\n\t\t\t\t<div class=\"post-meta-left\">\n\t\t\t\t\t\t\t\t\t\t\t<span class=\"post-meta-author\">\n\t\t\t\t\t\t\t\t\t\tPor <a href=\"https:\/\/elfuerte.cl\/web\" title=\"Visitar el sitio de Prensa El Fuerte\" rel=\"author external\">Prensa El Fuerte<\/a>\t\t\t\t\t\t\t\t\t<\/span>\n\t\t\t\t\t\t\t\t\t<\/div>\n\t\t\t<\/div><!-- .entry-meta -->\n\t\t<\/div>\n\n\t\t\t\t\t<div class=\"gem-blog-slider-navigation\">\n\t\t\t\t<a href=\"#\" class=\"gem-blog-slider-prev gem-button gem-button-size-tiny\">\n\t\t\t\t\t<i aria-hidden=\"true\" class=\"gem-print-icon gem-icon-prev gem-elegant arrow-carrot-left\"><\/i>\t\t\t\t<\/a>\n\t\t\t\t<a href=\"#\" class=\"gem-blog-slider-next gem-button gem-button-size-tiny\">\n\t\t\t\t\t<i aria-hidden=\"true\" class=\"gem-print-icon gem-icon-prev gem-elegant arrow-carrot-right\"><\/i>\t\t\t\t<\/a>\n\t\t\t<\/div>\n\t\t\t<\/div>\n<\/article><!-- #post-2870 -->\n\n<article id=\"post-2839\" class=\"clearfix\">\n\n\t<a href=\"https:\/\/elfuerte.cl\/web\/2025\/12\/19\/macrozona-refuerza-brigadas-y-prevencion-ante-nueva-temporada-de-incendios-forestales\/\" class=\"gem-slider-blog-link\"><\/a>\n\n\t<div class=\"gem-slider-item-image\" style=\"background: url('https:\/\/elfuerte.cl\/web\/wp-content\/uploads\/2025\/12\/incendiosbanner.jpg') no-repeat 50% 50% \/ cover;\">\n\t\t<img src=\"https:\/\/elfuerte.cl\/web\/wp-content\/uploads\/2025\/12\/incendiosbanner.jpg\"  style=\"visibility: hidden;\">\n\t<\/div>\n\n\t<div class=\"gem-slider-item-overlay\">\n\t\t<div class=\"gem-compact-item-content\">\n\t\t\t\t\t\t\t<div class=\"post-title\">\n\t\t\t\t\t<h5 class=\"entry-title reverse-link-color\"><span class=\"entry-title-date\"><\/span><span class=\"light\">Macrozona refuerza brigadas y prevenci\u00f3n ante nueva temporada de incendios forestales<\/span><\/h5>\t\t\t\t<\/div>\n\t\t\t\n\t\t\t\t\t\t\t<div class=\"post-text date-color\">\n\t\t\t\t\t<div class=\"summary\">\n\t\t\t\t\t\t\t\t\t\t\t\t\t<p>A puertas del verano, Biob\u00edo, La Araucan\u00eda, Los R\u00edos y Los Lagos intensifican planes de prevenci\u00f3n y respuesta. El Gobierno lanz\u00f3 el Plan de Acci\u00f3n 2025\u20132026 con m\u00e1s presupuesto, m\u00e1s brigadas y m\u00e1s aeronaves a nivel pa\u00eds, mientras autoridades regionales llaman a la corresponsabilidad ciudadana para reducir incendios de causa humana.<\/p>\n\t\t\t\t\t\t\t\t\t\t\t<\/div>\n\t\t\t\t<\/div>\n\t\t\t\n\t\t<\/div>\n\t\t<div class=\"post-meta date-color\">\n\t\t\t<div class=\"entry-meta clearfix gem-post-date\">\n\t\t\t\t<div class=\"post-meta-right\">\n\t\t\t\t\t\t\t\t\t\t\n\t\t\t\t\t\n\t\t\t\t<\/div>\n\t\t\t\t<div class=\"post-meta-left\">\n\t\t\t\t\t\t\t\t\t\t\t<span class=\"post-meta-author\">\n\t\t\t\t\t\t\t\t\t\tPor <a href=\"https:\/\/elfuerte.cl\/web\" title=\"Visitar el sitio de Prensa El Fuerte\" rel=\"author external\">Prensa El Fuerte<\/a>\t\t\t\t\t\t\t\t\t<\/span>\n\t\t\t\t\t\t\t\t\t<\/div>\n\t\t\t<\/div><!-- .entry-meta -->\n\t\t<\/div>\n\n\t\t\t\t\t<div class=\"gem-blog-slider-navigation\">\n\t\t\t\t<a href=\"#\" class=\"gem-blog-slider-prev gem-button gem-button-size-tiny\">\n\t\t\t\t\t<i aria-hidden=\"true\" class=\"gem-print-icon gem-icon-prev gem-elegant arrow-carrot-left\"><\/i>\t\t\t\t<\/a>\n\t\t\t\t<a href=\"#\" class=\"gem-blog-slider-next gem-button gem-button-size-tiny\">\n\t\t\t\t\t<i aria-hidden=\"true\" class=\"gem-print-icon gem-icon-prev gem-elegant arrow-carrot-right\"><\/i>\t\t\t\t<\/a>\n\t\t\t<\/div>\n\t\t\t<\/div>\n<\/article><!-- #post-2839 -->\n\n<article id=\"post-2826\" class=\"clearfix\">\n\n\t<a href=\"https:\/\/elfuerte.cl\/web\/2025\/12\/19\/valdivia-lanza-su-programacion-de-verano-con-un-atardecer-de-antologia-a-orillas-calle-calle\/\" class=\"gem-slider-blog-link\"><\/a>\n\n\t<div class=\"gem-slider-item-image\" style=\"background: url('https:\/\/elfuerte.cl\/web\/wp-content\/uploads\/2025\/12\/veranovalbanner.jpg') no-repeat 50% 50% \/ cover;\">\n\t\t<img src=\"https:\/\/elfuerte.cl\/web\/wp-content\/uploads\/2025\/12\/veranovalbanner.jpg\"  style=\"visibility: hidden;\">\n\t<\/div>\n\n\t<div class=\"gem-slider-item-overlay\">\n\t\t<div class=\"gem-compact-item-content\">\n\t\t\t\t\t\t\t<div class=\"post-title\">\n\t\t\t\t\t<h5 class=\"entry-title reverse-link-color\"><span class=\"entry-title-date\"><\/span><span class=\"light\">Valdivia lanza su programaci\u00f3n de verano con un atardecer de antolog\u00eda a orillas del Calle Calle<\/span><\/h5>\t\t\t\t<\/div>\n\t\t\t\n\t\t\t\t\t\t\t<div class=\"post-text date-color\">\n\t\t\t\t\t<div class=\"summary\">\n\t\t\t\t\t\t\t\t\t\t\t\t\t<p>La actividad, organizada por la municipalidad local, tuvo como escenario la terraza del Hotel Villa del R\u00edo, que le dio el entorno ideal para presentar la cartelera de actividades que animar\u00e1 la temporada estival en la capital regional.<\/p>\n\t\t\t\t\t\t\t\t\t\t\t<\/div>\n\t\t\t\t<\/div>\n\t\t\t\n\t\t<\/div>\n\t\t<div class=\"post-meta date-color\">\n\t\t\t<div class=\"entry-meta clearfix gem-post-date\">\n\t\t\t\t<div class=\"post-meta-right\">\n\t\t\t\t\t\t\t\t\t\t\n\t\t\t\t\t\n\t\t\t\t<\/div>\n\t\t\t\t<div class=\"post-meta-left\">\n\t\t\t\t\t\t\t\t\t\t\t<span class=\"post-meta-author\">\n\t\t\t\t\t\t\t\t\t\tPor <a href=\"https:\/\/elfuerte.cl\/web\" title=\"Visitar el sitio de Prensa El Fuerte\" rel=\"author external\">Prensa El Fuerte<\/a>\t\t\t\t\t\t\t\t\t<\/span>\n\t\t\t\t\t\t\t\t\t<\/div>\n\t\t\t<\/div><!-- .entry-meta -->\n\t\t<\/div>\n\n\t\t\t\t\t<div class=\"gem-blog-slider-navigation\">\n\t\t\t\t<a href=\"#\" class=\"gem-blog-slider-prev gem-button gem-button-size-tiny\">\n\t\t\t\t\t<i aria-hidden=\"true\" class=\"gem-print-icon gem-icon-prev gem-elegant arrow-carrot-left\"><\/i>\t\t\t\t<\/a>\n\t\t\t\t<a href=\"#\" class=\"gem-blog-slider-next gem-button gem-button-size-tiny\">\n\t\t\t\t\t<i aria-hidden=\"true\" class=\"gem-print-icon gem-icon-prev gem-elegant arrow-carrot-right\"><\/i>\t\t\t\t<\/a>\n\t\t\t<\/div>\n\t\t\t<\/div>\n<\/article><!-- #post-2826 -->\n\n<article id=\"post-2809\" class=\"clearfix\">\n\n\t<a href=\"https:\/\/elfuerte.cl\/web\/2025\/12\/18\/inician-obras-de-mejoramiento-de-avenida-arturo-alessandri-norte\/\" class=\"gem-slider-blog-link\"><\/a>\n\n\t<div class=\"gem-slider-item-image\" style=\"background: url('https:\/\/elfuerte.cl\/web\/wp-content\/uploads\/2025\/12\/frutillarbanner.jpg') no-repeat 50% 50% \/ cover;\">\n\t\t<img src=\"https:\/\/elfuerte.cl\/web\/wp-content\/uploads\/2025\/12\/frutillarbanner.jpg\"  style=\"visibility: hidden;\">\n\t<\/div>\n\n\t<div class=\"gem-slider-item-overlay\">\n\t\t<div class=\"gem-compact-item-content\">\n\t\t\t\t\t\t\t<div class=\"post-title\">\n\t\t\t\t\t<h5 class=\"entry-title reverse-link-color\"><span class=\"entry-title-date\"><\/span><span class=\"light\">Inician obras de mejoramiento de avenida Arturo Alessandri Norte<\/span><\/h5>\t\t\t\t<\/div>\n\t\t\t\n\t\t\t\t\t\t\t<div class=\"post-text date-color\">\n\t\t\t\t\t<div class=\"summary\">\n\t\t\t\t\t\t\t\t\t\t\t\t\t<p>La iniciativa, financiada a trav\u00e9s del Fondo Nacional de Desarrollo Regional (FNDR), contempla una inversi\u00f3n total de $3.796.547.700, y considera la intervenci\u00f3n de 990 metros lineales entre el pasaje Rivera del Lago y Villas Las Flores, en el sector Pantanosa.<\/p>\n\t\t\t\t\t\t\t\t\t\t\t<\/div>\n\t\t\t\t<\/div>\n\t\t\t\n\t\t<\/div>\n\t\t<div class=\"post-meta date-color\">\n\t\t\t<div class=\"entry-meta clearfix gem-post-date\">\n\t\t\t\t<div class=\"post-meta-right\">\n\t\t\t\t\t\t\t\t\t\t\n\t\t\t\t\t\n\t\t\t\t<\/div>\n\t\t\t\t<div class=\"post-meta-left\">\n\t\t\t\t\t\t\t\t\t\t\t<span class=\"post-meta-author\">\n\t\t\t\t\t\t\t\t\t\tPor <a href=\"https:\/\/elfuerte.cl\/web\" title=\"Visitar el sitio de Prensa El Fuerte\" rel=\"author external\">Prensa El Fuerte<\/a>\t\t\t\t\t\t\t\t\t<\/span>\n\t\t\t\t\t\t\t\t\t<\/div>\n\t\t\t<\/div><!-- .entry-meta -->\n\t\t<\/div>\n\n\t\t\t\t\t<div class=\"gem-blog-slider-navigation\">\n\t\t\t\t<a href=\"#\" class=\"gem-blog-slider-prev gem-button gem-button-size-tiny\">\n\t\t\t\t\t<i aria-hidden=\"true\" class=\"gem-print-icon gem-icon-prev gem-elegant arrow-carrot-left\"><\/i>\t\t\t\t<\/a>\n\t\t\t\t<a href=\"#\" class=\"gem-blog-slider-next gem-button gem-button-size-tiny\">\n\t\t\t\t\t<i aria-hidden=\"true\" class=\"gem-print-icon gem-icon-prev gem-elegant arrow-carrot-right\"><\/i>\t\t\t\t<\/a>\n\t\t\t<\/div>\n\t\t\t<\/div>\n<\/article><!-- #post-2809 -->\n\n<article id=\"post-2784\" class=\"clearfix\">\n\n\t<a href=\"https:\/\/elfuerte.cl\/web\/2025\/12\/16\/gran-expectacion-por-gala-de-la-escuela-de-danza-esta-noche\/\" class=\"gem-slider-blog-link\"><\/a>\n\n\t<div class=\"gem-slider-item-image\" style=\"background: url('https:\/\/elfuerte.cl\/web\/wp-content\/uploads\/2025\/12\/bannergala.png') no-repeat 50% 50% \/ cover;\">\n\t\t<img src=\"https:\/\/elfuerte.cl\/web\/wp-content\/uploads\/2025\/12\/bannergala.png\"  style=\"visibility: hidden;\">\n\t<\/div>\n\n\t<div class=\"gem-slider-item-overlay\">\n\t\t<div class=\"gem-compact-item-content\">\n\t\t\t\t\t\t\t<div class=\"post-title\">\n\t\t\t\t\t<h5 class=\"entry-title reverse-link-color\"><span class=\"entry-title-date\"><\/span><span class=\"light\">Gran expectaci\u00f3n por Gala de la  Escuela de Danza esta noche<\/span><\/h5>\t\t\t\t<\/div>\n\t\t\t\n\t\t\t\t\t\t\t<div class=\"post-text date-color\">\n\t\t\t\t\t<div class=\"summary\">\n\t\t\t\t\t\t\t\t\t\t\t\t\t<p>El evento, que marca el cierre del a\u00f1o acad\u00e9mico de la Escuela de Danza Valdivia, agot\u00f3 r\u00e1pidamente sus entradas y confirma el fuerte v\u00ednculo del p\u00fablico con la trayectoria formativa y art\u00edstica liderada por Ximena Schaaf y su equipo.<\/p>\n\t\t\t\t\t\t\t\t\t\t\t<\/div>\n\t\t\t\t<\/div>\n\t\t\t\n\t\t<\/div>\n\t\t<div class=\"post-meta date-color\">\n\t\t\t<div class=\"entry-meta clearfix gem-post-date\">\n\t\t\t\t<div class=\"post-meta-right\">\n\t\t\t\t\t\t\t\t\t\t\n\t\t\t\t\t\n\t\t\t\t<\/div>\n\t\t\t\t<div class=\"post-meta-left\">\n\t\t\t\t\t\t\t\t\t\t\t<span class=\"post-meta-author\">\n\t\t\t\t\t\t\t\t\t\tPor <a href=\"https:\/\/elfuerte.cl\/web\" title=\"Visitar el sitio de Prensa El Fuerte\" rel=\"author external\">Prensa El Fuerte<\/a>\t\t\t\t\t\t\t\t\t<\/span>\n\t\t\t\t\t\t\t\t\t<\/div>\n\t\t\t<\/div><!-- .entry-meta -->\n\t\t<\/div>\n\n\t\t\t\t\t<div class=\"gem-blog-slider-navigation\">\n\t\t\t\t<a href=\"#\" class=\"gem-blog-slider-prev gem-button gem-button-size-tiny\">\n\t\t\t\t\t<i aria-hidden=\"true\" class=\"gem-print-icon gem-icon-prev gem-elegant arrow-carrot-left\"><\/i>\t\t\t\t<\/a>\n\t\t\t\t<a href=\"#\" class=\"gem-blog-slider-next gem-button gem-button-size-tiny\">\n\t\t\t\t\t<i aria-hidden=\"true\" class=\"gem-print-icon gem-icon-prev gem-elegant arrow-carrot-right\"><\/i>\t\t\t\t<\/a>\n\t\t\t<\/div>\n\t\t\t<\/div>\n<\/article><!-- #post-2784 -->\n\n<article id=\"post-2773\" class=\"clearfix\">\n\n\t<a href=\"https:\/\/elfuerte.cl\/web\/2025\/12\/16\/corporacion-de-desarrollo-productivo-rinde-su-primera-cuenta-publica-en-25-anos\/\" class=\"gem-slider-blog-link\"><\/a>\n\n\t<div class=\"gem-slider-item-image\" style=\"background: url('https:\/\/elfuerte.cl\/web\/wp-content\/uploads\/2025\/12\/cuentabanner.jpg') no-repeat 50% 50% \/ cover;\">\n\t\t<img src=\"https:\/\/elfuerte.cl\/web\/wp-content\/uploads\/2025\/12\/cuentabanner.jpg\"  style=\"visibility: hidden;\">\n\t<\/div>\n\n\t<div class=\"gem-slider-item-overlay\">\n\t\t<div class=\"gem-compact-item-content\">\n\t\t\t\t\t\t\t<div class=\"post-title\">\n\t\t\t\t\t<h5 class=\"entry-title reverse-link-color\"><span class=\"entry-title-date\"><\/span><span class=\"light\">Corporaci\u00f3n de Desarrollo Productivo  rinde su primera cuenta p\u00fablica en 25 a\u00f1os<\/span><\/h5>\t\t\t\t<\/div>\n\t\t\t\n\t\t\t\t\t\t\t<div class=\"post-text date-color\">\n\t\t\t\t\t<div class=\"summary\">\n\t\t\t\t\t\t\t\t\t\t\t\t\t<p>Fernando Paredes, gerente general de la entidad, present\u00f3 un resumen de la gesti\u00f3n al frente del organismo, destacando la articulaci\u00f3n p\u00fablico-privada, el fortalecimiento de las capacidades del Gobierno Regional y el impulso del crecimiento econ\u00f3mico en un territorio que arrastra rezagos estructurales.<\/p>\n\t\t\t\t\t\t\t\t\t\t\t<\/div>\n\t\t\t\t<\/div>\n\t\t\t\n\t\t<\/div>\n\t\t<div class=\"post-meta date-color\">\n\t\t\t<div class=\"entry-meta clearfix gem-post-date\">\n\t\t\t\t<div class=\"post-meta-right\">\n\t\t\t\t\t\t\t\t\t\t\n\t\t\t\t\t\n\t\t\t\t<\/div>\n\t\t\t\t<div class=\"post-meta-left\">\n\t\t\t\t\t\t\t\t\t\t\t<span class=\"post-meta-author\">\n\t\t\t\t\t\t\t\t\t\tPor <a href=\"https:\/\/elfuerte.cl\/web\" title=\"Visitar el sitio de Prensa El Fuerte\" rel=\"author external\">Prensa El Fuerte<\/a>\t\t\t\t\t\t\t\t\t<\/span>\n\t\t\t\t\t\t\t\t\t<\/div>\n\t\t\t<\/div><!-- .entry-meta -->\n\t\t<\/div>\n\n\t\t\t\t\t<div class=\"gem-blog-slider-navigation\">\n\t\t\t\t<a href=\"#\" class=\"gem-blog-slider-prev gem-button gem-button-size-tiny\">\n\t\t\t\t\t<i aria-hidden=\"true\" class=\"gem-print-icon gem-icon-prev gem-elegant arrow-carrot-left\"><\/i>\t\t\t\t<\/a>\n\t\t\t\t<a href=\"#\" class=\"gem-blog-slider-next gem-button gem-button-size-tiny\">\n\t\t\t\t\t<i aria-hidden=\"true\" class=\"gem-print-icon gem-icon-prev gem-elegant arrow-carrot-right\"><\/i>\t\t\t\t<\/a>\n\t\t\t<\/div>\n\t\t\t<\/div>\n<\/article><!-- #post-2773 -->\n\n<article id=\"post-2766\" class=\"clearfix\">\n\n\t<a href=\"https:\/\/elfuerte.cl\/web\/2025\/12\/15\/tras-anos-de-espera-puerto-montt-recupera-su-principal-eje-comercial\/\" class=\"gem-slider-blog-link\"><\/a>\n\n\t<div class=\"gem-slider-item-image\" style=\"background: url('https:\/\/elfuerte.cl\/web\/wp-content\/uploads\/2025\/12\/Varas-portada.jpg') no-repeat 50% 50% \/ cover;\">\n\t\t<img src=\"https:\/\/elfuerte.cl\/web\/wp-content\/uploads\/2025\/12\/Varas-portada.jpg\"  style=\"visibility: hidden;\">\n\t<\/div>\n\n\t<div class=\"gem-slider-item-overlay\">\n\t\t<div class=\"gem-compact-item-content\">\n\t\t\t\t\t\t\t<div class=\"post-title\">\n\t\t\t\t\t<h5 class=\"entry-title reverse-link-color\"><span class=\"entry-title-date\"><\/span><span class=\"light\">Tras a\u00f1os de espera, Puerto Montt  recupera su principal eje comercial<\/span><\/h5>\t\t\t\t<\/div>\n\t\t\t\n\t\t\t\t\t\t\t<div class=\"post-text date-color\">\n\t\t\t\t\t<div class=\"summary\">\n\t\t\t\t\t\t\t\t\t\t\t\t\t<p>Luego de casi cinco a\u00f1os de obras marcadas por quiebras de constructoras, retrasos y un fuerte impacto en el comercio local, la reapertura de la calle Antonio Varas marca un punto de inflexi\u00f3n para la actividad comercial, tur\u00edstica y urbana en el coraz\u00f3n de Puerto Montt.<\/p>\n\t\t\t\t\t\t\t\t\t\t\t<\/div>\n\t\t\t\t<\/div>\n\t\t\t\n\t\t<\/div>\n\t\t<div class=\"post-meta date-color\">\n\t\t\t<div class=\"entry-meta clearfix gem-post-date\">\n\t\t\t\t<div class=\"post-meta-right\">\n\t\t\t\t\t\t\t\t\t\t\n\t\t\t\t\t\n\t\t\t\t<\/div>\n\t\t\t\t<div class=\"post-meta-left\">\n\t\t\t\t\t\t\t\t\t\t\t<span class=\"post-meta-author\">\n\t\t\t\t\t\t\t\t\t\tPor <a href=\"https:\/\/elfuerte.cl\/web\" title=\"Visitar el sitio de Prensa El Fuerte\" rel=\"author external\">Prensa El Fuerte<\/a>\t\t\t\t\t\t\t\t\t<\/span>\n\t\t\t\t\t\t\t\t\t<\/div>\n\t\t\t<\/div><!-- .entry-meta -->\n\t\t<\/div>\n\n\t\t\t\t\t<div class=\"gem-blog-slider-navigation\">\n\t\t\t\t<a href=\"#\" class=\"gem-blog-slider-prev gem-button gem-button-size-tiny\">\n\t\t\t\t\t<i aria-hidden=\"true\" class=\"gem-print-icon gem-icon-prev gem-elegant arrow-carrot-left\"><\/i>\t\t\t\t<\/a>\n\t\t\t\t<a href=\"#\" class=\"gem-blog-slider-next gem-button gem-button-size-tiny\">\n\t\t\t\t\t<i aria-hidden=\"true\" class=\"gem-print-icon gem-icon-prev gem-elegant arrow-carrot-right\"><\/i>\t\t\t\t<\/a>\n\t\t\t<\/div>\n\t\t\t<\/div>\n<\/article><!-- #post-2766 -->\n\n<article id=\"post-2758\" class=\"clearfix\">\n\n\t<a href=\"https:\/\/elfuerte.cl\/web\/2025\/12\/15\/reciclaje-con-sello-local-lanco-apuesta-por-sus-recicladores-y-la-economia-circular\/\" class=\"gem-slider-blog-link\"><\/a>\n\n\t<div class=\"gem-slider-item-image\" style=\"background: url('https:\/\/elfuerte.cl\/web\/wp-content\/uploads\/2025\/12\/Lanco-portada.jpg') no-repeat 50% 50% \/ cover;\">\n\t\t<img src=\"https:\/\/elfuerte.cl\/web\/wp-content\/uploads\/2025\/12\/Lanco-portada.jpg\"  style=\"visibility: hidden;\">\n\t<\/div>\n\n\t<div class=\"gem-slider-item-overlay\">\n\t\t<div class=\"gem-compact-item-content\">\n\t\t\t\t\t\t\t<div class=\"post-title\">\n\t\t\t\t\t<h5 class=\"entry-title reverse-link-color\"><span class=\"entry-title-date\"><\/span><span class=\"light\">Reciclaje con sello local: Lanco apuesta por sus recicladores y la econom\u00eda circular<\/span><\/h5>\t\t\t\t<\/div>\n\t\t\t\n\t\t\t\t\t\t\t<div class=\"post-text date-color\">\n\t\t\t\t\t<div class=\"summary\">\n\t\t\t\t\t\t\t\t\t\t\t\t\t<p>La iniciativa se extender\u00e1 hasta agosto de 2026 y se enmarca en la Ley de Responsabilidad Extendida del Productor (REP), normativa que reconoce a los recicladores de base como actores fundamentales dentro de los sistemas de gesti\u00f3n de residuos.<\/p>\n\t\t\t\t\t\t\t\t\t\t\t<\/div>\n\t\t\t\t<\/div>\n\t\t\t\n\t\t<\/div>\n\t\t<div class=\"post-meta date-color\">\n\t\t\t<div class=\"entry-meta clearfix gem-post-date\">\n\t\t\t\t<div class=\"post-meta-right\">\n\t\t\t\t\t\t\t\t\t\t\n\t\t\t\t\t\n\t\t\t\t<\/div>\n\t\t\t\t<div class=\"post-meta-left\">\n\t\t\t\t\t\t\t\t\t\t\t<span class=\"post-meta-author\">\n\t\t\t\t\t\t\t\t\t\tPor <a href=\"https:\/\/elfuerte.cl\/web\" title=\"Visitar el sitio de Prensa El Fuerte\" rel=\"author external\">Prensa El Fuerte<\/a>\t\t\t\t\t\t\t\t\t<\/span>\n\t\t\t\t\t\t\t\t\t<\/div>\n\t\t\t<\/div><!-- .entry-meta -->\n\t\t<\/div>\n\n\t\t\t\t\t<div class=\"gem-blog-slider-navigation\">\n\t\t\t\t<a href=\"#\" class=\"gem-blog-slider-prev gem-button gem-button-size-tiny\">\n\t\t\t\t\t<i aria-hidden=\"true\" class=\"gem-print-icon gem-icon-prev gem-elegant arrow-carrot-left\"><\/i>\t\t\t\t<\/a>\n\t\t\t\t<a href=\"#\" class=\"gem-blog-slider-next gem-button gem-button-size-tiny\">\n\t\t\t\t\t<i aria-hidden=\"true\" class=\"gem-print-icon gem-icon-prev gem-elegant arrow-carrot-right\"><\/i>\t\t\t\t<\/a>\n\t\t\t<\/div>\n\t\t\t<\/div>\n<\/article><!-- #post-2758 -->\n\n<article id=\"post-2792\" class=\"clearfix\">\n\n\t<a href=\"https:\/\/elfuerte.cl\/web\/2025\/12\/15\/ampliando-fronteras-desde-el-fin-del-mundo-udec-presenta-la-escuela-de-verano-2026\/\" class=\"gem-slider-blog-link\"><\/a>\n\n\t<div class=\"gem-slider-item-image\" style=\"background: url('https:\/\/elfuerte.cl\/web\/wp-content\/uploads\/2025\/12\/escuelabanner.jpg') no-repeat 50% 50% \/ cover;\">\n\t\t<img src=\"https:\/\/elfuerte.cl\/web\/wp-content\/uploads\/2025\/12\/escuelabanner.jpg\"  style=\"visibility: hidden;\">\n\t<\/div>\n\n\t<div class=\"gem-slider-item-overlay\">\n\t\t<div class=\"gem-compact-item-content\">\n\t\t\t\t\t\t\t<div class=\"post-title\">\n\t\t\t\t\t<h5 class=\"entry-title reverse-link-color\"><span class=\"entry-title-date\"><\/span><span class=\"light\">\u201cAmpliando fronteras desde el fin del mundo\u201d:  UdeC presenta la Escuela de Verano 2026<\/span><\/h5>\t\t\t\t<\/div>\n\t\t\t\n\t\t\t\t\t\t\t<div class=\"post-text date-color\">\n\t\t\t\t\t<div class=\"summary\">\n\t\t\t\t\t\t\t\t\t\t\t\t\t<p>La presentaci\u00f3n fue encabezada por el rector de la Universidad de Concepci\u00f3n, Carlos Saavedra, quien destac\u00f3 que esta nueva versi\u00f3n de la Escuela de Verano busca aportar conocimiento desde el sur de Chile y del mundo.<\/p>\n\t\t\t\t\t\t\t\t\t\t\t<\/div>\n\t\t\t\t<\/div>\n\t\t\t\n\t\t<\/div>\n\t\t<div class=\"post-meta date-color\">\n\t\t\t<div class=\"entry-meta clearfix gem-post-date\">\n\t\t\t\t<div class=\"post-meta-right\">\n\t\t\t\t\t\t\t\t\t\t\n\t\t\t\t\t\n\t\t\t\t<\/div>\n\t\t\t\t<div class=\"post-meta-left\">\n\t\t\t\t\t\t\t\t\t\t\t<span class=\"post-meta-author\">\n\t\t\t\t\t\t\t\t\t\tPor <a href=\"https:\/\/elfuerte.cl\/web\" title=\"Visitar el sitio de Prensa El Fuerte\" rel=\"author external\">Prensa El Fuerte<\/a>\t\t\t\t\t\t\t\t\t<\/span>\n\t\t\t\t\t\t\t\t\t<\/div>\n\t\t\t<\/div><!-- .entry-meta -->\n\t\t<\/div>\n\n\t\t\t\t\t<div class=\"gem-blog-slider-navigation\">\n\t\t\t\t<a href=\"#\" class=\"gem-blog-slider-prev gem-button gem-button-size-tiny\">\n\t\t\t\t\t<i aria-hidden=\"true\" class=\"gem-print-icon gem-icon-prev gem-elegant arrow-carrot-left\"><\/i>\t\t\t\t<\/a>\n\t\t\t\t<a href=\"#\" class=\"gem-blog-slider-next gem-button gem-button-size-tiny\">\n\t\t\t\t\t<i aria-hidden=\"true\" class=\"gem-print-icon gem-icon-prev gem-elegant arrow-carrot-right\"><\/i>\t\t\t\t<\/a>\n\t\t\t<\/div>\n\t\t\t<\/div>\n<\/article><!-- #post-2792 -->\n\n<article id=\"post-2750\" class=\"clearfix\">\n\n\t<a href=\"https:\/\/elfuerte.cl\/web\/2025\/12\/14\/jose-antonio-kast-logra-una-victoria-historica-en-la-segunda-vuelta-presidencial\/\" class=\"gem-slider-blog-link\"><\/a>\n\n\t<div class=\"gem-slider-item-image\" style=\"background: url('https:\/\/elfuerte.cl\/web\/wp-content\/uploads\/2025\/12\/presidentebanner-1.jpg') no-repeat 50% 50% \/ cover;\">\n\t\t<img src=\"https:\/\/elfuerte.cl\/web\/wp-content\/uploads\/2025\/12\/presidentebanner-1.jpg\"  style=\"visibility: hidden;\">\n\t<\/div>\n\n\t<div class=\"gem-slider-item-overlay\">\n\t\t<div class=\"gem-compact-item-content\">\n\t\t\t\t\t\t\t<div class=\"post-title\">\n\t\t\t\t\t<h5 class=\"entry-title reverse-link-color\"><span class=\"entry-title-date\"><\/span><span class=\"light\">Jos\u00e9 Antonio Kast logra una victoria hist\u00f3rica en la segunda vuelta presidencial<\/span><\/h5>\t\t\t\t<\/div>\n\t\t\t\n\t\t\t\t\t\t\t<div class=\"post-text date-color\">\n\t\t\t\t\t<div class=\"summary\">\n\t\t\t\t\t\t\t\t\t\t\t\t\t<p>Con el 99,56% de las mesas escrutadas, el Servicio Electoral de Chile (Servel) confirm\u00f3 el triunfo del candidato del Partido Republicano, Jos\u00e9 Antonio Kast, quien obtuvo el 58,17% de los votos, equivalente a 7.240.006 sufragios, imponi\u00e9ndose con una amplia ventaja sobre la candidata del oficialismo, Jeannette Jara, que alcanz\u00f3 el 41,83%, con 5.205.791 votos.<\/p>\n\t\t\t\t\t\t\t\t\t\t\t<\/div>\n\t\t\t\t<\/div>\n\t\t\t\n\t\t<\/div>\n\t\t<div class=\"post-meta date-color\">\n\t\t\t<div class=\"entry-meta clearfix gem-post-date\">\n\t\t\t\t<div class=\"post-meta-right\">\n\t\t\t\t\t\t\t\t\t\t\n\t\t\t\t\t\n\t\t\t\t<\/div>\n\t\t\t\t<div class=\"post-meta-left\">\n\t\t\t\t\t\t\t\t\t\t\t<span class=\"post-meta-author\">\n\t\t\t\t\t\t\t\t\t\tPor <a href=\"https:\/\/elfuerte.cl\/web\" title=\"Visitar el sitio de Prensa El Fuerte\" rel=\"author external\">Prensa El Fuerte<\/a>\t\t\t\t\t\t\t\t\t<\/span>\n\t\t\t\t\t\t\t\t\t<\/div>\n\t\t\t<\/div><!-- .entry-meta -->\n\t\t<\/div>\n\n\t\t\t\t\t<div class=\"gem-blog-slider-navigation\">\n\t\t\t\t<a href=\"#\" class=\"gem-blog-slider-prev gem-button gem-button-size-tiny\">\n\t\t\t\t\t<i aria-hidden=\"true\" class=\"gem-print-icon gem-icon-prev gem-elegant arrow-carrot-left\"><\/i>\t\t\t\t<\/a>\n\t\t\t\t<a href=\"#\" class=\"gem-blog-slider-next gem-button gem-button-size-tiny\">\n\t\t\t\t\t<i aria-hidden=\"true\" class=\"gem-print-icon gem-icon-prev gem-elegant arrow-carrot-right\"><\/i>\t\t\t\t<\/a>\n\t\t\t<\/div>\n\t\t\t<\/div>\n<\/article><!-- #post-2750 -->\n\n<article id=\"post-2738\" class=\"clearfix\">\n\n\t<a href=\"https:\/\/elfuerte.cl\/web\/2025\/12\/14\/macrozona-sur-vive-jornada-electoral-en-completa-normalidad-y-amplio-despliegue-institucional\/\" class=\"gem-slider-blog-link\"><\/a>\n\n\t<div class=\"gem-slider-item-image\" style=\"background: url('https:\/\/elfuerte.cl\/web\/wp-content\/uploads\/2025\/12\/bannersegunda.jpg') no-repeat 50% 50% \/ cover;\">\n\t\t<img src=\"https:\/\/elfuerte.cl\/web\/wp-content\/uploads\/2025\/12\/bannersegunda.jpg\"  style=\"visibility: hidden;\">\n\t<\/div>\n\n\t<div class=\"gem-slider-item-overlay\">\n\t\t<div class=\"gem-compact-item-content\">\n\t\t\t\t\t\t\t<div class=\"post-title\">\n\t\t\t\t\t<h5 class=\"entry-title reverse-link-color\"><span class=\"entry-title-date\"><\/span><span class=\"light\">Macrozona Sur vive jornada electoral en completa normalidad y amplio despliegue institucional<\/span><\/h5>\t\t\t\t<\/div>\n\t\t\t\n\t\t\t\t\t\t\t<div class=\"post-text date-color\">\n\t\t\t\t\t<div class=\"summary\">\n\t\t\t\t\t\t\t\t\t\t\t\t\t<p>El proceso de segunda vuelta se ha desarrollado sin inconvenientes en las regiones del sur, donde la ciudadan\u00eda ha acudido a emitir su voto en un ambiente de tranquilidad y profundo sentido c\u00edvico. A las 18 horas cerrar\u00e1n las mesas y se conocer\u00e1 qui\u00e9n es el ganador de esta contienda electoral.<\/p>\n\t\t\t\t\t\t\t\t\t\t\t<\/div>\n\t\t\t\t<\/div>\n\t\t\t\n\t\t<\/div>\n\t\t<div class=\"post-meta date-color\">\n\t\t\t<div class=\"entry-meta clearfix gem-post-date\">\n\t\t\t\t<div class=\"post-meta-right\">\n\t\t\t\t\t\t\t\t\t\t\n\t\t\t\t\t\n\t\t\t\t<\/div>\n\t\t\t\t<div class=\"post-meta-left\">\n\t\t\t\t\t\t\t\t\t\t\t<span class=\"post-meta-author\">\n\t\t\t\t\t\t\t\t\t\tPor <a href=\"https:\/\/elfuerte.cl\/web\" title=\"Visitar el sitio de Prensa El Fuerte\" rel=\"author external\">Prensa El Fuerte<\/a>\t\t\t\t\t\t\t\t\t<\/span>\n\t\t\t\t\t\t\t\t\t<\/div>\n\t\t\t<\/div><!-- .entry-meta -->\n\t\t<\/div>\n\n\t\t\t\t\t<div class=\"gem-blog-slider-navigation\">\n\t\t\t\t<a href=\"#\" class=\"gem-blog-slider-prev gem-button gem-button-size-tiny\">\n\t\t\t\t\t<i aria-hidden=\"true\" class=\"gem-print-icon gem-icon-prev gem-elegant arrow-carrot-left\"><\/i>\t\t\t\t<\/a>\n\t\t\t\t<a href=\"#\" class=\"gem-blog-slider-next gem-button gem-button-size-tiny\">\n\t\t\t\t\t<i aria-hidden=\"true\" class=\"gem-print-icon gem-icon-prev gem-elegant arrow-carrot-right\"><\/i>\t\t\t\t<\/a>\n\t\t\t<\/div>\n\t\t\t<\/div>\n<\/article><!-- #post-2738 -->\n\n<article id=\"post-2732\" class=\"clearfix\">\n\n\t<a href=\"https:\/\/elfuerte.cl\/web\/2025\/12\/13\/macrozona-sur-despliega-amplio-dispositivo-de-seguridad-para-segunda-vuelta-presidencial\/\" class=\"gem-slider-blog-link\"><\/a>\n\n\t<div class=\"gem-slider-item-image\" style=\"background: url('https:\/\/elfuerte.cl\/web\/wp-content\/uploads\/2025\/12\/servelbanner.jpg') no-repeat 50% 50% \/ cover;\">\n\t\t<img src=\"https:\/\/elfuerte.cl\/web\/wp-content\/uploads\/2025\/12\/servelbanner.jpg\"  style=\"visibility: hidden;\">\n\t<\/div>\n\n\t<div class=\"gem-slider-item-overlay\">\n\t\t<div class=\"gem-compact-item-content\">\n\t\t\t\t\t\t\t<div class=\"post-title\">\n\t\t\t\t\t<h5 class=\"entry-title reverse-link-color\"><span class=\"entry-title-date\"><\/span><span class=\"light\">Macrozona Sur despliega amplio dispositivo  de seguridad para segunda vuelta presidencial<\/span><\/h5>\t\t\t\t<\/div>\n\t\t\t\n\t\t\t\t\t\t\t<div class=\"post-text date-color\">\n\t\t\t\t\t<div class=\"summary\">\n\t\t\t\t\t\t\t\t\t\t\t\t\t<p>A nivel nacional, los candidatos presidenciales, Jos\u00e9 Antonio Kast, del partido Republicano y la candidata oficialista, Jeannette Jara, realizaron ayer jueves sus cierres de campa\u00f1a, marcando el fin del periodo de propaganda electoral.<\/p>\n\t\t\t\t\t\t\t\t\t\t\t<\/div>\n\t\t\t\t<\/div>\n\t\t\t\n\t\t<\/div>\n\t\t<div class=\"post-meta date-color\">\n\t\t\t<div class=\"entry-meta clearfix gem-post-date\">\n\t\t\t\t<div class=\"post-meta-right\">\n\t\t\t\t\t\t\t\t\t\t\n\t\t\t\t\t\n\t\t\t\t<\/div>\n\t\t\t\t<div class=\"post-meta-left\">\n\t\t\t\t\t\t\t\t\t\t\t<span class=\"post-meta-author\">\n\t\t\t\t\t\t\t\t\t\tPor <a href=\"https:\/\/elfuerte.cl\/web\" title=\"Visitar el sitio de Prensa El Fuerte\" rel=\"author external\">Prensa El Fuerte<\/a>\t\t\t\t\t\t\t\t\t<\/span>\n\t\t\t\t\t\t\t\t\t<\/div>\n\t\t\t<\/div><!-- .entry-meta -->\n\t\t<\/div>\n\n\t\t\t\t\t<div class=\"gem-blog-slider-navigation\">\n\t\t\t\t<a href=\"#\" class=\"gem-blog-slider-prev gem-button gem-button-size-tiny\">\n\t\t\t\t\t<i aria-hidden=\"true\" class=\"gem-print-icon gem-icon-prev gem-elegant arrow-carrot-left\"><\/i>\t\t\t\t<\/a>\n\t\t\t\t<a href=\"#\" class=\"gem-blog-slider-next gem-button gem-button-size-tiny\">\n\t\t\t\t\t<i aria-hidden=\"true\" class=\"gem-print-icon gem-icon-prev gem-elegant arrow-carrot-right\"><\/i>\t\t\t\t<\/a>\n\t\t\t<\/div>\n\t\t\t<\/div>\n<\/article><!-- #post-2732 -->\n\n<article id=\"post-2721\" class=\"clearfix\">\n\n\t<a href=\"https:\/\/elfuerte.cl\/web\/2025\/12\/13\/talcahuano-avanza-en-implementacion-de-tecnologia-para-la-gestion-portuaria\/\" class=\"gem-slider-blog-link\"><\/a>\n\n\t<div class=\"gem-slider-item-image\" style=\"background: url('https:\/\/elfuerte.cl\/web\/wp-content\/uploads\/2025\/12\/thnobanner.jpg') no-repeat 50% 50% \/ cover;\">\n\t\t<img src=\"https:\/\/elfuerte.cl\/web\/wp-content\/uploads\/2025\/12\/thnobanner.jpg\"  style=\"visibility: hidden;\">\n\t<\/div>\n\n\t<div class=\"gem-slider-item-overlay\">\n\t\t<div class=\"gem-compact-item-content\">\n\t\t\t\t\t\t\t<div class=\"post-title\">\n\t\t\t\t\t<h5 class=\"entry-title reverse-link-color\"><span class=\"entry-title-date\"><\/span><span class=\"light\">Talcahuano avanza en implementaci\u00f3n de tecnolog\u00eda para la gesti\u00f3n portuaria<\/span><\/h5>\t\t\t\t<\/div>\n\t\t\t\n\t\t\t\t\t\t\t<div class=\"post-text date-color\">\n\t\t\t\t\t<div class=\"summary\">\n\t\t\t\t\t\t\t\t\t\t\t\t\t<p>Sin embargo, el panorama estrat\u00e9gico de Chile en el Pac\u00edfico Sur exige una mirada m\u00e1s amplia. La reciente puesta en marcha del megapuerto de Chancay en Per\u00fa \u2014impulsado con fuerte inversi\u00f3n china\u2014 ha modificado el equilibrio log\u00edstico regional.<\/p>\n\t\t\t\t\t\t\t\t\t\t\t<\/div>\n\t\t\t\t<\/div>\n\t\t\t\n\t\t<\/div>\n\t\t<div class=\"post-meta date-color\">\n\t\t\t<div class=\"entry-meta clearfix gem-post-date\">\n\t\t\t\t<div class=\"post-meta-right\">\n\t\t\t\t\t\t\t\t\t\t\n\t\t\t\t\t\n\t\t\t\t<\/div>\n\t\t\t\t<div class=\"post-meta-left\">\n\t\t\t\t\t\t\t\t\t\t\t<span class=\"post-meta-author\">\n\t\t\t\t\t\t\t\t\t\tPor <a href=\"https:\/\/elfuerte.cl\/web\" title=\"Visitar el sitio de Prensa El Fuerte\" rel=\"author external\">Prensa El Fuerte<\/a>\t\t\t\t\t\t\t\t\t<\/span>\n\t\t\t\t\t\t\t\t\t<\/div>\n\t\t\t<\/div><!-- .entry-meta -->\n\t\t<\/div>\n\n\t\t\t\t\t<div class=\"gem-blog-slider-navigation\">\n\t\t\t\t<a href=\"#\" class=\"gem-blog-slider-prev gem-button gem-button-size-tiny\">\n\t\t\t\t\t<i aria-hidden=\"true\" class=\"gem-print-icon gem-icon-prev gem-elegant arrow-carrot-left\"><\/i>\t\t\t\t<\/a>\n\t\t\t\t<a href=\"#\" class=\"gem-blog-slider-next gem-button gem-button-size-tiny\">\n\t\t\t\t\t<i aria-hidden=\"true\" class=\"gem-print-icon gem-icon-prev gem-elegant arrow-carrot-right\"><\/i>\t\t\t\t<\/a>\n\t\t\t<\/div>\n\t\t\t<\/div>\n<\/article><!-- #post-2721 -->\n\n<article id=\"post-2713\" class=\"clearfix\">\n\n\t<a href=\"https:\/\/elfuerte.cl\/web\/2025\/12\/12\/doble-via-a-valdivia-un-anuncio-tras-decadas-de-postergaciones\/\" class=\"gem-slider-blog-link\"><\/a>\n\n\t<div class=\"gem-slider-item-image\" style=\"background: url('https:\/\/elfuerte.cl\/web\/wp-content\/uploads\/2025\/12\/doblebanner.jpg') no-repeat 50% 50% \/ cover;\">\n\t\t<img src=\"https:\/\/elfuerte.cl\/web\/wp-content\/uploads\/2025\/12\/doblebanner.jpg\"  style=\"visibility: hidden;\">\n\t<\/div>\n\n\t<div class=\"gem-slider-item-overlay\">\n\t\t<div class=\"gem-compact-item-content\">\n\t\t\t\t\t\t\t<div class=\"post-title\">\n\t\t\t\t\t<h5 class=\"entry-title reverse-link-color\"><span class=\"entry-title-date\"><\/span><span class=\"light\">Doble v\u00eda a Valdivia: un anuncio tras d\u00e9cadas de postergaciones<\/span><\/h5>\t\t\t\t<\/div>\n\t\t\t\n\t\t\t\t\t\t\t<div class=\"post-text date-color\">\n\t\t\t\t\t<div class=\"summary\">\n\t\t\t\t\t\t\t\t\t\t\t\t\t<p>Esta semana se anunci\u00f3 con bombos y platillos la publicaci\u00f3n de la licitaci\u00f3n para la concesi\u00f3n de la doble v\u00eda para los accesos norte y sur de Valdivia. Si bien las autoridades han celebrado con entusiasmo el anuncio, esto no hace m\u00e1s que confirmar una realidad hist\u00f3rica: en Valdivia, las obras fundamentales siempre tardan demasiado en concretarse. El centralismo, la falta de prioridad estatal y, en ciertos momentos, una limitada capacidad de gesti\u00f3n local, han sido obst\u00e1culos persistentes que han frenado el desarrollo de infraestructura clave para la regi\u00f3n.<\/p>\n\t\t\t\t\t\t\t\t\t\t\t<\/div>\n\t\t\t\t<\/div>\n\t\t\t\n\t\t<\/div>\n\t\t<div class=\"post-meta date-color\">\n\t\t\t<div class=\"entry-meta clearfix gem-post-date\">\n\t\t\t\t<div class=\"post-meta-right\">\n\t\t\t\t\t\t\t\t\t\t\n\t\t\t\t\t\n\t\t\t\t<\/div>\n\t\t\t\t<div class=\"post-meta-left\">\n\t\t\t\t\t\t\t\t\t\t\t<span class=\"post-meta-author\">\n\t\t\t\t\t\t\t\t\t\tPor <a href=\"https:\/\/elfuerte.cl\/web\" title=\"Visitar el sitio de Prensa El Fuerte\" rel=\"author external\">Prensa El Fuerte<\/a>\t\t\t\t\t\t\t\t\t<\/span>\n\t\t\t\t\t\t\t\t\t<\/div>\n\t\t\t<\/div><!-- .entry-meta -->\n\t\t<\/div>\n\n\t\t\t\t\t<div class=\"gem-blog-slider-navigation\">\n\t\t\t\t<a href=\"#\" class=\"gem-blog-slider-prev gem-button gem-button-size-tiny\">\n\t\t\t\t\t<i aria-hidden=\"true\" class=\"gem-print-icon gem-icon-prev gem-elegant arrow-carrot-left\"><\/i>\t\t\t\t<\/a>\n\t\t\t\t<a href=\"#\" class=\"gem-blog-slider-next gem-button gem-button-size-tiny\">\n\t\t\t\t\t<i aria-hidden=\"true\" class=\"gem-print-icon gem-icon-prev gem-elegant arrow-carrot-right\"><\/i>\t\t\t\t<\/a>\n\t\t\t<\/div>\n\t\t\t<\/div>\n<\/article><!-- #post-2713 -->\n\n<article id=\"post-2672\" class=\"clearfix\">\n\n\t<a href=\"https:\/\/elfuerte.cl\/web\/2025\/12\/11\/valdivia-se-proyecta-como-capital-de-la-innovacion-del-sur-con-el-summit-smart-city\/\" class=\"gem-slider-blog-link\"><\/a>\n\n\t<div class=\"gem-slider-item-image\" style=\"background: url('https:\/\/elfuerte.cl\/web\/wp-content\/uploads\/2025\/12\/smartbanner.jpg') no-repeat 50% 50% \/ cover;\">\n\t\t<img src=\"https:\/\/elfuerte.cl\/web\/wp-content\/uploads\/2025\/12\/smartbanner.jpg\"  style=\"visibility: hidden;\">\n\t<\/div>\n\n\t<div class=\"gem-slider-item-overlay\">\n\t\t<div class=\"gem-compact-item-content\">\n\t\t\t\t\t\t\t<div class=\"post-title\">\n\t\t\t\t\t<h5 class=\"entry-title reverse-link-color\"><span class=\"entry-title-date\"><\/span><span class=\"light\">Valdivia se proyecta como capital de la  innovaci\u00f3n del sur con el Summit Smart City<\/span><\/h5>\t\t\t\t<\/div>\n\t\t\t\n\t\t\t\t\t\t\t<div class=\"post-text date-color\">\n\t\t\t\t\t<div class=\"summary\">\n\t\t\t\t\t\t\t\t\t\t\t\t\t<p>Su objetivo es reunir a los actores relevantes del territorio vinculados con la innovaci\u00f3n, el desarrollo de tecnolog\u00edas, el turismo y el medioambiente, para analizar el futuro de las ciudades y destinos inteligentes, a trav\u00e9s de la aplicaci\u00f3n del modelo Smart City.<\/p>\n\t\t\t\t\t\t\t\t\t\t\t<\/div>\n\t\t\t\t<\/div>\n\t\t\t\n\t\t<\/div>\n\t\t<div class=\"post-meta date-color\">\n\t\t\t<div class=\"entry-meta clearfix gem-post-date\">\n\t\t\t\t<div class=\"post-meta-right\">\n\t\t\t\t\t\t\t\t\t\t\n\t\t\t\t\t\n\t\t\t\t<\/div>\n\t\t\t\t<div class=\"post-meta-left\">\n\t\t\t\t\t\t\t\t\t\t\t<span class=\"post-meta-author\">\n\t\t\t\t\t\t\t\t\t\tPor <a href=\"https:\/\/elfuerte.cl\/web\" title=\"Visitar el sitio de Prensa El Fuerte\" rel=\"author external\">Prensa El Fuerte<\/a>\t\t\t\t\t\t\t\t\t<\/span>\n\t\t\t\t\t\t\t\t\t<\/div>\n\t\t\t<\/div><!-- .entry-meta -->\n\t\t<\/div>\n\n\t\t\t\t\t<div class=\"gem-blog-slider-navigation\">\n\t\t\t\t<a href=\"#\" class=\"gem-blog-slider-prev gem-button gem-button-size-tiny\">\n\t\t\t\t\t<i aria-hidden=\"true\" class=\"gem-print-icon gem-icon-prev gem-elegant arrow-carrot-left\"><\/i>\t\t\t\t<\/a>\n\t\t\t\t<a href=\"#\" class=\"gem-blog-slider-next gem-button gem-button-size-tiny\">\n\t\t\t\t\t<i aria-hidden=\"true\" class=\"gem-print-icon gem-icon-prev gem-elegant arrow-carrot-right\"><\/i>\t\t\t\t<\/a>\n\t\t\t<\/div>\n\t\t\t<\/div>\n<\/article><!-- #post-2672 -->\n\n<article id=\"post-2682\" class=\"clearfix\">\n\n\t<a href=\"https:\/\/elfuerte.cl\/web\/2025\/12\/11\/parque-saval-sera-el-epicentro-del-emprendimiento-local-con-inspira-2025\/\" class=\"gem-slider-blog-link\"><\/a>\n\n\t<div class=\"gem-slider-item-image\" style=\"background: url('https:\/\/elfuerte.cl\/web\/wp-content\/uploads\/2025\/12\/Inspira-portada.jpg') no-repeat 50% 50% \/ cover;\">\n\t\t<img src=\"https:\/\/elfuerte.cl\/web\/wp-content\/uploads\/2025\/12\/Inspira-portada.jpg\"  style=\"visibility: hidden;\">\n\t<\/div>\n\n\t<div class=\"gem-slider-item-overlay\">\n\t\t<div class=\"gem-compact-item-content\">\n\t\t\t\t\t\t\t<div class=\"post-title\">\n\t\t\t\t\t<h5 class=\"entry-title reverse-link-color\"><span class=\"entry-title-date\"><\/span><span class=\"light\">Parque Saval ser\u00e1 el epicentro del  emprendimiento local con \u201cInspira 2025\u201d<\/span><\/h5>\t\t\t\t<\/div>\n\t\t\t\n\t\t\t\t\t\t\t<div class=\"post-text date-color\">\n\t\t\t\t\t<div class=\"summary\">\n\t\t\t\t\t\t\t\t\t\t\t\t\t<p>En tres d\u00edas de programaci\u00f3n, el festival ofrecer\u00e1 charlas motivacionales, espacios formativos, m\u00fasica en vivo, talleres previos y una feria abierta al p\u00fablico donde los visitantes podr\u00e1n conocer proyectos locales que nacen desde los barrios, las cocinas, los talleres y las peque\u00f1as empresas de Valdivia y la regi\u00f3n.<\/p>\n\t\t\t\t\t\t\t\t\t\t\t<\/div>\n\t\t\t\t<\/div>\n\t\t\t\n\t\t<\/div>\n\t\t<div class=\"post-meta date-color\">\n\t\t\t<div class=\"entry-meta clearfix gem-post-date\">\n\t\t\t\t<div class=\"post-meta-right\">\n\t\t\t\t\t\t\t\t\t\t\n\t\t\t\t\t\n\t\t\t\t<\/div>\n\t\t\t\t<div class=\"post-meta-left\">\n\t\t\t\t\t\t\t\t\t\t\t<span class=\"post-meta-author\">\n\t\t\t\t\t\t\t\t\t\tPor <a href=\"https:\/\/elfuerte.cl\/web\" title=\"Visitar el sitio de Prensa El Fuerte\" rel=\"author external\">Prensa El Fuerte<\/a>\t\t\t\t\t\t\t\t\t<\/span>\n\t\t\t\t\t\t\t\t\t<\/div>\n\t\t\t<\/div><!-- .entry-meta -->\n\t\t<\/div>\n\n\t\t\t\t\t<div class=\"gem-blog-slider-navigation\">\n\t\t\t\t<a href=\"#\" class=\"gem-blog-slider-prev gem-button gem-button-size-tiny\">\n\t\t\t\t\t<i aria-hidden=\"true\" class=\"gem-print-icon gem-icon-prev gem-elegant arrow-carrot-left\"><\/i>\t\t\t\t<\/a>\n\t\t\t\t<a href=\"#\" class=\"gem-blog-slider-next gem-button gem-button-size-tiny\">\n\t\t\t\t\t<i aria-hidden=\"true\" class=\"gem-print-icon gem-icon-prev gem-elegant arrow-carrot-right\"><\/i>\t\t\t\t<\/a>\n\t\t\t<\/div>\n\t\t\t<\/div>\n<\/article><!-- #post-2682 -->\n\n<article id=\"post-2695\" class=\"clearfix\">\n\n\t<a href=\"https:\/\/elfuerte.cl\/web\/2025\/12\/10\/un-paraiso-que-llego-de-italia-para-descubrir-en-chile-capitan-pastene-y-il-mio-nonno\/\" class=\"gem-slider-blog-link\"><\/a>\n\n\t<div class=\"gem-slider-item-image\" style=\"background: url('https:\/\/elfuerte.cl\/web\/wp-content\/uploads\/2025\/12\/miobanner.jpg') no-repeat 50% 50% \/ cover;\">\n\t\t<img src=\"https:\/\/elfuerte.cl\/web\/wp-content\/uploads\/2025\/12\/miobanner.jpg\"  style=\"visibility: hidden;\">\n\t<\/div>\n\n\t<div class=\"gem-slider-item-overlay\">\n\t\t<div class=\"gem-compact-item-content\">\n\t\t\t\t\t\t\t<div class=\"post-title\">\n\t\t\t\t\t<h5 class=\"entry-title reverse-link-color\"><span class=\"entry-title-date\"><\/span><span class=\"light\">Un para\u00edso que lleg\u00f3 de Italia para descubrir  en Chile: Capit\u00e1n Pastene y Il Mio Nonno<\/span><\/h5>\t\t\t\t<\/div>\n\t\t\t\n\t\t\t\t\t\t\t<div class=\"post-text date-color\">\n\t\t\t\t\t<div class=\"summary\">\n\t\t\t\t\t\t\t\t\t\t\t\t\t<p>Il Mio Nonno inici\u00f3 sus operaciones en 2015, apostando por la creaci\u00f3n de un recinto hotelero y recreativo de primer nivel. Es por eso que sus servicios cuentan con una log\u00edstica centrada en atender a clientes felices.<\/p>\n\t\t\t\t\t\t\t\t\t\t\t<\/div>\n\t\t\t\t<\/div>\n\t\t\t\n\t\t<\/div>\n\t\t<div class=\"post-meta date-color\">\n\t\t\t<div class=\"entry-meta clearfix gem-post-date\">\n\t\t\t\t<div class=\"post-meta-right\">\n\t\t\t\t\t\t\t\t\t\t\n\t\t\t\t\t\n\t\t\t\t<\/div>\n\t\t\t\t<div class=\"post-meta-left\">\n\t\t\t\t\t\t\t\t\t\t\t<span class=\"post-meta-author\">\n\t\t\t\t\t\t\t\t\t\tPor <a href=\"https:\/\/elfuerte.cl\/web\" title=\"Visitar el sitio de Prensa El Fuerte\" rel=\"author external\">Prensa El Fuerte<\/a>\t\t\t\t\t\t\t\t\t<\/span>\n\t\t\t\t\t\t\t\t\t<\/div>\n\t\t\t<\/div><!-- .entry-meta -->\n\t\t<\/div>\n\n\t\t\t\t\t<div class=\"gem-blog-slider-navigation\">\n\t\t\t\t<a href=\"#\" class=\"gem-blog-slider-prev gem-button gem-button-size-tiny\">\n\t\t\t\t\t<i aria-hidden=\"true\" class=\"gem-print-icon gem-icon-prev gem-elegant arrow-carrot-left\"><\/i>\t\t\t\t<\/a>\n\t\t\t\t<a href=\"#\" class=\"gem-blog-slider-next gem-button gem-button-size-tiny\">\n\t\t\t\t\t<i aria-hidden=\"true\" class=\"gem-print-icon gem-icon-prev gem-elegant arrow-carrot-right\"><\/i>\t\t\t\t<\/a>\n\t\t\t<\/div>\n\t\t\t<\/div>\n<\/article><!-- #post-2695 -->\n\n<article id=\"post-2651\" class=\"clearfix\">\n\n\t<a href=\"https:\/\/elfuerte.cl\/web\/2025\/12\/09\/plan-bicentenario-de-chiloe-identidad-historia-y-proyecciones-hacia-el-futuro\/\" class=\"gem-slider-blog-link\"><\/a>\n\n\t<div class=\"gem-slider-item-image\" style=\"background: url('https:\/\/elfuerte.cl\/web\/wp-content\/uploads\/2025\/12\/chiloebanner.jpg') no-repeat 50% 50% \/ cover;\">\n\t\t<img src=\"https:\/\/elfuerte.cl\/web\/wp-content\/uploads\/2025\/12\/chiloebanner.jpg\"  style=\"visibility: hidden;\">\n\t<\/div>\n\n\t<div class=\"gem-slider-item-overlay\">\n\t\t<div class=\"gem-compact-item-content\">\n\t\t\t\t\t\t\t<div class=\"post-title\">\n\t\t\t\t\t<h5 class=\"entry-title reverse-link-color\"><span class=\"entry-title-date\"><\/span><span class=\"light\">Plan Bicentenario de Chilo\u00e9: identidad,  historia y proyecciones hacia el futuro<\/span><\/h5>\t\t\t\t<\/div>\n\t\t\t\n\t\t\t\t\t\t\t<div class=\"post-text date-color\">\n\t\t\t\t\t<div class=\"summary\">\n\t\t\t\t\t\t\t\t\t\t\t\t\t<p>A dos a\u00f1os de cumplirse el bicentenario de su incorporaci\u00f3n a la Rep\u00fablica de Chile, Chilo\u00e9 trabaja en la implementaci\u00f3n de un plan que busca honrar su rica historia, como \u00faltimo basti\u00f3n espa\u00f1ol, y proyectar un desarrollo basado en su identidad cultural. Con 158 mil habitantes y una fuerte presencia ind\u00edgena, el archipi\u00e9lago enfrenta el desaf\u00edo de equilibrar conservaci\u00f3n y modernidad.\u00a0<\/p>\n\t\t\t\t\t\t\t\t\t\t\t<\/div>\n\t\t\t\t<\/div>\n\t\t\t\n\t\t<\/div>\n\t\t<div class=\"post-meta date-color\">\n\t\t\t<div class=\"entry-meta clearfix gem-post-date\">\n\t\t\t\t<div class=\"post-meta-right\">\n\t\t\t\t\t\t\t\t\t\t\n\t\t\t\t\t\n\t\t\t\t<\/div>\n\t\t\t\t<div class=\"post-meta-left\">\n\t\t\t\t\t\t\t\t\t\t\t<span class=\"post-meta-author\">\n\t\t\t\t\t\t\t\t\t\tPor <a href=\"https:\/\/elfuerte.cl\/web\" title=\"Visitar el sitio de Prensa El Fuerte\" rel=\"author external\">Prensa El Fuerte<\/a>\t\t\t\t\t\t\t\t\t<\/span>\n\t\t\t\t\t\t\t\t\t<\/div>\n\t\t\t<\/div><!-- .entry-meta -->\n\t\t<\/div>\n\n\t\t\t\t\t<div class=\"gem-blog-slider-navigation\">\n\t\t\t\t<a href=\"#\" class=\"gem-blog-slider-prev gem-button gem-button-size-tiny\">\n\t\t\t\t\t<i aria-hidden=\"true\" class=\"gem-print-icon gem-icon-prev gem-elegant arrow-carrot-left\"><\/i>\t\t\t\t<\/a>\n\t\t\t\t<a href=\"#\" class=\"gem-blog-slider-next gem-button gem-button-size-tiny\">\n\t\t\t\t\t<i aria-hidden=\"true\" class=\"gem-print-icon gem-icon-prev gem-elegant arrow-carrot-right\"><\/i>\t\t\t\t<\/a>\n\t\t\t<\/div>\n\t\t\t<\/div>\n<\/article><!-- #post-2651 -->\n\n<article id=\"post-2642\" class=\"clearfix\">\n\n\t<a href=\"https:\/\/elfuerte.cl\/web\/2025\/12\/09\/curinanco-fortalece-su-preparacion-comunitaria-ante-emergencias\/\" class=\"gem-slider-blog-link\"><\/a>\n\n\t<div class=\"gem-slider-item-image\" style=\"background: url('https:\/\/elfuerte.cl\/web\/wp-content\/uploads\/2025\/12\/planbanner.jpg') no-repeat 50% 50% \/ cover;\">\n\t\t<img src=\"https:\/\/elfuerte.cl\/web\/wp-content\/uploads\/2025\/12\/planbanner.jpg\"  style=\"visibility: hidden;\">\n\t<\/div>\n\n\t<div class=\"gem-slider-item-overlay\">\n\t\t<div class=\"gem-compact-item-content\">\n\t\t\t\t\t\t\t<div class=\"post-title\">\n\t\t\t\t\t<h5 class=\"entry-title reverse-link-color\"><span class=\"entry-title-date\"><\/span><span class=\"light\">Curi\u00f1anco fortalece su preparaci\u00f3n  comunitaria ante emergencias<\/span><\/h5>\t\t\t\t<\/div>\n\t\t\t\n\t\t\t\t\t\t\t<div class=\"post-text date-color\">\n\t\t\t\t\t<div class=\"summary\">\n\t\t\t\t\t\t\t\t\t\t\t\t\t<p>En sectores rurales donde la respuesta ante emergencias suele ser m\u00e1s lenta, el Plan Kelluen ha permitido a la comunidad organizarse, capacitarse y mejorar la identificaci\u00f3n de viviendas mediante georreferenciaci\u00f3n, fortaleciendo su capacidad de reacci\u00f3n ante situaciones cr\u00edticas.<\/p>\n\t\t\t\t\t\t\t\t\t\t\t<\/div>\n\t\t\t\t<\/div>\n\t\t\t\n\t\t<\/div>\n\t\t<div class=\"post-meta date-color\">\n\t\t\t<div class=\"entry-meta clearfix gem-post-date\">\n\t\t\t\t<div class=\"post-meta-right\">\n\t\t\t\t\t\t\t\t\t\t\n\t\t\t\t\t\n\t\t\t\t<\/div>\n\t\t\t\t<div class=\"post-meta-left\">\n\t\t\t\t\t\t\t\t\t\t\t<span class=\"post-meta-author\">\n\t\t\t\t\t\t\t\t\t\tPor <a href=\"https:\/\/elfuerte.cl\/web\" title=\"Visitar el sitio de Prensa El Fuerte\" rel=\"author external\">Prensa El Fuerte<\/a>\t\t\t\t\t\t\t\t\t<\/span>\n\t\t\t\t\t\t\t\t\t<\/div>\n\t\t\t<\/div><!-- .entry-meta -->\n\t\t<\/div>\n\n\t\t\t\t\t<div class=\"gem-blog-slider-navigation\">\n\t\t\t\t<a href=\"#\" class=\"gem-blog-slider-prev gem-button gem-button-size-tiny\">\n\t\t\t\t\t<i aria-hidden=\"true\" class=\"gem-print-icon gem-icon-prev gem-elegant arrow-carrot-left\"><\/i>\t\t\t\t<\/a>\n\t\t\t\t<a href=\"#\" class=\"gem-blog-slider-next gem-button gem-button-size-tiny\">\n\t\t\t\t\t<i aria-hidden=\"true\" class=\"gem-print-icon gem-icon-prev gem-elegant arrow-carrot-right\"><\/i>\t\t\t\t<\/a>\n\t\t\t<\/div>\n\t\t\t<\/div>\n<\/article><!-- #post-2642 -->\n\n<article id=\"post-2619\" class=\"clearfix\">\n\n\t<a href=\"https:\/\/elfuerte.cl\/web\/2025\/12\/09\/anuncian-estudio-para-unir-por-tren-la-union-con-puerto-montt\/\" class=\"gem-slider-blog-link\"><\/a>\n\n\t<div class=\"gem-slider-item-image\" style=\"background: url('https:\/\/elfuerte.cl\/web\/wp-content\/uploads\/2025\/12\/trenbanner-1.jpg') no-repeat 50% 50% \/ cover;\">\n\t\t<img src=\"https:\/\/elfuerte.cl\/web\/wp-content\/uploads\/2025\/12\/trenbanner-1.jpg\"  style=\"visibility: hidden;\">\n\t<\/div>\n\n\t<div class=\"gem-slider-item-overlay\">\n\t\t<div class=\"gem-compact-item-content\">\n\t\t\t\t\t\t\t<div class=\"post-title\">\n\t\t\t\t\t<h5 class=\"entry-title reverse-link-color\"><span class=\"entry-title-date\"><\/span><span class=\"light\">Anuncian estudio para unir por  tren La Uni\u00f3n con Puerto Montt<\/span><\/h5>\t\t\t\t<\/div>\n\t\t\t\n\t\t\t\t\t\t\t<div class=\"post-text date-color\">\n\t\t\t\t\t<div class=\"summary\">\n\t\t\t\t\t\t\t\t\t\t\t\t\t<p>Autoridades de Los R\u00edos y Los Lagos reciben el informe t\u00e9cnico que habilita el estudio para unir La Uni\u00f3n y Puerto Montt por v\u00eda f\u00e9rrea, en medio del renacer ferroviario del sur.<\/p>\n\t\t\t\t\t\t\t\t\t\t\t<\/div>\n\t\t\t\t<\/div>\n\t\t\t\n\t\t<\/div>\n\t\t<div class=\"post-meta date-color\">\n\t\t\t<div class=\"entry-meta clearfix gem-post-date\">\n\t\t\t\t<div class=\"post-meta-right\">\n\t\t\t\t\t\t\t\t\t\t\n\t\t\t\t\t\n\t\t\t\t<\/div>\n\t\t\t\t<div class=\"post-meta-left\">\n\t\t\t\t\t\t\t\t\t\t\t<span class=\"post-meta-author\">\n\t\t\t\t\t\t\t\t\t\tPor <a href=\"https:\/\/elfuerte.cl\/web\" title=\"Visitar el sitio de Prensa El Fuerte\" rel=\"author external\">Prensa El Fuerte<\/a>\t\t\t\t\t\t\t\t\t<\/span>\n\t\t\t\t\t\t\t\t\t<\/div>\n\t\t\t<\/div><!-- .entry-meta -->\n\t\t<\/div>\n\n\t\t\t\t\t<div class=\"gem-blog-slider-navigation\">\n\t\t\t\t<a href=\"#\" class=\"gem-blog-slider-prev gem-button gem-button-size-tiny\">\n\t\t\t\t\t<i aria-hidden=\"true\" class=\"gem-print-icon gem-icon-prev gem-elegant arrow-carrot-left\"><\/i>\t\t\t\t<\/a>\n\t\t\t\t<a href=\"#\" class=\"gem-blog-slider-next gem-button gem-button-size-tiny\">\n\t\t\t\t\t<i aria-hidden=\"true\" class=\"gem-print-icon gem-icon-prev gem-elegant arrow-carrot-right\"><\/i>\t\t\t\t<\/a>\n\t\t\t<\/div>\n\t\t\t<\/div>\n<\/article><!-- #post-2619 -->\n\n<article id=\"post-2584\" class=\"clearfix\">\n\n\t<a href=\"https:\/\/elfuerte.cl\/web\/2025\/12\/08\/angelmo-exige-mas-que-seguridad-clama-por-la-recuperacion-de-su-antiguo-esplendor\/\" class=\"gem-slider-blog-link\"><\/a>\n\n\t<div class=\"gem-slider-item-image\" style=\"background: url('https:\/\/elfuerte.cl\/web\/wp-content\/uploads\/2025\/12\/bannerangelmo.jpg') no-repeat 50% 50% \/ cover;\">\n\t\t<img src=\"https:\/\/elfuerte.cl\/web\/wp-content\/uploads\/2025\/12\/bannerangelmo.jpg\"  style=\"visibility: hidden;\">\n\t<\/div>\n\n\t<div class=\"gem-slider-item-overlay\">\n\t\t<div class=\"gem-compact-item-content\">\n\t\t\t\t\t\t\t<div class=\"post-title\">\n\t\t\t\t\t<h5 class=\"entry-title reverse-link-color\"><span class=\"entry-title-date\"><\/span><span class=\"light\">Angelm\u00f3 exige m\u00e1s que seguridad: clama por la recuperaci\u00f3n de su antiguo esplendor<\/span><\/h5>\t\t\t\t<\/div>\n\t\t\t\n\t\t\t\t\t\t\t<div class=\"post-text date-color\">\n\t\t\t\t\t<div class=\"summary\">\n\t\t\t\t\t\t\t\t\t\t\t\t\t<p>Ese deterioro tiene hitos claros. Uno de ellos fue la pol\u00e9mica boleta viralizada en 2022, cuando una familia denunci\u00f3 haber pagado cerca de $160.000 por un almuerzo en un restaurante del sector, incluyendo un caldillo de congrio a $23.000.<\/p>\n\t\t\t\t\t\t\t\t\t\t\t<\/div>\n\t\t\t\t<\/div>\n\t\t\t\n\t\t<\/div>\n\t\t<div class=\"post-meta date-color\">\n\t\t\t<div class=\"entry-meta clearfix gem-post-date\">\n\t\t\t\t<div class=\"post-meta-right\">\n\t\t\t\t\t\t\t\t\t\t\n\t\t\t\t\t\n\t\t\t\t<\/div>\n\t\t\t\t<div class=\"post-meta-left\">\n\t\t\t\t\t\t\t\t\t\t\t<span class=\"post-meta-author\">\n\t\t\t\t\t\t\t\t\t\tPor <a href=\"https:\/\/elfuerte.cl\/web\" title=\"Visitar el sitio de Prensa El Fuerte\" rel=\"author external\">Prensa El Fuerte<\/a>\t\t\t\t\t\t\t\t\t<\/span>\n\t\t\t\t\t\t\t\t\t<\/div>\n\t\t\t<\/div><!-- .entry-meta -->\n\t\t<\/div>\n\n\t\t\t\t\t<div class=\"gem-blog-slider-navigation\">\n\t\t\t\t<a href=\"#\" class=\"gem-blog-slider-prev gem-button gem-button-size-tiny\">\n\t\t\t\t\t<i aria-hidden=\"true\" class=\"gem-print-icon gem-icon-prev gem-elegant arrow-carrot-left\"><\/i>\t\t\t\t<\/a>\n\t\t\t\t<a href=\"#\" class=\"gem-blog-slider-next gem-button gem-button-size-tiny\">\n\t\t\t\t\t<i aria-hidden=\"true\" class=\"gem-print-icon gem-icon-prev gem-elegant arrow-carrot-right\"><\/i>\t\t\t\t<\/a>\n\t\t\t<\/div>\n\t\t\t<\/div>\n<\/article><!-- #post-2584 -->\n\n<article id=\"post-2571\" class=\"clearfix\">\n\n\t<a href=\"https:\/\/elfuerte.cl\/web\/2025\/12\/05\/feria-tablas-y-copas-vinos-y-sabores-locales-son-alternativa-de-regalo-navideno-en-concepcion\/\" class=\"gem-slider-blog-link\"><\/a>\n\n\t<div class=\"gem-slider-item-image\" style=\"background: url('https:\/\/elfuerte.cl\/web\/wp-content\/uploads\/2025\/12\/tablasbanner.jpg') no-repeat 50% 50% \/ cover;\">\n\t\t<img src=\"https:\/\/elfuerte.cl\/web\/wp-content\/uploads\/2025\/12\/tablasbanner.jpg\"  style=\"visibility: hidden;\">\n\t<\/div>\n\n\t<div class=\"gem-slider-item-overlay\">\n\t\t<div class=\"gem-compact-item-content\">\n\t\t\t\t\t\t\t<div class=\"post-title\">\n\t\t\t\t\t<h5 class=\"entry-title reverse-link-color\"><span class=\"entry-title-date\"><\/span><span class=\"light\">Feria Tablas y Copas: vinos y sabores locales  son alternativa de regalo navide\u00f1o en Concepci\u00f3n<\/span><\/h5>\t\t\t\t<\/div>\n\t\t\t\n\t\t\t\t\t\t\t<div class=\"post-text date-color\">\n\t\t\t\t\t<div class=\"summary\">\n\t\t\t\t\t\t\t\t\t\t\t\t\t<p>El prop\u00f3sito del encuentro es fortalecer la econom\u00eda local mediante la promoci\u00f3n del enoturismo y de rubros asociados, generando instancias de comercializaci\u00f3n directa para emprendedores de la regi\u00f3n.<\/p>\n\t\t\t\t\t\t\t\t\t\t\t<\/div>\n\t\t\t\t<\/div>\n\t\t\t\n\t\t<\/div>\n\t\t<div class=\"post-meta date-color\">\n\t\t\t<div class=\"entry-meta clearfix gem-post-date\">\n\t\t\t\t<div class=\"post-meta-right\">\n\t\t\t\t\t\t\t\t\t\t\n\t\t\t\t\t\n\t\t\t\t<\/div>\n\t\t\t\t<div class=\"post-meta-left\">\n\t\t\t\t\t\t\t\t\t\t\t<span class=\"post-meta-author\">\n\t\t\t\t\t\t\t\t\t\tPor <a href=\"https:\/\/elfuerte.cl\/web\" title=\"Visitar el sitio de Prensa El Fuerte\" rel=\"author external\">Prensa El Fuerte<\/a>\t\t\t\t\t\t\t\t\t<\/span>\n\t\t\t\t\t\t\t\t\t<\/div>\n\t\t\t<\/div><!-- .entry-meta -->\n\t\t<\/div>\n\n\t\t\t\t\t<div class=\"gem-blog-slider-navigation\">\n\t\t\t\t<a href=\"#\" class=\"gem-blog-slider-prev gem-button gem-button-size-tiny\">\n\t\t\t\t\t<i aria-hidden=\"true\" class=\"gem-print-icon gem-icon-prev gem-elegant arrow-carrot-left\"><\/i>\t\t\t\t<\/a>\n\t\t\t\t<a href=\"#\" class=\"gem-blog-slider-next gem-button gem-button-size-tiny\">\n\t\t\t\t\t<i aria-hidden=\"true\" class=\"gem-print-icon gem-icon-prev gem-elegant arrow-carrot-right\"><\/i>\t\t\t\t<\/a>\n\t\t\t<\/div>\n\t\t\t<\/div>\n<\/article><!-- #post-2571 -->\n\n<article id=\"post-2555\" class=\"clearfix\">\n\n\t<a href=\"https:\/\/elfuerte.cl\/web\/2025\/12\/05\/valdivia-enciende-la-navidad-con-show-de-christell-y-caravanas-que-recorreran-los-barrios-de-la-comuna\/\" class=\"gem-slider-blog-link\"><\/a>\n\n\t<div class=\"gem-slider-item-image\" style=\"background: url('https:\/\/elfuerte.cl\/web\/wp-content\/uploads\/2025\/12\/navidadbanner.jpg') no-repeat 50% 50% \/ cover;\">\n\t\t<img src=\"https:\/\/elfuerte.cl\/web\/wp-content\/uploads\/2025\/12\/navidadbanner.jpg\"  style=\"visibility: hidden;\">\n\t<\/div>\n\n\t<div class=\"gem-slider-item-overlay\">\n\t\t<div class=\"gem-compact-item-content\">\n\t\t\t\t\t\t\t<div class=\"post-title\">\n\t\t\t\t\t<h5 class=\"entry-title reverse-link-color\"><span class=\"entry-title-date\"><\/span><span class=\"light\">Valdivia enciende la Navidad con show de Christell y caravanas que recorrer\u00e1n los barrios de la comuna<\/span><\/h5>\t\t\t\t<\/div>\n\t\t\t\n\t\t\t\t\t\t\t<div class=\"post-text date-color\">\n\t\t\t\t\t<div class=\"summary\">\n\t\t\t\t\t\t\t\t\t\t\t\t\t<p>El punto de partida ser\u00e1 este viernes 5 de diciembre, a las 19:30 horas, cuando la Plaza de la Rep\u00fablica se transforme en el escenario del tradicional encendido del \u00e1rbol navide\u00f1o.<\/p>\n\t\t\t\t\t\t\t\t\t\t\t<\/div>\n\t\t\t\t<\/div>\n\t\t\t\n\t\t<\/div>\n\t\t<div class=\"post-meta date-color\">\n\t\t\t<div class=\"entry-meta clearfix gem-post-date\">\n\t\t\t\t<div class=\"post-meta-right\">\n\t\t\t\t\t\t\t\t\t\t\n\t\t\t\t\t\n\t\t\t\t<\/div>\n\t\t\t\t<div class=\"post-meta-left\">\n\t\t\t\t\t\t\t\t\t\t\t<span class=\"post-meta-author\">\n\t\t\t\t\t\t\t\t\t\tPor <a href=\"https:\/\/elfuerte.cl\/web\" title=\"Visitar el sitio de Prensa El Fuerte\" rel=\"author external\">Prensa El Fuerte<\/a>\t\t\t\t\t\t\t\t\t<\/span>\n\t\t\t\t\t\t\t\t\t<\/div>\n\t\t\t<\/div><!-- .entry-meta -->\n\t\t<\/div>\n\n\t\t\t\t\t<div class=\"gem-blog-slider-navigation\">\n\t\t\t\t<a href=\"#\" class=\"gem-blog-slider-prev gem-button gem-button-size-tiny\">\n\t\t\t\t\t<i aria-hidden=\"true\" class=\"gem-print-icon gem-icon-prev gem-elegant arrow-carrot-left\"><\/i>\t\t\t\t<\/a>\n\t\t\t\t<a href=\"#\" class=\"gem-blog-slider-next gem-button gem-button-size-tiny\">\n\t\t\t\t\t<i aria-hidden=\"true\" class=\"gem-print-icon gem-icon-prev gem-elegant arrow-carrot-right\"><\/i>\t\t\t\t<\/a>\n\t\t\t<\/div>\n\t\t\t<\/div>\n<\/article><!-- #post-2555 -->\n\n<article id=\"post-2543\" class=\"clearfix\">\n\n\t<a href=\"https:\/\/elfuerte.cl\/web\/2025\/12\/04\/biobio-se-suma-a-estrategia-nacional-para-enfrentar-deficit-de-comprension-lectora\/\" class=\"gem-slider-blog-link\"><\/a>\n\n\t<div class=\"gem-slider-item-image\" style=\"background: url('https:\/\/elfuerte.cl\/web\/wp-content\/uploads\/2025\/12\/comprensionbanner.jpg') no-repeat 50% 50% \/ cover;\">\n\t\t<img src=\"https:\/\/elfuerte.cl\/web\/wp-content\/uploads\/2025\/12\/comprensionbanner.jpg\"  style=\"visibility: hidden;\">\n\t<\/div>\n\n\t<div class=\"gem-slider-item-overlay\">\n\t\t<div class=\"gem-compact-item-content\">\n\t\t\t\t\t\t\t<div class=\"post-title\">\n\t\t\t\t\t<h5 class=\"entry-title reverse-link-color\"><span class=\"entry-title-date\"><\/span><span class=\"light\">Biob\u00edo se suma a estrategia nacional para  enfrentar d\u00e9ficit de comprensi\u00f3n lectora<\/span><\/h5>\t\t\t\t<\/div>\n\t\t\t\n\t\t\t\t\t\t\t<div class=\"post-text date-color\">\n\t\t\t\t\t<div class=\"summary\">\n\t\t\t\t\t\t\t\t\t\t\t\t\t<p>Frente a estas cifras, la urgencia para adoptar medidas para revertir la situaci\u00f3n es evidente: si Chile no mejora su aprendizaje lector, compromete todo su sistema educativo y el desarrollo futuro de sus ni\u00f1os y ni\u00f1as.<\/p>\n\t\t\t\t\t\t\t\t\t\t\t<\/div>\n\t\t\t\t<\/div>\n\t\t\t\n\t\t<\/div>\n\t\t<div class=\"post-meta date-color\">\n\t\t\t<div class=\"entry-meta clearfix gem-post-date\">\n\t\t\t\t<div class=\"post-meta-right\">\n\t\t\t\t\t\t\t\t\t\t\n\t\t\t\t\t\n\t\t\t\t<\/div>\n\t\t\t\t<div class=\"post-meta-left\">\n\t\t\t\t\t\t\t\t\t\t\t<span class=\"post-meta-author\">\n\t\t\t\t\t\t\t\t\t\tPor <a href=\"https:\/\/elfuerte.cl\/web\" title=\"Visitar el sitio de Prensa El Fuerte\" rel=\"author external\">Prensa El Fuerte<\/a>\t\t\t\t\t\t\t\t\t<\/span>\n\t\t\t\t\t\t\t\t\t<\/div>\n\t\t\t<\/div><!-- .entry-meta -->\n\t\t<\/div>\n\n\t\t\t\t\t<div class=\"gem-blog-slider-navigation\">\n\t\t\t\t<a href=\"#\" class=\"gem-blog-slider-prev gem-button gem-button-size-tiny\">\n\t\t\t\t\t<i aria-hidden=\"true\" class=\"gem-print-icon gem-icon-prev gem-elegant arrow-carrot-left\"><\/i>\t\t\t\t<\/a>\n\t\t\t\t<a href=\"#\" class=\"gem-blog-slider-next gem-button gem-button-size-tiny\">\n\t\t\t\t\t<i aria-hidden=\"true\" class=\"gem-print-icon gem-icon-prev gem-elegant arrow-carrot-right\"><\/i>\t\t\t\t<\/a>\n\t\t\t<\/div>\n\t\t\t<\/div>\n<\/article><!-- #post-2543 -->\n\n<article id=\"post-2532\" class=\"clearfix\">\n\n\t<a href=\"https:\/\/elfuerte.cl\/web\/2025\/12\/04\/valdivia-en-clave-de-swing-festival-de-jazz-partio-con-noche-que-hizo-vibrar-al-cervantes\/\" class=\"gem-slider-blog-link\"><\/a>\n\n\t<div class=\"gem-slider-item-image\" style=\"background: url('https:\/\/elfuerte.cl\/web\/wp-content\/uploads\/2025\/12\/jazzbanner.jpg') no-repeat 50% 50% \/ cover;\">\n\t\t<img src=\"https:\/\/elfuerte.cl\/web\/wp-content\/uploads\/2025\/12\/jazzbanner.jpg\"  style=\"visibility: hidden;\">\n\t<\/div>\n\n\t<div class=\"gem-slider-item-overlay\">\n\t\t<div class=\"gem-compact-item-content\">\n\t\t\t\t\t\t\t<div class=\"post-title\">\n\t\t\t\t\t<h5 class=\"entry-title reverse-link-color\"><span class=\"entry-title-date\"><\/span><span class=\"light\">Valdivia en clave de swing: Festival de Jazz parti\u00f3 con noche que hizo vibrar al Cervantes<\/span><\/h5>\t\t\t\t<\/div>\n\t\t\t\n\t\t\t\t\t\t\t<div class=\"post-text date-color\">\n\t\t\t\t\t<div class=\"summary\">\n\t\t\t\t\t\t\t\t\t\t\t\t\t<p>A lo largo de sus 25 versiones, el Festival de Jazz de Valdivia se ha consolidado como un espacio fundamental para el rescate, difusi\u00f3n y formaci\u00f3n en torno a este g\u00e9nero musical.<\/p>\n\t\t\t\t\t\t\t\t\t\t\t<\/div>\n\t\t\t\t<\/div>\n\t\t\t\n\t\t<\/div>\n\t\t<div class=\"post-meta date-color\">\n\t\t\t<div class=\"entry-meta clearfix gem-post-date\">\n\t\t\t\t<div class=\"post-meta-right\">\n\t\t\t\t\t\t\t\t\t\t\n\t\t\t\t\t\n\t\t\t\t<\/div>\n\t\t\t\t<div class=\"post-meta-left\">\n\t\t\t\t\t\t\t\t\t\t\t<span class=\"post-meta-author\">\n\t\t\t\t\t\t\t\t\t\tPor <a href=\"https:\/\/elfuerte.cl\/web\" title=\"Visitar el sitio de Prensa El Fuerte\" rel=\"author external\">Prensa El Fuerte<\/a>\t\t\t\t\t\t\t\t\t<\/span>\n\t\t\t\t\t\t\t\t\t<\/div>\n\t\t\t<\/div><!-- .entry-meta -->\n\t\t<\/div>\n\n\t\t\t\t\t<div class=\"gem-blog-slider-navigation\">\n\t\t\t\t<a href=\"#\" class=\"gem-blog-slider-prev gem-button gem-button-size-tiny\">\n\t\t\t\t\t<i aria-hidden=\"true\" class=\"gem-print-icon gem-icon-prev gem-elegant arrow-carrot-left\"><\/i>\t\t\t\t<\/a>\n\t\t\t\t<a href=\"#\" class=\"gem-blog-slider-next gem-button gem-button-size-tiny\">\n\t\t\t\t\t<i aria-hidden=\"true\" class=\"gem-print-icon gem-icon-prev gem-elegant arrow-carrot-right\"><\/i>\t\t\t\t<\/a>\n\t\t\t<\/div>\n\t\t\t<\/div>\n<\/article><!-- #post-2532 -->\n\n<article id=\"post-2513\" class=\"clearfix\">\n\n\t<a href=\"https:\/\/elfuerte.cl\/web\/2025\/12\/04\/formalizar-para-crecer-agricultores-del-biobio-avanzan-para-consolidar-sus-emprendimientos\/\" class=\"gem-slider-blog-link\"><\/a>\n\n\t<div class=\"gem-slider-item-image\" style=\"background: url('https:\/\/elfuerte.cl\/web\/wp-content\/uploads\/2025\/12\/agrobannerok.jpg') no-repeat 50% 50% \/ cover;\">\n\t\t<img src=\"https:\/\/elfuerte.cl\/web\/wp-content\/uploads\/2025\/12\/agrobannerok.jpg\"  style=\"visibility: hidden;\">\n\t<\/div>\n\n\t<div class=\"gem-slider-item-overlay\">\n\t\t<div class=\"gem-compact-item-content\">\n\t\t\t\t\t\t\t<div class=\"post-title\">\n\t\t\t\t\t<h5 class=\"entry-title reverse-link-color\"><span class=\"entry-title-date\"><\/span><span class=\"light\">Formalizar para crecer: agricultores del Biob\u00edo  avanzan para consolidar sus emprendimientos<\/span><\/h5>\t\t\t\t<\/div>\n\t\t\t\n\t\t\t\t\t\t\t<div class=\"post-text date-color\">\n\t\t\t\t\t<div class=\"summary\">\n\t\t\t\t\t\t\t\t\t\t\t\t\t<p>Productores provenientes de distintos puntos de la regi\u00f3n participaron en la jornada \u201cFormalizaci\u00f3n para Ferias\u201d, donde se abordaron temas como procesos sanitarios, obligaciones tributarias y mecanismos de apoyo para mejorar el riego y la productividad.<\/p>\n\t\t\t\t\t\t\t\t\t\t\t<\/div>\n\t\t\t\t<\/div>\n\t\t\t\n\t\t<\/div>\n\t\t<div class=\"post-meta date-color\">\n\t\t\t<div class=\"entry-meta clearfix gem-post-date\">\n\t\t\t\t<div class=\"post-meta-right\">\n\t\t\t\t\t\t\t\t\t\t\n\t\t\t\t\t\n\t\t\t\t<\/div>\n\t\t\t\t<div class=\"post-meta-left\">\n\t\t\t\t\t\t\t\t\t\t\t<span class=\"post-meta-author\">\n\t\t\t\t\t\t\t\t\t\tPor <a href=\"https:\/\/elfuerte.cl\/web\" title=\"Visitar el sitio de Prensa El Fuerte\" rel=\"author external\">Prensa El Fuerte<\/a>\t\t\t\t\t\t\t\t\t<\/span>\n\t\t\t\t\t\t\t\t\t<\/div>\n\t\t\t<\/div><!-- .entry-meta -->\n\t\t<\/div>\n\n\t\t\t\t\t<div class=\"gem-blog-slider-navigation\">\n\t\t\t\t<a href=\"#\" class=\"gem-blog-slider-prev gem-button gem-button-size-tiny\">\n\t\t\t\t\t<i aria-hidden=\"true\" class=\"gem-print-icon gem-icon-prev gem-elegant arrow-carrot-left\"><\/i>\t\t\t\t<\/a>\n\t\t\t\t<a href=\"#\" class=\"gem-blog-slider-next gem-button gem-button-size-tiny\">\n\t\t\t\t\t<i aria-hidden=\"true\" class=\"gem-print-icon gem-icon-prev gem-elegant arrow-carrot-right\"><\/i>\t\t\t\t<\/a>\n\t\t\t<\/div>\n\t\t\t<\/div>\n<\/article><!-- #post-2513 -->\n\n<article id=\"post-2521\" class=\"clearfix\">\n\n\t<a href=\"https:\/\/elfuerte.cl\/web\/2025\/12\/03\/ironman-2026-un-desafio-mayor-que-implica-4-mil-atletas-y-mas-de-20-mil-espectadores\/\" class=\"gem-slider-blog-link\"><\/a>\n\n\t<div class=\"gem-slider-item-image\" style=\"background: url('https:\/\/elfuerte.cl\/web\/wp-content\/uploads\/2025\/12\/ironmbanner.jpg') no-repeat 50% 50% \/ cover;\">\n\t\t<img src=\"https:\/\/elfuerte.cl\/web\/wp-content\/uploads\/2025\/12\/ironmbanner.jpg\"  style=\"visibility: hidden;\">\n\t<\/div>\n\n\t<div class=\"gem-slider-item-overlay\">\n\t\t<div class=\"gem-compact-item-content\">\n\t\t\t\t\t\t\t<div class=\"post-title\">\n\t\t\t\t\t<h5 class=\"entry-title reverse-link-color\"><span class=\"entry-title-date\"><\/span><span class=\"light\">Ironman 2026: un desaf\u00edo mayor que implica 4 mil atletas y m\u00e1s de 20 mil espectadores<\/span><\/h5>\t\t\t\t<\/div>\n\t\t\t\n\t\t\t\t\t\t\t<div class=\"post-text date-color\">\n\t\t\t\t\t<div class=\"summary\">\n\t\t\t\t\t\t\t\t\t\t\t\t\t<p>De acuerdo al balance informado ayer por las autoridades locales, m\u00e1s de diez mil personas llegaron a Valdivia, lo que deriv\u00f3 en un 100% de ocupaci\u00f3n hotelera, y un reporte de gran actividad econ\u00f3mica en los casi cien comercios adheridos al Ironman 70.3. Para el pr\u00f3ximo a\u00f1o, se espera duplicar las cifras al organizar un Ironman Full.<\/p>\n\t\t\t\t\t\t\t\t\t\t\t<\/div>\n\t\t\t\t<\/div>\n\t\t\t\n\t\t<\/div>\n\t\t<div class=\"post-meta date-color\">\n\t\t\t<div class=\"entry-meta clearfix gem-post-date\">\n\t\t\t\t<div class=\"post-meta-right\">\n\t\t\t\t\t\t\t\t\t\t\n\t\t\t\t\t\n\t\t\t\t<\/div>\n\t\t\t\t<div class=\"post-meta-left\">\n\t\t\t\t\t\t\t\t\t\t\t<span class=\"post-meta-author\">\n\t\t\t\t\t\t\t\t\t\tPor <a href=\"https:\/\/elfuerte.cl\/web\" title=\"Visitar el sitio de Prensa El Fuerte\" rel=\"author external\">Prensa El Fuerte<\/a>\t\t\t\t\t\t\t\t\t<\/span>\n\t\t\t\t\t\t\t\t\t<\/div>\n\t\t\t<\/div><!-- .entry-meta -->\n\t\t<\/div>\n\n\t\t\t\t\t<div class=\"gem-blog-slider-navigation\">\n\t\t\t\t<a href=\"#\" class=\"gem-blog-slider-prev gem-button gem-button-size-tiny\">\n\t\t\t\t\t<i aria-hidden=\"true\" class=\"gem-print-icon gem-icon-prev gem-elegant arrow-carrot-left\"><\/i>\t\t\t\t<\/a>\n\t\t\t\t<a href=\"#\" class=\"gem-blog-slider-next gem-button gem-button-size-tiny\">\n\t\t\t\t\t<i aria-hidden=\"true\" class=\"gem-print-icon gem-icon-prev gem-elegant arrow-carrot-right\"><\/i>\t\t\t\t<\/a>\n\t\t\t<\/div>\n\t\t\t<\/div>\n<\/article><!-- #post-2521 -->\n\n<article id=\"post-2502\" class=\"clearfix\">\n\n\t<a href=\"https:\/\/elfuerte.cl\/web\/2025\/12\/03\/puerto-varas-reactiva-proyecto-para-sumarse-a-la-red-de-electromovilidad\/\" class=\"gem-slider-blog-link\"><\/a>\n\n\t<div class=\"gem-slider-item-image\" style=\"background: url('https:\/\/elfuerte.cl\/web\/wp-content\/uploads\/2025\/12\/electrobanner.jpg') no-repeat 50% 50% \/ cover;\">\n\t\t<img src=\"https:\/\/elfuerte.cl\/web\/wp-content\/uploads\/2025\/12\/electrobanner.jpg\"  style=\"visibility: hidden;\">\n\t<\/div>\n\n\t<div class=\"gem-slider-item-overlay\">\n\t\t<div class=\"gem-compact-item-content\">\n\t\t\t\t\t\t\t<div class=\"post-title\">\n\t\t\t\t\t<h5 class=\"entry-title reverse-link-color\"><span class=\"entry-title-date\"><\/span><span class=\"light\">Puerto Varas reactiva proyecto para sumarse a la red de electromovilidad<\/span><\/h5>\t\t\t\t<\/div>\n\t\t\t\n\t\t\t\t\t\t\t<div class=\"post-text date-color\">\n\t\t\t\t\t<div class=\"summary\">\n\t\t\t\t\t\t\t\t\t\t\t\t\t<p>La electromovilidad no es solo un cambio tecnol\u00f3gico; significa descontaminar las ciudades, reducir el ruido urbano, mejorar la salud de la poblaci\u00f3n y ofrecer un transporte m\u00e1s digno y eficiente.<\/p>\n\t\t\t\t\t\t\t\t\t\t\t<\/div>\n\t\t\t\t<\/div>\n\t\t\t\n\t\t<\/div>\n\t\t<div class=\"post-meta date-color\">\n\t\t\t<div class=\"entry-meta clearfix gem-post-date\">\n\t\t\t\t<div class=\"post-meta-right\">\n\t\t\t\t\t\t\t\t\t\t\n\t\t\t\t\t\n\t\t\t\t<\/div>\n\t\t\t\t<div class=\"post-meta-left\">\n\t\t\t\t\t\t\t\t\t\t\t<span class=\"post-meta-author\">\n\t\t\t\t\t\t\t\t\t\tPor <a href=\"https:\/\/elfuerte.cl\/web\" title=\"Visitar el sitio de Prensa El Fuerte\" rel=\"author external\">Prensa El Fuerte<\/a>\t\t\t\t\t\t\t\t\t<\/span>\n\t\t\t\t\t\t\t\t\t<\/div>\n\t\t\t<\/div><!-- .entry-meta -->\n\t\t<\/div>\n\n\t\t\t\t\t<div class=\"gem-blog-slider-navigation\">\n\t\t\t\t<a href=\"#\" class=\"gem-blog-slider-prev gem-button gem-button-size-tiny\">\n\t\t\t\t\t<i aria-hidden=\"true\" class=\"gem-print-icon gem-icon-prev gem-elegant arrow-carrot-left\"><\/i>\t\t\t\t<\/a>\n\t\t\t\t<a href=\"#\" class=\"gem-blog-slider-next gem-button gem-button-size-tiny\">\n\t\t\t\t\t<i aria-hidden=\"true\" class=\"gem-print-icon gem-icon-prev gem-elegant arrow-carrot-right\"><\/i>\t\t\t\t<\/a>\n\t\t\t<\/div>\n\t\t\t<\/div>\n<\/article><!-- #post-2502 -->\n\n<article id=\"post-2480\" class=\"clearfix\">\n\n\t<a href=\"https:\/\/elfuerte.cl\/web\/2025\/11\/30\/valdivia-celebra-el-exito-del-ironman-70-3-y-va-por-un-desafio-mayor-en-2026\/\" class=\"gem-slider-blog-link\"><\/a>\n\n\t<div class=\"gem-slider-item-image\" style=\"background: url('https:\/\/elfuerte.cl\/web\/wp-content\/uploads\/2025\/12\/2banneriron.jpg') no-repeat 50% 50% \/ cover;\">\n\t\t<img src=\"https:\/\/elfuerte.cl\/web\/wp-content\/uploads\/2025\/12\/2banneriron.jpg\"  style=\"visibility: hidden;\">\n\t<\/div>\n\n\t<div class=\"gem-slider-item-overlay\">\n\t\t<div class=\"gem-compact-item-content\">\n\t\t\t\t\t\t\t<div class=\"post-title\">\n\t\t\t\t\t<h5 class=\"entry-title reverse-link-color\"><span class=\"entry-title-date\"><\/span><span class=\"light\">Valdivia celebra el \u00e9xito del Ironman  70.3 y va por un desaf\u00edo mayor en 2026<\/span><\/h5>\t\t\t\t<\/div>\n\t\t\t\n\t\t\t\t\t\t\t<div class=\"post-text date-color\">\n\t\t\t\t\t<div class=\"summary\">\n\t\t\t\t\t\t\t\t\t\t\t\t\t<p>La capital de Los R\u00edos vivi\u00f3 una jornada hist\u00f3rica con m\u00e1s de 2.200 competidores, miles de asistentes y un despliegue log\u00edstico impecable, en un evento que reafirma a Valdivia como uno de los mejores escenarios del pa\u00eds para el deporte al aire libre.<\/p>\n\t\t\t\t\t\t\t\t\t\t\t<\/div>\n\t\t\t\t<\/div>\n\t\t\t\n\t\t<\/div>\n\t\t<div class=\"post-meta date-color\">\n\t\t\t<div class=\"entry-meta clearfix gem-post-date\">\n\t\t\t\t<div class=\"post-meta-right\">\n\t\t\t\t\t\t\t\t\t\t\n\t\t\t\t\t\n\t\t\t\t<\/div>\n\t\t\t\t<div class=\"post-meta-left\">\n\t\t\t\t\t\t\t\t\t\t\t<span class=\"post-meta-author\">\n\t\t\t\t\t\t\t\t\t\tPor <a href=\"https:\/\/elfuerte.cl\/web\" title=\"Visitar el sitio de Prensa El Fuerte\" rel=\"author external\">Prensa El Fuerte<\/a>\t\t\t\t\t\t\t\t\t<\/span>\n\t\t\t\t\t\t\t\t\t<\/div>\n\t\t\t<\/div><!-- .entry-meta -->\n\t\t<\/div>\n\n\t\t\t\t\t<div class=\"gem-blog-slider-navigation\">\n\t\t\t\t<a href=\"#\" class=\"gem-blog-slider-prev gem-button gem-button-size-tiny\">\n\t\t\t\t\t<i aria-hidden=\"true\" class=\"gem-print-icon gem-icon-prev gem-elegant arrow-carrot-left\"><\/i>\t\t\t\t<\/a>\n\t\t\t\t<a href=\"#\" class=\"gem-blog-slider-next gem-button gem-button-size-tiny\">\n\t\t\t\t\t<i aria-hidden=\"true\" class=\"gem-print-icon gem-icon-prev gem-elegant arrow-carrot-right\"><\/i>\t\t\t\t<\/a>\n\t\t\t<\/div>\n\t\t\t<\/div>\n<\/article><!-- #post-2480 -->\n\n<article id=\"post-2470\" class=\"clearfix\">\n\n\t<a href=\"https:\/\/elfuerte.cl\/web\/2025\/11\/29\/valdivia-vive-la-fiesta-del-deporte-con-el-ironman-70-3\/\" class=\"gem-slider-blog-link\"><\/a>\n\n\t<div class=\"gem-slider-item-image\" style=\"background: url('https:\/\/elfuerte.cl\/web\/wp-content\/uploads\/2025\/11\/iornman2banner.jpg') no-repeat 50% 50% \/ cover;\">\n\t\t<img src=\"https:\/\/elfuerte.cl\/web\/wp-content\/uploads\/2025\/11\/iornman2banner.jpg\"  style=\"visibility: hidden;\">\n\t<\/div>\n\n\t<div class=\"gem-slider-item-overlay\">\n\t\t<div class=\"gem-compact-item-content\">\n\t\t\t\t\t\t\t<div class=\"post-title\">\n\t\t\t\t\t<h5 class=\"entry-title reverse-link-color\"><span class=\"entry-title-date\"><\/span><span class=\"light\">Valdivia vive la fiesta del  deporte con el Ironman 70.3<\/span><\/h5>\t\t\t\t<\/div>\n\t\t\t\n\t\t\t\t\t\t\t<div class=\"post-text date-color\">\n\t\t\t\t\t<div class=\"summary\">\n\t\t\t\t\t\t\t\t\t\t\t\t\t<p>Ayer comenzaron las actividades de la gran fiesta deportiva que se vivir\u00e1 este fin de semana en Valdivia con el Ironman 70.3. Las primeras competencias reunieron a ni\u00f1os de entre 4 y 14 a\u00f1os, junto a la Family Run, en una jornada marcada por la energ\u00eda, la participaci\u00f3n familiar y el entusiasmo de la comunidad.<\/p>\n\t\t\t\t\t\t\t\t\t\t\t<\/div>\n\t\t\t\t<\/div>\n\t\t\t\n\t\t<\/div>\n\t\t<div class=\"post-meta date-color\">\n\t\t\t<div class=\"entry-meta clearfix gem-post-date\">\n\t\t\t\t<div class=\"post-meta-right\">\n\t\t\t\t\t\t\t\t\t\t\n\t\t\t\t\t\n\t\t\t\t<\/div>\n\t\t\t\t<div class=\"post-meta-left\">\n\t\t\t\t\t\t\t\t\t\t\t<span class=\"post-meta-author\">\n\t\t\t\t\t\t\t\t\t\tPor <a href=\"https:\/\/elfuerte.cl\/web\" title=\"Visitar el sitio de Prensa El Fuerte\" rel=\"author external\">Prensa El Fuerte<\/a>\t\t\t\t\t\t\t\t\t<\/span>\n\t\t\t\t\t\t\t\t\t<\/div>\n\t\t\t<\/div><!-- .entry-meta -->\n\t\t<\/div>\n\n\t\t\t\t\t<div class=\"gem-blog-slider-navigation\">\n\t\t\t\t<a href=\"#\" class=\"gem-blog-slider-prev gem-button gem-button-size-tiny\">\n\t\t\t\t\t<i aria-hidden=\"true\" class=\"gem-print-icon gem-icon-prev gem-elegant arrow-carrot-left\"><\/i>\t\t\t\t<\/a>\n\t\t\t\t<a href=\"#\" class=\"gem-blog-slider-next gem-button gem-button-size-tiny\">\n\t\t\t\t\t<i aria-hidden=\"true\" class=\"gem-print-icon gem-icon-prev gem-elegant arrow-carrot-right\"><\/i>\t\t\t\t<\/a>\n\t\t\t<\/div>\n\t\t\t<\/div>\n<\/article><!-- #post-2470 -->\n\n<article id=\"post-2461\" class=\"clearfix\">\n\n\t<a href=\"https:\/\/elfuerte.cl\/web\/2025\/11\/27\/valdivia-participo-en-uno-de-los-encuentros-de-innovacion-mas-importantes-de-latinoamerica\/\" class=\"gem-slider-blog-link\"><\/a>\n\n\t<div class=\"gem-slider-item-image\" style=\"background: url('https:\/\/elfuerte.cl\/web\/wp-content\/uploads\/2025\/11\/emprendebanner.jpg') no-repeat 50% 50% \/ cover;\">\n\t\t<img src=\"https:\/\/elfuerte.cl\/web\/wp-content\/uploads\/2025\/11\/emprendebanner.jpg\"  style=\"visibility: hidden;\">\n\t<\/div>\n\n\t<div class=\"gem-slider-item-overlay\">\n\t\t<div class=\"gem-compact-item-content\">\n\t\t\t\t\t\t\t<div class=\"post-title\">\n\t\t\t\t\t<h5 class=\"entry-title reverse-link-color\"><span class=\"entry-title-date\"><\/span><span class=\"light\">Valdivia particip\u00f3 en uno de los encuentros de innovaci\u00f3n m\u00e1s importantes de Latinoam\u00e9rica<\/span><\/h5>\t\t\t\t<\/div>\n\t\t\t\n\t\t\t\t\t\t\t<div class=\"post-text date-color\">\n\t\t\t\t\t<div class=\"summary\">\n\t\t\t\t\t\t\t\t\t\t\t\t\t<p>El Festival Internacional Emprende Tu Mente \u2013 ETM Day 2025 reuni\u00f3 a m\u00e1s de 56 mil asistentes, y ofreci\u00f3 una amplia agenda de charlas magistrales, paneles tem\u00e1ticos, talleres y espacios de vinculaci\u00f3n.<\/p>\n\t\t\t\t\t\t\t\t\t\t\t<\/div>\n\t\t\t\t<\/div>\n\t\t\t\n\t\t<\/div>\n\t\t<div class=\"post-meta date-color\">\n\t\t\t<div class=\"entry-meta clearfix gem-post-date\">\n\t\t\t\t<div class=\"post-meta-right\">\n\t\t\t\t\t\t\t\t\t\t\n\t\t\t\t\t\n\t\t\t\t<\/div>\n\t\t\t\t<div class=\"post-meta-left\">\n\t\t\t\t\t\t\t\t\t\t\t<span class=\"post-meta-author\">\n\t\t\t\t\t\t\t\t\t\tPor <a href=\"https:\/\/elfuerte.cl\/web\" title=\"Visitar el sitio de Prensa El Fuerte\" rel=\"author external\">Prensa El Fuerte<\/a>\t\t\t\t\t\t\t\t\t<\/span>\n\t\t\t\t\t\t\t\t\t<\/div>\n\t\t\t<\/div><!-- .entry-meta -->\n\t\t<\/div>\n\n\t\t\t\t\t<div class=\"gem-blog-slider-navigation\">\n\t\t\t\t<a href=\"#\" class=\"gem-blog-slider-prev gem-button gem-button-size-tiny\">\n\t\t\t\t\t<i aria-hidden=\"true\" class=\"gem-print-icon gem-icon-prev gem-elegant arrow-carrot-left\"><\/i>\t\t\t\t<\/a>\n\t\t\t\t<a href=\"#\" class=\"gem-blog-slider-next gem-button gem-button-size-tiny\">\n\t\t\t\t\t<i aria-hidden=\"true\" class=\"gem-print-icon gem-icon-prev gem-elegant arrow-carrot-right\"><\/i>\t\t\t\t<\/a>\n\t\t\t<\/div>\n\t\t\t<\/div>\n<\/article><!-- #post-2461 -->\n\n<article id=\"post-2455\" class=\"clearfix\">\n\n\t<a href=\"https:\/\/elfuerte.cl\/web\/2025\/11\/27\/el-sur-consolida-liderazgo-como-polo-tecnologico-con-nuevo-centro-de-economia-circular\/\" class=\"gem-slider-blog-link\"><\/a>\n\n\t<div class=\"gem-slider-item-image\" style=\"background: url('https:\/\/elfuerte.cl\/web\/wp-content\/uploads\/2025\/11\/economiabanner.jpg') no-repeat 50% 50% \/ cover;\">\n\t\t<img src=\"https:\/\/elfuerte.cl\/web\/wp-content\/uploads\/2025\/11\/economiabanner.jpg\"  style=\"visibility: hidden;\">\n\t<\/div>\n\n\t<div class=\"gem-slider-item-overlay\">\n\t\t<div class=\"gem-compact-item-content\">\n\t\t\t\t\t\t\t<div class=\"post-title\">\n\t\t\t\t\t<h5 class=\"entry-title reverse-link-color\"><span class=\"entry-title-date\"><\/span><span class=\"light\">El sur consolida liderazgo como polo tecnol\u00f3gico con nuevo Centro de Econom\u00eda Circular<\/span><\/h5>\t\t\t\t<\/div>\n\t\t\t\n\t\t\t\t\t\t\t<div class=\"post-text date-color\">\n\t\t\t\t\t<div class=\"summary\">\n\t\t\t\t\t\t\t\t\t\t\t\t\t<p>El centro, que congrega una inversi\u00f3n p\u00fablico-privada superior a los $17.609 millones, ser\u00e1 implementado por un consorcio liderado por la Universidad San Sebasti\u00e1n, con apoyo de Corfo y el Gobierno Regional.<\/p>\n\t\t\t\t\t\t\t\t\t\t\t<\/div>\n\t\t\t\t<\/div>\n\t\t\t\n\t\t<\/div>\n\t\t<div class=\"post-meta date-color\">\n\t\t\t<div class=\"entry-meta clearfix gem-post-date\">\n\t\t\t\t<div class=\"post-meta-right\">\n\t\t\t\t\t\t\t\t\t\t\n\t\t\t\t\t\n\t\t\t\t<\/div>\n\t\t\t\t<div class=\"post-meta-left\">\n\t\t\t\t\t\t\t\t\t\t\t<span class=\"post-meta-author\">\n\t\t\t\t\t\t\t\t\t\tPor <a href=\"https:\/\/elfuerte.cl\/web\" title=\"Visitar el sitio de Prensa El Fuerte\" rel=\"author external\">Prensa El Fuerte<\/a>\t\t\t\t\t\t\t\t\t<\/span>\n\t\t\t\t\t\t\t\t\t<\/div>\n\t\t\t<\/div><!-- .entry-meta -->\n\t\t<\/div>\n\n\t\t\t\t\t<div class=\"gem-blog-slider-navigation\">\n\t\t\t\t<a href=\"#\" class=\"gem-blog-slider-prev gem-button gem-button-size-tiny\">\n\t\t\t\t\t<i aria-hidden=\"true\" class=\"gem-print-icon gem-icon-prev gem-elegant arrow-carrot-left\"><\/i>\t\t\t\t<\/a>\n\t\t\t\t<a href=\"#\" class=\"gem-blog-slider-next gem-button gem-button-size-tiny\">\n\t\t\t\t\t<i aria-hidden=\"true\" class=\"gem-print-icon gem-icon-prev gem-elegant arrow-carrot-right\"><\/i>\t\t\t\t<\/a>\n\t\t\t<\/div>\n\t\t\t<\/div>\n<\/article><!-- #post-2455 -->\n\n<article id=\"post-2441\" class=\"clearfix\">\n\n\t<a href=\"https:\/\/elfuerte.cl\/web\/2025\/11\/26\/educadora-de-frutillar-hace-historia-tras-ganar-el-global-teacher-prize-2025\/\" class=\"gem-slider-blog-link\"><\/a>\n\n\t<div class=\"gem-slider-item-image\" style=\"background: url('https:\/\/elfuerte.cl\/web\/wp-content\/uploads\/2025\/11\/edubanner.jpg') no-repeat 50% 50% \/ cover;\">\n\t\t<img src=\"https:\/\/elfuerte.cl\/web\/wp-content\/uploads\/2025\/11\/edubanner.jpg\"  style=\"visibility: hidden;\">\n\t<\/div>\n\n\t<div class=\"gem-slider-item-overlay\">\n\t\t<div class=\"gem-compact-item-content\">\n\t\t\t\t\t\t\t<div class=\"post-title\">\n\t\t\t\t\t<h5 class=\"entry-title reverse-link-color\"><span class=\"entry-title-date\"><\/span><span class=\"light\">Educadora de Frutillar hace historia tras ganar el Global Teacher Prize 2025<\/span><\/h5>\t\t\t\t<\/div>\n\t\t\t\n\t\t\t\t\t\t\t<div class=\"post-text date-color\">\n\t\t\t\t\t<div class=\"summary\">\n\t\t\t\t\t\t\t\t\t\t\t\t\t<p>La docente del Jard\u00edn Infantil \u201cFrutillita\u201d, de la comuna de Frutillar, regi\u00f3n de Los Lagos, Yohana Hern\u00e1ndez, ahora se proyecta a la competencia internacional del certamen que se efectuar\u00e1 en enero o febrero de 2026 en Dubai.<\/p>\n\t\t\t\t\t\t\t\t\t\t\t<\/div>\n\t\t\t\t<\/div>\n\t\t\t\n\t\t<\/div>\n\t\t<div class=\"post-meta date-color\">\n\t\t\t<div class=\"entry-meta clearfix gem-post-date\">\n\t\t\t\t<div class=\"post-meta-right\">\n\t\t\t\t\t\t\t\t\t\t\n\t\t\t\t\t\n\t\t\t\t<\/div>\n\t\t\t\t<div class=\"post-meta-left\">\n\t\t\t\t\t\t\t\t\t\t\t<span class=\"post-meta-author\">\n\t\t\t\t\t\t\t\t\t\tPor <a href=\"https:\/\/elfuerte.cl\/web\" title=\"Visitar el sitio de Prensa El Fuerte\" rel=\"author external\">Prensa El Fuerte<\/a>\t\t\t\t\t\t\t\t\t<\/span>\n\t\t\t\t\t\t\t\t\t<\/div>\n\t\t\t<\/div><!-- .entry-meta -->\n\t\t<\/div>\n\n\t\t\t\t\t<div class=\"gem-blog-slider-navigation\">\n\t\t\t\t<a href=\"#\" class=\"gem-blog-slider-prev gem-button gem-button-size-tiny\">\n\t\t\t\t\t<i aria-hidden=\"true\" class=\"gem-print-icon gem-icon-prev gem-elegant arrow-carrot-left\"><\/i>\t\t\t\t<\/a>\n\t\t\t\t<a href=\"#\" class=\"gem-blog-slider-next gem-button gem-button-size-tiny\">\n\t\t\t\t\t<i aria-hidden=\"true\" class=\"gem-print-icon gem-icon-prev gem-elegant arrow-carrot-right\"><\/i>\t\t\t\t<\/a>\n\t\t\t<\/div>\n\t\t\t<\/div>\n<\/article><!-- #post-2441 -->\n\n<article id=\"post-2431\" class=\"clearfix\">\n\n\t<a href=\"https:\/\/elfuerte.cl\/web\/2025\/11\/26\/directores-del-slep-valdivia-analizaron-brechas-y-desafios-de-la-educacion-publica\/\" class=\"gem-slider-blog-link\"><\/a>\n\n\t<div class=\"gem-slider-item-image\" style=\"background: url('https:\/\/elfuerte.cl\/web\/wp-content\/uploads\/2025\/11\/slepbanner.jpg') no-repeat 50% 50% \/ cover;\">\n\t\t<img src=\"https:\/\/elfuerte.cl\/web\/wp-content\/uploads\/2025\/11\/slepbanner.jpg\"  style=\"visibility: hidden;\">\n\t<\/div>\n\n\t<div class=\"gem-slider-item-overlay\">\n\t\t<div class=\"gem-compact-item-content\">\n\t\t\t\t\t\t\t<div class=\"post-title\">\n\t\t\t\t\t<h5 class=\"entry-title reverse-link-color\"><span class=\"entry-title-date\"><\/span><span class=\"light\">Directores del Slep Valdivia analizaron brechas y desaf\u00edos de la educaci\u00f3n p\u00fablica<\/span><\/h5>\t\t\t\t<\/div>\n\t\t\t\n\t\t\t\t\t\t\t<div class=\"post-text date-color\">\n\t\t\t\t\t<div class=\"summary\">\n\t\t\t\t\t\t\t\t\t\t\t\t\t<p>Ayer se realiz\u00f3 la primera conferencia de directores de los planteles educacionales de las ocho comunas del SLEP Valdivia, un hito que dio hist\u00f3rico permiti\u00f3 sentar las bases del plan estrat\u00e9gico del sector.<\/p>\n\t\t\t\t\t\t\t\t\t\t\t<\/div>\n\t\t\t\t<\/div>\n\t\t\t\n\t\t<\/div>\n\t\t<div class=\"post-meta date-color\">\n\t\t\t<div class=\"entry-meta clearfix gem-post-date\">\n\t\t\t\t<div class=\"post-meta-right\">\n\t\t\t\t\t\t\t\t\t\t\n\t\t\t\t\t\n\t\t\t\t<\/div>\n\t\t\t\t<div class=\"post-meta-left\">\n\t\t\t\t\t\t\t\t\t\t\t<span class=\"post-meta-author\">\n\t\t\t\t\t\t\t\t\t\tPor <a href=\"https:\/\/elfuerte.cl\/web\" title=\"Visitar el sitio de Prensa El Fuerte\" rel=\"author external\">Prensa El Fuerte<\/a>\t\t\t\t\t\t\t\t\t<\/span>\n\t\t\t\t\t\t\t\t\t<\/div>\n\t\t\t<\/div><!-- .entry-meta -->\n\t\t<\/div>\n\n\t\t\t\t\t<div class=\"gem-blog-slider-navigation\">\n\t\t\t\t<a href=\"#\" class=\"gem-blog-slider-prev gem-button gem-button-size-tiny\">\n\t\t\t\t\t<i aria-hidden=\"true\" class=\"gem-print-icon gem-icon-prev gem-elegant arrow-carrot-left\"><\/i>\t\t\t\t<\/a>\n\t\t\t\t<a href=\"#\" class=\"gem-blog-slider-next gem-button gem-button-size-tiny\">\n\t\t\t\t\t<i aria-hidden=\"true\" class=\"gem-print-icon gem-icon-prev gem-elegant arrow-carrot-right\"><\/i>\t\t\t\t<\/a>\n\t\t\t<\/div>\n\t\t\t<\/div>\n<\/article><!-- #post-2431 -->\n\n<article id=\"post-2417\" class=\"clearfix\">\n\n\t<a href=\"https:\/\/elfuerte.cl\/web\/2025\/11\/24\/puerto-varas-recibe-reconocimiento-nacional-por-su-programa-de-bienestar-adolescente\/\" class=\"gem-slider-blog-link\"><\/a>\n\n\t<div class=\"gem-slider-item-image\" style=\"background: url('https:\/\/elfuerte.cl\/web\/wp-content\/uploads\/2025\/11\/varasbanner.jpg') no-repeat 50% 50% \/ cover;\">\n\t\t<img src=\"https:\/\/elfuerte.cl\/web\/wp-content\/uploads\/2025\/11\/varasbanner.jpg\"  style=\"visibility: hidden;\">\n\t<\/div>\n\n\t<div class=\"gem-slider-item-overlay\">\n\t\t<div class=\"gem-compact-item-content\">\n\t\t\t\t\t\t\t<div class=\"post-title\">\n\t\t\t\t\t<h5 class=\"entry-title reverse-link-color\"><span class=\"entry-title-date\"><\/span><span class=\"light\">Puerto Varas recibe reconocimiento nacional  por su programa de Bienestar Adolescente<\/span><\/h5>\t\t\t\t<\/div>\n\t\t\t\n\t\t\t\t\t\t\t<div class=\"post-text date-color\">\n\t\t\t\t\t<div class=\"summary\">\n\t\t\t\t\t\t\t\t\t\t\t\t\t<p>El programa, implementado desde abril, se centra en fortalecer el bienestar emocional de los adolescentes a trav\u00e9s de intervenciones culturales, talleres psicoeducativos y acompa\u00f1amiento terap\u00e9utico.<\/p>\n\t\t\t\t\t\t\t\t\t\t\t<\/div>\n\t\t\t\t<\/div>\n\t\t\t\n\t\t<\/div>\n\t\t<div class=\"post-meta date-color\">\n\t\t\t<div class=\"entry-meta clearfix gem-post-date\">\n\t\t\t\t<div class=\"post-meta-right\">\n\t\t\t\t\t\t\t\t\t\t\n\t\t\t\t\t\n\t\t\t\t<\/div>\n\t\t\t\t<div class=\"post-meta-left\">\n\t\t\t\t\t\t\t\t\t\t\t<span class=\"post-meta-author\">\n\t\t\t\t\t\t\t\t\t\tPor <a href=\"https:\/\/elfuerte.cl\/web\" title=\"Visitar el sitio de Prensa El Fuerte\" rel=\"author external\">Prensa El Fuerte<\/a>\t\t\t\t\t\t\t\t\t<\/span>\n\t\t\t\t\t\t\t\t\t<\/div>\n\t\t\t<\/div><!-- .entry-meta -->\n\t\t<\/div>\n\n\t\t\t\t\t<div class=\"gem-blog-slider-navigation\">\n\t\t\t\t<a href=\"#\" class=\"gem-blog-slider-prev gem-button gem-button-size-tiny\">\n\t\t\t\t\t<i aria-hidden=\"true\" class=\"gem-print-icon gem-icon-prev gem-elegant arrow-carrot-left\"><\/i>\t\t\t\t<\/a>\n\t\t\t\t<a href=\"#\" class=\"gem-blog-slider-next gem-button gem-button-size-tiny\">\n\t\t\t\t\t<i aria-hidden=\"true\" class=\"gem-print-icon gem-icon-prev gem-elegant arrow-carrot-right\"><\/i>\t\t\t\t<\/a>\n\t\t\t<\/div>\n\t\t\t<\/div>\n<\/article><!-- #post-2417 -->\n\n<article id=\"post-2408\" class=\"clearfix\">\n\n\t<a href=\"https:\/\/elfuerte.cl\/web\/2025\/11\/24\/sag-biobio-inicia-temporada-de-veranadas-en-alto-biobio\/\" class=\"gem-slider-blog-link\"><\/a>\n\n\t<div class=\"gem-slider-item-image\" style=\"background: url('https:\/\/elfuerte.cl\/web\/wp-content\/uploads\/2025\/11\/veranadasbanner.jpg') no-repeat 50% 50% \/ cover;\">\n\t\t<img src=\"https:\/\/elfuerte.cl\/web\/wp-content\/uploads\/2025\/11\/veranadasbanner.jpg\"  style=\"visibility: hidden;\">\n\t<\/div>\n\n\t<div class=\"gem-slider-item-overlay\">\n\t\t<div class=\"gem-compact-item-content\">\n\t\t\t\t\t\t\t<div class=\"post-title\">\n\t\t\t\t\t<h5 class=\"entry-title reverse-link-color\"><span class=\"entry-title-date\"><\/span><span class=\"light\">SAG Biob\u00edo inicia temporada de veranadas en Alto Biob\u00edo<\/span><\/h5>\t\t\t\t<\/div>\n\t\t\t\n\t\t\t\t\t\t\t<div class=\"post-text date-color\">\n\t\t\t\t\t<div class=\"summary\">\n\t\t\t\t\t\t\t\t\t\t\t\t\t<p>La tradici\u00f3n de las veranadas es una costumbre ancestral de las comunidades cordilleranas, especialmente de los pueblos pehuenches, que consiste en trasladar el ganado desde las zonas bajas a los pastizales de altura durante el verano<\/p>\n\t\t\t\t\t\t\t\t\t\t\t<\/div>\n\t\t\t\t<\/div>\n\t\t\t\n\t\t<\/div>\n\t\t<div class=\"post-meta date-color\">\n\t\t\t<div class=\"entry-meta clearfix gem-post-date\">\n\t\t\t\t<div class=\"post-meta-right\">\n\t\t\t\t\t\t\t\t\t\t\n\t\t\t\t\t\n\t\t\t\t<\/div>\n\t\t\t\t<div class=\"post-meta-left\">\n\t\t\t\t\t\t\t\t\t\t\t<span class=\"post-meta-author\">\n\t\t\t\t\t\t\t\t\t\tPor <a href=\"https:\/\/elfuerte.cl\/web\" title=\"Visitar el sitio de Prensa El Fuerte\" rel=\"author external\">Prensa El Fuerte<\/a>\t\t\t\t\t\t\t\t\t<\/span>\n\t\t\t\t\t\t\t\t\t<\/div>\n\t\t\t<\/div><!-- .entry-meta -->\n\t\t<\/div>\n\n\t\t\t\t\t<div class=\"gem-blog-slider-navigation\">\n\t\t\t\t<a href=\"#\" class=\"gem-blog-slider-prev gem-button gem-button-size-tiny\">\n\t\t\t\t\t<i aria-hidden=\"true\" class=\"gem-print-icon gem-icon-prev gem-elegant arrow-carrot-left\"><\/i>\t\t\t\t<\/a>\n\t\t\t\t<a href=\"#\" class=\"gem-blog-slider-next gem-button gem-button-size-tiny\">\n\t\t\t\t\t<i aria-hidden=\"true\" class=\"gem-print-icon gem-icon-prev gem-elegant arrow-carrot-right\"><\/i>\t\t\t\t<\/a>\n\t\t\t<\/div>\n\t\t\t<\/div>\n<\/article><!-- #post-2408 -->\n\n<article id=\"post-2394\" class=\"clearfix\">\n\n\t<a href=\"https:\/\/elfuerte.cl\/web\/2025\/11\/24\/valdivia-se-alista-para-recibir-a-2-200-deportistas-en-el-ironman-70-3\/\" class=\"gem-slider-blog-link\"><\/a>\n\n\t<div class=\"gem-slider-item-image\" style=\"background: url('https:\/\/elfuerte.cl\/web\/wp-content\/uploads\/2025\/11\/ironmanbanner.jpg') no-repeat 50% 50% \/ cover;\">\n\t\t<img src=\"https:\/\/elfuerte.cl\/web\/wp-content\/uploads\/2025\/11\/ironmanbanner.jpg\"  style=\"visibility: hidden;\">\n\t<\/div>\n\n\t<div class=\"gem-slider-item-overlay\">\n\t\t<div class=\"gem-compact-item-content\">\n\t\t\t\t\t\t\t<div class=\"post-title\">\n\t\t\t\t\t<h5 class=\"entry-title reverse-link-color\"><span class=\"entry-title-date\"><\/span><span class=\"light\">Valdivia se alista para recibir a 2.200 deportistas en el Ironman 70.3<\/span><\/h5>\t\t\t\t<\/div>\n\t\t\t\n\t\t\t\t\t\t\t<div class=\"post-text date-color\">\n\t\t\t\t\t<div class=\"summary\">\n\t\t\t\t\t\t\t\t\t\t\t\t\t<p>Toda una fiesta deportiva se espera para este domingo, en el evento deportivo internacional m\u00e1s importe del a\u00f1o en el sur del pa\u00eds y que tendr\u00e1 como escenario los parajes de Valdivia y M\u00e1fil.<\/p>\n\t\t\t\t\t\t\t\t\t\t\t<\/div>\n\t\t\t\t<\/div>\n\t\t\t\n\t\t<\/div>\n\t\t<div class=\"post-meta date-color\">\n\t\t\t<div class=\"entry-meta clearfix gem-post-date\">\n\t\t\t\t<div class=\"post-meta-right\">\n\t\t\t\t\t\t\t\t\t\t\n\t\t\t\t\t\n\t\t\t\t<\/div>\n\t\t\t\t<div class=\"post-meta-left\">\n\t\t\t\t\t\t\t\t\t\t\t<span class=\"post-meta-author\">\n\t\t\t\t\t\t\t\t\t\tPor <a href=\"https:\/\/elfuerte.cl\/web\" title=\"Visitar el sitio de Prensa El Fuerte\" rel=\"author external\">Prensa El Fuerte<\/a>\t\t\t\t\t\t\t\t\t<\/span>\n\t\t\t\t\t\t\t\t\t<\/div>\n\t\t\t<\/div><!-- .entry-meta -->\n\t\t<\/div>\n\n\t\t\t\t\t<div class=\"gem-blog-slider-navigation\">\n\t\t\t\t<a href=\"#\" class=\"gem-blog-slider-prev gem-button gem-button-size-tiny\">\n\t\t\t\t\t<i aria-hidden=\"true\" class=\"gem-print-icon gem-icon-prev gem-elegant arrow-carrot-left\"><\/i>\t\t\t\t<\/a>\n\t\t\t\t<a href=\"#\" class=\"gem-blog-slider-next gem-button gem-button-size-tiny\">\n\t\t\t\t\t<i aria-hidden=\"true\" class=\"gem-print-icon gem-icon-prev gem-elegant arrow-carrot-right\"><\/i>\t\t\t\t<\/a>\n\t\t\t<\/div>\n\t\t\t<\/div>\n<\/article><!-- #post-2394 -->\n\n<article id=\"post-2361\" class=\"clearfix\">\n\n\t<a href=\"https:\/\/elfuerte.cl\/web\/2025\/11\/22\/region-de-los-lagos-es-invitada-de-honor-en-44a-feria-internacional-del-libro-de-santiago\/\" class=\"gem-slider-blog-link\"><\/a>\n\n\t<div class=\"gem-slider-item-image\" style=\"background: url('https:\/\/elfuerte.cl\/web\/wp-content\/uploads\/2025\/11\/filsabanner.jpg') no-repeat 50% 50% \/ cover;\">\n\t\t<img src=\"https:\/\/elfuerte.cl\/web\/wp-content\/uploads\/2025\/11\/filsabanner.jpg\"  style=\"visibility: hidden;\">\n\t<\/div>\n\n\t<div class=\"gem-slider-item-overlay\">\n\t\t<div class=\"gem-compact-item-content\">\n\t\t\t\t\t\t\t<div class=\"post-title\">\n\t\t\t\t\t<h5 class=\"entry-title reverse-link-color\"><span class=\"entry-title-date\"><\/span><span class=\"light\">Regi\u00f3n de Los Lagos es invitada de honor en 44\u00aa Feria Internacional del Libro de Santiago<\/span><\/h5>\t\t\t\t<\/div>\n\t\t\t\n\t\t\t\t\t\t\t<div class=\"post-text date-color\">\n\t\t\t\t\t<div class=\"summary\">\n\t\t\t\t\t\t\t\t\t\t\t\t\t<p>Uno de los ejes centrales de la presentaci\u00f3n regional es Monteverde, el sitio arqueol\u00f3gico ubicado en Puerto Montt que demuestra que los primeros asentamientos humanos del continente americano estuvieron en el sur de Chile hace 14.500 a\u00f1os.<\/p>\n\t\t\t\t\t\t\t\t\t\t\t<\/div>\n\t\t\t\t<\/div>\n\t\t\t\n\t\t<\/div>\n\t\t<div class=\"post-meta date-color\">\n\t\t\t<div class=\"entry-meta clearfix gem-post-date\">\n\t\t\t\t<div class=\"post-meta-right\">\n\t\t\t\t\t\t\t\t\t\t\n\t\t\t\t\t\n\t\t\t\t<\/div>\n\t\t\t\t<div class=\"post-meta-left\">\n\t\t\t\t\t\t\t\t\t\t\t<span class=\"post-meta-author\">\n\t\t\t\t\t\t\t\t\t\tPor <a href=\"https:\/\/elfuerte.cl\/web\" title=\"Visitar el sitio de Prensa El Fuerte\" rel=\"author external\">Prensa El Fuerte<\/a>\t\t\t\t\t\t\t\t\t<\/span>\n\t\t\t\t\t\t\t\t\t<\/div>\n\t\t\t<\/div><!-- .entry-meta -->\n\t\t<\/div>\n\n\t\t\t\t\t<div class=\"gem-blog-slider-navigation\">\n\t\t\t\t<a href=\"#\" class=\"gem-blog-slider-prev gem-button gem-button-size-tiny\">\n\t\t\t\t\t<i aria-hidden=\"true\" class=\"gem-print-icon gem-icon-prev gem-elegant arrow-carrot-left\"><\/i>\t\t\t\t<\/a>\n\t\t\t\t<a href=\"#\" class=\"gem-blog-slider-next gem-button gem-button-size-tiny\">\n\t\t\t\t\t<i aria-hidden=\"true\" class=\"gem-print-icon gem-icon-prev gem-elegant arrow-carrot-right\"><\/i>\t\t\t\t<\/a>\n\t\t\t<\/div>\n\t\t\t<\/div>\n<\/article><!-- #post-2361 -->\n\n<article id=\"post-2355\" class=\"clearfix\">\n\n\t<a href=\"https:\/\/elfuerte.cl\/web\/2025\/11\/22\/regiones-del-sur-se-consolidan-como-el-nuevo-eje-biotecnologico-de-chile\/\" class=\"gem-slider-blog-link\"><\/a>\n\n\t<div class=\"gem-slider-item-image\" style=\"background: url('https:\/\/elfuerte.cl\/web\/wp-content\/uploads\/2025\/11\/biobanner.jpg') no-repeat 50% 50% \/ cover;\">\n\t\t<img src=\"https:\/\/elfuerte.cl\/web\/wp-content\/uploads\/2025\/11\/biobanner.jpg\"  style=\"visibility: hidden;\">\n\t<\/div>\n\n\t<div class=\"gem-slider-item-overlay\">\n\t\t<div class=\"gem-compact-item-content\">\n\t\t\t\t\t\t\t<div class=\"post-title\">\n\t\t\t\t\t<h5 class=\"entry-title reverse-link-color\"><span class=\"entry-title-date\"><\/span><span class=\"light\">Regiones del sur se consolidan como el nuevo eje biotecnol\u00f3gico de Chile<\/span><\/h5>\t\t\t\t<\/div>\n\t\t\t\n\t\t\t\t\t\t\t<div class=\"post-text date-color\">\n\t\t\t\t\t<div class=\"summary\">\n\t\t\t\t\t\t\t\t\t\t\t\t\t<p>En menos de un mes, tanto la Regi\u00f3n de Los R\u00edos como la Regi\u00f3n de Los Lagos recibieron anuncios estrat\u00e9gicos que marcan un antes y un despu\u00e9s en la instalaci\u00f3n de capacidades cient\u00edfico\u2011tecnol\u00f3gicas de nivel internacional.<\/p>\n\t\t\t\t\t\t\t\t\t\t\t<\/div>\n\t\t\t\t<\/div>\n\t\t\t\n\t\t<\/div>\n\t\t<div class=\"post-meta date-color\">\n\t\t\t<div class=\"entry-meta clearfix gem-post-date\">\n\t\t\t\t<div class=\"post-meta-right\">\n\t\t\t\t\t\t\t\t\t\t\n\t\t\t\t\t\n\t\t\t\t<\/div>\n\t\t\t\t<div class=\"post-meta-left\">\n\t\t\t\t\t\t\t\t\t\t\t<span class=\"post-meta-author\">\n\t\t\t\t\t\t\t\t\t\tPor <a href=\"https:\/\/elfuerte.cl\/web\" title=\"Visitar el sitio de Prensa El Fuerte\" rel=\"author external\">Prensa El Fuerte<\/a>\t\t\t\t\t\t\t\t\t<\/span>\n\t\t\t\t\t\t\t\t\t<\/div>\n\t\t\t<\/div><!-- .entry-meta -->\n\t\t<\/div>\n\n\t\t\t\t\t<div class=\"gem-blog-slider-navigation\">\n\t\t\t\t<a href=\"#\" class=\"gem-blog-slider-prev gem-button gem-button-size-tiny\">\n\t\t\t\t\t<i aria-hidden=\"true\" class=\"gem-print-icon gem-icon-prev gem-elegant arrow-carrot-left\"><\/i>\t\t\t\t<\/a>\n\t\t\t\t<a href=\"#\" class=\"gem-blog-slider-next gem-button gem-button-size-tiny\">\n\t\t\t\t\t<i aria-hidden=\"true\" class=\"gem-print-icon gem-icon-prev gem-elegant arrow-carrot-right\"><\/i>\t\t\t\t<\/a>\n\t\t\t<\/div>\n\t\t\t<\/div>\n<\/article><!-- #post-2355 -->\n\n<article id=\"post-2349\" class=\"clearfix\">\n\n\t<a href=\"https:\/\/elfuerte.cl\/web\/2025\/11\/21\/campana-busca-frenar-agresiones-a-funcionarios-de-la-salud-en-la-araucania\/\" class=\"gem-slider-blog-link\"><\/a>\n\n\t<div class=\"gem-slider-item-image\" style=\"background: url('https:\/\/elfuerte.cl\/web\/wp-content\/uploads\/2025\/11\/respetabanner.jpg') no-repeat 50% 50% \/ cover;\">\n\t\t<img src=\"https:\/\/elfuerte.cl\/web\/wp-content\/uploads\/2025\/11\/respetabanner.jpg\"  style=\"visibility: hidden;\">\n\t<\/div>\n\n\t<div class=\"gem-slider-item-overlay\">\n\t\t<div class=\"gem-compact-item-content\">\n\t\t\t\t\t\t\t<div class=\"post-title\">\n\t\t\t\t\t<h5 class=\"entry-title reverse-link-color\"><span class=\"entry-title-date\"><\/span><span class=\"light\">Campa\u00f1a busca frenar agresiones a funcionarios de la salud en La Araucan\u00eda<\/span><\/h5>\t\t\t\t<\/div>\n\t\t\t\n\t\t\t\t\t\t\t<div class=\"post-text date-color\">\n\t\t\t\t\t<div class=\"summary\">\n\t\t\t\t\t\t\t\t\t\t\t\t\t<p>\u201cRespeta a quien te cuida\u201d pretende generar conciencia en los usuarios para evitar reacciones agresivas contra funcionarios de los diferentes recintos de salud.<\/p>\n\t\t\t\t\t\t\t\t\t\t\t<\/div>\n\t\t\t\t<\/div>\n\t\t\t\n\t\t<\/div>\n\t\t<div class=\"post-meta date-color\">\n\t\t\t<div class=\"entry-meta clearfix gem-post-date\">\n\t\t\t\t<div class=\"post-meta-right\">\n\t\t\t\t\t\t\t\t\t\t\n\t\t\t\t\t\n\t\t\t\t<\/div>\n\t\t\t\t<div class=\"post-meta-left\">\n\t\t\t\t\t\t\t\t\t\t\t<span class=\"post-meta-author\">\n\t\t\t\t\t\t\t\t\t\tPor <a href=\"https:\/\/elfuerte.cl\/web\" title=\"Visitar el sitio de Prensa El Fuerte\" rel=\"author external\">Prensa El Fuerte<\/a>\t\t\t\t\t\t\t\t\t<\/span>\n\t\t\t\t\t\t\t\t\t<\/div>\n\t\t\t<\/div><!-- .entry-meta -->\n\t\t<\/div>\n\n\t\t\t\t\t<div class=\"gem-blog-slider-navigation\">\n\t\t\t\t<a href=\"#\" class=\"gem-blog-slider-prev gem-button gem-button-size-tiny\">\n\t\t\t\t\t<i aria-hidden=\"true\" class=\"gem-print-icon gem-icon-prev gem-elegant arrow-carrot-left\"><\/i>\t\t\t\t<\/a>\n\t\t\t\t<a href=\"#\" class=\"gem-blog-slider-next gem-button gem-button-size-tiny\">\n\t\t\t\t\t<i aria-hidden=\"true\" class=\"gem-print-icon gem-icon-prev gem-elegant arrow-carrot-right\"><\/i>\t\t\t\t<\/a>\n\t\t\t<\/div>\n\t\t\t<\/div>\n<\/article><!-- #post-2349 -->\n\n<article id=\"post-2337\" class=\"clearfix\">\n\n\t<a href=\"https:\/\/elfuerte.cl\/web\/2025\/11\/21\/avanzan-obras-de-emergencia-en-el-puente-yelcho\/\" class=\"gem-slider-blog-link\"><\/a>\n\n\t<div class=\"gem-slider-item-image\" style=\"background: url('https:\/\/elfuerte.cl\/web\/wp-content\/uploads\/2025\/11\/puentebanner.jpg') no-repeat 50% 50% \/ cover;\">\n\t\t<img src=\"https:\/\/elfuerte.cl\/web\/wp-content\/uploads\/2025\/11\/puentebanner.jpg\"  style=\"visibility: hidden;\">\n\t<\/div>\n\n\t<div class=\"gem-slider-item-overlay\">\n\t\t<div class=\"gem-compact-item-content\">\n\t\t\t\t\t\t\t<div class=\"post-title\">\n\t\t\t\t\t<h5 class=\"entry-title reverse-link-color\"><span class=\"entry-title-date\"><\/span><span class=\"light\">Avanzan obras de emergencia en el Puente Yelcho<\/span><\/h5>\t\t\t\t<\/div>\n\t\t\t\n\t\t\t\t\t\t\t<div class=\"post-text date-color\">\n\t\t\t\t\t<div class=\"summary\">\n\t\t\t\t\t\t\t\t\t\t\t\t\t<p>Ministra de Obras P\u00fablicas, de visita en la zona, anunci\u00f3 que lost rabajos comenzar\u00e1n en las pr\u00f3ximas semanas, con el objetivo de reemplazar el tirante colapsado y restituir plenamente las condiciones de operaci\u00f3n de la infrastructura.<\/p>\n\t\t\t\t\t\t\t\t\t\t\t<\/div>\n\t\t\t\t<\/div>\n\t\t\t\n\t\t<\/div>\n\t\t<div class=\"post-meta date-color\">\n\t\t\t<div class=\"entry-meta clearfix gem-post-date\">\n\t\t\t\t<div class=\"post-meta-right\">\n\t\t\t\t\t\t\t\t\t\t\n\t\t\t\t\t\n\t\t\t\t<\/div>\n\t\t\t\t<div class=\"post-meta-left\">\n\t\t\t\t\t\t\t\t\t\t\t<span class=\"post-meta-author\">\n\t\t\t\t\t\t\t\t\t\tPor <a href=\"https:\/\/elfuerte.cl\/web\" title=\"Visitar el sitio de Prensa El Fuerte\" rel=\"author external\">Prensa El Fuerte<\/a>\t\t\t\t\t\t\t\t\t<\/span>\n\t\t\t\t\t\t\t\t\t<\/div>\n\t\t\t<\/div><!-- .entry-meta -->\n\t\t<\/div>\n\n\t\t\t\t\t<div class=\"gem-blog-slider-navigation\">\n\t\t\t\t<a href=\"#\" class=\"gem-blog-slider-prev gem-button gem-button-size-tiny\">\n\t\t\t\t\t<i aria-hidden=\"true\" class=\"gem-print-icon gem-icon-prev gem-elegant arrow-carrot-left\"><\/i>\t\t\t\t<\/a>\n\t\t\t\t<a href=\"#\" class=\"gem-blog-slider-next gem-button gem-button-size-tiny\">\n\t\t\t\t\t<i aria-hidden=\"true\" class=\"gem-print-icon gem-icon-prev gem-elegant arrow-carrot-right\"><\/i>\t\t\t\t<\/a>\n\t\t\t<\/div>\n\t\t\t<\/div>\n<\/article><!-- #post-2337 -->\n\n<article id=\"post-2325\" class=\"clearfix\">\n\n\t<a href=\"https:\/\/elfuerte.cl\/web\/2025\/11\/20\/fundacion-adulam-realiza-plaza-ciudadana-en-valdivia-para-visibilizar-su-labor-social\/\" class=\"gem-slider-blog-link\"><\/a>\n\n\t<div class=\"gem-slider-item-image\" style=\"background: url('https:\/\/elfuerte.cl\/web\/wp-content\/uploads\/2025\/11\/fundacionbanner.jpg') no-repeat 50% 50% \/ cover;\">\n\t\t<img src=\"https:\/\/elfuerte.cl\/web\/wp-content\/uploads\/2025\/11\/fundacionbanner.jpg\"  style=\"visibility: hidden;\">\n\t<\/div>\n\n\t<div class=\"gem-slider-item-overlay\">\n\t\t<div class=\"gem-compact-item-content\">\n\t\t\t\t\t\t\t<div class=\"post-title\">\n\t\t\t\t\t<h5 class=\"entry-title reverse-link-color\"><span class=\"entry-title-date\"><\/span><span class=\"light\">Fundaci\u00f3n ADULAM realiza plaza ciudadana en Valdivia para visibilizar su labor social<\/span><\/h5>\t\t\t\t<\/div>\n\t\t\t\n\t\t\t\t\t\t\t<div class=\"post-text date-color\">\n\t\t\t\t\t<div class=\"summary\">\n\t\t\t\t\t\t\t\t\t\t\t\t\t<p>Voluntarias trabajadoras sociales ofrecieron servicios gratuitos y difundieron el trabajo que realizan con ni\u00f1os, familias vulnerables y poblaci\u00f3n migrante.<\/p>\n\t\t\t\t\t\t\t\t\t\t\t<\/div>\n\t\t\t\t<\/div>\n\t\t\t\n\t\t<\/div>\n\t\t<div class=\"post-meta date-color\">\n\t\t\t<div class=\"entry-meta clearfix gem-post-date\">\n\t\t\t\t<div class=\"post-meta-right\">\n\t\t\t\t\t\t\t\t\t\t\n\t\t\t\t\t\n\t\t\t\t<\/div>\n\t\t\t\t<div class=\"post-meta-left\">\n\t\t\t\t\t\t\t\t\t\t\t<span class=\"post-meta-author\">\n\t\t\t\t\t\t\t\t\t\tPor <a href=\"https:\/\/elfuerte.cl\/web\" title=\"Visitar el sitio de Prensa El Fuerte\" rel=\"author external\">Prensa El Fuerte<\/a>\t\t\t\t\t\t\t\t\t<\/span>\n\t\t\t\t\t\t\t\t\t<\/div>\n\t\t\t<\/div><!-- .entry-meta -->\n\t\t<\/div>\n\n\t\t\t\t\t<div class=\"gem-blog-slider-navigation\">\n\t\t\t\t<a href=\"#\" class=\"gem-blog-slider-prev gem-button gem-button-size-tiny\">\n\t\t\t\t\t<i aria-hidden=\"true\" class=\"gem-print-icon gem-icon-prev gem-elegant arrow-carrot-left\"><\/i>\t\t\t\t<\/a>\n\t\t\t\t<a href=\"#\" class=\"gem-blog-slider-next gem-button gem-button-size-tiny\">\n\t\t\t\t\t<i aria-hidden=\"true\" class=\"gem-print-icon gem-icon-prev gem-elegant arrow-carrot-right\"><\/i>\t\t\t\t<\/a>\n\t\t\t<\/div>\n\t\t\t<\/div>\n<\/article><!-- #post-2325 -->\n\n<article id=\"post-2288\" class=\"clearfix\">\n\n\t<a href=\"https:\/\/elfuerte.cl\/web\/2025\/11\/17\/el-sur-eligio-a-sus-representantes-al-parlamento-en-una-civica-jornada-electoral\/\" class=\"gem-slider-blog-link\"><\/a>\n\n\t<div class=\"gem-slider-item-image\" style=\"background: url('https:\/\/elfuerte.cl\/web\/wp-content\/uploads\/2025\/11\/parlamenyarias.jpg') no-repeat 50% 50% \/ cover;\">\n\t\t<img src=\"https:\/\/elfuerte.cl\/web\/wp-content\/uploads\/2025\/11\/parlamenyarias.jpg\"  style=\"visibility: hidden;\">\n\t<\/div>\n\n\t<div class=\"gem-slider-item-overlay\">\n\t\t<div class=\"gem-compact-item-content\">\n\t\t\t\t\t\t\t<div class=\"post-title\">\n\t\t\t\t\t<h5 class=\"entry-title reverse-link-color\"><span class=\"entry-title-date\"><\/span><span class=\"light\">El sur eligi\u00f3 a sus representantes al  parlamento en una c\u00edvica jornada electoral<\/span><\/h5>\t\t\t\t<\/div>\n\t\t\t\n\t\t\t\t\t\t\t<div class=\"post-text date-color\">\n\t\t\t\t\t<div class=\"summary\">\n\t\t\t\t\t\t\t\t\t\t\t\t\t<p>En las regiones de Biob\u00edo, Araucan\u00eda, Los R\u00edos y Los Lagos hubo un total de 286 candidatos, de los cuales resultado electos 38 en la C\u00e1mara de Diputados y 5 en el Senado.<\/p>\n\t\t\t\t\t\t\t\t\t\t\t<\/div>\n\t\t\t\t<\/div>\n\t\t\t\n\t\t<\/div>\n\t\t<div class=\"post-meta date-color\">\n\t\t\t<div class=\"entry-meta clearfix gem-post-date\">\n\t\t\t\t<div class=\"post-meta-right\">\n\t\t\t\t\t\t\t\t\t\t\n\t\t\t\t\t\n\t\t\t\t<\/div>\n\t\t\t\t<div class=\"post-meta-left\">\n\t\t\t\t\t\t\t\t\t\t\t<span class=\"post-meta-author\">\n\t\t\t\t\t\t\t\t\t\tPor <a href=\"https:\/\/elfuerte.cl\/web\" title=\"Visitar el sitio de Prensa El Fuerte\" rel=\"author external\">Prensa El Fuerte<\/a>\t\t\t\t\t\t\t\t\t<\/span>\n\t\t\t\t\t\t\t\t\t<\/div>\n\t\t\t<\/div><!-- .entry-meta -->\n\t\t<\/div>\n\n\t\t\t\t\t<div class=\"gem-blog-slider-navigation\">\n\t\t\t\t<a href=\"#\" class=\"gem-blog-slider-prev gem-button gem-button-size-tiny\">\n\t\t\t\t\t<i aria-hidden=\"true\" class=\"gem-print-icon gem-icon-prev gem-elegant arrow-carrot-left\"><\/i>\t\t\t\t<\/a>\n\t\t\t\t<a href=\"#\" class=\"gem-blog-slider-next gem-button gem-button-size-tiny\">\n\t\t\t\t\t<i aria-hidden=\"true\" class=\"gem-print-icon gem-icon-prev gem-elegant arrow-carrot-right\"><\/i>\t\t\t\t<\/a>\n\t\t\t<\/div>\n\t\t\t<\/div>\n<\/article><!-- #post-2288 -->\n\n<article id=\"post-2314\" class=\"clearfix\">\n\n\t<a href=\"https:\/\/elfuerte.cl\/web\/2025\/11\/17\/pescadores-artesanales-denuncian-criminalizacion-de-su-actividad-y-sanciones-desproporcionadas\/\" class=\"gem-slider-blog-link\"><\/a>\n\n\t<div class=\"gem-slider-item-image\" style=\"background: url('https:\/\/elfuerte.cl\/web\/wp-content\/uploads\/2025\/11\/pescadoresbanner.jpg') no-repeat 50% 50% \/ cover;\">\n\t\t<img src=\"https:\/\/elfuerte.cl\/web\/wp-content\/uploads\/2025\/11\/pescadoresbanner.jpg\"  style=\"visibility: hidden;\">\n\t<\/div>\n\n\t<div class=\"gem-slider-item-overlay\">\n\t\t<div class=\"gem-compact-item-content\">\n\t\t\t\t\t\t\t<div class=\"post-title\">\n\t\t\t\t\t<h5 class=\"entry-title reverse-link-color\"><span class=\"entry-title-date\"><\/span><span class=\"light\">Pescadores artesanales denuncian \u201ccriminalizaci\u00f3n\u201d de su actividad y sanciones desproporcionadas<\/span><\/h5>\t\t\t\t<\/div>\n\t\t\t\n\t\t\t\t\t\t\t<div class=\"post-text date-color\">\n\t\t\t\t\t<div class=\"summary\">\n\t\t\t\t\t\t\t\t\t\t\t\t\t<p>En una declaraci\u00f3n p\u00fablica hacen un llamado a establecer procesos m\u00e1s transparentes, reglas claras, proporcionalidad en las sanciones y un enfoque que incorpore educaci\u00f3n, acompa\u00f1amiento y seguridad.<\/p>\n\t\t\t\t\t\t\t\t\t\t\t<\/div>\n\t\t\t\t<\/div>\n\t\t\t\n\t\t<\/div>\n\t\t<div class=\"post-meta date-color\">\n\t\t\t<div class=\"entry-meta clearfix gem-post-date\">\n\t\t\t\t<div class=\"post-meta-right\">\n\t\t\t\t\t\t\t\t\t\t\n\t\t\t\t\t\n\t\t\t\t<\/div>\n\t\t\t\t<div class=\"post-meta-left\">\n\t\t\t\t\t\t\t\t\t\t\t<span class=\"post-meta-author\">\n\t\t\t\t\t\t\t\t\t\tPor <a href=\"https:\/\/elfuerte.cl\/web\" title=\"Visitar el sitio de Prensa El Fuerte\" rel=\"author external\">Prensa El Fuerte<\/a>\t\t\t\t\t\t\t\t\t<\/span>\n\t\t\t\t\t\t\t\t\t<\/div>\n\t\t\t<\/div><!-- .entry-meta -->\n\t\t<\/div>\n\n\t\t\t\t\t<div class=\"gem-blog-slider-navigation\">\n\t\t\t\t<a href=\"#\" class=\"gem-blog-slider-prev gem-button gem-button-size-tiny\">\n\t\t\t\t\t<i aria-hidden=\"true\" class=\"gem-print-icon gem-icon-prev gem-elegant arrow-carrot-left\"><\/i>\t\t\t\t<\/a>\n\t\t\t\t<a href=\"#\" class=\"gem-blog-slider-next gem-button gem-button-size-tiny\">\n\t\t\t\t\t<i aria-hidden=\"true\" class=\"gem-print-icon gem-icon-prev gem-elegant arrow-carrot-right\"><\/i>\t\t\t\t<\/a>\n\t\t\t<\/div>\n\t\t\t<\/div>\n<\/article><!-- #post-2314 -->\n\n<article id=\"post-2308\" class=\"clearfix\">\n\n\t<a href=\"https:\/\/elfuerte.cl\/web\/2025\/11\/17\/seremi-de-salud-de-osorno-clausura-local-de-sushi-por-malas-condiciones-sanitarias\/\" class=\"gem-slider-blog-link\"><\/a>\n\n\t<div class=\"gem-slider-item-image\" style=\"background: url('https:\/\/elfuerte.cl\/web\/wp-content\/uploads\/2025\/11\/sushibanner.jpg') no-repeat 50% 50% \/ cover;\">\n\t\t<img src=\"https:\/\/elfuerte.cl\/web\/wp-content\/uploads\/2025\/11\/sushibanner.jpg\"  style=\"visibility: hidden;\">\n\t<\/div>\n\n\t<div class=\"gem-slider-item-overlay\">\n\t\t<div class=\"gem-compact-item-content\">\n\t\t\t\t\t\t\t<div class=\"post-title\">\n\t\t\t\t\t<h5 class=\"entry-title reverse-link-color\"><span class=\"entry-title-date\"><\/span><span class=\"light\">Seremi de Salud de Osorno clausura local de sushi por malas condiciones sanitarias<\/span><\/h5>\t\t\t\t<\/div>\n\t\t\t\n\t\t\t\t\t\t\t<div class=\"post-text date-color\">\n\t\t\t\t\t<div class=\"summary\">\n\t\t\t\t\t\t\t\t\t\t\t\t\t<p>Autoridades de salud realizaron una fiscalizaci\u00f3n en el recinto, ubicado en pleno centro de la ciudad, y decretaron la prohibici\u00f3n de su funcionamiento.<\/p>\n\t\t\t\t\t\t\t\t\t\t\t<\/div>\n\t\t\t\t<\/div>\n\t\t\t\n\t\t<\/div>\n\t\t<div class=\"post-meta date-color\">\n\t\t\t<div class=\"entry-meta clearfix gem-post-date\">\n\t\t\t\t<div class=\"post-meta-right\">\n\t\t\t\t\t\t\t\t\t\t\n\t\t\t\t\t\n\t\t\t\t<\/div>\n\t\t\t\t<div class=\"post-meta-left\">\n\t\t\t\t\t\t\t\t\t\t\t<span class=\"post-meta-author\">\n\t\t\t\t\t\t\t\t\t\tPor <a href=\"https:\/\/elfuerte.cl\/web\" title=\"Visitar el sitio de Prensa El Fuerte\" rel=\"author external\">Prensa El Fuerte<\/a>\t\t\t\t\t\t\t\t\t<\/span>\n\t\t\t\t\t\t\t\t\t<\/div>\n\t\t\t<\/div><!-- .entry-meta -->\n\t\t<\/div>\n\n\t\t\t\t\t<div class=\"gem-blog-slider-navigation\">\n\t\t\t\t<a href=\"#\" class=\"gem-blog-slider-prev gem-button gem-button-size-tiny\">\n\t\t\t\t\t<i aria-hidden=\"true\" class=\"gem-print-icon gem-icon-prev gem-elegant arrow-carrot-left\"><\/i>\t\t\t\t<\/a>\n\t\t\t\t<a href=\"#\" class=\"gem-blog-slider-next gem-button gem-button-size-tiny\">\n\t\t\t\t\t<i aria-hidden=\"true\" class=\"gem-print-icon gem-icon-prev gem-elegant arrow-carrot-right\"><\/i>\t\t\t\t<\/a>\n\t\t\t<\/div>\n\t\t\t<\/div>\n<\/article><!-- #post-2308 -->\n\n<article id=\"post-2276\" class=\"clearfix\">\n\n\t<a href=\"https:\/\/elfuerte.cl\/web\/2025\/11\/16\/en-un-estrecho-resultado-jara-y-kast-pasaron-a-la-segunda-vuelta-presidencial\/\" class=\"gem-slider-blog-link\"><\/a>\n\n\t<div class=\"gem-slider-item-image\" style=\"background: url('https:\/\/elfuerte.cl\/web\/wp-content\/uploads\/2025\/11\/votacion2banner.jpg') no-repeat 50% 50% \/ cover;\">\n\t\t<img src=\"https:\/\/elfuerte.cl\/web\/wp-content\/uploads\/2025\/11\/votacion2banner.jpg\"  style=\"visibility: hidden;\">\n\t<\/div>\n\n\t<div class=\"gem-slider-item-overlay\">\n\t\t<div class=\"gem-compact-item-content\">\n\t\t\t\t\t\t\t<div class=\"post-title\">\n\t\t\t\t\t<h5 class=\"entry-title reverse-link-color\"><span class=\"entry-title-date\"><\/span><span class=\"light\">En un estrecho resultado, Jara y Kast  pasaron a la segunda vuelta presidencial<\/span><\/h5>\t\t\t\t<\/div>\n\t\t\t\n\t\t\t\t\t\t\t<div class=\"post-text date-color\">\n\t\t\t\t\t<div class=\"summary\">\n\t\t\t\t\t\t\t\t\t\t\t\t\t<p>La candidata del oficialismo, Jeanette Jara, obtuvo un 26,63%, mientras que el l\u00edder del Partido Republicano alcanz\u00f3 un 24,25%. Ambos se enfrentar\u00e1n en una segunda vuelta programada para el domingo 14 de diciembre.<\/p>\n\t\t\t\t\t\t\t\t\t\t\t<\/div>\n\t\t\t\t<\/div>\n\t\t\t\n\t\t<\/div>\n\t\t<div class=\"post-meta date-color\">\n\t\t\t<div class=\"entry-meta clearfix gem-post-date\">\n\t\t\t\t<div class=\"post-meta-right\">\n\t\t\t\t\t\t\t\t\t\t\n\t\t\t\t\t\n\t\t\t\t<\/div>\n\t\t\t\t<div class=\"post-meta-left\">\n\t\t\t\t\t\t\t\t\t\t\t<span class=\"post-meta-author\">\n\t\t\t\t\t\t\t\t\t\tPor <a href=\"https:\/\/elfuerte.cl\/web\" title=\"Visitar el sitio de Prensa El Fuerte\" rel=\"author external\">Prensa El Fuerte<\/a>\t\t\t\t\t\t\t\t\t<\/span>\n\t\t\t\t\t\t\t\t\t<\/div>\n\t\t\t<\/div><!-- .entry-meta -->\n\t\t<\/div>\n\n\t\t\t\t\t<div class=\"gem-blog-slider-navigation\">\n\t\t\t\t<a href=\"#\" class=\"gem-blog-slider-prev gem-button gem-button-size-tiny\">\n\t\t\t\t\t<i aria-hidden=\"true\" class=\"gem-print-icon gem-icon-prev gem-elegant arrow-carrot-left\"><\/i>\t\t\t\t<\/a>\n\t\t\t\t<a href=\"#\" class=\"gem-blog-slider-next gem-button gem-button-size-tiny\">\n\t\t\t\t\t<i aria-hidden=\"true\" class=\"gem-print-icon gem-icon-prev gem-elegant arrow-carrot-right\"><\/i>\t\t\t\t<\/a>\n\t\t\t<\/div>\n\t\t\t<\/div>\n<\/article><!-- #post-2276 -->\n\n<article id=\"post-2270\" class=\"clearfix\">\n\n\t<a href=\"https:\/\/elfuerte.cl\/web\/2025\/11\/16\/tranquila-jornada-electoral-en-las-regiones-del-sur\/\" class=\"gem-slider-blog-link\"><\/a>\n\n\t<div class=\"gem-slider-item-image\" style=\"background: url('https:\/\/elfuerte.cl\/web\/wp-content\/uploads\/2025\/11\/votacionbanner.jpg') no-repeat 50% 50% \/ cover;\">\n\t\t<img src=\"https:\/\/elfuerte.cl\/web\/wp-content\/uploads\/2025\/11\/votacionbanner.jpg\"  style=\"visibility: hidden;\">\n\t<\/div>\n\n\t<div class=\"gem-slider-item-overlay\">\n\t\t<div class=\"gem-compact-item-content\">\n\t\t\t\t\t\t\t<div class=\"post-title\">\n\t\t\t\t\t<h5 class=\"entry-title reverse-link-color\"><span class=\"entry-title-date\"><\/span><span class=\"light\">Tranquila jornada electoral  en las regiones del sur<\/span><\/h5>\t\t\t\t<\/div>\n\t\t\t\n\t\t\t\t\t\t\t<div class=\"post-text date-color\">\n\t\t\t\t\t<div class=\"summary\">\n\t\t\t\t\t\t\t\t\t\t\t\t\t<p>Antes de las 10 horas ya estaba constituida casi la totalidad de las mesas en las cuatro regiones<br \/>\nLa macrozona sur \u2014integrada por las regiones del Biob\u00edo, La Araucan\u00eda, Los R\u00edos y Los Lagos\u2014 vivi\u00f3 la ma\u00f1ana de este domingo una jornada electoral marcada por la normalidad, la alta coordinaci\u00f3n institucional y una masiva concurrencia a los locales de votaci\u00f3n.<\/p>\n\t\t\t\t\t\t\t\t\t\t\t<\/div>\n\t\t\t\t<\/div>\n\t\t\t\n\t\t<\/div>\n\t\t<div class=\"post-meta date-color\">\n\t\t\t<div class=\"entry-meta clearfix gem-post-date\">\n\t\t\t\t<div class=\"post-meta-right\">\n\t\t\t\t\t\t\t\t\t\t\n\t\t\t\t\t\n\t\t\t\t<\/div>\n\t\t\t\t<div class=\"post-meta-left\">\n\t\t\t\t\t\t\t\t\t\t\t<span class=\"post-meta-author\">\n\t\t\t\t\t\t\t\t\t\tPor <a href=\"https:\/\/elfuerte.cl\/web\" title=\"Visitar el sitio de Prensa El Fuerte\" rel=\"author external\">Prensa El Fuerte<\/a>\t\t\t\t\t\t\t\t\t<\/span>\n\t\t\t\t\t\t\t\t\t<\/div>\n\t\t\t<\/div><!-- .entry-meta -->\n\t\t<\/div>\n\n\t\t\t\t\t<div class=\"gem-blog-slider-navigation\">\n\t\t\t\t<a href=\"#\" class=\"gem-blog-slider-prev gem-button gem-button-size-tiny\">\n\t\t\t\t\t<i aria-hidden=\"true\" class=\"gem-print-icon gem-icon-prev gem-elegant arrow-carrot-left\"><\/i>\t\t\t\t<\/a>\n\t\t\t\t<a href=\"#\" class=\"gem-blog-slider-next gem-button gem-button-size-tiny\">\n\t\t\t\t\t<i aria-hidden=\"true\" class=\"gem-print-icon gem-icon-prev gem-elegant arrow-carrot-right\"><\/i>\t\t\t\t<\/a>\n\t\t\t<\/div>\n\t\t\t<\/div>\n<\/article><!-- #post-2270 -->\n\n<article id=\"post-2257\" class=\"clearfix\">\n\n\t<a href=\"https:\/\/elfuerte.cl\/web\/2025\/11\/15\/macrozona-sur-lista-para-votar-despliegue-total-por-elecciones-2025\/\" class=\"gem-slider-blog-link\"><\/a>\n\n\t<div class=\"gem-slider-item-image\" style=\"background: url('https:\/\/elfuerte.cl\/web\/wp-content\/uploads\/2025\/11\/eleccionesbanner.jpg') no-repeat 50% 50% \/ cover;\">\n\t\t<img src=\"https:\/\/elfuerte.cl\/web\/wp-content\/uploads\/2025\/11\/eleccionesbanner.jpg\"  style=\"visibility: hidden;\">\n\t<\/div>\n\n\t<div class=\"gem-slider-item-overlay\">\n\t\t<div class=\"gem-compact-item-content\">\n\t\t\t\t\t\t\t<div class=\"post-title\">\n\t\t\t\t\t<h5 class=\"entry-title reverse-link-color\"><span class=\"entry-title-date\"><\/span><span class=\"light\">Macrozona Sur lista para votar: despliegue total por elecciones 2025<\/span><\/h5>\t\t\t\t<\/div>\n\t\t\t\n\t\t\t\t\t\t\t<div class=\"post-text date-color\">\n\t\t\t\t\t<div class=\"summary\">\n\t\t\t\t\t\t\t\t\t\t\t\t\t<p>M\u00e1s de 3,4 millones de personas est\u00e1n habilitadas para votar en Biob\u00edo, La Araucan\u00eda, Los R\u00edos y Los Lagos. Autoridades reforzaron operativos en ciudades, zonas rurales e islas para asegurar una jornada tranquila y segura.<\/p>\n\t\t\t\t\t\t\t\t\t\t\t<\/div>\n\t\t\t\t<\/div>\n\t\t\t\n\t\t<\/div>\n\t\t<div class=\"post-meta date-color\">\n\t\t\t<div class=\"entry-meta clearfix gem-post-date\">\n\t\t\t\t<div class=\"post-meta-right\">\n\t\t\t\t\t\t\t\t\t\t\n\t\t\t\t\t\n\t\t\t\t<\/div>\n\t\t\t\t<div class=\"post-meta-left\">\n\t\t\t\t\t\t\t\t\t\t\t<span class=\"post-meta-author\">\n\t\t\t\t\t\t\t\t\t\tPor <a href=\"https:\/\/elfuerte.cl\/web\" title=\"Visitar el sitio de Prensa El Fuerte\" rel=\"author external\">Prensa El Fuerte<\/a>\t\t\t\t\t\t\t\t\t<\/span>\n\t\t\t\t\t\t\t\t\t<\/div>\n\t\t\t<\/div><!-- .entry-meta -->\n\t\t<\/div>\n\n\t\t\t\t\t<div class=\"gem-blog-slider-navigation\">\n\t\t\t\t<a href=\"#\" class=\"gem-blog-slider-prev gem-button gem-button-size-tiny\">\n\t\t\t\t\t<i aria-hidden=\"true\" class=\"gem-print-icon gem-icon-prev gem-elegant arrow-carrot-left\"><\/i>\t\t\t\t<\/a>\n\t\t\t\t<a href=\"#\" class=\"gem-blog-slider-next gem-button gem-button-size-tiny\">\n\t\t\t\t\t<i aria-hidden=\"true\" class=\"gem-print-icon gem-icon-prev gem-elegant arrow-carrot-right\"><\/i>\t\t\t\t<\/a>\n\t\t\t<\/div>\n\t\t\t<\/div>\n<\/article><!-- #post-2257 -->\n\n<article id=\"post-2237\" class=\"clearfix\">\n\n\t<a href=\"https:\/\/elfuerte.cl\/web\/2025\/11\/15\/alto-biobio-es-reconocido-como-sitio-de-patrimonio-agricola-mundial-por-la-fao\/\" class=\"gem-slider-blog-link\"><\/a>\n\n\t<div class=\"gem-slider-item-image\" style=\"background: url('https:\/\/elfuerte.cl\/web\/wp-content\/uploads\/2025\/11\/altobanner.jpg') no-repeat 50% 50% \/ cover;\">\n\t\t<img src=\"https:\/\/elfuerte.cl\/web\/wp-content\/uploads\/2025\/11\/altobanner.jpg\"  style=\"visibility: hidden;\">\n\t<\/div>\n\n\t<div class=\"gem-slider-item-overlay\">\n\t\t<div class=\"gem-compact-item-content\">\n\t\t\t\t\t\t\t<div class=\"post-title\">\n\t\t\t\t\t<h5 class=\"entry-title reverse-link-color\"><span class=\"entry-title-date\"><\/span><span class=\"light\">Alto Biob\u00edo es reconocido como Sitio de  Patrimonio Agr\u00edcola Mundial por la FAO<\/span><\/h5>\t\t\t\t<\/div>\n\t\t\t\n\t\t\t\t\t\t\t<div class=\"post-text date-color\">\n\t\t\t\t\t<div class=\"summary\">\n\t\t\t\t\t\t\t\t\t\t\t\t\t<p>Reconocimiento pone en el centro el conocimiento ancestral de las huerteras y familias pehuenche, quienes conservan variedades \u00fanicas y un sistema productivo profundamente ligado a la identidad y al equilibrio con la naturaleza.<\/p>\n\t\t\t\t\t\t\t\t\t\t\t<\/div>\n\t\t\t\t<\/div>\n\t\t\t\n\t\t<\/div>\n\t\t<div class=\"post-meta date-color\">\n\t\t\t<div class=\"entry-meta clearfix gem-post-date\">\n\t\t\t\t<div class=\"post-meta-right\">\n\t\t\t\t\t\t\t\t\t\t\n\t\t\t\t\t\n\t\t\t\t<\/div>\n\t\t\t\t<div class=\"post-meta-left\">\n\t\t\t\t\t\t\t\t\t\t\t<span class=\"post-meta-author\">\n\t\t\t\t\t\t\t\t\t\tPor <a href=\"https:\/\/elfuerte.cl\/web\" title=\"Visitar el sitio de Prensa El Fuerte\" rel=\"author external\">Prensa El Fuerte<\/a>\t\t\t\t\t\t\t\t\t<\/span>\n\t\t\t\t\t\t\t\t\t<\/div>\n\t\t\t<\/div><!-- .entry-meta -->\n\t\t<\/div>\n\n\t\t\t\t\t<div class=\"gem-blog-slider-navigation\">\n\t\t\t\t<a href=\"#\" class=\"gem-blog-slider-prev gem-button gem-button-size-tiny\">\n\t\t\t\t\t<i aria-hidden=\"true\" class=\"gem-print-icon gem-icon-prev gem-elegant arrow-carrot-left\"><\/i>\t\t\t\t<\/a>\n\t\t\t\t<a href=\"#\" class=\"gem-blog-slider-next gem-button gem-button-size-tiny\">\n\t\t\t\t\t<i aria-hidden=\"true\" class=\"gem-print-icon gem-icon-prev gem-elegant arrow-carrot-right\"><\/i>\t\t\t\t<\/a>\n\t\t\t<\/div>\n\t\t\t<\/div>\n<\/article><!-- #post-2237 -->\n\n<article id=\"post-2252\" class=\"clearfix\">\n\n\t<a href=\"https:\/\/elfuerte.cl\/web\/2025\/11\/15\/personas-mayores-de-valdivia-cuentan-con-un-nuevo-recinto-comunitario\/\" class=\"gem-slider-blog-link\"><\/a>\n\n\t<div class=\"gem-slider-item-image\" style=\"background: url('https:\/\/elfuerte.cl\/web\/wp-content\/uploads\/2025\/11\/bannercentro.jpg') no-repeat 50% 50% \/ cover;\">\n\t\t<img src=\"https:\/\/elfuerte.cl\/web\/wp-content\/uploads\/2025\/11\/bannercentro.jpg\"  style=\"visibility: hidden;\">\n\t<\/div>\n\n\t<div class=\"gem-slider-item-overlay\">\n\t\t<div class=\"gem-compact-item-content\">\n\t\t\t\t\t\t\t<div class=\"post-title\">\n\t\t\t\t\t<h5 class=\"entry-title reverse-link-color\"><span class=\"entry-title-date\"><\/span><span class=\"light\">Personas mayores de Valdivia cuentan Con un nuevo recinto comunitario<\/span><\/h5>\t\t\t\t<\/div>\n\t\t\t\n\t\t\t\t\t\t\t<div class=\"post-text date-color\">\n\t\t\t\t\t<div class=\"summary\">\n\t\t\t\t\t\t\t\t\t\t\t\t\t<p>El nuevo Centro Diurno Comunitario es un lugar donde encontrar\u00e1n talleres y diversas actividades donde compartir y recibir apoyo profesional.<\/p>\n\t\t\t\t\t\t\t\t\t\t\t<\/div>\n\t\t\t\t<\/div>\n\t\t\t\n\t\t<\/div>\n\t\t<div class=\"post-meta date-color\">\n\t\t\t<div class=\"entry-meta clearfix gem-post-date\">\n\t\t\t\t<div class=\"post-meta-right\">\n\t\t\t\t\t\t\t\t\t\t\n\t\t\t\t\t\n\t\t\t\t<\/div>\n\t\t\t\t<div class=\"post-meta-left\">\n\t\t\t\t\t\t\t\t\t\t\t<span class=\"post-meta-author\">\n\t\t\t\t\t\t\t\t\t\tPor <a href=\"https:\/\/elfuerte.cl\/web\" title=\"Visitar el sitio de Prensa El Fuerte\" rel=\"author external\">Prensa El Fuerte<\/a>\t\t\t\t\t\t\t\t\t<\/span>\n\t\t\t\t\t\t\t\t\t<\/div>\n\t\t\t<\/div><!-- .entry-meta -->\n\t\t<\/div>\n\n\t\t\t\t\t<div class=\"gem-blog-slider-navigation\">\n\t\t\t\t<a href=\"#\" class=\"gem-blog-slider-prev gem-button gem-button-size-tiny\">\n\t\t\t\t\t<i aria-hidden=\"true\" class=\"gem-print-icon gem-icon-prev gem-elegant arrow-carrot-left\"><\/i>\t\t\t\t<\/a>\n\t\t\t\t<a href=\"#\" class=\"gem-blog-slider-next gem-button gem-button-size-tiny\">\n\t\t\t\t\t<i aria-hidden=\"true\" class=\"gem-print-icon gem-icon-prev gem-elegant arrow-carrot-right\"><\/i>\t\t\t\t<\/a>\n\t\t\t<\/div>\n\t\t\t<\/div>\n<\/article><!-- #post-2252 -->\n\n<article id=\"post-2226\" class=\"clearfix\">\n\n\t<a href=\"https:\/\/elfuerte.cl\/web\/2025\/11\/14\/el-corazon-cultural-de-valdivia-revive-con-concierto-aniversario\/\" class=\"gem-slider-blog-link\"><\/a>\n\n\t<div class=\"gem-slider-item-image\" style=\"background: url('https:\/\/elfuerte.cl\/web\/wp-content\/uploads\/2025\/11\/cervantesbanner.jpg') no-repeat 50% 50% \/ cover;\">\n\t\t<img src=\"https:\/\/elfuerte.cl\/web\/wp-content\/uploads\/2025\/11\/cervantesbanner.jpg\"  style=\"visibility: hidden;\">\n\t<\/div>\n\n\t<div class=\"gem-slider-item-overlay\">\n\t\t<div class=\"gem-compact-item-content\">\n\t\t\t\t\t\t\t<div class=\"post-title\">\n\t\t\t\t\t<h5 class=\"entry-title reverse-link-color\"><span class=\"entry-title-date\"><\/span><span class=\"light\">El coraz\u00f3n cultural de Valdivia revive con concierto aniversario<\/span><\/h5>\t\t\t\t<\/div>\n\t\t\t\n\t\t\t\t\t\t\t<div class=\"post-text date-color\">\n\t\t\t\t\t<div class=\"summary\">\n\t\t\t\t\t\t\t\t\t\t\t\t\t<p>Teatro Regional Cervantes cumple 90 a\u00f1os como pilar de la actividad cultural de la capital de la Regi\u00f3n de Los R\u00edos<\/p>\n\t\t\t\t\t\t\t\t\t\t\t<\/div>\n\t\t\t\t<\/div>\n\t\t\t\n\t\t<\/div>\n\t\t<div class=\"post-meta date-color\">\n\t\t\t<div class=\"entry-meta clearfix gem-post-date\">\n\t\t\t\t<div class=\"post-meta-right\">\n\t\t\t\t\t\t\t\t\t\t\n\t\t\t\t\t\n\t\t\t\t<\/div>\n\t\t\t\t<div class=\"post-meta-left\">\n\t\t\t\t\t\t\t\t\t\t\t<span class=\"post-meta-author\">\n\t\t\t\t\t\t\t\t\t\tPor <a href=\"https:\/\/elfuerte.cl\/web\" title=\"Visitar el sitio de Prensa El Fuerte\" rel=\"author external\">Prensa El Fuerte<\/a>\t\t\t\t\t\t\t\t\t<\/span>\n\t\t\t\t\t\t\t\t\t<\/div>\n\t\t\t<\/div><!-- .entry-meta -->\n\t\t<\/div>\n\n\t\t\t\t\t<div class=\"gem-blog-slider-navigation\">\n\t\t\t\t<a href=\"#\" class=\"gem-blog-slider-prev gem-button gem-button-size-tiny\">\n\t\t\t\t\t<i aria-hidden=\"true\" class=\"gem-print-icon gem-icon-prev gem-elegant arrow-carrot-left\"><\/i>\t\t\t\t<\/a>\n\t\t\t\t<a href=\"#\" class=\"gem-blog-slider-next gem-button gem-button-size-tiny\">\n\t\t\t\t\t<i aria-hidden=\"true\" class=\"gem-print-icon gem-icon-prev gem-elegant arrow-carrot-right\"><\/i>\t\t\t\t<\/a>\n\t\t\t<\/div>\n\t\t\t<\/div>\n<\/article><!-- #post-2226 -->\n\n<article id=\"post-2146\" class=\"clearfix\">\n\n\t<a href=\"https:\/\/elfuerte.cl\/web\/2025\/11\/12\/fraude-monumental-en-la-araucania-80-millones-de-dolares-desaparecidos\/\" class=\"gem-slider-blog-link\"><\/a>\n\n\t<div class=\"gem-slider-item-image\" style=\"background: url('https:\/\/elfuerte.cl\/web\/wp-content\/uploads\/2025\/11\/fraudebanner.jpg') no-repeat 50% 50% \/ cover;\">\n\t\t<img src=\"https:\/\/elfuerte.cl\/web\/wp-content\/uploads\/2025\/11\/fraudebanner.jpg\"  style=\"visibility: hidden;\">\n\t<\/div>\n\n\t<div class=\"gem-slider-item-overlay\">\n\t\t<div class=\"gem-compact-item-content\">\n\t\t\t\t\t\t\t<div class=\"post-title\">\n\t\t\t\t\t<h5 class=\"entry-title reverse-link-color\"><span class=\"entry-title-date\"><\/span><span class=\"light\">Fraude monumental en La Araucan\u00eda:  80 millones de d\u00f3lares desaparecidos\u201d<\/span><\/h5>\t\t\t\t<\/div>\n\t\t\t\n\t\t\t\t\t\t\t<div class=\"post-text date-color\">\n\t\t\t\t\t<div class=\"summary\">\n\t\t\t\t\t\t\t\t\t\t\t\t\t<p>Gobernador Ren\u00e9 Safirio entreg\u00f3 resultados de una auditoria externa que revel\u00f3 la existencia de un \u201cmecanismo sistem\u00e1tico de corrupci\u00f3n\u201d, que est\u00e1n hoy bajo investigaci\u00f3n tras poner los antecedentes a disposici\u00f3n de la Fiscal\u00eda Regional. \u201cAqu\u00ed hay crimen organizado\u201d, sentenci\u00f3.<\/p>\n\t\t\t\t\t\t\t\t\t\t\t<\/div>\n\t\t\t\t<\/div>\n\t\t\t\n\t\t<\/div>\n\t\t<div class=\"post-meta date-color\">\n\t\t\t<div class=\"entry-meta clearfix gem-post-date\">\n\t\t\t\t<div class=\"post-meta-right\">\n\t\t\t\t\t\t\t\t\t\t\n\t\t\t\t\t\n\t\t\t\t<\/div>\n\t\t\t\t<div class=\"post-meta-left\">\n\t\t\t\t\t\t\t\t\t\t\t<span class=\"post-meta-author\">\n\t\t\t\t\t\t\t\t\t\tPor <a href=\"https:\/\/elfuerte.cl\/web\" title=\"Visitar el sitio de Prensa El Fuerte\" rel=\"author external\">Prensa El Fuerte<\/a>\t\t\t\t\t\t\t\t\t<\/span>\n\t\t\t\t\t\t\t\t\t<\/div>\n\t\t\t<\/div><!-- .entry-meta -->\n\t\t<\/div>\n\n\t\t\t\t\t<div class=\"gem-blog-slider-navigation\">\n\t\t\t\t<a href=\"#\" class=\"gem-blog-slider-prev gem-button gem-button-size-tiny\">\n\t\t\t\t\t<i aria-hidden=\"true\" class=\"gem-print-icon gem-icon-prev gem-elegant arrow-carrot-left\"><\/i>\t\t\t\t<\/a>\n\t\t\t\t<a href=\"#\" class=\"gem-blog-slider-next gem-button gem-button-size-tiny\">\n\t\t\t\t\t<i aria-hidden=\"true\" class=\"gem-print-icon gem-icon-prev gem-elegant arrow-carrot-right\"><\/i>\t\t\t\t<\/a>\n\t\t\t<\/div>\n\t\t\t<\/div>\n<\/article><!-- #post-2146 -->\n\n<article id=\"post-2166\" class=\"clearfix\">\n\n\t<a href=\"https:\/\/elfuerte.cl\/web\/2025\/11\/12\/barrio-civico-de-los-rios-proyecto-clave-avanza-tras-18-anos-de-postergacion\/\" class=\"gem-slider-blog-link\"><\/a>\n\n\t<div class=\"gem-slider-item-image\" style=\"background: url('https:\/\/elfuerte.cl\/web\/wp-content\/uploads\/2025\/11\/barriobanner.jpg') no-repeat 50% 50% \/ cover;\">\n\t\t<img src=\"https:\/\/elfuerte.cl\/web\/wp-content\/uploads\/2025\/11\/barriobanner.jpg\"  style=\"visibility: hidden;\">\n\t<\/div>\n\n\t<div class=\"gem-slider-item-overlay\">\n\t\t<div class=\"gem-compact-item-content\">\n\t\t\t\t\t\t\t<div class=\"post-title\">\n\t\t\t\t\t<h5 class=\"entry-title reverse-link-color\"><span class=\"entry-title-date\"><\/span><span class=\"light\">Barrio C\u00edvico de Los R\u00edos: proyecto clave avanza tras 18 a\u00f1os de postergaci\u00f3n<\/span><\/h5>\t\t\t\t<\/div>\n\t\t\t\n\t\t\t\t\t\t\t<div class=\"post-text date-color\">\n\t\t\t\t\t<div class=\"summary\">\n\t\t\t\t\t\t\t\t\t\t\t\t\t<p>La Mesa T\u00e9cnica de Coordinaci\u00f3n y Seguimiento \u2014integrada por el GORE, la Delegaci\u00f3n Presidencial y Desarrollo Pa\u00eds\u2014 comenz\u00f3 a trabajar para destrabar un proyecto considerado esencial desde la creaci\u00f3n de la regi\u00f3n, pero que por casi dos d\u00e9cadas no logr\u00f3 avanzar m\u00e1s all\u00e1 de anuncios y estudios preliminares.<\/p>\n\t\t\t\t\t\t\t\t\t\t\t<\/div>\n\t\t\t\t<\/div>\n\t\t\t\n\t\t<\/div>\n\t\t<div class=\"post-meta date-color\">\n\t\t\t<div class=\"entry-meta clearfix gem-post-date\">\n\t\t\t\t<div class=\"post-meta-right\">\n\t\t\t\t\t\t\t\t\t\t\n\t\t\t\t\t\n\t\t\t\t<\/div>\n\t\t\t\t<div class=\"post-meta-left\">\n\t\t\t\t\t\t\t\t\t\t\t<span class=\"post-meta-author\">\n\t\t\t\t\t\t\t\t\t\tPor <a href=\"https:\/\/elfuerte.cl\/web\" title=\"Visitar el sitio de Prensa El Fuerte\" rel=\"author external\">Prensa El Fuerte<\/a>\t\t\t\t\t\t\t\t\t<\/span>\n\t\t\t\t\t\t\t\t\t<\/div>\n\t\t\t<\/div><!-- .entry-meta -->\n\t\t<\/div>\n\n\t\t\t\t\t<div class=\"gem-blog-slider-navigation\">\n\t\t\t\t<a href=\"#\" class=\"gem-blog-slider-prev gem-button gem-button-size-tiny\">\n\t\t\t\t\t<i aria-hidden=\"true\" class=\"gem-print-icon gem-icon-prev gem-elegant arrow-carrot-left\"><\/i>\t\t\t\t<\/a>\n\t\t\t\t<a href=\"#\" class=\"gem-blog-slider-next gem-button gem-button-size-tiny\">\n\t\t\t\t\t<i aria-hidden=\"true\" class=\"gem-print-icon gem-icon-prev gem-elegant arrow-carrot-right\"><\/i>\t\t\t\t<\/a>\n\t\t\t<\/div>\n\t\t\t<\/div>\n<\/article><!-- #post-2166 -->\n\n<article id=\"post-2157\" class=\"clearfix\">\n\n\t<a href=\"https:\/\/elfuerte.cl\/web\/2025\/11\/12\/ciudadania-elige-el-diseno-del-nuevo-hito-cerode-la-carretera-austral\/\" class=\"gem-slider-blog-link\"><\/a>\n\n\t<div class=\"gem-slider-item-image\" style=\"background: url('https:\/\/elfuerte.cl\/web\/wp-content\/uploads\/2025\/11\/hitobanner.jpg') no-repeat 50% 50% \/ cover;\">\n\t\t<img src=\"https:\/\/elfuerte.cl\/web\/wp-content\/uploads\/2025\/11\/hitobanner.jpg\"  style=\"visibility: hidden;\">\n\t<\/div>\n\n\t<div class=\"gem-slider-item-overlay\">\n\t\t<div class=\"gem-compact-item-content\">\n\t\t\t\t\t\t\t<div class=\"post-title\">\n\t\t\t\t\t<h5 class=\"entry-title reverse-link-color\"><span class=\"entry-title-date\"><\/span><span class=\"light\">Ciudadan\u00eda elige el dise\u00f1o del nuevo \u201cHito Cero\u201dde la Carretera Austral<\/span><\/h5>\t\t\t\t<\/div>\n\t\t\t\n\t\t\t\t\t\t\t<div class=\"post-text date-color\">\n\t\t\t\t\t<div class=\"summary\">\n\t\t\t\t\t\t\t\t\t\t\t\t\t<p>El dise\u00f1o \u201cKil\u00f3metro Cero\u201d, creado por Paulina Schaffer, Angello Igor y Nicol\u00e1s Duarte, fue elegido por m\u00e1s de 10 mil votantes en el concurso del MOP y Sernatur. La obra se instalar\u00e1 en el parque Costanera y responde a la necesidad de modernizar el punto donde comienza la Carretera Austral, una iniciativa inspirada tambi\u00e9n en el llamado del periodista Claudio Iturra a relevar este emblem\u00e1tico lugar.<\/p>\n\t\t\t\t\t\t\t\t\t\t\t<\/div>\n\t\t\t\t<\/div>\n\t\t\t\n\t\t<\/div>\n\t\t<div class=\"post-meta date-color\">\n\t\t\t<div class=\"entry-meta clearfix gem-post-date\">\n\t\t\t\t<div class=\"post-meta-right\">\n\t\t\t\t\t\t\t\t\t\t\n\t\t\t\t\t\n\t\t\t\t<\/div>\n\t\t\t\t<div class=\"post-meta-left\">\n\t\t\t\t\t\t\t\t\t\t\t<span class=\"post-meta-author\">\n\t\t\t\t\t\t\t\t\t\tPor <a href=\"https:\/\/elfuerte.cl\/web\" title=\"Visitar el sitio de Prensa El Fuerte\" rel=\"author external\">Prensa El Fuerte<\/a>\t\t\t\t\t\t\t\t\t<\/span>\n\t\t\t\t\t\t\t\t\t<\/div>\n\t\t\t<\/div><!-- .entry-meta -->\n\t\t<\/div>\n\n\t\t\t\t\t<div class=\"gem-blog-slider-navigation\">\n\t\t\t\t<a href=\"#\" class=\"gem-blog-slider-prev gem-button gem-button-size-tiny\">\n\t\t\t\t\t<i aria-hidden=\"true\" class=\"gem-print-icon gem-icon-prev gem-elegant arrow-carrot-left\"><\/i>\t\t\t\t<\/a>\n\t\t\t\t<a href=\"#\" class=\"gem-blog-slider-next gem-button gem-button-size-tiny\">\n\t\t\t\t\t<i aria-hidden=\"true\" class=\"gem-print-icon gem-icon-prev gem-elegant arrow-carrot-right\"><\/i>\t\t\t\t<\/a>\n\t\t\t<\/div>\n\t\t\t<\/div>\n<\/article><!-- #post-2157 -->\n\n<article id=\"post-2128\" class=\"clearfix\">\n\n\t<a href=\"https:\/\/elfuerte.cl\/web\/2025\/11\/12\/elecciones-2025-macrozona-se-alista-para-jornada-decisiva-este-domingo\/\" class=\"gem-slider-blog-link\"><\/a>\n\n\t<div class=\"gem-slider-item-image\" style=\"background: url('https:\/\/elfuerte.cl\/web\/wp-content\/uploads\/2025\/11\/bannerelecciomes.jpg') no-repeat 50% 50% \/ cover;\">\n\t\t<img src=\"https:\/\/elfuerte.cl\/web\/wp-content\/uploads\/2025\/11\/bannerelecciomes.jpg\"  style=\"visibility: hidden;\">\n\t<\/div>\n\n\t<div class=\"gem-slider-item-overlay\">\n\t\t<div class=\"gem-compact-item-content\">\n\t\t\t\t\t\t\t<div class=\"post-title\">\n\t\t\t\t\t<h5 class=\"entry-title reverse-link-color\"><span class=\"entry-title-date\"><\/span><span class=\"light\">Elecciones 2025: macrozona se alista  para jornada decisiva este domingo<\/span><\/h5>\t\t\t\t<\/div>\n\t\t\t\n\t\t\t\t\t\t\t<div class=\"post-text date-color\">\n\t\t\t\t\t<div class=\"summary\">\n\t\t\t\t\t\t\t\t\t\t\t\t\t<p>Todo est\u00e1 preparado para que este domingo los ciudadanos concurran a las urnas para votar en las elecciones presidenciales y parlamentarias 2025. En la macrozona, son m\u00e1s de 3 millones los electores que concurrir\u00e1n a los diferentes locales para ejercer su derecho a voto.<\/p>\n\t\t\t\t\t\t\t\t\t\t\t<\/div>\n\t\t\t\t<\/div>\n\t\t\t\n\t\t<\/div>\n\t\t<div class=\"post-meta date-color\">\n\t\t\t<div class=\"entry-meta clearfix gem-post-date\">\n\t\t\t\t<div class=\"post-meta-right\">\n\t\t\t\t\t\t\t\t\t\t\n\t\t\t\t\t\n\t\t\t\t<\/div>\n\t\t\t\t<div class=\"post-meta-left\">\n\t\t\t\t\t\t\t\t\t\t\t<span class=\"post-meta-author\">\n\t\t\t\t\t\t\t\t\t\tPor <a href=\"https:\/\/elfuerte.cl\/web\" title=\"Visitar el sitio de Prensa El Fuerte\" rel=\"author external\">Prensa El Fuerte<\/a>\t\t\t\t\t\t\t\t\t<\/span>\n\t\t\t\t\t\t\t\t\t<\/div>\n\t\t\t<\/div><!-- .entry-meta -->\n\t\t<\/div>\n\n\t\t\t\t\t<div class=\"gem-blog-slider-navigation\">\n\t\t\t\t<a href=\"#\" class=\"gem-blog-slider-prev gem-button gem-button-size-tiny\">\n\t\t\t\t\t<i aria-hidden=\"true\" class=\"gem-print-icon gem-icon-prev gem-elegant arrow-carrot-left\"><\/i>\t\t\t\t<\/a>\n\t\t\t\t<a href=\"#\" class=\"gem-blog-slider-next gem-button gem-button-size-tiny\">\n\t\t\t\t\t<i aria-hidden=\"true\" class=\"gem-print-icon gem-icon-prev gem-elegant arrow-carrot-right\"><\/i>\t\t\t\t<\/a>\n\t\t\t<\/div>\n\t\t\t<\/div>\n<\/article><!-- #post-2128 -->\n\n<article id=\"post-2110\" class=\"clearfix\">\n\n\t<a href=\"https:\/\/elfuerte.cl\/web\/2025\/11\/11\/gremios-y-cpc-definen-hoja-de-ruta-para-el-desarrollo-de-la-region-de-los-rios\/\" class=\"gem-slider-blog-link\"><\/a>\n\n\t<div class=\"gem-slider-item-image\" style=\"background: url('https:\/\/elfuerte.cl\/web\/wp-content\/uploads\/2025\/11\/cpcbanner.jpg') no-repeat 50% 50% \/ cover;\">\n\t\t<img src=\"https:\/\/elfuerte.cl\/web\/wp-content\/uploads\/2025\/11\/cpcbanner.jpg\"  style=\"visibility: hidden;\">\n\t<\/div>\n\n\t<div class=\"gem-slider-item-overlay\">\n\t\t<div class=\"gem-compact-item-content\">\n\t\t\t\t\t\t\t<div class=\"post-title\">\n\t\t\t\t\t<h5 class=\"entry-title reverse-link-color\"><span class=\"entry-title-date\"><\/span><span class=\"light\">Gremios y CPC definen hoja de ruta para el desarrollo de la Regi\u00f3n de Los R\u00edos<\/span><\/h5>\t\t\t\t<\/div>\n\t\t\t\n\t\t\t\t\t\t\t<div class=\"post-text date-color\">\n\t\t\t\t\t<div class=\"summary\">\n\t\t\t\t\t\t\t\t\t\t\t\t\t<p>M\u00e1s de 80 dirigentes gremiales y empresarios de distintos sectores productivos se reunieron en Valdivia con la directiva nacional de la CPC para definir prioridades, brechas y desaf\u00edos de la Regi\u00f3n de Los R\u00edos, en el marco de la iniciativa Gremios por Chile.<\/p>\n\t\t\t\t\t\t\t\t\t\t\t<\/div>\n\t\t\t\t<\/div>\n\t\t\t\n\t\t<\/div>\n\t\t<div class=\"post-meta date-color\">\n\t\t\t<div class=\"entry-meta clearfix gem-post-date\">\n\t\t\t\t<div class=\"post-meta-right\">\n\t\t\t\t\t\t\t\t\t\t\n\t\t\t\t\t\n\t\t\t\t<\/div>\n\t\t\t\t<div class=\"post-meta-left\">\n\t\t\t\t\t\t\t\t\t\t\t<span class=\"post-meta-author\">\n\t\t\t\t\t\t\t\t\t\tPor <a href=\"https:\/\/elfuerte.cl\/web\" title=\"Visitar el sitio de Prensa El Fuerte\" rel=\"author external\">Prensa El Fuerte<\/a>\t\t\t\t\t\t\t\t\t<\/span>\n\t\t\t\t\t\t\t\t\t<\/div>\n\t\t\t<\/div><!-- .entry-meta -->\n\t\t<\/div>\n\n\t\t\t\t\t<div class=\"gem-blog-slider-navigation\">\n\t\t\t\t<a href=\"#\" class=\"gem-blog-slider-prev gem-button gem-button-size-tiny\">\n\t\t\t\t\t<i aria-hidden=\"true\" class=\"gem-print-icon gem-icon-prev gem-elegant arrow-carrot-left\"><\/i>\t\t\t\t<\/a>\n\t\t\t\t<a href=\"#\" class=\"gem-blog-slider-next gem-button gem-button-size-tiny\">\n\t\t\t\t\t<i aria-hidden=\"true\" class=\"gem-print-icon gem-icon-prev gem-elegant arrow-carrot-right\"><\/i>\t\t\t\t<\/a>\n\t\t\t<\/div>\n\t\t\t<\/div>\n<\/article><!-- #post-2110 -->\n\n<article id=\"post-2096\" class=\"clearfix\">\n\n\t<a href=\"https:\/\/elfuerte.cl\/web\/2025\/11\/11\/imperial-inaugura-mural-en-el-acceso-peatonal-el-alto\/\" class=\"gem-slider-blog-link\"><\/a>\n\n\t<div class=\"gem-slider-item-image\" style=\"background: url('https:\/\/elfuerte.cl\/web\/wp-content\/uploads\/2025\/11\/muralbanner.jpg') no-repeat 50% 50% \/ cover;\">\n\t\t<img src=\"https:\/\/elfuerte.cl\/web\/wp-content\/uploads\/2025\/11\/muralbanner.jpg\"  style=\"visibility: hidden;\">\n\t<\/div>\n\n\t<div class=\"gem-slider-item-overlay\">\n\t\t<div class=\"gem-compact-item-content\">\n\t\t\t\t\t\t\t<div class=\"post-title\">\n\t\t\t\t\t<h5 class=\"entry-title reverse-link-color\"><span class=\"entry-title-date\"><\/span><span class=\"light\">Imperial inaugura mural en el acceso peatonal El Alto<\/span><\/h5>\t\t\t\t<\/div>\n\t\t\t\n\t\t\t\t\t\t\t<div class=\"post-text date-color\">\n\t\t\t\t\t<div class=\"summary\">\n\t\t\t\t\t\t\t\t\t\t\t\t\t<p>A 44 minutos de Temuco, hacia el oeste, se encuentra la ciudad de Nueva Imperial, en la regi\u00f3n de La Araucan\u00eda. En ella existen varios lugares tur\u00edsticos como es el puente de ferrocarril que cruza el r\u00edo Chol Chol o el Parque Comunal Thiers. <\/p>\n\t\t\t\t\t\t\t\t\t\t\t<\/div>\n\t\t\t\t<\/div>\n\t\t\t\n\t\t<\/div>\n\t\t<div class=\"post-meta date-color\">\n\t\t\t<div class=\"entry-meta clearfix gem-post-date\">\n\t\t\t\t<div class=\"post-meta-right\">\n\t\t\t\t\t\t\t\t\t\t\n\t\t\t\t\t\n\t\t\t\t<\/div>\n\t\t\t\t<div class=\"post-meta-left\">\n\t\t\t\t\t\t\t\t\t\t\t<span class=\"post-meta-author\">\n\t\t\t\t\t\t\t\t\t\tPor <a href=\"https:\/\/elfuerte.cl\/web\" title=\"Visitar el sitio de Prensa El Fuerte\" rel=\"author external\">Prensa El Fuerte<\/a>\t\t\t\t\t\t\t\t\t<\/span>\n\t\t\t\t\t\t\t\t\t<\/div>\n\t\t\t<\/div><!-- .entry-meta -->\n\t\t<\/div>\n\n\t\t\t\t\t<div class=\"gem-blog-slider-navigation\">\n\t\t\t\t<a href=\"#\" class=\"gem-blog-slider-prev gem-button gem-button-size-tiny\">\n\t\t\t\t\t<i aria-hidden=\"true\" class=\"gem-print-icon gem-icon-prev gem-elegant arrow-carrot-left\"><\/i>\t\t\t\t<\/a>\n\t\t\t\t<a href=\"#\" class=\"gem-blog-slider-next gem-button gem-button-size-tiny\">\n\t\t\t\t\t<i aria-hidden=\"true\" class=\"gem-print-icon gem-icon-prev gem-elegant arrow-carrot-right\"><\/i>\t\t\t\t<\/a>\n\t\t\t<\/div>\n\t\t\t<\/div>\n<\/article><!-- #post-2096 -->\n\n<article id=\"post-2086\" class=\"clearfix\">\n\n\t<a href=\"https:\/\/elfuerte.cl\/web\/2025\/11\/11\/puerto-montt-volvera-a-vibrar-con-el-deporte-tuerca\/\" class=\"gem-slider-blog-link\"><\/a>\n\n\t<div class=\"gem-slider-item-image\" style=\"background: url('https:\/\/elfuerte.cl\/web\/wp-content\/uploads\/2025\/11\/rallybanner.jpg') no-repeat 50% 50% \/ cover;\">\n\t\t<img src=\"https:\/\/elfuerte.cl\/web\/wp-content\/uploads\/2025\/11\/rallybanner.jpg\"  style=\"visibility: hidden;\">\n\t<\/div>\n\n\t<div class=\"gem-slider-item-overlay\">\n\t\t<div class=\"gem-compact-item-content\">\n\t\t\t\t\t\t\t<div class=\"post-title\">\n\t\t\t\t\t<h5 class=\"entry-title reverse-link-color\"><span class=\"entry-title-date\"><\/span><span class=\"light\">Puerto Montt volver\u00e1 a vibrar  con el deporte tuerca<\/span><\/h5>\t\t\t\t<\/div>\n\t\t\t\n\t\t\t\t\t\t\t<div class=\"post-text date-color\">\n\t\t\t\t\t<div class=\"summary\">\n\t\t\t\t\t\t\t\t\t\t\t\t\t<p>El Campeonato Rally Avosur 2025 llega con el Rally del Pac\u00edfico en categor\u00edas R2, N3, N4 y N2 en caminos rurales y costeros de Puerto Montt y Calbuco. Es organizado conjuntamente por el Club Automovil\u00edstico de Puerto Montt (Capmo) y el Club Automovil\u00edstico de Calbuco (Cadec).<\/p>\n\t\t\t\t\t\t\t\t\t\t\t<\/div>\n\t\t\t\t<\/div>\n\t\t\t\n\t\t<\/div>\n\t\t<div class=\"post-meta date-color\">\n\t\t\t<div class=\"entry-meta clearfix gem-post-date\">\n\t\t\t\t<div class=\"post-meta-right\">\n\t\t\t\t\t\t\t\t\t\t\n\t\t\t\t\t\n\t\t\t\t<\/div>\n\t\t\t\t<div class=\"post-meta-left\">\n\t\t\t\t\t\t\t\t\t\t\t<span class=\"post-meta-author\">\n\t\t\t\t\t\t\t\t\t\tPor <a href=\"https:\/\/elfuerte.cl\/web\" title=\"Visitar el sitio de Prensa El Fuerte\" rel=\"author external\">Prensa El Fuerte<\/a>\t\t\t\t\t\t\t\t\t<\/span>\n\t\t\t\t\t\t\t\t\t<\/div>\n\t\t\t<\/div><!-- .entry-meta -->\n\t\t<\/div>\n\n\t\t\t\t\t<div class=\"gem-blog-slider-navigation\">\n\t\t\t\t<a href=\"#\" class=\"gem-blog-slider-prev gem-button gem-button-size-tiny\">\n\t\t\t\t\t<i aria-hidden=\"true\" class=\"gem-print-icon gem-icon-prev gem-elegant arrow-carrot-left\"><\/i>\t\t\t\t<\/a>\n\t\t\t\t<a href=\"#\" class=\"gem-blog-slider-next gem-button gem-button-size-tiny\">\n\t\t\t\t\t<i aria-hidden=\"true\" class=\"gem-print-icon gem-icon-prev gem-elegant arrow-carrot-right\"><\/i>\t\t\t\t<\/a>\n\t\t\t<\/div>\n\t\t\t<\/div>\n<\/article><!-- #post-2086 -->\n\n<article id=\"post-2072\" class=\"clearfix\">\n\n\t<a href=\"https:\/\/elfuerte.cl\/web\/2025\/11\/11\/seminario-de-agroecologia-abordo-el-diseno-de-negocio-para-la-agricultura-familiar-campesina\/\" class=\"gem-slider-blog-link\"><\/a>\n\n\t<div class=\"gem-slider-item-image\" style=\"background: url('https:\/\/elfuerte.cl\/web\/wp-content\/uploads\/2025\/11\/agrobanner.jpg') no-repeat 50% 50% \/ cover;\">\n\t\t<img src=\"https:\/\/elfuerte.cl\/web\/wp-content\/uploads\/2025\/11\/agrobanner.jpg\"  style=\"visibility: hidden;\">\n\t<\/div>\n\n\t<div class=\"gem-slider-item-overlay\">\n\t\t<div class=\"gem-compact-item-content\">\n\t\t\t\t\t\t\t<div class=\"post-title\">\n\t\t\t\t\t<h5 class=\"entry-title reverse-link-color\"><span class=\"entry-title-date\"><\/span><span class=\"light\">Seminario de agroecolog\u00eda abord\u00f3 el dise\u00f1o de negocio para la agricultura familiar campesina<\/span><\/h5>\t\t\t\t<\/div>\n\t\t\t\n\t\t\t\t\t\t\t<div class=\"post-text date-color\">\n\t\t\t\t\t<div class=\"summary\">\n\t\t\t\t\t\t\t\t\t\t\t\t\t<p>Asistentes conocieron experiencias exitosas de producci\u00f3n agrecol\u00f3gica en diversos puntos d ella comuna, adem\u00e1s de tomar contacto con autoridades de la Municipalidad de Valdivia y profesionales del \u00e1rea<\/p>\n\t\t\t\t\t\t\t\t\t\t\t<\/div>\n\t\t\t\t<\/div>\n\t\t\t\n\t\t<\/div>\n\t\t<div class=\"post-meta date-color\">\n\t\t\t<div class=\"entry-meta clearfix gem-post-date\">\n\t\t\t\t<div class=\"post-meta-right\">\n\t\t\t\t\t\t\t\t\t\t\n\t\t\t\t\t\n\t\t\t\t<\/div>\n\t\t\t\t<div class=\"post-meta-left\">\n\t\t\t\t\t\t\t\t\t\t\t<span class=\"post-meta-author\">\n\t\t\t\t\t\t\t\t\t\tPor <a href=\"https:\/\/elfuerte.cl\/web\" title=\"Visitar el sitio de Prensa El Fuerte\" rel=\"author external\">Prensa El Fuerte<\/a>\t\t\t\t\t\t\t\t\t<\/span>\n\t\t\t\t\t\t\t\t\t<\/div>\n\t\t\t<\/div><!-- .entry-meta -->\n\t\t<\/div>\n\n\t\t\t\t\t<div class=\"gem-blog-slider-navigation\">\n\t\t\t\t<a href=\"#\" class=\"gem-blog-slider-prev gem-button gem-button-size-tiny\">\n\t\t\t\t\t<i aria-hidden=\"true\" class=\"gem-print-icon gem-icon-prev gem-elegant arrow-carrot-left\"><\/i>\t\t\t\t<\/a>\n\t\t\t\t<a href=\"#\" class=\"gem-blog-slider-next gem-button gem-button-size-tiny\">\n\t\t\t\t\t<i aria-hidden=\"true\" class=\"gem-print-icon gem-icon-prev gem-elegant arrow-carrot-right\"><\/i>\t\t\t\t<\/a>\n\t\t\t<\/div>\n\t\t\t<\/div>\n<\/article><!-- #post-2072 -->\n\n<article id=\"post-2057\" class=\"clearfix\">\n\n\t<a href=\"https:\/\/elfuerte.cl\/web\/2025\/11\/11\/puerto-varas-impulsa-campana-inedita-contra-la-explotacion-sexual-infantil\/\" class=\"gem-slider-blog-link\"><\/a>\n\n\t<div class=\"gem-slider-item-image\" style=\"background: url('https:\/\/elfuerte.cl\/web\/wp-content\/uploads\/2025\/11\/bannerinf.jpg') no-repeat 50% 50% \/ cover;\">\n\t\t<img src=\"https:\/\/elfuerte.cl\/web\/wp-content\/uploads\/2025\/11\/bannerinf.jpg\"  style=\"visibility: hidden;\">\n\t<\/div>\n\n\t<div class=\"gem-slider-item-overlay\">\n\t\t<div class=\"gem-compact-item-content\">\n\t\t\t\t\t\t\t<div class=\"post-title\">\n\t\t\t\t\t<h5 class=\"entry-title reverse-link-color\"><span class=\"entry-title-date\"><\/span><span class=\"light\">Puerto Varas impulsa campa\u00f1a in\u00e9dita contra la explotaci\u00f3n sexual infantil<\/span><\/h5>\t\t\t\t<\/div>\n\t\t\t\n\t\t\t\t\t\t\t<div class=\"post-text date-color\">\n\t\t\t\t\t<div class=\"summary\">\n\t\t\t\t\t\t\t\t\t\t\t\t\t<p>La Municipalidad de Puerto Varas present\u00f3 la campa\u00f1a \u201cLa Infancia No Se Toca\u201d, iniciativa que busca visibilizar y activar prevenci\u00f3n comunitaria frente a la explotaci\u00f3n sexual infantil, problem\u00e1tica que la comuna concentra de manera mayoritaria dentro de la Regi\u00f3n de Los Lagos.<\/p>\n\t\t\t\t\t\t\t\t\t\t\t<\/div>\n\t\t\t\t<\/div>\n\t\t\t\n\t\t<\/div>\n\t\t<div class=\"post-meta date-color\">\n\t\t\t<div class=\"entry-meta clearfix gem-post-date\">\n\t\t\t\t<div class=\"post-meta-right\">\n\t\t\t\t\t\t\t\t\t\t\n\t\t\t\t\t\n\t\t\t\t<\/div>\n\t\t\t\t<div class=\"post-meta-left\">\n\t\t\t\t\t\t\t\t\t\t\t<span class=\"post-meta-author\">\n\t\t\t\t\t\t\t\t\t\tPor <a href=\"https:\/\/elfuerte.cl\/web\" title=\"Visitar el sitio de Prensa El Fuerte\" rel=\"author external\">Prensa El Fuerte<\/a>\t\t\t\t\t\t\t\t\t<\/span>\n\t\t\t\t\t\t\t\t\t<\/div>\n\t\t\t<\/div><!-- .entry-meta -->\n\t\t<\/div>\n\n\t\t\t\t\t<div class=\"gem-blog-slider-navigation\">\n\t\t\t\t<a href=\"#\" class=\"gem-blog-slider-prev gem-button gem-button-size-tiny\">\n\t\t\t\t\t<i aria-hidden=\"true\" class=\"gem-print-icon gem-icon-prev gem-elegant arrow-carrot-left\"><\/i>\t\t\t\t<\/a>\n\t\t\t\t<a href=\"#\" class=\"gem-blog-slider-next gem-button gem-button-size-tiny\">\n\t\t\t\t\t<i aria-hidden=\"true\" class=\"gem-print-icon gem-icon-prev gem-elegant arrow-carrot-right\"><\/i>\t\t\t\t<\/a>\n\t\t\t<\/div>\n\t\t\t<\/div>\n<\/article><!-- #post-2057 -->\n\n<article id=\"post-2019\" class=\"clearfix\">\n\n\t<a href=\"https:\/\/elfuerte.cl\/web\/2025\/11\/11\/lideres-gremiales-nacionales-y-de-los-rios-participaran-en-encuentro-de-la-cpc\/\" class=\"gem-slider-blog-link\"><\/a>\n\n\t<div class=\"gem-slider-item-image\" style=\"background: url('https:\/\/elfuerte.cl\/web\/wp-content\/uploads\/2025\/11\/gremios.jpg') no-repeat 50% 50% \/ cover;\">\n\t\t<img src=\"https:\/\/elfuerte.cl\/web\/wp-content\/uploads\/2025\/11\/gremios.jpg\"  style=\"visibility: hidden;\">\n\t<\/div>\n\n\t<div class=\"gem-slider-item-overlay\">\n\t\t<div class=\"gem-compact-item-content\">\n\t\t\t\t\t\t\t<div class=\"post-title\">\n\t\t\t\t\t<h5 class=\"entry-title reverse-link-color\"><span class=\"entry-title-date\"><\/span><span class=\"light\">L\u00edderes gremiales nacionales y de Los R\u00edos participar\u00e1n en encuentro de la CPC<\/span><\/h5>\t\t\t\t<\/div>\n\t\t\t\n\t\t\t\t\t\t\t<div class=\"post-text date-color\">\n\t\t\t\t\t<div class=\"summary\">\n\t\t\t\t\t\t\t\t\t\t\t\t\t<p>La Confederaci\u00f3n de la Producci\u00f3n y del Comercio (CPC) se dar\u00e1 cita en Valdivia para realizar un encuentro empresarial, que reunir\u00e1 a los principales gremios de la regi\u00f3n de Los R\u00edos junto con los m\u00e1ximos representantes de la multigremial santiaguina. <\/p>\n\t\t\t\t\t\t\t\t\t\t\t<\/div>\n\t\t\t\t<\/div>\n\t\t\t\n\t\t<\/div>\n\t\t<div class=\"post-meta date-color\">\n\t\t\t<div class=\"entry-meta clearfix gem-post-date\">\n\t\t\t\t<div class=\"post-meta-right\">\n\t\t\t\t\t\t\t\t\t\t\n\t\t\t\t\t\n\t\t\t\t<\/div>\n\t\t\t\t<div class=\"post-meta-left\">\n\t\t\t\t\t\t\t\t\t\t\t<span class=\"post-meta-author\">\n\t\t\t\t\t\t\t\t\t\tPor <a href=\"https:\/\/elfuerte.cl\/web\" title=\"Visitar el sitio de Prensa El Fuerte\" rel=\"author external\">Prensa El Fuerte<\/a>\t\t\t\t\t\t\t\t\t<\/span>\n\t\t\t\t\t\t\t\t\t<\/div>\n\t\t\t<\/div><!-- .entry-meta -->\n\t\t<\/div>\n\n\t\t\t\t\t<div class=\"gem-blog-slider-navigation\">\n\t\t\t\t<a href=\"#\" class=\"gem-blog-slider-prev gem-button gem-button-size-tiny\">\n\t\t\t\t\t<i aria-hidden=\"true\" class=\"gem-print-icon gem-icon-prev gem-elegant arrow-carrot-left\"><\/i>\t\t\t\t<\/a>\n\t\t\t\t<a href=\"#\" class=\"gem-blog-slider-next gem-button gem-button-size-tiny\">\n\t\t\t\t\t<i aria-hidden=\"true\" class=\"gem-print-icon gem-icon-prev gem-elegant arrow-carrot-right\"><\/i>\t\t\t\t<\/a>\n\t\t\t<\/div>\n\t\t\t<\/div>\n<\/article><!-- #post-2019 -->\n\n<article id=\"post-2009\" class=\"clearfix\">\n\n\t<a href=\"https:\/\/elfuerte.cl\/web\/2025\/11\/10\/el-futuro-de-la-salmonicultura-debe-involucrar-a-todos-los-actores-de-la-industria\/\" class=\"gem-slider-blog-link\"><\/a>\n\n\t<div class=\"gem-slider-item-image\" style=\"background: url('https:\/\/elfuerte.cl\/web\/wp-content\/uploads\/2025\/11\/salmonok.jpg') no-repeat 50% 50% \/ cover;\">\n\t\t<img src=\"https:\/\/elfuerte.cl\/web\/wp-content\/uploads\/2025\/11\/salmonok.jpg\"  style=\"visibility: hidden;\">\n\t<\/div>\n\n\t<div class=\"gem-slider-item-overlay\">\n\t\t<div class=\"gem-compact-item-content\">\n\t\t\t\t\t\t\t<div class=\"post-title\">\n\t\t\t\t\t<h5 class=\"entry-title reverse-link-color\"><span class=\"entry-title-date\"><\/span><span class=\"light\">El futuro de la salmonicultura debe involucrar a todos los actores de la industria<\/span><\/h5>\t\t\t\t<\/div>\n\t\t\t\n\t\t\t\t\t\t\t<div class=\"post-text date-color\">\n\t\t\t\t\t<div class=\"summary\">\n\t\t\t\t\t\t\t\t\t\t\t\t\t<p>El \u201cAqua Forum Los Lagos 2025\u201d reuni\u00f3 a representantes del sector p\u00fablico, empresarial, acad\u00e9mico y de la sociedad civil en torno a la presentaci\u00f3n del \u201cPlan Salm\u00f3n 2050\u201d, una iniciativa impulsada desde Puerto Montt que busca proyectar la industria hacia un desarrollo sostenible y descentralizado.<\/p>\n\t\t\t\t\t\t\t\t\t\t\t<\/div>\n\t\t\t\t<\/div>\n\t\t\t\n\t\t<\/div>\n\t\t<div class=\"post-meta date-color\">\n\t\t\t<div class=\"entry-meta clearfix gem-post-date\">\n\t\t\t\t<div class=\"post-meta-right\">\n\t\t\t\t\t\t\t\t\t\t\n\t\t\t\t\t\n\t\t\t\t<\/div>\n\t\t\t\t<div class=\"post-meta-left\">\n\t\t\t\t\t\t\t\t\t\t\t<span class=\"post-meta-author\">\n\t\t\t\t\t\t\t\t\t\tPor <a href=\"https:\/\/elfuerte.cl\/web\" title=\"Visitar el sitio de Prensa El Fuerte\" rel=\"author external\">Prensa El Fuerte<\/a>\t\t\t\t\t\t\t\t\t<\/span>\n\t\t\t\t\t\t\t\t\t<\/div>\n\t\t\t<\/div><!-- .entry-meta -->\n\t\t<\/div>\n\n\t\t\t\t\t<div class=\"gem-blog-slider-navigation\">\n\t\t\t\t<a href=\"#\" class=\"gem-blog-slider-prev gem-button gem-button-size-tiny\">\n\t\t\t\t\t<i aria-hidden=\"true\" class=\"gem-print-icon gem-icon-prev gem-elegant arrow-carrot-left\"><\/i>\t\t\t\t<\/a>\n\t\t\t\t<a href=\"#\" class=\"gem-blog-slider-next gem-button gem-button-size-tiny\">\n\t\t\t\t\t<i aria-hidden=\"true\" class=\"gem-print-icon gem-icon-prev gem-elegant arrow-carrot-right\"><\/i>\t\t\t\t<\/a>\n\t\t\t<\/div>\n\t\t\t<\/div>\n<\/article><!-- #post-2009 -->\n\n<article id=\"post-2038\" class=\"clearfix\">\n\n\t<a href=\"https:\/\/elfuerte.cl\/web\/2025\/11\/10\/dia-de-la-fauna-chilena-una-fecha-para-llamar-al-cuidado-y-conservacion\/\" class=\"gem-slider-blog-link\"><\/a>\n\n\t<div class=\"gem-slider-item-image\" style=\"background: url('https:\/\/elfuerte.cl\/web\/wp-content\/uploads\/2025\/11\/fauna.jpg') no-repeat 50% 50% \/ cover;\">\n\t\t<img src=\"https:\/\/elfuerte.cl\/web\/wp-content\/uploads\/2025\/11\/fauna.jpg\"  style=\"visibility: hidden;\">\n\t<\/div>\n\n\t<div class=\"gem-slider-item-overlay\">\n\t\t<div class=\"gem-compact-item-content\">\n\t\t\t\t\t\t\t<div class=\"post-title\">\n\t\t\t\t\t<h5 class=\"entry-title reverse-link-color\"><span class=\"entry-title-date\"><\/span><span class=\"light\">D\u00eda de la Fauna Chilena: una fecha  para llamar al cuidado y conservaci\u00f3n<\/span><\/h5>\t\t\t\t<\/div>\n\t\t\t\n\t\t\t\t\t\t\t<div class=\"post-text date-color\">\n\t\t\t\t\t<div class=\"summary\">\n\t\t\t\t\t\t\t\t\t\t\t\t\t<p>Cada primer fin de semana de noviembre se conmemora el D\u00eda de la Fauna Chilena, con el fin de concientizar el patrimonio ambiental y biodiversidad de nuestro pa\u00eds. Una fecha que sirve, adem\u00e1s, para relevar el papel clave cumple el Servicio Agr\u00edcola y Ganadero (SAG)<\/p>\n\t\t\t\t\t\t\t\t\t\t\t<\/div>\n\t\t\t\t<\/div>\n\t\t\t\n\t\t<\/div>\n\t\t<div class=\"post-meta date-color\">\n\t\t\t<div class=\"entry-meta clearfix gem-post-date\">\n\t\t\t\t<div class=\"post-meta-right\">\n\t\t\t\t\t\t\t\t\t\t\n\t\t\t\t\t\n\t\t\t\t<\/div>\n\t\t\t\t<div class=\"post-meta-left\">\n\t\t\t\t\t\t\t\t\t\t\t<span class=\"post-meta-author\">\n\t\t\t\t\t\t\t\t\t\tPor <a href=\"https:\/\/elfuerte.cl\/web\" title=\"Visitar el sitio de Prensa El Fuerte\" rel=\"author external\">Prensa El Fuerte<\/a>\t\t\t\t\t\t\t\t\t<\/span>\n\t\t\t\t\t\t\t\t\t<\/div>\n\t\t\t<\/div><!-- .entry-meta -->\n\t\t<\/div>\n\n\t\t\t\t\t<div class=\"gem-blog-slider-navigation\">\n\t\t\t\t<a href=\"#\" class=\"gem-blog-slider-prev gem-button gem-button-size-tiny\">\n\t\t\t\t\t<i aria-hidden=\"true\" class=\"gem-print-icon gem-icon-prev gem-elegant arrow-carrot-left\"><\/i>\t\t\t\t<\/a>\n\t\t\t\t<a href=\"#\" class=\"gem-blog-slider-next gem-button gem-button-size-tiny\">\n\t\t\t\t\t<i aria-hidden=\"true\" class=\"gem-print-icon gem-icon-prev gem-elegant arrow-carrot-right\"><\/i>\t\t\t\t<\/a>\n\t\t\t<\/div>\n\t\t\t<\/div>\n<\/article><!-- #post-2038 -->\n\n<article id=\"post-2001\" class=\"clearfix\">\n\n\t<a href=\"https:\/\/elfuerte.cl\/web\/2025\/11\/09\/polemica-por-parque-metropolitano-minvu-asegura-que-recursos-estan-considerados-en-el-presupuesto-2026\/\" class=\"gem-slider-blog-link\"><\/a>\n\n\t<div class=\"gem-slider-item-image\" style=\"background: url('https:\/\/elfuerte.cl\/web\/wp-content\/uploads\/2025\/11\/parque9-11.jpg') no-repeat 50% 50% \/ cover;\">\n\t\t<img src=\"https:\/\/elfuerte.cl\/web\/wp-content\/uploads\/2025\/11\/parque9-11.jpg\"  style=\"visibility: hidden;\">\n\t<\/div>\n\n\t<div class=\"gem-slider-item-overlay\">\n\t\t<div class=\"gem-compact-item-content\">\n\t\t\t\t\t\t\t<div class=\"post-title\">\n\t\t\t\t\t<h5 class=\"entry-title reverse-link-color\"><span class=\"entry-title-date\"><\/span><span class=\"light\">Pol\u00e9mica por Parque Metropolitano: MINVU asegura que recursos est\u00e1n considerados en el Presupuesto 2026<\/span><\/h5>\t\t\t\t<\/div>\n\t\t\t\n\t\t\t\t\t\t\t<div class=\"post-text date-color\">\n\t\t\t\t\t<div class=\"summary\">\n\t\t\t\t\t\t\t\t\t\t\t\t\t<p>La Seremi del Minvu de Los Lagos entreg\u00f3 una declaraci\u00f3n p\u00fablica en la que informa que los recursos para financiar el proyecto est\u00e1n incorporados en el presupuesto que la DIPRES entreg\u00f3 al Congreso Nacional, ley que a\u00fan se encuentra en tr\u00e1mite parlamentario.<\/p>\n\t\t\t\t\t\t\t\t\t\t\t<\/div>\n\t\t\t\t<\/div>\n\t\t\t\n\t\t<\/div>\n\t\t<div class=\"post-meta date-color\">\n\t\t\t<div class=\"entry-meta clearfix gem-post-date\">\n\t\t\t\t<div class=\"post-meta-right\">\n\t\t\t\t\t\t\t\t\t\t\n\t\t\t\t\t\n\t\t\t\t<\/div>\n\t\t\t\t<div class=\"post-meta-left\">\n\t\t\t\t\t\t\t\t\t\t\t<span class=\"post-meta-author\">\n\t\t\t\t\t\t\t\t\t\tPor <a href=\"https:\/\/elfuerte.cl\/web\" title=\"Visitar el sitio de Prensa El Fuerte\" rel=\"author external\">Prensa El Fuerte<\/a>\t\t\t\t\t\t\t\t\t<\/span>\n\t\t\t\t\t\t\t\t\t<\/div>\n\t\t\t<\/div><!-- .entry-meta -->\n\t\t<\/div>\n\n\t\t\t\t\t<div class=\"gem-blog-slider-navigation\">\n\t\t\t\t<a href=\"#\" class=\"gem-blog-slider-prev gem-button gem-button-size-tiny\">\n\t\t\t\t\t<i aria-hidden=\"true\" class=\"gem-print-icon gem-icon-prev gem-elegant arrow-carrot-left\"><\/i>\t\t\t\t<\/a>\n\t\t\t\t<a href=\"#\" class=\"gem-blog-slider-next gem-button gem-button-size-tiny\">\n\t\t\t\t\t<i aria-hidden=\"true\" class=\"gem-print-icon gem-icon-prev gem-elegant arrow-carrot-right\"><\/i>\t\t\t\t<\/a>\n\t\t\t<\/div>\n\t\t\t<\/div>\n<\/article><!-- #post-2001 -->\n\n<article id=\"post-1928\" class=\"clearfix\">\n\n\t<a href=\"https:\/\/elfuerte.cl\/web\/2025\/11\/08\/ipc-se-detiene-en-octubre-pero-avanzan-tensiones-sectoriales-en-la-macro-zona\/\" class=\"gem-slider-blog-link\"><\/a>\n\n\t<div class=\"gem-slider-item-image\" style=\"background: url('https:\/\/elfuerte.cl\/web\/wp-content\/uploads\/2025\/11\/ipcbaner.jpg') no-repeat 50% 50% \/ cover;\">\n\t\t<img src=\"https:\/\/elfuerte.cl\/web\/wp-content\/uploads\/2025\/11\/ipcbaner.jpg\"  style=\"visibility: hidden;\">\n\t<\/div>\n\n\t<div class=\"gem-slider-item-overlay\">\n\t\t<div class=\"gem-compact-item-content\">\n\t\t\t\t\t\t\t<div class=\"post-title\">\n\t\t\t\t\t<h5 class=\"entry-title reverse-link-color\"><span class=\"entry-title-date\"><\/span><span class=\"light\">IPC se detiene en octubre, pero avanzan tensiones sectoriales en la macro zona<\/span><\/h5>\t\t\t\t<\/div>\n\t\t\t\n\t\t\t\t\t\t\t<div class=\"post-text date-color\">\n\t\t\t\t\t<div class=\"summary\">\n\t\t\t\t\t\t\t\t\t\t\t\t\t<p>Aunque el Instituto Nacional de Estad\u00edsticas (INE) report\u00f3, en su \u00faltimo informe econ\u00f3mico correspondiente al mes de octubre, una variaci\u00f3n de 0,0 % del \u00cdndice de Precios al Consumidor (IPC), las din\u00e1micas en los sectores productivos de las regiones del sur reflejan presiones locales que podr\u00edan traducirse en futuros movimientos de precios.<\/p>\n\t\t\t\t\t\t\t\t\t\t\t<\/div>\n\t\t\t\t<\/div>\n\t\t\t\n\t\t<\/div>\n\t\t<div class=\"post-meta date-color\">\n\t\t\t<div class=\"entry-meta clearfix gem-post-date\">\n\t\t\t\t<div class=\"post-meta-right\">\n\t\t\t\t\t\t\t\t\t\t\n\t\t\t\t\t\n\t\t\t\t<\/div>\n\t\t\t\t<div class=\"post-meta-left\">\n\t\t\t\t\t\t\t\t\t\t\t<span class=\"post-meta-author\">\n\t\t\t\t\t\t\t\t\t\tPor <a href=\"https:\/\/elfuerte.cl\/web\" title=\"Visitar el sitio de Prensa El Fuerte\" rel=\"author external\">Prensa El Fuerte<\/a>\t\t\t\t\t\t\t\t\t<\/span>\n\t\t\t\t\t\t\t\t\t<\/div>\n\t\t\t<\/div><!-- .entry-meta -->\n\t\t<\/div>\n\n\t\t\t\t\t<div class=\"gem-blog-slider-navigation\">\n\t\t\t\t<a href=\"#\" class=\"gem-blog-slider-prev gem-button gem-button-size-tiny\">\n\t\t\t\t\t<i aria-hidden=\"true\" class=\"gem-print-icon gem-icon-prev gem-elegant arrow-carrot-left\"><\/i>\t\t\t\t<\/a>\n\t\t\t\t<a href=\"#\" class=\"gem-blog-slider-next gem-button gem-button-size-tiny\">\n\t\t\t\t\t<i aria-hidden=\"true\" class=\"gem-print-icon gem-icon-prev gem-elegant arrow-carrot-right\"><\/i>\t\t\t\t<\/a>\n\t\t\t<\/div>\n\t\t\t<\/div>\n<\/article><!-- #post-1928 -->\n\n<article id=\"post-2028\" class=\"clearfix\">\n\n\t<a href=\"https:\/\/elfuerte.cl\/web\/2025\/11\/08\/corfo-cofinanciara-dos-proyectos-en-el-sur-para-potenciar-la-construccion-naval\/\" class=\"gem-slider-blog-link\"><\/a>\n\n\t<div class=\"gem-slider-item-image\" style=\"background: url('https:\/\/elfuerte.cl\/web\/wp-content\/uploads\/2025\/11\/corfo-1.jpg') no-repeat 50% 50% \/ cover;\">\n\t\t<img src=\"https:\/\/elfuerte.cl\/web\/wp-content\/uploads\/2025\/11\/corfo-1.jpg\"  style=\"visibility: hidden;\">\n\t<\/div>\n\n\t<div class=\"gem-slider-item-overlay\">\n\t\t<div class=\"gem-compact-item-content\">\n\t\t\t\t\t\t\t<div class=\"post-title\">\n\t\t\t\t\t<h5 class=\"entry-title reverse-link-color\"><span class=\"entry-title-date\"><\/span><span class=\"light\">Corfo cofinanciar\u00e1 dos proyectos en el sur para potenciar la construcci\u00f3n naval<\/span><\/h5>\t\t\t\t<\/div>\n\t\t\t\n\t\t\t\t\t\t\t<div class=\"post-text date-color\">\n\t\t\t\t\t<div class=\"summary\">\n\t\t\t\t\t\t\t\t\t\t\t\t\t<p>Los ganadores son STECNA + Naval y Astilleros y Servicios Navales S.A., que contar\u00e1n con un aporte del 60% del total por parte de Corfo. Los recursos corresponden al fondo de ImpulsaTec, y son parte del trabajo multisectorial que se realiza en el marco de la \u201cPol\u00edtica Nacional de Construcci\u00f3n Naval\u201d.<\/p>\n\t\t\t\t\t\t\t\t\t\t\t<\/div>\n\t\t\t\t<\/div>\n\t\t\t\n\t\t<\/div>\n\t\t<div class=\"post-meta date-color\">\n\t\t\t<div class=\"entry-meta clearfix gem-post-date\">\n\t\t\t\t<div class=\"post-meta-right\">\n\t\t\t\t\t\t\t\t\t\t\n\t\t\t\t\t\n\t\t\t\t<\/div>\n\t\t\t\t<div class=\"post-meta-left\">\n\t\t\t\t\t\t\t\t\t\t\t<span class=\"post-meta-author\">\n\t\t\t\t\t\t\t\t\t\tPor <a href=\"https:\/\/elfuerte.cl\/web\" title=\"Visitar el sitio de Prensa El Fuerte\" rel=\"author external\">Prensa El Fuerte<\/a>\t\t\t\t\t\t\t\t\t<\/span>\n\t\t\t\t\t\t\t\t\t<\/div>\n\t\t\t<\/div><!-- .entry-meta -->\n\t\t<\/div>\n\n\t\t\t\t\t<div class=\"gem-blog-slider-navigation\">\n\t\t\t\t<a href=\"#\" class=\"gem-blog-slider-prev gem-button gem-button-size-tiny\">\n\t\t\t\t\t<i aria-hidden=\"true\" class=\"gem-print-icon gem-icon-prev gem-elegant arrow-carrot-left\"><\/i>\t\t\t\t<\/a>\n\t\t\t\t<a href=\"#\" class=\"gem-blog-slider-next gem-button gem-button-size-tiny\">\n\t\t\t\t\t<i aria-hidden=\"true\" class=\"gem-print-icon gem-icon-prev gem-elegant arrow-carrot-right\"><\/i>\t\t\t\t<\/a>\n\t\t\t<\/div>\n\t\t\t<\/div>\n<\/article><!-- #post-2028 -->\n\n<article id=\"post-1904\" class=\"clearfix\">\n\n\t<a href=\"https:\/\/elfuerte.cl\/web\/2025\/11\/07\/region-de-los-rios-dijo-presente-en-la-cop30-realizada-en-brasil\/\" class=\"gem-slider-blog-link\"><\/a>\n\n\t<div class=\"gem-slider-item-image\" style=\"background: url('https:\/\/elfuerte.cl\/web\/wp-content\/uploads\/2025\/11\/coppok.jpg') no-repeat 50% 50% \/ cover;\">\n\t\t<img src=\"https:\/\/elfuerte.cl\/web\/wp-content\/uploads\/2025\/11\/coppok.jpg\"  style=\"visibility: hidden;\">\n\t<\/div>\n\n\t<div class=\"gem-slider-item-overlay\">\n\t\t<div class=\"gem-compact-item-content\">\n\t\t\t\t\t\t\t<div class=\"post-title\">\n\t\t\t\t\t<h5 class=\"entry-title reverse-link-color\"><span class=\"entry-title-date\"><\/span><span class=\"light\">Regi\u00f3n de Los R\u00edos dijo presente en la COP30 realizada en Brasil<\/span><\/h5>\t\t\t\t<\/div>\n\t\t\t\n\t\t\t\t\t\t\t<div class=\"post-text date-color\">\n\t\t\t\t\t<div class=\"summary\">\n\t\t\t\t\t\t\t\t\t\t\t\t\t<p>En R\u00edo de Janeiro, Brasil, el gobernador regional de Los R\u00edos, Luis Cuvertino G\u00f3mez, represent\u00f3 a Chile en la Cumbre Global de Estados y Regiones<\/p>\n\t\t\t\t\t\t\t\t\t\t\t<\/div>\n\t\t\t\t<\/div>\n\t\t\t\n\t\t<\/div>\n\t\t<div class=\"post-meta date-color\">\n\t\t\t<div class=\"entry-meta clearfix gem-post-date\">\n\t\t\t\t<div class=\"post-meta-right\">\n\t\t\t\t\t\t\t\t\t\t\n\t\t\t\t\t\n\t\t\t\t<\/div>\n\t\t\t\t<div class=\"post-meta-left\">\n\t\t\t\t\t\t\t\t\t\t\t<span class=\"post-meta-author\">\n\t\t\t\t\t\t\t\t\t\tPor <a href=\"https:\/\/elfuerte.cl\/web\" title=\"Visitar el sitio de Prensa El Fuerte\" rel=\"author external\">Prensa El Fuerte<\/a>\t\t\t\t\t\t\t\t\t<\/span>\n\t\t\t\t\t\t\t\t\t<\/div>\n\t\t\t<\/div><!-- .entry-meta -->\n\t\t<\/div>\n\n\t\t\t\t\t<div class=\"gem-blog-slider-navigation\">\n\t\t\t\t<a href=\"#\" class=\"gem-blog-slider-prev gem-button gem-button-size-tiny\">\n\t\t\t\t\t<i aria-hidden=\"true\" class=\"gem-print-icon gem-icon-prev gem-elegant arrow-carrot-left\"><\/i>\t\t\t\t<\/a>\n\t\t\t\t<a href=\"#\" class=\"gem-blog-slider-next gem-button gem-button-size-tiny\">\n\t\t\t\t\t<i aria-hidden=\"true\" class=\"gem-print-icon gem-icon-prev gem-elegant arrow-carrot-right\"><\/i>\t\t\t\t<\/a>\n\t\t\t<\/div>\n\t\t\t<\/div>\n<\/article><!-- #post-1904 -->\n\n<article id=\"post-1919\" class=\"clearfix\">\n\n\t<a href=\"https:\/\/elfuerte.cl\/web\/2025\/11\/06\/colegio-de-periodistas-denuncia-grave-atentado-a-la-libertad-de-prensa\/\" class=\"gem-slider-blog-link\"><\/a>\n\n\t<div class=\"gem-slider-item-image\" style=\"background: url('https:\/\/elfuerte.cl\/web\/wp-content\/uploads\/2025\/11\/fotoperiodistas.jpg') no-repeat 50% 50% \/ cover;\">\n\t\t<img src=\"https:\/\/elfuerte.cl\/web\/wp-content\/uploads\/2025\/11\/fotoperiodistas.jpg\"  style=\"visibility: hidden;\">\n\t<\/div>\n\n\t<div class=\"gem-slider-item-overlay\">\n\t\t<div class=\"gem-compact-item-content\">\n\t\t\t\t\t\t\t<div class=\"post-title\">\n\t\t\t\t\t<h5 class=\"entry-title reverse-link-color\"><span class=\"entry-title-date\"><\/span><span class=\"light\">Colegio de Periodistas denuncia grave atentado a la libertad de prensa<\/span><\/h5>\t\t\t\t<\/div>\n\t\t\t\n\t\t\t\t\t\t\t<div class=\"post-text date-color\">\n\t\t\t\t\t<div class=\"summary\">\n\t\t\t\t\t\t\t\t\t\t\t\t\t<p>El Colegio de Periodistas de Chile entreg\u00f3 una declaraci\u00f3n p\u00fablica en la que expresa \u201csu m\u00e1s en\u00e9rgico repudio a la solicitud del Ministerio P\u00fablico realizada por la fiscal Paulina D\u00edaz, jefa de Alta Complejidad de la Fiscal\u00eda Occidente, para interceptar los registros telef\u00f3nicos de once periodistas<\/p>\n\t\t\t\t\t\t\t\t\t\t\t<\/div>\n\t\t\t\t<\/div>\n\t\t\t\n\t\t<\/div>\n\t\t<div class=\"post-meta date-color\">\n\t\t\t<div class=\"entry-meta clearfix gem-post-date\">\n\t\t\t\t<div class=\"post-meta-right\">\n\t\t\t\t\t\t\t\t\t\t\n\t\t\t\t\t\n\t\t\t\t<\/div>\n\t\t\t\t<div class=\"post-meta-left\">\n\t\t\t\t\t\t\t\t\t\t\t<span class=\"post-meta-author\">\n\t\t\t\t\t\t\t\t\t\tPor <a href=\"https:\/\/elfuerte.cl\/web\" title=\"Visitar el sitio de Prensa El Fuerte\" rel=\"author external\">Prensa El Fuerte<\/a>\t\t\t\t\t\t\t\t\t<\/span>\n\t\t\t\t\t\t\t\t\t<\/div>\n\t\t\t<\/div><!-- .entry-meta -->\n\t\t<\/div>\n\n\t\t\t\t\t<div class=\"gem-blog-slider-navigation\">\n\t\t\t\t<a href=\"#\" class=\"gem-blog-slider-prev gem-button gem-button-size-tiny\">\n\t\t\t\t\t<i aria-hidden=\"true\" class=\"gem-print-icon gem-icon-prev gem-elegant arrow-carrot-left\"><\/i>\t\t\t\t<\/a>\n\t\t\t\t<a href=\"#\" class=\"gem-blog-slider-next gem-button gem-button-size-tiny\">\n\t\t\t\t\t<i aria-hidden=\"true\" class=\"gem-print-icon gem-icon-prev gem-elegant arrow-carrot-right\"><\/i>\t\t\t\t<\/a>\n\t\t\t<\/div>\n\t\t\t<\/div>\n<\/article><!-- #post-1919 -->\n\n<article id=\"post-1891\" class=\"clearfix\">\n\n\t<a href=\"https:\/\/elfuerte.cl\/web\/2025\/11\/06\/calle-varas-a-un-paso-de-volver-a-la-vida\/\" class=\"gem-slider-blog-link\"><\/a>\n\n\t<div class=\"gem-slider-item-image\" style=\"background: url('https:\/\/elfuerte.cl\/web\/wp-content\/uploads\/2025\/11\/callevaras.jpg') no-repeat 50% 50% \/ cover;\">\n\t\t<img src=\"https:\/\/elfuerte.cl\/web\/wp-content\/uploads\/2025\/11\/callevaras.jpg\"  style=\"visibility: hidden;\">\n\t<\/div>\n\n\t<div class=\"gem-slider-item-overlay\">\n\t\t<div class=\"gem-compact-item-content\">\n\t\t\t\t\t\t\t<div class=\"post-title\">\n\t\t\t\t\t<h5 class=\"entry-title reverse-link-color\"><span class=\"entry-title-date\"><\/span><span class=\"light\">Calle Varas, a un paso de volver a la vida<\/span><\/h5>\t\t\t\t<\/div>\n\t\t\t\n\t\t\t\t\t\t\t<div class=\"post-text date-color\">\n\t\t\t\t\t<div class=\"summary\">\n\t\t\t\t\t\t\t\t\t\t\t\t\t<p>Despu\u00e9s de casi cinco a\u00f1os de trabajos y cierres que afectaron directamente al comercio del centro de Puerto Montt<\/p>\n\t\t\t\t\t\t\t\t\t\t\t<\/div>\n\t\t\t\t<\/div>\n\t\t\t\n\t\t<\/div>\n\t\t<div class=\"post-meta date-color\">\n\t\t\t<div class=\"entry-meta clearfix gem-post-date\">\n\t\t\t\t<div class=\"post-meta-right\">\n\t\t\t\t\t\t\t\t\t\t\n\t\t\t\t\t\n\t\t\t\t<\/div>\n\t\t\t\t<div class=\"post-meta-left\">\n\t\t\t\t\t\t\t\t\t\t\t<span class=\"post-meta-author\">\n\t\t\t\t\t\t\t\t\t\tPor <a href=\"https:\/\/elfuerte.cl\/web\" title=\"Visitar el sitio de Prensa El Fuerte\" rel=\"author external\">Prensa El Fuerte<\/a>\t\t\t\t\t\t\t\t\t<\/span>\n\t\t\t\t\t\t\t\t\t<\/div>\n\t\t\t<\/div><!-- .entry-meta -->\n\t\t<\/div>\n\n\t\t\t\t\t<div class=\"gem-blog-slider-navigation\">\n\t\t\t\t<a href=\"#\" class=\"gem-blog-slider-prev gem-button gem-button-size-tiny\">\n\t\t\t\t\t<i aria-hidden=\"true\" class=\"gem-print-icon gem-icon-prev gem-elegant arrow-carrot-left\"><\/i>\t\t\t\t<\/a>\n\t\t\t\t<a href=\"#\" class=\"gem-blog-slider-next gem-button gem-button-size-tiny\">\n\t\t\t\t\t<i aria-hidden=\"true\" class=\"gem-print-icon gem-icon-prev gem-elegant arrow-carrot-right\"><\/i>\t\t\t\t<\/a>\n\t\t\t<\/div>\n\t\t\t<\/div>\n<\/article><!-- #post-1891 -->\n\n<article id=\"post-1879\" class=\"clearfix\">\n\n\t<a href=\"https:\/\/elfuerte.cl\/web\/2025\/10\/31\/desempleo-sube-en-biobio-pero-baja-en-los-rios-los-lagos-y-la-araucania\/\" class=\"gem-slider-blog-link\"><\/a>\n\n\t<div class=\"gem-slider-item-image\" style=\"background: url('https:\/\/elfuerte.cl\/web\/wp-content\/uploads\/2025\/10\/desempleo.jpg') no-repeat 50% 50% \/ cover;\">\n\t\t<img src=\"https:\/\/elfuerte.cl\/web\/wp-content\/uploads\/2025\/10\/desempleo.jpg\"  style=\"visibility: hidden;\">\n\t<\/div>\n\n\t<div class=\"gem-slider-item-overlay\">\n\t\t<div class=\"gem-compact-item-content\">\n\t\t\t\t\t\t\t<div class=\"post-title\">\n\t\t\t\t\t<h5 class=\"entry-title reverse-link-color\"><span class=\"entry-title-date\"><\/span><span class=\"light\">Desempleo sube en Biob\u00edo pero baja en Los R\u00edos, Los Lagos y La Araucan\u00eda<\/span><\/h5>\t\t\t\t<\/div>\n\t\t\t\n\t\t\t\t\t\t\t<div class=\"post-text date-color\">\n\t\t\t\t\t<div class=\"summary\">\n\t\t\t\t\t\t\t\t\t\t\t\t\t<p>Preocupante realidad para la Macro Zona Sur.<br \/>\nEl Instituto Nacional de Estad\u00edsticas (INE) dio a conocer esta ma\u00f1ana las cifras del trimestre m\u00f3vil julio-septiembre de 2025<\/p>\n\t\t\t\t\t\t\t\t\t\t\t<\/div>\n\t\t\t\t<\/div>\n\t\t\t\n\t\t<\/div>\n\t\t<div class=\"post-meta date-color\">\n\t\t\t<div class=\"entry-meta clearfix gem-post-date\">\n\t\t\t\t<div class=\"post-meta-right\">\n\t\t\t\t\t\t\t\t\t\t\n\t\t\t\t\t\n\t\t\t\t<\/div>\n\t\t\t\t<div class=\"post-meta-left\">\n\t\t\t\t\t\t\t\t\t\t\t<span class=\"post-meta-author\">\n\t\t\t\t\t\t\t\t\t\tPor <a href=\"https:\/\/elfuerte.cl\/web\" title=\"Visitar el sitio de Prensa El Fuerte\" rel=\"author external\">Prensa El Fuerte<\/a>\t\t\t\t\t\t\t\t\t<\/span>\n\t\t\t\t\t\t\t\t\t<\/div>\n\t\t\t<\/div><!-- .entry-meta -->\n\t\t<\/div>\n\n\t\t\t\t\t<div class=\"gem-blog-slider-navigation\">\n\t\t\t\t<a href=\"#\" class=\"gem-blog-slider-prev gem-button gem-button-size-tiny\">\n\t\t\t\t\t<i aria-hidden=\"true\" class=\"gem-print-icon gem-icon-prev gem-elegant arrow-carrot-left\"><\/i>\t\t\t\t<\/a>\n\t\t\t\t<a href=\"#\" class=\"gem-blog-slider-next gem-button gem-button-size-tiny\">\n\t\t\t\t\t<i aria-hidden=\"true\" class=\"gem-print-icon gem-icon-prev gem-elegant arrow-carrot-right\"><\/i>\t\t\t\t<\/a>\n\t\t\t<\/div>\n\t\t\t<\/div>\n<\/article><!-- #post-1879 -->\n\n<article id=\"post-1870\" class=\"clearfix\">\n\n\t<a href=\"https:\/\/elfuerte.cl\/web\/2025\/10\/29\/valdivia-sera-la-capital-nacional-de-la-construccion-naval\/\" class=\"gem-slider-blog-link\"><\/a>\n\n\t<div class=\"gem-slider-item-image\" style=\"background: url('https:\/\/elfuerte.cl\/web\/wp-content\/uploads\/2025\/10\/asenav.jpg') no-repeat 50% 50% \/ cover;\">\n\t\t<img src=\"https:\/\/elfuerte.cl\/web\/wp-content\/uploads\/2025\/10\/asenav.jpg\"  style=\"visibility: hidden;\">\n\t<\/div>\n\n\t<div class=\"gem-slider-item-overlay\">\n\t\t<div class=\"gem-compact-item-content\">\n\t\t\t\t\t\t\t<div class=\"post-title\">\n\t\t\t\t\t<h5 class=\"entry-title reverse-link-color\"><span class=\"entry-title-date\"><\/span><span class=\"light\">Valdivia ser\u00e1 la capital nacional de la construcci\u00f3n naval<\/span><\/h5>\t\t\t\t<\/div>\n\t\t\t\n\t\t\t\t\t\t\t<div class=\"post-text date-color\">\n\t\t\t\t\t<div class=\"summary\">\n\t\t\t\t\t\t\t\t\t\t\t\t\t<p>Ma\u00f1ana jueves 30 de octubre se realizar\u00e1 en Valdivia el seminario \u201cPol\u00edtica Nacional de Construcci\u00f3n Naval: una visi\u00f3n nacional y territorial\u201d, evento que reunir\u00e1 en la ciudad a autoridades nacionales, empresarios, acad\u00e9micos y altos mandos de la Armada, con el objeto de analizar los desaf\u00edos del pa\u00eds para el desarrollo de la industria de la construcci\u00f3n, y muy particularmente, su impacto en la econom\u00eda de la regi\u00f3n de Los R\u00edos.<\/p>\n\t\t\t\t\t\t\t\t\t\t\t<\/div>\n\t\t\t\t<\/div>\n\t\t\t\n\t\t<\/div>\n\t\t<div class=\"post-meta date-color\">\n\t\t\t<div class=\"entry-meta clearfix gem-post-date\">\n\t\t\t\t<div class=\"post-meta-right\">\n\t\t\t\t\t\t\t\t\t\t\n\t\t\t\t\t\n\t\t\t\t<\/div>\n\t\t\t\t<div class=\"post-meta-left\">\n\t\t\t\t\t\t\t\t\t\t\t<span class=\"post-meta-author\">\n\t\t\t\t\t\t\t\t\t\tPor <a href=\"https:\/\/elfuerte.cl\/web\" title=\"Visitar el sitio de Prensa El Fuerte\" rel=\"author external\">Prensa El Fuerte<\/a>\t\t\t\t\t\t\t\t\t<\/span>\n\t\t\t\t\t\t\t\t\t<\/div>\n\t\t\t<\/div><!-- .entry-meta -->\n\t\t<\/div>\n\n\t\t\t\t\t<div class=\"gem-blog-slider-navigation\">\n\t\t\t\t<a href=\"#\" class=\"gem-blog-slider-prev gem-button gem-button-size-tiny\">\n\t\t\t\t\t<i aria-hidden=\"true\" class=\"gem-print-icon gem-icon-prev gem-elegant arrow-carrot-left\"><\/i>\t\t\t\t<\/a>\n\t\t\t\t<a href=\"#\" class=\"gem-blog-slider-next gem-button gem-button-size-tiny\">\n\t\t\t\t\t<i aria-hidden=\"true\" class=\"gem-print-icon gem-icon-prev gem-elegant arrow-carrot-right\"><\/i>\t\t\t\t<\/a>\n\t\t\t<\/div>\n\t\t\t<\/div>\n<\/article><!-- #post-1870 -->\n\n<article id=\"post-1861\" class=\"clearfix\">\n\n\t<a href=\"https:\/\/elfuerte.cl\/web\/2025\/10\/28\/seremi-de-salud-clausura-local-en-osorno-por-insalubridad\/\" class=\"gem-slider-blog-link\"><\/a>\n\n\t<div class=\"gem-slider-item-image\" style=\"background: url('https:\/\/elfuerte.cl\/web\/wp-content\/uploads\/2025\/10\/insalubridad.jpg') no-repeat 50% 50% \/ cover;\">\n\t\t<img src=\"https:\/\/elfuerte.cl\/web\/wp-content\/uploads\/2025\/10\/insalubridad.jpg\"  style=\"visibility: hidden;\">\n\t<\/div>\n\n\t<div class=\"gem-slider-item-overlay\">\n\t\t<div class=\"gem-compact-item-content\">\n\t\t\t\t\t\t\t<div class=\"post-title\">\n\t\t\t\t\t<h5 class=\"entry-title reverse-link-color\"><span class=\"entry-title-date\"><\/span><span class=\"light\">Seremi de Salud clausura local en Osorno por insalubridad<\/span><\/h5>\t\t\t\t<\/div>\n\t\t\t\n\t\t\t\t\t\t\t<div class=\"post-text date-color\">\n\t\t\t\t\t<div class=\"summary\">\n\t\t\t\t\t\t\t\t\t\t\t\t\t<p>Nueve personas con s\u00edntomas intoxicaci\u00f3n alimentaria llegaron, durante la jornada de ayer, a diferentes centros asistenciales de la comuna de Osorno<\/p>\n\t\t\t\t\t\t\t\t\t\t\t<\/div>\n\t\t\t\t<\/div>\n\t\t\t\n\t\t<\/div>\n\t\t<div class=\"post-meta date-color\">\n\t\t\t<div class=\"entry-meta clearfix gem-post-date\">\n\t\t\t\t<div class=\"post-meta-right\">\n\t\t\t\t\t\t\t\t\t\t\n\t\t\t\t\t\n\t\t\t\t<\/div>\n\t\t\t\t<div class=\"post-meta-left\">\n\t\t\t\t\t\t\t\t\t\t\t<span class=\"post-meta-author\">\n\t\t\t\t\t\t\t\t\t\tPor <a href=\"https:\/\/elfuerte.cl\/web\" title=\"Visitar el sitio de Prensa El Fuerte\" rel=\"author external\">Prensa El Fuerte<\/a>\t\t\t\t\t\t\t\t\t<\/span>\n\t\t\t\t\t\t\t\t\t<\/div>\n\t\t\t<\/div><!-- .entry-meta -->\n\t\t<\/div>\n\n\t\t\t\t\t<div class=\"gem-blog-slider-navigation\">\n\t\t\t\t<a href=\"#\" class=\"gem-blog-slider-prev gem-button gem-button-size-tiny\">\n\t\t\t\t\t<i aria-hidden=\"true\" class=\"gem-print-icon gem-icon-prev gem-elegant arrow-carrot-left\"><\/i>\t\t\t\t<\/a>\n\t\t\t\t<a href=\"#\" class=\"gem-blog-slider-next gem-button gem-button-size-tiny\">\n\t\t\t\t\t<i aria-hidden=\"true\" class=\"gem-print-icon gem-icon-prev gem-elegant arrow-carrot-right\"><\/i>\t\t\t\t<\/a>\n\t\t\t<\/div>\n\t\t\t<\/div>\n<\/article><!-- #post-1861 -->\n\n<article id=\"post-1846\" class=\"clearfix\">\n\n\t<a href=\"https:\/\/elfuerte.cl\/web\/2025\/10\/27\/realizaran-feria-laboral-para-mitigar-altos-indices-de-desempleo-en-valdivia\/\" class=\"gem-slider-blog-link\"><\/a>\n\n\t<div class=\"gem-slider-item-image\" style=\"background: url('https:\/\/elfuerte.cl\/web\/wp-content\/uploads\/2025\/10\/ferialaboral.jpg') no-repeat 50% 50% \/ cover;\">\n\t\t<img src=\"https:\/\/elfuerte.cl\/web\/wp-content\/uploads\/2025\/10\/ferialaboral.jpg\"  style=\"visibility: hidden;\">\n\t<\/div>\n\n\t<div class=\"gem-slider-item-overlay\">\n\t\t<div class=\"gem-compact-item-content\">\n\t\t\t\t\t\t\t<div class=\"post-title\">\n\t\t\t\t\t<h5 class=\"entry-title reverse-link-color\"><span class=\"entry-title-date\"><\/span><span class=\"light\">Realizar\u00e1n feria laboral para mitigar altos \u00edndices de desempleo en Valdivia<\/span><\/h5>\t\t\t\t<\/div>\n\t\t\t\n\t\t\t\t\t\t\t<div class=\"post-text date-color\">\n\t\t\t\t\t<div class=\"summary\">\n\t\t\t\t\t\t\t\t\t\t\t\t\t<p>El \u00faltimo trimestre m\u00f3vil junio-agosto de 2025, de acuerdo al Bolet\u00edn N.\u00ba 197 del Instituto Nacional de Estad\u00edsticas<\/p>\n\t\t\t\t\t\t\t\t\t\t\t<\/div>\n\t\t\t\t<\/div>\n\t\t\t\n\t\t<\/div>\n\t\t<div class=\"post-meta date-color\">\n\t\t\t<div class=\"entry-meta clearfix gem-post-date\">\n\t\t\t\t<div class=\"post-meta-right\">\n\t\t\t\t\t\t\t\t\t\t\n\t\t\t\t\t\n\t\t\t\t<\/div>\n\t\t\t\t<div class=\"post-meta-left\">\n\t\t\t\t\t\t\t\t\t\t\t<span class=\"post-meta-author\">\n\t\t\t\t\t\t\t\t\t\tPor <a href=\"https:\/\/elfuerte.cl\/web\" title=\"Visitar el sitio de Prensa El Fuerte\" rel=\"author external\">Prensa El Fuerte<\/a>\t\t\t\t\t\t\t\t\t<\/span>\n\t\t\t\t\t\t\t\t\t<\/div>\n\t\t\t<\/div><!-- .entry-meta -->\n\t\t<\/div>\n\n\t\t\t\t\t<div class=\"gem-blog-slider-navigation\">\n\t\t\t\t<a href=\"#\" class=\"gem-blog-slider-prev gem-button gem-button-size-tiny\">\n\t\t\t\t\t<i aria-hidden=\"true\" class=\"gem-print-icon gem-icon-prev gem-elegant arrow-carrot-left\"><\/i>\t\t\t\t<\/a>\n\t\t\t\t<a href=\"#\" class=\"gem-blog-slider-next gem-button gem-button-size-tiny\">\n\t\t\t\t\t<i aria-hidden=\"true\" class=\"gem-print-icon gem-icon-prev gem-elegant arrow-carrot-right\"><\/i>\t\t\t\t<\/a>\n\t\t\t<\/div>\n\t\t\t<\/div>\n<\/article><!-- #post-1846 -->\n\n<article id=\"post-1475\" class=\"clearfix\">\n\n\t<a href=\"https:\/\/elfuerte.cl\/web\/2025\/10\/16\/ejercicio-binacional-permitio-llevar-atencion-medica-a-sectores-rurales-de-puerto-varas\/\" class=\"gem-slider-blog-link\"><\/a>\n\n\t<div class=\"gem-slider-item-image\" style=\"background: url('https:\/\/elfuerte.cl\/web\/wp-content\/uploads\/2025\/10\/actualidad006.jpg') no-repeat 50% 50% \/ cover;\">\n\t\t<img src=\"https:\/\/elfuerte.cl\/web\/wp-content\/uploads\/2025\/10\/actualidad006.jpg\"  style=\"visibility: hidden;\">\n\t<\/div>\n\n\t<div class=\"gem-slider-item-overlay\">\n\t\t<div class=\"gem-compact-item-content\">\n\t\t\t\t\t\t\t<div class=\"post-title\">\n\t\t\t\t\t<h5 class=\"entry-title reverse-link-color\"><span class=\"entry-title-date\"><\/span><span class=\"light\">Ejercicio binacional permiti\u00f3 llevar atenci\u00f3n  m\u00e9dica a sectores rurales de Puerto Varas<\/span><\/h5>\t\t\t\t<\/div>\n\t\t\t\n\t\t\t\t\t\t\t<div class=\"post-text date-color\">\n\t\t\t\t\t<div class=\"summary\">\n\t\t\t\t\t\t\t\t\t\t\t\t\t<p>Equipo m\u00e9dico de la municipalidad local lleg\u00f3 hasta Villa Esperanza, a bordo de un helic\u00f3ptero de la FACH, para asistir a vecinos de la localidad de dif\u00edcil acceso, ubicada en las cercan\u00edas del lago Todos los Santos.<\/p>\n\t\t\t\t\t\t\t\t\t\t\t<\/div>\n\t\t\t\t<\/div>\n\t\t\t\n\t\t<\/div>\n\t\t<div class=\"post-meta date-color\">\n\t\t\t<div class=\"entry-meta clearfix gem-post-date\">\n\t\t\t\t<div class=\"post-meta-right\">\n\t\t\t\t\t\t\t\t\t\t\n\t\t\t\t\t\n\t\t\t\t<\/div>\n\t\t\t\t<div class=\"post-meta-left\">\n\t\t\t\t\t\t\t\t\t\t\t<span class=\"post-meta-author\">\n\t\t\t\t\t\t\t\t\t\tPor <a href=\"https:\/\/elfuerte.cl\/web\" title=\"Visitar el sitio de Prensa El Fuerte\" rel=\"author external\">Prensa El Fuerte<\/a>\t\t\t\t\t\t\t\t\t<\/span>\n\t\t\t\t\t\t\t\t\t<\/div>\n\t\t\t<\/div><!-- .entry-meta -->\n\t\t<\/div>\n\n\t\t\t\t\t<div class=\"gem-blog-slider-navigation\">\n\t\t\t\t<a href=\"#\" class=\"gem-blog-slider-prev gem-button gem-button-size-tiny\">\n\t\t\t\t\t<i aria-hidden=\"true\" class=\"gem-print-icon gem-icon-prev gem-elegant arrow-carrot-left\"><\/i>\t\t\t\t<\/a>\n\t\t\t\t<a href=\"#\" class=\"gem-blog-slider-next gem-button gem-button-size-tiny\">\n\t\t\t\t\t<i aria-hidden=\"true\" class=\"gem-print-icon gem-icon-prev gem-elegant arrow-carrot-right\"><\/i>\t\t\t\t<\/a>\n\t\t\t<\/div>\n\t\t\t<\/div>\n<\/article><!-- #post-1475 -->\n\n<article id=\"post-1405\" class=\"clearfix\">\n\n\t<a href=\"https:\/\/elfuerte.cl\/web\/2025\/10\/11\/recuperar-una-casa-y-un-icono-de-la-historia-lotina\/\" class=\"gem-slider-blog-link\"><\/a>\n\n\t<div class=\"gem-slider-item-image\" style=\"background: url('https:\/\/elfuerte.cl\/web\/wp-content\/uploads\/2025\/10\/actualidad003-copia.jpg') no-repeat 50% 50% \/ cover;\">\n\t\t<img src=\"https:\/\/elfuerte.cl\/web\/wp-content\/uploads\/2025\/10\/actualidad003-copia.jpg\"  style=\"visibility: hidden;\">\n\t<\/div>\n\n\t<div class=\"gem-slider-item-overlay\">\n\t\t<div class=\"gem-compact-item-content\">\n\t\t\t\t\t\t\t<div class=\"post-title\">\n\t\t\t\t\t<h5 class=\"entry-title reverse-link-color\"><span class=\"entry-title-date\"><\/span><span class=\"light\">Recuperar una casa y un \u00edcono de la historia lotina<\/span><\/h5>\t\t\t\t<\/div>\n\t\t\t\n\t\t\t\t\t\t\t<div class=\"post-text date-color\">\n\t\t\t\t\t<div class=\"summary\">\n\t\t\t\t\t\t\t\t\t\t\t\t\t<p>\u201cA\u00fan mantengo la emoci\u00f3n por haber cumplido, en el transcurso de 15 a\u00f1os, un anhelo de 27 familias, que vivieron anteriormente ac\u00e1 y que no heredaron estos pabellones patrimoniales<\/p>\n\t\t\t\t\t\t\t\t\t\t\t<\/div>\n\t\t\t\t<\/div>\n\t\t\t\n\t\t<\/div>\n\t\t<div class=\"post-meta date-color\">\n\t\t\t<div class=\"entry-meta clearfix gem-post-date\">\n\t\t\t\t<div class=\"post-meta-right\">\n\t\t\t\t\t\t\t\t\t\t\n\t\t\t\t\t\n\t\t\t\t<\/div>\n\t\t\t\t<div class=\"post-meta-left\">\n\t\t\t\t\t\t\t\t\t\t\t<span class=\"post-meta-author\">\n\t\t\t\t\t\t\t\t\t\tPor <a href=\"https:\/\/elfuerte.cl\/web\" title=\"Visitar el sitio de Prensa El Fuerte\" rel=\"author external\">Prensa El Fuerte<\/a>\t\t\t\t\t\t\t\t\t<\/span>\n\t\t\t\t\t\t\t\t\t<\/div>\n\t\t\t<\/div><!-- .entry-meta -->\n\t\t<\/div>\n\n\t\t\t\t\t<div class=\"gem-blog-slider-navigation\">\n\t\t\t\t<a href=\"#\" class=\"gem-blog-slider-prev gem-button gem-button-size-tiny\">\n\t\t\t\t\t<i aria-hidden=\"true\" class=\"gem-print-icon gem-icon-prev gem-elegant arrow-carrot-left\"><\/i>\t\t\t\t<\/a>\n\t\t\t\t<a href=\"#\" class=\"gem-blog-slider-next gem-button gem-button-size-tiny\">\n\t\t\t\t\t<i aria-hidden=\"true\" class=\"gem-print-icon gem-icon-prev gem-elegant arrow-carrot-right\"><\/i>\t\t\t\t<\/a>\n\t\t\t<\/div>\n\t\t\t<\/div>\n<\/article><!-- #post-1405 -->\n\n<article id=\"post-1421\" class=\"clearfix\">\n\n\t<a href=\"https:\/\/elfuerte.cl\/web\/2025\/10\/08\/indap-impulsa-acceso-a-tierras-y-emprendimiento-para-juventudes-rurales-con-nuevo-programa-tierra-joven\/\" class=\"gem-slider-blog-link\"><\/a>\n\n\t<div class=\"gem-slider-item-image\" style=\"background: url('https:\/\/elfuerte.cl\/web\/wp-content\/uploads\/2025\/10\/actualidad001-copia.jpg') no-repeat 50% 50% \/ cover;\">\n\t\t<img src=\"https:\/\/elfuerte.cl\/web\/wp-content\/uploads\/2025\/10\/actualidad001-copia.jpg\"  style=\"visibility: hidden;\">\n\t<\/div>\n\n\t<div class=\"gem-slider-item-overlay\">\n\t\t<div class=\"gem-compact-item-content\">\n\t\t\t\t\t\t\t<div class=\"post-title\">\n\t\t\t\t\t<h5 class=\"entry-title reverse-link-color\"><span class=\"entry-title-date\"><\/span><span class=\"light\">INDAP impulsa acceso a tierras y emprendimiento para juventudes rurales con nuevo programa \u201cTierra Joven\u201d<\/span><\/h5>\t\t\t\t<\/div>\n\t\t\t\n\t\t\t\t\t\t\t<div class=\"post-text date-color\">\n\t\t\t\t\t<div class=\"summary\">\n\t\t\t\t\t\t\t\t\t\t\t\t\t<p>La iniciativa entregar\u00e1 apoyo econ\u00f3mico, asesor\u00eda t\u00e9cnica e inversiones productivas para que j\u00f3venes del campo accedan a terrenos y desarrollen sus proyectos<\/p>\n\t\t\t\t\t\t\t\t\t\t\t<\/div>\n\t\t\t\t<\/div>\n\t\t\t\n\t\t<\/div>\n\t\t<div class=\"post-meta date-color\">\n\t\t\t<div class=\"entry-meta clearfix gem-post-date\">\n\t\t\t\t<div class=\"post-meta-right\">\n\t\t\t\t\t\t\t\t\t\t\n\t\t\t\t\t\n\t\t\t\t<\/div>\n\t\t\t\t<div class=\"post-meta-left\">\n\t\t\t\t\t\t\t\t\t\t\t<span class=\"post-meta-author\">\n\t\t\t\t\t\t\t\t\t\tPor <a href=\"https:\/\/elfuerte.cl\/web\" title=\"Visitar el sitio de Prensa El Fuerte\" rel=\"author external\">Prensa El Fuerte<\/a>\t\t\t\t\t\t\t\t\t<\/span>\n\t\t\t\t\t\t\t\t\t<\/div>\n\t\t\t<\/div><!-- .entry-meta -->\n\t\t<\/div>\n\n\t\t\t\t\t<div class=\"gem-blog-slider-navigation\">\n\t\t\t\t<a href=\"#\" class=\"gem-blog-slider-prev gem-button gem-button-size-tiny\">\n\t\t\t\t\t<i aria-hidden=\"true\" class=\"gem-print-icon gem-icon-prev gem-elegant arrow-carrot-left\"><\/i>\t\t\t\t<\/a>\n\t\t\t\t<a href=\"#\" class=\"gem-blog-slider-next gem-button gem-button-size-tiny\">\n\t\t\t\t\t<i aria-hidden=\"true\" class=\"gem-print-icon gem-icon-prev gem-elegant arrow-carrot-right\"><\/i>\t\t\t\t<\/a>\n\t\t\t<\/div>\n\t\t\t<\/div>\n<\/article><!-- #post-1421 -->\n\n<article id=\"post-1486\" class=\"clearfix\">\n\n\t<a href=\"https:\/\/elfuerte.cl\/web\/2025\/10\/08\/los-rios-una-ventana-al-mundo\/\" class=\"gem-slider-blog-link\"><\/a>\n\n\t<div class=\"gem-slider-item-image\" style=\"background: url('https:\/\/elfuerte.cl\/web\/wp-content\/uploads\/2025\/10\/actualidad007.jpg') no-repeat 50% 50% \/ cover;\">\n\t\t<img src=\"https:\/\/elfuerte.cl\/web\/wp-content\/uploads\/2025\/10\/actualidad007.jpg\"  style=\"visibility: hidden;\">\n\t<\/div>\n\n\t<div class=\"gem-slider-item-overlay\">\n\t\t<div class=\"gem-compact-item-content\">\n\t\t\t\t\t\t\t<div class=\"post-title\">\n\t\t\t\t\t<h5 class=\"entry-title reverse-link-color\"><span class=\"entry-title-date\"><\/span><span class=\"light\">Los R\u00edos: una ventana al mundo<\/span><\/h5>\t\t\t\t<\/div>\n\t\t\t\n\t\t\t\t\t\t\t<div class=\"post-text date-color\">\n\t\t\t\t\t<div class=\"summary\">\n\t\t\t\t\t\t\t\t\t\t\t\t\t<p>El fin de semana se realiza la cuarta versi\u00f3n del encuentro internacional m\u00e1s importante del sur del pa\u00eds<\/p>\n\t\t\t\t\t\t\t\t\t\t\t<\/div>\n\t\t\t\t<\/div>\n\t\t\t\n\t\t<\/div>\n\t\t<div class=\"post-meta date-color\">\n\t\t\t<div class=\"entry-meta clearfix gem-post-date\">\n\t\t\t\t<div class=\"post-meta-right\">\n\t\t\t\t\t\t\t\t\t\t\n\t\t\t\t\t\n\t\t\t\t<\/div>\n\t\t\t\t<div class=\"post-meta-left\">\n\t\t\t\t\t\t\t\t\t\t\t<span class=\"post-meta-author\">\n\t\t\t\t\t\t\t\t\t\tPor <a href=\"https:\/\/elfuerte.cl\/web\" title=\"Visitar el sitio de Prensa El Fuerte\" rel=\"author external\">Prensa El Fuerte<\/a>\t\t\t\t\t\t\t\t\t<\/span>\n\t\t\t\t\t\t\t\t\t<\/div>\n\t\t\t<\/div><!-- .entry-meta -->\n\t\t<\/div>\n\n\t\t\t\t\t<div class=\"gem-blog-slider-navigation\">\n\t\t\t\t<a href=\"#\" class=\"gem-blog-slider-prev gem-button gem-button-size-tiny\">\n\t\t\t\t\t<i aria-hidden=\"true\" class=\"gem-print-icon gem-icon-prev gem-elegant arrow-carrot-left\"><\/i>\t\t\t\t<\/a>\n\t\t\t\t<a href=\"#\" class=\"gem-blog-slider-next gem-button gem-button-size-tiny\">\n\t\t\t\t\t<i aria-hidden=\"true\" class=\"gem-print-icon gem-icon-prev gem-elegant arrow-carrot-right\"><\/i>\t\t\t\t<\/a>\n\t\t\t<\/div>\n\t\t\t<\/div>\n<\/article><!-- #post-1486 -->\n\n<article id=\"post-1759\" class=\"clearfix\">\n\n\t<a href=\"https:\/\/elfuerte.cl\/web\/2025\/10\/06\/a-los-hombres-no-nos-ensenan-a-cuidar\/\" class=\"gem-slider-blog-link\"><\/a>\n\n\t<div class=\"gem-slider-item-image\" style=\"background: url('https:\/\/elfuerte.cl\/web\/wp-content\/uploads\/2025\/10\/4-11-01.jpg') no-repeat 50% 50% \/ cover;\">\n\t\t<img src=\"https:\/\/elfuerte.cl\/web\/wp-content\/uploads\/2025\/10\/4-11-01.jpg\"  style=\"visibility: hidden;\">\n\t<\/div>\n\n\t<div class=\"gem-slider-item-overlay\">\n\t\t<div class=\"gem-compact-item-content\">\n\t\t\t\t\t\t\t<div class=\"post-title\">\n\t\t\t\t\t<h5 class=\"entry-title reverse-link-color\"><span class=\"entry-title-date\"><\/span><span class=\"light\">A los hombres no nos ense\u00f1an a cuidar<\/span><\/h5>\t\t\t\t<\/div>\n\t\t\t\n\t\t\t\t\t\t\t<div class=\"post-text date-color\">\n\t\t\t\t\t<div class=\"summary\">\n\t\t\t\t\t\t\t\t\t\t\t\t\t<p>Ser madre o padre es un camino que se aprende d\u00eda a d\u00eda. Nadie est\u00e1 preparado realmente,y menos a\u00fan,para asumir un hijo o hija con alguna discapacidad o neurodivergente<\/p>\n\t\t\t\t\t\t\t\t\t\t\t<\/div>\n\t\t\t\t<\/div>\n\t\t\t\n\t\t<\/div>\n\t\t<div class=\"post-meta date-color\">\n\t\t\t<div class=\"entry-meta clearfix gem-post-date\">\n\t\t\t\t<div class=\"post-meta-right\">\n\t\t\t\t\t\t\t\t\t\t\n\t\t\t\t\t\n\t\t\t\t<\/div>\n\t\t\t\t<div class=\"post-meta-left\">\n\t\t\t\t\t\t\t\t\t\t\t<span class=\"post-meta-author\">\n\t\t\t\t\t\t\t\t\t\tPor <a href=\"https:\/\/elfuerte.cl\/web\" title=\"Visitar el sitio de Prensa El Fuerte\" rel=\"author external\">Prensa El Fuerte<\/a>\t\t\t\t\t\t\t\t\t<\/span>\n\t\t\t\t\t\t\t\t\t<\/div>\n\t\t\t<\/div><!-- .entry-meta -->\n\t\t<\/div>\n\n\t\t\t\t\t<div class=\"gem-blog-slider-navigation\">\n\t\t\t\t<a href=\"#\" class=\"gem-blog-slider-prev gem-button gem-button-size-tiny\">\n\t\t\t\t\t<i aria-hidden=\"true\" class=\"gem-print-icon gem-icon-prev gem-elegant arrow-carrot-left\"><\/i>\t\t\t\t<\/a>\n\t\t\t\t<a href=\"#\" class=\"gem-blog-slider-next gem-button gem-button-size-tiny\">\n\t\t\t\t\t<i aria-hidden=\"true\" class=\"gem-print-icon gem-icon-prev gem-elegant arrow-carrot-right\"><\/i>\t\t\t\t<\/a>\n\t\t\t<\/div>\n\t\t\t<\/div>\n<\/article><!-- #post-1759 -->\n\n<article id=\"post-1771\" class=\"clearfix\">\n\n\t<a href=\"https:\/\/elfuerte.cl\/web\/2025\/09\/08\/ley-karin-una-oportunidad-para-sancionar-abusos-o-una-caja-de-pandora\/\" class=\"gem-slider-blog-link\"><\/a>\n\n\t<div class=\"gem-slider-item-image\" style=\"background: url('https:\/\/elfuerte.cl\/web\/wp-content\/uploads\/2025\/09\/4-11-2.jpg') no-repeat 50% 50% \/ cover;\">\n\t\t<img src=\"https:\/\/elfuerte.cl\/web\/wp-content\/uploads\/2025\/09\/4-11-2.jpg\"  style=\"visibility: hidden;\">\n\t<\/div>\n\n\t<div class=\"gem-slider-item-overlay\">\n\t\t<div class=\"gem-compact-item-content\">\n\t\t\t\t\t\t\t<div class=\"post-title\">\n\t\t\t\t\t<h5 class=\"entry-title reverse-link-color\"><span class=\"entry-title-date\"><\/span><span class=\"light\">Ley Karin: \u00bfuna oportunidad para sancionar abusos o una caja de Pandora?<\/span><\/h5>\t\t\t\t<\/div>\n\t\t\t\n\t\t\t\t\t\t\t<div class=\"post-text date-color\">\n\t\t\t\t\t<div class=\"summary\">\n\t\t\t\t\t\t\t\t\t\t\t\t\t<p>La educadora de p\u00e1rvulos Lorena Tardones Salas sufri\u00f3 acoso laboral en el hospital San Jos\u00e9 de Coronel, entidad en la que trabajaba desde el a\u00f1o 1989<\/p>\n\t\t\t\t\t\t\t\t\t\t\t<\/div>\n\t\t\t\t<\/div>\n\t\t\t\n\t\t<\/div>\n\t\t<div class=\"post-meta date-color\">\n\t\t\t<div class=\"entry-meta clearfix gem-post-date\">\n\t\t\t\t<div class=\"post-meta-right\">\n\t\t\t\t\t\t\t\t\t\t\n\t\t\t\t\t\n\t\t\t\t<\/div>\n\t\t\t\t<div class=\"post-meta-left\">\n\t\t\t\t\t\t\t\t\t\t\t<span class=\"post-meta-author\">\n\t\t\t\t\t\t\t\t\t\tPor <a href=\"https:\/\/elfuerte.cl\/web\" title=\"Visitar el sitio de Prensa El Fuerte\" rel=\"author external\">Prensa El Fuerte<\/a>\t\t\t\t\t\t\t\t\t<\/span>\n\t\t\t\t\t\t\t\t\t<\/div>\n\t\t\t<\/div><!-- .entry-meta -->\n\t\t<\/div>\n\n\t\t\t\t\t<div class=\"gem-blog-slider-navigation\">\n\t\t\t\t<a href=\"#\" class=\"gem-blog-slider-prev gem-button gem-button-size-tiny\">\n\t\t\t\t\t<i aria-hidden=\"true\" class=\"gem-print-icon gem-icon-prev gem-elegant arrow-carrot-left\"><\/i>\t\t\t\t<\/a>\n\t\t\t\t<a href=\"#\" class=\"gem-blog-slider-next gem-button gem-button-size-tiny\">\n\t\t\t\t\t<i aria-hidden=\"true\" class=\"gem-print-icon gem-icon-prev gem-elegant arrow-carrot-right\"><\/i>\t\t\t\t<\/a>\n\t\t\t<\/div>\n\t\t\t<\/div>\n<\/article><!-- #post-1771 -->\n\n<article id=\"post-1457\" class=\"clearfix\">\n\n\t<a href=\"https:\/\/elfuerte.cl\/web\/2025\/09\/05\/la-derrota-que-dejo-al-gobierno-sin-brujula\/\" class=\"gem-slider-blog-link\"><\/a>\n\n\t<div class=\"gem-slider-item-image\" style=\"background: url('https:\/\/elfuerte.cl\/web\/wp-content\/uploads\/2025\/09\/actualidad004.jpg') no-repeat 50% 50% \/ cover;\">\n\t\t<img src=\"https:\/\/elfuerte.cl\/web\/wp-content\/uploads\/2025\/09\/actualidad004.jpg\"  style=\"visibility: hidden;\">\n\t<\/div>\n\n\t<div class=\"gem-slider-item-overlay\">\n\t\t<div class=\"gem-compact-item-content\">\n\t\t\t\t\t\t\t<div class=\"post-title\">\n\t\t\t\t\t<h5 class=\"entry-title reverse-link-color\"><span class=\"entry-title-date\"><\/span><span class=\"light\">La derrota que dej\u00f3 al gobierno sin br\u00fajula<\/span><\/h5>\t\t\t\t<\/div>\n\t\t\t\n\t\t\t\t\t\t\t<div class=\"post-text date-color\">\n\t\t\t\t\t<div class=\"summary\">\n\t\t\t\t\t\t\t\t\t\t\t\t\t<p>El 04 de septiembre de 2022, Chile rechaz\u00f3 la propuesta de nueva constituci\u00f3n elaborada por la Convenci\u00f3n Constituyente, proceso que lider\u00f3 la izquierda representada principalmente por la \u201cLista del \u00a8Pueblo\u201d y el Partido Comunista<\/p>\n\t\t\t\t\t\t\t\t\t\t\t<\/div>\n\t\t\t\t<\/div>\n\t\t\t\n\t\t<\/div>\n\t\t<div class=\"post-meta date-color\">\n\t\t\t<div class=\"entry-meta clearfix gem-post-date\">\n\t\t\t\t<div class=\"post-meta-right\">\n\t\t\t\t\t\t\t\t\t\t\n\t\t\t\t\t\n\t\t\t\t<\/div>\n\t\t\t\t<div class=\"post-meta-left\">\n\t\t\t\t\t\t\t\t\t\t\t<span class=\"post-meta-author\">\n\t\t\t\t\t\t\t\t\t\tPor <a href=\"https:\/\/elfuerte.cl\/web\" title=\"Visitar el sitio de Prensa El Fuerte\" rel=\"author external\">Prensa El Fuerte<\/a>\t\t\t\t\t\t\t\t\t<\/span>\n\t\t\t\t\t\t\t\t\t<\/div>\n\t\t\t<\/div><!-- .entry-meta -->\n\t\t<\/div>\n\n\t\t\t\t\t<div class=\"gem-blog-slider-navigation\">\n\t\t\t\t<a href=\"#\" class=\"gem-blog-slider-prev gem-button gem-button-size-tiny\">\n\t\t\t\t\t<i aria-hidden=\"true\" class=\"gem-print-icon gem-icon-prev gem-elegant arrow-carrot-left\"><\/i>\t\t\t\t<\/a>\n\t\t\t\t<a href=\"#\" class=\"gem-blog-slider-next gem-button gem-button-size-tiny\">\n\t\t\t\t\t<i aria-hidden=\"true\" class=\"gem-print-icon gem-icon-prev gem-elegant arrow-carrot-right\"><\/i>\t\t\t\t<\/a>\n\t\t\t<\/div>\n\t\t\t<\/div>\n<\/article><!-- #post-1457 -->\n\n<article id=\"post-1216\" class=\"clearfix\">\n\n\t<a href=\"https:\/\/elfuerte.cl\/web\/2025\/09\/01\/pesca-para-los-que-pescan-el-anhelo-de-anos-parece-menos-lejano-2\/\" class=\"gem-slider-blog-link\"><\/a>\n\n\t<div class=\"gem-slider-item-image\" style=\"background: url('https:\/\/elfuerte.cl\/web\/wp-content\/uploads\/2025\/09\/actualidad002-copia.jpg') no-repeat 50% 50% \/ cover;\">\n\t\t<img src=\"https:\/\/elfuerte.cl\/web\/wp-content\/uploads\/2025\/09\/actualidad002-copia.jpg\"  style=\"visibility: hidden;\">\n\t<\/div>\n\n\t<div class=\"gem-slider-item-overlay\">\n\t\t<div class=\"gem-compact-item-content\">\n\t\t\t\t\t\t\t<div class=\"post-title\">\n\t\t\t\t\t<h5 class=\"entry-title reverse-link-color\"><span class=\"entry-title-date\"><\/span><span class=\"light\">Pesca para los que pescan: el anhelo de a\u00f1os parece menos lejano<\/span><\/h5>\t\t\t\t<\/div>\n\t\t\t\n\t\t\t\t\t\t\t<div class=\"post-text date-color\">\n\t\t\t\t\t<div class=\"summary\">\n\t\t\t\t\t\t\t\t\t\t\t\t\t<p>Francisco Silva repas\u00f3 una y otra vez el discurso que deb\u00eda ante el Presidente de la Rep\u00fablica, ministros, parlamentarios<\/p>\n\t\t\t\t\t\t\t\t\t\t\t<\/div>\n\t\t\t\t<\/div>\n\t\t\t\n\t\t<\/div>\n\t\t<div class=\"post-meta date-color\">\n\t\t\t<div class=\"entry-meta clearfix gem-post-date\">\n\t\t\t\t<div class=\"post-meta-right\">\n\t\t\t\t\t\t\t\t\t\t\n\t\t\t\t\t\n\t\t\t\t<\/div>\n\t\t\t\t<div class=\"post-meta-left\">\n\t\t\t\t\t\t\t\t\t\t\t<span class=\"post-meta-author\">\n\t\t\t\t\t\t\t\t\t\tPor <a href=\"https:\/\/elfuerte.cl\/web\" title=\"Visitar el sitio de Prensa El Fuerte\" rel=\"author external\">Prensa El Fuerte<\/a>\t\t\t\t\t\t\t\t\t<\/span>\n\t\t\t\t\t\t\t\t\t<\/div>\n\t\t\t<\/div><!-- .entry-meta -->\n\t\t<\/div>\n\n\t\t\t\t\t<div class=\"gem-blog-slider-navigation\">\n\t\t\t\t<a href=\"#\" class=\"gem-blog-slider-prev gem-button gem-button-size-tiny\">\n\t\t\t\t\t<i aria-hidden=\"true\" class=\"gem-print-icon gem-icon-prev gem-elegant arrow-carrot-left\"><\/i>\t\t\t\t<\/a>\n\t\t\t\t<a href=\"#\" class=\"gem-blog-slider-next gem-button gem-button-size-tiny\">\n\t\t\t\t\t<i aria-hidden=\"true\" class=\"gem-print-icon gem-icon-prev gem-elegant arrow-carrot-right\"><\/i>\t\t\t\t<\/a>\n\t\t\t<\/div>\n\t\t\t<\/div>\n<\/article><!-- #post-1216 -->\n\t\t\t<\/div>\n\t\t\t\t\t\t\t<\/div>\n\t\t\t\t<\/div>\n\t\t\t\t<section class=\"elementor-section elementor-inner-section elementor-element elementor-element-30f5bbe elementor-section-boxed elementor-section-height-default elementor-section-height-default\" data-id=\"30f5bbe\" data-element_type=\"section\">\r\n\t\t\t\t\t\t<div class=\"elementor-container elementor-column-gap-thegem\"><div class=\"elementor-row\">\r\n\t\t\t\t\t<div class=\"elementor-column elementor-col-100 elementor-inner-column elementor-element elementor-element-852c288\" data-id=\"852c288\" data-element_type=\"column\">\n\t\t\t<div class=\"elementor-widget-wrap elementor-element-populated\">\n\t\t\t\t\t\t<div class=\"elementor-element elementor-element-a974080 flex-horizontal-align-default flex-horizontal-align-tablet-default flex-horizontal-align-mobile-default flex-vertical-align-default flex-vertical-align-tablet-default flex-vertical-align-mobile-default elementor-widget elementor-widget-thegem-bloglist\" data-id=\"a974080\" data-element_type=\"widget\" data-settings=\"{&quot;thegem_elementor_preset&quot;:&quot;compact&quot;,&quot;items_per_page&quot;:10,&quot;categories&quot;:[&quot;actualidad&quot;],&quot;query_type&quot;:&quot;post&quot;,&quot;source&quot;:[&quot;categories&quot;],&quot;exclude_blog_posts_type&quot;:&quot;manual&quot;,&quot;order_by&quot;:&quot;default&quot;,&quot;order&quot;:&quot;default&quot;,&quot;image_icon_show&quot;:&quot;yes&quot;}\" data-widget_type=\"thegem-bloglist.default\">\n\t\t\t\t<div class=\"elementor-widget-container\">\n\t\t\t\t\t\t\t\t\t<div class=\"preloader\"><div class=\"preloader-spin\"><\/div><\/div>\n\t\t\t\t\t\t<div class=\"bloglist blog clearfix  blog-style-compact  item-animation-move-up  \" data-page=\"1\" data-paged=\"1\" data-next-page=\"2\" data-pages-count=\"35\" data-load-more-action=\"thegem_bloglist_load_more\">\n\t\t\t\n<article id=\"post-6265\" class=\"post-item no-image clearfix  full-meta item-animations-not-inited post-6265 post type-post status-publish format-standard has-post-thumbnail category-actualidad category-destacados tag-biodiversidad tag-intercambio tag-region-de-los-rios tag-talleres\">\n\t<div class=\"item-post-container\">\n\t\t\n\t\t\t\t\t<div class=\"gem-compact-item-left\">\n\t\t\t\t<div class=\"gem-compact-item-image post-img\">\n\t\t\t\t\t<a class=\"default\" href=\"https:\/\/elfuerte.cl\/web\/2026\/04\/27\/intercambio-de-semillas-y-experiencias-conecta-comunidades-del-pais-en-torno-a-la-restauracion-del-bosque-nativo-en-los-rios\/\"><img width=\"366\" height=\"296\" src=\"https:\/\/elfuerte.cl\/web\/wp-content\/uploads\/2026\/04\/portada-2026-04-27T102238.493-thegem-blog-compact.jpg\" class=\"img-responsive wp-post-image\" alt=\"portada - 2026-04-27T102238.493\" \/><\/a>\n\t\t\t\t<\/div>\n\t\t\t<\/div>\n\t\t\n\t\t<div class=\"gem-compact-item-right caption-container\">\n\t\t\t<div class=\"gem-compact-item-content\">\n\n\t\t\t\t<div class=\"post-title\">\n\t\t\t\t\t\t\t\t\t\t\t<h5 class=\"entry-title reverse-link-color\"><a href=\"https:\/\/elfuerte.cl\/web\/2026\/04\/27\/intercambio-de-semillas-y-experiencias-conecta-comunidades-del-pais-en-torno-a-la-restauracion-del-bosque-nativo-en-los-rios\/\" rel=\"bookmark\"><span class=\"entry-title-date\">27 Abr: <\/span><span class=\"light\">Intercambio de semillas y experiencias conecta comunidades del pa\u00eds en torno a la restauraci\u00f3n del bosque nativo en Los R\u00edos<\/span><\/a><\/h5>\t\t\t\t\t\t\t\t\t<\/div>\n\n\t\t\t\t\t\t\t\t\t<div class=\"post-text\">\n\t\t\t\t\t\t<div class=\"summary\">\n\t\t\t\t\t\t\t<p>Actividad reuni\u00f3 a organizaciones desde la zona central al sur en jornadas realizadas en La Uni\u00f3n y Valdivia, con foco en educaci\u00f3n ambiental y trabajo comunitario.<\/p>\n\t\t\t\t\t\t<\/div>\n\t\t\t\t\t<\/div>\n\t\t\t\t\n\t\t\t<\/div>\n\n\t\t\t<div class=\"post-meta\">\n\t\t\t\t<div class=\"entry-meta clearfix gem-post-date\">\n\t\t\t\t\t<div class=\"post-meta-right\">\n\t\t\t\t\t\t\t\t\t\t\t\t\t\t\t\t\t\t\t\t\t\t\t<\/div>\n\t\t\t\t\t<div class=\"post-meta-left\">\n\t\t\t\t\t\t<span class=\"post-meta-author\">Por <a href=\"https:\/\/elfuerte.cl\/web\" title=\"Visitar el sitio de Prensa El Fuerte\" rel=\"author external\">Prensa El Fuerte<\/a><\/span>\t\t\t\t\t<\/div>\n\t\t\t\t<\/div><!-- .entry-meta -->\n\t\t\t<\/div>\n\t\t<\/div>\n\t<\/div>\t\n<\/article><!-- #post-6265 -->\n\n<article id=\"post-6250\" class=\"post-item no-image clearfix  full-meta item-animations-not-inited post-6250 post type-post status-publish format-standard has-post-thumbnail category-actualidad category-destacados tag-biobio tag-biodiversidad tag-participacion-ciudadana tag-talleres\">\n\t<div class=\"item-post-container\">\n\t\t\n\t\t\t\t\t<div class=\"gem-compact-item-left\">\n\t\t\t\t<div class=\"gem-compact-item-image post-img\">\n\t\t\t\t\t<a class=\"default\" href=\"https:\/\/elfuerte.cl\/web\/2026\/04\/26\/biobio-inicia-talleres-para-definir-prioridades-de-conservacion-en-medio-de-debate-sobre-continuidad-de-politicas-ambientales\/\"><img width=\"366\" height=\"296\" src=\"https:\/\/elfuerte.cl\/web\/wp-content\/uploads\/2026\/04\/portada-2026-04-26T120829.199-thegem-blog-compact.jpg\" class=\"img-responsive wp-post-image\" alt=\"portada - 2026-04-26T120829.199\" \/><\/a>\n\t\t\t\t<\/div>\n\t\t\t<\/div>\n\t\t\n\t\t<div class=\"gem-compact-item-right caption-container\">\n\t\t\t<div class=\"gem-compact-item-content\">\n\n\t\t\t\t<div class=\"post-title\">\n\t\t\t\t\t\t\t\t\t\t\t<h5 class=\"entry-title reverse-link-color\"><a href=\"https:\/\/elfuerte.cl\/web\/2026\/04\/26\/biobio-inicia-talleres-para-definir-prioridades-de-conservacion-en-medio-de-debate-sobre-continuidad-de-politicas-ambientales\/\" rel=\"bookmark\"><span class=\"entry-title-date\">26 Abr: <\/span><span class=\"light\">Biob\u00edo inicia talleres para definir prioridades de conservaci\u00f3n  en medio de debate sobre continuidad de pol\u00edticas ambientales<\/span><\/a><\/h5>\t\t\t\t\t\t\t\t\t<\/div>\n\n\t\t\t\t\t\t\t\t\t<div class=\"post-text\">\n\t\t\t\t\t\t<div class=\"summary\">\n\t\t\t\t\t\t\t<p>Proceso participativo busca recoger visiones locales para orientar la protecci\u00f3n de la biodiversidad, en un escenario marcado por incertidumbre presupuestaria.<\/p>\n\t\t\t\t\t\t<\/div>\n\t\t\t\t\t<\/div>\n\t\t\t\t\n\t\t\t<\/div>\n\n\t\t\t<div class=\"post-meta\">\n\t\t\t\t<div class=\"entry-meta clearfix gem-post-date\">\n\t\t\t\t\t<div class=\"post-meta-right\">\n\t\t\t\t\t\t\t\t\t\t\t\t\t\t\t\t\t\t\t\t\t\t\t<\/div>\n\t\t\t\t\t<div class=\"post-meta-left\">\n\t\t\t\t\t\t<span class=\"post-meta-author\">Por <a href=\"https:\/\/elfuerte.cl\/web\" title=\"Visitar el sitio de Prensa El Fuerte\" rel=\"author external\">Prensa El Fuerte<\/a><\/span>\t\t\t\t\t<\/div>\n\t\t\t\t<\/div><!-- .entry-meta -->\n\t\t\t<\/div>\n\t\t<\/div>\n\t<\/div>\t\n<\/article><!-- #post-6250 -->\n\n<article id=\"post-6244\" class=\"post-item no-image clearfix  full-meta item-animations-not-inited post-6244 post type-post status-publish format-standard has-post-thumbnail category-actualidad category-destacados tag-encuentro tag-frutillar tag-musica tag-unesco\">\n\t<div class=\"item-post-container\">\n\t\t\n\t\t\t\t\t<div class=\"gem-compact-item-left\">\n\t\t\t\t<div class=\"gem-compact-item-image post-img\">\n\t\t\t\t\t<a class=\"default\" href=\"https:\/\/elfuerte.cl\/web\/2026\/04\/26\/frutillar-reune-a-ciudades-creativas-de-la-musica-para-avanzar-en-gestion-cultural-y-economia-nocturna\/\"><img width=\"366\" height=\"296\" src=\"https:\/\/elfuerte.cl\/web\/wp-content\/uploads\/2026\/04\/portada-2026-04-26T114813.522-thegem-blog-compact.jpg\" class=\"img-responsive wp-post-image\" alt=\"portada - 2026-04-26T114813.522\" \/><\/a>\n\t\t\t\t<\/div>\n\t\t\t<\/div>\n\t\t\n\t\t<div class=\"gem-compact-item-right caption-container\">\n\t\t\t<div class=\"gem-compact-item-content\">\n\n\t\t\t\t<div class=\"post-title\">\n\t\t\t\t\t\t\t\t\t\t\t<h5 class=\"entry-title reverse-link-color\"><a href=\"https:\/\/elfuerte.cl\/web\/2026\/04\/26\/frutillar-reune-a-ciudades-creativas-de-la-musica-para-avanzar-en-gestion-cultural-y-economia-nocturna\/\" rel=\"bookmark\"><span class=\"entry-title-date\">26 Abr: <\/span><span class=\"light\">Frutillar re\u00fane a ciudades creativas de la m\u00fasica para avanzar en gesti\u00f3n cultural y econom\u00eda nocturna<\/span><\/a><\/h5>\t\t\t\t\t\t\t\t\t<\/div>\n\n\t\t\t\t\t\t\t\t\t<div class=\"post-text\">\n\t\t\t\t\t\t<div class=\"summary\">\n\t\t\t\t\t\t\t<p>Encuentro intermunicipal convoc\u00f3 a representantes de Valpara\u00edso y Concepci\u00f3n en una instancia que busca fortalecer el desarrollo cultural y productivo desde los territorios.<\/p>\n\t\t\t\t\t\t<\/div>\n\t\t\t\t\t<\/div>\n\t\t\t\t\n\t\t\t<\/div>\n\n\t\t\t<div class=\"post-meta\">\n\t\t\t\t<div class=\"entry-meta clearfix gem-post-date\">\n\t\t\t\t\t<div class=\"post-meta-right\">\n\t\t\t\t\t\t\t\t\t\t\t\t\t\t\t\t\t\t\t\t\t\t\t<\/div>\n\t\t\t\t\t<div class=\"post-meta-left\">\n\t\t\t\t\t\t<span class=\"post-meta-author\">Por <a href=\"https:\/\/elfuerte.cl\/web\" title=\"Visitar el sitio de Prensa El Fuerte\" rel=\"author external\">Prensa El Fuerte<\/a><\/span>\t\t\t\t\t<\/div>\n\t\t\t\t<\/div><!-- .entry-meta -->\n\t\t\t<\/div>\n\t\t<\/div>\n\t<\/div>\t\n<\/article><!-- #post-6244 -->\n\n<article id=\"post-6237\" class=\"post-item no-image clearfix  full-meta item-animations-not-inited post-6237 post type-post status-publish format-standard has-post-thumbnail category-actualidad category-destacados tag-biomedicina tag-computacion tag-tecnologia\">\n\t<div class=\"item-post-container\">\n\t\t\n\t\t\t\t\t<div class=\"gem-compact-item-left\">\n\t\t\t\t<div class=\"gem-compact-item-image post-img\">\n\t\t\t\t\t<a class=\"default\" href=\"https:\/\/elfuerte.cl\/web\/2026\/04\/25\/como-la-computacion-cuantica-empieza-a-acelerar-el-desarrollo-de-medicamentos\/\"><img width=\"366\" height=\"296\" src=\"https:\/\/elfuerte.cl\/web\/wp-content\/uploads\/2026\/04\/biomed-thegem-blog-compact.webp\" class=\"img-responsive wp-post-image\" alt=\"biomed\" \/><\/a>\n\t\t\t\t<\/div>\n\t\t\t<\/div>\n\t\t\n\t\t<div class=\"gem-compact-item-right caption-container\">\n\t\t\t<div class=\"gem-compact-item-content\">\n\n\t\t\t\t<div class=\"post-title\">\n\t\t\t\t\t\t\t\t\t\t\t<h5 class=\"entry-title reverse-link-color\"><a href=\"https:\/\/elfuerte.cl\/web\/2026\/04\/25\/como-la-computacion-cuantica-empieza-a-acelerar-el-desarrollo-de-medicamentos\/\" rel=\"bookmark\"><span class=\"entry-title-date\">25 Abr: <\/span><span class=\"light\">C\u00f3mo la computaci\u00f3n cu\u00e1ntica empieza a acelerar el desarrollo de medicamentos<\/span><\/a><\/h5>\t\t\t\t\t\t\t\t\t<\/div>\n\n\t\t\t\t\t\t\t\t\t<div class=\"post-text\">\n\t\t\t\t\t\t<div class=\"summary\">\n\t\t\t\t\t\t\t<p>Aunque a\u00fan en fase experimental, la tecnolog\u00eda basada en qubits comienza a aplicarse en simulaci\u00f3n molecular, con el potencial de reducir tiempos y costos en una industria marcada por procesos largos y complejos.<\/p>\n\t\t\t\t\t\t<\/div>\n\t\t\t\t\t<\/div>\n\t\t\t\t\n\t\t\t<\/div>\n\n\t\t\t<div class=\"post-meta\">\n\t\t\t\t<div class=\"entry-meta clearfix gem-post-date\">\n\t\t\t\t\t<div class=\"post-meta-right\">\n\t\t\t\t\t\t\t\t\t\t\t\t\t\t\t\t\t\t\t\t\t\t\t<\/div>\n\t\t\t\t\t<div class=\"post-meta-left\">\n\t\t\t\t\t\t<span class=\"post-meta-author\">Por <a href=\"https:\/\/elfuerte.cl\/web\" title=\"Visitar el sitio de Prensa El Fuerte\" rel=\"author external\">Prensa El Fuerte<\/a><\/span>\t\t\t\t\t<\/div>\n\t\t\t\t<\/div><!-- .entry-meta -->\n\t\t\t<\/div>\n\t\t<\/div>\n\t<\/div>\t\n<\/article><!-- #post-6237 -->\n\n<article id=\"post-6227\" class=\"post-item no-image clearfix  full-meta item-animations-not-inited post-6227 post type-post status-publish format-standard has-post-thumbnail category-actualidad category-destacados tag-camara-comercio-detallista tag-fortalecimiento tag-inauguracion tag-valdivia\">\n\t<div class=\"item-post-container\">\n\t\t\n\t\t\t\t\t<div class=\"gem-compact-item-left\">\n\t\t\t\t<div class=\"gem-compact-item-image post-img\">\n\t\t\t\t\t<a class=\"default\" href=\"https:\/\/elfuerte.cl\/web\/2026\/04\/25\/camara-de-comercio-detallista-inaugura-nuevas-instalaciones-y-avanza-en-la-recuperacion-de-historico-edificio-gremial\/\"><img width=\"366\" height=\"296\" src=\"https:\/\/elfuerte.cl\/web\/wp-content\/uploads\/2026\/04\/portada-2026-04-25T101949.275-thegem-blog-compact.jpg\" class=\"img-responsive wp-post-image\" alt=\"portada - 2026-04-25T101949.275\" \/><\/a>\n\t\t\t\t<\/div>\n\t\t\t<\/div>\n\t\t\n\t\t<div class=\"gem-compact-item-right caption-container\">\n\t\t\t<div class=\"gem-compact-item-content\">\n\n\t\t\t\t<div class=\"post-title\">\n\t\t\t\t\t\t\t\t\t\t\t<h5 class=\"entry-title reverse-link-color\"><a href=\"https:\/\/elfuerte.cl\/web\/2026\/04\/25\/camara-de-comercio-detallista-inaugura-nuevas-instalaciones-y-avanza-en-la-recuperacion-de-historico-edificio-gremial\/\" rel=\"bookmark\"><span class=\"entry-title-date\">25 Abr: <\/span><span class=\"light\">C\u00e1mara de Comercio Detallista inaugura nuevas instalaciones  y avanza en la recuperaci\u00f3n de hist\u00f3rico edificio gremial<\/span><\/a><\/h5>\t\t\t\t\t\t\t\t\t<\/div>\n\n\t\t\t\t\t\t\t\t\t<div class=\"post-text\">\n\t\t\t\t\t\t<div class=\"summary\">\n\t\t\t\t\t\t\t<p>La inversi\u00f3n cercana a los $35 millones permiti\u00f3 habilitar un nuevo espacio en pleno Paseo Libertad, en un proceso que combina fortalecimiento institucional, rescate patrimonial y proyecci\u00f3n del comercio local.<\/p>\n\t\t\t\t\t\t<\/div>\n\t\t\t\t\t<\/div>\n\t\t\t\t\n\t\t\t<\/div>\n\n\t\t\t<div class=\"post-meta\">\n\t\t\t\t<div class=\"entry-meta clearfix gem-post-date\">\n\t\t\t\t\t<div class=\"post-meta-right\">\n\t\t\t\t\t\t\t\t\t\t\t\t\t\t\t\t\t\t\t\t\t\t\t<\/div>\n\t\t\t\t\t<div class=\"post-meta-left\">\n\t\t\t\t\t\t<span class=\"post-meta-author\">Por <a href=\"https:\/\/elfuerte.cl\/web\" title=\"Visitar el sitio de Prensa El Fuerte\" rel=\"author external\">Prensa El Fuerte<\/a><\/span>\t\t\t\t\t<\/div>\n\t\t\t\t<\/div><!-- .entry-meta -->\n\t\t\t<\/div>\n\t\t<\/div>\n\t<\/div>\t\n<\/article><!-- #post-6227 -->\n\n<article id=\"post-6218\" class=\"post-item no-image clearfix  full-meta item-animations-not-inited post-6218 post type-post status-publish format-standard has-post-thumbnail category-actualidad category-destacados tag-biobio tag-dia-del-libro tag-teleton\">\n\t<div class=\"item-post-container\">\n\t\t\n\t\t\t\t\t<div class=\"gem-compact-item-left\">\n\t\t\t\t<div class=\"gem-compact-item-image post-img\">\n\t\t\t\t\t<a class=\"default\" href=\"https:\/\/elfuerte.cl\/web\/2026\/04\/24\/en-el-mes-del-libro-teleton-concepcion-abrio-su-biblioteca-con-actividades-para-toda-la-comunidad\/\"><img width=\"366\" height=\"296\" src=\"https:\/\/elfuerte.cl\/web\/wp-content\/uploads\/2026\/04\/bannerlibro-thegem-blog-compact.jpg\" class=\"img-responsive wp-post-image\" alt=\"bannerlibro\" \/><\/a>\n\t\t\t\t<\/div>\n\t\t\t<\/div>\n\t\t\n\t\t<div class=\"gem-compact-item-right caption-container\">\n\t\t\t<div class=\"gem-compact-item-content\">\n\n\t\t\t\t<div class=\"post-title\">\n\t\t\t\t\t\t\t\t\t\t\t<h5 class=\"entry-title reverse-link-color\"><a href=\"https:\/\/elfuerte.cl\/web\/2026\/04\/24\/en-el-mes-del-libro-teleton-concepcion-abrio-su-biblioteca-con-actividades-para-toda-la-comunidad\/\" rel=\"bookmark\"><span class=\"entry-title-date\">24 Abr: <\/span><span class=\"light\">En el mes del Libro Telet\u00f3n Concepci\u00f3n abri\u00f3 su biblioteca con actividades para toda la comunidad<\/span><\/a><\/h5>\t\t\t\t\t\t\t\t\t<\/div>\n\n\t\t\t\t\t\t\t\t\t<div class=\"post-text\">\n\t\t\t\t\t\t<div class=\"summary\">\n\t\t\t\t\t\t\t<p>Intercambio de libros, taller de escritura y jornada de disfraces son parte de las iniciativas que el instituto ha impulsado para celebrar el Mes del Libro.<\/p>\n\t\t\t\t\t\t<\/div>\n\t\t\t\t\t<\/div>\n\t\t\t\t\n\t\t\t<\/div>\n\n\t\t\t<div class=\"post-meta\">\n\t\t\t\t<div class=\"entry-meta clearfix gem-post-date\">\n\t\t\t\t\t<div class=\"post-meta-right\">\n\t\t\t\t\t\t\t\t\t\t\t\t\t\t\t\t\t\t\t\t\t\t\t<\/div>\n\t\t\t\t\t<div class=\"post-meta-left\">\n\t\t\t\t\t\t<span class=\"post-meta-author\">Por <a href=\"https:\/\/elfuerte.cl\/web\" title=\"Visitar el sitio de Prensa El Fuerte\" rel=\"author external\">Prensa El Fuerte<\/a><\/span>\t\t\t\t\t<\/div>\n\t\t\t\t<\/div><!-- .entry-meta -->\n\t\t\t<\/div>\n\t\t<\/div>\n\t<\/div>\t\n<\/article><!-- #post-6218 -->\n\n<article id=\"post-6208\" class=\"post-item no-image clearfix  full-meta item-animations-not-inited post-6208 post type-post status-publish format-standard has-post-thumbnail category-actualidad category-destacados tag-aprendizaje tag-deportes tag-estudiantes tag-slep\">\n\t<div class=\"item-post-container\">\n\t\t\n\t\t\t\t\t<div class=\"gem-compact-item-left\">\n\t\t\t\t<div class=\"gem-compact-item-image post-img\">\n\t\t\t\t\t<a class=\"default\" href=\"https:\/\/elfuerte.cl\/web\/2026\/04\/24\/parque-jorge-alessandri-se-convierte-en-aula-abierta-para-estudiantes-del-biobio-en-jornada-deportiva-y-de-aprendizaje\/\"><img width=\"366\" height=\"296\" src=\"https:\/\/elfuerte.cl\/web\/wp-content\/uploads\/2026\/04\/SLEP-11-thegem-blog-compact.jpg\" class=\"img-responsive wp-post-image\" alt=\"SLEP 1(1)\" \/><\/a>\n\t\t\t\t<\/div>\n\t\t\t<\/div>\n\t\t\n\t\t<div class=\"gem-compact-item-right caption-container\">\n\t\t\t<div class=\"gem-compact-item-content\">\n\n\t\t\t\t<div class=\"post-title\">\n\t\t\t\t\t\t\t\t\t\t\t<h5 class=\"entry-title reverse-link-color\"><a href=\"https:\/\/elfuerte.cl\/web\/2026\/04\/24\/parque-jorge-alessandri-se-convierte-en-aula-abierta-para-estudiantes-del-biobio-en-jornada-deportiva-y-de-aprendizaje\/\" rel=\"bookmark\"><span class=\"entry-title-date\">24 Abr: <\/span><span class=\"light\">Parque Jorge Alessandri se convierte en aula abierta para estudiantes del Biob\u00edo en jornada deportiva y de aprendizaje<\/span><\/a><\/h5>\t\t\t\t\t\t\t\t\t<\/div>\n\n\t\t\t\t\t\t\t\t\t<div class=\"post-text\">\n\t\t\t\t\t\t<div class=\"summary\">\n\t\t\t\t\t\t\t<p>Cerca de mil alumnos participaron en actividad al aire libre que busc\u00f3 promover h\u00e1bitos saludables y fortalecer la convivencia fuera del entorno escolar tradicional.<\/p>\n\t\t\t\t\t\t<\/div>\n\t\t\t\t\t<\/div>\n\t\t\t\t\n\t\t\t<\/div>\n\n\t\t\t<div class=\"post-meta\">\n\t\t\t\t<div class=\"entry-meta clearfix gem-post-date\">\n\t\t\t\t\t<div class=\"post-meta-right\">\n\t\t\t\t\t\t\t\t\t\t\t\t\t\t\t\t\t\t\t\t\t\t\t<\/div>\n\t\t\t\t\t<div class=\"post-meta-left\">\n\t\t\t\t\t\t<span class=\"post-meta-author\">Por <a href=\"https:\/\/elfuerte.cl\/web\" title=\"Visitar el sitio de Prensa El Fuerte\" rel=\"author external\">Prensa El Fuerte<\/a><\/span>\t\t\t\t\t<\/div>\n\t\t\t\t<\/div><!-- .entry-meta -->\n\t\t\t<\/div>\n\t\t<\/div>\n\t<\/div>\t\n<\/article><!-- #post-6208 -->\n\n<article id=\"post-6191\" class=\"post-item no-image clearfix  full-meta item-animations-not-inited post-6191 post type-post status-publish format-standard has-post-thumbnail category-actualidad category-destacados tag-conmemoracion tag-conversatorio tag-terapeuta-ocupacional tag-ust\">\n\t<div class=\"item-post-container\">\n\t\t\n\t\t\t\t\t<div class=\"gem-compact-item-left\">\n\t\t\t\t<div class=\"gem-compact-item-image post-img\">\n\t\t\t\t\t<a class=\"default\" href=\"https:\/\/elfuerte.cl\/web\/2026\/04\/24\/ust-valdivia-abre-espacio-de-reflexion-sobre-terapia-ocupacional-con-foco-en-inclusion-y-realidad-local\/\"><img width=\"366\" height=\"296\" src=\"https:\/\/elfuerte.cl\/web\/wp-content\/uploads\/2026\/04\/Terapia-11-scaled-thegem-blog-compact.jpg\" class=\"img-responsive wp-post-image\" alt=\"Terapia 1(1)\" \/><\/a>\n\t\t\t\t<\/div>\n\t\t\t<\/div>\n\t\t\n\t\t<div class=\"gem-compact-item-right caption-container\">\n\t\t\t<div class=\"gem-compact-item-content\">\n\n\t\t\t\t<div class=\"post-title\">\n\t\t\t\t\t\t\t\t\t\t\t<h5 class=\"entry-title reverse-link-color\"><a href=\"https:\/\/elfuerte.cl\/web\/2026\/04\/24\/ust-valdivia-abre-espacio-de-reflexion-sobre-terapia-ocupacional-con-foco-en-inclusion-y-realidad-local\/\" rel=\"bookmark\"><span class=\"entry-title-date\">24 Abr: <\/span><span class=\"light\">UST Valdivia abre espacio de reflexi\u00f3n sobre terapia ocupacional con foco en inclusi\u00f3n y realidad local<\/span><\/a><\/h5>\t\t\t\t\t\t\t\t\t<\/div>\n\n\t\t\t\t\t\t\t\t\t<div class=\"post-text\">\n\t\t\t\t\t\t<div class=\"summary\">\n\t\t\t\t\t\t\t<p>Actividad, realizada en el marco de la conmemoraci\u00f3n del Dia del Terapeuta Ocupacional, reuni\u00f3 a estudiantes con profesionales que hoy est\u00e1n desarrollando trabajo en terreno, vinculando formaci\u00f3n acad\u00e9mica con desaf\u00edos concretos del ejercicio profesional.<\/p>\n\t\t\t\t\t\t<\/div>\n\t\t\t\t\t<\/div>\n\t\t\t\t\n\t\t\t<\/div>\n\n\t\t\t<div class=\"post-meta\">\n\t\t\t\t<div class=\"entry-meta clearfix gem-post-date\">\n\t\t\t\t\t<div class=\"post-meta-right\">\n\t\t\t\t\t\t\t\t\t\t\t\t\t\t\t\t\t\t\t\t\t\t\t<\/div>\n\t\t\t\t\t<div class=\"post-meta-left\">\n\t\t\t\t\t\t<span class=\"post-meta-author\">Por <a href=\"https:\/\/elfuerte.cl\/web\" title=\"Visitar el sitio de Prensa El Fuerte\" rel=\"author external\">Prensa El Fuerte<\/a><\/span>\t\t\t\t\t<\/div>\n\t\t\t\t<\/div><!-- .entry-meta -->\n\t\t\t<\/div>\n\t\t<\/div>\n\t<\/div>\t\n<\/article><!-- #post-6191 -->\n\n<article id=\"post-6187\" class=\"post-item no-image clearfix  full-meta item-animations-not-inited post-6187 post type-post status-publish format-standard has-post-thumbnail category-actualidad category-destacados tag-bomberos tag-cuartel tag-las-animas tag-valdivia\">\n\t<div class=\"item-post-container\">\n\t\t\n\t\t\t\t\t<div class=\"gem-compact-item-left\">\n\t\t\t\t<div class=\"gem-compact-item-image post-img\">\n\t\t\t\t\t<a class=\"default\" href=\"https:\/\/elfuerte.cl\/web\/2026\/04\/24\/las-animas-contara-con-nuevo-cuartel-de-bomberos-tras-millonaria-inversion-aprobada-por-el-core\/\"><img width=\"366\" height=\"296\" src=\"https:\/\/elfuerte.cl\/web\/wp-content\/uploads\/2026\/04\/Las-Animas-thegem-blog-compact.jpg\" class=\"img-responsive wp-post-image\" alt=\"Las Animas\" \/><\/a>\n\t\t\t\t<\/div>\n\t\t\t<\/div>\n\t\t\n\t\t<div class=\"gem-compact-item-right caption-container\">\n\t\t\t<div class=\"gem-compact-item-content\">\n\n\t\t\t\t<div class=\"post-title\">\n\t\t\t\t\t\t\t\t\t\t\t<h5 class=\"entry-title reverse-link-color\"><a href=\"https:\/\/elfuerte.cl\/web\/2026\/04\/24\/las-animas-contara-con-nuevo-cuartel-de-bomberos-tras-millonaria-inversion-aprobada-por-el-core\/\" rel=\"bookmark\"><span class=\"entry-title-date\">24 Abr: <\/span><span class=\"light\">Las \u00c1nimas contar\u00e1 con nuevo cuartel de Bomberos tras millonaria inversi\u00f3n aprobada por el Core<\/span><\/a><\/h5>\t\t\t\t\t\t\t\t\t<\/div>\n\n\t\t\t\t\t\t\t\t\t<div class=\"post-text\">\n\t\t\t\t\t\t<div class=\"summary\">\n\t\t\t\t\t\t\t<p>Proyecto busca mejorar tiempos de respuesta en uno de los sectores m\u00e1s poblados del acceso norte de Valdivia y renovar infraestructura con alto nivel de deterioro.<\/p>\n\t\t\t\t\t\t<\/div>\n\t\t\t\t\t<\/div>\n\t\t\t\t\n\t\t\t<\/div>\n\n\t\t\t<div class=\"post-meta\">\n\t\t\t\t<div class=\"entry-meta clearfix gem-post-date\">\n\t\t\t\t\t<div class=\"post-meta-right\">\n\t\t\t\t\t\t\t\t\t\t\t\t\t\t\t\t\t\t\t\t\t\t\t<\/div>\n\t\t\t\t\t<div class=\"post-meta-left\">\n\t\t\t\t\t\t<span class=\"post-meta-author\">Por <a href=\"https:\/\/elfuerte.cl\/web\" title=\"Visitar el sitio de Prensa El Fuerte\" rel=\"author external\">Prensa El Fuerte<\/a><\/span>\t\t\t\t\t<\/div>\n\t\t\t\t<\/div><!-- .entry-meta -->\n\t\t\t<\/div>\n\t\t<\/div>\n\t<\/div>\t\n<\/article><!-- #post-6187 -->\n\n<article id=\"post-6169\" class=\"post-item no-image clearfix  full-meta item-animations-not-inited post-6169 post type-post status-publish format-standard has-post-thumbnail category-actualidad category-destacados tag-actualidad tag-presupuesto tag-santiago\">\n\t<div class=\"item-post-container\">\n\t\t\n\t\t\t\t\t<div class=\"gem-compact-item-left\">\n\t\t\t\t<div class=\"gem-compact-item-image post-img\">\n\t\t\t\t\t<a class=\"default\" href=\"https:\/\/elfuerte.cl\/web\/2026\/04\/24\/en-santiago-gobernador-alejandro-santana-encabeza-dialogo-con-dipres-y-exige-reglas-claras-para-asegurar-la-inversion-regional\/\"><img width=\"366\" height=\"296\" src=\"https:\/\/elfuerte.cl\/web\/wp-content\/uploads\/2026\/04\/santanabanner-thegem-blog-compact.jpg\" class=\"img-responsive wp-post-image\" alt=\"santanabanner\" \/><\/a>\n\t\t\t\t<\/div>\n\t\t\t<\/div>\n\t\t\n\t\t<div class=\"gem-compact-item-right caption-container\">\n\t\t\t<div class=\"gem-compact-item-content\">\n\n\t\t\t\t<div class=\"post-title\">\n\t\t\t\t\t\t\t\t\t\t\t<h5 class=\"entry-title reverse-link-color\"><a href=\"https:\/\/elfuerte.cl\/web\/2026\/04\/24\/en-santiago-gobernador-alejandro-santana-encabeza-dialogo-con-dipres-y-exige-reglas-claras-para-asegurar-la-inversion-regional\/\" rel=\"bookmark\"><span class=\"entry-title-date\">24 Abr: <\/span><span class=\"light\">En Santiago, gobernador Alejandro Santana encabeza di\u00e1logo con DIPRES y exige reglas claras para asegurar la inversi\u00f3n regional<\/span><\/a><\/h5>\t\t\t\t\t\t\t\t\t<\/div>\n\n\t\t\t\t\t\t\t\t\t<div class=\"post-text\">\n\t\t\t\t\t\t<div class=\"summary\">\n\t\t\t\t\t\t\t<p>En Santiago, el gobernador regional de Los Lagos, Alejandro Santana Tirachini, encabez\u00f3 una reuni\u00f3n con la Direcci\u00f3n de Presupuestos (DIPRES), en el marco del trabajo de la Asociaci\u00f3n de Gobernadores Regionales de Chile (AGORECHI), abordando las principales trabas que hoy afectan la ejecuci\u00f3n de la inversi\u00f3n en las regiones.<\/p>\n\t\t\t\t\t\t<\/div>\n\t\t\t\t\t<\/div>\n\t\t\t\t\n\t\t\t<\/div>\n\n\t\t\t<div class=\"post-meta\">\n\t\t\t\t<div class=\"entry-meta clearfix gem-post-date\">\n\t\t\t\t\t<div class=\"post-meta-right\">\n\t\t\t\t\t\t\t\t\t\t\t\t\t\t\t\t\t\t\t\t\t\t\t<\/div>\n\t\t\t\t\t<div class=\"post-meta-left\">\n\t\t\t\t\t\t<span class=\"post-meta-author\">Por <a href=\"https:\/\/elfuerte.cl\/web\" title=\"Visitar el sitio de Prensa El Fuerte\" rel=\"author external\">Prensa El Fuerte<\/a><\/span>\t\t\t\t\t<\/div>\n\t\t\t\t<\/div><!-- .entry-meta -->\n\t\t\t<\/div>\n\t\t<\/div>\n\t<\/div>\t\n<\/article><!-- #post-6169 -->\n\t\t\t<\/div>\n\t\t\t\t\t\t<\/div>\n\t\t\t\t<\/div>\n\t\t\t\t\t<\/div>\n\t\t<\/div>\n\t\t\t\t\t<\/div><\/div>\r\n\t\t<\/section>\r\n\t\t\t\t\t<\/div>\n\t\t<\/div>\n\t\t\t\t\t<\/div><\/div>\r\n\t\t<\/section>\r\n\t\t\t\t<\/div>\n\t\t","protected":false},"excerpt":{"rendered":"<p>Feria Costumbrista de Punucapa celebra 30 a\u00f1os de trabajo comunitario e identidad local Con tres d\u00e9cadas de trayectoria, la tradicional&#8230;<\/p>\n","protected":false},"author":1,"featured_media":0,"parent":0,"menu_order":0,"comment_status":"closed","ping_status":"closed","template":"page-fullwidth.php","meta":{"footnotes":""},"class_list":["post-626","page","type-page","status-publish"],"_links":{"self":[{"href":"https:\/\/elfuerte.cl\/web\/wp-json\/wp\/v2\/pages\/626","targetHints":{"allow":["GET"]}}],"collection":[{"href":"https:\/\/elfuerte.cl\/web\/wp-json\/wp\/v2\/pages"}],"about":[{"href":"https:\/\/elfuerte.cl\/web\/wp-json\/wp\/v2\/types\/page"}],"author":[{"embeddable":true,"href":"https:\/\/elfuerte.cl\/web\/wp-json\/wp\/v2\/users\/1"}],"replies":[{"embeddable":true,"href":"https:\/\/elfuerte.cl\/web\/wp-json\/wp\/v2\/comments?post=626"}],"version-history":[{"count":23,"href":"https:\/\/elfuerte.cl\/web\/wp-json\/wp\/v2\/pages\/626\/revisions"}],"predecessor-version":[{"id":3241,"href":"https:\/\/elfuerte.cl\/web\/wp-json\/wp\/v2\/pages\/626\/revisions\/3241"}],"wp:attachment":[{"href":"https:\/\/elfuerte.cl\/web\/wp-json\/wp\/v2\/media?parent=626"}],"curies":[{"name":"wp","href":"https:\/\/api.w.org\/{rel}","templated":true}]}}